{"id":39941,"date":"2018-01-17T09:47:08","date_gmt":"2018-01-17T09:47:08","guid":{"rendered":"http:\/\/raed.academy\/?page_id=39941"},"modified":"2019-06-03T15:16:37","modified_gmt":"2019-06-03T15:16:37","slug":"historial-2018","status":"publish","type":"page","link":"https:\/\/raed.academy\/ca\/activitats\/historial-2018\/","title":{"rendered":"Historial d&#8217;activitats 2018"},"content":{"rendered":"<p>[et_pb_section fb_built=&#8221;1&#8243; module_id=&#8221;eventos-historial&#8221; _builder_version=&#8221;3.22.7&#8243; inner_width_tablet=&#8221;50px&#8221; inner_max_width_tablet=&#8221;50px&#8221; z_index_tablet=&#8221;500&#8243;][et_pb_row use_custom_gutter=&#8221;on&#8221; gutter_width=&#8221;1&#8243; make_equal=&#8221;on&#8221; module_class=&#8221; et_pb_row_fullwidth et_pb_row_fullwidth et_pb_row_fullwidth paginacion&#8221; _builder_version=&#8221;3.22.4&#8243; width=&#8221;100%&#8221; width_tablet=&#8221;80%&#8221; width_last_edited=&#8221;on|desktop&#8221; max_width=&#8221;100%&#8221; max_width_tablet=&#8221;80%&#8221; max_width_last_edited=&#8221;on|desktop&#8221; module_alignment=&#8221;center&#8221; z_index_tablet=&#8221;500&#8243; make_fullwidth=&#8221;on&#8221;][et_pb_column type=&#8221;4_4&#8243; _builder_version=&#8221;3.0.47&#8243;][et_pb_text admin_label=&#8221;T\u00edtulo &#8211; Historial d&#8217;activitats 2018&#8243; _builder_version=&#8221;3.22.7&#8243; z_index_tablet=&#8221;500&#8243;]<\/p>\n<h1>Historial d&#8217;activitats 2018<\/h1>\n<p>[\/et_pb_text][\/et_pb_column][\/et_pb_row][et_pb_row use_custom_gutter=&#8221;on&#8221; gutter_width=&#8221;1&#8243; make_equal=&#8221;on&#8221; module_class=&#8221; et_pb_row_fullwidth et_pb_row_fullwidth et_pb_row_fullwidth paginacion&#8221; _builder_version=&#8221;3.22.4&#8243; width=&#8221;100%&#8221; width_tablet=&#8221;80%&#8221; width_last_edited=&#8221;on|desktop&#8221; max_width=&#8221;100%&#8221; max_width_tablet=&#8221;80%&#8221; max_width_last_edited=&#8221;on|desktop&#8221; module_alignment=&#8221;center&#8221; z_index_tablet=&#8221;500&#8243; make_fullwidth=&#8221;on&#8221;][et_pb_column type=&#8221;1_4&#8243; _builder_version=&#8221;3.0.47&#8243;][et_pb_code admin_label=&#8221;Paginaci\u00f3n 2017&#8243; module_id=&#8221;eventos&#8221; module_class=&#8221;pgAnterior&#8221; _builder_version=&#8221;3.22.7&#8243; z_index_tablet=&#8221;500&#8243;]<a href=\"https:\/\/raed.academy\/ca\/historial-2017\/\"><i class=\"fas fa-chevron-left\"><\/i> ACTIVITATS 2017<\/a>[\/et_pb_code][\/et_pb_column][et_pb_column type=&#8221;1_4&#8243; _builder_version=&#8221;3.0.47&#8243;][\/et_pb_column][et_pb_column type=&#8221;1_4&#8243; _builder_version=&#8221;3.0.47&#8243;][\/et_pb_column][et_pb_column type=&#8221;1_4&#8243; _builder_version=&#8221;3.0.47&#8243;][et_pb_code admin_label=&#8221;Paginaci\u00f3n 2019&#8243; module_class=&#8221;pgSiguiente&#8221; _builder_version=&#8221;3.22.7&#8243; z_index_tablet=&#8221;500&#8243;]<a href=\"https:\/\/raed.academy\/ca\/historial-2019\/\"> ACTIVITATS 2019 <i class=\"fas fa-chevron-right\"><\/i><\/a>[\/et_pb_code][\/et_pb_column][\/et_pb_row][et_pb_row use_custom_gutter=&#8221;on&#8221; gutter_width=&#8221;1&#8243; make_equal=&#8221;on&#8221; admin_label=&#8221;Fila&#8221; module_class=&#8221; et_pb_row_fullwidth et_pb_row_fullwidth et_pb_row_fullwidth paginacion&#8221; _builder_version=&#8221;3.22.4&#8243; width=&#8221;100%&#8221; width_tablet=&#8221;80%&#8221; width_last_edited=&#8221;on|desktop&#8221; max_width=&#8221;100%&#8221; max_width_tablet=&#8221;80%&#8221; max_width_last_edited=&#8221;on|desktop&#8221; module_alignment=&#8221;center&#8221; z_index_tablet=&#8221;500&#8243; make_fullwidth=&#8221;on&#8221;][et_pb_column type=&#8221;4_4&#8243; _builder_version=&#8221;3.0.47&#8243;][et_pb_divider color=&#8221;#6b5d38&#8243; divider_weight=&#8221;2&#8243; _builder_version=&#8221;3.22.4&#8243; z_index_tablet=&#8221;500&#8243;][\/et_pb_divider][\/et_pb_column][\/et_pb_row][et_pb_row use_custom_gutter=&#8221;on&#8221; gutter_width=&#8221;2&#8243; module_class=&#8221; et_pb_row_fullwidth et_pb_row_fullwidth et_pb_row_fullwidth et_pb_row_fullwidth et_pb_row_fullwidth et_pb_row_fullwidth et_pb_row_fullwidth et_pb_row_fullwidth et_pb_row_fullwidth et_pb_row_fullwidth et_pb_row_fullwidth et_pb_row_fullwidth et_pb_row_fullwidth et_pb_row_fullwidth et_pb_row_fullwidth et_pb_row_fullwidth et_pb_row_fullwidth et_pb_row_fullwidth et_pb_row_fullwidth et_pb_row_fullwidth et_pb_row_fullwidth&#8221; _builder_version=&#8221;3.22.3&#8243; width=&#8221;94%&#8221; width_tablet=&#8221;80%&#8221; width_last_edited=&#8221;on|desktop&#8221; max_width=&#8221;94%&#8221; max_width_tablet=&#8221;80%&#8221; max_width_last_edited=&#8221;on|desktop&#8221; z_index_tablet=&#8221;500&#8243; make_fullwidth=&#8221;on&#8221;][et_pb_column type=&#8221;4_4&#8243; _builder_version=&#8221;3.0.47&#8243;][et_pb_text admin_label=&#8221;Gener\/2018&#8243; _builder_version=&#8221;3.22.7&#8243; z_index_tablet=&#8221;500&#8243;]<\/p>\n<h2>GENER 2018<\/h2>\n<p>[\/et_pb_text][\/et_pb_column][\/et_pb_row][et_pb_row use_custom_gutter=&#8221;on&#8221; gutter_width=&#8221;1&#8243; custom_padding=&#8221;||35px|&#8221; make_equal=&#8221;on&#8221; custom_padding_last_edited=&#8221;on|desktop&#8221; padding_right_2=&#8221;45px&#8221; padding_right_3=&#8221;20px&#8221; padding_bottom_1=&#8221;25px&#8221; padding_2_tablet=&#8221;|20px||&#8221; padding_1_last_edited=&#8221;off|phone&#8221; padding_2_last_edited=&#8221;on|desktop&#8221; padding_3_last_edited=&#8221;on|phone&#8221; module_id=&#8221;1001&#8243; module_class=&#8221;evento et_pb_row_fullwidth et_pb_row_fullwidth et_pb_row_fullwidth et_pb_row_fullwidth et_pb_row_fullwidth et_pb_row_fullwidth et_pb_row_fullwidth et_pb_row_fullwidth et_pb_row_fullwidth et_pb_row_fullwidth et_pb_row_fullwidth et_pb_row_fullwidth et_pb_row_fullwidth et_pb_row_fullwidth et_pb_row_fullwidth et_pb_row_fullwidth et_pb_row_fullwidth et_pb_row_fullwidth et_pb_row_fullwidth et_pb_row_fullwidth et_pb_row_fullwidth&#8221; _builder_version=&#8221;3.22.3&#8243; box_shadow_style=&#8221;preset3&#8243; box_shadow_horizontal=&#8221;10px&#8221; width=&#8221;100%&#8221; width_tablet=&#8221;100%&#8221; width_last_edited=&#8221;on|desktop&#8221; max_width=&#8221;100%&#8221; max_width_tablet=&#8221;100%&#8221; max_width_last_edited=&#8221;on|desktop&#8221; module_alignment=&#8221;center&#8221; z_index_tablet=&#8221;500&#8243; make_fullwidth=&#8221;on&#8221;][et_pb_column type=&#8221;1_5&#8243; _builder_version=&#8221;3.0.47&#8243;][et_pb_code admin_label=&#8221;fecha 10\/01&#8243; module_class=&#8221;fecha-evento&#8221; _builder_version=&#8221;3.22.7&#8243; z_index_tablet=&#8221;500&#8243;]Ene<!\u2013- [et_pb_br_holder] -\u2013><!-- [et_pb_line_break_holder] -->10[\/et_pb_code][\/et_pb_column][et_pb_column type=&#8221;3_5&#8243; _builder_version=&#8221;3.0.47&#8243;][et_pb_text admin_label=&#8221;Presentaci\u00f3 del llibre La noria del siglo XXI&#8221; _builder_version=&#8221;3.22.7&#8243; z_index_tablet=&#8221;500&#8243;]<\/p>\n<h3>Presentaci\u00f3 del llibre La noria del siglo XXI<\/h3>\n<p>Ponents:<\/p>\n<ul>\n<li><strong><a href=\"https:\/\/raed.academy\/ca\/academics\/dr-xabier-anoveros-trias-de-bes\/\" target=\"_blank\" rel=\"noopener noreferrer\">Xabier A\u00f1overos Trias de Bes<\/a><\/strong>, autor de l\u2019obra, acad\u00e8mic numerari i vicepresident de la Junta de Govern de la RAED<\/li>\n<li><a href=\"https:\/\/raed.academy\/ca\/academics\/dr-jose-maria-gay-de-liebana-saludas\/\" target=\"_blank\" rel=\"noopener noreferrer\"><strong>Jos\u00e9 Mar\u00eda Gay de Li\u00e9bana Saludas<\/strong><\/a>, acad\u00e8mic numerari de la RAED<\/li>\n<\/ul>\n<p>Lloc: Sala d&#8217;actes de Foment del Treball \u2013 Via Laietana, 32, Pral, Barcelona<br \/>Data: 10.01.2018<br \/>Hora: 19.30h<\/p>\n<h3><a href=\"https:\/\/raed.academy\/ca\/presentacio-la-noria-del-siglo-xxi\/\"><strong>M\u00e9s informaci\u00f3<\/strong><\/a><\/h3>\n<p>[\/et_pb_text][\/et_pb_column][et_pb_column type=&#8221;1_5&#8243; _builder_version=&#8221;3.0.47&#8243;][et_pb_gallery gallery_ids=&#8221;53327,53329,53331&#8243; posts_number=&#8221;1&#8243; show_title_and_caption=&#8221;off&#8221; show_pagination=&#8221;off&#8221; zoom_icon_color=&#8221;#6b5d38&#8243; _builder_version=&#8221;3.22.7&#8243; border_radii_image=&#8221;on|4px|4px|4px|4px&#8221; box_shadow_style_image=&#8221;preset2&#8243; custom_margin=&#8221;10px|||&#8221; custom_margin_tablet=&#8221;25px|||&#8221; custom_margin_last_edited=&#8221;on|desktop&#8221; z_index_tablet=&#8221;500&#8243;][\/et_pb_gallery][\/et_pb_column][\/et_pb_row][et_pb_row use_custom_gutter=&#8221;on&#8221; gutter_width=&#8221;1&#8243; custom_padding=&#8221;||35px|&#8221; make_equal=&#8221;on&#8221; custom_padding_last_edited=&#8221;on|desktop&#8221; padding_right_2=&#8221;45px&#8221; padding_right_3=&#8221;20px&#8221; padding_bottom_1=&#8221;25px&#8221; padding_2_tablet=&#8221;|20px||&#8221; padding_1_last_edited=&#8221;off|phone&#8221; padding_2_last_edited=&#8221;on|desktop&#8221; padding_3_last_edited=&#8221;on|phone&#8221; module_id=&#8221;1001&#8243; module_class=&#8221;evento et_pb_row_fullwidth et_pb_row_fullwidth et_pb_row_fullwidth et_pb_row_fullwidth et_pb_row_fullwidth et_pb_row_fullwidth et_pb_row_fullwidth et_pb_row_fullwidth et_pb_row_fullwidth et_pb_row_fullwidth et_pb_row_fullwidth et_pb_row_fullwidth et_pb_row_fullwidth et_pb_row_fullwidth et_pb_row_fullwidth et_pb_row_fullwidth et_pb_row_fullwidth et_pb_row_fullwidth et_pb_row_fullwidth et_pb_row_fullwidth et_pb_row_fullwidth&#8221; _builder_version=&#8221;3.22.3&#8243; box_shadow_style=&#8221;preset3&#8243; box_shadow_horizontal=&#8221;10px&#8221; width=&#8221;100%&#8221; width_tablet=&#8221;100%&#8221; width_last_edited=&#8221;on|desktop&#8221; max_width=&#8221;100%&#8221; max_width_tablet=&#8221;100%&#8221; max_width_last_edited=&#8221;on|desktop&#8221; module_alignment=&#8221;center&#8221; z_index_tablet=&#8221;500&#8243; make_fullwidth=&#8221;on&#8221;][et_pb_column type=&#8221;1_5&#8243; _builder_version=&#8221;3.0.47&#8243;][et_pb_code admin_label=&#8221;fecha 18\/01&#8243; module_class=&#8221;fecha-evento&#8221; _builder_version=&#8221;3.22.7&#8243; z_index_tablet=&#8221;500&#8243;]Ene<!\u2013- [et_pb_br_holder] -\u2013><!-- [et_pb_line_break_holder] -->18[\/et_pb_code][\/et_pb_column][et_pb_column type=&#8221;3_5&#8243; _builder_version=&#8221;3.0.47&#8243;][et_pb_text admin_label=&#8221;L\u2019impacte social de les grans infraestructures&#8221; _builder_version=&#8221;3.22.7&#8243; z_index_tablet=&#8221;500&#8243;]<\/p>\n<h3>L\u2019impacte social de les grans infraestructures: el cas de la Sagrada Fam\u00edlia<\/h3>\n<p><strong>Els debats de la Reial Acad\u00e8mia Europea de Doctors &#8211; Cicle de confer\u00e8ncies de la Secci\u00f3 de Ci\u00e8ncies Tecnol\u00f2giques<\/strong><\/p>\n<p>Ponents:<\/p>\n<ul>\n<li><a href=\"https:\/\/raed.academy\/ca\/academics\/dr-jaume-armengou-orus\/\" target=\"_blank\" rel=\"noopener noreferrer\"><strong>Dr. Jaume Armengou<\/strong><\/a>, Dr. Enginyer de Camins, Canals i Ports. Vice-rector d\u2019Ordenaci\u00f3 Acad\u00e8mica i Relacions Internacionals de la UIC. Acad\u00e8mic numerari de la RAED.<\/li>\n<li><a href=\"https:\/\/raed.academy\/ca\/academics\/dr-antonio-gens-sole\/\" target=\"_blank\" rel=\"noopener noreferrer\"><strong>Dr. Antoni Gens<\/strong><\/a>, Dr. Enginyer de Camins, Canals i Ports. Catedr\u00e0tic de la UPC. Departament d&#8217;Enginyeria Civil i Ambiental. Acad\u00e8mic Numerari de la RAED.<\/li>\n<li><strong>Dr. Antonio Aguado<\/strong>, Dr. Enginyer de Camins, Canals i Ports. Catedr\u00e0tic de la UPC. Departament d\u2019Enginyeria Civil i Ambiental.<\/li>\n<li><strong>Dra. Rosa Ribas<\/strong>, Dra. en Hist\u00f2ria, Arqueologia i Arts Cristianes. Professora de la Facultat Antoni Gaud\u00ed de l\u2019Ateneu Universitari Sant Paci\u00e0.<\/li>\n<\/ul>\n<p>Moderador: <a href=\"https:\/\/raed.academy\/ca\/academics\/dr-jaime-rodrigo-de-larrucea\/\" target=\"_blank\" rel=\"noopener noreferrer\"><strong>Dr. Jaime Rodrigo de Larrucea<\/strong><\/a>, Dr. en Dret i Dr. en Enginyeria N\u00e0utica, Acad\u00e8mic Numerari i President de la secci\u00f3 de Ci\u00e8ncies Tecnol\u00f2giques de la RAED<\/p>\n<p>Lloc: Sala d&#8217;actes de Foment del Treball \u2013 Via Laietana, 32, Pral, Barcelona<br \/>Data: 18.01.2018<br \/>Hora: 19.30h<\/p>\n<h3><a href=\"https:\/\/raed.academy\/ca\/la-sagrada-familia-debat\/\"><strong>M\u00e9s informaci\u00f3<\/strong><\/a><\/h3>\n<p>[\/et_pb_text][et_pb_video src=&#8221;https:\/\/youtu.be\/5hNYcvNkd-k&#8221; _builder_version=&#8221;3.22.7&#8243; z_index_tablet=&#8221;500&#8243;][\/et_pb_video][\/et_pb_column][et_pb_column type=&#8221;1_5&#8243; _builder_version=&#8221;3.0.47&#8243;][et_pb_gallery gallery_ids=&#8221;53357,53359,53375&#8243; posts_number=&#8221;2&#8243; show_title_and_caption=&#8221;off&#8221; zoom_icon_color=&#8221;#6b5d38&#8243; _builder_version=&#8221;3.22.7&#8243; border_radii_image=&#8221;on|4px|4px|4px|4px&#8221; box_shadow_style_image=&#8221;preset2&#8243; custom_margin=&#8221;10px|||&#8221; custom_margin_tablet=&#8221;25px|||&#8221; custom_margin_last_edited=&#8221;on|desktop&#8221; z_index_tablet=&#8221;500&#8243; custom_css_gallery_item=&#8221;padding: 3px;&#8221;][\/et_pb_gallery][\/et_pb_column][\/et_pb_row][et_pb_row use_custom_gutter=&#8221;on&#8221; gutter_width=&#8221;1&#8243; custom_padding=&#8221;||35px|&#8221; make_equal=&#8221;on&#8221; custom_padding_last_edited=&#8221;on|desktop&#8221; padding_right_2=&#8221;45px&#8221; padding_right_3=&#8221;20px&#8221; padding_bottom_1=&#8221;25px&#8221; padding_2_tablet=&#8221;|20px||&#8221; padding_1_last_edited=&#8221;off|phone&#8221; padding_2_last_edited=&#8221;on|desktop&#8221; padding_3_last_edited=&#8221;on|phone&#8221; module_id=&#8221;1001&#8243; module_class=&#8221;evento et_pb_row_fullwidth et_pb_row_fullwidth et_pb_row_fullwidth et_pb_row_fullwidth et_pb_row_fullwidth et_pb_row_fullwidth et_pb_row_fullwidth et_pb_row_fullwidth et_pb_row_fullwidth et_pb_row_fullwidth et_pb_row_fullwidth et_pb_row_fullwidth et_pb_row_fullwidth et_pb_row_fullwidth et_pb_row_fullwidth et_pb_row_fullwidth et_pb_row_fullwidth et_pb_row_fullwidth et_pb_row_fullwidth et_pb_row_fullwidth et_pb_row_fullwidth&#8221; _builder_version=&#8221;3.22.3&#8243; box_shadow_style=&#8221;preset3&#8243; box_shadow_horizontal=&#8221;10px&#8221; width=&#8221;100%&#8221; width_tablet=&#8221;100%&#8221; width_last_edited=&#8221;on|desktop&#8221; max_width=&#8221;100%&#8221; max_width_tablet=&#8221;100%&#8221; max_width_last_edited=&#8221;on|desktop&#8221; module_alignment=&#8221;center&#8221; z_index_tablet=&#8221;500&#8243; make_fullwidth=&#8221;on&#8221;][et_pb_column type=&#8221;1_5&#8243; _builder_version=&#8221;3.0.47&#8243;][et_pb_code admin_label=&#8221;fecha 23\/01&#8243; module_class=&#8221;fecha-evento&#8221; _builder_version=&#8221;3.22.7&#8243; z_index_tablet=&#8221;500&#8243;]Ene<!\u2013- [et_pb_br_holder] -\u2013><!-- [et_pb_line_break_holder] -->23[\/et_pb_code][\/et_pb_column][et_pb_column type=&#8221;3_5&#8243; _builder_version=&#8221;3.0.47&#8243;][et_pb_text admin_label=&#8221;Presentaci\u00f3 del llibre Com fer recerca&#8221; _builder_version=&#8221;3.22.7&#8243; z_index_tablet=&#8221;500&#8243;]<\/p>\n<h3>Presentaci\u00f3 del llibre Com fer recerca<\/h3>\n<p>Ponents:<\/p>\n<ul>\n<li><a href=\"https:\/\/raed.academy\/ca\/academics\/dr-alfredo-rocafort-nicolau\/\" target=\"_blank\" rel=\"noopener noreferrer\"><strong>Alfredo Rocafort<\/strong><\/a>, President de la Reial Acad\u00e8mia Europea de Doctors<\/li>\n<li><a href=\"https:\/\/raed.academy\/ca\/academics\/dr-oriol-amat-salas\/\" target=\"_blank\" rel=\"noopener noreferrer\"><strong>Oriol Amat<\/strong><\/a>, President de l\u2019Associaci\u00f3 Catalana de Comptabilitat i Direcci\u00f3 i Acad\u00e8mic Numerari de la Reial Acad\u00e8mia Europea de Doctors<\/li>\n<li><a href=\"https:\/\/raed.academy\/ca\/academics\/dr-joan-francesc-pont-clemente\/\" target=\"_blank\" rel=\"noopener noreferrer\"><strong>Joan-Francesc Pont Clemente<\/strong><\/a>, President de la Secci\u00f3 de Ci\u00e8ncies Socials<\/li>\n<li><a href=\"https:\/\/raed.academy\/ca\/academics\/dra-maria-dels-angels-calvo-torras\/\" target=\"_blank\" rel=\"noopener noreferrer\"><strong>Maria dels \u00c0ngels Calvo<\/strong><\/a>, Presidenta de la Secci\u00f3 de Ci\u00e8ncies de la Salut de la Reial Acad\u00e8mia Europea de Doctors<\/li>\n<li><a href=\"https:\/\/raed.academy\/ca\/academics\/dr-josep-ignasi-saranyana-closa\/\" target=\"_blank\" rel=\"noopener noreferrer\"><strong>Josep-Ignasi Saranyana<\/strong><\/a>, President de la Secci\u00f3 de Ci\u00e8ncies Humanes de la Reial Acad\u00e8mia Europea de Doctors<\/li>\n<li><a href=\"https:\/\/raed.academy\/ca\/academics\/dr-jaime-rodrigo-de-larrucea\/\" target=\"_blank\" rel=\"noopener noreferrer\"><strong>Jaime Rodrigo de Larrucea<\/strong><\/a>, President de la Secci\u00f3 de Ci\u00e8ncies Tecnol\u00f2giques de la Reial Acad\u00e8mia Europea de Doctors<\/li>\n<li><strong>Dr. Arcadi Navarro<\/strong>, secretari d&#8217;Universitats i Recerca de la Generalitat de Catalunya.<\/li>\n<\/ul>\n<p>Cloenda a c\u00e0rrec del <strong>Dr. Oriol Amat<\/strong>.<\/p>\n<p>Lloc: Sala d&#8217;actes de Foment del Treball \u2013 Via Laietana, 32, Pral, Barcelona<br \/>Data: 23.01.2018<br \/>Hora: 19.00h<\/p>\n<h3><a href=\"https:\/\/raed.academy\/ca\/raed-accid-presenten-com-fer-recerca\/\"><strong>M\u00e9s informaci\u00f3<\/strong><\/a><\/h3>\n<p>[\/et_pb_text][\/et_pb_column][et_pb_column type=&#8221;1_5&#8243; _builder_version=&#8221;3.0.47&#8243;][et_pb_gallery gallery_ids=&#8221;53405,53407,52949&#8243; posts_number=&#8221;2&#8243; show_title_and_caption=&#8221;off&#8221; zoom_icon_color=&#8221;#6b5d38&#8243; _builder_version=&#8221;3.22.7&#8243; border_radii_image=&#8221;on|4px|4px|4px|4px&#8221; box_shadow_style_image=&#8221;preset2&#8243; custom_margin=&#8221;10px|||&#8221; custom_margin_tablet=&#8221;25px|||&#8221; custom_margin_last_edited=&#8221;on|desktop&#8221; z_index_tablet=&#8221;500&#8243; custom_css_gallery_item=&#8221;padding: 3px;&#8221;][\/et_pb_gallery][\/et_pb_column][\/et_pb_row][et_pb_row use_custom_gutter=&#8221;on&#8221; gutter_width=&#8221;1&#8243; custom_padding=&#8221;||35px|&#8221; make_equal=&#8221;on&#8221; custom_padding_last_edited=&#8221;on|desktop&#8221; padding_right_2=&#8221;45px&#8221; padding_right_3=&#8221;20px&#8221; padding_bottom_1=&#8221;25px&#8221; padding_2_tablet=&#8221;|20px||&#8221; padding_1_last_edited=&#8221;off|phone&#8221; padding_2_last_edited=&#8221;on|desktop&#8221; padding_3_last_edited=&#8221;on|phone&#8221; module_id=&#8221;1001&#8243; module_class=&#8221;evento et_pb_row_fullwidth et_pb_row_fullwidth et_pb_row_fullwidth et_pb_row_fullwidth et_pb_row_fullwidth et_pb_row_fullwidth et_pb_row_fullwidth et_pb_row_fullwidth et_pb_row_fullwidth et_pb_row_fullwidth et_pb_row_fullwidth et_pb_row_fullwidth et_pb_row_fullwidth et_pb_row_fullwidth et_pb_row_fullwidth et_pb_row_fullwidth et_pb_row_fullwidth et_pb_row_fullwidth et_pb_row_fullwidth et_pb_row_fullwidth et_pb_row_fullwidth&#8221; _builder_version=&#8221;3.22.3&#8243; box_shadow_style=&#8221;preset3&#8243; box_shadow_horizontal=&#8221;10px&#8221; width=&#8221;100%&#8221; width_tablet=&#8221;100%&#8221; width_last_edited=&#8221;on|desktop&#8221; max_width=&#8221;100%&#8221; max_width_tablet=&#8221;100%&#8221; max_width_last_edited=&#8221;on|desktop&#8221; module_alignment=&#8221;center&#8221; z_index_tablet=&#8221;500&#8243; make_fullwidth=&#8221;on&#8221;][et_pb_column type=&#8221;1_5&#8243; _builder_version=&#8221;3.0.47&#8243;][et_pb_code admin_label=&#8221;fecha 29-30\/01&#8243; module_class=&#8221;fecha-evento&#8221; _builder_version=&#8221;3.22.7&#8243; z_index_tablet=&#8221;500&#8243;]Ene<!\u2013- [et_pb_br_holder] -\u2013><!-- [et_pb_line_break_holder] -->29-30[\/et_pb_code][\/et_pb_column][et_pb_column type=&#8221;3_5&#8243; _builder_version=&#8221;3.0.47&#8243;][et_pb_text admin_label=&#8221;Desenvolupament de medicaments al segle XXI&#8221; _builder_version=&#8221;3.22.7&#8243; z_index_tablet=&#8221;500&#8243;]<\/p>\n<h3>Desenvolupament de medicaments al segle XXI: curarem totes les malalties?<\/h3>\n<p><strong>Confer\u00e8ncia \u2013 Sessions cient\u00edfiques amb el Premi Nobel 2004: <a href=\"https:\/\/raed.academy\/ca\/academics\/dr-aaron-ciechanover\/\" target=\"_blank\" rel=\"noopener noreferrer\">Aaron Ciechanover<\/a><br \/>29 i 30 de gener de 2018<\/strong><\/p>\n<h3>1\u00aa cita<\/h3>\n<h4>Cicle Cient\u00edfic CosmoCaixa \u201cLa Ciencia vista a trav\u00e9s de los ojos de los Premios Nobel\u201d<\/h4>\n<p>Lloc: <a href=\"http:\/\/obrasociallacaixa.org\/\" target=\"_blank\" rel=\"noopener noreferrer\">CosmoCaixa<\/a>, C\/ Isaac Newton, 26, 08022 Barcelona<br \/>Data: 29.01.18<br \/>Hora: 19.00h<\/p>\n<h3>2\u00aa cita<\/h3>\n<h4>Programa \u201cTalento Nobel\u201d de Fundaci\u00f3 Cajasol\u201d<\/h4>\n<p>Lloc: Auditori de la <a href=\"http:\/\/fundacioncajasol.com\/\" target=\"_blank\" rel=\"noopener noreferrer\">Fundaci\u00f3 Cajasol<\/a>, Pl. de San Francisco, 1, 41004 Sevilla<br \/>Data: 30.01.2018<br \/>Hora: 19.30h<\/p>\n<h3><strong><a href=\"https:\/\/raed.academy\/ca\/curarem-totes-les-malalties\/\">M\u00e9s informaci\u00f3<\/a><\/strong><\/h3>\n<p>[\/et_pb_text][\/et_pb_column][et_pb_column type=&#8221;1_5&#8243; _builder_version=&#8221;3.0.47&#8243;][et_pb_gallery gallery_ids=&#8221;47733,47729,47737&#8243; posts_number=&#8221;2&#8243; show_title_and_caption=&#8221;off&#8221; zoom_icon_color=&#8221;#6b5d38&#8243; _builder_version=&#8221;3.22.7&#8243; border_radii_image=&#8221;on|4px|4px|4px|4px&#8221; box_shadow_style_image=&#8221;preset2&#8243; custom_margin=&#8221;10px|||&#8221; custom_margin_tablet=&#8221;25px|||&#8221; custom_margin_last_edited=&#8221;on|desktop&#8221; z_index_tablet=&#8221;500&#8243; custom_css_gallery_item=&#8221;padding: 3px;&#8221;][\/et_pb_gallery][\/et_pb_column][\/et_pb_row][et_pb_row admin_label=&#8221;Fila&#8221; _builder_version=&#8221;3.22.3&#8243; background_size=&#8221;initial&#8221; background_position=&#8221;top_left&#8221; background_repeat=&#8221;repeat&#8221;][et_pb_column type=&#8221;4_4&#8243; _builder_version=&#8221;3.0.47&#8243;][et_pb_text admin_label=&#8221;Texto &#8211; febrero\/2018&#8243; _builder_version=&#8221;3.22.7&#8243; z_index_tablet=&#8221;500&#8243;]<\/p>\n<h2>FEBRER 2018<\/h2>\n<p>[\/et_pb_text][\/et_pb_column][\/et_pb_row][et_pb_row use_custom_gutter=&#8221;on&#8221; gutter_width=&#8221;1&#8243; custom_padding=&#8221;||35px|&#8221; make_equal=&#8221;on&#8221; custom_padding_last_edited=&#8221;on|desktop&#8221; padding_right_2=&#8221;45px&#8221; padding_right_3=&#8221;20px&#8221; padding_bottom_1=&#8221;25px&#8221; padding_2_tablet=&#8221;|20px||&#8221; padding_1_last_edited=&#8221;off|phone&#8221; padding_2_last_edited=&#8221;on|desktop&#8221; padding_3_last_edited=&#8221;on|phone&#8221; module_id=&#8221;1001&#8243; module_class=&#8221;evento et_pb_row_fullwidth et_pb_row_fullwidth et_pb_row_fullwidth et_pb_row_fullwidth et_pb_row_fullwidth et_pb_row_fullwidth et_pb_row_fullwidth et_pb_row_fullwidth et_pb_row_fullwidth et_pb_row_fullwidth et_pb_row_fullwidth et_pb_row_fullwidth et_pb_row_fullwidth et_pb_row_fullwidth et_pb_row_fullwidth et_pb_row_fullwidth et_pb_row_fullwidth et_pb_row_fullwidth et_pb_row_fullwidth et_pb_row_fullwidth et_pb_row_fullwidth&#8221; _builder_version=&#8221;3.22.3&#8243; box_shadow_style=&#8221;preset3&#8243; box_shadow_horizontal=&#8221;10px&#8221; width=&#8221;100%&#8221; width_tablet=&#8221;100%&#8221; width_last_edited=&#8221;on|desktop&#8221; max_width=&#8221;100%&#8221; max_width_tablet=&#8221;100%&#8221; max_width_last_edited=&#8221;on|desktop&#8221; module_alignment=&#8221;center&#8221; z_index_tablet=&#8221;500&#8243; make_fullwidth=&#8221;on&#8221;][et_pb_column type=&#8221;1_5&#8243; _builder_version=&#8221;3.0.47&#8243;][et_pb_code admin_label=&#8221;fecha 1\/02&#8243; module_class=&#8221;fecha-evento&#8221; _builder_version=&#8221;3.22.7&#8243; z_index_tablet=&#8221;500&#8243;]Feb<!\u2013- [et_pb_br_holder] -\u2013><!-- [et_pb_line_break_holder] -->1[\/et_pb_code][\/et_pb_column][et_pb_column type=&#8221;3_5&#8243; _builder_version=&#8221;3.0.47&#8243;][et_pb_text admin_label=&#8221;Nous aliments, probi\u00f2tics i prebi\u00f2tics&#8221; _builder_version=&#8221;3.22.7&#8243; z_index_tablet=&#8221;500&#8243;]<\/p>\n<h3>Nous aliments, probi\u00f2tics i prebi\u00f2tics<\/h3>\n<p><strong>Acad\u00e8mies de Catalunya. Els aliments, Curs 2017-2018<\/strong><br \/>Taula rodona<br \/>Ponents:<\/p>\n<ul>\n<li><a href=\"https:\/\/raed.academy\/ca\/academics\/dr-javier-aranceta-bartrina\/\" target=\"_blank\" rel=\"noopener noreferrer\"><strong>Dr. Javier Aranceta<\/strong><\/a>, Doctor en Medicina y Cirurg\u00eda.<\/li>\n<li><a href=\"https:\/\/raed.academy\/ca\/academics\/dra-maria-dels-angels-calvo-torras\/\" target=\"_blank\" rel=\"noopener noreferrer\"><strong>Dra. Maria dels \u00c0ngels Calvo<\/strong><\/a>, Acad\u00e8mica de N\u00famero de la RAED y Presidenta de la Secci\u00f3 de Ci\u00e8ncies de la Salut.<\/li>\n<\/ul>\n<ul>\n<li><strong>Dr. Miquel Moret\u00f3<\/strong>, Catedr\u00e0tic de Fisiologia. Departament de Fisiologia de la Universitat de Barcelona.<\/li>\n<\/ul>\n<p>Coordinadora: <a href=\"https:\/\/raed.academy\/ca\/academics\/dra-maria-dels-angels-calvo-torras\/\" target=\"_blank\" rel=\"noopener noreferrer\"><strong>Dra. Maria dels \u00c0ngels Calvo<\/strong><\/a>.<\/p>\n<p>Lloc: Sala d&#8217;actes de Foment del Treball \u2013 Via Laietana, 32, Pral, Barcelona<br \/>Data: 01.02.2018<br \/>Hora: 19.30h<\/p>\n<h3><a href=\"https:\/\/raed.academy\/ca\/aliments-probiotics-i-prebiotics\/\"><strong>M\u00e9s informaci\u00f3<\/strong><\/a><\/h3>\n<p>[\/et_pb_text][\/et_pb_column][et_pb_column type=&#8221;1_5&#8243; _builder_version=&#8221;3.0.47&#8243;][et_pb_gallery gallery_ids=&#8221;53463,53461,53469&#8243; posts_number=&#8221;2&#8243; show_title_and_caption=&#8221;off&#8221; zoom_icon_color=&#8221;#6b5d38&#8243; _builder_version=&#8221;3.22.7&#8243; border_radii_image=&#8221;on|4px|4px|4px|4px&#8221; box_shadow_style_image=&#8221;preset2&#8243; custom_margin=&#8221;10px|||&#8221; custom_margin_tablet=&#8221;25px|||&#8221; custom_margin_last_edited=&#8221;on|desktop&#8221; z_index_tablet=&#8221;500&#8243; custom_css_gallery_item=&#8221;padding: 3px;&#8221;][\/et_pb_gallery][\/et_pb_column][\/et_pb_row][et_pb_row use_custom_gutter=&#8221;on&#8221; gutter_width=&#8221;1&#8243; make_equal=&#8221;on&#8221; padding_right_2=&#8221;45px&#8221; padding_right_3=&#8221;20px&#8221; padding_2_tablet=&#8221;|20px||&#8221; padding_1_last_edited=&#8221;off|desktop&#8221; padding_2_last_edited=&#8221;on|desktop&#8221; padding_3_last_edited=&#8221;on|phone&#8221; admin_label=&#8221;Fila&#8221; module_id=&#8221;0702&#8243; module_class=&#8221;evento et_pb_row_fullwidth et_pb_row_fullwidth et_pb_row_fullwidth et_pb_row_fullwidth et_pb_row_fullwidth et_pb_row_fullwidth et_pb_row_fullwidth et_pb_row_fullwidth et_pb_row_fullwidth et_pb_row_fullwidth et_pb_row_fullwidth et_pb_row_fullwidth et_pb_row_fullwidth et_pb_row_fullwidth et_pb_row_fullwidth et_pb_row_fullwidth et_pb_row_fullwidth et_pb_row_fullwidth&#8221; _builder_version=&#8221;3.22.3&#8243; border_radii=&#8221;on|3px|3px|3px|3px&#8221; box_shadow_style=&#8221;preset3&#8243; box_shadow_horizontal=&#8221;10px&#8221; width=&#8221;100%&#8221; width_tablet=&#8221;100%&#8221; width_last_edited=&#8221;on|desktop&#8221; max_width=&#8221;100%&#8221; max_width_tablet=&#8221;100%&#8221; max_width_last_edited=&#8221;on|desktop&#8221; module_alignment=&#8221;center&#8221; z_index_tablet=&#8221;500&#8243; make_fullwidth=&#8221;on&#8221;][et_pb_column type=&#8221;1_5&#8243; _builder_version=&#8221;3.0.47&#8243;][et_pb_code admin_label=&#8221;fecha 6\/02&#8243; module_class=&#8221;fecha-evento&#8221; _builder_version=&#8221;3.22.7&#8243; z_index_tablet=&#8221;500&#8243;]Feb<!\u2013- [et_pb_br_holder] -\u2013><!-- [et_pb_line_break_holder] -->6[\/et_pb_code][\/et_pb_column][et_pb_column type=&#8221;3_5&#8243; _builder_version=&#8221;3.0.47&#8243;][et_pb_text admin_label=&#8221;Ingr\u00e9s Javier Gil Mur&#8221; _builder_version=&#8221;3.22.7&#8243; z_index_tablet=&#8221;500&#8243;]<\/p>\n<h3>Ingr\u00e9s com Acad\u00e8mic de N\u00famero: <a href=\"https:\/\/raed.academy\/ca\/academics\/dr-javier-gil-mur\/\" target=\"_blank\" rel=\"noopener noreferrer\">Javier Gil Mur<\/a><\/h3>\n<p><strong>Discurs d\u2019ingr\u00e9s: <a href=\"https:\/\/raed.academy\/wp-content\/uploads\/2018\/01\/discurso-ingreso-Dr-Javier-Gil-Mur.pdf\" target=\"_blank\" rel=\"noopener noreferrer\">Avances tecnol\u00f3gicos en Implantalog\u00eda Oral: hacia los implantes dentales inteligentes<\/a><br \/>Discurs de contestaci\u00f3 a c\u00e0rrec de <a href=\"https:\/\/raed.academy\/ca\/academics\/dr-jaime-rodrigo-de-larrucea\/\" target=\"_blank\" rel=\"noopener noreferrer\">Jaime Rodrigo de Larrucea<\/a><\/strong><\/p>\n<p>Lloc: Sala d&#8217;actes de Foment del Treball \u2013 Via Laietana, 32, Pral, Barcelona<br \/>Data: 06.02.2018<br \/>Hora: 19.30h<\/p>\n<p>[\/et_pb_text][\/et_pb_column][et_pb_column type=&#8221;1_5&#8243; _builder_version=&#8221;3.0.47&#8243;][et_pb_image src=&#8221;https:\/\/raed.academy\/wp-content\/uploads\/2018\/02\/acto-ingreso-RAED-Javier-Gil-Mur-1.jpg&#8221; show_in_lightbox=&#8221;on&#8221; use_overlay=&#8221;on&#8221; overlay_icon_color=&#8221;#6b5d38&#8243; align=&#8221;center&#8221; force_fullwidth=&#8221;on&#8221; _builder_version=&#8221;3.22.7&#8243; border_radii=&#8221;on|4px|4px|4px|4px&#8221; box_shadow_style=&#8221;preset2&#8243; box_shadow_horizontal=&#8221;12px&#8221; box_shadow_vertical=&#8221;12px&#8221; module_alignment=&#8221;center&#8221; custom_margin=&#8221;10px|||&#8221; custom_margin_tablet=&#8221;25px|||&#8221; custom_margin_last_edited=&#8221;on|desktop&#8221; z_index_tablet=&#8221;500&#8243;][\/et_pb_image][\/et_pb_column][\/et_pb_row][et_pb_row use_custom_gutter=&#8221;on&#8221; gutter_width=&#8221;1&#8243; custom_padding=&#8221;||35px|&#8221; make_equal=&#8221;on&#8221; custom_padding_last_edited=&#8221;on|desktop&#8221; padding_right_2=&#8221;45px&#8221; padding_right_3=&#8221;20px&#8221; padding_bottom_1=&#8221;25px&#8221; padding_2_tablet=&#8221;|20px||&#8221; padding_1_last_edited=&#8221;off|phone&#8221; padding_2_last_edited=&#8221;on|desktop&#8221; padding_3_last_edited=&#8221;on|phone&#8221; module_id=&#8221;1001&#8243; module_class=&#8221;evento et_pb_row_fullwidth et_pb_row_fullwidth et_pb_row_fullwidth et_pb_row_fullwidth et_pb_row_fullwidth et_pb_row_fullwidth et_pb_row_fullwidth et_pb_row_fullwidth et_pb_row_fullwidth et_pb_row_fullwidth et_pb_row_fullwidth et_pb_row_fullwidth et_pb_row_fullwidth et_pb_row_fullwidth et_pb_row_fullwidth et_pb_row_fullwidth et_pb_row_fullwidth et_pb_row_fullwidth et_pb_row_fullwidth et_pb_row_fullwidth et_pb_row_fullwidth&#8221; _builder_version=&#8221;3.22.3&#8243; box_shadow_style=&#8221;preset3&#8243; box_shadow_horizontal=&#8221;10px&#8221; width=&#8221;100%&#8221; width_tablet=&#8221;100%&#8221; width_last_edited=&#8221;on|desktop&#8221; max_width=&#8221;100%&#8221; max_width_tablet=&#8221;100%&#8221; max_width_last_edited=&#8221;on|desktop&#8221; module_alignment=&#8221;center&#8221; z_index_tablet=&#8221;500&#8243; make_fullwidth=&#8221;on&#8221;][et_pb_column type=&#8221;1_5&#8243; _builder_version=&#8221;3.0.47&#8243;][et_pb_code admin_label=&#8221;fecha 06-07\/02&#8243; module_class=&#8221;fecha-evento&#8221; _builder_version=&#8221;3.22.7&#8243; z_index_tablet=&#8221;500&#8243;]Feb<!\u2013- [et_pb_br_holder] -\u2013><!-- [et_pb_line_break_holder] -->6-7[\/et_pb_code][\/et_pb_column][et_pb_column type=&#8221;3_5&#8243; _builder_version=&#8221;3.0.47&#8243;][et_pb_text admin_label=&#8221;Nous aliments, probi\u00f2tics i prebi\u00f2tics&#8221; _builder_version=&#8221;3.22.7&#8243; z_index_tablet=&#8221;500&#8243;]<\/p>\n<h3>Confer\u00e8ncia &#8220;Desde la Ciencia B\u00e1sica a los antibi\u00f3ticos&#8221;<\/h3>\n<p><strong>Confer\u00e8ncia de la Dra. Ada Yonath, Premi Nobel de Qu\u00edmica 2009 <\/strong><\/p>\n<p>6 i 7 de febrer de 2018<\/p>\n<h3>1\u00aa cita<\/h3>\n<h4>Cicle Cient\u00edfic CosmoCaixa \u201cLa Ciencia vista a trav\u00e9s de los ojos de los Premios Nobel\u201d<\/h4>\n<p>Lloc: <a href=\"http:\/\/obrasociallacaixa.org\/\" target=\"_blank\" rel=\"noopener noreferrer\">CosmoCaixa<\/a>, C\/ Isaac Newton, 26, 08022 Barcelona<br \/>Data: 06.02.18<br \/>Hora: 19.00h<\/p>\n<h3>2\u00aa cita<\/h3>\n<h4>Programa \u201cTalento Nobel\u201d de Fundaci\u00f3 Cajasol\u201d<\/h4>\n<p>Lloc: Auditori de la <a href=\"http:\/\/fundacioncajasol.com\/\" target=\"_blank\" rel=\"noopener noreferrer\">Fundaci\u00f3 Cajasol<\/a> Pl. de San Francisco, 1, 41004 Sevilla<br \/>Data: 07.02.2018<br \/>Hora: 19.30h<\/p>\n<h3><a href=\"https:\/\/raed.academy\/ca\/nova-generacio-dantibiotics\/\"><strong>M\u00e9s informaci\u00f3<\/strong><\/a><\/h3>\n<p>[\/et_pb_text][\/et_pb_column][et_pb_column type=&#8221;1_5&#8243; _builder_version=&#8221;3.0.47&#8243;][et_pb_gallery gallery_ids=&#8221;53479,53477,53507&#8243; posts_number=&#8221;1&#8243; show_title_and_caption=&#8221;off&#8221; show_pagination=&#8221;off&#8221; zoom_icon_color=&#8221;#6b5d38&#8243; _builder_version=&#8221;3.22.7&#8243; border_radii_image=&#8221;on|4px|4px|4px|4px&#8221; box_shadow_style_image=&#8221;preset2&#8243; custom_margin=&#8221;10px|||&#8221; custom_margin_tablet=&#8221;25px|||&#8221; custom_margin_last_edited=&#8221;on|desktop&#8221; z_index_tablet=&#8221;500&#8243;][\/et_pb_gallery][\/et_pb_column][\/et_pb_row][et_pb_row use_custom_gutter=&#8221;on&#8221; gutter_width=&#8221;1&#8243; make_equal=&#8221;on&#8221; padding_right_2=&#8221;45px&#8221; padding_right_3=&#8221;20px&#8221; padding_2_tablet=&#8221;|20px||&#8221; padding_1_last_edited=&#8221;off|desktop&#8221; padding_2_last_edited=&#8221;on|desktop&#8221; padding_3_last_edited=&#8221;on|phone&#8221; admin_label=&#8221;Fila&#8221; module_id=&#8221;0702&#8243; module_class=&#8221;evento et_pb_row_fullwidth et_pb_row_fullwidth et_pb_row_fullwidth et_pb_row_fullwidth et_pb_row_fullwidth et_pb_row_fullwidth et_pb_row_fullwidth et_pb_row_fullwidth et_pb_row_fullwidth et_pb_row_fullwidth et_pb_row_fullwidth et_pb_row_fullwidth et_pb_row_fullwidth et_pb_row_fullwidth et_pb_row_fullwidth et_pb_row_fullwidth et_pb_row_fullwidth et_pb_row_fullwidth&#8221; _builder_version=&#8221;3.22.3&#8243; border_radii=&#8221;on|3px|3px|3px|3px&#8221; box_shadow_style=&#8221;preset3&#8243; box_shadow_horizontal=&#8221;10px&#8221; width=&#8221;100%&#8221; width_tablet=&#8221;100%&#8221; width_last_edited=&#8221;on|desktop&#8221; max_width=&#8221;100%&#8221; max_width_tablet=&#8221;100%&#8221; max_width_last_edited=&#8221;on|desktop&#8221; module_alignment=&#8221;center&#8221; z_index_tablet=&#8221;500&#8243; make_fullwidth=&#8221;on&#8221;][et_pb_column type=&#8221;1_5&#8243; _builder_version=&#8221;3.0.47&#8243;][et_pb_code admin_label=&#8221;fecha 13\/02&#8243; module_class=&#8221;fecha-evento&#8221; _builder_version=&#8221;3.22.7&#8243; z_index_tablet=&#8221;500&#8243;]Feb<!\u2013- [et_pb_br_holder] -\u2013><!-- [et_pb_line_break_holder] -->13[\/et_pb_code][\/et_pb_column][et_pb_column type=&#8221;3_5&#8243; _builder_version=&#8221;3.0.47&#8243;][et_pb_text admin_label=&#8221;Ingr\u00e9s Carlo Maria Gallucci&#8221; _builder_version=&#8221;3.22.7&#8243; z_index_tablet=&#8221;500&#8243;]<\/p>\n<h3>Ingr\u00e9s com Acad\u00e8mic de N\u00famero: <a href=\"https:\/\/raed.academy\/ca\/academics\/dr-carlo-maria-gallucci-calabrese\/\" target=\"_blank\" rel=\"noopener noreferrer\">Carlo Maria Gallucci<\/a><\/h3>\n<p>Discurs d&#8217;ingr\u00e9s: <a href=\"https:\/\/raed.academy\/wp-content\/uploads\/2018\/02\/Discurso-ingreso-Carlo-Maria-Gallucci-Calabrese-La-funci%C3%B3n-del-marketing-en-la-empresa-y-en-la-econom%C3%ADa.pdf\" target=\"_blank\" rel=\"noopener noreferrer\"><strong>La funci\u00f3 del m\u00e0rqueting en l&#8217;empresa i en l&#8217;economia<\/strong><\/a><br \/>Discurs de contestaci\u00f3 a c\u00e0rrec de <a href=\"https:\/\/raed.academy\/ca\/academics\/dr-jaime-rodrigo-de-larrucea\/\" target=\"_blank\" rel=\"noopener noreferrer\"><strong>Jaime Rodrigo de Larrucea<\/strong><\/a><\/p>\n<p>Lloc: Sala d&#8217;actes de Foment del Treball \u2013 Via Laietana, 32, Pral, Barcelona<br \/>Data: 13.02.2018<br \/>Hora: 19.00h<\/p>\n<p>[\/et_pb_text][\/et_pb_column][et_pb_column type=&#8221;1_5&#8243; _builder_version=&#8221;3.0.47&#8243;][et_pb_image src=&#8221;https:\/\/raed.academy\/wp-content\/uploads\/2018\/02\/acto-ingreso-Carlo-Maria-Gallucci-3.jpg&#8221; show_in_lightbox=&#8221;on&#8221; use_overlay=&#8221;on&#8221; overlay_icon_color=&#8221;#6b5d38&#8243; align=&#8221;center&#8221; force_fullwidth=&#8221;on&#8221; _builder_version=&#8221;3.22.7&#8243; border_radii=&#8221;on|4px|4px|4px|4px&#8221; box_shadow_style=&#8221;preset2&#8243; box_shadow_horizontal=&#8221;12px&#8221; box_shadow_vertical=&#8221;12px&#8221; module_alignment=&#8221;center&#8221; custom_margin=&#8221;10px|||&#8221; custom_margin_tablet=&#8221;25px|||&#8221; custom_margin_last_edited=&#8221;on|desktop&#8221; z_index_tablet=&#8221;500&#8243;][\/et_pb_image][\/et_pb_column][\/et_pb_row][et_pb_row use_custom_gutter=&#8221;on&#8221; gutter_width=&#8221;1&#8243; custom_padding=&#8221;||35px|&#8221; make_equal=&#8221;on&#8221; custom_padding_last_edited=&#8221;on|desktop&#8221; padding_right_2=&#8221;45px&#8221; padding_right_3=&#8221;20px&#8221; padding_bottom_1=&#8221;25px&#8221; padding_2_tablet=&#8221;|20px||&#8221; padding_1_last_edited=&#8221;off|phone&#8221; padding_2_last_edited=&#8221;on|desktop&#8221; padding_3_last_edited=&#8221;on|phone&#8221; module_id=&#8221;1001&#8243; module_class=&#8221;evento et_pb_row_fullwidth et_pb_row_fullwidth et_pb_row_fullwidth et_pb_row_fullwidth et_pb_row_fullwidth et_pb_row_fullwidth et_pb_row_fullwidth et_pb_row_fullwidth et_pb_row_fullwidth et_pb_row_fullwidth et_pb_row_fullwidth et_pb_row_fullwidth et_pb_row_fullwidth et_pb_row_fullwidth et_pb_row_fullwidth et_pb_row_fullwidth et_pb_row_fullwidth et_pb_row_fullwidth et_pb_row_fullwidth et_pb_row_fullwidth et_pb_row_fullwidth&#8221; _builder_version=&#8221;3.22.3&#8243; box_shadow_style=&#8221;preset3&#8243; box_shadow_horizontal=&#8221;10px&#8221; width=&#8221;100%&#8221; width_tablet=&#8221;100%&#8221; width_last_edited=&#8221;on|desktop&#8221; max_width=&#8221;100%&#8221; max_width_tablet=&#8221;100%&#8221; max_width_last_edited=&#8221;on|desktop&#8221; module_alignment=&#8221;center&#8221; z_index_tablet=&#8221;500&#8243; make_fullwidth=&#8221;on&#8221;][et_pb_column type=&#8221;1_5&#8243; _builder_version=&#8221;3.0.47&#8243;][et_pb_code admin_label=&#8221;fecha 13\/02&#8243; module_class=&#8221;fecha-evento&#8221; _builder_version=&#8221;3.22.7&#8243; z_index_tablet=&#8221;500&#8243;]Feb<!\u2013- [et_pb_br_holder] -\u2013><!-- [et_pb_line_break_holder] -->13[\/et_pb_code][\/et_pb_column][et_pb_column type=&#8221;3_5&#8243; _builder_version=&#8221;3.0.47&#8243;][et_pb_text admin_label=&#8221;Cicle musical Concerts amb \u00e0nima&#8221; _builder_version=&#8221;3.22.7&#8243; z_index_tablet=&#8221;500&#8243;]<\/p>\n<h3>Cicle musical Concerts amb \u00e0nima<\/h3>\n<p>Int\u00e8rprets:<\/p>\n<ul>\n<li><strong>Mara Jaubert<\/strong>, pianista.<\/li>\n<li><strong>Francisco Feria<\/strong>, baix.<\/li>\n<li><strong>Cristina Calvo<\/strong>, soprano.<\/li>\n<\/ul>\n<p>Lloc: Sala dels Atlants del <a href=\"http:\/\/www.reialcercleartistic.cat\/\" target=\"_blank\" rel=\"noopener noreferrer\">Reial Cercle Art\u00edstic de Barcelona<\/a>. Carrer dels Arcs, 5, 08002 Barcelona<\/p>\n<p>Data: 13.02.2018<br \/>Hora: 21.15h<\/p>\n<h3><a href=\"https:\/\/raed.academy\/ca\/concert-amb-anima-llatina\/\"><strong>M\u00e9s informaci\u00f3<\/strong><\/a><\/h3>\n<p>[\/et_pb_text][et_pb_video src=&#8221;https:\/\/youtu.be\/XJydw6wBi60&#8243; _builder_version=&#8221;3.22.7&#8243; z_index_tablet=&#8221;500&#8243;][\/et_pb_video][\/et_pb_column][et_pb_column type=&#8221;1_5&#8243; _builder_version=&#8221;3.0.47&#8243;][et_pb_gallery gallery_ids=&#8221;53614,53610,53608&#8243; posts_number=&#8221;1&#8243; show_title_and_caption=&#8221;off&#8221; show_pagination=&#8221;off&#8221; zoom_icon_color=&#8221;#6b5d38&#8243; _builder_version=&#8221;3.22.7&#8243; border_radii_image=&#8221;on|4px|4px|4px|4px&#8221; box_shadow_style_image=&#8221;preset2&#8243; custom_margin=&#8221;10px|||&#8221; custom_margin_tablet=&#8221;25px|||&#8221; custom_margin_last_edited=&#8221;on|desktop&#8221; z_index_tablet=&#8221;500&#8243;][\/et_pb_gallery][\/et_pb_column][\/et_pb_row][et_pb_row use_custom_gutter=&#8221;on&#8221; gutter_width=&#8221;1&#8243; custom_padding=&#8221;||35px|&#8221; make_equal=&#8221;on&#8221; custom_padding_last_edited=&#8221;on|desktop&#8221; padding_right_2=&#8221;45px&#8221; padding_right_3=&#8221;20px&#8221; padding_bottom_1=&#8221;25px&#8221; padding_2_tablet=&#8221;|20px||&#8221; padding_1_last_edited=&#8221;off|phone&#8221; padding_2_last_edited=&#8221;on|desktop&#8221; padding_3_last_edited=&#8221;on|phone&#8221; module_id=&#8221;1001&#8243; module_class=&#8221;evento et_pb_row_fullwidth et_pb_row_fullwidth et_pb_row_fullwidth et_pb_row_fullwidth et_pb_row_fullwidth et_pb_row_fullwidth et_pb_row_fullwidth et_pb_row_fullwidth et_pb_row_fullwidth et_pb_row_fullwidth et_pb_row_fullwidth et_pb_row_fullwidth et_pb_row_fullwidth et_pb_row_fullwidth et_pb_row_fullwidth et_pb_row_fullwidth et_pb_row_fullwidth et_pb_row_fullwidth et_pb_row_fullwidth et_pb_row_fullwidth et_pb_row_fullwidth&#8221; _builder_version=&#8221;3.22.3&#8243; box_shadow_style=&#8221;preset3&#8243; box_shadow_horizontal=&#8221;10px&#8221; width=&#8221;100%&#8221; width_tablet=&#8221;100%&#8221; width_last_edited=&#8221;on|desktop&#8221; max_width=&#8221;100%&#8221; max_width_tablet=&#8221;100%&#8221; max_width_last_edited=&#8221;on|desktop&#8221; module_alignment=&#8221;center&#8221; z_index_tablet=&#8221;500&#8243; make_fullwidth=&#8221;on&#8221;][et_pb_column type=&#8221;1_5&#8243; _builder_version=&#8221;3.0.47&#8243;][et_pb_code admin_label=&#8221;fecha 20-22\/02&#8243; module_class=&#8221;fecha-evento&#8221; _builder_version=&#8221;3.22.7&#8243; z_index_tablet=&#8221;500&#8243;]Feb<!\u2013- [et_pb_br_holder] -\u2013><!-- [et_pb_line_break_holder] -->20-22[\/et_pb_code][\/et_pb_column][et_pb_column type=&#8221;3_5&#8243; _builder_version=&#8221;3.0.47&#8243;][et_pb_text admin_label=&#8221;Canals I\u00f2nics: Descobriment, funcions i paper en medicina i farmacologia&#8221; _builder_version=&#8221;3.22.7&#8243; z_index_tablet=&#8221;500&#8243;]<\/p>\n<h3>Canals I\u00f2nics: Descobriment, funcions i paper en medicina i farmacologia<\/h3>\n<p><strong>Confer\u00e8ncia del Dr. Erwin Neher, Premi Nobel de Medicina 1991<br \/>20 i 22 de febrer de 2018<\/strong><\/p>\n<p>&nbsp;<\/p>\n<h3>1\u00aa cita<\/h3>\n<h4>Cicle Cient\u00edfic \u201cLa Ciencia vista a trav\u00e9s de los ojos de Premios Nobel\u201d de <a href=\"http:\/\/obrasociallacaixa.org\/\" target=\"_blank\" rel=\"noopener noreferrer\">Obra Social La Caixa<\/a><\/h4>\n<p>Lloc: CosmoCaixa, C\/ Isaac Newton, 26, 08022 Barcelona<br \/>Data: 06.02.18<br \/>Hora: 19.00h<\/p>\n<h3>2\u00aa cita<\/h3>\n<h4>Programa \u201cTalento Nobel\u201d de <a href=\"http:\/\/fundacioncajasol.com\/\" target=\"_blank\" rel=\"noopener noreferrer\">Fundaci\u00f3 Cajasol<\/a><\/h4>\n<p>Lloc: Auditori de la Fundaci\u00f3 Cajasol &#8211; Pl. de San Francisco, 1, 41004 Sevilla<br \/>Data: 07.02.2018<br \/>Hora: 19.30h<\/p>\n<h3><a href=\"https:\/\/raed.academy\/ca\/els-canals-ionics\/\" target=\"_blank\" rel=\"noopener noreferrer\"><strong>M\u00e9s informaci\u00f3<\/strong><\/a><\/h3>\n<p>[\/et_pb_text][\/et_pb_column][et_pb_column type=&#8221;1_5&#8243; _builder_version=&#8221;3.0.47&#8243;][et_pb_gallery gallery_ids=&#8221;53892,53850,53848,53852&#8243; posts_number=&#8221;2&#8243; show_title_and_caption=&#8221;off&#8221; zoom_icon_color=&#8221;#6b5d38&#8243; _builder_version=&#8221;3.22.7&#8243; border_radii_image=&#8221;on|4px|4px|4px|4px&#8221; box_shadow_style_image=&#8221;preset2&#8243; custom_margin=&#8221;10px|||&#8221; custom_margin_tablet=&#8221;25px|||&#8221; custom_margin_last_edited=&#8221;on|desktop&#8221; z_index_tablet=&#8221;500&#8243; custom_css_gallery_item=&#8221;padding: 3px;&#8221;][\/et_pb_gallery][\/et_pb_column][\/et_pb_row][et_pb_row use_custom_gutter=&#8221;on&#8221; gutter_width=&#8221;1&#8243; make_equal=&#8221;on&#8221; padding_right_2=&#8221;45px&#8221; padding_right_3=&#8221;20px&#8221; padding_2_tablet=&#8221;|20px||&#8221; padding_1_last_edited=&#8221;off|desktop&#8221; padding_2_last_edited=&#8221;on|desktop&#8221; padding_3_last_edited=&#8221;on|phone&#8221; admin_label=&#8221;Fila&#8221; module_id=&#8221;0702&#8243; module_class=&#8221;evento et_pb_row_fullwidth et_pb_row_fullwidth et_pb_row_fullwidth et_pb_row_fullwidth et_pb_row_fullwidth et_pb_row_fullwidth et_pb_row_fullwidth et_pb_row_fullwidth et_pb_row_fullwidth et_pb_row_fullwidth et_pb_row_fullwidth et_pb_row_fullwidth et_pb_row_fullwidth et_pb_row_fullwidth et_pb_row_fullwidth et_pb_row_fullwidth et_pb_row_fullwidth et_pb_row_fullwidth&#8221; _builder_version=&#8221;3.22.3&#8243; border_radii=&#8221;on|3px|3px|3px|3px&#8221; box_shadow_style=&#8221;preset3&#8243; box_shadow_horizontal=&#8221;10px&#8221; width=&#8221;100%&#8221; width_tablet=&#8221;100%&#8221; width_last_edited=&#8221;on|desktop&#8221; max_width=&#8221;100%&#8221; max_width_tablet=&#8221;100%&#8221; max_width_last_edited=&#8221;on|desktop&#8221; module_alignment=&#8221;center&#8221; z_index_tablet=&#8221;500&#8243; make_fullwidth=&#8221;on&#8221;][et_pb_column type=&#8221;1_5&#8243; _builder_version=&#8221;3.0.47&#8243;][et_pb_code admin_label=&#8221;fecha 27\/02&#8243; module_class=&#8221;fecha-evento&#8221; _builder_version=&#8221;3.22.7&#8243; z_index_tablet=&#8221;500&#8243;]Feb<!\u2013- [et_pb_br_holder] -\u2013><!-- [et_pb_line_break_holder] -->27[\/et_pb_code][\/et_pb_column][et_pb_column type=&#8221;3_5&#8243; _builder_version=&#8221;3.0.47&#8243;][et_pb_text admin_label=&#8221;Ingr\u00e9s Mar Alonso Almeida&#8221; _builder_version=&#8221;3.22.7&#8243; z_index_tablet=&#8221;500&#8243;]<\/p>\n<h3>Ingr\u00e9s com Acad\u00e8mica de N\u00famero: <strong><a href=\"https:\/\/raed.academy\/ca\/academics\/dra-maria-del-mar-alonso-almeida\/\" target=\"_blank\" rel=\"noopener noreferrer\">Mar Alonso Almeida<\/a><\/strong><\/h3>\n<p>Discurs d&#8217;ingr\u00e9s: <a href=\"https:\/\/raed.academy\/wp-content\/uploads\/2018\/02\/discurso-ingreso-Mar-Alonso-Almeida-El-nuevo-materialismo-del-siglo-xxi-Luces-y-sombras.pdf\" target=\"_blank\" rel=\"noopener noreferrer\"><strong><em>El nuevo materialismo del siglo XXI: Luces y sombras<\/em><\/strong><\/a><br \/>Discurs de resposta a c\u00e0rrec del <a href=\"https:\/\/raed.academy\/ca\/academics\/dr-juan-pedro-aznar-alarcon\/\" target=\"_blank\" rel=\"noopener noreferrer\"><strong>Dr. Pedro Aznar Alarc\u00f3n<\/strong><\/a><\/p>\n<p>Lloc: Sala d&#8217;actes de Foment del Treball \u2013 Via Laietana, 32, Pral, Barcelona<br \/>Data: 27.02.2018<br \/>Hora: 19.30h<\/p>\n<p>[\/et_pb_text][\/et_pb_column][et_pb_column type=&#8221;1_5&#8243; _builder_version=&#8221;3.0.47&#8243;][et_pb_image src=&#8221;https:\/\/raed.academy\/wp-content\/uploads\/2018\/02\/acto-ingreso-dra-Mar-Alonso-Almeida-5.jpg&#8221; show_in_lightbox=&#8221;on&#8221; use_overlay=&#8221;on&#8221; overlay_icon_color=&#8221;#6b5d38&#8243; align=&#8221;center&#8221; force_fullwidth=&#8221;on&#8221; _builder_version=&#8221;3.22.7&#8243; border_radii=&#8221;on|4px|4px|4px|4px&#8221; box_shadow_style=&#8221;preset2&#8243; box_shadow_horizontal=&#8221;12px&#8221; box_shadow_vertical=&#8221;12px&#8221; module_alignment=&#8221;center&#8221; custom_margin=&#8221;10px|||&#8221; custom_margin_tablet=&#8221;25px|||&#8221; custom_margin_last_edited=&#8221;on|desktop&#8221; z_index_tablet=&#8221;500&#8243;][\/et_pb_image][\/et_pb_column][\/et_pb_row][et_pb_row admin_label=&#8221;Fila&#8221; _builder_version=&#8221;3.22.3&#8243; background_size=&#8221;initial&#8221; background_position=&#8221;top_left&#8221; background_repeat=&#8221;repeat&#8221;][et_pb_column type=&#8221;4_4&#8243; _builder_version=&#8221;3.0.47&#8243;][et_pb_text admin_label=&#8221;mar\u00e7\/2018&#8243; _builder_version=&#8221;3.22.7&#8243; z_index_tablet=&#8221;500&#8243;]<\/p>\n<h2>MAR\u00c7 2018<\/h2>\n<p>[\/et_pb_text][\/et_pb_column][\/et_pb_row][et_pb_row use_custom_gutter=&#8221;on&#8221; gutter_width=&#8221;1&#8243; custom_padding=&#8221;||35px|&#8221; make_equal=&#8221;on&#8221; custom_padding_last_edited=&#8221;on|desktop&#8221; padding_right_2=&#8221;45px&#8221; padding_right_3=&#8221;20px&#8221; padding_bottom_1=&#8221;25px&#8221; padding_2_tablet=&#8221;|20px||&#8221; padding_1_last_edited=&#8221;off|phone&#8221; padding_2_last_edited=&#8221;on|desktop&#8221; padding_3_last_edited=&#8221;on|phone&#8221; module_id=&#8221;1001&#8243; module_class=&#8221;evento et_pb_row_fullwidth et_pb_row_fullwidth et_pb_row_fullwidth et_pb_row_fullwidth et_pb_row_fullwidth et_pb_row_fullwidth et_pb_row_fullwidth et_pb_row_fullwidth et_pb_row_fullwidth et_pb_row_fullwidth et_pb_row_fullwidth et_pb_row_fullwidth et_pb_row_fullwidth et_pb_row_fullwidth et_pb_row_fullwidth et_pb_row_fullwidth et_pb_row_fullwidth et_pb_row_fullwidth et_pb_row_fullwidth et_pb_row_fullwidth et_pb_row_fullwidth&#8221; _builder_version=&#8221;3.22.3&#8243; box_shadow_style=&#8221;preset3&#8243; box_shadow_horizontal=&#8221;10px&#8221; width=&#8221;100%&#8221; width_tablet=&#8221;100%&#8221; width_last_edited=&#8221;on|desktop&#8221; max_width=&#8221;100%&#8221; max_width_tablet=&#8221;100%&#8221; max_width_last_edited=&#8221;on|desktop&#8221; module_alignment=&#8221;center&#8221; z_index_tablet=&#8221;500&#8243; make_fullwidth=&#8221;on&#8221;][et_pb_column type=&#8221;1_5&#8243; _builder_version=&#8221;3.0.47&#8243;][et_pb_code admin_label=&#8221;fecha 2-4\/03&#8243; module_class=&#8221;fecha-evento&#8221; _builder_version=&#8221;3.22.7&#8243; z_index_tablet=&#8221;500&#8243;]Mar<!\u2013- [et_pb_br_holder] -\u2013><!-- [et_pb_line_break_holder] -->2-4[\/et_pb_code][\/et_pb_column][et_pb_column type=&#8221;3_5&#8243; _builder_version=&#8221;3.0.47&#8243;][et_pb_text admin_label=&#8221;Acte acad\u00e8mic a l&#8217;Hotel Balneari Vichy Catal\u00e1n&#8221; _builder_version=&#8221;3.22.7&#8243; z_index_tablet=&#8221;500&#8243;]<\/p>\n<h3>Acte acad\u00e8mic a l&#8217;<a href=\"http:\/\/www.hotelbalnearivichycatalan.cat\/\" target=\"_blank\" rel=\"noopener noreferrer\">Hotel Balneari Vichy Catal\u00e1n<\/a><\/h3>\n<h4>Dissabte 3 de mar\u00e7,\u00a09.00 &#8211; Confer\u00e8ncies cient\u00edfiques multidisciplin\u00e0ries a Vichy Catal\u00e0<\/h4>\n<p>Ponents:<\/p>\n<ul>\n<li>Conferencia Inaugural: <strong>Joan B Renart<\/strong> CEO de Vichy Catal\u00e1n &#8211; Un ejemplo de Historia, Innovaci\u00f3n y Desarrollo.<\/li>\n<li><strong>Josep Roca<\/strong>, Sommelier Celler de Can Roca &#8211; Lo que nos cuenta el Vino<\/li>\n<li><a href=\"https:\/\/raed.academy\/academicos\/dr-jose-ramon-calvo-fernandez\/\" target=\"_blank\" rel=\"noopener noreferrer\"><strong>Jos\u00e9 Ram\u00f3n Calvo<\/strong><\/a>, ULPGC &#8211; RAED: \u00bfEcosistema Inviable = Resultados imposibles?<\/li>\n<li><a href=\"https:\/\/raed.academy\/academicos\/dra-maria-dels-angels-calvo-torras\/\" target=\"_blank\" rel=\"noopener noreferrer\"><strong>Maria \u00c0ngels Calvo<\/strong><\/a>, RAED: A la caza de \u201cbichos\u201d insospechados en lugares ni imaginados<\/li>\n<li><a href=\"https:\/\/raed.academy\/academicos\/dr-jordi-marti-pidelaserra\/\" target=\"_blank\" rel=\"noopener noreferrer\"><strong>Jordi Mart\u00ed<\/strong><\/a>, UB &#8211; RAED: Historias de la Tecnolog\u00eda que cambian al mundo y a las empresas<\/li>\n<li><strong>Jos\u00e9 Mar\u00eda Baldasano<\/strong> \u2013 UPB \u2013 RAED &#8211; \u00bfQu\u00e9 implicaciones clim\u00e1ticas se derivan del deshielo del \u00c1rtico?<\/li>\n<li><strong>Cecilia Kindel\u00e1n<\/strong>, RAED: El Clima cambia y no sabemos contarlo<\/li>\n<li><a href=\"https:\/\/raed.academy\/academicos\/dr-carlo-maria-gallucci-calabrese\/\" target=\"_blank\" rel=\"noopener noreferrer\"><strong>Carlo Maria Gallucci<\/strong><\/a>, RAED &#8211; Universidad Ramon Llull &#8211; ESADE: \u00bfCon una buena estrategia de Marketing se puede vender un mal producto?<\/li>\n<li><strong>Jaume Llopis<\/strong>, IESE: \u00bfC\u00f3mo perder la reputaci\u00f3n de una marca?<\/li>\n<li><strong>Pollyana Nethersole<\/strong>, \u00bfQu\u00e9 hemos hecho para merecer un Brexit?<\/li>\n<li><a href=\"https:\/\/raed.academy\/academicos\/dra-rosmarie-cammany-dorr\/\" target=\"_blank\" rel=\"noopener noreferrer\"><strong>Rosmarie Cammany<\/strong><\/a>, La Filantrop\u00eda: Una inversi\u00f3n de alto rendimiento<\/li>\n<li><a href=\"https:\/\/raed.academy\/academicos\/dr-joan-francesc-corona-ramon\/\" target=\"_blank\" rel=\"noopener noreferrer\"><strong>Juan Francisco Corona<\/strong><\/a>, DG Instituto de Empresa Familiar. \u00bfLas Peleas de familia destrozan las empresas familiares?<\/li>\n<li><a href=\"https:\/\/raed.academy\/academicos\/dra-teresa-freixes-sanjuan\/\" target=\"_blank\" rel=\"noopener noreferrer\"><strong>Teresa Freixes<\/strong><\/a>, UAB &#8211; RAED: \u00bfSirve para algo tener una constituci\u00f3n?<\/li>\n<li><strong>Naohito Watanabe<\/strong>, c\u00f3nsul general de Jap\u00f3n en Barcelona: \u201cMusa modernista: La primera actriz japonesa que visit\u00f3 Barcelona\u201d<\/li>\n<li><strong>Manuel Murillo<\/strong>, RAED: \u00bfQui\u00e9n sale ganando con las \u201cFake news\u201d?<\/li>\n<li><a href=\"https:\/\/raed.academy\/academicos\/dr-alfredo-rocafort-nicolau\/\" target=\"_blank\" rel=\"noopener noreferrer\"><strong>Alfredo Rocafort<\/strong><\/a>, RAED: Los contables cuentan lo que es f\u00e1cil de contar, pero no lo que m\u00e1s cuenta.<\/li>\n<li><a href=\"https:\/\/raed.academy\/academicos\/dr-pedro-claros-blanch\/\" target=\"_blank\" rel=\"noopener noreferrer\"><strong>Pedro Clar\u00f3s<\/strong><\/a>, RAED: \u201cEl misterio de la metamorfosis de una voz del Siglo XX-XXI\u201d<\/li>\n<li><a href=\"https:\/\/raed.academy\/academicos\/dr-xabier-anoveros-trias-de-bes\/\" target=\"_blank\" rel=\"noopener noreferrer\"><strong>Xabier A\u00f1overos<\/strong><\/a>, Historias de un navarro en Catalu\u00f1a<\/li>\n<li><strong>Enrique Tom\u00e1s<\/strong>, De Badalona al Mundo: Historias de un charcutero.<\/li>\n<\/ul>\n<h4>Dissabte 3 de mar\u00e7,\u00a021.00: Cocktail y sopar de clausura al Celler de Can Roca (Espai Mas Marroch)<\/h4>\n<p>Lloc: Hotel Balneari Vichy Catal\u00e0 &gt; Av. Dr. Furest, 32, 17455 Caldes de Malavella, Girona. Restaurant\u00a0 Celler de Can Roca (Espai Mas Marroch).<br \/>Data: 2 al 4 de mar\u00e7 de 2018<\/p>\n<p><a href=\"https:\/\/raed.academy\/ca\/conferencies-cientifiques-vichy-catala\/\"><strong>M\u00e9s informaci\u00f3<\/strong><\/a><\/p>\n<p>[\/et_pb_text][\/et_pb_column][et_pb_column type=&#8221;1_5&#8243; _builder_version=&#8221;3.0.47&#8243;][et_pb_gallery gallery_ids=&#8221;54055,54057,53351,54125&#8243; posts_number=&#8221;2&#8243; show_title_and_caption=&#8221;off&#8221; zoom_icon_color=&#8221;#6b5d38&#8243; _builder_version=&#8221;3.22.7&#8243; border_radii_image=&#8221;on|4px|4px|4px|4px&#8221; box_shadow_style_image=&#8221;preset2&#8243; custom_margin=&#8221;10px|||&#8221; custom_margin_tablet=&#8221;25px|||&#8221; custom_margin_last_edited=&#8221;on|desktop&#8221; z_index_tablet=&#8221;500&#8243; custom_css_gallery_item=&#8221;padding: 3px;&#8221;][\/et_pb_gallery][\/et_pb_column][\/et_pb_row][et_pb_row use_custom_gutter=&#8221;on&#8221; gutter_width=&#8221;1&#8243; custom_padding=&#8221;||35px|&#8221; make_equal=&#8221;on&#8221; custom_padding_last_edited=&#8221;on|desktop&#8221; padding_right_2=&#8221;45px&#8221; padding_right_3=&#8221;20px&#8221; padding_bottom_1=&#8221;25px&#8221; padding_2_tablet=&#8221;|20px||&#8221; padding_1_last_edited=&#8221;off|phone&#8221; padding_2_last_edited=&#8221;on|desktop&#8221; padding_3_last_edited=&#8221;on|phone&#8221; module_id=&#8221;1001&#8243; module_class=&#8221;evento et_pb_row_fullwidth et_pb_row_fullwidth et_pb_row_fullwidth et_pb_row_fullwidth et_pb_row_fullwidth et_pb_row_fullwidth et_pb_row_fullwidth et_pb_row_fullwidth et_pb_row_fullwidth et_pb_row_fullwidth et_pb_row_fullwidth et_pb_row_fullwidth et_pb_row_fullwidth et_pb_row_fullwidth et_pb_row_fullwidth et_pb_row_fullwidth et_pb_row_fullwidth et_pb_row_fullwidth et_pb_row_fullwidth et_pb_row_fullwidth et_pb_row_fullwidth&#8221; _builder_version=&#8221;3.22.3&#8243; box_shadow_style=&#8221;preset3&#8243; box_shadow_horizontal=&#8221;10px&#8221; width=&#8221;100%&#8221; width_tablet=&#8221;100%&#8221; width_last_edited=&#8221;on|desktop&#8221; max_width=&#8221;100%&#8221; max_width_tablet=&#8221;100%&#8221; max_width_last_edited=&#8221;on|desktop&#8221; module_alignment=&#8221;center&#8221; z_index_tablet=&#8221;500&#8243; make_fullwidth=&#8221;on&#8221;][et_pb_column type=&#8221;1_5&#8243; _builder_version=&#8221;3.0.47&#8243;][et_pb_code admin_label=&#8221;fecha 8\/03&#8243; module_class=&#8221;fecha-evento&#8221; _builder_version=&#8221;3.22.7&#8243; z_index_tablet=&#8221;500&#8243;]Mar<!\u2013- [et_pb_br_holder] -\u2013><!-- [et_pb_line_break_holder] -->8[\/et_pb_code][\/et_pb_column][et_pb_column type=&#8221;3_5&#8243; _builder_version=&#8221;3.0.47&#8243;][et_pb_text admin_label=&#8221;Debat \u201cDones que canvien el m\u00f3n\u201d&#8221; _builder_version=&#8221;3.22.7&#8243; z_index_tablet=&#8221;500&#8243;]<\/p>\n<h3>Debat \u201cDones que canvien el m\u00f3n\u201d<\/h3>\n<p>Ponents:<\/p>\n<ul>\n<li><strong><a href=\"https:\/\/raed.academy\/academicos\/dra-rosmarie-cammany-dorr\/\" target=\"_blank\" rel=\"noopener noreferrer\">Dra. Rosmarie Cammany<\/a>.<\/strong> Acad\u00e9mica Numer\u00e0ria de la RAED y Dra. En Sociologia.<\/li>\n<li><a href=\"https:\/\/raed.academy\/ca\/academics\/dra-maria-dels-angels-calvo-torras\/\" target=\"_blank\" rel=\"noopener noreferrer\"><strong> Dra. Maria \u00c0ngels Calvo<\/strong><\/a>. Acad\u00e8mica Numer\u00e0ria de la RAED y Presidenta de la Secci\u00f3 de Ci\u00e8ncies de la Salut.<\/li>\n<li><strong>Sra. Myrtha Casanovas<\/strong>. Fundadora y president de l&#8217;Institut Europeu per a la Gesti\u00f3 de la Diversitat.<\/li>\n<li><strong>Dra. Sonia Fern\u00e1ndez-Vidal.<\/strong> Dra. en \u00d3ptica i Informaci\u00f3 Qu\u00e0ntica. Investigadora y divulgadora cient\u00edfica.<\/li>\n<li><strong>Sra. Mari\u00e1n Muro.<\/strong> Directora General d&#8217;Espa\u00f1a Grupo Juli\u00e1.<\/li>\n<\/ul>\n<p>Moderadora: <strong>Dra. Cecilia Kindel\u00e1n<\/strong>. Dra. en Comunicaci\u00f3 i membre de l&#8217;Institut d&#8217;Investigacions Interdisciplin\u00e0ries de la RAED.<strong><br \/><\/strong><\/p>\n<p>Lloc: Sala d&#8217;actes de Foment del Treball \u2013 Via Laietana, 32, Pral, Barcelona<br \/>Data: 08.03.2018<br \/>Hora: 19.00h<\/p>\n<h3><a href=\"https:\/\/raed.academy\/ca\/dones-que-canvien-el-mon\/\">M\u00e9s informaci\u00f3<\/a><\/h3>\n<p>[\/et_pb_text][et_pb_video src=&#8221;https:\/\/youtu.be\/1WHlfw37T7I&#8221; _builder_version=&#8221;3.22.7&#8243; z_index_tablet=&#8221;500&#8243;][\/et_pb_video][\/et_pb_column][et_pb_column type=&#8221;1_5&#8243; _builder_version=&#8221;3.0.47&#8243;][et_pb_gallery gallery_ids=&#8221;54143,54149,54157&#8243; posts_number=&#8221;1&#8243; show_title_and_caption=&#8221;off&#8221; show_pagination=&#8221;off&#8221; zoom_icon_color=&#8221;#6b5d38&#8243; _builder_version=&#8221;3.22.7&#8243; border_radii_image=&#8221;on|4px|4px|4px|4px&#8221; box_shadow_style_image=&#8221;preset2&#8243; custom_margin=&#8221;10px|||&#8221; custom_margin_tablet=&#8221;25px|||&#8221; custom_margin_last_edited=&#8221;on|desktop&#8221; z_index_tablet=&#8221;500&#8243;][\/et_pb_gallery][\/et_pb_column][\/et_pb_row][et_pb_row use_custom_gutter=&#8221;on&#8221; gutter_width=&#8221;1&#8243; make_equal=&#8221;on&#8221; padding_right_2=&#8221;45px&#8221; padding_right_3=&#8221;20px&#8221; padding_2_tablet=&#8221;|20px||&#8221; padding_1_last_edited=&#8221;off|desktop&#8221; padding_2_last_edited=&#8221;on|desktop&#8221; padding_3_last_edited=&#8221;on|phone&#8221; admin_label=&#8221;Fila&#8221; module_id=&#8221;0702&#8243; module_class=&#8221;evento et_pb_row_fullwidth et_pb_row_fullwidth et_pb_row_fullwidth et_pb_row_fullwidth et_pb_row_fullwidth et_pb_row_fullwidth et_pb_row_fullwidth et_pb_row_fullwidth et_pb_row_fullwidth et_pb_row_fullwidth et_pb_row_fullwidth et_pb_row_fullwidth et_pb_row_fullwidth et_pb_row_fullwidth et_pb_row_fullwidth et_pb_row_fullwidth et_pb_row_fullwidth et_pb_row_fullwidth&#8221; _builder_version=&#8221;3.22.3&#8243; border_radii=&#8221;on|3px|3px|3px|3px&#8221; box_shadow_style=&#8221;preset3&#8243; box_shadow_horizontal=&#8221;10px&#8221; width=&#8221;100%&#8221; width_tablet=&#8221;100%&#8221; width_last_edited=&#8221;on|desktop&#8221; max_width=&#8221;100%&#8221; max_width_tablet=&#8221;100%&#8221; max_width_last_edited=&#8221;on|desktop&#8221; module_alignment=&#8221;center&#8221; z_index_tablet=&#8221;500&#8243; make_fullwidth=&#8221;on&#8221;][et_pb_column type=&#8221;1_5&#8243; _builder_version=&#8221;3.0.47&#8243;][et_pb_code admin_label=&#8221;fecha 15\/03&#8243; module_class=&#8221;fecha-evento&#8221; _builder_version=&#8221;3.22.7&#8243; z_index_tablet=&#8221;500&#8243;]Mar<!\u2013- [et_pb_br_holder] -\u2013><!-- [et_pb_line_break_holder] -->15[\/et_pb_code][\/et_pb_column][et_pb_column type=&#8221;3_5&#8243; _builder_version=&#8221;3.0.47&#8243;][et_pb_text admin_label=&#8221;Ingr\u00e9s Rodolfo Fern\u00e1ndez-Cuellas&#8221; _builder_version=&#8221;3.22.7&#8243; z_index_tablet=&#8221;500&#8243;]<\/p>\n<h3>Ingr\u00e9s com Acad\u00e8mic Corresponent: <a href=\"https:\/\/raed.academy\/ca\/academics\/dr-rodolfo-fernandez-cuellas\/\" target=\"_blank\" rel=\"noopener noreferrer\">Rodolfo Fern\u00e1ndez-Cuellas<\/a><\/h3>\n<p>Discurs d&#8217;ingr\u00e9s: <a href=\"https:\/\/raed.academy\/wp-content\/uploads\/2018\/03\/discurso-ingreso-dr-Rodolfo-Fernandez-Cuellas-dinamica-mayoria-minoria.pdf\" target=\"_blank\" rel=\"noopener noreferrer\"><strong>Las din\u00e1micas mayor\u00eda-minor\u00eda y el derecho de separaci\u00f3n del socio<\/strong><\/a><br \/>Discurs de contestaci\u00f3 a c\u00e0rrec d&#8217;<a href=\"https:\/\/raed.academy\/ca\/academics\/dr-emili-gironella-masgrau\" target=\"_blank\" rel=\"noopener noreferrer\"><strong>Emili Gironella Masgrau<\/strong><\/a><\/p>\n<p>Lloc: Sala d&#8217;actes de Foment del Treball \u2013 Via Laietana, 32, Pral, Barcelona<br \/>Data: 15.03.2018<br \/>Hora: 19:30h<\/p>\n<p>[\/et_pb_text][\/et_pb_column][et_pb_column type=&#8221;1_5&#8243; _builder_version=&#8221;3.0.47&#8243;][et_pb_image src=&#8221;https:\/\/raed.academy\/wp-content\/uploads\/2018\/03\/acto-ingreso-Rodolfo-Fernandez-Cuellas-1.jpg&#8221; show_in_lightbox=&#8221;on&#8221; use_overlay=&#8221;on&#8221; overlay_icon_color=&#8221;#6b5d38&#8243; align=&#8221;center&#8221; force_fullwidth=&#8221;on&#8221; _builder_version=&#8221;3.22.7&#8243; border_radii=&#8221;on|4px|4px|4px|4px&#8221; box_shadow_style=&#8221;preset2&#8243; box_shadow_horizontal=&#8221;12px&#8221; box_shadow_vertical=&#8221;12px&#8221; module_alignment=&#8221;center&#8221; custom_margin=&#8221;10px|||&#8221; custom_margin_tablet=&#8221;25px|||&#8221; custom_margin_last_edited=&#8221;on|desktop&#8221; z_index_tablet=&#8221;500&#8243;][\/et_pb_image][\/et_pb_column][\/et_pb_row][et_pb_row use_custom_gutter=&#8221;on&#8221; gutter_width=&#8221;1&#8243; custom_padding=&#8221;||35px|&#8221; make_equal=&#8221;on&#8221; custom_padding_last_edited=&#8221;on|desktop&#8221; padding_right_2=&#8221;45px&#8221; padding_right_3=&#8221;20px&#8221; padding_bottom_1=&#8221;25px&#8221; padding_2_tablet=&#8221;|20px||&#8221; padding_1_last_edited=&#8221;off|phone&#8221; padding_2_last_edited=&#8221;on|desktop&#8221; padding_3_last_edited=&#8221;on|phone&#8221; module_id=&#8221;1001&#8243; module_class=&#8221;evento et_pb_row_fullwidth et_pb_row_fullwidth et_pb_row_fullwidth et_pb_row_fullwidth et_pb_row_fullwidth et_pb_row_fullwidth et_pb_row_fullwidth et_pb_row_fullwidth et_pb_row_fullwidth et_pb_row_fullwidth et_pb_row_fullwidth et_pb_row_fullwidth et_pb_row_fullwidth et_pb_row_fullwidth et_pb_row_fullwidth et_pb_row_fullwidth et_pb_row_fullwidth et_pb_row_fullwidth et_pb_row_fullwidth et_pb_row_fullwidth et_pb_row_fullwidth&#8221; _builder_version=&#8221;3.22.3&#8243; box_shadow_style=&#8221;preset3&#8243; box_shadow_horizontal=&#8221;10px&#8221; width=&#8221;100%&#8221; width_tablet=&#8221;100%&#8221; width_last_edited=&#8221;on|desktop&#8221; max_width=&#8221;100%&#8221; max_width_tablet=&#8221;100%&#8221; max_width_last_edited=&#8221;on|desktop&#8221; module_alignment=&#8221;center&#8221; z_index_tablet=&#8221;500&#8243; make_fullwidth=&#8221;on&#8221;][et_pb_column type=&#8221;1_5&#8243; _builder_version=&#8221;3.0.47&#8243;][et_pb_code admin_label=&#8221;fecha 20\/03&#8243; module_class=&#8221;fecha-evento&#8221; _builder_version=&#8221;3.22.7&#8243; z_index_tablet=&#8221;500&#8243;]Mar<!\u2013- [et_pb_br_holder] -\u2013><!-- [et_pb_line_break_holder] -->20[\/et_pb_code][\/et_pb_column][et_pb_column type=&#8221;3_5&#8243; _builder_version=&#8221;3.0.47&#8243;][et_pb_text admin_label=&#8221;Consolatio: Homenatge als Drs&#8221; _builder_version=&#8221;3.22.7&#8243; z_index_tablet=&#8221;500&#8243;]<\/p>\n<h3>Consolatio: Homenatge als Drs: Joaqu\u00edn Barraquer, Joan Trayter, Josep Llort y Joan Oliv\u00e9<\/h3>\n<p>Organitzat per: <a href=\"https:\/\/raed.academy\/ca\/academics\/dra-maria-dels-angels-calvo-torras\/\" target=\"_blank\" rel=\"noopener noreferrer\"><strong>Dra. M. \u00c0ngels Calvo<\/strong><\/a> y <a href=\"https:\/\/raed.academy\/ca\/academics\/dra-rosmarie-cammany-dorr\/\" target=\"_blank\" rel=\"noopener noreferrer\"><strong>Dra. Rosmarie Cammany<\/strong><\/a>.<\/p>\n<p>Lloc: Sala d\u2019actes de Foment del Treball<br \/>Data: 20.03.2018<br \/>Hora: 19:30h<\/p>\n<p>[\/et_pb_text][\/et_pb_column][et_pb_column type=&#8221;1_5&#8243; _builder_version=&#8221;3.0.47&#8243;][et_pb_gallery gallery_ids=&#8221;54269&#8243; posts_number=&#8221;1&#8243; show_title_and_caption=&#8221;off&#8221; show_pagination=&#8221;off&#8221; zoom_icon_color=&#8221;#6b5d38&#8243; _builder_version=&#8221;3.22.7&#8243; border_radii_image=&#8221;on|4px|4px|4px|4px&#8221; box_shadow_style_image=&#8221;preset2&#8243; custom_margin=&#8221;10px|||&#8221; custom_margin_tablet=&#8221;25px|||&#8221; custom_margin_last_edited=&#8221;on|desktop&#8221; z_index_tablet=&#8221;500&#8243;][\/et_pb_gallery][\/et_pb_column][\/et_pb_row][et_pb_row use_custom_gutter=&#8221;on&#8221; gutter_width=&#8221;1&#8243; custom_padding=&#8221;||35px|&#8221; make_equal=&#8221;on&#8221; custom_padding_last_edited=&#8221;on|desktop&#8221; padding_right_2=&#8221;45px&#8221; padding_right_3=&#8221;20px&#8221; padding_bottom_1=&#8221;25px&#8221; padding_2_tablet=&#8221;|20px||&#8221; padding_1_last_edited=&#8221;off|phone&#8221; padding_2_last_edited=&#8221;on|desktop&#8221; padding_3_last_edited=&#8221;on|phone&#8221; module_id=&#8221;1001&#8243; module_class=&#8221;evento et_pb_row_fullwidth et_pb_row_fullwidth et_pb_row_fullwidth et_pb_row_fullwidth et_pb_row_fullwidth et_pb_row_fullwidth et_pb_row_fullwidth et_pb_row_fullwidth et_pb_row_fullwidth et_pb_row_fullwidth et_pb_row_fullwidth et_pb_row_fullwidth et_pb_row_fullwidth et_pb_row_fullwidth et_pb_row_fullwidth et_pb_row_fullwidth et_pb_row_fullwidth et_pb_row_fullwidth et_pb_row_fullwidth et_pb_row_fullwidth et_pb_row_fullwidth&#8221; _builder_version=&#8221;3.22.3&#8243; box_shadow_style=&#8221;preset3&#8243; box_shadow_horizontal=&#8221;10px&#8221; width=&#8221;100%&#8221; width_tablet=&#8221;100%&#8221; width_last_edited=&#8221;on|desktop&#8221; max_width=&#8221;100%&#8221; max_width_tablet=&#8221;100%&#8221; max_width_last_edited=&#8221;on|desktop&#8221; module_alignment=&#8221;center&#8221; z_index_tablet=&#8221;500&#8243; make_fullwidth=&#8221;on&#8221;][et_pb_column type=&#8221;1_5&#8243; _builder_version=&#8221;3.0.47&#8243;][et_pb_code admin_label=&#8221;fecha 22\/03&#8243; module_class=&#8221;fecha-evento&#8221; _builder_version=&#8221;3.22.7&#8243; z_index_tablet=&#8221;500&#8243;]Mar<!\u2013- [et_pb_br_holder] -\u2013><!-- [et_pb_line_break_holder] -->22[\/et_pb_code][\/et_pb_column][et_pb_column type=&#8221;3_5&#8243; _builder_version=&#8221;3.0.47&#8243;][et_pb_text admin_label=&#8221;Hidrataci\u00f3 i salut en l\u2019Europa del segle XXI&#8221; _builder_version=&#8221;3.22.7&#8243; z_index_tablet=&#8221;500&#8243;]<\/p>\n<h3>Hidrataci\u00f3 i salut en l\u2019Europa del segle XXI<\/h3>\n<p><strong>Els debats de la Reial Acad\u00e8mia Europea de Doctors &#8211; Cicle de Confer\u00e8ncies de la Secci\u00f3 de Ci\u00e8ncies de la Salut<\/strong><\/p>\n<p>Presentaci\u00f3 de la C\u00e0tedra Internacional d&#8217;Estudis Avan\u00e7ats en Hidrataci\u00f3 de l&#8217;Institut Universitari d&#8217;Investigacions Biom\u00e8diques i Sanit\u00e0ries (IUIBS) de la Universitat de Les Palmes de Gran Can\u00e0ria (ULPGC)<\/p>\n<p>Ponents:<\/p>\n<ul>\n<li><a href=\"https:\/\/raed.academy\/ca\/academics\/dr-lluis-serra-majem\/\" target=\"_blank\" rel=\"noopener noreferrer\"><strong>Dr. Llu\u00eds Serra Majem<\/strong><\/a>;<\/li>\n<li><a href=\"https:\/\/raed.academy\/ca\/academics\/dr-javier-aranceta-bartrina\/\" target=\"_blank\" rel=\"noopener noreferrer\"><strong>Dr. Javier Aranceta Bartrina<\/strong><\/a>,<\/li>\n<li><strong>Dr. Rafael Urrialde de Andr\u00e9s<\/strong>, director de Nutrici\u00f3 i Salut de Coca-Cola Iberia.<\/li>\n<li><strong>D. Faustino Mu\u00f1oz Soria<\/strong>, sommelier i director de la botiga de queviures Qu\u00edlez<strong><br \/><\/strong><\/li>\n<\/ul>\n<p>Moderadora: <a href=\"https:\/\/raed.academy\/ca\/academics\/dra-maria-dels-angels-calvo-torras\/\" target=\"_blank\" rel=\"noopener noreferrer\"><strong>Dra. Maria dels \u00c0ngels Calvo Torras<\/strong><\/a>, presidenta de la Secci\u00f3 Ci\u00e8ncies de la Salut de la Reial Acad\u00e8mia Europea de Doctors.<\/p>\n<p>Lloc: Sala d&#8217;actes de Foment del Treball \u2013 Via Laietana, 32, Pral, Barcelona<br \/>Data: 22.03.2018<br \/>Hora: 18.00h<\/p>\n<h3><a href=\"http:\/\/cieah.ulpgc.es\/es\/barcelona-2018\" target=\"_blank\" rel=\"noopener noreferrer\"><strong>M\u00e9s informaci\u00f3<\/strong><\/a><\/h3>\n<p>[\/et_pb_text][et_pb_video src=&#8221;https:\/\/youtu.be\/2NN-ZfL-3zU&#8221; _builder_version=&#8221;3.22.7&#8243; z_index_tablet=&#8221;500&#8243;][\/et_pb_video][\/et_pb_column][et_pb_column type=&#8221;1_5&#8243; _builder_version=&#8221;3.0.47&#8243;][et_pb_gallery gallery_ids=&#8221;54307,54309,54311,54313,54315&#8243; posts_number=&#8221;1&#8243; show_title_and_caption=&#8221;off&#8221; show_pagination=&#8221;off&#8221; zoom_icon_color=&#8221;#6b5d38&#8243; _builder_version=&#8221;3.22.7&#8243; border_radii_image=&#8221;on|4px|4px|4px|4px&#8221; box_shadow_style_image=&#8221;preset2&#8243; custom_margin=&#8221;10px|||&#8221; custom_margin_tablet=&#8221;25px|||&#8221; custom_margin_last_edited=&#8221;on|desktop&#8221; z_index_tablet=&#8221;500&#8243;][\/et_pb_gallery][\/et_pb_column][\/et_pb_row][et_pb_row use_custom_gutter=&#8221;on&#8221; gutter_width=&#8221;1&#8243; custom_padding=&#8221;||35px|&#8221; make_equal=&#8221;on&#8221; custom_padding_last_edited=&#8221;on|desktop&#8221; padding_right_2=&#8221;45px&#8221; padding_right_3=&#8221;20px&#8221; padding_bottom_1=&#8221;25px&#8221; padding_2_tablet=&#8221;|20px||&#8221; padding_1_last_edited=&#8221;off|phone&#8221; padding_2_last_edited=&#8221;on|desktop&#8221; padding_3_last_edited=&#8221;on|phone&#8221; module_id=&#8221;1001&#8243; module_class=&#8221;evento et_pb_row_fullwidth et_pb_row_fullwidth et_pb_row_fullwidth et_pb_row_fullwidth et_pb_row_fullwidth et_pb_row_fullwidth et_pb_row_fullwidth et_pb_row_fullwidth et_pb_row_fullwidth et_pb_row_fullwidth et_pb_row_fullwidth et_pb_row_fullwidth et_pb_row_fullwidth et_pb_row_fullwidth et_pb_row_fullwidth et_pb_row_fullwidth et_pb_row_fullwidth et_pb_row_fullwidth et_pb_row_fullwidth et_pb_row_fullwidth et_pb_row_fullwidth&#8221; _builder_version=&#8221;3.22.3&#8243; box_shadow_style=&#8221;preset3&#8243; box_shadow_horizontal=&#8221;10px&#8221; width=&#8221;100%&#8221; width_tablet=&#8221;100%&#8221; width_last_edited=&#8221;on|desktop&#8221; max_width=&#8221;100%&#8221; max_width_tablet=&#8221;100%&#8221; max_width_last_edited=&#8221;on|desktop&#8221; module_alignment=&#8221;center&#8221; z_index_tablet=&#8221;500&#8243; make_fullwidth=&#8221;on&#8221;][et_pb_column type=&#8221;1_5&#8243; _builder_version=&#8221;3.0.47&#8243;][et_pb_code admin_label=&#8221;fecha 22\/03&#8243; module_class=&#8221;fecha-evento&#8221; _builder_version=&#8221;3.22.7&#8243; z_index_tablet=&#8221;500&#8243;]Mar<!\u2013- [et_pb_br_holder] -\u2013><!-- [et_pb_line_break_holder] -->22[\/et_pb_code][\/et_pb_column][et_pb_column type=&#8221;3_5&#8243; _builder_version=&#8221;3.0.47&#8243;][et_pb_text admin_label=&#8221;Confer\u00e8ncia del Premi Nobel de Medicina 1993&#8243; _builder_version=&#8221;3.22.7&#8243; z_index_tablet=&#8221;500&#8243;]<\/p>\n<h3>Confer\u00e8ncia del Premi Nobel de Medicina 1993 Dr. Richard Roberts \u00bfSon segurs els cultius transg\u00e8nics?<\/h3>\n<h4>Cicle Cient\u00edfic \u201cLa Ci\u00e8ncia vista a trav\u00e9s dels ulls de Premis Nobel\u201d per <a href=\"http:\/\/obrasociallacaixa.org\/\" target=\"_blank\" rel=\"noopener noreferrer\">Obra Social La Caixa<\/a>.<\/h4>\n<p>Lloc: CosmoCaixa \u2013 Carrer d&#8217;Isaac Newton, 26, 08022 Barcelona<br \/>Data: 22.03.2018<br \/>Hora: 19:00h<\/p>\n<h3><a href=\"https:\/\/raed.academy\/ca\/cultius-transgenics\/\" target=\"_blank\" rel=\"noopener noreferrer\">M\u00e9s informaci\u00f3<\/a><\/h3>\n<p>[\/et_pb_text][\/et_pb_column][et_pb_column type=&#8221;1_5&#8243; _builder_version=&#8221;3.0.47&#8243;][et_pb_gallery gallery_ids=&#8221;54297&#8243; posts_number=&#8221;1&#8243; show_title_and_caption=&#8221;off&#8221; show_pagination=&#8221;off&#8221; zoom_icon_color=&#8221;#6b5d38&#8243; _builder_version=&#8221;3.22.7&#8243; border_radii_image=&#8221;on|4px|4px|4px|4px&#8221; box_shadow_style_image=&#8221;preset2&#8243; custom_margin=&#8221;10px|||&#8221; custom_margin_tablet=&#8221;25px|||&#8221; custom_margin_last_edited=&#8221;on|desktop&#8221; z_index_tablet=&#8221;500&#8243;][\/et_pb_gallery][\/et_pb_column][\/et_pb_row][et_pb_row admin_label=&#8221;Fila&#8221; _builder_version=&#8221;3.22.3&#8243; background_size=&#8221;initial&#8221; background_position=&#8221;top_left&#8221; background_repeat=&#8221;repeat&#8221;][et_pb_column type=&#8221;4_4&#8243; _builder_version=&#8221;3.0.47&#8243;][et_pb_text admin_label=&#8221;Texto &#8211; ABRIL 2018&#8243; _builder_version=&#8221;3.22.7&#8243; z_index_tablet=&#8221;500&#8243;]<\/p>\n<h2>ABRIL 2018<\/h2>\n<p>[\/et_pb_text][\/et_pb_column][\/et_pb_row][et_pb_row use_custom_gutter=&#8221;on&#8221; gutter_width=&#8221;1&#8243; custom_padding=&#8221;||35px|&#8221; make_equal=&#8221;on&#8221; custom_padding_last_edited=&#8221;on|desktop&#8221; padding_right_2=&#8221;45px&#8221; padding_right_3=&#8221;20px&#8221; padding_bottom_1=&#8221;25px&#8221; padding_2_tablet=&#8221;|20px||&#8221; padding_1_last_edited=&#8221;off|phone&#8221; padding_2_last_edited=&#8221;on|desktop&#8221; padding_3_last_edited=&#8221;on|phone&#8221; module_id=&#8221;1001&#8243; module_class=&#8221;evento et_pb_row_fullwidth et_pb_row_fullwidth et_pb_row_fullwidth et_pb_row_fullwidth et_pb_row_fullwidth et_pb_row_fullwidth et_pb_row_fullwidth et_pb_row_fullwidth et_pb_row_fullwidth et_pb_row_fullwidth et_pb_row_fullwidth et_pb_row_fullwidth et_pb_row_fullwidth et_pb_row_fullwidth et_pb_row_fullwidth et_pb_row_fullwidth et_pb_row_fullwidth et_pb_row_fullwidth et_pb_row_fullwidth et_pb_row_fullwidth et_pb_row_fullwidth&#8221; _builder_version=&#8221;3.22.3&#8243; box_shadow_style=&#8221;preset3&#8243; box_shadow_horizontal=&#8221;10px&#8221; width=&#8221;100%&#8221; width_tablet=&#8221;100%&#8221; width_last_edited=&#8221;on|desktop&#8221; max_width=&#8221;100%&#8221; max_width_tablet=&#8221;100%&#8221; max_width_last_edited=&#8221;on|desktop&#8221; module_alignment=&#8221;center&#8221; z_index_tablet=&#8221;500&#8243; make_fullwidth=&#8221;on&#8221;][et_pb_column type=&#8221;1_5&#8243; _builder_version=&#8221;3.0.47&#8243;][et_pb_code admin_label=&#8221;fecha 12\/04&#8243; module_class=&#8221;fecha-evento&#8221; _builder_version=&#8221;3.22.7&#8243; z_index_tablet=&#8221;500&#8243;]Abr<!\u2013- [et_pb_br_holder] -\u2013><!-- [et_pb_line_break_holder] -->12[\/et_pb_code][\/et_pb_column][et_pb_column type=&#8221;3_5&#8243; _builder_version=&#8221;3.0.47&#8243;][et_pb_text admin_label=&#8221;Debat a c\u00e0rrec de l&#8217;Excma. Sra. Dilma Rousseff&#8221; _builder_version=&#8221;3.22.7&#8243; z_index_tablet=&#8221;500&#8243;]<\/p>\n<h3>Debat a c\u00e0rrec de l&#8217;Excma. Sra. Dilma Rousseff \u2013 Expresidenta de la Rep\u00fablica Federativa de Brasil<\/h3>\n<h4>En el marc de la <a href=\"http:\/\/ceib.tirant.com\/\" target=\"_blank\" rel=\"noopener noreferrer\">C\u00e1tedra de Estudios Jur\u00eddicos Iberoamericanos<\/a>, sota el t\u00edtol: \u201cBrasil, mi experiencia como Presidenta\u201d<\/h4>\n<p>Ponents:<\/p>\n<ul>\n<li><strong><a href=\"https:\/\/raed.academy\/ca\/academics\/dr-santiago-jose-castella-surribas\/\" target=\"_blank\" rel=\"noopener noreferrer\">Dr. Santiago J. Castell\u00e0 Surribas<\/a><\/strong>, Acad\u00e8mic Numerari de la Reial Acad\u00e8mia Europea de Doctors y Director de la C\u00e0tedra Smart City de la Universitat Rovira i Virgili<\/li>\n<li><strong><a href=\"https:\/\/raed.academy\/ca\/academics\/dr-joan-francesc-pont-clemente\/\" target=\"_blank\" rel=\"noopener noreferrer\">Dr. Joan Francesc Pont Clemente<\/a><\/strong>, Acad\u00e8mic Numerari de la Reial Acad\u00e8mia Europea de Doctors y President de la secci\u00f3 de Ci\u00e8ncies Socials<\/li>\n<\/ul>\n<p>Moderador: <strong><a href=\"https:\/\/raed.academy\/ca\/academics\/dr-jose-ramon-calvo-fernandez\/\" target=\"_blank\" rel=\"noopener noreferrer\">Dr. Jos\u00e9 Ram\u00f3n Calvo Fern\u00e1ndez<\/a><\/strong>, Acad\u00e8mic Numerari de la Reial Acad\u00e8mia Europea de Doctors y President de l&#8217;Institut d&#8217;Investigacions Interdisciplin\u00e0ries<\/p>\n<p>Lloc: Sala d&#8217;actes de Foment del Treball \u2013 Via Laietana, 32, Pral, Barcelona<br \/>Data: 12.04.2018 a les 19:30h<\/p>\n<h3><a href=\"https:\/\/raed.academy\/ca\/discurs-dilma-rousseff-raed\/\" target=\"_blank\" rel=\"noopener noreferrer\">M\u00e9s informaci\u00f3<\/a><\/h3>\n<p>[\/et_pb_text][et_pb_video src=&#8221;https:\/\/youtu.be\/erlGsadgdPQ&#8221; _builder_version=&#8221;3.22.7&#8243; z_index_tablet=&#8221;500&#8243;][\/et_pb_video][\/et_pb_column][et_pb_column type=&#8221;1_5&#8243; _builder_version=&#8221;3.0.47&#8243;][et_pb_gallery gallery_ids=&#8221;54519,54513,54515,54503&#8243; posts_number=&#8221;1&#8243; show_title_and_caption=&#8221;off&#8221; show_pagination=&#8221;off&#8221; zoom_icon_color=&#8221;#6b5d38&#8243; _builder_version=&#8221;3.22.7&#8243; border_radii_image=&#8221;on|4px|4px|4px|4px&#8221; box_shadow_style_image=&#8221;preset2&#8243; custom_margin=&#8221;10px|||&#8221; custom_margin_tablet=&#8221;25px|||&#8221; custom_margin_last_edited=&#8221;on|desktop&#8221; z_index_tablet=&#8221;500&#8243;][\/et_pb_gallery][\/et_pb_column][\/et_pb_row][et_pb_row use_custom_gutter=&#8221;on&#8221; gutter_width=&#8221;1&#8243; custom_padding=&#8221;||35px|&#8221; make_equal=&#8221;on&#8221; custom_padding_last_edited=&#8221;on|desktop&#8221; padding_right_2=&#8221;45px&#8221; padding_right_3=&#8221;20px&#8221; padding_bottom_1=&#8221;25px&#8221; padding_2_tablet=&#8221;|20px||&#8221; padding_1_last_edited=&#8221;off|phone&#8221; padding_2_last_edited=&#8221;on|desktop&#8221; padding_3_last_edited=&#8221;on|phone&#8221; module_id=&#8221;1001&#8243; module_class=&#8221;evento et_pb_row_fullwidth et_pb_row_fullwidth et_pb_row_fullwidth et_pb_row_fullwidth et_pb_row_fullwidth et_pb_row_fullwidth et_pb_row_fullwidth et_pb_row_fullwidth et_pb_row_fullwidth et_pb_row_fullwidth et_pb_row_fullwidth et_pb_row_fullwidth et_pb_row_fullwidth et_pb_row_fullwidth et_pb_row_fullwidth et_pb_row_fullwidth et_pb_row_fullwidth et_pb_row_fullwidth et_pb_row_fullwidth et_pb_row_fullwidth et_pb_row_fullwidth&#8221; _builder_version=&#8221;3.22.3&#8243; box_shadow_style=&#8221;preset3&#8243; box_shadow_horizontal=&#8221;10px&#8221; width=&#8221;100%&#8221; width_tablet=&#8221;100%&#8221; width_last_edited=&#8221;on|desktop&#8221; max_width=&#8221;100%&#8221; max_width_tablet=&#8221;100%&#8221; max_width_last_edited=&#8221;on|desktop&#8221; module_alignment=&#8221;center&#8221; z_index_tablet=&#8221;500&#8243; make_fullwidth=&#8221;on&#8221;][et_pb_column type=&#8221;1_5&#8243; _builder_version=&#8221;3.0.47&#8243;][et_pb_code admin_label=&#8221;fecha 13\/04&#8243; module_class=&#8221;fecha-evento&#8221; _builder_version=&#8221;3.22.7&#8243; z_index_tablet=&#8221;500&#8243;]Abr<!\u2013- [et_pb_br_holder] -\u2013><!-- [et_pb_line_break_holder] -->13[\/et_pb_code][\/et_pb_column][et_pb_column type=&#8221;3_5&#8243; _builder_version=&#8221;3.0.47&#8243;][et_pb_text admin_label=&#8221;Cicle concerts amb \u00e0nima&#8221; _builder_version=&#8221;3.22.7&#8243; z_index_tablet=&#8221;500&#8243;]<\/p>\n<h3>Cicle concerts amb \u00e0nima &#8211; concert de m\u00fasica espanyola<\/h3>\n<p>Pianista: Nauzet Mederos<\/p>\n<h3><a href=\"https:\/\/raed.academy\/wp-content\/uploads\/2018\/04\/conciertos-con-alma-III-invitacion.pdf\" target=\"_blank\" rel=\"noopener noreferrer\">Programa del concert<\/a><\/h3>\n<p>Lloc: Reial Cercle Art\u00edstic de Barcelona<br \/>Data: 13.04.2018 a les 19:30h<\/p>\n<p>[\/et_pb_text][\/et_pb_column][et_pb_column type=&#8221;1_5&#8243; _builder_version=&#8221;3.0.47&#8243;][et_pb_gallery gallery_ids=&#8221;54745&#8243; posts_number=&#8221;1&#8243; show_title_and_caption=&#8221;off&#8221; show_pagination=&#8221;off&#8221; zoom_icon_color=&#8221;#6b5d38&#8243; _builder_version=&#8221;3.22.7&#8243; border_radii_image=&#8221;on|4px|4px|4px|4px&#8221; box_shadow_style_image=&#8221;preset2&#8243; custom_margin=&#8221;10px|||&#8221; custom_margin_tablet=&#8221;25px|||&#8221; custom_margin_last_edited=&#8221;on|desktop&#8221; z_index_tablet=&#8221;500&#8243;][\/et_pb_gallery][\/et_pb_column][\/et_pb_row][et_pb_row use_custom_gutter=&#8221;on&#8221; gutter_width=&#8221;1&#8243; custom_padding=&#8221;||35px|&#8221; make_equal=&#8221;on&#8221; custom_padding_last_edited=&#8221;on|desktop&#8221; padding_right_2=&#8221;45px&#8221; padding_right_3=&#8221;20px&#8221; padding_bottom_1=&#8221;25px&#8221; padding_2_tablet=&#8221;|20px||&#8221; padding_1_last_edited=&#8221;off|phone&#8221; padding_2_last_edited=&#8221;on|desktop&#8221; padding_3_last_edited=&#8221;on|phone&#8221; module_id=&#8221;1001&#8243; module_class=&#8221;evento et_pb_row_fullwidth et_pb_row_fullwidth et_pb_row_fullwidth et_pb_row_fullwidth et_pb_row_fullwidth et_pb_row_fullwidth et_pb_row_fullwidth et_pb_row_fullwidth et_pb_row_fullwidth et_pb_row_fullwidth et_pb_row_fullwidth et_pb_row_fullwidth et_pb_row_fullwidth et_pb_row_fullwidth et_pb_row_fullwidth et_pb_row_fullwidth et_pb_row_fullwidth et_pb_row_fullwidth et_pb_row_fullwidth et_pb_row_fullwidth et_pb_row_fullwidth&#8221; _builder_version=&#8221;3.22.3&#8243; box_shadow_style=&#8221;preset3&#8243; box_shadow_horizontal=&#8221;10px&#8221; width=&#8221;100%&#8221; width_tablet=&#8221;100%&#8221; width_last_edited=&#8221;on|desktop&#8221; max_width=&#8221;100%&#8221; max_width_tablet=&#8221;100%&#8221; max_width_last_edited=&#8221;on|desktop&#8221; module_alignment=&#8221;center&#8221; z_index_tablet=&#8221;500&#8243; make_fullwidth=&#8221;on&#8221;][et_pb_column type=&#8221;1_5&#8243; _builder_version=&#8221;3.0.47&#8243;][et_pb_code admin_label=&#8221;fecha 26\/04&#8243; module_class=&#8221;fecha-evento&#8221; _builder_version=&#8221;3.22.7&#8243; z_index_tablet=&#8221;500&#8243;]Abr<!\u2013- [et_pb_br_holder] -\u2013><!-- [et_pb_line_break_holder] -->26[\/et_pb_code][\/et_pb_column][et_pb_column type=&#8221;3_5&#8243; _builder_version=&#8221;3.0.47&#8243;][et_pb_text admin_label=&#8221;Confer\u00e8ncia %22Estem realment fets de cuarks?%22&#8243; _builder_version=&#8221;3.22.7&#8243; z_index_tablet=&#8221;500&#8243;]<\/p>\n<h3>Confer\u00e8ncia &#8220;Estem realment fets de cuarks?&#8221;<\/h3>\n<h4>Cicle Cient\u00edfic &#8220;La Ci\u00e8ncia vista a trav\u00e9s dels ulls dels Premis Nobel&#8221; &#8211; Obra Social La Caixa<\/h4>\n<p>Confer\u00e8ncia del Premi Nobel de F\u00edsica 1990 <a href=\"https:\/\/raed.academy\/academicos\/dr-jerome-isaac-friedman\/\" target=\"_blank\" rel=\"noopener noreferrer\"><strong>Dr. Jerome Isaac Friedman<\/strong><\/a><\/p>\n<p>Lloc: CosmoCaixa &#8211; Carrer d&#8217;Isaac Newton, 26, 08022 Barcelona<br \/>Data: 26.04.2018 a les 19:00h<\/p>\n<h3><a href=\"https:\/\/raed.academy\/ca\/jerome-friedman-conferencia-quarks\/\" target=\"_blank\" rel=\"noopener noreferrer\">M\u00e9s informaci\u00f3<\/a><\/h3>\n<p>[\/et_pb_text][\/et_pb_column][et_pb_column type=&#8221;1_5&#8243; _builder_version=&#8221;3.0.47&#8243;][et_pb_gallery gallery_ids=&#8221;54611&#8243; posts_number=&#8221;1&#8243; show_title_and_caption=&#8221;off&#8221; show_pagination=&#8221;off&#8221; zoom_icon_color=&#8221;#6b5d38&#8243; _builder_version=&#8221;3.22.7&#8243; border_radii_image=&#8221;on|4px|4px|4px|4px&#8221; box_shadow_style_image=&#8221;preset2&#8243; custom_margin=&#8221;10px|||&#8221; custom_margin_tablet=&#8221;25px|||&#8221; custom_margin_last_edited=&#8221;on|desktop&#8221; z_index_tablet=&#8221;500&#8243;][\/et_pb_gallery][\/et_pb_column][\/et_pb_row][et_pb_row admin_label=&#8221;Fila&#8221; _builder_version=&#8221;3.22.3&#8243; background_size=&#8221;initial&#8221; background_position=&#8221;top_left&#8221; background_repeat=&#8221;repeat&#8221;][et_pb_column type=&#8221;4_4&#8243; _builder_version=&#8221;3.0.47&#8243;][et_pb_text admin_label=&#8221;Texto &#8211; MAIG 2018&#8243; _builder_version=&#8221;3.22.7&#8243; z_index_tablet=&#8221;500&#8243;]<\/p>\n<h2>MAIG 2018<\/h2>\n<p>[\/et_pb_text][\/et_pb_column][\/et_pb_row][et_pb_row use_custom_gutter=&#8221;on&#8221; gutter_width=&#8221;1&#8243; custom_padding=&#8221;||35px|&#8221; make_equal=&#8221;on&#8221; custom_padding_last_edited=&#8221;on|desktop&#8221; padding_right_2=&#8221;45px&#8221; padding_right_3=&#8221;20px&#8221; padding_bottom_1=&#8221;25px&#8221; padding_2_tablet=&#8221;|20px||&#8221; padding_1_last_edited=&#8221;off|phone&#8221; padding_2_last_edited=&#8221;on|desktop&#8221; padding_3_last_edited=&#8221;on|phone&#8221; module_id=&#8221;1001&#8243; module_class=&#8221;evento et_pb_row_fullwidth et_pb_row_fullwidth et_pb_row_fullwidth et_pb_row_fullwidth et_pb_row_fullwidth et_pb_row_fullwidth et_pb_row_fullwidth et_pb_row_fullwidth et_pb_row_fullwidth et_pb_row_fullwidth et_pb_row_fullwidth et_pb_row_fullwidth et_pb_row_fullwidth et_pb_row_fullwidth et_pb_row_fullwidth et_pb_row_fullwidth et_pb_row_fullwidth et_pb_row_fullwidth et_pb_row_fullwidth et_pb_row_fullwidth et_pb_row_fullwidth&#8221; _builder_version=&#8221;3.22.3&#8243; box_shadow_style=&#8221;preset3&#8243; box_shadow_horizontal=&#8221;10px&#8221; width=&#8221;100%&#8221; width_tablet=&#8221;100%&#8221; width_last_edited=&#8221;on|desktop&#8221; max_width=&#8221;100%&#8221; max_width_tablet=&#8221;100%&#8221; max_width_last_edited=&#8221;on|desktop&#8221; module_alignment=&#8221;center&#8221; z_index_tablet=&#8221;500&#8243; make_fullwidth=&#8221;on&#8221;][et_pb_column type=&#8221;1_5&#8243; _builder_version=&#8221;3.0.47&#8243;][et_pb_code admin_label=&#8221;fecha 8\/05&#8243; module_class=&#8221;fecha-evento&#8221; _builder_version=&#8221;3.22.7&#8243; z_index_tablet=&#8221;500&#8243;]Mai<!\u2013- [et_pb_br_holder] -\u2013><!-- [et_pb_line_break_holder] -->8[\/et_pb_code][\/et_pb_column][et_pb_column type=&#8221;3_5&#8243; _builder_version=&#8221;3.0.47&#8243;][et_pb_text admin_label=&#8221;Debat: Misteri en vida i mort&#8221; _builder_version=&#8221;3.22.7&#8243; z_index_tablet=&#8221;500&#8243;]<\/p>\n<h3>Debat: Misteri en vida i mort &#8211; Tutankam\u00f3n<\/h3>\n<h4>Els debats de la Reial Acad\u00e8mia Europea de Doctors<\/h4>\n<p>Ponent: <strong>Sr. Hamdi Zaki<\/strong><br \/>Presentaci\u00f3: <strong>Dr. Josep F\u00e8lix Bentz<\/strong><\/p>\n<p>Lloc: Reial Cercle Art\u00edstic de Barcelona. Carrer dels Arcs, 5, 08002 Barcelona<br \/>Data: 08.05.2018 a les 19:30h<\/p>\n<p>[\/et_pb_text][et_pb_video src=&#8221;https:\/\/youtu.be\/2ZePpRTJ-sY&#8221; _builder_version=&#8221;3.22.7&#8243; z_index_tablet=&#8221;500&#8243;][\/et_pb_video][\/et_pb_column][et_pb_column type=&#8221;1_5&#8243; _builder_version=&#8221;3.0.47&#8243;][et_pb_gallery gallery_ids=&#8221;54659,54661,54663&#8243; posts_number=&#8221;1&#8243; show_title_and_caption=&#8221;off&#8221; show_pagination=&#8221;off&#8221; zoom_icon_color=&#8221;#6b5d38&#8243; _builder_version=&#8221;3.22.7&#8243; border_radii_image=&#8221;on|4px|4px|4px|4px&#8221; box_shadow_style_image=&#8221;preset2&#8243; custom_margin=&#8221;10px|||&#8221; custom_margin_tablet=&#8221;25px|||&#8221; custom_margin_last_edited=&#8221;on|desktop&#8221; z_index_tablet=&#8221;500&#8243;][\/et_pb_gallery][\/et_pb_column][\/et_pb_row][et_pb_row use_custom_gutter=&#8221;on&#8221; gutter_width=&#8221;1&#8243; make_equal=&#8221;on&#8221; padding_right_2=&#8221;45px&#8221; padding_right_3=&#8221;20px&#8221; padding_2_tablet=&#8221;|20px||&#8221; padding_1_last_edited=&#8221;off|desktop&#8221; padding_2_last_edited=&#8221;on|desktop&#8221; padding_3_last_edited=&#8221;on|phone&#8221; admin_label=&#8221;Fila&#8221; module_id=&#8221;0702&#8243; module_class=&#8221;evento et_pb_row_fullwidth et_pb_row_fullwidth et_pb_row_fullwidth et_pb_row_fullwidth et_pb_row_fullwidth et_pb_row_fullwidth et_pb_row_fullwidth et_pb_row_fullwidth et_pb_row_fullwidth et_pb_row_fullwidth et_pb_row_fullwidth et_pb_row_fullwidth et_pb_row_fullwidth et_pb_row_fullwidth et_pb_row_fullwidth et_pb_row_fullwidth et_pb_row_fullwidth et_pb_row_fullwidth&#8221; _builder_version=&#8221;3.22.3&#8243; border_radii=&#8221;on|3px|3px|3px|3px&#8221; box_shadow_style=&#8221;preset3&#8243; box_shadow_horizontal=&#8221;10px&#8221; width=&#8221;100%&#8221; width_tablet=&#8221;100%&#8221; width_last_edited=&#8221;on|desktop&#8221; max_width=&#8221;100%&#8221; max_width_tablet=&#8221;100%&#8221; max_width_last_edited=&#8221;on|desktop&#8221; module_alignment=&#8221;center&#8221; z_index_tablet=&#8221;500&#8243; make_fullwidth=&#8221;on&#8221;][et_pb_column type=&#8221;1_5&#8243; _builder_version=&#8221;3.0.47&#8243;][et_pb_code admin_label=&#8221;fecha 15\/05&#8243; module_class=&#8221;fecha-evento&#8221; _builder_version=&#8221;3.22.7&#8243; z_index_tablet=&#8221;500&#8243;]Mai<!\u2013- [et_pb_br_holder] -\u2013><!-- [et_pb_line_break_holder] -->15[\/et_pb_code][\/et_pb_column][et_pb_column type=&#8221;3_5&#8243; _builder_version=&#8221;3.0.47&#8243;][et_pb_text admin_label=&#8221;Ingr\u00e9s Naohito Watanabe&#8221; _builder_version=&#8221;3.22.7&#8243; z_index_tablet=&#8221;500&#8243;]<\/p>\n<h3>Ingr\u00e9s com Acad\u00e8mic d&#8217;Honor: <a href=\"https:\/\/raed.academy\/ca\/academics\/naohito-watanabe\/\" target=\"_blank\" rel=\"noopener noreferrer\">Naohito Watanabe<\/a> &#8211; C\u00f2nsol General del Jap\u00f3 a Barcelona<\/h3>\n<p>Discurs d&#8217;ingr\u00e9s: <a href=\"https:\/\/raed.academy\/wp-content\/uploads\/2018\/05\/discurso-ingreso-Naohito-Watanabe-Ruben-Dario-Japon-y-Japonismo.pdf\" target=\"_blank\" rel=\"noopener noreferrer\"><strong>Rub\u00e9n Dar\u00edo, Jap\u00f3 i Japonisme<\/strong><\/a><br \/>Discurs de contestaci\u00f3: <a href=\"https:\/\/raed.academy\/ca\/academics\/dr-josep-maria-bove-montero\/\" target=\"_blank\" rel=\"noopener noreferrer\">Dr. Jos\u00e9 Mar\u00eda Bov\u00e9 Montero<\/a><br \/>Lloc: Sala d&#8217;actes de Foment del Treball &#8211; Via Laietana, 32, Pral, Barcelona<br \/>Data: 15.05.2018 a les 19:30h<\/p>\n<p>[\/et_pb_text][\/et_pb_column][et_pb_column type=&#8221;1_5&#8243; _builder_version=&#8221;3.0.47&#8243;][et_pb_image src=&#8221;https:\/\/raed.academy\/wp-content\/uploads\/2018\/05\/Naohito-Watanabe-acto-ingreso-RAED-1.jpg&#8221; show_in_lightbox=&#8221;on&#8221; use_overlay=&#8221;on&#8221; overlay_icon_color=&#8221;#6b5d38&#8243; align=&#8221;center&#8221; force_fullwidth=&#8221;on&#8221; _builder_version=&#8221;3.22.7&#8243; border_radii=&#8221;on|4px|4px|4px|4px&#8221; box_shadow_style=&#8221;preset2&#8243; box_shadow_horizontal=&#8221;12px&#8221; box_shadow_vertical=&#8221;12px&#8221; module_alignment=&#8221;center&#8221; custom_margin=&#8221;10px|||&#8221; custom_margin_tablet=&#8221;25px|||&#8221; custom_margin_last_edited=&#8221;on|desktop&#8221; z_index_tablet=&#8221;500&#8243;][\/et_pb_image][\/et_pb_column][\/et_pb_row][et_pb_row use_custom_gutter=&#8221;on&#8221; gutter_width=&#8221;1&#8243; custom_padding=&#8221;||35px|&#8221; make_equal=&#8221;on&#8221; custom_padding_last_edited=&#8221;on|desktop&#8221; padding_right_2=&#8221;45px&#8221; padding_right_3=&#8221;20px&#8221; padding_bottom_1=&#8221;25px&#8221; padding_2_tablet=&#8221;|20px||&#8221; padding_1_last_edited=&#8221;off|phone&#8221; padding_2_last_edited=&#8221;on|desktop&#8221; padding_3_last_edited=&#8221;on|phone&#8221; module_id=&#8221;1001&#8243; module_class=&#8221;evento et_pb_row_fullwidth et_pb_row_fullwidth et_pb_row_fullwidth et_pb_row_fullwidth et_pb_row_fullwidth et_pb_row_fullwidth et_pb_row_fullwidth et_pb_row_fullwidth et_pb_row_fullwidth et_pb_row_fullwidth et_pb_row_fullwidth et_pb_row_fullwidth et_pb_row_fullwidth et_pb_row_fullwidth et_pb_row_fullwidth et_pb_row_fullwidth et_pb_row_fullwidth et_pb_row_fullwidth et_pb_row_fullwidth et_pb_row_fullwidth et_pb_row_fullwidth&#8221; _builder_version=&#8221;3.22.3&#8243; box_shadow_style=&#8221;preset3&#8243; box_shadow_horizontal=&#8221;10px&#8221; width=&#8221;100%&#8221; width_tablet=&#8221;100%&#8221; width_last_edited=&#8221;on|desktop&#8221; max_width=&#8221;100%&#8221; max_width_tablet=&#8221;100%&#8221; max_width_last_edited=&#8221;on|desktop&#8221; module_alignment=&#8221;center&#8221; z_index_tablet=&#8221;500&#8243; make_fullwidth=&#8221;on&#8221;][et_pb_column type=&#8221;1_5&#8243; _builder_version=&#8221;3.0.47&#8243;][et_pb_code admin_label=&#8221;fecha 18\/05&#8243; module_class=&#8221;fecha-evento&#8221; _builder_version=&#8221;3.22.7&#8243; z_index_tablet=&#8221;500&#8243;]Mai<!\u2013- [et_pb_br_holder] -\u2013><!-- [et_pb_line_break_holder] -->18[\/et_pb_code][\/et_pb_column][et_pb_column type=&#8221;3_5&#8243; _builder_version=&#8221;3.0.47&#8243;][et_pb_text admin_label=&#8221;Cicle concerts amb \u00e0nima&#8221; _builder_version=&#8221;3.22.7&#8243; z_index_tablet=&#8221;500&#8243;]<\/p>\n<h3>Cicle concerts amb \u00e0nima &#8211; La Flauta M\u00e0gica<\/h3>\n<ul>\n<li>Flautista: <strong>Linda Chatterton<\/strong><\/li>\n<li>Pianista: <strong>Nauzet Mederos<\/strong><\/li>\n<\/ul>\n<p>Lloc: Reial Cercle Art\u00edstic de Barcelona. Carrer dels Arcs, 5, 08002 Barcelona<br \/>Data: 18.05.2018 a las 19:30h<\/p>\n<p>[\/et_pb_text][\/et_pb_column][et_pb_column type=&#8221;1_5&#8243; _builder_version=&#8221;3.0.47&#8243;][et_pb_gallery gallery_ids=&#8221;54745,54747&#8243; posts_number=&#8221;1&#8243; show_title_and_caption=&#8221;off&#8221; show_pagination=&#8221;off&#8221; zoom_icon_color=&#8221;#6b5d38&#8243; _builder_version=&#8221;3.22.7&#8243; border_radii_image=&#8221;on|4px|4px|4px|4px&#8221; box_shadow_style_image=&#8221;preset2&#8243; custom_margin=&#8221;10px|||&#8221; custom_margin_tablet=&#8221;25px|||&#8221; custom_margin_last_edited=&#8221;on|desktop&#8221; z_index_tablet=&#8221;500&#8243;][\/et_pb_gallery][\/et_pb_column][\/et_pb_row][et_pb_row use_custom_gutter=&#8221;on&#8221; gutter_width=&#8221;1&#8243; make_equal=&#8221;on&#8221; padding_right_2=&#8221;45px&#8221; padding_right_3=&#8221;20px&#8221; padding_2_tablet=&#8221;|20px||&#8221; padding_1_last_edited=&#8221;off|desktop&#8221; padding_2_last_edited=&#8221;on|desktop&#8221; padding_3_last_edited=&#8221;on|phone&#8221; admin_label=&#8221;Fila&#8221; module_id=&#8221;0702&#8243; module_class=&#8221;evento et_pb_row_fullwidth et_pb_row_fullwidth et_pb_row_fullwidth et_pb_row_fullwidth et_pb_row_fullwidth et_pb_row_fullwidth et_pb_row_fullwidth et_pb_row_fullwidth et_pb_row_fullwidth et_pb_row_fullwidth et_pb_row_fullwidth et_pb_row_fullwidth et_pb_row_fullwidth et_pb_row_fullwidth et_pb_row_fullwidth et_pb_row_fullwidth et_pb_row_fullwidth et_pb_row_fullwidth&#8221; _builder_version=&#8221;3.22.3&#8243; border_radii=&#8221;on|3px|3px|3px|3px&#8221; box_shadow_style=&#8221;preset3&#8243; box_shadow_horizontal=&#8221;10px&#8221; width=&#8221;100%&#8221; width_tablet=&#8221;100%&#8221; width_last_edited=&#8221;on|desktop&#8221; max_width=&#8221;100%&#8221; max_width_tablet=&#8221;100%&#8221; max_width_last_edited=&#8221;on|desktop&#8221; module_alignment=&#8221;center&#8221; z_index_tablet=&#8221;500&#8243; make_fullwidth=&#8221;on&#8221;][et_pb_column type=&#8221;1_5&#8243; _builder_version=&#8221;3.0.47&#8243;][et_pb_code admin_label=&#8221;fecha 22\/05&#8243; module_class=&#8221;fecha-evento&#8221; _builder_version=&#8221;3.22.7&#8243; z_index_tablet=&#8221;500&#8243;]Mai<!\u2013- [et_pb_br_holder] -\u2013><!-- [et_pb_line_break_holder] -->22[\/et_pb_code][\/et_pb_column][et_pb_column type=&#8221;3_5&#8243; _builder_version=&#8221;3.0.47&#8243;][et_pb_text admin_label=&#8221;Ingr\u00e9s Mar\u00eda Asunci\u00f3n Peir\u00e9&#8221; _builder_version=&#8221;3.22.7&#8243; z_index_tablet=&#8221;500&#8243;]<\/p>\n<h3>Ingr\u00e9s com Acad\u00e8mica Corresponent: <a href=\"https:\/\/raed.academy\/ca\/academics\/dra-maria-asuncion-peire-garcia\/\" target=\"_blank\" rel=\"noopener noreferrer\">Dra. Mar\u00eda Asunci\u00f3n Peir\u00e9<\/a><\/h3>\n<p>Discurs d&#8217;ingr\u00e9s: <a href=\"https:\/\/raed.academy\/wp-content\/uploads\/2018\/05\/discurso-ingreso-Maria-Asuncion-Peire-Farmacologia-Pediatrica.pdf\" target=\"_blank\" rel=\"noopener noreferrer\"><strong>Farmacologia Pedi\u00e0trica: passat, present i perspectives de futur<\/strong><\/a><br \/>Discurs de contestaci\u00f3 a c\u00e0rrec del <a href=\"https:\/\/raed.academy\/ca\/academics\/dr-pedro-claros-blanch\/\" target=\"_blank\" rel=\"noopener noreferrer\"><strong>Dr. Pedro Clar\u00f3s<\/strong><\/a><\/p>\n<p>Lloc: Sala d&#8217;actes de Foment del Treball \u2013 Via Laietana, 32, Pral, Barcelona<br \/>Data: 22.05.2018 a les 19:30h<\/p>\n<p>[\/et_pb_text][\/et_pb_column][et_pb_column type=&#8221;1_5&#8243; _builder_version=&#8221;3.0.47&#8243;][et_pb_image src=&#8221;https:\/\/raed.academy\/wp-content\/uploads\/2018\/05\/ingreso-Maria-Asuncion-Peire-1.jpg&#8221; show_in_lightbox=&#8221;on&#8221; use_overlay=&#8221;on&#8221; overlay_icon_color=&#8221;#6b5d38&#8243; align=&#8221;center&#8221; force_fullwidth=&#8221;on&#8221; _builder_version=&#8221;3.22.7&#8243; border_radii=&#8221;on|4px|4px|4px|4px&#8221; box_shadow_style=&#8221;preset2&#8243; box_shadow_horizontal=&#8221;12px&#8221; box_shadow_vertical=&#8221;12px&#8221; module_alignment=&#8221;center&#8221; custom_margin=&#8221;10px|||&#8221; custom_margin_tablet=&#8221;25px|||&#8221; custom_margin_last_edited=&#8221;on|desktop&#8221; z_index_tablet=&#8221;500&#8243;][\/et_pb_image][\/et_pb_column][\/et_pb_row][et_pb_row use_custom_gutter=&#8221;on&#8221; gutter_width=&#8221;1&#8243; custom_padding=&#8221;||35px|&#8221; make_equal=&#8221;on&#8221; custom_padding_last_edited=&#8221;on|desktop&#8221; padding_right_2=&#8221;45px&#8221; padding_right_3=&#8221;20px&#8221; padding_bottom_1=&#8221;25px&#8221; padding_2_tablet=&#8221;|20px||&#8221; padding_1_last_edited=&#8221;off|phone&#8221; padding_2_last_edited=&#8221;on|desktop&#8221; padding_3_last_edited=&#8221;on|phone&#8221; module_id=&#8221;1001&#8243; module_class=&#8221;evento et_pb_row_fullwidth et_pb_row_fullwidth et_pb_row_fullwidth et_pb_row_fullwidth et_pb_row_fullwidth et_pb_row_fullwidth et_pb_row_fullwidth et_pb_row_fullwidth et_pb_row_fullwidth et_pb_row_fullwidth et_pb_row_fullwidth et_pb_row_fullwidth et_pb_row_fullwidth et_pb_row_fullwidth et_pb_row_fullwidth et_pb_row_fullwidth et_pb_row_fullwidth et_pb_row_fullwidth et_pb_row_fullwidth et_pb_row_fullwidth et_pb_row_fullwidth&#8221; _builder_version=&#8221;3.22.3&#8243; box_shadow_style=&#8221;preset3&#8243; box_shadow_horizontal=&#8221;10px&#8221; width=&#8221;100%&#8221; width_tablet=&#8221;100%&#8221; width_last_edited=&#8221;on|desktop&#8221; max_width=&#8221;100%&#8221; max_width_tablet=&#8221;100%&#8221; max_width_last_edited=&#8221;on|desktop&#8221; module_alignment=&#8221;center&#8221; z_index_tablet=&#8221;500&#8243; make_fullwidth=&#8221;on&#8221;][et_pb_column type=&#8221;1_5&#8243; _builder_version=&#8221;3.0.47&#8243;][et_pb_code admin_label=&#8221;fecha 31\/05&#8243; module_class=&#8221;fecha-evento&#8221; _builder_version=&#8221;3.22.7&#8243; z_index_tablet=&#8221;500&#8243;]Mai<!\u2013- [et_pb_br_holder] -\u2013><!-- [et_pb_line_break_holder] -->31[\/et_pb_code][\/et_pb_column][et_pb_column type=&#8221;3_5&#8243; _builder_version=&#8221;3.0.47&#8243;][et_pb_text admin_label=&#8221;Debat %22Tabaquisme: present i futur%22&#8243; _builder_version=&#8221;3.22.7&#8243; z_index_tablet=&#8221;500&#8243;]<\/p>\n<h3>Debat &#8220;Tabaquisme: present i futur&#8221;<\/h3>\n<h4>Els debats de la Reial Acad\u00e8mia Europea de Doctors<br \/>Dia Mundial sense tabac<\/h4>\n<p>Temes a tractar en el debat:<br \/>Impacte en el consum del tabac, des de l&#8217;aprovaci\u00f3 de les lleis sobre el control i regulaci\u00f3 del seu \u00fas.<br \/>An\u00e0lisi de les noves formes de consum de tabac vinculades a noves tecnologies, impulsades per les tabaqueres.<br \/>Estudi de l&#8217;impacte d&#8217;aquestes circumst\u00e0ncies sobre el consum en joves.<\/p>\n<p>Ponents:<\/p>\n<ul>\n<li><a href=\"https:\/\/raed.academy\/ca\/academics\/dr-jose-ramon-calvo-fernandez\/\" target=\"_blank\" rel=\"noopener noreferrer\"><strong>Dr. Jos\u00e9 Ram\u00f3n Calvo<\/strong><\/a><\/li>\n<li><strong>Dr. Francesc Abella Pons<\/strong><\/li>\n<li><strong>Sr. Esteve Salt\u00f3<\/strong><\/li>\n<li><strong>Dr. Esteve Fern\u00e1ndez<\/strong><\/li>\n<\/ul>\n<p>Lloc: Sala d&#8217;actes de Foment del Treball \u2013 Via Laietana, 32, Pral, Barcelona<br \/>Data: 31.05.2018 a las 19:30h<\/p>\n<p>[\/et_pb_text][\/et_pb_column][et_pb_column type=&#8221;1_5&#8243; _builder_version=&#8221;3.0.47&#8243;][et_pb_gallery gallery_ids=&#8221;54861,54887&#8243; posts_number=&#8221;1&#8243; show_title_and_caption=&#8221;off&#8221; show_pagination=&#8221;off&#8221; zoom_icon_color=&#8221;#6b5d38&#8243; _builder_version=&#8221;3.22.7&#8243; border_radii_image=&#8221;on|4px|4px|4px|4px&#8221; box_shadow_style_image=&#8221;preset2&#8243; custom_margin=&#8221;10px|||&#8221; custom_margin_tablet=&#8221;25px|||&#8221; custom_margin_last_edited=&#8221;on|desktop&#8221; z_index_tablet=&#8221;500&#8243;][\/et_pb_gallery][\/et_pb_column][\/et_pb_row][et_pb_row admin_label=&#8221;Fila&#8221; _builder_version=&#8221;3.22.3&#8243; background_size=&#8221;initial&#8221; background_position=&#8221;top_left&#8221; background_repeat=&#8221;repeat&#8221;][et_pb_column type=&#8221;4_4&#8243; _builder_version=&#8221;3.0.47&#8243;][et_pb_text admin_label=&#8221;Texto &#8211; JUNY 2018&#8243; _builder_version=&#8221;3.22.7&#8243; z_index_tablet=&#8221;500&#8243;]<\/p>\n<h2>JUNY 2018<\/h2>\n<p>[\/et_pb_text][\/et_pb_column][\/et_pb_row][et_pb_row use_custom_gutter=&#8221;on&#8221; gutter_width=&#8221;1&#8243; make_equal=&#8221;on&#8221; padding_right_2=&#8221;45px&#8221; padding_right_3=&#8221;20px&#8221; padding_2_tablet=&#8221;|20px||&#8221; padding_1_last_edited=&#8221;off|desktop&#8221; padding_2_last_edited=&#8221;on|desktop&#8221; padding_3_last_edited=&#8221;on|phone&#8221; admin_label=&#8221;Fila&#8221; module_id=&#8221;0702&#8243; module_class=&#8221;evento et_pb_row_fullwidth et_pb_row_fullwidth et_pb_row_fullwidth et_pb_row_fullwidth et_pb_row_fullwidth et_pb_row_fullwidth et_pb_row_fullwidth et_pb_row_fullwidth et_pb_row_fullwidth et_pb_row_fullwidth et_pb_row_fullwidth et_pb_row_fullwidth et_pb_row_fullwidth et_pb_row_fullwidth et_pb_row_fullwidth et_pb_row_fullwidth et_pb_row_fullwidth et_pb_row_fullwidth&#8221; _builder_version=&#8221;3.22.3&#8243; border_radii=&#8221;on|3px|3px|3px|3px&#8221; box_shadow_style=&#8221;preset3&#8243; box_shadow_horizontal=&#8221;10px&#8221; width=&#8221;100%&#8221; width_tablet=&#8221;100%&#8221; width_last_edited=&#8221;on|desktop&#8221; max_width=&#8221;100%&#8221; max_width_tablet=&#8221;100%&#8221; max_width_last_edited=&#8221;on|desktop&#8221; module_alignment=&#8221;center&#8221; z_index_tablet=&#8221;500&#8243; make_fullwidth=&#8221;on&#8221;][et_pb_column type=&#8221;1_5&#8243; _builder_version=&#8221;3.0.47&#8243;][et_pb_code admin_label=&#8221;fecha 1\/06&#8243; module_class=&#8221;fecha-evento&#8221; _builder_version=&#8221;3.22.7&#8243; z_index_tablet=&#8221;500&#8243;]Jun<!\u2013- [et_pb_br_holder] -\u2013><!-- [et_pb_line_break_holder] -->1[\/et_pb_code][\/et_pb_column][et_pb_column type=&#8221;3_5&#8243; _builder_version=&#8221;3.0.47&#8243;][et_pb_text admin_label=&#8221;Ingr\u00e9s Juan Vicente Sola&#8221; _builder_version=&#8221;3.22.7&#8243; z_index_tablet=&#8221;500&#8243;]<\/p>\n<h3>Ingr\u00e9s com Acad\u00e8mic Numerari: <a href=\"https:\/\/raed.academy\/ca\/academics\/dr-juan-vicente-sola\" target=\"_blank\" rel=\"noopener noreferrer\">Dr. Juan Vicente Sola<\/a>, Doctor en Dret i Economia<\/h3>\n<p>Discurs d&#8217;ingr\u00e9s: <a href=\"https:\/\/raed.academy\/wp-content\/uploads\/2018\/06\/discurso-ingreso-Juan-Vicente-Sola-Pluralismo-y-corporativismo.pdf\" target=\"_blank\" rel=\"noopener noreferrer\"><strong>\u201cPluralismo y Corporativismo. El freno a la Econom\u00eda din\u00e1mica\u201d<\/strong><\/a><br \/>Discurs de resposta a c\u00e0rrec de <strong><a href=\"https:\/\/raed.academy\/academicos\/dr-edmund-phelps\/\" target=\"_blank\" rel=\"noopener noreferrer\">l&#8217;Excm. Sr. Dr. Edmund Phelps<\/a>, Acad\u00e8mic d&#8217;Honor de la RAED i Premi Nobel d&#8217;Econom\u00eda 2006<\/strong>.<\/p>\n<p>Lloc: Sala d&#8217;actes de Foment del treball &#8211; Via Laietana, 32, Pral, Barcelona<br \/>Data: 01.06.2018 a les 18:00h<\/p>\n<p>[\/et_pb_text][\/et_pb_column][et_pb_column type=&#8221;1_5&#8243; _builder_version=&#8221;3.0.47&#8243;][et_pb_gallery gallery_ids=&#8221;54869,54863,54881&#8243; posts_number=&#8221;1&#8243; show_title_and_caption=&#8221;off&#8221; show_pagination=&#8221;off&#8221; zoom_icon_color=&#8221;#6b5d38&#8243; _builder_version=&#8221;3.22.7&#8243; border_radii_image=&#8221;on|4px|4px|4px|4px&#8221; box_shadow_style_image=&#8221;preset2&#8243; custom_margin=&#8221;10px|||&#8221; custom_margin_tablet=&#8221;25px|||&#8221; custom_margin_last_edited=&#8221;on|desktop&#8221; z_index_tablet=&#8221;500&#8243;][\/et_pb_gallery][\/et_pb_column][\/et_pb_row][et_pb_row use_custom_gutter=&#8221;on&#8221; gutter_width=&#8221;1&#8243; custom_padding=&#8221;||35px|&#8221; make_equal=&#8221;on&#8221; custom_padding_last_edited=&#8221;on|desktop&#8221; padding_right_2=&#8221;45px&#8221; padding_right_3=&#8221;20px&#8221; padding_bottom_1=&#8221;25px&#8221; padding_2_tablet=&#8221;|20px||&#8221; padding_1_last_edited=&#8221;off|phone&#8221; padding_2_last_edited=&#8221;on|desktop&#8221; padding_3_last_edited=&#8221;on|phone&#8221; module_id=&#8221;1001&#8243; module_class=&#8221;evento et_pb_row_fullwidth et_pb_row_fullwidth et_pb_row_fullwidth et_pb_row_fullwidth et_pb_row_fullwidth et_pb_row_fullwidth et_pb_row_fullwidth et_pb_row_fullwidth et_pb_row_fullwidth et_pb_row_fullwidth et_pb_row_fullwidth et_pb_row_fullwidth et_pb_row_fullwidth et_pb_row_fullwidth et_pb_row_fullwidth et_pb_row_fullwidth et_pb_row_fullwidth et_pb_row_fullwidth et_pb_row_fullwidth et_pb_row_fullwidth et_pb_row_fullwidth&#8221; _builder_version=&#8221;3.22.3&#8243; box_shadow_style=&#8221;preset3&#8243; box_shadow_horizontal=&#8221;10px&#8221; width=&#8221;100%&#8221; width_tablet=&#8221;100%&#8221; width_last_edited=&#8221;on|desktop&#8221; max_width=&#8221;100%&#8221; max_width_tablet=&#8221;100%&#8221; max_width_last_edited=&#8221;on|desktop&#8221; module_alignment=&#8221;center&#8221; z_index_tablet=&#8221;500&#8243; make_fullwidth=&#8221;on&#8221;][et_pb_column type=&#8221;1_5&#8243; _builder_version=&#8221;3.0.47&#8243;][et_pb_code admin_label=&#8221;fecha 5\/06&#8243; module_class=&#8221;fecha-evento&#8221; _builder_version=&#8221;3.22.7&#8243; z_index_tablet=&#8221;500&#8243;]Jun<!\u2013- [et_pb_br_holder] -\u2013><!-- [et_pb_line_break_holder] -->5[\/et_pb_code][\/et_pb_column][et_pb_column type=&#8221;3_5&#8243; _builder_version=&#8221;3.0.47&#8243;][et_pb_text admin_label=&#8221;Debat %22L&#8217;educaci\u00f3 en Tecnologia. L&#8217;ensenyament de l&#8217;enginyeria&#8221; _builder_version=&#8221;3.22.7&#8243; z_index_tablet=&#8221;500&#8243;]<\/p>\n<h3>Debat &#8220;L&#8217;educaci\u00f3 en Tecnologia. L&#8217;ensenyament de l&#8217;enginyeria: un model en revisi\u00f3 a Espanya&#8221;<\/h3>\n<p>Moderador: <a href=\"https:\/\/raed.academy\/ca\/academics\/dr-jaime-rodrigo-de-larrucea\/\" target=\"_blank\" rel=\"noopener noreferrer\"><strong>Dr. Jaime Rodrigo de Larrucea<\/strong><\/a>. President de la Secci\u00f3 Tecnol\u00f2gica de la RAED. Professor de Dret Mar\u00edtim (UPC).<\/p>\n<p>Ponents:<\/p>\n<ul>\n<li><a href=\"https:\/\/raed.academy\/ca\/academics\/dr-eugenio-onate-ibanez-de-navarra\/\" target=\"_blank\" rel=\"noopener noreferrer\"><strong>Dr. Eugenio O\u00f1ate<\/strong><\/a>. Catedr\u00e0tic ETS Camins Canals y Ports. Director CIMNE y Vicepresident de la RAED.<\/li>\n<li><strong><a href=\"https:\/\/raed.academy\/ca\/academics\/dr-javier-gil-mur\/\" target=\"_blank\" rel=\"noopener noreferrer\">Dr. Xaviel Gil<\/a>.<\/strong> Catedr\u00e0tic d&#8217;Enginyeria dels Materials . Rector UIC.<\/li>\n<li><a href=\"https:\/\/raed.academy\/ca\/academics\/dr-lluis-vicent-safont\/\" target=\"_blank\" rel=\"noopener noreferrer\"><strong>Dr. Llu\u00eds Vicent<\/strong><\/a>. Dr. en \u201cTIC i gesti\u00f3 de les TIC\u201d i Enginyer de Telecomunicaci\u00f3. Promotor i primer rector de la Universitat Oberta La Salle.<\/li>\n<\/ul>\n<p>Lloc: Sala d&#8217;actes de Foment del treball &#8211; Via Laietana, 32, Pral, Barcelona<br \/>Data: 05.06.2018 a les 19:00h<\/p>\n<p>[\/et_pb_text][\/et_pb_column][et_pb_column type=&#8221;1_5&#8243; _builder_version=&#8221;3.0.47&#8243;][et_pb_gallery gallery_ids=&#8221;54927,54921,54925,54919,54923&#8243; posts_number=&#8221;1&#8243; show_title_and_caption=&#8221;off&#8221; show_pagination=&#8221;off&#8221; zoom_icon_color=&#8221;#6b5d38&#8243; _builder_version=&#8221;3.22.7&#8243; border_radii_image=&#8221;on|4px|4px|4px|4px&#8221; box_shadow_style_image=&#8221;preset2&#8243; custom_margin=&#8221;10px|||&#8221; custom_margin_tablet=&#8221;25px|||&#8221; custom_margin_last_edited=&#8221;on|desktop&#8221; z_index_tablet=&#8221;500&#8243;][\/et_pb_gallery][\/et_pb_column][\/et_pb_row][et_pb_row use_custom_gutter=&#8221;on&#8221; gutter_width=&#8221;1&#8243; custom_padding=&#8221;||35px|&#8221; make_equal=&#8221;on&#8221; custom_padding_last_edited=&#8221;on|desktop&#8221; padding_right_2=&#8221;45px&#8221; padding_right_3=&#8221;20px&#8221; padding_bottom_1=&#8221;25px&#8221; padding_2_tablet=&#8221;|20px||&#8221; padding_1_last_edited=&#8221;off|phone&#8221; padding_2_last_edited=&#8221;on|desktop&#8221; padding_3_last_edited=&#8221;on|phone&#8221; module_id=&#8221;1001&#8243; module_class=&#8221;evento et_pb_row_fullwidth et_pb_row_fullwidth et_pb_row_fullwidth et_pb_row_fullwidth et_pb_row_fullwidth et_pb_row_fullwidth et_pb_row_fullwidth et_pb_row_fullwidth et_pb_row_fullwidth et_pb_row_fullwidth et_pb_row_fullwidth et_pb_row_fullwidth et_pb_row_fullwidth et_pb_row_fullwidth et_pb_row_fullwidth et_pb_row_fullwidth et_pb_row_fullwidth et_pb_row_fullwidth et_pb_row_fullwidth et_pb_row_fullwidth et_pb_row_fullwidth&#8221; _builder_version=&#8221;3.22.3&#8243; box_shadow_style=&#8221;preset3&#8243; box_shadow_horizontal=&#8221;10px&#8221; width=&#8221;100%&#8221; width_tablet=&#8221;100%&#8221; width_last_edited=&#8221;on|desktop&#8221; max_width=&#8221;100%&#8221; max_width_tablet=&#8221;100%&#8221; max_width_last_edited=&#8221;on|desktop&#8221; module_alignment=&#8221;center&#8221; z_index_tablet=&#8221;500&#8243; make_fullwidth=&#8221;on&#8221;][et_pb_column type=&#8221;1_5&#8243; _builder_version=&#8221;3.0.47&#8243;][et_pb_code admin_label=&#8221;fecha 7\/06&#8243; module_class=&#8221;fecha-evento&#8221; _builder_version=&#8221;3.22.7&#8243; z_index_tablet=&#8221;500&#8243;]Jun<!\u2013- [et_pb_br_holder] -\u2013><!-- [et_pb_line_break_holder] -->7[\/et_pb_code][\/et_pb_column][et_pb_column type=&#8221;3_5&#8243; _builder_version=&#8221;3.0.47&#8243;][et_pb_text admin_label=&#8221;Els grans descobriments accidentals&#8221; _builder_version=&#8221;3.22.7&#8243; z_index_tablet=&#8221;500&#8243;]<\/p>\n<h3>Confer\u00e8ncia: Els grans descobriments accidentals<\/h3>\n<p>Confer\u00e8ncia del Premi Nobel de F\u00edsica <strong><a href=\"https:\/\/raed.academy\/ca\/academics\/dr-sheldon-lee-glashow\/\" target=\"_blank\" rel=\"noopener noreferrer\">Sheldon Lee Glashow<\/a><\/strong>, dintre del cicle <strong>&#8220;La ci\u00e8ncia vista a trav\u00e9s dels ulls de Premis Nobel&#8221;<\/strong> (Obra Social La Caixa) El Dr Glashow parlar\u00e0 sobre les troballes cient\u00edficament valuoses que no es produeixen com a resultat de l&#8217;anomenat m\u00e8tode cient\u00edfic (formulaci\u00f3 d&#8217;hip\u00f2tesis, prova i posterior acceptaci\u00f3 o rebuig), sin\u00f3 de manera accidental o casual, com un descobriment accidental no buscat. La penicil\u00b7lina es va descobrir pr\u00e0cticament per accident. Alexander Fleming, va oblidar una s\u00e8rie de plaques de petri amb cultius de bacteris que va deixar a l&#8217;aire lliure al laboratori, al seu torn les plaques estaven plenes de floridura i per curiositat les va mirar al microscopi. Llavors va descobrir que la floridura, que eren fongs de Penicillium, havia matat als bacteris. Aquest descobriment accidental ha salvat milers de vides gr\u00e0cies a la penicil\u00b7lina. Hi ha molts casos com aquest, tant la llum infraroja com la radioactivitat van ser descoberts provant hip\u00f2tesis err\u00f2nies. Un altre descobriment accidental va ser el primer tint d&#8217;anilina ja que va sorgir d&#8217;un intent fallit de sintetitzar quinina. I tamb\u00e9 hi ha exemples comercials com Goodyear quan els va caure sofre sobre una cubeta de cautx\u00fa calenta i va generar un proc\u00e9s qu\u00edmic anomenat vulcanitzaci\u00f3. Aquesta barreja es va endurir i va corbar i va donar peu posteriorment a l&#8217;aparici\u00f3 dels pneum\u00e0tics. Lloc: CosmoCaixa &#8211; C\/ Isaac Newton, 26, 08022 Barcelona Data: 07.06.2018 a les 19:00h<\/p>\n<p>[\/et_pb_text][\/et_pb_column][et_pb_column type=&#8221;1_5&#8243; _builder_version=&#8221;3.0.47&#8243;][et_pb_gallery gallery_ids=&#8221;54957,54963&#8243; posts_number=&#8221;1&#8243; show_title_and_caption=&#8221;off&#8221; show_pagination=&#8221;off&#8221; zoom_icon_color=&#8221;#6b5d38&#8243; _builder_version=&#8221;3.22.7&#8243; border_radii_image=&#8221;on|4px|4px|4px|4px&#8221; box_shadow_style_image=&#8221;preset2&#8243; custom_margin=&#8221;10px|||&#8221; custom_margin_tablet=&#8221;25px|||&#8221; custom_margin_last_edited=&#8221;on|desktop&#8221; z_index_tablet=&#8221;500&#8243;][\/et_pb_gallery][\/et_pb_column][\/et_pb_row][et_pb_row use_custom_gutter=&#8221;on&#8221; gutter_width=&#8221;1&#8243; make_equal=&#8221;on&#8221; padding_right_2=&#8221;45px&#8221; padding_right_3=&#8221;20px&#8221; padding_2_tablet=&#8221;|20px||&#8221; padding_1_last_edited=&#8221;off|desktop&#8221; padding_2_last_edited=&#8221;on|desktop&#8221; padding_3_last_edited=&#8221;on|phone&#8221; admin_label=&#8221;Fila&#8221; module_id=&#8221;0702&#8243; module_class=&#8221;evento et_pb_row_fullwidth et_pb_row_fullwidth et_pb_row_fullwidth et_pb_row_fullwidth et_pb_row_fullwidth et_pb_row_fullwidth et_pb_row_fullwidth et_pb_row_fullwidth et_pb_row_fullwidth et_pb_row_fullwidth et_pb_row_fullwidth et_pb_row_fullwidth et_pb_row_fullwidth et_pb_row_fullwidth et_pb_row_fullwidth et_pb_row_fullwidth et_pb_row_fullwidth et_pb_row_fullwidth&#8221; _builder_version=&#8221;3.22.3&#8243; border_radii=&#8221;on|3px|3px|3px|3px&#8221; box_shadow_style=&#8221;preset3&#8243; box_shadow_horizontal=&#8221;10px&#8221; width=&#8221;100%&#8221; width_tablet=&#8221;100%&#8221; width_last_edited=&#8221;on|desktop&#8221; max_width=&#8221;100%&#8221; max_width_tablet=&#8221;100%&#8221; max_width_last_edited=&#8221;on|desktop&#8221; module_alignment=&#8221;center&#8221; z_index_tablet=&#8221;500&#8243; make_fullwidth=&#8221;on&#8221;][et_pb_column type=&#8221;1_5&#8243; _builder_version=&#8221;3.0.47&#8243;][et_pb_code admin_label=&#8221;fecha 12\/06&#8243; module_class=&#8221;fecha-evento&#8221; _builder_version=&#8221;3.22.7&#8243; z_index_tablet=&#8221;500&#8243;]Jun<!\u2013- [et_pb_br_holder] -\u2013><!-- [et_pb_line_break_holder] -->12[\/et_pb_code][\/et_pb_column][et_pb_column type=&#8221;3_5&#8243; _builder_version=&#8221;3.0.47&#8243;][et_pb_text admin_label=&#8221;Ingr\u00e9s Mireia Las Heras Maestro&#8221; _builder_version=&#8221;3.22.7&#8243; z_index_tablet=&#8221;500&#8243;]<\/p>\n<h3>Ingr\u00e9s com Acad\u00e8mica Numer\u00e0ria: <a href=\"https:\/\/raed.academy\/ca\/academics\/dra-mireia-las-heras-maestro\/\" target=\"_blank\" rel=\"noopener noreferrer\">Mireia Las Heras Maestro<\/a><\/h3>\n<p>Discurs d&#8217;ingr\u00e9s: <a href=\"https:\/\/raed.academy\/wp-content\/uploads\/2018\/06\/discurso-ingreso-Mireia-Las-Heras-Maestro-El-Valor-Del-Liderazgo.pdf\" target=\"_blank\" rel=\"noopener noreferrer\"><strong>El valor del Liderazgo<\/strong><\/a> Discurs de resposta a c\u00e0rrec del <a href=\"https:\/\/raed.academy\/ca\/academics\/ca\/dr-jose-antonio-segarra-torres\/\" target=\"_blank\" rel=\"noopener noreferrer\"><strong>Dr. Jos\u00e9 Antonio Segarra<\/strong><\/a> Lloc: Sala d&#8217;actes de Foment del treball &#8211; Via Laietana, 32, Pral, Barcelona Data: 12.06.2018 a las 19:00h<\/p>\n<p>[\/et_pb_text][\/et_pb_column][et_pb_column type=&#8221;1_5&#8243; _builder_version=&#8221;3.0.47&#8243;][et_pb_gallery gallery_ids=&#8221;54999&#8243; posts_number=&#8221;1&#8243; show_title_and_caption=&#8221;off&#8221; show_pagination=&#8221;off&#8221; zoom_icon_color=&#8221;#6b5d38&#8243; _builder_version=&#8221;3.22.7&#8243; border_radii_image=&#8221;on|4px|4px|4px|4px&#8221; box_shadow_style_image=&#8221;preset2&#8243; custom_margin=&#8221;10px|||&#8221; custom_margin_tablet=&#8221;25px|||&#8221; custom_margin_last_edited=&#8221;on|desktop&#8221; z_index_tablet=&#8221;500&#8243;][\/et_pb_gallery][\/et_pb_column][\/et_pb_row][et_pb_row use_custom_gutter=&#8221;on&#8221; gutter_width=&#8221;1&#8243; make_equal=&#8221;on&#8221; padding_right_2=&#8221;45px&#8221; padding_right_3=&#8221;20px&#8221; padding_2_tablet=&#8221;|20px||&#8221; padding_1_last_edited=&#8221;off|desktop&#8221; padding_2_last_edited=&#8221;on|desktop&#8221; padding_3_last_edited=&#8221;on|phone&#8221; admin_label=&#8221;Fila&#8221; module_id=&#8221;0702&#8243; module_class=&#8221;evento et_pb_row_fullwidth et_pb_row_fullwidth et_pb_row_fullwidth et_pb_row_fullwidth et_pb_row_fullwidth et_pb_row_fullwidth et_pb_row_fullwidth et_pb_row_fullwidth et_pb_row_fullwidth et_pb_row_fullwidth et_pb_row_fullwidth et_pb_row_fullwidth et_pb_row_fullwidth et_pb_row_fullwidth et_pb_row_fullwidth et_pb_row_fullwidth et_pb_row_fullwidth et_pb_row_fullwidth&#8221; _builder_version=&#8221;3.22.3&#8243; border_radii=&#8221;on|3px|3px|3px|3px&#8221; box_shadow_style=&#8221;preset3&#8243; box_shadow_horizontal=&#8221;10px&#8221; width=&#8221;100%&#8221; width_tablet=&#8221;100%&#8221; width_last_edited=&#8221;on|desktop&#8221; max_width=&#8221;100%&#8221; max_width_tablet=&#8221;100%&#8221; max_width_last_edited=&#8221;on|desktop&#8221; module_alignment=&#8221;center&#8221; z_index_tablet=&#8221;500&#8243; make_fullwidth=&#8221;on&#8221;][et_pb_column type=&#8221;1_5&#8243; _builder_version=&#8221;3.0.47&#8243;][et_pb_code admin_label=&#8221;fecha 20\/06&#8243; module_class=&#8221;fecha-evento&#8221; _builder_version=&#8221;3.22.7&#8243; z_index_tablet=&#8221;500&#8243;]Jun<!\u2013- [et_pb_br_holder] -\u2013><!-- [et_pb_line_break_holder] -->20[\/et_pb_code][\/et_pb_column][et_pb_column type=&#8221;3_5&#8243; _builder_version=&#8221;3.0.47&#8243;][et_pb_text admin_label=&#8221;Ingr\u00e9s Marta Pulido Mestre&#8221; _builder_version=&#8221;3.22.7&#8243; z_index_tablet=&#8221;500&#8243;]<\/p>\n<h3>Ingr\u00e9s com Acad\u00e8mica Corresponent: <strong>Marta Pulido Mestre<\/strong>, doctora en medicina y cirurgia<\/h3>\n<p>Discurs d&#8217;ingr\u00e9s: <a href=\"https:\/\/raed.academy\/wp-content\/uploads\/2018\/06\/discurso-ingreso-Marta-Pulido-Mestre-Autoria-de-las-Publicaciones-Cientificas.pdf\" target=\"_blank\" rel=\"noopener noreferrer\"><strong>&#8220;Reflexiones sobre la autor\u00eda de las publicaciones cient\u00edficas&#8221;<\/strong><\/a> Discurs de respuesta a c\u00e0rrec del <strong><a href=\"https:\/\/raed.academy\/ca\/academics\/dr-pedro-claros-blanch\/\" target=\"_blank\" rel=\"noopener noreferrer\">Dr. Pedro Clar\u00f3s<\/a><\/strong> Lloc: Reial Cercle Art\u00edstic de Barcelona. Carrer dels Arcs, 5, 08002 Barcelona Data: 20.06.2018 a les 19:30h<\/p>\n<p>[\/et_pb_text][\/et_pb_column][et_pb_column type=&#8221;1_5&#8243; _builder_version=&#8221;3.0.47&#8243;][et_pb_gallery gallery_ids=&#8221;55081&#8243; posts_number=&#8221;1&#8243; show_title_and_caption=&#8221;off&#8221; show_pagination=&#8221;off&#8221; zoom_icon_color=&#8221;#6b5d38&#8243; _builder_version=&#8221;3.22.7&#8243; border_radii_image=&#8221;on|4px|4px|4px|4px&#8221; box_shadow_style_image=&#8221;preset2&#8243; custom_margin=&#8221;10px|||&#8221; custom_margin_tablet=&#8221;25px|||&#8221; custom_margin_last_edited=&#8221;on|desktop&#8221; z_index_tablet=&#8221;500&#8243;][\/et_pb_gallery][\/et_pb_column][\/et_pb_row][et_pb_row use_custom_gutter=&#8221;on&#8221; gutter_width=&#8221;1&#8243; custom_padding=&#8221;||35px|&#8221; make_equal=&#8221;on&#8221; custom_padding_last_edited=&#8221;on|desktop&#8221; padding_right_2=&#8221;45px&#8221; padding_right_3=&#8221;20px&#8221; padding_bottom_1=&#8221;25px&#8221; padding_2_tablet=&#8221;|20px||&#8221; padding_1_last_edited=&#8221;off|phone&#8221; padding_2_last_edited=&#8221;on|desktop&#8221; padding_3_last_edited=&#8221;on|phone&#8221; module_id=&#8221;1001&#8243; module_class=&#8221;evento et_pb_row_fullwidth et_pb_row_fullwidth et_pb_row_fullwidth et_pb_row_fullwidth et_pb_row_fullwidth et_pb_row_fullwidth et_pb_row_fullwidth et_pb_row_fullwidth et_pb_row_fullwidth et_pb_row_fullwidth et_pb_row_fullwidth et_pb_row_fullwidth et_pb_row_fullwidth et_pb_row_fullwidth et_pb_row_fullwidth et_pb_row_fullwidth et_pb_row_fullwidth et_pb_row_fullwidth et_pb_row_fullwidth et_pb_row_fullwidth et_pb_row_fullwidth&#8221; _builder_version=&#8221;3.22.3&#8243; box_shadow_style=&#8221;preset3&#8243; box_shadow_horizontal=&#8221;10px&#8221; width=&#8221;100%&#8221; width_tablet=&#8221;100%&#8221; width_last_edited=&#8221;on|desktop&#8221; max_width=&#8221;100%&#8221; max_width_tablet=&#8221;100%&#8221; max_width_last_edited=&#8221;on|desktop&#8221; module_alignment=&#8221;center&#8221; z_index_tablet=&#8221;500&#8243; make_fullwidth=&#8221;on&#8221;][et_pb_column type=&#8221;1_5&#8243; _builder_version=&#8221;3.0.47&#8243;][et_pb_code admin_label=&#8221;fecha 21\/06&#8243; module_class=&#8221;fecha-evento&#8221; _builder_version=&#8221;3.22.7&#8243; z_index_tablet=&#8221;500&#8243;]Jun<!\u2013- [et_pb_br_holder] -\u2013><!-- [et_pb_line_break_holder] -->21[\/et_pb_code][\/et_pb_column][et_pb_column type=&#8221;3_5&#8243; _builder_version=&#8221;3.0.47&#8243;][et_pb_text admin_label=&#8221;Debat %22L&#8217;educaci\u00f3 en Tecnologia. L&#8217;ensenyament de l&#8217;enginyeria&#8221; _builder_version=&#8221;3.22.7&#8243; z_index_tablet=&#8221;500&#8243;]<\/p>\n<h3>Debat &#8220;Dones que canvien el m\u00f3n&#8221;<\/h3>\n<h4>Hi intervindran<\/h4>\n<ul>\n<li><strong>Aldo Olcese Santonja<\/strong>, President de la Fundaci\u00f3 Independent<\/li>\n<li><a href=\"https:\/\/raed.academy\/ca\/academics\/dr-alfredo-rocafort-nicolau\/\" target=\"_blank\" rel=\"noopener noreferrer\"><strong>Alfredo Rocafort Nicolau<\/strong><\/a>, President de la Reial Acad\u00e8mia Europea de Doctors<\/li>\n<\/ul>\n<h4>Taula de debat:<\/h4>\n<ul>\n<li><strong>Ana Bujald\u00f3n<\/strong>, Presidenta de la Federaci\u00f3 Espanyola de Dones Directives, Executives, Professionals i Empres\u00e0ries.<\/li>\n<li><strong>Arantza Mart\u00ednez<\/strong>, pintora Hiperrealista.<\/li>\n<li><strong>Karen Biain<\/strong>, directora de Branded Content de Unidad Editorial.<\/li>\n<li><strong>Paloma Domingo<\/strong>, Directora General de la Fundaci\u00f3 Espanyola de Ci\u00e8ncia y Tecnologia<\/li>\n<li><strong>Rosa Rubio<\/strong>, Vocal del Consell Fiscal i Fiscal Delegada de l&#8217;Especialitat Civil i de Protecci\u00f3 Jur\u00eddica de les Persones amb Discapacitat per a la Comunitat Aut\u00f2noma de Can\u00e0ries.<\/li>\n<li><a href=\"https:\/\/raed.academy\/ca\/academics\/dra-teresa-freixes-sanjuan\/\" target=\"_blank\" rel=\"noopener noreferrer\"><strong>Teresa Freixes<\/strong><\/a>, Catedr\u00e0tica de Dret Constitucional<strong>.<\/strong><\/li>\n<\/ul>\n<p>Moderadora: <strong>Cecilia Kindelan<\/strong>, periodista, advocat i membre de l&#8217;Institut d&#8217;Investigacions Interdisciplin\u00e0ries de la RAED. Lloc: Club Financer G\u00e8nova &#8211; Sal\u00f3 Minerva. C\/ Marqu\u00e9s de la Ensenada, 14, planta 14 &#8211; Madrid (MADRID) Data\/hora: 21.06.2018 a les 18:30h<\/p>\n<p>[\/et_pb_text][\/et_pb_column][et_pb_column type=&#8221;1_5&#8243; _builder_version=&#8221;3.0.47&#8243;][et_pb_gallery gallery_ids=&#8221;55107,55105,55103&#8243; posts_number=&#8221;2&#8243; show_title_and_caption=&#8221;off&#8221; zoom_icon_color=&#8221;#6b5d38&#8243; _builder_version=&#8221;3.22.7&#8243; border_radii_image=&#8221;on|4px|4px|4px|4px&#8221; box_shadow_style_image=&#8221;preset2&#8243; custom_margin=&#8221;10px|||&#8221; custom_margin_tablet=&#8221;25px|||&#8221; custom_margin_last_edited=&#8221;on|desktop&#8221; z_index_tablet=&#8221;500&#8243;][\/et_pb_gallery][\/et_pb_column][\/et_pb_row][et_pb_row use_custom_gutter=&#8221;on&#8221; gutter_width=&#8221;1&#8243; custom_padding=&#8221;||35px|&#8221; make_equal=&#8221;on&#8221; custom_padding_last_edited=&#8221;on|desktop&#8221; padding_right_2=&#8221;45px&#8221; padding_right_3=&#8221;20px&#8221; padding_bottom_1=&#8221;25px&#8221; padding_2_tablet=&#8221;|20px||&#8221; padding_1_last_edited=&#8221;off|phone&#8221; padding_2_last_edited=&#8221;on|desktop&#8221; padding_3_last_edited=&#8221;on|phone&#8221; module_id=&#8221;1001&#8243; module_class=&#8221;evento et_pb_row_fullwidth et_pb_row_fullwidth et_pb_row_fullwidth et_pb_row_fullwidth et_pb_row_fullwidth et_pb_row_fullwidth et_pb_row_fullwidth et_pb_row_fullwidth et_pb_row_fullwidth et_pb_row_fullwidth et_pb_row_fullwidth et_pb_row_fullwidth et_pb_row_fullwidth et_pb_row_fullwidth et_pb_row_fullwidth et_pb_row_fullwidth et_pb_row_fullwidth et_pb_row_fullwidth et_pb_row_fullwidth et_pb_row_fullwidth et_pb_row_fullwidth&#8221; _builder_version=&#8221;3.22.3&#8243; box_shadow_style=&#8221;preset3&#8243; box_shadow_horizontal=&#8221;10px&#8221; width=&#8221;100%&#8221; width_tablet=&#8221;100%&#8221; width_last_edited=&#8221;on|desktop&#8221; max_width=&#8221;100%&#8221; max_width_tablet=&#8221;100%&#8221; max_width_last_edited=&#8221;on|desktop&#8221; module_alignment=&#8221;center&#8221; z_index_tablet=&#8221;500&#8243; make_fullwidth=&#8221;on&#8221;][et_pb_column type=&#8221;1_5&#8243; _builder_version=&#8221;3.0.47&#8243;][et_pb_code admin_label=&#8221;fecha 28\/06&#8243; module_class=&#8221;fecha-evento&#8221; _builder_version=&#8221;3.22.7&#8243; z_index_tablet=&#8221;500&#8243;]Jun<!\u2013- [et_pb_br_holder] -\u2013><!-- [et_pb_line_break_holder] -->28[\/et_pb_code][\/et_pb_column][et_pb_column type=&#8221;3_5&#8243; _builder_version=&#8221;3.0.47&#8243;][et_pb_text admin_label=&#8221;Debat: Misteri en vida i mort&#8221; _builder_version=&#8221;3.22.7&#8243; z_index_tablet=&#8221;500&#8243;]<\/p>\n<h3>Sostenibilitat, Reptes i Desafiaments del Sistema de Pensions<\/h3>\n<h4>Ponents<\/h4>\n<ul>\n<li><strong>Myrta Casanovas<\/strong>, empres\u00e0ria i fil\u00e0ntropa<\/li>\n<li><a href=\"https:\/\/raed.academy\/ca\/academics\/dr-jose-maria-gay-de-liebana-saludas\/\" target=\"_blank\" rel=\"noopener noreferrer\"><strong>Jos\u00e9 Mar\u00eda Gay de Li\u00e9bana<\/strong><\/a>, pofessor y acad\u00e8mic de la RAED<\/li>\n<li><strong>Jos\u00e9 Lu\u00eds Bonet<\/strong>, President de la Cambra d&#8217;Espanya i acad\u00e8mic de la RAED<\/li>\n<li><a href=\"https:\/\/raed.academy\/ca\/academics\/dr-jose-luis-salido-banus\/\" target=\"_blank\" rel=\"noopener noreferrer\"><strong>Jos\u00e9 Lu\u00eds Salido<\/strong><\/a>, pofessor y acad\u00e8mic de la RAED<\/li>\n<li><strong>Pau Miret<\/strong>, professor de la UAB<\/li>\n<\/ul>\n<p><strong>Moderador: Agust\u00ed Salas<\/strong>, periodista de la Secci\u00f3 d&#8217;Economia d&#8217;El Peri\u00f3dico. Lloc: Sala d&#8217;actes de Foment del Treball &#8211; Via Laietana, 32, Pral, Barcelona Data: 28.06.2018 a les 18:00h<\/p>\n<p>[\/et_pb_text][et_pb_video src=&#8221;https:\/\/youtu.be\/d5Q6Bpu65UI&#8221; _builder_version=&#8221;3.22.7&#8243; z_index_tablet=&#8221;500&#8243;][\/et_pb_video][\/et_pb_column][et_pb_column type=&#8221;1_5&#8243; _builder_version=&#8221;3.0.47&#8243;][et_pb_gallery gallery_ids=&#8221;64008,63997,63994,63991&#8243; posts_number=&#8221;1&#8243; show_title_and_caption=&#8221;off&#8221; show_pagination=&#8221;off&#8221; zoom_icon_color=&#8221;#6b5d38&#8243; _builder_version=&#8221;3.22.7&#8243; border_radii_image=&#8221;on|4px|4px|4px|4px&#8221; box_shadow_style_image=&#8221;preset2&#8243; custom_margin=&#8221;10px|||&#8221; custom_margin_tablet=&#8221;25px|||&#8221; custom_margin_last_edited=&#8221;on|desktop&#8221; z_index_tablet=&#8221;500&#8243;][\/et_pb_gallery][\/et_pb_column][\/et_pb_row][et_pb_row admin_label=&#8221;Fila&#8221; _builder_version=&#8221;3.22.3&#8243; background_size=&#8221;initial&#8221; background_position=&#8221;top_left&#8221; background_repeat=&#8221;repeat&#8221;][et_pb_column type=&#8221;4_4&#8243; _builder_version=&#8221;3.0.47&#8243;][et_pb_text admin_label=&#8221;Texto &#8211; JULIO 2018&#8243; _builder_version=&#8221;3.22.7&#8243; z_index_tablet=&#8221;500&#8243;]<\/p>\n<h2>JULIOL 2018<\/h2>\n<p>[\/et_pb_text][\/et_pb_column][\/et_pb_row][et_pb_row use_custom_gutter=&#8221;on&#8221; gutter_width=&#8221;1&#8243; custom_padding=&#8221;||35px|&#8221; make_equal=&#8221;on&#8221; custom_padding_last_edited=&#8221;on|desktop&#8221; padding_right_2=&#8221;45px&#8221; padding_right_3=&#8221;20px&#8221; padding_bottom_1=&#8221;25px&#8221; padding_2_tablet=&#8221;|20px||&#8221; padding_1_last_edited=&#8221;off|phone&#8221; padding_2_last_edited=&#8221;on|desktop&#8221; padding_3_last_edited=&#8221;on|phone&#8221; module_id=&#8221;1001&#8243; module_class=&#8221;evento et_pb_row_fullwidth et_pb_row_fullwidth et_pb_row_fullwidth et_pb_row_fullwidth et_pb_row_fullwidth et_pb_row_fullwidth et_pb_row_fullwidth et_pb_row_fullwidth et_pb_row_fullwidth et_pb_row_fullwidth et_pb_row_fullwidth et_pb_row_fullwidth et_pb_row_fullwidth et_pb_row_fullwidth et_pb_row_fullwidth et_pb_row_fullwidth et_pb_row_fullwidth et_pb_row_fullwidth et_pb_row_fullwidth et_pb_row_fullwidth et_pb_row_fullwidth&#8221; _builder_version=&#8221;3.22.3&#8243; box_shadow_style=&#8221;preset3&#8243; box_shadow_horizontal=&#8221;10px&#8221; width=&#8221;100%&#8221; width_tablet=&#8221;100%&#8221; width_last_edited=&#8221;on|desktop&#8221; max_width=&#8221;100%&#8221; max_width_tablet=&#8221;100%&#8221; max_width_last_edited=&#8221;on|desktop&#8221; module_alignment=&#8221;center&#8221; z_index_tablet=&#8221;500&#8243; make_fullwidth=&#8221;on&#8221;][et_pb_column type=&#8221;1_5&#8243; _builder_version=&#8221;3.0.47&#8243;][et_pb_code admin_label=&#8221;fecha 2\/07&#8243; module_class=&#8221;fecha-evento&#8221; _builder_version=&#8221;3.22.7&#8243; z_index_tablet=&#8221;500&#8243;]Jul<!\u2013- [et_pb_br_holder] -\u2013><!-- [et_pb_line_break_holder] -->2[\/et_pb_code][\/et_pb_column][et_pb_column type=&#8221;3_5&#8243; _builder_version=&#8221;3.0.47&#8243;][et_pb_text admin_label=&#8221;5\u00e8 concert del cicle %22Concerts Amb \u00c0nima%22&#8243; _builder_version=&#8221;3.22.7&#8243; z_index_tablet=&#8221;500&#8243;]<\/p>\n<h3>5\u00e8 concert del cicle &#8220;Concerts Amb \u00c0nima&#8221;. Recital de m\u00fasica cl\u00e0ssica<\/h3>\n<p>int\u00e8rprets:<\/p>\n<ul>\n<li><strong>Iv\u00e1n Mart\u00edn<\/strong>, piano<\/li>\n<li><strong>Sheila G\u00f3mez<\/strong>, viol\u00ed<\/li>\n<\/ul>\n<h4><a href=\"https:\/\/raed.academy\/wp-content\/uploads\/2018\/07\/programa-conciertos-con-alma-V-Ivan-Martin-y-Sheila-Gomez.pdf\" target=\"_blank\" rel=\"noopener noreferrer\">Programa del concert<\/a><\/h4>\n<p>Lloc: Sala dels Atlantes del Reial Cercle Art\u00edstic de Barcelona, Carrer dels Arcs, 5, 08002 Barcelona Data: 02.07.2018 a las 19:30h<\/p>\n<p>[\/et_pb_text][\/et_pb_column][et_pb_column type=&#8221;1_5&#8243; _builder_version=&#8221;3.0.47&#8243;][et_pb_gallery gallery_ids=&#8221;47610&#8243; posts_number=&#8221;1&#8243; show_title_and_caption=&#8221;off&#8221; show_pagination=&#8221;off&#8221; zoom_icon_color=&#8221;#6b5d38&#8243; _builder_version=&#8221;3.22.7&#8243; border_radii_image=&#8221;on|4px|4px|4px|4px&#8221; box_shadow_style_image=&#8221;preset2&#8243; custom_margin=&#8221;10px|||&#8221; custom_margin_tablet=&#8221;25px|||&#8221; custom_margin_last_edited=&#8221;on|desktop&#8221; z_index_tablet=&#8221;500&#8243;][\/et_pb_gallery][\/et_pb_column][\/et_pb_row][et_pb_row use_custom_gutter=&#8221;on&#8221; gutter_width=&#8221;1&#8243; custom_padding=&#8221;||35px|&#8221; make_equal=&#8221;on&#8221; custom_padding_last_edited=&#8221;on|desktop&#8221; padding_right_2=&#8221;45px&#8221; padding_right_3=&#8221;20px&#8221; padding_bottom_1=&#8221;25px&#8221; padding_2_tablet=&#8221;|20px||&#8221; padding_1_last_edited=&#8221;off|phone&#8221; padding_2_last_edited=&#8221;on|desktop&#8221; padding_3_last_edited=&#8221;on|phone&#8221; module_id=&#8221;1001&#8243; module_class=&#8221;evento et_pb_row_fullwidth et_pb_row_fullwidth et_pb_row_fullwidth et_pb_row_fullwidth et_pb_row_fullwidth et_pb_row_fullwidth et_pb_row_fullwidth et_pb_row_fullwidth et_pb_row_fullwidth et_pb_row_fullwidth et_pb_row_fullwidth et_pb_row_fullwidth et_pb_row_fullwidth et_pb_row_fullwidth et_pb_row_fullwidth et_pb_row_fullwidth et_pb_row_fullwidth et_pb_row_fullwidth et_pb_row_fullwidth et_pb_row_fullwidth et_pb_row_fullwidth&#8221; _builder_version=&#8221;3.22.3&#8243; box_shadow_style=&#8221;preset3&#8243; box_shadow_horizontal=&#8221;10px&#8221; width=&#8221;100%&#8221; width_tablet=&#8221;100%&#8221; width_last_edited=&#8221;on|desktop&#8221; max_width=&#8221;100%&#8221; max_width_tablet=&#8221;100%&#8221; max_width_last_edited=&#8221;on|desktop&#8221; module_alignment=&#8221;center&#8221; z_index_tablet=&#8221;500&#8243; make_fullwidth=&#8221;on&#8221;][et_pb_column type=&#8221;1_5&#8243; _builder_version=&#8221;3.0.47&#8243;][et_pb_code admin_label=&#8221;fecha 11-18\/07&#8243; module_class=&#8221;fecha-evento&#8221; _builder_version=&#8221;3.22.7&#8243; z_index_tablet=&#8221;500&#8243;]Jul<!\u2013- [et_pb_br_holder] -\u2013><!-- [et_pb_line_break_holder] -->11-18[\/et_pb_code][\/et_pb_column][et_pb_column type=&#8221;3_5&#8243; _builder_version=&#8221;3.0.47&#8243;][et_pb_text admin_label=&#8221;IV Acte Internacional &#8221; _builder_version=&#8221;3.22.7&#8243; z_index_tablet=&#8221;500&#8243;]<\/p>\n<h3>IV Acte Internacional &#8211; Congr\u00e9s Europeu d&#8217;Investigacions Interdisciplin\u00e0ries &#8220;Ci\u00e8ncia, \u00c8tica y Humanisme&#8221;<\/h3>\n<p>Celebraci\u00f3 del IV Congr\u00e9s Internacional de la Reial Acad\u00e8mia en diverses ciutats de la mediterr\u00e0nia. De l&#8217;11 al 18 de Juliol.<\/p>\n<ul>\n<li>Sessi\u00f3 de pon\u00e8ncies multidisciplin\u00e0ries per part d&#8217;Acad\u00e8mics de la RAED.<\/li>\n<li>Visita a la Pontif\u00edcia Acad\u00e8mia de les Ci\u00e8ncies:\n<ul>\n<li>Benvinguda a c\u00e0rrec del gran canceller de l&#8217;Acad\u00e8mia, <strong> Monsenyor Marcelo S\u00e1nchez Sorondo<\/strong>, i del <strong><a href=\"https:\/\/raed.academy\/academicos\/dr-lluis-martinez-sistach\/ \" target=\" _ blank \" rel=\"noopener noreferrer\"> Cardenal Llu\u00eds Mart\u00ednez Sistach<\/a> <\/strong><\/li>\n<li>Di\u00e0leg acad\u00e8mic: <strong> &#8220;Els reptes de la ci\u00e8ncia i l&#8217;humanisme actual vistos des de la perspectiva de les acad\u00e8mies cient\u00edfiques&#8221; <\/strong><\/li>\n<\/ul>\n<\/li>\n<li>Di\u00e0leg Acad\u00e8mic <strong> &#8220;Ci\u00e8ncia i vida d&#8217;un cient\u00edfic&#8221;<\/strong>.<\/li>\n<li>Visita a Valldemossa, Mallorca:\n<ul>\n<li>Roda de premsa a Valldemossa.<\/li>\n<li>Confer\u00e8ncia de la <strong> Sra. Rosa Capllong: &#8220;George Sand i Frederic Chopin, un hivern a Mallorca&#8221;<\/strong><\/li>\n<li>Concert de piano de <strong> Iv\u00e1n Mart\u00edn.<\/strong> Interpretaci\u00f3 de temes de Chopin.<\/li>\n<\/ul>\n<\/li>\n<li>Acte d&#8217;ingr\u00e9s dels Premis Nobel: <a href=\"https:\/\/raed.academy\/academicos\/dr-barry-clark-barish\/\" target=\"_blank\" rel=\"noopener noreferrer\"> <strong> Barry Clark Barish<\/strong><\/a> i <a href=\"https:\/\/raed.academy\/academicos\/dr-richard-royce-schrock\/\" target=\"_blank\" rel=\"noopener noreferrer\"> <strong> Richard Royce Schrock <\/strong><\/a>.<\/li>\n<\/ul>\n<p><strong>Itinerari: Ajaccio &#8211; Civitavecchia &#8211; La Spezia &#8211; G\u00e8nova &#8211; Cannes &#8211; Palma<\/strong> <strong>Data: De l&#8217;11 al 18 de juliol de 2018<\/strong><\/p>\n<h3><a href=\"https:\/\/raed.academy\/ca\/iv-acte-internacional\/\"> M\u00e9s informaci\u00f3 sobre el IV Acte Internacional<\/a><\/h3>\n<p>[\/et_pb_text][\/et_pb_column][et_pb_column type=&#8221;1_5&#8243; _builder_version=&#8221;3.0.47&#8243;][et_pb_gallery gallery_ids=&#8221;47685,47963,47659,55312&#8243; posts_number=&#8221;2&#8243; show_title_and_caption=&#8221;off&#8221; zoom_icon_color=&#8221;#6b5d38&#8243; _builder_version=&#8221;3.22.7&#8243; border_radii_image=&#8221;on|4px|4px|4px|4px&#8221; box_shadow_style_image=&#8221;preset2&#8243; custom_margin=&#8221;10px|||&#8221; custom_margin_tablet=&#8221;25px|||&#8221; custom_margin_last_edited=&#8221;on|desktop&#8221; z_index_tablet=&#8221;500&#8243;][\/et_pb_gallery][\/et_pb_column][\/et_pb_row][et_pb_row admin_label=&#8221;Fila&#8221; _builder_version=&#8221;3.22.3&#8243; background_size=&#8221;initial&#8221; background_position=&#8221;top_left&#8221; background_repeat=&#8221;repeat&#8221;][et_pb_column type=&#8221;4_4&#8243; _builder_version=&#8221;3.0.47&#8243;][et_pb_text admin_label=&#8221;Texto &#8211; SETEMBRE 2018&#8243; _builder_version=&#8221;3.22.7&#8243; z_index_tablet=&#8221;500&#8243;]<\/p>\n<h2>SETEMBRE 2018<\/h2>\n<p>[\/et_pb_text][\/et_pb_column][\/et_pb_row][et_pb_row use_custom_gutter=&#8221;on&#8221; gutter_width=&#8221;1&#8243; make_equal=&#8221;on&#8221; padding_right_2=&#8221;45px&#8221; padding_right_3=&#8221;20px&#8221; padding_2_tablet=&#8221;|20px||&#8221; padding_1_last_edited=&#8221;off|desktop&#8221; padding_2_last_edited=&#8221;on|desktop&#8221; padding_3_last_edited=&#8221;on|phone&#8221; admin_label=&#8221;Fila&#8221; module_id=&#8221;0702&#8243; module_class=&#8221;evento et_pb_row_fullwidth et_pb_row_fullwidth et_pb_row_fullwidth et_pb_row_fullwidth et_pb_row_fullwidth et_pb_row_fullwidth et_pb_row_fullwidth et_pb_row_fullwidth et_pb_row_fullwidth et_pb_row_fullwidth et_pb_row_fullwidth et_pb_row_fullwidth et_pb_row_fullwidth et_pb_row_fullwidth et_pb_row_fullwidth et_pb_row_fullwidth et_pb_row_fullwidth et_pb_row_fullwidth&#8221; _builder_version=&#8221;3.22.3&#8243; border_radii=&#8221;on|3px|3px|3px|3px&#8221; box_shadow_style=&#8221;preset3&#8243; box_shadow_horizontal=&#8221;10px&#8221; width=&#8221;100%&#8221; width_tablet=&#8221;100%&#8221; width_last_edited=&#8221;on|desktop&#8221; max_width=&#8221;100%&#8221; max_width_tablet=&#8221;100%&#8221; max_width_last_edited=&#8221;on|desktop&#8221; module_alignment=&#8221;center&#8221; z_index_tablet=&#8221;500&#8243; make_fullwidth=&#8221;on&#8221;][et_pb_column type=&#8221;1_5&#8243; _builder_version=&#8221;3.0.47&#8243;][et_pb_code admin_label=&#8221;fecha 13\/09&#8243; module_class=&#8221;fecha-evento&#8221; _builder_version=&#8221;3.22.7&#8243; z_index_tablet=&#8221;500&#8243;]Sep<!\u2013- [et_pb_br_holder] -\u2013><!-- [et_pb_line_break_holder] -->13[\/et_pb_code][\/et_pb_column][et_pb_column type=&#8221;3_5&#8243; _builder_version=&#8221;3.0.47&#8243;][et_pb_text admin_label=&#8221;Ingr\u00e9s Josep Maria Ustrell i Torrent&#8221; _builder_version=&#8221;3.22.7&#8243; z_index_tablet=&#8221;500&#8243;]<\/p>\n<h3>Ingr\u00e9s com Acad\u00e8mic de N\u00famero: Josep Maria Ustrell i Torrent<\/h3>\n<p>Discurs d&#8217;ingr\u00e9s: <a href=\"https:\/\/raed.academy\/wp-content\/uploads\/2018\/09\/discurso-ingreso-Josep-Maria-Ustrell-i-Torrent.pdf\" target=\"_blank\" rel=\"noopener noreferrer\"><strong>Perspectiva Human\u00edstica de la Bio\u00e9tica en Estomatolog\u00eda\/Odontolog\u00eda<\/strong><\/a> Discurs de resposta a c\u00e0rrec del <strong><a href=\"https:\/\/raed.academy\/ca\/academics\/dr-ferran-guedea-edo\/\" target=\"_blank\" rel=\"noopener noreferrer\">Dr. Ferran Guedea Edo<\/a><\/strong> Lloc: Sala d&#8217;actes de Foment del Treball \u2013 Via Laietana, 32, Pral, Barcelona Data: 13.09.2018 a les 19:00h<\/p>\n<p>[\/et_pb_text][\/et_pb_column][et_pb_column type=&#8221;1_5&#8243; _builder_version=&#8221;3.0.47&#8243;][et_pb_gallery gallery_ids=&#8221;56120&#8243; posts_number=&#8221;1&#8243; show_title_and_caption=&#8221;off&#8221; show_pagination=&#8221;off&#8221; zoom_icon_color=&#8221;#6b5d38&#8243; _builder_version=&#8221;3.22.7&#8243; border_radii_image=&#8221;on|4px|4px|4px|4px&#8221; box_shadow_style_image=&#8221;preset2&#8243; custom_margin=&#8221;10px|||&#8221; custom_margin_tablet=&#8221;25px|||&#8221; custom_margin_last_edited=&#8221;on|desktop&#8221; z_index_tablet=&#8221;500&#8243;][\/et_pb_gallery][\/et_pb_column][\/et_pb_row][et_pb_row use_custom_gutter=&#8221;on&#8221; gutter_width=&#8221;1&#8243; make_equal=&#8221;on&#8221; padding_right_2=&#8221;45px&#8221; padding_right_3=&#8221;20px&#8221; padding_2_tablet=&#8221;|20px||&#8221; padding_1_last_edited=&#8221;off|desktop&#8221; padding_2_last_edited=&#8221;on|desktop&#8221; padding_3_last_edited=&#8221;on|phone&#8221; admin_label=&#8221;Fila&#8221; module_id=&#8221;0702&#8243; module_class=&#8221;evento et_pb_row_fullwidth et_pb_row_fullwidth et_pb_row_fullwidth et_pb_row_fullwidth et_pb_row_fullwidth et_pb_row_fullwidth et_pb_row_fullwidth et_pb_row_fullwidth et_pb_row_fullwidth et_pb_row_fullwidth et_pb_row_fullwidth et_pb_row_fullwidth et_pb_row_fullwidth et_pb_row_fullwidth et_pb_row_fullwidth et_pb_row_fullwidth et_pb_row_fullwidth et_pb_row_fullwidth&#8221; _builder_version=&#8221;3.22.3&#8243; border_radii=&#8221;on|3px|3px|3px|3px&#8221; box_shadow_style=&#8221;preset3&#8243; box_shadow_horizontal=&#8221;10px&#8221; width=&#8221;100%&#8221; width_tablet=&#8221;100%&#8221; width_last_edited=&#8221;on|desktop&#8221; max_width=&#8221;100%&#8221; max_width_tablet=&#8221;100%&#8221; max_width_last_edited=&#8221;on|desktop&#8221; module_alignment=&#8221;center&#8221; z_index_tablet=&#8221;500&#8243; make_fullwidth=&#8221;on&#8221;][et_pb_column type=&#8221;1_5&#8243; _builder_version=&#8221;3.0.47&#8243;][et_pb_code admin_label=&#8221;fecha 20\/09&#8243; module_class=&#8221;fecha-evento&#8221; _builder_version=&#8221;3.22.7&#8243; z_index_tablet=&#8221;500&#8243;]Sep<!\u2013- [et_pb_br_holder] -\u2013><!-- [et_pb_line_break_holder] -->20[\/et_pb_code][\/et_pb_column][et_pb_column type=&#8221;3_5&#8243; _builder_version=&#8221;3.0.47&#8243;][et_pb_text admin_label=&#8221;Ingr\u00e9s Rafael Urrialde de Andr\u00e9s&#8221; _builder_version=&#8221;3.22.7&#8243; z_index_tablet=&#8221;500&#8243;]<\/p>\n<h3>Ingr\u00e9s com Acad\u00e8mic Corresponent: <a href=\"https:\/\/raed.academy\/ca\/academics\/dr-rafael-urrialde-de-andres\/\" target=\"_blank\" rel=\"noopener noreferrer\">Rafael Urrialde de Andr\u00e9s<\/a><\/h3>\n<p>Discurs d&#8217;ingr\u00e9s: <strong>Evoluci\u00f3n de la Informaci\u00f3n Relacionada con la Alimentaci\u00f3n y la Nutrici\u00f3n: Retos de Adaptaci\u00f3n por el Consumidor<\/strong> Discurs de resposta a c\u00e0rrec del <a href=\"https:\/\/raed.academy\/ca\/academics\/dr-lluis-serra-majem\/\" target=\"_blank\" rel=\"noopener noreferrer\"><strong>Dr. Llu\u00eds Serra Majem<\/strong><\/a> Lloc: Sala d&#8217;actes de Foment de treball &#8211; Via Laietana, 32, Pral, Barcelona Data: 20.09.2018 a les 19:30h<\/p>\n<p>[\/et_pb_text][\/et_pb_column][et_pb_column type=&#8221;1_5&#8243; _builder_version=&#8221;3.0.47&#8243;][et_pb_gallery gallery_ids=&#8221;56599&#8243; posts_number=&#8221;1&#8243; show_title_and_caption=&#8221;off&#8221; show_pagination=&#8221;off&#8221; zoom_icon_color=&#8221;#6b5d38&#8243; _builder_version=&#8221;3.22.7&#8243; border_radii_image=&#8221;on|4px|4px|4px|4px&#8221; box_shadow_style_image=&#8221;preset2&#8243; custom_margin=&#8221;10px|||&#8221; custom_margin_tablet=&#8221;25px|||&#8221; custom_margin_last_edited=&#8221;on|desktop&#8221; z_index_tablet=&#8221;500&#8243;][\/et_pb_gallery][\/et_pb_column][\/et_pb_row][et_pb_row use_custom_gutter=&#8221;on&#8221; gutter_width=&#8221;1&#8243; make_equal=&#8221;on&#8221; padding_right_2=&#8221;45px&#8221; padding_right_3=&#8221;20px&#8221; padding_2_tablet=&#8221;|20px||&#8221; padding_1_last_edited=&#8221;off|desktop&#8221; padding_2_last_edited=&#8221;on|desktop&#8221; padding_3_last_edited=&#8221;on|phone&#8221; admin_label=&#8221;Fila&#8221; module_id=&#8221;0702&#8243; module_class=&#8221;evento et_pb_row_fullwidth et_pb_row_fullwidth et_pb_row_fullwidth et_pb_row_fullwidth et_pb_row_fullwidth et_pb_row_fullwidth et_pb_row_fullwidth et_pb_row_fullwidth et_pb_row_fullwidth et_pb_row_fullwidth et_pb_row_fullwidth et_pb_row_fullwidth et_pb_row_fullwidth et_pb_row_fullwidth et_pb_row_fullwidth et_pb_row_fullwidth et_pb_row_fullwidth et_pb_row_fullwidth&#8221; _builder_version=&#8221;3.22.3&#8243; border_radii=&#8221;on|3px|3px|3px|3px&#8221; box_shadow_style=&#8221;preset3&#8243; box_shadow_horizontal=&#8221;10px&#8221; width=&#8221;100%&#8221; width_tablet=&#8221;100%&#8221; width_last_edited=&#8221;on|desktop&#8221; max_width=&#8221;100%&#8221; max_width_tablet=&#8221;100%&#8221; max_width_last_edited=&#8221;on|desktop&#8221; module_alignment=&#8221;center&#8221; z_index_tablet=&#8221;500&#8243; make_fullwidth=&#8221;on&#8221;][et_pb_column type=&#8221;1_5&#8243; _builder_version=&#8221;3.0.47&#8243;][et_pb_code admin_label=&#8221;fecha 21\/09&#8243; module_class=&#8221;fecha-evento&#8221; _builder_version=&#8221;3.22.7&#8243; z_index_tablet=&#8221;500&#8243;]Sep<!\u2013- [et_pb_br_holder] -\u2013><!-- [et_pb_line_break_holder] -->21[\/et_pb_code][\/et_pb_column][et_pb_column type=&#8221;3_5&#8243; _builder_version=&#8221;3.0.47&#8243;][et_pb_text admin_label=&#8221;6\u00e8 concert del cicle %22Concerts Amb \u00c0nima%22&#8243; _builder_version=&#8221;3.22.7&#8243; z_index_tablet=&#8221;500&#8243;]<\/p>\n<h3>6\u00e8 concert del cicle &#8220;Concerts Amb \u00c0nima&#8221;.<\/h3>\n<p>Int\u00e8rpret: <strong>Edith Pe\u00f1a, pianista<\/strong> Lloc: Sala dels Atlantes del Reial Cercle Art\u00edstic de Barcelona, Carrer dels Arcs, 5, 08002 Barcelona Data: 21.09.2018 a les 19:30h<\/p>\n<p>[\/et_pb_text][\/et_pb_column][et_pb_column type=&#8221;1_5&#8243; _builder_version=&#8221;3.0.47&#8243;][et_pb_gallery gallery_ids=&#8221;56730&#8243; posts_number=&#8221;1&#8243; show_title_and_caption=&#8221;off&#8221; show_pagination=&#8221;off&#8221; zoom_icon_color=&#8221;#6b5d38&#8243; _builder_version=&#8221;3.22.7&#8243; border_radii_image=&#8221;on|4px|4px|4px|4px&#8221; box_shadow_style_image=&#8221;preset2&#8243; custom_margin=&#8221;10px|||&#8221; custom_margin_tablet=&#8221;25px|||&#8221; custom_margin_last_edited=&#8221;on|desktop&#8221; z_index_tablet=&#8221;500&#8243;][\/et_pb_gallery][\/et_pb_column][\/et_pb_row][et_pb_row use_custom_gutter=&#8221;on&#8221; gutter_width=&#8221;1&#8243; make_equal=&#8221;on&#8221; padding_right_2=&#8221;45px&#8221; padding_right_3=&#8221;20px&#8221; padding_2_tablet=&#8221;|20px||&#8221; padding_1_last_edited=&#8221;off|desktop&#8221; padding_2_last_edited=&#8221;on|desktop&#8221; padding_3_last_edited=&#8221;on|phone&#8221; admin_label=&#8221;Fila&#8221; module_id=&#8221;0702&#8243; module_class=&#8221;evento et_pb_row_fullwidth et_pb_row_fullwidth et_pb_row_fullwidth et_pb_row_fullwidth et_pb_row_fullwidth et_pb_row_fullwidth et_pb_row_fullwidth et_pb_row_fullwidth et_pb_row_fullwidth et_pb_row_fullwidth et_pb_row_fullwidth et_pb_row_fullwidth et_pb_row_fullwidth et_pb_row_fullwidth et_pb_row_fullwidth et_pb_row_fullwidth et_pb_row_fullwidth et_pb_row_fullwidth&#8221; _builder_version=&#8221;3.22.3&#8243; border_radii=&#8221;on|3px|3px|3px|3px&#8221; box_shadow_style=&#8221;preset3&#8243; box_shadow_horizontal=&#8221;10px&#8221; width=&#8221;100%&#8221; width_tablet=&#8221;100%&#8221; width_last_edited=&#8221;on|desktop&#8221; max_width=&#8221;100%&#8221; max_width_tablet=&#8221;100%&#8221; max_width_last_edited=&#8221;on|desktop&#8221; module_alignment=&#8221;center&#8221; z_index_tablet=&#8221;500&#8243; make_fullwidth=&#8221;on&#8221;][et_pb_column type=&#8221;1_5&#8243; _builder_version=&#8221;3.0.47&#8243;][et_pb_code admin_label=&#8221;fecha 26\/09&#8243; module_class=&#8221;fecha-evento&#8221; _builder_version=&#8221;3.22.7&#8243; z_index_tablet=&#8221;500&#8243;]Sep<!\u2013- [et_pb_br_holder] -\u2013><!-- [et_pb_line_break_holder] -->26[\/et_pb_code][\/et_pb_column][et_pb_column type=&#8221;3_5&#8243; _builder_version=&#8221;3.0.47&#8243;][et_pb_text admin_label=&#8221;Concert extraordinari&#8221; _builder_version=&#8221;3.22.7&#8243; z_index_tablet=&#8221;500&#8243;]<\/p>\n<h3>Concert extraordinari<\/h3>\n<p>Int\u00e8rpret: <strong>Facundo Gonz\u00e1lez Laborde<\/strong>, pianista Lloc: Sala dels Atlantes del Reial Cercle Art\u00edstic de Barcelona, Carrer dels Arcs, 5, 08002 Barcelona Data: 26.09.2018 a las 19:30h<\/p>\n<p>[\/et_pb_text][\/et_pb_column][et_pb_column type=&#8221;1_5&#8243; _builder_version=&#8221;3.0.47&#8243;][et_pb_gallery gallery_ids=&#8221;56842&#8243; posts_number=&#8221;1&#8243; show_title_and_caption=&#8221;off&#8221; show_pagination=&#8221;off&#8221; zoom_icon_color=&#8221;#6b5d38&#8243; _builder_version=&#8221;3.22.7&#8243; border_radii_image=&#8221;on|4px|4px|4px|4px&#8221; box_shadow_style_image=&#8221;preset2&#8243; custom_margin=&#8221;10px|||&#8221; custom_margin_tablet=&#8221;25px|||&#8221; custom_margin_last_edited=&#8221;on|desktop&#8221; z_index_tablet=&#8221;500&#8243;][\/et_pb_gallery][\/et_pb_column][\/et_pb_row][et_pb_row admin_label=&#8221;Fila&#8221; _builder_version=&#8221;3.22.3&#8243; background_size=&#8221;initial&#8221; background_position=&#8221;top_left&#8221; background_repeat=&#8221;repeat&#8221;][et_pb_column type=&#8221;4_4&#8243; _builder_version=&#8221;3.0.47&#8243;][et_pb_text admin_label=&#8221;Texto &#8211; OCTUBRE 2018&#8243; _builder_version=&#8221;3.22.7&#8243; z_index_tablet=&#8221;500&#8243;]<\/p>\n<h2>OCTUBRE 2018<\/h2>\n<p>[\/et_pb_text][\/et_pb_column][\/et_pb_row][et_pb_row use_custom_gutter=&#8221;on&#8221; gutter_width=&#8221;1&#8243; make_equal=&#8221;on&#8221; padding_right_2=&#8221;45px&#8221; padding_right_3=&#8221;20px&#8221; padding_2_tablet=&#8221;|20px||&#8221; padding_1_last_edited=&#8221;off|desktop&#8221; padding_2_last_edited=&#8221;on|desktop&#8221; padding_3_last_edited=&#8221;on|phone&#8221; admin_label=&#8221;Fila&#8221; module_id=&#8221;0702&#8243; module_class=&#8221;evento et_pb_row_fullwidth et_pb_row_fullwidth et_pb_row_fullwidth et_pb_row_fullwidth et_pb_row_fullwidth et_pb_row_fullwidth et_pb_row_fullwidth et_pb_row_fullwidth et_pb_row_fullwidth et_pb_row_fullwidth et_pb_row_fullwidth et_pb_row_fullwidth et_pb_row_fullwidth et_pb_row_fullwidth et_pb_row_fullwidth et_pb_row_fullwidth et_pb_row_fullwidth et_pb_row_fullwidth&#8221; _builder_version=&#8221;3.22.3&#8243; border_radii=&#8221;on|3px|3px|3px|3px&#8221; box_shadow_style=&#8221;preset3&#8243; box_shadow_horizontal=&#8221;10px&#8221; width=&#8221;100%&#8221; width_tablet=&#8221;100%&#8221; width_last_edited=&#8221;on|desktop&#8221; max_width=&#8221;100%&#8221; max_width_tablet=&#8221;100%&#8221; max_width_last_edited=&#8221;on|desktop&#8221; module_alignment=&#8221;center&#8221; z_index_tablet=&#8221;500&#8243; make_fullwidth=&#8221;on&#8221;][et_pb_column type=&#8221;1_5&#8243; _builder_version=&#8221;3.0.47&#8243;][et_pb_code admin_label=&#8221;fecha 4\/10&#8243; module_class=&#8221;fecha-evento&#8221; _builder_version=&#8221;3.22.7&#8243; z_index_tablet=&#8221;500&#8243;]Oct<!\u2013- [et_pb_br_holder] -\u2013><!-- [et_pb_line_break_holder] -->4[\/et_pb_code][\/et_pb_column][et_pb_column type=&#8221;3_5&#8243; _builder_version=&#8221;3.0.47&#8243;][et_pb_text admin_label=&#8221;Ingr\u00e9s Jes\u00fas Lafuente Baraza&#8221; _builder_version=&#8221;3.22.7&#8243; z_index_tablet=&#8221;500&#8243;]<\/p>\n<h3>Ingr\u00e9s com Acad\u00e8mic Corresponent: <a href=\"https:\/\/raed.academy\/ca\/academics\/dr-jesus-lafuente-baraza\/\" target=\"_blank\" rel=\"noopener noreferrer\">Jes\u00fas Lafuente Baraza<\/a><\/h3>\n<p>Discurs d&#8217;ingr\u00e9s: <strong>Los retos de la neurocirug\u00eda en el siglo XXI<\/strong> Discurs de resposta a c\u00e0rrec del <a href=\"https:\/\/raed.academy\/ca\/academics\/dr-luis-carriere-lluch\/\" target=\"_blank\" rel=\"noopener noreferrer\"><strong>Dr. Luis Carriere Lluch<\/strong><\/a> Lloc: Sala d&#8217;actes de Foment del Treball \u2013 Via Laietana, 32, Pral, Barcelona Data: 04.10.2018 a las 19:30h<\/p>\n<p>[\/et_pb_text][\/et_pb_column][et_pb_column type=&#8221;1_5&#8243; _builder_version=&#8221;3.0.47&#8243;][et_pb_gallery gallery_ids=&#8221;57763&#8243; posts_number=&#8221;1&#8243; show_title_and_caption=&#8221;off&#8221; show_pagination=&#8221;off&#8221; zoom_icon_color=&#8221;#6b5d38&#8243; _builder_version=&#8221;3.22.7&#8243; border_radii_image=&#8221;on|4px|4px|4px|4px&#8221; box_shadow_style_image=&#8221;preset2&#8243; custom_margin=&#8221;10px|||&#8221; custom_margin_tablet=&#8221;25px|||&#8221; custom_margin_last_edited=&#8221;on|desktop&#8221; z_index_tablet=&#8221;500&#8243;][\/et_pb_gallery][\/et_pb_column][\/et_pb_row][et_pb_row use_custom_gutter=&#8221;on&#8221; gutter_width=&#8221;1&#8243; make_equal=&#8221;on&#8221; padding_right_2=&#8221;45px&#8221; padding_right_3=&#8221;20px&#8221; padding_2_tablet=&#8221;|20px||&#8221; padding_1_last_edited=&#8221;off|desktop&#8221; padding_2_last_edited=&#8221;on|desktop&#8221; padding_3_last_edited=&#8221;on|phone&#8221; admin_label=&#8221;Fila&#8221; module_id=&#8221;0702&#8243; module_class=&#8221;evento et_pb_row_fullwidth et_pb_row_fullwidth et_pb_row_fullwidth et_pb_row_fullwidth et_pb_row_fullwidth et_pb_row_fullwidth et_pb_row_fullwidth et_pb_row_fullwidth et_pb_row_fullwidth et_pb_row_fullwidth et_pb_row_fullwidth et_pb_row_fullwidth et_pb_row_fullwidth et_pb_row_fullwidth et_pb_row_fullwidth et_pb_row_fullwidth et_pb_row_fullwidth et_pb_row_fullwidth&#8221; _builder_version=&#8221;3.22.3&#8243; border_radii=&#8221;on|3px|3px|3px|3px&#8221; box_shadow_style=&#8221;preset3&#8243; box_shadow_horizontal=&#8221;10px&#8221; width=&#8221;100%&#8221; width_tablet=&#8221;100%&#8221; width_last_edited=&#8221;on|desktop&#8221; max_width=&#8221;100%&#8221; max_width_tablet=&#8221;100%&#8221; max_width_last_edited=&#8221;on|desktop&#8221; module_alignment=&#8221;center&#8221; z_index_tablet=&#8221;500&#8243; make_fullwidth=&#8221;on&#8221;][et_pb_column type=&#8221;1_5&#8243; _builder_version=&#8221;3.0.47&#8243;][et_pb_code admin_label=&#8221;fecha 9-15\/10&#8243; module_class=&#8221;fecha-evento&#8221; _builder_version=&#8221;3.22.7&#8243; z_index_tablet=&#8221;500&#8243;]Oct<!\u2013- [et_pb_br_holder] -\u2013><!-- [et_pb_line_break_holder] -->9-15[\/et_pb_code][\/et_pb_column][et_pb_column type=&#8221;3_5&#8243; _builder_version=&#8221;3.0.47&#8243;][et_pb_text admin_label=&#8221;Concert extraordinari&#8221; _builder_version=&#8221;3.22.7&#8243; z_index_tablet=&#8221;500&#8243;]<\/p>\n<h3>Congr\u00e9s \u201cInvestigaci\u00f3n multidisciplinaria para una futuro sustentable\u201d<\/h3>\n<h4 style=\"text-align: center;\">M\u00e9xic &#8211; Del 9 al 15 d&#8217;octubre de 2018<\/h4>\n<p>La Reial Acad\u00e8mia es despla\u00e7a a M\u00e8xic para participar en el Congr\u00e9s d&#8217;Investigacions que organitza juntament amb la Comunitat d&#8217;Institucions d&#8217;Educaci\u00f3 Superior de La Laguna (Cieslag), y atorgar el seu segon premi a la millor tesi doctoral presentada als diferents centres de la Cieslag, cumplint amb el conveni subscrit el 2015. El congr\u00e9s se celebrar\u00e0 juntament amb la 9a Trobada Regional d&#8217;Investigacions i la 8a Trobada de Joves Investigadors, en qu\u00e8 la RAED tamb\u00e9 participar\u00e0 activament. Constituents de la delegaci\u00f3 representant de la RAED:<\/p>\n<ul>\n<li><a href=\"https:\/\/raed.academy\/ca\/academics\/dr-alfredo-rocafort-nicolau\/\" target=\"_blank\" rel=\"noopener noreferrer\"><strong>Alfredo Rocafort<\/strong><\/a>, president<\/li>\n<li><a href=\"https:\/\/raed.academy\/ca\/academics\/dr-xabier-anoveros-trias-de-bes\/\" target=\"_blank\" rel=\"noopener noreferrer\"><strong>Xabier A\u00f1overos<\/strong><\/a>, vicepresident<\/li>\n<li><a href=\"https:\/\/raed.academy\/ca\/academics\/dr-jose-ramon-calvo-fernandez\/\" target=\"_blank\" rel=\"noopener noreferrer\"><strong>Jos\u00e9 Ram\u00f3n Calvo<\/strong><\/a>, president de l&#8217;Institut d&#8217;Investigacions Interdisciplin\u00e0ries<\/li>\n<li><a href=\"https:\/\/raed.academy\/ca\/academics\/dr-jordi-marti-pidelaserra\/\" target=\"_blank\" rel=\"noopener noreferrer\"><strong>Jordi Mart\u00ed<\/strong><\/a>, membre de la Junta de Gobern<\/li>\n<\/ul>\n<h3><a href=\"https:\/\/raed.academy\/ca\/pont-academic-amb-mexic\/\">M\u00e9s informaci\u00f3 sobre l&#8217;event<\/a><\/h3>\n<p>[\/et_pb_text][\/et_pb_column][et_pb_column type=&#8221;1_5&#8243; _builder_version=&#8221;3.0.47&#8243;][et_pb_gallery gallery_ids=&#8221;59454,59448,59430&#8243; posts_number=&#8221;1&#8243; show_title_and_caption=&#8221;off&#8221; show_pagination=&#8221;off&#8221; zoom_icon_color=&#8221;#6b5d38&#8243; _builder_version=&#8221;3.22.7&#8243; border_radii_image=&#8221;on|4px|4px|4px|4px&#8221; box_shadow_style_image=&#8221;preset2&#8243; custom_margin=&#8221;10px|||&#8221; custom_margin_tablet=&#8221;25px|||&#8221; custom_margin_last_edited=&#8221;on|desktop&#8221; z_index_tablet=&#8221;500&#8243;][\/et_pb_gallery][\/et_pb_column][\/et_pb_row][et_pb_row use_custom_gutter=&#8221;on&#8221; gutter_width=&#8221;1&#8243; make_equal=&#8221;on&#8221; padding_right_2=&#8221;45px&#8221; padding_right_3=&#8221;20px&#8221; padding_2_tablet=&#8221;|20px||&#8221; padding_1_last_edited=&#8221;off|desktop&#8221; padding_2_last_edited=&#8221;on|desktop&#8221; padding_3_last_edited=&#8221;on|phone&#8221; admin_label=&#8221;Fila&#8221; module_id=&#8221;0702&#8243; module_class=&#8221;evento et_pb_row_fullwidth et_pb_row_fullwidth et_pb_row_fullwidth et_pb_row_fullwidth et_pb_row_fullwidth et_pb_row_fullwidth et_pb_row_fullwidth et_pb_row_fullwidth et_pb_row_fullwidth et_pb_row_fullwidth et_pb_row_fullwidth et_pb_row_fullwidth et_pb_row_fullwidth et_pb_row_fullwidth et_pb_row_fullwidth et_pb_row_fullwidth et_pb_row_fullwidth et_pb_row_fullwidth&#8221; _builder_version=&#8221;3.22.3&#8243; border_radii=&#8221;on|3px|3px|3px|3px&#8221; box_shadow_style=&#8221;preset3&#8243; box_shadow_horizontal=&#8221;10px&#8221; width=&#8221;100%&#8221; width_tablet=&#8221;100%&#8221; width_last_edited=&#8221;on|desktop&#8221; max_width=&#8221;100%&#8221; max_width_tablet=&#8221;100%&#8221; max_width_last_edited=&#8221;on|desktop&#8221; module_alignment=&#8221;center&#8221; z_index_tablet=&#8221;500&#8243; make_fullwidth=&#8221;on&#8221;][et_pb_column type=&#8221;1_5&#8243; _builder_version=&#8221;3.0.47&#8243;][et_pb_code admin_label=&#8221;fecha 23\/10&#8243; module_class=&#8221;fecha-evento&#8221; _builder_version=&#8221;3.22.7&#8243; z_index_tablet=&#8221;500&#8243;]Oct<!\u2013- [et_pb_br_holder] -\u2013><!-- [et_pb_line_break_holder] -->23[\/et_pb_code][\/et_pb_column][et_pb_column type=&#8221;3_5&#8243; _builder_version=&#8221;3.0.47&#8243;][et_pb_text admin_label=&#8221;Ingr\u00e9s Pere-Joan Cardona Iglesias&#8221; _builder_version=&#8221;3.22.7&#8243; z_index_tablet=&#8221;500&#8243;]<\/p>\n<h3>Ingr\u00e9s com Acad\u00e8mic Numerari: <a href=\"https:\/\/raed.academy\/ca\/academics\/dr-pere-joan-cardona-iglesias\/\" target=\"_blank\" rel=\"noopener noreferrer\"><strong>Pere-Joan Cardona Iglesias<\/strong><\/a><\/h3>\n<p>Discurs d&#8217;ingr\u00e9s: <a href=\"https:\/\/raed.academy\/wp-content\/uploads\/2018\/10\/discurso-ingreso-Pere-Joan-Cardona-Iglesias-La-Unitat-de-Tuberculosi-Experimental.pdf\" target=\"_blank\" rel=\"noopener noreferrer\"><strong>La unitat de tuberculosi i experimental. 20 anys d&#8217;hist\u00f2ria<\/strong><\/a> Discurs de resposta a c\u00e0rrec del <a href=\"https:\/\/raed.academy\/ca\/academics\/dr-emili-gironella-masgrau\/\" target=\"_blank\" rel=\"noopener noreferrer\"><strong>Dr. Emili Gironella<\/strong><\/a> Lloc: Sala d&#8217;actes de Foment del Treball \u2013 Via Laietana, 32, Pral, Barcelona Data: 23.10.2018 a las 19:30h<\/p>\n<p>[\/et_pb_text][\/et_pb_column][et_pb_column type=&#8221;1_5&#8243; _builder_version=&#8221;3.0.47&#8243;][et_pb_gallery gallery_ids=&#8221;59935&#8243; posts_number=&#8221;1&#8243; show_title_and_caption=&#8221;off&#8221; show_pagination=&#8221;off&#8221; zoom_icon_color=&#8221;#6b5d38&#8243; _builder_version=&#8221;3.22.7&#8243; border_radii_image=&#8221;on|4px|4px|4px|4px&#8221; box_shadow_style_image=&#8221;preset2&#8243; custom_margin=&#8221;10px|||&#8221; custom_margin_tablet=&#8221;25px|||&#8221; custom_margin_last_edited=&#8221;on|desktop&#8221; z_index_tablet=&#8221;500&#8243;][\/et_pb_gallery][\/et_pb_column][\/et_pb_row][et_pb_row use_custom_gutter=&#8221;on&#8221; gutter_width=&#8221;1&#8243; make_equal=&#8221;on&#8221; padding_right_2=&#8221;45px&#8221; padding_right_3=&#8221;20px&#8221; padding_2_tablet=&#8221;|20px||&#8221; padding_1_last_edited=&#8221;off|desktop&#8221; padding_2_last_edited=&#8221;on|desktop&#8221; padding_3_last_edited=&#8221;on|phone&#8221; admin_label=&#8221;Fila&#8221; module_id=&#8221;0702&#8243; module_class=&#8221;evento et_pb_row_fullwidth et_pb_row_fullwidth et_pb_row_fullwidth et_pb_row_fullwidth et_pb_row_fullwidth et_pb_row_fullwidth et_pb_row_fullwidth et_pb_row_fullwidth et_pb_row_fullwidth et_pb_row_fullwidth et_pb_row_fullwidth et_pb_row_fullwidth et_pb_row_fullwidth et_pb_row_fullwidth et_pb_row_fullwidth et_pb_row_fullwidth et_pb_row_fullwidth et_pb_row_fullwidth&#8221; _builder_version=&#8221;3.22.3&#8243; border_radii=&#8221;on|3px|3px|3px|3px&#8221; box_shadow_style=&#8221;preset3&#8243; box_shadow_horizontal=&#8221;10px&#8221; width=&#8221;100%&#8221; width_tablet=&#8221;100%&#8221; width_last_edited=&#8221;on|desktop&#8221; max_width=&#8221;100%&#8221; max_width_tablet=&#8221;100%&#8221; max_width_last_edited=&#8221;on|desktop&#8221; module_alignment=&#8221;center&#8221; z_index_tablet=&#8221;500&#8243; make_fullwidth=&#8221;on&#8221;][et_pb_column type=&#8221;1_5&#8243; _builder_version=&#8221;3.0.47&#8243;][et_pb_code admin_label=&#8221;fecha 30\/10&#8243; module_class=&#8221;fecha-evento&#8221; _builder_version=&#8221;3.22.7&#8243; z_index_tablet=&#8221;500&#8243;]Oct<!\u2013- [et_pb_br_holder] -\u2013><!-- [et_pb_line_break_holder] -->30[\/et_pb_code][\/et_pb_column][et_pb_column type=&#8221;3_5&#8243; _builder_version=&#8221;3.0.47&#8243;][et_pb_text admin_label=&#8221;Ingr\u00e9s Mari\u00e0ngela Vilallonga Vives&#8221; _builder_version=&#8221;3.22.7&#8243; z_index_tablet=&#8221;500&#8243;]<\/p>\n<h3>Ingr\u00e9s com Acad\u00e8mica Numer\u00e0ria: <a href=\"https:\/\/raed.academy\/ca\/academics\/dra-mariangela-vilallonga-vives\/\" target=\"_blank\" rel=\"noopener noreferrer\">Mari\u00e0ngela Vilallonga Vives<\/a><\/h3>\n<p>Discurs d&#8217;ingr\u00e9s: <a href=\"https:\/\/raed.academy\/wp-content\/uploads\/2018\/10\/discurso-ingreso-RAED-Mariangela-Vilallonga-Vives.pdf\" target=\"_blank\" rel=\"noopener noreferrer\"><strong>Noucentisme, avantguardisme i model de pa\u00eds: la centralitat de la cultura<\/strong><\/a> Discurs de resposta a c\u00e0rrec de la <a href=\"https:\/\/raed.academy\/ca\/academics\/dra-maria-dels-angels-calvo-torras\/\" target=\"_blank\" rel=\"noopener noreferrer\"><strong>Dra. Maria dels \u00c0ngels Calvo<\/strong><\/a> Data: 30.10.2018 a les 19:30h<\/p>\n<p>[\/et_pb_text][\/et_pb_column][et_pb_column type=&#8221;1_5&#8243; _builder_version=&#8221;3.0.47&#8243;][et_pb_gallery gallery_ids=&#8221;60449&#8243; posts_number=&#8221;1&#8243; show_title_and_caption=&#8221;off&#8221; show_pagination=&#8221;off&#8221; zoom_icon_color=&#8221;#6b5d38&#8243; _builder_version=&#8221;3.22.7&#8243; border_radii_image=&#8221;on|4px|4px|4px|4px&#8221; box_shadow_style_image=&#8221;preset2&#8243; custom_margin=&#8221;10px|||&#8221; custom_margin_tablet=&#8221;25px|||&#8221; custom_margin_last_edited=&#8221;on|desktop&#8221; z_index_tablet=&#8221;500&#8243;][\/et_pb_gallery][\/et_pb_column][\/et_pb_row][et_pb_row admin_label=&#8221;Fila&#8221; _builder_version=&#8221;3.22.3&#8243; background_size=&#8221;initial&#8221; background_position=&#8221;top_left&#8221; background_repeat=&#8221;repeat&#8221;][et_pb_column type=&#8221;4_4&#8243; _builder_version=&#8221;3.0.47&#8243;][et_pb_text admin_label=&#8221;Texto &#8211; NOVEMBRE 2018&#8243; _builder_version=&#8221;3.22.7&#8243; z_index_tablet=&#8221;500&#8243;]<\/p>\n<h2>NOVEMBRE 2018<\/h2>\n<p>[\/et_pb_text][\/et_pb_column][\/et_pb_row][et_pb_row use_custom_gutter=&#8221;on&#8221; gutter_width=&#8221;1&#8243; make_equal=&#8221;on&#8221; padding_right_2=&#8221;45px&#8221; padding_right_3=&#8221;20px&#8221; padding_2_tablet=&#8221;|20px||&#8221; padding_1_last_edited=&#8221;off|desktop&#8221; padding_2_last_edited=&#8221;on|desktop&#8221; padding_3_last_edited=&#8221;on|phone&#8221; admin_label=&#8221;Fila&#8221; module_id=&#8221;0702&#8243; module_class=&#8221;evento et_pb_row_fullwidth et_pb_row_fullwidth et_pb_row_fullwidth et_pb_row_fullwidth et_pb_row_fullwidth et_pb_row_fullwidth et_pb_row_fullwidth et_pb_row_fullwidth et_pb_row_fullwidth et_pb_row_fullwidth et_pb_row_fullwidth et_pb_row_fullwidth et_pb_row_fullwidth et_pb_row_fullwidth et_pb_row_fullwidth et_pb_row_fullwidth et_pb_row_fullwidth et_pb_row_fullwidth&#8221; _builder_version=&#8221;3.22.3&#8243; border_radii=&#8221;on|3px|3px|3px|3px&#8221; box_shadow_style=&#8221;preset3&#8243; box_shadow_horizontal=&#8221;10px&#8221; width=&#8221;100%&#8221; width_tablet=&#8221;100%&#8221; width_last_edited=&#8221;on|desktop&#8221; max_width=&#8221;100%&#8221; max_width_tablet=&#8221;100%&#8221; max_width_last_edited=&#8221;on|desktop&#8221; module_alignment=&#8221;center&#8221; z_index_tablet=&#8221;500&#8243; make_fullwidth=&#8221;on&#8221;][et_pb_column type=&#8221;1_5&#8243; _builder_version=&#8221;3.0.47&#8243;][et_pb_code admin_label=&#8221;fecha 08\/11&#8243; module_class=&#8221;fecha-evento&#8221; _builder_version=&#8221;3.22.7&#8243; z_index_tablet=&#8221;500&#8243;]Nov<!\u2013- [et_pb_br_holder] -\u2013><!-- [et_pb_line_break_holder] -->8[\/et_pb_code][\/et_pb_column][et_pb_column type=&#8221;3_5&#8243; _builder_version=&#8221;3.0.47&#8243;][et_pb_text admin_label=&#8221;Ingr\u00e9s Sonia Fern\u00e1ndez Vidal&#8221; _builder_version=&#8221;3.22.7&#8243; z_index_tablet=&#8221;500&#8243;]<\/p>\n<h3>Ingr\u00e9s com Acad\u00e8mica Numer\u00e0ria:\u00a0<strong><a href=\"https:\/\/raed.academy\/ca\/academics\/dra-sonia-fernandez-vidal\/\" target=\"_blank\" rel=\"noopener noreferrer\">Sonia Fern\u00e1ndez Vidal<\/a>, Doctora en F\u00edsica<\/strong><\/h3>\n<p>Discurs d&#8217;ingr\u00e9s: <strong><a href=\"https:\/\/raed.academy\/wp-content\/uploads\/2018\/11\/Discurso-ingreso-Sonia-Fernandez-Vidal-abrir-las-puertas-de-la-biblioteca-de-Alejandria.pdf\" target=\"_blank\" rel=\"noopener noreferrer\">Obrir les portes de la Biblioteca d \u0301Alexandria<\/a> <\/strong>Discurs de resposta: <a href=\"https:\/\/raed.academy\/ca\/academics\/dr-jose-ramon-calvo-fernandez\/\" target=\"_blank\" rel=\"noopener noreferrer\"><strong>Dr. Jos\u00e9 Ram\u00f3n Calvo Fern\u00e1ndez<\/strong><\/a> Lloc: Sala d&#8217;actes de Foment del Treball \u2013 Via Laietana, 32, Pral, Barcelona Data: 08.11.2018 a les 19:00h<\/p>\n<p>[\/et_pb_text][\/et_pb_column][et_pb_column type=&#8221;1_5&#8243; _builder_version=&#8221;3.0.47&#8243;][et_pb_gallery gallery_ids=&#8221;60967,61009&#8243; posts_number=&#8221;1&#8243; show_title_and_caption=&#8221;off&#8221; show_pagination=&#8221;off&#8221; zoom_icon_color=&#8221;#6b5d38&#8243; _builder_version=&#8221;3.22.7&#8243; border_radii_image=&#8221;on|4px|4px|4px|4px&#8221; box_shadow_style_image=&#8221;preset2&#8243; custom_margin=&#8221;10px|||&#8221; custom_margin_tablet=&#8221;25px|||&#8221; custom_margin_last_edited=&#8221;on|desktop&#8221; z_index_tablet=&#8221;500&#8243;][\/et_pb_gallery][\/et_pb_column][\/et_pb_row][et_pb_row use_custom_gutter=&#8221;on&#8221; gutter_width=&#8221;1&#8243; make_equal=&#8221;on&#8221; padding_right_2=&#8221;45px&#8221; padding_right_3=&#8221;20px&#8221; padding_2_tablet=&#8221;|20px||&#8221; padding_1_last_edited=&#8221;off|desktop&#8221; padding_2_last_edited=&#8221;on|desktop&#8221; padding_3_last_edited=&#8221;on|phone&#8221; admin_label=&#8221;Fila&#8221; module_id=&#8221;0702&#8243; module_class=&#8221;evento et_pb_row_fullwidth et_pb_row_fullwidth et_pb_row_fullwidth et_pb_row_fullwidth et_pb_row_fullwidth et_pb_row_fullwidth et_pb_row_fullwidth et_pb_row_fullwidth et_pb_row_fullwidth et_pb_row_fullwidth et_pb_row_fullwidth et_pb_row_fullwidth et_pb_row_fullwidth et_pb_row_fullwidth et_pb_row_fullwidth et_pb_row_fullwidth et_pb_row_fullwidth et_pb_row_fullwidth&#8221; _builder_version=&#8221;3.22.3&#8243; border_radii=&#8221;on|3px|3px|3px|3px&#8221; box_shadow_style=&#8221;preset3&#8243; box_shadow_horizontal=&#8221;10px&#8221; width=&#8221;100%&#8221; width_tablet=&#8221;100%&#8221; width_last_edited=&#8221;on|desktop&#8221; max_width=&#8221;100%&#8221; max_width_tablet=&#8221;100%&#8221; max_width_last_edited=&#8221;on|desktop&#8221; module_alignment=&#8221;center&#8221; z_index_tablet=&#8221;500&#8243; make_fullwidth=&#8221;on&#8221;][et_pb_column type=&#8221;1_5&#8243; _builder_version=&#8221;3.0.47&#8243;][et_pb_code admin_label=&#8221;fecha 14\/11&#8243; module_class=&#8221;fecha-evento&#8221; _builder_version=&#8221;3.22.7&#8243; z_index_tablet=&#8221;500&#8243;]Nov<!\u2013- [et_pb_br_holder] -\u2013><!-- [et_pb_line_break_holder] -->14[\/et_pb_code][\/et_pb_column][et_pb_column type=&#8221;3_5&#8243; _builder_version=&#8221;3.0.47&#8243;][et_pb_text admin_label=&#8221;Debat-col\u00b7loqui %22El Cardenal Francesc Vidal i Barraquer%22&#8243; _builder_version=&#8221;3.22.7&#8243; z_index_tablet=&#8221;500&#8243;]<\/p>\n<h3>Debat-col\u00b7loqui &#8220;El Cardenal Francesc Vidal i Barraquer&#8221; (1868-1943)&#8221;<\/h3>\n<p>La seva vida i el seu itinerari Ponents:<\/p>\n<ul>\n<li><strong>Dr. Francesc Vidal Barraquer<\/strong>, Metge i Cirurgi\u00e0 Vascular.<\/li>\n<li><strong>Dr. Josep Maria Soler Sabater<\/strong>, Catedr\u00e0tic d&#8217;Hist\u00f2ria Contempor\u00e0nia a la UAB.<\/li>\n<li><strong>Dr. Ram\u00f3n Corts i Blay<\/strong>, Vicerector de l&#8217;Ateneu Universitari Sant Paci\u00e0 de Barcelona.<\/li>\n<li><a href=\"https:\/\/raed.academy\/ca\/academics\/dr-armand-puig-tarrech\/\" target=\"_blank\" rel=\"noopener noreferrer\"><strong>Dr. Armand Puig i T\u00e0rrech<\/strong><\/a>, Rector de l&#8217;Ateneu Universitari Sant Paci\u00e0. Acad\u00e8mic Numerari de la Reial Acad\u00e8mia Europea de Doctors.<\/li>\n<\/ul>\n<p>Moderador: <a href=\"https:\/\/raed.academy\/academicos\/dr-pedro-claros-blanch\/\" target=\"_blank\" rel=\"noopener noreferrer\"><strong>Dr. Pedro Clar\u00f3s<\/strong><\/a>, Acad\u00e8mic Numerari y Vice-President de la Reial Acad\u00e8mia Europea de Doctors. Cloenda a c\u00e0rrec de <strong>Mons Jaume Pujol i Balcells<\/strong>, Arquebisbe de Tarragona. Lloc: Aula Magna del Seminari Conciliar de Barcelona. C\/ Diputaci\u00f3, 231 &#8211; 08007 Barcelona Data: 14.11.2018 a les 19:30h<\/p>\n<p>[\/et_pb_text][\/et_pb_column][et_pb_column type=&#8221;1_5&#8243; _builder_version=&#8221;3.0.47&#8243;][et_pb_gallery gallery_ids=&#8221;63822,61198,61201&#8243; posts_number=&#8221;1&#8243; show_title_and_caption=&#8221;off&#8221; show_pagination=&#8221;off&#8221; zoom_icon_color=&#8221;#6b5d38&#8243; _builder_version=&#8221;3.22.7&#8243; border_radii_image=&#8221;on|4px|4px|4px|4px&#8221; box_shadow_style_image=&#8221;preset2&#8243; custom_margin=&#8221;10px|||&#8221; custom_margin_tablet=&#8221;25px|||&#8221; custom_margin_last_edited=&#8221;on|desktop&#8221; z_index_tablet=&#8221;500&#8243;][\/et_pb_gallery][\/et_pb_column][\/et_pb_row][et_pb_row use_custom_gutter=&#8221;on&#8221; gutter_width=&#8221;1&#8243; make_equal=&#8221;on&#8221; padding_right_2=&#8221;45px&#8221; padding_right_3=&#8221;20px&#8221; padding_2_tablet=&#8221;|20px||&#8221; padding_1_last_edited=&#8221;off|desktop&#8221; padding_2_last_edited=&#8221;on|desktop&#8221; padding_3_last_edited=&#8221;on|phone&#8221; admin_label=&#8221;Fila&#8221; module_id=&#8221;0702&#8243; module_class=&#8221;evento et_pb_row_fullwidth et_pb_row_fullwidth et_pb_row_fullwidth et_pb_row_fullwidth et_pb_row_fullwidth et_pb_row_fullwidth et_pb_row_fullwidth et_pb_row_fullwidth et_pb_row_fullwidth et_pb_row_fullwidth et_pb_row_fullwidth et_pb_row_fullwidth et_pb_row_fullwidth et_pb_row_fullwidth et_pb_row_fullwidth et_pb_row_fullwidth et_pb_row_fullwidth et_pb_row_fullwidth&#8221; _builder_version=&#8221;3.22.3&#8243; border_radii=&#8221;on|3px|3px|3px|3px&#8221; box_shadow_style=&#8221;preset3&#8243; box_shadow_horizontal=&#8221;10px&#8221; width=&#8221;100%&#8221; width_tablet=&#8221;100%&#8221; width_last_edited=&#8221;on|desktop&#8221; max_width=&#8221;100%&#8221; max_width_tablet=&#8221;100%&#8221; max_width_last_edited=&#8221;on|desktop&#8221; module_alignment=&#8221;center&#8221; z_index_tablet=&#8221;500&#8243; make_fullwidth=&#8221;on&#8221;][et_pb_column type=&#8221;1_5&#8243; _builder_version=&#8221;3.0.47&#8243;][et_pb_code admin_label=&#8221;fecha 15\/11&#8243; module_class=&#8221;fecha-evento&#8221; _builder_version=&#8221;3.22.7&#8243; z_index_tablet=&#8221;500&#8243;]Nov<!\u2013- [et_pb_br_holder] -\u2013><!-- [et_pb_line_break_holder] -->15[\/et_pb_code][\/et_pb_column][et_pb_column type=&#8221;3_5&#8243; _builder_version=&#8221;3.0.47&#8243;][et_pb_text admin_label=&#8221;Concert \u201cLe Glamour du Piano\u201d&#8221; _builder_version=&#8221;3.22.7&#8243; z_index_tablet=&#8221;500&#8243;]<\/p>\n<h3>Concert \u201cLe Glamour du Piano\u201d<\/h3>\n<p>Recital de m\u00fasica francesa. Int\u00e8rpret: <strong>Ernest So, piano<\/strong> Lloc: Sala dels Atlants del Reial Cercle Art\u00edstic de Barcelona. Carrer dels Arcs, 5, 08002 Barcelona Data: 15.11.2018 a les 20:00<\/p>\n<h3><a href=\"https:\/\/raed.academy\/wp-content\/uploads\/2018\/11\/programa-concierto-Ernest-So-piano-vdf.jpg\" target=\"_blank\" rel=\"noopener noreferrer\">Programa del concert<\/a><\/h3>\n<p>[\/et_pb_text][\/et_pb_column][et_pb_column type=&#8221;1_5&#8243; _builder_version=&#8221;3.0.47&#8243;][et_pb_gallery gallery_ids=&#8221;63822,61198,61201&#8243; posts_number=&#8221;1&#8243; show_title_and_caption=&#8221;off&#8221; show_pagination=&#8221;off&#8221; zoom_icon_color=&#8221;#6b5d38&#8243; _builder_version=&#8221;3.22.7&#8243; border_radii_image=&#8221;on|4px|4px|4px|4px&#8221; box_shadow_style_image=&#8221;preset2&#8243; custom_margin=&#8221;10px|||&#8221; custom_margin_tablet=&#8221;25px|||&#8221; custom_margin_last_edited=&#8221;on|desktop&#8221; z_index_tablet=&#8221;500&#8243;][\/et_pb_gallery][\/et_pb_column][\/et_pb_row][et_pb_row use_custom_gutter=&#8221;on&#8221; gutter_width=&#8221;1&#8243; make_equal=&#8221;on&#8221; padding_right_2=&#8221;45px&#8221; padding_right_3=&#8221;20px&#8221; padding_2_tablet=&#8221;|20px||&#8221; padding_1_last_edited=&#8221;off|desktop&#8221; padding_2_last_edited=&#8221;on|desktop&#8221; padding_3_last_edited=&#8221;on|phone&#8221; admin_label=&#8221;Fila&#8221; module_id=&#8221;0702&#8243; module_class=&#8221;evento et_pb_row_fullwidth et_pb_row_fullwidth et_pb_row_fullwidth et_pb_row_fullwidth et_pb_row_fullwidth et_pb_row_fullwidth et_pb_row_fullwidth et_pb_row_fullwidth et_pb_row_fullwidth et_pb_row_fullwidth et_pb_row_fullwidth et_pb_row_fullwidth et_pb_row_fullwidth et_pb_row_fullwidth et_pb_row_fullwidth et_pb_row_fullwidth et_pb_row_fullwidth et_pb_row_fullwidth&#8221; _builder_version=&#8221;3.22.3&#8243; border_radii=&#8221;on|3px|3px|3px|3px&#8221; box_shadow_style=&#8221;preset3&#8243; box_shadow_horizontal=&#8221;10px&#8221; width=&#8221;100%&#8221; width_tablet=&#8221;100%&#8221; width_last_edited=&#8221;on|desktop&#8221; max_width=&#8221;100%&#8221; max_width_tablet=&#8221;100%&#8221; max_width_last_edited=&#8221;on|desktop&#8221; module_alignment=&#8221;center&#8221; z_index_tablet=&#8221;500&#8243; make_fullwidth=&#8221;on&#8221;][et_pb_column type=&#8221;1_5&#8243; _builder_version=&#8221;3.0.47&#8243;][et_pb_code admin_label=&#8221;fecha 29\/11&#8243; module_class=&#8221;fecha-evento&#8221; _builder_version=&#8221;3.22.7&#8243; z_index_tablet=&#8221;500&#8243;]Nov<!\u2013- [et_pb_br_holder] -\u2013><!-- [et_pb_line_break_holder] -->29[\/et_pb_code][\/et_pb_column][et_pb_column type=&#8221;3_5&#8243; _builder_version=&#8221;3.0.47&#8243;][et_pb_text admin_label=&#8221;Audici\u00f3 de piano %22Una vetllada amb la m\u00fasica d&#8217;Ant\u00f4nio Carlos Jobim%22&#8243; _builder_version=&#8221;3.22.7&#8243; z_index_tablet=&#8221;500&#8243;]<\/p>\n<h3>Audici\u00f3 de piano &#8220;Una vetllada amb la m\u00fasica d&#8217;Ant\u00f4nio Carlos Jobim&#8221;<\/h3>\n<p>Int\u00e8rpret: <strong><a href=\"https:\/\/raed.academy\/ca\/academics\/dra-pilar-bayer-isant\/\" target=\"_blank\" rel=\"noopener noreferrer\">Pilar Bayer Isant<\/a><\/strong>, piano Xerrada pr\u00e8via, per part del <a href=\"https:\/\/raed.academy\/ca\/academics\/dr-josep-pla-carrera\/\" target=\"_blank\" rel=\"noopener noreferrer\"><strong>Dr. Josep Pla Carrera<\/strong><\/a>, Acad\u00e8mic Supernumerari de la RAED, titulada <strong><em>&#8220;Gotes de matem\u00e0tica eg\u00edpcia i mesopot\u00e0mica, a trav\u00e9s dels textos&#8221;<\/em><\/strong>, basada en el contingut matem\u00e0tic de papirs egipcis i de tauletes mesopot\u00e0miques. Lloc: Sala dels Atlants del Reial Cercle Art\u00edstic de Barcelona. C\/ dels Arcs, 5, 08002 Barcelona Data: 29.11.2018. Xerrada: 19:30h. Audici\u00f3: 20:00h<\/p>\n<h3><a href=\"https:\/\/raed.academy\/wp-content\/uploads\/2018\/11\/programa-invitacion-audicion-piano-Pilar-Bayer-vweb-comp.pdf\" target=\"_blank\" rel=\"noopener noreferrer\">Programa del concert<\/a><\/h3>\n<p>[\/et_pb_text][\/et_pb_column][et_pb_column type=&#8221;1_5&#8243; _builder_version=&#8221;3.0.47&#8243;][et_pb_gallery gallery_ids=&#8221;62166&#8243; posts_number=&#8221;1&#8243; show_title_and_caption=&#8221;off&#8221; show_pagination=&#8221;off&#8221; zoom_icon_color=&#8221;#6b5d38&#8243; _builder_version=&#8221;3.22.7&#8243; border_radii_image=&#8221;on|4px|4px|4px|4px&#8221; box_shadow_style_image=&#8221;preset2&#8243; custom_margin=&#8221;10px|||&#8221; custom_margin_tablet=&#8221;25px|||&#8221; custom_margin_last_edited=&#8221;on|desktop&#8221; z_index_tablet=&#8221;500&#8243;][\/et_pb_gallery][\/et_pb_column][\/et_pb_row][et_pb_row admin_label=&#8221;Fila&#8221; _builder_version=&#8221;3.22.3&#8243; background_size=&#8221;initial&#8221; background_position=&#8221;top_left&#8221; background_repeat=&#8221;repeat&#8221;][et_pb_column type=&#8221;4_4&#8243; _builder_version=&#8221;3.0.47&#8243;][et_pb_text admin_label=&#8221;Texto &#8211; DESEMBRE 2018&#8243; _builder_version=&#8221;3.22.7&#8243; z_index_tablet=&#8221;500&#8243;]<\/p>\n<h2>DESEMBRE 2018<\/h2>\n<p>[\/et_pb_text][\/et_pb_column][\/et_pb_row][et_pb_row use_custom_gutter=&#8221;on&#8221; gutter_width=&#8221;1&#8243; make_equal=&#8221;on&#8221; padding_right_2=&#8221;45px&#8221; padding_right_3=&#8221;20px&#8221; padding_2_tablet=&#8221;|20px||&#8221; padding_1_last_edited=&#8221;off|desktop&#8221; padding_2_last_edited=&#8221;on|desktop&#8221; padding_3_last_edited=&#8221;on|phone&#8221; admin_label=&#8221;Fila&#8221; module_id=&#8221;0702&#8243; module_class=&#8221;evento et_pb_row_fullwidth et_pb_row_fullwidth et_pb_row_fullwidth et_pb_row_fullwidth et_pb_row_fullwidth et_pb_row_fullwidth et_pb_row_fullwidth et_pb_row_fullwidth et_pb_row_fullwidth et_pb_row_fullwidth et_pb_row_fullwidth et_pb_row_fullwidth et_pb_row_fullwidth et_pb_row_fullwidth et_pb_row_fullwidth et_pb_row_fullwidth et_pb_row_fullwidth et_pb_row_fullwidth&#8221; _builder_version=&#8221;3.22.3&#8243; border_radii=&#8221;on|3px|3px|3px|3px&#8221; box_shadow_style=&#8221;preset3&#8243; box_shadow_horizontal=&#8221;10px&#8221; width=&#8221;100%&#8221; width_tablet=&#8221;100%&#8221; width_last_edited=&#8221;on|desktop&#8221; max_width=&#8221;100%&#8221; max_width_tablet=&#8221;100%&#8221; max_width_last_edited=&#8221;on|desktop&#8221; module_alignment=&#8221;center&#8221; z_index_tablet=&#8221;500&#8243; make_fullwidth=&#8221;on&#8221;][et_pb_column type=&#8221;1_5&#8243; _builder_version=&#8221;3.0.47&#8243;][et_pb_code admin_label=&#8221;fecha 13\/12&#8243; module_class=&#8221;fecha-evento&#8221; _builder_version=&#8221;3.22.7&#8243; z_index_tablet=&#8221;500&#8243;]Des<!\u2013- [et_pb_br_holder] -\u2013><!-- [et_pb_line_break_holder] -->13[\/et_pb_code][\/et_pb_column][et_pb_column type=&#8221;3_5&#8243; _builder_version=&#8221;3.0.47&#8243;][et_pb_text admin_label=&#8221;Presentaci\u00f3 del llibre &#8216;Camb\u00f3'&#8221; _builder_version=&#8221;3.22.7&#8243; z_index_tablet=&#8221;500&#8243;]<\/p>\n<h3>Presentaci\u00f3 del llibre &#8216;Camb\u00f3&#8217;<\/h3>\n<p>Per <strong>Ignacio Buqueras i Bach<\/strong>, autor. Lloc: Sala d&#8217;actes de Foment del Treball \u2013 Via Laietana, 32, Pral, Barcelona Data: 13.12.2018 a les 19:00h<\/p>\n<p>[\/et_pb_text][\/et_pb_column][et_pb_column type=&#8221;1_5&#8243; _builder_version=&#8221;3.0.47&#8243;][et_pb_gallery gallery_ids=&#8221;63146&#8243; posts_number=&#8221;1&#8243; show_title_and_caption=&#8221;off&#8221; show_pagination=&#8221;off&#8221; zoom_icon_color=&#8221;#6b5d38&#8243; _builder_version=&#8221;3.22.7&#8243; border_radii_image=&#8221;on|4px|4px|4px|4px&#8221; box_shadow_style_image=&#8221;preset2&#8243; custom_margin=&#8221;10px|||&#8221; custom_margin_tablet=&#8221;25px|||&#8221; custom_margin_last_edited=&#8221;on|desktop&#8221; z_index_tablet=&#8221;500&#8243;][\/et_pb_gallery][\/et_pb_column][\/et_pb_row][et_pb_row use_custom_gutter=&#8221;on&#8221; gutter_width=&#8221;1&#8243; make_equal=&#8221;on&#8221; padding_right_2=&#8221;45px&#8221; padding_right_3=&#8221;20px&#8221; padding_2_tablet=&#8221;|20px||&#8221; padding_1_last_edited=&#8221;off|desktop&#8221; padding_2_last_edited=&#8221;on|desktop&#8221; padding_3_last_edited=&#8221;on|phone&#8221; admin_label=&#8221;Fila&#8221; module_id=&#8221;0702&#8243; module_class=&#8221;evento et_pb_row_fullwidth et_pb_row_fullwidth et_pb_row_fullwidth et_pb_row_fullwidth et_pb_row_fullwidth et_pb_row_fullwidth et_pb_row_fullwidth et_pb_row_fullwidth et_pb_row_fullwidth et_pb_row_fullwidth et_pb_row_fullwidth et_pb_row_fullwidth et_pb_row_fullwidth et_pb_row_fullwidth et_pb_row_fullwidth et_pb_row_fullwidth et_pb_row_fullwidth et_pb_row_fullwidth&#8221; _builder_version=&#8221;3.22.3&#8243; border_radii=&#8221;on|3px|3px|3px|3px&#8221; box_shadow_style=&#8221;preset3&#8243; box_shadow_horizontal=&#8221;10px&#8221; width=&#8221;100%&#8221; width_tablet=&#8221;100%&#8221; width_last_edited=&#8221;on|desktop&#8221; max_width=&#8221;100%&#8221; max_width_tablet=&#8221;100%&#8221; max_width_last_edited=&#8221;on|desktop&#8221; module_alignment=&#8221;center&#8221; z_index_tablet=&#8221;500&#8243; make_fullwidth=&#8221;on&#8221;][et_pb_column type=&#8221;1_5&#8243; _builder_version=&#8221;3.0.47&#8243;][et_pb_code admin_label=&#8221;fecha 19\/12&#8243; module_class=&#8221;fecha-evento&#8221; _builder_version=&#8221;3.22.7&#8243; z_index_tablet=&#8221;500&#8243;]Des<!\u2013- [et_pb_br_holder] -\u2013><!-- [et_pb_line_break_holder] -->19[\/et_pb_code][\/et_pb_column][et_pb_column type=&#8221;3_5&#8243; _builder_version=&#8221;3.0.47&#8243;][et_pb_text admin_label=&#8221;Sopar de Nadal de la Reial Acad\u00e8mia Europea de Doctors&#8221; _builder_version=&#8221;3.22.7&#8243; z_index_tablet=&#8221;500&#8243;]<\/p>\n<h3>Sopar de Nadal de la Reial Acad\u00e8mia Europea de Doctors<\/h3>\n<p>Lloc: Cercle Eq\u00fcestre: C\/Balmes, 169 Bis, 08006 Barcelona Data: 19.12.2018 a les 21.00h<\/p>\n<p>[\/et_pb_text][\/et_pb_column][et_pb_column type=&#8221;1_5&#8243; _builder_version=&#8221;3.0.47&#8243;][et_pb_gallery gallery_ids=&#8221;63325&#8243; posts_number=&#8221;1&#8243; show_title_and_caption=&#8221;off&#8221; show_pagination=&#8221;off&#8221; zoom_icon_color=&#8221;#6b5d38&#8243; _builder_version=&#8221;3.22.7&#8243; border_radii_image=&#8221;on|4px|4px|4px|4px&#8221; box_shadow_style_image=&#8221;preset2&#8243; custom_margin=&#8221;10px|||&#8221; custom_margin_tablet=&#8221;25px|||&#8221; custom_margin_last_edited=&#8221;on|desktop&#8221; z_index_tablet=&#8221;500&#8243;][\/et_pb_gallery][\/et_pb_column][\/et_pb_row][et_pb_row use_custom_gutter=&#8221;on&#8221; gutter_width=&#8221;1&#8243; make_equal=&#8221;on&#8221; module_class=&#8221; et_pb_row_fullwidth et_pb_row_fullwidth et_pb_row_fullwidth paginacion&#8221; _builder_version=&#8221;3.22.4&#8243; width=&#8221;100%&#8221; width_tablet=&#8221;80%&#8221; width_last_edited=&#8221;on|desktop&#8221; max_width=&#8221;100%&#8221; max_width_tablet=&#8221;80%&#8221; max_width_last_edited=&#8221;on|desktop&#8221; module_alignment=&#8221;center&#8221; z_index_tablet=&#8221;500&#8243; make_fullwidth=&#8221;on&#8221;][et_pb_column type=&#8221;1_4&#8243; _builder_version=&#8221;3.0.47&#8243;][et_pb_code admin_label=&#8221;Paginaci\u00f3n 2017&#8243; module_id=&#8221;eventos&#8221; module_class=&#8221;pgAnterior&#8221; _builder_version=&#8221;3.22.7&#8243; z_index_tablet=&#8221;500&#8243;]<a href=\"https:\/\/raed.academy\/ca\/historial-2017\/\"><i class=\"fas fa-chevron-left\"><\/i> ACTIVITATS 2017<\/a><!-- [et_pb_line_break_holder] -->[\/et_pb_code][\/et_pb_column][et_pb_column type=&#8221;1_4&#8243; _builder_version=&#8221;3.0.47&#8243;][\/et_pb_column][et_pb_column type=&#8221;1_4&#8243; _builder_version=&#8221;3.0.47&#8243;][\/et_pb_column][et_pb_column type=&#8221;1_4&#8243; _builder_version=&#8221;3.0.47&#8243;][et_pb_code admin_label=&#8221;Paginaci\u00f3n 2019&#8243; module_class=&#8221;pgSiguiente&#8221; _builder_version=&#8221;3.22.7&#8243; z_index_tablet=&#8221;500&#8243;]<a href=\"https:\/\/raed.academy\/ca\/historial-2019\/\"> ACTIVITATS 2019 <i class=\"fas fa-chevron-right\"><\/i><\/a>[\/et_pb_code][\/et_pb_column][\/et_pb_row][\/et_pb_section]<\/p>\n","protected":false},"excerpt":{"rendered":"<p>Historial d&#8217;activitats 2018 GENER 2018 Presentaci\u00f3 del llibre La noria del siglo XXI Ponents: Xabier A\u00f1overos Trias de Bes, autor de l\u2019obra, acad\u00e8mic numerari i vicepresident de la Junta de Govern de la RAED Jos\u00e9 Mar\u00eda Gay de Li\u00e9bana Saludas, acad\u00e8mic numerari de la RAED Lloc: Sala d&#8217;actes de Foment del Treball \u2013 Via Laietana, [&hellip;]<\/p>\n","protected":false},"author":16,"featured_media":0,"parent":34041,"menu_order":0,"comment_status":"closed","ping_status":"closed","template":"page-template-fullwidth.php","meta":{"_et_pb_use_builder":"on","_et_pb_old_content":"<hr \/><div class=\"paginacion\"><a class=\"pgSiguiente\" href=\"https:\/\/raed.academy\/actividades\/historial-2019\/\">ACTIVIDADES 2019 \u276f<\/a><a class=\"pgAnterior\" href=\"http:\/\/raed.academy\/historial-2017\/\">\u276e ACTIVIDADES 2017<\/a><\/div><div id=\"eventos\"><h2>ENERO 2018<\/h2><table class=\"tablaEventos\"><colgroup> <col style=\"text-align: center; font-style: italic; font-size: 18px;\" \/> <col \/> <col style=\"width: 170px;\" \/> <\/colgroup><tbody><!-- enero\/2018 --><tr id=\"evento1001\"><td class=\"fecha-evento\">10 enero<br \/>2018<\/td><td><h3>Presentaci\u00f3n del libro La noria del siglo XXI<\/h3><p>Ponentes:<\/p><ul><li><strong><a href=\"http:\/\/raed.academy\/academicos\/dr-xabier-anoveros-trias-de-bes\/\" target=\"_blank\" rel=\"noopener\">Xabier A\u00f1overos Trias de Bes<\/a><\/strong> de la obra, acad\u00e9mico de n\u00famero y vicepresidente de la Junta de Gobierno de la RAED<\/li><li><strong><a href=\"http:\/\/raed.academy\/academicos\/dr-jose-maria-gay-de-liebana-saludas\/\" target=\"_blank\" rel=\"noopener\">Jos\u00e9 Mar\u00eda Gay de Li\u00e9bana Saludas<\/a><\/strong>, acad\u00e9mico de n\u00famero de la RAED<\/li><\/ul><p>Lugar: Sal\u00f3n de actos de Fomento del Trabajo.<br \/>Fecha: 10.01.2018<br \/>Hora: 19.30h<\/p><h4><a href=\"http:\/\/raed.academy\/presentacion-de-la-noria-del-siglo-xxi\/\"><strong>M\u00e1s informaci\u00f3n<\/strong><\/a><\/h4><\/td><td><p>[gallery columns=\"1\" link=\"file\" ids=\"39743,39744,39745\"]<\/p><\/td><\/tr><tr id=\"evento1801\"><td class=\"fecha-evento\">18 enero<br \/>2018<\/td><td><h3>El impacto social de las grandes infraestructuras: el caso de la Sagrada Familia<\/h3><p><strong>Los debates de la Real Academia Europea de Doctores - Ciclo de conferencias de la Secci\u00f3n de Ciencias Tecnol\u00f3gicas<\/strong><\/p><p>Ponentes:<\/p><ul><li><strong><a href=\"http:\/\/raed.academy\/academicos\/dr-jaume-armengou-orus\/\" target=\"_blank\" rel=\"noopener\">Dr. Jaume Armengou<\/a><\/strong>, Dr. Ingeniero de Caminos, Canales y Puertos. Vicerrector de Ordenaci\u00f3n Acad\u00e9mica y Relaciones Internacionales de la UIC. Acad\u00e9mico Numerario de la RAED<\/li><li><a href=\"http:\/\/raed.academy\/academicos\/dr-antonio-gens-sole\/\" target=\"_blank\" rel=\"noopener\"><strong>Dr. Antoni Gens<\/strong><\/a>, Dr. Ingeniero de Caminos, Canales y Puertos. Catedr\u00e1tico de la UPC. Departamento de Ingenier\u00eda Civil y Ambiental. Acad\u00e9mico Numerario de la RAED<\/li><li><strong>Dr. Antonio Aguado<\/strong>, Dr. Ingeniero de Caminos, Canales y Puertos. Catedr\u00e1tico de la UPC. Departamento de Ingenier\u00eda Civil y Ambiental.<\/li><li><strong>Dra. Rosa Ribas<\/strong>, Dra. en Historia, Arqueolog\u00eda y Artes Cristianas. Profesora de la Facultad Antoni Gaud\u00ed del Ateneo Universitario Sant Paci\u00e0.<\/li><\/ul><p>Moderador: <a href=\"http:\/\/raed.academy\/academicos\/dr-jaime-rodrigo-de-larrucea\/\" target=\"_blank\" rel=\"noopener\"><strong>Dr. Jaime Rodrigo de Larrucea<\/strong><\/a>, Dr. en Derecho y Dr. en Ingenier\u00eda n\u00e1utica, Acad\u00e9mico Numerario y Presidente de la Secci\u00f3n de C. Tecnol\u00f3gicas de la RAED<\/p><p>Lugar: Sal\u00f3n de actos de Fomento del Trabajo.<br \/>Fecha: 18.01.2018<\/p><h4><strong><a href=\"http:\/\/raed.academy\/la-sagrada-familia-debate\/\">M\u00e1s informaci\u00f3n<\/a><\/strong><\/h4><p><iframe src=\"https:\/\/www.youtube.com\/embed\/5hNYcvNkd-k\" width=\"700\" height=\"300\" frameborder=\"0\" allowfullscreen=\"allowfullscreen\"><\/iframe><\/p><\/td><td class=\"imgEvento\"><p>[gallery type=\"divi\" columns=\"1\" link=\"file\" ids=\"40237,40235,40300\"]<\/p><\/td><\/tr><tr id=\"evento2301\"><td class=\"fecha-evento\">23 enero<br \/>2018<\/td><td><h3>Presentaci\u00f3n del libro Como investigar<\/h3><p>Ponentes:<\/p><ul><li><a href=\"http:\/\/raed.academy\/academicos\/dr-alfredo-rocafort-nicolau\/\" target=\"_blank\" rel=\"noopener\"><strong>Dr. Alfredo Rocafort<\/strong><\/a>, presidente de la Real Academia Europea de Doctores<\/li><li><a href=\"http:\/\/raed.academy\/academicos\/dr-oriol-amat-salas\/\" target=\"_blank\" rel=\"noopener\"><strong>Dr. Oriol Amat<\/strong><\/a>, presidente de l\u2019Associaci\u00f3 Catalana de Comptabilitat i Direcci\u00f3 y Acad\u00e9mico de N\u00famero de la RAED<\/li><li><a href=\"http:\/\/raed.academy\/academicos\/dra-maria-dels-angels-calvo-torras\/\" target=\"_blank\" rel=\"noopener\"><strong>Dra. Maria dels \u00c0ngels Calvo<\/strong><\/a>, presidenta de la Secci\u00f3n de Ciencias de la Salud de la RAED<\/li><li><a href=\"http:\/\/raed.academy\/academicos\/dr-josep-ignasi-saranyana-closa\/\" target=\"_blank\" rel=\"noopener\"><strong>Dr. Josep-Ignasi Saranyana<\/strong><\/a>, presidente de la Secci\u00f3n de Ciencias Humanas de la RAED<\/li><li><a href=\"http:\/\/raed.academy\/academicos\/dr-jaime-rodrigo-de-larrucea\/\" target=\"_blank\" rel=\"noopener\"><strong>Dr. Jaime Rodrigo de Larrucea<\/strong><\/a>, presidente de la Secci\u00f3n de Ciencias Tecnol\u00f3gicas de la RAED<\/li><li><a href=\"http:\/\/raed.academy\/academicos\/dr-joan-francesc-pont-clemente\/\" target=\"_blank\" rel=\"noopener\"><strong>Dr. Joan-Francesc Pont Clemente<\/strong><\/a>, presidente de la Secci\u00f3n de Ciencias Sociales de la RAED<\/li><li><strong>Dr. Arcadi Navarro<\/strong>, secretario de Universidades e Investigaci\u00f3n de la Generalitat de Catalunya.<\/li><\/ul><p>Clausura a cargo del <strong>Dr. Oriol Amat<\/strong>.<\/p><p>Lugar: Sal\u00f3n de actos de Fomento del Trabajo.<br \/>Fecha: 23.01.2018<br \/>Hora: 19.00h<\/p><h4><a href=\"http:\/\/raed.academy\/presentacion-libro-como-investigar\/\"><strong>M\u00e1s informaci\u00f3n<\/strong><\/a><\/h4><\/td><td><p>[gallery type=\"divi\" columns=\"1\" link=\"file\" ids=\"40556,40555,37359\"]<\/p><\/td><\/tr><tr id=\"evento2901\"><td class=\"fecha-evento\">29-30 enero<br \/>2018<\/td><td><h3>Desarrollo de medicamentos en el siglo XXI \u00bfCuraremos todas las enfermedades?<\/h3><p><strong>Conferencia - Sesiones cient\u00edficas con el Premio Nobel 2004: <a href=\"http:\/\/raed.academy\/academicos\/dr-aaron-ciechanover\/\" target=\"_blank\" rel=\"noopener\">Aaron Ciechanover<\/a><br \/>29 y 30 de enero de 2018<\/strong><\/p><h3>1\u00aa cita<\/h3><h4>Ciclo Cient\u00edfico \u201cLa Ciencia vista a trav\u00e9s de los ojos de Premios Nobel\u201d de Obra Social La Caixa<\/h4><p>Lugar: <a href=\"http:\/\/obrasociallacaixa.org\/\" target=\"_blank\" rel=\"noopener\">CosmoCaixa<\/a>, C\/ Isaac Newton, 26, 08022 Barcelona<br \/>Fecha: 29.01.18<br \/>Hora: 19.00h<\/p><h3>2\u00aa cita<\/h3><h4>Programa \u201cTalento Nobel\u201d de Fundaci\u00f3n Cajasol\u201d<\/h4><p>Lugar: Auditorio de la <a href=\"http:\/\/fundacioncajasol.com\/\" target=\"_blank\" rel=\"noopener\">Fundaci\u00f3n Cajasol<\/a> Pl. de San Francisco, 1, 41004 Sevilla<br \/>Fecha: 30.01.2018<br \/>Hora: 19.30h<\/p><h4><strong><a href=\"http:\/\/raed.academy\/curaremos-todas-las-enfermedades\/\">M\u00e1s informaci\u00f3n sobre las conferencias<\/a><\/strong><\/h4><\/td><td><p>[gallery link=\"file\" columns=\"1\" ids=\"40699,40701,40697\"]<\/p><\/td><\/tr><\/tbody><\/table><p><!-- febrero\/2018 --><\/p><h2>FEBRERO 2018<\/h2><table class=\"tablaEventos\"><colgroup> <col style=\"text-align: center; font-style: italic; font-size: 18px; font-weight: bold;\" \/> <col \/> <col style=\"width: 170px;\" \/> <\/colgroup><tbody><tr id=\"evento0102\"><td class=\"fecha-evento\">1 Febrero<br \/>2018<\/td><td><h3>Nuevos alimentos, probi\u00f3ticos y prebi\u00f3ticos<\/h3><p><strong>Academias de Catalu\u00f1a. Los alimentos<\/strong><br \/>Curso 2017-2018<br \/>Mesa redonda<\/p><p>Ponentes:<\/p><ul><li><strong><a href=\"http:\/\/raed.academy\/academicos\/dr-javier-aranceta-bartrina\/\" target=\"_blank\" rel=\"noopener\">Dr. Javier Aranceta<\/a><\/strong>, Doctor en Medicina y Cirug\u00eda.<\/li><li><a href=\"http:\/\/raed.academy\/academicos\/dra-maria-dels-angels-calvo-torras\/\" target=\"_blank\" rel=\"noopener\"><strong>Dra. Maria dels \u00c0ngels Calvo<\/strong><\/a>, Acad\u00e9mica de N\u00famero de la RAED y Presidenta de la Secci\u00f3n de Ciencias de la Salud.<\/li><li><strong>Dr. Miquel Moret\u00f3<\/strong>, Catedr\u00e1tico de Fisiolog\u00eda. Departamento de Fisiolog\u00eda de la Universidad de Barcelona.<\/li><\/ul><p>Coordinadora: <a href=\"http:\/\/raed.academy\/academicos\/dra-maria-dels-angels-calvo-torras\/\" target=\"_blank\" rel=\"noopener\"><strong>Dra. Maria dels \u00c0ngels Calvo<\/strong><\/a><\/p><p>Lugar: Sal\u00f3n de actos de Fomento del Trabajo<br \/>Fecha: 01.02.2018<br \/>Hora: 19.30h<\/p><h4><a href=\"http:\/\/raed.academy\/alimentos-probioticos-y-prebioticos\/\" target=\"_blank\" rel=\"noopener\"><strong>M\u00e1s informaci\u00f3n<\/strong><\/a><\/h4><\/td><td><p>[gallery link=\"file\" columns=\"1\" ids=\"40831,40827\"]<\/p><\/td><\/tr><tr id=\"evento0602\"><td class=\"fecha-evento\">6 Febrero<br \/>2018<\/td><td><h3>Ingreso como Acad\u00e9mico de N\u00famero: <a href=\"http:\/\/raed.academy\/academicos\/dr-javier-gil-mur\/\" target=\"_blank\" rel=\"noopener\">Javier Gil Mur<\/a><\/h3><p><strong>Discurso de ingreso: <a href=\"http:\/\/raed.academy\/wp-content\/uploads\/2018\/01\/discurso-ingreso-Dr-Javier-Gil-Mur.pdf\" target=\"_blank\" rel=\"noopener\">Avances tecnol\u00f3gicos en Implantalog\u00eda Oral: hacia los implantes dentales inteligentes<\/a><\/strong><br \/><strong>Discurso de contestaci\u00f3n: <\/strong><a href=\"http:\/\/raed.academy\/academicos\/dr-jaime-rodrigo-de-larrucea\/\" target=\"_blank\" rel=\"noopener\"><strong>Jaime Rodrigo de Larrucea<\/strong><\/a><\/p><p>Lugar: Sal\u00f3n de actos de Fomento del Trabajo<br \/>Fecha: 06.02.2018<br \/>Hora: 19.30h<\/p><\/td><td><p>[gallery columns=\"1\" link=\"file\" ids=\"40926\"]<\/p><\/td><\/tr><tr id=\"evento0602b\"><td class=\"fecha-evento\">6-7 Febrero<br \/>2018<\/td><td><h3>Conferencia \"Desde la Ciencia B\u00e1sica a los antibi\u00f3ticos\"<\/h3><p><strong>Conferencia de la <a href=\"http:\/\/raed.academy\/academicos\/dra-ada-yonath\/\" target=\"_blank\" rel=\"noopener\">Dra. Ada Yonath<\/a>, Premio Nobel de Qu\u00edmica 2009<\/strong><\/p><p><strong>6 y 7 de febrero de 2018<\/strong><\/p><h3>1\u00aa cita<\/h3><h4>Ciclo Cient\u00edfico \u201cLa Ciencia vista a trav\u00e9s de los ojos de Premios Nobel\u201d de Obra Social La Caixa\u201d<\/h4><p>Lugar: <a href=\"http:\/\/obrasociallacaixa.org\/\" target=\"_blank\" rel=\"noopener\">CosmoCaixa<\/a>, C\/ Isaac Newton, 26, 08022 Barcelona<br \/>Fecha: 06.02.18<br \/>Hora: 19.00h<\/p><h3>2\u00aa cita<\/h3><h4>Programa \u201cTalento Nobel\u201d de Fundaci\u00f3n Cajasol\u201d<\/h4><p>Lugar: Auditorio de la <a href=\"http:\/\/fundacioncajasol.com\/\" target=\"_blank\" rel=\"noopener\">Fundaci\u00f3n Cajasol<\/a> Pl. de San Francisco, 1, 41004 Sevilla<br \/>Fecha: 07.02.2018<br \/>Hora: 19.30h<\/p><h4><a href=\"http:\/\/raed.academy\/nueva-generacion-antibioticos\/\"><strong>M\u00e1s informaci\u00f3n<\/strong><\/a><\/h4><\/td><td><p>[gallery columns=\"1\" link=\"file\" ids=\"41019,40916,40917\"]<\/p><\/td><\/tr><tr id=\"evento1302\"><td class=\"fecha-evento\">13 Febrero<br \/>2018<\/td><td><h3>Ingreso como Acad\u00e9mico de N\u00famero: <a href=\"http:\/\/raed.academy\/academicos\/dr-carlo-maria-gallucci-calabrese\/\" target=\"_blank\" rel=\"noopener\">Carlo Maria Gallucci<\/a><\/h3><p>Discurso de ingreso: <strong><a href=\"http:\/\/raed.academy\/wp-content\/uploads\/2018\/02\/Discurso-ingreso-Carlo-Maria-Gallucci-Calabrese-La-funci\u00f3n-del-marketing-en-la-empresa-y-en-la-econom\u00eda.pdf\" target=\"_blank\" rel=\"noopener\">La funci\u00f3n del marketing en la empresa y en la econom\u00eda<\/a><\/strong><br \/>Discurso de contestaci\u00f3n: <a href=\"http:\/\/raed.academy\/academicos\/dr-jaime-rodrigo-de-larrucea\/\" target=\"_blank\" rel=\"noopener\"><strong>Jaime Rodrigo de Larrucea<\/strong><\/a><br \/>Lugar: Sal\u00f3n de actos de Fomento del Trabajo<br \/>Fecha: 13.02.2018<br \/>Hora: 19.00h<\/p><\/td><td><p>[gallery columns=\"1\" link=\"file\" ids=\"41336\"]<\/p><\/td><\/tr><tr id=\"evento1302b\"><td class=\"fecha-evento\">13 Febrero<br \/>2018<\/td><td><h3>2\u00ba concierto del ciclo \"Conciertos Con Alma\" - M\u00fasica l\u00edrica iberoamericana<\/h3><p>Int\u00e9rpretes:<\/p><ul><li><strong>Mara Jaubert<\/strong>, pianista.<\/li><li><strong>Francisco Feria<\/strong>, bajo.<\/li><li><strong>Cristina Calvo<\/strong>, soprano.<\/li><\/ul><p>Lugar: Sala de los Atlantes del <a href=\"http:\/\/www.reialcercleartistic.cat\/\" target=\"_blank\" rel=\"noopener\">Real C\u00edrculo Art\u00edstico de Barcelona<\/a>, Carrer dels Arcs, 5, 08002 Barcelona<br \/>Fecha: 13.02.2018<br \/>Hora: 21.15h<\/p><p><strong><a href=\"http:\/\/raed.academy\/concierto-con-alma-latina\/\">M\u00e1s informaci\u00f3n<\/a><\/strong><\/p><p><iframe src=\"https:\/\/www.youtube.com\/embed\/XJydw6wBi60\" width=\"854\" height=\"480\" frameborder=\"0\" allowfullscreen=\"allowfullscreen\"><\/iframe><\/p><\/td><td><p>[gallery columns=\"1\" link=\"file\" ids=\"41330,41332,41329\"]<\/p><\/td><\/tr><tr id=\"evento2002\"><td class=\"fecha-evento\">20 y 22 Febrero<br \/>2018<\/td><td><h3>Conferencia \u201cCanales I\u00f3nicos: Descubrimiento, funciones y papel en medicina y farmacolog\u00eda\u201d<\/h3><p><strong>Conferencia del Premio Nobel Medicina 1991: Dr. Erwin Neher<br \/>20 y 22 de febrero de 2018<\/strong><\/p><p>\u00a0<\/p><h3>1\u00aa cita<\/h3><h4>Ciclo Cient\u00edfico \u201cLa Ciencia vista a trav\u00e9s de los ojos de Premios Nobel\u201d de Obra Social La Caixa<\/h4><p>Lugar: <a href=\"http:\/\/obrasociallacaixa.org\/\" target=\"_blank\" rel=\"noopener\">CosmoCaixa<\/a>, C\/ Isaac Newton, 26, 08022 Barcelona<\/p><p>Fecha: 20.02.18<br \/>Hora: 19.00h<\/p><h3>2\u00aa cita<\/h3><h4>Programa \u201cTalento Nobel\u201d de Fundaci\u00f3n Cajasol\u201d<\/h4><p>Lugar: Auditorio de la <a href=\"http:\/\/fundacioncajasol.com\/\" target=\"_blank\" rel=\"noopener\">Fundaci\u00f3n Cajasol<\/a> Pl. de San Francisco, 1, 41004 Sevilla<\/p><p>Fecha: 22.02.2018<br \/>Hora: 19.30h<\/p><p><a href=\"http:\/\/raed.academy\/canales-ionicos\/\"><strong>M\u00e1s informaci\u00f3n<\/strong><\/a><\/p><\/td><td><p>[gallery type=\"divi\" link=\"file\" columns=\"1\" ids=\"42032,42053,42056\"]<\/p><\/td><\/tr><tr id=\"evento2702\"><td class=\"fecha-evento\">27 Febrero<br \/>2018<\/td><td><h3>Ingreso como Acad\u00e9mica de Numero: <a href=\"http:\/\/raed.academy\/academicos\/dra-maria-del-mar-alonso-almeida\/\" target=\"_blank\" rel=\"noopener\"><strong>Mar Alonso Almeida<\/strong><\/a><\/h3><p>Discurso de ingreso: <a href=\"http:\/\/raed.academy\/wp-content\/uploads\/2018\/02\/discurso-ingreso-Mar-Alonso-Almeida-El-nuevo-materialismo-del-siglo-xxi-Luces-y-sombras.pdf\" target=\"_blank\" rel=\"noopener\"><strong><em>El nuevo materialismo del siglo XXI: Luces y sombras<\/em><\/strong><\/a><br \/>Discurso de respuesta a cargo del\u00a0 <a href=\"http:\/\/raed.academy\/academicos\/dr-juan-pedro-aznar-alarcon\/\" target=\"_blank\" rel=\"noopener\"><em><strong>Dr. Pedro Aznar Alarc\u00f3n<\/strong><\/em><\/a><\/p><p>Lugar: Sal\u00f3n de actos de Fomento del Trabajo<br \/>Fecha: 27.02.2018<br \/>Hora: 19.30h<\/p><\/td><td><p>[gallery columns=\"1\" link=\"file\" ids=\"42273\"]<\/p><\/td><\/tr><\/tbody><\/table><p><!-- Fin de febrero\/2018 --><\/p><h2>MARZO 2018<\/h2><table class=\"tablaEventos\"><colgroup> <col style=\"text-align: center; font-style: italic; font-size: 18px; font-weight: bold;\" \/> <col \/> <col style=\"width: 170px;\" \/> <\/colgroup><tbody><!-- marzo\/2018 --><tr id=\"evento0203\"><td class=\"fecha-evento\">2 al 4<br \/>Marzo 2018<\/td><td><h3>Acto acad\u00e9mico en <a href=\"http:\/\/www.hotelbalnearivichycatalan.cat\/\" target=\"_blank\" rel=\"noopener\">Vichy Catal\u00e1n<\/a><\/h3><h4>S\u00e1bado d\u00eda 3 de marzo,\u00a09.00 - Conferencias cient\u00edficas multidisciplinarias en Vichy Catal\u00e1n<\/h4><p>Ponentes:<\/p><ul><li>Conferencia Inaugural: <strong>Joan B Renart<\/strong> CEO de Vichy Catal\u00e1n - Un ejemplo de Historia, Innovaci\u00f3n y Desarrollo.<\/li><li><strong>Josep Roca<\/strong>, Sommelier Celler de Can Roca - Lo que nos cuenta el Vino<\/li><li><a href=\"http:\/\/raed.academy\/academicos\/dr-jose-ramon-calvo-fernandez\/\" target=\"_blank\" rel=\"noopener\"><strong>Jos\u00e9 Ram\u00f3n Calvo<\/strong><\/a>, ULPGC - RAED: \u00bfEcosistema Inviable = Resultados imposibles?<\/li><li><a href=\"http:\/\/raed.academy\/academicos\/dra-maria-dels-angels-calvo-torras\/\" target=\"_blank\" rel=\"noopener\"><strong>Maria \u00c0ngels Calvo<\/strong><\/a>, RAED: A la caza de \u201cbichos\u201d insospechados en lugares ni imaginados<\/li><li><a href=\"http:\/\/raed.academy\/academicos\/dr-jordi-marti-pidelaserra\/\" target=\"_blank\" rel=\"noopener\"><strong>Jordi Mart\u00ed<\/strong><\/a>, UB - RAED: Historias de la Tecnolog\u00eda que cambian al mundo y a las empresas<\/li><li><strong>Jos\u00e9 Mar\u00eda Baldasano<\/strong> \u2013 UPB \u2013 RAED - \u00bfQu\u00e9 implicaciones clim\u00e1ticas se derivan del deshielo del \u00c1rtico?<\/li><li><strong>Cecilia Kindel\u00e1n<\/strong>, RAED: El Clima cambia y no sabemos contarlo<\/li><li><a href=\"http:\/\/raed.academy\/academicos\/dr-carlo-maria-gallucci-calabrese\/\" target=\"_blank\" rel=\"noopener\"><strong>Carlo Maria Gallucci<\/strong><\/a>, RAED - Universidad Ramon Llull - ESADE: \u00bfCon una buena estrategia de Marketing se puede vender un mal producto?<\/li><li><strong>Jaume Llopis<\/strong>, IESE: \u00bfC\u00f3mo perder la reputaci\u00f3n de una marca?<\/li><li><strong>Pollyana Nethersole<\/strong>, \u00bfQu\u00e9 hemos hecho para merecer un Brexit?<\/li><li><a href=\"http:\/\/raed.academy\/academicos\/dra-rosmarie-cammany-dorr\/\" target=\"_blank\" rel=\"noopener\"><strong>Rosmarie Cammany<\/strong><\/a>, La Filantrop\u00eda: Una inversi\u00f3n de alto rendimiento<\/li><li><a href=\"http:\/\/raed.academy\/academicos\/dr-joan-francesc-corona-ramon\/\" target=\"_blank\" rel=\"noopener\"><strong>Juan Francisco Corona<\/strong><\/a>, DG Instituto de Empresa Familiar. \u00bfLas Peleas de familia destrozan las empresas familiares?<\/li><li><a href=\"http:\/\/raed.academy\/academicos\/dra-teresa-freixes-sanjuan\/\" target=\"_blank\" rel=\"noopener\"><strong>Teresa Freixes<\/strong><\/a>, UAB - RAED: \u00bfSirve para algo tener una constituci\u00f3n?<\/li><li><strong>Naohito Watanabe<\/strong>, c\u00f3nsul general de Jap\u00f3n en Barcelona: \u201cMusa modernista: La primera actriz japonesa que visit\u00f3 Barcelona\u201d<\/li><li><strong>Manuel Murillo<\/strong>, RAED: \u00bfQui\u00e9n sale ganando con las \u201cFake news\u201d?<\/li><li><a href=\"http:\/\/raed.academy\/academicos\/dr-alfredo-rocafort-nicolau\/\" target=\"_blank\" rel=\"noopener\"><strong>Alfredo Rocafort<\/strong><\/a>, RAED: Los contables cuentan lo que es f\u00e1cil de contar, pero no lo que m\u00e1s cuenta.<\/li><li><a href=\"http:\/\/raed.academy\/academicos\/dr-pedro-claros-blanch\/\" target=\"_blank\" rel=\"noopener\"><strong>Pedro Clar\u00f3s<\/strong><\/a>, RAED: \u201cEl misterio de la metamorfosis de una voz del Siglo XX-XXI\u201d<\/li><li><a href=\"http:\/\/raed.academy\/academicos\/dr-xabier-anoveros-trias-de-bes\/\" target=\"_blank\" rel=\"noopener\"><strong>Xabier A\u00f1overos<\/strong><\/a>, Historias de un navarro en Catalu\u00f1a<\/li><li><strong>Enrique Tom\u00e1s<\/strong>, De Badalona al Mundo: Historias de un charcutero.<\/li><\/ul><h4>S\u00e1bado d\u00eda 3 de marzo,\u00a021.00: Cocktail y cena de clausura en Celler de Can Roca (Espai Mas Marroch)<\/h4><p>Lugar: <a href=\"http:\/\/www.hotelbalnearivichycatalan.cat\/\" target=\"_blank\" rel=\"noopener\">Hotel Balneario Vichy Catal\u00e1n<\/a>, restaurante Mas Marroch<br \/>Fecha: 2 al 4 de marzo de 2018<\/p><h4><a href=\"http:\/\/www.calameo.com\/books\/005473754a41ac9cdd786\" target=\"_blank\" rel=\"noopener\">Programa del acto<\/a><\/h4><h4><a href=\"http:\/\/raed.academy\/conferencias-cientificas-vichy-catalan\/\" target=\"_blank\" rel=\"noopener\">M\u00e1s informaci\u00f3n<\/a><\/h4><\/td><td><p>[gallery columns=\"1\" link=\"file\" ids=\"42554,42555,42529,42649\"]<\/p><\/td><\/tr><tr id=\"evento0803\"><td class=\"fecha-evento\">8 marzo<br \/>2018<\/td><td><h3>Debate \u201cMujeres que cambian el mundo\u201d<\/h3><p>Ponentes:<\/p><ul><li><strong><a href=\"http:\/\/raed.academy\/academicos\/dra-rosmarie-cammany-dorr\/\" target=\"_blank\" rel=\"noopener\">Dra. Rosmarie Cammany<\/a>.<\/strong> Acad\u00e9mica de N\u00famero de la RAED y Dra. En Sociolog\u00eda.<\/li><li><a href=\"http:\/\/raed.academy\/academicos\/dra-maria-dels-angels-calvo-torras\/\" target=\"_blank\" rel=\"noopener\"><strong>Dra. Maria \u00c0ngels Calvo<\/strong><\/a>. Acad\u00e9mica de N\u00famero de la RAED y Presidenta de la Secci\u00f3n de Ciencias de la Salud.<\/li><li><strong>Sra. Myrtha Casanovas.<\/strong> Fundadora y presidente del Instituto Europeo para la Gesti\u00f3n de la Diversidad.<\/li><li><strong>Dra. Sonia Fern\u00e1ndez-Vidal. <\/strong> Dra. en \u00d3ptica e Informaci\u00f3n Cu\u00e1ntica. Investigadora y divulgadora cient\u00edfica.<\/li><li><strong>Sra. Mari\u00e1n Muro<\/strong>. Directora General de Espa\u00f1a Grupo Juli\u00e1.<\/li><\/ul><p>Moderadora: <strong>Dra. Cecilia Kindel\u00e1n Amorrich.<\/strong> Dra. en Comunicaci\u00f3n y miembro del Instituto de Investigaciones Interdisciplinarias de la RAED.<\/p><p>Lugar: Sal\u00f3n de actos de Fomento del Trabajo<br \/>Fecha: 08.03.2018<br \/>Hora: 19.00h<\/p><h3>V\u00eddeo del acto<\/h3><p><iframe src=\"https:\/\/www.youtube.com\/embed\/1WHlfw37T7I\" width=\"854\" height=\"480\" frameborder=\"0\" allowfullscreen=\"allowfullscreen\"><\/iframe><\/p><h3><a href=\"http:\/\/raed.academy\/mujeres-que-cambian-el-mundo\/\">M\u00e1s informaci\u00f3n<\/a><\/h3><\/td><td><p>[gallery type=\"divi\" columns=\"1\" link=\"file\" ids=\"42936,42939,42943\"]<\/p><\/td><\/tr><tr id=\"evento1503\"><td class=\"fecha-evento\">15 marzo<br \/>2018<\/td><td><h3>Ingreso como Acad\u00e9mico Correspondiente: <a href=\"http:\/\/raed.academy\/academicos\/dr-rodolfo-fernandez-cuellas\/\" target=\"_blank\" rel=\"noopener\">Rodolfo Fern\u00e1ndez-Cuellas<\/a><\/h3><p>Discurso de ingreso: <a href=\"http:\/\/raed.academy\/wp-content\/uploads\/2018\/03\/discurso-ingreso-dr-Rodolfo-Fernandez-Cuellas-dinamica-mayoria-minoria.pdf\" target=\"_blank\" rel=\"noopener\"><strong><em>Las din\u00e1micas mayor\u00eda-minor\u00eda y el derecho de separaci\u00f3n del socio<\/em><\/strong><\/a><br \/>Discurso de contestaci\u00f3n: <a href=\"http:\/\/raed.academy\/academicos\/dr-emili-gironella-masgrau\/\" target=\"_blank\" rel=\"noopener\"><strong>Emili Gironella Masgrau<\/strong><\/a><\/p><p>Lugar: Sal\u00f3n de actos de Fomento del Trabajo<br \/>Fecha: 15.03.2018<br \/>Hora: 19.30h<\/p><\/td><td><p>[gallery link=\"file\" columns=\"1\" ids=\"43326\"]<\/p><\/td><\/tr><tr id=\"evento2003\"><td class=\"fecha-evento\">20 marzo<br \/>2018<\/td><td><h3>Consolatio: Homenaje a los Dres: Joaqu\u00edn Barraquer, Joan Trayter, Josep Llort y Joan Oliv\u00e9<\/h3><p>Organizado por la <strong><a href=\"http:\/\/raed.academy\/academicos\/dra-maria-dels-angels-calvo-torras\/\" target=\"_blank\" rel=\"noopener\">Dra. M.\u00c0ngels Calvo<\/a><\/strong> y <a href=\"http:\/\/raed.academy\/academicos\/dra-rosmarie-cammany-dorr\/\" target=\"_blank\" rel=\"noopener\"><strong>Dra. Rosmarie Cammany<\/strong><\/a>.<\/p><p>Lugar: Sala de actos de Fomento del Trabajo<br \/>Fecha: 20.03.2018<br \/>Hora:19:30h<\/p><\/td><td><p>[gallery columns=\"1\" link=\"file\" ids=\"43601\"]<\/p><\/td><\/tr><tr id=\"evento2203\"><td class=\"fecha-evento\">22 marzo<br \/>2018<\/td><td><h3>Hidrataci\u00f3n y salud en la Europa del siglo XXI<\/h3><p><strong>Los debates de la Real Academia Europea de Doctores - Ciclo de conferencias de la Secci\u00f3n de Ciencias de la Salud<\/strong><\/p><p>Presentaci\u00f3n de la C\u00e1tedra Internacional de Estudios Avanzados en Hidrataci\u00f3n del Instituto Universitario de Investigaciones Biom\u00e9dicas y Sanitarias (IUIBS) de la Universidad de Las Palmas de Gran Canaria (ULPGC)<\/p><p>Ponentes:<\/p><ul><li><strong><a href=\"http:\/\/raed.academy\/academicos\/dr-lluis-serra-majem\/\" target=\"_blank\" rel=\"noopener\">Dr. Llu\u00eds Serra Majem<\/a><\/strong><\/li><li><strong> <a href=\"http:\/\/raed.academy\/academicos\/dr-javier-aranceta-bartrina\/\" target=\"_blank\" rel=\"noopener\">Dr. Javier Aranceta Bartrina<\/a><\/strong><\/li><li><strong>Dr. Rafael Urrialde de Andr\u00e9s<\/strong>, director de Nutrici\u00f3n y Salud de Coca-Cola Iberia.<\/li><li><strong>D. Faustino Mu\u00f1oz Soria<\/strong>, sumiller y director del Colmado Qu\u00edlez.<\/li><\/ul><p>Moderadora: <strong><a href=\"http:\/\/raed.academy\/academicos\/dra-maria-dels-angels-calvo-torras\/\" target=\"_blank\" rel=\"noopener\">Dra. Maria dels \u00c1ngels Calvo Torras<\/a><\/strong>, Presidenta de la Secci\u00f3n Ciencias de la Salud de la Real Academia Europea de Doctores<\/p><p>Lugar: Sal\u00f3n de actos de Fomento del Trabajo (Sala B).<br \/>Fecha: 22.03.2018<br \/>Hora: 18.00h<\/p><h3><a href=\"http:\/\/cieah.ulpgc.es\/es\/barcelona-2018\" target=\"_blank\" rel=\"noopener\">M\u00e1s informaci\u00f3n<\/a><\/h3><h3>V\u00eddeo resumen del acto<\/h3><p><iframe src=\"https:\/\/www.youtube.com\/embed\/2NN-ZfL-3zU\" width=\"700\" height=\"300\" frameborder=\"0\" allowfullscreen=\"allowfullscreen\"><\/iframe><\/p><\/td><td><p>[gallery link=\"file\" columns=\"1\" ids=\"43704,43705,43706,43707,43708\"]<\/p><\/td><\/tr><tr id=\"evento2203b\"><td class=\"fecha-evento\">22 marzo<br \/>2018<\/td><td><h3>Conferencia del <a href=\"http:\/\/raed.academy\/academicos\/dr-richard-roberts\/\" target=\"_blank\" rel=\"noopener\">Dr. Richard Roberts<\/a>, Premio Nobel de Medicina en 1993: \u00bfSon seguros los cultivos transg\u00e9nicos?<\/h3><p><strong>Ciclo Cient\u00edfico \u201cLa Ciencia vista a trav\u00e9s de los ojos de los Premios Nobel\u201d de <a href=\"http:\/\/obrasociallacaixa.org\/\" target=\"_blank\" rel=\"noopener\">Obra Social La Caixa<\/a><\/strong><\/p><p>Lugar: CosmoCaixa \u2013 Carrer d'Isaac Newton, 26, 08022 Barcelona<br \/>Fecha: 22.03.2018<br \/>Hora: 19:00h<\/p><h3><a href=\"http:\/\/raed.academy\/cultivos-transgenicos\/\" target=\"_blank\" rel=\"noopener\">M\u00e1s informaci\u00f3n<\/a><\/h3><\/td><td><p>[gallery link=\"file\" columns=\"1\" ids=\"43698\"]<\/p><\/td><\/tr><\/tbody><\/table><p><!-- Fin de marzo\/2018 --><\/p><h2>ABRIL 2018<\/h2><table class=\"tablaEventos\"><colgroup> <col style=\"text-align: center; font-style: italic; font-size: 18px; font-weight: bold;\" \/> <col \/> <col style=\"width: 170px;\" \/> <\/colgroup><tbody><tr id=\"evento1204\"><td class=\"fecha-evento\">12 abril<br \/>2018<\/td><td><h3>Debate a cargo de la Excma. Sra. Dilma Rousseff - Expresidenta de la Rep\u00fablica Federativa de Brasil<\/h3><h4>En el marco de la <a href=\"http:\/\/ceib.tirant.com\/\" target=\"_blank\" rel=\"noopener\">C\u00e1tedra de Estudios Jur\u00eddicos Iberoamericanos<\/a>, bajo el t\u00edtulo: \u201cBrasil, mi experiencia como Presidenta\u201d<\/h4><p>Ponentes:<\/p><ul><li><strong><a href=\"http:\/\/raed.academy\/academicos\/dr-santiago-jose-castella-surribas\/\" target=\"_blank\" rel=\"noopener\">Dr. Santiago J. Castell\u00e0 Surribas<\/a><\/strong>, Acad\u00e9mico Numerario de la Real Academia Europea de Doctores y Director de la C\u00e1tedra Smart City de la Universitat Rovira i Virgili<\/li><li><strong><a href=\"http:\/\/raed.academy\/academicos\/dr-joan-francesc-pont-clemente\/\" target=\"_blank\" rel=\"noopener\">Dr. Joan Francesc Pont Clemente<\/a><\/strong>, Acad\u00e9mico Numerario de la Real Academia Europea de Doctores y Presidente de la secci\u00f3n de Ciencias Sociales<\/li><\/ul><p>Moderador: Dr. <strong><a href=\"http:\/\/raed.academy\/academicos\/dr-jose-ramon-calvo-fernandez\/\" target=\"_blank\" rel=\"noopener\">Jos\u00e9 Ram\u00f3n Calvo Fern\u00e1ndez<\/a><\/strong>, Acad\u00e9mico Numerario de la Real Academia Europea de Doctores y Presidente del Instituto de Investigaciones Interdisciplinarias<\/p><p>Lugar: Sala de actos de Fomento del Trabajo - Via Laietana, 32, Pral, Barcelona<br \/>Fecha: 12.04.2018 a las 19:30h<\/p><h3><a href=\"http:\/\/raed.academy\/discurso-dilma-rousseff-raed\/\" target=\"_blank\" rel=\"noopener\">M\u00e1s informaci\u00f3n<\/a><\/h3><p><iframe src=\"https:\/\/www.youtube.com\/embed\/erlGsadgdPQ\" width=\"854\" height=\"480\" frameborder=\"0\" allowfullscreen=\"allowfullscreen\"><\/iframe><\/p><\/td><td><p>[gallery type=\"divi\" columns=\"1\" link=\"file\" ids=\"44669,44666,44667\"]<\/p><\/td><\/tr><tr id=\"evento1304\"><td class=\"fecha-evento\">13 abril<br \/>2018<\/td><td><h3>3er concierto del ciclo \"Conciertos Con Alma\" - M\u00fasica espa\u00f1ola<\/h3><p>Pianista: <strong>Nauzet Mederos<\/strong><\/p><h3><a href=\"http:\/\/raed.academy\/wp-content\/uploads\/2018\/04\/conciertos-con-alma-III-invitacion.pdf\" target=\"_blank\" rel=\"noopener\">Programa del concierto<\/a><\/h3><p>Lugar: Reial Cercle Art\u00edstic de Barcelona. Carrer dels Arcs, 5, 08002 Barcelona<\/p><p>Fecha: 13.04.2018 a las 19:30h<\/p><\/td><td><p>[gallery type=\"divi\" link=\"file\" columns=\"1\" ids=\"44658\"]<\/p><\/td><\/tr><tr id=\"evento2604\"><td class=\"fecha-evento\">26 abril<br \/>2018<\/td><td><h3>Conferencia \"\u00bfEstamos realmente hechos de cuarks?\"<\/h3><h4>Ciclo Cient\u00edfico \u201cLa Ciencia vista a trav\u00e9s de los ojos de los Premios Nobel\u201d - Obra Social La Caixa<\/h4><p>Conferencia del Premio Nobel de F\u00edsica en 1990 <a href=\"http:\/\/raed.academy\/academicos\/dr-jerome-isaac-friedman\/\" target=\"_blank\" rel=\"noopener\"><strong>Dr. Jerome Isaac Friedman<\/strong><\/a><\/p><p>Lugar: CosmoCaixa \u2013 Carrer d'Isaac Newton, 26, 08022 Barcelona<br \/>Fecha: 26.04.2018 a las 19:00h<\/p><h3><a href=\"http:\/\/raed.academy\/jerome-friedman-conferencia-quarks\/\" target=\"_blank\" rel=\"noopener\">M\u00e1s informaci\u00f3n<\/a><\/h3><\/td><td><p>[gallery type=\"divi\" columns=\"1\" link=\"file\" ids=\"45108\"]<\/p><\/td><\/tr><\/tbody><\/table><p><!-- Fin de abril\/2018 --><\/p><h2>MAYO 2018<\/h2><table class=\"tablaEventos\"><colgroup> <col style=\"text-align: center; font-style: italic; font-size: 18px; font-weight: bold;\" \/> <col \/> <col style=\"width: 170px;\" \/> <\/colgroup><tbody><tr id=\"evento0805\"><td class=\"fecha-evento\">8 mayo<br \/>2018<\/td><td><h3>Debate: Misterio en vida y muerte - Tutankam\u00f3n<\/h3><h4>Los debates de la Real Academia Europea de Doctores<\/h4><p>Ponente: <strong>Sr. Hamdi Zaki<\/strong><br \/>Presentaci\u00f3n: <strong>Dr. Josep F\u00e8lix Bentz<\/strong><\/p><p>Lugar: Reial Cercle Art\u00edstic de Barcelona. Carrer dels Arcs, 5, 08002 Barcelona<br \/>Fecha: 08.05.2018 a las 19:30h<\/p><p><iframe src=\"https:\/\/www.youtube.com\/embed\/2ZePpRTJ-sY\" width=\"700\" height=\"300\" frameborder=\"0\" allowfullscreen=\"allowfullscreen\"><\/iframe><\/p><\/td><td><p>[gallery type=\"divi\" columns=\"1\" link=\"file\" ids=\"45292,45294\"]<\/p><\/td><\/tr><tr id=\"evento1505\"><td class=\"fecha-evento\">15 mayo<br \/>2018<\/td><td><h3>Ingreso como Acad\u00e9mico de Honor: <a href=\"http:\/\/raed.academy\/academicos\/naohito-watanabe\/\" target=\"_blank\" rel=\"noopener\">Naohito Watanabe<\/a> \u2013 C\u00f3nsul General de Jap\u00f3n en Barcelona<\/h3><p>Discurso de ingreso: <a href=\"http:\/\/raed.academy\/wp-content\/uploads\/2018\/05\/discurso-ingreso-Naohito-Watanabe-Ruben-Dario-Japon-y-Japonismo.pdf\" target=\"_blank\" rel=\"noopener\"><strong>Rub\u00e9n Dar\u00edo, Jap\u00f3n y Japonismo<\/strong><\/a><br \/>Discurso de contestaci\u00f3n: <strong><a href=\"http:\/\/raed.academy\/academicos\/dr-josep-maria-bove-montero\/\" target=\"_blank\" rel=\"noopener\">Dr. Jos\u00e9 Mar\u00eda Bov\u00e9 Montero<\/a><\/strong><\/p><p>Lugar: Sal\u00f3n de actos de Fomento del Trabajo - Via Laietana, 32, Pral, Barcelona<br \/>Fecha: 15.05.2018 a las 19:30h<\/p><\/td><td><p>[gallery type=\"divi\" link=\"file\" columns=\"1\" ids=\"45541,45537\"]<\/p><\/td><\/tr><tr id=\"evento1805\"><td class=\"fecha-evento\">18 mayo<br \/>2018<\/td><td><h3>4\u00ba concierto del ciclo \"Conciertos Con Alma\" - La Flauta M\u00e1gica<\/h3><ul><li>Flautista: <strong>Linda Chatterton<\/strong><\/li><li>Pianista: <strong>Nauzet Mederos<\/strong><\/li><\/ul><p>Lugar: Reial Cercle Art\u00edstic de Barcelona. Carrer dels Arcs, 5, 08002 Barcelona<br \/>Fecha: 18.05.2018 a las 19:30h<\/p><h3><a href=\"http:\/\/raed.academy\/wp-content\/uploads\/2018\/05\/presentacion-conciertos-con-alma-IV-Linda-Chatterton-Nauzet-Mederos.pdf\" target=\"_blank\" rel=\"noopener\">Programa del concierto<\/a><\/h3><\/td><td><p>[gallery type=\"divi\" link=\"file\" columns=\"1\" ids=\"45698,45699\"]<\/p><\/td><\/tr><tr id=\"evento2205\"><td class=\"fecha-evento\">22 mayo<br \/>2018<\/td><td><h3>Ingreso como Acad\u00e9mica Correspondiente: <a href=\"http:\/\/raed.academy\/academicos\/dra-maria-asuncion-peire-garcia\/\" target=\"_blank\" rel=\"noopener\">Mar\u00eda Asunci\u00f3n Peir\u00e9<\/a><\/h3><p>Discurso de ingreso: <a href=\"http:\/\/raed.academy\/wp-content\/uploads\/2018\/05\/discurso-ingreso-Maria-Asuncion-Peire-Farmacologia-Pediatrica.pdf\" target=\"_blank\" rel=\"noopener\"><strong>Farmacolog\u00eda Pedi\u00e1trica: pasado, presente y perspectivas de futuro<\/strong><\/a><br \/>Discurso de contestaci\u00f3n: <a href=\"http:\/\/raed.academy\/academicos\/dr-pedro-claros-blanch\/\" target=\"_blank\" rel=\"noopener\"><strong>Dr. Pedro Clar\u00f3s<\/strong><\/a><\/p><p>Lugar: Sal\u00f3n de actos de Fomento del Trabajo<br \/>Fecha: 22.05.2018 a las 19:30h<\/p><\/td><td><p>[gallery type=\"divi\" link=\"file\" columns=\"1\" ids=\"45723\"]<\/p><\/td><\/tr><tr id=\"evento3105\"><td class=\"fecha-evento\">31 mayo<br \/>2018<\/td><td><h3>Debate \u201cTabaquismo presente y futuro\u201d<\/h3><h4>Los debates de la Real Academia Europea de Doctores - D\u00eda Mundial sin tabaco<\/h4><p>Temas a tratar en el debate:<br \/>Impacto en el consumo del tabaco, desde la aprobaci\u00f3n de las leyes sobre el control y regulaci\u00f3n de su uso.<br \/>An\u00e1lisis de las nuevas formas de consumo de tabaco vinculadas a nuevas tecnolog\u00edas, impulsadas por las tabaqueras.<br \/>Estudio del impacto de esas circunstancias sobre el consumo en j\u00f3venes.<\/p><p>Ponentes:<\/p><ul><li><a href=\"http:\/\/raed.academy\/academicos\/dr-jose-ramon-calvo-fernandez\/\" target=\"_blank\" rel=\"noopener\"><strong>Dr. Jos\u00e9 Ram\u00f3n Calvo<\/strong><\/a><\/li><li><strong>Dr. Francesc Abella Pons<\/strong><\/li><li><strong>Sr. Esteve Salt\u00f3<\/strong><\/li><li><strong>Dr. Esteve Fern\u00e1ndez<\/strong><\/li><\/ul><p>Lugar: Sala de actos de Fomento de trabajo - Via Laietana, 32, Pral, Barcelona<br \/>Fecha: 31.05.2018 a las 19:30h<\/p><\/td><td><p>[gallery type=\"divi\" columns=\"1\" link=\"file\" ids=\"46191,46245\"]<\/p><\/td><\/tr><\/tbody><\/table><p><!-- Fin de mayo\/2018 --><\/p><h2>JUNIO 2018<\/h2><table class=\"tablaEventos\"><colgroup> <col style=\"text-align: center; font-style: italic; font-size: 18px; font-weight: bold;\" \/> <col \/> <col style=\"width: 170px;\" \/> <\/colgroup><tbody><tr id=\"evento0106\"><td class=\"fecha-evento\">1 junio<br \/>2018<\/td><td><h3>Ingreso como Acad\u00e9mico de N\u00famero: <a href=\"http:\/\/raed.academy\/academicos\/dr-juan-vicente-sola\" target=\"_blank\" rel=\"noopener\">Dr. Juan Vicente Sola<\/a>, Doctor en Derecho y Econom\u00eda<\/h3><p>Discurso de ingreso: <a href=\"http:\/\/raed.academy\/wp-content\/uploads\/2018\/06\/discurso-ingreso-Juan-Vicente-Sola-Pluralismo-y-corporativismo.pdf\" target=\"_blank\" rel=\"noopener\"><strong>\u201cPluralismo y Corporativismo. El freno a la Econom\u00eda din\u00e1mica\u201d<\/strong><\/a><br \/>Discurso de contestaci\u00f3n a cargo del <strong><a href=\"http:\/\/raed.academy\/academicos\/dr-edmund-phelps\/\" target=\"_blank\" rel=\"noopener\">Excmo. Sr. Dr. Edmund Phelps<\/a>, Acad\u00e9mico de Honor de la RAED y Premio Nobel de Econom\u00eda 2006<\/strong><\/p><p>Lugar: Sala de actos de Fomento de trabajo - Via Laietana, 32, Pral, Barcelona<br \/>Fecha: 01.06.2018 a las 18:00h<\/p><\/td><td><p>[gallery type=\"divi\" columns=\"1\" link=\"file\" ids=\"46208,46211,46217\"]<\/p><\/td><\/tr><tr id=\"evento0506\"><td class=\"fecha-evento\">5 junio<br \/>2018<\/td><td><h3>Debate \"La educaci\u00f3n en Tecnolog\u00eda. La ense\u00f1anza de la ingenier\u00eda: un modelo en revisi\u00f3n en Espa\u00f1a\"<\/h3><p>Moderador: <a href=\"http:\/\/raed.academy\/academicos\/dr-jaime-rodrigo-de-larrucea\/\" target=\"_blank\" rel=\"noopener\"><strong>Dr. Jaime Rodrigo de Larrucea<\/strong><\/a>. Presidente de la Secci\u00f3n Tecnolog\u00eda RAED. Profesor de Derecho Mar\u00edtimo (UPC).<\/p><p>Ponentes:<\/p><ul><li><a href=\"http:\/\/raed.academy\/academicos\/dr-eugenio-onate-ibanez-de-navarra\/\" target=\"_blank\" rel=\"noopener\"><strong>Dr. Eugenio O\u00f1ate<\/strong><\/a>. Catedr\u00e1tico ETS Caminos Canales y Puertos. Director CIMNE y Vicepresidente RAED.<\/li><li><strong><a href=\"http:\/\/raed.academy\/academicos\/dr-javier-gil-mur\/\" target=\"_blank\" rel=\"noopener\">Dr. Xaviel Gil<\/a>.<\/strong> Catedr\u00e1tico Ingenier\u00eda de los Materiales . Rector UIC.<\/li><li><a href=\"http:\/\/raed.academy\/academicos\/dr-lluis-vicent-safont\/\" target=\"_blank\" rel=\"noopener\"><strong>Dr. Llu\u00eds Vicent<\/strong><\/a> . Dr. en \u201cTIC y Gesti\u00f3n de las TIC\u201d e Ingeniero en Telecomunicaciones. Promotor y primer rector de la Universitat Oberta La Salle.<\/li><\/ul><p>Lugar: Sala de actos de Fomento de trabajo - Via Laietana, 32, Pral, Barcelona<br \/>Fecha: 05.06.2018 a las 19:00h<\/p><p><iframe src=\"https:\/\/www.youtube.com\/embed\/wLi7pttmg-E\" width=\"852\" height=\"345\" frameborder=\"0\" allowfullscreen=\"allowfullscreen\"><\/iframe><\/p><\/td><td><p>[gallery type=\"divi\" link=\"file\" columns=\"1\" ids=\"46376,46373\"]<\/p><\/td><\/tr><tr id=\"evento0706\"><td class=\"fecha-evento\">7 junio<br \/>2018<\/td><td><h3>Conferencia: Los grandes descubrimientos accidentales<\/h3><p>Conferencia del Premio Nobel de F\u00edsica <strong><a href=\"http:\/\/raed.academy\/academicos\/dr-sheldon-lee-glashow\/\" target=\"_blank\" rel=\"noopener\">Sheldon Lee Glashow<\/a><\/strong>, dentro del ciclo <strong>\"La ciencia vista a trav\u00e9s de los ojos de Premios Nobel\"<\/strong> (Obra Social La Caixa).<\/p><p>El Dr. Glashow habla sobre los hallazgos cient\u00edficamente valiosos que no se producen como resultado del llamado m\u00e9todo cient\u00edfico (formulaci\u00f3n de hip\u00f3tesis, prueba y posterior aceptaci\u00f3n o rechazo), sino de manera accidental o casual, como un descubrimiento accidental no buscado.<\/p><p>La penicilina se descubri\u00f3 pr\u00e1cticamente por accidente. Alexander Fleming, olvid\u00f3 una serie de placas de petri con cultivos de bacterias que dej\u00f3 al aire libre en el laboratorio, a su vuelta las placas estaban llenas de moho y por curiosidad las mir\u00f3 al microscopio. Entonces descubri\u00f3 que el moho, que eran hongos de Penicillium, hab\u00eda matado a las bacterias. Este descubrimiento accidental ha salvado miles de vidas gracias a la penicilina.<\/p><p>Hay muchos casos como este, tanto la luz infrarroja como la radioactividad fueron descubiertos probando hip\u00f3tesis err\u00f3neas. Otro descubrimiento accidental fue el primer tinte de anilina ya que surgi\u00f3 de un intento fallido de sintetizar quinina . Y tambi\u00e9n hay ejemplos comerciales como Goodyear cuando les cay\u00f3 azufre sobre una cubeta de caucho caliente y gener\u00f3 un proceso qu\u00edmico llamado vulcanizaci\u00f3n. Esta mezcla se endureci\u00f3 y curv\u00f3 y dio pie posteriormente a la aparici\u00f3n de los neum\u00e1ticos.<\/p><p>Lugar: CosmoCaixa - C\/ Isaac Newton, 26, 08022 Barcelona<\/p><\/td><td><p>[gallery columns=\"1\" link=\"file\" ids=\"46500,46497\"]<\/p><\/td><\/tr><tr id=\"evento1206\"><td class=\"fecha-evento\">12 junio<br \/>2018<\/td><td><h3>Ingreso como Acad\u00e9mica Numeraria: <a href=\"http:\/\/raed.academy\/academicos\/dra-mireia-las-heras-maestro\/\" target=\"_blank\" rel=\"noopener\">Mireia Las Heras Maestro<\/a><\/h3><p>Discurso de ingreso: <a href=\"http:\/\/raed.academy\/wp-content\/uploads\/2018\/06\/discurso-ingreso-Mireia-Las-Heras-Maestro-El-Valor-Del-Liderazgo.pdf\" target=\"_blank\" rel=\"noopener\"><strong>El valor del Liderazgo<\/strong><\/a><br \/>Discurso de respuesta a cargo del <a href=\"http:\/\/raed.academy\/academicos\/dr-jose-antonio-segarra-torres\/\" target=\"_blank\" rel=\"noopener\"><strong>Dr. Jos\u00e9 Antonio Segarra<\/strong><\/a><\/p><p>Lugar: Sala de actos de Fomento de trabajo - Via Laietana, 32, Pral, Barcelona<br \/>Fecha: 12.06.2018 a las 19:00h<\/p><\/td><td><p>[gallery type=\"divi\" columns=\"1\" link=\"file\" ids=\"46611,46621\"]<\/p><\/td><\/tr><tr id=\"evento2006\"><td class=\"fecha-evento\">20 junio<br \/>2018<\/td><td><h3>Ingreso como Acad\u00e9mica Correspondiente: <strong>Dra. Marta Pulido Mestre<\/strong>, doctora en medicina y cirug\u00eda<\/h3><p>Discurso de ingreso: <a href=\"http:\/\/raed.academy\/wp-content\/uploads\/2018\/06\/discurso-ingreso-Marta-Pulido-Mestre-Autoria-de-las-Publicaciones-Cientificas.pdf\" target=\"_blank\" rel=\"noopener\"><strong>Reflexiones sobre la autor\u00eda de las publicaciones cient\u00edficas<\/strong><\/a><br \/>Discurso de respuesta a cargo del <strong><a href=\"http:\/\/raed.academy\/academicos\/dr-pedro-claros-blanch\/\" target=\"_blank\" rel=\"noopener\">Dr. Pedro Clar\u00f3s<\/a><\/strong><\/p><p>Lugar: Real C\u00edrculo Art\u00edstico de Barcelona - C\/ dels Arcs, 5, 08002 Barcelona<br \/>Fecha: 20.06.2018 a las 19:30h<\/p><\/td><td><p>[gallery type=\"divi\" columns=\"1\" link=\"file\" ids=\"46934\"]<\/p><\/td><\/tr><tr id=\"evento2106\"><td class=\"fecha-evento\">21 junio<br \/>2018<\/td><td><h3>Debate \"Mujeres que cambian el mundo\"<\/h3><h4>Intervendr\u00e1n:<\/h4><ul><li><strong>Aldo Olcese Santonja<\/strong>, Presidente de la Fundaci\u00f3n Independiente<\/li><li><a href=\"http:\/\/raed.academy\/academicos\/dr-alfredo-rocafort-nicolau\/\" target=\"_blank\" rel=\"noopener\"><strong>Alfredo Rocafort Nicolau<\/strong><\/a>, Presidente de la Real Academia Europea de Doctores<\/li><\/ul><h4>Mesa de debate:<\/h4><ul><li><strong>Ana Bujald\u00f3n<\/strong>, Presidenta de la Federaci\u00f3n Espa\u00f1ola de Mujeres Directivas, Ejecutivas, Profesionales y Empresarias<\/li><li><strong>Arantza Mart\u00ednez<\/strong>, Pintora Hiperrealista<\/li><li><strong>Karen Biain<\/strong>, Directora de Branded Content de Unidad Editorial<\/li><li><strong>Paloma Domingo<\/strong>, Directora General de la Fundaci\u00f3n Espa\u00f1ola de Ciencia y Tecnolog\u00eda<\/li><li><strong>Rosa Rubio<\/strong>, Vocal del Consejo Fiscal y Fiscal Delegada de la Especialidad Civil y de Protecci\u00f3n Jur\u00eddica de las Personas con Discapacidad para la Comunidad Aut\u00f3noma de Canarias.<\/li><li><a href=\"http:\/\/raed.academy\/academicos\/dra-teresa-freixes-sanjuan\/\" target=\"_blank\" rel=\"noopener\"><strong>Teresa Freixes<\/strong><\/a>, Catedr\u00e1tica de Derecho Constitucional<\/li><\/ul><p>Moderadora:<strong> Cecilia Kindelan<\/strong>, periodista, abogada y miembro del Instituto de Investigaciones Interdisciplinarias de la RAED.<br \/>Lugar: Club Financiero G\u00e9nova - Sal\u00f3n Minerva. C\/ Marqu\u00e9s de la Ensenada, 14, planta 14 - Madrid (MADRID)<\/p><\/td><td><p>[gallery type=\"divi\" columns=\"1\" link=\"file\" ids=\"46945,46946,46947\"]<\/p><\/td><\/tr><tr id=\"evento2806\"><td class=\"fecha-evento\">28 junio<br \/>2018<\/td><td><h3>Debate. Sostenibilidad, Retos y Desaf\u00edos del Sistema de Pensiones<\/h3><h4>Ponentes:<\/h4><ul><li><strong>Myrta Casanovas<\/strong>, empresaria y fil\u00e1ntropa<\/li><li><a href=\"http:\/\/raed.academy\/academicos\/dr-jose-maria-gay-de-liebana-saludas\/\" target=\"_blank\" rel=\"noopener\"><strong>Jos\u00e9 Mar\u00eda Gay de Li\u00e9bana<\/strong><\/a>, pofesor y acad\u00e9mico de la RAED<\/li><li><strong>Jos\u00e9 Lu\u00eds Bonet<\/strong>, Presidente de la C\u00e1mara de Espa\u00f1a y acad\u00e9mico de la RAED<\/li><li><a href=\"http:\/\/raed.academy\/academicos\/dr-jose-luis-salido-banus\/\" target=\"_blank\" rel=\"noopener\"><strong>Jos\u00e9 Lu\u00eds Salido<\/strong><\/a>, profesor y acad\u00e9mico de la RAED<\/li><li><strong>Pau Miret<\/strong>, profesor de la UAB<\/li><\/ul><h4>Moderador:<\/h4><ul><li><strong>Agust\u00ed Salas<\/strong>, periodista de la Secci\u00f3n de Econom\u00eda de El Peri\u00f3dico.<\/li><\/ul><p>Lugar: Sala de actos de Fomento de trabajo - Via Laietana, 32, Pral, Barcelona<br \/>Fecha: 28.06.2018 a las 18:00h<br \/><iframe src=\"https:\/\/www.youtube.com\/embed\/d5Q6Bpu65UI\" width=\"700\" height=\"350\" frameborder=\"0\" allowfullscreen=\"allowfullscreen\"><\/iframe><\/p><\/td><td><p>[gallery type=\"divi\" link=\"file\" columns=\"1\" ids=\"64007,63984,63987,63990,63993\"]<\/p><\/td><\/tr><\/tbody><\/table><p><!-- Fin de junio\/2018 --><\/p><h2>JULIO 2018<\/h2><table class=\"tablaEventos\"><colgroup> <col style=\"text-align: center; font-style: italic; font-size: 18px; font-weight: bold; min-width: 100px;\" \/> <col \/> <col style=\"width: 170px;\" \/> <\/colgroup><tbody><tr id=\"evento0207\"><td class=\"fecha-evento\">2 julio<br \/>2018<\/td><td><h3>5\u00ba concierto del ciclo \"Conciertos Con Alma\". Recital de m\u00fasica cl\u00e1sica<\/h3><p>Int\u00e9rpretes:<\/p><ul><li><strong>Ivan Mart\u00edn<\/strong>, Piano<\/li><li><strong>Sheila G\u00f3mez<\/strong>, Viol\u00edn<\/li><\/ul><p>\u00a0<\/p><h4><a href=\"http:\/\/raed.academy\/wp-content\/uploads\/2018\/07\/programa-conciertos-con-alma-V-Ivan-Martin-y-Sheila-Gomez.pdf\" target=\"_blank\" rel=\"noopener\">Programa del concierto<\/a><\/h4><p>\u00a0<\/p><p>Lugar: Sala de los Atlantes del Real C\u00edrculo Art\u00edstico de Barcelona, Carrer dels Arcs, 5, 08002 Barcelona<br \/>Fecha: 02.07.2018 a las 19:30h<\/p><\/td><td><p>[gallery type=\"divi\" link=\"file\" columns=\"1\" ids=\"47610\"]<\/p><\/td><\/tr><tr id=\"evento1107\"><td class=\"fecha-evento\">11 - 18<br \/>julio<br \/>2018<\/td><td><h3>IV Acto Internacional - Congreso Europeo de Investigaciones Interdisciplinarias<br \/>\"Ciencia, \u00c9tica y Humanismo\"<\/h3><p>Celebraci\u00f3n del IV Congreso Internacional de la Real Academia en diversas ciudades del mediterr\u00e1neo. Del 11 al 18 de Julio.<\/p><ul><li>Sesi\u00f3n de ponencias multidisciplinarias de Acad\u00e9micos de la RAED.<\/li><li>Visita a la Pontificia Academia de las Ciencias:<ul><li>Bienvenida a cargo del Gran Canciller de la Academia, <strong>Monse\u00f1or Marcelo S\u00e1nchez Sorondo<\/strong>, y del <a href=\"http:\/\/raed.academy\/academicos\/dr-lluis-martinez-sistach\/\" target=\"_blank\" rel=\"noopener\"><strong>Cardenal Luis Mart\u00ednez Sistach<\/strong><\/a>.<\/li><li>Dialogo acad\u00e9mico: <strong>\"Los retos de la ciencia y el humanismo actual vistos desde la perspectiva de las academias cient\u00edficas\"<\/strong><\/li><\/ul><\/li><li>Di\u00e1logo Acad\u00e9mico <strong>\u201cCiencia y vida de un cient\u00edfico\"<\/strong>.<\/li><li>Visita a Valldemossa, Mallorca:<ul><li>Rueda de prensa en Valldemossa.<\/li><li>Conferencia de la <strong>Sra. Rosa Capllong<\/strong>: <strong>\u201cGeorge Sand y Frederic Chopin, un invierno en Mallorca\u201d<\/strong><\/li><li>Concierto de piano de <strong>Iv\u00e1n Mart\u00edn<\/strong>. Interpretaci\u00f3n de temas de Chopin.<\/li><\/ul><\/li><li>Acto de ingreso de los Premios Nobel: <a href=\"http:\/\/raed.academy\/academicos\/dr-barry-clark-barish\/\" target=\"_blank\" rel=\"noopener\"><strong>Barry Clark Barish<\/strong><\/a> y <a href=\"http:\/\/raed.academy\/academicos\/dr-richard-royce-schrock\/\" target=\"_blank\" rel=\"noopener\"><strong>Richard Royce Schrock<\/strong><\/a>.<\/li><\/ul><h4>Itinerario: Ajaccio \u2013 Civitavecchia \u2013 La Spezia \u2013 Genova \u2013 Cannes \u2013 Palma de Mallorca<br \/>Fecha: Del 11 al 18 de julio de 2018<\/h4><h4><a href=\"http:\/\/raed.academy\/iv-acto-internacional\/\">M\u00e1s informaci\u00f3n sobre el IV Acto Internacional<\/a><\/h4><\/td><td><p>[gallery link=\"file\" columns=\"1\" ids=\"55311,47554,47552,55294\"]<\/p><\/td><\/tr><\/tbody><\/table><h2>SEPTIEBMRE 2018<\/h2><table class=\"tablaEventos\"><colgroup> <col style=\"text-align: center; font-style: italic; font-size: 18px; font-weight: bold; min-width: 100px;\" \/> <col \/> <col style=\"width: 170px;\" \/> <\/colgroup><tbody><tr id=\"evento1309\"><td class=\"fecha-evento\">13 septiembre<br \/>2018<\/td><td><h3>Ingreso como Acad\u00e9mico de N\u00famero: Josep Maria Ustrell i Torrent<\/h3><p>Discurso de ingreso: <a href=\"http:\/\/raed.academy\/wp-content\/uploads\/2018\/09\/discurso-ingreso-Josep-Maria-Ustrell-i-Torrent.pdf\" target=\"_blank\" rel=\"noopener\"><strong>Perspectiva Human\u00edstica de la Bio\u00e9tica en Estomatolog\u00eda\/Odontolog\u00eda<\/strong><\/a><br \/>Discurso de respuesta a cargo del <strong><a href=\"http:\/\/raed.academy\/academicos\/dr-ferran-guedea-edo\/\" target=\"_blank\" rel=\"noopener\">Dr. Ferran Guedea Edo<\/a><\/strong><\/p><p>Lugar: Sala de actos de Fomento de trabajo \u2013 Via Laietana, 32, Pral, Barcelona<br \/>Fecha: 13.09.2018 a las 19:00h<\/p><\/td><td><p>[gallery type=\"divi\" link=\"file\" columns=\"1\" ids=\"56116\"]<\/p><\/td><\/tr><tr id=\"evento2009\"><td class=\"fecha-evento\">20 septiembre<br \/>2018<\/td><td><h3>Ingreso como Acad\u00e9mico Correspondiente: <a href=\"http:\/\/raed.academy\/academicos\/dr-rafael-urrialde-de-andres\/\" target=\"_blank\" rel=\"noopener\">Rafael Urrialde de Andr\u00e9s<\/a><\/h3><p>Discurso de ingreso: <strong>Evoluci\u00f3n de la Informaci\u00f3n Relacionada con la Alimentaci\u00f3n y la Nutrici\u00f3n: Retos de Adaptaci\u00f3n por el Consumidor<\/strong><br \/>Discurso de respuesta a cargo del <a href=\"http:\/\/raed.academy\/academicos\/dr-lluis-serra-majem\/\" target=\"_blank\" rel=\"noopener\"><strong>Dr. Llu\u00eds Serra-Majem<\/strong><\/a><\/p><p>Lugar: Sala de actos de Fomento de trabajo \u2013 Via Laietana, 32, Pral, Barcelona<br \/>Fecha: 20.09.2018 a las 19:30h<\/p><\/td><td><p>[gallery type=\"divi\" link=\"file\" columns=\"1\" ids=\"56637\"]<\/p><\/td><\/tr><tr id=\"evento2109\"><td class=\"fecha-evento\">21 septiembre<br \/>2018<\/td><td><h3>6\u00ba concierto del ciclo \"Conciertos Con Alma\"<\/h3><p>Int\u00e9rprete: <strong>Edith Pe\u00f1a, pianista<\/strong><\/p><p>Lugar: Sala de los Atlantes del Real C\u00edrculo Art\u00edstico de Barcelona, Carrer dels Arcs, 5, 08002 Barcelona<br \/>Fecha: 21.09.2018 a las 19:30h<\/p><\/td><td><p>[gallery type=\"divi\" link=\"file\" columns=\"1\" ids=\"56731\"]<\/p><\/td><\/tr><tr id=\"evento2609\"><td class=\"fecha-evento\">26 septiembre<br \/>2018<\/td><td><h3>Concierto extraordinario<\/h3><p>Int\u00e9rprete: <strong>Facundo Gonz\u00e1lez Laborde<\/strong>, pianista<\/p><p>Lugar: Sala de los Atlantes del Real C\u00edrculo Art\u00edstico de Barcelona, Carrer dels Arcs, 5, 08002 Barcelona<br \/>Fecha: 26.09.2018 a las 19:30h<\/p><\/td><td><p>[gallery type=\"divi\" link=\"file\" columns=\"1\" ids=\"56841\"]<\/p><\/td><\/tr><\/tbody><\/table><h2>OCTUBRE 2018<\/h2><table class=\"tablaEventos\"><colgroup> <col style=\"text-align: center; font-style: italic; font-size: 18px; font-weight: bold; min-width: 100px;\" \/> <col \/> <col style=\"width: 170px;\" \/> <\/colgroup><tbody><tr id=\"evento0410\"><td class=\"fecha-evento\">4 octubre<br \/>2018<\/td><td><h3>Ingreso como Acad\u00e9mico Correspondiente: Jes\u00fas Lafuente Baraza<\/h3><p>Discurso de ingreso: <strong>Los retos de la neurocirug\u00eda en el siglo XXI<\/strong><br \/>Discurso de respuesta a cargo del <a href=\"http:\/\/raed.academy\/academicos\/dr-luis-carriere-lluch\/\" target=\"_blank\" rel=\"noopener\"><strong>Dr. Luis Carriere Lluch<\/strong><\/a><br \/>Lugar: Sala de actos de Fomento de trabajo \u2013 Via Laietana, 32, Pral, Barcelona<br \/>Fecha: 04.10.2018 a las 19:30h<\/p><\/td><td><p>[gallery type=\"divi\" link=\"file\" columns=\"1\" ids=\"57780\"]<\/p><\/td><\/tr><tr id=\"evento0910\"><td class=\"fecha-evento\">9 - 15 octubre<br \/>2018<\/td><td><h3>Congreso \u201cInvestigaci\u00f3n multidisciplinaria para una futuro sustentable\u201d<\/h3><h4 style=\"text-align: center;\">M\u00e9xico - Del 9 al 15 de octubre de 2018<\/h4><p>La Real Academia se desplaza a M\u00e9xico para participar en el Congreso de Investigaci\u00f3n que organiza junto a la Comunidad de Instituciones de Educaci\u00f3n Superior de La Laguna (Cieslag), y otorgar su segundo premio a la Mejor Tesis Doctoral presentada en los distintos centros de la Cieslag, cumpliendo con el convenio suscrito en 2015.<br \/>El congreso se celebrar\u00e1 junto con el <strong>9.\u00ba Encuentro Regional de Investigaciones<\/strong> y el <strong>8.\u00ba Encuentro de J\u00f3venes Investigadores<\/strong>, en los que la RAED tambi\u00e9n participar\u00e1 activamente.<\/p><p>Constituyentes de la delegaci\u00f3n representante de la RAED:<\/p><ul><li><a href=\"http:\/\/raed.academy\/academicos\/dr-alfredo-rocafort-nicolau\/\" target=\"_blank\" rel=\"noopener\"><strong>Alfredo Rocafort<\/strong><\/a>, presidente<\/li><li><a href=\"http:\/\/raed.academy\/academicos\/dr-xabier-anoveros-trias-de-bes\/\" target=\"_blank\" rel=\"noopener\"><strong>Xabier A\u00f1overos<\/strong><\/a>, vicepresidente<\/li><li><a href=\"http:\/\/raed.academy\/academicos\/dr-jose-ramon-calvo-fernandez\/\" target=\"_blank\" rel=\"noopener\"><strong>Jos\u00e9 Ram\u00f3n Calvo<\/strong><\/a>, presidente del Instituto de Investigaciones Interdisciplinarias<\/li><li><a href=\"http:\/\/raed.academy\/academicos\/dr-jordi-marti-pidelaserra\/\" target=\"_blank\" rel=\"noopener\"><strong>Jordi Mart\u00ed<\/strong><\/a>, miembro de la Junta de Gobierno<\/li><\/ul><h4><a href=\"http:\/\/raed.academy\/puente-academico-con-mexico\/\">M\u00e1s informaci\u00f3n sobre el evento<\/a><\/h4><p>Con la colaboraci\u00f3n:<br \/><img class=\"aligncenter wp-image-39435\" src=\"https:\/\/raed.academy\/wp-content\/uploads\/2017\/12\/generalitat-catalunya-logo.jpg\" alt=\"\" width=\"171\" height=\"44\" \/><\/p><\/td><td><p>[gallery type=\"divi\" link=\"file\" columns=\"1\" ids=\"59448,59463,59430\"]<\/p><\/td><\/tr><tr id=\"evento2310\"><td class=\"fecha-evento\">23 octubre<br \/>2018<\/td><td><h3>Ingreso como Acad\u00e9mico Numerario: <a href=\"http:\/\/raed.academy\/academicos\/dr-pere-joan-cardona-iglesias\/\" target=\"_blank\" rel=\"noopener\"><strong>Pere-Joan Cardona Iglesias<\/strong><\/a><\/h3><p>Discurso de ingreso: <a href=\"http:\/\/raed.academy\/wp-content\/uploads\/2018\/10\/discurso-ingreso-Pere-Joan-Cardona-Iglesias-La-Unitat-de-Tuberculosi-Experimental.pdf\" target=\"_blank\" rel=\"noopener\"><strong>La unitat de tuberculosi i experimental. 20 anys d'hist\u00f2ria<\/strong><\/a><br \/>Discurso de respuesta a cargo del <a href=\"http:\/\/raed.academy\/academicos\/dr-emili-gironella-masgrau\/\" target=\"_blank\" rel=\"noopener\"><strong>Dr. Emili Gironella<\/strong><\/a><br \/>Lugar: Sala de actos de Fomento de trabajo \u2013 Via Laietana, 32, Pral, Barcelona<br \/>Fecha: 23.10.2018 a las 19:30h<\/p><\/td><td><p>[gallery type=\"divi\" link=\"file\" columns=\"1\" ids=\"59936\"]<\/p><\/td><\/tr><tr id=\"evento3010\"><td class=\"fecha-evento\">30 octubre<br \/>2018<\/td><td><h3>Ingreso como Acad\u00e9mica Numeraria: <a href=\"http:\/\/raed.academy\/academicos\/dra-mariangela-vilallonga-vives\/\" target=\"_blank\" rel=\"noopener\">Mari\u00e0ngela Vilallonga<\/a><\/h3><p>Discurso de ingreso: <a href=\"http:\/\/raed.academy\/wp-content\/uploads\/2018\/10\/discurso-ingreso-RAED-Mariangela-Vilallonga-Vives.pdf\" target=\"_blank\" rel=\"noopener\"><strong>Noucentisme, avantguardisme i model de pa\u00eds: la centralitat de la cultura<\/strong><\/a><br \/>Discurso de respuesta a cargo de la <a href=\"http:\/\/raed.academy\/academicos\/dra-maria-dels-angels-calvo-torras\/\" target=\"_blank\" rel=\"noopener\"><strong>Dra. Maria \u00c0ngels Calvo<\/strong><\/a><br \/>Fecha: 30.10.2018 a las 19:30h<\/p><\/td><td><p>[gallery type=\"divi\" link=\"file\" columns=\"1\" ids=\"60448\"]<\/p><\/td><\/tr><\/tbody><\/table><h2>NOVIEMBRE 2018<\/h2><table class=\"tablaEventos\"><colgroup> <col style=\"text-align: center; font-style: italic; font-size: 18px; font-weight: bold; min-width: 100px;\" \/> <col \/> <col style=\"width: 170px;\" \/> <\/colgroup><tbody><tr id=\"evento0811\"><td class=\"fecha-evento\">8 noviembre<br \/>2018<\/td><td><h3>Ingreso como Acad\u00e9mica Numeraria: <strong><a href=\"https:\/\/raed.academy\/academicos\/dra-sonia-fernandez-vidal\/\" target=\"_blank\" rel=\"noopener\">Sonia Fern\u00e1ndez Vidal<\/a>, Doctora en F\u00edsica<\/strong><\/h3><p>Discurso de ingreso: <a href=\"https:\/\/raed.academy\/wp-content\/uploads\/2018\/11\/Discurso-ingreso-Sonia-Fernandez-Vidal-abrir-las-puertas-de-la-biblioteca-de-Alejandria.pdf\" target=\"_blank\" rel=\"noopener\"><strong>Abrir las puertas de la Biblioteca de Alejandr\u00eda<\/strong><\/a><br \/>Discurso de respuesta a cargo del <a href=\"http:\/\/raed.academy\/academicos\/dr-jose-ramon-calvo-fernandez\/\" target=\"_blank\" rel=\"noopener\"><strong>Dr. Jos\u00e9 Ram\u00f3n Calvo Fern\u00e1ndez<\/strong><\/a><\/p><p>Lugar: Sala de actos de Fomento de trabajo \u2013 Via Laietana, 32, Pral, Barcelona<br \/>Fecha: 08.11.2018 a las 19:00h<\/p><\/td><td><p>[gallery link=\"file\" columns=\"1\" ids=\"60984,60999\"]<\/p><\/td><\/tr><tr id=\"evento1411\"><td class=\"fecha-evento\">14<br \/>noviembre<br \/>2018<\/td><td><h3>Debate-coloquio \"El Cardenal Francesc Vidal i Barraquer\" (1868-1943)\"<\/h3><p>Su vida y su itinerario.<br \/>Ponentes:<\/p><ul><li><strong>Dr. Francesc Vidal Barraquer<\/strong>, M\u00e9dico y Cirujano Vascular.<\/li><li><strong>Dr. Josep Maria Soler Sabater<\/strong>, Catedr\u00e1tico de Historia Contempor\u00e1nea en la UAB.<\/li><li><strong>Dr. Ram\u00f3n Corts i Blay<\/strong>, Vicerector del Ateneu Universitari Sant Paci\u00e0 de Barcelona.<\/li><li><a href=\"http:\/\/raed.academy\/academicos\/dr-armand-puig-tarrech\/\" target=\"_blank\" rel=\"noopener\"><strong>Dr. Armand Puig i T\u00e0rrech<\/strong><\/a>, Rector del Ateneu Universitari Sant Paci\u00e0. Acad\u00e9mico Numerario de la Real Academia Europea de Doctores.<\/li><\/ul><p>Moderador: <a href=\"http:\/\/raed.academy\/academicos\/dr-pedro-claros-blanch\/\" target=\"_blank\" rel=\"noopener\"><strong>Dr. Pedro Clar\u00f3s<\/strong><\/a>, Acad\u00e9mico Numerario y vice-Presidente de la Real Academia Europea de Doctores.<br \/>Clausura a cargo de <strong>Monse\u00f1or Jaume Pujol i Balcells<\/strong>, Arzobispo de Tarragona.<\/p><p>Lugar: Aula Magna del Seminario Conciliar de Barcelona. C\/ Diputaci\u00f3, 231 - 08007 Barcelona<br \/>Fecha: 14.11.2018 a las 19:30h<\/p><\/td><td><p>[gallery type=\"divi\" columns=\"1\" link=\"file\" ids=\"61209,61197\"]<\/p><\/td><\/tr><tr id=\"evento1511\"><td class=\"fecha-evento\">15<br \/>noviembre<br \/>2018<\/td><td><h3>Concierto \"Le Glamour du Piano\", recital de m\u00fasica francesa<\/h3><p>Int\u00e9rprete: <strong>Ernest So, piano<\/strong><\/p><p>Lugar: Sala de los Atlantes del Real C\u00edrculo Art\u00edstico de Barcelona. C\/ dels Arcs, 5, 08002 Barcelona<br \/>Fecha: 15.11.2018 a las 20:00h<\/p><h3><a href=\"http:\/\/raed.academy\/wp-content\/uploads\/2018\/11\/programa-concierto-Ernest-So-piano-vdf.jpg\" target=\"_blank\" rel=\"noopener\">Programa del concierto<\/a><\/h3><\/td><td><p>[gallery type=\"divi\" columns=\"1\" link=\"file\" ids=\"61361\"]<\/p><\/td><\/tr><tr id=\"evento2911\"><td class=\"fecha-evento\">29<br \/>noviembre<br \/>2018<\/td><td><h3>Audici\u00f3n de piano \"Una velada con la m\u00fasica de Ant\u00f4nio Carlos Jobim\"<\/h3><p>Int\u00e9rprete: <strong><a href=\"http:\/\/raed.academy\/academicos\/dra-pilar-bayer-isant\/\" target=\"_blank\" rel=\"noopener\">Pilar Bayer Isant<\/a><\/strong><\/p><p>Charla previa al concierto por parte del <a href=\"https:\/\/raed.academy\/academicos\/dr-josep-pla-carrera\/\" target=\"_blank\" rel=\"noopener\"><strong>Dr. Josep Pla Carrera<\/strong><\/a>, Acad\u00e9mico Supernumerario de la RAED, titulada <strong>\"Gotas de matem\u00e1tica egipcia y mesopot\u00e1mica, a trav\u00e9s de los textos\"<\/strong>, basada en el contenido matem\u00e1tico de papiros egipcios y de tablillas mesopot\u00e1micas.<\/p><p>Lugar: Sala de los Atlantes del Real C\u00edrculo Art\u00edstico de Barcelona. C\/ dels Arcs, 5, 08002 Barcelona<br \/>Fecha: 29.11.2018. Charla: 19:30h. Audici\u00f3n: 20:00h<\/p><h3><a href=\"https:\/\/raed.academy\/wp-content\/uploads\/2018\/11\/programa-invitacion-audicion-piano-Pilar-Bayer-vweb-comp.pdf\" target=\"_blank\" rel=\"noopener\">Programa del concierto<\/a><\/h3><\/td><td><p>[gallery type=\"divi\" link=\"file\" columns=\"1\" ids=\"62165\"]<\/p><\/td><\/tr><tr id=\"evento1312\"><td class=\"fecha-evento\">13<br \/>diciembre<br \/>2018<\/td><td><h3>Presentaci\u00f3n del libro 'Camb\u00f3'<\/h3><p>Por <strong>Ignacio Buqueras i Bach<\/strong>, autor. Lugar: Sala de actos de Fomento del Trabajo \u2013 Via Laietana, 32, Pral, Barcelona Fecha: 13.12.2018 a las 19:00h<\/p><\/td><td><p>[gallery type=\"divi\" link=\"file\" columns=\"1\" ids=\"63145\"]<\/p><\/td><\/tr><tr id=\"evento1912\"><td class=\"fecha-evento\">19<br \/>diciembre<br \/>2018<\/td><td><h3>Cena de Navidad de la Real Academia Europea de Doctores<\/h3><p>Lugar: C\u00edrculo Ecuestre: C\/ Balmes, 169 Bis, 08006 Barcelona Fecha - hora: 19.12.2018 a las 21.00h<\/p><\/td><td><p>[gallery type=\"divi\" link=\"file\" columns=\"1\" ids=\"63324\"]<\/p><\/td><\/tr><\/tbody><\/table><\/div><hr \/><div class=\"paginacion\"><a class=\"pgSiguiente\" href=\"https:\/\/raed.academy\/actividades\/historial-2019\/\">ACTIVIDADES 2019 \u276f<\/a><a class=\"pgAnterior\" href=\"http:\/\/raed.academy\/historial-2017\/\">\u276e ACTIVIDADES 2017<\/a><\/div>","_et_gb_content_width":"","footnotes":""},"class_list":["post-39941","page","type-page","status-publish","hentry"],"yoast_head":"<!-- This site is optimized with the Yoast SEO plugin v27.5 - https:\/\/yoast.com\/product\/yoast-seo-wordpress\/ -->\n<title>Historial d&#039;activitats 2018 - Reial Acad\u00e8mia Europea de Doctors<\/title>\n<meta name=\"robots\" content=\"index, follow, max-snippet:-1, max-image-preview:large, max-video-preview:-1\" \/>\n<link rel=\"canonical\" href=\"https:\/\/raed.academy\/ca\/activitats\/historial-2018\/\" \/>\n<meta property=\"og:locale\" content=\"ca_ES\" \/>\n<meta property=\"og:type\" content=\"article\" \/>\n<meta property=\"og:title\" content=\"Historial d&#039;activitats 2018 - Reial Acad\u00e8mia Europea de Doctors\" \/>\n<meta property=\"og:description\" content=\"La RAED organitza i duu a terme una s\u00e8rie d&#039;activitats concentrades en un mes i mig que van comptar amb la implicaci\u00f3 activa de nombrosos acad\u00e8mics. Recepci\u00f3 de quatre acad\u00e8mics corresponents (Stavroula-Ina Piperaki per a Gr\u00e8cia, Stephen Zeff i David B. Wilkins per als Estats Units i Llu\u00eds Vicent Safont per a Andorra) Taula rodona [&hellip;]\" \/>\n<meta property=\"og:url\" content=\"https:\/\/raed.academy\/ca\/activitats\/historial-2018\/\" \/>\n<meta property=\"og:site_name\" content=\"Reial Acad\u00e8mia Europea de Doctors\" \/>\n<meta property=\"article:publisher\" content=\"http:\/\/fb.me\/raed.academy\" \/>\n<meta property=\"article:modified_time\" content=\"2019-06-03T15:16:37+00:00\" \/>\n<meta name=\"twitter:card\" content=\"summary_large_image\" \/>\n<meta name=\"twitter:site\" content=\"@raedacademy\" \/>\n<meta name=\"twitter:label1\" content=\"Est. reading time\" \/>\n\t<meta name=\"twitter:data1\" content=\"96 minutes\" \/>\n<script type=\"application\/ld+json\" class=\"yoast-schema-graph\">{\"@context\":\"https:\\\/\\\/schema.org\",\"@graph\":[{\"@type\":\"WebPage\",\"@id\":\"https:\\\/\\\/raed.academy\\\/ca\\\/activitats\\\/historial-2018\\\/\",\"url\":\"https:\\\/\\\/raed.academy\\\/ca\\\/activitats\\\/historial-2018\\\/\",\"name\":\"Historial d'activitats 2018 - Reial Acad\u00e8mia Europea de Doctors\",\"isPartOf\":{\"@id\":\"https:\\\/\\\/raed.academy\\\/ca\\\/#website\"},\"datePublished\":\"2018-01-17T09:47:08+00:00\",\"dateModified\":\"2019-06-03T15:16:37+00:00\",\"breadcrumb\":{\"@id\":\"https:\\\/\\\/raed.academy\\\/ca\\\/activitats\\\/historial-2018\\\/#breadcrumb\"},\"inLanguage\":\"ca-ES\",\"potentialAction\":[{\"@type\":\"ReadAction\",\"target\":[\"https:\\\/\\\/raed.academy\\\/ca\\\/activitats\\\/historial-2018\\\/\"]}]},{\"@type\":\"BreadcrumbList\",\"@id\":\"https:\\\/\\\/raed.academy\\\/ca\\\/activitats\\\/historial-2018\\\/#breadcrumb\",\"itemListElement\":[{\"@type\":\"ListItem\",\"position\":1,\"name\":\"Inicio\",\"item\":\"https:\\\/\\\/raed.academy\\\/ca\\\/\"},{\"@type\":\"ListItem\",\"position\":2,\"name\":\"Activitats\",\"item\":\"https:\\\/\\\/raed.academy\\\/ca\\\/activitats\\\/\"},{\"@type\":\"ListItem\",\"position\":3,\"name\":\"Historial d&#8217;activitats 2018\"}]},{\"@type\":\"WebSite\",\"@id\":\"https:\\\/\\\/raed.academy\\\/ca\\\/#website\",\"url\":\"https:\\\/\\\/raed.academy\\\/ca\\\/\",\"name\":\"Reial Acad\u00e8mia Europea de Doctors\",\"description\":\"Corporaci\u00f3n de derecho p\u00fablico de car\u00e1cter cient\u00edfico, t\u00e9cnico y art\u00edstico, que tiene por objeto la investigaci\u00f3n, el estudio, el fomento y la extensi\u00f3n del conocimiento en su sentido m\u00e1s amplio\",\"publisher\":{\"@id\":\"https:\\\/\\\/raed.academy\\\/ca\\\/#organization\"},\"potentialAction\":[{\"@type\":\"SearchAction\",\"target\":{\"@type\":\"EntryPoint\",\"urlTemplate\":\"https:\\\/\\\/raed.academy\\\/ca\\\/?s={search_term_string}\"},\"query-input\":{\"@type\":\"PropertyValueSpecification\",\"valueRequired\":true,\"valueName\":\"search_term_string\"}}],\"inLanguage\":\"ca-ES\"},{\"@type\":\"Organization\",\"@id\":\"https:\\\/\\\/raed.academy\\\/ca\\\/#organization\",\"name\":\"Real Academia Europea de Doctores\",\"url\":\"https:\\\/\\\/raed.academy\\\/ca\\\/\",\"logo\":{\"@type\":\"ImageObject\",\"inLanguage\":\"ca-ES\",\"@id\":\"https:\\\/\\\/raed.academy\\\/ca\\\/#\\\/schema\\\/logo\\\/image\\\/\",\"url\":\"https:\\\/\\\/raed.academy\\\/wp-content\\\/uploads\\\/2017\\\/01\\\/cropped-logo_raed.png\",\"contentUrl\":\"https:\\\/\\\/raed.academy\\\/wp-content\\\/uploads\\\/2017\\\/01\\\/cropped-logo_raed.png\",\"width\":512,\"height\":512,\"caption\":\"Real Academia Europea de Doctores\"},\"image\":{\"@id\":\"https:\\\/\\\/raed.academy\\\/ca\\\/#\\\/schema\\\/logo\\\/image\\\/\"},\"sameAs\":[\"http:\\\/\\\/fb.me\\\/raed.academy\",\"https:\\\/\\\/x.com\\\/raedacademy\",\"https:\\\/\\\/www.instagram.com\\\/raed.academy\\\/\",\"https:\\\/\\\/www.youtube.com\\\/channel\\\/UCUYQwW2KrdirNWihxMDObwg\"]}]}<\/script>\n<!-- \/ Yoast SEO plugin. -->","yoast_head_json":{"title":"Historial d'activitats 2018 - Reial Acad\u00e8mia Europea de Doctors","robots":{"index":"index","follow":"follow","max-snippet":"max-snippet:-1","max-image-preview":"max-image-preview:large","max-video-preview":"max-video-preview:-1"},"canonical":"https:\/\/raed.academy\/ca\/activitats\/historial-2018\/","og_locale":"ca_ES","og_type":"article","og_title":"Historial d'activitats 2018 - Reial Acad\u00e8mia Europea de Doctors","og_description":"La RAED organitza i duu a terme una s\u00e8rie d'activitats concentrades en un mes i mig que van comptar amb la implicaci\u00f3 activa de nombrosos acad\u00e8mics. Recepci\u00f3 de quatre acad\u00e8mics corresponents (Stavroula-Ina Piperaki per a Gr\u00e8cia, Stephen Zeff i David B. Wilkins per als Estats Units i Llu\u00eds Vicent Safont per a Andorra) Taula rodona [&hellip;]","og_url":"https:\/\/raed.academy\/ca\/activitats\/historial-2018\/","og_site_name":"Reial Acad\u00e8mia Europea de Doctors","article_publisher":"http:\/\/fb.me\/raed.academy","article_modified_time":"2019-06-03T15:16:37+00:00","twitter_card":"summary_large_image","twitter_site":"@raedacademy","twitter_misc":{"Est. reading time":"96 minutes"},"schema":{"@context":"https:\/\/schema.org","@graph":[{"@type":"WebPage","@id":"https:\/\/raed.academy\/ca\/activitats\/historial-2018\/","url":"https:\/\/raed.academy\/ca\/activitats\/historial-2018\/","name":"Historial d'activitats 2018 - Reial Acad\u00e8mia Europea de Doctors","isPartOf":{"@id":"https:\/\/raed.academy\/ca\/#website"},"datePublished":"2018-01-17T09:47:08+00:00","dateModified":"2019-06-03T15:16:37+00:00","breadcrumb":{"@id":"https:\/\/raed.academy\/ca\/activitats\/historial-2018\/#breadcrumb"},"inLanguage":"ca-ES","potentialAction":[{"@type":"ReadAction","target":["https:\/\/raed.academy\/ca\/activitats\/historial-2018\/"]}]},{"@type":"BreadcrumbList","@id":"https:\/\/raed.academy\/ca\/activitats\/historial-2018\/#breadcrumb","itemListElement":[{"@type":"ListItem","position":1,"name":"Inicio","item":"https:\/\/raed.academy\/ca\/"},{"@type":"ListItem","position":2,"name":"Activitats","item":"https:\/\/raed.academy\/ca\/activitats\/"},{"@type":"ListItem","position":3,"name":"Historial d&#8217;activitats 2018"}]},{"@type":"WebSite","@id":"https:\/\/raed.academy\/ca\/#website","url":"https:\/\/raed.academy\/ca\/","name":"Reial Acad\u00e8mia Europea de Doctors","description":"Corporaci\u00f3n de derecho p\u00fablico de car\u00e1cter cient\u00edfico, t\u00e9cnico y art\u00edstico, que tiene por objeto la investigaci\u00f3n, el estudio, el fomento y la extensi\u00f3n del conocimiento en su sentido m\u00e1s amplio","publisher":{"@id":"https:\/\/raed.academy\/ca\/#organization"},"potentialAction":[{"@type":"SearchAction","target":{"@type":"EntryPoint","urlTemplate":"https:\/\/raed.academy\/ca\/?s={search_term_string}"},"query-input":{"@type":"PropertyValueSpecification","valueRequired":true,"valueName":"search_term_string"}}],"inLanguage":"ca-ES"},{"@type":"Organization","@id":"https:\/\/raed.academy\/ca\/#organization","name":"Real Academia Europea de Doctores","url":"https:\/\/raed.academy\/ca\/","logo":{"@type":"ImageObject","inLanguage":"ca-ES","@id":"https:\/\/raed.academy\/ca\/#\/schema\/logo\/image\/","url":"https:\/\/raed.academy\/wp-content\/uploads\/2017\/01\/cropped-logo_raed.png","contentUrl":"https:\/\/raed.academy\/wp-content\/uploads\/2017\/01\/cropped-logo_raed.png","width":512,"height":512,"caption":"Real Academia Europea de Doctores"},"image":{"@id":"https:\/\/raed.academy\/ca\/#\/schema\/logo\/image\/"},"sameAs":["http:\/\/fb.me\/raed.academy","https:\/\/x.com\/raedacademy","https:\/\/www.instagram.com\/raed.academy\/","https:\/\/www.youtube.com\/channel\/UCUYQwW2KrdirNWihxMDObwg"]}]}},"_links":{"self":[{"href":"https:\/\/raed.academy\/ca\/wp-json\/wp\/v2\/pages\/39941","targetHints":{"allow":["GET"]}}],"collection":[{"href":"https:\/\/raed.academy\/ca\/wp-json\/wp\/v2\/pages"}],"about":[{"href":"https:\/\/raed.academy\/ca\/wp-json\/wp\/v2\/types\/page"}],"author":[{"embeddable":true,"href":"https:\/\/raed.academy\/ca\/wp-json\/wp\/v2\/users\/16"}],"replies":[{"embeddable":true,"href":"https:\/\/raed.academy\/ca\/wp-json\/wp\/v2\/comments?post=39941"}],"version-history":[{"count":0,"href":"https:\/\/raed.academy\/ca\/wp-json\/wp\/v2\/pages\/39941\/revisions"}],"up":[{"embeddable":true,"href":"https:\/\/raed.academy\/ca\/wp-json\/wp\/v2\/pages\/34041"}],"wp:attachment":[{"href":"https:\/\/raed.academy\/ca\/wp-json\/wp\/v2\/media?parent=39941"}],"curies":[{"name":"wp","href":"https:\/\/api.w.org\/{rel}","templated":true}]}}