{"id":178835,"date":"2026-01-20T12:42:42","date_gmt":"2026-01-20T12:42:42","guid":{"rendered":"https:\/\/raed.academy\/?post_type=evento&#038;p=178835"},"modified":"2026-03-02T12:58:59","modified_gmt":"2026-03-02T12:58:59","slug":"alfonso-jimenez-fernandez-ingressa-com-a-academic-de-numero-de-la-raed","status":"publish","type":"evento","link":"https:\/\/raed.academy\/ca\/raed-eventos-temp\/alfonso-jimenez-fernandez-ingressa-com-a-academic-de-numero-de-la-raed\/","title":{"rendered":"Alfonso Jim\u00e9nez Fern\u00e1ndez ingressa com a Acad\u00e8mic de N\u00famero de la RAED"},"content":{"rendered":"<p>[et_pb_section fb_built=&#8221;1&#8243; fullwidth=&#8221;on&#8221; admin_label=&#8221;Secci\u00f3&#8221; _builder_version=&#8221;4.27.4&#8243; _module_preset=&#8221;default&#8221; locked=&#8221;off&#8221; global_colors_info=&#8221;{}&#8221;][et_pb_fullwidth_image src=&#8221;https:\/\/raed.academy\/wp-content\/uploads\/2026\/01\/liderazgo-humano-humanista-emprender-empresa-negocios-shtt-2.91.webp&#8221; title_text=&#8221;liderazgo-humano-humanista-emprender-empresa-negocios-shtt-2.91&#8243; _builder_version=&#8221;4.27.5&#8243; _module_preset=&#8221;default&#8221; global_colors_info=&#8221;{}&#8221;][\/et_pb_fullwidth_image][\/et_pb_section][et_pb_section fb_built=&#8221;1&#8243; admin_label=&#8221;Secci\u00f3&#8221; _builder_version=&#8221;4.27.4&#8243; _module_preset=&#8221;default&#8221; custom_padding=&#8221;0px|||||&#8221; locked=&#8221;off&#8221; global_colors_info=&#8221;{}&#8221;][et_pb_row admin_label=&#8221;Fila&#8221; _builder_version=&#8221;4.24.3&#8243; _module_preset=&#8221;default&#8221; max_width=&#8221;1400px&#8221; global_colors_info=&#8221;{}&#8221;][et_pb_column type=&#8221;4_4&#8243; _builder_version=&#8221;4.16&#8243; _module_preset=&#8221;default&#8221; global_colors_info=&#8221;{}&#8221;][et_pb_code admin_label=&#8221;Breadcrumb Yoast&#8221; _builder_version=&#8221;4.27.4&#8243; _module_preset=&#8221;default&#8221; locked=&#8221;off&#8221; global_colors_info=&#8221;{}&#8221;]<span><span><a href=\"https:\/\/raed.academy\/ca\/\">Inicio<\/a><\/span><\/span>[\/et_pb_code][et_pb_post_title meta=&#8221;off&#8221; featured_image=&#8221;off&#8221; admin_label=&#8221;t\u00edtol publicaci\u00f3&#8221; _builder_version=&#8221;4.27.4&#8243; _module_preset=&#8221;default&#8221; title_font_size=&#8221;40px&#8221; title_font_size_tablet=&#8221;&#8221; title_font_size_phone=&#8221;28px&#8221; title_font_size_last_edited=&#8221;on|phone&#8221; locked=&#8221;off&#8221; global_colors_info=&#8221;{}&#8221;][\/et_pb_post_title][et_pb_text admin_label=&#8221;Detalls esdeveniment&#8221; _builder_version=&#8221;4.27.5&#8243; _module_preset=&#8221;default&#8221; hover_enabled=&#8221;0&#8243; global_colors_info=&#8221;{}&#8221; sticky_enabled=&#8221;0&#8243;]<div id=\"attachment_178836\" style=\"width: 499px\" class=\"wp-caption alignright\"><img loading=\"lazy\" decoding=\"async\" aria-describedby=\"caption-attachment-178836\" class=\"wp-image-178836\" src=\"https:\/\/raed.academy\/wp-content\/uploads\/2026\/01\/Dr-Alfonso-Jimenez-Fernandez-1.67.webp\" alt=\"Alfonso Jim\u00e9nez\" width=\"489\" height=\"294\" srcset=\"https:\/\/raed.academy\/wp-content\/uploads\/2026\/01\/Dr-Alfonso-Jimenez-Fernandez-1.67.webp 600w, https:\/\/raed.academy\/wp-content\/uploads\/2026\/01\/Dr-Alfonso-Jimenez-Fernandez-1.67-440x264.webp 440w\" sizes=\"(max-width: 489px) 100vw, 489px\" \/><p id=\"caption-attachment-178836\" class=\"wp-caption-text\">Dr. Alfonso Jim\u00e9nez<\/p><\/div><\/p>\n<p style=\"text-align: left;\">L&#8217;<a href=\"https:\/\/raed.academy\/ca\/academics\/dr-alfonso-jimenez-fernandez\/\"><strong>Excm. Sr. Dr. Alfonso Jim\u00e9nez Fern\u00e1ndez<\/strong><\/a>, doctor en Psicologia, ingressa com a Acad\u00e8mic de N\u00famero de la <strong>Reial Acad\u00e8mia Europea de Doctors<\/strong>, amb el discurs<b>\u00a0<\/b><a href=\"https:\/\/raed.academy\/wp-content\/uploads\/2026\/02\/Creando-valor-a-traves-de-las-personas-y-sus-directivos-por-Alfonso-Jimenez-Fernandez.pdf\" target=\"_blank\" rel=\"noopener\"><b>\u201cCreando Valor a trav\u00e9s de las Personas y sus Directivos\u201d<\/b><\/a>.<\/p>\n<p><strong>Respon:<\/strong> <a href=\"https:\/\/raed.academy\/ca\/academics\/dr-segundo-piriz-duran\/\"><strong>Excm. Sr. Dr. Segundo P\u00edriz Dur\u00e1n<\/strong><\/a>, doctor en Veterin\u00e0ria, Acad\u00e8mic de N\u00famero de la RAED<\/p>\n<p class=\"ubicacion-evento\">Paranimf de la Universitat Complutense de Madrid &#8211; C. de San Bernardo, 49 &#8211; 28015 Madrid<\/p>\n<p class=\"fecha-evento\">Dijous, 26 de febrer de 2026<\/p>\n<p class=\"hora-evento\">18:30 h<\/p>\n<p><strong>Format:<\/strong> Presencial i streaming<\/p>\n<p><strong>Inscripci\u00f3: <\/strong>Es prega confirmaci\u00f3 d\u2019assist\u00e8ncia a Secretaria: <a href=\"mailto:secretaria@raed.academy\"><strong>secretaria@raed.academy<\/strong><\/a> o al <strong>tel. 93 667 40 54<\/strong><\/p>\n<p>[\/et_pb_text][et_pb_text admin_label=&#8221;abstract discurs&#8221; _builder_version=&#8221;4.27.5&#8243; _module_preset=&#8221;default&#8221; custom_padding=&#8221;40px||40px||false|false&#8221; global_colors_info=&#8221;{}&#8221;]<\/p>\n<h2>Creant Valor a trav\u00e9s de les Persones i els seus Directius<\/h2>\n<p>Les persones, a trav\u00e9s del treball, s\u00f3n un factor productiu clau per a tot tipus d\u2019empreses i organitzacions. Tanmateix, la seva aportaci\u00f3 va molt m\u00e9s enll\u00e0 del simple rendiment o la productivitat. S\u00f3n les que generen innovaci\u00f3, sostenen la cultura corporativa i fan possible l\u2019adaptaci\u00f3 cont\u00ednua al canvi. En un entorn empresarial cada cop m\u00e9s incert i competitiu, el veritable valor diferencial no rau tant en la tecnologia o en els processos, sin\u00f3 en la capacitat de les persones per aprendre, col\u00b7laborar i comprometre\u2019s amb un prop\u00f2sit com\u00fa.<\/p>\n<p>Crear valor a trav\u00e9s de les persones implica recon\u00e8ixer el seu talent com un actiu estrat\u00e8gic i no com un recurs prescindible. Requereix fomentar entorns de treball on predominin la confian\u00e7a, l\u2019autonomia i el desenvolupament professional. Les organitzacions que aposten pel creixement dels seus equips, que escolten i valoren les contribucions individuals, aconsegueixen resultats m\u00e9s sostenibles i una major capacitat d\u2019innovaci\u00f3. Aix\u00ed mateix, el lideratge hi t\u00e9 un paper decisiu. Els bons l\u00edders no s\u00f3n els que controlen, sin\u00f3 els que inspiren; no els que exigeixen obedi\u00e8ncia, sin\u00f3 els que generen sentit i prop\u00f2sit. Un lideratge centrat en les persones impulsa el comprom\u00eds i converteix els objectius empresarials en fites compartides. Cal repensar la gesti\u00f3 empresarial des d\u2019una perspectiva m\u00e9s humana, en qu\u00e8 la productivitat i la rendibilitat no s\u2019oposen al benestar, sin\u00f3 que es reforcen m\u00fatuament. Perqu\u00e8 quan les persones creixen, les empreses prosperen. I quan les organitzacions reconeixen el valor de cada individu, esdevenen motors de progr\u00e9s econ\u00f2mic i social.<br \/>\n[\/et_pb_text][et_pb_text admin_label=&#8221;Txt &#8211; Seguir l\u2019esdeveniment en directe&#8221; _builder_version=&#8221;4.27.4&#8243; _module_preset=&#8221;default&#8221; global_colors_info=&#8221;{}&#8221;]<\/p>\n<h2>Seguir l\u2019esdeveniment en directe<\/h2>\n<p>Podreu seguir l\u2019esdeveniment en directe des d\u2019aquesta mateixa p\u00e0gina.<br \/>\n[\/et_pb_text][et_pb_code admin_label=&#8221;Codi v\u00eddeo&#8221; _builder_version=&#8221;4.27.5&#8243; _module_preset=&#8221;default&#8221; custom_margin=&#8221;||75px|||&#8221; global_colors_info=&#8221;{}&#8221;]<iframe loading=\"lazy\" width=\"1151\" height=\"647\" src=\"https:\/\/www.youtube.com\/embed\/Xc_6b3LVoG4\" title=\"\"Creando valor a trav\u00e9s de las personas y sus directivos\", por Alfonso Jim\u00e9nez Fern\u00e1ndez\" frameborder=\"0\" allow=\"accelerometer; autoplay; clipboard-write; encrypted-media; gyroscope; picture-in-picture; web-share\" referrerpolicy=\"strict-origin-when-cross-origin\" allowfullscreen><\/iframe>[\/et_pb_code][\/et_pb_column][\/et_pb_row][et_pb_row column_structure=&#8221;1_2,1_2&#8243; admin_label=&#8221;Fila&#8221; _builder_version=&#8221;4.24.3&#8243; _module_preset=&#8221;default&#8221; max_width=&#8221;1400px&#8221; locked=&#8221;off&#8221; global_colors_info=&#8221;{}&#8221;][et_pb_column type=&#8221;1_2&#8243; _builder_version=&#8221;4.16&#8243; _module_preset=&#8221;default&#8221; global_colors_info=&#8221;{}&#8221;][et_pb_code admin_label=&#8221;Codi &#8211; organitzadors&#8221; _builder_version=&#8221;4.27.4&#8243; _module_preset=&#8221;default&#8221; global_colors_info=&#8221;{}&#8221;]<pee class=\"ttl-colaboradores\">Organitza:<\/pee><!-- [et_pb_line_break_holder] --><!-- [et_pb_line_break_holder] --><!-- [et_pb_line_break_holder] --><\/p>\n<div id=\"organizadores\"><!-- [et_pb_line_break_holder] --><!-- [et_pb_line_break_holder] --><\/p>\n<div class=\"logo-colaborador\"><a href=\"https:\/\/raed.academy\/ca\/\" target=\"_blank\" rel=\"noopener noreferrer\"><img decoding=\"async\" src=\"https:\/\/raed.academy\/wp-content\/uploads\/2021\/10\/Logo-RAED-160px.jpg\" alt=\"Reial Acad\u00e8mia Europea de Doctors RAED\" \/><\/a><!-- [et_pb_line_break_holder] --><\/p>\n<div class=\"txt\"><\/div>\n<p><!-- [et_pb_line_break_holder] -->\u00a0<!-- [et_pb_line_break_holder] --><!-- [et_pb_line_break_holder] --><\/div>\n<p><!-- [et_pb_line_break_holder] --><!-- [et_pb_line_break_holder] --><!-- [et_pb_line_break_holder] --><\/p>\n<div class=\"logo-colaborador\"><a href=\"https:\/\/fundacionraed.org\/\" target=\"_blank\" rel=\"noopener noreferrer\"><img decoding=\"async\" src=\"https:\/\/raed.academy\/wp-content\/uploads\/2021\/10\/Logo-Fundacion-RAED-160px.jpg\" alt=\"Fundaci\u00f3 RAED\" \/><\/a><!-- [et_pb_line_break_holder] --><\/p>\n<div class=\"txt\"><\/div>\n<p><!-- [et_pb_line_break_holder] -->\u00a0<!-- [et_pb_line_break_holder] --><!-- [et_pb_line_break_holder] --><\/div>\n<p><!-- [et_pb_line_break_holder] --><!-- [et_pb_line_break_holder] --><!-- [et_pb_line_break_holder] --><!-- [et_pb_line_break_holder] --><\/div>\n<p><!-- [et_pb_line_break_holder] -->[\/et_pb_code][\/et_pb_column][et_pb_column type=&#8221;1_2&#8243; _builder_version=&#8221;4.16&#8243; _module_preset=&#8221;default&#8221; global_colors_info=&#8221;{}&#8221;][et_pb_code admin_label=&#8221;Codi &#8211; col\u00b7laboradors&#8221; _builder_version=&#8221;4.27.4&#8243; _module_preset=&#8221;default&#8221; global_colors_info=&#8221;{}&#8221;]<pee class=\"ttl-colaboradores\">Amb la col\u00b7laboraci\u00f3 de:<\/pee><!-- [et_pb_line_break_holder] --><!-- [et_pb_line_break_holder] --><!-- [et_pb_line_break_holder] --><\/p>\n<div id=\"colaboradores\"><!-- [et_pb_line_break_holder] --> <!-- [et_pb_line_break_holder] --><!-- [et_pb_line_break_holder] --><\/p>\n<div class=\"logo-colaborador\"><!-- [et_pb_line_break_holder] --><!-- [et_pb_line_break_holder] --><\/p>\n<div class=\"txt-circular\"><\/div>\n<p><!-- [et_pb_line_break_holder] --><!-- [et_pb_line_break_holder] --> <a href=\"https:\/\/justicia.gencat.cat\/ca\/inici\" target=\"_blank\" rel=\"noopener noreferrer\"><img decoding=\"async\" src=\"https:\/\/raed.academy\/wp-content\/uploads\/2024\/11\/Generalitat-de-Catalunya-dept-Justicia-i-Qualitat-Democratica-240px.jpg\" alt=\"Generalitat de Catalunya\" width=\"210\" \/><\/a><!-- [et_pb_line_break_holder] --><!-- [et_pb_line_break_holder] --><\/div>\n<p><!-- [et_pb_line_break_holder] --><!-- [et_pb_line_break_holder] --><!-- [et_pb_line_break_holder] --><\/p>\n<div class=\"logo-colaborador\"><!-- [et_pb_line_break_holder] --><!-- [et_pb_line_break_holder] --><\/p>\n<div class=\"txt-circular\"><\/div>\n<p><!-- [et_pb_line_break_holder] --><!-- [et_pb_line_break_holder] --> <a href=\"https:\/\/www.aecoc.es\/\" target=\"_blank\" rel=\"noopener noreferrer\"><img decoding=\"async\" src=\"https:\/\/raed.academy\/wp-content\/uploads\/2025\/05\/logo-AECOC-negro-200px.png\" alt=\"AECOC\" width=\"150\" \/><\/a><!-- [et_pb_line_break_holder] --><!-- [et_pb_line_break_holder] --><\/div>\n<p><!-- [et_pb_line_break_holder] --><!-- [et_pb_line_break_holder] --><!-- [et_pb_line_break_holder] --><!-- [et_pb_line_break_holder] --><\/div>\n<p><!-- [et_pb_line_break_holder] -->[\/et_pb_code][\/et_pb_column][\/et_pb_row][\/et_pb_section]<\/p>\n","protected":false},"excerpt":{"rendered":"<p>Alfonso Jim\u00e9nez Fern\u00e1ndez, Doctor en Psicologia, ingressa com a Acad\u00e8mic de N\u00famero de la RAED, amb el discurs \u201cCreando Valor a trav\u00e9s de las Personas y sus Directivos\u201d<\/p>\n","protected":false},"featured_media":178834,"menu_order":0,"template":"","meta":{"_et_pb_use_builder":"on","_et_pb_old_content":"","_et_gb_content_width":"","footnotes":""},"ubicacion_evento":[912],"tipo_evento":[870],"formato_evento":[896,894],"class_list":["post-178835","evento","type-evento","status-publish","has-post-thumbnail","hentry","ubicacion_evento-paranimf-de-la-universitat-complutense-de-madrid-c-de-sant-bernat-49-28015-madrid","tipo_evento-ingres-dacademic-a","formato_evento-directe","formato_evento-presencial"],"yoast_head":"<!-- This site is optimized with the Yoast SEO plugin v27.5 - https:\/\/yoast.com\/product\/yoast-seo-wordpress\/ -->\n<title>Alfonso Jim\u00e9nez Fern\u00e1ndez ingressa com a Acad\u00e8mic de N\u00famero de la RAED - Reial Acad\u00e8mia Europea de Doctors<\/title>\n<meta name=\"description\" content=\"Alfonso Jim\u00e9nez Fern\u00e1ndez, Doctor en Psicologia, ingressa a la RAED amb el discurs \u201cCreando Valor a trav\u00e9s de las Personas y sus Directivos\u201d\" \/>\n<meta name=\"robots\" content=\"index, follow, max-snippet:-1, max-image-preview:large, max-video-preview:-1\" \/>\n<link rel=\"canonical\" href=\"https:\/\/raed.academy\/ca\/raed-eventos-temp\/alfonso-jimenez-fernandez-ingressa-com-a-academic-de-numero-de-la-raed\/\" \/>\n<meta property=\"og:locale\" content=\"ca_ES\" \/>\n<meta property=\"og:type\" content=\"article\" \/>\n<meta property=\"og:title\" content=\"Alfonso Jim\u00e9nez Fern\u00e1ndez ingressa com a Acad\u00e8mic de N\u00famero de la RAED - Reial Acad\u00e8mia Europea de Doctors\" \/>\n<meta property=\"og:description\" content=\"Alfonso Jim\u00e9nez Fern\u00e1ndez, Doctor en Psicologia, ingressa a la RAED amb el discurs \u201cCreando Valor a trav\u00e9s de las Personas y sus Directivos\u201d\" \/>\n<meta property=\"og:url\" content=\"https:\/\/raed.academy\/ca\/raed-eventos-temp\/alfonso-jimenez-fernandez-ingressa-com-a-academic-de-numero-de-la-raed\/\" \/>\n<meta property=\"og:site_name\" content=\"Reial Acad\u00e8mia Europea de Doctors\" \/>\n<meta property=\"article:publisher\" content=\"http:\/\/fb.me\/raed.academy\" \/>\n<meta property=\"article:modified_time\" content=\"2026-03-02T12:58:59+00:00\" \/>\n<meta property=\"og:image\" content=\"https:\/\/raed.academy\/wp-content\/uploads\/2026\/01\/liderazgo-humano-humanista-emprender-empresa-negocios-shtt-1.17.webp\" \/>\n\t<meta property=\"og:image:width\" content=\"350\" \/>\n\t<meta property=\"og:image:height\" content=\"300\" \/>\n\t<meta property=\"og:image:type\" content=\"image\/webp\" \/>\n<meta name=\"twitter:card\" content=\"summary_large_image\" \/>\n<meta name=\"twitter:site\" content=\"@raedacademy\" \/>\n<meta name=\"twitter:label1\" content=\"Est. reading time\" \/>\n\t<meta name=\"twitter:data1\" content=\"4 minutes\" \/>\n<script type=\"application\/ld+json\" class=\"yoast-schema-graph\">{\"@context\":\"https:\\\/\\\/schema.org\",\"@graph\":[{\"@type\":\"WebPage\",\"@id\":\"https:\\\/\\\/raed.academy\\\/ca\\\/raed-eventos-temp\\\/alfonso-jimenez-fernandez-ingressa-com-a-academic-de-numero-de-la-raed\\\/\",\"url\":\"https:\\\/\\\/raed.academy\\\/ca\\\/raed-eventos-temp\\\/alfonso-jimenez-fernandez-ingressa-com-a-academic-de-numero-de-la-raed\\\/\",\"name\":\"Alfonso Jim\u00e9nez Fern\u00e1ndez ingressa com a Acad\u00e8mic de N\u00famero de la RAED - Reial Acad\u00e8mia Europea de Doctors\",\"isPartOf\":{\"@id\":\"https:\\\/\\\/raed.academy\\\/ca\\\/#website\"},\"primaryImageOfPage\":{\"@id\":\"https:\\\/\\\/raed.academy\\\/ca\\\/raed-eventos-temp\\\/alfonso-jimenez-fernandez-ingressa-com-a-academic-de-numero-de-la-raed\\\/#primaryimage\"},\"image\":{\"@id\":\"https:\\\/\\\/raed.academy\\\/ca\\\/raed-eventos-temp\\\/alfonso-jimenez-fernandez-ingressa-com-a-academic-de-numero-de-la-raed\\\/#primaryimage\"},\"thumbnailUrl\":\"https:\\\/\\\/raed.academy\\\/wp-content\\\/uploads\\\/2026\\\/01\\\/liderazgo-humano-humanista-emprender-empresa-negocios-shtt-1.17.webp\",\"datePublished\":\"2026-01-20T12:42:42+00:00\",\"dateModified\":\"2026-03-02T12:58:59+00:00\",\"description\":\"Alfonso Jim\u00e9nez Fern\u00e1ndez, Doctor en Psicologia, ingressa a la RAED amb el discurs \u201cCreando Valor a trav\u00e9s de las Personas y sus Directivos\u201d\",\"breadcrumb\":{\"@id\":\"https:\\\/\\\/raed.academy\\\/ca\\\/raed-eventos-temp\\\/alfonso-jimenez-fernandez-ingressa-com-a-academic-de-numero-de-la-raed\\\/#breadcrumb\"},\"inLanguage\":\"ca-ES\",\"potentialAction\":[{\"@type\":\"ReadAction\",\"target\":[\"https:\\\/\\\/raed.academy\\\/ca\\\/raed-eventos-temp\\\/alfonso-jimenez-fernandez-ingressa-com-a-academic-de-numero-de-la-raed\\\/\"]}]},{\"@type\":\"ImageObject\",\"inLanguage\":\"ca-ES\",\"@id\":\"https:\\\/\\\/raed.academy\\\/ca\\\/raed-eventos-temp\\\/alfonso-jimenez-fernandez-ingressa-com-a-academic-de-numero-de-la-raed\\\/#primaryimage\",\"url\":\"https:\\\/\\\/raed.academy\\\/wp-content\\\/uploads\\\/2026\\\/01\\\/liderazgo-humano-humanista-emprender-empresa-negocios-shtt-1.17.webp\",\"contentUrl\":\"https:\\\/\\\/raed.academy\\\/wp-content\\\/uploads\\\/2026\\\/01\\\/liderazgo-humano-humanista-emprender-empresa-negocios-shtt-1.17.webp\",\"width\":350,\"height\":300},{\"@type\":\"BreadcrumbList\",\"@id\":\"https:\\\/\\\/raed.academy\\\/ca\\\/raed-eventos-temp\\\/alfonso-jimenez-fernandez-ingressa-com-a-academic-de-numero-de-la-raed\\\/#breadcrumb\",\"itemListElement\":[{\"@type\":\"ListItem\",\"position\":1,\"name\":\"Inicio\",\"item\":\"https:\\\/\\\/raed.academy\\\/ca\\\/\"},{\"@type\":\"ListItem\",\"position\":2,\"name\":\"Eventos\",\"item\":\"https:\\\/\\\/raed.academy\\\/ca\\\/raed-eventos-temp\\\/\"},{\"@type\":\"ListItem\",\"position\":3,\"name\":\"Alfonso Jim\u00e9nez Fern\u00e1ndez ingressa com a Acad\u00e8mic de N\u00famero de la RAED\"}]},{\"@type\":\"WebSite\",\"@id\":\"https:\\\/\\\/raed.academy\\\/ca\\\/#website\",\"url\":\"https:\\\/\\\/raed.academy\\\/ca\\\/\",\"name\":\"Reial Acad\u00e8mia Europea de Doctors\",\"description\":\"Corporaci\u00f3n de derecho p\u00fablico de car\u00e1cter cient\u00edfico, t\u00e9cnico y art\u00edstico, que tiene por objeto la investigaci\u00f3n, el estudio, el fomento y la extensi\u00f3n del conocimiento en su sentido m\u00e1s amplio\",\"publisher\":{\"@id\":\"https:\\\/\\\/raed.academy\\\/ca\\\/#organization\"},\"potentialAction\":[{\"@type\":\"SearchAction\",\"target\":{\"@type\":\"EntryPoint\",\"urlTemplate\":\"https:\\\/\\\/raed.academy\\\/ca\\\/?s={search_term_string}\"},\"query-input\":{\"@type\":\"PropertyValueSpecification\",\"valueRequired\":true,\"valueName\":\"search_term_string\"}}],\"inLanguage\":\"ca-ES\"},{\"@type\":\"Organization\",\"@id\":\"https:\\\/\\\/raed.academy\\\/ca\\\/#organization\",\"name\":\"Real Academia Europea de Doctores\",\"url\":\"https:\\\/\\\/raed.academy\\\/ca\\\/\",\"logo\":{\"@type\":\"ImageObject\",\"inLanguage\":\"ca-ES\",\"@id\":\"https:\\\/\\\/raed.academy\\\/ca\\\/#\\\/schema\\\/logo\\\/image\\\/\",\"url\":\"https:\\\/\\\/raed.academy\\\/wp-content\\\/uploads\\\/2017\\\/01\\\/cropped-logo_raed.png\",\"contentUrl\":\"https:\\\/\\\/raed.academy\\\/wp-content\\\/uploads\\\/2017\\\/01\\\/cropped-logo_raed.png\",\"width\":512,\"height\":512,\"caption\":\"Real Academia Europea de Doctores\"},\"image\":{\"@id\":\"https:\\\/\\\/raed.academy\\\/ca\\\/#\\\/schema\\\/logo\\\/image\\\/\"},\"sameAs\":[\"http:\\\/\\\/fb.me\\\/raed.academy\",\"https:\\\/\\\/x.com\\\/raedacademy\",\"https:\\\/\\\/www.instagram.com\\\/raed.academy\\\/\",\"https:\\\/\\\/www.youtube.com\\\/channel\\\/UCUYQwW2KrdirNWihxMDObwg\"]}]}<\/script>\n<!-- \/ Yoast SEO plugin. -->","yoast_head_json":{"title":"Alfonso Jim\u00e9nez Fern\u00e1ndez ingressa com a Acad\u00e8mic de N\u00famero de la RAED - Reial Acad\u00e8mia Europea de Doctors","description":"Alfonso Jim\u00e9nez Fern\u00e1ndez, Doctor en Psicologia, ingressa a la RAED amb el discurs \u201cCreando Valor a trav\u00e9s de las Personas y sus Directivos\u201d","robots":{"index":"index","follow":"follow","max-snippet":"max-snippet:-1","max-image-preview":"max-image-preview:large","max-video-preview":"max-video-preview:-1"},"canonical":"https:\/\/raed.academy\/ca\/raed-eventos-temp\/alfonso-jimenez-fernandez-ingressa-com-a-academic-de-numero-de-la-raed\/","og_locale":"ca_ES","og_type":"article","og_title":"Alfonso Jim\u00e9nez Fern\u00e1ndez ingressa com a Acad\u00e8mic de N\u00famero de la RAED - Reial Acad\u00e8mia Europea de Doctors","og_description":"Alfonso Jim\u00e9nez Fern\u00e1ndez, Doctor en Psicologia, ingressa a la RAED amb el discurs \u201cCreando Valor a trav\u00e9s de las Personas y sus Directivos\u201d","og_url":"https:\/\/raed.academy\/ca\/raed-eventos-temp\/alfonso-jimenez-fernandez-ingressa-com-a-academic-de-numero-de-la-raed\/","og_site_name":"Reial Acad\u00e8mia Europea de Doctors","article_publisher":"http:\/\/fb.me\/raed.academy","article_modified_time":"2026-03-02T12:58:59+00:00","og_image":[{"width":350,"height":300,"url":"https:\/\/raed.academy\/wp-content\/uploads\/2026\/01\/liderazgo-humano-humanista-emprender-empresa-negocios-shtt-1.17.webp","type":"image\/webp"}],"twitter_card":"summary_large_image","twitter_site":"@raedacademy","twitter_misc":{"Est. reading time":"4 minutes"},"schema":{"@context":"https:\/\/schema.org","@graph":[{"@type":"WebPage","@id":"https:\/\/raed.academy\/ca\/raed-eventos-temp\/alfonso-jimenez-fernandez-ingressa-com-a-academic-de-numero-de-la-raed\/","url":"https:\/\/raed.academy\/ca\/raed-eventos-temp\/alfonso-jimenez-fernandez-ingressa-com-a-academic-de-numero-de-la-raed\/","name":"Alfonso Jim\u00e9nez Fern\u00e1ndez ingressa com a Acad\u00e8mic de N\u00famero de la RAED - Reial Acad\u00e8mia Europea de Doctors","isPartOf":{"@id":"https:\/\/raed.academy\/ca\/#website"},"primaryImageOfPage":{"@id":"https:\/\/raed.academy\/ca\/raed-eventos-temp\/alfonso-jimenez-fernandez-ingressa-com-a-academic-de-numero-de-la-raed\/#primaryimage"},"image":{"@id":"https:\/\/raed.academy\/ca\/raed-eventos-temp\/alfonso-jimenez-fernandez-ingressa-com-a-academic-de-numero-de-la-raed\/#primaryimage"},"thumbnailUrl":"https:\/\/raed.academy\/wp-content\/uploads\/2026\/01\/liderazgo-humano-humanista-emprender-empresa-negocios-shtt-1.17.webp","datePublished":"2026-01-20T12:42:42+00:00","dateModified":"2026-03-02T12:58:59+00:00","description":"Alfonso Jim\u00e9nez Fern\u00e1ndez, Doctor en Psicologia, ingressa a la RAED amb el discurs \u201cCreando Valor a trav\u00e9s de las Personas y sus Directivos\u201d","breadcrumb":{"@id":"https:\/\/raed.academy\/ca\/raed-eventos-temp\/alfonso-jimenez-fernandez-ingressa-com-a-academic-de-numero-de-la-raed\/#breadcrumb"},"inLanguage":"ca-ES","potentialAction":[{"@type":"ReadAction","target":["https:\/\/raed.academy\/ca\/raed-eventos-temp\/alfonso-jimenez-fernandez-ingressa-com-a-academic-de-numero-de-la-raed\/"]}]},{"@type":"ImageObject","inLanguage":"ca-ES","@id":"https:\/\/raed.academy\/ca\/raed-eventos-temp\/alfonso-jimenez-fernandez-ingressa-com-a-academic-de-numero-de-la-raed\/#primaryimage","url":"https:\/\/raed.academy\/wp-content\/uploads\/2026\/01\/liderazgo-humano-humanista-emprender-empresa-negocios-shtt-1.17.webp","contentUrl":"https:\/\/raed.academy\/wp-content\/uploads\/2026\/01\/liderazgo-humano-humanista-emprender-empresa-negocios-shtt-1.17.webp","width":350,"height":300},{"@type":"BreadcrumbList","@id":"https:\/\/raed.academy\/ca\/raed-eventos-temp\/alfonso-jimenez-fernandez-ingressa-com-a-academic-de-numero-de-la-raed\/#breadcrumb","itemListElement":[{"@type":"ListItem","position":1,"name":"Inicio","item":"https:\/\/raed.academy\/ca\/"},{"@type":"ListItem","position":2,"name":"Eventos","item":"https:\/\/raed.academy\/ca\/raed-eventos-temp\/"},{"@type":"ListItem","position":3,"name":"Alfonso Jim\u00e9nez Fern\u00e1ndez ingressa com a Acad\u00e8mic de N\u00famero de la RAED"}]},{"@type":"WebSite","@id":"https:\/\/raed.academy\/ca\/#website","url":"https:\/\/raed.academy\/ca\/","name":"Reial Acad\u00e8mia Europea de Doctors","description":"Corporaci\u00f3n de derecho p\u00fablico de car\u00e1cter cient\u00edfico, t\u00e9cnico y art\u00edstico, que tiene por objeto la investigaci\u00f3n, el estudio, el fomento y la extensi\u00f3n del conocimiento en su sentido m\u00e1s amplio","publisher":{"@id":"https:\/\/raed.academy\/ca\/#organization"},"potentialAction":[{"@type":"SearchAction","target":{"@type":"EntryPoint","urlTemplate":"https:\/\/raed.academy\/ca\/?s={search_term_string}"},"query-input":{"@type":"PropertyValueSpecification","valueRequired":true,"valueName":"search_term_string"}}],"inLanguage":"ca-ES"},{"@type":"Organization","@id":"https:\/\/raed.academy\/ca\/#organization","name":"Real Academia Europea de Doctores","url":"https:\/\/raed.academy\/ca\/","logo":{"@type":"ImageObject","inLanguage":"ca-ES","@id":"https:\/\/raed.academy\/ca\/#\/schema\/logo\/image\/","url":"https:\/\/raed.academy\/wp-content\/uploads\/2017\/01\/cropped-logo_raed.png","contentUrl":"https:\/\/raed.academy\/wp-content\/uploads\/2017\/01\/cropped-logo_raed.png","width":512,"height":512,"caption":"Real Academia Europea de Doctores"},"image":{"@id":"https:\/\/raed.academy\/ca\/#\/schema\/logo\/image\/"},"sameAs":["http:\/\/fb.me\/raed.academy","https:\/\/x.com\/raedacademy","https:\/\/www.instagram.com\/raed.academy\/","https:\/\/www.youtube.com\/channel\/UCUYQwW2KrdirNWihxMDObwg"]}]}},"_links":{"self":[{"href":"https:\/\/raed.academy\/ca\/wp-json\/wp\/v2\/evento\/178835","targetHints":{"allow":["GET"]}}],"collection":[{"href":"https:\/\/raed.academy\/ca\/wp-json\/wp\/v2\/evento"}],"about":[{"href":"https:\/\/raed.academy\/ca\/wp-json\/wp\/v2\/types\/evento"}],"version-history":[{"count":5,"href":"https:\/\/raed.academy\/ca\/wp-json\/wp\/v2\/evento\/178835\/revisions"}],"predecessor-version":[{"id":181425,"href":"https:\/\/raed.academy\/ca\/wp-json\/wp\/v2\/evento\/178835\/revisions\/181425"}],"wp:featuredmedia":[{"embeddable":true,"href":"https:\/\/raed.academy\/ca\/wp-json\/wp\/v2\/media\/178834"}],"wp:attachment":[{"href":"https:\/\/raed.academy\/ca\/wp-json\/wp\/v2\/media?parent=178835"}],"wp:term":[{"taxonomy":"ubicacion_evento","embeddable":true,"href":"https:\/\/raed.academy\/ca\/wp-json\/wp\/v2\/ubicacion_evento?post=178835"},{"taxonomy":"tipo_evento","embeddable":true,"href":"https:\/\/raed.academy\/ca\/wp-json\/wp\/v2\/tipo_evento?post=178835"},{"taxonomy":"formato_evento","embeddable":true,"href":"https:\/\/raed.academy\/ca\/wp-json\/wp\/v2\/formato_evento?post=178835"}],"curies":[{"name":"wp","href":"https:\/\/api.w.org\/{rel}","templated":true}]}}