{"id":177346,"date":"2025-12-22T11:07:15","date_gmt":"2025-12-22T11:07:15","guid":{"rendered":"https:\/\/raed.academy\/?post_type=evento&#038;p=177346"},"modified":"2026-01-09T09:48:03","modified_gmt":"2026-01-09T09:48:03","slug":"presentacio-del-llibre-saga-tiffon-desde-la-cirugia-romancista-hasta-la-psiquiatria-y-psicologia-forense-de-bernat-noel-tiffon","status":"publish","type":"evento","link":"https:\/\/raed.academy\/ca\/raed-eventos-temp\/presentacio-del-llibre-saga-tiffon-desde-la-cirugia-romancista-hasta-la-psiquiatria-y-psicologia-forense-de-bernat-noel-tiffon\/","title":{"rendered":"Presentaci\u00f3 del llibre &#8220;Saga Tiffon: Desde la cirug\u00eda romancista hasta la psiquiatr\u00eda y psicolog\u00eda forense&#8221;, de Bernat-No\u00ebl Tiffon"},"content":{"rendered":"<p>[et_pb_section fb_built=&#8221;1&#8243; admin_label=&#8221;section&#8221; _builder_version=&#8221;4.27.4&#8243; custom_padding=&#8221;0px||||false|false&#8221; locked=&#8221;off&#8221; global_colors_info=&#8221;{}&#8221;][et_pb_row use_custom_gutter=&#8221;on&#8221; gutter_width=&#8221;2&#8243; admin_label=&#8221;row&#8221; _builder_version=&#8221;4.27.4&#8243; background_size=&#8221;initial&#8221; background_position=&#8221;top_left&#8221; background_repeat=&#8221;repeat&#8221; max_width=&#8221;1400px&#8221; custom_margin=&#8221;|||auto|false|false&#8221; custom_padding=&#8221;||||false|false&#8221; global_colors_info=&#8221;{}&#8221;][et_pb_column type=&#8221;4_4&#8243; _builder_version=&#8221;4.16&#8243; custom_padding=&#8221;|||&#8221; global_colors_info=&#8221;{}&#8221; custom_padding__hover=&#8221;|||&#8221;][et_pb_text admin_label=&#8221;intervinientes y abstract conferencia&#8221; _builder_version=&#8221;4.27.5&#8243; _module_preset=&#8221;default&#8221; custom_padding=&#8221;40px||40px||false|false&#8221; hover_enabled=&#8221;0&#8243; global_colors_info=&#8221;{}&#8221; sticky_enabled=&#8221;0&#8243;]<\/p>\n<h2>Intervenen<\/h2>\n<ul>\n<li><a href=\"https:\/\/raed.academy\/academicos\/dr-bernat-noel-tiffon-nonis\/\"><strong>Bernat-No\u00ebl Tiffon Nonis<\/strong><\/a>. Autor del llibre. Doctor en Medicina Legal i Forense. Acad\u00e8mic Corresponent de la RAED<\/li>\n<li><a href=\"https:\/\/raed.academy\/academicos\/dr-alfredo-rocafort-nicolau\/\"><strong>Alfredo Rocafort<\/strong><\/a>. President de la Junta de Govern de la RAED.<\/li>\n<li><a href=\"https:\/\/raed.academy\/academicos\/dra-maria-dels-angels-calvo-torras\/\"><strong>M\u00aa \u00c0ngels Calvo<\/strong><\/a>. Vicepresidenta de la Junta de Govern de la RAED<\/li>\n<li><a href=\"https:\/\/raed.academy\/academicos\/dr-joaquim-gironella-coll\/\"><strong>Joaqu\u00edn Gironella<\/strong><\/a>. Vicepresident de la Junta de Govern de la RAED<\/li>\n<li><strong>Miquel Bruguera Cortada<\/strong>. Director de la Unitat d\u2019Estudis Acad\u00e8mics del Col\u00b7legi de Metges de Barcelona (COMB)<\/li>\n<\/ul>\n<h2>Una hist\u00f2ria de la Medicina, una hist\u00f2ria d\u2019una saga familiar<\/h2>\n<p><img loading=\"lazy\" decoding=\"async\" class=\"wp-image-177210 size-full alignleft\" src=\"https:\/\/raed.academy\/wp-content\/uploads\/2025\/12\/Bernat-Tiffon-Medicina-cirugia-romancista-psicologia-psiquiatria-forense-miquel-bruguera-joaquim-gironella-angels-calvo-antoni-labad.webp\" alt=\"\" width=\"470\" height=\"610\" \/>D\u2019hist\u00f2ries de la Medicina se\u2019n poden explicar moltes, i sempre des de perspectives molt diverses i diferents. En el present cas, l\u2019autor aporta una proposta totalment distinta respecte del conjunt de tota la seva obra escrita fins avui: ens vol traslladar en un viatge temporal i cronol\u00f2gic al llarg d\u2019una Hist\u00f2ria de la Medicina que abasta els darrers 300 anys, sent el denominador com\u00fa la l\u00ednia directa d\u2019una saga familiar que ha pogut mantenir-se i perdurar en la professi\u00f3 m\u00e8dica al llarg d\u2019aquests tres segles.<\/p>\n<p>La Ci\u00e8ncia M\u00e8dica \u00e9s el que \u00e9s avui gr\u00e0cies als nostres avantpassats que, amb una gran dedicaci\u00f3, empeny i esfor\u00e7, han aconseguit que disposem actualment d\u2019un sistema sanitari molt m\u00e9s evolucionat que el d\u2019\u00e8poques anteriors. L\u2019obra present, \u201cSaga Tiffon: des de la Cirurgia Romancista fins a la Psiquiatria i la Psicologia Forense. (La investigaci\u00f3 d\u2019un viatge hist\u00f2ric-m\u00e8dic i social familiar de tres segles)\u201d (Editorial J.M. Bosch Editor, 2025), no fa sin\u00f3 explicar \u2014des d\u2019una postura humilment descriptiva\u2014 una parcel\u00b7la de l\u2019evoluci\u00f3 de les m\u00faltiples Hist\u00f2ries de la Medicina existents.<\/p>\n<p>Tal com diu l\u2019autor del llibre i Acad\u00e8mic de la Real Academia Europea de Doctores (RAED), <a href=\"https:\/\/raed.academy\/academicos\/dr-bernat-noel-tiffon-nonis\/\"><strong>Dr. Bernat-N. Tiffon<\/strong><\/a>, i amb la reserva de possible error, molt probablement la Saga Tiffon \u00e9s l\u2019\u00fanica l\u00ednia familiar de descend\u00e8ncia directa (de generaci\u00f3 en generaci\u00f3) que s\u2019ha dedicat a diferents especialitats de la professi\u00f3 m\u00e8dica al llarg de cinc generacions consecutives a Barcelona, i molt probablement a tot l\u2019Estat espanyol (abastant des de l\u2019any 1807, i fins i tot possiblement abans).<\/p>\n<p>Des de la Medicina i la Cirurgia Romancista del segle XIX fins a l\u2019actualitat (segle XXI), aquesta l\u00ednia directa i success\u00f2ria de professionals sanitaris dedicats a la salut ha anat deixant una empremta professional en els seus respectius camps. I les tradicions orals familiars \u2014algunes transmeses de generaci\u00f3 en generaci\u00f3, per\u00f2 d\u2019altres lamentablement perdudes\u2014 s\u2019intenten recollir en la present obra. La import\u00e0ncia de la mem\u00f2ria de les tradicions orals familiars \u00e9s la import\u00e0ncia del que som avui i del devenir del futur.<\/p>\n<p>Des de la perspectiva d\u2019un observador passiu actual que contempla l\u2019evoluci\u00f3 hist\u00f2rica dels esdeveniments, la l\u00ednia familiar objecte d\u2019estudi no nom\u00e9s ha viscut l\u2019evoluci\u00f3 de la Medicina al llarg d\u2019aquests 300 anys; tamb\u00e9 ha experimentat l\u2019evoluci\u00f3 hist\u00f2rica de la ciutat de Barcelona, els incendis del Gran Teatre del Liceu, els moviments sociopol\u00edtics de l\u2019\u00e8poca, els cinc grans magnicidis de la hist\u00f2ria d\u2019Espanya; i fins i tot els anecd\u00f2tics contactes mantinguts amb la Casa Reial de l\u2019\u00e8poca d\u2019Alfons XII i Alfons XIII, entre moltes altres q\u00fcestions.<\/p>\n<div id=\"attachment_149475\" style=\"width: 240px\" class=\"wp-caption alignright\"><img loading=\"lazy\" decoding=\"async\" aria-describedby=\"caption-attachment-149475\" class=\"wp-image-149475 size-full\" src=\"https:\/\/raed.academy\/wp-content\/uploads\/2024\/05\/Dr-Bernat-Noel-Tiffon-Nonis-230x317px.jpg\" alt=\"Bernat-No\u00ebl Tiffon\" width=\"230\" height=\"317\" \/><p id=\"caption-attachment-149475\" class=\"wp-caption-text\">Dr. Bernat-No\u00ebl Tiffon<\/p><\/div>\n<p>Tal com indica l\u2019autor, ha estat una obra complexa i dif\u00edcil d\u2019enginyeria arqueol\u00f2gica-hist\u00f2rica que aglutina les cinc biografies d\u2019una mateixa l\u00ednia success\u00f2ria familiar, continuada longitudinalment en el temps. En alguns moments, fins i tot autobiogr\u00e0fica per part del mateix autor, cosa que ajuda a contextualitzar els fets.<\/p>\n<p>Tal com recull el Portal del Peritatge \u2013 Peritatges-Perits, es tracta d\u2019un llegat m\u00e8dic i hist\u00f2ric amb arrels a Barcelona, on l\u2019obra rastreja els or\u00edgens del llinatge Tiffon fins al segle XIX, quan un avantpassat procedent de Narbona (Fran\u00e7a) es va establir a la Barcelona emmurallada de l\u2019\u00e8poca, dedicant-se a l\u2019art quir\u00fargic i a la medicina podol\u00f2gica del seu temps.<\/p>\n<p>Des d\u2019aquell moment, generaci\u00f3 rere generaci\u00f3, la fam\u00edlia Tiffon ha estat vinculada a la medicina, la psiquiatria i la psicologia forense, deixant un llegat que combina rigor cient\u00edfic, sensibilitat humana i vocaci\u00f3 de servei p\u00fablic.<\/p>\n<p>L\u2019obra s\u2019enriqueix amb importants i destacades aportacions de membres de la Real Acad\u00e8mia de Medicina de Catalunya, de la Real Acad\u00e8mia de Medicina de Saragossa, del Director de l\u2019Institut Nacional de Toxicologia i Ci\u00e8ncies Forenses, aix\u00ed com amb la valuosa documentaci\u00f3 de l\u2019Arxiu General de Palau (Direcci\u00f3 de Col\u00b7leccions Reials, Palau Reial, Patrimoni Nacional).<\/p>\n<p>[\/et_pb_text][\/et_pb_column][\/et_pb_row][et_pb_row column_structure=&#8221;1_2,1_2&#8243; admin_label=&#8221;Fila&#8221; _builder_version=&#8221;4.24.3&#8243; _module_preset=&#8221;default&#8221; max_width=&#8221;1400px&#8221; locked=&#8221;off&#8221; global_colors_info=&#8221;{}&#8221;][et_pb_column type=&#8221;1_2&#8243; _builder_version=&#8221;4.16&#8243; _module_preset=&#8221;default&#8221; global_colors_info=&#8221;{}&#8221;][et_pb_code admin_label=&#8221;C\u00f3digo &#8211; organizadores&#8221; _builder_version=&#8221;4.27.4&#8243; _module_preset=&#8221;default&#8221; global_colors_info=&#8221;{}&#8221;]<pee class=\"ttl-colaboradores\">Organitza:<\/pee><!-- [et_pb_line_break_holder] --><!-- [et_pb_line_break_holder] --><!-- [et_pb_line_break_holder] --><\/p>\n<div id=\"organizadores\"><!-- [et_pb_line_break_holder] --><!-- [et_pb_line_break_holder] --><\/p>\n<div class=\"logo-colaborador\"><a href=\"https:\/\/raed.academy\/ca\/\" target=\"_blank\" rel=\"noopener noreferrer\"><img decoding=\"async\" src=\"https:\/\/raed.academy\/wp-content\/uploads\/2021\/10\/Logo-RAED-160px.jpg\" alt=\"Real Academia Europea de Doctores RAED\" \/><\/a><!-- [et_pb_line_break_holder] --><\/p>\n<div class=\"txt\"><\/div>\n<p><!-- [et_pb_line_break_holder] -->\u00a0<!-- [et_pb_line_break_holder] --><!-- [et_pb_line_break_holder] --><\/div>\n<p><!-- [et_pb_line_break_holder] --><!-- [et_pb_line_break_holder] --><!-- [et_pb_line_break_holder] --><\/p>\n<div class=\"logo-colaborador\"><a href=\"https:\/\/fundacionraed.org\/\" target=\"_blank\" rel=\"noopener noreferrer\"><img decoding=\"async\" src=\"https:\/\/raed.academy\/wp-content\/uploads\/2021\/10\/Logo-Fundacion-RAED-160px.jpg\" alt=\"Fundaci\u00f3n RAED\" \/><\/a><!-- [et_pb_line_break_holder] --><\/p>\n<div class=\"txt\"><\/div>\n<p><!-- [et_pb_line_break_holder] -->\u00a0<!-- [et_pb_line_break_holder] --><!-- [et_pb_line_break_holder] --><\/div>\n<p><!-- [et_pb_line_break_holder] --><!-- [et_pb_line_break_holder] --><!-- [et_pb_line_break_holder] --><!-- [et_pb_line_break_holder] --><\/div>\n<p><!-- [et_pb_line_break_holder] -->[\/et_pb_code][\/et_pb_column][et_pb_column type=&#8221;1_2&#8243; _builder_version=&#8221;4.16&#8243; _module_preset=&#8221;default&#8221; global_colors_info=&#8221;{}&#8221;][et_pb_code admin_label=&#8221;C\u00f3digo &#8211; colaboradores&#8221; _builder_version=&#8221;4.27.4&#8243; _module_preset=&#8221;default&#8221; global_colors_info=&#8221;{}&#8221;]<pee class=\"ttl-colaboradores\">Amb la col\u00b7laboraci\u00f3 de:<\/pee><!-- [et_pb_line_break_holder] --><!-- [et_pb_line_break_holder] --><!-- [et_pb_line_break_holder] --><\/p>\n<div id=\"colaboradores\"><!-- [et_pb_line_break_holder] --> <!-- [et_pb_line_break_holder] --><!-- [et_pb_line_break_holder] --><\/p>\n<div class=\"logo-colaborador\"><!-- [et_pb_line_break_holder] --><!-- [et_pb_line_break_holder] --><\/p>\n<div class=\"txt-circular\"><\/div>\n<p><!-- [et_pb_line_break_holder] --><!-- [et_pb_line_break_holder] --> <a href=\"https:\/\/justicia.gencat.cat\/ca\/inici\" target=\"_blank\" rel=\"noopener noreferrer\"><img decoding=\"async\" src=\"https:\/\/raed.academy\/wp-content\/uploads\/2024\/11\/Generalitat-de-Catalunya-dept-Justicia-i-Qualitat-Democratica-240px.jpg\" alt=\"Generalitat de catalunya\" width=\"210\" \/><\/a><!-- [et_pb_line_break_holder] --><!-- [et_pb_line_break_holder] --><\/div>\n<p><!-- [et_pb_line_break_holder] --><!-- [et_pb_line_break_holder] --><!-- [et_pb_line_break_holder] --><\/p>\n<div class=\"logo-colaborador\"><!-- [et_pb_line_break_holder] --><!-- [et_pb_line_break_holder] --><\/p>\n<div class=\"txt-circular\"><\/div>\n<p><!-- [et_pb_line_break_holder] --><!-- [et_pb_line_break_holder] --> <a href=\"https:\/\/www.aecoc.es\/\" target=\"_blank\" rel=\"noopener noreferrer\"><img decoding=\"async\" src=\"https:\/\/raed.academy\/wp-content\/uploads\/2025\/05\/logo-AECOC-negro-200px.png\" alt=\"AECOC\" width=\"150\" \/><\/a><!-- [et_pb_line_break_holder] --><!-- [et_pb_line_break_holder] --><\/div>\n<p><!-- [et_pb_line_break_holder] --><!-- [et_pb_line_break_holder] --><!-- [et_pb_line_break_holder] --><!-- [et_pb_line_break_holder] --><\/div>\n<p><!-- [et_pb_line_break_holder] -->[\/et_pb_code][\/et_pb_column][\/et_pb_row][\/et_pb_section]<\/p>\n","protected":false},"excerpt":{"rendered":"<p>Bernat-No\u00ebl Tiffon presenta su libro &#8220;Saga Tiffon: Desde la cirug\u00eda romancista hasta la psiquiatr\u00eda y psicolog\u00eda forense. La investigaci\u00f3n de un viaje hist\u00f3rico-m\u00e9dico y social familiar de 3 siglos&#8221;<\/p>\n","protected":false},"featured_media":177184,"menu_order":0,"template":"template-evento-estandar.php","meta":{"_et_pb_use_builder":"on","_et_pb_old_content":"","_et_gb_content_width":"","footnotes":""},"ubicacion_evento":[863,839],"tipo_evento":[879],"formato_evento":[894],"class_list":["post-177346","evento","type-evento","status-publish","has-post-thumbnail","hentry","ubicacion_evento-sala-de-juntes","ubicacion_evento-seu-raed","tipo_evento-presentacio-de-llibre","formato_evento-presencial"],"yoast_head":"<!-- This site is optimized with the Yoast SEO plugin v27.4 - https:\/\/yoast.com\/product\/yoast-seo-wordpress\/ -->\n<title>Presentaci\u00f3 del llibre &quot;Saga Tiffon: Desde la cirug\u00eda romancista hasta la psiquiatr\u00eda y psicolog\u00eda forense&quot;, de Bernat-No\u00ebl Tiffon - Reial Acad\u00e8mia Europea de Doctors<\/title>\n<meta name=\"robots\" content=\"index, follow, max-snippet:-1, max-image-preview:large, max-video-preview:-1\" \/>\n<link rel=\"canonical\" href=\"https:\/\/raed.academy\/ca\/raed-eventos-temp\/presentacio-del-llibre-saga-tiffon-desde-la-cirugia-romancista-hasta-la-psiquiatria-y-psicologia-forense-de-bernat-noel-tiffon\/\" \/>\n<meta property=\"og:locale\" content=\"ca_ES\" \/>\n<meta property=\"og:type\" content=\"article\" \/>\n<meta property=\"og:title\" content=\"Presentaci\u00f3 del llibre &quot;Saga Tiffon: Desde la cirug\u00eda romancista hasta la psiquiatr\u00eda y psicolog\u00eda forense&quot;, de Bernat-No\u00ebl Tiffon - Reial Acad\u00e8mia Europea de Doctors\" \/>\n<meta property=\"og:description\" content=\"Bernat-No\u00ebl Tiffon presenta su libro &quot;Saga Tiffon: Desde la cirug\u00eda romancista hasta la psiquiatr\u00eda y psicolog\u00eda forense. La investigaci\u00f3n de un viaje hist\u00f3rico-m\u00e9dico y social familiar de 3 siglos&quot;\" \/>\n<meta property=\"og:url\" content=\"https:\/\/raed.academy\/ca\/raed-eventos-temp\/presentacio-del-llibre-saga-tiffon-desde-la-cirugia-romancista-hasta-la-psiquiatria-y-psicologia-forense-de-bernat-noel-tiffon\/\" \/>\n<meta property=\"og:site_name\" content=\"Reial Acad\u00e8mia Europea de Doctors\" \/>\n<meta property=\"article:publisher\" content=\"http:\/\/fb.me\/raed.academy\" \/>\n<meta property=\"article:modified_time\" content=\"2026-01-09T09:48:03+00:00\" \/>\n<meta property=\"og:image\" content=\"https:\/\/raed.academy\/wp-content\/uploads\/2025\/12\/shutt-psiquiatria-y-psicologia-forense-criminal-cerebro-1.17.webp\" \/>\n\t<meta property=\"og:image:width\" content=\"350\" \/>\n\t<meta property=\"og:image:height\" content=\"300\" \/>\n\t<meta property=\"og:image:type\" content=\"image\/webp\" \/>\n<meta name=\"twitter:card\" content=\"summary_large_image\" \/>\n<meta name=\"twitter:site\" content=\"@raedacademy\" \/>\n<meta name=\"twitter:label1\" content=\"Est. reading time\" \/>\n\t<meta name=\"twitter:data1\" content=\"5 minutes\" \/>\n<script type=\"application\/ld+json\" class=\"yoast-schema-graph\">{\"@context\":\"https:\\\/\\\/schema.org\",\"@graph\":[{\"@type\":\"WebPage\",\"@id\":\"https:\\\/\\\/raed.academy\\\/ca\\\/raed-eventos-temp\\\/presentacio-del-llibre-saga-tiffon-desde-la-cirugia-romancista-hasta-la-psiquiatria-y-psicologia-forense-de-bernat-noel-tiffon\\\/\",\"url\":\"https:\\\/\\\/raed.academy\\\/ca\\\/raed-eventos-temp\\\/presentacio-del-llibre-saga-tiffon-desde-la-cirugia-romancista-hasta-la-psiquiatria-y-psicologia-forense-de-bernat-noel-tiffon\\\/\",\"name\":\"Presentaci\u00f3 del llibre \\\"Saga Tiffon: Desde la cirug\u00eda romancista hasta la psiquiatr\u00eda y psicolog\u00eda forense\\\", de Bernat-No\u00ebl Tiffon - Reial Acad\u00e8mia Europea de Doctors\",\"isPartOf\":{\"@id\":\"https:\\\/\\\/raed.academy\\\/ca\\\/#website\"},\"primaryImageOfPage\":{\"@id\":\"https:\\\/\\\/raed.academy\\\/ca\\\/raed-eventos-temp\\\/presentacio-del-llibre-saga-tiffon-desde-la-cirugia-romancista-hasta-la-psiquiatria-y-psicologia-forense-de-bernat-noel-tiffon\\\/#primaryimage\"},\"image\":{\"@id\":\"https:\\\/\\\/raed.academy\\\/ca\\\/raed-eventos-temp\\\/presentacio-del-llibre-saga-tiffon-desde-la-cirugia-romancista-hasta-la-psiquiatria-y-psicologia-forense-de-bernat-noel-tiffon\\\/#primaryimage\"},\"thumbnailUrl\":\"https:\\\/\\\/raed.academy\\\/wp-content\\\/uploads\\\/2025\\\/12\\\/shutt-psiquiatria-y-psicologia-forense-criminal-cerebro-1.17.webp\",\"datePublished\":\"2025-12-22T11:07:15+00:00\",\"dateModified\":\"2026-01-09T09:48:03+00:00\",\"breadcrumb\":{\"@id\":\"https:\\\/\\\/raed.academy\\\/ca\\\/raed-eventos-temp\\\/presentacio-del-llibre-saga-tiffon-desde-la-cirugia-romancista-hasta-la-psiquiatria-y-psicologia-forense-de-bernat-noel-tiffon\\\/#breadcrumb\"},\"inLanguage\":\"ca-ES\",\"potentialAction\":[{\"@type\":\"ReadAction\",\"target\":[\"https:\\\/\\\/raed.academy\\\/ca\\\/raed-eventos-temp\\\/presentacio-del-llibre-saga-tiffon-desde-la-cirugia-romancista-hasta-la-psiquiatria-y-psicologia-forense-de-bernat-noel-tiffon\\\/\"]}]},{\"@type\":\"ImageObject\",\"inLanguage\":\"ca-ES\",\"@id\":\"https:\\\/\\\/raed.academy\\\/ca\\\/raed-eventos-temp\\\/presentacio-del-llibre-saga-tiffon-desde-la-cirugia-romancista-hasta-la-psiquiatria-y-psicologia-forense-de-bernat-noel-tiffon\\\/#primaryimage\",\"url\":\"https:\\\/\\\/raed.academy\\\/wp-content\\\/uploads\\\/2025\\\/12\\\/shutt-psiquiatria-y-psicologia-forense-criminal-cerebro-1.17.webp\",\"contentUrl\":\"https:\\\/\\\/raed.academy\\\/wp-content\\\/uploads\\\/2025\\\/12\\\/shutt-psiquiatria-y-psicologia-forense-criminal-cerebro-1.17.webp\",\"width\":350,\"height\":300},{\"@type\":\"BreadcrumbList\",\"@id\":\"https:\\\/\\\/raed.academy\\\/ca\\\/raed-eventos-temp\\\/presentacio-del-llibre-saga-tiffon-desde-la-cirugia-romancista-hasta-la-psiquiatria-y-psicologia-forense-de-bernat-noel-tiffon\\\/#breadcrumb\",\"itemListElement\":[{\"@type\":\"ListItem\",\"position\":1,\"name\":\"Inicio\",\"item\":\"https:\\\/\\\/raed.academy\\\/ca\\\/\"},{\"@type\":\"ListItem\",\"position\":2,\"name\":\"Eventos\",\"item\":\"https:\\\/\\\/raed.academy\\\/ca\\\/raed-eventos-temp\\\/\"},{\"@type\":\"ListItem\",\"position\":3,\"name\":\"Presentaci\u00f3 del llibre \u00abSaga Tiffon: Desde la cirug\u00eda romancista hasta la psiquiatr\u00eda y psicolog\u00eda forense\u00bb, de Bernat-No\u00ebl Tiffon\"}]},{\"@type\":\"WebSite\",\"@id\":\"https:\\\/\\\/raed.academy\\\/ca\\\/#website\",\"url\":\"https:\\\/\\\/raed.academy\\\/ca\\\/\",\"name\":\"Reial Acad\u00e8mia Europea de Doctors\",\"description\":\"Corporaci\u00f3n de derecho p\u00fablico de car\u00e1cter cient\u00edfico, t\u00e9cnico y art\u00edstico, que tiene por objeto la investigaci\u00f3n, el estudio, el fomento y la extensi\u00f3n del conocimiento en su sentido m\u00e1s amplio\",\"publisher\":{\"@id\":\"https:\\\/\\\/raed.academy\\\/ca\\\/#organization\"},\"potentialAction\":[{\"@type\":\"SearchAction\",\"target\":{\"@type\":\"EntryPoint\",\"urlTemplate\":\"https:\\\/\\\/raed.academy\\\/ca\\\/?s={search_term_string}\"},\"query-input\":{\"@type\":\"PropertyValueSpecification\",\"valueRequired\":true,\"valueName\":\"search_term_string\"}}],\"inLanguage\":\"ca-ES\"},{\"@type\":\"Organization\",\"@id\":\"https:\\\/\\\/raed.academy\\\/ca\\\/#organization\",\"name\":\"Real Academia Europea de Doctores\",\"url\":\"https:\\\/\\\/raed.academy\\\/ca\\\/\",\"logo\":{\"@type\":\"ImageObject\",\"inLanguage\":\"ca-ES\",\"@id\":\"https:\\\/\\\/raed.academy\\\/ca\\\/#\\\/schema\\\/logo\\\/image\\\/\",\"url\":\"https:\\\/\\\/raed.academy\\\/wp-content\\\/uploads\\\/2017\\\/01\\\/cropped-logo_raed.png\",\"contentUrl\":\"https:\\\/\\\/raed.academy\\\/wp-content\\\/uploads\\\/2017\\\/01\\\/cropped-logo_raed.png\",\"width\":512,\"height\":512,\"caption\":\"Real Academia Europea de Doctores\"},\"image\":{\"@id\":\"https:\\\/\\\/raed.academy\\\/ca\\\/#\\\/schema\\\/logo\\\/image\\\/\"},\"sameAs\":[\"http:\\\/\\\/fb.me\\\/raed.academy\",\"https:\\\/\\\/x.com\\\/raedacademy\",\"https:\\\/\\\/www.instagram.com\\\/raed.academy\\\/\",\"https:\\\/\\\/www.youtube.com\\\/channel\\\/UCUYQwW2KrdirNWihxMDObwg\"]}]}<\/script>\n<!-- \/ Yoast SEO plugin. -->","yoast_head_json":{"title":"Presentaci\u00f3 del llibre \"Saga Tiffon: Desde la cirug\u00eda romancista hasta la psiquiatr\u00eda y psicolog\u00eda forense\", de Bernat-No\u00ebl Tiffon - Reial Acad\u00e8mia Europea de Doctors","robots":{"index":"index","follow":"follow","max-snippet":"max-snippet:-1","max-image-preview":"max-image-preview:large","max-video-preview":"max-video-preview:-1"},"canonical":"https:\/\/raed.academy\/ca\/raed-eventos-temp\/presentacio-del-llibre-saga-tiffon-desde-la-cirugia-romancista-hasta-la-psiquiatria-y-psicologia-forense-de-bernat-noel-tiffon\/","og_locale":"ca_ES","og_type":"article","og_title":"Presentaci\u00f3 del llibre \"Saga Tiffon: Desde la cirug\u00eda romancista hasta la psiquiatr\u00eda y psicolog\u00eda forense\", de Bernat-No\u00ebl Tiffon - Reial Acad\u00e8mia Europea de Doctors","og_description":"Bernat-No\u00ebl Tiffon presenta su libro \"Saga Tiffon: Desde la cirug\u00eda romancista hasta la psiquiatr\u00eda y psicolog\u00eda forense. La investigaci\u00f3n de un viaje hist\u00f3rico-m\u00e9dico y social familiar de 3 siglos\"","og_url":"https:\/\/raed.academy\/ca\/raed-eventos-temp\/presentacio-del-llibre-saga-tiffon-desde-la-cirugia-romancista-hasta-la-psiquiatria-y-psicologia-forense-de-bernat-noel-tiffon\/","og_site_name":"Reial Acad\u00e8mia Europea de Doctors","article_publisher":"http:\/\/fb.me\/raed.academy","article_modified_time":"2026-01-09T09:48:03+00:00","og_image":[{"width":350,"height":300,"url":"https:\/\/raed.academy\/wp-content\/uploads\/2025\/12\/shutt-psiquiatria-y-psicologia-forense-criminal-cerebro-1.17.webp","type":"image\/webp"}],"twitter_card":"summary_large_image","twitter_site":"@raedacademy","twitter_misc":{"Est. reading time":"5 minutes"},"schema":{"@context":"https:\/\/schema.org","@graph":[{"@type":"WebPage","@id":"https:\/\/raed.academy\/ca\/raed-eventos-temp\/presentacio-del-llibre-saga-tiffon-desde-la-cirugia-romancista-hasta-la-psiquiatria-y-psicologia-forense-de-bernat-noel-tiffon\/","url":"https:\/\/raed.academy\/ca\/raed-eventos-temp\/presentacio-del-llibre-saga-tiffon-desde-la-cirugia-romancista-hasta-la-psiquiatria-y-psicologia-forense-de-bernat-noel-tiffon\/","name":"Presentaci\u00f3 del llibre \"Saga Tiffon: Desde la cirug\u00eda romancista hasta la psiquiatr\u00eda y psicolog\u00eda forense\", de Bernat-No\u00ebl Tiffon - Reial Acad\u00e8mia Europea de Doctors","isPartOf":{"@id":"https:\/\/raed.academy\/ca\/#website"},"primaryImageOfPage":{"@id":"https:\/\/raed.academy\/ca\/raed-eventos-temp\/presentacio-del-llibre-saga-tiffon-desde-la-cirugia-romancista-hasta-la-psiquiatria-y-psicologia-forense-de-bernat-noel-tiffon\/#primaryimage"},"image":{"@id":"https:\/\/raed.academy\/ca\/raed-eventos-temp\/presentacio-del-llibre-saga-tiffon-desde-la-cirugia-romancista-hasta-la-psiquiatria-y-psicologia-forense-de-bernat-noel-tiffon\/#primaryimage"},"thumbnailUrl":"https:\/\/raed.academy\/wp-content\/uploads\/2025\/12\/shutt-psiquiatria-y-psicologia-forense-criminal-cerebro-1.17.webp","datePublished":"2025-12-22T11:07:15+00:00","dateModified":"2026-01-09T09:48:03+00:00","breadcrumb":{"@id":"https:\/\/raed.academy\/ca\/raed-eventos-temp\/presentacio-del-llibre-saga-tiffon-desde-la-cirugia-romancista-hasta-la-psiquiatria-y-psicologia-forense-de-bernat-noel-tiffon\/#breadcrumb"},"inLanguage":"ca-ES","potentialAction":[{"@type":"ReadAction","target":["https:\/\/raed.academy\/ca\/raed-eventos-temp\/presentacio-del-llibre-saga-tiffon-desde-la-cirugia-romancista-hasta-la-psiquiatria-y-psicologia-forense-de-bernat-noel-tiffon\/"]}]},{"@type":"ImageObject","inLanguage":"ca-ES","@id":"https:\/\/raed.academy\/ca\/raed-eventos-temp\/presentacio-del-llibre-saga-tiffon-desde-la-cirugia-romancista-hasta-la-psiquiatria-y-psicologia-forense-de-bernat-noel-tiffon\/#primaryimage","url":"https:\/\/raed.academy\/wp-content\/uploads\/2025\/12\/shutt-psiquiatria-y-psicologia-forense-criminal-cerebro-1.17.webp","contentUrl":"https:\/\/raed.academy\/wp-content\/uploads\/2025\/12\/shutt-psiquiatria-y-psicologia-forense-criminal-cerebro-1.17.webp","width":350,"height":300},{"@type":"BreadcrumbList","@id":"https:\/\/raed.academy\/ca\/raed-eventos-temp\/presentacio-del-llibre-saga-tiffon-desde-la-cirugia-romancista-hasta-la-psiquiatria-y-psicologia-forense-de-bernat-noel-tiffon\/#breadcrumb","itemListElement":[{"@type":"ListItem","position":1,"name":"Inicio","item":"https:\/\/raed.academy\/ca\/"},{"@type":"ListItem","position":2,"name":"Eventos","item":"https:\/\/raed.academy\/ca\/raed-eventos-temp\/"},{"@type":"ListItem","position":3,"name":"Presentaci\u00f3 del llibre \u00abSaga Tiffon: Desde la cirug\u00eda romancista hasta la psiquiatr\u00eda y psicolog\u00eda forense\u00bb, de Bernat-No\u00ebl Tiffon"}]},{"@type":"WebSite","@id":"https:\/\/raed.academy\/ca\/#website","url":"https:\/\/raed.academy\/ca\/","name":"Reial Acad\u00e8mia Europea de Doctors","description":"Corporaci\u00f3n de derecho p\u00fablico de car\u00e1cter cient\u00edfico, t\u00e9cnico y art\u00edstico, que tiene por objeto la investigaci\u00f3n, el estudio, el fomento y la extensi\u00f3n del conocimiento en su sentido m\u00e1s amplio","publisher":{"@id":"https:\/\/raed.academy\/ca\/#organization"},"potentialAction":[{"@type":"SearchAction","target":{"@type":"EntryPoint","urlTemplate":"https:\/\/raed.academy\/ca\/?s={search_term_string}"},"query-input":{"@type":"PropertyValueSpecification","valueRequired":true,"valueName":"search_term_string"}}],"inLanguage":"ca-ES"},{"@type":"Organization","@id":"https:\/\/raed.academy\/ca\/#organization","name":"Real Academia Europea de Doctores","url":"https:\/\/raed.academy\/ca\/","logo":{"@type":"ImageObject","inLanguage":"ca-ES","@id":"https:\/\/raed.academy\/ca\/#\/schema\/logo\/image\/","url":"https:\/\/raed.academy\/wp-content\/uploads\/2017\/01\/cropped-logo_raed.png","contentUrl":"https:\/\/raed.academy\/wp-content\/uploads\/2017\/01\/cropped-logo_raed.png","width":512,"height":512,"caption":"Real Academia Europea de Doctores"},"image":{"@id":"https:\/\/raed.academy\/ca\/#\/schema\/logo\/image\/"},"sameAs":["http:\/\/fb.me\/raed.academy","https:\/\/x.com\/raedacademy","https:\/\/www.instagram.com\/raed.academy\/","https:\/\/www.youtube.com\/channel\/UCUYQwW2KrdirNWihxMDObwg"]}]}},"_links":{"self":[{"href":"https:\/\/raed.academy\/ca\/wp-json\/wp\/v2\/evento\/177346","targetHints":{"allow":["GET"]}}],"collection":[{"href":"https:\/\/raed.academy\/ca\/wp-json\/wp\/v2\/evento"}],"about":[{"href":"https:\/\/raed.academy\/ca\/wp-json\/wp\/v2\/types\/evento"}],"version-history":[{"count":3,"href":"https:\/\/raed.academy\/ca\/wp-json\/wp\/v2\/evento\/177346\/revisions"}],"predecessor-version":[{"id":178124,"href":"https:\/\/raed.academy\/ca\/wp-json\/wp\/v2\/evento\/177346\/revisions\/178124"}],"wp:featuredmedia":[{"embeddable":true,"href":"https:\/\/raed.academy\/ca\/wp-json\/wp\/v2\/media\/177184"}],"wp:attachment":[{"href":"https:\/\/raed.academy\/ca\/wp-json\/wp\/v2\/media?parent=177346"}],"wp:term":[{"taxonomy":"ubicacion_evento","embeddable":true,"href":"https:\/\/raed.academy\/ca\/wp-json\/wp\/v2\/ubicacion_evento?post=177346"},{"taxonomy":"tipo_evento","embeddable":true,"href":"https:\/\/raed.academy\/ca\/wp-json\/wp\/v2\/tipo_evento?post=177346"},{"taxonomy":"formato_evento","embeddable":true,"href":"https:\/\/raed.academy\/ca\/wp-json\/wp\/v2\/formato_evento?post=177346"}],"curies":[{"name":"wp","href":"https:\/\/api.w.org\/{rel}","templated":true}]}}