{"id":176380,"date":"2025-11-27T11:13:35","date_gmt":"2025-11-27T11:13:35","guid":{"rendered":"https:\/\/raed.academy\/?post_type=evento&#038;p=176380"},"modified":"2026-02-05T12:17:32","modified_gmt":"2026-02-05T12:17:32","slug":"consuelo-sanchez-castro-ingressa-com-a-academica-corresponent-de-la-raed","status":"publish","type":"evento","link":"https:\/\/raed.academy\/ca\/raed-eventos-temp\/consuelo-sanchez-castro-ingressa-com-a-academica-corresponent-de-la-raed\/","title":{"rendered":"Consuelo S\u00e1nchez-Castro ingressa com a Acad\u00e8mica Corresponent de la RAED"},"content":{"rendered":"<p>[et_pb_section fb_built=&#8221;1&#8243; fullwidth=&#8221;on&#8221; admin_label=&#8221;Secci\u00f3n&#8221; _builder_version=&#8221;4.27.4&#8243; _module_preset=&#8221;default&#8221; locked=&#8221;off&#8221; global_colors_info=&#8221;{}&#8221;][et_pb_fullwidth_image src=&#8221;https:\/\/raed.academy\/wp-content\/uploads\/2025\/11\/vuelo-de-drones-robotica-pixnio.com-CC0-2.91.webp&#8221; title_text=&#8221;vuelo-de-drones-robotica-pixnio.com-CC0-2.91&#8243; _builder_version=&#8221;4.27.4&#8243; _module_preset=&#8221;default&#8221; global_colors_info=&#8221;{}&#8221;][\/et_pb_fullwidth_image][\/et_pb_section][et_pb_section fb_built=&#8221;1&#8243; admin_label=&#8221;Secci\u00f3n&#8221; _builder_version=&#8221;4.27.4&#8243; _module_preset=&#8221;default&#8221; custom_padding=&#8221;0px|||||&#8221; locked=&#8221;off&#8221; global_colors_info=&#8221;{}&#8221;][et_pb_row admin_label=&#8221;Fila&#8221; _builder_version=&#8221;4.27.5&#8243; _module_preset=&#8221;default&#8221; max_width=&#8221;1400px&#8221; hover_enabled=&#8221;0&#8243; global_colors_info=&#8221;{}&#8221; use_custom_gutter=&#8221;on&#8221; gutter_width=&#8221;1&#8243; sticky_enabled=&#8221;0&#8243;][et_pb_column type=&#8221;4_4&#8243; _builder_version=&#8221;4.16&#8243; _module_preset=&#8221;default&#8221; global_colors_info=&#8221;{}&#8221;][et_pb_code admin_label=&#8221;Breadcrumb Yoast&#8221; _builder_version=&#8221;4.27.4&#8243; _module_preset=&#8221;default&#8221; locked=&#8221;off&#8221; global_colors_info=&#8221;{}&#8221;]<span><span><a href=\"https:\/\/raed.academy\/ca\/\">Inicio<\/a><\/span><\/span>[\/et_pb_code][et_pb_post_title meta=&#8221;off&#8221; featured_image=&#8221;off&#8221; admin_label=&#8221;t\u00edtulo publicacion&#8221; _builder_version=&#8221;4.27.4&#8243; _module_preset=&#8221;default&#8221; title_font_size=&#8221;40px&#8221; title_font_size_tablet=&#8221;&#8221; title_font_size_phone=&#8221;28px&#8221; title_font_size_last_edited=&#8221;on|phone&#8221; locked=&#8221;off&#8221; global_colors_info=&#8221;{}&#8221;][\/et_pb_post_title][et_pb_text admin_label=&#8221;Detalles evento&#8221; _builder_version=&#8221;4.27.5&#8243; _module_preset=&#8221;default&#8221; global_colors_info=&#8221;{}&#8221;]<div id=\"attachment_176967\" style=\"width: 240px\" class=\"wp-caption alignright\"><img loading=\"lazy\" decoding=\"async\" aria-describedby=\"caption-attachment-176967\" class=\"wp-image-176967 size-full\" src=\"https:\/\/raed.academy\/wp-content\/uploads\/2025\/12\/Consuelo-Sanchez-Castro-Diaz-Guerra-0.73.jpg\" alt=\"Dra. Consuelo S\u00e1nchez-Castro\" width=\"230\" height=\"317\" aria-describedby=\"caption-attachment-176967\" \/><p id=\"caption-attachment-176967\" class=\"wp-caption-text\">Dra. Consuelo S\u00e1nchez-Castro<\/p><\/div><\/p>\n<p style=\"text-align: left;\">L\u2019<strong>Excma. Sra. Dra. Consuelo S\u00e1nchez-Castro D\u00edaz-Guerra<\/strong>, Doctora en Dret, ingressa com a Acad\u00e8mica Corresponent de la <strong>Real Academia Europea de Doctores<\/strong>, amb el discurs <a href=\"https:\/\/raed.academy\/wp-content\/uploads\/2026\/02\/Derecho-de-la-robotica-y-los-drones-El-nuevo-paradigma-juridico-Consuelo-Sanchez-Castro-Diaz-Guerra.pdf\" target=\"_blank\" rel=\"noopener\"><strong>\u201cDerecho de la rob\u00f3tica y los drones\u201d<\/strong><\/a>.<\/p>\n<p><strong>Respon:<\/strong> <a href=\"https:\/\/raed.academy\/ca\/academics\/dr-jaume-antich-soler\/\"><strong>Excm. Sr. Dr. Jaume Antich Soler<\/strong><\/a>, Doctor en Dret<\/p>\n<p class=\"ubicacion-evento\">Sala A de la seu de Foment del Treball. Via Laietana, 32, Barcelona<\/p>\n<p class=\"fecha-evento\">Dimecres, 4 febrer 2026<\/p>\n<p class=\"hora-evento\">18:30 h<\/p>\n<p><strong>Format:<\/strong> Presencial i streaming<\/p>\n<p><strong>Inscripci\u00f3: <\/strong>Es prega confirmaci\u00f3 d\u2019assist\u00e8ncia a Secretaria: <a href=\"mailto:secretaria@raed.academy\"><strong>secretaria@raed.academy<\/strong><\/a> o al <strong>tel. 93 667 40 54<\/strong><\/p>\n<h2><b>Dret de la rob\u00f2tica i els drons<\/b><\/h2>\n<p>El text examina els reptes legals de la rob\u00f2tica i els drons, proposant <strong>enfortir el marc legal de responsabilitat humana<\/strong> en lloc d\u2019atorgar personalitat jur\u00eddica a les m\u00e0quines. La <strong>Directiva (UE) 2024\/2853<\/strong> modernitza la llei de productes defectuosos, facilitant que la v\u00edctima pugui demostrar el defecte i ampliant la cobertura de la indemnitzaci\u00f3.<\/p>\n<p>En el sector dels drons, la dificultat principal rau en l&#8217;<strong>ambig\u00fcitat\u00a0de la responsabilitat per fallades de programari<\/strong> i en la <strong>insufici\u00e8ncia de l\u2019asseguran\u00e7a obligat\u00f2ria<\/strong> per cobrir riscos moderns com els danys a la privacitat.<\/p>\n<p>Finalment, s\u2019aborda l\u2019impacte de la robotitzaci\u00f3 en el treball, assenyalant la <strong>formaci\u00f3 professional cont\u00ednua<\/strong> i l\u2019adaptaci\u00f3 legislativa com a mesures clau per assegurar una transici\u00f3 social justa.<\/p>\n<p>[\/et_pb_text][et_pb_text admin_label=&#8221;Txt &#8211; Seguir el evento en directo&#8221; _builder_version=&#8221;4.27.4&#8243; _module_preset=&#8221;default&#8221; global_colors_info=&#8221;{}&#8221;]<\/p>\n<h2>Seguir l\u2019esdeveniment en directe<\/h2>\n<p>Podr\u00e0 seguir l\u2019esdeveniment en directe des d\u2019aquesta mateixa p\u00e0gina.<br \/>\n[\/et_pb_text][et_pb_code admin_label=&#8221;C\u00f3digo v\u00eddeo&#8221; _builder_version=&#8221;4.27.5&#8243; _module_preset=&#8221;default&#8221; custom_margin=&#8221;||75px|||&#8221; global_colors_info=&#8221;{}&#8221;]<iframe loading=\"lazy\" width=\"1199\" height=\"654\" src=\"https:\/\/www.youtube.com\/embed\/8n_9tbq0Msc\" title=\"Sesi\u00f3n de recepci\u00f3n como Acad\u00e9mica Correspondiente de la Dra. Consuelo S\u00e1nchez-Castro D\u00edaz-Guerra\" frameborder=\"0\" allow=\"accelerometer; autoplay; clipboard-write; encrypted-media; gyroscope; picture-in-picture; web-share\" referrerpolicy=\"strict-origin-when-cross-origin\" allowfullscreen><\/iframe>[\/et_pb_code][et_pb_divider show_divider=&#8221;off&#8221; _builder_version=&#8221;4.27.5&#8243; _module_preset=&#8221;default&#8221; custom_margin=&#8221;50px||||false|false&#8221; locked=&#8221;off&#8221; global_colors_info=&#8221;{}&#8221;][\/et_pb_divider][et_pb_gallery gallery_ids=&#8221;180025,180024,180023,180022,180021,180020,180010,180009,180008,180007,180002,180001&#8243; posts_number=&#8221;16&#8243; show_title_and_caption=&#8221;off&#8221; show_pagination=&#8221;off&#8221; module_class=&#8221;galeria-pad-1&#8243; _builder_version=&#8221;4.27.5&#8243; _module_preset=&#8221;default&#8221; locked=&#8221;off&#8221; global_colors_info=&#8221;{}&#8221;][\/et_pb_gallery][\/et_pb_column][\/et_pb_row][et_pb_row column_structure=&#8221;1_2,1_2&#8243; admin_label=&#8221;Fila&#8221; _builder_version=&#8221;4.24.3&#8243; _module_preset=&#8221;default&#8221; max_width=&#8221;1400px&#8221; locked=&#8221;off&#8221; global_colors_info=&#8221;{}&#8221;][et_pb_column type=&#8221;1_2&#8243; _builder_version=&#8221;4.16&#8243; _module_preset=&#8221;default&#8221; global_colors_info=&#8221;{}&#8221;][et_pb_code admin_label=&#8221;C\u00f3digo &#8211; organizadores&#8221; _builder_version=&#8221;4.27.4&#8243; _module_preset=&#8221;default&#8221; global_colors_info=&#8221;{}&#8221;]<pee class=\"ttl-colaboradores\">Organitza:<\/pee><!-- [et_pb_line_break_holder] --><!-- [et_pb_line_break_holder] --><!-- [et_pb_line_break_holder] --><\/p>\n<div id=\"organizadores\"><!-- [et_pb_line_break_holder] --><!-- [et_pb_line_break_holder] --><\/p>\n<div class=\"logo-colaborador\"><a href=\"https:\/\/raed.academy\/ca\/\" target=\"_blank\" rel=\"noopener noreferrer\"><img decoding=\"async\" src=\"https:\/\/raed.academy\/wp-content\/uploads\/2021\/10\/Logo-RAED-160px.jpg\" alt=\"Real Academia Europea de Doctores RAED\" \/><\/a><!-- [et_pb_line_break_holder] --><\/p>\n<div class=\"txt\"><\/div>\n<p><!-- [et_pb_line_break_holder] -->\u00a0<!-- [et_pb_line_break_holder] --><!-- [et_pb_line_break_holder] --><\/div>\n<p><!-- [et_pb_line_break_holder] --><!-- [et_pb_line_break_holder] --><!-- [et_pb_line_break_holder] --><\/p>\n<div class=\"logo-colaborador\"><a href=\"https:\/\/fundacionraed.org\/\" target=\"_blank\" rel=\"noopener noreferrer\"><img decoding=\"async\" src=\"https:\/\/raed.academy\/wp-content\/uploads\/2021\/10\/Logo-Fundacion-RAED-160px.jpg\" alt=\"Fundaci\u00f3n RAED\" \/><\/a><!-- [et_pb_line_break_holder] --><\/p>\n<div class=\"txt\"><\/div>\n<p><!-- [et_pb_line_break_holder] -->\u00a0<!-- [et_pb_line_break_holder] --><!-- [et_pb_line_break_holder] --><\/div>\n<p><!-- [et_pb_line_break_holder] --><!-- [et_pb_line_break_holder] --><!-- [et_pb_line_break_holder] --><!-- [et_pb_line_break_holder] --><\/div>\n<p><!-- [et_pb_line_break_holder] -->[\/et_pb_code][\/et_pb_column][et_pb_column type=&#8221;1_2&#8243; _builder_version=&#8221;4.16&#8243; _module_preset=&#8221;default&#8221; global_colors_info=&#8221;{}&#8221;][et_pb_code admin_label=&#8221;C\u00f3digo &#8211; colaboradores&#8221; _builder_version=&#8221;4.27.4&#8243; _module_preset=&#8221;default&#8221; global_colors_info=&#8221;{}&#8221;]<pee class=\"ttl-colaboradores\">Amb la col\u00b7laboraci\u00f3 de:<\/pee><!-- [et_pb_line_break_holder] --><!-- [et_pb_line_break_holder] --><!-- [et_pb_line_break_holder] --><\/p>\n<div id=\"colaboradores\"><!-- [et_pb_line_break_holder] --> <!-- [et_pb_line_break_holder] --><!-- [et_pb_line_break_holder] --><\/p>\n<div class=\"logo-colaborador\"><!-- [et_pb_line_break_holder] --><!-- [et_pb_line_break_holder] --><\/p>\n<div class=\"txt-circular\"><\/div>\n<p><!-- [et_pb_line_break_holder] --><!-- [et_pb_line_break_holder] --> <a href=\"https:\/\/justicia.gencat.cat\/ca\/inici\" target=\"_blank\" rel=\"noopener noreferrer\"><img decoding=\"async\" src=\"https:\/\/raed.academy\/wp-content\/uploads\/2024\/11\/Generalitat-de-Catalunya-dept-Justicia-i-Qualitat-Democratica-240px.jpg\" alt=\"Generalitat de Catalunya\" width=\"210\" \/><\/a><!-- [et_pb_line_break_holder] --><!-- [et_pb_line_break_holder] --><\/div>\n<p><!-- [et_pb_line_break_holder] --><!-- [et_pb_line_break_holder] --><!-- [et_pb_line_break_holder] --><\/p>\n<div class=\"logo-colaborador\"><!-- [et_pb_line_break_holder] --><!-- [et_pb_line_break_holder] --><\/p>\n<div class=\"txt-circular\"><\/div>\n<p><!-- [et_pb_line_break_holder] --><!-- [et_pb_line_break_holder] --> <a href=\"https:\/\/www.aecoc.es\/\" target=\"_blank\" rel=\"noopener noreferrer\"><img decoding=\"async\" src=\"https:\/\/raed.academy\/wp-content\/uploads\/2025\/05\/logo-AECOC-negro-200px.png\" alt=\"AECOC\" width=\"150\" \/><\/a><!-- [et_pb_line_break_holder] --><!-- [et_pb_line_break_holder] --><\/div>\n<p><!-- [et_pb_line_break_holder] --><!-- [et_pb_line_break_holder] --><!-- [et_pb_line_break_holder] --><!-- [et_pb_line_break_holder] --><\/div>\n<p><!-- [et_pb_line_break_holder] -->[\/et_pb_code][\/et_pb_column][\/et_pb_row][\/et_pb_section]<\/p>\n","protected":false},"excerpt":{"rendered":"<p>Consuelo S\u00e1nchez-Castro, Doctora en Dret, ingressa com a Acad\u00e8mica Corresponent de la RAED, amb el discurs \u201cDerecho de la rob\u00f3tica y los drones\u201d<\/p>\n","protected":false},"featured_media":0,"menu_order":0,"template":"","meta":{"_et_pb_use_builder":"on","_et_pb_old_content":"","_et_gb_content_width":"","footnotes":""},"ubicacion_evento":[902,847],"tipo_evento":[870],"formato_evento":[896,894],"class_list":["post-176380","evento","type-evento","status-publish","hentry","ubicacion_evento-sala-b-cat","ubicacion_evento-foment-del-treball-cat","tipo_evento-ingres-dacademic-a","formato_evento-directe","formato_evento-presencial"],"yoast_head":"<!-- This site is optimized with the Yoast SEO plugin v27.4 - https:\/\/yoast.com\/product\/yoast-seo-wordpress\/ -->\n<title>Consuelo S\u00e1nchez-Castro ingressa com a Acad\u00e8mica Corresponent de la RAED - Reial Acad\u00e8mia Europea de Doctors<\/title>\n<meta name=\"description\" content=\"Consuelo S\u00e1nchez-Castro, Doctora en Dret, ingressa com a la RAED amb el discurs \u201cDerecho de la rob\u00f3tica y los drones\u201d\" \/>\n<meta name=\"robots\" content=\"index, follow, max-snippet:-1, max-image-preview:large, max-video-preview:-1\" \/>\n<link rel=\"canonical\" href=\"https:\/\/raed.academy\/ca\/raed-eventos-temp\/consuelo-sanchez-castro-ingressa-com-a-academica-corresponent-de-la-raed\/\" \/>\n<meta property=\"og:locale\" content=\"ca_ES\" \/>\n<meta property=\"og:type\" content=\"article\" \/>\n<meta property=\"og:title\" content=\"Consuelo S\u00e1nchez-Castro ingressa com a Acad\u00e8mica Corresponent de la RAED - Reial Acad\u00e8mia Europea de Doctors\" \/>\n<meta property=\"og:description\" content=\"Consuelo S\u00e1nchez-Castro, Doctora en Dret, ingressa com a la RAED amb el discurs \u201cDerecho de la rob\u00f3tica y los drones\u201d\" \/>\n<meta property=\"og:url\" content=\"https:\/\/raed.academy\/ca\/raed-eventos-temp\/consuelo-sanchez-castro-ingressa-com-a-academica-corresponent-de-la-raed\/\" \/>\n<meta property=\"og:site_name\" content=\"Reial Acad\u00e8mia Europea de Doctors\" \/>\n<meta property=\"article:publisher\" content=\"http:\/\/fb.me\/raed.academy\" \/>\n<meta property=\"article:modified_time\" content=\"2026-02-05T12:17:32+00:00\" \/>\n<meta property=\"og:image\" content=\"https:\/\/raed.academy\/wp-content\/uploads\/2025\/11\/vuelo-de-drones-robotica-pixnio.com-CC0-1.17.webp\" \/>\n\t<meta property=\"og:image:width\" content=\"350\" \/>\n\t<meta property=\"og:image:height\" content=\"300\" \/>\n\t<meta property=\"og:image:type\" content=\"image\/webp\" \/>\n<meta name=\"twitter:card\" content=\"summary_large_image\" \/>\n<meta name=\"twitter:site\" content=\"@raedacademy\" \/>\n<meta name=\"twitter:label1\" content=\"Est. reading time\" \/>\n\t<meta name=\"twitter:data1\" content=\"5 minutes\" \/>\n<script type=\"application\/ld+json\" class=\"yoast-schema-graph\">{\"@context\":\"https:\\\/\\\/schema.org\",\"@graph\":[{\"@type\":\"WebPage\",\"@id\":\"https:\\\/\\\/raed.academy\\\/ca\\\/raed-eventos-temp\\\/consuelo-sanchez-castro-ingressa-com-a-academica-corresponent-de-la-raed\\\/\",\"url\":\"https:\\\/\\\/raed.academy\\\/ca\\\/raed-eventos-temp\\\/consuelo-sanchez-castro-ingressa-com-a-academica-corresponent-de-la-raed\\\/\",\"name\":\"Consuelo S\u00e1nchez-Castro ingressa com a Acad\u00e8mica Corresponent de la RAED - Reial Acad\u00e8mia Europea de Doctors\",\"isPartOf\":{\"@id\":\"https:\\\/\\\/raed.academy\\\/ca\\\/#website\"},\"primaryImageOfPage\":{\"@id\":\"https:\\\/\\\/raed.academy\\\/ca\\\/raed-eventos-temp\\\/consuelo-sanchez-castro-ingressa-com-a-academica-corresponent-de-la-raed\\\/#primaryimage\"},\"image\":{\"@id\":\"https:\\\/\\\/raed.academy\\\/ca\\\/raed-eventos-temp\\\/consuelo-sanchez-castro-ingressa-com-a-academica-corresponent-de-la-raed\\\/#primaryimage\"},\"thumbnailUrl\":\"https:\\\/\\\/raed.academy\\\/wp-content\\\/uploads\\\/2025\\\/12\\\/Consuelo-Sanchez-Castro-Diaz-Guerra-0.73.jpg\",\"datePublished\":\"2025-11-27T11:13:35+00:00\",\"dateModified\":\"2026-02-05T12:17:32+00:00\",\"description\":\"Consuelo S\u00e1nchez-Castro, Doctora en Dret, ingressa com a la RAED amb el discurs \u201cDerecho de la rob\u00f3tica y los drones\u201d\",\"breadcrumb\":{\"@id\":\"https:\\\/\\\/raed.academy\\\/ca\\\/raed-eventos-temp\\\/consuelo-sanchez-castro-ingressa-com-a-academica-corresponent-de-la-raed\\\/#breadcrumb\"},\"inLanguage\":\"ca-ES\",\"potentialAction\":[{\"@type\":\"ReadAction\",\"target\":[\"https:\\\/\\\/raed.academy\\\/ca\\\/raed-eventos-temp\\\/consuelo-sanchez-castro-ingressa-com-a-academica-corresponent-de-la-raed\\\/\"]}]},{\"@type\":\"ImageObject\",\"inLanguage\":\"ca-ES\",\"@id\":\"https:\\\/\\\/raed.academy\\\/ca\\\/raed-eventos-temp\\\/consuelo-sanchez-castro-ingressa-com-a-academica-corresponent-de-la-raed\\\/#primaryimage\",\"url\":\"https:\\\/\\\/raed.academy\\\/wp-content\\\/uploads\\\/2025\\\/12\\\/Consuelo-Sanchez-Castro-Diaz-Guerra-0.73.jpg\",\"contentUrl\":\"https:\\\/\\\/raed.academy\\\/wp-content\\\/uploads\\\/2025\\\/12\\\/Consuelo-Sanchez-Castro-Diaz-Guerra-0.73.jpg\"},{\"@type\":\"BreadcrumbList\",\"@id\":\"https:\\\/\\\/raed.academy\\\/ca\\\/raed-eventos-temp\\\/consuelo-sanchez-castro-ingressa-com-a-academica-corresponent-de-la-raed\\\/#breadcrumb\",\"itemListElement\":[{\"@type\":\"ListItem\",\"position\":1,\"name\":\"Inicio\",\"item\":\"https:\\\/\\\/raed.academy\\\/ca\\\/\"},{\"@type\":\"ListItem\",\"position\":2,\"name\":\"Eventos\",\"item\":\"https:\\\/\\\/raed.academy\\\/ca\\\/raed-eventos-temp\\\/\"},{\"@type\":\"ListItem\",\"position\":3,\"name\":\"Consuelo S\u00e1nchez-Castro ingressa com a Acad\u00e8mica Corresponent de la RAED\"}]},{\"@type\":\"WebSite\",\"@id\":\"https:\\\/\\\/raed.academy\\\/ca\\\/#website\",\"url\":\"https:\\\/\\\/raed.academy\\\/ca\\\/\",\"name\":\"Reial Acad\u00e8mia Europea de Doctors\",\"description\":\"Corporaci\u00f3n de derecho p\u00fablico de car\u00e1cter cient\u00edfico, t\u00e9cnico y art\u00edstico, que tiene por objeto la investigaci\u00f3n, el estudio, el fomento y la extensi\u00f3n del conocimiento en su sentido m\u00e1s amplio\",\"publisher\":{\"@id\":\"https:\\\/\\\/raed.academy\\\/ca\\\/#organization\"},\"potentialAction\":[{\"@type\":\"SearchAction\",\"target\":{\"@type\":\"EntryPoint\",\"urlTemplate\":\"https:\\\/\\\/raed.academy\\\/ca\\\/?s={search_term_string}\"},\"query-input\":{\"@type\":\"PropertyValueSpecification\",\"valueRequired\":true,\"valueName\":\"search_term_string\"}}],\"inLanguage\":\"ca-ES\"},{\"@type\":\"Organization\",\"@id\":\"https:\\\/\\\/raed.academy\\\/ca\\\/#organization\",\"name\":\"Real Academia Europea de Doctores\",\"url\":\"https:\\\/\\\/raed.academy\\\/ca\\\/\",\"logo\":{\"@type\":\"ImageObject\",\"inLanguage\":\"ca-ES\",\"@id\":\"https:\\\/\\\/raed.academy\\\/ca\\\/#\\\/schema\\\/logo\\\/image\\\/\",\"url\":\"https:\\\/\\\/raed.academy\\\/wp-content\\\/uploads\\\/2017\\\/01\\\/cropped-logo_raed.png\",\"contentUrl\":\"https:\\\/\\\/raed.academy\\\/wp-content\\\/uploads\\\/2017\\\/01\\\/cropped-logo_raed.png\",\"width\":512,\"height\":512,\"caption\":\"Real Academia Europea de Doctores\"},\"image\":{\"@id\":\"https:\\\/\\\/raed.academy\\\/ca\\\/#\\\/schema\\\/logo\\\/image\\\/\"},\"sameAs\":[\"http:\\\/\\\/fb.me\\\/raed.academy\",\"https:\\\/\\\/x.com\\\/raedacademy\",\"https:\\\/\\\/www.instagram.com\\\/raed.academy\\\/\",\"https:\\\/\\\/www.youtube.com\\\/channel\\\/UCUYQwW2KrdirNWihxMDObwg\"]}]}<\/script>\n<!-- \/ Yoast SEO plugin. -->","yoast_head_json":{"title":"Consuelo S\u00e1nchez-Castro ingressa com a Acad\u00e8mica Corresponent de la RAED - Reial Acad\u00e8mia Europea de Doctors","description":"Consuelo S\u00e1nchez-Castro, Doctora en Dret, ingressa com a la RAED amb el discurs \u201cDerecho de la rob\u00f3tica y los drones\u201d","robots":{"index":"index","follow":"follow","max-snippet":"max-snippet:-1","max-image-preview":"max-image-preview:large","max-video-preview":"max-video-preview:-1"},"canonical":"https:\/\/raed.academy\/ca\/raed-eventos-temp\/consuelo-sanchez-castro-ingressa-com-a-academica-corresponent-de-la-raed\/","og_locale":"ca_ES","og_type":"article","og_title":"Consuelo S\u00e1nchez-Castro ingressa com a Acad\u00e8mica Corresponent de la RAED - Reial Acad\u00e8mia Europea de Doctors","og_description":"Consuelo S\u00e1nchez-Castro, Doctora en Dret, ingressa com a la RAED amb el discurs \u201cDerecho de la rob\u00f3tica y los drones\u201d","og_url":"https:\/\/raed.academy\/ca\/raed-eventos-temp\/consuelo-sanchez-castro-ingressa-com-a-academica-corresponent-de-la-raed\/","og_site_name":"Reial Acad\u00e8mia Europea de Doctors","article_publisher":"http:\/\/fb.me\/raed.academy","article_modified_time":"2026-02-05T12:17:32+00:00","og_image":[{"width":350,"height":300,"url":"https:\/\/raed.academy\/wp-content\/uploads\/2025\/11\/vuelo-de-drones-robotica-pixnio.com-CC0-1.17.webp","type":"image\/webp"}],"twitter_card":"summary_large_image","twitter_site":"@raedacademy","twitter_misc":{"Est. reading time":"5 minutes"},"schema":{"@context":"https:\/\/schema.org","@graph":[{"@type":"WebPage","@id":"https:\/\/raed.academy\/ca\/raed-eventos-temp\/consuelo-sanchez-castro-ingressa-com-a-academica-corresponent-de-la-raed\/","url":"https:\/\/raed.academy\/ca\/raed-eventos-temp\/consuelo-sanchez-castro-ingressa-com-a-academica-corresponent-de-la-raed\/","name":"Consuelo S\u00e1nchez-Castro ingressa com a Acad\u00e8mica Corresponent de la RAED - Reial Acad\u00e8mia Europea de Doctors","isPartOf":{"@id":"https:\/\/raed.academy\/ca\/#website"},"primaryImageOfPage":{"@id":"https:\/\/raed.academy\/ca\/raed-eventos-temp\/consuelo-sanchez-castro-ingressa-com-a-academica-corresponent-de-la-raed\/#primaryimage"},"image":{"@id":"https:\/\/raed.academy\/ca\/raed-eventos-temp\/consuelo-sanchez-castro-ingressa-com-a-academica-corresponent-de-la-raed\/#primaryimage"},"thumbnailUrl":"https:\/\/raed.academy\/wp-content\/uploads\/2025\/12\/Consuelo-Sanchez-Castro-Diaz-Guerra-0.73.jpg","datePublished":"2025-11-27T11:13:35+00:00","dateModified":"2026-02-05T12:17:32+00:00","description":"Consuelo S\u00e1nchez-Castro, Doctora en Dret, ingressa com a la RAED amb el discurs \u201cDerecho de la rob\u00f3tica y los drones\u201d","breadcrumb":{"@id":"https:\/\/raed.academy\/ca\/raed-eventos-temp\/consuelo-sanchez-castro-ingressa-com-a-academica-corresponent-de-la-raed\/#breadcrumb"},"inLanguage":"ca-ES","potentialAction":[{"@type":"ReadAction","target":["https:\/\/raed.academy\/ca\/raed-eventos-temp\/consuelo-sanchez-castro-ingressa-com-a-academica-corresponent-de-la-raed\/"]}]},{"@type":"ImageObject","inLanguage":"ca-ES","@id":"https:\/\/raed.academy\/ca\/raed-eventos-temp\/consuelo-sanchez-castro-ingressa-com-a-academica-corresponent-de-la-raed\/#primaryimage","url":"https:\/\/raed.academy\/wp-content\/uploads\/2025\/12\/Consuelo-Sanchez-Castro-Diaz-Guerra-0.73.jpg","contentUrl":"https:\/\/raed.academy\/wp-content\/uploads\/2025\/12\/Consuelo-Sanchez-Castro-Diaz-Guerra-0.73.jpg"},{"@type":"BreadcrumbList","@id":"https:\/\/raed.academy\/ca\/raed-eventos-temp\/consuelo-sanchez-castro-ingressa-com-a-academica-corresponent-de-la-raed\/#breadcrumb","itemListElement":[{"@type":"ListItem","position":1,"name":"Inicio","item":"https:\/\/raed.academy\/ca\/"},{"@type":"ListItem","position":2,"name":"Eventos","item":"https:\/\/raed.academy\/ca\/raed-eventos-temp\/"},{"@type":"ListItem","position":3,"name":"Consuelo S\u00e1nchez-Castro ingressa com a Acad\u00e8mica Corresponent de la RAED"}]},{"@type":"WebSite","@id":"https:\/\/raed.academy\/ca\/#website","url":"https:\/\/raed.academy\/ca\/","name":"Reial Acad\u00e8mia Europea de Doctors","description":"Corporaci\u00f3n de derecho p\u00fablico de car\u00e1cter cient\u00edfico, t\u00e9cnico y art\u00edstico, que tiene por objeto la investigaci\u00f3n, el estudio, el fomento y la extensi\u00f3n del conocimiento en su sentido m\u00e1s amplio","publisher":{"@id":"https:\/\/raed.academy\/ca\/#organization"},"potentialAction":[{"@type":"SearchAction","target":{"@type":"EntryPoint","urlTemplate":"https:\/\/raed.academy\/ca\/?s={search_term_string}"},"query-input":{"@type":"PropertyValueSpecification","valueRequired":true,"valueName":"search_term_string"}}],"inLanguage":"ca-ES"},{"@type":"Organization","@id":"https:\/\/raed.academy\/ca\/#organization","name":"Real Academia Europea de Doctores","url":"https:\/\/raed.academy\/ca\/","logo":{"@type":"ImageObject","inLanguage":"ca-ES","@id":"https:\/\/raed.academy\/ca\/#\/schema\/logo\/image\/","url":"https:\/\/raed.academy\/wp-content\/uploads\/2017\/01\/cropped-logo_raed.png","contentUrl":"https:\/\/raed.academy\/wp-content\/uploads\/2017\/01\/cropped-logo_raed.png","width":512,"height":512,"caption":"Real Academia Europea de Doctores"},"image":{"@id":"https:\/\/raed.academy\/ca\/#\/schema\/logo\/image\/"},"sameAs":["http:\/\/fb.me\/raed.academy","https:\/\/x.com\/raedacademy","https:\/\/www.instagram.com\/raed.academy\/","https:\/\/www.youtube.com\/channel\/UCUYQwW2KrdirNWihxMDObwg"]}]}},"_links":{"self":[{"href":"https:\/\/raed.academy\/ca\/wp-json\/wp\/v2\/evento\/176380","targetHints":{"allow":["GET"]}}],"collection":[{"href":"https:\/\/raed.academy\/ca\/wp-json\/wp\/v2\/evento"}],"about":[{"href":"https:\/\/raed.academy\/ca\/wp-json\/wp\/v2\/types\/evento"}],"version-history":[{"count":14,"href":"https:\/\/raed.academy\/ca\/wp-json\/wp\/v2\/evento\/176380\/revisions"}],"predecessor-version":[{"id":180068,"href":"https:\/\/raed.academy\/ca\/wp-json\/wp\/v2\/evento\/176380\/revisions\/180068"}],"wp:attachment":[{"href":"https:\/\/raed.academy\/ca\/wp-json\/wp\/v2\/media?parent=176380"}],"wp:term":[{"taxonomy":"ubicacion_evento","embeddable":true,"href":"https:\/\/raed.academy\/ca\/wp-json\/wp\/v2\/ubicacion_evento?post=176380"},{"taxonomy":"tipo_evento","embeddable":true,"href":"https:\/\/raed.academy\/ca\/wp-json\/wp\/v2\/tipo_evento?post=176380"},{"taxonomy":"formato_evento","embeddable":true,"href":"https:\/\/raed.academy\/ca\/wp-json\/wp\/v2\/formato_evento?post=176380"}],"curies":[{"name":"wp","href":"https:\/\/api.w.org\/{rel}","templated":true}]}}