{"id":175899,"date":"2025-11-19T12:19:59","date_gmt":"2025-11-19T12:19:59","guid":{"rendered":"https:\/\/raed.academy\/?post_type=evento&#038;p=175899"},"modified":"2026-01-21T12:07:38","modified_gmt":"2026-01-21T12:07:38","slug":"antoni-garrell-i-guiu-ingressa-com-a-academic-dhonor-de-la-raed","status":"publish","type":"evento","link":"https:\/\/raed.academy\/ca\/raed-eventos-temp\/antoni-garrell-i-guiu-ingressa-com-a-academic-dhonor-de-la-raed\/","title":{"rendered":"Antoni Garrell i Guiu ingressa com a Acad\u00e8mic d&#8217;Honor de la RAED"},"content":{"rendered":"<p>[et_pb_section fb_built=&#8221;1&#8243; fullwidth=&#8221;on&#8221; _builder_version=&#8221;4.27.4&#8243; _module_preset=&#8221;default&#8221; locked=&#8221;off&#8221; global_colors_info=&#8221;{}&#8221;][et_pb_fullwidth_image src=&#8221;https:\/\/raed.academy\/wp-content\/uploads\/2024\/06\/inteligencia-artificial-era-digital-shutt-2.91.webp&#8221; title_text=&#8221;inteligencia-artificial-era-digital-shutt-2.91&#8243; _builder_version=&#8221;4.27.4&#8243; _module_preset=&#8221;default&#8221; hover_enabled=&#8221;0&#8243; global_colors_info=&#8221;{}&#8221; sticky_enabled=&#8221;0&#8243;][\/et_pb_fullwidth_image][\/et_pb_section][et_pb_section fb_built=&#8221;1&#8243; admin_label=&#8221;Secci\u00f3n&#8221; _builder_version=&#8221;4.27.4&#8243; _module_preset=&#8221;default&#8221; custom_padding=&#8221;0px|||||&#8221; locked=&#8221;off&#8221; global_colors_info=&#8221;{}&#8221;][et_pb_row use_custom_gutter=&#8221;on&#8221; gutter_width=&#8221;1&#8243; admin_label=&#8221;Fila&#8221; _builder_version=&#8221;4.27.4&#8243; _module_preset=&#8221;default&#8221; max_width=&#8221;1400px&#8221; global_colors_info=&#8221;{}&#8221;][et_pb_column type=&#8221;4_4&#8243; _builder_version=&#8221;4.16&#8243; _module_preset=&#8221;default&#8221; global_colors_info=&#8221;{}&#8221;][et_pb_code admin_label=&#8221;Breadcrumb Yoast&#8221; _builder_version=&#8221;4.27.4&#8243; _module_preset=&#8221;default&#8221; locked=&#8221;off&#8221; global_colors_info=&#8221;{}&#8221;]<span><span><a href=\"https:\/\/raed.academy\/ca\/\">Inicio<\/a><\/span><\/span>[\/et_pb_code][et_pb_post_title meta=&#8221;off&#8221; featured_image=&#8221;off&#8221; admin_label=&#8221;t\u00edtulo publicacion&#8221; module_class=&#8221;ttl-evento&#8221; _builder_version=&#8221;4.27.4&#8243; _module_preset=&#8221;default&#8221; title_font_size=&#8221;40px&#8221; title_font_size_tablet=&#8221;&#8221; title_font_size_phone=&#8221;28px&#8221; title_font_size_last_edited=&#8221;on|phone&#8221; locked=&#8221;off&#8221; global_colors_info=&#8221;{}&#8221;][\/et_pb_post_title][et_pb_text admin_label=&#8221;Detalles evento&#8221; _builder_version=&#8221;4.27.4&#8243; _module_preset=&#8221;default&#8221; global_colors_info=&#8221;{}&#8221;]<div id=\"attachment_175555\" style=\"width: 194px\" class=\"wp-caption alignright\"><img loading=\"lazy\" decoding=\"async\" aria-describedby=\"caption-attachment-175555\" class=\"wp-image-175555\" src=\"https:\/\/raed.academy\/wp-content\/uploads\/2025\/11\/Antoni-Garrell-Guiu-0.73.webp\" alt=\"Antoni Garrell i Guiu\" width=\"184\" height=\"252\" aria-describedby=\"caption-attachment-175555\" \/><p id=\"caption-attachment-175555\" class=\"wp-caption-text\">Sr. D. Antoni Garrell<\/p><\/div><\/p>\n<p>L\u2019<strong>Excm. Sr. D. Antoni Garrell i Guiu<\/strong>, Enginyer Industrial i estudis de Doctorat en Sistemes de Suport a la Presa de Decisions, ingressa com a Acad\u00e8mic d&#8217;Honor de la <strong>Reial Acad\u00e8mia Europea de Doctors<\/strong>, amb el discurs <b>\u201cLa segona revoluci\u00f3 digital: L\u2019economia digital i la Intel\u00b7lig\u00e8ncia Artificial ens estan conduint a una nova era de la humanitat?\u201d<\/b>.<\/p>\n<p><strong>Respon:<\/strong> <a href=\"https:\/\/raed.academy\/ca\/academics\/dr-rodolfo-fernandez-cuellas-fernandez\/\"><strong>Excm. Sr. Dr. Rodolfo Fern\u00e1ndez-Cuellas<\/strong><\/a>, Doctor en Dret<\/p>\n<p class=\"ubicacion-evento\">Sala d\u2019Actes de la Seu de Foment del Treball. Via Laietana, 32, Barcelona<\/p>\n<p class=\"fecha-evento\">Dijous, 20 de novembre de 2025<\/p>\n<p class=\"hora-evento\">19.00 h<\/p>\n<p><strong>Format:<\/strong> Presencial<\/p>\n<p><strong>Inscripci\u00f3:<\/strong> Es prega confirmaci\u00f3 d\u2019assist\u00e8ncia a Secretaria: secretaria@raed.academy o al tel. 93 667 40 54<\/p>\n<h2>La segona revoluci\u00f3 digital: L\u2019economia digital i la Intel\u00b7lig\u00e8ncia Artificial ens estan conduint a una nova era de la humanitat?<\/h2>\n<p>La revoluci\u00f3 digital est\u00e0 transformant el nostre entorn. La intel\u00b7lig\u00e8ncia artificial ja supera la capacitat de les persones en moltes tasques, per\u00f2 continua sense poder aplicar empatia, intu\u00efci\u00f3 ni capacitat \u00e8tica. El repte no \u00e9s nom\u00e9s tecnol\u00f2gic: \u00e9s educatiu, social i cultural.<\/p>\n<p>Ens convida a reflexionar sobre com volem conviure amb les m\u00e0quines intel\u00b7ligents i quin paper ha de tenir el coneixement en aquest escenari. La digitalitzaci\u00f3 i la IA s\u00f3n transversals en molts \u00e0mbits de la vida quotidiana, com ara l\u2019economia, el treball, l\u2019educaci\u00f3, la pol\u00edtica, la salut o les relacions socials. Per aix\u00f2, transpar\u00e8ncia, responsabilitat i pensament cr\u00edtic s\u00f3n claus per garantir que el progr\u00e9s digital sigui un avan\u00e7 compartit i no una font d\u2019exclusi\u00f3.<\/p>\n<p>El futur obre preguntes decisives: qu\u00e8 significa ser hum\u00e0 en un m\u00f3n en qu\u00e8 la tecnologia pot arribar a formar part de la nostra identitat? Podrem mantenir la llibertat i la creativitat en un ecosistema d\u2019intel\u00b7lig\u00e8ncies diverses? L\u2019\u00e8xit d\u2019aquesta conviv\u00e8ncia dependr\u00e0 de la capacitat de les organitzacions i de la societat per crear estrat\u00e8gies inclusives i sostenibles.<\/p>\n<p>L\u2019autor, Antoni Garrell, ens proposa una mirada cr\u00edtica i compromesa al gran desafiament del nostre temps: pensar per nosaltres mateixos en l\u2019era de la intel\u00b7lig\u00e8ncia artificial, la de la segona revoluci\u00f3 digital.<\/p>\n<p>[\/et_pb_text][et_pb_text _builder_version=&#8221;4.27.4&#8243; _module_preset=&#8221;default&#8221; global_colors_info=&#8221;{}&#8221;][\/et_pb_text][et_pb_divider show_divider=&#8221;off&#8221; _builder_version=&#8221;4.27.4&#8243; _module_preset=&#8221;default&#8221; height=&#8221;60px&#8221; locked=&#8221;off&#8221; global_colors_info=&#8221;{}&#8221;][\/et_pb_divider][et_pb_gallery gallery_ids=&#8221;176486,176489,176492,176495,176498,176501,176504,176507,176510,176513,176516,176519,176522,176525,176528,176531&#8243; posts_number=&#8221;16&#8243; show_title_and_caption=&#8221;off&#8221; show_pagination=&#8221;off&#8221; module_class=&#8221;galeria-pad-1&#8243; _builder_version=&#8221;4.27.4&#8243; _module_preset=&#8221;default&#8221; locked=&#8221;off&#8221; global_colors_info=&#8221;{}&#8221;][\/et_pb_gallery][\/et_pb_column][\/et_pb_row][et_pb_row column_structure=&#8221;1_2,1_2&#8243; admin_label=&#8221;Fila&#8221; _builder_version=&#8221;4.24.3&#8243; _module_preset=&#8221;default&#8221; max_width=&#8221;1400px&#8221; locked=&#8221;off&#8221; global_colors_info=&#8221;{}&#8221;][et_pb_column type=&#8221;1_2&#8243; _builder_version=&#8221;4.16&#8243; _module_preset=&#8221;default&#8221; global_colors_info=&#8221;{}&#8221;][et_pb_code admin_label=&#8221;C\u00f3digo &#8211; organitzadors&#8221; _builder_version=&#8221;4.27.4&#8243; _module_preset=&#8221;default&#8221; global_colors_info=&#8221;{}&#8221;]<pee class=\"ttl-colaboradores\">Organitzen:<\/pee><!-- [et_pb_line_break_holder] --><!-- [et_pb_line_break_holder] --><\/p>\n<div id=\"organizadores\"><!-- [et_pb_line_break_holder] --><\/p>\n<div class=\"logo-colaborador\"><a href=\"https:\/\/raed.academy\/ca\/\" target=\"_blank\" rel=\"noopener noreferrer\"><img decoding=\"async\" src=\"https:\/\/raed.academy\/wp-content\/uploads\/2021\/10\/Logo-RAED-160px.jpg\" alt=\"Real Academia Europea de Doctores RAED\" \/><\/a><!-- [et_pb_line_break_holder] --><\/p>\n<div class=\"txt\"><\/div>\n<p><!-- [et_pb_line_break_holder] --><\/div>\n<p><!-- [et_pb_line_break_holder] --><\/p>\n<div class=\"logo-colaborador\"><a href=\"https:\/\/fundacionraed.org\/\" target=\"_blank\" rel=\"noopener noreferrer\"><img decoding=\"async\" src=\"https:\/\/raed.academy\/wp-content\/uploads\/2021\/10\/Logo-Fundacion-RAED-160px.jpg\" alt=\"Fundaci\u00f3n RAED\" \/><\/a><!-- [et_pb_line_break_holder] --><\/p>\n<div class=\"txt\"><\/div>\n<p><!-- [et_pb_line_break_holder] --><\/div>\n<p><!-- [et_pb_line_break_holder] --><\/div>\n<p><!-- [et_pb_line_break_holder] -->[\/et_pb_code][\/et_pb_column][et_pb_column type=&#8221;1_2&#8243; _builder_version=&#8221;4.16&#8243; _module_preset=&#8221;default&#8221; global_colors_info=&#8221;{}&#8221;][et_pb_code admin_label=&#8221;C\u00f3digo &#8211; col\u00b7laboradors&#8221; _builder_version=&#8221;4.27.4&#8243; _module_preset=&#8221;default&#8221; global_colors_info=&#8221;{}&#8221;]<pee class=\"ttl-colaboradores\">Amb la col\u00b7laboraci\u00f3 de:<\/pee><!-- [et_pb_line_break_holder] --><!-- [et_pb_line_break_holder] --><\/p>\n<div id=\"colaboradores\"><!-- [et_pb_line_break_holder] --><\/p>\n<div class=\"logo-colaborador\"><!-- [et_pb_line_break_holder] --><\/p>\n<div class=\"txt-circular\"><\/div>\n<p><!-- [et_pb_line_break_holder] --> <a href=\"https:\/\/justicia.gencat.cat\/ca\/inici\" target=\"_blank\" rel=\"noopener noreferrer\"><img decoding=\"async\" src=\"https:\/\/raed.academy\/wp-content\/uploads\/2024\/11\/Generalitat-de-Catalunya-dept-Justicia-i-Qualitat-Democratica-240px.jpg\" alt=\"Generalitat de catalunya\" width=\"210\" \/><\/a><\/div>\n<p><!-- [et_pb_line_break_holder] --><\/p>\n<div class=\"logo-colaborador\"><!-- [et_pb_line_break_holder] --><\/p>\n<div class=\"txt-circular\"><\/div>\n<p><!-- [et_pb_line_break_holder] -->  <a href=\"https:\/\/www.aecoc.es\/\" target=\"_blank\" rel=\"noopener noreferrer\"><img decoding=\"async\" src=\"https:\/\/raed.academy\/wp-content\/uploads\/2025\/05\/logo-AECOC-negro-200px.png\" alt=\"AECOC\" width=\"150\" ><\/a><\/div>\n<p><!-- [et_pb_line_break_holder] --><\/div>\n<p><!-- [et_pb_line_break_holder] -->[\/et_pb_code][\/et_pb_column][\/et_pb_row][\/et_pb_section]<\/p>\n","protected":false},"excerpt":{"rendered":"<p>Antoni Garrell Guiu, Enginyer Industrial i Estudis de Doctorat en Sistemes de Suport a la Presa de Decisions, ingressa a la RAED amb un discurs sobre la IA com a impulsor de la segona revoluci\u00f3 digital i una nova era per a la humanitat<\/p>\n","protected":false},"featured_media":67185,"menu_order":0,"template":"","meta":{"_et_pb_use_builder":"on","_et_pb_old_content":"","_et_gb_content_width":"","footnotes":""},"ubicacion_evento":[851,847],"tipo_evento":[870],"formato_evento":[894],"class_list":["post-175899","evento","type-evento","status-publish","has-post-thumbnail","hentry","ubicacion_evento-sala-a-cat","ubicacion_evento-foment-del-treball-cat","tipo_evento-ingres-dacademic-a","formato_evento-presencial"],"yoast_head":"<!-- This site is optimized with the Yoast SEO plugin v27.4 - https:\/\/yoast.com\/product\/yoast-seo-wordpress\/ -->\n<title>Antoni Garrell i Guiu ingressa com a Acad\u00e8mic d&#039;Honor de la RAED - Reial Acad\u00e8mia Europea de Doctors<\/title>\n<meta name=\"description\" content=\"Antoni Garrell Guiu ingressa a la RAED amb un discurs sobre la IA com a impulsora de la segona revoluci\u00f3 digital i una nova era per a la humanitat\" \/>\n<meta name=\"robots\" content=\"index, follow, max-snippet:-1, max-image-preview:large, max-video-preview:-1\" \/>\n<link rel=\"canonical\" href=\"https:\/\/raed.academy\/ca\/raed-eventos-temp\/antoni-garrell-i-guiu-ingressa-com-a-academic-dhonor-de-la-raed\/\" \/>\n<meta property=\"og:locale\" content=\"ca_ES\" \/>\n<meta property=\"og:type\" content=\"article\" \/>\n<meta property=\"og:title\" content=\"Antoni Garrell i Guiu ingressa com a Acad\u00e8mic d&#039;Honor de la RAED - Reial Acad\u00e8mia Europea de Doctors\" \/>\n<meta property=\"og:description\" content=\"Antoni Garrell Guiu ingressa a la RAED amb un discurs sobre la IA com a impulsora de la segona revoluci\u00f3 digital i una nova era per a la humanitat\" \/>\n<meta property=\"og:url\" content=\"https:\/\/raed.academy\/ca\/raed-eventos-temp\/antoni-garrell-i-guiu-ingressa-com-a-academic-dhonor-de-la-raed\/\" \/>\n<meta property=\"og:site_name\" content=\"Reial Acad\u00e8mia Europea de Doctors\" \/>\n<meta property=\"article:publisher\" content=\"http:\/\/fb.me\/raed.academy\" \/>\n<meta property=\"article:modified_time\" content=\"2026-01-21T12:07:38+00:00\" \/>\n<meta property=\"og:image\" content=\"https:\/\/raed.academy\/wp-content\/uploads\/2019\/02\/inteligencia-artificial-logica-difusa-shutterstock-dstNtc.jpg\" \/>\n\t<meta property=\"og:image:width\" content=\"630\" \/>\n\t<meta property=\"og:image:height\" content=\"473\" \/>\n\t<meta property=\"og:image:type\" content=\"image\/jpeg\" \/>\n<meta name=\"twitter:card\" content=\"summary_large_image\" \/>\n<meta name=\"twitter:site\" content=\"@raedacademy\" \/>\n<meta name=\"twitter:label1\" content=\"Est. reading time\" \/>\n\t<meta name=\"twitter:data1\" content=\"7 minutes\" \/>\n<script type=\"application\/ld+json\" class=\"yoast-schema-graph\">{\"@context\":\"https:\\\/\\\/schema.org\",\"@graph\":[{\"@type\":\"WebPage\",\"@id\":\"https:\\\/\\\/raed.academy\\\/ca\\\/raed-eventos-temp\\\/antoni-garrell-i-guiu-ingressa-com-a-academic-dhonor-de-la-raed\\\/\",\"url\":\"https:\\\/\\\/raed.academy\\\/ca\\\/raed-eventos-temp\\\/antoni-garrell-i-guiu-ingressa-com-a-academic-dhonor-de-la-raed\\\/\",\"name\":\"Antoni Garrell i Guiu ingressa com a Acad\u00e8mic d'Honor de la RAED - Reial Acad\u00e8mia Europea de Doctors\",\"isPartOf\":{\"@id\":\"https:\\\/\\\/raed.academy\\\/ca\\\/#website\"},\"primaryImageOfPage\":{\"@id\":\"https:\\\/\\\/raed.academy\\\/ca\\\/raed-eventos-temp\\\/antoni-garrell-i-guiu-ingressa-com-a-academic-dhonor-de-la-raed\\\/#primaryimage\"},\"image\":{\"@id\":\"https:\\\/\\\/raed.academy\\\/ca\\\/raed-eventos-temp\\\/antoni-garrell-i-guiu-ingressa-com-a-academic-dhonor-de-la-raed\\\/#primaryimage\"},\"thumbnailUrl\":\"https:\\\/\\\/raed.academy\\\/wp-content\\\/uploads\\\/2019\\\/02\\\/inteligencia-artificial-logica-difusa-shutterstock-dstNtc.jpg\",\"datePublished\":\"2025-11-19T12:19:59+00:00\",\"dateModified\":\"2026-01-21T12:07:38+00:00\",\"description\":\"Antoni Garrell Guiu ingressa a la RAED amb un discurs sobre la IA com a impulsora de la segona revoluci\u00f3 digital i una nova era per a la humanitat\",\"breadcrumb\":{\"@id\":\"https:\\\/\\\/raed.academy\\\/ca\\\/raed-eventos-temp\\\/antoni-garrell-i-guiu-ingressa-com-a-academic-dhonor-de-la-raed\\\/#breadcrumb\"},\"inLanguage\":\"ca-ES\",\"potentialAction\":[{\"@type\":\"ReadAction\",\"target\":[\"https:\\\/\\\/raed.academy\\\/ca\\\/raed-eventos-temp\\\/antoni-garrell-i-guiu-ingressa-com-a-academic-dhonor-de-la-raed\\\/\"]}]},{\"@type\":\"ImageObject\",\"inLanguage\":\"ca-ES\",\"@id\":\"https:\\\/\\\/raed.academy\\\/ca\\\/raed-eventos-temp\\\/antoni-garrell-i-guiu-ingressa-com-a-academic-dhonor-de-la-raed\\\/#primaryimage\",\"url\":\"https:\\\/\\\/raed.academy\\\/wp-content\\\/uploads\\\/2019\\\/02\\\/inteligencia-artificial-logica-difusa-shutterstock-dstNtc.jpg\",\"contentUrl\":\"https:\\\/\\\/raed.academy\\\/wp-content\\\/uploads\\\/2019\\\/02\\\/inteligencia-artificial-logica-difusa-shutterstock-dstNtc.jpg\",\"width\":630,\"height\":473},{\"@type\":\"BreadcrumbList\",\"@id\":\"https:\\\/\\\/raed.academy\\\/ca\\\/raed-eventos-temp\\\/antoni-garrell-i-guiu-ingressa-com-a-academic-dhonor-de-la-raed\\\/#breadcrumb\",\"itemListElement\":[{\"@type\":\"ListItem\",\"position\":1,\"name\":\"Inicio\",\"item\":\"https:\\\/\\\/raed.academy\\\/ca\\\/\"},{\"@type\":\"ListItem\",\"position\":2,\"name\":\"Eventos\",\"item\":\"https:\\\/\\\/raed.academy\\\/ca\\\/raed-eventos-temp\\\/\"},{\"@type\":\"ListItem\",\"position\":3,\"name\":\"Antoni Garrell i Guiu ingressa com a Acad\u00e8mic d&#8217;Honor de la RAED\"}]},{\"@type\":\"WebSite\",\"@id\":\"https:\\\/\\\/raed.academy\\\/ca\\\/#website\",\"url\":\"https:\\\/\\\/raed.academy\\\/ca\\\/\",\"name\":\"Reial Acad\u00e8mia Europea de Doctors\",\"description\":\"Corporaci\u00f3n de derecho p\u00fablico de car\u00e1cter cient\u00edfico, t\u00e9cnico y art\u00edstico, que tiene por objeto la investigaci\u00f3n, el estudio, el fomento y la extensi\u00f3n del conocimiento en su sentido m\u00e1s amplio\",\"publisher\":{\"@id\":\"https:\\\/\\\/raed.academy\\\/ca\\\/#organization\"},\"potentialAction\":[{\"@type\":\"SearchAction\",\"target\":{\"@type\":\"EntryPoint\",\"urlTemplate\":\"https:\\\/\\\/raed.academy\\\/ca\\\/?s={search_term_string}\"},\"query-input\":{\"@type\":\"PropertyValueSpecification\",\"valueRequired\":true,\"valueName\":\"search_term_string\"}}],\"inLanguage\":\"ca-ES\"},{\"@type\":\"Organization\",\"@id\":\"https:\\\/\\\/raed.academy\\\/ca\\\/#organization\",\"name\":\"Real Academia Europea de Doctores\",\"url\":\"https:\\\/\\\/raed.academy\\\/ca\\\/\",\"logo\":{\"@type\":\"ImageObject\",\"inLanguage\":\"ca-ES\",\"@id\":\"https:\\\/\\\/raed.academy\\\/ca\\\/#\\\/schema\\\/logo\\\/image\\\/\",\"url\":\"https:\\\/\\\/raed.academy\\\/wp-content\\\/uploads\\\/2017\\\/01\\\/cropped-logo_raed.png\",\"contentUrl\":\"https:\\\/\\\/raed.academy\\\/wp-content\\\/uploads\\\/2017\\\/01\\\/cropped-logo_raed.png\",\"width\":512,\"height\":512,\"caption\":\"Real Academia Europea de Doctores\"},\"image\":{\"@id\":\"https:\\\/\\\/raed.academy\\\/ca\\\/#\\\/schema\\\/logo\\\/image\\\/\"},\"sameAs\":[\"http:\\\/\\\/fb.me\\\/raed.academy\",\"https:\\\/\\\/x.com\\\/raedacademy\",\"https:\\\/\\\/www.instagram.com\\\/raed.academy\\\/\",\"https:\\\/\\\/www.youtube.com\\\/channel\\\/UCUYQwW2KrdirNWihxMDObwg\"]}]}<\/script>\n<!-- \/ Yoast SEO plugin. -->","yoast_head_json":{"title":"Antoni Garrell i Guiu ingressa com a Acad\u00e8mic d'Honor de la RAED - Reial Acad\u00e8mia Europea de Doctors","description":"Antoni Garrell Guiu ingressa a la RAED amb un discurs sobre la IA com a impulsora de la segona revoluci\u00f3 digital i una nova era per a la humanitat","robots":{"index":"index","follow":"follow","max-snippet":"max-snippet:-1","max-image-preview":"max-image-preview:large","max-video-preview":"max-video-preview:-1"},"canonical":"https:\/\/raed.academy\/ca\/raed-eventos-temp\/antoni-garrell-i-guiu-ingressa-com-a-academic-dhonor-de-la-raed\/","og_locale":"ca_ES","og_type":"article","og_title":"Antoni Garrell i Guiu ingressa com a Acad\u00e8mic d'Honor de la RAED - Reial Acad\u00e8mia Europea de Doctors","og_description":"Antoni Garrell Guiu ingressa a la RAED amb un discurs sobre la IA com a impulsora de la segona revoluci\u00f3 digital i una nova era per a la humanitat","og_url":"https:\/\/raed.academy\/ca\/raed-eventos-temp\/antoni-garrell-i-guiu-ingressa-com-a-academic-dhonor-de-la-raed\/","og_site_name":"Reial Acad\u00e8mia Europea de Doctors","article_publisher":"http:\/\/fb.me\/raed.academy","article_modified_time":"2026-01-21T12:07:38+00:00","og_image":[{"width":630,"height":473,"url":"https:\/\/raed.academy\/wp-content\/uploads\/2019\/02\/inteligencia-artificial-logica-difusa-shutterstock-dstNtc.jpg","type":"image\/jpeg"}],"twitter_card":"summary_large_image","twitter_site":"@raedacademy","twitter_misc":{"Est. reading time":"7 minutes"},"schema":{"@context":"https:\/\/schema.org","@graph":[{"@type":"WebPage","@id":"https:\/\/raed.academy\/ca\/raed-eventos-temp\/antoni-garrell-i-guiu-ingressa-com-a-academic-dhonor-de-la-raed\/","url":"https:\/\/raed.academy\/ca\/raed-eventos-temp\/antoni-garrell-i-guiu-ingressa-com-a-academic-dhonor-de-la-raed\/","name":"Antoni Garrell i Guiu ingressa com a Acad\u00e8mic d'Honor de la RAED - Reial Acad\u00e8mia Europea de Doctors","isPartOf":{"@id":"https:\/\/raed.academy\/ca\/#website"},"primaryImageOfPage":{"@id":"https:\/\/raed.academy\/ca\/raed-eventos-temp\/antoni-garrell-i-guiu-ingressa-com-a-academic-dhonor-de-la-raed\/#primaryimage"},"image":{"@id":"https:\/\/raed.academy\/ca\/raed-eventos-temp\/antoni-garrell-i-guiu-ingressa-com-a-academic-dhonor-de-la-raed\/#primaryimage"},"thumbnailUrl":"https:\/\/raed.academy\/wp-content\/uploads\/2019\/02\/inteligencia-artificial-logica-difusa-shutterstock-dstNtc.jpg","datePublished":"2025-11-19T12:19:59+00:00","dateModified":"2026-01-21T12:07:38+00:00","description":"Antoni Garrell Guiu ingressa a la RAED amb un discurs sobre la IA com a impulsora de la segona revoluci\u00f3 digital i una nova era per a la humanitat","breadcrumb":{"@id":"https:\/\/raed.academy\/ca\/raed-eventos-temp\/antoni-garrell-i-guiu-ingressa-com-a-academic-dhonor-de-la-raed\/#breadcrumb"},"inLanguage":"ca-ES","potentialAction":[{"@type":"ReadAction","target":["https:\/\/raed.academy\/ca\/raed-eventos-temp\/antoni-garrell-i-guiu-ingressa-com-a-academic-dhonor-de-la-raed\/"]}]},{"@type":"ImageObject","inLanguage":"ca-ES","@id":"https:\/\/raed.academy\/ca\/raed-eventos-temp\/antoni-garrell-i-guiu-ingressa-com-a-academic-dhonor-de-la-raed\/#primaryimage","url":"https:\/\/raed.academy\/wp-content\/uploads\/2019\/02\/inteligencia-artificial-logica-difusa-shutterstock-dstNtc.jpg","contentUrl":"https:\/\/raed.academy\/wp-content\/uploads\/2019\/02\/inteligencia-artificial-logica-difusa-shutterstock-dstNtc.jpg","width":630,"height":473},{"@type":"BreadcrumbList","@id":"https:\/\/raed.academy\/ca\/raed-eventos-temp\/antoni-garrell-i-guiu-ingressa-com-a-academic-dhonor-de-la-raed\/#breadcrumb","itemListElement":[{"@type":"ListItem","position":1,"name":"Inicio","item":"https:\/\/raed.academy\/ca\/"},{"@type":"ListItem","position":2,"name":"Eventos","item":"https:\/\/raed.academy\/ca\/raed-eventos-temp\/"},{"@type":"ListItem","position":3,"name":"Antoni Garrell i Guiu ingressa com a Acad\u00e8mic d&#8217;Honor de la RAED"}]},{"@type":"WebSite","@id":"https:\/\/raed.academy\/ca\/#website","url":"https:\/\/raed.academy\/ca\/","name":"Reial Acad\u00e8mia Europea de Doctors","description":"Corporaci\u00f3n de derecho p\u00fablico de car\u00e1cter cient\u00edfico, t\u00e9cnico y art\u00edstico, que tiene por objeto la investigaci\u00f3n, el estudio, el fomento y la extensi\u00f3n del conocimiento en su sentido m\u00e1s amplio","publisher":{"@id":"https:\/\/raed.academy\/ca\/#organization"},"potentialAction":[{"@type":"SearchAction","target":{"@type":"EntryPoint","urlTemplate":"https:\/\/raed.academy\/ca\/?s={search_term_string}"},"query-input":{"@type":"PropertyValueSpecification","valueRequired":true,"valueName":"search_term_string"}}],"inLanguage":"ca-ES"},{"@type":"Organization","@id":"https:\/\/raed.academy\/ca\/#organization","name":"Real Academia Europea de Doctores","url":"https:\/\/raed.academy\/ca\/","logo":{"@type":"ImageObject","inLanguage":"ca-ES","@id":"https:\/\/raed.academy\/ca\/#\/schema\/logo\/image\/","url":"https:\/\/raed.academy\/wp-content\/uploads\/2017\/01\/cropped-logo_raed.png","contentUrl":"https:\/\/raed.academy\/wp-content\/uploads\/2017\/01\/cropped-logo_raed.png","width":512,"height":512,"caption":"Real Academia Europea de Doctores"},"image":{"@id":"https:\/\/raed.academy\/ca\/#\/schema\/logo\/image\/"},"sameAs":["http:\/\/fb.me\/raed.academy","https:\/\/x.com\/raedacademy","https:\/\/www.instagram.com\/raed.academy\/","https:\/\/www.youtube.com\/channel\/UCUYQwW2KrdirNWihxMDObwg"]}]}},"_links":{"self":[{"href":"https:\/\/raed.academy\/ca\/wp-json\/wp\/v2\/evento\/175899","targetHints":{"allow":["GET"]}}],"collection":[{"href":"https:\/\/raed.academy\/ca\/wp-json\/wp\/v2\/evento"}],"about":[{"href":"https:\/\/raed.academy\/ca\/wp-json\/wp\/v2\/types\/evento"}],"version-history":[{"count":9,"href":"https:\/\/raed.academy\/ca\/wp-json\/wp\/v2\/evento\/175899\/revisions"}],"predecessor-version":[{"id":178943,"href":"https:\/\/raed.academy\/ca\/wp-json\/wp\/v2\/evento\/175899\/revisions\/178943"}],"wp:featuredmedia":[{"embeddable":true,"href":"https:\/\/raed.academy\/ca\/wp-json\/wp\/v2\/media\/67185"}],"wp:attachment":[{"href":"https:\/\/raed.academy\/ca\/wp-json\/wp\/v2\/media?parent=175899"}],"wp:term":[{"taxonomy":"ubicacion_evento","embeddable":true,"href":"https:\/\/raed.academy\/ca\/wp-json\/wp\/v2\/ubicacion_evento?post=175899"},{"taxonomy":"tipo_evento","embeddable":true,"href":"https:\/\/raed.academy\/ca\/wp-json\/wp\/v2\/tipo_evento?post=175899"},{"taxonomy":"formato_evento","embeddable":true,"href":"https:\/\/raed.academy\/ca\/wp-json\/wp\/v2\/formato_evento?post=175899"}],"curies":[{"name":"wp","href":"https:\/\/api.w.org\/{rel}","templated":true}]}}