{"id":175848,"date":"2025-11-18T18:27:44","date_gmt":"2025-11-18T18:27:44","guid":{"rendered":"https:\/\/raed.academy\/?post_type=evento&#038;p=175848"},"modified":"2026-01-21T12:33:12","modified_gmt":"2026-01-21T12:33:12","slug":"taller-despatx-professional-4-0-adaptacio-i-transformacio-amb-verifactu_","status":"publish","type":"evento","link":"https:\/\/raed.academy\/ca\/raed-eventos-temp\/taller-despatx-professional-4-0-adaptacio-i-transformacio-amb-verifactu_\/","title":{"rendered":"Taller Despatx Professional 4.0: Adaptaci\u00f3 i Transformaci\u00f3 amb Verifactu"},"content":{"rendered":"<p>[et_pb_section fb_built=&#8221;1&#8243; _builder_version=&#8221;4.27.4&#8243; _module_preset=&#8221;default&#8221; background_image=&#8221;https:\/\/raed.academy\/wp-content\/uploads\/2025\/04\/shutt-empresarios-en-el-siglo-XXI-negocios-softwre-integrado-2.91.webp&#8221; hover_enabled=&#8221;0&#8243; locked=&#8221;off&#8221; global_colors_info=&#8221;{}&#8221; sticky_enabled=&#8221;0&#8243;][et_pb_row _builder_version=&#8221;4.27.4&#8243; _module_preset=&#8221;default&#8221; background_color=&#8221;rgba(255,255,255,0.9)&#8221; width=&#8221;95%&#8221; max_width=&#8221;650px&#8221; custom_margin=&#8221;|25px|||false|false&#8221; custom_margin_tablet=&#8221;|auto||auto|false|false&#8221; custom_margin_phone=&#8221;|auto||auto|false|false&#8221; custom_margin_last_edited=&#8221;on|tablet&#8221; custom_padding=&#8221;30px|30px|30px|30px|false|false&#8221; animation_style=&#8221;flip&#8221; global_colors_info=&#8221;{}&#8221;][et_pb_column type=&#8221;4_4&#8243; _builder_version=&#8221;4.17.0&#8243; _module_preset=&#8221;default&#8221; global_colors_info=&#8221;{}&#8221;][et_pb_text admin_label=&#8221;Texto &#8211; ttl Conferencia&#8221; _builder_version=&#8221;4.27.4&#8243; _module_preset=&#8221;default&#8221; global_colors_info=&#8221;{}&#8221;][\/et_pb_text][et_pb_post_title meta=&#8221;off&#8221; featured_image=&#8221;off&#8221; admin_label=&#8221;T\u00edtulo de publicaci\u00f3n&#8221; _builder_version=&#8221;4.27.4&#8243; _module_preset=&#8221;default&#8221; title_font_size=&#8221;40px&#8221; background_enable_color=&#8221;off&#8221; title_font_size_tablet=&#8221;30px&#8221; title_font_size_phone=&#8221;30px&#8221; title_font_size_last_edited=&#8221;on|desktop&#8221; locked=&#8221;off&#8221; global_colors_info=&#8221;{}&#8221;][\/et_pb_post_title][et_pb_text admin_label=&#8221;Detalles evento&#8221; _builder_version=&#8221;4.27.4&#8243; _module_preset=&#8221;default&#8221; background_enable_color=&#8221;off&#8221; locked=&#8221;off&#8221; global_colors_info=&#8221;{}&#8221;]<\/p>\n<p class=\"ubicacion-evento\">Seu de Foment del Treball. Via Laietana, 32, Barcelona<\/p>\n<p class=\"fecha-evento\">Dimecres, 26 novembre 2025<\/p>\n<p class=\"hora-evento\">10:00 h a 11:30 h<\/p>\n<p><strong>Format:<\/strong> Presencial<\/p>\n<p><strong>Inscripci\u00f3: <\/strong><a href=\"https:\/\/taa.spain.wolterskluwer.com\/l\/1098032\/2025-10-27\/fxwkgs\" target=\"_blank\" rel=\"noopener\"><strong>P\u00e0gina d&#8217;inscripci\u00f3 al taller<\/strong><\/a><\/p>\n<p>[\/et_pb_text][\/et_pb_column][\/et_pb_row][\/et_pb_section][et_pb_section fb_built=&#8221;1&#8243; admin_label=&#8221;section&#8221; _builder_version=&#8221;4.27.4&#8243; custom_padding=&#8221;0px||||false|false&#8221; locked=&#8221;off&#8221; global_colors_info=&#8221;{}&#8221;][et_pb_row use_custom_gutter=&#8221;on&#8221; gutter_width=&#8221;2&#8243; admin_label=&#8221;row&#8221; _builder_version=&#8221;4.27.4&#8243; background_size=&#8221;initial&#8221; background_position=&#8221;top_left&#8221; background_repeat=&#8221;repeat&#8221; max_width=&#8221;1400px&#8221; custom_margin=&#8221;||||false|false&#8221; custom_padding=&#8221;||||false|false&#8221; global_colors_info=&#8221;{}&#8221;][et_pb_column type=&#8221;4_4&#8243; _builder_version=&#8221;4.16&#8243; custom_padding=&#8221;|||&#8221; global_colors_info=&#8221;{}&#8221; custom_padding__hover=&#8221;|||&#8221;][et_pb_code admin_label=&#8221;Breadcrumb Yoast&#8221; _builder_version=&#8221;4.27.4&#8243; _module_preset=&#8221;default&#8221; min_height=&#8221;21.8px&#8221; global_colors_info=&#8221;{}&#8221;]<span><span><a href=\"https:\/\/raed.academy\/ca\/\">Inicio<\/a><\/span><\/span>[\/et_pb_code][et_pb_text admin_label=&#8221;abstract conferencia&#8221; _builder_version=&#8221;4.27.4&#8243; _module_preset=&#8221;default&#8221; custom_padding=&#8221;40px||40px||false|false&#8221; global_colors_info=&#8221;{}&#8221;]<\/p>\n<h2>Descripci\u00f3<\/h2>\n<p><a href=\"https:\/\/www.wolterskluwer.com\/es-es\/solutions\/a3\" target=\"_blank\" rel=\"noopener\"><strong>Wolters Kluwer<\/strong><\/a> i <a href=\"https:\/\/accid.org\/ca\/\" target=\"_blank\" rel=\"noopener\"><strong>ACCID<\/strong><\/a>, en col\u00b7laboraci\u00f3 amb la <a href=\"https:\/\/raed.academy\/ca\/\" target=\"_blank\" rel=\"noopener\"><strong>RAED<\/strong><\/a>, t\u2019ofereixen el taller presencial <b>&#8220;Despatx Professional 4.0&#8221;<\/b>, que se celebrar\u00e0 el <strong>26 de novembre, de 10.00 a 11.30 hores<\/strong>, a la seu de <strong>Foment del Treball<\/strong>, situada a la <strong>Via Laietana, 32, de Barcelona<\/strong>. En aquest taller es mostrar\u00e0 com un despatx professional pot adaptar-se al nou entorn digital amb <a href=\"https:\/\/sede.agenciatributaria.gob.es\/Sede\/ayuda\/manuales-videos-folletos\/manuales-practicos\/folleto-actividades-economicas\/5-impuesto-sobre-valor-anadido\/5_12-veri-factu.html\" target=\"_blank\" rel=\"noopener\"><strong>Verifactu<\/strong><\/a>, transformant la relaci\u00f3 amb els clients i optimitzant la gesti\u00f3 comptable i fiscal.<\/p>\n<p>Donaran la benvinguda l\u2019<a href=\"https:\/\/raed.academy\/academicos\/dra-montserrat-casanovas-ramon\/\" target=\"_blank\" rel=\"noopener\"><b>Excma. Sra. Dra. Montserrat Casanovas Ram\u00f3n<\/b><\/a>, presidenta d\u2019ACCID, i l\u2019<a href=\"https:\/\/raed.academy\/academicos\/dr-alfredo-rocafort-nicolau\/\" target=\"_blank\" rel=\"noopener\"><b>Excm. Sr. Dr. Alfredo Rocafort Nicolau<\/b><\/a>, president de la Reial Acad\u00e8mia Europea de Doctors. Hi participaran com a ponents el <b>Sr. Jordi Cot<\/b>, <em>Sales Representative Manager<\/em> a Wolters Kluwer Tax &amp; Accounting Espanya, i la <b>Sra. Irina Rib\u00f3<\/b>, <em>Sales Representative<\/em> a Wolters Kluwer Tax &amp; Accounting Espanya.<\/p>\n<h2>Tractarem dos blocs tem\u00e0tics:<\/h2>\n<p><strong>1r: Prepara el despatx per a Verifactu<\/strong><\/p>\n<ul>\n<li>Breu introducci\u00f3 a Verifactu i el seu impacte en el sector<\/li>\n<li>Qu\u00e8 \u00e9s Verifactu i com afecta els clients del despatx?<\/li>\n<li>Estrategies per comunicar el canvi als clients<\/li>\n<li>Eines i canals per facilitar la transici\u00f3<\/li>\n<li>Casos pr\u00e0ctics d\u2019\u00e8xit en l\u2019adaptaci\u00f3<\/li>\n<\/ul>\n<p><strong>2n: Transformaci\u00f3 de la Comptabilitat i Fiscalitat al Despatx<\/strong><\/p>\n<ul>\n<li>Automatitzaci\u00f3 de processos comptables amb Verifactu<\/li>\n<li>Integraci\u00f3 de plataformes i programari<\/li>\n<li>Nous fluxos de treball: del paper a la dada<\/li>\n<li>Com millorar l\u2019efici\u00e8ncia i reduir errors<\/li>\n<li>El proc\u00e9s d\u2019Impostos<\/li>\n<\/ul>\n<h3 style=\"text-align: center;\"><b>T\u2019invitem a aquest entorn din\u00e0mic de networking i aprenentatge.<\/b><\/h3>\n<h3 style=\"text-align: center;\"><b>Apunta\u2019t ja, les places s\u00f3n limitades!<\/b><\/h3>\n<div style=\"text-align: center; margin: 30px 0;\"><a style=\"background-color: #0073aa; color: #ffffff; padding: 14px 28px; border-radius: 8px; text-decoration: none; font-weight: 600; font-size: 16px; display: inline-block; transition: background-color 0.3s ease;\" href=\"https:\/\/taa.spain.wolterskluwer.com\/l\/1098032\/2025-10-27\/fxwkgs?utm_campaign=CE-EVENTOS&amp;utm_source=hs_email&amp;utm_medium=email&amp;_hsenc=p2ANqtz-_ZQ9XQabi0nx7Iwp0Y4MOKJd6jo0TSGZVOKXsU2kLePOTpQaJsD8nh-9UTYoZvlewKOGH7bdDKqlXbb1NenkTwu2Pw_4awEghLr6s-aZl1i5YoTjs\" target=\"_blank\" rel=\"noopener\"><br \/>Inscriu-te al taller \u201cDespatx Professional 4.0\u201d<br \/><\/a><\/div>\n<p>[\/et_pb_text][et_pb_text admin_label=&#8221;shortcode mapa&#8221; _builder_version=&#8221;4.27.4&#8243; _module_preset=&#8221;default&#8221; global_colors_info=&#8221;{}&#8221;]<\/p>\n<iframe id=\"map_iframe\"  frameborder=\"0\" scrolling=\"no\" marginheight=\"0\" marginwidth=\"0\" src=\"https:\/\/maps.google.it\/maps?q=&output=embed\"><\/iframe>\n<p>[\/et_pb_text][\/et_pb_column][\/et_pb_row][et_pb_row column_structure=&#8221;1_2,1_2&#8243; admin_label=&#8221;Fila&#8221; _builder_version=&#8221;4.24.3&#8243; _module_preset=&#8221;default&#8221; max_width=&#8221;1400px&#8221; locked=&#8221;off&#8221; global_colors_info=&#8221;{}&#8221;][et_pb_column type=&#8221;1_2&#8243; _builder_version=&#8221;4.16&#8243; _module_preset=&#8221;default&#8221; global_colors_info=&#8221;{}&#8221;][et_pb_code admin_label=&#8221;C\u00f3digo &#8211; organitzadors&#8221; _builder_version=&#8221;4.27.4&#8243; _module_preset=&#8221;default&#8221; global_colors_info=&#8221;{}&#8221;]<pee class=\"ttl-colaboradores\">Organitzen:<\/pee><!-- [et_pb_line_break_holder] --><!-- [et_pb_line_break_holder] --><\/p>\n<div id=\"organizadores\"><!-- [et_pb_line_break_holder] --><\/p>\n<div class=\"logo-colaborador\"><a href=\"https:\/\/raed.academy\/ca\/\" target=\"_blank\" rel=\"noopener noreferrer\"><img decoding=\"async\" src=\"https:\/\/raed.academy\/wp-content\/uploads\/2021\/10\/Logo-RAED-160px.jpg\" alt=\"Real Academia Europea de Doctores RAED\" \/><\/a><!-- [et_pb_line_break_holder] --><\/p>\n<div class=\"txt\"><\/div>\n<p><!-- [et_pb_line_break_holder] --><\/div>\n<p><!-- [et_pb_line_break_holder] --><\/p>\n<div class=\"logo-colaborador\"><a href=\"https:\/\/fundacionraed.org\/\" target=\"_blank\" rel=\"noopener noreferrer\"><img decoding=\"async\" src=\"https:\/\/raed.academy\/wp-content\/uploads\/2021\/10\/Logo-Fundacion-RAED-160px.jpg\" alt=\"Fundaci\u00f3n RAED\" \/><\/a><!-- [et_pb_line_break_holder] --><\/p>\n<div class=\"txt\"><\/div>\n<p><!-- [et_pb_line_break_holder] --><\/div>\n<p><!-- [et_pb_line_break_holder] --><\/div>\n<p><!-- [et_pb_line_break_holder] -->[\/et_pb_code][\/et_pb_column][et_pb_column type=&#8221;1_2&#8243; _builder_version=&#8221;4.16&#8243; _module_preset=&#8221;default&#8221; global_colors_info=&#8221;{}&#8221;][et_pb_code admin_label=&#8221;C\u00f3digo &#8211; col\u00b7laboradors&#8221; _builder_version=&#8221;4.27.4&#8243; _module_preset=&#8221;default&#8221; global_colors_info=&#8221;{}&#8221;]<pee class=\"ttl-colaboradores\">Amb la col\u00b7laboraci\u00f3 de:<\/pee><!-- [et_pb_line_break_holder] --><!-- [et_pb_line_break_holder] --><\/p>\n<div id=\"colaboradores\"><!-- [et_pb_line_break_holder] --><\/p>\n<div class=\"logo-colaborador\"><!-- [et_pb_line_break_holder] --><\/p>\n<div class=\"txt-circular\"><\/div>\n<p><!-- [et_pb_line_break_holder] --> <a href=\"https:\/\/justicia.gencat.cat\/ca\/inici\" target=\"_blank\" rel=\"noopener noreferrer\"><img decoding=\"async\" src=\"https:\/\/raed.academy\/wp-content\/uploads\/2024\/11\/Generalitat-de-Catalunya-dept-Justicia-i-Qualitat-Democratica-240px.jpg\" alt=\"Generalitat de catalunya\" width=\"210\" \/><\/a><\/div>\n<p><!-- [et_pb_line_break_holder] --><\/p>\n<div class=\"logo-colaborador\"><!-- [et_pb_line_break_holder] --><\/p>\n<div class=\"txt-circular\"><\/div>\n<p><!-- [et_pb_line_break_holder] -->  <a href=\"https:\/\/www.aecoc.es\/\" target=\"_blank\" rel=\"noopener noreferrer\"><img decoding=\"async\" src=\"https:\/\/raed.academy\/wp-content\/uploads\/2025\/05\/logo-AECOC-negro-200px.png\" alt=\"AECOC\" width=\"150\" ><\/a><\/div>\n<p><!-- [et_pb_line_break_holder] --><\/div>\n<p><!-- [et_pb_line_break_holder] -->[\/et_pb_code][\/et_pb_column][\/et_pb_row][\/et_pb_section]<\/p>\n","protected":false},"excerpt":{"rendered":"<p>Com un despatx professional es pot adaptar al nou entorn digital amb Verifactu, transformant la relaci\u00f3 amb els clients i optimitzant la gesti\u00f3 comptable i fiscal<\/p>\n","protected":false},"featured_media":163363,"menu_order":0,"template":"","meta":{"_et_pb_use_builder":"on","_et_pb_old_content":"","_et_gb_content_width":"","footnotes":""},"ubicacion_evento":[865,847],"tipo_evento":[899],"formato_evento":[],"class_list":["post-175848","evento","type-evento","status-publish","has-post-thumbnail","hentry","ubicacion_evento-sala-c-cat","ubicacion_evento-foment-del-treball-cat","tipo_evento-taller"],"yoast_head":"<!-- This site is optimized with the Yoast SEO plugin v27.4 - https:\/\/yoast.com\/product\/yoast-seo-wordpress\/ -->\n<title>Taller Despatx Professional 4.0: Adaptaci\u00f3 i Transformaci\u00f3 amb Verifactu - Reial Acad\u00e8mia Europea de Doctors<\/title>\n<meta name=\"description\" content=\"Com un despatx professional es pot adaptar al nou entorn digital amb Verifactu, transformant la relaci\u00f3 amb els clients i optimitzant la gesti\u00f3 comptable i fiscal\" \/>\n<meta name=\"robots\" content=\"index, follow, max-snippet:-1, max-image-preview:large, max-video-preview:-1\" \/>\n<link rel=\"canonical\" href=\"https:\/\/raed.academy\/ca\/raed-eventos-temp\/taller-despatx-professional-4-0-adaptacio-i-transformacio-amb-verifactu_\/\" \/>\n<meta property=\"og:locale\" content=\"ca_ES\" \/>\n<meta property=\"og:type\" content=\"article\" \/>\n<meta property=\"og:title\" content=\"Taller Despatx Professional 4.0: Adaptaci\u00f3 i Transformaci\u00f3 amb Verifactu - Reial Acad\u00e8mia Europea de Doctors\" \/>\n<meta property=\"og:description\" content=\"Com un despatx professional es pot adaptar al nou entorn digital amb Verifactu, transformant la relaci\u00f3 amb els clients i optimitzant la gesti\u00f3 comptable i fiscal\" \/>\n<meta property=\"og:url\" content=\"https:\/\/raed.academy\/ca\/raed-eventos-temp\/taller-despatx-professional-4-0-adaptacio-i-transformacio-amb-verifactu_\/\" \/>\n<meta property=\"og:site_name\" content=\"Reial Acad\u00e8mia Europea de Doctors\" \/>\n<meta property=\"article:publisher\" content=\"http:\/\/fb.me\/raed.academy\" \/>\n<meta property=\"article:modified_time\" content=\"2026-01-21T12:33:12+00:00\" \/>\n<meta property=\"og:image\" content=\"https:\/\/raed.academy\/wp-content\/uploads\/2025\/04\/shutt-empresarios-en-el-siglo-XXI-negocios-softwre-integrado-2.91.webp\" \/>\n\t<meta property=\"og:image:width\" content=\"1600\" \/>\n\t<meta property=\"og:image:height\" content=\"550\" \/>\n\t<meta property=\"og:image:type\" content=\"image\/webp\" \/>\n<meta name=\"twitter:card\" content=\"summary_large_image\" \/>\n<meta name=\"twitter:site\" content=\"@raedacademy\" \/>\n<meta name=\"twitter:label1\" content=\"Est. reading time\" \/>\n\t<meta name=\"twitter:data1\" content=\"3 minutes\" \/>\n<script type=\"application\/ld+json\" class=\"yoast-schema-graph\">{\"@context\":\"https:\\\/\\\/schema.org\",\"@graph\":[{\"@type\":\"WebPage\",\"@id\":\"https:\\\/\\\/raed.academy\\\/ca\\\/raed-eventos-temp\\\/taller-despatx-professional-4-0-adaptacio-i-transformacio-amb-verifactu_\\\/\",\"url\":\"https:\\\/\\\/raed.academy\\\/ca\\\/raed-eventos-temp\\\/taller-despatx-professional-4-0-adaptacio-i-transformacio-amb-verifactu_\\\/\",\"name\":\"Taller Despatx Professional 4.0: Adaptaci\u00f3 i Transformaci\u00f3 amb Verifactu - Reial Acad\u00e8mia Europea de Doctors\",\"isPartOf\":{\"@id\":\"https:\\\/\\\/raed.academy\\\/ca\\\/#website\"},\"primaryImageOfPage\":{\"@id\":\"https:\\\/\\\/raed.academy\\\/ca\\\/raed-eventos-temp\\\/taller-despatx-professional-4-0-adaptacio-i-transformacio-amb-verifactu_\\\/#primaryimage\"},\"image\":{\"@id\":\"https:\\\/\\\/raed.academy\\\/ca\\\/raed-eventos-temp\\\/taller-despatx-professional-4-0-adaptacio-i-transformacio-amb-verifactu_\\\/#primaryimage\"},\"thumbnailUrl\":\"https:\\\/\\\/raed.academy\\\/wp-content\\\/uploads\\\/2025\\\/04\\\/shutt-empresarios-en-el-siglo-XXI-negocios-softwre-integrado-2.91.webp\",\"datePublished\":\"2025-11-18T18:27:44+00:00\",\"dateModified\":\"2026-01-21T12:33:12+00:00\",\"description\":\"Com un despatx professional es pot adaptar al nou entorn digital amb Verifactu, transformant la relaci\u00f3 amb els clients i optimitzant la gesti\u00f3 comptable i fiscal\",\"breadcrumb\":{\"@id\":\"https:\\\/\\\/raed.academy\\\/ca\\\/raed-eventos-temp\\\/taller-despatx-professional-4-0-adaptacio-i-transformacio-amb-verifactu_\\\/#breadcrumb\"},\"inLanguage\":\"ca-ES\",\"potentialAction\":[{\"@type\":\"ReadAction\",\"target\":[\"https:\\\/\\\/raed.academy\\\/ca\\\/raed-eventos-temp\\\/taller-despatx-professional-4-0-adaptacio-i-transformacio-amb-verifactu_\\\/\"]}]},{\"@type\":\"ImageObject\",\"inLanguage\":\"ca-ES\",\"@id\":\"https:\\\/\\\/raed.academy\\\/ca\\\/raed-eventos-temp\\\/taller-despatx-professional-4-0-adaptacio-i-transformacio-amb-verifactu_\\\/#primaryimage\",\"url\":\"https:\\\/\\\/raed.academy\\\/wp-content\\\/uploads\\\/2025\\\/04\\\/shutt-empresarios-en-el-siglo-XXI-negocios-softwre-integrado-2.91.webp\",\"contentUrl\":\"https:\\\/\\\/raed.academy\\\/wp-content\\\/uploads\\\/2025\\\/04\\\/shutt-empresarios-en-el-siglo-XXI-negocios-softwre-integrado-2.91.webp\",\"width\":1600,\"height\":550},{\"@type\":\"BreadcrumbList\",\"@id\":\"https:\\\/\\\/raed.academy\\\/ca\\\/raed-eventos-temp\\\/taller-despatx-professional-4-0-adaptacio-i-transformacio-amb-verifactu_\\\/#breadcrumb\",\"itemListElement\":[{\"@type\":\"ListItem\",\"position\":1,\"name\":\"Inicio\",\"item\":\"https:\\\/\\\/raed.academy\\\/ca\\\/\"},{\"@type\":\"ListItem\",\"position\":2,\"name\":\"Eventos\",\"item\":\"https:\\\/\\\/raed.academy\\\/ca\\\/raed-eventos-temp\\\/\"},{\"@type\":\"ListItem\",\"position\":3,\"name\":\"Taller Despatx Professional 4.0: Adaptaci\u00f3 i Transformaci\u00f3 amb Verifactu\"}]},{\"@type\":\"WebSite\",\"@id\":\"https:\\\/\\\/raed.academy\\\/ca\\\/#website\",\"url\":\"https:\\\/\\\/raed.academy\\\/ca\\\/\",\"name\":\"Reial Acad\u00e8mia Europea de Doctors\",\"description\":\"Corporaci\u00f3n de derecho p\u00fablico de car\u00e1cter cient\u00edfico, t\u00e9cnico y art\u00edstico, que tiene por objeto la investigaci\u00f3n, el estudio, el fomento y la extensi\u00f3n del conocimiento en su sentido m\u00e1s amplio\",\"publisher\":{\"@id\":\"https:\\\/\\\/raed.academy\\\/ca\\\/#organization\"},\"potentialAction\":[{\"@type\":\"SearchAction\",\"target\":{\"@type\":\"EntryPoint\",\"urlTemplate\":\"https:\\\/\\\/raed.academy\\\/ca\\\/?s={search_term_string}\"},\"query-input\":{\"@type\":\"PropertyValueSpecification\",\"valueRequired\":true,\"valueName\":\"search_term_string\"}}],\"inLanguage\":\"ca-ES\"},{\"@type\":\"Organization\",\"@id\":\"https:\\\/\\\/raed.academy\\\/ca\\\/#organization\",\"name\":\"Real Academia Europea de Doctores\",\"url\":\"https:\\\/\\\/raed.academy\\\/ca\\\/\",\"logo\":{\"@type\":\"ImageObject\",\"inLanguage\":\"ca-ES\",\"@id\":\"https:\\\/\\\/raed.academy\\\/ca\\\/#\\\/schema\\\/logo\\\/image\\\/\",\"url\":\"https:\\\/\\\/raed.academy\\\/wp-content\\\/uploads\\\/2017\\\/01\\\/cropped-logo_raed.png\",\"contentUrl\":\"https:\\\/\\\/raed.academy\\\/wp-content\\\/uploads\\\/2017\\\/01\\\/cropped-logo_raed.png\",\"width\":512,\"height\":512,\"caption\":\"Real Academia Europea de Doctores\"},\"image\":{\"@id\":\"https:\\\/\\\/raed.academy\\\/ca\\\/#\\\/schema\\\/logo\\\/image\\\/\"},\"sameAs\":[\"http:\\\/\\\/fb.me\\\/raed.academy\",\"https:\\\/\\\/x.com\\\/raedacademy\",\"https:\\\/\\\/www.instagram.com\\\/raed.academy\\\/\",\"https:\\\/\\\/www.youtube.com\\\/channel\\\/UCUYQwW2KrdirNWihxMDObwg\"]}]}<\/script>\n<!-- \/ Yoast SEO plugin. -->","yoast_head_json":{"title":"Taller Despatx Professional 4.0: Adaptaci\u00f3 i Transformaci\u00f3 amb Verifactu - Reial Acad\u00e8mia Europea de Doctors","description":"Com un despatx professional es pot adaptar al nou entorn digital amb Verifactu, transformant la relaci\u00f3 amb els clients i optimitzant la gesti\u00f3 comptable i fiscal","robots":{"index":"index","follow":"follow","max-snippet":"max-snippet:-1","max-image-preview":"max-image-preview:large","max-video-preview":"max-video-preview:-1"},"canonical":"https:\/\/raed.academy\/ca\/raed-eventos-temp\/taller-despatx-professional-4-0-adaptacio-i-transformacio-amb-verifactu_\/","og_locale":"ca_ES","og_type":"article","og_title":"Taller Despatx Professional 4.0: Adaptaci\u00f3 i Transformaci\u00f3 amb Verifactu - Reial Acad\u00e8mia Europea de Doctors","og_description":"Com un despatx professional es pot adaptar al nou entorn digital amb Verifactu, transformant la relaci\u00f3 amb els clients i optimitzant la gesti\u00f3 comptable i fiscal","og_url":"https:\/\/raed.academy\/ca\/raed-eventos-temp\/taller-despatx-professional-4-0-adaptacio-i-transformacio-amb-verifactu_\/","og_site_name":"Reial Acad\u00e8mia Europea de Doctors","article_publisher":"http:\/\/fb.me\/raed.academy","article_modified_time":"2026-01-21T12:33:12+00:00","og_image":[{"width":1600,"height":550,"url":"https:\/\/raed.academy\/wp-content\/uploads\/2025\/04\/shutt-empresarios-en-el-siglo-XXI-negocios-softwre-integrado-2.91.webp","type":"image\/webp"}],"twitter_card":"summary_large_image","twitter_site":"@raedacademy","twitter_misc":{"Est. reading time":"3 minutes"},"schema":{"@context":"https:\/\/schema.org","@graph":[{"@type":"WebPage","@id":"https:\/\/raed.academy\/ca\/raed-eventos-temp\/taller-despatx-professional-4-0-adaptacio-i-transformacio-amb-verifactu_\/","url":"https:\/\/raed.academy\/ca\/raed-eventos-temp\/taller-despatx-professional-4-0-adaptacio-i-transformacio-amb-verifactu_\/","name":"Taller Despatx Professional 4.0: Adaptaci\u00f3 i Transformaci\u00f3 amb Verifactu - Reial Acad\u00e8mia Europea de Doctors","isPartOf":{"@id":"https:\/\/raed.academy\/ca\/#website"},"primaryImageOfPage":{"@id":"https:\/\/raed.academy\/ca\/raed-eventos-temp\/taller-despatx-professional-4-0-adaptacio-i-transformacio-amb-verifactu_\/#primaryimage"},"image":{"@id":"https:\/\/raed.academy\/ca\/raed-eventos-temp\/taller-despatx-professional-4-0-adaptacio-i-transformacio-amb-verifactu_\/#primaryimage"},"thumbnailUrl":"https:\/\/raed.academy\/wp-content\/uploads\/2025\/04\/shutt-empresarios-en-el-siglo-XXI-negocios-softwre-integrado-2.91.webp","datePublished":"2025-11-18T18:27:44+00:00","dateModified":"2026-01-21T12:33:12+00:00","description":"Com un despatx professional es pot adaptar al nou entorn digital amb Verifactu, transformant la relaci\u00f3 amb els clients i optimitzant la gesti\u00f3 comptable i fiscal","breadcrumb":{"@id":"https:\/\/raed.academy\/ca\/raed-eventos-temp\/taller-despatx-professional-4-0-adaptacio-i-transformacio-amb-verifactu_\/#breadcrumb"},"inLanguage":"ca-ES","potentialAction":[{"@type":"ReadAction","target":["https:\/\/raed.academy\/ca\/raed-eventos-temp\/taller-despatx-professional-4-0-adaptacio-i-transformacio-amb-verifactu_\/"]}]},{"@type":"ImageObject","inLanguage":"ca-ES","@id":"https:\/\/raed.academy\/ca\/raed-eventos-temp\/taller-despatx-professional-4-0-adaptacio-i-transformacio-amb-verifactu_\/#primaryimage","url":"https:\/\/raed.academy\/wp-content\/uploads\/2025\/04\/shutt-empresarios-en-el-siglo-XXI-negocios-softwre-integrado-2.91.webp","contentUrl":"https:\/\/raed.academy\/wp-content\/uploads\/2025\/04\/shutt-empresarios-en-el-siglo-XXI-negocios-softwre-integrado-2.91.webp","width":1600,"height":550},{"@type":"BreadcrumbList","@id":"https:\/\/raed.academy\/ca\/raed-eventos-temp\/taller-despatx-professional-4-0-adaptacio-i-transformacio-amb-verifactu_\/#breadcrumb","itemListElement":[{"@type":"ListItem","position":1,"name":"Inicio","item":"https:\/\/raed.academy\/ca\/"},{"@type":"ListItem","position":2,"name":"Eventos","item":"https:\/\/raed.academy\/ca\/raed-eventos-temp\/"},{"@type":"ListItem","position":3,"name":"Taller Despatx Professional 4.0: Adaptaci\u00f3 i Transformaci\u00f3 amb Verifactu"}]},{"@type":"WebSite","@id":"https:\/\/raed.academy\/ca\/#website","url":"https:\/\/raed.academy\/ca\/","name":"Reial Acad\u00e8mia Europea de Doctors","description":"Corporaci\u00f3n de derecho p\u00fablico de car\u00e1cter cient\u00edfico, t\u00e9cnico y art\u00edstico, que tiene por objeto la investigaci\u00f3n, el estudio, el fomento y la extensi\u00f3n del conocimiento en su sentido m\u00e1s amplio","publisher":{"@id":"https:\/\/raed.academy\/ca\/#organization"},"potentialAction":[{"@type":"SearchAction","target":{"@type":"EntryPoint","urlTemplate":"https:\/\/raed.academy\/ca\/?s={search_term_string}"},"query-input":{"@type":"PropertyValueSpecification","valueRequired":true,"valueName":"search_term_string"}}],"inLanguage":"ca-ES"},{"@type":"Organization","@id":"https:\/\/raed.academy\/ca\/#organization","name":"Real Academia Europea de Doctores","url":"https:\/\/raed.academy\/ca\/","logo":{"@type":"ImageObject","inLanguage":"ca-ES","@id":"https:\/\/raed.academy\/ca\/#\/schema\/logo\/image\/","url":"https:\/\/raed.academy\/wp-content\/uploads\/2017\/01\/cropped-logo_raed.png","contentUrl":"https:\/\/raed.academy\/wp-content\/uploads\/2017\/01\/cropped-logo_raed.png","width":512,"height":512,"caption":"Real Academia Europea de Doctores"},"image":{"@id":"https:\/\/raed.academy\/ca\/#\/schema\/logo\/image\/"},"sameAs":["http:\/\/fb.me\/raed.academy","https:\/\/x.com\/raedacademy","https:\/\/www.instagram.com\/raed.academy\/","https:\/\/www.youtube.com\/channel\/UCUYQwW2KrdirNWihxMDObwg"]}]}},"_links":{"self":[{"href":"https:\/\/raed.academy\/ca\/wp-json\/wp\/v2\/evento\/175848","targetHints":{"allow":["GET"]}}],"collection":[{"href":"https:\/\/raed.academy\/ca\/wp-json\/wp\/v2\/evento"}],"about":[{"href":"https:\/\/raed.academy\/ca\/wp-json\/wp\/v2\/types\/evento"}],"version-history":[{"count":8,"href":"https:\/\/raed.academy\/ca\/wp-json\/wp\/v2\/evento\/175848\/revisions"}],"predecessor-version":[{"id":178951,"href":"https:\/\/raed.academy\/ca\/wp-json\/wp\/v2\/evento\/175848\/revisions\/178951"}],"wp:featuredmedia":[{"embeddable":true,"href":"https:\/\/raed.academy\/ca\/wp-json\/wp\/v2\/media\/163363"}],"wp:attachment":[{"href":"https:\/\/raed.academy\/ca\/wp-json\/wp\/v2\/media?parent=175848"}],"wp:term":[{"taxonomy":"ubicacion_evento","embeddable":true,"href":"https:\/\/raed.academy\/ca\/wp-json\/wp\/v2\/ubicacion_evento?post=175848"},{"taxonomy":"tipo_evento","embeddable":true,"href":"https:\/\/raed.academy\/ca\/wp-json\/wp\/v2\/tipo_evento?post=175848"},{"taxonomy":"formato_evento","embeddable":true,"href":"https:\/\/raed.academy\/ca\/wp-json\/wp\/v2\/formato_evento?post=175848"}],"curies":[{"name":"wp","href":"https:\/\/api.w.org\/{rel}","templated":true}]}}