{"id":98568,"date":"2020-12-15T15:02:01","date_gmt":"2020-12-15T15:02:01","guid":{"rendered":"https:\/\/raed.academy\/?post_type=dp_events&#038;p=98568"},"modified":"2021-01-28T17:37:11","modified_gmt":"2021-01-28T17:37:11","slug":"acte-dingres-com-academic-dhonor-de-la-raed-dr-francisco-gonzalez-de-posada","status":"publish","type":"dp_events","link":"https:\/\/raed.academy\/ca\/esdeveniments\/acte-dingres-com-academic-dhonor-de-la-raed-dr-francisco-gonzalez-de-posada\/","title":{"rendered":"Acte d\u2019ingr\u00e9s com Acad\u00e8mic d\u2019Honor de la RAED: Dr. Francisco Gonz\u00e1lez de Posada"},"content":{"rendered":"<p>[et_pb_section fb_built=&#8221;1&#8243; module_id=&#8221;evento-detalle&#8221; _builder_version=&#8221;4.7.7&#8243; locked=&#8221;off&#8221;][et_pb_row _builder_version=&#8221;3.25&#8243; background_size=&#8221;initial&#8221; background_position=&#8221;top_left&#8221; background_repeat=&#8221;repeat&#8221;][et_pb_column type=&#8221;4_4&#8243; _builder_version=&#8221;3.25&#8243; custom_padding=&#8221;|||&#8221; custom_padding__hover=&#8221;|||&#8221;][et_pb_post_title meta=&#8221;off&#8221; featured_image=&#8221;off&#8221; _builder_version=&#8221;4.7.7&#8243; _module_preset=&#8221;default&#8221;][\/et_pb_post_title][et_pb_text admin_label=&#8221;Texto &#8211; detalles del evento&#8221; _builder_version=&#8221;4.7.7&#8243; background_size=&#8221;initial&#8221; background_position=&#8221;top_left&#8221; background_repeat=&#8221;repeat&#8221; hover_enabled=&#8221;0&#8243; sticky_enabled=&#8221;0&#8243;]<\/p>\n<p><img loading=\"lazy\" decoding=\"async\" class=\"wp-image-97039 alignright size-full\" src=\"https:\/\/raed.academy\/wp-content\/uploads\/2020\/12\/Francisco-Gonzalez-de-Posada-230x317px.jpg\" alt=\"Francisco Gonz\u00e1lez de Posada\" width=\"230\" height=\"317\" \/><\/p>\n<p>L\u2019<a href=\"https:\/\/raed.academy\/ca\/academics\/dr-francisco-gonzalez-de-posada\/\" target=\"_blank\" rel=\"noopener\"><strong>Excm. Sr. Dr. Francisco Gonz\u00e1lez de Posada<\/strong><\/a>, Dr. en Enginyeria de Camins, Canals i Ports; Dr. en Teologia; Dr. en Filosofia; Dr. en Sociologia; Dr. en Medicina i Dr. en Filologia Hisp\u00e0nica; ingressar\u00e0 com a Acad\u00e8mic d\u2019Honor de la Reial Acad\u00e8mia Europea de Doctors.<\/p>\n<p><strong>Discurs d\u2019ingr\u00e9s: <\/strong><a href=\"https:\/\/raed.academy\/wp-content\/uploads\/2020\/12\/discurso-ingreso-Francisco-Gonzalez-de-Posada.El-aritmometro-electromecanico-de-Torres-Quevedo-cmpr.pdf\" target=\"_blank\" rel=\"noopener\"><strong>\u201cEl aritm\u00f3metro electromec\u00e1nico de Torres Quevedo (1920), primer ordenador. Conmemoraci\u00f3n de su centenario (2020) a la luz de la historia de la ciencia del \u00faltimo siglo\u201d<\/strong><\/a><\/p>\n<p><strong>Respon: <a href=\"https:\/\/raed.academy\/ca\/academics\/dr-jose-ramon-calvo-fernandez\/\" target=\"_blank\" rel=\"noopener noreferrer\">Dr. Jos\u00e9 Ram\u00f3n Calvo Fern\u00e1ndez<\/a><\/strong>, Doctor en Medicina y Cirurgia<strong><br \/><\/strong><\/p>\n<p><strong>Lloc: <\/strong>Sala d&#039;actes de Foment del Treball (tancat al public)<\/p>\n<p><strong>Organitzador:<\/strong> Reial Acad\u00e8mia Europea de Doctors<\/p>\n<p><strong>Data:<\/strong> 15 Desembre 2020<\/p>\n<p><strong>Hora:<\/strong> 17:30h<\/p>\n<p><strong>M\u00e9s informaci\u00f3: <\/strong><a href=\"mailto:secretaria@raed.academy\">secretaria@raed.academy<\/a><\/p>\n<p>[\/et_pb_text][et_pb_video src=&#8221;https:\/\/youtu.be\/sO-970Kpz48&#8243; play_icon_color=&#8221;#FFFFFF&#8221; thumbnail_overlay_color=&#8221;rgba(0,0,0,0.6)&#8221; src_tablet=&#8221;&#8221; src_phone=&#8221;&#8221; src_last_edited=&#8221;on|desktop&#8221; _builder_version=&#8221;4.7.7&#8243; _module_preset=&#8221;default&#8221; animation_style=&#8221;flip&#8221; animation_direction=&#8221;top&#8221;][\/et_pb_video][et_pb_code admin_label=&#8221;C\u00f3digo &#8211; descarga de la invitaci\u00f3n y compartir en redes&#8221; _builder_version=&#8221;4.7.7&#8243; z_index_tablet=&#8221;500&#8243; locked=&#8221;off&#8221;]<ul class=\"et_pb_module et_pb_social_media_follow event_et_pb_social_media_follow\"> <li> <a target=\"blank\" href=\"http:\/\/www.facebook.com\/share.php?u=https:\/\/raed.academy\/ca\/esdeveniments\/acte-dingres-com-academic-dhonor-de-la-raed-dr-francisco-gonzalez-de-posada\/&title=Acte d\u2019ingr\u00e9s com Acad\u00e8mic d\u2019Honor de la RAED: Dr. Francisco Gonz\u00e1lez de Posada\"><i class=\"et-pb-icon social-icon facebook-icon event_social_icon\" >&#xe0aa;<\/i><\/a><\/li><li> <a target=\"blank\" href=\"https:\/\/twitter.com\/share?text=Acte%20d%E2%80%99ingr%C3%A9s%20com%20Acad%C3%A8mic%20d%E2%80%99Honor%20de%20la%20RAED%3A%20Dr.%20Francisco%20Gonz%C3%A1lez%20de%20Posada&url=https:\/\/raed.academy\/ca\/esdeveniments\/acte-dingres-com-academic-dhonor-de-la-raed-dr-francisco-gonzalez-de-posada\/\"><i class=\"et-pb-icon social-icon twitter-icon event_social_icon\" >&#xe0ab;<\/i><\/a><\/li><li> <a target=\"blank\" href=\"https:\/\/www.linkedin.com\/shareArticle?mini=true&url=https:\/\/raed.academy\/ca\/esdeveniments\/acte-dingres-com-academic-dhonor-de-la-raed-dr-francisco-gonzalez-de-posada\/&title=Acte%20d%E2%80%99ingr%C3%A9s%20com%20Acad%C3%A8mic%20d%E2%80%99Honor%20de%20la%20RAED%3A%20Dr.%20Francisco%20Gonz%C3%A1lez%20de%20Posada&source=https:\/\/raed.academy\/ca\/\"><i class=\"et-pb-icon social-icon linkedin-icon event_social_icon\" >&#xe0b4;<\/i><\/a><\/li><\/ul>[\/et_pb_code][\/et_pb_column][\/et_pb_row][\/et_pb_section]<\/p>\n","protected":false},"excerpt":{"rendered":"<p>El Dr. Francisco Gonz\u00e1lez de Posada ingressa a la RAED amb el discurs  \u201cEl aritm\u00f3metro electromec\u00e1nico de Torres Quevedo (1920), primer ordenador. Conmemoraci\u00f3n de su centenario (2020) a la luz de la historia de la ciencia del \u00faltimo siglo\u201d<\/p>\n","protected":false},"featured_media":97043,"template":"","meta":{"_et_pb_use_builder":"on","_et_pb_old_content":"<p>[et_pb_section fb_built=\"1\" module_id=\"evento-detalle\" _builder_version=\"4.7.7\" locked=\"off\"][et_pb_row _builder_version=\"3.25\" background_size=\"initial\" background_position=\"top_left\" background_repeat=\"repeat\"][et_pb_column type=\"4_4\" _builder_version=\"3.25\" custom_padding=\"|||\" custom_padding__hover=\"|||\"][et_pb_post_title meta=\"off\" featured_image=\"off\" _builder_version=\"4.7.7\" _module_preset=\"default\"][\/et_pb_post_title][et_pb_text admin_label=\"Texto - detalles del evento\" _builder_version=\"4.7.7\" background_size=\"initial\" background_position=\"top_left\" background_repeat=\"repeat\" hover_enabled=\"0\" sticky_enabled=\"0\"]<\/p><p><img class=\"wp-image-97039 alignright size-full\" src=\"https:\/\/raed.academy\/wp-content\/uploads\/2020\/12\/Francisco-Gonzalez-de-Posada-230x317px.jpg\" alt=\"Francisco Gonz\u00e1lez de Posada\" width=\"230\" height=\"317\" \/>El <a href=\"https:\/\/raed.academy\/ca\/academics\/dr-francisco-gonzalez-de-posada\/\" target=\"_blank\" rel=\"noopener\"><strong>Excmo. Sr. Dr. Francisco Gonz\u00e1lez de Posada<\/strong><\/a>, Dr. en Ingenier\u00eda de Caminos, Canales y Puertos; Dr. en Teolog\u00eda; Dr. en Filosof\u00eda; Dr. en Sociolog\u00eda; Dr. en Medicina y Dr. en Filolog\u00eda Hisp\u00e1nica; ingresa como Acad\u00e9mico de Honor de la Real Academia Europea de Doctores.<\/p><p><strong>Discurso de ingreso:<\/strong> <a href=\"https:\/\/raed.academy\/wp-content\/uploads\/2020\/12\/discurso-ingreso-Francisco-Gonzalez-de-Posada.El-aritmometro-electromecanico-de-Torres-Quevedo-cmpr.pdf\" target=\"_blank\" rel=\"noopener\"><strong>\u201cEl aritm\u00f3metro electromec\u00e1nico de Torres Quevedo (1920), primer ordenador. Conmemoraci\u00f3n de su centenario (2020) a la luz de la historia de la ciencia del \u00faltimo siglo\u201d<\/strong><\/a><\/p><p><strong>Responde: <a href=\"https:\/\/raed.academy\/academicos\/dr-jose-ramon-calvo-fernandez\/\" target=\"_blank\" rel=\"noopener noreferrer\">Dr. Jos\u00e9 Ram\u00f3n Calvo Fern\u00e1ndez<\/a><\/strong>, Doctor en Medicina y Cirug\u00eda<strong><br \/><\/strong><\/p><p><strong>Lugar: <\/strong>[DP_Single_Event_Venue_Address]<\/p><p><strong>Organizador:<\/strong> [DP_Single_Event_Organizer_Name]<\/p><p><strong>Fecha:<\/strong> [DP_Single_Event_Start_Date dem_start_date_format=\"d F Y\"]<\/p><p><strong>Hora:<\/strong> [DP_Single_Event_Start_Time]h<\/p><p><strong>M\u00e1s informaci\u00f3n: <\/strong>[DP_Single_Event_Email_Address]<\/p><p>[\/et_pb_text][et_pb_video src=\"https:\/\/youtu.be\/sO-970Kpz48\" play_icon_color=\"#FFFFFF\" thumbnail_overlay_color=\"rgba(0,0,0,0.6)\" src_tablet=\"\" src_phone=\"\" src_last_edited=\"on|desktop\" _builder_version=\"4.7.7\" _module_preset=\"default\" animation_style=\"flip\" animation_direction=\"top\"][\/et_pb_video][et_pb_code admin_label=\"C\u00f3digo - descarga de la invitaci\u00f3n y compartir en redes\" _builder_version=\"4.7.7\" hover_enabled=\"0\" z_index_tablet=\"500\" locked=\"off\" sticky_enabled=\"0\"][DP_Single_Social_Icon][\/et_pb_code][\/et_pb_column][\/et_pb_row][\/et_pb_section]<\/p>","_et_gb_content_width":""},"class_list":["post-98568","dp_events","type-dp_events","status-publish","has-post-thumbnail","hentry"],"yoast_head":"<!-- This site is optimized with the Yoast SEO plugin v27.5 - https:\/\/yoast.com\/product\/yoast-seo-wordpress\/ -->\n<title>Ingressa a la RAED: Francisco Gonz\u00e1lez de Posada - Reial Acad\u00e8mia Europea de Doctors<\/title>\n<meta name=\"description\" content=\"Ingressa com Acad\u00e8mic d\u2019Honor, amb un discurs sobre l&#039;aritm\u00f2metre electromec\u00e0nic de Torres Quevedo (1920)\" \/>\n<meta name=\"robots\" content=\"index, follow, max-snippet:-1, max-image-preview:large, max-video-preview:-1\" \/>\n<link rel=\"canonical\" href=\"https:\/\/raed.academy\/ca\/esdeveniments\/acte-dingres-com-academic-dhonor-de-la-raed-dr-francisco-gonzalez-de-posada\/\" \/>\n<meta property=\"og:locale\" content=\"ca_ES\" \/>\n<meta property=\"og:type\" content=\"article\" \/>\n<meta property=\"og:title\" content=\"Ingressa a la RAED: Francisco Gonz\u00e1lez de Posada - Reial Acad\u00e8mia Europea de Doctors\" \/>\n<meta property=\"og:description\" content=\"Ingressa com Acad\u00e8mic d\u2019Honor, amb un discurs sobre l&#039;aritm\u00f2metre electromec\u00e0nic de Torres Quevedo (1920)\" \/>\n<meta property=\"og:url\" content=\"https:\/\/raed.academy\/ca\/esdeveniments\/acte-dingres-com-academic-dhonor-de-la-raed-dr-francisco-gonzalez-de-posada\/\" \/>\n<meta property=\"og:site_name\" content=\"Reial Acad\u00e8mia Europea de Doctors\" \/>\n<meta property=\"article:publisher\" content=\"http:\/\/fb.me\/raed.academy\" \/>\n<meta property=\"article:modified_time\" content=\"2021-01-28T17:37:11+00:00\" \/>\n<meta property=\"og:image\" content=\"https:\/\/raed.academy\/wp-content\/uploads\/2020\/12\/Francisco-Gonzalez-de-Posada-dstNtc.jpg\" \/>\n\t<meta property=\"og:image:width\" content=\"500\" \/>\n\t<meta property=\"og:image:height\" content=\"300\" \/>\n\t<meta property=\"og:image:type\" content=\"image\/jpeg\" \/>\n<meta name=\"twitter:card\" content=\"summary_large_image\" \/>\n<meta name=\"twitter:site\" content=\"@raedacademy\" \/>\n<meta name=\"twitter:label1\" content=\"Est. reading time\" \/>\n\t<meta name=\"twitter:data1\" content=\"1 minute\" \/>\n<script type=\"application\/ld+json\" class=\"yoast-schema-graph\">{\"@context\":\"https:\\\/\\\/schema.org\",\"@graph\":[{\"@type\":\"WebPage\",\"@id\":\"https:\\\/\\\/raed.academy\\\/ca\\\/esdeveniments\\\/acte-dingres-com-academic-dhonor-de-la-raed-dr-francisco-gonzalez-de-posada\\\/\",\"url\":\"https:\\\/\\\/raed.academy\\\/ca\\\/esdeveniments\\\/acte-dingres-com-academic-dhonor-de-la-raed-dr-francisco-gonzalez-de-posada\\\/\",\"name\":\"Ingressa a la RAED: Francisco Gonz\u00e1lez de Posada - Reial Acad\u00e8mia Europea de Doctors\",\"isPartOf\":{\"@id\":\"https:\\\/\\\/raed.academy\\\/ca\\\/#website\"},\"primaryImageOfPage\":{\"@id\":\"https:\\\/\\\/raed.academy\\\/ca\\\/esdeveniments\\\/acte-dingres-com-academic-dhonor-de-la-raed-dr-francisco-gonzalez-de-posada\\\/#primaryimage\"},\"image\":{\"@id\":\"https:\\\/\\\/raed.academy\\\/ca\\\/esdeveniments\\\/acte-dingres-com-academic-dhonor-de-la-raed-dr-francisco-gonzalez-de-posada\\\/#primaryimage\"},\"thumbnailUrl\":\"https:\\\/\\\/raed.academy\\\/wp-content\\\/uploads\\\/2020\\\/12\\\/Francisco-Gonzalez-de-Posada-dstNtc.jpg\",\"datePublished\":\"2020-12-15T15:02:01+00:00\",\"dateModified\":\"2021-01-28T17:37:11+00:00\",\"description\":\"Ingressa com Acad\u00e8mic d\u2019Honor, amb un discurs sobre l'aritm\u00f2metre electromec\u00e0nic de Torres Quevedo (1920)\",\"breadcrumb\":{\"@id\":\"https:\\\/\\\/raed.academy\\\/ca\\\/esdeveniments\\\/acte-dingres-com-academic-dhonor-de-la-raed-dr-francisco-gonzalez-de-posada\\\/#breadcrumb\"},\"inLanguage\":\"ca-ES\",\"potentialAction\":[{\"@type\":\"ReadAction\",\"target\":[\"https:\\\/\\\/raed.academy\\\/ca\\\/esdeveniments\\\/acte-dingres-com-academic-dhonor-de-la-raed-dr-francisco-gonzalez-de-posada\\\/\"]}]},{\"@type\":\"ImageObject\",\"inLanguage\":\"ca-ES\",\"@id\":\"https:\\\/\\\/raed.academy\\\/ca\\\/esdeveniments\\\/acte-dingres-com-academic-dhonor-de-la-raed-dr-francisco-gonzalez-de-posada\\\/#primaryimage\",\"url\":\"https:\\\/\\\/raed.academy\\\/wp-content\\\/uploads\\\/2020\\\/12\\\/Francisco-Gonzalez-de-Posada-dstNtc.jpg\",\"contentUrl\":\"https:\\\/\\\/raed.academy\\\/wp-content\\\/uploads\\\/2020\\\/12\\\/Francisco-Gonzalez-de-Posada-dstNtc.jpg\",\"width\":500,\"height\":300,\"caption\":\"Francisco Gonz\u00e1lez de Posada\"},{\"@type\":\"BreadcrumbList\",\"@id\":\"https:\\\/\\\/raed.academy\\\/ca\\\/esdeveniments\\\/acte-dingres-com-academic-dhonor-de-la-raed-dr-francisco-gonzalez-de-posada\\\/#breadcrumb\",\"itemListElement\":[{\"@type\":\"ListItem\",\"position\":1,\"name\":\"Inicio\",\"item\":\"https:\\\/\\\/raed.academy\\\/ca\\\/\"},{\"@type\":\"ListItem\",\"position\":2,\"name\":\"Activitats\",\"item\":\"https:\\\/\\\/raed.academy\\\/ca\\\/esdeveniments\\\/\"},{\"@type\":\"ListItem\",\"position\":3,\"name\":\"Acte d\u2019ingr\u00e9s com Acad\u00e8mic d\u2019Honor de la RAED: Dr. Francisco Gonz\u00e1lez de Posada\"}]},{\"@type\":\"WebSite\",\"@id\":\"https:\\\/\\\/raed.academy\\\/ca\\\/#website\",\"url\":\"https:\\\/\\\/raed.academy\\\/ca\\\/\",\"name\":\"Reial Acad\u00e8mia Europea de Doctors\",\"description\":\"Corporaci\u00f3n de derecho p\u00fablico de car\u00e1cter cient\u00edfico, t\u00e9cnico y art\u00edstico, que tiene por objeto la investigaci\u00f3n, el estudio, el fomento y la extensi\u00f3n del conocimiento en su sentido m\u00e1s amplio\",\"publisher\":{\"@id\":\"https:\\\/\\\/raed.academy\\\/ca\\\/#organization\"},\"potentialAction\":[{\"@type\":\"SearchAction\",\"target\":{\"@type\":\"EntryPoint\",\"urlTemplate\":\"https:\\\/\\\/raed.academy\\\/ca\\\/?s={search_term_string}\"},\"query-input\":{\"@type\":\"PropertyValueSpecification\",\"valueRequired\":true,\"valueName\":\"search_term_string\"}}],\"inLanguage\":\"ca-ES\"},{\"@type\":\"Organization\",\"@id\":\"https:\\\/\\\/raed.academy\\\/ca\\\/#organization\",\"name\":\"Real Academia Europea de Doctores\",\"url\":\"https:\\\/\\\/raed.academy\\\/ca\\\/\",\"logo\":{\"@type\":\"ImageObject\",\"inLanguage\":\"ca-ES\",\"@id\":\"https:\\\/\\\/raed.academy\\\/ca\\\/#\\\/schema\\\/logo\\\/image\\\/\",\"url\":\"https:\\\/\\\/raed.academy\\\/wp-content\\\/uploads\\\/2017\\\/01\\\/cropped-logo_raed.png\",\"contentUrl\":\"https:\\\/\\\/raed.academy\\\/wp-content\\\/uploads\\\/2017\\\/01\\\/cropped-logo_raed.png\",\"width\":512,\"height\":512,\"caption\":\"Real Academia Europea de Doctores\"},\"image\":{\"@id\":\"https:\\\/\\\/raed.academy\\\/ca\\\/#\\\/schema\\\/logo\\\/image\\\/\"},\"sameAs\":[\"http:\\\/\\\/fb.me\\\/raed.academy\",\"https:\\\/\\\/x.com\\\/raedacademy\",\"https:\\\/\\\/www.instagram.com\\\/raed.academy\\\/\",\"https:\\\/\\\/www.youtube.com\\\/channel\\\/UCUYQwW2KrdirNWihxMDObwg\"]}]}<\/script>\n<!-- \/ Yoast SEO plugin. -->","yoast_head_json":{"title":"Ingressa a la RAED: Francisco Gonz\u00e1lez de Posada - Reial Acad\u00e8mia Europea de Doctors","description":"Ingressa com Acad\u00e8mic d\u2019Honor, amb un discurs sobre l'aritm\u00f2metre electromec\u00e0nic de Torres Quevedo (1920)","robots":{"index":"index","follow":"follow","max-snippet":"max-snippet:-1","max-image-preview":"max-image-preview:large","max-video-preview":"max-video-preview:-1"},"canonical":"https:\/\/raed.academy\/ca\/esdeveniments\/acte-dingres-com-academic-dhonor-de-la-raed-dr-francisco-gonzalez-de-posada\/","og_locale":"ca_ES","og_type":"article","og_title":"Ingressa a la RAED: Francisco Gonz\u00e1lez de Posada - Reial Acad\u00e8mia Europea de Doctors","og_description":"Ingressa com Acad\u00e8mic d\u2019Honor, amb un discurs sobre l'aritm\u00f2metre electromec\u00e0nic de Torres Quevedo (1920)","og_url":"https:\/\/raed.academy\/ca\/esdeveniments\/acte-dingres-com-academic-dhonor-de-la-raed-dr-francisco-gonzalez-de-posada\/","og_site_name":"Reial Acad\u00e8mia Europea de Doctors","article_publisher":"http:\/\/fb.me\/raed.academy","article_modified_time":"2021-01-28T17:37:11+00:00","og_image":[{"width":500,"height":300,"url":"https:\/\/raed.academy\/wp-content\/uploads\/2020\/12\/Francisco-Gonzalez-de-Posada-dstNtc.jpg","type":"image\/jpeg"}],"twitter_card":"summary_large_image","twitter_site":"@raedacademy","twitter_misc":{"Est. reading time":"1 minute"},"schema":{"@context":"https:\/\/schema.org","@graph":[{"@type":"WebPage","@id":"https:\/\/raed.academy\/ca\/esdeveniments\/acte-dingres-com-academic-dhonor-de-la-raed-dr-francisco-gonzalez-de-posada\/","url":"https:\/\/raed.academy\/ca\/esdeveniments\/acte-dingres-com-academic-dhonor-de-la-raed-dr-francisco-gonzalez-de-posada\/","name":"Ingressa a la RAED: Francisco Gonz\u00e1lez de Posada - Reial Acad\u00e8mia Europea de Doctors","isPartOf":{"@id":"https:\/\/raed.academy\/ca\/#website"},"primaryImageOfPage":{"@id":"https:\/\/raed.academy\/ca\/esdeveniments\/acte-dingres-com-academic-dhonor-de-la-raed-dr-francisco-gonzalez-de-posada\/#primaryimage"},"image":{"@id":"https:\/\/raed.academy\/ca\/esdeveniments\/acte-dingres-com-academic-dhonor-de-la-raed-dr-francisco-gonzalez-de-posada\/#primaryimage"},"thumbnailUrl":"https:\/\/raed.academy\/wp-content\/uploads\/2020\/12\/Francisco-Gonzalez-de-Posada-dstNtc.jpg","datePublished":"2020-12-15T15:02:01+00:00","dateModified":"2021-01-28T17:37:11+00:00","description":"Ingressa com Acad\u00e8mic d\u2019Honor, amb un discurs sobre l'aritm\u00f2metre electromec\u00e0nic de Torres Quevedo (1920)","breadcrumb":{"@id":"https:\/\/raed.academy\/ca\/esdeveniments\/acte-dingres-com-academic-dhonor-de-la-raed-dr-francisco-gonzalez-de-posada\/#breadcrumb"},"inLanguage":"ca-ES","potentialAction":[{"@type":"ReadAction","target":["https:\/\/raed.academy\/ca\/esdeveniments\/acte-dingres-com-academic-dhonor-de-la-raed-dr-francisco-gonzalez-de-posada\/"]}]},{"@type":"ImageObject","inLanguage":"ca-ES","@id":"https:\/\/raed.academy\/ca\/esdeveniments\/acte-dingres-com-academic-dhonor-de-la-raed-dr-francisco-gonzalez-de-posada\/#primaryimage","url":"https:\/\/raed.academy\/wp-content\/uploads\/2020\/12\/Francisco-Gonzalez-de-Posada-dstNtc.jpg","contentUrl":"https:\/\/raed.academy\/wp-content\/uploads\/2020\/12\/Francisco-Gonzalez-de-Posada-dstNtc.jpg","width":500,"height":300,"caption":"Francisco Gonz\u00e1lez de Posada"},{"@type":"BreadcrumbList","@id":"https:\/\/raed.academy\/ca\/esdeveniments\/acte-dingres-com-academic-dhonor-de-la-raed-dr-francisco-gonzalez-de-posada\/#breadcrumb","itemListElement":[{"@type":"ListItem","position":1,"name":"Inicio","item":"https:\/\/raed.academy\/ca\/"},{"@type":"ListItem","position":2,"name":"Activitats","item":"https:\/\/raed.academy\/ca\/esdeveniments\/"},{"@type":"ListItem","position":3,"name":"Acte d\u2019ingr\u00e9s com Acad\u00e8mic d\u2019Honor de la RAED: Dr. Francisco Gonz\u00e1lez de Posada"}]},{"@type":"WebSite","@id":"https:\/\/raed.academy\/ca\/#website","url":"https:\/\/raed.academy\/ca\/","name":"Reial Acad\u00e8mia Europea de Doctors","description":"Corporaci\u00f3n de derecho p\u00fablico de car\u00e1cter cient\u00edfico, t\u00e9cnico y art\u00edstico, que tiene por objeto la investigaci\u00f3n, el estudio, el fomento y la extensi\u00f3n del conocimiento en su sentido m\u00e1s amplio","publisher":{"@id":"https:\/\/raed.academy\/ca\/#organization"},"potentialAction":[{"@type":"SearchAction","target":{"@type":"EntryPoint","urlTemplate":"https:\/\/raed.academy\/ca\/?s={search_term_string}"},"query-input":{"@type":"PropertyValueSpecification","valueRequired":true,"valueName":"search_term_string"}}],"inLanguage":"ca-ES"},{"@type":"Organization","@id":"https:\/\/raed.academy\/ca\/#organization","name":"Real Academia Europea de Doctores","url":"https:\/\/raed.academy\/ca\/","logo":{"@type":"ImageObject","inLanguage":"ca-ES","@id":"https:\/\/raed.academy\/ca\/#\/schema\/logo\/image\/","url":"https:\/\/raed.academy\/wp-content\/uploads\/2017\/01\/cropped-logo_raed.png","contentUrl":"https:\/\/raed.academy\/wp-content\/uploads\/2017\/01\/cropped-logo_raed.png","width":512,"height":512,"caption":"Real Academia Europea de Doctores"},"image":{"@id":"https:\/\/raed.academy\/ca\/#\/schema\/logo\/image\/"},"sameAs":["http:\/\/fb.me\/raed.academy","https:\/\/x.com\/raedacademy","https:\/\/www.instagram.com\/raed.academy\/","https:\/\/www.youtube.com\/channel\/UCUYQwW2KrdirNWihxMDObwg"]}]}},"_links":{"self":[{"href":"https:\/\/raed.academy\/ca\/wp-json\/wp\/v2\/dp_events\/98568","targetHints":{"allow":["GET"]}}],"collection":[{"href":"https:\/\/raed.academy\/ca\/wp-json\/wp\/v2\/dp_events"}],"about":[{"href":"https:\/\/raed.academy\/ca\/wp-json\/wp\/v2\/types\/dp_events"}],"wp:featuredmedia":[{"embeddable":true,"href":"https:\/\/raed.academy\/ca\/wp-json\/wp\/v2\/media\/97043"}],"wp:attachment":[{"href":"https:\/\/raed.academy\/ca\/wp-json\/wp\/v2\/media?parent=98568"}],"curies":[{"name":"wp","href":"https:\/\/api.w.org\/{rel}","templated":true}]}}