{"id":171551,"date":"2025-09-02T08:15:30","date_gmt":"2025-09-02T08:15:30","guid":{"rendered":"https:\/\/raed.academy\/?post_type=dp_events&#038;p=171551"},"modified":"2025-11-12T17:27:43","modified_gmt":"2025-11-12T17:27:43","slug":"elisabeth-arrojo-alvarez-ingressa-com-a-academica-de-numero-de-la-raed","status":"publish","type":"dp_events","link":"https:\/\/raed.academy\/ca\/esdeveniments\/elisabeth-arrojo-alvarez-ingressa-com-a-academica-de-numero-de-la-raed\/","title":{"rendered":"Elisabeth Arrojo \u00c1lvarez ingressa com a Acad\u00e8mica de N\u00famero de la RAED"},"content":{"rendered":"<p>[et_pb_section fb_built=&#8221;1&#8243; fullwidth=&#8221;on&#8221; _builder_version=&#8221;4.27.4&#8243; _module_preset=&#8221;default&#8221; locked=&#8221;off&#8221; global_colors_info=&#8221;{}&#8221;][et_pb_fullwidth_image src=&#8221;https:\/\/raed.academy\/wp-content\/uploads\/2025\/10\/bioetica-en-la-relacion-medico-paciente-humanidad-y-alma-en-la-medicina-shutt-2.91.webp&#8221; title_text=&#8221;bioetica-en-la-relacion-medico-paciente-humanidad-y-alma-en-la-medicina-shutt-2.91&#8243; _builder_version=&#8221;4.27.4&#8243; _module_preset=&#8221;default&#8221; global_colors_info=&#8221;{}&#8221;][\/et_pb_fullwidth_image][\/et_pb_section][et_pb_section fb_built=&#8221;1&#8243; admin_label=&#8221;Secci\u00f3n&#8221; _builder_version=&#8221;4.27.4&#8243; _module_preset=&#8221;default&#8221; custom_padding=&#8221;0px|||||&#8221; locked=&#8221;off&#8221; global_colors_info=&#8221;{}&#8221;][et_pb_row admin_label=&#8221;Fila&#8221; _builder_version=&#8221;4.24.3&#8243; _module_preset=&#8221;default&#8221; max_width=&#8221;1400px&#8221; global_colors_info=&#8221;{}&#8221;][et_pb_column type=&#8221;4_4&#8243; _builder_version=&#8221;4.16&#8243; _module_preset=&#8221;default&#8221; global_colors_info=&#8221;{}&#8221;][et_pb_code admin_label=&#8221;Breadcrumb Yoast&#8221; _builder_version=&#8221;4.27.4&#8243; _module_preset=&#8221;default&#8221; locked=&#8221;off&#8221; global_colors_info=&#8221;{}&#8221;]<span><span><a href=\"https:\/\/raed.academy\/ca\/\">Inicio<\/a><\/span><\/span>[\/et_pb_code][et_pb_post_title meta=&#8221;off&#8221; featured_image=&#8221;off&#8221; admin_label=&#8221;T\u00edtulo de publicaci\u00f3n&#8221; _builder_version=&#8221;4.27.4&#8243; _module_preset=&#8221;default&#8221; title_font_size=&#8221;40px&#8221; title_font_size_tablet=&#8221;28px&#8221; title_font_size_phone=&#8221;28px&#8221; title_font_size_last_edited=&#8221;on|desktop&#8221; global_colors_info=&#8221;{}&#8221;][\/et_pb_post_title][et_pb_text admin_label=&#8221;Detalles evento&#8221; _builder_version=&#8221;4.27.4&#8243; _module_preset=&#8221;default&#8221; global_colors_info=&#8221;{}&#8221;]<\/p>\n<p>L&#8217;<a href=\"https:\/\/raed.academy\/ca\/academics\/dra-elisabeth-arrojo-estefania-alvarez\/\"><strong>Excma. Sra. Dra. Elisabeth Arrojo \u00c1lvarez<\/strong><\/a>, Doctora en Medicina, ingressa com a Acad\u00e8mica de N\u00famero de la Reial Acad\u00e8mia Europea de Doctors, amb el discurs<strong> &#8220;La salud compartida: del m\u00e9dico que siembra ciencia y humanidad, al paciente que cultiva y cosecha vida&#8221;<\/strong>.<\/p>\n<p><strong>Respon<\/strong>: <a href=\"https:\/\/raed.academy\/ca\/academics\/dr-jose-ramon-calvo-fernandez\/\"><strong>Excm. Sr. Dr. Jos\u00e9 Ram\u00f3n Calvo Fern\u00e1ndez<\/strong><\/a>, Acad\u00e8mic de N\u00famero i President de l&#8217;Institut de Cooperaci\u00f3 Internacional de la RAED<\/p>\n<p class=\"ubicacion-evento\">Gran Amfiteatre del Col\u00b7legi de Metges de Madrid, al C. de Sta. Isabel, 51, Madrid, 28012, Madrid<\/p>\n<p class=\"fecha-evento\">Dimecres, 22 Octubre 2025<\/p>\n<p class=\"hora-evento\">18:00 h<\/p>\n<p><strong>Format:<\/strong> Presencial<\/p>\n<p><strong>Inscripci\u00f3: <\/strong>Es prega confirmaci\u00f3 d&#8217;assist\u00e8ncia a Secretaria:\u00a0<a href=\"mailto:secretaria@raed.academy\"><strong>secretaria@raed.academy<\/strong><\/a> o al <strong>tel. 93 667 40 54<\/strong><\/p>\n<p>[\/et_pb_text][et_pb_text admin_label=&#8221;Abstract&#8221; _builder_version=&#8221;4.27.4&#8243; _module_preset=&#8221;default&#8221; global_colors_info=&#8221;{}&#8221;]<\/p>\n<h2>La salut compartida: del metge que sembra ci\u00e8ncia i humanitat, al pacient que cultiva i collita vida<\/h2>\n<p><img loading=\"lazy\" decoding=\"async\" class=\"wp-image-171547 aligncenter size-full\" src=\"https:\/\/raed.academy\/wp-content\/uploads\/2025\/10\/Dra-Elisabeth-Arrojo-Alvarez-1.67.webp\" alt=\"\" width=\"1200\" height=\"720\" srcset=\"https:\/\/raed.academy\/wp-content\/uploads\/2025\/10\/Dra-Elisabeth-Arrojo-Alvarez-1.67.webp 1200w, https:\/\/raed.academy\/wp-content\/uploads\/2025\/10\/Dra-Elisabeth-Arrojo-Alvarez-1.67-768x461.webp 768w, https:\/\/raed.academy\/wp-content\/uploads\/2025\/10\/Dra-Elisabeth-Arrojo-Alvarez-1.67-1080x648.webp 1080w, https:\/\/raed.academy\/wp-content\/uploads\/2025\/10\/Dra-Elisabeth-Arrojo-Alvarez-1.67-627x376.webp 627w, https:\/\/raed.academy\/wp-content\/uploads\/2025\/10\/Dra-Elisabeth-Arrojo-Alvarez-1.67-440x264.webp 440w\" sizes=\"(max-width: 1200px) 100vw, 1200px\" \/><\/p>\n<p>La <strong>Dra. Elisabeth Arrojo<\/strong>, onc\u00f2loga l\u00edder internacional en el tractament del c\u00e0ncer i fundadora de l&#8217;<a href=\"https:\/\/inmoa.es\/\" target=\"_blank\" rel=\"noopener\"><strong>Institut M\u00e8dic d&#8217;Oncologia Avan\u00e7ada (INMOA)<\/strong><\/a> i del <a href=\"https:\/\/prevenirelcancer.com\/\" target=\"_blank\" rel=\"noopener\"><strong>Centre Nacional de Prevenci\u00f3 del C\u00e0ncer a Espanya<\/strong><\/a>, oferir\u00e0 un discurs inspirador sobre la necessitat de tornar \u00e0nima i humanitat a la medicina, aix\u00ed com coneixement i responsabilitat en la preservaci\u00f3 de la salut, sin\u00f3 tamb\u00e9 en la preservaci\u00f3 de la salut.<\/p>\n<p>Aportar\u00e0 dades tan reveladores com que el 40% dels casos de c\u00e0ncer es podrien prevenir adoptant h\u00e0bits de vida saludables. La seva intervenci\u00f3 recorrer\u00e0 la hist\u00f2ria i el futur de la ci\u00e8ncia, la filosofia i la compassi\u00f3, mostrant com l&#8217;aven\u00e7 cient\u00edfic del segle XXI nom\u00e9s arriba a la seva plenitud quan s&#8217;uneix a la saviesa humanista i a la cura emocional. Des de la seva experi\u00e8ncia pionera en oncologia, amb un abordatge integral centrat en la persona i no nom\u00e9s en la malaltia, defensar\u00e0 una medicina que combini innovaci\u00f3 i evid\u00e8ncia amb empatia, consci\u00e8ncia, responsabilitat i sentit \u00e8tic. Al llarg del seu discurs, compartir\u00e0 claus perqu\u00e8 cada individu \u2014pacient, professional o ciutad\u00e0\u2014 descobreixi com pot contribuir, des de la pr\u00f2pia vida i experi\u00e8ncia, a la prevenci\u00f3 i la curaci\u00f3 del c\u00e0ncer. Perqu\u00e8, com recordareu, la veritable revoluci\u00f3 m\u00e8dica no consisteix nom\u00e9s a curar, sin\u00f3 a cuidar, acompanyar i transformar la salut en un acte d&#8217;amor, responsabilitat i consci\u00e8ncia.<\/p>\n<p>[\/et_pb_text][et_pb_code admin_label=&#8221;C\u00f3digo v\u00eddeo&#8221; _builder_version=&#8221;4.27.4&#8243; _module_preset=&#8221;default&#8221; custom_margin=&#8221;||75px|||&#8221; hover_enabled=&#8221;0&#8243; global_colors_info=&#8221;{}&#8221; sticky_enabled=&#8221;0&#8243;]<iframe loading=\"lazy\" width=\"1275\" height=\"717\" src=\"https:\/\/www.youtube.com\/embed\/UncCqUJAWUM\" title=\"Ceremonia de ingreso en la RAED de la Dra. Elisabeth Arrojo \u00c1lvarez\" frameborder=\"0\" allow=\"accelerometer; autoplay; clipboard-write; encrypted-media; gyroscope; picture-in-picture; web-share\" referrerpolicy=\"strict-origin-when-cross-origin\" allowfullscreen><\/iframe>[\/et_pb_code][et_pb_text admin_label=&#8221;hashtags y shortcode mapa&#8221; module_class=&#8221;hashtag&#8221; _builder_version=&#8221;4.24.2&#8243; _module_preset=&#8221;default&#8221; locked=&#8221;off&#8221; global_colors_info=&#8221;{}&#8221;]<iframe id=\"map_iframe\"  frameborder=\"0\" scrolling=\"no\" marginheight=\"0\" marginwidth=\"0\" src=\"https:\/\/maps.google.it\/maps?q=Gran Amfiteatre del Col\u00b7legi de Metges de Madrid, al C. de Sta. Isabel, 51, Madrid, 28012, Madrid&output=embed\"><\/iframe><\/p>\n<p>#AcademicosRAED<br \/>\n#inspirandoElConocimiento<br \/>\n[\/et_pb_text][\/et_pb_column][\/et_pb_row][et_pb_row column_structure=&#8221;1_2,1_2&#8243; admin_label=&#8221;Fila&#8221; _builder_version=&#8221;4.24.3&#8243; _module_preset=&#8221;default&#8221; max_width=&#8221;1400px&#8221; locked=&#8221;off&#8221; global_colors_info=&#8221;{}&#8221;][et_pb_column type=&#8221;1_2&#8243; _builder_version=&#8221;4.16&#8243; _module_preset=&#8221;default&#8221; global_colors_info=&#8221;{}&#8221;][et_pb_code admin_label=&#8221;C\u00f3digo &#8211; organitzadors&#8221; _builder_version=&#8221;4.27.4&#8243; _module_preset=&#8221;default&#8221; global_colors_info=&#8221;{}&#8221;]<pee class=\"ttl-colaboradores\">Organitzen:<\/pee><!-- [et_pb_line_break_holder] --><!-- [et_pb_line_break_holder] --><\/p>\n<div id=\"organizadores\"><!-- [et_pb_line_break_holder] --><\/p>\n<div class=\"logo-colaborador\"><a href=\"https:\/\/raed.academy\/ca\/\" target=\"_blank\" rel=\"noopener noreferrer\"><img decoding=\"async\" src=\"https:\/\/raed.academy\/wp-content\/uploads\/2021\/10\/Logo-RAED-160px.jpg\" alt=\"Real Academia Europea de Doctores RAED\" \/><\/a><!-- [et_pb_line_break_holder] --><\/p>\n<div class=\"txt\"><\/div>\n<p><!-- [et_pb_line_break_holder] --><\/div>\n<p><!-- [et_pb_line_break_holder] --><\/p>\n<div class=\"logo-colaborador\"><a href=\"https:\/\/fundacionraed.org\/\" target=\"_blank\" rel=\"noopener noreferrer\"><img decoding=\"async\" src=\"https:\/\/raed.academy\/wp-content\/uploads\/2021\/10\/Logo-Fundacion-RAED-160px.jpg\" alt=\"Fundaci\u00f3n RAED\" \/><\/a><!-- [et_pb_line_break_holder] --><\/p>\n<div class=\"txt\"><\/div>\n<p><!-- [et_pb_line_break_holder] --><\/div>\n<p><!-- [et_pb_line_break_holder] --><\/div>\n<p><!-- [et_pb_line_break_holder] -->[\/et_pb_code][\/et_pb_column][et_pb_column type=&#8221;1_2&#8243; _builder_version=&#8221;4.16&#8243; _module_preset=&#8221;default&#8221; global_colors_info=&#8221;{}&#8221;][et_pb_code admin_label=&#8221;C\u00f3digo &#8211; col\u00b7laboradors&#8221; _builder_version=&#8221;4.27.4&#8243; _module_preset=&#8221;default&#8221; global_colors_info=&#8221;{}&#8221;]<pee class=\"ttl-colaboradores\">Amb la col\u00b7laboraci\u00f3 de:<\/pee><!-- [et_pb_line_break_holder] --><!-- [et_pb_line_break_holder] --><\/p>\n<div id=\"colaboradores\"><!-- [et_pb_line_break_holder] --><\/p>\n<div class=\"logo-colaborador\"><!-- [et_pb_line_break_holder] --><\/p>\n<div class=\"txt-circular\"><\/div>\n<p><!-- [et_pb_line_break_holder] --> <a href=\"https:\/\/justicia.gencat.cat\/ca\/inici\" target=\"_blank\" rel=\"noopener noreferrer\"><img decoding=\"async\" src=\"https:\/\/raed.academy\/wp-content\/uploads\/2024\/11\/Generalitat-de-Catalunya-dept-Justicia-i-Qualitat-Democratica-240px.jpg\" alt=\"Generalitat de catalunya\" width=\"210\" \/><\/a><\/div>\n<p><!-- [et_pb_line_break_holder] --><\/p>\n<div class=\"logo-colaborador\"><!-- [et_pb_line_break_holder] --><\/p>\n<div class=\"txt-circular\"><\/div>\n<p><!-- [et_pb_line_break_holder] -->  <a href=\"https:\/\/www.aecoc.es\/\" target=\"_blank\" rel=\"noopener noreferrer\"><img decoding=\"async\" src=\"https:\/\/raed.academy\/wp-content\/uploads\/2025\/05\/logo-AECOC-negro-200px.png\" alt=\"AECOC\" width=\"150\" ><\/a><\/div>\n<p><!-- [et_pb_line_break_holder] --><\/div>\n<p><!-- [et_pb_line_break_holder] -->[\/et_pb_code][\/et_pb_column][\/et_pb_row][\/et_pb_section]<\/p>\n","protected":false},"excerpt":{"rendered":"<p>Elisabeth Arrojo, onc\u00f2loga l\u00edder internacional en el tractament del c\u00e0ncer, ingressa com a acad\u00e8mica de N\u00famero de la RAED, amb el discurs \u201cLa salud compartida: del m\u00e9dico que siembra ciencia y humanidad, al paciente que cultiva y cosecha vida\u201d<\/p>\n","protected":false},"featured_media":148256,"template":"","meta":{"_et_pb_use_builder":"on","_et_pb_old_content":"","_et_gb_content_width":""},"class_list":["post-171551","dp_events","type-dp_events","status-publish","has-post-thumbnail","hentry"],"yoast_head":"<!-- This site is optimized with the Yoast SEO plugin v27.4 - https:\/\/yoast.com\/product\/yoast-seo-wordpress\/ -->\n<title>Elisabeth Arrojo \u00c1lvarez ingressa com a Acad\u00e8mica de N\u00famero de la RAED - Reial Acad\u00e8mia Europea de Doctors<\/title>\n<meta name=\"description\" content=\"Elisabeth Arrojo, onc\u00f2loga l\u00edder internacional en el tractament del c\u00e0ncer, ingressa com a acad\u00e8mica de la RAED\" \/>\n<meta name=\"robots\" content=\"index, follow, max-snippet:-1, max-image-preview:large, max-video-preview:-1\" \/>\n<link rel=\"canonical\" href=\"https:\/\/raed.academy\/ca\/esdeveniments\/elisabeth-arrojo-alvarez-ingressa-com-a-academica-de-numero-de-la-raed\/\" \/>\n<meta property=\"og:locale\" content=\"ca_ES\" \/>\n<meta property=\"og:type\" content=\"article\" \/>\n<meta property=\"og:title\" content=\"Elisabeth Arrojo \u00c1lvarez ingressa com a Acad\u00e8mica de N\u00famero de la RAED - Reial Acad\u00e8mia Europea de Doctors\" \/>\n<meta property=\"og:description\" content=\"Elisabeth Arrojo, onc\u00f2loga l\u00edder internacional en el tractament del c\u00e0ncer, ingressa com a acad\u00e8mica de la RAED\" \/>\n<meta property=\"og:url\" content=\"https:\/\/raed.academy\/ca\/esdeveniments\/elisabeth-arrojo-alvarez-ingressa-com-a-academica-de-numero-de-la-raed\/\" \/>\n<meta property=\"og:site_name\" content=\"Reial Acad\u00e8mia Europea de Doctors\" \/>\n<meta property=\"article:publisher\" content=\"http:\/\/fb.me\/raed.academy\" \/>\n<meta property=\"article:modified_time\" content=\"2025-11-12T17:27:43+00:00\" \/>\n<meta property=\"og:image\" content=\"https:\/\/raed.academy\/wp-content\/uploads\/2024\/04\/bioetica-en-la-relacion-medico-paciente-shutt-dst.webp\" \/>\n\t<meta property=\"og:image:width\" content=\"600\" \/>\n\t<meta property=\"og:image:height\" content=\"360\" \/>\n\t<meta property=\"og:image:type\" content=\"image\/webp\" \/>\n<meta name=\"twitter:card\" content=\"summary_large_image\" \/>\n<meta name=\"twitter:site\" content=\"@raedacademy\" \/>\n<meta name=\"twitter:label1\" content=\"Est. reading time\" \/>\n\t<meta name=\"twitter:data1\" content=\"3 minutes\" \/>\n<script type=\"application\/ld+json\" class=\"yoast-schema-graph\">{\"@context\":\"https:\\\/\\\/schema.org\",\"@graph\":[{\"@type\":\"WebPage\",\"@id\":\"https:\\\/\\\/raed.academy\\\/ca\\\/esdeveniments\\\/elisabeth-arrojo-alvarez-ingressa-com-a-academica-de-numero-de-la-raed\\\/\",\"url\":\"https:\\\/\\\/raed.academy\\\/ca\\\/esdeveniments\\\/elisabeth-arrojo-alvarez-ingressa-com-a-academica-de-numero-de-la-raed\\\/\",\"name\":\"Elisabeth Arrojo \u00c1lvarez ingressa com a Acad\u00e8mica de N\u00famero de la RAED - Reial Acad\u00e8mia Europea de Doctors\",\"isPartOf\":{\"@id\":\"https:\\\/\\\/raed.academy\\\/ca\\\/#website\"},\"primaryImageOfPage\":{\"@id\":\"https:\\\/\\\/raed.academy\\\/ca\\\/esdeveniments\\\/elisabeth-arrojo-alvarez-ingressa-com-a-academica-de-numero-de-la-raed\\\/#primaryimage\"},\"image\":{\"@id\":\"https:\\\/\\\/raed.academy\\\/ca\\\/esdeveniments\\\/elisabeth-arrojo-alvarez-ingressa-com-a-academica-de-numero-de-la-raed\\\/#primaryimage\"},\"thumbnailUrl\":\"https:\\\/\\\/raed.academy\\\/wp-content\\\/uploads\\\/2024\\\/04\\\/bioetica-en-la-relacion-medico-paciente-shutt-dst.webp\",\"datePublished\":\"2025-09-02T08:15:30+00:00\",\"dateModified\":\"2025-11-12T17:27:43+00:00\",\"description\":\"Elisabeth Arrojo, onc\u00f2loga l\u00edder internacional en el tractament del c\u00e0ncer, ingressa com a acad\u00e8mica de la RAED\",\"breadcrumb\":{\"@id\":\"https:\\\/\\\/raed.academy\\\/ca\\\/esdeveniments\\\/elisabeth-arrojo-alvarez-ingressa-com-a-academica-de-numero-de-la-raed\\\/#breadcrumb\"},\"inLanguage\":\"ca-ES\",\"potentialAction\":[{\"@type\":\"ReadAction\",\"target\":[\"https:\\\/\\\/raed.academy\\\/ca\\\/esdeveniments\\\/elisabeth-arrojo-alvarez-ingressa-com-a-academica-de-numero-de-la-raed\\\/\"]}]},{\"@type\":\"ImageObject\",\"inLanguage\":\"ca-ES\",\"@id\":\"https:\\\/\\\/raed.academy\\\/ca\\\/esdeveniments\\\/elisabeth-arrojo-alvarez-ingressa-com-a-academica-de-numero-de-la-raed\\\/#primaryimage\",\"url\":\"https:\\\/\\\/raed.academy\\\/wp-content\\\/uploads\\\/2024\\\/04\\\/bioetica-en-la-relacion-medico-paciente-shutt-dst.webp\",\"contentUrl\":\"https:\\\/\\\/raed.academy\\\/wp-content\\\/uploads\\\/2024\\\/04\\\/bioetica-en-la-relacion-medico-paciente-shutt-dst.webp\",\"width\":600,\"height\":360},{\"@type\":\"BreadcrumbList\",\"@id\":\"https:\\\/\\\/raed.academy\\\/ca\\\/esdeveniments\\\/elisabeth-arrojo-alvarez-ingressa-com-a-academica-de-numero-de-la-raed\\\/#breadcrumb\",\"itemListElement\":[{\"@type\":\"ListItem\",\"position\":1,\"name\":\"Inicio\",\"item\":\"https:\\\/\\\/raed.academy\\\/ca\\\/\"},{\"@type\":\"ListItem\",\"position\":2,\"name\":\"Activitats\",\"item\":\"https:\\\/\\\/raed.academy\\\/ca\\\/esdeveniments\\\/\"},{\"@type\":\"ListItem\",\"position\":3,\"name\":\"Elisabeth Arrojo \u00c1lvarez ingressa com a Acad\u00e8mica de N\u00famero de la RAED\"}]},{\"@type\":\"WebSite\",\"@id\":\"https:\\\/\\\/raed.academy\\\/ca\\\/#website\",\"url\":\"https:\\\/\\\/raed.academy\\\/ca\\\/\",\"name\":\"Reial Acad\u00e8mia Europea de Doctors\",\"description\":\"Corporaci\u00f3n de derecho p\u00fablico de car\u00e1cter cient\u00edfico, t\u00e9cnico y art\u00edstico, que tiene por objeto la investigaci\u00f3n, el estudio, el fomento y la extensi\u00f3n del conocimiento en su sentido m\u00e1s amplio\",\"publisher\":{\"@id\":\"https:\\\/\\\/raed.academy\\\/ca\\\/#organization\"},\"potentialAction\":[{\"@type\":\"SearchAction\",\"target\":{\"@type\":\"EntryPoint\",\"urlTemplate\":\"https:\\\/\\\/raed.academy\\\/ca\\\/?s={search_term_string}\"},\"query-input\":{\"@type\":\"PropertyValueSpecification\",\"valueRequired\":true,\"valueName\":\"search_term_string\"}}],\"inLanguage\":\"ca-ES\"},{\"@type\":\"Organization\",\"@id\":\"https:\\\/\\\/raed.academy\\\/ca\\\/#organization\",\"name\":\"Real Academia Europea de Doctores\",\"url\":\"https:\\\/\\\/raed.academy\\\/ca\\\/\",\"logo\":{\"@type\":\"ImageObject\",\"inLanguage\":\"ca-ES\",\"@id\":\"https:\\\/\\\/raed.academy\\\/ca\\\/#\\\/schema\\\/logo\\\/image\\\/\",\"url\":\"https:\\\/\\\/raed.academy\\\/wp-content\\\/uploads\\\/2017\\\/01\\\/cropped-logo_raed.png\",\"contentUrl\":\"https:\\\/\\\/raed.academy\\\/wp-content\\\/uploads\\\/2017\\\/01\\\/cropped-logo_raed.png\",\"width\":512,\"height\":512,\"caption\":\"Real Academia Europea de Doctores\"},\"image\":{\"@id\":\"https:\\\/\\\/raed.academy\\\/ca\\\/#\\\/schema\\\/logo\\\/image\\\/\"},\"sameAs\":[\"http:\\\/\\\/fb.me\\\/raed.academy\",\"https:\\\/\\\/x.com\\\/raedacademy\",\"https:\\\/\\\/www.instagram.com\\\/raed.academy\\\/\",\"https:\\\/\\\/www.youtube.com\\\/channel\\\/UCUYQwW2KrdirNWihxMDObwg\"]}]}<\/script>\n<!-- \/ Yoast SEO plugin. -->","yoast_head_json":{"title":"Elisabeth Arrojo \u00c1lvarez ingressa com a Acad\u00e8mica de N\u00famero de la RAED - Reial Acad\u00e8mia Europea de Doctors","description":"Elisabeth Arrojo, onc\u00f2loga l\u00edder internacional en el tractament del c\u00e0ncer, ingressa com a acad\u00e8mica de la RAED","robots":{"index":"index","follow":"follow","max-snippet":"max-snippet:-1","max-image-preview":"max-image-preview:large","max-video-preview":"max-video-preview:-1"},"canonical":"https:\/\/raed.academy\/ca\/esdeveniments\/elisabeth-arrojo-alvarez-ingressa-com-a-academica-de-numero-de-la-raed\/","og_locale":"ca_ES","og_type":"article","og_title":"Elisabeth Arrojo \u00c1lvarez ingressa com a Acad\u00e8mica de N\u00famero de la RAED - Reial Acad\u00e8mia Europea de Doctors","og_description":"Elisabeth Arrojo, onc\u00f2loga l\u00edder internacional en el tractament del c\u00e0ncer, ingressa com a acad\u00e8mica de la RAED","og_url":"https:\/\/raed.academy\/ca\/esdeveniments\/elisabeth-arrojo-alvarez-ingressa-com-a-academica-de-numero-de-la-raed\/","og_site_name":"Reial Acad\u00e8mia Europea de Doctors","article_publisher":"http:\/\/fb.me\/raed.academy","article_modified_time":"2025-11-12T17:27:43+00:00","og_image":[{"width":600,"height":360,"url":"https:\/\/raed.academy\/wp-content\/uploads\/2024\/04\/bioetica-en-la-relacion-medico-paciente-shutt-dst.webp","type":"image\/webp"}],"twitter_card":"summary_large_image","twitter_site":"@raedacademy","twitter_misc":{"Est. reading time":"3 minutes"},"schema":{"@context":"https:\/\/schema.org","@graph":[{"@type":"WebPage","@id":"https:\/\/raed.academy\/ca\/esdeveniments\/elisabeth-arrojo-alvarez-ingressa-com-a-academica-de-numero-de-la-raed\/","url":"https:\/\/raed.academy\/ca\/esdeveniments\/elisabeth-arrojo-alvarez-ingressa-com-a-academica-de-numero-de-la-raed\/","name":"Elisabeth Arrojo \u00c1lvarez ingressa com a Acad\u00e8mica de N\u00famero de la RAED - Reial Acad\u00e8mia Europea de Doctors","isPartOf":{"@id":"https:\/\/raed.academy\/ca\/#website"},"primaryImageOfPage":{"@id":"https:\/\/raed.academy\/ca\/esdeveniments\/elisabeth-arrojo-alvarez-ingressa-com-a-academica-de-numero-de-la-raed\/#primaryimage"},"image":{"@id":"https:\/\/raed.academy\/ca\/esdeveniments\/elisabeth-arrojo-alvarez-ingressa-com-a-academica-de-numero-de-la-raed\/#primaryimage"},"thumbnailUrl":"https:\/\/raed.academy\/wp-content\/uploads\/2024\/04\/bioetica-en-la-relacion-medico-paciente-shutt-dst.webp","datePublished":"2025-09-02T08:15:30+00:00","dateModified":"2025-11-12T17:27:43+00:00","description":"Elisabeth Arrojo, onc\u00f2loga l\u00edder internacional en el tractament del c\u00e0ncer, ingressa com a acad\u00e8mica de la RAED","breadcrumb":{"@id":"https:\/\/raed.academy\/ca\/esdeveniments\/elisabeth-arrojo-alvarez-ingressa-com-a-academica-de-numero-de-la-raed\/#breadcrumb"},"inLanguage":"ca-ES","potentialAction":[{"@type":"ReadAction","target":["https:\/\/raed.academy\/ca\/esdeveniments\/elisabeth-arrojo-alvarez-ingressa-com-a-academica-de-numero-de-la-raed\/"]}]},{"@type":"ImageObject","inLanguage":"ca-ES","@id":"https:\/\/raed.academy\/ca\/esdeveniments\/elisabeth-arrojo-alvarez-ingressa-com-a-academica-de-numero-de-la-raed\/#primaryimage","url":"https:\/\/raed.academy\/wp-content\/uploads\/2024\/04\/bioetica-en-la-relacion-medico-paciente-shutt-dst.webp","contentUrl":"https:\/\/raed.academy\/wp-content\/uploads\/2024\/04\/bioetica-en-la-relacion-medico-paciente-shutt-dst.webp","width":600,"height":360},{"@type":"BreadcrumbList","@id":"https:\/\/raed.academy\/ca\/esdeveniments\/elisabeth-arrojo-alvarez-ingressa-com-a-academica-de-numero-de-la-raed\/#breadcrumb","itemListElement":[{"@type":"ListItem","position":1,"name":"Inicio","item":"https:\/\/raed.academy\/ca\/"},{"@type":"ListItem","position":2,"name":"Activitats","item":"https:\/\/raed.academy\/ca\/esdeveniments\/"},{"@type":"ListItem","position":3,"name":"Elisabeth Arrojo \u00c1lvarez ingressa com a Acad\u00e8mica de N\u00famero de la RAED"}]},{"@type":"WebSite","@id":"https:\/\/raed.academy\/ca\/#website","url":"https:\/\/raed.academy\/ca\/","name":"Reial Acad\u00e8mia Europea de Doctors","description":"Corporaci\u00f3n de derecho p\u00fablico de car\u00e1cter cient\u00edfico, t\u00e9cnico y art\u00edstico, que tiene por objeto la investigaci\u00f3n, el estudio, el fomento y la extensi\u00f3n del conocimiento en su sentido m\u00e1s amplio","publisher":{"@id":"https:\/\/raed.academy\/ca\/#organization"},"potentialAction":[{"@type":"SearchAction","target":{"@type":"EntryPoint","urlTemplate":"https:\/\/raed.academy\/ca\/?s={search_term_string}"},"query-input":{"@type":"PropertyValueSpecification","valueRequired":true,"valueName":"search_term_string"}}],"inLanguage":"ca-ES"},{"@type":"Organization","@id":"https:\/\/raed.academy\/ca\/#organization","name":"Real Academia Europea de Doctores","url":"https:\/\/raed.academy\/ca\/","logo":{"@type":"ImageObject","inLanguage":"ca-ES","@id":"https:\/\/raed.academy\/ca\/#\/schema\/logo\/image\/","url":"https:\/\/raed.academy\/wp-content\/uploads\/2017\/01\/cropped-logo_raed.png","contentUrl":"https:\/\/raed.academy\/wp-content\/uploads\/2017\/01\/cropped-logo_raed.png","width":512,"height":512,"caption":"Real Academia Europea de Doctores"},"image":{"@id":"https:\/\/raed.academy\/ca\/#\/schema\/logo\/image\/"},"sameAs":["http:\/\/fb.me\/raed.academy","https:\/\/x.com\/raedacademy","https:\/\/www.instagram.com\/raed.academy\/","https:\/\/www.youtube.com\/channel\/UCUYQwW2KrdirNWihxMDObwg"]}]}},"_links":{"self":[{"href":"https:\/\/raed.academy\/ca\/wp-json\/wp\/v2\/dp_events\/171551","targetHints":{"allow":["GET"]}}],"collection":[{"href":"https:\/\/raed.academy\/ca\/wp-json\/wp\/v2\/dp_events"}],"about":[{"href":"https:\/\/raed.academy\/ca\/wp-json\/wp\/v2\/types\/dp_events"}],"wp:featuredmedia":[{"embeddable":true,"href":"https:\/\/raed.academy\/ca\/wp-json\/wp\/v2\/media\/148256"}],"wp:attachment":[{"href":"https:\/\/raed.academy\/ca\/wp-json\/wp\/v2\/media?parent=171551"}],"curies":[{"name":"wp","href":"https:\/\/api.w.org\/{rel}","templated":true}]}}