{"id":167726,"date":"2025-07-24T17:00:55","date_gmt":"2025-07-24T17:00:55","guid":{"rendered":"https:\/\/raed.academy\/?post_type=dp_events&#038;p=167726"},"modified":"2025-10-06T14:57:34","modified_gmt":"2025-10-06T14:57:34","slug":"jaume-jaume-sureda-ingressa-com-a-academic-de-numero-de-la-raed_1","status":"publish","type":"dp_events","link":"https:\/\/raed.academy\/ca\/esdeveniments\/jaume-jaume-sureda-ingressa-com-a-academic-de-numero-de-la-raed_1\/","title":{"rendered":"Jaume Jaume Sureda ingressa com a Acad\u00e8mic de N\u00famero de la RAED"},"content":{"rendered":"<p>[et_pb_section fb_built=&#8221;1&#8243; fullwidth=&#8221;on&#8221; _builder_version=&#8221;4.27.4&#8243; _module_preset=&#8221;default&#8221; locked=&#8221;off&#8221; global_colors_info=&#8221;{}&#8221;][et_pb_fullwidth_image src=&#8221;https:\/\/raed.academy\/wp-content\/uploads\/2025\/09\/Mallorca-Islas-Baleares-mar-costa-CC0-pxhere.com-2.91.webp&#8221; title_text=&#8221;Mallorca-Islas-Baleares-mar-costa-CC0-pxhere.com-2.91&#8243; _builder_version=&#8221;4.27.4&#8243; _module_preset=&#8221;default&#8221; global_colors_info=&#8221;{}&#8221;][\/et_pb_fullwidth_image][\/et_pb_section][et_pb_section fb_built=&#8221;1&#8243; admin_label=&#8221;Secci\u00f3n&#8221; _builder_version=&#8221;4.16&#8243; _module_preset=&#8221;default&#8221; locked=&#8221;off&#8221; global_colors_info=&#8221;{}&#8221;][et_pb_row admin_label=&#8221;Fila&#8221; _builder_version=&#8221;4.24.3&#8243; _module_preset=&#8221;default&#8221; max_width=&#8221;1400px&#8221; global_colors_info=&#8221;{}&#8221;][et_pb_column type=&#8221;4_4&#8243; _builder_version=&#8221;4.16&#8243; _module_preset=&#8221;default&#8221; global_colors_info=&#8221;{}&#8221;][et_pb_post_title meta=&#8221;off&#8221; featured_image=&#8221;off&#8221; admin_label=&#8221;T\u00edtulo de publicaci\u00f3n&#8221; _builder_version=&#8221;4.27.4&#8243; _module_preset=&#8221;default&#8221; title_font_size=&#8221;40px&#8221; title_font_size_tablet=&#8221;28px&#8221; title_font_size_phone=&#8221;28px&#8221; title_font_size_last_edited=&#8221;on|desktop&#8221; global_colors_info=&#8221;{}&#8221;][\/et_pb_post_title][et_pb_text admin_label=&#8221;Detalles evento&#8221; _builder_version=&#8221;4.27.4&#8243; _module_preset=&#8221;default&#8221; hover_enabled=&#8221;0&#8243; global_colors_info=&#8221;{}&#8221; sticky_enabled=&#8221;0&#8243;]<div id=\"attachment_168083\" style=\"width: 240px\" class=\"wp-caption alignright\"><img loading=\"lazy\" decoding=\"async\" aria-describedby=\"caption-attachment-168083\" class=\"wp-image-168083 size-full\" src=\"https:\/\/raed.academy\/wp-content\/uploads\/2025\/07\/Jaime-Jaume-Sureda-230x317px.jpg\" alt=\"Dr. Jaime Jaume Sureda\" width=\"230\" height=\"317\" aria-describedby=\"caption-attachment-168083\" \/><p id=\"caption-attachment-168083\" class=\"wp-caption-text\">Dr. Jaime Jaume<\/p><\/div><\/p>\n<p style=\"text-align: left;\">L&#8217;<strong>Excm. Sr. Dr. Jaume Jaume Sureda<\/strong>, Doctor en Biologia, ingressa com a Acad\u00e8mic de N\u00famero de la Reial Acad\u00e8mia Europea de Doctors, amb el discurs <em><strong>&#8220;Insularidad y sostenibilidad en el sector agrario de las Illes Balears&#8221;<\/strong><\/em>.<\/p>\n<p><strong>Respon:<\/strong>\u00a0<a href=\"https:\/\/raed.academy\/ca\/academics\/sr-ildefonso-garcia-serena\/\"><strong>Excm. Sr. Ildefonso Garc\u00eda Serena<\/strong><\/a>, Acad\u00e8mic d&#8217;Honor de la RAED, Deg\u00e0 em. del Col\u00b7legi de M\u00e0rqueting i Comunicaci\u00f3 de Catalunya.<\/p>\n<p class=\"ubicacion-evento\">Foment del Treball Nacional, a Via Laietana, 32, planta principal, Sala A, Barcelona, 08003<\/p>\n<p class=\"fecha-evento\">Dimarts, 07 Octubre 2025<\/p>\n<p class=\"hora-evento\">18:30 h<\/p>\n<p><strong>Format:<\/strong> Presencial i telem\u00e0tic en live streaming<\/p>\n<p><strong>Inscripci\u00f3: <\/strong>Es prega confirmaci\u00f3 d&#8217;assist\u00e8ncia a Secretaria:\u00a0<a href=\"mailto:secretaria@raed.academy\"><strong>secretaria@raed.academy<\/strong><\/a> o al <strong>tel. 93 667 40 54<\/strong><\/p>\n<p>&nbsp;<\/p>\n<p>[\/et_pb_text][et_pb_text admin_label=&#8221;Abstract&#8221; _builder_version=&#8221;4.27.4&#8243; _module_preset=&#8221;default&#8221; global_colors_info=&#8221;{}&#8221;]<\/p>\n<h2>Insularitat i sostenibilitat al sector agrari de les Illes Balears<\/h2>\n<p>Les Illes Balears estan completament tercialitzades a la seva economia, amb un Producte Interior Brut (PIB) de m\u00e9s de 42.000 milions de \u20ac, dep\u00e8n en un 84% de la construcci\u00f3 i dels serveis, que inclouen el turisme.<\/p>\n<p>Des de la signatura de l&#8217;Acta d&#8217;Adhesi\u00f3 d&#8217;Espanya a les Comunitats Europees el 12 de juny de 1985, les diferents mesures de la Pol\u00edtica Agr\u00edcola Comunit\u00e0ria, de les pol\u00edtiques agr\u00e0ries d&#8217;Espanya o de les regionals no han estat capaces de frenar la caiguda de la rendibilitat de les explotacions agr\u00e0ries de les Illes Balears.<\/p>\n<p>La tend\u00e8ncia inercial a la desaparici\u00f3 del sector agrari com a sector econ\u00f2mic \u00e9s molt pronunciada i, tanmateix, la societat balear no es pot permetre aquest luxe ni socialment ni ambientalment. La soluci\u00f3 demana trobar aliats dins i fora del sector agrari, siguin p\u00fablics o privats.<\/p>\n<p>Aquesta alian\u00e7a ha de permetre disminuir els efectes negatius dels factors que determinen la insularitat a les Illes Balears i donar valor als aspectes socials i ambientals que garanteix l&#8217;activitat agr\u00e0ria a les Illes Balears. El reconeixement dels valors ambientals i socials que suposa l&#8217;activitat agr\u00e0ria correspon a la societat, donant valor econ\u00f2mic, preu, als valors esmentats, b\u00e9 en la compra di\u00e0ria, b\u00e9 a trav\u00e9s d&#8217;impostos, amb pol\u00edtiques p\u00fabliques. Ser\u00e0 fonamental aquest reconeixement i el dels efectes de la insularitat, en la negociaci\u00f3 de la nova pol\u00edtica agr\u00e0ria comuna, que s&#8217;avan\u00e7a dif\u00edcil.<\/p>\n<p>Una millor qualitat de les aig\u00fces regenerades per a reg, l&#8217;adaptaci\u00f3 al canvi clim\u00e0tic, la transici\u00f3 digital, la intel\u00b7lig\u00e8ncia artificial, la rob\u00f2tica i l&#8217;automatitzaci\u00f3 aplicades al sector agrari, l&#8217;increment de l&#8217;efici\u00e8ncia productiva, la conservaci\u00f3 de la biodiversitat agr\u00e0ria, l&#8217;adaptaci\u00f3 al mercat i la dotaci\u00f3 d&#8217;infraestructures de millora del coneixement agrari, gaireb\u00e9 inexistents fins ara, s\u00f3n reptes que cal abordar per aconseguir el manteniment de l&#8217;activitat agr\u00e0ria a les Illes Balears.<\/p>\n<p>[\/et_pb_text][et_pb_text admin_label=&#8221;Txt &#8211; Seguiu l&#8217;esdeveniment en directe&#8221; _builder_version=&#8221;4.22.2&#8243; _module_preset=&#8221;default&#8221; locked=&#8221;off&#8221; global_colors_info=&#8221;{}&#8221;]<\/p>\n<h2>Seguiu l&#8217;esdeveniment en directe<\/h2>\n<p>Podeu seguir l&#8217;esdeveniment en directe des d&#8217;aquesta p\u00e0gina.<\/p>\n<p>[\/et_pb_text][et_pb_code admin_label=&#8221;C\u00f3digo v\u00eddeo&#8221; _builder_version=&#8221;4.27.4&#8243; _module_preset=&#8221;default&#8221; custom_margin=&#8221;||75px|||&#8221; global_colors_info=&#8221;{}&#8221;]<iframe loading=\"lazy\" width=\"1332\" height=\"749\" src=\"https:\/\/www.youtube.com\/embed\/YRFeCV0N7Ag\" title=\"Solemne Sesi\u00f3n Oficial de recepci\u00f3n como Acad\u00e9mico de N\u00famero del Excmo. Sr. Dr. Jaime Jaume Sureda\" frameborder=\"0\" allow=\"accelerometer; autoplay; clipboard-write; encrypted-media; gyroscope; picture-in-picture; web-share\" referrerpolicy=\"strict-origin-when-cross-origin\" allowfullscreen><\/iframe>[\/et_pb_code][et_pb_text admin_label=&#8221;hashtags y shortcode mapa&#8221; module_class=&#8221;hashtag&#8221; _builder_version=&#8221;4.24.2&#8243; _module_preset=&#8221;default&#8221; locked=&#8221;off&#8221; global_colors_info=&#8221;{}&#8221;]<iframe id=\"map_iframe\"  frameborder=\"0\" scrolling=\"no\" marginheight=\"0\" marginwidth=\"0\" src=\"https:\/\/maps.google.it\/maps?q=Foment del Treball Nacional, a Via Laietana, 32, planta principal, Sala A, Barcelona, 08003&output=embed\"><\/iframe><\/p>\n<p>#AcademicosRAED<br \/>\n#inspirandoElConocimiento<br \/>\n[\/et_pb_text][\/et_pb_column][\/et_pb_row][et_pb_row column_structure=&#8221;1_2,1_2&#8243; admin_label=&#8221;Fila&#8221; _builder_version=&#8221;4.24.3&#8243; _module_preset=&#8221;default&#8221; max_width=&#8221;1400px&#8221; locked=&#8221;off&#8221; global_colors_info=&#8221;{}&#8221;][et_pb_column type=&#8221;1_2&#8243; _builder_version=&#8221;4.16&#8243; _module_preset=&#8221;default&#8221; global_colors_info=&#8221;{}&#8221;][et_pb_code admin_label=&#8221;C\u00f3digo &#8211; organitzadors&#8221; _builder_version=&#8221;4.27.4&#8243; _module_preset=&#8221;default&#8221; global_colors_info=&#8221;{}&#8221;]<pee class=\"ttl-colaboradores\">Organitzen:<\/pee><!-- [et_pb_line_break_holder] --><!-- [et_pb_line_break_holder] --><\/p>\n<div id=\"organizadores\"><!-- [et_pb_line_break_holder] --><\/p>\n<div class=\"logo-colaborador\"><a href=\"https:\/\/raed.academy\/ca\/\" target=\"_blank\" rel=\"noopener noreferrer\"><img decoding=\"async\" src=\"https:\/\/raed.academy\/wp-content\/uploads\/2021\/10\/Logo-RAED-160px.jpg\" alt=\"Real Academia Europea de Doctores RAED\" \/><\/a><!-- [et_pb_line_break_holder] --><\/p>\n<div class=\"txt\"><\/div>\n<p><!-- [et_pb_line_break_holder] --><\/div>\n<p><!-- [et_pb_line_break_holder] --><\/p>\n<div class=\"logo-colaborador\"><a href=\"https:\/\/fundacionraed.org\/\" target=\"_blank\" rel=\"noopener noreferrer\"><img decoding=\"async\" src=\"https:\/\/raed.academy\/wp-content\/uploads\/2021\/10\/Logo-Fundacion-RAED-160px.jpg\" alt=\"Fundaci\u00f3n RAED\" \/><\/a><!-- [et_pb_line_break_holder] --><\/p>\n<div class=\"txt\"><\/div>\n<p><!-- [et_pb_line_break_holder] --><\/div>\n<p><!-- [et_pb_line_break_holder] --><\/div>\n<p><!-- [et_pb_line_break_holder] -->[\/et_pb_code][\/et_pb_column][et_pb_column type=&#8221;1_2&#8243; _builder_version=&#8221;4.16&#8243; _module_preset=&#8221;default&#8221; global_colors_info=&#8221;{}&#8221;][et_pb_code admin_label=&#8221;C\u00f3digo &#8211; col\u00b7laboradors&#8221; _builder_version=&#8221;4.27.4&#8243; _module_preset=&#8221;default&#8221; global_colors_info=&#8221;{}&#8221;]<pee class=\"ttl-colaboradores\">Amb la col\u00b7laboraci\u00f3 de:<\/pee><!-- [et_pb_line_break_holder] --><!-- [et_pb_line_break_holder] --><\/p>\n<div id=\"colaboradores\"><!-- [et_pb_line_break_holder] --><\/p>\n<div class=\"logo-colaborador\"><!-- [et_pb_line_break_holder] --><\/p>\n<div class=\"txt-circular\"><\/div>\n<p><!-- [et_pb_line_break_holder] --> <a href=\"https:\/\/justicia.gencat.cat\/ca\/inici\" target=\"_blank\" rel=\"noopener noreferrer\"><img decoding=\"async\" src=\"https:\/\/raed.academy\/wp-content\/uploads\/2024\/11\/Generalitat-de-Catalunya-dept-Justicia-i-Qualitat-Democratica-240px.jpg\" alt=\"Generalitat de catalunya\" width=\"210\" \/><\/a><\/div>\n<p><!-- [et_pb_line_break_holder] --><\/p>\n<div class=\"logo-colaborador\"><!-- [et_pb_line_break_holder] --><\/p>\n<div class=\"txt-circular\"><\/div>\n<p><!-- [et_pb_line_break_holder] -->  <a href=\"https:\/\/www.aecoc.es\/\" target=\"_blank\" rel=\"noopener noreferrer\"><img decoding=\"async\" src=\"https:\/\/raed.academy\/wp-content\/uploads\/2025\/05\/logo-AECOC-negro-200px.png\" alt=\"AECOC\" width=\"150\" ><\/a><\/div>\n<p><!-- [et_pb_line_break_holder] --><\/div>\n<p><!-- [et_pb_line_break_holder] -->[\/et_pb_code][\/et_pb_column][\/et_pb_row][\/et_pb_section]<\/p>\n","protected":false},"excerpt":{"rendered":"<p>Doctor en Biologia, Jaume Jaume Sureda ingressa com a Acad\u00e8mic de N\u00famero de la RAED amb el discurs &#8220;Insularidad y\u00a0sostenibilidad en el sector agrario de las Illes Balears&#8221;<\/p>\n","protected":false},"featured_media":167719,"template":"","meta":{"_et_pb_use_builder":"on","_et_pb_old_content":"","_et_gb_content_width":""},"class_list":["post-167726","dp_events","type-dp_events","status-publish","has-post-thumbnail","hentry"],"yoast_head":"<!-- This site is optimized with the Yoast SEO plugin v27.4 - https:\/\/yoast.com\/product\/yoast-seo-wordpress\/ -->\n<title>Jaume Jaume Sureda ingressa com a Acad\u00e8mic de N\u00famero de la RAED - Reial Acad\u00e8mia Europea de Doctors<\/title>\n<meta name=\"description\" content=\"Doctor en Biologia, ingressa a la RAED amb el discurs &quot;Insularidad y\u00a0sostenibilidad en el sector agrario de las Illes Balears&quot;\" \/>\n<meta name=\"robots\" content=\"index, follow, max-snippet:-1, max-image-preview:large, max-video-preview:-1\" \/>\n<link rel=\"canonical\" href=\"https:\/\/raed.academy\/ca\/esdeveniments\/jaume-jaume-sureda-ingressa-com-a-academic-de-numero-de-la-raed_1\/\" \/>\n<meta property=\"og:locale\" content=\"ca_ES\" \/>\n<meta property=\"og:type\" content=\"article\" \/>\n<meta property=\"og:title\" content=\"Jaume Jaume Sureda ingressa com a Acad\u00e8mic de N\u00famero de la RAED - Reial Acad\u00e8mia Europea de Doctors\" \/>\n<meta property=\"og:description\" content=\"Doctor en Biologia, ingressa a la RAED amb el discurs &quot;Insularidad y\u00a0sostenibilidad en el sector agrario de las Illes Balears&quot;\" \/>\n<meta property=\"og:url\" content=\"https:\/\/raed.academy\/ca\/esdeveniments\/jaume-jaume-sureda-ingressa-com-a-academic-de-numero-de-la-raed_1\/\" \/>\n<meta property=\"og:site_name\" content=\"Reial Acad\u00e8mia Europea de Doctors\" \/>\n<meta property=\"article:publisher\" content=\"http:\/\/fb.me\/raed.academy\" \/>\n<meta property=\"article:modified_time\" content=\"2025-10-06T14:57:34+00:00\" \/>\n<meta property=\"og:image\" content=\"https:\/\/raed.academy\/wp-content\/uploads\/2025\/09\/Mallorca-Islas-Baleares-mar-costa-CC0-pxhere.com-dst.webp\" \/>\n\t<meta property=\"og:image:width\" content=\"600\" \/>\n\t<meta property=\"og:image:height\" content=\"360\" \/>\n\t<meta property=\"og:image:type\" content=\"image\/webp\" \/>\n<meta name=\"twitter:card\" content=\"summary_large_image\" \/>\n<meta name=\"twitter:site\" content=\"@raedacademy\" \/>\n<meta name=\"twitter:label1\" content=\"Est. reading time\" \/>\n\t<meta name=\"twitter:data1\" content=\"4 minutes\" \/>\n<script type=\"application\/ld+json\" class=\"yoast-schema-graph\">{\"@context\":\"https:\\\/\\\/schema.org\",\"@graph\":[{\"@type\":\"WebPage\",\"@id\":\"https:\\\/\\\/raed.academy\\\/ca\\\/esdeveniments\\\/jaume-jaume-sureda-ingressa-com-a-academic-de-numero-de-la-raed_1\\\/\",\"url\":\"https:\\\/\\\/raed.academy\\\/ca\\\/esdeveniments\\\/jaume-jaume-sureda-ingressa-com-a-academic-de-numero-de-la-raed_1\\\/\",\"name\":\"Jaume Jaume Sureda ingressa com a Acad\u00e8mic de N\u00famero de la RAED - Reial Acad\u00e8mia Europea de Doctors\",\"isPartOf\":{\"@id\":\"https:\\\/\\\/raed.academy\\\/ca\\\/#website\"},\"primaryImageOfPage\":{\"@id\":\"https:\\\/\\\/raed.academy\\\/ca\\\/esdeveniments\\\/jaume-jaume-sureda-ingressa-com-a-academic-de-numero-de-la-raed_1\\\/#primaryimage\"},\"image\":{\"@id\":\"https:\\\/\\\/raed.academy\\\/ca\\\/esdeveniments\\\/jaume-jaume-sureda-ingressa-com-a-academic-de-numero-de-la-raed_1\\\/#primaryimage\"},\"thumbnailUrl\":\"https:\\\/\\\/raed.academy\\\/wp-content\\\/uploads\\\/2025\\\/09\\\/Mallorca-Islas-Baleares-mar-costa-CC0-pxhere.com-dst.webp\",\"datePublished\":\"2025-07-24T17:00:55+00:00\",\"dateModified\":\"2025-10-06T14:57:34+00:00\",\"description\":\"Doctor en Biologia, ingressa a la RAED amb el discurs \\\"Insularidad y\u00a0sostenibilidad en el sector agrario de las Illes Balears\\\"\",\"breadcrumb\":{\"@id\":\"https:\\\/\\\/raed.academy\\\/ca\\\/esdeveniments\\\/jaume-jaume-sureda-ingressa-com-a-academic-de-numero-de-la-raed_1\\\/#breadcrumb\"},\"inLanguage\":\"ca-ES\",\"potentialAction\":[{\"@type\":\"ReadAction\",\"target\":[\"https:\\\/\\\/raed.academy\\\/ca\\\/esdeveniments\\\/jaume-jaume-sureda-ingressa-com-a-academic-de-numero-de-la-raed_1\\\/\"]}]},{\"@type\":\"ImageObject\",\"inLanguage\":\"ca-ES\",\"@id\":\"https:\\\/\\\/raed.academy\\\/ca\\\/esdeveniments\\\/jaume-jaume-sureda-ingressa-com-a-academic-de-numero-de-la-raed_1\\\/#primaryimage\",\"url\":\"https:\\\/\\\/raed.academy\\\/wp-content\\\/uploads\\\/2025\\\/09\\\/Mallorca-Islas-Baleares-mar-costa-CC0-pxhere.com-dst.webp\",\"contentUrl\":\"https:\\\/\\\/raed.academy\\\/wp-content\\\/uploads\\\/2025\\\/09\\\/Mallorca-Islas-Baleares-mar-costa-CC0-pxhere.com-dst.webp\",\"width\":600,\"height\":360},{\"@type\":\"BreadcrumbList\",\"@id\":\"https:\\\/\\\/raed.academy\\\/ca\\\/esdeveniments\\\/jaume-jaume-sureda-ingressa-com-a-academic-de-numero-de-la-raed_1\\\/#breadcrumb\",\"itemListElement\":[{\"@type\":\"ListItem\",\"position\":1,\"name\":\"Inicio\",\"item\":\"https:\\\/\\\/raed.academy\\\/ca\\\/\"},{\"@type\":\"ListItem\",\"position\":2,\"name\":\"Activitats\",\"item\":\"https:\\\/\\\/raed.academy\\\/ca\\\/esdeveniments\\\/\"},{\"@type\":\"ListItem\",\"position\":3,\"name\":\"Jaume Jaume Sureda ingressa com a Acad\u00e8mic de N\u00famero de la RAED\"}]},{\"@type\":\"WebSite\",\"@id\":\"https:\\\/\\\/raed.academy\\\/ca\\\/#website\",\"url\":\"https:\\\/\\\/raed.academy\\\/ca\\\/\",\"name\":\"Reial Acad\u00e8mia Europea de Doctors\",\"description\":\"Corporaci\u00f3n de derecho p\u00fablico de car\u00e1cter cient\u00edfico, t\u00e9cnico y art\u00edstico, que tiene por objeto la investigaci\u00f3n, el estudio, el fomento y la extensi\u00f3n del conocimiento en su sentido m\u00e1s amplio\",\"publisher\":{\"@id\":\"https:\\\/\\\/raed.academy\\\/ca\\\/#organization\"},\"potentialAction\":[{\"@type\":\"SearchAction\",\"target\":{\"@type\":\"EntryPoint\",\"urlTemplate\":\"https:\\\/\\\/raed.academy\\\/ca\\\/?s={search_term_string}\"},\"query-input\":{\"@type\":\"PropertyValueSpecification\",\"valueRequired\":true,\"valueName\":\"search_term_string\"}}],\"inLanguage\":\"ca-ES\"},{\"@type\":\"Organization\",\"@id\":\"https:\\\/\\\/raed.academy\\\/ca\\\/#organization\",\"name\":\"Real Academia Europea de Doctores\",\"url\":\"https:\\\/\\\/raed.academy\\\/ca\\\/\",\"logo\":{\"@type\":\"ImageObject\",\"inLanguage\":\"ca-ES\",\"@id\":\"https:\\\/\\\/raed.academy\\\/ca\\\/#\\\/schema\\\/logo\\\/image\\\/\",\"url\":\"https:\\\/\\\/raed.academy\\\/wp-content\\\/uploads\\\/2017\\\/01\\\/cropped-logo_raed.png\",\"contentUrl\":\"https:\\\/\\\/raed.academy\\\/wp-content\\\/uploads\\\/2017\\\/01\\\/cropped-logo_raed.png\",\"width\":512,\"height\":512,\"caption\":\"Real Academia Europea de Doctores\"},\"image\":{\"@id\":\"https:\\\/\\\/raed.academy\\\/ca\\\/#\\\/schema\\\/logo\\\/image\\\/\"},\"sameAs\":[\"http:\\\/\\\/fb.me\\\/raed.academy\",\"https:\\\/\\\/x.com\\\/raedacademy\",\"https:\\\/\\\/www.instagram.com\\\/raed.academy\\\/\",\"https:\\\/\\\/www.youtube.com\\\/channel\\\/UCUYQwW2KrdirNWihxMDObwg\"]}]}<\/script>\n<!-- \/ Yoast SEO plugin. -->","yoast_head_json":{"title":"Jaume Jaume Sureda ingressa com a Acad\u00e8mic de N\u00famero de la RAED - Reial Acad\u00e8mia Europea de Doctors","description":"Doctor en Biologia, ingressa a la RAED amb el discurs \"Insularidad y\u00a0sostenibilidad en el sector agrario de las Illes Balears\"","robots":{"index":"index","follow":"follow","max-snippet":"max-snippet:-1","max-image-preview":"max-image-preview:large","max-video-preview":"max-video-preview:-1"},"canonical":"https:\/\/raed.academy\/ca\/esdeveniments\/jaume-jaume-sureda-ingressa-com-a-academic-de-numero-de-la-raed_1\/","og_locale":"ca_ES","og_type":"article","og_title":"Jaume Jaume Sureda ingressa com a Acad\u00e8mic de N\u00famero de la RAED - Reial Acad\u00e8mia Europea de Doctors","og_description":"Doctor en Biologia, ingressa a la RAED amb el discurs \"Insularidad y\u00a0sostenibilidad en el sector agrario de las Illes Balears\"","og_url":"https:\/\/raed.academy\/ca\/esdeveniments\/jaume-jaume-sureda-ingressa-com-a-academic-de-numero-de-la-raed_1\/","og_site_name":"Reial Acad\u00e8mia Europea de Doctors","article_publisher":"http:\/\/fb.me\/raed.academy","article_modified_time":"2025-10-06T14:57:34+00:00","og_image":[{"width":600,"height":360,"url":"https:\/\/raed.academy\/wp-content\/uploads\/2025\/09\/Mallorca-Islas-Baleares-mar-costa-CC0-pxhere.com-dst.webp","type":"image\/webp"}],"twitter_card":"summary_large_image","twitter_site":"@raedacademy","twitter_misc":{"Est. reading time":"4 minutes"},"schema":{"@context":"https:\/\/schema.org","@graph":[{"@type":"WebPage","@id":"https:\/\/raed.academy\/ca\/esdeveniments\/jaume-jaume-sureda-ingressa-com-a-academic-de-numero-de-la-raed_1\/","url":"https:\/\/raed.academy\/ca\/esdeveniments\/jaume-jaume-sureda-ingressa-com-a-academic-de-numero-de-la-raed_1\/","name":"Jaume Jaume Sureda ingressa com a Acad\u00e8mic de N\u00famero de la RAED - Reial Acad\u00e8mia Europea de Doctors","isPartOf":{"@id":"https:\/\/raed.academy\/ca\/#website"},"primaryImageOfPage":{"@id":"https:\/\/raed.academy\/ca\/esdeveniments\/jaume-jaume-sureda-ingressa-com-a-academic-de-numero-de-la-raed_1\/#primaryimage"},"image":{"@id":"https:\/\/raed.academy\/ca\/esdeveniments\/jaume-jaume-sureda-ingressa-com-a-academic-de-numero-de-la-raed_1\/#primaryimage"},"thumbnailUrl":"https:\/\/raed.academy\/wp-content\/uploads\/2025\/09\/Mallorca-Islas-Baleares-mar-costa-CC0-pxhere.com-dst.webp","datePublished":"2025-07-24T17:00:55+00:00","dateModified":"2025-10-06T14:57:34+00:00","description":"Doctor en Biologia, ingressa a la RAED amb el discurs \"Insularidad y\u00a0sostenibilidad en el sector agrario de las Illes Balears\"","breadcrumb":{"@id":"https:\/\/raed.academy\/ca\/esdeveniments\/jaume-jaume-sureda-ingressa-com-a-academic-de-numero-de-la-raed_1\/#breadcrumb"},"inLanguage":"ca-ES","potentialAction":[{"@type":"ReadAction","target":["https:\/\/raed.academy\/ca\/esdeveniments\/jaume-jaume-sureda-ingressa-com-a-academic-de-numero-de-la-raed_1\/"]}]},{"@type":"ImageObject","inLanguage":"ca-ES","@id":"https:\/\/raed.academy\/ca\/esdeveniments\/jaume-jaume-sureda-ingressa-com-a-academic-de-numero-de-la-raed_1\/#primaryimage","url":"https:\/\/raed.academy\/wp-content\/uploads\/2025\/09\/Mallorca-Islas-Baleares-mar-costa-CC0-pxhere.com-dst.webp","contentUrl":"https:\/\/raed.academy\/wp-content\/uploads\/2025\/09\/Mallorca-Islas-Baleares-mar-costa-CC0-pxhere.com-dst.webp","width":600,"height":360},{"@type":"BreadcrumbList","@id":"https:\/\/raed.academy\/ca\/esdeveniments\/jaume-jaume-sureda-ingressa-com-a-academic-de-numero-de-la-raed_1\/#breadcrumb","itemListElement":[{"@type":"ListItem","position":1,"name":"Inicio","item":"https:\/\/raed.academy\/ca\/"},{"@type":"ListItem","position":2,"name":"Activitats","item":"https:\/\/raed.academy\/ca\/esdeveniments\/"},{"@type":"ListItem","position":3,"name":"Jaume Jaume Sureda ingressa com a Acad\u00e8mic de N\u00famero de la RAED"}]},{"@type":"WebSite","@id":"https:\/\/raed.academy\/ca\/#website","url":"https:\/\/raed.academy\/ca\/","name":"Reial Acad\u00e8mia Europea de Doctors","description":"Corporaci\u00f3n de derecho p\u00fablico de car\u00e1cter cient\u00edfico, t\u00e9cnico y art\u00edstico, que tiene por objeto la investigaci\u00f3n, el estudio, el fomento y la extensi\u00f3n del conocimiento en su sentido m\u00e1s amplio","publisher":{"@id":"https:\/\/raed.academy\/ca\/#organization"},"potentialAction":[{"@type":"SearchAction","target":{"@type":"EntryPoint","urlTemplate":"https:\/\/raed.academy\/ca\/?s={search_term_string}"},"query-input":{"@type":"PropertyValueSpecification","valueRequired":true,"valueName":"search_term_string"}}],"inLanguage":"ca-ES"},{"@type":"Organization","@id":"https:\/\/raed.academy\/ca\/#organization","name":"Real Academia Europea de Doctores","url":"https:\/\/raed.academy\/ca\/","logo":{"@type":"ImageObject","inLanguage":"ca-ES","@id":"https:\/\/raed.academy\/ca\/#\/schema\/logo\/image\/","url":"https:\/\/raed.academy\/wp-content\/uploads\/2017\/01\/cropped-logo_raed.png","contentUrl":"https:\/\/raed.academy\/wp-content\/uploads\/2017\/01\/cropped-logo_raed.png","width":512,"height":512,"caption":"Real Academia Europea de Doctores"},"image":{"@id":"https:\/\/raed.academy\/ca\/#\/schema\/logo\/image\/"},"sameAs":["http:\/\/fb.me\/raed.academy","https:\/\/x.com\/raedacademy","https:\/\/www.instagram.com\/raed.academy\/","https:\/\/www.youtube.com\/channel\/UCUYQwW2KrdirNWihxMDObwg"]}]}},"_links":{"self":[{"href":"https:\/\/raed.academy\/ca\/wp-json\/wp\/v2\/dp_events\/167726","targetHints":{"allow":["GET"]}}],"collection":[{"href":"https:\/\/raed.academy\/ca\/wp-json\/wp\/v2\/dp_events"}],"about":[{"href":"https:\/\/raed.academy\/ca\/wp-json\/wp\/v2\/types\/dp_events"}],"wp:featuredmedia":[{"embeddable":true,"href":"https:\/\/raed.academy\/ca\/wp-json\/wp\/v2\/media\/167719"}],"wp:attachment":[{"href":"https:\/\/raed.academy\/ca\/wp-json\/wp\/v2\/media?parent=167726"}],"curies":[{"name":"wp","href":"https:\/\/api.w.org\/{rel}","templated":true}]}}