{"id":165872,"date":"2025-05-27T11:10:24","date_gmt":"2025-05-27T11:10:24","guid":{"rendered":"https:\/\/raed.academy\/?post_type=dp_events&#038;p=165872"},"modified":"2025-09-22T09:19:45","modified_gmt":"2025-09-22T09:19:45","slug":"la-dra-paula-plaza-ingressa-com-a-academica-de-numero-de-la-raed","status":"publish","type":"dp_events","link":"https:\/\/raed.academy\/ca\/esdeveniments\/la-dra-paula-plaza-ingressa-com-a-academica-de-numero-de-la-raed\/","title":{"rendered":"La Dra. Paula Plaza ingressa com a Acad\u00e8mica de N\u00famero de la RAED"},"content":{"rendered":"<p>[et_pb_section fb_built=&#8221;1&#8243; fullwidth=&#8221;on&#8221; _builder_version=&#8221;4.27.4&#8243; _module_preset=&#8221;default&#8221; locked=&#8221;off&#8221; global_colors_info=&#8221;{}&#8221;][et_pb_fullwidth_image src=&#8221;https:\/\/raed.academy\/wp-content\/uploads\/2025\/07\/ejemplo-de-ART-BRUT-cGPT-2.91.webp&#8221; title_text=&#8221;ejemplo-de-ART-BRUT-cGPT-2.91&#8243; _builder_version=&#8221;4.27.4&#8243; _module_preset=&#8221;default&#8221; global_colors_info=&#8221;{}&#8221;][\/et_pb_fullwidth_image][\/et_pb_section][et_pb_section fb_built=&#8221;1&#8243; admin_label=&#8221;Secci\u00f3n&#8221; _builder_version=&#8221;4.16&#8243; _module_preset=&#8221;default&#8221; locked=&#8221;off&#8221; global_colors_info=&#8221;{}&#8221;][et_pb_row admin_label=&#8221;Fila&#8221; _builder_version=&#8221;4.24.3&#8243; _module_preset=&#8221;default&#8221; max_width=&#8221;1400px&#8221; global_colors_info=&#8221;{}&#8221;][et_pb_column type=&#8221;4_4&#8243; _builder_version=&#8221;4.16&#8243; _module_preset=&#8221;default&#8221; global_colors_info=&#8221;{}&#8221;][et_pb_post_title meta=&#8221;off&#8221; featured_image=&#8221;off&#8221; admin_label=&#8221;t\u00edtulo publicacion&#8221; _builder_version=&#8221;4.27.4&#8243; _module_preset=&#8221;default&#8221; title_font_size=&#8221;40px&#8221; title_font_size_tablet=&#8221;&#8221; title_font_size_phone=&#8221;28px&#8221; title_font_size_last_edited=&#8221;on|phone&#8221; global_colors_info=&#8221;{}&#8221;][\/et_pb_post_title][et_pb_text admin_label=&#8221;Detalles evento&#8221; _builder_version=&#8221;4.27.4&#8243; _module_preset=&#8221;default&#8221; global_colors_info=&#8221;{}&#8221;]<div id=\"attachment_165869\" style=\"width: 501px\" class=\"wp-caption alignright\"><img loading=\"lazy\" decoding=\"async\" aria-describedby=\"caption-attachment-165869\" class=\"wp-image-165869\" src=\"https:\/\/raed.academy\/wp-content\/uploads\/2025\/07\/Paula-Plaza-Moreno-dst.webp\" alt=\"Paula Plaza Moreno\" width=\"491\" height=\"294\" srcset=\"https:\/\/raed.academy\/wp-content\/uploads\/2025\/07\/Paula-Plaza-Moreno-dst.webp 985w, https:\/\/raed.academy\/wp-content\/uploads\/2025\/07\/Paula-Plaza-Moreno-dst-768x460.webp 768w, https:\/\/raed.academy\/wp-content\/uploads\/2025\/07\/Paula-Plaza-Moreno-dst-627x376.webp 627w, https:\/\/raed.academy\/wp-content\/uploads\/2025\/07\/Paula-Plaza-Moreno-dst-440x264.webp 440w\" sizes=\"(max-width: 491px) 100vw, 491px\" \/><p id=\"caption-attachment-165869\" class=\"wp-caption-text\">Dra.\u00a0Paula Plaza<\/p><\/div><\/p>\n<p style=\"text-align: left;\">L&#8217;<strong>Excma. Sra. Dra. Paula Plaza Moreno<\/strong>, Doctora en Belles Arts, ingressa com a Acad\u00e8mica de N\u00famero de la Reial Acad\u00e8mia Europea de Doctors, amb el discurs <strong>\u201cLos que saben volar dentro de s\u00ed. Introducci\u00f3n al ART BRUT, el arte m\u00e1s puro, al vuelo interior\u201d<\/strong>.<\/p>\n<p><strong>Respon<\/strong>: <a href=\"https:\/\/raed.academy\/academicos\/dr-joan-francesc-pont-clemente\/\"><strong>Excmo. Sr. Dr. Joan Francesc Pont Clemente<\/strong><\/a>, Doctor en Dret<\/p>\n<p class=\"ubicacion-evento\">C\u00edrculo de Amistad XII de enero. C. Ruiz de Padr\u00f3n, 12, Santa Cruz de Tenerife, 38002<\/p>\n<p class=\"fecha-evento\">Divendres, 19 Setembre 2025<\/p>\n<p class=\"hora-evento\">17:30 h: hora local a les Illes Can\u00e0ries. 18:30 h: hora peninsular<\/p>\n<p><strong>Format:<\/strong> Presencial i streaming<\/p>\n<p><strong>Inscripci\u00f3: <\/strong>Es prega confirmaci\u00f3 d&#8217;assist\u00e8ncia a Secretaria:\u00a0<a href=\"mailto:secretaria@raed.academy\"><strong>secretaria@raed.academy<\/strong><\/a> o al <strong>tel. 93 667 40 54<\/strong><\/p>\n<p>&nbsp;<\/p>\n<p>[\/et_pb_text][et_pb_text admin_label=&#8221;abstract discurso&#8221; _builder_version=&#8221;4.27.4&#8243; _module_preset=&#8221;default&#8221; global_colors_info=&#8221;{}&#8221;]<\/p>\n<h2>Introducci\u00f3 a l&#8217;Art Brut: Els que saben volar dins seu<\/h2>\n<p>L&#8217;<strong>Art Brut<\/strong> emergeix de les complexes vides d&#8217;individus sovint vulnerables, que troben en la creaci\u00f3 una manera essencial de resist\u00e8ncia. Aquest art es distingeix per una connexi\u00f3 \u00edntima entre l&#8217;obra i l&#8217;autor, especialment en els \u201cartistes-purs\u201d, reflectint no nom\u00e9s conflictes interns, sin\u00f3 una creativitat singular. No cerca validaci\u00f3 externa ni respon a expectatives de p\u00fablic, sin\u00f3 que emana d&#8217;una necessitat vital de resistir les limitacions imposades per la malaltia, la reclusi\u00f3 o la precarietat.<\/p>\n<p>La creaci\u00f3 es converteix en un <strong>gest transcendental<\/strong>, sublimant el patiment en formes simb\u00f2liques que interpel\u00b7len l&#8217;art contemporani. \u00c9s crucial defensar aquesta llibertat art\u00edstica, evitant qualsevol influ\u00e8ncia externa que pugui modelar o neutralitzar l&#8217;ess\u00e8ncia de la seva obra. L&#8217;Art Brut ha impactat l&#8217;\u00e0mbit art\u00edstic-acad\u00e8mic, desafiant les concepcions tradicionals i promovent una comprensi\u00f3 de l&#8217;art com a mitj\u00e0 terap\u00e8utic i transformador.<\/p>\n<p>Aquests artistes s\u00f3n impulsats per una <strong>urg\u00e8ncia vital<\/strong>. Elements com l&#8217;automatisme, la canalitzaci\u00f3 de traumes o la construcci\u00f3 de mons alternatius s\u00f3n comuns. L&#8217;art \u00e9s una via de superviv\u00e8ncia ps\u00edquica, un refugi per al deliri o una manera de reconstruir la identitat. La paradoxa resideix que, encara que el sistema art\u00edstic busca autenticitat, sovint ignora aquesta creativitat radical per no encaixar en les seves l\u00f2giques de mercat.<\/p>\n<p>Els artistes-purs ens revelen una riquesa humana i art\u00edstica immensa, desafiant estigmes i transformant el patiment en art. La seva <strong>llibertat creativa<\/strong> ha de ser custodiada, permetent que els seus llenguatges i universos es desenvolupin sense coaccions externes, preservant aix\u00ed la puresa de la seva expressi\u00f3.<\/p>\n<p>[\/et_pb_text][et_pb_text admin_label=&#8221;Txt &#8211; Seguiu l&#8217;esdeveniment en directe&#8221; _builder_version=&#8221;4.27.4&#8243; _module_preset=&#8221;default&#8221; locked=&#8221;off&#8221; global_colors_info=&#8221;{}&#8221;]<\/p>\n<h2>Seguiu l&#8217;esdeveniment en directe<\/h2>\n<p>Podeu seguir l&#8217;esdeveniment en directe des d&#8217;aquesta p\u00e0gina.<\/p>\n<p>[\/et_pb_text][et_pb_code admin_label=&#8221;C\u00f3digo v\u00eddeo&#8221; _builder_version=&#8221;4.27.4&#8243; _module_preset=&#8221;default&#8221; custom_margin=&#8221;||75px|||&#8221; locked=&#8221;off&#8221; global_colors_info=&#8221;{}&#8221;]<iframe loading=\"lazy\" width=\"1092\" height=\"594\" src=\"https:\/\/www.youtube.com\/embed\/ij8nbP0S4ps\" title=\"Introducci\u00f3n al Art Brut. Los que saben volar dentro de s\u00ed\" frameborder=\"0\" allow=\"accelerometer; autoplay; clipboard-write; encrypted-media; gyroscope; picture-in-picture; web-share\" referrerpolicy=\"strict-origin-when-cross-origin\" allowfullscreen><\/iframe>[\/et_pb_code][et_pb_text admin_label=&#8221;hashtags y shortcode mapa&#8221; module_class=&#8221;hashtag&#8221; _builder_version=&#8221;4.24.2&#8243; _module_preset=&#8221;default&#8221; locked=&#8221;off&#8221; global_colors_info=&#8221;{}&#8221;]<iframe id=\"map_iframe\"  frameborder=\"0\" scrolling=\"no\" marginheight=\"0\" marginwidth=\"0\" src=\"https:\/\/maps.google.it\/maps?q=C\u00edrculo de Amistad XII de enero. C. Ruiz de Padr\u00f3n, 12, Santa Cruz de Tenerife, 38002&output=embed\"><\/iframe><\/p>\n<p>#AcademicosRAED<br \/>\n#inspirandoElConocimiento<br \/>\n[\/et_pb_text][\/et_pb_column][\/et_pb_row][et_pb_row column_structure=&#8221;1_2,1_2&#8243; admin_label=&#8221;Fila&#8221; _builder_version=&#8221;4.24.3&#8243; _module_preset=&#8221;default&#8221; max_width=&#8221;1400px&#8221; locked=&#8221;off&#8221; global_colors_info=&#8221;{}&#8221;][et_pb_column type=&#8221;1_2&#8243; _builder_version=&#8221;4.16&#8243; _module_preset=&#8221;default&#8221; global_colors_info=&#8221;{}&#8221;][et_pb_code admin_label=&#8221;C\u00f3digo &#8211; organitzadors&#8221; _builder_version=&#8221;4.27.4&#8243; _module_preset=&#8221;default&#8221; global_colors_info=&#8221;{}&#8221;]<pee class=\"ttl-colaboradores\">Organitzen:<\/pee><!-- [et_pb_line_break_holder] --><\/p>\n<div id=\"organizadores\">\n<div class=\"logo-colaborador\"><a href=\"https:\/\/raed.academy\/ca\/\" target=\"_blank\" rel=\"noopener noreferrer\"><img decoding=\"async\" src=\"https:\/\/raed.academy\/wp-content\/uploads\/2021\/10\/Logo-RAED-160px.jpg\" alt=\"Real Academia Europea de Doctores RAED\" \/><\/a><!-- [et_pb_line_break_holder] --><\/p>\n<div class=\"txt\"><\/div>\n<\/div>\n<p><!-- [et_pb_line_break_holder] --><\/p>\n<div class=\"logo-colaborador\"><a href=\"https:\/\/fundacionraed.org\/\" target=\"_blank\" rel=\"noopener noreferrer\"><img decoding=\"async\" src=\"https:\/\/raed.academy\/wp-content\/uploads\/2021\/10\/Logo-Fundacion-RAED-160px.jpg\" alt=\"Fundaci\u00f3n RAED\" \/><\/a><!-- [et_pb_line_break_holder] --><\/p>\n<div class=\"txt\"><\/div>\n<\/div>\n<p><!-- [et_pb_line_break_holder] --><\/div>\n<p><!-- [et_pb_line_break_holder] -->[\/et_pb_code][\/et_pb_column][et_pb_column type=&#8221;1_2&#8243; _builder_version=&#8221;4.16&#8243; _module_preset=&#8221;default&#8221; global_colors_info=&#8221;{}&#8221;][et_pb_code admin_label=&#8221;C\u00f3digo &#8211; col\u00b7laboradors&#8221; _builder_version=&#8221;4.27.4&#8243; _module_preset=&#8221;default&#8221; global_colors_info=&#8221;{}&#8221;]<pee class=\"ttl-colaboradores\">Amb la col\u00b7laboraci\u00f3 de:<\/pee><!-- [et_pb_line_break_holder] --><!-- [et_pb_line_break_holder] --><\/p>\n<div id=\"colaboradores\"><!-- [et_pb_line_break_holder] --><\/p>\n<div class=\"logo-colaborador\"><!-- [et_pb_line_break_holder] --><\/p>\n<div class=\"txt-circular\"><\/div>\n<p><!-- [et_pb_line_break_holder] --> <a href=\"https:\/\/justicia.gencat.cat\/ca\/inici\" target=\"_blank\" rel=\"noopener noreferrer\"><img decoding=\"async\" src=\"https:\/\/raed.academy\/wp-content\/uploads\/2024\/11\/Generalitat-de-Catalunya-dept-Justicia-i-Qualitat-Democratica-240px.jpg\" alt=\"Generalitat de catalunya\" width=\"210\" \/><\/a><\/div>\n<p><!-- [et_pb_line_break_holder] --><\/p>\n<div class=\"logo-colaborador\"><!-- [et_pb_line_break_holder] --><\/p>\n<div class=\"txt-circular\"><\/div>\n<p><!-- [et_pb_line_break_holder] -->  <a href=\"https:\/\/www.aecoc.es\/\" target=\"_blank\" rel=\"noopener noreferrer\"><img decoding=\"async\" src=\"https:\/\/raed.academy\/wp-content\/uploads\/2025\/05\/logo-AECOC-negro-200px.png\" alt=\"AECOC\" width=\"150\" ><\/a><\/div>\n<p><!-- [et_pb_line_break_holder] --><\/div>\n<p><!-- [et_pb_line_break_holder] -->[\/et_pb_code][\/et_pb_column][\/et_pb_row][\/et_pb_section]<\/p>\n","protected":false},"excerpt":{"rendered":"<p>Paula Plaza Moreno, Doctora en Belles Arts, ingressa a la RAED amb el discurs: \u201cLos que saben volar dentro de s\u00ed. Introducci\u00f3n al ART BRUT, el arte m\u00e1s puro, al vuelo interior\u201d<\/p>\n","protected":false},"featured_media":165850,"template":"","meta":{"_et_pb_use_builder":"on","_et_pb_old_content":"","_et_gb_content_width":""},"class_list":["post-165872","dp_events","type-dp_events","status-publish","has-post-thumbnail","hentry"],"yoast_head":"<!-- This site is optimized with the Yoast SEO plugin v27.4 - https:\/\/yoast.com\/product\/yoast-seo-wordpress\/ -->\n<title>La Dra. Paula Plaza ingressa com a Acad\u00e8mica de N\u00famero de la RAED - Reial Acad\u00e8mia Europea de Doctors<\/title>\n<meta name=\"description\" content=\"Paula Plaza Moreno, Doctora en Belles Arts, ingressa a la RAED amb un discurs sobre l&#039;Art Brut\" \/>\n<meta name=\"robots\" content=\"index, follow, max-snippet:-1, max-image-preview:large, max-video-preview:-1\" \/>\n<link rel=\"canonical\" href=\"https:\/\/raed.academy\/ca\/esdeveniments\/la-dra-paula-plaza-ingressa-com-a-academica-de-numero-de-la-raed\/\" \/>\n<meta property=\"og:locale\" content=\"ca_ES\" \/>\n<meta property=\"og:type\" content=\"article\" \/>\n<meta property=\"og:title\" content=\"La Dra. Paula Plaza ingressa com a Acad\u00e8mica de N\u00famero de la RAED - Reial Acad\u00e8mia Europea de Doctors\" \/>\n<meta property=\"og:description\" content=\"Paula Plaza Moreno, Doctora en Belles Arts, ingressa a la RAED amb un discurs sobre l&#039;Art Brut\" \/>\n<meta property=\"og:url\" content=\"https:\/\/raed.academy\/ca\/esdeveniments\/la-dra-paula-plaza-ingressa-com-a-academica-de-numero-de-la-raed\/\" \/>\n<meta property=\"og:site_name\" content=\"Reial Acad\u00e8mia Europea de Doctors\" \/>\n<meta property=\"article:publisher\" content=\"http:\/\/fb.me\/raed.academy\" \/>\n<meta property=\"article:modified_time\" content=\"2025-09-22T09:19:45+00:00\" \/>\n<meta property=\"og:image\" content=\"https:\/\/raed.academy\/wp-content\/uploads\/2025\/07\/ejemplo-de-Art-Brut-cGPT-1.17.webp\" \/>\n\t<meta property=\"og:image:width\" content=\"350\" \/>\n\t<meta property=\"og:image:height\" content=\"300\" \/>\n\t<meta property=\"og:image:type\" content=\"image\/webp\" \/>\n<meta name=\"twitter:card\" content=\"summary_large_image\" \/>\n<meta name=\"twitter:site\" content=\"@raedacademy\" \/>\n<meta name=\"twitter:label1\" content=\"Est. reading time\" \/>\n\t<meta name=\"twitter:data1\" content=\"4 minutes\" \/>\n<script type=\"application\/ld+json\" class=\"yoast-schema-graph\">{\"@context\":\"https:\\\/\\\/schema.org\",\"@graph\":[{\"@type\":\"WebPage\",\"@id\":\"https:\\\/\\\/raed.academy\\\/ca\\\/esdeveniments\\\/la-dra-paula-plaza-ingressa-com-a-academica-de-numero-de-la-raed\\\/\",\"url\":\"https:\\\/\\\/raed.academy\\\/ca\\\/esdeveniments\\\/la-dra-paula-plaza-ingressa-com-a-academica-de-numero-de-la-raed\\\/\",\"name\":\"La Dra. Paula Plaza ingressa com a Acad\u00e8mica de N\u00famero de la RAED - Reial Acad\u00e8mia Europea de Doctors\",\"isPartOf\":{\"@id\":\"https:\\\/\\\/raed.academy\\\/ca\\\/#website\"},\"primaryImageOfPage\":{\"@id\":\"https:\\\/\\\/raed.academy\\\/ca\\\/esdeveniments\\\/la-dra-paula-plaza-ingressa-com-a-academica-de-numero-de-la-raed\\\/#primaryimage\"},\"image\":{\"@id\":\"https:\\\/\\\/raed.academy\\\/ca\\\/esdeveniments\\\/la-dra-paula-plaza-ingressa-com-a-academica-de-numero-de-la-raed\\\/#primaryimage\"},\"thumbnailUrl\":\"https:\\\/\\\/raed.academy\\\/wp-content\\\/uploads\\\/2025\\\/07\\\/ejemplo-de-Art-Brut-cGPT-1.17.webp\",\"datePublished\":\"2025-05-27T11:10:24+00:00\",\"dateModified\":\"2025-09-22T09:19:45+00:00\",\"description\":\"Paula Plaza Moreno, Doctora en Belles Arts, ingressa a la RAED amb un discurs sobre l'Art Brut\",\"breadcrumb\":{\"@id\":\"https:\\\/\\\/raed.academy\\\/ca\\\/esdeveniments\\\/la-dra-paula-plaza-ingressa-com-a-academica-de-numero-de-la-raed\\\/#breadcrumb\"},\"inLanguage\":\"ca-ES\",\"potentialAction\":[{\"@type\":\"ReadAction\",\"target\":[\"https:\\\/\\\/raed.academy\\\/ca\\\/esdeveniments\\\/la-dra-paula-plaza-ingressa-com-a-academica-de-numero-de-la-raed\\\/\"]}]},{\"@type\":\"ImageObject\",\"inLanguage\":\"ca-ES\",\"@id\":\"https:\\\/\\\/raed.academy\\\/ca\\\/esdeveniments\\\/la-dra-paula-plaza-ingressa-com-a-academica-de-numero-de-la-raed\\\/#primaryimage\",\"url\":\"https:\\\/\\\/raed.academy\\\/wp-content\\\/uploads\\\/2025\\\/07\\\/ejemplo-de-Art-Brut-cGPT-1.17.webp\",\"contentUrl\":\"https:\\\/\\\/raed.academy\\\/wp-content\\\/uploads\\\/2025\\\/07\\\/ejemplo-de-Art-Brut-cGPT-1.17.webp\",\"width\":350,\"height\":300},{\"@type\":\"BreadcrumbList\",\"@id\":\"https:\\\/\\\/raed.academy\\\/ca\\\/esdeveniments\\\/la-dra-paula-plaza-ingressa-com-a-academica-de-numero-de-la-raed\\\/#breadcrumb\",\"itemListElement\":[{\"@type\":\"ListItem\",\"position\":1,\"name\":\"Inicio\",\"item\":\"https:\\\/\\\/raed.academy\\\/ca\\\/\"},{\"@type\":\"ListItem\",\"position\":2,\"name\":\"Activitats\",\"item\":\"https:\\\/\\\/raed.academy\\\/ca\\\/esdeveniments\\\/\"},{\"@type\":\"ListItem\",\"position\":3,\"name\":\"La Dra. Paula Plaza ingressa com a Acad\u00e8mica de N\u00famero de la RAED\"}]},{\"@type\":\"WebSite\",\"@id\":\"https:\\\/\\\/raed.academy\\\/ca\\\/#website\",\"url\":\"https:\\\/\\\/raed.academy\\\/ca\\\/\",\"name\":\"Reial Acad\u00e8mia Europea de Doctors\",\"description\":\"Corporaci\u00f3n de derecho p\u00fablico de car\u00e1cter cient\u00edfico, t\u00e9cnico y art\u00edstico, que tiene por objeto la investigaci\u00f3n, el estudio, el fomento y la extensi\u00f3n del conocimiento en su sentido m\u00e1s amplio\",\"publisher\":{\"@id\":\"https:\\\/\\\/raed.academy\\\/ca\\\/#organization\"},\"potentialAction\":[{\"@type\":\"SearchAction\",\"target\":{\"@type\":\"EntryPoint\",\"urlTemplate\":\"https:\\\/\\\/raed.academy\\\/ca\\\/?s={search_term_string}\"},\"query-input\":{\"@type\":\"PropertyValueSpecification\",\"valueRequired\":true,\"valueName\":\"search_term_string\"}}],\"inLanguage\":\"ca-ES\"},{\"@type\":\"Organization\",\"@id\":\"https:\\\/\\\/raed.academy\\\/ca\\\/#organization\",\"name\":\"Real Academia Europea de Doctores\",\"url\":\"https:\\\/\\\/raed.academy\\\/ca\\\/\",\"logo\":{\"@type\":\"ImageObject\",\"inLanguage\":\"ca-ES\",\"@id\":\"https:\\\/\\\/raed.academy\\\/ca\\\/#\\\/schema\\\/logo\\\/image\\\/\",\"url\":\"https:\\\/\\\/raed.academy\\\/wp-content\\\/uploads\\\/2017\\\/01\\\/cropped-logo_raed.png\",\"contentUrl\":\"https:\\\/\\\/raed.academy\\\/wp-content\\\/uploads\\\/2017\\\/01\\\/cropped-logo_raed.png\",\"width\":512,\"height\":512,\"caption\":\"Real Academia Europea de Doctores\"},\"image\":{\"@id\":\"https:\\\/\\\/raed.academy\\\/ca\\\/#\\\/schema\\\/logo\\\/image\\\/\"},\"sameAs\":[\"http:\\\/\\\/fb.me\\\/raed.academy\",\"https:\\\/\\\/x.com\\\/raedacademy\",\"https:\\\/\\\/www.instagram.com\\\/raed.academy\\\/\",\"https:\\\/\\\/www.youtube.com\\\/channel\\\/UCUYQwW2KrdirNWihxMDObwg\"]}]}<\/script>\n<!-- \/ Yoast SEO plugin. -->","yoast_head_json":{"title":"La Dra. Paula Plaza ingressa com a Acad\u00e8mica de N\u00famero de la RAED - Reial Acad\u00e8mia Europea de Doctors","description":"Paula Plaza Moreno, Doctora en Belles Arts, ingressa a la RAED amb un discurs sobre l'Art Brut","robots":{"index":"index","follow":"follow","max-snippet":"max-snippet:-1","max-image-preview":"max-image-preview:large","max-video-preview":"max-video-preview:-1"},"canonical":"https:\/\/raed.academy\/ca\/esdeveniments\/la-dra-paula-plaza-ingressa-com-a-academica-de-numero-de-la-raed\/","og_locale":"ca_ES","og_type":"article","og_title":"La Dra. Paula Plaza ingressa com a Acad\u00e8mica de N\u00famero de la RAED - Reial Acad\u00e8mia Europea de Doctors","og_description":"Paula Plaza Moreno, Doctora en Belles Arts, ingressa a la RAED amb un discurs sobre l'Art Brut","og_url":"https:\/\/raed.academy\/ca\/esdeveniments\/la-dra-paula-plaza-ingressa-com-a-academica-de-numero-de-la-raed\/","og_site_name":"Reial Acad\u00e8mia Europea de Doctors","article_publisher":"http:\/\/fb.me\/raed.academy","article_modified_time":"2025-09-22T09:19:45+00:00","og_image":[{"width":350,"height":300,"url":"https:\/\/raed.academy\/wp-content\/uploads\/2025\/07\/ejemplo-de-Art-Brut-cGPT-1.17.webp","type":"image\/webp"}],"twitter_card":"summary_large_image","twitter_site":"@raedacademy","twitter_misc":{"Est. reading time":"4 minutes"},"schema":{"@context":"https:\/\/schema.org","@graph":[{"@type":"WebPage","@id":"https:\/\/raed.academy\/ca\/esdeveniments\/la-dra-paula-plaza-ingressa-com-a-academica-de-numero-de-la-raed\/","url":"https:\/\/raed.academy\/ca\/esdeveniments\/la-dra-paula-plaza-ingressa-com-a-academica-de-numero-de-la-raed\/","name":"La Dra. Paula Plaza ingressa com a Acad\u00e8mica de N\u00famero de la RAED - Reial Acad\u00e8mia Europea de Doctors","isPartOf":{"@id":"https:\/\/raed.academy\/ca\/#website"},"primaryImageOfPage":{"@id":"https:\/\/raed.academy\/ca\/esdeveniments\/la-dra-paula-plaza-ingressa-com-a-academica-de-numero-de-la-raed\/#primaryimage"},"image":{"@id":"https:\/\/raed.academy\/ca\/esdeveniments\/la-dra-paula-plaza-ingressa-com-a-academica-de-numero-de-la-raed\/#primaryimage"},"thumbnailUrl":"https:\/\/raed.academy\/wp-content\/uploads\/2025\/07\/ejemplo-de-Art-Brut-cGPT-1.17.webp","datePublished":"2025-05-27T11:10:24+00:00","dateModified":"2025-09-22T09:19:45+00:00","description":"Paula Plaza Moreno, Doctora en Belles Arts, ingressa a la RAED amb un discurs sobre l'Art Brut","breadcrumb":{"@id":"https:\/\/raed.academy\/ca\/esdeveniments\/la-dra-paula-plaza-ingressa-com-a-academica-de-numero-de-la-raed\/#breadcrumb"},"inLanguage":"ca-ES","potentialAction":[{"@type":"ReadAction","target":["https:\/\/raed.academy\/ca\/esdeveniments\/la-dra-paula-plaza-ingressa-com-a-academica-de-numero-de-la-raed\/"]}]},{"@type":"ImageObject","inLanguage":"ca-ES","@id":"https:\/\/raed.academy\/ca\/esdeveniments\/la-dra-paula-plaza-ingressa-com-a-academica-de-numero-de-la-raed\/#primaryimage","url":"https:\/\/raed.academy\/wp-content\/uploads\/2025\/07\/ejemplo-de-Art-Brut-cGPT-1.17.webp","contentUrl":"https:\/\/raed.academy\/wp-content\/uploads\/2025\/07\/ejemplo-de-Art-Brut-cGPT-1.17.webp","width":350,"height":300},{"@type":"BreadcrumbList","@id":"https:\/\/raed.academy\/ca\/esdeveniments\/la-dra-paula-plaza-ingressa-com-a-academica-de-numero-de-la-raed\/#breadcrumb","itemListElement":[{"@type":"ListItem","position":1,"name":"Inicio","item":"https:\/\/raed.academy\/ca\/"},{"@type":"ListItem","position":2,"name":"Activitats","item":"https:\/\/raed.academy\/ca\/esdeveniments\/"},{"@type":"ListItem","position":3,"name":"La Dra. Paula Plaza ingressa com a Acad\u00e8mica de N\u00famero de la RAED"}]},{"@type":"WebSite","@id":"https:\/\/raed.academy\/ca\/#website","url":"https:\/\/raed.academy\/ca\/","name":"Reial Acad\u00e8mia Europea de Doctors","description":"Corporaci\u00f3n de derecho p\u00fablico de car\u00e1cter cient\u00edfico, t\u00e9cnico y art\u00edstico, que tiene por objeto la investigaci\u00f3n, el estudio, el fomento y la extensi\u00f3n del conocimiento en su sentido m\u00e1s amplio","publisher":{"@id":"https:\/\/raed.academy\/ca\/#organization"},"potentialAction":[{"@type":"SearchAction","target":{"@type":"EntryPoint","urlTemplate":"https:\/\/raed.academy\/ca\/?s={search_term_string}"},"query-input":{"@type":"PropertyValueSpecification","valueRequired":true,"valueName":"search_term_string"}}],"inLanguage":"ca-ES"},{"@type":"Organization","@id":"https:\/\/raed.academy\/ca\/#organization","name":"Real Academia Europea de Doctores","url":"https:\/\/raed.academy\/ca\/","logo":{"@type":"ImageObject","inLanguage":"ca-ES","@id":"https:\/\/raed.academy\/ca\/#\/schema\/logo\/image\/","url":"https:\/\/raed.academy\/wp-content\/uploads\/2017\/01\/cropped-logo_raed.png","contentUrl":"https:\/\/raed.academy\/wp-content\/uploads\/2017\/01\/cropped-logo_raed.png","width":512,"height":512,"caption":"Real Academia Europea de Doctores"},"image":{"@id":"https:\/\/raed.academy\/ca\/#\/schema\/logo\/image\/"},"sameAs":["http:\/\/fb.me\/raed.academy","https:\/\/x.com\/raedacademy","https:\/\/www.instagram.com\/raed.academy\/","https:\/\/www.youtube.com\/channel\/UCUYQwW2KrdirNWihxMDObwg"]}]}},"_links":{"self":[{"href":"https:\/\/raed.academy\/ca\/wp-json\/wp\/v2\/dp_events\/165872","targetHints":{"allow":["GET"]}}],"collection":[{"href":"https:\/\/raed.academy\/ca\/wp-json\/wp\/v2\/dp_events"}],"about":[{"href":"https:\/\/raed.academy\/ca\/wp-json\/wp\/v2\/types\/dp_events"}],"wp:featuredmedia":[{"embeddable":true,"href":"https:\/\/raed.academy\/ca\/wp-json\/wp\/v2\/media\/165850"}],"wp:attachment":[{"href":"https:\/\/raed.academy\/ca\/wp-json\/wp\/v2\/media?parent=165872"}],"curies":[{"name":"wp","href":"https:\/\/api.w.org\/{rel}","templated":true}]}}