{"id":164108,"date":"2025-05-14T10:09:06","date_gmt":"2025-05-14T10:09:06","guid":{"rendered":"https:\/\/raed.academy\/?post_type=dp_events&#038;p=164108"},"modified":"2025-06-17T15:03:45","modified_gmt":"2025-06-17T15:03:45","slug":"la-dra-maria-angela-jimenez-montanes-ingressa-com-a-academica-numeraria-de-la-raed","status":"publish","type":"dp_events","link":"https:\/\/raed.academy\/ca\/esdeveniments\/la-dra-maria-angela-jimenez-montanes-ingressa-com-a-academica-numeraria-de-la-raed\/","title":{"rendered":"La Dra. Mar\u00eda \u00c1ngela Jim\u00e9nez Monta\u00f1\u00e9s ingressa com a Acad\u00e8mica Numeraria de la RAED"},"content":{"rendered":"<p>[et_pb_section fb_built=&#8221;1&#8243; fullwidth=&#8221;on&#8221; _builder_version=&#8221;4.27.4&#8243; _module_preset=&#8221;default&#8221; locked=&#8221;off&#8221; global_colors_info=&#8221;{}&#8221;][et_pb_fullwidth_image src=&#8221;https:\/\/raed.academy\/wp-content\/uploads\/2025\/05\/shutt-bombilla-naturaleza-energia-desarrollo-renovable-y-sostenible-2.91.webp&#8221; title_text=&#8221;shutt-bombilla-naturaleza-energia-desarrollo-renovable-y-sostenible-2.91&#8243; _builder_version=&#8221;4.27.4&#8243; _module_preset=&#8221;default&#8221; global_colors_info=&#8221;{}&#8221;][\/et_pb_fullwidth_image][\/et_pb_section][et_pb_section fb_built=&#8221;1&#8243; admin_label=&#8221;Secci\u00f3n&#8221; _builder_version=&#8221;4.16&#8243; _module_preset=&#8221;default&#8221; locked=&#8221;off&#8221; global_colors_info=&#8221;{}&#8221;][et_pb_row admin_label=&#8221;Fila&#8221; _builder_version=&#8221;4.24.3&#8243; _module_preset=&#8221;default&#8221; max_width=&#8221;1400px&#8221; global_colors_info=&#8221;{}&#8221;][et_pb_column type=&#8221;4_4&#8243; _builder_version=&#8221;4.16&#8243; _module_preset=&#8221;default&#8221; global_colors_info=&#8221;{}&#8221;][et_pb_post_title meta=&#8221;off&#8221; featured_image=&#8221;off&#8221; admin_label=&#8221;T\u00edtulo de publicaci\u00f3n&#8221; _builder_version=&#8221;4.20.0&#8243; _module_preset=&#8221;default&#8221; global_colors_info=&#8221;{}&#8221;][\/et_pb_post_title][et_pb_text admin_label=&#8221;Detalles evento&#8221; _builder_version=&#8221;4.27.4&#8243; _module_preset=&#8221;default&#8221; global_colors_info=&#8221;{}&#8221;]<div id=\"attachment_164165\" style=\"width: 210px\" class=\"wp-caption alignright\"><img loading=\"lazy\" decoding=\"async\" aria-describedby=\"caption-attachment-164165\" class=\"wp-image-164165\" src=\"https:\/\/raed.academy\/wp-content\/uploads\/2025\/05\/Maria-Angela-Jimenez-Montanes-230x317px.jpg\" alt=\"\" width=\"200\" height=\"276\" \/><p id=\"caption-attachment-164165\" class=\"wp-caption-text\">Dra. Mar\u00eda \u00c1ngela Jim\u00e9nez<\/p><\/div><\/p>\n<p style=\"text-align: left;\">L\u2019 <strong>Excma. Sra. Dra. Mar\u00eda \u00c1ngela Jim\u00e9nez Monta\u00f1\u00e9s<\/strong>, Doctora en Ci\u00e8ncies Econ\u00f2miques i Empresarials, ingressa com a Acad\u00e8mica Numer\u00e0ria de la Reial Acad\u00e8mia Europea de Doctors, amb el discurs <b>\u00a0&#8220;La sostenibilidad y su implicaci\u00f3n en la gesti\u00f3n de lasorganizaciones&#8221;<\/b>.<\/p>\n<p><strong>Respon:<\/strong> <a href=\"https:\/\/raed.academy\/academicos\/dr-carlos-mallo-rodriguez\/\"><strong>Excm. Sr. Dr. Carlos Mallo Rodr\u00edguez<\/strong><\/a>, Doctor en Ci\u00e8ncies Econ\u00f2miques<\/p>\n<p class=\"ubicacion-evento\">Esgl\u00e9sia de Sant Pere M\u00e0rtir de la Facultat de Ci\u00e8ncies Jur\u00eddiques i Socials UCLM, Cobert de Sant Pere M\u00e0rtir, s\/n, Toledo, 45002<\/p>\n<p class=\"fecha-evento\">Dijous, 05 Juny 2025<\/p>\n<p class=\"hora-evento\">12:00 h<\/p>\n<p><strong>Format:<\/strong>\u00a0Presencial i streaming<\/p>\n<p><strong>Inscripcions<\/strong>:\u00a0Es prega confirmaci\u00f3 d\u2019assist\u00e8ncia a Secretaria:\u00a0<strong><a href=\"mailto:secretaria@raed.academy\">secretaria@raed.academy<\/a><\/strong>o al\u00a0<strong>tel. 93 667 40 54<\/strong><\/p>\n<h2>La sostenibilitat i la seva implicaci\u00f3 en la gesti\u00f3 de les organitzacions<\/h2>\n<p>La sostenibilitat es pot entendre com aquelles accions que tenen com a objectiu afavorir les activitats socials i ambientals al mateix temps, i que al seu torn ajudin a millorar la situaci\u00f3 financera de l\u2019empresa. Des de l\u2019\u00f2ptica mediambiental, \u00e9s l\u2019equilibri generat per la relaci\u00f3 harm\u00f2nica entre l\u2019\u00e9sser hum\u00e0 i la natura que l\u2019envolta i de la qual forma part, i que aquesta relaci\u00f3 romangui al llarg del temps, \u00e9s a dir, sigui sostenible. Des de l\u2019\u00f2ptica social, \u00e9s l\u2019ajuda volunt\u00e0ria expressada en recursos econ\u00f2mics atorgada per les empreses a projectes externs de desenvolupament socioecon\u00f2mic.<\/p>\n<p>Les empreses que adopten pr\u00e0ctiques responsables i sostenibles i inverteixen en projectes estrat\u00e8gics dins de l\u2019escenari de la sostenibilitat poden arribar a reduir els seus costos generals, com a conseq\u00fc\u00e8ncia d\u2019aspectes, entre els quals es poden destacar, la millora de la imatge davant els clients la qual cosa incrementar\u00e0 les seves vendes, la millora de l\u2019ambient laboral, l\u2019atracci\u00f3 d\u2019inversions a menors costos, el desenvolupament de les relacions amb la comunitat i la relaci\u00f3 amb els reguladors nacionals.<\/p>\n<p>El concepte de sostenibilitat ha estat considerat des de tres \u00f2ptiques importants, l\u2019\u00f2ptica econ\u00f2mica, social i mediambiental, per\u00f2 si b\u00e9, donada la repercussi\u00f3 de la sostenibilitat en l\u2019activitat empresarial, hem d\u2019afegir la dimensi\u00f3 de la informaci\u00f3 sostenible. El punt de partida de l\u2019an\u00e0lisi de la Directiva Europea 2014\/95\/UE del Parlament Europeu i del Consell de 22 d\u2019octubre de 2014, recomana la divulgaci\u00f3 d\u2019informaci\u00f3 no financera i informaci\u00f3 sobre diversitat per part de determinades grans empreses i determinats grups.<\/p>\n<p>La sostenibilitat \u00e9s i ser\u00e0 un nou repte per a les empreses i els empresaris.<\/p>\n<p>[\/et_pb_text][et_pb_text admin_label=&#8221;Txt &#8211; Seguir el evento en directo&#8221; _builder_version=&#8221;4.27.4&#8243; _module_preset=&#8221;default&#8221; global_colors_info=&#8221;{}&#8221;]<\/p>\n<h2>Seguiu l\u2019esdeveniment en directe<\/h2>\n<p>Podeu seguir l\u2019esdeveniment en directe des d\u2019aquesta p\u00e0gina.<\/p>\n<p>[\/et_pb_text][et_pb_code admin_label=&#8221;C\u00f3digo v\u00eddeo&#8221; _builder_version=&#8221;4.27.4&#8243; _module_preset=&#8221;default&#8221; custom_margin=&#8221;||75px|||&#8221; global_colors_info=&#8221;{}&#8221;]<iframe loading=\"lazy\" width=\"1156\" height=\"650\" src=\"https:\/\/www.youtube.com\/embed\/gDn0sx9CI2A\" title=\"La sostenibilidad y su implicaci\u00f3n en la gesti\u00f3n de las organizaciones, por Mar\u00eda \u00c1ngela Jim\u00e9nez\" frameborder=\"0\" allow=\"accelerometer; autoplay; clipboard-write; encrypted-media; gyroscope; picture-in-picture; web-share\" referrerpolicy=\"strict-origin-when-cross-origin\" allowfullscreen><\/iframe>[\/et_pb_code][et_pb_text admin_label=&#8221;hashtags y shortcode mapa&#8221; module_class=&#8221;hashtag&#8221; _builder_version=&#8221;4.24.2&#8243; _module_preset=&#8221;default&#8221; locked=&#8221;off&#8221; global_colors_info=&#8221;{}&#8221;]<iframe id=\"map_iframe\"  frameborder=\"0\" scrolling=\"no\" marginheight=\"0\" marginwidth=\"0\" src=\"https:\/\/maps.google.it\/maps?q=Esgl\u00e9sia de Sant Pere M\u00e0rtir de la Facultat de Ci\u00e8ncies Jur\u00eddiques i Socials UCLM, Cobert de Sant Pere M\u00e0rtir, s\/n, Toledo, 45002&output=embed\"><\/iframe><\/p>\n<p>#AcademicosRAED<br \/>\n#inspirandoElConocimiento<br \/>\n[\/et_pb_text][\/et_pb_column][\/et_pb_row][et_pb_row column_structure=&#8221;1_2,1_2&#8243; admin_label=&#8221;Fila&#8221; _builder_version=&#8221;4.24.3&#8243; _module_preset=&#8221;default&#8221; max_width=&#8221;1400px&#8221; locked=&#8221;off&#8221; global_colors_info=&#8221;{}&#8221;][et_pb_column type=&#8221;1_2&#8243; _builder_version=&#8221;4.16&#8243; _module_preset=&#8221;default&#8221; global_colors_info=&#8221;{}&#8221;][et_pb_code admin_label=&#8221;C\u00f3digo &#8211; organitzadors&#8221; _builder_version=&#8221;4.27.4&#8243; _module_preset=&#8221;default&#8221; hover_enabled=&#8221;0&#8243; global_colors_info=&#8221;{}&#8221; sticky_enabled=&#8221;0&#8243;]<pee class=\"ttl-colaboradores\">Organitzen:<\/pee><!-- [et_pb_line_break_holder] --><!-- [et_pb_line_break_holder] --><\/p>\n<div id=\"organizadores\"><!-- [et_pb_line_break_holder] --><\/p>\n<div class=\"logo-colaborador\"><a href=\"https:\/\/raed.academy\/ca\/\" target=\"_blank\" rel=\"noopener noreferrer\"><img decoding=\"async\" src=\"https:\/\/raed.academy\/wp-content\/uploads\/2021\/10\/Logo-RAED-160px.jpg\" alt=\"Real Academia Europea de Doctores RAED\" \/><\/a><!-- [et_pb_line_break_holder] --><\/p>\n<div class=\"txt\"><\/div>\n<p><!-- [et_pb_line_break_holder] --><\/div>\n<p><!-- [et_pb_line_break_holder] --><\/p>\n<div class=\"logo-colaborador\"><a href=\"https:\/\/fundacionraed.org\/\" target=\"_blank\" rel=\"noopener noreferrer\"><img decoding=\"async\" src=\"https:\/\/raed.academy\/wp-content\/uploads\/2021\/10\/Logo-Fundacion-RAED-160px.jpg\" alt=\"Fundaci\u00f3n RAED\" \/><\/a><!-- [et_pb_line_break_holder] --><\/p>\n<div class=\"txt\"><\/div>\n<p><!-- [et_pb_line_break_holder] --><\/div>\n<p><!-- [et_pb_line_break_holder] --><\/div>\n<p><!-- [et_pb_line_break_holder] -->[\/et_pb_code][\/et_pb_column][et_pb_column type=&#8221;1_2&#8243; _builder_version=&#8221;4.16&#8243; _module_preset=&#8221;default&#8221; global_colors_info=&#8221;{}&#8221;][et_pb_code admin_label=&#8221;C\u00f3digo &#8211; col\u00b7laboradors&#8221; _builder_version=&#8221;4.27.4&#8243; _module_preset=&#8221;default&#8221; hover_enabled=&#8221;0&#8243; global_colors_info=&#8221;{}&#8221; sticky_enabled=&#8221;0&#8243;]<pee class=\"ttl-colaboradores\">Amb la col\u00b7laboraci\u00f3 de:<\/pee><!-- [et_pb_line_break_holder] --><!-- [et_pb_line_break_holder] --><\/p>\n<div id=\"colaboradores\"><!-- [et_pb_line_break_holder] --><\/p>\n<div class=\"logo-colaborador\"><!-- [et_pb_line_break_holder] --><\/p>\n<div class=\"txt-circular\"><\/div>\n<p><!-- [et_pb_line_break_holder] --> <a href=\"https:\/\/justicia.gencat.cat\/ca\/inici\" target=\"_blank\" rel=\"noopener noreferrer\"><img decoding=\"async\" src=\"https:\/\/raed.academy\/wp-content\/uploads\/2024\/11\/Generalitat-de-Catalunya-dept-Justicia-i-Qualitat-Democratica-240px.jpg\" alt=\"Generalitat de catalunya\" width=\"210\" \/><\/a><\/div>\n<p><!-- [et_pb_line_break_holder] --><\/p>\n<div class=\"logo-colaborador\"><!-- [et_pb_line_break_holder] --><\/p>\n<div class=\"txt-circular\"><\/div>\n<p><!-- [et_pb_line_break_holder] -->  <a href=\"https:\/\/www.aecoc.es\/\" target=\"_blank\" rel=\"noopener noreferrer\"><img decoding=\"async\" src=\"https:\/\/raed.academy\/wp-content\/uploads\/2025\/05\/logo-AECOC-negro-200px.png\" alt=\"AECOC\" width=\"150\" ><\/a><\/div>\n<p><!-- [et_pb_line_break_holder] --><\/div>\n<p><!-- [et_pb_line_break_holder] -->[\/et_pb_code][\/et_pb_column][\/et_pb_row][\/et_pb_section]<\/p>\n","protected":false},"excerpt":{"rendered":"<p>L\u2019 Excma. Sra. Dra. Mar\u00eda \u00c1ngela Jim\u00e9nez Monta\u00f1\u00e9s , ingressa com a Acad\u00e8mica Numer\u00e0ria de la\u00a0Reial Acad\u00e8mia Europea de Doctors, amb el discurs\u00a0\u00a0&#8220;La sostenibilidad y su implicaci\u00f3n en la gesti\u00f3n de lasorganizaciones&#8221;.<\/p>\n","protected":false},"featured_media":164043,"template":"","meta":{"_et_pb_use_builder":"on","_et_pb_old_content":"<p>[et_pb_section fb_built=\"1\" fullwidth=\"on\" _builder_version=\"4.27.4\" _module_preset=\"default\" locked=\"off\" global_colors_info=\"{}\"][et_pb_fullwidth_image src=\"https:\/\/raed.academy\/wp-content\/uploads\/2025\/05\/shutt-bombilla-naturaleza-energia-desarrollo-renovable-y-sostenible-2.91.webp\" title_text=\"shutt-bombilla-naturaleza-energia-desarrollo-renovable-y-sostenible-2.91\" _builder_version=\"4.27.4\" _module_preset=\"default\" global_colors_info=\"{}\"][\/et_pb_fullwidth_image][\/et_pb_section][et_pb_section fb_built=\"1\" admin_label=\"Secci\u00f3n\" _builder_version=\"4.16\" _module_preset=\"default\" locked=\"off\" global_colors_info=\"{}\"][et_pb_row admin_label=\"Fila\" _builder_version=\"4.24.3\" _module_preset=\"default\" max_width=\"1400px\" global_colors_info=\"{}\"][et_pb_column type=\"4_4\" _builder_version=\"4.16\" _module_preset=\"default\" global_colors_info=\"{}\"][et_pb_post_title meta=\"off\" featured_image=\"off\" admin_label=\"T\u00edtulo de publicaci\u00f3n\" _builder_version=\"4.20.0\" _module_preset=\"default\" global_colors_info=\"{}\"][\/et_pb_post_title][et_pb_text admin_label=\"Detalles evento\" _builder_version=\"4.27.4\" _module_preset=\"default\" hover_enabled=\"0\" global_colors_info=\"{}\" sticky_enabled=\"0\"]<\/p><p style=\"text-align: left;\">El <strong>Excma. Sr. Dra. Mar\u00eda \u00c1ngela Jim\u00e9nez Monta\u00f1\u00e9s <\/strong>, ingresa como Acad\u00e9mica de Numeraria de la <strong>Real Academia Europea de Doctores<\/strong>, con el discurso<b> \"La sostenibilidad y su implicaci\u00f3n en la gesti\u00f3n de lasorganizaciones\"<\/b>.<\/p><p><strong>Responde<\/strong>: <a href=\"https:\/\/raed.academy\/academicos\/dr-carlos-mallo-rodriguez\/\"><strong>Excmo. Sr. Dr. Carlos Mallo Rodr\u00edguez<\/strong><\/a>,\u00a0 Doctor en Ciencias Econ\u00f3micas<\/p><h2><b>La sostenibilidad y su implicaci\u00f3n en la gesti\u00f3n de lasorganizaciones<\/b><\/h2><p>La sostenibilidad se puede entender como aquellas acciones que tienen como objetivo favorecer a las actividades sociales y ambientales al mismo tiempo, y que a su vez ayuden a mejorar la situaci\u00f3n financiera de la empresa. Desde la \u00f3ptica medioambiental, es el equilibrio generado por la relaci\u00f3n arm\u00f3nica entre el ser humano y la naturaleza que lo rodea y de la cual forma parte, y que esta relaci\u00f3n permanezca a lo largo del tiempo, es decir, sea sustentable. Desde la \u00f3ptica social, es la ayuda voluntaria expresada en recursos econ\u00f3micos otorgada por las empresas a proyectos externos de desarrollo socioecon\u00f3mico.<\/p><p>Las empresas que adoptan pr\u00e1cticas responsables y sostenibles e invierten en proyectos estrat\u00e9gicos dentro del escenario de la sostenibilidad pueden llegar a reducir sus costes generales, como consecuencia de aspectos, entre los que se pueden destacar, la mejorade la imagen ante los clientes lo que incrementar\u00e1 sus ventas, la mejora del ambiente laborar, la atracci\u00f3n de inversiones a menores costes, el desarrollo de las relaciones conla comunidad y la relaci\u00f3n con los reguladores nacionales.<\/p><p>El concepto de sostenibilidad ha sido considerado desde tres \u00f3pticas importantes, lav\u00f3ptica econ\u00f3mica, social y medioambiental, pero si bien, dada la repercusi\u00f3n de la sostenibilidad en la actividad empresarial debemos a\u00f1adir ladimensi\u00f3n de lainformaci\u00f3n sostenible. El punto de partida del an\u00e1lisis de la Directiva Europea2014\/95\/UE del Parlamento Europeo y del Consejo de 22 de octubre de 2014, recomienda la divulgaci\u00f3n de informaci\u00f3n no financiera e informaci\u00f3n sobre diversidad por parte de determinadas grandes empresas y determinados grupos.<\/p><p>La sostenibilidad es y ser\u00e1 un nuevo reto para las empresas y los empresarios<\/p><p class=\"ubicacion-evento\">[DP_Single_Event_Venue_Address]<\/p><p class=\"fecha-evento\">Jueves, [DP_Single_Event_Start_Date dem_start_date_format=\"d F Y\"]<\/p><p class=\"hora-evento\">[DP_Single_Event_Start_Time] h<\/p><p><strong>Formato:<\/strong> Presencial y streaming<\/p><p><strong>Inscripci\u00f3n: <\/strong>Se ruega confirmaci\u00f3n de asistencia en Secretar\u00eda: <a href=\"mailto:secretaria@raed.academy\"><strong>secretaria@raed.academy<\/strong><\/a> o al <strong>tel. 93 667 40 54<\/strong><\/p><p>\u00a0<\/p><p>[\/et_pb_text][et_pb_text admin_label=\"Txt - Seguir el evento en directo\" _builder_version=\"4.27.4\" _module_preset=\"default\" global_colors_info=\"{}\"]<\/p><h2>Seguir el evento en directo<\/h2><p>Podr\u00e1 seguir el evento en directo desde esta misma p\u00e1gina.<\/p><p>[\/et_pb_text][et_pb_code admin_label=\"C\u00f3digo v\u00eddeo\" _builder_version=\"4.27.4\" _module_preset=\"default\" custom_margin=\"||75px|||\" global_colors_info=\"{}\"][\/et_pb_code][et_pb_text admin_label=\"hashtags y shortcode mapa\" module_class=\"hashtag\" _builder_version=\"4.24.2\" _module_preset=\"default\" locked=\"off\" global_colors_info=\"{}\"]<\/p><p>[DP_Single_Event_Map_Address]<\/p><p>#AcademicosRAED<br \/>#inspirandoElConocimiento<\/p><p>[\/et_pb_text][\/et_pb_column][\/et_pb_row][et_pb_row column_structure=\"2_3,1_3\" admin_label=\"Fila\" _builder_version=\"4.24.3\" _module_preset=\"default\" max_width=\"1400px\" locked=\"off\" global_colors_info=\"{}\"][et_pb_column type=\"2_3\" _builder_version=\"4.16\" _module_preset=\"default\" global_colors_info=\"{}\"][et_pb_code admin_label=\"C\u00f3digo - organizadores\" _builder_version=\"4.27.2\" _module_preset=\"default\" global_colors_info=\"{}\"]<\/p><p class=\"ttl-colaboradores\">Organiza:<\/p><p><!-- [et_pb_line_break_holder] --><\/p><div id=\"organizadores\"><!-- [et_pb_line_break_holder] --><div class=\"logo-colaborador\"><a href=\"https:\/\/raed.academy\/\" target=\"_blank\" rel=\"noopener noreferrer\"><img src=\"https:\/\/raed.academy\/wp-content\/uploads\/2021\/10\/Logo-RAED-160px.jpg\" alt=\"Real Academia Europea de Doctores RAED\" \/><\/a><div class=\"txt\">\u00a0<\/div><p>\u00a0<\/p><\/div><p><!-- [et_pb_line_break_holder] --><\/p><div class=\"logo-colaborador\"><a href=\"https:\/\/fundacionraed.org\/\" target=\"_blank\" rel=\"noopener noreferrer\"><img src=\"https:\/\/raed.academy\/wp-content\/uploads\/2021\/10\/Logo-Fundacion-RAED-160px.jpg\" alt=\"Fundaci\u00f3n RAED\" \/><\/a><div class=\"txt\">\u00a0<\/div><p>\u00a0<\/p><\/div><p><!-- [et_pb_line_break_holder] --><\/p><\/div><p>[\/et_pb_code][\/et_pb_column][et_pb_column type=\"1_3\" _builder_version=\"4.16\" _module_preset=\"default\" global_colors_info=\"{}\"][et_pb_code admin_label=\"C\u00f3digo - colaboradores\" _builder_version=\"4.27.2\" _module_preset=\"default\" global_colors_info=\"{}\"]<\/p><p class=\"ttl-colaboradores\">Con la colaboraci\u00f3n de:<\/p><p><!-- [et_pb_line_break_holder] --><\/p><div id=\"colaboradores\"><!-- [et_pb_line_break_holder] --> <!-- [et_pb_line_break_holder] --><div class=\"logo-colaborador\"><!-- [et_pb_line_break_holder] --><div class=\"txt-circular\">\u00a0<\/div><p><!-- [et_pb_line_break_holder] --> <a href=\"https:\/\/justicia.gencat.cat\/ca\/inici\" target=\"_blank\" rel=\"noopener noreferrer\"><img src=\"https:\/\/raed.academy\/wp-content\/uploads\/2024\/11\/Generalitat-de-Catalunya-dept-Justicia-i-Qualitat-Democratica-240px.jpg\" alt=\"Generalitat de catalunya\" \/><\/a><\/p><\/div><p><!-- [et_pb_line_break_holder] --><\/p><\/div><p>[\/et_pb_code][\/et_pb_column][\/et_pb_row][\/et_pb_section]<\/p>","_et_gb_content_width":""},"class_list":["post-164108","dp_events","type-dp_events","status-publish","has-post-thumbnail","hentry"],"yoast_head":"<!-- This site is optimized with the Yoast SEO plugin v27.4 - https:\/\/yoast.com\/product\/yoast-seo-wordpress\/ -->\n<title>La Dra. Mar\u00eda \u00c1ngela Jim\u00e9nez Monta\u00f1\u00e9s ingressa com a Acad\u00e8mica Numeraria de la RAED - Reial Acad\u00e8mia Europea de Doctors<\/title>\n<meta name=\"description\" content=\"Mar\u00eda \u00c1ngela Jim\u00e9nez, ingressa en la\u00a0Reial Acad\u00e8mia, amb el discurs\u00a0\u00a0&quot;La sostenibilidad y su implicaci\u00f3n en la gesti\u00f3n de lasorganizaciones&quot;.\" \/>\n<meta name=\"robots\" content=\"index, follow, max-snippet:-1, max-image-preview:large, max-video-preview:-1\" \/>\n<link rel=\"canonical\" href=\"https:\/\/raed.academy\/ca\/esdeveniments\/la-dra-maria-angela-jimenez-montanes-ingressa-com-a-academica-numeraria-de-la-raed\/\" \/>\n<meta property=\"og:locale\" content=\"ca_ES\" \/>\n<meta property=\"og:type\" content=\"article\" \/>\n<meta property=\"og:title\" content=\"La Dra. Mar\u00eda \u00c1ngela Jim\u00e9nez Monta\u00f1\u00e9s ingressa com a Acad\u00e8mica Numeraria de la RAED - Reial Acad\u00e8mia Europea de Doctors\" \/>\n<meta property=\"og:description\" content=\"Mar\u00eda \u00c1ngela Jim\u00e9nez, ingressa en la\u00a0Reial Acad\u00e8mia, amb el discurs\u00a0\u00a0&quot;La sostenibilidad y su implicaci\u00f3n en la gesti\u00f3n de lasorganizaciones&quot;.\" \/>\n<meta property=\"og:url\" content=\"https:\/\/raed.academy\/ca\/esdeveniments\/la-dra-maria-angela-jimenez-montanes-ingressa-com-a-academica-numeraria-de-la-raed\/\" \/>\n<meta property=\"og:site_name\" content=\"Reial Acad\u00e8mia Europea de Doctors\" \/>\n<meta property=\"article:publisher\" content=\"http:\/\/fb.me\/raed.academy\" \/>\n<meta property=\"article:modified_time\" content=\"2025-06-17T15:03:45+00:00\" \/>\n<meta property=\"og:image\" content=\"https:\/\/raed.academy\/wp-content\/uploads\/2025\/05\/shutt-bombilla-naturaleza-energia-desarrollo-renovable-y-sostenible-1.17.webp\" \/>\n\t<meta property=\"og:image:width\" content=\"350\" \/>\n\t<meta property=\"og:image:height\" content=\"300\" \/>\n\t<meta property=\"og:image:type\" content=\"image\/webp\" \/>\n<meta name=\"twitter:card\" content=\"summary_large_image\" \/>\n<meta name=\"twitter:site\" content=\"@raedacademy\" \/>\n<meta name=\"twitter:label1\" content=\"Est. reading time\" \/>\n\t<meta name=\"twitter:data1\" content=\"4 minutes\" \/>\n<script type=\"application\/ld+json\" class=\"yoast-schema-graph\">{\"@context\":\"https:\\\/\\\/schema.org\",\"@graph\":[{\"@type\":\"WebPage\",\"@id\":\"https:\\\/\\\/raed.academy\\\/ca\\\/esdeveniments\\\/la-dra-maria-angela-jimenez-montanes-ingressa-com-a-academica-numeraria-de-la-raed\\\/\",\"url\":\"https:\\\/\\\/raed.academy\\\/ca\\\/esdeveniments\\\/la-dra-maria-angela-jimenez-montanes-ingressa-com-a-academica-numeraria-de-la-raed\\\/\",\"name\":\"La Dra. Mar\u00eda \u00c1ngela Jim\u00e9nez Monta\u00f1\u00e9s ingressa com a Acad\u00e8mica Numeraria de la RAED - Reial Acad\u00e8mia Europea de Doctors\",\"isPartOf\":{\"@id\":\"https:\\\/\\\/raed.academy\\\/ca\\\/#website\"},\"primaryImageOfPage\":{\"@id\":\"https:\\\/\\\/raed.academy\\\/ca\\\/esdeveniments\\\/la-dra-maria-angela-jimenez-montanes-ingressa-com-a-academica-numeraria-de-la-raed\\\/#primaryimage\"},\"image\":{\"@id\":\"https:\\\/\\\/raed.academy\\\/ca\\\/esdeveniments\\\/la-dra-maria-angela-jimenez-montanes-ingressa-com-a-academica-numeraria-de-la-raed\\\/#primaryimage\"},\"thumbnailUrl\":\"https:\\\/\\\/raed.academy\\\/wp-content\\\/uploads\\\/2025\\\/05\\\/shutt-bombilla-naturaleza-energia-desarrollo-renovable-y-sostenible-1.17.webp\",\"datePublished\":\"2025-05-14T10:09:06+00:00\",\"dateModified\":\"2025-06-17T15:03:45+00:00\",\"description\":\"Mar\u00eda \u00c1ngela Jim\u00e9nez, ingressa en la\u00a0Reial Acad\u00e8mia, amb el discurs\u00a0\u00a0\\\"La sostenibilidad y su implicaci\u00f3n en la gesti\u00f3n de lasorganizaciones\\\".\",\"breadcrumb\":{\"@id\":\"https:\\\/\\\/raed.academy\\\/ca\\\/esdeveniments\\\/la-dra-maria-angela-jimenez-montanes-ingressa-com-a-academica-numeraria-de-la-raed\\\/#breadcrumb\"},\"inLanguage\":\"ca-ES\",\"potentialAction\":[{\"@type\":\"ReadAction\",\"target\":[\"https:\\\/\\\/raed.academy\\\/ca\\\/esdeveniments\\\/la-dra-maria-angela-jimenez-montanes-ingressa-com-a-academica-numeraria-de-la-raed\\\/\"]}]},{\"@type\":\"ImageObject\",\"inLanguage\":\"ca-ES\",\"@id\":\"https:\\\/\\\/raed.academy\\\/ca\\\/esdeveniments\\\/la-dra-maria-angela-jimenez-montanes-ingressa-com-a-academica-numeraria-de-la-raed\\\/#primaryimage\",\"url\":\"https:\\\/\\\/raed.academy\\\/wp-content\\\/uploads\\\/2025\\\/05\\\/shutt-bombilla-naturaleza-energia-desarrollo-renovable-y-sostenible-1.17.webp\",\"contentUrl\":\"https:\\\/\\\/raed.academy\\\/wp-content\\\/uploads\\\/2025\\\/05\\\/shutt-bombilla-naturaleza-energia-desarrollo-renovable-y-sostenible-1.17.webp\",\"width\":350,\"height\":300},{\"@type\":\"BreadcrumbList\",\"@id\":\"https:\\\/\\\/raed.academy\\\/ca\\\/esdeveniments\\\/la-dra-maria-angela-jimenez-montanes-ingressa-com-a-academica-numeraria-de-la-raed\\\/#breadcrumb\",\"itemListElement\":[{\"@type\":\"ListItem\",\"position\":1,\"name\":\"Inicio\",\"item\":\"https:\\\/\\\/raed.academy\\\/ca\\\/\"},{\"@type\":\"ListItem\",\"position\":2,\"name\":\"Activitats\",\"item\":\"https:\\\/\\\/raed.academy\\\/ca\\\/esdeveniments\\\/\"},{\"@type\":\"ListItem\",\"position\":3,\"name\":\"La Dra. Mar\u00eda \u00c1ngela Jim\u00e9nez Monta\u00f1\u00e9s ingressa com a Acad\u00e8mica Numeraria de la RAED\"}]},{\"@type\":\"WebSite\",\"@id\":\"https:\\\/\\\/raed.academy\\\/ca\\\/#website\",\"url\":\"https:\\\/\\\/raed.academy\\\/ca\\\/\",\"name\":\"Reial Acad\u00e8mia Europea de Doctors\",\"description\":\"Corporaci\u00f3n de derecho p\u00fablico de car\u00e1cter cient\u00edfico, t\u00e9cnico y art\u00edstico, que tiene por objeto la investigaci\u00f3n, el estudio, el fomento y la extensi\u00f3n del conocimiento en su sentido m\u00e1s amplio\",\"publisher\":{\"@id\":\"https:\\\/\\\/raed.academy\\\/ca\\\/#organization\"},\"potentialAction\":[{\"@type\":\"SearchAction\",\"target\":{\"@type\":\"EntryPoint\",\"urlTemplate\":\"https:\\\/\\\/raed.academy\\\/ca\\\/?s={search_term_string}\"},\"query-input\":{\"@type\":\"PropertyValueSpecification\",\"valueRequired\":true,\"valueName\":\"search_term_string\"}}],\"inLanguage\":\"ca-ES\"},{\"@type\":\"Organization\",\"@id\":\"https:\\\/\\\/raed.academy\\\/ca\\\/#organization\",\"name\":\"Real Academia Europea de Doctores\",\"url\":\"https:\\\/\\\/raed.academy\\\/ca\\\/\",\"logo\":{\"@type\":\"ImageObject\",\"inLanguage\":\"ca-ES\",\"@id\":\"https:\\\/\\\/raed.academy\\\/ca\\\/#\\\/schema\\\/logo\\\/image\\\/\",\"url\":\"https:\\\/\\\/raed.academy\\\/wp-content\\\/uploads\\\/2017\\\/01\\\/cropped-logo_raed.png\",\"contentUrl\":\"https:\\\/\\\/raed.academy\\\/wp-content\\\/uploads\\\/2017\\\/01\\\/cropped-logo_raed.png\",\"width\":512,\"height\":512,\"caption\":\"Real Academia Europea de Doctores\"},\"image\":{\"@id\":\"https:\\\/\\\/raed.academy\\\/ca\\\/#\\\/schema\\\/logo\\\/image\\\/\"},\"sameAs\":[\"http:\\\/\\\/fb.me\\\/raed.academy\",\"https:\\\/\\\/x.com\\\/raedacademy\",\"https:\\\/\\\/www.instagram.com\\\/raed.academy\\\/\",\"https:\\\/\\\/www.youtube.com\\\/channel\\\/UCUYQwW2KrdirNWihxMDObwg\"]}]}<\/script>\n<!-- \/ Yoast SEO plugin. -->","yoast_head_json":{"title":"La Dra. Mar\u00eda \u00c1ngela Jim\u00e9nez Monta\u00f1\u00e9s ingressa com a Acad\u00e8mica Numeraria de la RAED - Reial Acad\u00e8mia Europea de Doctors","description":"Mar\u00eda \u00c1ngela Jim\u00e9nez, ingressa en la\u00a0Reial Acad\u00e8mia, amb el discurs\u00a0\u00a0\"La sostenibilidad y su implicaci\u00f3n en la gesti\u00f3n de lasorganizaciones\".","robots":{"index":"index","follow":"follow","max-snippet":"max-snippet:-1","max-image-preview":"max-image-preview:large","max-video-preview":"max-video-preview:-1"},"canonical":"https:\/\/raed.academy\/ca\/esdeveniments\/la-dra-maria-angela-jimenez-montanes-ingressa-com-a-academica-numeraria-de-la-raed\/","og_locale":"ca_ES","og_type":"article","og_title":"La Dra. Mar\u00eda \u00c1ngela Jim\u00e9nez Monta\u00f1\u00e9s ingressa com a Acad\u00e8mica Numeraria de la RAED - Reial Acad\u00e8mia Europea de Doctors","og_description":"Mar\u00eda \u00c1ngela Jim\u00e9nez, ingressa en la\u00a0Reial Acad\u00e8mia, amb el discurs\u00a0\u00a0\"La sostenibilidad y su implicaci\u00f3n en la gesti\u00f3n de lasorganizaciones\".","og_url":"https:\/\/raed.academy\/ca\/esdeveniments\/la-dra-maria-angela-jimenez-montanes-ingressa-com-a-academica-numeraria-de-la-raed\/","og_site_name":"Reial Acad\u00e8mia Europea de Doctors","article_publisher":"http:\/\/fb.me\/raed.academy","article_modified_time":"2025-06-17T15:03:45+00:00","og_image":[{"width":350,"height":300,"url":"https:\/\/raed.academy\/wp-content\/uploads\/2025\/05\/shutt-bombilla-naturaleza-energia-desarrollo-renovable-y-sostenible-1.17.webp","type":"image\/webp"}],"twitter_card":"summary_large_image","twitter_site":"@raedacademy","twitter_misc":{"Est. reading time":"4 minutes"},"schema":{"@context":"https:\/\/schema.org","@graph":[{"@type":"WebPage","@id":"https:\/\/raed.academy\/ca\/esdeveniments\/la-dra-maria-angela-jimenez-montanes-ingressa-com-a-academica-numeraria-de-la-raed\/","url":"https:\/\/raed.academy\/ca\/esdeveniments\/la-dra-maria-angela-jimenez-montanes-ingressa-com-a-academica-numeraria-de-la-raed\/","name":"La Dra. Mar\u00eda \u00c1ngela Jim\u00e9nez Monta\u00f1\u00e9s ingressa com a Acad\u00e8mica Numeraria de la RAED - Reial Acad\u00e8mia Europea de Doctors","isPartOf":{"@id":"https:\/\/raed.academy\/ca\/#website"},"primaryImageOfPage":{"@id":"https:\/\/raed.academy\/ca\/esdeveniments\/la-dra-maria-angela-jimenez-montanes-ingressa-com-a-academica-numeraria-de-la-raed\/#primaryimage"},"image":{"@id":"https:\/\/raed.academy\/ca\/esdeveniments\/la-dra-maria-angela-jimenez-montanes-ingressa-com-a-academica-numeraria-de-la-raed\/#primaryimage"},"thumbnailUrl":"https:\/\/raed.academy\/wp-content\/uploads\/2025\/05\/shutt-bombilla-naturaleza-energia-desarrollo-renovable-y-sostenible-1.17.webp","datePublished":"2025-05-14T10:09:06+00:00","dateModified":"2025-06-17T15:03:45+00:00","description":"Mar\u00eda \u00c1ngela Jim\u00e9nez, ingressa en la\u00a0Reial Acad\u00e8mia, amb el discurs\u00a0\u00a0\"La sostenibilidad y su implicaci\u00f3n en la gesti\u00f3n de lasorganizaciones\".","breadcrumb":{"@id":"https:\/\/raed.academy\/ca\/esdeveniments\/la-dra-maria-angela-jimenez-montanes-ingressa-com-a-academica-numeraria-de-la-raed\/#breadcrumb"},"inLanguage":"ca-ES","potentialAction":[{"@type":"ReadAction","target":["https:\/\/raed.academy\/ca\/esdeveniments\/la-dra-maria-angela-jimenez-montanes-ingressa-com-a-academica-numeraria-de-la-raed\/"]}]},{"@type":"ImageObject","inLanguage":"ca-ES","@id":"https:\/\/raed.academy\/ca\/esdeveniments\/la-dra-maria-angela-jimenez-montanes-ingressa-com-a-academica-numeraria-de-la-raed\/#primaryimage","url":"https:\/\/raed.academy\/wp-content\/uploads\/2025\/05\/shutt-bombilla-naturaleza-energia-desarrollo-renovable-y-sostenible-1.17.webp","contentUrl":"https:\/\/raed.academy\/wp-content\/uploads\/2025\/05\/shutt-bombilla-naturaleza-energia-desarrollo-renovable-y-sostenible-1.17.webp","width":350,"height":300},{"@type":"BreadcrumbList","@id":"https:\/\/raed.academy\/ca\/esdeveniments\/la-dra-maria-angela-jimenez-montanes-ingressa-com-a-academica-numeraria-de-la-raed\/#breadcrumb","itemListElement":[{"@type":"ListItem","position":1,"name":"Inicio","item":"https:\/\/raed.academy\/ca\/"},{"@type":"ListItem","position":2,"name":"Activitats","item":"https:\/\/raed.academy\/ca\/esdeveniments\/"},{"@type":"ListItem","position":3,"name":"La Dra. Mar\u00eda \u00c1ngela Jim\u00e9nez Monta\u00f1\u00e9s ingressa com a Acad\u00e8mica Numeraria de la RAED"}]},{"@type":"WebSite","@id":"https:\/\/raed.academy\/ca\/#website","url":"https:\/\/raed.academy\/ca\/","name":"Reial Acad\u00e8mia Europea de Doctors","description":"Corporaci\u00f3n de derecho p\u00fablico de car\u00e1cter cient\u00edfico, t\u00e9cnico y art\u00edstico, que tiene por objeto la investigaci\u00f3n, el estudio, el fomento y la extensi\u00f3n del conocimiento en su sentido m\u00e1s amplio","publisher":{"@id":"https:\/\/raed.academy\/ca\/#organization"},"potentialAction":[{"@type":"SearchAction","target":{"@type":"EntryPoint","urlTemplate":"https:\/\/raed.academy\/ca\/?s={search_term_string}"},"query-input":{"@type":"PropertyValueSpecification","valueRequired":true,"valueName":"search_term_string"}}],"inLanguage":"ca-ES"},{"@type":"Organization","@id":"https:\/\/raed.academy\/ca\/#organization","name":"Real Academia Europea de Doctores","url":"https:\/\/raed.academy\/ca\/","logo":{"@type":"ImageObject","inLanguage":"ca-ES","@id":"https:\/\/raed.academy\/ca\/#\/schema\/logo\/image\/","url":"https:\/\/raed.academy\/wp-content\/uploads\/2017\/01\/cropped-logo_raed.png","contentUrl":"https:\/\/raed.academy\/wp-content\/uploads\/2017\/01\/cropped-logo_raed.png","width":512,"height":512,"caption":"Real Academia Europea de Doctores"},"image":{"@id":"https:\/\/raed.academy\/ca\/#\/schema\/logo\/image\/"},"sameAs":["http:\/\/fb.me\/raed.academy","https:\/\/x.com\/raedacademy","https:\/\/www.instagram.com\/raed.academy\/","https:\/\/www.youtube.com\/channel\/UCUYQwW2KrdirNWihxMDObwg"]}]}},"_links":{"self":[{"href":"https:\/\/raed.academy\/ca\/wp-json\/wp\/v2\/dp_events\/164108","targetHints":{"allow":["GET"]}}],"collection":[{"href":"https:\/\/raed.academy\/ca\/wp-json\/wp\/v2\/dp_events"}],"about":[{"href":"https:\/\/raed.academy\/ca\/wp-json\/wp\/v2\/types\/dp_events"}],"wp:featuredmedia":[{"embeddable":true,"href":"https:\/\/raed.academy\/ca\/wp-json\/wp\/v2\/media\/164043"}],"wp:attachment":[{"href":"https:\/\/raed.academy\/ca\/wp-json\/wp\/v2\/media?parent=164108"}],"curies":[{"name":"wp","href":"https:\/\/api.w.org\/{rel}","templated":true}]}}