{"id":163880,"date":"2025-05-09T08:48:43","date_gmt":"2025-05-09T08:48:43","guid":{"rendered":"https:\/\/raed.academy\/?post_type=dp_events&#038;p=163880"},"modified":"2025-05-13T15:21:50","modified_gmt":"2025-05-13T15:21:50","slug":"i-jornada-academica-sobre-educacio-superior-revolucio-educativa-4-0-forjant-el-nou-paradigma-academic-a-lera-de-la-intel%c2%b7ligencia-artificial","status":"publish","type":"dp_events","link":"https:\/\/raed.academy\/ca\/esdeveniments\/i-jornada-academica-sobre-educacio-superior-revolucio-educativa-4-0-forjant-el-nou-paradigma-academic-a-lera-de-la-intel%c2%b7ligencia-artificial\/","title":{"rendered":"I Jornada acad\u00e8mica sobre Educaci\u00f3 Superior Revoluci\u00f3 Educativa 4.0: Forjant el Nou Paradigma Acad\u00e8mic a l&#8217;Era de la Intel\u00b7lig\u00e8ncia Artificial"},"content":{"rendered":"<p>[et_pb_section fb_built=&#8221;1&#8243; _builder_version=&#8221;4.27.4&#8243; _module_preset=&#8221;default&#8221; background_image=&#8221;https:\/\/raed.academy\/wp-content\/uploads\/2025\/05\/libros-biblioteca-formacion-educacion-no-atrib-pixabay.com-2.91.webp&#8221; locked=&#8221;off&#8221; global_colors_info=&#8221;{}&#8221;][et_pb_row _builder_version=&#8221;4.27.4&#8243; _module_preset=&#8221;default&#8221; background_color=&#8221;rgba(255,255,255,0.9)&#8221; width=&#8221;95%&#8221; max_width=&#8221;650px&#8221; custom_margin=&#8221;|25px|||false|false&#8221; custom_margin_tablet=&#8221;|auto||auto|false|false&#8221; custom_margin_phone=&#8221;|auto||auto|false|false&#8221; custom_margin_last_edited=&#8221;on|desktop&#8221; custom_padding=&#8221;30px|30px|30px|30px|false|false&#8221; animation_style=&#8221;flip&#8221; global_colors_info=&#8221;{}&#8221;][et_pb_column type=&#8221;4_4&#8243; _builder_version=&#8221;4.17.0&#8243; _module_preset=&#8221;default&#8221; global_colors_info=&#8221;{}&#8221;][et_pb_post_title meta=&#8221;off&#8221; featured_image=&#8221;off&#8221; admin_label=&#8221;T\u00edtulo de publicaci\u00f3n&#8221; _builder_version=&#8221;4.27.4&#8243; _module_preset=&#8221;default&#8221; background_enable_color=&#8221;off&#8221; title_font_size_tablet=&#8221;&#8221; title_font_size_phone=&#8221;25px&#8221; title_font_size_last_edited=&#8221;on|phone&#8221; locked=&#8221;off&#8221; global_colors_info=&#8221;{}&#8221;][\/et_pb_post_title][et_pb_text admin_label=&#8221;Detalles evento&#8221; _builder_version=&#8221;4.27.4&#8243; _module_preset=&#8221;default&#8221; background_enable_color=&#8221;off&#8221; custom_css_free_form=&#8221;p {text-align: left;}&#8221; locked=&#8221;off&#8221; global_colors_info=&#8221;{}&#8221;]<\/p>\n<p class=\"ubicacion-evento\">Edifici Foment del Treball, Via Laietana, 32, principal (Sala A), Barcelona, 08003<\/p>\n<p class=\"fecha-evento\">Dijous, 15 Maig 2025<\/p>\n<p class=\"hora-evento\">16:45 h<\/p>\n<p><strong>Format:<\/strong>\u00a0Presencial i streaming<\/p>\n<p><strong>Inscripci\u00f3:\u00a0<\/strong>Es prega confirmaci\u00f3 d\u2019assist\u00e8ncia a Secretaria:\u00a0<a href=\"mailto:secretaria@raed.academy\"><strong>secretaria@raed.academy<\/strong><\/a>\u00a0o al\u00a0<strong>tel. 93 667 40 54<\/strong><\/p>\n<p>[\/et_pb_text][\/et_pb_column][\/et_pb_row][\/et_pb_section][et_pb_section fb_built=&#8221;1&#8243; admin_label=&#8221;section&#8221; _builder_version=&#8221;4.27.4&#8243; custom_padding=&#8221;0px||0px||false|false&#8221; locked=&#8221;off&#8221; global_colors_info=&#8221;{}&#8221;][et_pb_row use_custom_gutter=&#8221;on&#8221; gutter_width=&#8221;1&#8243; admin_label=&#8221;row&#8221; _builder_version=&#8221;4.27.4&#8243; background_size=&#8221;initial&#8221; background_position=&#8221;top_left&#8221; background_repeat=&#8221;repeat&#8221; max_width=&#8221;1400px&#8221; custom_padding=&#8221;48px|||||&#8221; global_colors_info=&#8221;{}&#8221;][et_pb_column type=&#8221;4_4&#8243; _builder_version=&#8221;4.16&#8243; custom_padding=&#8221;|||&#8221; global_colors_info=&#8221;{}&#8221; custom_padding__hover=&#8221;|||&#8221;][et_pb_text admin_label=&#8221;Descripci\u00f3n&#8221; _builder_version=&#8221;4.27.4&#8243; _module_preset=&#8221;default&#8221; hover_enabled=&#8221;0&#8243; global_colors_info=&#8221;{}&#8221; sticky_enabled=&#8221;0&#8243;]<\/p>\n<p>L\u2019educaci\u00f3 superior es troba davant una oportunitat hist\u00f2rica per reinventar-se. Tal com assenyala la UNESCO, la Intel\u00b7lig\u00e8ncia Artificial \u201ct\u00e9 el potencial d\u2019abordar alguns dels reptes de l\u2019educaci\u00f3 actual, innovar les pr\u00e0ctiques d\u2019ensenyament i aprenentatge, i avan\u00e7ar en el compliment de l\u2019ODS 4\u201d. No obstant aix\u00f2, aquesta transformaci\u00f3 no est\u00e0 exempta de desafiaments, des de la formaci\u00f3 dels docents fins a les consideracions \u00e8tiques sobre l\u2019\u00fas de dades.<\/p>\n<p>Hi ha nombrosos desafiaments i transformacions en el panorama educatiu superior actual, incloent-hi les discussions sobre l\u2019ensenyament privat vs. el p\u00fablic, o sobre si les universitats cobreixen el que el mercat laboral necessita, tant en formaci\u00f3 de grau com de postgrau, o si els nostres joves s\u00f3n conscients de la necessitat de no abandonar la cultura de l\u2019esfor\u00e7 per aconseguir les seves fites, en un m\u00f3n competitiu que, des de l\u2019arribada de la IA, canviar\u00e0 clarament les seves regles, necessitats i requeriments.<\/p>\n<p>La Reial Acad\u00e8mia Europea de Doctors t\u00e9 el privilegi de presentar la I Jornada Acad\u00e8mica sobre Educaci\u00f3n Superior, esdeveniment que continuarem organitzant de manera peri\u00f2dica, destinat a explorar el futur de l\u2019educaci\u00f3 en l\u2019era de la Intel\u00b7lig\u00e8ncia Artificial. Aquesta iniciativa busca no nom\u00e9s analitzar els reptes emergents, sin\u00f3 tamb\u00e9 identificar les debilitats i oportunitats que ens permetran evolucionar cap a un model educatiu m\u00e9s adaptatiu, eficient i humanista.<\/p>\n<p>\u00c9s obvi que l\u2019educaci\u00f3 es troba en una cru\u00eflla hist\u00f2rica. D\u2019una banda, les tecnologies emergents prometen revolucionar els m\u00e8todes d\u2019ensenyament i aprenentatge, oferint possibilitats sense precedents per a la personalitzaci\u00f3 educativa i, alhora, presentant situacions tant per a docents com per a estudiants que eren totalment impensables fa nom\u00e9s un lustre. D\u2019altra banda, afrontem desafiaments significatius relacionats amb l\u2019adaptaci\u00f3 institucional, la formaci\u00f3 docent i les consideracions \u00e8tiques que aquests aven\u00e7os tecnol\u00f2gics plantegen.<\/p>\n<p>Com a instituci\u00f3 compromesa amb \u201cla recerca, l\u2019estudi, el foment i l\u2019extensi\u00f3 del coneixement en el seu sentit m\u00e9s ampli\u201d, la RAED vol liderar la reflexi\u00f3 sobre aquest fenomen transformador perqu\u00e8 no oblidem que l\u2019educaci\u00f3 \u00e9s un pilar fonamental en el desenvolupament democr\u00e0tic dels pobles, i tant la formaci\u00f3 de grau com la de postgrau exigeixen coneixement, capacitat de lideratge i resili\u00e8ncia per, entre altres coses, lluitar contra la burocr\u00e0cia que ofega la creativitat, que \u00e9s un dels factors principals que caracteritza l\u2019educaci\u00f3 superior i que es veu constreta per aquest factor condicionant.<\/p>\n<p>El nostre llegat centenari i la nostra composici\u00f3 multidisciplin\u00e0ria ens posicionen idealment per articular un di\u00e0leg constructiu entre els diversos actors de l\u2019ecosistema educatiu, des de les universitats fins a les escoles de negocis, des de les institucions p\u00fabliques fins a les iniciatives privades, cosa que anirem fent de manera progressiva en diverses sessions, abordant temes que tractaran aquesta tem\u00e0tica des de la perspectiva poli\u00e8drica que caracteritza la nostra instituci\u00f3, tant a Barcelona com a Madrid o Can\u00e0ries, a trav\u00e9s de la nostra estreta col\u00b7laboraci\u00f3 amb l\u2019Academia de Ciencias, Ingenier\u00edas y Humanidades de Lanzarote.<\/p>\n<p>Per abordar aquesta tem\u00e0tica, hem conformado en aquesta primera ocasi\u00f3 uns ponents de primer nivell, les perspectives complement\u00e0ries dels quals ens permetran obtenir una visi\u00f3 hol\u00edstica i fonamentada dels desafiaments i oportunitats que afrontem:<\/p>\n<p>&nbsp;<\/p>\n<h3>16.45 h: <a href=\"https:\/\/raed.academy\/ca\/academics\/dr-alfredo-rocafort-nicolau\/\">Dr. Alfredo Rocafort<\/a>. President de la RAED. Presentaci\u00f3 de la Jornada.<\/h3>\n<p>&nbsp;<\/p>\n<h3>17.00 h: <a href=\"https:\/\/raed.academy\/ca\/academics\/dr-jordi-marti-pidelaserra\/\">Dr. Jordi Mart\u00ed Pidelaserra<\/a>: &#8220;Universidad e Inteligencia Artificial: Retos y Perspectivas&#8221;<\/h3>\n<p>El Dr. Mart\u00ed aportar\u00e0 la seva valuosa perspectiva sobre la integraci\u00f3 de la IA en l\u2019\u00e0mbit universitari. El seu discurs sobre &#8220;La inteligencia artificial y la estupidez natural&#8221; davant l\u2019Academia de Ciencias, Ingenier\u00edas y Humanidades de Lanzarote va demostrar el seu profund coneixement sobre les complexitats d\u2019aquest nou paradigma. La seva an\u00e0lisi combinar\u00e0 el rigor acad\u00e8mic, l\u2019amenitat que el caracteritza, amb una visi\u00f3 pr\u00e0ctica sobre com les universitats poden adoptar i adaptar-se a aquesta revoluci\u00f3 tecnol\u00f2gica.<\/p>\n<p>&nbsp;<\/p>\n<h3>17.30 h: <a href=\"https:\/\/raed.academy\/ca\/academics\/dra-cecilia-kindelan-amorrich\/\">Dra. Cecilia Kindel\u00e1n Amorrich<\/a>: <strong>&#8220;\u00bfC\u00f3mo preparar a los alumnos de hoy para incorporarse a trabajos que a\u00fan no existen?&#8221;<\/strong><\/h3>\n<p>La Dra. Kindel\u00e1n, acad\u00e8mica de la nostra instituci\u00f3 amb una destacada traject\u00f2ria nacional i internacional en l\u2019\u00e0mbit de l\u2019educaci\u00f3 executiva, ens oferir\u00e0 una visi\u00f3 privilegiada sobre com les escoles de negocis espanyoles estan liderant la integraci\u00f3 de noves tecnologies en la formaci\u00f3 de postgrau. La seva experi\u00e8ncia com a professora en prestigioses institucions com la Universitat de Barcelona, la Universitat Internacional de La Rioja i ESIC University &amp; Business School, on actualment \u00e9s la directora nacional dels programes de l\u2019EXECUTIVE MBA i dels programes de formaci\u00f3 d\u2019alts directius, aix\u00ed com el seu anterior rol com a directora associada i Directora de Relacions Internacionals de l\u2019MBA de IESE Business School, la posicionen com una veu molt autoritzada per analitzar les millors pr\u00e0ctiques en l\u2019educaci\u00f3 executiva i la seva projecci\u00f3 cap al futur.<\/p>\n<p>&nbsp;<\/p>\n<h3>18.00 h: <a href=\"https:\/\/raed.academy\/ca\/academics\/dr-jose-ramon-calvo-fernandez\/\">Dr. Jos\u00e9 Ram\u00f3n Calvo Fern\u00e1ndez<\/a>: &#8220;Cuando la Burocracia Asfixia la Creatividad en la Educaci\u00f3n&#8221;<\/h3>\n<p>El Dr. Calvo, president de l\u2019Instituto de Cooperaci\u00f3n Internacional de la nostra instituci\u00f3, abordar\u00e0 un dels obstacles m\u00e9s significatius per a la innovaci\u00f3 educativa: l\u2019exc\u00e9s de burocr\u00e0cia. La seva contundent afirmaci\u00f3 &#8220;La burocracia mata la creatividad&#8221; ressona amb especial for\u00e7a en un context en qu\u00e8 l\u2019agilitat i l\u2019adaptabilitat resulten crucials. La seva intervenci\u00f3 explorar\u00e0 com les institucions acad\u00e8miques es veuen encadenades a situacions absurdes, que no nom\u00e9s passen en l\u2019\u00e0mbit educatiu, per\u00f2 que en aquest resulten especialment significatives, i que els impedeixen dedicar els millors recursos a la funci\u00f3 per a la qual existeixen: fomentar entorns veritablement creatius i innovadors, m\u00e9s alineats amb les demandes d\u2019un m\u00f3n en constant canvi.<\/p>\n<p>&nbsp;<\/p>\n<h3>18:30 h a 19:15 h: Descans<\/h3>\n<p>&nbsp;<\/p>\n<h3>19.15 h: Ingr\u00e9s a la RAED com a Acad\u00e8mic Correspondent Dr. G. Devin Stephenson: &#8220;Reinventando el Futuro de la Educaci\u00f3n Superior&#8221;<\/h3>\n<p>L\u2019<strong>Excm. Sr. Dr. G. Devin Stephenson<\/strong>, Doctor en Administraci\u00f3 d\u2019Empreses, ingressa com a Acad\u00e8mic Corresponent de la<strong> Reial Acad\u00e8mia Europea de Doctors<\/strong>, amb el discurs <strong>&#8220;Reinventando el Futuro de la Educaci\u00f3n Superior&#8221;<\/strong>.<\/p>\n<p><strong>Respon:<\/strong> <a href=\"https:\/\/raed.academy\/ca\/academics\/dr-jose-ramon-calvo-fernandez\/\"><strong>Excm. Sr. Dr. Jos\u00e9 Ram\u00f3n Calvo<\/strong><\/a>, Doctor en Medicina i Cirurgia.<\/p>\n<p>Per completar i finalitzar aquesta jornada, comptarem amb la participaci\u00f3 del nostre convidat d\u2019honor, president de la Florida Polytechnic University, <strong>Dr. G. Devin Stephenson<\/strong>. La seva posici\u00f3 al capdavant d\u2019aquesta instituci\u00f3, \u00edntegrament enfocada en STEM, que desenvolupa interessants col\u00b7laboracions amb la Universitat Polit\u00e8cnica de Catalunya, li permet aportar una perspectiva \u00fanica sobre el lideratge acad\u00e8mic en institucions tecnol\u00f2gicament avan\u00e7ades. La seva visi\u00f3 sobre com guiar les universitats en un context de transformaci\u00f3 digital constant resultar\u00e0 molt atractiva per a la nostra comunitat acad\u00e8mica.<\/p>\n<p>A m\u00e9s, aprofitant la seva pres\u00e8ncia entre nosaltres, el Dr. Stephenson ser\u00e0 nomenat Acad\u00e8mic Corresponent de la nostra instituci\u00f3. Aquesta jornada, per tant, ens permetr\u00e0 explorar la conflu\u00e8ncia de tres dimensions fonamentals per al futur de l\u2019educaci\u00f3:<\/p>\n<ul>\n<li>La innovaci\u00f3 tecnol\u00f2gica, representada per la integraci\u00f3 de la Intel\u00b7lig\u00e8ncia Artificial en els processos educatius, des de la personalitzaci\u00f3 de l\u2019aprenentatge fins a l\u2019avaluaci\u00f3 de compet\u00e8ncies.<\/li>\n<li>La transformaci\u00f3 pedag\u00f2gica, manifestada en la necess\u00e0ria evoluci\u00f3 dels rols docents, els m\u00e8todes d\u2019ensenyament i els sistemes d\u2019avaluaci\u00f3 davant les noves eines disponibles.<\/li>\n<li>La perspectiva humanista, que situa la persona al centre de tota innovaci\u00f3 educativa, garantint que la tecnologia potenci\u00ef, en lloc de substituir, la dimensi\u00f3 humana de l\u2019educaci\u00f3.<\/li>\n<\/ul>\n<p>La RAED, fidel a la seva missi\u00f3 de &#8220;contribuir al desenvolupament cultural, cient\u00edfic, econ\u00f2mic i social&#8221;, pret\u00e9n liderar aquest debat, aportant rigor acad\u00e8mic, perspectiva multidisciplin\u00e0ria i visi\u00f3 de futur. La nostra jornada aspira a ser no nom\u00e9s un espai de reflexi\u00f3, sin\u00f3 tamb\u00e9 un catalitzador per a iniciatives concretes que impulsin l\u2019evoluci\u00f3 de les nostres institucions educatives.<\/p>\n<p>Com afirma el Dr. Jordi Mart\u00ed, hem d\u2019entendre que les capacitats de la Intel\u00b7lig\u00e8ncia Artificial s\u00f3n un complement, no un substitut, de la intel\u00b7lig\u00e8ncia humana. \u00c9s precisament en aquest equilibri on rau la clau per construir un model educatiu que, aprofitant el potencial de la tecnologia, continu\u00ef cultivant el m\u00e9s valu\u00f3s de la nostra tradici\u00f3 acad\u00e8mica: la capacitat cr\u00edtica, la creativitat i el comprom\u00eds amb el coneixement com a motor de progr\u00e9s hum\u00e0. L\u2019educaci\u00f3 del futur s\u2019est\u00e0 configurant avui i, des de la RAED, volem participar en aquesta conformaci\u00f3, aportant la nostra capacitat, la nostra experi\u00e8ncia i la nostra voluntat de servei p\u00fablic.<\/p>\n<p>[\/et_pb_text][\/et_pb_column][\/et_pb_row][\/et_pb_section][et_pb_section fb_built=&#8221;1&#8243; _builder_version=&#8221;4.27.4&#8243; _module_preset=&#8221;default&#8221; custom_padding=&#8221;40px|||||&#8221; locked=&#8221;off&#8221; global_colors_info=&#8221;{}&#8221;][et_pb_row _builder_version=&#8221;4.27.4&#8243; _module_preset=&#8221;default&#8221; max_width=&#8221;1400px&#8221; global_colors_info=&#8221;{}&#8221;][et_pb_column type=&#8221;4_4&#8243; _builder_version=&#8221;4.27.4&#8243; _module_preset=&#8221;default&#8221; global_colors_info=&#8221;{}&#8221;][et_pb_text admin_label=&#8221;shortcode mapa&#8221; _builder_version=&#8221;4.27.4&#8243; _module_preset=&#8221;default&#8221; global_colors_info=&#8221;{}&#8221;]<iframe id=\"map_iframe\"  frameborder=\"0\" scrolling=\"no\" marginheight=\"0\" marginwidth=\"0\" src=\"https:\/\/maps.google.it\/maps?q=Edifici Foment del Treball, Via Laietana, 32, principal (Sala A), Barcelona, 08003&output=embed\"><\/iframe>[\/et_pb_text][\/et_pb_column][\/et_pb_row][\/et_pb_section][et_pb_section fb_built=&#8221;1&#8243; _builder_version=&#8221;4.18.0&#8243; _module_preset=&#8221;default&#8221; locked=&#8221;off&#8221; global_colors_info=&#8221;{}&#8221;][et_pb_row column_structure=&#8221;1_2,1_2&#8243; admin_label=&#8221;Fila&#8221; _builder_version=&#8221;4.27.4&#8243; _module_preset=&#8221;default&#8221; max_width=&#8221;1400px&#8221; locked=&#8221;off&#8221; global_colors_info=&#8221;{}&#8221;][et_pb_column type=&#8221;1_2&#8243; _builder_version=&#8221;4.16&#8243; _module_preset=&#8221;default&#8221; global_colors_info=&#8221;{}&#8221;][et_pb_code admin_label=&#8221;C\u00f3digo &#8211; organizadores&#8221; _builder_version=&#8221;4.16&#8243; _module_preset=&#8221;default&#8221; global_colors_info=&#8221;{}&#8221;]<pee class=\"ttl-colaboradores\">Organiza:<\/pee><!-- [et_pb_line_break_holder] --><!-- [et_pb_line_break_holder] --><!-- [et_pb_line_break_holder] --><!-- [et_pb_line_break_holder] --><!-- [et_pb_line_break_holder] --><\/p>\n<div id=\"organizadores\"><!-- [et_pb_line_break_holder] --><!-- [et_pb_line_break_holder] --><!-- [et_pb_line_break_holder] --><!-- [et_pb_line_break_holder] --><!-- [et_pb_line_break_holder] --><\/p>\n<div class=\"logo-colaborador\"><!-- [et_pb_line_break_holder] --><!-- [et_pb_line_break_holder] --><a href=\"https:\/\/fundacionraed.org\/\" target=\"_blank\" rel=\"noopener noreferrer\"><img decoding=\"async\" src=\"https:\/\/raed.academy\/wp-content\/uploads\/2021\/10\/Logo-Fundacion-RAED-160px.jpg\" alt=\"Fundaci\u00f3n RAED\" \/><\/a><!-- [et_pb_line_break_holder] --><!-- [et_pb_line_break_holder] --><\/p>\n<div class=\"txt\"><\/div>\n<p><!-- [et_pb_line_break_holder] --><!-- [et_pb_line_break_holder] -->\u00a0<!-- [et_pb_line_break_holder] --><!-- [et_pb_line_break_holder] --><!-- [et_pb_line_break_holder] --><!-- [et_pb_line_break_holder] --><\/div>\n<p><!-- [et_pb_line_break_holder] --><!-- [et_pb_line_break_holder] --><!-- [et_pb_line_break_holder] --><!-- [et_pb_line_break_holder] --><!-- [et_pb_line_break_holder] --><!-- [et_pb_line_break_holder] --><\/p>\n<div class=\"logo-colaborador\"><!-- [et_pb_line_break_holder] --><!-- [et_pb_line_break_holder] --><a href=\"https:\/\/raed.academy\/ca\/\" target=\"_blank\" rel=\"noopener noreferrer\"><img decoding=\"async\" src=\"https:\/\/raed.academy\/wp-content\/uploads\/2021\/10\/Logo-RAED-160px.jpg\" alt=\"Real Academia Europea de Doctores RAED\" \/><\/a><!-- [et_pb_line_break_holder] --><!-- [et_pb_line_break_holder] --><\/p>\n<div class=\"txt\"><\/div>\n<p><!-- [et_pb_line_break_holder] --><!-- [et_pb_line_break_holder] -->\u00a0<!-- [et_pb_line_break_holder] --><!-- [et_pb_line_break_holder] --><!-- [et_pb_line_break_holder] --><!-- [et_pb_line_break_holder] --><\/div>\n<p><!-- [et_pb_line_break_holder] --><!-- [et_pb_line_break_holder] --><!-- [et_pb_line_break_holder] --><!-- [et_pb_line_break_holder] --><!-- [et_pb_line_break_holder] --><!-- [et_pb_line_break_holder] --><!-- [et_pb_line_break_holder] --><\/div>\n<p><!-- [et_pb_line_break_holder] -->[\/et_pb_code][\/et_pb_column][et_pb_column type=&#8221;1_2&#8243; _builder_version=&#8221;4.16&#8243; _module_preset=&#8221;default&#8221; global_colors_info=&#8221;{}&#8221;][et_pb_code admin_label=&#8221;C\u00f3digo &#8211; colaboradores&#8221; _builder_version=&#8221;4.27.4&#8243; _module_preset=&#8221;default&#8221; global_colors_info=&#8221;{}&#8221;]<pee class=\"ttl-colaboradores\">Con la colaboraci\u00f3n de:<\/pee><!-- [et_pb_line_break_holder] --><!-- [et_pb_line_break_holder] --><!-- [et_pb_line_break_holder] --><\/p>\n<div id=\"colaboradores\"><!-- [et_pb_line_break_holder] --><!-- [et_pb_line_break_holder] --><\/p>\n<div class=\"logo-colaborador\"><!-- [et_pb_line_break_holder] --><!-- [et_pb_line_break_holder] --><\/p>\n<div class=\"txt-circular\"><\/div>\n<p><!-- [et_pb_line_break_holder] --><!-- [et_pb_line_break_holder] --> <a href=\"https:\/\/justicia.gencat.cat\/ca\/inici\" target=\"_blank\" rel=\"noopener noreferrer\"><img decoding=\"async\" src=\"https:\/\/raed.academy\/wp-content\/uploads\/2024\/11\/Generalitat-de-Catalunya-dept-Justicia-i-Qualitat-Democratica-240px.jpg\" alt=\"Generalitat de catalunya\" \/><\/a><!-- [et_pb_line_break_holder] --><!-- [et_pb_line_break_holder] --><!-- [et_pb_line_break_holder] --><\/div>\n<p><!-- [et_pb_line_break_holder] --><!-- [et_pb_line_break_holder] --><!-- [et_pb_line_break_holder] --><!-- [et_pb_line_break_holder] --><\/div>\n<p><!-- [et_pb_line_break_holder] --><!-- [et_pb_line_break_holder] -->[\/et_pb_code][\/et_pb_column][\/et_pb_row][\/et_pb_section]<\/p>\n","protected":false},"excerpt":{"rendered":"<p>Barcelona Dijous, 08 Juliol 2014 - h Format:\u00a0Presencial i streaming Inscripci\u00f3:\u00a0Es prega confirmaci\u00f3 d\u2019assist\u00e8ncia a Secretaria:\u00a0secretaria@raed.academy\u00a0o al\u00a0tel. 93 667 40 54L\u2019educaci\u00f3 superior es troba davant una oportunitat hist\u00f2rica per reinventar-se. Tal com assenyala la UNESCO, la Intel\u00b7lig\u00e8ncia Artificial \u201ct\u00e9 el potencial d\u2019abordar alguns dels reptes de l\u2019educaci\u00f3 actual, innovar les pr\u00e0ctiques d\u2019ensenyament i aprenentatge, [&hellip;]<\/p>\n","protected":false},"featured_media":163951,"template":"","meta":{"_et_pb_use_builder":"on","_et_pb_old_content":"<p>[et_pb_section fb_built=\"1\" _builder_version=\"4.27.4\" _module_preset=\"default\" background_image=\"https:\/\/raed.academy\/wp-content\/uploads\/2025\/04\/Gabriel-Masfurroll-Lacambra-2.91.webp\" locked=\"off\" global_colors_info=\"{}\"][et_pb_row _builder_version=\"4.27.4\" _module_preset=\"default\" background_color=\"rgba(255,255,255,0.9)\" width=\"95%\" max_width=\"650px\" custom_margin=\"|25px|||false|false\" custom_margin_tablet=\"|auto||auto|false|false\" custom_margin_phone=\"|auto||auto|false|false\" custom_margin_last_edited=\"on|desktop\" custom_padding=\"30px|30px|30px|30px|false|false\" animation_style=\"flip\" global_colors_info=\"{}\"][et_pb_column type=\"4_4\" _builder_version=\"4.17.0\" _module_preset=\"default\" global_colors_info=\"{}\"][et_pb_post_title meta=\"off\" featured_image=\"off\" admin_label=\"T\u00edtulo de publicaci\u00f3n\" _builder_version=\"4.27.4\" _module_preset=\"default\" background_enable_color=\"off\" title_font_size_tablet=\"\" title_font_size_phone=\"25px\" title_font_size_last_edited=\"on|phone\" locked=\"off\" global_colors_info=\"{}\"][\/et_pb_post_title][et_pb_text admin_label=\"Detalles evento\" _builder_version=\"4.27.4\" _module_preset=\"default\" background_enable_color=\"off\" custom_css_free_form=\"p {text-align: left;}\" locked=\"off\" global_colors_info=\"{}\"]<\/p><p class=\"ubicacion-evento\">[DP_Single_Event_Venue_Address]<\/p><p class=\"fecha-evento\">Jueves, [DP_Single_Event_Start_Date dem_start_date_format=\"d F Y\"]<\/p><p class=\"hora-evento\">[DP_Single_Event_Start_Time] h<\/p><p><strong>Formato:<\/strong> Presencial<\/p><p><strong>Inscripci\u00f3n: <\/strong>Se ruega confirmaci\u00f3n de asistencia en Secretar\u00eda: <a href=\"mailto:secretaria@raed.academy\"><strong>secretaria@raed.academy<\/strong><\/a> o al <strong>tel. 93 667 40 54<\/strong><\/p><p>[\/et_pb_text][\/et_pb_column][\/et_pb_row][\/et_pb_section][et_pb_section fb_built=\"1\" admin_label=\"section\" _builder_version=\"4.27.4\" custom_padding=\"0px||0px||false|false\" locked=\"off\" global_colors_info=\"{}\"][et_pb_row use_custom_gutter=\"on\" gutter_width=\"1\" admin_label=\"row\" _builder_version=\"4.27.4\" background_size=\"initial\" background_position=\"top_left\" background_repeat=\"repeat\" max_width=\"1400px\" custom_padding=\"48px|||||\" global_colors_info=\"{}\"][et_pb_column type=\"4_4\" _builder_version=\"4.16\" custom_padding=\"|||\" global_colors_info=\"{}\" custom_padding__hover=\"|||\"][et_pb_text admin_label=\"Descripci\u00f3n\" _builder_version=\"4.27.4\" _module_preset=\"default\" hover_enabled=\"0\" global_colors_info=\"{}\" sticky_enabled=\"0\"]<\/p><p>La educaci\u00f3n superior se encuentra ante una oportunidad hist\u00f3rica para reinventarse. Como se\u00f1ala la UNESCO, la Inteligencia Artificial \"tiene el potencial de abordar algunos de los retos de la educaci\u00f3n actual, innovar las pr\u00e1cticas de ense\u00f1anza y aprendizaje, y avanzar en el cumplimiento del ODS 4\". Sin embargo,esta transformaci\u00f3n no est\u00e1 exenta de desaf\u00edos, des de la formaci\u00f3n de los docentes hasta las consideraciones \u00e9ticas sobre el uso de datos.<\/p><p>Hay numerosos desaf\u00edos y transformaciones en el panorama educativo superior actual, incluyendo las discusiones sobre la ense\u00f1anza privada vs. la p\u00fablica, o sobre si las universidades cubren lo que el mercado de trabajo necesita, tanto en formaci\u00f3n de pregrado como en el postgrado, o si nuestros j\u00f3venes son conscientes de la necesidad de no abandonar la cultura del esfuerzo para conseguir sus metas, en un mundo competitivo que, desde la llegada de la IA, va a cambiar claramente sus reglas, necesidades y requerimientos.<\/p><p>La Real Academia Europea de Doctores tiene el privilegio de presentar la I Jornada Acad\u00e9mica sobre Educaci\u00f3n Superior, evento que continuaremos organizando de manera peri\u00f3dica, destinada a explorar el futuro de la educaci\u00f3n en la era de la Inteligencia Artificial. Esta iniciativa busca no solo analizar los retos emergentes, sino tambi\u00e9n identificar las debilidades y oportunidades que nos permitir\u00e1n evolucionar hacia un modelo educativo m\u00e1s adaptativo, eficiente y humanista.<\/p><p>Es obvio que la educaci\u00f3n se encuentra en una encrucijada hist\u00f3rica. Por un lado, las tecnolog\u00edas emergentes prometen revolucionar los m\u00e9todos de ense\u00f1anza y aprendizaje, ofreciendo posibilidades sin precedentes para la personalizaci\u00f3n educativa y, al tiempo, presentando situaciones tanto para docentes como para alumnos que eran totalmente impensables hace solo un lustro. Por otro, enfrentamos desaf\u00edos significativos relacionados con la adaptaci\u00f3n institucional, la formaci\u00f3n docente y las consideraciones \u00e9ticas que estos avances tecnol\u00f3gicos plantean.<\/p><p>Como instituci\u00f3n comprometida con \"la investigaci\u00f3n, el estudio, el fomento y la extensi\u00f3n del conocimiento en su sentido m\u00e1s amplio\", la RAED quiere liderar la reflexi\u00f3n sobre este fen\u00f3meno transformador porque no olvidemos que la educaci\u00f3n es un pilar fundamental en el desarrollo democr\u00e1tico de los pueblos, y tanto la formaci\u00f3n pregraduada como la postgraduada exigen conocimiento, capacidad de liderazgo y resiliencia para, entre otras cosas, luchar contra la burocracia que ahoga la creatividad, que es uno de los factores principales que caracteriza a la educaci\u00f3n superior y que se ve constre\u00f1ida por este factor condicionante.<\/p><p>Nuestro legado centenario y nuestra composici\u00f3n multidisciplinar nos posicionan idealmente para articular un di\u00e1logo constructivo entre los diversos actores del ecosistema educativo, desde las universidades hasta las escuelas de negocios, desde las instituciones p\u00fablicas hasta las iniciativas privadas, cosa que iremos haciendo de manera paulatina en diversas sesiones, abordando temas que tratar\u00e1n esta tem\u00e1tica desde la perspectiva poli\u00e9drica que caracteriza a nuestra instituci\u00f3n, en Barcelona, como Madrid o Canarias, a trav\u00e9s de nuestra estrecha colaboraci\u00f3n con la Academia de Ciencias, Ingenier\u00edas y Humanidades de Lanzarote.<\/p><p>Para abordar esta tem\u00e1tica, hemos conformado en esta primera ocasi\u00f3n unos ponentes de primer nivel, cuyas perspectivas complementarias nos permitir\u00e1n obtener una visi\u00f3n hol\u00edstica y fundamentada de los desaf\u00edos y oportunidades que enfrentamos:<\/p><h3>\u00a0<\/h3><h3><strong>16.45 h:<\/strong> <strong><a href=\"https:\/\/raed.academy\/en\/academicians\/dr-alfredo-rocafort-nicolau\/\">Dr. Alfredo Rocafort.<\/a> Presidente de la RAED.<\/strong> Presentaci\u00f3n de la Jornada.<\/h3><h3>\u00a0<\/h3><h3><strong>17.00 h:<\/strong> <a href=\"https:\/\/raed.academy\/en\/academicians\/dr-jordi-marti-pidelaserra\/\"><strong>Dr. Jordi Mart\u00ed Pidelaserra:<\/strong><\/a> <strong>\"Universidad e Inteligencia Artificial: Retos y Perspectivas\"<\/strong><\/h3><p>El Dr. Mart\u00ed aportar\u00e1 su valiosa perspectiva sobre la integraci\u00f3n de la IA en el \u00e1mbito universitario. Su discurso sobre \"La inteligencia artificial y la estupidez natural\" ante la Academia de Ciencias, Ingenier\u00edas y Humanidades de Lanzarote demostr\u00f3 su profundo conocimiento sobre las complejidades de este nuevo paradigma. Su an\u00e1lisis combinar\u00e1 el rigor acad\u00e9mico, la amenidad que le caracteriza, con una visi\u00f3n pr\u00e1ctica sobre c\u00f3mo las universidades pueden adoptar y adaptarse a esta revoluci\u00f3n tecnol\u00f3gica.<\/p><h3>\u00a0<\/h3><h3><strong>17.30 h: <a href=\"https:\/\/raed.academy\/en\/academicians\/dr-cecilia-kindelan-amorrich\/\">Dra. Cecilia Kindel\u00e1n Amorrich:<\/a> \"La Transformaci\u00f3n Digital en la Educaci\u00f3n Ejecutiva: El Modelo de las Escuelas de Negocio Espa\u00f1olas\"<\/strong><\/h3><p>La Dra. Kindel\u00e1n, acad\u00e9mica de nuestra instituci\u00f3n con una destacada trayectoria nacional e internacional en el \u00e1mbito de la educaci\u00f3n ejecutiva, nos ofrecer\u00e1 una visi\u00f3n privilegiada sobre c\u00f3mo las escuelas de negocio espa\u00f1olas est\u00e1n liderando la integraci\u00f3n de nuevas tecnolog\u00edas en la formaci\u00f3n de postgrado. Su experiencia como profesora en prestigiosas instituciones como la Universidad de Barcelona, la Universidad Internacional de La Rioja y ESIC University & Business School, donde actualmente es la directora nacional de los programas del EXECUTIVE MBA y de los programas de formaci\u00f3n de altos directivos, as\u00ed como su anterior rol como directora asociada y Directora de Relaciones Internacionales del MBA de IESE Business School, la posicionan como una voz muy autorizada para analizar las mejores pr\u00e1cticas en la educaci\u00f3n ejecutiva y su proyecci\u00f3n hacia el futuro.<\/p><h3>\u00a0<\/h3><h3>18.00 h: <a href=\"https:\/\/raed.academy\/en\/academicians\/dr-jose-ramon-calvo-fernandez\/\">Dr. Jos\u00e9 Ram\u00f3n Calvo Fern\u00e1ndez<\/a>: \"Cuando la Burocracia Asfixia la Creatividad en la Educaci\u00f3n\"<\/h3><p>El Dr. Calvo, presidente del Instituto de Cooperaci\u00f3n Internacional de nuestra instituci\u00f3n, abordar\u00e1 uno de los obst\u00e1culos m\u00e1s significativos para la innovaci\u00f3n educativa: el exceso de burocracia. Su contundente afirmaci\u00f3n \"La burocracia mata la creatividad\" resuena con especial fuerza en un contexto donde la agilidad y la adaptabilidad resultan cruciales. Su intervenci\u00f3n explorar\u00e1 c\u00f3mo las instituciones acad\u00e9micas se ven encadenadas a situaciones absurdas, que no s\u00f3lo pasan en el \u00e1mbito educativo, pero que en este resultan especialmente significativas, y que les impiden dedicar los mejores recursos a la funci\u00f3n para la que existen: fomentar entornos verdaderamente creativos e innovadores, m\u00e1s alineados con las demandas de un mundo en constante cambio.<\/p><h3>\u00a0<\/h3><h3>19.00 h: Ingreso en la RAED como Acad\u00e9mico Correspondiente Dr. G. Devin Stephenson: \"Reinventando el Futuro de la Educaci\u00f3n Superior\"<\/h3><p>\u00a0<\/p><p>El <strong>Excmo. Sr. Dr. G. Devin Stephenson<\/strong>, Doctor en Administraci\u00f3n de Empresas, ingresa como Acad\u00e9mico Correspondiente de la <strong>Real Academia Europea de Doctores<\/strong>, con el discurso <strong>\"Reinventando el Futuro de la Educaci\u00f3n Superior\"<\/strong><\/p><p><strong>Responde: <a href=\"https:\/\/raed.academy\/academicos\/dr-jose-ramon-calvo-fernandez\/\">Excmo. Sr. Dr. Jos\u00e9 Ram\u00f3n Calvo<\/a>, <\/strong>Doctor en Medicina y Cirug\u00eda<\/p><p>\u00a0<\/p><p>Para completar y finalizar esta jornada, contaremos con la participaci\u00f3n de nuestro invitado de honor, presidente de Florida Polytechnic University, Dr. G. Devin Stephenson. Su posici\u00f3n al frente de esta instituci\u00f3n, \u00edntegramente enfocada en STEM, que desarrolla interesantes colaboraciones con la Universidad Polit\u00e9cnica de Catalu\u00f1a, le permite aportar una perspectiva \u00fanica sobre el liderazgo acad\u00e9mico en instituciones tecnol\u00f3gicamente avanzadas. Su visi\u00f3n sobre c\u00f3mo guiar las universidades en un contexto de transformaci\u00f3n digital constante resultar\u00e1 muy atrayente para nuestra comunidad acad\u00e9mica.<\/p><p>Adem\u00e1s, aprovechando su presencia entre nosotros, el Dr. Stephenson, ser\u00e1nombrado Acad\u00e9mico Correspondiente de nuestra instituci\u00f3n.Esta jornada por tanto nos permitir\u00e1 explorar la confluencia de tres dimensionesfundamentales para el futuro de la educaci\u00f3n:<\/p><ul><li>La innovaci\u00f3n tecnol\u00f3gica, representada porla integraci\u00f3n de la InteligenciaArtificial en los procesos educativos, desde la personalizaci\u00f3n del aprendizajehasta la evaluaci\u00f3n de competencias.<\/li><li>La transformaci\u00f3n pedag\u00f3gica, manifestada en la necesaria evoluci\u00f3n de losroles docentes, los m\u00e9todosde ense\u00f1anza y los sistemas de evaluaci\u00f3n ante lasnuevas herramientas disponibles.<\/li><li>La perspectiva humanista, que sit\u00faa a la persona en el centro de todainnovaci\u00f3n educativa, garantizando que la tecnolog\u00eda potencie, en lugar dereemplazar, la dimensi\u00f3n humana de la educaci\u00f3n.<\/li><\/ul><p>La RAED, fiel a su misi\u00f3n de \"contribuir al desarrollo cultural, cient\u00edfico,econ\u00f3mico y social\", pretende liderar este debate, aportando rigor acad\u00e9mico,perspectiva multidisciplinar y visi\u00f3n de futuro. Nuestra jornada aspira a ser no soloun espacio de reflexi\u00f3n, sino tambi\u00e9n un catalizador para iniciativas concretas queimpulsen la evoluci\u00f3n de nuestras instituciones educativas.<\/p><p>Como afirma el Dr. Jordi Mart\u00ed, debemos entender que las capacidades de laInteligencia Artificial son un complemento, no un sustituto, de la inteligenciahumana. Es precisamente en este equilibrio donde radica la clave para construirun modelo educativo que, aprovechando el potencial de la tecnolog\u00eda, sigacultivando lo m\u00e1s valioso de nuestra tradici\u00f3n acad\u00e9mica: la capacidad cr\u00edtica, lacreatividad y el compromiso con el conocimiento como motor de progresohumano. La educaci\u00f3n del futuro se est\u00e1 configurando hoy y desde la RAEDqueremos participar en esa conformaci\u00f3n, aportando nuestra capacidad, nuestraexperiencia y nuestra voluntad de servicio p\u00fablico.<\/p><p>[\/et_pb_text][\/et_pb_column][\/et_pb_row][\/et_pb_section][et_pb_section fb_built=\"1\" _builder_version=\"4.27.4\" _module_preset=\"default\" custom_padding=\"40px|||||\" locked=\"off\" global_colors_info=\"{}\"][et_pb_row _builder_version=\"4.27.4\" _module_preset=\"default\" max_width=\"1400px\" global_colors_info=\"{}\"][et_pb_column type=\"4_4\" _builder_version=\"4.27.4\" _module_preset=\"default\" global_colors_info=\"{}\"][et_pb_text admin_label=\"shortcode mapa\" _builder_version=\"4.27.4\" _module_preset=\"default\" global_colors_info=\"{}\"][DP_Single_Event_Map_Address][\/et_pb_text][\/et_pb_column][\/et_pb_row][\/et_pb_section][et_pb_section fb_built=\"1\" _builder_version=\"4.18.0\" _module_preset=\"default\" locked=\"off\" global_colors_info=\"{}\"][et_pb_row column_structure=\"1_2,1_2\" admin_label=\"Fila\" _builder_version=\"4.27.4\" _module_preset=\"default\" max_width=\"1400px\" locked=\"off\" global_colors_info=\"{}\"][et_pb_column type=\"1_2\" _builder_version=\"4.16\" _module_preset=\"default\" global_colors_info=\"{}\"][et_pb_code admin_label=\"C\u00f3digo - organizadores\" _builder_version=\"4.16\" _module_preset=\"default\" global_colors_info=\"{}\"]<\/p><p class=\"ttl-colaboradores\">Organiza:<\/p><p><!-- [et_pb_line_break_holder] --><!-- [et_pb_line_break_holder] --><!-- [et_pb_line_break_holder] --><\/p><div id=\"organizadores\"><!-- [et_pb_line_break_holder] --><!-- [et_pb_line_break_holder] --><!-- [et_pb_line_break_holder] --><!-- [et_pb_line_break_holder] --><div class=\"logo-colaborador\"><!-- [et_pb_line_break_holder] --><!-- [et_pb_line_break_holder] --><a href=\"https:\/\/fundacionraed.org\/\" target=\"_blank\" rel=\"noopener noreferrer\"><img src=\"https:\/\/raed.academy\/wp-content\/uploads\/2021\/10\/Logo-Fundacion-RAED-160px.jpg\" alt=\"Fundaci\u00f3n RAED\" \/><\/a><!-- [et_pb_line_break_holder] --><div class=\"txt\">\u00a0<\/div><p><!-- [et_pb_line_break_holder] -->\u00a0<!-- [et_pb_line_break_holder] --><!-- [et_pb_line_break_holder] --><\/p><\/div><p><!-- [et_pb_line_break_holder] --><!-- [et_pb_line_break_holder] --><!-- [et_pb_line_break_holder] --><!-- [et_pb_line_break_holder] --><\/p><div class=\"logo-colaborador\"><!-- [et_pb_line_break_holder] --><!-- [et_pb_line_break_holder] --><a href=\"https:\/\/raed.academy\/\" target=\"_blank\" rel=\"noopener noreferrer\"><img src=\"https:\/\/raed.academy\/wp-content\/uploads\/2021\/10\/Logo-RAED-160px.jpg\" alt=\"Real Academia Europea de Doctores RAED\" \/><\/a><!-- [et_pb_line_break_holder] --><div class=\"txt\">\u00a0<\/div><p><!-- [et_pb_line_break_holder] -->\u00a0<!-- [et_pb_line_break_holder] --><!-- [et_pb_line_break_holder] --><\/p><\/div><p><!-- [et_pb_line_break_holder] --><!-- [et_pb_line_break_holder] --><!-- [et_pb_line_break_holder] --><!-- [et_pb_line_break_holder] --><\/p><\/div><p>[\/et_pb_code][\/et_pb_column][et_pb_column type=\"1_2\" _builder_version=\"4.16\" _module_preset=\"default\" global_colors_info=\"{}\"][et_pb_code admin_label=\"C\u00f3digo - colaboradores\" _builder_version=\"4.27.4\" _module_preset=\"default\" global_colors_info=\"{}\"]<\/p><p class=\"ttl-colaboradores\">Con la colaboraci\u00f3n de:<\/p><p><!-- [et_pb_line_break_holder] --><\/p><div id=\"colaboradores\"><!-- [et_pb_line_break_holder] --><div class=\"logo-colaborador\"><!-- [et_pb_line_break_holder] --><div class=\"txt-circular\">\u00a0<\/div><p><!-- [et_pb_line_break_holder] --> <a href=\"https:\/\/justicia.gencat.cat\/ca\/inici\" target=\"_blank\" rel=\"noopener noreferrer\"><img src=\"https:\/\/raed.academy\/wp-content\/uploads\/2024\/11\/Generalitat-de-Catalunya-dept-Justicia-i-Qualitat-Democratica-240px.jpg\" alt=\"Generalitat de catalunya\" \/><\/a><!-- [et_pb_line_break_holder] --><\/p><\/div><p><!-- [et_pb_line_break_holder] --><\/p><\/div><p><!-- [et_pb_line_break_holder] -->[\/et_pb_code][\/et_pb_column][\/et_pb_row][\/et_pb_section]<\/p>","_et_gb_content_width":""},"class_list":["post-163880","dp_events","type-dp_events","status-publish","has-post-thumbnail","hentry"],"yoast_head":"<!-- This site is optimized with the Yoast SEO plugin v27.4 - https:\/\/yoast.com\/product\/yoast-seo-wordpress\/ -->\n<title>I Jornada acad\u00e8mica sobre Educaci\u00f3 Superior Revoluci\u00f3 Educativa 4.0: Forjant el Nou Paradigma Acad\u00e8mic a l&#039;Era de la Intel\u00b7lig\u00e8ncia Artificial - Reial Acad\u00e8mia Europea de Doctors<\/title>\n<meta name=\"robots\" content=\"index, follow, max-snippet:-1, max-image-preview:large, max-video-preview:-1\" \/>\n<link rel=\"canonical\" href=\"https:\/\/raed.academy\/ca\/esdeveniments\/i-jornada-academica-sobre-educacio-superior-revolucio-educativa-4-0-forjant-el-nou-paradigma-academic-a-lera-de-la-intel%c2%b7ligencia-artificial\/\" \/>\n<meta property=\"og:locale\" content=\"ca_ES\" \/>\n<meta property=\"og:type\" content=\"article\" \/>\n<meta property=\"og:title\" content=\"I Jornada acad\u00e8mica sobre Educaci\u00f3 Superior Revoluci\u00f3 Educativa 4.0: Forjant el Nou Paradigma Acad\u00e8mic a l&#039;Era de la Intel\u00b7lig\u00e8ncia Artificial - Reial Acad\u00e8mia Europea de Doctors\" \/>\n<meta property=\"og:description\" content=\"La RAED organitza i duu a terme una s\u00e8rie d&#039;activitats concentrades en un mes i mig que van comptar amb la implicaci\u00f3 activa de nombrosos acad\u00e8mics. Recepci\u00f3 de quatre acad\u00e8mics corresponents (Stavroula-Ina Piperaki per a Gr\u00e8cia, Stephen Zeff i David B. Wilkins per als Estats Units i Llu\u00eds Vicent Safont per a Andorra) Taula rodona [&hellip;]\" \/>\n<meta property=\"og:url\" content=\"https:\/\/raed.academy\/ca\/esdeveniments\/i-jornada-academica-sobre-educacio-superior-revolucio-educativa-4-0-forjant-el-nou-paradigma-academic-a-lera-de-la-intel%c2%b7ligencia-artificial\/\" \/>\n<meta property=\"og:site_name\" content=\"Reial Acad\u00e8mia Europea de Doctors\" \/>\n<meta property=\"article:publisher\" content=\"http:\/\/fb.me\/raed.academy\" \/>\n<meta property=\"article:modified_time\" content=\"2025-05-13T15:21:50+00:00\" \/>\n<meta property=\"og:image\" content=\"https:\/\/raed.academy\/wp-content\/uploads\/2025\/05\/shutt-libros-publicaciones-literatura-educacion-formacion-1.17.webp\" \/>\n\t<meta property=\"og:image:width\" content=\"350\" \/>\n\t<meta property=\"og:image:height\" content=\"300\" \/>\n\t<meta property=\"og:image:type\" content=\"image\/webp\" \/>\n<meta name=\"twitter:card\" content=\"summary_large_image\" \/>\n<meta name=\"twitter:site\" content=\"@raedacademy\" \/>\n<meta name=\"twitter:label1\" content=\"Est. reading time\" \/>\n\t<meta name=\"twitter:data1\" content=\"7 minutes\" \/>\n<script type=\"application\/ld+json\" class=\"yoast-schema-graph\">{\"@context\":\"https:\\\/\\\/schema.org\",\"@graph\":[{\"@type\":\"WebPage\",\"@id\":\"https:\\\/\\\/raed.academy\\\/ca\\\/esdeveniments\\\/i-jornada-academica-sobre-educacio-superior-revolucio-educativa-4-0-forjant-el-nou-paradigma-academic-a-lera-de-la-intel%c2%b7ligencia-artificial\\\/\",\"url\":\"https:\\\/\\\/raed.academy\\\/ca\\\/esdeveniments\\\/i-jornada-academica-sobre-educacio-superior-revolucio-educativa-4-0-forjant-el-nou-paradigma-academic-a-lera-de-la-intel%c2%b7ligencia-artificial\\\/\",\"name\":\"I Jornada acad\u00e8mica sobre Educaci\u00f3 Superior Revoluci\u00f3 Educativa 4.0: Forjant el Nou Paradigma Acad\u00e8mic a l'Era de la Intel\u00b7lig\u00e8ncia Artificial - Reial Acad\u00e8mia Europea de Doctors\",\"isPartOf\":{\"@id\":\"https:\\\/\\\/raed.academy\\\/ca\\\/#website\"},\"primaryImageOfPage\":{\"@id\":\"https:\\\/\\\/raed.academy\\\/ca\\\/esdeveniments\\\/i-jornada-academica-sobre-educacio-superior-revolucio-educativa-4-0-forjant-el-nou-paradigma-academic-a-lera-de-la-intel%c2%b7ligencia-artificial\\\/#primaryimage\"},\"image\":{\"@id\":\"https:\\\/\\\/raed.academy\\\/ca\\\/esdeveniments\\\/i-jornada-academica-sobre-educacio-superior-revolucio-educativa-4-0-forjant-el-nou-paradigma-academic-a-lera-de-la-intel%c2%b7ligencia-artificial\\\/#primaryimage\"},\"thumbnailUrl\":\"https:\\\/\\\/raed.academy\\\/wp-content\\\/uploads\\\/2025\\\/05\\\/shutt-libros-publicaciones-literatura-educacion-formacion-1.17.webp\",\"datePublished\":\"2025-05-09T08:48:43+00:00\",\"dateModified\":\"2025-05-13T15:21:50+00:00\",\"breadcrumb\":{\"@id\":\"https:\\\/\\\/raed.academy\\\/ca\\\/esdeveniments\\\/i-jornada-academica-sobre-educacio-superior-revolucio-educativa-4-0-forjant-el-nou-paradigma-academic-a-lera-de-la-intel%c2%b7ligencia-artificial\\\/#breadcrumb\"},\"inLanguage\":\"ca-ES\",\"potentialAction\":[{\"@type\":\"ReadAction\",\"target\":[\"https:\\\/\\\/raed.academy\\\/ca\\\/esdeveniments\\\/i-jornada-academica-sobre-educacio-superior-revolucio-educativa-4-0-forjant-el-nou-paradigma-academic-a-lera-de-la-intel%c2%b7ligencia-artificial\\\/\"]}]},{\"@type\":\"ImageObject\",\"inLanguage\":\"ca-ES\",\"@id\":\"https:\\\/\\\/raed.academy\\\/ca\\\/esdeveniments\\\/i-jornada-academica-sobre-educacio-superior-revolucio-educativa-4-0-forjant-el-nou-paradigma-academic-a-lera-de-la-intel%c2%b7ligencia-artificial\\\/#primaryimage\",\"url\":\"https:\\\/\\\/raed.academy\\\/wp-content\\\/uploads\\\/2025\\\/05\\\/shutt-libros-publicaciones-literatura-educacion-formacion-1.17.webp\",\"contentUrl\":\"https:\\\/\\\/raed.academy\\\/wp-content\\\/uploads\\\/2025\\\/05\\\/shutt-libros-publicaciones-literatura-educacion-formacion-1.17.webp\",\"width\":350,\"height\":300},{\"@type\":\"BreadcrumbList\",\"@id\":\"https:\\\/\\\/raed.academy\\\/ca\\\/esdeveniments\\\/i-jornada-academica-sobre-educacio-superior-revolucio-educativa-4-0-forjant-el-nou-paradigma-academic-a-lera-de-la-intel%c2%b7ligencia-artificial\\\/#breadcrumb\",\"itemListElement\":[{\"@type\":\"ListItem\",\"position\":1,\"name\":\"Inicio\",\"item\":\"https:\\\/\\\/raed.academy\\\/ca\\\/\"},{\"@type\":\"ListItem\",\"position\":2,\"name\":\"Activitats\",\"item\":\"https:\\\/\\\/raed.academy\\\/ca\\\/esdeveniments\\\/\"},{\"@type\":\"ListItem\",\"position\":3,\"name\":\"I Jornada acad\u00e8mica sobre Educaci\u00f3 Superior Revoluci\u00f3 Educativa 4.0: Forjant el Nou Paradigma Acad\u00e8mic a l&#8217;Era de la Intel\u00b7lig\u00e8ncia Artificial\"}]},{\"@type\":\"WebSite\",\"@id\":\"https:\\\/\\\/raed.academy\\\/ca\\\/#website\",\"url\":\"https:\\\/\\\/raed.academy\\\/ca\\\/\",\"name\":\"Reial Acad\u00e8mia Europea de Doctors\",\"description\":\"Corporaci\u00f3n de derecho p\u00fablico de car\u00e1cter cient\u00edfico, t\u00e9cnico y art\u00edstico, que tiene por objeto la investigaci\u00f3n, el estudio, el fomento y la extensi\u00f3n del conocimiento en su sentido m\u00e1s amplio\",\"publisher\":{\"@id\":\"https:\\\/\\\/raed.academy\\\/ca\\\/#organization\"},\"potentialAction\":[{\"@type\":\"SearchAction\",\"target\":{\"@type\":\"EntryPoint\",\"urlTemplate\":\"https:\\\/\\\/raed.academy\\\/ca\\\/?s={search_term_string}\"},\"query-input\":{\"@type\":\"PropertyValueSpecification\",\"valueRequired\":true,\"valueName\":\"search_term_string\"}}],\"inLanguage\":\"ca-ES\"},{\"@type\":\"Organization\",\"@id\":\"https:\\\/\\\/raed.academy\\\/ca\\\/#organization\",\"name\":\"Real Academia Europea de Doctores\",\"url\":\"https:\\\/\\\/raed.academy\\\/ca\\\/\",\"logo\":{\"@type\":\"ImageObject\",\"inLanguage\":\"ca-ES\",\"@id\":\"https:\\\/\\\/raed.academy\\\/ca\\\/#\\\/schema\\\/logo\\\/image\\\/\",\"url\":\"https:\\\/\\\/raed.academy\\\/wp-content\\\/uploads\\\/2017\\\/01\\\/cropped-logo_raed.png\",\"contentUrl\":\"https:\\\/\\\/raed.academy\\\/wp-content\\\/uploads\\\/2017\\\/01\\\/cropped-logo_raed.png\",\"width\":512,\"height\":512,\"caption\":\"Real Academia Europea de Doctores\"},\"image\":{\"@id\":\"https:\\\/\\\/raed.academy\\\/ca\\\/#\\\/schema\\\/logo\\\/image\\\/\"},\"sameAs\":[\"http:\\\/\\\/fb.me\\\/raed.academy\",\"https:\\\/\\\/x.com\\\/raedacademy\",\"https:\\\/\\\/www.instagram.com\\\/raed.academy\\\/\",\"https:\\\/\\\/www.youtube.com\\\/channel\\\/UCUYQwW2KrdirNWihxMDObwg\"]}]}<\/script>\n<!-- \/ Yoast SEO plugin. -->","yoast_head_json":{"title":"I Jornada acad\u00e8mica sobre Educaci\u00f3 Superior Revoluci\u00f3 Educativa 4.0: Forjant el Nou Paradigma Acad\u00e8mic a l'Era de la Intel\u00b7lig\u00e8ncia Artificial - Reial Acad\u00e8mia Europea de Doctors","robots":{"index":"index","follow":"follow","max-snippet":"max-snippet:-1","max-image-preview":"max-image-preview:large","max-video-preview":"max-video-preview:-1"},"canonical":"https:\/\/raed.academy\/ca\/esdeveniments\/i-jornada-academica-sobre-educacio-superior-revolucio-educativa-4-0-forjant-el-nou-paradigma-academic-a-lera-de-la-intel%c2%b7ligencia-artificial\/","og_locale":"ca_ES","og_type":"article","og_title":"I Jornada acad\u00e8mica sobre Educaci\u00f3 Superior Revoluci\u00f3 Educativa 4.0: Forjant el Nou Paradigma Acad\u00e8mic a l'Era de la Intel\u00b7lig\u00e8ncia Artificial - Reial Acad\u00e8mia Europea de Doctors","og_description":"La RAED organitza i duu a terme una s\u00e8rie d'activitats concentrades en un mes i mig que van comptar amb la implicaci\u00f3 activa de nombrosos acad\u00e8mics. Recepci\u00f3 de quatre acad\u00e8mics corresponents (Stavroula-Ina Piperaki per a Gr\u00e8cia, Stephen Zeff i David B. Wilkins per als Estats Units i Llu\u00eds Vicent Safont per a Andorra) Taula rodona [&hellip;]","og_url":"https:\/\/raed.academy\/ca\/esdeveniments\/i-jornada-academica-sobre-educacio-superior-revolucio-educativa-4-0-forjant-el-nou-paradigma-academic-a-lera-de-la-intel%c2%b7ligencia-artificial\/","og_site_name":"Reial Acad\u00e8mia Europea de Doctors","article_publisher":"http:\/\/fb.me\/raed.academy","article_modified_time":"2025-05-13T15:21:50+00:00","og_image":[{"width":350,"height":300,"url":"https:\/\/raed.academy\/wp-content\/uploads\/2025\/05\/shutt-libros-publicaciones-literatura-educacion-formacion-1.17.webp","type":"image\/webp"}],"twitter_card":"summary_large_image","twitter_site":"@raedacademy","twitter_misc":{"Est. reading time":"7 minutes"},"schema":{"@context":"https:\/\/schema.org","@graph":[{"@type":"WebPage","@id":"https:\/\/raed.academy\/ca\/esdeveniments\/i-jornada-academica-sobre-educacio-superior-revolucio-educativa-4-0-forjant-el-nou-paradigma-academic-a-lera-de-la-intel%c2%b7ligencia-artificial\/","url":"https:\/\/raed.academy\/ca\/esdeveniments\/i-jornada-academica-sobre-educacio-superior-revolucio-educativa-4-0-forjant-el-nou-paradigma-academic-a-lera-de-la-intel%c2%b7ligencia-artificial\/","name":"I Jornada acad\u00e8mica sobre Educaci\u00f3 Superior Revoluci\u00f3 Educativa 4.0: Forjant el Nou Paradigma Acad\u00e8mic a l'Era de la Intel\u00b7lig\u00e8ncia Artificial - Reial Acad\u00e8mia Europea de Doctors","isPartOf":{"@id":"https:\/\/raed.academy\/ca\/#website"},"primaryImageOfPage":{"@id":"https:\/\/raed.academy\/ca\/esdeveniments\/i-jornada-academica-sobre-educacio-superior-revolucio-educativa-4-0-forjant-el-nou-paradigma-academic-a-lera-de-la-intel%c2%b7ligencia-artificial\/#primaryimage"},"image":{"@id":"https:\/\/raed.academy\/ca\/esdeveniments\/i-jornada-academica-sobre-educacio-superior-revolucio-educativa-4-0-forjant-el-nou-paradigma-academic-a-lera-de-la-intel%c2%b7ligencia-artificial\/#primaryimage"},"thumbnailUrl":"https:\/\/raed.academy\/wp-content\/uploads\/2025\/05\/shutt-libros-publicaciones-literatura-educacion-formacion-1.17.webp","datePublished":"2025-05-09T08:48:43+00:00","dateModified":"2025-05-13T15:21:50+00:00","breadcrumb":{"@id":"https:\/\/raed.academy\/ca\/esdeveniments\/i-jornada-academica-sobre-educacio-superior-revolucio-educativa-4-0-forjant-el-nou-paradigma-academic-a-lera-de-la-intel%c2%b7ligencia-artificial\/#breadcrumb"},"inLanguage":"ca-ES","potentialAction":[{"@type":"ReadAction","target":["https:\/\/raed.academy\/ca\/esdeveniments\/i-jornada-academica-sobre-educacio-superior-revolucio-educativa-4-0-forjant-el-nou-paradigma-academic-a-lera-de-la-intel%c2%b7ligencia-artificial\/"]}]},{"@type":"ImageObject","inLanguage":"ca-ES","@id":"https:\/\/raed.academy\/ca\/esdeveniments\/i-jornada-academica-sobre-educacio-superior-revolucio-educativa-4-0-forjant-el-nou-paradigma-academic-a-lera-de-la-intel%c2%b7ligencia-artificial\/#primaryimage","url":"https:\/\/raed.academy\/wp-content\/uploads\/2025\/05\/shutt-libros-publicaciones-literatura-educacion-formacion-1.17.webp","contentUrl":"https:\/\/raed.academy\/wp-content\/uploads\/2025\/05\/shutt-libros-publicaciones-literatura-educacion-formacion-1.17.webp","width":350,"height":300},{"@type":"BreadcrumbList","@id":"https:\/\/raed.academy\/ca\/esdeveniments\/i-jornada-academica-sobre-educacio-superior-revolucio-educativa-4-0-forjant-el-nou-paradigma-academic-a-lera-de-la-intel%c2%b7ligencia-artificial\/#breadcrumb","itemListElement":[{"@type":"ListItem","position":1,"name":"Inicio","item":"https:\/\/raed.academy\/ca\/"},{"@type":"ListItem","position":2,"name":"Activitats","item":"https:\/\/raed.academy\/ca\/esdeveniments\/"},{"@type":"ListItem","position":3,"name":"I Jornada acad\u00e8mica sobre Educaci\u00f3 Superior Revoluci\u00f3 Educativa 4.0: Forjant el Nou Paradigma Acad\u00e8mic a l&#8217;Era de la Intel\u00b7lig\u00e8ncia Artificial"}]},{"@type":"WebSite","@id":"https:\/\/raed.academy\/ca\/#website","url":"https:\/\/raed.academy\/ca\/","name":"Reial Acad\u00e8mia Europea de Doctors","description":"Corporaci\u00f3n de derecho p\u00fablico de car\u00e1cter cient\u00edfico, t\u00e9cnico y art\u00edstico, que tiene por objeto la investigaci\u00f3n, el estudio, el fomento y la extensi\u00f3n del conocimiento en su sentido m\u00e1s amplio","publisher":{"@id":"https:\/\/raed.academy\/ca\/#organization"},"potentialAction":[{"@type":"SearchAction","target":{"@type":"EntryPoint","urlTemplate":"https:\/\/raed.academy\/ca\/?s={search_term_string}"},"query-input":{"@type":"PropertyValueSpecification","valueRequired":true,"valueName":"search_term_string"}}],"inLanguage":"ca-ES"},{"@type":"Organization","@id":"https:\/\/raed.academy\/ca\/#organization","name":"Real Academia Europea de Doctores","url":"https:\/\/raed.academy\/ca\/","logo":{"@type":"ImageObject","inLanguage":"ca-ES","@id":"https:\/\/raed.academy\/ca\/#\/schema\/logo\/image\/","url":"https:\/\/raed.academy\/wp-content\/uploads\/2017\/01\/cropped-logo_raed.png","contentUrl":"https:\/\/raed.academy\/wp-content\/uploads\/2017\/01\/cropped-logo_raed.png","width":512,"height":512,"caption":"Real Academia Europea de Doctores"},"image":{"@id":"https:\/\/raed.academy\/ca\/#\/schema\/logo\/image\/"},"sameAs":["http:\/\/fb.me\/raed.academy","https:\/\/x.com\/raedacademy","https:\/\/www.instagram.com\/raed.academy\/","https:\/\/www.youtube.com\/channel\/UCUYQwW2KrdirNWihxMDObwg"]}]}},"_links":{"self":[{"href":"https:\/\/raed.academy\/ca\/wp-json\/wp\/v2\/dp_events\/163880","targetHints":{"allow":["GET"]}}],"collection":[{"href":"https:\/\/raed.academy\/ca\/wp-json\/wp\/v2\/dp_events"}],"about":[{"href":"https:\/\/raed.academy\/ca\/wp-json\/wp\/v2\/types\/dp_events"}],"wp:featuredmedia":[{"embeddable":true,"href":"https:\/\/raed.academy\/ca\/wp-json\/wp\/v2\/media\/163951"}],"wp:attachment":[{"href":"https:\/\/raed.academy\/ca\/wp-json\/wp\/v2\/media?parent=163880"}],"curies":[{"name":"wp","href":"https:\/\/api.w.org\/{rel}","templated":true}]}}