{"id":161772,"date":"2025-04-08T11:17:39","date_gmt":"2025-04-08T11:17:39","guid":{"rendered":"https:\/\/raed.academy\/?post_type=dp_events&#038;p=161772"},"modified":"2025-05-11T06:43:56","modified_gmt":"2025-05-11T06:43:56","slug":"presentacio-del-llibre-destino-de-una-vida-audaz-y-poliedrica-de-nadador-de-competicion-a-empresario-sanitario-y-abuelo-feliz","status":"publish","type":"dp_events","link":"https:\/\/raed.academy\/ca\/esdeveniments\/presentacio-del-llibre-destino-de-una-vida-audaz-y-poliedrica-de-nadador-de-competicion-a-empresario-sanitario-y-abuelo-feliz\/","title":{"rendered":"Presentaci\u00f3 del llibre \u201cDestino de una vida audaz y poli\u00e9drica: de nadador de competici\u00f3n a empresario sanitario y abuelo feliz\u201d, de Gabriel Masfurroll"},"content":{"rendered":"<p>[et_pb_section fb_built=&#8221;1&#8243; _builder_version=&#8221;4.27.4&#8243; _module_preset=&#8221;default&#8221; background_image=&#8221;https:\/\/raed.academy\/wp-content\/uploads\/2025\/04\/Gabriel-Masfurroll-Lacambra-2.91.webp&#8221; locked=&#8221;off&#8221; global_colors_info=&#8221;{}&#8221;][et_pb_row _builder_version=&#8221;4.27.4&#8243; _module_preset=&#8221;default&#8221; background_color=&#8221;rgba(255,255,255,0.9)&#8221; width=&#8221;95%&#8221; max_width=&#8221;650px&#8221; custom_margin=&#8221;|25px|||false|false&#8221; custom_margin_tablet=&#8221;|auto||auto|false|false&#8221; custom_margin_phone=&#8221;|auto||auto|false|false&#8221; custom_margin_last_edited=&#8221;on|tablet&#8221; custom_padding=&#8221;30px|30px|30px|30px|false|false&#8221; animation_style=&#8221;flip&#8221; global_colors_info=&#8221;{}&#8221;][et_pb_column type=&#8221;4_4&#8243; _builder_version=&#8221;4.17.0&#8243; _module_preset=&#8221;default&#8221; global_colors_info=&#8221;{}&#8221;][et_pb_post_title meta=&#8221;off&#8221; featured_image=&#8221;off&#8221; admin_label=&#8221;T\u00edtulo de publicaci\u00f3n&#8221; _builder_version=&#8221;4.27.4&#8243; _module_preset=&#8221;default&#8221; background_enable_color=&#8221;off&#8221; locked=&#8221;off&#8221; global_colors_info=&#8221;{}&#8221;][\/et_pb_post_title][et_pb_text admin_label=&#8221;Detalles evento&#8221; _builder_version=&#8221;4.27.4&#8243; _module_preset=&#8221;default&#8221; background_enable_color=&#8221;off&#8221; custom_css_free_form=&#8221;p {text-align: left;}&#8221; locked=&#8221;off&#8221; global_colors_info=&#8221;{}&#8221;]<\/p>\n<p class=\"ubicacion-evento\">Auditori Banc de Sabadell, c\/Serrano 71, Madrid, 28006<\/p>\n<p class=\"fecha-evento\">Dijous, 08 Maig 2025<\/p>\n<p class=\"hora-evento\">18:00 h<\/p>\n<p><strong>Format:<\/strong>\u00a0Presencial<\/p>\n<p><strong>Inscripci\u00f3:\u00a0<\/strong>Es prega confirmaci\u00f3 d\u2019assist\u00e8ncia a Secretaria:\u00a0<a href=\"mailto:secretaria@raed.academy\"><strong>secretaria@raed.academy<\/strong><\/a>\u00a0o al\u00a0<strong>tel. 93 667 40 54<\/strong><\/p>\n<p>[\/et_pb_text][\/et_pb_column][\/et_pb_row][\/et_pb_section][et_pb_section fb_built=&#8221;1&#8243; admin_label=&#8221;section&#8221; _builder_version=&#8221;4.27.4&#8243; custom_padding=&#8221;0px||0px||false|false&#8221; locked=&#8221;off&#8221; global_colors_info=&#8221;{}&#8221;][et_pb_row use_custom_gutter=&#8221;on&#8221; gutter_width=&#8221;1&#8243; admin_label=&#8221;row&#8221; _builder_version=&#8221;4.27.4&#8243; background_size=&#8221;initial&#8221; background_position=&#8221;top_left&#8221; background_repeat=&#8221;repeat&#8221; max_width=&#8221;1400px&#8221; global_colors_info=&#8221;{}&#8221;][et_pb_column type=&#8221;4_4&#8243; _builder_version=&#8221;4.16&#8243; custom_padding=&#8221;|||&#8221; global_colors_info=&#8221;{}&#8221; custom_padding__hover=&#8221;|||&#8221;][et_pb_text admin_label=&#8221;Descripci\u00f3n&#8221; _builder_version=&#8221;4.27.4&#8243; _module_preset=&#8221;default&#8221; global_colors_info=&#8221;{}&#8221;]<\/p>\n<p><img loading=\"lazy\" decoding=\"async\" class=\"wp-image-161968 aligncenter size-full\" src=\"https:\/\/raed.academy\/wp-content\/uploads\/2025\/04\/portada-3D-libro-Destino-de-una-vida-audaz-y-poliedrica-de-Gabriel-Masfurroll.webp\" alt=\"\" width=\"224\" height=\"385\" \/><\/p>\n<h2><strong>Intervenen:<\/strong><\/h2>\n<ul>\n<li style=\"font-weight: 400;\" aria-level=\"1\"><span style=\"font-weight: 400;\"><a href=\"https:\/\/raed.academy\/academicos\/dr-alfredo-rocafort-nicolau\/\"><strong>Dr. Alfredo Rocafort Nicolau<\/strong><\/a>, Acad\u00e8mic Numerari i President de la Junta de Govern de la RAED.<\/span><\/li>\n<li style=\"font-weight: 400;\" aria-level=\"1\"><span style=\"font-weight: 400;\"><strong>Sra. Susana Griso\u00a0i Ravent\u00f3s<\/strong>, periodista i presentadora.<\/span><\/li>\n<li style=\"font-weight: 400;\" aria-level=\"1\"><span style=\"font-weight: 400;\"><a href=\"https:\/\/raed.academy\/academicos\/sr-gabriel-masfurroll-lacambra\/\"><strong>Sr. Gabriel Masfurroll Lacambra<\/strong><\/a>, economista, empresari i filantrop. Acad\u00e8mic d&#8217;Honor i Ambaixador Extraordinari de la RAED. Autor del llibre.<\/span><\/li>\n<\/ul>\n<p>[\/et_pb_text][et_pb_video _builder_version=&#8221;4.27.4&#8243; _module_preset=&#8221;default&#8221; src=&#8221;https:\/\/youtu.be\/1ii3t0LN-RQ&#8221; hover_enabled=&#8221;0&#8243; sticky_enabled=&#8221;0&#8243; locked=&#8221;off&#8221;][\/et_pb_video][\/et_pb_column][\/et_pb_row][\/et_pb_section][et_pb_section fb_built=&#8221;1&#8243; _builder_version=&#8221;4.27.4&#8243; _module_preset=&#8221;default&#8221; custom_padding=&#8221;40px|||||&#8221; locked=&#8221;off&#8221; global_colors_info=&#8221;{}&#8221;][et_pb_row _builder_version=&#8221;4.27.4&#8243; _module_preset=&#8221;default&#8221; max_width=&#8221;1400px&#8221; global_colors_info=&#8221;{}&#8221;][et_pb_column type=&#8221;4_4&#8243; _builder_version=&#8221;4.27.4&#8243; _module_preset=&#8221;default&#8221; global_colors_info=&#8221;{}&#8221;][et_pb_text admin_label=&#8221;shortcode mapa&#8221; _builder_version=&#8221;4.27.4&#8243; _module_preset=&#8221;default&#8221; global_colors_info=&#8221;{}&#8221;]<iframe id=\"map_iframe\"  frameborder=\"0\" scrolling=\"no\" marginheight=\"0\" marginwidth=\"0\" src=\"https:\/\/maps.google.it\/maps?q=Auditori Banc de Sabadell, c\/Serrano 71, Madrid, 28006&output=embed\"><\/iframe>[\/et_pb_text][\/et_pb_column][\/et_pb_row][\/et_pb_section][et_pb_section fb_built=&#8221;1&#8243; _builder_version=&#8221;4.18.0&#8243; _module_preset=&#8221;default&#8221; locked=&#8221;off&#8221; global_colors_info=&#8221;{}&#8221;][et_pb_row column_structure=&#8221;1_2,1_2&#8243; admin_label=&#8221;Fila&#8221; _builder_version=&#8221;4.27.4&#8243; _module_preset=&#8221;default&#8221; max_width=&#8221;1400px&#8221; locked=&#8221;off&#8221; global_colors_info=&#8221;{}&#8221;][et_pb_column type=&#8221;1_2&#8243; _builder_version=&#8221;4.16&#8243; _module_preset=&#8221;default&#8221; global_colors_info=&#8221;{}&#8221;][et_pb_code admin_label=&#8221;C\u00f3digo &#8211; Organitza&#8221; _builder_version=&#8221;4.27.4&#8243; _module_preset=&#8221;default&#8221; global_colors_info=&#8221;{}&#8221;]<pee class=\"ttl-colaboradores\">Organitza:<\/pee><!-- [et_pb_line_break_holder] --><\/p>\n<div id=\"organizadores\"><!-- [et_pb_line_break_holder] --><\/p>\n<div class=\"logo-colaborador\"><!-- [et_pb_line_break_holder] --><a href=\"https:\/\/fundacionraed.org\/\" target=\"_blank\" rel=\"noopener noreferrer\"><img decoding=\"async\" src=\"https:\/\/raed.academy\/wp-content\/uploads\/2021\/10\/Logo-Fundacion-RAED-160px.jpg\" alt=\"Fundaci\u00f3n RAED\" \/><\/a><!-- [et_pb_line_break_holder] --><\/p>\n<div class=\"txt\"><\/div>\n<\/div>\n<p><!-- [et_pb_line_break_holder] --><!-- [et_pb_line_break_holder] --><\/p>\n<div class=\"logo-colaborador\"><!-- [et_pb_line_break_holder] --><a href=\"https:\/\/raed.academy\/ca\/\" target=\"_blank\" rel=\"noopener noreferrer\"><img decoding=\"async\" src=\"https:\/\/raed.academy\/wp-content\/uploads\/2021\/10\/Logo-RAED-160px.jpg\" alt=\"Real Academia Europea de Doctores RAED\" \/><\/a><!-- [et_pb_line_break_holder] --><\/p>\n<div class=\"txt\"><\/div>\n<\/div>\n<\/div>\n<p><!-- [et_pb_line_break_holder] -->[\/et_pb_code][\/et_pb_column][et_pb_column type=&#8221;1_2&#8243; _builder_version=&#8221;4.16&#8243; _module_preset=&#8221;default&#8221; global_colors_info=&#8221;{}&#8221;][et_pb_code admin_label=&#8221;C\u00f3digo &#8211; colaboradores&#8221; _builder_version=&#8221;4.27.4&#8243; _module_preset=&#8221;default&#8221; global_colors_info=&#8221;{}&#8221;]<pee class=\"ttl-colaboradores\">Amb la col\u00b7laboraci\u00f3 de:<\/pee><!-- [et_pb_line_break_holder] --><\/p>\n<div id=\"colaboradores\"><!-- [et_pb_line_break_holder] --><\/p>\n<div class=\"logo-colaborador\"><!-- [et_pb_line_break_holder] --><\/p>\n<div class=\"txt-circular\"><\/div>\n<p><!-- [et_pb_line_break_holder] --> <a href=\"https:\/\/www.bancsabadell.com\/\" target=\"_blank\" rel=\"noopener noreferrer\"><img decoding=\"async\" src=\"https:\/\/raed.academy\/wp-content\/uploads\/2025\/04\/logo-Banco-Sabadell-240px.jpeg\" alt=\"Banc de Sabadell\" width=\"170\" \/><\/a><!-- [et_pb_line_break_holder] --><\/div>\n<p><!-- [et_pb_line_break_holder] --><\/p>\n<div class=\"logo-colaborador\"><!-- [et_pb_line_break_holder] --><\/p>\n<div class=\"txt-circular\"><\/div>\n<p><!-- [et_pb_line_break_holder] --> <a href=\"https:\/\/justicia.gencat.cat\/ca\/inici\" target=\"_blank\" rel=\"noopener noreferrer\"><img decoding=\"async\" src=\"https:\/\/raed.academy\/wp-content\/uploads\/2024\/11\/Generalitat-de-Catalunya-dept-Justicia-i-Qualitat-Democratica-240px.jpg\" alt=\"Generalitat de catalunya\" \/><\/a><!-- [et_pb_line_break_holder] --><\/div>\n<p><!-- [et_pb_line_break_holder] --><\/div>\n<p>[\/et_pb_code][\/et_pb_column][\/et_pb_row][\/et_pb_section]<\/p>\n","protected":false},"excerpt":{"rendered":"<p>Presentaci\u00f3 del llibre \u201cDestino de una vida audaz y poli\u00e9drica: de nadador de competici\u00f3n a empresario sanitario y abuelo feliz\u201d<\/p>\n","protected":false},"featured_media":147943,"template":"","meta":{"_et_pb_use_builder":"on","_et_pb_old_content":"<p>[et_pb_section fb_built=\"1\" _builder_version=\"4.27.4\" _module_preset=\"default\" background_image=\"https:\/\/raed.academy\/wp-content\/uploads\/2023\/11\/colaboracion-lanzarote-RAED-academias-logos-1.webp\" locked=\"off\" global_colors_info=\"{}\"][et_pb_row _builder_version=\"4.17.0\" _module_preset=\"default\" background_color=\"#FFFFFF\" width=\"95%\" max_width=\"650px\" custom_margin=\"|25px|||false|false\" custom_padding=\"30px|30px|30px|30px|false|false\" animation_style=\"flip\" global_colors_info=\"{}\"][et_pb_column type=\"4_4\" _builder_version=\"4.17.0\" _module_preset=\"default\" global_colors_info=\"{}\"][et_pb_post_title meta=\"off\" featured_image=\"off\" admin_label=\"T\u00edtulo de publicaci\u00f3n\" _builder_version=\"4.27.4\" _module_preset=\"default\" background_enable_color=\"off\" locked=\"off\" global_colors_info=\"{}\"][\/et_pb_post_title][et_pb_text admin_label=\"Detalles evento\" _builder_version=\"4.27.4\" _module_preset=\"default\" background_enable_color=\"off\" custom_css_free_form=\"p {text-align: left;}\" locked=\"off\" global_colors_info=\"{}\"]<\/p><p class=\"ubicacion-evento\">[DP_Single_Event_Venue_Address]<\/p><p class=\"fecha-evento\">Jueves, [DP_Single_Event_Start_Date dem_start_date_format=\"d F Y\"]<\/p><p class=\"hora-evento\">[DP_Single_Event_Start_Time] h<\/p><p><strong>Formato:<\/strong> Presencial y streaming<\/p><p><strong>Inscripci\u00f3n: <\/strong>Se ruega confirmaci\u00f3n de asistencia en Secretar\u00eda: <a href=\"mailto:secretaria@raed.academy\"><strong>secretaria@raed.academy<\/strong><\/a> o al <strong>tel. 93 667 40 54<\/strong><\/p><p>[\/et_pb_text][\/et_pb_column][\/et_pb_row][\/et_pb_section][et_pb_section fb_built=\"1\" admin_label=\"section\" _builder_version=\"4.27.4\" custom_padding=\"0px||0px||false|false\" locked=\"off\" global_colors_info=\"{}\"][et_pb_row use_custom_gutter=\"on\" gutter_width=\"1\" admin_label=\"row\" _builder_version=\"4.27.4\" background_size=\"initial\" background_position=\"top_left\" background_repeat=\"repeat\" max_width=\"1400px\" global_colors_info=\"{}\"][et_pb_column type=\"4_4\" _builder_version=\"4.16\" custom_padding=\"|||\" global_colors_info=\"{}\" custom_padding__hover=\"|||\"][et_pb_text admin_label=\"Descripci\u00f3n\" _builder_version=\"4.27.4\" _module_preset=\"default\" hover_enabled=\"0\" global_colors_info=\"{}\" sticky_enabled=\"0\"]<\/p><h2><strong>Presentaci\u00f3n del libro \u201cDestino de una vida audaz y poli\u00e9drica: de nadador de competici\u00f3n a empresario sanitario y abuelo feliz\u201d<\/strong><\/h2><h2><strong>Intervienen:<\/strong><\/h2><ul><li style=\"font-weight: 400;\" aria-level=\"1\"><span style=\"font-weight: 400;\"><a href=\"https:\/\/raed.academy\/academicos\/dr-alfredo-rocafort-nicolau\/\"><strong>Dr. Alfredo Rocafort Nicolau<\/strong><\/a>, Acad\u00e9mico Numerario y Presidente de la Junta de Gobierno de la RAED.<\/span><\/li><li style=\"font-weight: 400;\" aria-level=\"1\"><span style=\"font-weight: 400;\"><strong>Sra. Susana Griso\u00a0i Ravent\u00f3s<\/strong>, periodista y presentadora.<\/span><\/li><li style=\"font-weight: 400;\" aria-level=\"1\"><span style=\"font-weight: 400;\"><a href=\"https:\/\/raed.academy\/academicos\/sr-gabriel-masfurroll-lacambra\/\"><strong>Sr. Gabriel Masfurroll Lacambra<\/strong><\/a>, economista, empresario y fil\u00e1ntropo. Acad\u00e9mico de Honor y Embajador Extraordinario de la RAED.<\/span><\/li><\/ul><p>\u00a0<\/p><p>\u00a0<\/p><p>[\/et_pb_text][\/et_pb_column][\/et_pb_row][\/et_pb_section][et_pb_section fb_built=\"1\" _builder_version=\"4.27.4\" _module_preset=\"default\" custom_padding=\"40px|||||\" locked=\"off\" global_colors_info=\"{}\"][et_pb_row _builder_version=\"4.27.4\" _module_preset=\"default\" max_width=\"1400px\" global_colors_info=\"{}\"][et_pb_column type=\"4_4\" _builder_version=\"4.27.4\" _module_preset=\"default\" global_colors_info=\"{}\"][et_pb_text admin_label=\"shortcode mapa\" _builder_version=\"4.27.4\" _module_preset=\"default\" global_colors_info=\"{}\"]<\/p><p>[DP_Single_Event_Map_Address]<\/p><p>[\/et_pb_text][\/et_pb_column][\/et_pb_row][\/et_pb_section][et_pb_section fb_built=\"1\" _builder_version=\"4.18.0\" _module_preset=\"default\" locked=\"off\" global_colors_info=\"{}\"][et_pb_row column_structure=\"1_2,1_2\" admin_label=\"Fila\" _builder_version=\"4.27.4\" _module_preset=\"default\" max_width=\"1400px\" locked=\"off\" global_colors_info=\"{}\"][et_pb_column type=\"1_2\" _builder_version=\"4.16\" _module_preset=\"default\" global_colors_info=\"{}\"][et_pb_code admin_label=\"C\u00f3digo - organizadores\" _builder_version=\"4.16\" _module_preset=\"default\" global_colors_info=\"{}\"]<\/p><p class=\"ttl-colaboradores\">Organiza:<\/p><p><!-- [et_pb_line_break_holder] --><\/p><div id=\"organizadores\"><p><!-- [et_pb_line_break_holder] --><\/p><div class=\"logo-colaborador\"><p><a href=\"https:\/\/fundacionraed.org\/\" target=\"_blank\" rel=\"noopener noreferrer\"><img src=\"https:\/\/raed.academy\/wp-content\/uploads\/2021\/10\/Logo-Fundacion-RAED-160px.jpg\" alt=\"Fundaci\u00f3n RAED\" \/><\/a><\/p><div class=\"txt\">\u00a0<\/div><p>\u00a0<\/p><\/div><p><!-- [et_pb_line_break_holder] --><!-- [et_pb_line_break_holder] --><\/p><div class=\"logo-colaborador\"><p><a href=\"https:\/\/raed.academy\/\" target=\"_blank\" rel=\"noopener noreferrer\"><img src=\"https:\/\/raed.academy\/wp-content\/uploads\/2021\/10\/Logo-RAED-160px.jpg\" alt=\"Real Academia Europea de Doctores RAED\" \/><\/a><\/p><div class=\"txt\">\u00a0<\/div><p>\u00a0<\/p><\/div><p><!-- [et_pb_line_break_holder] --><\/p><\/div><p>[\/et_pb_code][\/et_pb_column][et_pb_column type=\"1_2\" _builder_version=\"4.16\" _module_preset=\"default\" global_colors_info=\"{}\"][et_pb_code admin_label=\"C\u00f3digo - colaboradores\" _builder_version=\"4.27.4\" _module_preset=\"default\" global_colors_info=\"{}\"]<\/p><p class=\"ttl-colaboradores\">Con la colaboraci\u00f3n de:<\/p><p><!-- [et_pb_line_break_holder] --><\/p><div id=\"colaboradores\"><p><!-- [et_pb_line_break_holder] --> <!-- [et_pb_line_break_holder] --><\/p><div class=\"logo-colaborador\"><p><!-- [et_pb_line_break_holder] --><\/p><div class=\"txt-circular\">\u00a0<\/div><p><!-- [et_pb_line_break_holder] --> <a href=\"https:\/\/justicia.gencat.cat\/ca\/inici\" target=\"_blank\" rel=\"noopener noreferrer\"><img src=\"https:\/\/raed.academy\/wp-content\/uploads\/2024\/11\/Generalitat-de-Catalunya-dept-Justicia-i-Qualitat-Democratica-240px.jpg\" alt=\"Generalitat de catalunya\" \/><\/a><\/p><\/div><p><!-- [et_pb_line_break_holder] -->[\/et_pb_code][\/et_pb_column][\/et_pb_row][\/et_pb_section]<\/p><\/div>","_et_gb_content_width":""},"class_list":["post-161772","dp_events","type-dp_events","status-publish","has-post-thumbnail","hentry"],"yoast_head":"<!-- This site is optimized with the Yoast SEO plugin v27.5 - https:\/\/yoast.com\/product\/yoast-seo-wordpress\/ -->\n<title>Presentaci\u00f3 del llibre \u201cDestino de una vida audaz y poli\u00e9drica: de nadador de competici\u00f3n a empresario sanitario y abuelo feliz\u201d, de Gabriel Masfurroll - Reial Acad\u00e8mia Europea de Doctors<\/title>\n<meta name=\"description\" content=\"Presentaci\u00f3 del llibre \u201cDestino de una vida audaz y poli\u00e9drica: de nadador de competici\u00f3n a empresario sanitario y abuelo feliz\u201d\" \/>\n<meta name=\"robots\" content=\"index, follow, max-snippet:-1, max-image-preview:large, max-video-preview:-1\" \/>\n<link rel=\"canonical\" href=\"https:\/\/raed.academy\/ca\/esdeveniments\/presentacio-del-llibre-destino-de-una-vida-audaz-y-poliedrica-de-nadador-de-competicion-a-empresario-sanitario-y-abuelo-feliz\/\" \/>\n<meta property=\"og:locale\" content=\"ca_ES\" \/>\n<meta property=\"og:type\" content=\"article\" \/>\n<meta property=\"og:title\" content=\"Presentaci\u00f3 del llibre \u201cDestino de una vida audaz y poli\u00e9drica: de nadador de competici\u00f3n a empresario sanitario y abuelo feliz\u201d, de Gabriel Masfurroll - Reial Acad\u00e8mia Europea de Doctors\" \/>\n<meta property=\"og:description\" content=\"Presentaci\u00f3 del llibre \u201cDestino de una vida audaz y poli\u00e9drica: de nadador de competici\u00f3n a empresario sanitario y abuelo feliz\u201d\" \/>\n<meta property=\"og:url\" content=\"https:\/\/raed.academy\/ca\/esdeveniments\/presentacio-del-llibre-destino-de-una-vida-audaz-y-poliedrica-de-nadador-de-competicion-a-empresario-sanitario-y-abuelo-feliz\/\" \/>\n<meta property=\"og:site_name\" content=\"Reial Acad\u00e8mia Europea de Doctors\" \/>\n<meta property=\"article:publisher\" content=\"http:\/\/fb.me\/raed.academy\" \/>\n<meta property=\"article:modified_time\" content=\"2025-05-11T06:43:56+00:00\" \/>\n<meta property=\"og:image\" content=\"https:\/\/raed.academy\/wp-content\/uploads\/2024\/04\/Gabriel-Masfurroll-1.17.webp\" \/>\n\t<meta property=\"og:image:width\" content=\"352\" \/>\n\t<meta property=\"og:image:height\" content=\"300\" \/>\n\t<meta property=\"og:image:type\" content=\"image\/webp\" \/>\n<meta name=\"twitter:card\" content=\"summary_large_image\" \/>\n<meta name=\"twitter:site\" content=\"@raedacademy\" \/>\n<meta name=\"twitter:label1\" content=\"Est. reading time\" \/>\n\t<meta name=\"twitter:data1\" content=\"2 minutes\" \/>\n<script type=\"application\/ld+json\" class=\"yoast-schema-graph\">{\"@context\":\"https:\\\/\\\/schema.org\",\"@graph\":[{\"@type\":\"WebPage\",\"@id\":\"https:\\\/\\\/raed.academy\\\/ca\\\/esdeveniments\\\/presentacio-del-llibre-destino-de-una-vida-audaz-y-poliedrica-de-nadador-de-competicion-a-empresario-sanitario-y-abuelo-feliz\\\/\",\"url\":\"https:\\\/\\\/raed.academy\\\/ca\\\/esdeveniments\\\/presentacio-del-llibre-destino-de-una-vida-audaz-y-poliedrica-de-nadador-de-competicion-a-empresario-sanitario-y-abuelo-feliz\\\/\",\"name\":\"Presentaci\u00f3 del llibre \u201cDestino de una vida audaz y poli\u00e9drica: de nadador de competici\u00f3n a empresario sanitario y abuelo feliz\u201d, de Gabriel Masfurroll - Reial Acad\u00e8mia Europea de Doctors\",\"isPartOf\":{\"@id\":\"https:\\\/\\\/raed.academy\\\/ca\\\/#website\"},\"primaryImageOfPage\":{\"@id\":\"https:\\\/\\\/raed.academy\\\/ca\\\/esdeveniments\\\/presentacio-del-llibre-destino-de-una-vida-audaz-y-poliedrica-de-nadador-de-competicion-a-empresario-sanitario-y-abuelo-feliz\\\/#primaryimage\"},\"image\":{\"@id\":\"https:\\\/\\\/raed.academy\\\/ca\\\/esdeveniments\\\/presentacio-del-llibre-destino-de-una-vida-audaz-y-poliedrica-de-nadador-de-competicion-a-empresario-sanitario-y-abuelo-feliz\\\/#primaryimage\"},\"thumbnailUrl\":\"https:\\\/\\\/raed.academy\\\/wp-content\\\/uploads\\\/2024\\\/04\\\/Gabriel-Masfurroll-1.17.webp\",\"datePublished\":\"2025-04-08T11:17:39+00:00\",\"dateModified\":\"2025-05-11T06:43:56+00:00\",\"description\":\"Presentaci\u00f3 del llibre \u201cDestino de una vida audaz y poli\u00e9drica: de nadador de competici\u00f3n a empresario sanitario y abuelo feliz\u201d\",\"breadcrumb\":{\"@id\":\"https:\\\/\\\/raed.academy\\\/ca\\\/esdeveniments\\\/presentacio-del-llibre-destino-de-una-vida-audaz-y-poliedrica-de-nadador-de-competicion-a-empresario-sanitario-y-abuelo-feliz\\\/#breadcrumb\"},\"inLanguage\":\"ca-ES\",\"potentialAction\":[{\"@type\":\"ReadAction\",\"target\":[\"https:\\\/\\\/raed.academy\\\/ca\\\/esdeveniments\\\/presentacio-del-llibre-destino-de-una-vida-audaz-y-poliedrica-de-nadador-de-competicion-a-empresario-sanitario-y-abuelo-feliz\\\/\"]}]},{\"@type\":\"ImageObject\",\"inLanguage\":\"ca-ES\",\"@id\":\"https:\\\/\\\/raed.academy\\\/ca\\\/esdeveniments\\\/presentacio-del-llibre-destino-de-una-vida-audaz-y-poliedrica-de-nadador-de-competicion-a-empresario-sanitario-y-abuelo-feliz\\\/#primaryimage\",\"url\":\"https:\\\/\\\/raed.academy\\\/wp-content\\\/uploads\\\/2024\\\/04\\\/Gabriel-Masfurroll-1.17.webp\",\"contentUrl\":\"https:\\\/\\\/raed.academy\\\/wp-content\\\/uploads\\\/2024\\\/04\\\/Gabriel-Masfurroll-1.17.webp\",\"width\":352,\"height\":300},{\"@type\":\"BreadcrumbList\",\"@id\":\"https:\\\/\\\/raed.academy\\\/ca\\\/esdeveniments\\\/presentacio-del-llibre-destino-de-una-vida-audaz-y-poliedrica-de-nadador-de-competicion-a-empresario-sanitario-y-abuelo-feliz\\\/#breadcrumb\",\"itemListElement\":[{\"@type\":\"ListItem\",\"position\":1,\"name\":\"Inicio\",\"item\":\"https:\\\/\\\/raed.academy\\\/ca\\\/\"},{\"@type\":\"ListItem\",\"position\":2,\"name\":\"Activitats\",\"item\":\"https:\\\/\\\/raed.academy\\\/ca\\\/esdeveniments\\\/\"},{\"@type\":\"ListItem\",\"position\":3,\"name\":\"Presentaci\u00f3 del llibre \u201cDestino de una vida audaz y poli\u00e9drica: de nadador de competici\u00f3n a empresario sanitario y abuelo feliz\u201d, de Gabriel Masfurroll\"}]},{\"@type\":\"WebSite\",\"@id\":\"https:\\\/\\\/raed.academy\\\/ca\\\/#website\",\"url\":\"https:\\\/\\\/raed.academy\\\/ca\\\/\",\"name\":\"Reial Acad\u00e8mia Europea de Doctors\",\"description\":\"Corporaci\u00f3n de derecho p\u00fablico de car\u00e1cter cient\u00edfico, t\u00e9cnico y art\u00edstico, que tiene por objeto la investigaci\u00f3n, el estudio, el fomento y la extensi\u00f3n del conocimiento en su sentido m\u00e1s amplio\",\"publisher\":{\"@id\":\"https:\\\/\\\/raed.academy\\\/ca\\\/#organization\"},\"potentialAction\":[{\"@type\":\"SearchAction\",\"target\":{\"@type\":\"EntryPoint\",\"urlTemplate\":\"https:\\\/\\\/raed.academy\\\/ca\\\/?s={search_term_string}\"},\"query-input\":{\"@type\":\"PropertyValueSpecification\",\"valueRequired\":true,\"valueName\":\"search_term_string\"}}],\"inLanguage\":\"ca-ES\"},{\"@type\":\"Organization\",\"@id\":\"https:\\\/\\\/raed.academy\\\/ca\\\/#organization\",\"name\":\"Real Academia Europea de Doctores\",\"url\":\"https:\\\/\\\/raed.academy\\\/ca\\\/\",\"logo\":{\"@type\":\"ImageObject\",\"inLanguage\":\"ca-ES\",\"@id\":\"https:\\\/\\\/raed.academy\\\/ca\\\/#\\\/schema\\\/logo\\\/image\\\/\",\"url\":\"https:\\\/\\\/raed.academy\\\/wp-content\\\/uploads\\\/2017\\\/01\\\/cropped-logo_raed.png\",\"contentUrl\":\"https:\\\/\\\/raed.academy\\\/wp-content\\\/uploads\\\/2017\\\/01\\\/cropped-logo_raed.png\",\"width\":512,\"height\":512,\"caption\":\"Real Academia Europea de Doctores\"},\"image\":{\"@id\":\"https:\\\/\\\/raed.academy\\\/ca\\\/#\\\/schema\\\/logo\\\/image\\\/\"},\"sameAs\":[\"http:\\\/\\\/fb.me\\\/raed.academy\",\"https:\\\/\\\/x.com\\\/raedacademy\",\"https:\\\/\\\/www.instagram.com\\\/raed.academy\\\/\",\"https:\\\/\\\/www.youtube.com\\\/channel\\\/UCUYQwW2KrdirNWihxMDObwg\"]}]}<\/script>\n<!-- \/ Yoast SEO plugin. -->","yoast_head_json":{"title":"Presentaci\u00f3 del llibre \u201cDestino de una vida audaz y poli\u00e9drica: de nadador de competici\u00f3n a empresario sanitario y abuelo feliz\u201d, de Gabriel Masfurroll - Reial Acad\u00e8mia Europea de Doctors","description":"Presentaci\u00f3 del llibre \u201cDestino de una vida audaz y poli\u00e9drica: de nadador de competici\u00f3n a empresario sanitario y abuelo feliz\u201d","robots":{"index":"index","follow":"follow","max-snippet":"max-snippet:-1","max-image-preview":"max-image-preview:large","max-video-preview":"max-video-preview:-1"},"canonical":"https:\/\/raed.academy\/ca\/esdeveniments\/presentacio-del-llibre-destino-de-una-vida-audaz-y-poliedrica-de-nadador-de-competicion-a-empresario-sanitario-y-abuelo-feliz\/","og_locale":"ca_ES","og_type":"article","og_title":"Presentaci\u00f3 del llibre \u201cDestino de una vida audaz y poli\u00e9drica: de nadador de competici\u00f3n a empresario sanitario y abuelo feliz\u201d, de Gabriel Masfurroll - Reial Acad\u00e8mia Europea de Doctors","og_description":"Presentaci\u00f3 del llibre \u201cDestino de una vida audaz y poli\u00e9drica: de nadador de competici\u00f3n a empresario sanitario y abuelo feliz\u201d","og_url":"https:\/\/raed.academy\/ca\/esdeveniments\/presentacio-del-llibre-destino-de-una-vida-audaz-y-poliedrica-de-nadador-de-competicion-a-empresario-sanitario-y-abuelo-feliz\/","og_site_name":"Reial Acad\u00e8mia Europea de Doctors","article_publisher":"http:\/\/fb.me\/raed.academy","article_modified_time":"2025-05-11T06:43:56+00:00","og_image":[{"width":352,"height":300,"url":"https:\/\/raed.academy\/wp-content\/uploads\/2024\/04\/Gabriel-Masfurroll-1.17.webp","type":"image\/webp"}],"twitter_card":"summary_large_image","twitter_site":"@raedacademy","twitter_misc":{"Est. reading time":"2 minutes"},"schema":{"@context":"https:\/\/schema.org","@graph":[{"@type":"WebPage","@id":"https:\/\/raed.academy\/ca\/esdeveniments\/presentacio-del-llibre-destino-de-una-vida-audaz-y-poliedrica-de-nadador-de-competicion-a-empresario-sanitario-y-abuelo-feliz\/","url":"https:\/\/raed.academy\/ca\/esdeveniments\/presentacio-del-llibre-destino-de-una-vida-audaz-y-poliedrica-de-nadador-de-competicion-a-empresario-sanitario-y-abuelo-feliz\/","name":"Presentaci\u00f3 del llibre \u201cDestino de una vida audaz y poli\u00e9drica: de nadador de competici\u00f3n a empresario sanitario y abuelo feliz\u201d, de Gabriel Masfurroll - Reial Acad\u00e8mia Europea de Doctors","isPartOf":{"@id":"https:\/\/raed.academy\/ca\/#website"},"primaryImageOfPage":{"@id":"https:\/\/raed.academy\/ca\/esdeveniments\/presentacio-del-llibre-destino-de-una-vida-audaz-y-poliedrica-de-nadador-de-competicion-a-empresario-sanitario-y-abuelo-feliz\/#primaryimage"},"image":{"@id":"https:\/\/raed.academy\/ca\/esdeveniments\/presentacio-del-llibre-destino-de-una-vida-audaz-y-poliedrica-de-nadador-de-competicion-a-empresario-sanitario-y-abuelo-feliz\/#primaryimage"},"thumbnailUrl":"https:\/\/raed.academy\/wp-content\/uploads\/2024\/04\/Gabriel-Masfurroll-1.17.webp","datePublished":"2025-04-08T11:17:39+00:00","dateModified":"2025-05-11T06:43:56+00:00","description":"Presentaci\u00f3 del llibre \u201cDestino de una vida audaz y poli\u00e9drica: de nadador de competici\u00f3n a empresario sanitario y abuelo feliz\u201d","breadcrumb":{"@id":"https:\/\/raed.academy\/ca\/esdeveniments\/presentacio-del-llibre-destino-de-una-vida-audaz-y-poliedrica-de-nadador-de-competicion-a-empresario-sanitario-y-abuelo-feliz\/#breadcrumb"},"inLanguage":"ca-ES","potentialAction":[{"@type":"ReadAction","target":["https:\/\/raed.academy\/ca\/esdeveniments\/presentacio-del-llibre-destino-de-una-vida-audaz-y-poliedrica-de-nadador-de-competicion-a-empresario-sanitario-y-abuelo-feliz\/"]}]},{"@type":"ImageObject","inLanguage":"ca-ES","@id":"https:\/\/raed.academy\/ca\/esdeveniments\/presentacio-del-llibre-destino-de-una-vida-audaz-y-poliedrica-de-nadador-de-competicion-a-empresario-sanitario-y-abuelo-feliz\/#primaryimage","url":"https:\/\/raed.academy\/wp-content\/uploads\/2024\/04\/Gabriel-Masfurroll-1.17.webp","contentUrl":"https:\/\/raed.academy\/wp-content\/uploads\/2024\/04\/Gabriel-Masfurroll-1.17.webp","width":352,"height":300},{"@type":"BreadcrumbList","@id":"https:\/\/raed.academy\/ca\/esdeveniments\/presentacio-del-llibre-destino-de-una-vida-audaz-y-poliedrica-de-nadador-de-competicion-a-empresario-sanitario-y-abuelo-feliz\/#breadcrumb","itemListElement":[{"@type":"ListItem","position":1,"name":"Inicio","item":"https:\/\/raed.academy\/ca\/"},{"@type":"ListItem","position":2,"name":"Activitats","item":"https:\/\/raed.academy\/ca\/esdeveniments\/"},{"@type":"ListItem","position":3,"name":"Presentaci\u00f3 del llibre \u201cDestino de una vida audaz y poli\u00e9drica: de nadador de competici\u00f3n a empresario sanitario y abuelo feliz\u201d, de Gabriel Masfurroll"}]},{"@type":"WebSite","@id":"https:\/\/raed.academy\/ca\/#website","url":"https:\/\/raed.academy\/ca\/","name":"Reial Acad\u00e8mia Europea de Doctors","description":"Corporaci\u00f3n de derecho p\u00fablico de car\u00e1cter cient\u00edfico, t\u00e9cnico y art\u00edstico, que tiene por objeto la investigaci\u00f3n, el estudio, el fomento y la extensi\u00f3n del conocimiento en su sentido m\u00e1s amplio","publisher":{"@id":"https:\/\/raed.academy\/ca\/#organization"},"potentialAction":[{"@type":"SearchAction","target":{"@type":"EntryPoint","urlTemplate":"https:\/\/raed.academy\/ca\/?s={search_term_string}"},"query-input":{"@type":"PropertyValueSpecification","valueRequired":true,"valueName":"search_term_string"}}],"inLanguage":"ca-ES"},{"@type":"Organization","@id":"https:\/\/raed.academy\/ca\/#organization","name":"Real Academia Europea de Doctores","url":"https:\/\/raed.academy\/ca\/","logo":{"@type":"ImageObject","inLanguage":"ca-ES","@id":"https:\/\/raed.academy\/ca\/#\/schema\/logo\/image\/","url":"https:\/\/raed.academy\/wp-content\/uploads\/2017\/01\/cropped-logo_raed.png","contentUrl":"https:\/\/raed.academy\/wp-content\/uploads\/2017\/01\/cropped-logo_raed.png","width":512,"height":512,"caption":"Real Academia Europea de Doctores"},"image":{"@id":"https:\/\/raed.academy\/ca\/#\/schema\/logo\/image\/"},"sameAs":["http:\/\/fb.me\/raed.academy","https:\/\/x.com\/raedacademy","https:\/\/www.instagram.com\/raed.academy\/","https:\/\/www.youtube.com\/channel\/UCUYQwW2KrdirNWihxMDObwg"]}]}},"_links":{"self":[{"href":"https:\/\/raed.academy\/ca\/wp-json\/wp\/v2\/dp_events\/161772","targetHints":{"allow":["GET"]}}],"collection":[{"href":"https:\/\/raed.academy\/ca\/wp-json\/wp\/v2\/dp_events"}],"about":[{"href":"https:\/\/raed.academy\/ca\/wp-json\/wp\/v2\/types\/dp_events"}],"wp:featuredmedia":[{"embeddable":true,"href":"https:\/\/raed.academy\/ca\/wp-json\/wp\/v2\/media\/147943"}],"wp:attachment":[{"href":"https:\/\/raed.academy\/ca\/wp-json\/wp\/v2\/media?parent=161772"}],"curies":[{"name":"wp","href":"https:\/\/api.w.org\/{rel}","templated":true}]}}