{"id":160064,"date":"2025-01-28T12:07:48","date_gmt":"2025-01-28T12:07:48","guid":{"rendered":"https:\/\/raed.academy\/?post_type=dp_events&#038;p=160064"},"modified":"2025-04-10T09:32:48","modified_gmt":"2025-04-10T09:32:48","slug":"presentacio-del-premi-patrimoni-mundial-federico-mayor-zaragoza-i-del-llibre-el-patrimoni-mundial-cultural-natural-i-immaterial-despanya","status":"publish","type":"dp_events","link":"https:\/\/raed.academy\/ca\/esdeveniments\/presentacio-del-premi-patrimoni-mundial-federico-mayor-zaragoza-i-del-llibre-el-patrimoni-mundial-cultural-natural-i-immaterial-despanya\/","title":{"rendered":"Presentaci\u00f3 del Premi Patrimoni Mundial Federico Mayor Zaragoza, i del llibre &#8220;El Patrimonio Mundial Cultural, Natural e Inmaterial de Espa\u00f1a&#8221;"},"content":{"rendered":"<p>[et_pb_section fb_built=&#8221;1&#8243; admin_label=&#8221;Secci\u00f3n&#8221; _builder_version=&#8221;4.27.4&#8243; _module_preset=&#8221;default&#8221; background_image=&#8221;https:\/\/raed.academy\/wp-content\/uploads\/2022\/07\/Sagrada-Familia-dst-2.91.webp&#8221; locked=&#8221;off&#8221; global_colors_info=&#8221;{}&#8221;][et_pb_row _builder_version=&#8221;4.27.4&#8243; _module_preset=&#8221;default&#8221; background_color=&#8221;rgba(255,255,255,0.9)&#8221; width=&#8221;95%&#8221; max_width=&#8221;650px&#8221; custom_margin=&#8221;|25px|||false|false&#8221; custom_margin_tablet=&#8221;|auto||auto|false|false&#8221; custom_margin_phone=&#8221;|auto||auto|false|false&#8221; custom_margin_last_edited=&#8221;on|tablet&#8221; custom_padding=&#8221;30px|30px|30px|30px|false|false&#8221; animation_style=&#8221;flip&#8221; global_colors_info=&#8221;{}&#8221;][et_pb_column type=&#8221;4_4&#8243; _builder_version=&#8221;4.27.4&#8243; _module_preset=&#8221;default&#8221; global_colors_info=&#8221;{}&#8221;][et_pb_post_title meta=&#8221;off&#8221; featured_image=&#8221;off&#8221; admin_label=&#8221;T\u00edtulo de publicaci\u00f3n&#8221; module_class=&#8221;h1-30px&#8221; _builder_version=&#8221;4.27.4&#8243; _module_preset=&#8221;default&#8221; background_enable_color=&#8221;off&#8221; title_font_size_tablet=&#8221;25px&#8221; title_font_size_phone=&#8221;&#8221; title_font_size_last_edited=&#8221;on|phone&#8221; locked=&#8221;off&#8221; global_colors_info=&#8221;{}&#8221;][\/et_pb_post_title][et_pb_text admin_label=&#8221;Detalles evento&#8221; _builder_version=&#8221;4.27.4&#8243; _module_preset=&#8221;default&#8221; background_enable_color=&#8221;off&#8221; locked=&#8221;off&#8221; global_colors_info=&#8221;{}&#8221;]<\/p>\n<p class=\"ubicacion-evento\">Sala GH de l&#039;edifici Foment del Treball, a Via Laietana, 32, Barcelona, 08003<\/p>\n<p class=\"fecha-evento\">Dilluns, 17 Mar\u00e7 2025<\/p>\n<p class=\"hora-evento\">19:00 h<\/p>\n<p><strong>Format:<\/strong>\u00a0Presencial<\/p>\n<p><strong>Organitza:<\/strong> <strong>Reial Acad\u00e8mia Europea de Doctors<\/strong> i <a href=\"https:\/\/adiprope.org\/\" target=\"_blank\" rel=\"noopener\"><strong>Fundaci\u00f3 Adiprope per a la Difusi\u00f3 i Promoci\u00f3 del Patrimoni Mundial d&#8217;Espanya<\/strong><\/a><\/p>\n<p><strong>Inscripci\u00f3:\u00a0<\/strong>Es prega confirmaci\u00f3 d\u2019assist\u00e8ncia a Secretaria:\u00a0<a href=\"mailto:secretaria@raed.academy\"><strong>secretaria@raed.academy<\/strong><\/a>\u00a0o al\u00a0<strong>tel. 93 667 40 54<\/strong><\/p>\n<p>[\/et_pb_text][\/et_pb_column][\/et_pb_row][\/et_pb_section][et_pb_section fb_built=&#8221;1&#8243; admin_label=&#8221;section&#8221; _builder_version=&#8221;4.16&#8243; locked=&#8221;off&#8221; global_colors_info=&#8221;{}&#8221;][et_pb_row admin_label=&#8221;row&#8221; _builder_version=&#8221;4.16&#8243; background_size=&#8221;initial&#8221; background_position=&#8221;top_left&#8221; background_repeat=&#8221;repeat&#8221; global_colors_info=&#8221;{}&#8221;][et_pb_column type=&#8221;4_4&#8243; _builder_version=&#8221;4.16&#8243; custom_padding=&#8221;|||&#8221; global_colors_info=&#8221;{}&#8221; custom_padding__hover=&#8221;|||&#8221;][et_pb_text _builder_version=&#8221;4.27.4&#8243; _module_preset=&#8221;default&#8221; global_colors_info=&#8221;{}&#8221;]<\/p>\n<h2>Premi Patrimoni Mundial Federico Mayor Zaragoza<\/h2>\n<p>El <a href=\"https:\/\/raed.academy\/ca\/academics\/dr-ignacio-buqueras-bach\/\" target=\"_blank\" rel=\"noopener\" data-cke-saved-href=\"https:\/\/raed.academy\/ca\/academics\/dr-ignacio-buqueras-bach\/\"><strong>Dr. Ignacio Buqueras i Bach<\/strong><\/a>, President de la Fundaci\u00f3 ADIPROPE, condueix aquesta sessi\u00f3, en qu\u00e8 informar\u00e0 sobre el <strong>Premi Patrimoni Mundial Federico Mayor Zaragoza<\/strong>, l&#8217;objectiu del qual \u00e9s promoure un millor coneixement, conservaci\u00f3, valoraci\u00f3, difusi\u00f3 i promoci\u00f3 del Patrimoni Mundial d&#8217;Espanya reconegut per la UNESCO, del qual el nostre pa\u00eds \u00e9s un dels l\u00edders mundials.<\/p>\n<p>El Premi tindr\u00e0 dos \u00e0mbits: nacional, i internacional, i premiar\u00e0 les persones, entitats, institucions, empreses,\u2026 que m\u00e9s s&#8217;hagin distingit per les seves accions, activitats i gestos a favor seu. El lliurament dels premis tindr\u00e0 lloc el Dia Internacional del Patrimoni Mundial, el 16 de novembre de cada any.<\/p>\n<h2>Presentaci\u00f3 del llibre &#8220;El Patrimonio Mundial Cultural, Natural e Inmaterial de Espa\u00f1a&#8221;<\/h2>\n<p>Aix\u00ed mateix, el <strong>Dr. Buqueras<\/strong> presentar\u00e0, durant l&#8217;acte, la 4a reedici\u00f3 millorada i ampliada del llibre <strong>&#8220;El Patrimonio Mundial Cultural, Natural e Inmaterial de Espa\u00f1a&#8221;<\/strong>, patrocinat per la Reial Acad\u00e8mia Europea de Doctors i la seva Fundaci\u00f3.<\/p>\n<div id=\"attachment_134715\" style=\"width: 286px\" class=\"wp-caption alignright\"><img loading=\"lazy\" decoding=\"async\" aria-describedby=\"caption-attachment-134715\" class=\"wp-image-134715\" src=\"https:\/\/raed.academy\/wp-content\/uploads\/2023\/06\/Ignacio-Buqueras-y-Bach-Presentacion-libro-mas-sociedad-menos-y-mejor-estado-DST.webp\" alt=\"\" width=\"276\" height=\"165\" srcset=\"https:\/\/raed.academy\/wp-content\/uploads\/2023\/06\/Ignacio-Buqueras-y-Bach-Presentacion-libro-mas-sociedad-menos-y-mejor-estado-DST.webp 600w, https:\/\/raed.academy\/wp-content\/uploads\/2023\/06\/Ignacio-Buqueras-y-Bach-Presentacion-libro-mas-sociedad-menos-y-mejor-estado-DST-440x264.webp 440w\" sizes=\"(max-width: 276px) 100vw, 276px\" \/><p id=\"caption-attachment-134715\" class=\"wp-caption-text\">Dr. Ignacio Buqueras i Bach<\/p><\/div>\n<h2 data-start=\"189\" data-end=\"208\"><strong data-start=\"189\" data-end=\"206\">Participants:<\/strong><\/h2>\n<ul>\n<li data-start=\"210\" data-end=\"325\">Sessi\u00f3 a c\u00e0rrec del <a href=\"https:\/\/raed.academy\/en\/academicians\/dr-ignacio-buqueras-bach\/\"><strong>Dr. Ignacio Buqueras i Bach<\/strong><\/a>, President de la Fundaci\u00f3 ADIPROPE i Acad\u00e8mic Em\u00e8rit de la RAED<\/li>\n<li data-start=\"210\" data-end=\"325\">Presentaci\u00f3 de la sessi\u00f3 a c\u00e0rrec del <a href=\"https:\/\/raed.academy\/en\/academicians\/dr-alfredo-rocafort-nicolau\/\"><strong>Dr. Alfredo Rocafort Nicolau<\/strong><\/a>, President de la RAED<\/li>\n<li data-start=\"210\" data-end=\"325\">Amb la intervenci\u00f3 de la <strong>Sra. Maria Eug\u00e8nia Gay Rosell<\/strong>, Segona Tinent d&#8217;Alcaldia de l&#8217;Ajuntament de Barcelona i Regidora del Consell Municipal de Barcelona<\/li>\n<\/ul>\n<p>[\/et_pb_text][et_pb_text admin_label=&#8221;atribuci\u00f3n&#8221; module_class=&#8221;atribucion&#8221; _builder_version=&#8221;4.27.4&#8243; _module_preset=&#8221;default&#8221; locked=&#8221;off&#8221; global_colors_info=&#8221;{}&#8221;][\/et_pb_text][\/et_pb_column][\/et_pb_row][et_pb_row _builder_version=&#8221;4.27.4&#8243; _module_preset=&#8221;default&#8221; locked=&#8221;off&#8221; global_colors_info=&#8221;{}&#8221;][et_pb_column type=&#8221;4_4&#8243; _builder_version=&#8221;4.27.4&#8243; _module_preset=&#8221;default&#8221; global_colors_info=&#8221;{}&#8221;][et_pb_image src=&#8221;https:\/\/raed.academy\/wp-content\/uploads\/2025\/03\/portada-El-Patrimonio-Mundial-Cultural-Natural-e-Inmaterial-de-Espana-4a-reedicion.webp&#8221; title_text=&#8221;portada-El-Patrimonio-Mundial-Cultural-Natural-e-Inmaterial-de-Espa\u00f1a-4a-reedicion&#8221; align=&#8221;center&#8221; _builder_version=&#8221;4.27.4&#8243; _module_preset=&#8221;default&#8221; global_colors_info=&#8221;{}&#8221;][\/et_pb_image][\/et_pb_column][\/et_pb_row][et_pb_row column_structure=&#8221;2_3,1_3&#8243; use_custom_gutter=&#8221;on&#8221; gutter_width=&#8221;1&#8243; admin_label=&#8221;Fila&#8221; _builder_version=&#8221;4.27.0&#8243; _module_preset=&#8221;default&#8221; max_width=&#8221;1400px&#8221; locked=&#8221;off&#8221; global_colors_info=&#8221;{}&#8221;][et_pb_column type=&#8221;2_3&#8243; _builder_version=&#8221;4.16&#8243; _module_preset=&#8221;default&#8221; global_colors_info=&#8221;{}&#8221;][et_pb_code admin_label=&#8221;C\u00f3digo &#8211; Organitza&#8221; _builder_version=&#8221;4.27.4&#8243; _module_preset=&#8221;default&#8221; hover_enabled=&#8221;0&#8243; global_colors_info=&#8221;{}&#8221; sticky_enabled=&#8221;0&#8243;]<pee class=\"ttl-colaboradores\">Organitza:<\/pee><!-- [et_pb_line_break_holder] --><\/p>\n<div id=\"organizadores\"><!-- [et_pb_line_break_holder] --><\/p>\n<div class=\"logo-colaborador\" style=\"padding: 0 30px 30px 0;\"><a href=\"https:\/\/fundacionraed.org\/\" target=\"_blank\" rel=\"noopener noreferrer\"><img decoding=\"async\" src=\"https:\/\/raed.academy\/wp-content\/uploads\/2021\/10\/Logo-Fundacion-RAED-160px.jpg\" width=\"150px\" alt=\"Fundaci\u00f3n RAED\" \/><\/a><!-- [et_pb_line_break_holder] --><\/p>\n<div class=\"txt\"><\/div>\n<p><!-- [et_pb_line_break_holder] --><\/div>\n<p><!-- [et_pb_line_break_holder] --><\/p>\n<div class=\"logo-colaborador\" style=\"padding: 0 30px 30px 0;\" ><a href=\"https:\/\/raed.academy\/ca\/\" target=\"_blank\" rel=\"noopener noreferrer\"><img decoding=\"async\" src=\"https:\/\/raed.academy\/wp-content\/uploads\/2021\/10\/Logo-RAED-160px.jpg\" width=\"150px\" alt=\"Real Academia Europea de Doctores RAED\" \/><\/a><!-- [et_pb_line_break_holder] --><\/p>\n<div class=\"txt\"><\/div>\n<p><!-- [et_pb_line_break_holder] --><\/div>\n<p><!-- [et_pb_line_break_holder] --><\/p>\n<div class=\"logo-colaborador\" style=\"padding: 0 30px 30px 0;\">\n<div class=\"txt-circular\"><\/div>\n<p><!-- [et_pb_line_break_holder] --> <a href=\"https:\/\/adiprope.org\/\" target=\"_blank\" rel=\"noopener noreferrer\"><img decoding=\"async\" src=\"https:\/\/raed.academy\/wp-content\/uploads\/2024\/04\/ADIPROPE-logo-dst.webp\" width=\"180\" alt=\"ADIPROPE\" \/><\/a><\/div>\n<p><!-- [et_pb_line_break_holder] --><\/div>\n<p><!-- [et_pb_line_break_holder] --> [\/et_pb_code][\/et_pb_column][et_pb_column type=&#8221;1_3&#8243; _builder_version=&#8221;4.16&#8243; _module_preset=&#8221;default&#8221; global_colors_info=&#8221;{}&#8221;][et_pb_code admin_label=&#8221;C\u00f3digo &#8211; Amb la col\u00b7laboraci\u00f3 de&#8221; _builder_version=&#8221;4.27.4&#8243; _module_preset=&#8221;default&#8221; hover_enabled=&#8221;0&#8243; global_colors_info=&#8221;{}&#8221; sticky_enabled=&#8221;0&#8243;]<pee class=\"ttl-colaboradores\">Amb la col\u00b7laboraci\u00f3 de:<\/pee><!-- [et_pb_line_break_holder] --><!-- [et_pb_line_break_holder] --><\/p>\n<div id=\"colaboradores\"><!-- [et_pb_line_break_holder] --><\/p>\n<div class=\"logo-colaborador\" style=\"padding: 0 30px 30px 0;\">\n<div class=\"txt-circular\"><\/div>\n<p><!-- [et_pb_line_break_holder] --> <a href=\"https:\/\/justicia.gencat.cat\/ca\/inici\" target=\"_blank\" rel=\"noopener noreferrer\"><img decoding=\"async\" src=\"https:\/\/raed.academy\/wp-content\/uploads\/2024\/11\/Generalitat-de-Catalunya-dept-Justicia-i-Qualitat-Democratica-240px.jpg\" alt=\"Generalitat de catalunya\"><\/a><\/div>\n<p><!-- [et_pb_line_break_holder] --><\/div>\n<p>[\/et_pb_code][\/et_pb_column][\/et_pb_row][\/et_pb_section]<\/p>\n","protected":false},"excerpt":{"rendered":"<p>Presentaci\u00f3 del Premi Patrimoni Mundial Federico Mayor Zaragoza, i del llibre &#8220;El Patrimonio Mundial Cultural, Natural e Inmaterial de Espa\u00f1a&#8221;<\/p>\n","protected":false},"featured_media":0,"template":"","meta":{"_et_pb_use_builder":"on","_et_pb_old_content":"<p>[et_pb_section fb_built=\"1\" admin_label=\"Secci\u00f3n\" _builder_version=\"4.27.4\" _module_preset=\"default\" background_image=\"https:\/\/raed.academy\/wp-content\/uploads\/2022\/07\/Sagrada-Familia-dst-2.91.webp\" parallax=\"on\" parallax_method=\"off\" locked=\"off\" global_colors_info=\"{}\"][et_pb_row _builder_version=\"4.27.4\" _module_preset=\"default\" background_color=\"rgba(255,255,255,0.9)\" width=\"95%\" max_width=\"650px\" custom_margin=\"|25px|||false|false\" custom_margin_tablet=\"|auto||auto|false|false\" custom_margin_phone=\"|auto||auto|false|false\" custom_margin_last_edited=\"on|tablet\" custom_padding=\"30px|30px|30px|30px|false|false\" animation_style=\"flip\" global_colors_info=\"{}\"][et_pb_column type=\"4_4\" _builder_version=\"4.27.4\" _module_preset=\"default\" global_colors_info=\"{}\"][et_pb_post_title meta=\"off\" featured_image=\"off\" admin_label=\"T\u00edtulo de publicaci\u00f3n\" module_class=\"h1-30px\" _builder_version=\"4.27.4\" _module_preset=\"default\" background_enable_color=\"off\" title_font_size_tablet=\"25px\" title_font_size_phone=\"\" title_font_size_last_edited=\"on|phone\" locked=\"off\" global_colors_info=\"{}\"][\/et_pb_post_title][et_pb_text admin_label=\"Detalles evento\" _builder_version=\"4.27.4\" _module_preset=\"default\" background_enable_color=\"off\" locked=\"off\" global_colors_info=\"{}\"]<\/p><p class=\"ubicacion-evento\">[DP_Single_Event_Venue_Address]<\/p><p class=\"fecha-evento\">Lunes, [DP_Single_Event_Start_Date dem_start_date_format=\"d F Y\"]<\/p><p class=\"hora-evento\">[DP_Single_Event_Start_Time] h<\/p><p><strong>Inscripci\u00f3n:<\/strong> Contactar con Secretar\u00eda de la RAED: <strong><a href=\"mailto:secretaria@raed.academy\">secretaria@raed.academy<\/a>\u00a0o\u00a0tel. 93 667 40 54<\/strong><\/p><p>[\/et_pb_text][\/et_pb_column][\/et_pb_row][\/et_pb_section][et_pb_section fb_built=\"1\" admin_label=\"section\" _builder_version=\"4.16\" locked=\"off\" global_colors_info=\"{}\"][et_pb_row admin_label=\"row\" _builder_version=\"4.16\" background_size=\"initial\" background_position=\"top_left\" background_repeat=\"repeat\" global_colors_info=\"{}\"][et_pb_column type=\"4_4\" _builder_version=\"4.16\" custom_padding=\"|||\" global_colors_info=\"{}\" custom_padding__hover=\"|||\"][et_pb_text _builder_version=\"4.27.4\" _module_preset=\"default\" hover_enabled=\"0\" global_colors_info=\"{}\" sticky_enabled=\"0\"]<\/p><p style=\"text-align: left;\">4\u00aa reedici\u00f3n, meiorada y ampliada,del libro <strong>\"El Patrimonio Mundial Cultural, Natural e Inmaterial de Espa\u00f1a\"<\/strong>, patrocinado por la Real Academia Europea de Doctores y su Fundaci\u00f3n<\/p><h2>Participantes:<\/h2><p>\u2022 Sesi\u00f3n a cargo del <a href=\"https:\/\/raed.academy\/academicos\/dr-ignacio-buqueras-bach\/\"><strong>Dr. Ignacio Buqueras y Bach<\/strong><\/a>, Presidente de la Fundaci\u00f3n ADIPROPE y Acad\u00e9mico Em\u00e9rito de la RAED<\/p><p>\u2022 Presentaci\u00f3n de la sesi\u00f3n a cargo del <a href=\"https:\/\/raed.academy\/academicos\/dr-alfredo-rocafort-nicolau\/\"><strong>Dr. Alfredo Rocafort Nicolau<\/strong><\/a>, Presidente de la RAED<\/p><div class=\"page\" title=\"Page 1\"><div class=\"layoutArea\"><div class=\"column\"><p>\u00a0<\/p><p style=\"text-align: center;\"><strong>PREMIO PATRIMONIO MUNDIAL FEDERICO MAYOR ZARAGOZA<\/strong><\/p><\/div><\/div><\/div><p data-start=\"0\" data-end=\"393\">Se present\u00f3 el <strong data-start=\"15\" data-end=\"68\">Premio Patrimonio Mundial Federico Mayor Zaragoza<\/strong>, promovido por la Fundaci\u00f3n ADIPROPE para impulsar la difusi\u00f3n y conservaci\u00f3n del Patrimonio Mundial de Espa\u00f1a. Este reconocimiento, con alcance nacional e internacional, distinguir\u00e1 a personas, entidades e instituciones que se destaquen por su labor en la preservaci\u00f3n y promoci\u00f3n del patrimonio reconocido por la UNESCO.<\/p><p data-start=\"395\" data-end=\"690\">Durante el acto, se resalt\u00f3 la figura de Federico Mayor Zaragoza, destacando su trayectoria como acad\u00e9mico, cient\u00edfico y su labor como Director General de la UNESCO. Su hijo, Federico Mayor Men\u00e9ndez, dedic\u00f3 unas emotivas palabras en su memoria, compartiendo algunos de sus textos y una poes\u00eda.<\/p><p data-start=\"692\" data-end=\"1167\" data-is-last-node=\"\" data-is-only-node=\"\">Adem\u00e1s, se anunci\u00f3 el nombramiento de <strong data-start=\"730\" data-end=\"759\">Ana de la Cueva Fern\u00e1ndez<\/strong>, presidenta del Patrimonio Nacional, como <strong data-start=\"802\" data-end=\"859\">Embajadora Honoraria del Patrimonio Mundial de Espa\u00f1a<\/strong>, sum\u00e1ndose a otras personalidades reconocidas con esta distinci\u00f3n. En su intervenci\u00f3n, destac\u00f3 la importancia del Patrimonio Nacional, su distribuci\u00f3n en distintas ciudades y los esfuerzos del Estado en su conservaci\u00f3n, mencionando la creaci\u00f3n de la Galer\u00eda de las Colecciones Reales como un hito relevante.<\/p><p>[\/et_pb_text][et_pb_text admin_label=\"atribuci\u00f3n\" module_class=\"atribucion\" _builder_version=\"4.27.4\" _module_preset=\"default\" locked=\"off\" global_colors_info=\"{}\"][\/et_pb_text][\/et_pb_column][\/et_pb_row][\/et_pb_section]<\/p>","_et_gb_content_width":""},"class_list":["post-160064","dp_events","type-dp_events","status-publish","hentry"],"yoast_head":"<!-- This site is optimized with the Yoast SEO plugin v27.5 - https:\/\/yoast.com\/product\/yoast-seo-wordpress\/ -->\n<title>Presentaci\u00f3 del Premi Patrimoni Mundial Federico Mayor Zaragoza, i del llibre &quot;El Patrimonio Mundial Cultural, Natural e Inmaterial de Espa\u00f1a&quot; - Reial Acad\u00e8mia Europea de Doctors<\/title>\n<meta name=\"description\" content=\"Presentaci\u00f3 del Premi Patrimoni Mundial Federico Mayor, i del llibre &quot;El Patrimonio Mundial Cultural, Natural e Inmaterial de Espa\u00f1a&quot;\" \/>\n<meta name=\"robots\" content=\"index, follow, max-snippet:-1, max-image-preview:large, max-video-preview:-1\" \/>\n<link rel=\"canonical\" href=\"https:\/\/raed.academy\/ca\/esdeveniments\/presentacio-del-premi-patrimoni-mundial-federico-mayor-zaragoza-i-del-llibre-el-patrimoni-mundial-cultural-natural-i-immaterial-despanya\/\" \/>\n<meta property=\"og:locale\" content=\"ca_ES\" \/>\n<meta property=\"og:type\" content=\"article\" \/>\n<meta property=\"og:title\" content=\"Presentaci\u00f3 del Premi Patrimoni Mundial Federico Mayor Zaragoza, i del llibre &quot;El Patrimonio Mundial Cultural, Natural e Inmaterial de Espa\u00f1a&quot; - Reial Acad\u00e8mia Europea de Doctors\" \/>\n<meta property=\"og:description\" content=\"Presentaci\u00f3 del Premi Patrimoni Mundial Federico Mayor, i del llibre &quot;El Patrimonio Mundial Cultural, Natural e Inmaterial de Espa\u00f1a&quot;\" \/>\n<meta property=\"og:url\" content=\"https:\/\/raed.academy\/ca\/esdeveniments\/presentacio-del-premi-patrimoni-mundial-federico-mayor-zaragoza-i-del-llibre-el-patrimoni-mundial-cultural-natural-i-immaterial-despanya\/\" \/>\n<meta property=\"og:site_name\" content=\"Reial Acad\u00e8mia Europea de Doctors\" \/>\n<meta property=\"article:publisher\" content=\"http:\/\/fb.me\/raed.academy\" \/>\n<meta property=\"article:modified_time\" content=\"2025-04-10T09:32:48+00:00\" \/>\n<meta property=\"og:image\" content=\"https:\/\/raed.academy\/wp-content\/uploads\/2023\/06\/Ignacio-Buqueras-y-Bach-Presentacion-libro-mas-sociedad-menos-y-mejor-estado-DST.webp\" \/>\n\t<meta property=\"og:image:width\" content=\"600\" \/>\n\t<meta property=\"og:image:height\" content=\"359\" \/>\n\t<meta property=\"og:image:type\" content=\"image\/webp\" \/>\n<meta name=\"twitter:card\" content=\"summary_large_image\" \/>\n<meta name=\"twitter:site\" content=\"@raedacademy\" \/>\n<meta name=\"twitter:label1\" content=\"Est. reading time\" \/>\n\t<meta name=\"twitter:data1\" content=\"3 minutes\" \/>\n<script type=\"application\/ld+json\" class=\"yoast-schema-graph\">{\"@context\":\"https:\\\/\\\/schema.org\",\"@graph\":[{\"@type\":\"WebPage\",\"@id\":\"https:\\\/\\\/raed.academy\\\/ca\\\/esdeveniments\\\/presentacio-del-premi-patrimoni-mundial-federico-mayor-zaragoza-i-del-llibre-el-patrimoni-mundial-cultural-natural-i-immaterial-despanya\\\/\",\"url\":\"https:\\\/\\\/raed.academy\\\/ca\\\/esdeveniments\\\/presentacio-del-premi-patrimoni-mundial-federico-mayor-zaragoza-i-del-llibre-el-patrimoni-mundial-cultural-natural-i-immaterial-despanya\\\/\",\"name\":\"Presentaci\u00f3 del Premi Patrimoni Mundial Federico Mayor Zaragoza, i del llibre \\\"El Patrimonio Mundial Cultural, Natural e Inmaterial de Espa\u00f1a\\\" - Reial Acad\u00e8mia Europea de Doctors\",\"isPartOf\":{\"@id\":\"https:\\\/\\\/raed.academy\\\/ca\\\/#website\"},\"primaryImageOfPage\":{\"@id\":\"https:\\\/\\\/raed.academy\\\/ca\\\/esdeveniments\\\/presentacio-del-premi-patrimoni-mundial-federico-mayor-zaragoza-i-del-llibre-el-patrimoni-mundial-cultural-natural-i-immaterial-despanya\\\/#primaryimage\"},\"image\":{\"@id\":\"https:\\\/\\\/raed.academy\\\/ca\\\/esdeveniments\\\/presentacio-del-premi-patrimoni-mundial-federico-mayor-zaragoza-i-del-llibre-el-patrimoni-mundial-cultural-natural-i-immaterial-despanya\\\/#primaryimage\"},\"thumbnailUrl\":\"https:\\\/\\\/raed.academy\\\/wp-content\\\/uploads\\\/2023\\\/06\\\/Ignacio-Buqueras-y-Bach-Presentacion-libro-mas-sociedad-menos-y-mejor-estado-DST.webp\",\"datePublished\":\"2025-01-28T12:07:48+00:00\",\"dateModified\":\"2025-04-10T09:32:48+00:00\",\"description\":\"Presentaci\u00f3 del Premi Patrimoni Mundial Federico Mayor, i del llibre \\\"El Patrimonio Mundial Cultural, Natural e Inmaterial de Espa\u00f1a\\\"\",\"breadcrumb\":{\"@id\":\"https:\\\/\\\/raed.academy\\\/ca\\\/esdeveniments\\\/presentacio-del-premi-patrimoni-mundial-federico-mayor-zaragoza-i-del-llibre-el-patrimoni-mundial-cultural-natural-i-immaterial-despanya\\\/#breadcrumb\"},\"inLanguage\":\"ca-ES\",\"potentialAction\":[{\"@type\":\"ReadAction\",\"target\":[\"https:\\\/\\\/raed.academy\\\/ca\\\/esdeveniments\\\/presentacio-del-premi-patrimoni-mundial-federico-mayor-zaragoza-i-del-llibre-el-patrimoni-mundial-cultural-natural-i-immaterial-despanya\\\/\"]}]},{\"@type\":\"ImageObject\",\"inLanguage\":\"ca-ES\",\"@id\":\"https:\\\/\\\/raed.academy\\\/ca\\\/esdeveniments\\\/presentacio-del-premi-patrimoni-mundial-federico-mayor-zaragoza-i-del-llibre-el-patrimoni-mundial-cultural-natural-i-immaterial-despanya\\\/#primaryimage\",\"url\":\"https:\\\/\\\/raed.academy\\\/wp-content\\\/uploads\\\/2023\\\/06\\\/Ignacio-Buqueras-y-Bach-Presentacion-libro-mas-sociedad-menos-y-mejor-estado-DST.webp\",\"contentUrl\":\"https:\\\/\\\/raed.academy\\\/wp-content\\\/uploads\\\/2023\\\/06\\\/Ignacio-Buqueras-y-Bach-Presentacion-libro-mas-sociedad-menos-y-mejor-estado-DST.webp\"},{\"@type\":\"BreadcrumbList\",\"@id\":\"https:\\\/\\\/raed.academy\\\/ca\\\/esdeveniments\\\/presentacio-del-premi-patrimoni-mundial-federico-mayor-zaragoza-i-del-llibre-el-patrimoni-mundial-cultural-natural-i-immaterial-despanya\\\/#breadcrumb\",\"itemListElement\":[{\"@type\":\"ListItem\",\"position\":1,\"name\":\"Inicio\",\"item\":\"https:\\\/\\\/raed.academy\\\/ca\\\/\"},{\"@type\":\"ListItem\",\"position\":2,\"name\":\"Activitats\",\"item\":\"https:\\\/\\\/raed.academy\\\/ca\\\/esdeveniments\\\/\"},{\"@type\":\"ListItem\",\"position\":3,\"name\":\"Presentaci\u00f3 del Premi Patrimoni Mundial Federico Mayor Zaragoza, i del llibre \u00abEl Patrimonio Mundial Cultural, Natural e Inmaterial de Espa\u00f1a\u00bb\"}]},{\"@type\":\"WebSite\",\"@id\":\"https:\\\/\\\/raed.academy\\\/ca\\\/#website\",\"url\":\"https:\\\/\\\/raed.academy\\\/ca\\\/\",\"name\":\"Reial Acad\u00e8mia Europea de Doctors\",\"description\":\"Corporaci\u00f3n de derecho p\u00fablico de car\u00e1cter cient\u00edfico, t\u00e9cnico y art\u00edstico, que tiene por objeto la investigaci\u00f3n, el estudio, el fomento y la extensi\u00f3n del conocimiento en su sentido m\u00e1s amplio\",\"publisher\":{\"@id\":\"https:\\\/\\\/raed.academy\\\/ca\\\/#organization\"},\"potentialAction\":[{\"@type\":\"SearchAction\",\"target\":{\"@type\":\"EntryPoint\",\"urlTemplate\":\"https:\\\/\\\/raed.academy\\\/ca\\\/?s={search_term_string}\"},\"query-input\":{\"@type\":\"PropertyValueSpecification\",\"valueRequired\":true,\"valueName\":\"search_term_string\"}}],\"inLanguage\":\"ca-ES\"},{\"@type\":\"Organization\",\"@id\":\"https:\\\/\\\/raed.academy\\\/ca\\\/#organization\",\"name\":\"Real Academia Europea de Doctores\",\"url\":\"https:\\\/\\\/raed.academy\\\/ca\\\/\",\"logo\":{\"@type\":\"ImageObject\",\"inLanguage\":\"ca-ES\",\"@id\":\"https:\\\/\\\/raed.academy\\\/ca\\\/#\\\/schema\\\/logo\\\/image\\\/\",\"url\":\"https:\\\/\\\/raed.academy\\\/wp-content\\\/uploads\\\/2017\\\/01\\\/cropped-logo_raed.png\",\"contentUrl\":\"https:\\\/\\\/raed.academy\\\/wp-content\\\/uploads\\\/2017\\\/01\\\/cropped-logo_raed.png\",\"width\":512,\"height\":512,\"caption\":\"Real Academia Europea de Doctores\"},\"image\":{\"@id\":\"https:\\\/\\\/raed.academy\\\/ca\\\/#\\\/schema\\\/logo\\\/image\\\/\"},\"sameAs\":[\"http:\\\/\\\/fb.me\\\/raed.academy\",\"https:\\\/\\\/x.com\\\/raedacademy\",\"https:\\\/\\\/www.instagram.com\\\/raed.academy\\\/\",\"https:\\\/\\\/www.youtube.com\\\/channel\\\/UCUYQwW2KrdirNWihxMDObwg\"]}]}<\/script>\n<!-- \/ Yoast SEO plugin. -->","yoast_head_json":{"title":"Presentaci\u00f3 del Premi Patrimoni Mundial Federico Mayor Zaragoza, i del llibre \"El Patrimonio Mundial Cultural, Natural e Inmaterial de Espa\u00f1a\" - Reial Acad\u00e8mia Europea de Doctors","description":"Presentaci\u00f3 del Premi Patrimoni Mundial Federico Mayor, i del llibre \"El Patrimonio Mundial Cultural, Natural e Inmaterial de Espa\u00f1a\"","robots":{"index":"index","follow":"follow","max-snippet":"max-snippet:-1","max-image-preview":"max-image-preview:large","max-video-preview":"max-video-preview:-1"},"canonical":"https:\/\/raed.academy\/ca\/esdeveniments\/presentacio-del-premi-patrimoni-mundial-federico-mayor-zaragoza-i-del-llibre-el-patrimoni-mundial-cultural-natural-i-immaterial-despanya\/","og_locale":"ca_ES","og_type":"article","og_title":"Presentaci\u00f3 del Premi Patrimoni Mundial Federico Mayor Zaragoza, i del llibre \"El Patrimonio Mundial Cultural, Natural e Inmaterial de Espa\u00f1a\" - Reial Acad\u00e8mia Europea de Doctors","og_description":"Presentaci\u00f3 del Premi Patrimoni Mundial Federico Mayor, i del llibre \"El Patrimonio Mundial Cultural, Natural e Inmaterial de Espa\u00f1a\"","og_url":"https:\/\/raed.academy\/ca\/esdeveniments\/presentacio-del-premi-patrimoni-mundial-federico-mayor-zaragoza-i-del-llibre-el-patrimoni-mundial-cultural-natural-i-immaterial-despanya\/","og_site_name":"Reial Acad\u00e8mia Europea de Doctors","article_publisher":"http:\/\/fb.me\/raed.academy","article_modified_time":"2025-04-10T09:32:48+00:00","og_image":[{"width":600,"height":359,"url":"https:\/\/raed.academy\/wp-content\/uploads\/2023\/06\/Ignacio-Buqueras-y-Bach-Presentacion-libro-mas-sociedad-menos-y-mejor-estado-DST.webp","type":"image\/webp"}],"twitter_card":"summary_large_image","twitter_site":"@raedacademy","twitter_misc":{"Est. reading time":"3 minutes"},"schema":{"@context":"https:\/\/schema.org","@graph":[{"@type":"WebPage","@id":"https:\/\/raed.academy\/ca\/esdeveniments\/presentacio-del-premi-patrimoni-mundial-federico-mayor-zaragoza-i-del-llibre-el-patrimoni-mundial-cultural-natural-i-immaterial-despanya\/","url":"https:\/\/raed.academy\/ca\/esdeveniments\/presentacio-del-premi-patrimoni-mundial-federico-mayor-zaragoza-i-del-llibre-el-patrimoni-mundial-cultural-natural-i-immaterial-despanya\/","name":"Presentaci\u00f3 del Premi Patrimoni Mundial Federico Mayor Zaragoza, i del llibre \"El Patrimonio Mundial Cultural, Natural e Inmaterial de Espa\u00f1a\" - Reial Acad\u00e8mia Europea de Doctors","isPartOf":{"@id":"https:\/\/raed.academy\/ca\/#website"},"primaryImageOfPage":{"@id":"https:\/\/raed.academy\/ca\/esdeveniments\/presentacio-del-premi-patrimoni-mundial-federico-mayor-zaragoza-i-del-llibre-el-patrimoni-mundial-cultural-natural-i-immaterial-despanya\/#primaryimage"},"image":{"@id":"https:\/\/raed.academy\/ca\/esdeveniments\/presentacio-del-premi-patrimoni-mundial-federico-mayor-zaragoza-i-del-llibre-el-patrimoni-mundial-cultural-natural-i-immaterial-despanya\/#primaryimage"},"thumbnailUrl":"https:\/\/raed.academy\/wp-content\/uploads\/2023\/06\/Ignacio-Buqueras-y-Bach-Presentacion-libro-mas-sociedad-menos-y-mejor-estado-DST.webp","datePublished":"2025-01-28T12:07:48+00:00","dateModified":"2025-04-10T09:32:48+00:00","description":"Presentaci\u00f3 del Premi Patrimoni Mundial Federico Mayor, i del llibre \"El Patrimonio Mundial Cultural, Natural e Inmaterial de Espa\u00f1a\"","breadcrumb":{"@id":"https:\/\/raed.academy\/ca\/esdeveniments\/presentacio-del-premi-patrimoni-mundial-federico-mayor-zaragoza-i-del-llibre-el-patrimoni-mundial-cultural-natural-i-immaterial-despanya\/#breadcrumb"},"inLanguage":"ca-ES","potentialAction":[{"@type":"ReadAction","target":["https:\/\/raed.academy\/ca\/esdeveniments\/presentacio-del-premi-patrimoni-mundial-federico-mayor-zaragoza-i-del-llibre-el-patrimoni-mundial-cultural-natural-i-immaterial-despanya\/"]}]},{"@type":"ImageObject","inLanguage":"ca-ES","@id":"https:\/\/raed.academy\/ca\/esdeveniments\/presentacio-del-premi-patrimoni-mundial-federico-mayor-zaragoza-i-del-llibre-el-patrimoni-mundial-cultural-natural-i-immaterial-despanya\/#primaryimage","url":"https:\/\/raed.academy\/wp-content\/uploads\/2023\/06\/Ignacio-Buqueras-y-Bach-Presentacion-libro-mas-sociedad-menos-y-mejor-estado-DST.webp","contentUrl":"https:\/\/raed.academy\/wp-content\/uploads\/2023\/06\/Ignacio-Buqueras-y-Bach-Presentacion-libro-mas-sociedad-menos-y-mejor-estado-DST.webp"},{"@type":"BreadcrumbList","@id":"https:\/\/raed.academy\/ca\/esdeveniments\/presentacio-del-premi-patrimoni-mundial-federico-mayor-zaragoza-i-del-llibre-el-patrimoni-mundial-cultural-natural-i-immaterial-despanya\/#breadcrumb","itemListElement":[{"@type":"ListItem","position":1,"name":"Inicio","item":"https:\/\/raed.academy\/ca\/"},{"@type":"ListItem","position":2,"name":"Activitats","item":"https:\/\/raed.academy\/ca\/esdeveniments\/"},{"@type":"ListItem","position":3,"name":"Presentaci\u00f3 del Premi Patrimoni Mundial Federico Mayor Zaragoza, i del llibre \u00abEl Patrimonio Mundial Cultural, Natural e Inmaterial de Espa\u00f1a\u00bb"}]},{"@type":"WebSite","@id":"https:\/\/raed.academy\/ca\/#website","url":"https:\/\/raed.academy\/ca\/","name":"Reial Acad\u00e8mia Europea de Doctors","description":"Corporaci\u00f3n de derecho p\u00fablico de car\u00e1cter cient\u00edfico, t\u00e9cnico y art\u00edstico, que tiene por objeto la investigaci\u00f3n, el estudio, el fomento y la extensi\u00f3n del conocimiento en su sentido m\u00e1s amplio","publisher":{"@id":"https:\/\/raed.academy\/ca\/#organization"},"potentialAction":[{"@type":"SearchAction","target":{"@type":"EntryPoint","urlTemplate":"https:\/\/raed.academy\/ca\/?s={search_term_string}"},"query-input":{"@type":"PropertyValueSpecification","valueRequired":true,"valueName":"search_term_string"}}],"inLanguage":"ca-ES"},{"@type":"Organization","@id":"https:\/\/raed.academy\/ca\/#organization","name":"Real Academia Europea de Doctores","url":"https:\/\/raed.academy\/ca\/","logo":{"@type":"ImageObject","inLanguage":"ca-ES","@id":"https:\/\/raed.academy\/ca\/#\/schema\/logo\/image\/","url":"https:\/\/raed.academy\/wp-content\/uploads\/2017\/01\/cropped-logo_raed.png","contentUrl":"https:\/\/raed.academy\/wp-content\/uploads\/2017\/01\/cropped-logo_raed.png","width":512,"height":512,"caption":"Real Academia Europea de Doctores"},"image":{"@id":"https:\/\/raed.academy\/ca\/#\/schema\/logo\/image\/"},"sameAs":["http:\/\/fb.me\/raed.academy","https:\/\/x.com\/raedacademy","https:\/\/www.instagram.com\/raed.academy\/","https:\/\/www.youtube.com\/channel\/UCUYQwW2KrdirNWihxMDObwg"]}]}},"_links":{"self":[{"href":"https:\/\/raed.academy\/ca\/wp-json\/wp\/v2\/dp_events\/160064","targetHints":{"allow":["GET"]}}],"collection":[{"href":"https:\/\/raed.academy\/ca\/wp-json\/wp\/v2\/dp_events"}],"about":[{"href":"https:\/\/raed.academy\/ca\/wp-json\/wp\/v2\/types\/dp_events"}],"wp:attachment":[{"href":"https:\/\/raed.academy\/ca\/wp-json\/wp\/v2\/media?parent=160064"}],"curies":[{"name":"wp","href":"https:\/\/api.w.org\/{rel}","templated":true}]}}