{"id":156822,"date":"2025-01-28T14:12:58","date_gmt":"2025-01-28T14:12:58","guid":{"rendered":"https:\/\/raed.academy\/?post_type=dp_events&#038;p=156822"},"modified":"2025-04-22T10:12:13","modified_gmt":"2025-04-22T10:12:13","slug":"josep-lluis-i-ginovart-ingressa-com-a-academic-numerari-de-la-raed","status":"publish","type":"dp_events","link":"https:\/\/raed.academy\/ca\/esdeveniments\/josep-lluis-i-ginovart-ingressa-com-a-academic-numerari-de-la-raed\/","title":{"rendered":"Josep Lluis i Ginovart ingressa com a Acad\u00e8mic Numerari de la RAED"},"content":{"rendered":"<p>[et_pb_section fb_built=&#8221;1&#8243; fullwidth=&#8221;on&#8221; _builder_version=&#8221;4.25.0&#8243; _module_preset=&#8221;default&#8221; locked=&#8221;off&#8221; global_colors_info=&#8221;{}&#8221;][et_pb_fullwidth_image src=&#8221;https:\/\/raed.academy\/wp-content\/uploads\/2025\/01\/arquitectura-sacra-religiosa-iglesia-catedral-carrusel.webp&#8221; title_text=&#8221;arquitectura-sacra-religiosa-iglesia-catedral-carrusel&#8221; _builder_version=&#8221;4.27.4&#8243; _module_preset=&#8221;default&#8221; global_colors_info=&#8221;{}&#8221;][\/et_pb_fullwidth_image][\/et_pb_section][et_pb_section fb_built=&#8221;1&#8243; admin_label=&#8221;Secci\u00f3n&#8221; _builder_version=&#8221;4.16&#8243; _module_preset=&#8221;default&#8221; locked=&#8221;off&#8221; global_colors_info=&#8221;{}&#8221;][et_pb_row admin_label=&#8221;Fila&#8221; _builder_version=&#8221;4.24.3&#8243; _module_preset=&#8221;default&#8221; max_width=&#8221;1400px&#8221; global_colors_info=&#8221;{}&#8221;][et_pb_column type=&#8221;4_4&#8243; _builder_version=&#8221;4.16&#8243; _module_preset=&#8221;default&#8221; global_colors_info=&#8221;{}&#8221;][et_pb_post_title meta=&#8221;off&#8221; featured_image=&#8221;off&#8221; admin_label=&#8221;T\u00edtulo de publicaci\u00f3n&#8221; _builder_version=&#8221;4.27.4&#8243; _module_preset=&#8221;default&#8221; hover_enabled=&#8221;0&#8243; global_colors_info=&#8221;{}&#8221; title_font_size=&#8221;50px&#8221; sticky_enabled=&#8221;0&#8243;][\/et_pb_post_title][et_pb_text admin_label=&#8221;Detalles evento&#8221; _builder_version=&#8221;4.27.4&#8243; _module_preset=&#8221;default&#8221; global_colors_info=&#8221;{}&#8221;]<\/p>\n<p style=\"text-align: left;\">L&#8217;<strong>Excm. Sr. Dr. Josep Lluis i Ginovart, <\/strong>Doctor en Arquitectura<strong>, <\/strong>ingressa com a Acad\u00e8mic Numerari de la<strong> Reial Acad\u00e8mia Europea de Doctors, <\/strong>amb el discurs <strong>&#8220;La <em>practica<\/em> <em>geometriae<\/em> de la arquitectura sacra&#8221;<\/strong>.<\/p>\n<p><strong>Respon<\/strong>: <a href=\"https:\/\/raed.academy\/academicos\/dr-juan-trias-de-bes\/\"><strong>Excmo. Sr. Dr. Juan Trias de Bes<\/strong><\/a>, Doctor en Arquitectura<\/p>\n<p class=\"ubicacion-evento\">Edifici Foment del Treball, Via Laietana, 32, principal, Sala A, Barcelona, 08003<\/p>\n<p class=\"fecha-evento\">Dimecres, 23 Abril 2025<\/p>\n<p class=\"hora-evento\">18:30 h<\/p>\n<div class=\"et_pb_module et_pb_text et_pb_text_0  et_pb_text_align_left et_pb_bg_layout_light\">\n<div class=\"et_pb_text_inner\">\n<p><strong>Format:\u00a0<\/strong>Presencial i streaming<\/p>\n<p><strong>Inscripci\u00f3:<\/strong>\u00a0Es prega confirmaci\u00f3 d\u2019assist\u00e8ncia a Secretaria:\u00a0<strong><a href=\"mailto:secretaria@raed.academy\">secretaria@raed.academy<\/a>\u00a0<\/strong>o al<strong>\u00a0tel. 93 667 40\u00a054<\/strong><\/p>\n<h2>Descripci\u00f3<\/h2>\n<div id=\"attachment_162051\" style=\"width: 222px\" class=\"wp-caption alignright\"><img loading=\"lazy\" decoding=\"async\" aria-describedby=\"caption-attachment-162051\" class=\"wp-image-162051\" src=\"https:\/\/raed.academy\/wp-content\/uploads\/2025\/04\/Dr-Josep-Lluis-i-Ginovart-230x317px.jpg\" alt=\"\" width=\"212\" height=\"292\" \/><p id=\"caption-attachment-162051\" class=\"wp-caption-text\">Dr. Josep Lluis i Ginovart<\/p><\/div>\n<p>La historiografia cl\u00e0ssica de l\u2019arquitectura g\u00f2tica, Wilhelm Worringer, Erwin Panofsky i Otto von Simson teoritzaren que la seva construcci\u00f3 de les catedrals emanava del coneixement neoplat\u00f2nic i, per tant, que la seva definici\u00f3 geom\u00e8trica i la seva proporci\u00f3 eren el reflex del saber dels Bisbes i dels seus canonges. L\u2019instrumental de la topografia tradicional feia que l\u2019accessibilitat per a la presa de dades en les seccions d\u2019aquests fos molt limitada i per aix\u00f2 les seves tesis sota aquestes premisses eren hip\u00f2tesis. Amb les noves t\u00e8cniques Terrestrial Laser Scanner (TLS) i la seva aplicaci\u00f3 podem con\u00e8ixer perfectament la forma constru\u00efda i aquestes tesis poden ser comprovades.<\/p>\n<p>El discurs versa sobre els temes geom\u00e8trics en la construcci\u00f3 de la catedral g\u00f2tica de Tortosa a trav\u00e9s de l\u2019an\u00e0lisi de la tra\u00e7a del pergam\u00ed Antoni Guarc (c. 1345-1380) i del coneixement del Cap\u00edtol a trav\u00e9s de la seva Biblioteca amb l\u2019estudi dels c\u00f2dexs ACTo 20, 80, 236. Aquests aportaren la filiaci\u00f3 dels grans transmissors del Timaeus; Calcidio, Macrobi, Marciano Capella. Tamb\u00e9 d\u2019autors medievals com Gerbert d\u2019Aurillac, de l\u2019entorn d\u2019Adelard de Bath (1090-1160), o d\u2019una glossa dels Elementa d\u2019Euclides (c.325-c.265 aC) de Al-\u1e24ajj\u0101j ibn Y\u016bsuf ibn Ma\u1e6dar.<\/p>\n<p>La lectura comparada i transversal de la catedral de Tortosa regida sota la regla de Sant Agust\u00ed a trav\u00e9s del coneixement dels promotors amb biblioteca; la del mestre medieval amb l\u2019an\u00e0lisi de les traces auxiliars del pergam\u00ed de Guarc i el tractament estad\u00edstic de la geometria realitzada a trav\u00e9s dels resultats del Terrestrial Laser Scanner (TLS). Han perm\u00e8s demostrar la tesi: Worringer, Erwin Panofsky i Otto von Simson tenien ra\u00f3. Amb aquesta metodologia s\u2019ent\u00e9n el perqu\u00e8 de l\u2019absis heptagonal de la catedral de Tortosa t\u00e9 150 palms d\u2019ample, ja que l\u2019hept\u00e0gon no apareix als Elementa d\u2019Euclides ni a la Syntaxis Mathematica de Ptolemeu. O el perqu\u00e8 de l\u2019exaltaci\u00f3 de la pedra clau de la catedral representant la coronaci\u00f3 de la Verge de deu palms de di\u00e0metre, envoltada de deu \u00e0ngels i col\u00b7locada a cent palms d\u2019al\u00e7ada i que circumstancialment pesa deu tones.<\/p>\n<p>&nbsp;<\/p>\n<\/div>\n<\/div>\n<p>[\/et_pb_text][et_pb_divider show_divider=&#8221;off&#8221; _builder_version=&#8221;4.22.1&#8243; _module_preset=&#8221;default&#8221; global_colors_info=&#8221;{}&#8221;][\/et_pb_divider][et_pb_text admin_label=&#8221;Txt &#8211; Seguir el evento en directo&#8221; _builder_version=&#8221;4.27.4&#8243; _module_preset=&#8221;default&#8221; global_colors_info=&#8221;{}&#8221;]<\/p>\n<h2>Seguiu l\u2019esdeveniment en directe<\/h2>\n<p>Podeu seguir l\u2019esdeveniment en directe des d\u2019aquesta p\u00e0gina.<\/p>\n<p>[\/et_pb_text][et_pb_video src=&#8221;https:\/\/youtu.be\/SOhsnPrQvz8&#8243; _builder_version=&#8221;4.27.4&#8243; _module_preset=&#8221;default&#8221; animation_style=&#8221;flip&#8221; global_colors_info=&#8221;{}&#8221;][\/et_pb_video][et_pb_text admin_label=&#8221;hashtags y shortcode mapa&#8221; module_class=&#8221;hashtag&#8221; _builder_version=&#8221;4.24.2&#8243; _module_preset=&#8221;default&#8221; locked=&#8221;off&#8221; global_colors_info=&#8221;{}&#8221;]<iframe id=\"map_iframe\"  frameborder=\"0\" scrolling=\"no\" marginheight=\"0\" marginwidth=\"0\" src=\"https:\/\/maps.google.it\/maps?q=Edifici Foment del Treball, Via Laietana, 32, principal, Sala A, Barcelona, 08003&output=embed\"><\/iframe><\/p>\n<p>#AcademicosRAED<br \/>\n#inspirandoElConocimiento[\/et_pb_text][\/et_pb_column][\/et_pb_row][et_pb_row column_structure=&#8221;2_3,1_3&#8243; admin_label=&#8221;Fila&#8221; _builder_version=&#8221;4.24.3&#8243; _module_preset=&#8221;default&#8221; max_width=&#8221;1400px&#8221; locked=&#8221;off&#8221; global_colors_info=&#8221;{}&#8221;][et_pb_column type=&#8221;2_3&#8243; _builder_version=&#8221;4.16&#8243; _module_preset=&#8221;default&#8221; global_colors_info=&#8221;{}&#8221;][et_pb_code admin_label=&#8221;C\u00f3digo &#8211; organizadores&#8221; _builder_version=&#8221;4.27.2&#8243; _module_preset=&#8221;default&#8221; global_colors_info=&#8221;{}&#8221;]<pee class=\"ttl-colaboradores\">Organiza:<\/pee><!-- [et_pb_line_break_holder] --><!-- [et_pb_line_break_holder] --><!-- [et_pb_line_break_holder] --><\/p>\n<div id=\"organizadores\"><!-- [et_pb_line_break_holder] --><!-- [et_pb_line_break_holder] --><!-- [et_pb_line_break_holder] --><!-- [et_pb_line_break_holder] --><\/p>\n<div class=\"logo-colaborador\"><!-- [et_pb_line_break_holder] --><!-- [et_pb_line_break_holder] --><a href=\"https:\/\/raed.academy\/ca\/\" target=\"_blank\" rel=\"noopener noreferrer\"><img decoding=\"async\" src=\"https:\/\/raed.academy\/wp-content\/uploads\/2021\/10\/Logo-RAED-160px.jpg\" alt=\"Real Academia Europea de Doctores RAED\" \/><\/a><!-- [et_pb_line_break_holder] --><\/p>\n<div class=\"txt\"><\/div>\n<p><!-- [et_pb_line_break_holder] -->\u00a0<!-- [et_pb_line_break_holder] --><!-- [et_pb_line_break_holder] --><\/div>\n<p><!-- [et_pb_line_break_holder] --><!-- [et_pb_line_break_holder] --><!-- [et_pb_line_break_holder] --><\/p>\n<div class=\"logo-colaborador\"><!-- [et_pb_line_break_holder] --><!-- [et_pb_line_break_holder] --><a href=\"https:\/\/fundacionraed.org\/\" target=\"_blank\" rel=\"noopener noreferrer\"><img decoding=\"async\" src=\"https:\/\/raed.academy\/wp-content\/uploads\/2021\/10\/Logo-Fundacion-RAED-160px.jpg\" alt=\"Fundaci\u00f3n RAED\" \/><\/a><!-- [et_pb_line_break_holder] --><\/p>\n<div class=\"txt\"><\/div>\n<p><!-- [et_pb_line_break_holder] -->\u00a0<!-- [et_pb_line_break_holder] --><!-- [et_pb_line_break_holder] --><\/div>\n<p><!-- [et_pb_line_break_holder] --><!-- [et_pb_line_break_holder] --><!-- [et_pb_line_break_holder] --><!-- [et_pb_line_break_holder] --><\/div>\n<p><!-- [et_pb_line_break_holder] -->[\/et_pb_code][\/et_pb_column][et_pb_column type=&#8221;1_3&#8243; _builder_version=&#8221;4.16&#8243; _module_preset=&#8221;default&#8221; global_colors_info=&#8221;{}&#8221;][et_pb_code admin_label=&#8221;C\u00f3digo &#8211; colaboradores&#8221; _builder_version=&#8221;4.27.2&#8243; _module_preset=&#8221;default&#8221; global_colors_info=&#8221;{}&#8221;]<pee class=\"ttl-colaboradores\">Con la colaboraci\u00f3n de:<\/pee><!-- [et_pb_line_break_holder] --><!-- [et_pb_line_break_holder] --><!-- [et_pb_line_break_holder] --><\/p>\n<div id=\"colaboradores\"><!-- [et_pb_line_break_holder] --><!-- [et_pb_line_break_holder] --><!-- [et_pb_line_break_holder] --> <!-- [et_pb_line_break_holder] --><!-- [et_pb_line_break_holder] --><\/p>\n<div class=\"logo-colaborador\"><!-- [et_pb_line_break_holder] --><!-- [et_pb_line_break_holder] --><!-- [et_pb_line_break_holder] --><!-- [et_pb_line_break_holder] --><\/p>\n<div class=\"txt-circular\"><\/div>\n<p><!-- [et_pb_line_break_holder] --><!-- [et_pb_line_break_holder] --> <a href=\"https:\/\/justicia.gencat.cat\/ca\/inici\" target=\"_blank\" rel=\"noopener noreferrer\"><img decoding=\"async\" src=\"https:\/\/raed.academy\/wp-content\/uploads\/2024\/11\/Generalitat-de-Catalunya-dept-Justicia-i-Qualitat-Democratica-240px.jpg\" alt=\"Generalitat de catalunya\" \/><\/a><!-- [et_pb_line_break_holder] --><!-- [et_pb_line_break_holder] --><\/div>\n<p><!-- [et_pb_line_break_holder] --><!-- [et_pb_line_break_holder] --><!-- [et_pb_line_break_holder] --><!-- [et_pb_line_break_holder] --><\/div>\n<p><!-- [et_pb_line_break_holder] -->[\/et_pb_code][\/et_pb_column][\/et_pb_row][\/et_pb_section]<\/p>\n","protected":false},"excerpt":{"rendered":"<p>L&#8217;Excm. Sr. Dr. Josep Lluis i Ginovart, ingressa com a Acad\u00e8mic Numerari de la Reial Acad\u00e8mia Europea de Doctors, amb el discurs &#8220;La pr\u00e1ctica geometriae de la arquitectura sacra&#8221;<\/p>\n","protected":false},"featured_media":162900,"template":"","meta":{"_et_pb_use_builder":"on","_et_pb_old_content":"<p>[et_pb_section fb_built=\"1\" fullwidth=\"on\" _builder_version=\"4.25.0\" _module_preset=\"default\" locked=\"off\" global_colors_info=\"{}\" theme_builder_area=\"post_content\"][et_pb_fullwidth_image src=\"https:\/\/raed.academy\/wp-content\/uploads\/2024\/11\/ingenieria-arquitectura-planos-construccion-no-atrib-Pixabay-2.91.webp\" title_text=\"ingenieria-arquitectura-planos-construccion-no-atrib-Pixabay-2.91\" _builder_version=\"4.27.4\" _module_preset=\"default\" hover_enabled=\"0\" global_colors_info=\"{}\" theme_builder_area=\"post_content\" sticky_enabled=\"0\"][\/et_pb_fullwidth_image][\/et_pb_section][et_pb_section fb_built=\"1\" admin_label=\"Secci\u00f3n\" _builder_version=\"4.16\" _module_preset=\"default\" locked=\"off\" global_colors_info=\"{}\" theme_builder_area=\"post_content\"][et_pb_row admin_label=\"Fila\" _builder_version=\"4.24.3\" _module_preset=\"default\" max_width=\"1400px\" global_colors_info=\"{}\" theme_builder_area=\"post_content\"][et_pb_column type=\"4_4\" _builder_version=\"4.16\" _module_preset=\"default\" global_colors_info=\"{}\" theme_builder_area=\"post_content\"][et_pb_post_title meta=\"off\" featured_image=\"off\" admin_label=\"T\u00edtulo de publicaci\u00f3n\" _builder_version=\"4.20.0\" _module_preset=\"default\" global_colors_info=\"{}\" theme_builder_area=\"post_content\"][\/et_pb_post_title][et_pb_text admin_label=\"Detalles evento\" _builder_version=\"4.27.4\" _module_preset=\"default\" hover_enabled=\"0\" global_colors_info=\"{}\" theme_builder_area=\"post_content\" sticky_enabled=\"0\"]<\/p><p style=\"text-align: left;\">El <strong>Excmo. Sr. Dr. Josep Lluis i Guinovart<\/strong>, ingresa como Acad\u00e9mico Numerario de la <strong>Real Academia Europea de Doctores<\/strong>, con el discurso<strong> \"La pr\u00e1ctica geometriae de la arquitectura sacra\"<\/strong>.<\/p><p><strong>Responde<\/strong>: <a href=\"https:\/\/raed.academy\/academicos\/dr-juan-trias-de-bes\/\"><strong>Excmo. Sr. Dr. Juan Tr\u00edas de Bes<\/strong><\/a>, Doctor en Arquitectura<\/p><p class=\"ubicacion-evento\">[DP_Single_Event_Venue_Address]<\/p><p class=\"fecha-evento\">Miercoles, [DP_Single_Event_Start_Date dem_start_date_format=\"d F Y\"]<\/p><p class=\"hora-evento\">[DP_Single_Event_Start_Time] h<\/p><p><strong>Formato:<\/strong> Presencial y streaming<\/p><p><strong>Inscripci\u00f3n: <\/strong>Se ruega confirmaci\u00f3n de asistencia en Secretar\u00eda: <a href=\"mailto:secretaria@raed.academy\"><strong>secretaria@raed.academy<\/strong><\/a> o al <strong>tel. 93 667 40 54<\/strong><\/p><p>[\/et_pb_text][et_pb_divider show_divider=\"off\" _builder_version=\"4.22.1\" _module_preset=\"default\" global_colors_info=\"{}\" theme_builder_area=\"post_content\"][\/et_pb_divider][et_pb_text admin_label=\"Txt - Seguir el evento en directo\" _builder_version=\"4.25.0\" _module_preset=\"default\" global_colors_info=\"{}\" theme_builder_area=\"post_content\"]<\/p><h2>Seguir el evento en directo<\/h2><p>Podr\u00e1 seguir el evento en directo desde esta misma p\u00e1gina.<\/p><p>[\/et_pb_text][et_pb_video _builder_version=\"4.27.3\" _module_preset=\"default\" animation_style=\"flip\" global_colors_info=\"{}\" theme_builder_area=\"post_content\"][\/et_pb_video][et_pb_text admin_label=\"hashtags y shortcode mapa\" module_class=\"hashtag\" _builder_version=\"4.24.2\" _module_preset=\"default\" locked=\"off\" global_colors_info=\"{}\" theme_builder_area=\"post_content\"]<\/p><p>[DP_Single_Event_Map_Address]<\/p><p>#AcademicosRAED<br \/>#inspirandoElConocimiento<\/p><p>[\/et_pb_text][\/et_pb_column][\/et_pb_row][et_pb_row column_structure=\"2_3,1_3\" admin_label=\"Fila\" _builder_version=\"4.24.3\" _module_preset=\"default\" max_width=\"1400px\" locked=\"off\" global_colors_info=\"{}\" theme_builder_area=\"post_content\"][et_pb_column type=\"2_3\" _builder_version=\"4.16\" _module_preset=\"default\" global_colors_info=\"{}\" theme_builder_area=\"post_content\"][et_pb_code admin_label=\"C\u00f3digo - organizadores\" _builder_version=\"4.27.2\" _module_preset=\"default\" global_colors_info=\"{}\" theme_builder_area=\"post_content\"]<\/p><p class=\"ttl-colaboradores\">Organiza:<\/p><p><!-- [et_pb_line_break_holder] --><\/p><div id=\"organizadores\"><!-- [et_pb_line_break_holder] --><div class=\"logo-colaborador\"><a href=\"https:\/\/raed.academy\/\" target=\"_blank\" rel=\"noopener noreferrer\"><img src=\"https:\/\/raed.academy\/wp-content\/uploads\/2021\/10\/Logo-RAED-160px.jpg\" alt=\"Real Academia Europea de Doctores RAED\" \/><\/a><div class=\"txt\">\u00a0<\/div><p>\u00a0<\/p><\/div><p><!-- [et_pb_line_break_holder] --><\/p><div class=\"logo-colaborador\"><a href=\"https:\/\/fundacionraed.org\/\" target=\"_blank\" rel=\"noopener noreferrer\"><img src=\"https:\/\/raed.academy\/wp-content\/uploads\/2021\/10\/Logo-Fundacion-RAED-160px.jpg\" alt=\"Fundaci\u00f3n RAED\" \/><\/a><div class=\"txt\">\u00a0<\/div><p>\u00a0<\/p><\/div><p><!-- [et_pb_line_break_holder] --><\/p><\/div><p>[\/et_pb_code][\/et_pb_column][et_pb_column type=\"1_3\" _builder_version=\"4.16\" _module_preset=\"default\" global_colors_info=\"{}\" theme_builder_area=\"post_content\"][et_pb_code admin_label=\"C\u00f3digo - colaboradores\" _builder_version=\"4.27.2\" _module_preset=\"default\" global_colors_info=\"{}\" theme_builder_area=\"post_content\"]<\/p><p class=\"ttl-colaboradores\">Con la colaboraci\u00f3n de:<\/p><p><!-- [et_pb_line_break_holder] --><\/p><div id=\"colaboradores\"><!-- [et_pb_line_break_holder] --> <!-- [et_pb_line_break_holder] --><div class=\"logo-colaborador\"><!-- [et_pb_line_break_holder] --><div class=\"txt-circular\">\u00a0<\/div><p><!-- [et_pb_line_break_holder] --> <a href=\"https:\/\/justicia.gencat.cat\/ca\/inici\" target=\"_blank\" rel=\"noopener noreferrer\"><img src=\"https:\/\/raed.academy\/wp-content\/uploads\/2024\/11\/Generalitat-de-Catalunya-dept-Justicia-i-Qualitat-Democratica-240px.jpg\" alt=\"Generalitat de catalunya\" \/><\/a><\/p><\/div><p><!-- [et_pb_line_break_holder] --><\/p><\/div><p>[\/et_pb_code][\/et_pb_column][\/et_pb_row][\/et_pb_section]<\/p>","_et_gb_content_width":""},"class_list":["post-156822","dp_events","type-dp_events","status-publish","has-post-thumbnail","hentry"],"yoast_head":"<!-- This site is optimized with the Yoast SEO plugin v27.5 - https:\/\/yoast.com\/product\/yoast-seo-wordpress\/ -->\n<title>Josep Lluis i Ginovart ingressa com a Acad\u00e8mic Numerari de la RAED - Reial Acad\u00e8mia Europea de Doctors<\/title>\n<meta name=\"description\" content=\"Josep Llu\u00eds i Ginovart, ingressa a la Reial Acad\u00e8mia Europea de Doctors, amb el discurs &quot;La pr\u00e1ctica geometriae de la arquitectura sacra&quot;.\" \/>\n<meta name=\"robots\" content=\"index, follow, max-snippet:-1, max-image-preview:large, max-video-preview:-1\" \/>\n<link rel=\"canonical\" href=\"https:\/\/raed.academy\/ca\/esdeveniments\/josep-lluis-i-ginovart-ingressa-com-a-academic-numerari-de-la-raed\/\" \/>\n<meta property=\"og:locale\" content=\"ca_ES\" \/>\n<meta property=\"og:type\" content=\"article\" \/>\n<meta property=\"og:title\" content=\"Josep Lluis i Ginovart ingressa com a Acad\u00e8mic Numerari de la RAED - Reial Acad\u00e8mia Europea de Doctors\" \/>\n<meta property=\"og:description\" content=\"Josep Llu\u00eds i Ginovart, ingressa a la Reial Acad\u00e8mia Europea de Doctors, amb el discurs &quot;La pr\u00e1ctica geometriae de la arquitectura sacra&quot;.\" \/>\n<meta property=\"og:url\" content=\"https:\/\/raed.academy\/ca\/esdeveniments\/josep-lluis-i-ginovart-ingressa-com-a-academic-numerari-de-la-raed\/\" \/>\n<meta property=\"og:site_name\" content=\"Reial Acad\u00e8mia Europea de Doctors\" \/>\n<meta property=\"article:publisher\" content=\"http:\/\/fb.me\/raed.academy\" \/>\n<meta property=\"article:modified_time\" content=\"2025-04-22T10:12:13+00:00\" \/>\n<meta property=\"og:image\" content=\"https:\/\/raed.academy\/wp-content\/uploads\/2025\/04\/arquitectura-sacra-religiosa-iglesia-catedral-1.17.webp\" \/>\n\t<meta property=\"og:image:width\" content=\"350\" \/>\n\t<meta property=\"og:image:height\" content=\"300\" \/>\n\t<meta property=\"og:image:type\" content=\"image\/webp\" \/>\n<meta name=\"twitter:card\" content=\"summary_large_image\" \/>\n<meta name=\"twitter:site\" content=\"@raedacademy\" \/>\n<meta name=\"twitter:label1\" content=\"Est. reading time\" \/>\n\t<meta name=\"twitter:data1\" content=\"4 minutes\" \/>\n<script type=\"application\/ld+json\" class=\"yoast-schema-graph\">{\"@context\":\"https:\\\/\\\/schema.org\",\"@graph\":[{\"@type\":\"WebPage\",\"@id\":\"https:\\\/\\\/raed.academy\\\/ca\\\/esdeveniments\\\/josep-lluis-i-ginovart-ingressa-com-a-academic-numerari-de-la-raed\\\/\",\"url\":\"https:\\\/\\\/raed.academy\\\/ca\\\/esdeveniments\\\/josep-lluis-i-ginovart-ingressa-com-a-academic-numerari-de-la-raed\\\/\",\"name\":\"Josep Lluis i Ginovart ingressa com a Acad\u00e8mic Numerari de la RAED - Reial Acad\u00e8mia Europea de Doctors\",\"isPartOf\":{\"@id\":\"https:\\\/\\\/raed.academy\\\/ca\\\/#website\"},\"primaryImageOfPage\":{\"@id\":\"https:\\\/\\\/raed.academy\\\/ca\\\/esdeveniments\\\/josep-lluis-i-ginovart-ingressa-com-a-academic-numerari-de-la-raed\\\/#primaryimage\"},\"image\":{\"@id\":\"https:\\\/\\\/raed.academy\\\/ca\\\/esdeveniments\\\/josep-lluis-i-ginovart-ingressa-com-a-academic-numerari-de-la-raed\\\/#primaryimage\"},\"thumbnailUrl\":\"https:\\\/\\\/raed.academy\\\/wp-content\\\/uploads\\\/2025\\\/04\\\/arquitectura-sacra-religiosa-iglesia-catedral-1.17.webp\",\"datePublished\":\"2025-01-28T14:12:58+00:00\",\"dateModified\":\"2025-04-22T10:12:13+00:00\",\"description\":\"Josep Llu\u00eds i Ginovart, ingressa a la Reial Acad\u00e8mia Europea de Doctors, amb el discurs \\\"La pr\u00e1ctica geometriae de la arquitectura sacra\\\".\",\"breadcrumb\":{\"@id\":\"https:\\\/\\\/raed.academy\\\/ca\\\/esdeveniments\\\/josep-lluis-i-ginovart-ingressa-com-a-academic-numerari-de-la-raed\\\/#breadcrumb\"},\"inLanguage\":\"ca-ES\",\"potentialAction\":[{\"@type\":\"ReadAction\",\"target\":[\"https:\\\/\\\/raed.academy\\\/ca\\\/esdeveniments\\\/josep-lluis-i-ginovart-ingressa-com-a-academic-numerari-de-la-raed\\\/\"]}]},{\"@type\":\"ImageObject\",\"inLanguage\":\"ca-ES\",\"@id\":\"https:\\\/\\\/raed.academy\\\/ca\\\/esdeveniments\\\/josep-lluis-i-ginovart-ingressa-com-a-academic-numerari-de-la-raed\\\/#primaryimage\",\"url\":\"https:\\\/\\\/raed.academy\\\/wp-content\\\/uploads\\\/2025\\\/04\\\/arquitectura-sacra-religiosa-iglesia-catedral-1.17.webp\",\"contentUrl\":\"https:\\\/\\\/raed.academy\\\/wp-content\\\/uploads\\\/2025\\\/04\\\/arquitectura-sacra-religiosa-iglesia-catedral-1.17.webp\",\"width\":350,\"height\":300},{\"@type\":\"BreadcrumbList\",\"@id\":\"https:\\\/\\\/raed.academy\\\/ca\\\/esdeveniments\\\/josep-lluis-i-ginovart-ingressa-com-a-academic-numerari-de-la-raed\\\/#breadcrumb\",\"itemListElement\":[{\"@type\":\"ListItem\",\"position\":1,\"name\":\"Inicio\",\"item\":\"https:\\\/\\\/raed.academy\\\/ca\\\/\"},{\"@type\":\"ListItem\",\"position\":2,\"name\":\"Activitats\",\"item\":\"https:\\\/\\\/raed.academy\\\/ca\\\/esdeveniments\\\/\"},{\"@type\":\"ListItem\",\"position\":3,\"name\":\"Josep Lluis i Ginovart ingressa com a Acad\u00e8mic Numerari de la RAED\"}]},{\"@type\":\"WebSite\",\"@id\":\"https:\\\/\\\/raed.academy\\\/ca\\\/#website\",\"url\":\"https:\\\/\\\/raed.academy\\\/ca\\\/\",\"name\":\"Reial Acad\u00e8mia Europea de Doctors\",\"description\":\"Corporaci\u00f3n de derecho p\u00fablico de car\u00e1cter cient\u00edfico, t\u00e9cnico y art\u00edstico, que tiene por objeto la investigaci\u00f3n, el estudio, el fomento y la extensi\u00f3n del conocimiento en su sentido m\u00e1s amplio\",\"publisher\":{\"@id\":\"https:\\\/\\\/raed.academy\\\/ca\\\/#organization\"},\"potentialAction\":[{\"@type\":\"SearchAction\",\"target\":{\"@type\":\"EntryPoint\",\"urlTemplate\":\"https:\\\/\\\/raed.academy\\\/ca\\\/?s={search_term_string}\"},\"query-input\":{\"@type\":\"PropertyValueSpecification\",\"valueRequired\":true,\"valueName\":\"search_term_string\"}}],\"inLanguage\":\"ca-ES\"},{\"@type\":\"Organization\",\"@id\":\"https:\\\/\\\/raed.academy\\\/ca\\\/#organization\",\"name\":\"Real Academia Europea de Doctores\",\"url\":\"https:\\\/\\\/raed.academy\\\/ca\\\/\",\"logo\":{\"@type\":\"ImageObject\",\"inLanguage\":\"ca-ES\",\"@id\":\"https:\\\/\\\/raed.academy\\\/ca\\\/#\\\/schema\\\/logo\\\/image\\\/\",\"url\":\"https:\\\/\\\/raed.academy\\\/wp-content\\\/uploads\\\/2017\\\/01\\\/cropped-logo_raed.png\",\"contentUrl\":\"https:\\\/\\\/raed.academy\\\/wp-content\\\/uploads\\\/2017\\\/01\\\/cropped-logo_raed.png\",\"width\":512,\"height\":512,\"caption\":\"Real Academia Europea de Doctores\"},\"image\":{\"@id\":\"https:\\\/\\\/raed.academy\\\/ca\\\/#\\\/schema\\\/logo\\\/image\\\/\"},\"sameAs\":[\"http:\\\/\\\/fb.me\\\/raed.academy\",\"https:\\\/\\\/x.com\\\/raedacademy\",\"https:\\\/\\\/www.instagram.com\\\/raed.academy\\\/\",\"https:\\\/\\\/www.youtube.com\\\/channel\\\/UCUYQwW2KrdirNWihxMDObwg\"]}]}<\/script>\n<!-- \/ Yoast SEO plugin. -->","yoast_head_json":{"title":"Josep Lluis i Ginovart ingressa com a Acad\u00e8mic Numerari de la RAED - Reial Acad\u00e8mia Europea de Doctors","description":"Josep Llu\u00eds i Ginovart, ingressa a la Reial Acad\u00e8mia Europea de Doctors, amb el discurs \"La pr\u00e1ctica geometriae de la arquitectura sacra\".","robots":{"index":"index","follow":"follow","max-snippet":"max-snippet:-1","max-image-preview":"max-image-preview:large","max-video-preview":"max-video-preview:-1"},"canonical":"https:\/\/raed.academy\/ca\/esdeveniments\/josep-lluis-i-ginovart-ingressa-com-a-academic-numerari-de-la-raed\/","og_locale":"ca_ES","og_type":"article","og_title":"Josep Lluis i Ginovart ingressa com a Acad\u00e8mic Numerari de la RAED - Reial Acad\u00e8mia Europea de Doctors","og_description":"Josep Llu\u00eds i Ginovart, ingressa a la Reial Acad\u00e8mia Europea de Doctors, amb el discurs \"La pr\u00e1ctica geometriae de la arquitectura sacra\".","og_url":"https:\/\/raed.academy\/ca\/esdeveniments\/josep-lluis-i-ginovart-ingressa-com-a-academic-numerari-de-la-raed\/","og_site_name":"Reial Acad\u00e8mia Europea de Doctors","article_publisher":"http:\/\/fb.me\/raed.academy","article_modified_time":"2025-04-22T10:12:13+00:00","og_image":[{"width":350,"height":300,"url":"https:\/\/raed.academy\/wp-content\/uploads\/2025\/04\/arquitectura-sacra-religiosa-iglesia-catedral-1.17.webp","type":"image\/webp"}],"twitter_card":"summary_large_image","twitter_site":"@raedacademy","twitter_misc":{"Est. reading time":"4 minutes"},"schema":{"@context":"https:\/\/schema.org","@graph":[{"@type":"WebPage","@id":"https:\/\/raed.academy\/ca\/esdeveniments\/josep-lluis-i-ginovart-ingressa-com-a-academic-numerari-de-la-raed\/","url":"https:\/\/raed.academy\/ca\/esdeveniments\/josep-lluis-i-ginovart-ingressa-com-a-academic-numerari-de-la-raed\/","name":"Josep Lluis i Ginovart ingressa com a Acad\u00e8mic Numerari de la RAED - Reial Acad\u00e8mia Europea de Doctors","isPartOf":{"@id":"https:\/\/raed.academy\/ca\/#website"},"primaryImageOfPage":{"@id":"https:\/\/raed.academy\/ca\/esdeveniments\/josep-lluis-i-ginovart-ingressa-com-a-academic-numerari-de-la-raed\/#primaryimage"},"image":{"@id":"https:\/\/raed.academy\/ca\/esdeveniments\/josep-lluis-i-ginovart-ingressa-com-a-academic-numerari-de-la-raed\/#primaryimage"},"thumbnailUrl":"https:\/\/raed.academy\/wp-content\/uploads\/2025\/04\/arquitectura-sacra-religiosa-iglesia-catedral-1.17.webp","datePublished":"2025-01-28T14:12:58+00:00","dateModified":"2025-04-22T10:12:13+00:00","description":"Josep Llu\u00eds i Ginovart, ingressa a la Reial Acad\u00e8mia Europea de Doctors, amb el discurs \"La pr\u00e1ctica geometriae de la arquitectura sacra\".","breadcrumb":{"@id":"https:\/\/raed.academy\/ca\/esdeveniments\/josep-lluis-i-ginovart-ingressa-com-a-academic-numerari-de-la-raed\/#breadcrumb"},"inLanguage":"ca-ES","potentialAction":[{"@type":"ReadAction","target":["https:\/\/raed.academy\/ca\/esdeveniments\/josep-lluis-i-ginovart-ingressa-com-a-academic-numerari-de-la-raed\/"]}]},{"@type":"ImageObject","inLanguage":"ca-ES","@id":"https:\/\/raed.academy\/ca\/esdeveniments\/josep-lluis-i-ginovart-ingressa-com-a-academic-numerari-de-la-raed\/#primaryimage","url":"https:\/\/raed.academy\/wp-content\/uploads\/2025\/04\/arquitectura-sacra-religiosa-iglesia-catedral-1.17.webp","contentUrl":"https:\/\/raed.academy\/wp-content\/uploads\/2025\/04\/arquitectura-sacra-religiosa-iglesia-catedral-1.17.webp","width":350,"height":300},{"@type":"BreadcrumbList","@id":"https:\/\/raed.academy\/ca\/esdeveniments\/josep-lluis-i-ginovart-ingressa-com-a-academic-numerari-de-la-raed\/#breadcrumb","itemListElement":[{"@type":"ListItem","position":1,"name":"Inicio","item":"https:\/\/raed.academy\/ca\/"},{"@type":"ListItem","position":2,"name":"Activitats","item":"https:\/\/raed.academy\/ca\/esdeveniments\/"},{"@type":"ListItem","position":3,"name":"Josep Lluis i Ginovart ingressa com a Acad\u00e8mic Numerari de la RAED"}]},{"@type":"WebSite","@id":"https:\/\/raed.academy\/ca\/#website","url":"https:\/\/raed.academy\/ca\/","name":"Reial Acad\u00e8mia Europea de Doctors","description":"Corporaci\u00f3n de derecho p\u00fablico de car\u00e1cter cient\u00edfico, t\u00e9cnico y art\u00edstico, que tiene por objeto la investigaci\u00f3n, el estudio, el fomento y la extensi\u00f3n del conocimiento en su sentido m\u00e1s amplio","publisher":{"@id":"https:\/\/raed.academy\/ca\/#organization"},"potentialAction":[{"@type":"SearchAction","target":{"@type":"EntryPoint","urlTemplate":"https:\/\/raed.academy\/ca\/?s={search_term_string}"},"query-input":{"@type":"PropertyValueSpecification","valueRequired":true,"valueName":"search_term_string"}}],"inLanguage":"ca-ES"},{"@type":"Organization","@id":"https:\/\/raed.academy\/ca\/#organization","name":"Real Academia Europea de Doctores","url":"https:\/\/raed.academy\/ca\/","logo":{"@type":"ImageObject","inLanguage":"ca-ES","@id":"https:\/\/raed.academy\/ca\/#\/schema\/logo\/image\/","url":"https:\/\/raed.academy\/wp-content\/uploads\/2017\/01\/cropped-logo_raed.png","contentUrl":"https:\/\/raed.academy\/wp-content\/uploads\/2017\/01\/cropped-logo_raed.png","width":512,"height":512,"caption":"Real Academia Europea de Doctores"},"image":{"@id":"https:\/\/raed.academy\/ca\/#\/schema\/logo\/image\/"},"sameAs":["http:\/\/fb.me\/raed.academy","https:\/\/x.com\/raedacademy","https:\/\/www.instagram.com\/raed.academy\/","https:\/\/www.youtube.com\/channel\/UCUYQwW2KrdirNWihxMDObwg"]}]}},"_links":{"self":[{"href":"https:\/\/raed.academy\/ca\/wp-json\/wp\/v2\/dp_events\/156822","targetHints":{"allow":["GET"]}}],"collection":[{"href":"https:\/\/raed.academy\/ca\/wp-json\/wp\/v2\/dp_events"}],"about":[{"href":"https:\/\/raed.academy\/ca\/wp-json\/wp\/v2\/types\/dp_events"}],"wp:featuredmedia":[{"embeddable":true,"href":"https:\/\/raed.academy\/ca\/wp-json\/wp\/v2\/media\/162900"}],"wp:attachment":[{"href":"https:\/\/raed.academy\/ca\/wp-json\/wp\/v2\/media?parent=156822"}],"curies":[{"name":"wp","href":"https:\/\/api.w.org\/{rel}","templated":true}]}}