{"id":156716,"date":"2024-11-09T09:10:42","date_gmt":"2024-11-09T09:10:42","guid":{"rendered":"https:\/\/raed.academy\/?post_type=dp_events&#038;p=156716"},"modified":"2025-01-14T15:07:28","modified_gmt":"2025-01-14T15:07:28","slug":"conferencia-les-mirades-de-goya-a-la-infancia","status":"publish","type":"dp_events","link":"https:\/\/raed.academy\/ca\/esdeveniments\/conferencia-les-mirades-de-goya-a-la-infancia\/","title":{"rendered":"Confer\u00e8ncia: &#8220;Les mirades de Goya a la inf\u00e0ncia&#8221;"},"content":{"rendered":"<p>[et_pb_section fb_built=&#8221;1&#8243; _builder_version=&#8221;4.27.4&#8243; _module_preset=&#8221;default&#8221; background_image=&#8221;https:\/\/raed.academy\/wp-content\/uploads\/2024\/12\/ninos-inflando-una-vejiga-por-Francisco-de-Goya-wikipedia.org-domn-publico-2.91.webp&#8221; locked=&#8221;off&#8221; global_colors_info=&#8221;{}&#8221;][et_pb_row _builder_version=&#8221;4.25.0&#8243; _module_preset=&#8221;default&#8221; background_color=&#8221;#FFFFFF&#8221; width=&#8221;95%&#8221; max_width=&#8221;650px&#8221; custom_margin=&#8221;|25px|||false|false&#8221; custom_margin_tablet=&#8221;|auto||auto|false|false&#8221; custom_margin_phone=&#8221;|auto||auto|false|false&#8221; custom_margin_last_edited=&#8221;on|tablet&#8221; custom_padding=&#8221;30px|4%|30px|4%|false|false&#8221; animation_style=&#8221;flip&#8221; background_color_tablet=&#8221;#ffffff&#8221; background_last_edited=&#8221;on|tablet&#8221; background_enable_color_tablet=&#8221;on&#8221; global_colors_info=&#8221;{}&#8221;][et_pb_column type=&#8221;4_4&#8243; _builder_version=&#8221;4.17.0&#8243; _module_preset=&#8221;default&#8221; global_colors_info=&#8221;{}&#8221;][et_pb_text admin_label=&#8221;Texto &#8211; ttl Mesa Redonda&#8221; _builder_version=&#8221;4.27.4&#8243; _module_preset=&#8221;default&#8221; global_colors_info=&#8221;{}&#8221;]<\/p>\n<h3 style=\"text-align: center;\">Confer\u00e8ncia<\/h3>\n<p>[\/et_pb_text][et_pb_post_title meta=&#8221;off&#8221; featured_image=&#8221;off&#8221; admin_label=&#8221;T\u00edtulo de publicaci\u00f3n&#8221; _builder_version=&#8221;4.25.0&#8243; _module_preset=&#8221;default&#8221; background_enable_color=&#8221;off&#8221; title_font_size_tablet=&#8221;&#8221; title_font_size_phone=&#8221;26px&#8221; title_font_size_last_edited=&#8221;on|phone&#8221; locked=&#8221;off&#8221; global_colors_info=&#8221;{}&#8221;][\/et_pb_post_title][et_pb_text admin_label=&#8221;Detalles evento&#8221; _builder_version=&#8221;4.27.4&#8243; _module_preset=&#8221;default&#8221; background_enable_color=&#8221;off&#8221; locked=&#8221;off&#8221; global_colors_info=&#8221;{}&#8221;]<\/p>\n<p class=\"ubicacion-evento\"> Edifici Foment del Treball, Via Laietana, 32, 3a planta, desp. 311. Sala de Juntes de la seu de la RAED, Barcelona, 08003<\/p>\n<p class=\"fecha-evento\"> Dimarts, 14 Gener 2025<\/p>\n<p class=\"hora-evento\"> 18:30 h<\/p>\n<p>Confer\u00e8ncia a c\u00e0rrec de l\u00b4<a href=\"https:\/\/raed.academy\/ca\/academics\/dr-joaquin-callabed-carracedo\/\"><strong>Excm. Sr. Dr. Joaqu\u00edn Callabed Carracedo<\/strong><\/a>, Doctor en Medicina i Cirurgia<\/p>\n<p><strong>Format:<\/strong> Presencial<\/p>\n<p><strong>Cost de l\u2019esdeveniment:<\/strong> Gratu\u00eft<\/p>\n<p><strong>Inscripci\u00f3:<\/strong> Contactar amb Secretaria de la RAED:\u00a0<a href=\"mailto:secretaria@raed.academy\">secretaria@raed.academy<\/a>\u00a0o\u00a0<strong>tel. 93 667 40 54<\/strong><\/p>\n<p>[\/et_pb_text][\/et_pb_column][\/et_pb_row][\/et_pb_section][et_pb_section fb_built=&#8221;1&#8243; admin_label=&#8221;section&#8221; _builder_version=&#8221;4.27.4&#8243; custom_padding=&#8221;0px||||false|false&#8221; locked=&#8221;off&#8221; global_colors_info=&#8221;{}&#8221;][et_pb_row admin_label=&#8221;row&#8221; _builder_version=&#8221;4.24.3&#8243; background_size=&#8221;initial&#8221; background_position=&#8221;top_left&#8221; background_repeat=&#8221;repeat&#8221; max_width=&#8221;1400px&#8221; global_colors_info=&#8221;{}&#8221;][et_pb_column type=&#8221;4_4&#8243; _builder_version=&#8221;4.16&#8243; custom_padding=&#8221;|||&#8221; global_colors_info=&#8221;{}&#8221; custom_padding__hover=&#8221;|||&#8221;][et_pb_text admin_label=&#8221;Itinerario, objetivos y empresas organizadoras&#8221; _builder_version=&#8221;4.27.4&#8243; background_size=&#8221;initial&#8221; background_position=&#8221;top_left&#8221; background_repeat=&#8221;repeat&#8221; global_colors_info=&#8221;{}&#8221;]<\/p>\n<p>L&#8217;<a href=\"https:\/\/raed.academy\/ca\/academics\/dr-joaquin-callabed-carracedo\/\"><strong>Excm. Sr. Dr. Joaqu\u00edn Callabed<\/strong><\/a>, doctor en Medicina i Cirurgia, Acad\u00e8mic de la <strong>Reial Acad\u00e8mia de Nobles i Belles Arts<\/strong> de San Luis de Saragossa, instituci\u00f3 a la qual tamb\u00e9 va pert\u00e0nyer <strong>Francisco de Goya<\/strong>, i Acad\u00e8mic Numerari de la RAED, impartir\u00e0 la confer\u00e8ncia <strong>&#8220;Las miradas de Goya a la infancia&#8221;<\/strong>.<\/p>\n<h2>Descripci\u00f3 de la presentaci\u00f3<\/h2>\n<div id=\"attachment_126220\" style=\"width: 610px\" class=\"wp-caption alignleft\"><img loading=\"lazy\" decoding=\"async\" aria-describedby=\"caption-attachment-126220\" class=\"wp-image-126220 size-full\" src=\"https:\/\/raed.academy\/wp-content\/uploads\/2022\/12\/Joaquin-Callabed-Conferencia-en-Budapest-dst.webp\" sizes=\"(max-width: 600px) 100vw, 600px\" srcset=\"https:\/\/raed.academy\/wp-content\/uploads\/2022\/12\/Joaquin-Callabed-Conferencia-en-Budapest-dst.webp 600w, https:\/\/raed.academy\/wp-content\/uploads\/2022\/12\/Joaquin-Callabed-Conferencia-en-Budapest-dst-440x264.webp 440w\" alt=\"Dr. Joaqu\u00edn Callabed\" width=\"600\" height=\"360\" aria-describedby=\"caption-attachment-126220\" \/><p id=\"caption-attachment-126220\" class=\"wp-caption-text\">Dr. Joaqu\u00edn Callabed<\/p><\/div>\n<p>La confer\u00e8ncia <strong>&#8220;Las miradas de Goya a la infancia&#8221;<\/strong>, impartida per Joaqu\u00edn Callabed, ofereix un recorregut per l&#8217;univers infantil plasmat a l&#8217;obra de Francisco de Goya, destacant-ne l&#8217;enfocament il\u00b7lustrat i cr\u00edtic. S&#8217;exploraran els Cartons per a Tapissos amb escenes de jocs infantils, retrats de nens de la noblesa i obres de tem\u00e0tica social que combinen l&#8217;alegria de la inf\u00e0ncia amb una deguda aguda de les desigualtats del seu temps.<\/p>\n<p>L&#8217;an\u00e0lisi situar\u00e0 Goya en el context de la Il\u00b7lustraci\u00f3, mostrant com les idees de pensadors com Rousseau, Locke i Pestalozzi van influir en la visi\u00f3 art\u00edstica i social. Tamb\u00e9 es revisar\u00e0 la influ\u00e8ncia dels seus mestres, Jos\u00e9 Luz\u00e1n i Francisco Bayeu, i la seva evoluci\u00f3 cap a un llenguatge pict\u00f2ric innovador que transcendeix el neoclassicisme i anticipa el romanticisme i l&#8217;impressionisme.<\/p>\n<p>La confer\u00e8ncia tamb\u00e9 abordar\u00e0 com Goya va reflectir la vulnerabilitat infantil en una Espanya marcada per la pobresa, la guerra i les mancances educatives i sanit\u00e0ries, i va aconseguir una profunda captaci\u00f3 psicol\u00f2gica en els seus retrats. El seu llegat com a pintor de la inf\u00e0ncia, tant en escenes populars com en obres religioses i de palau, segueix il\u00b7luminant l&#8217;art universal i oferint una mirada \u00fanica a la inf\u00e0ncia de la seva \u00e8poca.<\/p>\n<p>[\/et_pb_text][\/et_pb_column][\/et_pb_row][\/et_pb_section][et_pb_section fb_built=&#8221;1&#8243; _builder_version=&#8221;4.18.0&#8243; _module_preset=&#8221;default&#8221; locked=&#8221;off&#8221; global_colors_info=&#8221;{}&#8221;][et_pb_row column_structure=&#8221;2_3,1_3&#8243; admin_label=&#8221;Fila&#8221; _builder_version=&#8221;4.24.3&#8243; _module_preset=&#8221;default&#8221; max_width=&#8221;1400px&#8221; locked=&#8221;off&#8221; global_colors_info=&#8221;{}&#8221;][et_pb_column type=&#8221;2_3&#8243; _builder_version=&#8221;4.16&#8243; _module_preset=&#8221;default&#8221; global_colors_info=&#8221;{}&#8221;][et_pb_code admin_label=&#8221;C\u00f3digo &#8211; organizadores&#8221; _builder_version=&#8221;4.16&#8243; _module_preset=&#8221;default&#8221; global_colors_info=&#8221;{}&#8221;]<pee class=\"ttl-colaboradores\">Organiza:<\/pee><!-- [et_pb_line_break_holder] --><!-- [et_pb_line_break_holder] --><!-- [et_pb_line_break_holder] --><\/p>\n<div id=\"organizadores\"><!-- [et_pb_line_break_holder] --><!-- [et_pb_line_break_holder] --><\/p>\n<div class=\"logo-colaborador\"><a href=\"https:\/\/fundacionraed.org\/\" target=\"_blank\" rel=\"noopener noreferrer\"><img decoding=\"async\" src=\"https:\/\/raed.academy\/wp-content\/uploads\/2021\/10\/Logo-Fundacion-RAED-160px.jpg\" alt=\"Fundaci\u00f3n RAED\" \/><\/a><!-- [et_pb_line_break_holder] --><\/p>\n<div class=\"txt\"><\/div>\n<p><!-- [et_pb_line_break_holder] -->\u00a0<!-- [et_pb_line_break_holder] --><!-- [et_pb_line_break_holder] --><\/div>\n<p><!-- [et_pb_line_break_holder] --><!-- [et_pb_line_break_holder] --><!-- [et_pb_line_break_holder] --><!-- [et_pb_line_break_holder] --><\/p>\n<div class=\"logo-colaborador\"><a href=\"https:\/\/raed.academy\/ca\/\" target=\"_blank\" rel=\"noopener noreferrer\"><img decoding=\"async\" src=\"https:\/\/raed.academy\/wp-content\/uploads\/2021\/10\/Logo-RAED-160px.jpg\" alt=\"Real Academia Europea de Doctores RAED\" \/><\/a><!-- [et_pb_line_break_holder] --><\/p>\n<div class=\"txt\"><\/div>\n<p><!-- [et_pb_line_break_holder] -->\u00a0<!-- [et_pb_line_break_holder] --><!-- [et_pb_line_break_holder] --><\/div>\n<p><!-- [et_pb_line_break_holder] --><!-- [et_pb_line_break_holder] --><!-- [et_pb_line_break_holder] --><!-- [et_pb_line_break_holder] --><\/div>\n<p><!-- [et_pb_line_break_holder] -->[\/et_pb_code][\/et_pb_column][et_pb_column type=&#8221;1_3&#8243; _builder_version=&#8221;4.16&#8243; _module_preset=&#8221;default&#8221; global_colors_info=&#8221;{}&#8221;][et_pb_code admin_label=&#8221;C\u00f3digo &#8211; colaboradores&#8221; _builder_version=&#8221;4.27.4&#8243; _module_preset=&#8221;default&#8221; hover_enabled=&#8221;0&#8243; global_colors_info=&#8221;{}&#8221; sticky_enabled=&#8221;0&#8243;]<pee class=\"ttl-colaboradores\">Amb la col\u00b7laboraci\u00f3 de:<\/pee><!-- [et_pb_line_break_holder] --><\/p>\n<div id=\"colaboradores\">\n<div class=\"logo-colaborador\">\n<div class=\"txt-circular\"><\/div>\n<p><!-- [et_pb_line_break_holder] --> <a href=\"https:\/\/justicia.gencat.cat\/ca\/inici\" target=\"_blank\" rel=\"noopener noreferrer\"><img decoding=\"async\" src=\"https:\/\/raed.academy\/wp-content\/uploads\/2024\/11\/Generalitat-de-Catalunya-dept-Justicia-i-Qualitat-Democratica-240px.jpg\" alt=\"Generalitat de catalunya\" \/><\/a><\/div>\n<\/div>\n<p>[\/et_pb_code][\/et_pb_column][\/et_pb_row][\/et_pb_section]<\/p>\n","protected":false},"excerpt":{"rendered":"<p>L&#8217;Excm. Sr. Dr. Joaqu\u00edn Callabed, doctor en Medicina i Cirurgia, i Acad\u00e8mic de la Reial Acad\u00e8mia de Nobles i Belles Arts de San Luis de Saragossa, instituci\u00f3 a la qual tamb\u00e9 va pert\u00e0nyer Francisco de Goya, impartir\u00e0 la confer\u00e8ncia &#8220;Las miradas de Goya a la infancia&#8221;.<\/p>\n","protected":false},"featured_media":156668,"template":"","meta":{"_et_pb_use_builder":"on","_et_pb_old_content":"<p>[et_pb_section fb_built=\"1\" _builder_version=\"4.27.4\" _module_preset=\"default\" background_image=\"https:\/\/raed.academy\/wp-content\/uploads\/2024\/12\/ninos-inflando-una-vejiga-por-Francisco-de-Goya-wikipedia.org-domn-publico-2.91.webp\" parallax=\"on\" parallax_method=\"off\" locked=\"off\" global_colors_info=\"{}\"][et_pb_row _builder_version=\"4.25.0\" _module_preset=\"default\" background_color=\"#FFFFFF\" width=\"95%\" max_width=\"650px\" custom_margin=\"|25px|||false|false\" custom_margin_tablet=\"|auto||auto|false|false\" custom_margin_phone=\"|auto||auto|false|false\" custom_margin_last_edited=\"on|tablet\" custom_padding=\"30px|4%|30px|4%|false|false\" animation_style=\"flip\" background_color_tablet=\"#ffffff\" background_last_edited=\"on|tablet\" background_enable_color_tablet=\"on\" global_colors_info=\"{}\"][et_pb_column type=\"4_4\" _builder_version=\"4.17.0\" _module_preset=\"default\" global_colors_info=\"{}\"][et_pb_text admin_label=\"Texto - ttl Mesa Redonda\" _builder_version=\"4.24.3\" _module_preset=\"default\" global_colors_info=\"{}\"]<\/p><h3 style=\"text-align: center;\">Conferencia<\/h3><p>[\/et_pb_text][et_pb_post_title meta=\"off\" featured_image=\"off\" admin_label=\"T\u00edtulo de publicaci\u00f3n\" _builder_version=\"4.25.0\" _module_preset=\"default\" background_enable_color=\"off\" title_font_size_tablet=\"\" title_font_size_phone=\"26px\" title_font_size_last_edited=\"on|phone\" locked=\"off\" global_colors_info=\"{}\"][\/et_pb_post_title][et_pb_text admin_label=\"Detalles evento\" _builder_version=\"4.27.4\" _module_preset=\"default\" background_enable_color=\"off\" hover_enabled=\"0\" locked=\"off\" global_colors_info=\"{}\" sticky_enabled=\"0\"]<\/p><p><i class=\"fa-solid fa-location-dot\"><\/i> [DP_Single_Event_Venue_Address]<\/p><p><i class=\"fa-solid fa-calendar-days\"><\/i>Martes, [DP_Single_Event_Start_Date dem_start_date_format=\"d F Y\"]<\/p><p>[DP_Single_Event_Start_Time] h<\/p><p>Conferencia a cargo del <a href=\"https:\/\/raed.academy\/academicos\/dr-joaquin-callabed-carracedo\/\"><strong>Excmo. Sr. Dr. Joaqu\u00edn Callabed Carracedo<\/strong><\/a>, Doctor en Medicina y Cirug\u00eda<\/p><p><strong>Formato:<\/strong> Presencial<\/p><p><strong>Coste del evento:<\/strong> Gratuito<\/p><p><strong>Inscripci\u00f3n:<\/strong> Contactar con Secretar\u00eda de la RAED: <a href=\"mailto:secretaria@raed.academy\"><strong>secretaria@raed.academy<\/strong><\/a> o <strong>tel. 93 667 40 54<\/strong><strong><br \/><\/strong><\/p><p>[\/et_pb_text][\/et_pb_column][\/et_pb_row][\/et_pb_section][et_pb_section fb_built=\"1\" admin_label=\"section\" _builder_version=\"4.27.4\" custom_padding=\"0px||||false|false\" locked=\"off\" global_colors_info=\"{}\"][et_pb_row admin_label=\"row\" _builder_version=\"4.24.3\" background_size=\"initial\" background_position=\"top_left\" background_repeat=\"repeat\" max_width=\"1400px\" global_colors_info=\"{}\"][et_pb_column type=\"4_4\" _builder_version=\"4.16\" custom_padding=\"|||\" global_colors_info=\"{}\" custom_padding__hover=\"|||\"][et_pb_text admin_label=\"Itinerario, objetivos y empresas organizadoras\" _builder_version=\"4.27.4\" background_size=\"initial\" background_position=\"top_left\" background_repeat=\"repeat\" global_colors_info=\"{}\"]<\/p><div class=\"mceTemp\">El <a href=\"https:\/\/raed.academy\/academicos\/dr-joaquin-callabed-carracedo\/\"><strong>Excmo. Sr. Dr. Joaqu\u00edn Callabed<\/strong><\/a>, doctor en Medicina y Cirug\u00eda, y Acad\u00e9mico de la <strong>Real Academia de Nobles y Bellas Artes<\/strong> de San Luis de Zaragoza, instituci\u00f3n a la que tambi\u00e9n perteneci\u00f3 <strong>Francisco de Goya<\/strong>, impartir\u00e1 la conferencia <strong>\"Las miradas de Goya a la infancia\"<\/strong>.<\/div><h2>Descripci\u00f3n de la presentaci\u00f3n<\/h2><p>La conferencia <strong>\"Las miradas de Goya a la infancia\"<\/strong>, impartida por Joaqu\u00edn Callabed, ofrece un recorrido por el universo infantil plasmado en la obra de Francisco de Goya, destacando su enfoque ilustrado y cr\u00edtico. Se explorar\u00e1n los Cartones para Tapices con escenas de juegos infantiles, retratos de ni\u00f1os de la nobleza y obras de tem\u00e1tica social que combinan la alegr\u00eda de la infancia con una aguda denuncia de las desigualdades de su tiempo.<\/p><p>El an\u00e1lisis situar\u00e1 a Goya en el contexto de la Ilustraci\u00f3n, mostrando c\u00f3mo las ideas de pensadores como Rousseau, Locke y Pestalozzi influyeron en su visi\u00f3n art\u00edstica y social. Tambi\u00e9n se revisar\u00e1 la influencia de sus maestros, Jos\u00e9 Luz\u00e1n y Francisco Bayeu, y su evoluci\u00f3n hacia un lenguaje pict\u00f3rico innovador que trasciende el neoclasicismo y anticipa el romanticismo y el impresionismo.<\/p><p>La conferencia tambi\u00e9n abordar\u00e1 c\u00f3mo Goya reflej\u00f3 la vulnerabilidad infantil en una Espa\u00f1a marcada por la pobreza, la guerra y las carencias educativas y sanitarias, logrando una profunda captaci\u00f3n psicol\u00f3gica en sus retratos. Su legado como pintor de la infancia, tanto en escenas populares como en obras religiosas y de palacio, sigue iluminando el arte universal y ofreciendo una mirada \u00fanica a la infancia de su \u00e9poca.<\/p><p>\u00a0<\/p><p>\u00a0<\/p><p>\u00a0<\/p><p>\u00a0<\/p><p>[\/et_pb_text][\/et_pb_column][\/et_pb_row][\/et_pb_section][et_pb_section fb_built=\"1\" _builder_version=\"4.18.0\" _module_preset=\"default\" locked=\"off\" global_colors_info=\"{}\"][et_pb_row column_structure=\"2_3,1_3\" admin_label=\"Fila\" _builder_version=\"4.24.3\" _module_preset=\"default\" max_width=\"1400px\" locked=\"off\" global_colors_info=\"{}\"][et_pb_column type=\"2_3\" _builder_version=\"4.16\" _module_preset=\"default\" global_colors_info=\"{}\"][et_pb_code admin_label=\"C\u00f3digo - organizadores\" _builder_version=\"4.16\" _module_preset=\"default\" global_colors_info=\"{}\"]<\/p><p class=\"ttl-colaboradores\">Organiza:<\/p><p><!-- [et_pb_line_break_holder] --><\/p><div id=\"organizadores\"><!-- [et_pb_line_break_holder] --><div class=\"logo-colaborador\"><a href=\"https:\/\/fundacionraed.org\/\" target=\"_blank\" rel=\"noopener noreferrer\"><img src=\"https:\/\/raed.academy\/wp-content\/uploads\/2021\/10\/Logo-Fundacion-RAED-160px.jpg\" alt=\"Fundaci\u00f3n RAED\" \/><\/a><div class=\"txt\">\u00a0<\/div><p>\u00a0<\/p><\/div><p><!-- [et_pb_line_break_holder] --><!-- [et_pb_line_break_holder] --><\/p><div class=\"logo-colaborador\"><a href=\"https:\/\/raed.academy\/\" target=\"_blank\" rel=\"noopener noreferrer\"><img src=\"https:\/\/raed.academy\/wp-content\/uploads\/2021\/10\/Logo-RAED-160px.jpg\" alt=\"Real Academia Europea de Doctores RAED\" \/><\/a><div class=\"txt\">\u00a0<\/div><p>\u00a0<\/p><\/div><p><!-- [et_pb_line_break_holder] --><\/p><\/div><p>[\/et_pb_code][\/et_pb_column][et_pb_column type=\"1_3\" _builder_version=\"4.16\" _module_preset=\"default\" global_colors_info=\"{}\"][et_pb_code admin_label=\"C\u00f3digo - colaboradores\" _builder_version=\"4.16\" _module_preset=\"default\" global_colors_info=\"{}\"]<\/p><p class=\"ttl-colaboradores\">Con la colaboraci\u00f3n de:<\/p><p><!-- [et_pb_line_break_holder] --><\/p><div id=\"colaboradores\"><!-- [et_pb_line_break_holder] --> <!-- [et_pb_line_break_holder] --><div class=\"logo-colaborador\"><!-- [et_pb_line_break_holder] --><div class=\"txt-circular\">\u00a0<\/div><p><!-- [et_pb_line_break_holder] --> <a href=\"http:\/\/justicia.gencat.cat\/ca\/inici\" target=\"_blank\" rel=\"noopener noreferrer\"><img src=\"https:\/\/raed.academy\/wp-content\/uploads\/2021\/10\/Generalitat-de-Catalunya-dept-Justicia-215px.jpg\" alt=\"Generalitat de catalunya\" \/><\/a><\/p><\/div><p><!-- [et_pb_line_break_holder] --><\/p><\/div><p>[\/et_pb_code][\/et_pb_column][\/et_pb_row][\/et_pb_section]<\/p>","_et_gb_content_width":""},"class_list":["post-156716","dp_events","type-dp_events","status-publish","has-post-thumbnail","hentry"],"yoast_head":"<!-- This site is optimized with the Yoast SEO plugin v27.5 - https:\/\/yoast.com\/product\/yoast-seo-wordpress\/ -->\n<title>Confer\u00e8ncia: &quot;Les mirades de Goya a la inf\u00e0ncia&quot; - Reial Acad\u00e8mia Europea de Doctors<\/title>\n<meta name=\"description\" content=\"Joaqu\u00edn Callabed, Acad\u00e8mic de la Reial Acad\u00e8mia de Nobles i Belles Arts , impartir\u00e0 la confer\u00e8ncia &quot;Las miradas de Goya a la infancia&quot;.\" \/>\n<meta name=\"robots\" content=\"index, follow, max-snippet:-1, max-image-preview:large, max-video-preview:-1\" \/>\n<link rel=\"canonical\" href=\"https:\/\/raed.academy\/ca\/esdeveniments\/conferencia-les-mirades-de-goya-a-la-infancia\/\" \/>\n<meta property=\"og:locale\" content=\"ca_ES\" \/>\n<meta property=\"og:type\" content=\"article\" \/>\n<meta property=\"og:title\" content=\"Confer\u00e8ncia: &quot;Les mirades de Goya a la inf\u00e0ncia&quot; - Reial Acad\u00e8mia Europea de Doctors\" \/>\n<meta property=\"og:description\" content=\"Joaqu\u00edn Callabed, Acad\u00e8mic de la Reial Acad\u00e8mia de Nobles i Belles Arts , impartir\u00e0 la confer\u00e8ncia &quot;Las miradas de Goya a la infancia&quot;.\" \/>\n<meta property=\"og:url\" content=\"https:\/\/raed.academy\/ca\/esdeveniments\/conferencia-les-mirades-de-goya-a-la-infancia\/\" \/>\n<meta property=\"og:site_name\" content=\"Reial Acad\u00e8mia Europea de Doctors\" \/>\n<meta property=\"article:publisher\" content=\"http:\/\/fb.me\/raed.academy\" \/>\n<meta property=\"article:modified_time\" content=\"2025-01-14T15:07:28+00:00\" \/>\n<meta property=\"og:image\" content=\"https:\/\/raed.academy\/wp-content\/uploads\/2024\/12\/ninos-inflando-una-vejiga-por-Francisco-de-Goya-domn-publico-1.17.webp\" \/>\n\t<meta property=\"og:image:width\" content=\"350\" \/>\n\t<meta property=\"og:image:height\" content=\"300\" \/>\n\t<meta property=\"og:image:type\" content=\"image\/webp\" \/>\n<meta name=\"twitter:card\" content=\"summary_large_image\" \/>\n<meta name=\"twitter:site\" content=\"@raedacademy\" \/>\n<meta name=\"twitter:label1\" content=\"Est. reading time\" \/>\n\t<meta name=\"twitter:data1\" content=\"3 minutes\" \/>\n<script type=\"application\/ld+json\" class=\"yoast-schema-graph\">{\"@context\":\"https:\\\/\\\/schema.org\",\"@graph\":[{\"@type\":\"WebPage\",\"@id\":\"https:\\\/\\\/raed.academy\\\/ca\\\/esdeveniments\\\/conferencia-les-mirades-de-goya-a-la-infancia\\\/\",\"url\":\"https:\\\/\\\/raed.academy\\\/ca\\\/esdeveniments\\\/conferencia-les-mirades-de-goya-a-la-infancia\\\/\",\"name\":\"Confer\u00e8ncia: \\\"Les mirades de Goya a la inf\u00e0ncia\\\" - Reial Acad\u00e8mia Europea de Doctors\",\"isPartOf\":{\"@id\":\"https:\\\/\\\/raed.academy\\\/ca\\\/#website\"},\"primaryImageOfPage\":{\"@id\":\"https:\\\/\\\/raed.academy\\\/ca\\\/esdeveniments\\\/conferencia-les-mirades-de-goya-a-la-infancia\\\/#primaryimage\"},\"image\":{\"@id\":\"https:\\\/\\\/raed.academy\\\/ca\\\/esdeveniments\\\/conferencia-les-mirades-de-goya-a-la-infancia\\\/#primaryimage\"},\"thumbnailUrl\":\"https:\\\/\\\/raed.academy\\\/wp-content\\\/uploads\\\/2024\\\/12\\\/ninos-inflando-una-vejiga-por-Francisco-de-Goya-domn-publico-1.17.webp\",\"datePublished\":\"2024-11-09T09:10:42+00:00\",\"dateModified\":\"2025-01-14T15:07:28+00:00\",\"description\":\"Joaqu\u00edn Callabed, Acad\u00e8mic de la Reial Acad\u00e8mia de Nobles i Belles Arts , impartir\u00e0 la confer\u00e8ncia \\\"Las miradas de Goya a la infancia\\\".\",\"breadcrumb\":{\"@id\":\"https:\\\/\\\/raed.academy\\\/ca\\\/esdeveniments\\\/conferencia-les-mirades-de-goya-a-la-infancia\\\/#breadcrumb\"},\"inLanguage\":\"ca-ES\",\"potentialAction\":[{\"@type\":\"ReadAction\",\"target\":[\"https:\\\/\\\/raed.academy\\\/ca\\\/esdeveniments\\\/conferencia-les-mirades-de-goya-a-la-infancia\\\/\"]}]},{\"@type\":\"ImageObject\",\"inLanguage\":\"ca-ES\",\"@id\":\"https:\\\/\\\/raed.academy\\\/ca\\\/esdeveniments\\\/conferencia-les-mirades-de-goya-a-la-infancia\\\/#primaryimage\",\"url\":\"https:\\\/\\\/raed.academy\\\/wp-content\\\/uploads\\\/2024\\\/12\\\/ninos-inflando-una-vejiga-por-Francisco-de-Goya-domn-publico-1.17.webp\",\"contentUrl\":\"https:\\\/\\\/raed.academy\\\/wp-content\\\/uploads\\\/2024\\\/12\\\/ninos-inflando-una-vejiga-por-Francisco-de-Goya-domn-publico-1.17.webp\",\"width\":350,\"height\":300},{\"@type\":\"BreadcrumbList\",\"@id\":\"https:\\\/\\\/raed.academy\\\/ca\\\/esdeveniments\\\/conferencia-les-mirades-de-goya-a-la-infancia\\\/#breadcrumb\",\"itemListElement\":[{\"@type\":\"ListItem\",\"position\":1,\"name\":\"Inicio\",\"item\":\"https:\\\/\\\/raed.academy\\\/ca\\\/\"},{\"@type\":\"ListItem\",\"position\":2,\"name\":\"Activitats\",\"item\":\"https:\\\/\\\/raed.academy\\\/ca\\\/esdeveniments\\\/\"},{\"@type\":\"ListItem\",\"position\":3,\"name\":\"Confer\u00e8ncia: &#8220;Les mirades de Goya a la inf\u00e0ncia&#8221;\"}]},{\"@type\":\"WebSite\",\"@id\":\"https:\\\/\\\/raed.academy\\\/ca\\\/#website\",\"url\":\"https:\\\/\\\/raed.academy\\\/ca\\\/\",\"name\":\"Reial Acad\u00e8mia Europea de Doctors\",\"description\":\"Corporaci\u00f3n de derecho p\u00fablico de car\u00e1cter cient\u00edfico, t\u00e9cnico y art\u00edstico, que tiene por objeto la investigaci\u00f3n, el estudio, el fomento y la extensi\u00f3n del conocimiento en su sentido m\u00e1s amplio\",\"publisher\":{\"@id\":\"https:\\\/\\\/raed.academy\\\/ca\\\/#organization\"},\"potentialAction\":[{\"@type\":\"SearchAction\",\"target\":{\"@type\":\"EntryPoint\",\"urlTemplate\":\"https:\\\/\\\/raed.academy\\\/ca\\\/?s={search_term_string}\"},\"query-input\":{\"@type\":\"PropertyValueSpecification\",\"valueRequired\":true,\"valueName\":\"search_term_string\"}}],\"inLanguage\":\"ca-ES\"},{\"@type\":\"Organization\",\"@id\":\"https:\\\/\\\/raed.academy\\\/ca\\\/#organization\",\"name\":\"Real Academia Europea de Doctores\",\"url\":\"https:\\\/\\\/raed.academy\\\/ca\\\/\",\"logo\":{\"@type\":\"ImageObject\",\"inLanguage\":\"ca-ES\",\"@id\":\"https:\\\/\\\/raed.academy\\\/ca\\\/#\\\/schema\\\/logo\\\/image\\\/\",\"url\":\"https:\\\/\\\/raed.academy\\\/wp-content\\\/uploads\\\/2017\\\/01\\\/cropped-logo_raed.png\",\"contentUrl\":\"https:\\\/\\\/raed.academy\\\/wp-content\\\/uploads\\\/2017\\\/01\\\/cropped-logo_raed.png\",\"width\":512,\"height\":512,\"caption\":\"Real Academia Europea de Doctores\"},\"image\":{\"@id\":\"https:\\\/\\\/raed.academy\\\/ca\\\/#\\\/schema\\\/logo\\\/image\\\/\"},\"sameAs\":[\"http:\\\/\\\/fb.me\\\/raed.academy\",\"https:\\\/\\\/x.com\\\/raedacademy\",\"https:\\\/\\\/www.instagram.com\\\/raed.academy\\\/\",\"https:\\\/\\\/www.youtube.com\\\/channel\\\/UCUYQwW2KrdirNWihxMDObwg\"]}]}<\/script>\n<!-- \/ Yoast SEO plugin. -->","yoast_head_json":{"title":"Confer\u00e8ncia: \"Les mirades de Goya a la inf\u00e0ncia\" - Reial Acad\u00e8mia Europea de Doctors","description":"Joaqu\u00edn Callabed, Acad\u00e8mic de la Reial Acad\u00e8mia de Nobles i Belles Arts , impartir\u00e0 la confer\u00e8ncia \"Las miradas de Goya a la infancia\".","robots":{"index":"index","follow":"follow","max-snippet":"max-snippet:-1","max-image-preview":"max-image-preview:large","max-video-preview":"max-video-preview:-1"},"canonical":"https:\/\/raed.academy\/ca\/esdeveniments\/conferencia-les-mirades-de-goya-a-la-infancia\/","og_locale":"ca_ES","og_type":"article","og_title":"Confer\u00e8ncia: \"Les mirades de Goya a la inf\u00e0ncia\" - Reial Acad\u00e8mia Europea de Doctors","og_description":"Joaqu\u00edn Callabed, Acad\u00e8mic de la Reial Acad\u00e8mia de Nobles i Belles Arts , impartir\u00e0 la confer\u00e8ncia \"Las miradas de Goya a la infancia\".","og_url":"https:\/\/raed.academy\/ca\/esdeveniments\/conferencia-les-mirades-de-goya-a-la-infancia\/","og_site_name":"Reial Acad\u00e8mia Europea de Doctors","article_publisher":"http:\/\/fb.me\/raed.academy","article_modified_time":"2025-01-14T15:07:28+00:00","og_image":[{"width":350,"height":300,"url":"https:\/\/raed.academy\/wp-content\/uploads\/2024\/12\/ninos-inflando-una-vejiga-por-Francisco-de-Goya-domn-publico-1.17.webp","type":"image\/webp"}],"twitter_card":"summary_large_image","twitter_site":"@raedacademy","twitter_misc":{"Est. reading time":"3 minutes"},"schema":{"@context":"https:\/\/schema.org","@graph":[{"@type":"WebPage","@id":"https:\/\/raed.academy\/ca\/esdeveniments\/conferencia-les-mirades-de-goya-a-la-infancia\/","url":"https:\/\/raed.academy\/ca\/esdeveniments\/conferencia-les-mirades-de-goya-a-la-infancia\/","name":"Confer\u00e8ncia: \"Les mirades de Goya a la inf\u00e0ncia\" - Reial Acad\u00e8mia Europea de Doctors","isPartOf":{"@id":"https:\/\/raed.academy\/ca\/#website"},"primaryImageOfPage":{"@id":"https:\/\/raed.academy\/ca\/esdeveniments\/conferencia-les-mirades-de-goya-a-la-infancia\/#primaryimage"},"image":{"@id":"https:\/\/raed.academy\/ca\/esdeveniments\/conferencia-les-mirades-de-goya-a-la-infancia\/#primaryimage"},"thumbnailUrl":"https:\/\/raed.academy\/wp-content\/uploads\/2024\/12\/ninos-inflando-una-vejiga-por-Francisco-de-Goya-domn-publico-1.17.webp","datePublished":"2024-11-09T09:10:42+00:00","dateModified":"2025-01-14T15:07:28+00:00","description":"Joaqu\u00edn Callabed, Acad\u00e8mic de la Reial Acad\u00e8mia de Nobles i Belles Arts , impartir\u00e0 la confer\u00e8ncia \"Las miradas de Goya a la infancia\".","breadcrumb":{"@id":"https:\/\/raed.academy\/ca\/esdeveniments\/conferencia-les-mirades-de-goya-a-la-infancia\/#breadcrumb"},"inLanguage":"ca-ES","potentialAction":[{"@type":"ReadAction","target":["https:\/\/raed.academy\/ca\/esdeveniments\/conferencia-les-mirades-de-goya-a-la-infancia\/"]}]},{"@type":"ImageObject","inLanguage":"ca-ES","@id":"https:\/\/raed.academy\/ca\/esdeveniments\/conferencia-les-mirades-de-goya-a-la-infancia\/#primaryimage","url":"https:\/\/raed.academy\/wp-content\/uploads\/2024\/12\/ninos-inflando-una-vejiga-por-Francisco-de-Goya-domn-publico-1.17.webp","contentUrl":"https:\/\/raed.academy\/wp-content\/uploads\/2024\/12\/ninos-inflando-una-vejiga-por-Francisco-de-Goya-domn-publico-1.17.webp","width":350,"height":300},{"@type":"BreadcrumbList","@id":"https:\/\/raed.academy\/ca\/esdeveniments\/conferencia-les-mirades-de-goya-a-la-infancia\/#breadcrumb","itemListElement":[{"@type":"ListItem","position":1,"name":"Inicio","item":"https:\/\/raed.academy\/ca\/"},{"@type":"ListItem","position":2,"name":"Activitats","item":"https:\/\/raed.academy\/ca\/esdeveniments\/"},{"@type":"ListItem","position":3,"name":"Confer\u00e8ncia: &#8220;Les mirades de Goya a la inf\u00e0ncia&#8221;"}]},{"@type":"WebSite","@id":"https:\/\/raed.academy\/ca\/#website","url":"https:\/\/raed.academy\/ca\/","name":"Reial Acad\u00e8mia Europea de Doctors","description":"Corporaci\u00f3n de derecho p\u00fablico de car\u00e1cter cient\u00edfico, t\u00e9cnico y art\u00edstico, que tiene por objeto la investigaci\u00f3n, el estudio, el fomento y la extensi\u00f3n del conocimiento en su sentido m\u00e1s amplio","publisher":{"@id":"https:\/\/raed.academy\/ca\/#organization"},"potentialAction":[{"@type":"SearchAction","target":{"@type":"EntryPoint","urlTemplate":"https:\/\/raed.academy\/ca\/?s={search_term_string}"},"query-input":{"@type":"PropertyValueSpecification","valueRequired":true,"valueName":"search_term_string"}}],"inLanguage":"ca-ES"},{"@type":"Organization","@id":"https:\/\/raed.academy\/ca\/#organization","name":"Real Academia Europea de Doctores","url":"https:\/\/raed.academy\/ca\/","logo":{"@type":"ImageObject","inLanguage":"ca-ES","@id":"https:\/\/raed.academy\/ca\/#\/schema\/logo\/image\/","url":"https:\/\/raed.academy\/wp-content\/uploads\/2017\/01\/cropped-logo_raed.png","contentUrl":"https:\/\/raed.academy\/wp-content\/uploads\/2017\/01\/cropped-logo_raed.png","width":512,"height":512,"caption":"Real Academia Europea de Doctores"},"image":{"@id":"https:\/\/raed.academy\/ca\/#\/schema\/logo\/image\/"},"sameAs":["http:\/\/fb.me\/raed.academy","https:\/\/x.com\/raedacademy","https:\/\/www.instagram.com\/raed.academy\/","https:\/\/www.youtube.com\/channel\/UCUYQwW2KrdirNWihxMDObwg"]}]}},"_links":{"self":[{"href":"https:\/\/raed.academy\/ca\/wp-json\/wp\/v2\/dp_events\/156716","targetHints":{"allow":["GET"]}}],"collection":[{"href":"https:\/\/raed.academy\/ca\/wp-json\/wp\/v2\/dp_events"}],"about":[{"href":"https:\/\/raed.academy\/ca\/wp-json\/wp\/v2\/types\/dp_events"}],"wp:featuredmedia":[{"embeddable":true,"href":"https:\/\/raed.academy\/ca\/wp-json\/wp\/v2\/media\/156668"}],"wp:attachment":[{"href":"https:\/\/raed.academy\/ca\/wp-json\/wp\/v2\/media?parent=156716"}],"curies":[{"name":"wp","href":"https:\/\/api.w.org\/{rel}","templated":true}]}}