{"id":155932,"date":"2024-11-07T11:32:39","date_gmt":"2024-11-07T11:32:39","guid":{"rendered":"https:\/\/raed.academy\/?post_type=dp_events&#038;p=155932"},"modified":"2024-11-25T12:40:26","modified_gmt":"2024-11-25T12:40:26","slug":"sopar-de-nadal-de-lacademia-2024","status":"publish","type":"dp_events","link":"https:\/\/raed.academy\/ca\/esdeveniments\/sopar-de-nadal-de-lacademia-2024\/","title":{"rendered":"Sopar de Nadal de l&#8217;Acad\u00e8mia 2024"},"content":{"rendered":"<p>[et_pb_section fb_built=&#8221;1&#8243; admin_label=&#8221;Secci\u00f3n&#8221; _builder_version=&#8221;4.27.3&#8243; _module_preset=&#8221;default&#8221; background_image=&#8221;https:\/\/raed.academy\/wp-content\/uploads\/2024\/11\/christmas-Navidad-no-atrib-Pixabay.com-2.91.webp&#8221; parallax=&#8221;on&#8221; parallax_method=&#8221;off&#8221; locked=&#8221;off&#8221; global_colors_info=&#8221;{}&#8221;][et_pb_row _builder_version=&#8221;4.25.0&#8243; _module_preset=&#8221;default&#8221; background_color=&#8221;rgba(255,255,255,0.9)&#8221; width=&#8221;95%&#8221; max_width=&#8221;650px&#8221; custom_margin=&#8221;|25px|||false|false&#8221; custom_margin_tablet=&#8221;|auto||auto|false|false&#8221; custom_margin_phone=&#8221;|auto||auto|false|false&#8221; custom_margin_last_edited=&#8221;on|tablet&#8221; custom_padding=&#8221;30px|30px|30px|30px|false|false&#8221; animation_style=&#8221;flip&#8221; global_colors_info=&#8221;{}&#8221;][et_pb_column type=&#8221;4_4&#8243; _builder_version=&#8221;4.17.0&#8243; _module_preset=&#8221;default&#8221; global_colors_info=&#8221;{}&#8221;][et_pb_post_title meta=&#8221;off&#8221; featured_image=&#8221;off&#8221; admin_label=&#8221;T\u00edtulo de publicaci\u00f3n&#8221; module_class=&#8221;h1-30px&#8221; _builder_version=&#8221;4.25.0&#8243; _module_preset=&#8221;default&#8221; background_enable_color=&#8221;off&#8221; title_font_size_tablet=&#8221;25px&#8221; title_font_size_phone=&#8221;&#8221; title_font_size_last_edited=&#8221;on|phone&#8221; locked=&#8221;off&#8221; global_colors_info=&#8221;{}&#8221;][\/et_pb_post_title][et_pb_text admin_label=&#8221;Detalles evento&#8221; _builder_version=&#8221;4.27.3&#8243; _module_preset=&#8221;default&#8221; background_enable_color=&#8221;off&#8221; locked=&#8221;off&#8221; global_colors_info=&#8221;{}&#8221;]<\/p>\n<p class=\"ubicacion-evento\">Cercle Eq\u00fcestre, Balmes, 169 Bis, Barcelona, 08006<\/p>\n<p class=\"fecha-evento\">Dijous, 19 Desembre 2024<\/p>\n<p class=\"hora-evento\">21:00 h<\/p>\n<p><strong>Inscripci\u00f3ns:<\/strong> Contactar amb Secretaria de la RAED: <strong><a href=\"mailto:secretaria@raed.academy\">secretaria@raed.academy<\/a>\u00a0o\u00a0tel. 93 667 40 54<\/strong><\/p>\n<p>[\/et_pb_text][\/et_pb_column][\/et_pb_row][\/et_pb_section][et_pb_section fb_built=&#8221;1&#8243; admin_label=&#8221;section&#8221; _builder_version=&#8221;4.16&#8243; locked=&#8221;off&#8221; global_colors_info=&#8221;{}&#8221;][et_pb_row admin_label=&#8221;row&#8221; _builder_version=&#8221;4.16&#8243; background_size=&#8221;initial&#8221; background_position=&#8221;top_left&#8221; background_repeat=&#8221;repeat&#8221; global_colors_info=&#8221;{}&#8221;][et_pb_column type=&#8221;4_4&#8243; _builder_version=&#8221;4.16&#8243; custom_padding=&#8221;|||&#8221; global_colors_info=&#8221;{}&#8221; custom_padding__hover=&#8221;|||&#8221;][et_pb_text _builder_version=&#8221;4.27.3&#8243; _module_preset=&#8221;default&#8221; global_colors_info=&#8221;{}&#8221;]<\/p>\n<p>La <strong>Reial Acad\u00e8mia Europea de Doctors i la seva Fundaci\u00f3<\/strong> celebraran el dia 19 de desembre (dijous) el tradicional Sopar de Nadal. La celebraci\u00f3 tindr\u00e0 lloc a la Sal\u00f3 Espera del Cercle Eq\u00fcestre per a \u00fas exclusiu de l&#8217;Acad\u00e8mia.<\/p>\n<p>El Sopar de Nadal de la Reial Acad\u00e8mia es consolida com una de les principals cites d&#8217;aquestes dates a Barcelona, \u200b\u200bon els acad\u00e8mics i tots els amics de la RAED i la seva Fundaci\u00f3 comparteixen una trobada animosa en un ambient dist\u00e8s i enriquidor.<\/p>\n<p>&nbsp;<\/p>\n<p style=\"text-align: center;\"><strong>SOPAR DE NADAL DE LA REIAL ACAD\u00c8MIA EUROPEA DE DOCTORS I LA SEVA FUNDACI\u00d3<\/strong><\/p>\n<p style=\"text-align: center;\"><strong>19 de desembre del 2024 \u2013 21:00 h \u2013 Cercle Eq\u00fcestre<\/strong><\/p>\n<p style=\"text-align: center;\"><strong>Aperitiu<\/strong><br \/>(Hall principal)<\/p>\n<p style=\"text-align: center;\">Canap\u00e8 d&#8217;espatlla ib\u00e8rica fumada amb formatge fresc<br \/>Broqueta d&#8217;Idiaz\u00e1bal amb codony i pernil d&#8217;\u00e0nec<br \/>Mini truita trufada<br \/>Copa de cava de benvinguda<br \/>Vins del men\u00fa<br \/>Refrescs i cerveses<\/p>\n<p style=\"text-align: center;\"><strong>Men\u00fa<\/strong><\/p>\n<p style=\"text-align: center;\">(Sal\u00f3 Espuela)<\/p>\n<p style=\"text-align: center;\">Crema de carbassa amb flam de bolets<br \/>Corvina gratinada amb mussolina d&#8217;all negre i escalunyes al miso blanc<br \/>Tatin de poma amb streuzel d&#8217;ametlla i crem\u00f3s de mascarpone<br \/>Degustaci\u00f3 de torrons<\/p>\n<p style=\"text-align: center;\"><strong>Celler<\/strong><\/p>\n<p style=\"text-align: center;\">Cam\u00ed La Fara vi blanc, DO. Roda<br \/>Ederra Crianza va venir negre, DOCA. La Rioja<br \/>Cava Anna de Codorniu Brut Nature<br \/>Aigua, caf\u00e8s i infusions<\/p>\n<p>[\/et_pb_text][et_pb_text _builder_version=&#8221;4.27.3&#8243; _module_preset=&#8221;default&#8221; admin_label=&#8221;atribuci\u00f3&#8221; hover_enabled=&#8221;0&#8243; sticky_enabled=&#8221;0&#8243; locked=&#8221;off&#8221; module_class=&#8221;atribucion&#8221;]<\/p>\n<p>Imatge per <a href=\"https:\/\/pixabay.com\/es\/users\/bluemoont-20288685\/?utm_source=link-attribution&amp;utm_medium=referral&amp;utm_campaign=image&amp;utm_content=8359353\">Bluemoont<\/a> a <a href=\"https:\/\/pixabay.com\/es\/\/?utm_source=link-attribution&amp;utm_medium=referral&amp;utm_campaign=image&amp;utm_content=8359353\">Pixabay<\/a><\/p>\n<p>[\/et_pb_text][\/et_pb_column][\/et_pb_row][\/et_pb_section]<\/p>\n","protected":false},"excerpt":{"rendered":"<p>La Reial Acad\u00e8mia Europea de Doctors i la seva Fundaci\u00f3 celebraran el dia 19 de desembre (dijous) el tradicional Sopar de Nadal. La celebraci\u00f3 tindr\u00e0 lloc a la Sal\u00f3 Espera del Cercle Eq\u00fcestre per a \u00fas exclusiu de l&#8217;Acad\u00e8mia.<\/p>\n","protected":false},"featured_media":155977,"template":"","meta":{"_et_pb_use_builder":"on","_et_pb_old_content":"[et_pb_section fb_built=\"1\" admin_label=\"section\" _builder_version=\"4.16\" locked=\"off\" global_colors_info=\"{}\"][et_pb_row admin_label=\"row\" _builder_version=\"4.16\" background_size=\"initial\" background_position=\"top_left\" background_repeat=\"repeat\" global_colors_info=\"{}\"][et_pb_column type=\"4_4\" _builder_version=\"4.16\" custom_padding=\"|||\" global_colors_info=\"{}\" custom_padding__hover=\"|||\"][et_pb_post_title meta=\"off\" featured_image=\"off\" _builder_version=\"4.23.1\" _module_preset=\"default\" global_colors_info=\"{}\"][\/et_pb_post_title][et_pb_text admin_label=\"detalles acto\" _builder_version=\"4.27.3\" _module_preset=\"default\" global_colors_info=\"{}\"]<p class=\"ubicacion-evento\">[DP_Single_Event_Venue_Address]<\/p>\r\n<p class=\"fecha-evento\">Jueves, [DP_Single_Event_Start_Date dem_start_date_format=\"d F Y\"]<\/p>\r\n<p class=\"hora-evento\">[DP_Single_Event_Start_Time] h<\/p>\r\n\r\n<strong>Inscripci\u00f3n:<\/strong> Contactar con Secretar\u00eda de la RAED: <strong><a href=\"mailto:secretaria@raed.academy\">secretaria@raed.academy<\/a>\u00a0o\u00a0tel. 93 667 40 54<\/strong>[\/et_pb_text][et_pb_text _builder_version=\"4.27.3\" _module_preset=\"default\" global_colors_info=\"{}\"]<p>La <strong>Real Academia Europea de Doctores y su Fundaci\u00f3n<\/strong> celebrar\u00e1n el d\u00eda 19 de diciembre (jueves) su tradicional Cena de Navidad. La celebraci\u00f3n tendra lugar en la Sal\u00f3n Espuela del C\u00edrculo Ecuestre para uso exclusivo de la Academia.<\/p>\r\n<p>La Cena de Navidad de la Real Academia se consolida como una de las principales citas de estas fechas en Barcelona, donde los acad\u00e9micos y todos los amigos de la RAED y su Fundaci\u00f3n comparten un animoso encuentro en un ambiente distendido y enriquecedor.<\/p>\r\n<p>\u00a0<\/p>\r\n<p style=\"text-align: center;\"><strong>CENA DE NAVIDAD DE LA REAL ACADEMIA EUROPEA DE DOCTORESY SU FUNDACI\u00d3N<\/strong><\/p>\r\n<p style=\"text-align: center;\"><strong>19 de diciembre de 2024 \u2013 21:00 h \u2013 C\u00edrculo Ecuestre<\/strong><\/p>\r\n<p style=\"text-align: center;\"><strong>Aperitivo<\/strong><br \/>(Hall principal)<\/p>\r\n<p style=\"text-align: center;\">Canap\u00e9 de paletilla ib\u00e9rica ahumada con queso fresco<br \/>Brocheta de Idiaz\u00e1bal con membrillo y jam\u00f3n de pato<br \/>Mini tortilla trufada<br \/>Copa de cava de bienvenida<br \/>Vinos del men\u00fa<br \/>Refrescos y cervezas<\/p>\r\n<p style=\"text-align: center;\"><strong>Men\u00fa<\/strong><\/p>\r\n<p style=\"text-align: center;\">(Sal\u00f3n Espuela)<\/p>\r\n<p style=\"text-align: center;\">Crema de calabaza con flan de setas<br \/>Corvina gratinada con muselina de ajo negro y chalotas al miso blanco<br \/>Tatin de manzana con streuzel de almendra y cremoso de mascarpone<br \/>Degustaci\u00f3n de turrones<\/p>\r\n<p style=\"text-align: center;\"><strong>Bodega<\/strong><\/p>\r\n<p style=\"text-align: center;\">Camino La Fara vino blanco, DO. Rueda<br \/>Ederra Crianza vino tinto, DOCa. La Rioja<br \/>Cava Anna de Codorniu Brut Nature<br \/>Agua, caf\u00e9s e infusiones<\/p>[\/et_pb_text][\/et_pb_column][\/et_pb_row][\/et_pb_section]","_et_gb_content_width":""},"class_list":["post-155932","dp_events","type-dp_events","status-publish","has-post-thumbnail","hentry"],"yoast_head":"<!-- This site is optimized with the Yoast SEO plugin v27.5 - https:\/\/yoast.com\/product\/yoast-seo-wordpress\/ -->\n<title>Sopar de Nadal de l&#039;Acad\u00e8mia 2024 - Reial Acad\u00e8mia Europea de Doctors<\/title>\n<meta name=\"robots\" content=\"index, follow, max-snippet:-1, max-image-preview:large, max-video-preview:-1\" \/>\n<link rel=\"canonical\" href=\"https:\/\/raed.academy\/ca\/esdeveniments\/sopar-de-nadal-de-lacademia-2024\/\" \/>\n<meta property=\"og:locale\" content=\"ca_ES\" \/>\n<meta property=\"og:type\" content=\"article\" \/>\n<meta property=\"og:title\" content=\"Sopar de Nadal de l&#039;Acad\u00e8mia 2024 - Reial Acad\u00e8mia Europea de Doctors\" \/>\n<meta property=\"og:description\" content=\"La Reial Acad\u00e8mia Europea de Doctors i la seva Fundaci\u00f3 celebraran el dia 19 de desembre (dijous) el tradicional Sopar de Nadal. La celebraci\u00f3 tindr\u00e0 lloc a la Sal\u00f3 Espera del Cercle Eq\u00fcestre per a \u00fas exclusiu de l&#039;Acad\u00e8mia.\" \/>\n<meta property=\"og:url\" content=\"https:\/\/raed.academy\/ca\/esdeveniments\/sopar-de-nadal-de-lacademia-2024\/\" \/>\n<meta property=\"og:site_name\" content=\"Reial Acad\u00e8mia Europea de Doctors\" \/>\n<meta property=\"article:publisher\" content=\"http:\/\/fb.me\/raed.academy\" \/>\n<meta property=\"article:modified_time\" content=\"2024-11-25T12:40:26+00:00\" \/>\n<meta property=\"og:image\" content=\"https:\/\/raed.academy\/wp-content\/uploads\/2024\/11\/christmas-Navidad-no-atrib-Pixabay.com-dst.webp\" \/>\n\t<meta property=\"og:image:width\" content=\"600\" \/>\n\t<meta property=\"og:image:height\" content=\"360\" \/>\n\t<meta property=\"og:image:type\" content=\"image\/webp\" \/>\n<meta name=\"twitter:card\" content=\"summary_large_image\" \/>\n<meta name=\"twitter:site\" content=\"@raedacademy\" \/>\n<meta name=\"twitter:label1\" content=\"Est. reading time\" \/>\n\t<meta name=\"twitter:data1\" content=\"2 minutes\" \/>\n<script type=\"application\/ld+json\" class=\"yoast-schema-graph\">{\"@context\":\"https:\\\/\\\/schema.org\",\"@graph\":[{\"@type\":\"WebPage\",\"@id\":\"https:\\\/\\\/raed.academy\\\/ca\\\/esdeveniments\\\/sopar-de-nadal-de-lacademia-2024\\\/\",\"url\":\"https:\\\/\\\/raed.academy\\\/ca\\\/esdeveniments\\\/sopar-de-nadal-de-lacademia-2024\\\/\",\"name\":\"Sopar de Nadal de l'Acad\u00e8mia 2024 - Reial Acad\u00e8mia Europea de Doctors\",\"isPartOf\":{\"@id\":\"https:\\\/\\\/raed.academy\\\/ca\\\/#website\"},\"primaryImageOfPage\":{\"@id\":\"https:\\\/\\\/raed.academy\\\/ca\\\/esdeveniments\\\/sopar-de-nadal-de-lacademia-2024\\\/#primaryimage\"},\"image\":{\"@id\":\"https:\\\/\\\/raed.academy\\\/ca\\\/esdeveniments\\\/sopar-de-nadal-de-lacademia-2024\\\/#primaryimage\"},\"thumbnailUrl\":\"https:\\\/\\\/raed.academy\\\/wp-content\\\/uploads\\\/2024\\\/11\\\/christmas-Navidad-no-atrib-Pixabay.com-dst.webp\",\"datePublished\":\"2024-11-07T11:32:39+00:00\",\"dateModified\":\"2024-11-25T12:40:26+00:00\",\"breadcrumb\":{\"@id\":\"https:\\\/\\\/raed.academy\\\/ca\\\/esdeveniments\\\/sopar-de-nadal-de-lacademia-2024\\\/#breadcrumb\"},\"inLanguage\":\"ca-ES\",\"potentialAction\":[{\"@type\":\"ReadAction\",\"target\":[\"https:\\\/\\\/raed.academy\\\/ca\\\/esdeveniments\\\/sopar-de-nadal-de-lacademia-2024\\\/\"]}]},{\"@type\":\"ImageObject\",\"inLanguage\":\"ca-ES\",\"@id\":\"https:\\\/\\\/raed.academy\\\/ca\\\/esdeveniments\\\/sopar-de-nadal-de-lacademia-2024\\\/#primaryimage\",\"url\":\"https:\\\/\\\/raed.academy\\\/wp-content\\\/uploads\\\/2024\\\/11\\\/christmas-Navidad-no-atrib-Pixabay.com-dst.webp\",\"contentUrl\":\"https:\\\/\\\/raed.academy\\\/wp-content\\\/uploads\\\/2024\\\/11\\\/christmas-Navidad-no-atrib-Pixabay.com-dst.webp\",\"width\":600,\"height\":360},{\"@type\":\"BreadcrumbList\",\"@id\":\"https:\\\/\\\/raed.academy\\\/ca\\\/esdeveniments\\\/sopar-de-nadal-de-lacademia-2024\\\/#breadcrumb\",\"itemListElement\":[{\"@type\":\"ListItem\",\"position\":1,\"name\":\"Inicio\",\"item\":\"https:\\\/\\\/raed.academy\\\/ca\\\/\"},{\"@type\":\"ListItem\",\"position\":2,\"name\":\"Activitats\",\"item\":\"https:\\\/\\\/raed.academy\\\/ca\\\/esdeveniments\\\/\"},{\"@type\":\"ListItem\",\"position\":3,\"name\":\"Sopar de Nadal de l&#8217;Acad\u00e8mia 2024\"}]},{\"@type\":\"WebSite\",\"@id\":\"https:\\\/\\\/raed.academy\\\/ca\\\/#website\",\"url\":\"https:\\\/\\\/raed.academy\\\/ca\\\/\",\"name\":\"Reial Acad\u00e8mia Europea de Doctors\",\"description\":\"Corporaci\u00f3n de derecho p\u00fablico de car\u00e1cter cient\u00edfico, t\u00e9cnico y art\u00edstico, que tiene por objeto la investigaci\u00f3n, el estudio, el fomento y la extensi\u00f3n del conocimiento en su sentido m\u00e1s amplio\",\"publisher\":{\"@id\":\"https:\\\/\\\/raed.academy\\\/ca\\\/#organization\"},\"potentialAction\":[{\"@type\":\"SearchAction\",\"target\":{\"@type\":\"EntryPoint\",\"urlTemplate\":\"https:\\\/\\\/raed.academy\\\/ca\\\/?s={search_term_string}\"},\"query-input\":{\"@type\":\"PropertyValueSpecification\",\"valueRequired\":true,\"valueName\":\"search_term_string\"}}],\"inLanguage\":\"ca-ES\"},{\"@type\":\"Organization\",\"@id\":\"https:\\\/\\\/raed.academy\\\/ca\\\/#organization\",\"name\":\"Real Academia Europea de Doctores\",\"url\":\"https:\\\/\\\/raed.academy\\\/ca\\\/\",\"logo\":{\"@type\":\"ImageObject\",\"inLanguage\":\"ca-ES\",\"@id\":\"https:\\\/\\\/raed.academy\\\/ca\\\/#\\\/schema\\\/logo\\\/image\\\/\",\"url\":\"https:\\\/\\\/raed.academy\\\/wp-content\\\/uploads\\\/2017\\\/01\\\/cropped-logo_raed.png\",\"contentUrl\":\"https:\\\/\\\/raed.academy\\\/wp-content\\\/uploads\\\/2017\\\/01\\\/cropped-logo_raed.png\",\"width\":512,\"height\":512,\"caption\":\"Real Academia Europea de Doctores\"},\"image\":{\"@id\":\"https:\\\/\\\/raed.academy\\\/ca\\\/#\\\/schema\\\/logo\\\/image\\\/\"},\"sameAs\":[\"http:\\\/\\\/fb.me\\\/raed.academy\",\"https:\\\/\\\/x.com\\\/raedacademy\",\"https:\\\/\\\/www.instagram.com\\\/raed.academy\\\/\",\"https:\\\/\\\/www.youtube.com\\\/channel\\\/UCUYQwW2KrdirNWihxMDObwg\"]}]}<\/script>\n<!-- \/ Yoast SEO plugin. -->","yoast_head_json":{"title":"Sopar de Nadal de l'Acad\u00e8mia 2024 - Reial Acad\u00e8mia Europea de Doctors","robots":{"index":"index","follow":"follow","max-snippet":"max-snippet:-1","max-image-preview":"max-image-preview:large","max-video-preview":"max-video-preview:-1"},"canonical":"https:\/\/raed.academy\/ca\/esdeveniments\/sopar-de-nadal-de-lacademia-2024\/","og_locale":"ca_ES","og_type":"article","og_title":"Sopar de Nadal de l'Acad\u00e8mia 2024 - Reial Acad\u00e8mia Europea de Doctors","og_description":"La Reial Acad\u00e8mia Europea de Doctors i la seva Fundaci\u00f3 celebraran el dia 19 de desembre (dijous) el tradicional Sopar de Nadal. La celebraci\u00f3 tindr\u00e0 lloc a la Sal\u00f3 Espera del Cercle Eq\u00fcestre per a \u00fas exclusiu de l'Acad\u00e8mia.","og_url":"https:\/\/raed.academy\/ca\/esdeveniments\/sopar-de-nadal-de-lacademia-2024\/","og_site_name":"Reial Acad\u00e8mia Europea de Doctors","article_publisher":"http:\/\/fb.me\/raed.academy","article_modified_time":"2024-11-25T12:40:26+00:00","og_image":[{"width":600,"height":360,"url":"https:\/\/raed.academy\/wp-content\/uploads\/2024\/11\/christmas-Navidad-no-atrib-Pixabay.com-dst.webp","type":"image\/webp"}],"twitter_card":"summary_large_image","twitter_site":"@raedacademy","twitter_misc":{"Est. reading time":"2 minutes"},"schema":{"@context":"https:\/\/schema.org","@graph":[{"@type":"WebPage","@id":"https:\/\/raed.academy\/ca\/esdeveniments\/sopar-de-nadal-de-lacademia-2024\/","url":"https:\/\/raed.academy\/ca\/esdeveniments\/sopar-de-nadal-de-lacademia-2024\/","name":"Sopar de Nadal de l'Acad\u00e8mia 2024 - Reial Acad\u00e8mia Europea de Doctors","isPartOf":{"@id":"https:\/\/raed.academy\/ca\/#website"},"primaryImageOfPage":{"@id":"https:\/\/raed.academy\/ca\/esdeveniments\/sopar-de-nadal-de-lacademia-2024\/#primaryimage"},"image":{"@id":"https:\/\/raed.academy\/ca\/esdeveniments\/sopar-de-nadal-de-lacademia-2024\/#primaryimage"},"thumbnailUrl":"https:\/\/raed.academy\/wp-content\/uploads\/2024\/11\/christmas-Navidad-no-atrib-Pixabay.com-dst.webp","datePublished":"2024-11-07T11:32:39+00:00","dateModified":"2024-11-25T12:40:26+00:00","breadcrumb":{"@id":"https:\/\/raed.academy\/ca\/esdeveniments\/sopar-de-nadal-de-lacademia-2024\/#breadcrumb"},"inLanguage":"ca-ES","potentialAction":[{"@type":"ReadAction","target":["https:\/\/raed.academy\/ca\/esdeveniments\/sopar-de-nadal-de-lacademia-2024\/"]}]},{"@type":"ImageObject","inLanguage":"ca-ES","@id":"https:\/\/raed.academy\/ca\/esdeveniments\/sopar-de-nadal-de-lacademia-2024\/#primaryimage","url":"https:\/\/raed.academy\/wp-content\/uploads\/2024\/11\/christmas-Navidad-no-atrib-Pixabay.com-dst.webp","contentUrl":"https:\/\/raed.academy\/wp-content\/uploads\/2024\/11\/christmas-Navidad-no-atrib-Pixabay.com-dst.webp","width":600,"height":360},{"@type":"BreadcrumbList","@id":"https:\/\/raed.academy\/ca\/esdeveniments\/sopar-de-nadal-de-lacademia-2024\/#breadcrumb","itemListElement":[{"@type":"ListItem","position":1,"name":"Inicio","item":"https:\/\/raed.academy\/ca\/"},{"@type":"ListItem","position":2,"name":"Activitats","item":"https:\/\/raed.academy\/ca\/esdeveniments\/"},{"@type":"ListItem","position":3,"name":"Sopar de Nadal de l&#8217;Acad\u00e8mia 2024"}]},{"@type":"WebSite","@id":"https:\/\/raed.academy\/ca\/#website","url":"https:\/\/raed.academy\/ca\/","name":"Reial Acad\u00e8mia Europea de Doctors","description":"Corporaci\u00f3n de derecho p\u00fablico de car\u00e1cter cient\u00edfico, t\u00e9cnico y art\u00edstico, que tiene por objeto la investigaci\u00f3n, el estudio, el fomento y la extensi\u00f3n del conocimiento en su sentido m\u00e1s amplio","publisher":{"@id":"https:\/\/raed.academy\/ca\/#organization"},"potentialAction":[{"@type":"SearchAction","target":{"@type":"EntryPoint","urlTemplate":"https:\/\/raed.academy\/ca\/?s={search_term_string}"},"query-input":{"@type":"PropertyValueSpecification","valueRequired":true,"valueName":"search_term_string"}}],"inLanguage":"ca-ES"},{"@type":"Organization","@id":"https:\/\/raed.academy\/ca\/#organization","name":"Real Academia Europea de Doctores","url":"https:\/\/raed.academy\/ca\/","logo":{"@type":"ImageObject","inLanguage":"ca-ES","@id":"https:\/\/raed.academy\/ca\/#\/schema\/logo\/image\/","url":"https:\/\/raed.academy\/wp-content\/uploads\/2017\/01\/cropped-logo_raed.png","contentUrl":"https:\/\/raed.academy\/wp-content\/uploads\/2017\/01\/cropped-logo_raed.png","width":512,"height":512,"caption":"Real Academia Europea de Doctores"},"image":{"@id":"https:\/\/raed.academy\/ca\/#\/schema\/logo\/image\/"},"sameAs":["http:\/\/fb.me\/raed.academy","https:\/\/x.com\/raedacademy","https:\/\/www.instagram.com\/raed.academy\/","https:\/\/www.youtube.com\/channel\/UCUYQwW2KrdirNWihxMDObwg"]}]}},"_links":{"self":[{"href":"https:\/\/raed.academy\/ca\/wp-json\/wp\/v2\/dp_events\/155932","targetHints":{"allow":["GET"]}}],"collection":[{"href":"https:\/\/raed.academy\/ca\/wp-json\/wp\/v2\/dp_events"}],"about":[{"href":"https:\/\/raed.academy\/ca\/wp-json\/wp\/v2\/types\/dp_events"}],"wp:featuredmedia":[{"embeddable":true,"href":"https:\/\/raed.academy\/ca\/wp-json\/wp\/v2\/media\/155977"}],"wp:attachment":[{"href":"https:\/\/raed.academy\/ca\/wp-json\/wp\/v2\/media?parent=155932"}],"curies":[{"name":"wp","href":"https:\/\/api.w.org\/{rel}","templated":true}]}}