{"id":152380,"date":"2024-06-30T11:21:50","date_gmt":"2024-06-30T11:21:50","guid":{"rendered":"https:\/\/raed.academy\/?post_type=dp_events&#038;p=152380"},"modified":"2024-11-06T16:19:51","modified_gmt":"2024-11-06T16:19:51","slug":"presentacio-del-llibre-ii-jornadas-nacionales-gaudi-en-madrid-dignacio-buqueras","status":"publish","type":"dp_events","link":"https:\/\/raed.academy\/ca\/esdeveniments\/presentacio-del-llibre-ii-jornadas-nacionales-gaudi-en-madrid-dignacio-buqueras\/","title":{"rendered":"Presentaci\u00f3 del llibre &#8220;II Jornadas Nacionales Gaud\u00ed en Madrid&#8221;, d&#8217;Ignacio Buqueras"},"content":{"rendered":"<p>[et_pb_section fb_built=&#8221;1&#8243; admin_label=&#8221;Secci\u00f3n&#8221; _builder_version=&#8221;4.27.0&#8243; _module_preset=&#8221;default&#8221; background_image=&#8221;https:\/\/raed.academy\/wp-content\/uploads\/2024\/07\/Parc-Guell-Antoni-Gaudi-no-atrib-pixabay.com-2.91.webp&#8221; parallax=&#8221;on&#8221; parallax_method=&#8221;off&#8221; locked=&#8221;off&#8221; global_colors_info=&#8221;{}&#8221;][et_pb_row _builder_version=&#8221;4.25.0&#8243; _module_preset=&#8221;default&#8221; background_color=&#8221;rgba(255,255,255,0.9)&#8221; width=&#8221;95%&#8221; max_width=&#8221;650px&#8221; custom_margin=&#8221;|25px|||false|false&#8221; custom_margin_tablet=&#8221;|auto||auto|false|false&#8221; custom_margin_phone=&#8221;|auto||auto|false|false&#8221; custom_margin_last_edited=&#8221;on|tablet&#8221; custom_padding=&#8221;30px|30px|30px|30px|false|false&#8221; animation_style=&#8221;flip&#8221; global_colors_info=&#8221;{}&#8221;][et_pb_column type=&#8221;4_4&#8243; _builder_version=&#8221;4.17.0&#8243; _module_preset=&#8221;default&#8221; global_colors_info=&#8221;{}&#8221;][et_pb_post_title meta=&#8221;off&#8221; featured_image=&#8221;off&#8221; admin_label=&#8221;T\u00edtulo de publicaci\u00f3n&#8221; module_class=&#8221;h1-30px&#8221; _builder_version=&#8221;4.25.0&#8243; _module_preset=&#8221;default&#8221; background_enable_color=&#8221;off&#8221; title_font_size_tablet=&#8221;25px&#8221; title_font_size_phone=&#8221;&#8221; title_font_size_last_edited=&#8221;on|phone&#8221; locked=&#8221;off&#8221; global_colors_info=&#8221;{}&#8221;][\/et_pb_post_title][et_pb_text admin_label=&#8221;Detalles evento&#8221; _builder_version=&#8221;4.27.2&#8243; _module_preset=&#8221;default&#8221; background_enable_color=&#8221;off&#8221; locked=&#8221;off&#8221; global_colors_info=&#8221;{}&#8221;]<\/p>\n<p><i class=\"fa-solid fa-location-dot\"><\/i> Edifici Foment del Treball, Via Laietana, 32, principal (Sala B), Barcelona, 08003<\/p>\n<p><i class=\"fa-solid fa-calendar-days\"><\/i> Dimarts, 17 Setembre 2024<\/p>\n<p><i class=\"fa-solid fa-clock\"><\/i> 18:30 h<\/p>\n<p>Presentaci\u00f3 a c\u00e0rrec de l&#8217;<a href=\"https:\/\/raed.academy\/ca\/academics\/dr-ignacio-buqueras-bach\/\"><strong>Excm. Sr. Dr. Ignacio Buqueras i Bach<\/strong><\/a>, Acad\u00e8mic Em\u00e8rit de la RAED, Doctor en Ci\u00e8ncies de la Informaci\u00f3.<\/p>\n<p><strong>Format:<\/strong> Presencial<\/p>\n<p><strong>Inscripci\u00f3:<\/strong> Contactar amb Secretaria de la RAED: <strong>secretaria@raed.academy<\/strong> o <strong>tel. 93 667 40 54<\/strong><\/p>\n<p>&nbsp;<\/p>\n<p>[\/et_pb_text][\/et_pb_column][\/et_pb_row][\/et_pb_section][et_pb_section fb_built=&#8221;1&#8243; admin_label=&#8221;section&#8221; _builder_version=&#8221;4.17.0&#8243; custom_padding=&#8221;0px||||false|false&#8221; locked=&#8221;off&#8221; global_colors_info=&#8221;{}&#8221;][et_pb_row use_custom_gutter=&#8221;on&#8221; gutter_width=&#8221;1&#8243; admin_label=&#8221;row&#8221; _builder_version=&#8221;4.25.0&#8243; background_size=&#8221;initial&#8221; background_position=&#8221;top_left&#8221; background_repeat=&#8221;repeat&#8221; max_width=&#8221;1400px&#8221; global_colors_info=&#8221;{}&#8221;][et_pb_column type=&#8221;4_4&#8243; _builder_version=&#8221;4.16&#8243; custom_padding=&#8221;|||&#8221; global_colors_info=&#8221;{}&#8221; custom_padding__hover=&#8221;|||&#8221;][et_pb_text admin_label=&#8221;Itinerario, objetivos y empresas organizadoras&#8221; _builder_version=&#8221;4.27.0&#8243; background_size=&#8221;initial&#8221; background_position=&#8221;top_left&#8221; background_repeat=&#8221;repeat&#8221; locked=&#8221;off&#8221; global_colors_info=&#8221;{}&#8221;]<\/p>\n<h2>Breu presentaci\u00f3 pel Dr. Ignacio Buqueras<\/h2>\n<p>Els passats dies 6 i 7 d&#8217;octubre de 2023 es van celebrar les <strong>II Jornades Nacionals Gaud\u00ed a Madrid<\/strong>, promogudes i organitzades pel Centre Gaud\u00ed a Madrid i la <a href=\"https:\/\/adiprope.org\/\" target=\"_blank\" rel=\"noopener\"><strong>Fundaci\u00f3 ADIPROPE<\/strong><\/a>. Aquestes Jornades van comptar amb el patrocini de la Fundaci\u00f3 per al Foment de la Innovaci\u00f3 Industrial i es van desenvolupar en tres espais emblem\u00e0tics: Reial Acad\u00e8mia de Belles Arts de Sant Ferran, Cercle Catal\u00e0 de Madrid i Reial Esgl\u00e9sia Parroquial de Sant Gin\u00e9s.<\/p>\n<p>L&#8217;important esdeveniment va tenir com a objectiu estudiar, analitzar i debatre l&#8217;obra del reconegut i genial arquitecte Antonio Gaud\u00ed, com es va fer l&#8217;any passat en una primera edici\u00f3, posant focus en la visi\u00f3 \u00fanica i indispensable de l&#8217;arquitectura, que continua tenint molt a dir-nos avui dia.<\/p>\n<p>L&#8217;acte d&#8217;inauguraci\u00f3 va tenir lloc el dia divendres dia 6 d&#8217;octubre a la Reial Acad\u00e8mia de Belles Arts de San Fernando. Hi van intervenir: <strong>Sr. Federico Mayor Zaragoza<\/strong>, president del Consell Assessor d&#8217;ADIPROPE, director general de la UNESCO durant m\u00e9s de deu anys (1987-1999); <strong>D. Tom\u00e1s Marco<\/strong>, director de la Reial Acad\u00e8mia de Belles Arts de San Fernando; i jo en la meva condici\u00f3 de president de les dues entitats promotores i organitzadores de les Jornades.<\/p>\n<p>A continuaci\u00f3, es va iniciar la intervenci\u00f3 dels ponents: <strong>Jos\u00e9 Fern\u00e1ndez Chimeno<\/strong>, que va parlar de la Ruta Gaud\u00ed, pel nord-oest d&#8217;Espanya; <strong>D. \u00d3scar Bur\u00f3n Rodrigo<\/strong>, amb una pon\u00e8ncia titulada <em>&#8220;La iconograf\u00eda del drag\u00f3n en gaudiniana&#8221;<\/em>; i <strong>D. Pere Jordi Figuerola<\/strong>, que va aprofundir sobre un dels complexos arquitect\u00f2nics m\u00e9s significatius de Gaud\u00ed amb la seva pon\u00e8ncia <em>&#8220;La C\u00edrinvestigaci\u00f3n en la Colonial Guell&#8221;<\/em>. La Jornada va continuar a la tarda, on es va continuar parlant i exposant sobre el Gaud\u00ed, corresponent la inauguraci\u00f3 en aquest acte a la <strong>D. Sandra Ramos<\/strong>, Tercera Tinent d\u00b4Alcalde i Consellera de Cultura i Festes de l\u00b4Ajuntament de Tarragona, i jo mateix, acad\u00e8mic i president de les dues entitats.<\/p>\n<p>Seguidament, es va dur a terme la presentaci\u00f3 del llibre de <strong>Carlos Salas<\/strong>: Gaud\u00ed, un geni precursor de sostenibilitat i biomim\u00e8tica arquitect\u00f2nica amb un segle d&#8217;antelaci\u00f3, i despr\u00e9s va tenir lloc una taula rodona, on van intervenir amb les seves aportacions. <strong>D.* Constanza Carmona Soriano<\/strong>, professora de la Universitat de Salamanca; <strong>D. Chiara Curti<\/strong>, professora de la Facultat Antonio Gaud\u00ed d&#8217;Hist\u00f2ria i autora del llibre La Sagrada Fam\u00edlia, catedral de la llum; i el que signa aquest escrit.<\/p>\n<p><strong>Dr. Ignacio Buqueras i Bach<\/strong><\/p>\n<p>&nbsp;<\/p>\n<p>&nbsp;<\/p>\n<p>[\/et_pb_text][et_pb_text admin_label=&#8221;Intervienen&#8221; _builder_version=&#8221;4.27.0&#8243; _module_preset=&#8221;default&#8221; global_colors_info=&#8221;{}&#8221;]<\/p>\n<h2 class=\"null\">Intervenen<\/h2>\n<ul>\n<li>Presentaci\u00f3 a c\u00e0rrec del <a href=\"https:\/\/raed.academy\/ca\/academics\/dr-ignacio-buqueras-bach\/\" target=\"_blank\" rel=\"noopener\" data-cke-saved-href=\"https:\/\/raed.academy\/ca\/academics\/dr-ignacio-buqueras-bach\/\"><strong>Dr. Ignacio Buqueras i Bach<\/strong><\/a>, President de la Fundaci\u00f3 ADIPROPE; Acad\u00e8mic Em\u00e8rit de la RAED i Doctor en Ci\u00e8ncies de la Informaci\u00f3.<\/li>\n<li><strong>Jos\u00e9 Manuel Almuzara<\/strong>. Gaudin\u00f2leg, arquitecte urbanista i expresident de l&#8217;Associaci\u00f3 Pro Beatificaci\u00f3 de Gaud\u00ed.<\/li>\n<li><strong>Chiara Curti<\/strong>. Autora del llibre La Sagrada Fam\u00edlia, Catedral de la Llum, arquitecta i doctora en Humanitats.<\/li>\n<li><strong>Pere Jordi Figuerola Rotger<\/strong>. Historiador i muse\u00f2leg de l&#8217;Arquebisbat de Barcelona.<\/li>\n<li><a href=\"https:\/\/raed.academy\/ca\/academics\/dr-juan-trias-de-bes\/\" target=\"_blank\" rel=\"noopener\" data-cke-saved-href=\"https:\/\/raed.academy\/ca\/academics\/dr-juan-trias-de-bes\/\"><strong>Dr. Juan Trias de Bes<\/strong><\/a>. Doctor en Arquitectura i Acad\u00e8mic Numerari de la RAED<\/li>\n<\/ul>\n<p>[\/et_pb_text][\/et_pb_column][\/et_pb_row][et_pb_row column_structure=&#8221;3_5,2_5&#8243; use_custom_gutter=&#8221;on&#8221; gutter_width=&#8221;1&#8243; admin_label=&#8221;Fila&#8221; _builder_version=&#8221;4.27.0&#8243; _module_preset=&#8221;default&#8221; max_width=&#8221;1400px&#8221; locked=&#8221;off&#8221; global_colors_info=&#8221;{}&#8221;][et_pb_column type=&#8221;3_5&#8243; _builder_version=&#8221;4.16&#8243; _module_preset=&#8221;default&#8221; global_colors_info=&#8221;{}&#8221;][et_pb_code admin_label=&#8221;C\u00f3digo &#8211; Organitzen&#8221; _builder_version=&#8221;4.27.0&#8243; _module_preset=&#8221;default&#8221; global_colors_info=&#8221;{}&#8221;]<pee class=\"ttl-colaboradores\">Organitzen:<\/pee><!-- [et_pb_line_break_holder] --><!-- [et_pb_line_break_holder] --><\/p>\n<div id=\"organizadores\"><!-- [et_pb_line_break_holder] --><\/p>\n<div class=\"logo-colaborador\"><a href=\"https:\/\/fundacionraed.org\/\" target=\"_blank\" rel=\"noopener noreferrer\"><img decoding=\"async\" src=\"https:\/\/raed.academy\/wp-content\/uploads\/2021\/10\/Logo-Fundacion-RAED-160px.jpg\" width=\"150px\" alt=\"Fundaci\u00f3n RAED\" \/><\/a><!-- [et_pb_line_break_holder] --><\/p>\n<div class=\"txt\"><\/div>\n<p><!-- [et_pb_line_break_holder] --><\/div>\n<p><!-- [et_pb_line_break_holder] --><\/p>\n<div class=\"logo-colaborador\"><a href=\"https:\/\/raed.academy\/ca\/\" target=\"_blank\" rel=\"noopener noreferrer\"><img decoding=\"async\" src=\"https:\/\/raed.academy\/wp-content\/uploads\/2021\/10\/Logo-RAED-160px.jpg\" width=\"150px\" alt=\"Real Academia Europea de Doctores RAED\" \/><\/a><!-- [et_pb_line_break_holder] --><\/p>\n<div class=\"txt\"><\/div>\n<p><!-- [et_pb_line_break_holder] --><\/div>\n<p><!-- [et_pb_line_break_holder] -->  <\/p>\n<div class=\"logo-colaborador\">\n<div class=\"txt-circular\"><\/div>\n<p><!-- [et_pb_line_break_holder] --> <a href=\"https:\/\/adiprope.org\/\" target=\"_blank\" rel=\"noopener noreferrer\"><img decoding=\"async\" src=\"https:\/\/raed.academy\/wp-content\/uploads\/2024\/04\/ADIPROPE-logo-dst.webp\" width=\"180\" alt=\"ADIPROPE\" \/><\/a><\/div>\n<p><!-- [et_pb_line_break_holder] --><\/div>\n<p>[\/et_pb_code][\/et_pb_column][et_pb_column type=&#8221;2_5&#8243; _builder_version=&#8221;4.16&#8243; _module_preset=&#8221;default&#8221; global_colors_info=&#8221;{}&#8221;][et_pb_code admin_label=&#8221;C\u00f3digo &#8211; Amb la col\u00b7laboraci\u00f3 de:&#8221; _builder_version=&#8221;4.27.2&#8243; _module_preset=&#8221;default&#8221; hover_enabled=&#8221;0&#8243; global_colors_info=&#8221;{}&#8221; sticky_enabled=&#8221;0&#8243;]<pee class=\"ttl-colaboradores\">Amb la col\u00b7laboraci\u00f3 de:<\/pee><!-- [et_pb_line_break_holder] --><!-- [et_pb_line_break_holder] --><\/p>\n<div id=\"colaboradores\"><!-- [et_pb_line_break_holder] --><\/p>\n<div class=\"logo-colaborador\">\n<div class=\"txt-circular\"><\/div>\n<p><!-- [et_pb_line_break_holder] --><a href=\"https:\/\/justicia.gencat.cat\/ca\/inici\" target=\"_blank\" rel=\"noopener noreferrer\"><img decoding=\"async\" src=\"https:\/\/raed.academy\/wp-content\/uploads\/2024\/11\/Generalitat-de-Catalunya-dept-Justicia-i-Qualitat-Democratica-240px.jpg\" alt=\"Generalitat de catalunya\"><\/a><\/div>\n<p><!-- [et_pb_line_break_holder] --><\/p>\n<div class=\"logo-colaborador\">\n<div class=\"txt-circular\"><\/div>\n<p><!-- [et_pb_line_break_holder] -->  <a href=\"http:\/\/centrogaudimadrid.blogspot.com\/\" target=\"_blank\" rel=\"noopener noreferrer\"><img decoding=\"async\" src=\"https:\/\/raed.academy\/wp-content\/uploads\/2024\/09\/logo-Centro-Gaudi-Madrid.webp\" width=\"150\" alt=\"Centro Gaud\u00ed en Madrid\" \/><\/a><\/div>\n<p><!-- [et_pb_line_break_holder] --><\/div>\n<p>[\/et_pb_code][\/et_pb_column][\/et_pb_row][\/et_pb_section]<\/p>\n","protected":false},"excerpt":{"rendered":"<p>Barcelona Dimarts, 08 Juliol 2014 - h Presentaci\u00f3 a c\u00e0rrec de l&#8217;Excm. Sr. Dr. Ignacio Buqueras i Bach, Acad\u00e8mic Em\u00e8rit de la RAED, Doctor en Ci\u00e8ncies de la Informaci\u00f3. Format: Presencial Inscripci\u00f3: Contactar amb Secretaria de la RAED: secretaria@raed.academy o tel. 93 667 40 54 &nbsp;Breu presentaci\u00f3 pel Dr. Ignacio Buqueras Els passats dies [&hellip;]<\/p>\n","protected":false},"featured_media":0,"template":"","meta":{"_et_pb_use_builder":"on","_et_pb_old_content":"","_et_gb_content_width":""},"class_list":["post-152380","dp_events","type-dp_events","status-publish","hentry"],"yoast_head":"<!-- This site is optimized with the Yoast SEO plugin v27.5 - https:\/\/yoast.com\/product\/yoast-seo-wordpress\/ -->\n<title>Presentaci\u00f3 del llibre &quot;II Jornadas Nacionales Gaud\u00ed en Madrid&quot;, d&#039;Ignacio Buqueras - Reial Acad\u00e8mia Europea de Doctors<\/title>\n<meta name=\"robots\" content=\"index, follow, max-snippet:-1, max-image-preview:large, max-video-preview:-1\" \/>\n<link rel=\"canonical\" href=\"https:\/\/raed.academy\/ca\/esdeveniments\/presentacio-del-llibre-ii-jornadas-nacionales-gaudi-en-madrid-dignacio-buqueras\/\" \/>\n<meta property=\"og:locale\" content=\"ca_ES\" \/>\n<meta property=\"og:type\" content=\"article\" \/>\n<meta property=\"og:title\" content=\"Presentaci\u00f3 del llibre &quot;II Jornadas Nacionales Gaud\u00ed en Madrid&quot;, d&#039;Ignacio Buqueras - Reial Acad\u00e8mia Europea de Doctors\" \/>\n<meta property=\"og:description\" content=\"La RAED organitza i duu a terme una s\u00e8rie d&#039;activitats concentrades en un mes i mig que van comptar amb la implicaci\u00f3 activa de nombrosos acad\u00e8mics. Recepci\u00f3 de quatre acad\u00e8mics corresponents (Stavroula-Ina Piperaki per a Gr\u00e8cia, Stephen Zeff i David B. Wilkins per als Estats Units i Llu\u00eds Vicent Safont per a Andorra) Taula rodona [&hellip;]\" \/>\n<meta property=\"og:url\" content=\"https:\/\/raed.academy\/ca\/esdeveniments\/presentacio-del-llibre-ii-jornadas-nacionales-gaudi-en-madrid-dignacio-buqueras\/\" \/>\n<meta property=\"og:site_name\" content=\"Reial Acad\u00e8mia Europea de Doctors\" \/>\n<meta property=\"article:publisher\" content=\"http:\/\/fb.me\/raed.academy\" \/>\n<meta property=\"article:modified_time\" content=\"2024-11-06T16:19:51+00:00\" \/>\n<meta property=\"og:image\" content=\"https:\/\/raed.academy\/wp-content\/uploads\/2021\/10\/Logo-Fundacion-RAED-160px.jpg\" \/>\n<meta name=\"twitter:card\" content=\"summary_large_image\" \/>\n<meta name=\"twitter:site\" content=\"@raedacademy\" \/>\n<meta name=\"twitter:label1\" content=\"Est. reading time\" \/>\n\t<meta name=\"twitter:data1\" content=\"4 minutes\" \/>\n<script type=\"application\/ld+json\" class=\"yoast-schema-graph\">{\"@context\":\"https:\\\/\\\/schema.org\",\"@graph\":[{\"@type\":\"WebPage\",\"@id\":\"https:\\\/\\\/raed.academy\\\/ca\\\/esdeveniments\\\/presentacio-del-llibre-ii-jornadas-nacionales-gaudi-en-madrid-dignacio-buqueras\\\/\",\"url\":\"https:\\\/\\\/raed.academy\\\/ca\\\/esdeveniments\\\/presentacio-del-llibre-ii-jornadas-nacionales-gaudi-en-madrid-dignacio-buqueras\\\/\",\"name\":\"Presentaci\u00f3 del llibre \\\"II Jornadas Nacionales Gaud\u00ed en Madrid\\\", d'Ignacio Buqueras - Reial Acad\u00e8mia Europea de Doctors\",\"isPartOf\":{\"@id\":\"https:\\\/\\\/raed.academy\\\/ca\\\/#website\"},\"primaryImageOfPage\":{\"@id\":\"https:\\\/\\\/raed.academy\\\/ca\\\/esdeveniments\\\/presentacio-del-llibre-ii-jornadas-nacionales-gaudi-en-madrid-dignacio-buqueras\\\/#primaryimage\"},\"image\":{\"@id\":\"https:\\\/\\\/raed.academy\\\/ca\\\/esdeveniments\\\/presentacio-del-llibre-ii-jornadas-nacionales-gaudi-en-madrid-dignacio-buqueras\\\/#primaryimage\"},\"thumbnailUrl\":\"https:\\\/\\\/raed.academy\\\/wp-content\\\/uploads\\\/2021\\\/10\\\/Logo-Fundacion-RAED-160px.jpg\",\"datePublished\":\"2024-06-30T11:21:50+00:00\",\"dateModified\":\"2024-11-06T16:19:51+00:00\",\"breadcrumb\":{\"@id\":\"https:\\\/\\\/raed.academy\\\/ca\\\/esdeveniments\\\/presentacio-del-llibre-ii-jornadas-nacionales-gaudi-en-madrid-dignacio-buqueras\\\/#breadcrumb\"},\"inLanguage\":\"ca-ES\",\"potentialAction\":[{\"@type\":\"ReadAction\",\"target\":[\"https:\\\/\\\/raed.academy\\\/ca\\\/esdeveniments\\\/presentacio-del-llibre-ii-jornadas-nacionales-gaudi-en-madrid-dignacio-buqueras\\\/\"]}]},{\"@type\":\"ImageObject\",\"inLanguage\":\"ca-ES\",\"@id\":\"https:\\\/\\\/raed.academy\\\/ca\\\/esdeveniments\\\/presentacio-del-llibre-ii-jornadas-nacionales-gaudi-en-madrid-dignacio-buqueras\\\/#primaryimage\",\"url\":\"https:\\\/\\\/raed.academy\\\/wp-content\\\/uploads\\\/2021\\\/10\\\/Logo-Fundacion-RAED-160px.jpg\",\"contentUrl\":\"https:\\\/\\\/raed.academy\\\/wp-content\\\/uploads\\\/2021\\\/10\\\/Logo-Fundacion-RAED-160px.jpg\"},{\"@type\":\"BreadcrumbList\",\"@id\":\"https:\\\/\\\/raed.academy\\\/ca\\\/esdeveniments\\\/presentacio-del-llibre-ii-jornadas-nacionales-gaudi-en-madrid-dignacio-buqueras\\\/#breadcrumb\",\"itemListElement\":[{\"@type\":\"ListItem\",\"position\":1,\"name\":\"Inicio\",\"item\":\"https:\\\/\\\/raed.academy\\\/ca\\\/\"},{\"@type\":\"ListItem\",\"position\":2,\"name\":\"Activitats\",\"item\":\"https:\\\/\\\/raed.academy\\\/ca\\\/esdeveniments\\\/\"},{\"@type\":\"ListItem\",\"position\":3,\"name\":\"Presentaci\u00f3 del llibre \u00abII Jornadas Nacionales Gaud\u00ed en Madrid\u00bb, d&#8217;Ignacio Buqueras\"}]},{\"@type\":\"WebSite\",\"@id\":\"https:\\\/\\\/raed.academy\\\/ca\\\/#website\",\"url\":\"https:\\\/\\\/raed.academy\\\/ca\\\/\",\"name\":\"Reial Acad\u00e8mia Europea de Doctors\",\"description\":\"Corporaci\u00f3n de derecho p\u00fablico de car\u00e1cter cient\u00edfico, t\u00e9cnico y art\u00edstico, que tiene por objeto la investigaci\u00f3n, el estudio, el fomento y la extensi\u00f3n del conocimiento en su sentido m\u00e1s amplio\",\"publisher\":{\"@id\":\"https:\\\/\\\/raed.academy\\\/ca\\\/#organization\"},\"potentialAction\":[{\"@type\":\"SearchAction\",\"target\":{\"@type\":\"EntryPoint\",\"urlTemplate\":\"https:\\\/\\\/raed.academy\\\/ca\\\/?s={search_term_string}\"},\"query-input\":{\"@type\":\"PropertyValueSpecification\",\"valueRequired\":true,\"valueName\":\"search_term_string\"}}],\"inLanguage\":\"ca-ES\"},{\"@type\":\"Organization\",\"@id\":\"https:\\\/\\\/raed.academy\\\/ca\\\/#organization\",\"name\":\"Real Academia Europea de Doctores\",\"url\":\"https:\\\/\\\/raed.academy\\\/ca\\\/\",\"logo\":{\"@type\":\"ImageObject\",\"inLanguage\":\"ca-ES\",\"@id\":\"https:\\\/\\\/raed.academy\\\/ca\\\/#\\\/schema\\\/logo\\\/image\\\/\",\"url\":\"https:\\\/\\\/raed.academy\\\/wp-content\\\/uploads\\\/2017\\\/01\\\/cropped-logo_raed.png\",\"contentUrl\":\"https:\\\/\\\/raed.academy\\\/wp-content\\\/uploads\\\/2017\\\/01\\\/cropped-logo_raed.png\",\"width\":512,\"height\":512,\"caption\":\"Real Academia Europea de Doctores\"},\"image\":{\"@id\":\"https:\\\/\\\/raed.academy\\\/ca\\\/#\\\/schema\\\/logo\\\/image\\\/\"},\"sameAs\":[\"http:\\\/\\\/fb.me\\\/raed.academy\",\"https:\\\/\\\/x.com\\\/raedacademy\",\"https:\\\/\\\/www.instagram.com\\\/raed.academy\\\/\",\"https:\\\/\\\/www.youtube.com\\\/channel\\\/UCUYQwW2KrdirNWihxMDObwg\"]}]}<\/script>\n<!-- \/ Yoast SEO plugin. -->","yoast_head_json":{"title":"Presentaci\u00f3 del llibre \"II Jornadas Nacionales Gaud\u00ed en Madrid\", d'Ignacio Buqueras - Reial Acad\u00e8mia Europea de Doctors","robots":{"index":"index","follow":"follow","max-snippet":"max-snippet:-1","max-image-preview":"max-image-preview:large","max-video-preview":"max-video-preview:-1"},"canonical":"https:\/\/raed.academy\/ca\/esdeveniments\/presentacio-del-llibre-ii-jornadas-nacionales-gaudi-en-madrid-dignacio-buqueras\/","og_locale":"ca_ES","og_type":"article","og_title":"Presentaci\u00f3 del llibre \"II Jornadas Nacionales Gaud\u00ed en Madrid\", d'Ignacio Buqueras - Reial Acad\u00e8mia Europea de Doctors","og_description":"La RAED organitza i duu a terme una s\u00e8rie d'activitats concentrades en un mes i mig que van comptar amb la implicaci\u00f3 activa de nombrosos acad\u00e8mics. Recepci\u00f3 de quatre acad\u00e8mics corresponents (Stavroula-Ina Piperaki per a Gr\u00e8cia, Stephen Zeff i David B. Wilkins per als Estats Units i Llu\u00eds Vicent Safont per a Andorra) Taula rodona [&hellip;]","og_url":"https:\/\/raed.academy\/ca\/esdeveniments\/presentacio-del-llibre-ii-jornadas-nacionales-gaudi-en-madrid-dignacio-buqueras\/","og_site_name":"Reial Acad\u00e8mia Europea de Doctors","article_publisher":"http:\/\/fb.me\/raed.academy","article_modified_time":"2024-11-06T16:19:51+00:00","og_image":[{"url":"https:\/\/raed.academy\/wp-content\/uploads\/2021\/10\/Logo-Fundacion-RAED-160px.jpg","type":"","width":"","height":""}],"twitter_card":"summary_large_image","twitter_site":"@raedacademy","twitter_misc":{"Est. reading time":"4 minutes"},"schema":{"@context":"https:\/\/schema.org","@graph":[{"@type":"WebPage","@id":"https:\/\/raed.academy\/ca\/esdeveniments\/presentacio-del-llibre-ii-jornadas-nacionales-gaudi-en-madrid-dignacio-buqueras\/","url":"https:\/\/raed.academy\/ca\/esdeveniments\/presentacio-del-llibre-ii-jornadas-nacionales-gaudi-en-madrid-dignacio-buqueras\/","name":"Presentaci\u00f3 del llibre \"II Jornadas Nacionales Gaud\u00ed en Madrid\", d'Ignacio Buqueras - Reial Acad\u00e8mia Europea de Doctors","isPartOf":{"@id":"https:\/\/raed.academy\/ca\/#website"},"primaryImageOfPage":{"@id":"https:\/\/raed.academy\/ca\/esdeveniments\/presentacio-del-llibre-ii-jornadas-nacionales-gaudi-en-madrid-dignacio-buqueras\/#primaryimage"},"image":{"@id":"https:\/\/raed.academy\/ca\/esdeveniments\/presentacio-del-llibre-ii-jornadas-nacionales-gaudi-en-madrid-dignacio-buqueras\/#primaryimage"},"thumbnailUrl":"https:\/\/raed.academy\/wp-content\/uploads\/2021\/10\/Logo-Fundacion-RAED-160px.jpg","datePublished":"2024-06-30T11:21:50+00:00","dateModified":"2024-11-06T16:19:51+00:00","breadcrumb":{"@id":"https:\/\/raed.academy\/ca\/esdeveniments\/presentacio-del-llibre-ii-jornadas-nacionales-gaudi-en-madrid-dignacio-buqueras\/#breadcrumb"},"inLanguage":"ca-ES","potentialAction":[{"@type":"ReadAction","target":["https:\/\/raed.academy\/ca\/esdeveniments\/presentacio-del-llibre-ii-jornadas-nacionales-gaudi-en-madrid-dignacio-buqueras\/"]}]},{"@type":"ImageObject","inLanguage":"ca-ES","@id":"https:\/\/raed.academy\/ca\/esdeveniments\/presentacio-del-llibre-ii-jornadas-nacionales-gaudi-en-madrid-dignacio-buqueras\/#primaryimage","url":"https:\/\/raed.academy\/wp-content\/uploads\/2021\/10\/Logo-Fundacion-RAED-160px.jpg","contentUrl":"https:\/\/raed.academy\/wp-content\/uploads\/2021\/10\/Logo-Fundacion-RAED-160px.jpg"},{"@type":"BreadcrumbList","@id":"https:\/\/raed.academy\/ca\/esdeveniments\/presentacio-del-llibre-ii-jornadas-nacionales-gaudi-en-madrid-dignacio-buqueras\/#breadcrumb","itemListElement":[{"@type":"ListItem","position":1,"name":"Inicio","item":"https:\/\/raed.academy\/ca\/"},{"@type":"ListItem","position":2,"name":"Activitats","item":"https:\/\/raed.academy\/ca\/esdeveniments\/"},{"@type":"ListItem","position":3,"name":"Presentaci\u00f3 del llibre \u00abII Jornadas Nacionales Gaud\u00ed en Madrid\u00bb, d&#8217;Ignacio Buqueras"}]},{"@type":"WebSite","@id":"https:\/\/raed.academy\/ca\/#website","url":"https:\/\/raed.academy\/ca\/","name":"Reial Acad\u00e8mia Europea de Doctors","description":"Corporaci\u00f3n de derecho p\u00fablico de car\u00e1cter cient\u00edfico, t\u00e9cnico y art\u00edstico, que tiene por objeto la investigaci\u00f3n, el estudio, el fomento y la extensi\u00f3n del conocimiento en su sentido m\u00e1s amplio","publisher":{"@id":"https:\/\/raed.academy\/ca\/#organization"},"potentialAction":[{"@type":"SearchAction","target":{"@type":"EntryPoint","urlTemplate":"https:\/\/raed.academy\/ca\/?s={search_term_string}"},"query-input":{"@type":"PropertyValueSpecification","valueRequired":true,"valueName":"search_term_string"}}],"inLanguage":"ca-ES"},{"@type":"Organization","@id":"https:\/\/raed.academy\/ca\/#organization","name":"Real Academia Europea de Doctores","url":"https:\/\/raed.academy\/ca\/","logo":{"@type":"ImageObject","inLanguage":"ca-ES","@id":"https:\/\/raed.academy\/ca\/#\/schema\/logo\/image\/","url":"https:\/\/raed.academy\/wp-content\/uploads\/2017\/01\/cropped-logo_raed.png","contentUrl":"https:\/\/raed.academy\/wp-content\/uploads\/2017\/01\/cropped-logo_raed.png","width":512,"height":512,"caption":"Real Academia Europea de Doctores"},"image":{"@id":"https:\/\/raed.academy\/ca\/#\/schema\/logo\/image\/"},"sameAs":["http:\/\/fb.me\/raed.academy","https:\/\/x.com\/raedacademy","https:\/\/www.instagram.com\/raed.academy\/","https:\/\/www.youtube.com\/channel\/UCUYQwW2KrdirNWihxMDObwg"]}]}},"_links":{"self":[{"href":"https:\/\/raed.academy\/ca\/wp-json\/wp\/v2\/dp_events\/152380","targetHints":{"allow":["GET"]}}],"collection":[{"href":"https:\/\/raed.academy\/ca\/wp-json\/wp\/v2\/dp_events"}],"about":[{"href":"https:\/\/raed.academy\/ca\/wp-json\/wp\/v2\/types\/dp_events"}],"wp:attachment":[{"href":"https:\/\/raed.academy\/ca\/wp-json\/wp\/v2\/media?parent=152380"}],"curies":[{"name":"wp","href":"https:\/\/api.w.org\/{rel}","templated":true}]}}