{"id":151213,"date":"2024-06-02T16:25:16","date_gmt":"2024-06-02T16:25:16","guid":{"rendered":"https:\/\/raed.academy\/?post_type=dp_events&#038;p=151213"},"modified":"2024-07-09T12:15:52","modified_gmt":"2024-07-09T12:15:52","slug":"presentacio-del-projecte-reptes-vitals-per-a-una-nova-era-2024","status":"publish","type":"dp_events","link":"https:\/\/raed.academy\/ca\/esdeveniments\/presentacio-del-projecte-reptes-vitals-per-a-una-nova-era-2024\/","title":{"rendered":"Presentaci\u00f3 del Projecte Reptes Vitals per a una Nova Era 2024"},"content":{"rendered":"<p>[et_pb_section fb_built=&#8221;1&#8243; _builder_version=&#8221;4.25.0&#8243; _module_preset=&#8221;default&#8221; background_image=&#8221;https:\/\/raed.academy\/wp-content\/uploads\/2024\/07\/shutt-justicia-derecho-penal-constitucion-ley-2.91.webp&#8221; custom_padding=&#8221;|||25px|false|false&#8221; locked=&#8221;off&#8221; global_colors_info=&#8221;{}&#8221;][et_pb_row _builder_version=&#8221;4.25.0&#8243; _module_preset=&#8221;default&#8221; background_color=&#8221;#FFFFFF&#8221; width=&#8221;95%&#8221; max_width=&#8221;650px&#8221; module_alignment=&#8221;left&#8221; custom_margin=&#8221;|||25px|false|false&#8221; custom_margin_tablet=&#8221;|auto||auto|false|false&#8221; custom_margin_phone=&#8221;|auto||auto|false|false&#8221; custom_margin_last_edited=&#8221;on|tablet&#8221; custom_padding=&#8221;30px|30px|30px|30px|false|false&#8221; animation_style=&#8221;flip&#8221; module_alignment_tablet=&#8221;center&#8221; module_alignment_phone=&#8221;center&#8221; module_alignment_last_edited=&#8221;on|tablet&#8221; global_colors_info=&#8221;{}&#8221;][et_pb_column type=&#8221;4_4&#8243; _builder_version=&#8221;4.17.0&#8243; _module_preset=&#8221;default&#8221; global_colors_info=&#8221;{}&#8221;][et_pb_image _builder_version=&#8221;4.25.0&#8243; _module_preset=&#8221;default&#8221; title_text=&#8221;logo-Retos-Vitales-2024-txt-negro-sobre-blanco&#8221; src=&#8221;https:\/\/raed.academy\/wp-content\/uploads\/2024\/06\/logo-Retos-Vitales-2024-txt-negro-sobre-blanco.webp&#8221; hover_enabled=&#8221;0&#8243; sticky_enabled=&#8221;0&#8243; max_width=&#8221;600px&#8221; module_alignment=&#8221;right&#8221; custom_margin=&#8221;||40px||false|false&#8221; admin_label=&#8221;imagen logo RT2024&#8243; locked=&#8221;off&#8221;][\/et_pb_image][et_pb_post_title meta=&#8221;off&#8221; featured_image=&#8221;off&#8221; admin_label=&#8221;T\u00edtulo de publicaci\u00f3n&#8221; _builder_version=&#8221;4.17.0&#8243; _module_preset=&#8221;default&#8221; background_enable_color=&#8221;off&#8221; locked=&#8221;off&#8221; global_colors_info=&#8221;{}&#8221;][\/et_pb_post_title][et_pb_text admin_label=&#8221;Detalles evento&#8221; _builder_version=&#8221;4.25.0&#8243; _module_preset=&#8221;default&#8221; background_enable_color=&#8221;off&#8221; locked=&#8221;off&#8221; global_colors_info=&#8221;{}&#8221;]<\/p>\n<p><i class=\"fa-solid fa-location-dot\"><\/i> Oficina del Parlament Europeu, Passeig de la Castellana, 46, barri de Salamanca, Madrid<\/p>\n<p><i class=\"fa-solid fa-calendar-days\"><\/i> Dimecres, 10 Juliol 2024<\/p>\n<p><i class=\"fa-solid fa-clock\"><\/i> 11:00 h<\/p>\n<p><strong>Format:<\/strong> Presencial i streaming<\/p>\n<p><strong>Inscripci\u00f3:<\/strong> Contactar amb Secretaria de la RAED: <strong>secretaria@raed.academy<\/strong> o <strong>tel. 93 667 40 54<\/strong><\/p>\n<p>&nbsp;<\/p>\n<p>[\/et_pb_text][\/et_pb_column][\/et_pb_row][\/et_pb_section][et_pb_section fb_built=&#8221;1&#8243; admin_label=&#8221;section&#8221; _builder_version=&#8221;4.17.0&#8243; custom_padding=&#8221;0px||||false|false&#8221; locked=&#8221;off&#8221; global_colors_info=&#8221;{}&#8221;][et_pb_row admin_label=&#8221;row&#8221; _builder_version=&#8221;4.17.0&#8243; background_size=&#8221;initial&#8221; background_position=&#8221;top_left&#8221; background_repeat=&#8221;repeat&#8221; max_width=&#8221;1600px&#8221; global_colors_info=&#8221;{}&#8221;][et_pb_column type=&#8221;4_4&#8243; _builder_version=&#8221;4.16&#8243; custom_padding=&#8221;|||&#8221; global_colors_info=&#8221;{}&#8221; custom_padding__hover=&#8221;|||&#8221;][et_pb_text admin_label=&#8221;Txt &#8211; Seguiu l&#8217;esdeveniment en directe&#8221; _builder_version=&#8221;4.22.2&#8243; _module_preset=&#8221;default&#8221; locked=&#8221;off&#8221; global_colors_info=&#8221;{}&#8221;]<\/p>\n<h2>Seguiu l&#8217;esdeveniment en directe<\/h2>\n<p>Podeu seguir l&#8217;esdeveniment en directe des d&#8217;aquesta p\u00e0gina.<\/p>\n<p>[\/et_pb_text][et_pb_code admin_label=&#8221;codigo de inserci\u00f3n v\u00eddeo&#8221; _builder_version=&#8221;4.25.0&#8243; _module_preset=&#8221;default&#8221; animation_style=&#8221;flip&#8221; locked=&#8221;off&#8221; global_colors_info=&#8221;{}&#8221;]<iframe loading=\"lazy\" width=\"1280\" height=\"720\" src=\"https:\/\/www.youtube.com\/embed\/gP8gk0GVcyY\" title=\"Presentaci\u00f3n del Proyecto Retos Vitales 2024\" frameborder=\"0\" allow=\"accelerometer; autoplay; clipboard-write; encrypted-media; gyroscope; picture-in-picture; web-share\" referrerpolicy=\"strict-origin-when-cross-origin\" allowfullscreen><\/iframe>[\/et_pb_code][et_pb_text admin_label=&#8221;txt &#8211; Temas a abordar durante la sesi\u00f3n&#8221; _builder_version=&#8221;4.25.0&#8243; background_size=&#8221;initial&#8221; background_position=&#8221;top_left&#8221; background_repeat=&#8221;repeat&#8221; global_colors_info=&#8221;{}&#8221;]<\/p>\n<h2>Temes a abordar durant la sessi\u00f3<\/h2>\n<ul>\n<li>Desafiaments globals i geoestrat\u00e8gia<\/li>\n<li>Enfortiment democr\u00e0tic i jur\u00eddic a Europa<\/li>\n<li>Noves fronteres en ci\u00e8ncia i empresa<\/li>\n<li>Innovaci\u00f3 i salut a l&#8217;era digital<\/li>\n<li>Salut integral i futur veterinari<\/li>\n<li>Desafiaments i futur de l&#8217;alimentaci\u00f3 segura<\/li>\n<li>Sostenibilitat i geo-biodiversitat<\/li>\n<li>Desafiaments i realitats en la investigaci\u00f3 moderna<\/li>\n<li>Impacte de la IA a la societat<\/li>\n<li>Qualitat i futur de l&#8217;educaci\u00f3<\/li>\n<li>Religi\u00f3 i pau al segle XXI<\/li>\n<\/ul>\n<p>[\/et_pb_text][et_pb_text admin_label=&#8221;Enlaces a RV2023 &#8211; oculto&#8221; module_class=&#8221;oculto&#8221; _builder_version=&#8221;4.25.0&#8243; _module_preset=&#8221;default&#8221; global_colors_info=&#8221;{}&#8221;]<\/p>\n<h2>P\u00e1gina de Retos Vitales 2024<\/h2>\n<p><strong>Consulta la web del documento Retos Vitales 2024<\/strong><\/p>\n<p>[\/et_pb_text][et_pb_text admin_label=&#8221;texto &#8211; Programa y participantes&#8221; _builder_version=&#8221;4.25.0&#8243; _module_preset=&#8221;default&#8221; global_colors_info=&#8221;{}&#8221;]<\/p>\n<h2>Programa i participants<\/h2>\n<h3>Presentaci\u00f3 de la jornada (11:00 a 11:10)<\/h3>\n<ul>\n<li><a href=\"https:\/\/raed.academy\/academicos\/dr-alfredo-rocafort-nicolau\/\"><strong>Alfredo Rocafort<\/strong><\/a>. President de la Reial Acad\u00e8mia Europea de Doctors (RAED).<\/li>\n<li><strong>Eva Poptcheva<\/strong>. Eurodiputada. Vicepresidenta de la Comissi\u00f3 d&#8217;Afers Econ\u00f2mics i Monetaris i membre de la Comissi\u00f3 de Pressuposts del Parlament Europeu.<\/li>\n<\/ul>\n<h3>Primera Mesa de Debat (11:10 a 12:25)<\/h3>\n<p>Moderador: <a href=\"https:\/\/raed.academy\/ca\/academics\/dr-jose-ramon-calvo-fernandez\/\"><strong>Jos\u00e9 Ram\u00f3n Calvo<\/strong><\/a>. President de l&#8217;Institut de Cooperaci\u00f3 Internacional de la RAED.<\/p>\n<p>Ponents:<\/p>\n<ul>\n<li><a href=\"https:\/\/raed.academy\/academicos\/dr-daniel-berzosa-lopez\/\"><strong>Daniel Berzosa<\/strong><\/a>. Acad\u00e8mic de N\u00famero i membre de la Junta de Govern de la RAED.<\/li>\n<li><a href=\"https:\/\/raed.academy\/academicos\/dr-ignacio-buqueras-bach\/\"><strong>Ignacio Buqueras<\/strong><\/a>. Acad\u00e8mic Em\u00e8rit de la RAED.<\/li>\n<li><a href=\"https:\/\/raed.academy\/academicos\/dra-teresa-freixes-sanjuan\/\"><strong>Teresa Freixes<\/strong><\/a>. Vicepresidenta de la RAED.<\/li>\n<li><a href=\"https:\/\/raed.academy\/academicos\/dr-francisco-gonzalez-de-posada\/\"><strong>Francisco Gonz\u00e1lez de Posada<\/strong><\/a>. Acad\u00e8mic d&#8217;Honor de la RAED.<\/li>\n<li><a href=\"https:\/\/raed.academy\/academicos\/dr-jaume-llopis-casellas\/\"><strong>Jaume Llopis<\/strong><\/a>. Vicepresident de la RAED.<\/li>\n<li><strong>\u00c1ngel Mazo da Pena<\/strong>. Tinent General (retirat) de l&#8217;Ex\u00e8rcit de l&#8217;Aire.<\/li>\n<\/ul>\n<p style=\"text-align: center;\">Coffee break (12:25 a 12:45)<\/p>\n<h3>Segona Mesa de Debat (12:45 a 14:00)<\/h3>\n<p>Moderadora: <a href=\"https:\/\/raed.academy\/ca\/academics\/dra-cecilia-kindelan-amorrich\/\"><strong>Cecilia Kindel\u00e1n<\/strong><\/a>. Acad\u00e8mica de N\u00famero de la RAED.<\/p>\n<p>Ponents:<\/p>\n<ul>\n<li><a href=\"https:\/\/raed.academy\/academicos\/dr-jose-maria-baldasano-recio\/\"><strong>Jos\u00e9 Mar\u00eda Baldasano<\/strong><\/a>. Acad\u00e8mic de N\u00famero de la RAED.<\/li>\n<li><a href=\"https:\/\/raed.academy\/academicos\/dra-maria-dels-angels-calvo-torras\/\"><strong>Ma. dels \u00c0ngels Calvo<\/strong><\/a>. Vicepresidenta de la RAED.<\/li>\n<li><a href=\"https:\/\/raed.academy\/academicos\/dr-joaquim-gironella-coll\/\"><strong>Joaqu\u00edn Gironella<\/strong><\/a>. Acad\u00e8mic de N\u00famero i membre de la Junta de Govern de la RAED.<\/li>\n<li><a href=\"https:\/\/raed.academy\/academicos\/dr-francisco-lopez-munoz\/\"><strong>Francisco L\u00f3pez<\/strong><\/a>. Acad\u00e8mic de N\u00famero de la RAED.<\/li>\n<li><a href=\"https:\/\/raed.academy\/academicos\/dra-maria-esther-subira-lobera\/\"><strong>Esther Subir\u00e1<\/strong><\/a>. Acad\u00e8mica de N\u00famero de la RAED.<\/li>\n<li><a href=\"https:\/\/raed.academy\/academicos\/dr-rafael-urrialde-de-andres\/\"><strong>Rafael Urrialde<\/strong><\/a>. Acad\u00e8mic de N\u00famero i membre de la Junta de Govern de la RAED.<\/li>\n<\/ul>\n<p>[\/et_pb_text][et_pb_text admin_label=&#8221;texto &#8211; nota sobre adquirir un ejemplar &#8211; oculto&#8221; module_class=&#8221;oculto&#8221; _builder_version=&#8221;4.25.0&#8243; _module_preset=&#8221;default&#8221; global_colors_info=&#8221;{}&#8221;]<\/p>\n<h2>Nota<\/h2>\n<p>En el acto de presentaci\u00f3n se podr\u00e1 adquirir un ejemplar del libro mediante un donativo de 30 \u20ac a la Fundaci\u00f3n Pro Real Academia Europea de Doctores.<\/p>\n<p>Si se realiza un pedido en fecha posterior, podr\u00e1 adquirirse mediante un donativo de 40 \u20ac (gastos de env\u00edo incluidos) a la Fundaci\u00f3n Pro Real Academia Europea de Doctores, solicit\u00e1ndolo a la direcci\u00f3n email <strong>secretaria@raed.academy<\/strong>, o bien al <strong>tel. 93 667 40 54<\/strong>.<\/p>\n<p>[\/et_pb_text][et_pb_text admin_label=&#8221;hashtags y shortcode mapa&#8221; module_class=&#8221;hashtag&#8221; _builder_version=&#8221;4.25.0&#8243; _module_preset=&#8221;default&#8221; locked=&#8221;off&#8221; global_colors_info=&#8221;{}&#8221;]<\/p>\n<iframe id=\"map_iframe\"  frameborder=\"0\" scrolling=\"no\" marginheight=\"0\" marginwidth=\"0\" src=\"https:\/\/maps.google.it\/maps?q=Oficina del Parlament Europeu, Passeig de la Castellana, 46, barri de Salamanca, Madrid&output=embed\"><\/iframe>\n<p>#inspirandoElConocimiento<\/p>\n<p>[\/et_pb_text][\/et_pb_column][\/et_pb_row][\/et_pb_section][et_pb_section fb_built=&#8221;1&#8243; _builder_version=&#8221;4.18.0&#8243; _module_preset=&#8221;default&#8221; locked=&#8221;off&#8221; global_colors_info=&#8221;{}&#8221;][et_pb_row column_structure=&#8221;1_2,1_2&#8243; use_custom_gutter=&#8221;on&#8221; gutter_width=&#8221;1&#8243; admin_label=&#8221;Fila&#8221; _builder_version=&#8221;4.25.0&#8243; _module_preset=&#8221;default&#8221; max_width=&#8221;1400px&#8221; locked=&#8221;off&#8221; global_colors_info=&#8221;{}&#8221;][et_pb_column type=&#8221;1_2&#8243; _builder_version=&#8221;4.16&#8243; _module_preset=&#8221;default&#8221; global_colors_info=&#8221;{}&#8221;][et_pb_code admin_label=&#8221;C\u00f3di &#8211; Organitzen&#8221; _builder_version=&#8221;4.21.0&#8243; _module_preset=&#8221;default&#8221; global_colors_info=&#8221;{}&#8221;]<pee class=\"ttl-colaboradores\">Organitzen:<\/pee><!-- [et_pb_line_break_holder] --><\/p>\n<div id=\"organizadores\"><!-- [et_pb_line_break_holder] --><\/p>\n<div class=\"logo-colaborador\"><a href=\"https:\/\/fundacionraed.org\/\" target=\"_blank\" rel=\"noopener noreferrer\"><img decoding=\"async\" src=\"https:\/\/raed.academy\/wp-content\/uploads\/2021\/10\/Logo-Fundacion-RAED-160px.jpg\" alt=\"Fundaci\u00f3n RAED\"><\/p>\n<div class=\"txt\"><\/div>\n<p><\/a><\/div>\n<p><!-- [et_pb_line_break_holder] --><!-- [et_pb_line_break_holder] --><\/p>\n<div class=\"logo-colaborador\"><a href=\"https:\/\/raed.academy\/ca\/\" target=\"_blank\" rel=\"noopener noreferrer\"><img decoding=\"async\" src=\"https:\/\/raed.academy\/wp-content\/uploads\/2021\/10\/Logo-RAED-160px.jpg\" alt=\"Real Academia Europea de Doctores RAED\"><\/p>\n<div class=\"txt\"><\/div>\n<p><\/a><\/div>\n<p><!-- [et_pb_line_break_holder] --><\/div>\n<p>[\/et_pb_code][\/et_pb_column][et_pb_column type=&#8221;1_2&#8243; _builder_version=&#8221;4.16&#8243; _module_preset=&#8221;default&#8221; global_colors_info=&#8221;{}&#8221;][et_pb_code admin_label=&#8221;C\u00f3di &#8211; Amb la col\u00b7laboraci\u00f3 de&#8221; _builder_version=&#8221;4.25.0&#8243; _module_preset=&#8221;default&#8221; global_colors_info=&#8221;{}&#8221;]<pee class=\"ttl-colaboradores\">Amb la col\u00b7laboraci\u00f3 de:<\/pee> <!-- [et_pb_line_break_holder] --><\/p>\n<div id=\"colaboradores\"><!-- [et_pb_line_break_holder] -->  <!-- [et_pb_line_break_holder] --><\/p>\n<div class=\"logo-colaborador\"><!-- [et_pb_line_break_holder] --><\/p>\n<div class=\"txt-circular\"><\/div>\n<p><!-- [et_pb_line_break_holder] -->  <a href=\"https:\/\/fundacioncajasol.com\/\" target=\"_blank\" rel=\"noopener noreferrer\"><img decoding=\"async\" src=\"https:\/\/raed.academy\/wp-content\/uploads\/2022\/06\/Fundacion-Cajasol.png\" alt=\"Fundaci\u00f3n Cajasol\"><\/a><\/div>\n<p><!-- [et_pb_line_break_holder] --><\/p>\n<div class=\"logo-colaborador\"><!-- [et_pb_line_break_holder] --><\/p>\n<div class=\"txt-circular\"><\/div>\n<p><!-- [et_pb_line_break_holder] -->  <a href=\"http:\/\/justicia.gencat.cat\/ca\/inici\" target=\"_blank\" rel=\"noopener noreferrer\"><img decoding=\"async\" src=\"https:\/\/raed.academy\/wp-content\/uploads\/2021\/10\/Generalitat-de-Catalunya-dept-Justicia-215px.jpg\" alt=\"Generalitat de catalunya\"><\/a><\/div>\n<p><!-- [et_pb_line_break_holder] --><\/div>\n<p>[\/et_pb_code][\/et_pb_column][\/et_pb_row][\/et_pb_section]<\/p>\n","protected":false},"excerpt":{"rendered":"<p>Presentaci\u00f3 del Projecte Reptes Vitals 2024, una iniciativa que aborda els desafiaments m\u00e9s significatius de la nostra societat a trav\u00e9s del coneixement i la investigaci\u00f3 interdisciplin\u00e0ria<\/p>\n","protected":false},"featured_media":151203,"template":"","meta":{"_et_pb_use_builder":"on","_et_pb_old_content":"","_et_gb_content_width":""},"class_list":["post-151213","dp_events","type-dp_events","status-publish","has-post-thumbnail","hentry"],"yoast_head":"<!-- This site is optimized with the Yoast SEO plugin v27.5 - https:\/\/yoast.com\/product\/yoast-seo-wordpress\/ -->\n<title>Presentaci\u00f3 del Projecte Reptes Vitals per a una Nova Era 2024 - Reial Acad\u00e8mia Europea de Doctors<\/title>\n<meta name=\"description\" content=\"Presentaci\u00f3 del Projecte Reptes Vitals 2024, una iniciativa que aborda els desafiaments m\u00e9s significatius de la nostra societat\" \/>\n<meta name=\"robots\" content=\"index, follow, max-snippet:-1, max-image-preview:large, max-video-preview:-1\" \/>\n<link rel=\"canonical\" href=\"https:\/\/raed.academy\/ca\/esdeveniments\/presentacio-del-projecte-reptes-vitals-per-a-una-nova-era-2024\/\" \/>\n<meta property=\"og:locale\" content=\"ca_ES\" \/>\n<meta property=\"og:type\" content=\"article\" \/>\n<meta property=\"og:title\" content=\"Presentaci\u00f3 del Projecte Reptes Vitals per a una Nova Era 2024 - Reial Acad\u00e8mia Europea de Doctors\" \/>\n<meta property=\"og:description\" content=\"Presentaci\u00f3 del Projecte Reptes Vitals 2024, una iniciativa que aborda els desafiaments m\u00e9s significatius de la nostra societat\" \/>\n<meta property=\"og:url\" content=\"https:\/\/raed.academy\/ca\/esdeveniments\/presentacio-del-projecte-reptes-vitals-per-a-una-nova-era-2024\/\" \/>\n<meta property=\"og:site_name\" content=\"Reial Acad\u00e8mia Europea de Doctors\" \/>\n<meta property=\"article:publisher\" content=\"http:\/\/fb.me\/raed.academy\" \/>\n<meta property=\"article:modified_time\" content=\"2024-07-09T12:15:52+00:00\" \/>\n<meta property=\"og:image\" content=\"https:\/\/raed.academy\/wp-content\/uploads\/2024\/07\/shutt-justicia-derecho-penal-constitucion-ley-1.17.webp\" \/>\n\t<meta property=\"og:image:width\" content=\"350\" \/>\n\t<meta property=\"og:image:height\" content=\"300\" \/>\n\t<meta property=\"og:image:type\" content=\"image\/webp\" \/>\n<meta name=\"twitter:card\" content=\"summary_large_image\" \/>\n<meta name=\"twitter:site\" content=\"@raedacademy\" \/>\n<meta name=\"twitter:label1\" content=\"Est. reading time\" \/>\n\t<meta name=\"twitter:data1\" content=\"4 minutes\" \/>\n<script type=\"application\/ld+json\" class=\"yoast-schema-graph\">{\"@context\":\"https:\\\/\\\/schema.org\",\"@graph\":[{\"@type\":\"WebPage\",\"@id\":\"https:\\\/\\\/raed.academy\\\/ca\\\/esdeveniments\\\/presentacio-del-projecte-reptes-vitals-per-a-una-nova-era-2024\\\/\",\"url\":\"https:\\\/\\\/raed.academy\\\/ca\\\/esdeveniments\\\/presentacio-del-projecte-reptes-vitals-per-a-una-nova-era-2024\\\/\",\"name\":\"Presentaci\u00f3 del Projecte Reptes Vitals per a una Nova Era 2024 - Reial Acad\u00e8mia Europea de Doctors\",\"isPartOf\":{\"@id\":\"https:\\\/\\\/raed.academy\\\/ca\\\/#website\"},\"primaryImageOfPage\":{\"@id\":\"https:\\\/\\\/raed.academy\\\/ca\\\/esdeveniments\\\/presentacio-del-projecte-reptes-vitals-per-a-una-nova-era-2024\\\/#primaryimage\"},\"image\":{\"@id\":\"https:\\\/\\\/raed.academy\\\/ca\\\/esdeveniments\\\/presentacio-del-projecte-reptes-vitals-per-a-una-nova-era-2024\\\/#primaryimage\"},\"thumbnailUrl\":\"https:\\\/\\\/raed.academy\\\/wp-content\\\/uploads\\\/2024\\\/07\\\/shutt-justicia-derecho-penal-constitucion-ley-1.17.webp\",\"datePublished\":\"2024-06-02T16:25:16+00:00\",\"dateModified\":\"2024-07-09T12:15:52+00:00\",\"description\":\"Presentaci\u00f3 del Projecte Reptes Vitals 2024, una iniciativa que aborda els desafiaments m\u00e9s significatius de la nostra societat\",\"breadcrumb\":{\"@id\":\"https:\\\/\\\/raed.academy\\\/ca\\\/esdeveniments\\\/presentacio-del-projecte-reptes-vitals-per-a-una-nova-era-2024\\\/#breadcrumb\"},\"inLanguage\":\"ca-ES\",\"potentialAction\":[{\"@type\":\"ReadAction\",\"target\":[\"https:\\\/\\\/raed.academy\\\/ca\\\/esdeveniments\\\/presentacio-del-projecte-reptes-vitals-per-a-una-nova-era-2024\\\/\"]}]},{\"@type\":\"ImageObject\",\"inLanguage\":\"ca-ES\",\"@id\":\"https:\\\/\\\/raed.academy\\\/ca\\\/esdeveniments\\\/presentacio-del-projecte-reptes-vitals-per-a-una-nova-era-2024\\\/#primaryimage\",\"url\":\"https:\\\/\\\/raed.academy\\\/wp-content\\\/uploads\\\/2024\\\/07\\\/shutt-justicia-derecho-penal-constitucion-ley-1.17.webp\",\"contentUrl\":\"https:\\\/\\\/raed.academy\\\/wp-content\\\/uploads\\\/2024\\\/07\\\/shutt-justicia-derecho-penal-constitucion-ley-1.17.webp\",\"width\":350,\"height\":300},{\"@type\":\"BreadcrumbList\",\"@id\":\"https:\\\/\\\/raed.academy\\\/ca\\\/esdeveniments\\\/presentacio-del-projecte-reptes-vitals-per-a-una-nova-era-2024\\\/#breadcrumb\",\"itemListElement\":[{\"@type\":\"ListItem\",\"position\":1,\"name\":\"Inicio\",\"item\":\"https:\\\/\\\/raed.academy\\\/ca\\\/\"},{\"@type\":\"ListItem\",\"position\":2,\"name\":\"Activitats\",\"item\":\"https:\\\/\\\/raed.academy\\\/ca\\\/esdeveniments\\\/\"},{\"@type\":\"ListItem\",\"position\":3,\"name\":\"Presentaci\u00f3 del Projecte Reptes Vitals per a una Nova Era 2024\"}]},{\"@type\":\"WebSite\",\"@id\":\"https:\\\/\\\/raed.academy\\\/ca\\\/#website\",\"url\":\"https:\\\/\\\/raed.academy\\\/ca\\\/\",\"name\":\"Reial Acad\u00e8mia Europea de Doctors\",\"description\":\"Corporaci\u00f3n de derecho p\u00fablico de car\u00e1cter cient\u00edfico, t\u00e9cnico y art\u00edstico, que tiene por objeto la investigaci\u00f3n, el estudio, el fomento y la extensi\u00f3n del conocimiento en su sentido m\u00e1s amplio\",\"publisher\":{\"@id\":\"https:\\\/\\\/raed.academy\\\/ca\\\/#organization\"},\"potentialAction\":[{\"@type\":\"SearchAction\",\"target\":{\"@type\":\"EntryPoint\",\"urlTemplate\":\"https:\\\/\\\/raed.academy\\\/ca\\\/?s={search_term_string}\"},\"query-input\":{\"@type\":\"PropertyValueSpecification\",\"valueRequired\":true,\"valueName\":\"search_term_string\"}}],\"inLanguage\":\"ca-ES\"},{\"@type\":\"Organization\",\"@id\":\"https:\\\/\\\/raed.academy\\\/ca\\\/#organization\",\"name\":\"Real Academia Europea de Doctores\",\"url\":\"https:\\\/\\\/raed.academy\\\/ca\\\/\",\"logo\":{\"@type\":\"ImageObject\",\"inLanguage\":\"ca-ES\",\"@id\":\"https:\\\/\\\/raed.academy\\\/ca\\\/#\\\/schema\\\/logo\\\/image\\\/\",\"url\":\"https:\\\/\\\/raed.academy\\\/wp-content\\\/uploads\\\/2017\\\/01\\\/cropped-logo_raed.png\",\"contentUrl\":\"https:\\\/\\\/raed.academy\\\/wp-content\\\/uploads\\\/2017\\\/01\\\/cropped-logo_raed.png\",\"width\":512,\"height\":512,\"caption\":\"Real Academia Europea de Doctores\"},\"image\":{\"@id\":\"https:\\\/\\\/raed.academy\\\/ca\\\/#\\\/schema\\\/logo\\\/image\\\/\"},\"sameAs\":[\"http:\\\/\\\/fb.me\\\/raed.academy\",\"https:\\\/\\\/x.com\\\/raedacademy\",\"https:\\\/\\\/www.instagram.com\\\/raed.academy\\\/\",\"https:\\\/\\\/www.youtube.com\\\/channel\\\/UCUYQwW2KrdirNWihxMDObwg\"]}]}<\/script>\n<!-- \/ Yoast SEO plugin. -->","yoast_head_json":{"title":"Presentaci\u00f3 del Projecte Reptes Vitals per a una Nova Era 2024 - Reial Acad\u00e8mia Europea de Doctors","description":"Presentaci\u00f3 del Projecte Reptes Vitals 2024, una iniciativa que aborda els desafiaments m\u00e9s significatius de la nostra societat","robots":{"index":"index","follow":"follow","max-snippet":"max-snippet:-1","max-image-preview":"max-image-preview:large","max-video-preview":"max-video-preview:-1"},"canonical":"https:\/\/raed.academy\/ca\/esdeveniments\/presentacio-del-projecte-reptes-vitals-per-a-una-nova-era-2024\/","og_locale":"ca_ES","og_type":"article","og_title":"Presentaci\u00f3 del Projecte Reptes Vitals per a una Nova Era 2024 - Reial Acad\u00e8mia Europea de Doctors","og_description":"Presentaci\u00f3 del Projecte Reptes Vitals 2024, una iniciativa que aborda els desafiaments m\u00e9s significatius de la nostra societat","og_url":"https:\/\/raed.academy\/ca\/esdeveniments\/presentacio-del-projecte-reptes-vitals-per-a-una-nova-era-2024\/","og_site_name":"Reial Acad\u00e8mia Europea de Doctors","article_publisher":"http:\/\/fb.me\/raed.academy","article_modified_time":"2024-07-09T12:15:52+00:00","og_image":[{"width":350,"height":300,"url":"https:\/\/raed.academy\/wp-content\/uploads\/2024\/07\/shutt-justicia-derecho-penal-constitucion-ley-1.17.webp","type":"image\/webp"}],"twitter_card":"summary_large_image","twitter_site":"@raedacademy","twitter_misc":{"Est. reading time":"4 minutes"},"schema":{"@context":"https:\/\/schema.org","@graph":[{"@type":"WebPage","@id":"https:\/\/raed.academy\/ca\/esdeveniments\/presentacio-del-projecte-reptes-vitals-per-a-una-nova-era-2024\/","url":"https:\/\/raed.academy\/ca\/esdeveniments\/presentacio-del-projecte-reptes-vitals-per-a-una-nova-era-2024\/","name":"Presentaci\u00f3 del Projecte Reptes Vitals per a una Nova Era 2024 - Reial Acad\u00e8mia Europea de Doctors","isPartOf":{"@id":"https:\/\/raed.academy\/ca\/#website"},"primaryImageOfPage":{"@id":"https:\/\/raed.academy\/ca\/esdeveniments\/presentacio-del-projecte-reptes-vitals-per-a-una-nova-era-2024\/#primaryimage"},"image":{"@id":"https:\/\/raed.academy\/ca\/esdeveniments\/presentacio-del-projecte-reptes-vitals-per-a-una-nova-era-2024\/#primaryimage"},"thumbnailUrl":"https:\/\/raed.academy\/wp-content\/uploads\/2024\/07\/shutt-justicia-derecho-penal-constitucion-ley-1.17.webp","datePublished":"2024-06-02T16:25:16+00:00","dateModified":"2024-07-09T12:15:52+00:00","description":"Presentaci\u00f3 del Projecte Reptes Vitals 2024, una iniciativa que aborda els desafiaments m\u00e9s significatius de la nostra societat","breadcrumb":{"@id":"https:\/\/raed.academy\/ca\/esdeveniments\/presentacio-del-projecte-reptes-vitals-per-a-una-nova-era-2024\/#breadcrumb"},"inLanguage":"ca-ES","potentialAction":[{"@type":"ReadAction","target":["https:\/\/raed.academy\/ca\/esdeveniments\/presentacio-del-projecte-reptes-vitals-per-a-una-nova-era-2024\/"]}]},{"@type":"ImageObject","inLanguage":"ca-ES","@id":"https:\/\/raed.academy\/ca\/esdeveniments\/presentacio-del-projecte-reptes-vitals-per-a-una-nova-era-2024\/#primaryimage","url":"https:\/\/raed.academy\/wp-content\/uploads\/2024\/07\/shutt-justicia-derecho-penal-constitucion-ley-1.17.webp","contentUrl":"https:\/\/raed.academy\/wp-content\/uploads\/2024\/07\/shutt-justicia-derecho-penal-constitucion-ley-1.17.webp","width":350,"height":300},{"@type":"BreadcrumbList","@id":"https:\/\/raed.academy\/ca\/esdeveniments\/presentacio-del-projecte-reptes-vitals-per-a-una-nova-era-2024\/#breadcrumb","itemListElement":[{"@type":"ListItem","position":1,"name":"Inicio","item":"https:\/\/raed.academy\/ca\/"},{"@type":"ListItem","position":2,"name":"Activitats","item":"https:\/\/raed.academy\/ca\/esdeveniments\/"},{"@type":"ListItem","position":3,"name":"Presentaci\u00f3 del Projecte Reptes Vitals per a una Nova Era 2024"}]},{"@type":"WebSite","@id":"https:\/\/raed.academy\/ca\/#website","url":"https:\/\/raed.academy\/ca\/","name":"Reial Acad\u00e8mia Europea de Doctors","description":"Corporaci\u00f3n de derecho p\u00fablico de car\u00e1cter cient\u00edfico, t\u00e9cnico y art\u00edstico, que tiene por objeto la investigaci\u00f3n, el estudio, el fomento y la extensi\u00f3n del conocimiento en su sentido m\u00e1s amplio","publisher":{"@id":"https:\/\/raed.academy\/ca\/#organization"},"potentialAction":[{"@type":"SearchAction","target":{"@type":"EntryPoint","urlTemplate":"https:\/\/raed.academy\/ca\/?s={search_term_string}"},"query-input":{"@type":"PropertyValueSpecification","valueRequired":true,"valueName":"search_term_string"}}],"inLanguage":"ca-ES"},{"@type":"Organization","@id":"https:\/\/raed.academy\/ca\/#organization","name":"Real Academia Europea de Doctores","url":"https:\/\/raed.academy\/ca\/","logo":{"@type":"ImageObject","inLanguage":"ca-ES","@id":"https:\/\/raed.academy\/ca\/#\/schema\/logo\/image\/","url":"https:\/\/raed.academy\/wp-content\/uploads\/2017\/01\/cropped-logo_raed.png","contentUrl":"https:\/\/raed.academy\/wp-content\/uploads\/2017\/01\/cropped-logo_raed.png","width":512,"height":512,"caption":"Real Academia Europea de Doctores"},"image":{"@id":"https:\/\/raed.academy\/ca\/#\/schema\/logo\/image\/"},"sameAs":["http:\/\/fb.me\/raed.academy","https:\/\/x.com\/raedacademy","https:\/\/www.instagram.com\/raed.academy\/","https:\/\/www.youtube.com\/channel\/UCUYQwW2KrdirNWihxMDObwg"]}]}},"_links":{"self":[{"href":"https:\/\/raed.academy\/ca\/wp-json\/wp\/v2\/dp_events\/151213","targetHints":{"allow":["GET"]}}],"collection":[{"href":"https:\/\/raed.academy\/ca\/wp-json\/wp\/v2\/dp_events"}],"about":[{"href":"https:\/\/raed.academy\/ca\/wp-json\/wp\/v2\/types\/dp_events"}],"wp:featuredmedia":[{"embeddable":true,"href":"https:\/\/raed.academy\/ca\/wp-json\/wp\/v2\/media\/151203"}],"wp:attachment":[{"href":"https:\/\/raed.academy\/ca\/wp-json\/wp\/v2\/media?parent=151213"}],"curies":[{"name":"wp","href":"https:\/\/api.w.org\/{rel}","templated":true}]}}