{"id":148726,"date":"2024-05-09T23:23:49","date_gmt":"2024-05-09T23:23:49","guid":{"rendered":"https:\/\/raed.academy\/?post_type=dp_events&#038;p=148726"},"modified":"2024-06-25T10:29:14","modified_gmt":"2024-06-25T10:29:14","slug":"presentacio-del-llibre-inteligencia-directiva-manual-para-liderar-equipos-por-jaume-llopis","status":"publish","type":"dp_events","link":"https:\/\/raed.academy\/ca\/esdeveniments\/presentacio-del-llibre-inteligencia-directiva-manual-para-liderar-equipos-por-jaume-llopis\/","title":{"rendered":"Presentaci\u00f3 del llibre &#8220;Inteligencia directiva. Manual para liderar equipos&#8221;, per Jaume Llopis"},"content":{"rendered":"<p>[et_pb_section fb_built=&#8221;1&#8243; admin_label=&#8221;Secci\u00f3n&#8221; _builder_version=&#8221;4.25.0&#8243; _module_preset=&#8221;default&#8221; background_image=&#8221;https:\/\/raed.academy\/wp-content\/uploads\/2024\/02\/shutt-liderazgo-empresarial-ajedrez-batalla-estrategia-negocios-2.91.webp&#8221; parallax=&#8221;on&#8221; parallax_method=&#8221;off&#8221; locked=&#8221;off&#8221; global_colors_info=&#8221;{}&#8221;][et_pb_row _builder_version=&#8221;4.25.0&#8243; _module_preset=&#8221;default&#8221; background_color=&#8221;rgba(255,255,255,0.9)&#8221; width=&#8221;95%&#8221; max_width=&#8221;650px&#8221; custom_margin=&#8221;|25px|||false|false&#8221; custom_margin_tablet=&#8221;|auto||auto|false|false&#8221; custom_margin_phone=&#8221;|auto||auto|false|false&#8221; custom_margin_last_edited=&#8221;on|tablet&#8221; custom_padding=&#8221;30px|30px|30px|30px|false|false&#8221; animation_style=&#8221;flip&#8221; global_colors_info=&#8221;{}&#8221;][et_pb_column type=&#8221;4_4&#8243; _builder_version=&#8221;4.17.0&#8243; _module_preset=&#8221;default&#8221; global_colors_info=&#8221;{}&#8221;][et_pb_post_title meta=&#8221;off&#8221; featured_image=&#8221;off&#8221; admin_label=&#8221;T\u00edtulo de publicaci\u00f3n&#8221; module_class=&#8221;h1-30px&#8221; _builder_version=&#8221;4.25.0&#8243; _module_preset=&#8221;default&#8221; background_enable_color=&#8221;off&#8221; title_font_size_tablet=&#8221;25px&#8221; title_font_size_phone=&#8221;&#8221; title_font_size_last_edited=&#8221;on|phone&#8221; locked=&#8221;off&#8221; global_colors_info=&#8221;{}&#8221;][\/et_pb_post_title][et_pb_text admin_label=&#8221;Detalles evento&#8221; _builder_version=&#8221;4.25.0&#8243; _module_preset=&#8221;default&#8221; background_enable_color=&#8221;off&#8221; locked=&#8221;off&#8221; global_colors_info=&#8221;{}&#8221;]<\/p>\n<p><i class=\"fa-solid fa-location-dot\"><\/i> Edifici Foment del Treball, Via Laietana, 32, principal (Sala B), Barcelona, 08003<\/p>\n<p><i class=\"fa-solid fa-calendar-days\"><\/i> Dimarts, 18 Juny 2024<\/p>\n<p><i class=\"fa-solid fa-clock\"><\/i> 18:30 h<\/p>\n<p>Presentaci\u00f3 a c\u00e0rrec de l&#8217;<a href=\"https:\/\/raed.academy\/ca\/academics\/dr-jaume-llopis-casellas\/\"><strong>Excm. Sr. Dr. Jaume Llopis i Casellas<\/strong><\/a>, autor del llibre. Acad\u00e8mic Numerari i Vicepresident de la Junta de Govern de la RAED. Doctor en Economia i Direcci\u00f3 d&#8217;Empreses<\/p>\n<p><strong>Format:<\/strong> Presencial<\/p>\n<p><strong>Inscripci\u00f3:<\/strong> Contactar amb Secretaria de la RAED: <strong>secretaria@raed.academy<\/strong> o <strong>tel. 93 667 40 54<\/strong><\/p>\n<p>[\/et_pb_text][\/et_pb_column][\/et_pb_row][\/et_pb_section][et_pb_section fb_built=&#8221;1&#8243; admin_label=&#8221;section&#8221; _builder_version=&#8221;4.17.0&#8243; custom_padding=&#8221;0px||||false|false&#8221; locked=&#8221;off&#8221; global_colors_info=&#8221;{}&#8221;][et_pb_row admin_label=&#8221;row&#8221; _builder_version=&#8221;4.25.0&#8243; background_size=&#8221;initial&#8221; background_position=&#8221;top_left&#8221; background_repeat=&#8221;repeat&#8221; max_width=&#8221;1400px&#8221; hover_enabled=&#8221;0&#8243; global_colors_info=&#8221;{}&#8221; use_custom_gutter=&#8221;on&#8221; gutter_width=&#8221;1&#8243; sticky_enabled=&#8221;0&#8243;][et_pb_column type=&#8221;4_4&#8243; _builder_version=&#8221;4.16&#8243; custom_padding=&#8221;|||&#8221; global_colors_info=&#8221;{}&#8221; custom_padding__hover=&#8221;|||&#8221;][et_pb_text admin_label=&#8221;Itinerario, objetivos y empresas organizadoras&#8221; _builder_version=&#8221;4.25.0&#8243; background_size=&#8221;initial&#8221; background_position=&#8221;top_left&#8221; background_repeat=&#8221;repeat&#8221; locked=&#8221;off&#8221; global_colors_info=&#8221;{}&#8221;]<\/p>\n<h2>Descripci\u00f3 de la presentaci\u00f3<\/h2>\n<div id=\"attachment_92751\" style=\"width: 211px\" class=\"wp-caption alignright\"><img loading=\"lazy\" decoding=\"async\" aria-describedby=\"caption-attachment-92751\" class=\"wp-image-92751\" src=\"https:\/\/raed.academy\/wp-content\/uploads\/2020\/07\/Jaume-Llopis.jpg\" alt=\"Dr. Jaume Llopis\" width=\"201\" height=\"278\" \/><p id=\"caption-attachment-92751\" class=\"wp-caption-text\">Dr. Jaume Llopis<\/p><\/div>\n<p>En entorns cada cop m\u00e9s canviants, complexos i din\u00e0mics, com els que ens enfrontem actualment, la tasca del directiu ha anat canviant, i no podem desenvolupar estrat\u00e8gies empresarials per al segle XXI amb organitzacions i directius del segle XX.<\/p>\n<p>En les darreres dues d\u00e8cades s&#8217;han produ\u00eft canvis de gran rellev\u00e0ncia al mercat global que han emp\u00e8s les empreses a abordar grans transformacions en els seus sistemes de gesti\u00f3. No obstant aix\u00f2, se sap poc sobre l&#8217;impacte que han tingut sobre el dia a dia de la direcci\u00f3 general de les organitzacions, i sobre com aquesta adapta els seus rols, funcions i prioritats als nous escenaris.<\/p>\n<p>Intel\u00b7lig\u00e8ncia directiva. Manual per liderar equips respon a la necessitat de repensar veritats tradicionalment acceptades sobre qu\u00e8 significa dirigir empreses i sobre com abordar aquesta tasca complexa quan els entorns es caracteritzen per la volatilitat, incertesa, complexitat i ambig\u00fcitat.<\/p>\n<p>L&#8217;autor, el <a href=\"https:\/\/raed.academy\/ca\/academics\/dr-jaume-llopis-casellas\/\"><strong>Dr. Jaume Llopis<\/strong><\/a>, proposa un tipus de lideratge col\u00b7laboratiu, una cultura basada en la confian\u00e7a i la responsabilitat, amb equips dotats dels recursos tecnol\u00f2gics necessaris per prendre de manera descentralitzada decisions informades.<\/p>\n<p>[\/et_pb_text][et_pb_divider show_divider=&#8221;off&#8221; _builder_version=&#8221;4.25.0&#8243; _module_preset=&#8221;default&#8221; height=&#8221;50px&#8221; locked=&#8221;off&#8221; global_colors_info=&#8221;{}&#8221;][\/et_pb_divider][et_pb_video src=&#8221;https:\/\/youtu.be\/ZYSLXWb126U&#8221; _builder_version=&#8221;4.25.0&#8243; _module_preset=&#8221;default&#8221; animation_style=&#8221;flip&#8221; locked=&#8221;off&#8221; global_colors_info=&#8221;{}&#8221;][\/et_pb_video][et_pb_divider show_divider=&#8221;off&#8221; _builder_version=&#8221;4.25.0&#8243; _module_preset=&#8221;default&#8221; height=&#8221;50px&#8221; locked=&#8221;off&#8221; global_colors_info=&#8221;{}&#8221;][\/et_pb_divider][et_pb_gallery gallery_ids=&#8221;150608,150611,150614,150617&#8243; show_title_and_caption=&#8221;off&#8221; show_pagination=&#8221;off&#8221; module_class=&#8221;galeria-pad-1&#8243; _builder_version=&#8221;4.25.0&#8243; _module_preset=&#8221;default&#8221; locked=&#8221;off&#8221; global_colors_info=&#8221;{}&#8221;][\/et_pb_gallery][\/et_pb_column][\/et_pb_row][et_pb_row column_structure=&#8221;2_3,1_3&#8243; admin_label=&#8221;Fila&#8221; _builder_version=&#8221;4.25.0&#8243; _module_preset=&#8221;default&#8221; max_width=&#8221;1400px&#8221; hover_enabled=&#8221;0&#8243; locked=&#8221;off&#8221; global_colors_info=&#8221;{}&#8221; sticky_enabled=&#8221;0&#8243;][et_pb_column type=&#8221;2_3&#8243; _builder_version=&#8221;4.16&#8243; _module_preset=&#8221;default&#8221; global_colors_info=&#8221;{}&#8221;][et_pb_code admin_label=&#8221;C\u00f3di &#8211; Organitzen&#8221; _builder_version=&#8221;4.21.0&#8243; _module_preset=&#8221;default&#8221; global_colors_info=&#8221;{}&#8221;]<pee class=\"ttl-colaboradores\">Organitzen:<\/pee><!-- [et_pb_line_break_holder] --><\/p>\n<div id=\"organizadores\"><!-- [et_pb_line_break_holder] --><\/p>\n<div class=\"logo-colaborador\"><a href=\"https:\/\/fundacionraed.org\/\" target=\"_blank\" rel=\"noopener noreferrer\"><img decoding=\"async\" src=\"https:\/\/raed.academy\/wp-content\/uploads\/2021\/10\/Logo-Fundacion-RAED-160px.jpg\" alt=\"Fundaci\u00f3n RAED\"><\/p>\n<div class=\"txt\"><\/div>\n<p><\/a><\/div>\n<p><!-- [et_pb_line_break_holder] --><!-- [et_pb_line_break_holder] --><\/p>\n<div class=\"logo-colaborador\"><a href=\"https:\/\/raed.academy\/ca\/\" target=\"_blank\" rel=\"noopener noreferrer\"><img decoding=\"async\" src=\"https:\/\/raed.academy\/wp-content\/uploads\/2021\/10\/Logo-RAED-160px.jpg\" alt=\"Real Academia Europea de Doctores RAED\"><\/p>\n<div class=\"txt\"><\/div>\n<p><\/a><\/div>\n<p><!-- [et_pb_line_break_holder] --><\/div>\n<p>[\/et_pb_code][\/et_pb_column][et_pb_column type=&#8221;1_3&#8243; _builder_version=&#8221;4.16&#8243; _module_preset=&#8221;default&#8221; global_colors_info=&#8221;{}&#8221;][et_pb_code admin_label=&#8221;C\u00f3di &#8211; Amb la col\u00b7laboraci\u00f3 de&#8221; _builder_version=&#8221;4.23.4&#8243; _module_preset=&#8221;default&#8221; global_colors_info=&#8221;{}&#8221;]<pee class=\"ttl-colaboradores\">Amb la col\u00b7laboraci\u00f3 de:<\/pee> <!-- [et_pb_line_break_holder] --><\/p>\n<div id=\"colaboradores\"><!-- [et_pb_line_break_holder] -->  <!-- [et_pb_line_break_holder] --><\/p>\n<div class=\"logo-colaborador\"><!-- [et_pb_line_break_holder] --><\/p>\n<div class=\"txt-circular\"><\/div>\n<p><!-- [et_pb_line_break_holder] -->  <a href=\"http:\/\/justicia.gencat.cat\/ca\/inici\" target=\"_blank\" rel=\"noopener noreferrer\"><img decoding=\"async\" src=\"https:\/\/raed.academy\/wp-content\/uploads\/2021\/10\/Generalitat-de-Catalunya-dept-Justicia-215px.jpg\" alt=\"Generalitat de catalunya\"><\/a><\/div>\n<p><!-- [et_pb_line_break_holder] --><\/div>\n<p>[\/et_pb_code][\/et_pb_column][\/et_pb_row][\/et_pb_section]<\/p>\n","protected":false},"excerpt":{"rendered":"<p>El Doctor Jaume Llopis i Casellas, Doctor en Economia i Direcci\u00f3 d&#8217;Empreses, presenta el seu darrer llibre &#8220;Inteligencia directiva. Manual para liderar equipos&#8221;<\/p>\n","protected":false},"featured_media":145747,"template":"","meta":{"_et_pb_use_builder":"on","_et_pb_old_content":"","_et_gb_content_width":""},"class_list":["post-148726","dp_events","type-dp_events","status-publish","has-post-thumbnail","hentry"],"yoast_head":"<!-- This site is optimized with the Yoast SEO plugin v27.5 - https:\/\/yoast.com\/product\/yoast-seo-wordpress\/ -->\n<title>Presentaci\u00f3 del llibre &quot;Inteligencia directiva. Manual para liderar equipos&quot;, per Jaume Llopis - Reial Acad\u00e8mia Europea de Doctors<\/title>\n<meta name=\"description\" content=\"El Doctor Jaume Llopis i Casellas, Doctor en Economia i Direcci\u00f3 d&#039;Empreses, presenta el seu darrer llibre &quot;Inteligencia directiva. Manual para liderar equipos&quot;\" \/>\n<meta name=\"robots\" content=\"index, follow, max-snippet:-1, max-image-preview:large, max-video-preview:-1\" \/>\n<link rel=\"canonical\" href=\"https:\/\/raed.academy\/ca\/esdeveniments\/presentacio-del-llibre-inteligencia-directiva-manual-para-liderar-equipos-por-jaume-llopis\/\" \/>\n<meta property=\"og:locale\" content=\"ca_ES\" \/>\n<meta property=\"og:type\" content=\"article\" \/>\n<meta property=\"og:title\" content=\"Presentaci\u00f3 del llibre &quot;Inteligencia directiva. Manual para liderar equipos&quot;, per Jaume Llopis - Reial Acad\u00e8mia Europea de Doctors\" \/>\n<meta property=\"og:description\" content=\"El Doctor Jaume Llopis i Casellas, Doctor en Economia i Direcci\u00f3 d&#039;Empreses, presenta el seu darrer llibre &quot;Inteligencia directiva. Manual para liderar equipos&quot;\" \/>\n<meta property=\"og:url\" content=\"https:\/\/raed.academy\/ca\/esdeveniments\/presentacio-del-llibre-inteligencia-directiva-manual-para-liderar-equipos-por-jaume-llopis\/\" \/>\n<meta property=\"og:site_name\" content=\"Reial Acad\u00e8mia Europea de Doctors\" \/>\n<meta property=\"article:publisher\" content=\"http:\/\/fb.me\/raed.academy\" \/>\n<meta property=\"article:modified_time\" content=\"2024-06-25T10:29:14+00:00\" \/>\n<meta property=\"og:image\" content=\"https:\/\/raed.academy\/wp-content\/uploads\/2024\/02\/Inteligencia-Directiva-Manual-para-liderar-equipos-Dr-Jaume-Llopis-dst.webp\" \/>\n\t<meta property=\"og:image:width\" content=\"600\" \/>\n\t<meta property=\"og:image:height\" content=\"360\" \/>\n\t<meta property=\"og:image:type\" content=\"image\/webp\" \/>\n<meta name=\"twitter:card\" content=\"summary_large_image\" \/>\n<meta name=\"twitter:site\" content=\"@raedacademy\" \/>\n<meta name=\"twitter:label1\" content=\"Est. reading time\" \/>\n\t<meta name=\"twitter:data1\" content=\"3 minutes\" \/>\n<script type=\"application\/ld+json\" class=\"yoast-schema-graph\">{\"@context\":\"https:\\\/\\\/schema.org\",\"@graph\":[{\"@type\":\"WebPage\",\"@id\":\"https:\\\/\\\/raed.academy\\\/ca\\\/esdeveniments\\\/presentacio-del-llibre-inteligencia-directiva-manual-para-liderar-equipos-por-jaume-llopis\\\/\",\"url\":\"https:\\\/\\\/raed.academy\\\/ca\\\/esdeveniments\\\/presentacio-del-llibre-inteligencia-directiva-manual-para-liderar-equipos-por-jaume-llopis\\\/\",\"name\":\"Presentaci\u00f3 del llibre \\\"Inteligencia directiva. Manual para liderar equipos\\\", per Jaume Llopis - Reial Acad\u00e8mia Europea de Doctors\",\"isPartOf\":{\"@id\":\"https:\\\/\\\/raed.academy\\\/ca\\\/#website\"},\"primaryImageOfPage\":{\"@id\":\"https:\\\/\\\/raed.academy\\\/ca\\\/esdeveniments\\\/presentacio-del-llibre-inteligencia-directiva-manual-para-liderar-equipos-por-jaume-llopis\\\/#primaryimage\"},\"image\":{\"@id\":\"https:\\\/\\\/raed.academy\\\/ca\\\/esdeveniments\\\/presentacio-del-llibre-inteligencia-directiva-manual-para-liderar-equipos-por-jaume-llopis\\\/#primaryimage\"},\"thumbnailUrl\":\"https:\\\/\\\/raed.academy\\\/wp-content\\\/uploads\\\/2024\\\/02\\\/Inteligencia-Directiva-Manual-para-liderar-equipos-Dr-Jaume-Llopis-dst.webp\",\"datePublished\":\"2024-05-09T23:23:49+00:00\",\"dateModified\":\"2024-06-25T10:29:14+00:00\",\"description\":\"El Doctor Jaume Llopis i Casellas, Doctor en Economia i Direcci\u00f3 d'Empreses, presenta el seu darrer llibre \\\"Inteligencia directiva. Manual para liderar equipos\\\"\",\"breadcrumb\":{\"@id\":\"https:\\\/\\\/raed.academy\\\/ca\\\/esdeveniments\\\/presentacio-del-llibre-inteligencia-directiva-manual-para-liderar-equipos-por-jaume-llopis\\\/#breadcrumb\"},\"inLanguage\":\"ca-ES\",\"potentialAction\":[{\"@type\":\"ReadAction\",\"target\":[\"https:\\\/\\\/raed.academy\\\/ca\\\/esdeveniments\\\/presentacio-del-llibre-inteligencia-directiva-manual-para-liderar-equipos-por-jaume-llopis\\\/\"]}]},{\"@type\":\"ImageObject\",\"inLanguage\":\"ca-ES\",\"@id\":\"https:\\\/\\\/raed.academy\\\/ca\\\/esdeveniments\\\/presentacio-del-llibre-inteligencia-directiva-manual-para-liderar-equipos-por-jaume-llopis\\\/#primaryimage\",\"url\":\"https:\\\/\\\/raed.academy\\\/wp-content\\\/uploads\\\/2024\\\/02\\\/Inteligencia-Directiva-Manual-para-liderar-equipos-Dr-Jaume-Llopis-dst.webp\",\"contentUrl\":\"https:\\\/\\\/raed.academy\\\/wp-content\\\/uploads\\\/2024\\\/02\\\/Inteligencia-Directiva-Manual-para-liderar-equipos-Dr-Jaume-Llopis-dst.webp\",\"width\":600,\"height\":360},{\"@type\":\"BreadcrumbList\",\"@id\":\"https:\\\/\\\/raed.academy\\\/ca\\\/esdeveniments\\\/presentacio-del-llibre-inteligencia-directiva-manual-para-liderar-equipos-por-jaume-llopis\\\/#breadcrumb\",\"itemListElement\":[{\"@type\":\"ListItem\",\"position\":1,\"name\":\"Inicio\",\"item\":\"https:\\\/\\\/raed.academy\\\/ca\\\/\"},{\"@type\":\"ListItem\",\"position\":2,\"name\":\"Activitats\",\"item\":\"https:\\\/\\\/raed.academy\\\/ca\\\/esdeveniments\\\/\"},{\"@type\":\"ListItem\",\"position\":3,\"name\":\"Presentaci\u00f3 del llibre \u00abInteligencia directiva. Manual para liderar equipos\u00bb, per Jaume Llopis\"}]},{\"@type\":\"WebSite\",\"@id\":\"https:\\\/\\\/raed.academy\\\/ca\\\/#website\",\"url\":\"https:\\\/\\\/raed.academy\\\/ca\\\/\",\"name\":\"Reial Acad\u00e8mia Europea de Doctors\",\"description\":\"Corporaci\u00f3n de derecho p\u00fablico de car\u00e1cter cient\u00edfico, t\u00e9cnico y art\u00edstico, que tiene por objeto la investigaci\u00f3n, el estudio, el fomento y la extensi\u00f3n del conocimiento en su sentido m\u00e1s amplio\",\"publisher\":{\"@id\":\"https:\\\/\\\/raed.academy\\\/ca\\\/#organization\"},\"potentialAction\":[{\"@type\":\"SearchAction\",\"target\":{\"@type\":\"EntryPoint\",\"urlTemplate\":\"https:\\\/\\\/raed.academy\\\/ca\\\/?s={search_term_string}\"},\"query-input\":{\"@type\":\"PropertyValueSpecification\",\"valueRequired\":true,\"valueName\":\"search_term_string\"}}],\"inLanguage\":\"ca-ES\"},{\"@type\":\"Organization\",\"@id\":\"https:\\\/\\\/raed.academy\\\/ca\\\/#organization\",\"name\":\"Real Academia Europea de Doctores\",\"url\":\"https:\\\/\\\/raed.academy\\\/ca\\\/\",\"logo\":{\"@type\":\"ImageObject\",\"inLanguage\":\"ca-ES\",\"@id\":\"https:\\\/\\\/raed.academy\\\/ca\\\/#\\\/schema\\\/logo\\\/image\\\/\",\"url\":\"https:\\\/\\\/raed.academy\\\/wp-content\\\/uploads\\\/2017\\\/01\\\/cropped-logo_raed.png\",\"contentUrl\":\"https:\\\/\\\/raed.academy\\\/wp-content\\\/uploads\\\/2017\\\/01\\\/cropped-logo_raed.png\",\"width\":512,\"height\":512,\"caption\":\"Real Academia Europea de Doctores\"},\"image\":{\"@id\":\"https:\\\/\\\/raed.academy\\\/ca\\\/#\\\/schema\\\/logo\\\/image\\\/\"},\"sameAs\":[\"http:\\\/\\\/fb.me\\\/raed.academy\",\"https:\\\/\\\/x.com\\\/raedacademy\",\"https:\\\/\\\/www.instagram.com\\\/raed.academy\\\/\",\"https:\\\/\\\/www.youtube.com\\\/channel\\\/UCUYQwW2KrdirNWihxMDObwg\"]}]}<\/script>\n<!-- \/ Yoast SEO plugin. -->","yoast_head_json":{"title":"Presentaci\u00f3 del llibre \"Inteligencia directiva. Manual para liderar equipos\", per Jaume Llopis - Reial Acad\u00e8mia Europea de Doctors","description":"El Doctor Jaume Llopis i Casellas, Doctor en Economia i Direcci\u00f3 d'Empreses, presenta el seu darrer llibre \"Inteligencia directiva. Manual para liderar equipos\"","robots":{"index":"index","follow":"follow","max-snippet":"max-snippet:-1","max-image-preview":"max-image-preview:large","max-video-preview":"max-video-preview:-1"},"canonical":"https:\/\/raed.academy\/ca\/esdeveniments\/presentacio-del-llibre-inteligencia-directiva-manual-para-liderar-equipos-por-jaume-llopis\/","og_locale":"ca_ES","og_type":"article","og_title":"Presentaci\u00f3 del llibre \"Inteligencia directiva. Manual para liderar equipos\", per Jaume Llopis - Reial Acad\u00e8mia Europea de Doctors","og_description":"El Doctor Jaume Llopis i Casellas, Doctor en Economia i Direcci\u00f3 d'Empreses, presenta el seu darrer llibre \"Inteligencia directiva. Manual para liderar equipos\"","og_url":"https:\/\/raed.academy\/ca\/esdeveniments\/presentacio-del-llibre-inteligencia-directiva-manual-para-liderar-equipos-por-jaume-llopis\/","og_site_name":"Reial Acad\u00e8mia Europea de Doctors","article_publisher":"http:\/\/fb.me\/raed.academy","article_modified_time":"2024-06-25T10:29:14+00:00","og_image":[{"width":600,"height":360,"url":"https:\/\/raed.academy\/wp-content\/uploads\/2024\/02\/Inteligencia-Directiva-Manual-para-liderar-equipos-Dr-Jaume-Llopis-dst.webp","type":"image\/webp"}],"twitter_card":"summary_large_image","twitter_site":"@raedacademy","twitter_misc":{"Est. reading time":"3 minutes"},"schema":{"@context":"https:\/\/schema.org","@graph":[{"@type":"WebPage","@id":"https:\/\/raed.academy\/ca\/esdeveniments\/presentacio-del-llibre-inteligencia-directiva-manual-para-liderar-equipos-por-jaume-llopis\/","url":"https:\/\/raed.academy\/ca\/esdeveniments\/presentacio-del-llibre-inteligencia-directiva-manual-para-liderar-equipos-por-jaume-llopis\/","name":"Presentaci\u00f3 del llibre \"Inteligencia directiva. Manual para liderar equipos\", per Jaume Llopis - Reial Acad\u00e8mia Europea de Doctors","isPartOf":{"@id":"https:\/\/raed.academy\/ca\/#website"},"primaryImageOfPage":{"@id":"https:\/\/raed.academy\/ca\/esdeveniments\/presentacio-del-llibre-inteligencia-directiva-manual-para-liderar-equipos-por-jaume-llopis\/#primaryimage"},"image":{"@id":"https:\/\/raed.academy\/ca\/esdeveniments\/presentacio-del-llibre-inteligencia-directiva-manual-para-liderar-equipos-por-jaume-llopis\/#primaryimage"},"thumbnailUrl":"https:\/\/raed.academy\/wp-content\/uploads\/2024\/02\/Inteligencia-Directiva-Manual-para-liderar-equipos-Dr-Jaume-Llopis-dst.webp","datePublished":"2024-05-09T23:23:49+00:00","dateModified":"2024-06-25T10:29:14+00:00","description":"El Doctor Jaume Llopis i Casellas, Doctor en Economia i Direcci\u00f3 d'Empreses, presenta el seu darrer llibre \"Inteligencia directiva. Manual para liderar equipos\"","breadcrumb":{"@id":"https:\/\/raed.academy\/ca\/esdeveniments\/presentacio-del-llibre-inteligencia-directiva-manual-para-liderar-equipos-por-jaume-llopis\/#breadcrumb"},"inLanguage":"ca-ES","potentialAction":[{"@type":"ReadAction","target":["https:\/\/raed.academy\/ca\/esdeveniments\/presentacio-del-llibre-inteligencia-directiva-manual-para-liderar-equipos-por-jaume-llopis\/"]}]},{"@type":"ImageObject","inLanguage":"ca-ES","@id":"https:\/\/raed.academy\/ca\/esdeveniments\/presentacio-del-llibre-inteligencia-directiva-manual-para-liderar-equipos-por-jaume-llopis\/#primaryimage","url":"https:\/\/raed.academy\/wp-content\/uploads\/2024\/02\/Inteligencia-Directiva-Manual-para-liderar-equipos-Dr-Jaume-Llopis-dst.webp","contentUrl":"https:\/\/raed.academy\/wp-content\/uploads\/2024\/02\/Inteligencia-Directiva-Manual-para-liderar-equipos-Dr-Jaume-Llopis-dst.webp","width":600,"height":360},{"@type":"BreadcrumbList","@id":"https:\/\/raed.academy\/ca\/esdeveniments\/presentacio-del-llibre-inteligencia-directiva-manual-para-liderar-equipos-por-jaume-llopis\/#breadcrumb","itemListElement":[{"@type":"ListItem","position":1,"name":"Inicio","item":"https:\/\/raed.academy\/ca\/"},{"@type":"ListItem","position":2,"name":"Activitats","item":"https:\/\/raed.academy\/ca\/esdeveniments\/"},{"@type":"ListItem","position":3,"name":"Presentaci\u00f3 del llibre \u00abInteligencia directiva. Manual para liderar equipos\u00bb, per Jaume Llopis"}]},{"@type":"WebSite","@id":"https:\/\/raed.academy\/ca\/#website","url":"https:\/\/raed.academy\/ca\/","name":"Reial Acad\u00e8mia Europea de Doctors","description":"Corporaci\u00f3n de derecho p\u00fablico de car\u00e1cter cient\u00edfico, t\u00e9cnico y art\u00edstico, que tiene por objeto la investigaci\u00f3n, el estudio, el fomento y la extensi\u00f3n del conocimiento en su sentido m\u00e1s amplio","publisher":{"@id":"https:\/\/raed.academy\/ca\/#organization"},"potentialAction":[{"@type":"SearchAction","target":{"@type":"EntryPoint","urlTemplate":"https:\/\/raed.academy\/ca\/?s={search_term_string}"},"query-input":{"@type":"PropertyValueSpecification","valueRequired":true,"valueName":"search_term_string"}}],"inLanguage":"ca-ES"},{"@type":"Organization","@id":"https:\/\/raed.academy\/ca\/#organization","name":"Real Academia Europea de Doctores","url":"https:\/\/raed.academy\/ca\/","logo":{"@type":"ImageObject","inLanguage":"ca-ES","@id":"https:\/\/raed.academy\/ca\/#\/schema\/logo\/image\/","url":"https:\/\/raed.academy\/wp-content\/uploads\/2017\/01\/cropped-logo_raed.png","contentUrl":"https:\/\/raed.academy\/wp-content\/uploads\/2017\/01\/cropped-logo_raed.png","width":512,"height":512,"caption":"Real Academia Europea de Doctores"},"image":{"@id":"https:\/\/raed.academy\/ca\/#\/schema\/logo\/image\/"},"sameAs":["http:\/\/fb.me\/raed.academy","https:\/\/x.com\/raedacademy","https:\/\/www.instagram.com\/raed.academy\/","https:\/\/www.youtube.com\/channel\/UCUYQwW2KrdirNWihxMDObwg"]}]}},"_links":{"self":[{"href":"https:\/\/raed.academy\/ca\/wp-json\/wp\/v2\/dp_events\/148726","targetHints":{"allow":["GET"]}}],"collection":[{"href":"https:\/\/raed.academy\/ca\/wp-json\/wp\/v2\/dp_events"}],"about":[{"href":"https:\/\/raed.academy\/ca\/wp-json\/wp\/v2\/types\/dp_events"}],"wp:featuredmedia":[{"embeddable":true,"href":"https:\/\/raed.academy\/ca\/wp-json\/wp\/v2\/media\/145747"}],"wp:attachment":[{"href":"https:\/\/raed.academy\/ca\/wp-json\/wp\/v2\/media?parent=148726"}],"curies":[{"name":"wp","href":"https:\/\/api.w.org\/{rel}","templated":true}]}}