{"id":145895,"date":"2024-02-29T15:02:41","date_gmt":"2024-02-29T15:02:41","guid":{"rendered":"https:\/\/raed.academy\/?post_type=dp_events&#038;p=145895"},"modified":"2024-07-08T11:38:54","modified_gmt":"2024-07-08T11:38:54","slug":"conferencia-la-historia-del-moviment-feminista","status":"publish","type":"dp_events","link":"https:\/\/raed.academy\/ca\/esdeveniments\/conferencia-la-historia-del-moviment-feminista\/","title":{"rendered":"Confer\u00e8ncia: La Hist\u00f2ria del Moviment Feminista"},"content":{"rendered":"<p>[et_pb_section fb_built=&#8221;1&#8243; admin_label=&#8221;Secci\u00f3n&#8221; _builder_version=&#8221;4.24.2&#8243; _module_preset=&#8221;default&#8221; background_image=&#8221;https:\/\/raed.academy\/wp-content\/uploads\/2024\/02\/shutt-mujeres-feminismo-bandera-2.91.webp&#8221; parallax=&#8221;on&#8221; parallax_method=&#8221;off&#8221; locked=&#8221;off&#8221; global_colors_info=&#8221;{}&#8221;][et_pb_row _builder_version=&#8221;4.23&#8243; _module_preset=&#8221;default&#8221; background_color=&#8221;rgba(255,255,255,0.8)&#8221; width=&#8221;95%&#8221; max_width=&#8221;650px&#8221; custom_margin=&#8221;|25px|||false|false&#8221; custom_padding=&#8221;30px|30px|30px|30px|false|false&#8221; animation_style=&#8221;flip&#8221; global_colors_info=&#8221;{}&#8221;][et_pb_column type=&#8221;4_4&#8243; _builder_version=&#8221;4.17.0&#8243; _module_preset=&#8221;default&#8221; global_colors_info=&#8221;{}&#8221;][et_pb_post_title meta=&#8221;off&#8221; featured_image=&#8221;off&#8221; admin_label=&#8221;T\u00edtulo de publicaci\u00f3n&#8221; module_class=&#8221;h1-30px&#8221; _builder_version=&#8221;4.23.4&#8243; _module_preset=&#8221;default&#8221; background_enable_color=&#8221;off&#8221; locked=&#8221;off&#8221; global_colors_info=&#8221;{}&#8221;][\/et_pb_post_title][et_pb_text admin_label=&#8221;Detalles evento&#8221; _builder_version=&#8221;4.24.2&#8243; _module_preset=&#8221;default&#8221; background_enable_color=&#8221;off&#8221; locked=&#8221;off&#8221; global_colors_info=&#8221;{}&#8221;]<\/p>\n<p><i class=\"fa-solid fa-location-dot\"><\/i> Sala de juntes de la seu de la RAED, a Via Laietana, 32, 3a planta, despatx 311, edifici Foment del Treball<\/p>\n<p><i class=\"fa-solid fa-calendar-days\"><\/i> Dijous, 14 Mar\u00e7 2024<\/p>\n<p><i class=\"fa-solid fa-clock\"><\/i> 18:30 h<\/p>\n<p><strong>A c\u00e0rrec de: <a href=\"https:\/\/raed.academy\/ca\/academics\/dr-jose-antonio-lejarcegui-fort\/\">Excm. Sr. Dr. Jos\u00e9 Antonio Lej\u00e1rcegui Fort<\/a><\/strong>, Doctor en Medicina i Cirurgia<\/p>\n<p><strong>Format:<\/strong> Presencial<\/p>\n<p><strong>Inscripci\u00f3: <\/strong>Es prega confirmaci\u00f3 d&#8217;assist\u00e8ncia a Secretaria:\u00a0<a href=\"mailto:secretaria@raed.academy\"><strong>secretaria@raed.academy<\/strong><\/a> o al <strong>tel. 93 667 40 54<\/strong><\/p>\n<p>&nbsp;<\/p>\n<p>[\/et_pb_text][\/et_pb_column][\/et_pb_row][\/et_pb_section][et_pb_section fb_built=&#8221;1&#8243; admin_label=&#8221;section&#8221; _builder_version=&#8221;4.17.0&#8243; custom_padding=&#8221;0px||||false|false&#8221; locked=&#8221;off&#8221; global_colors_info=&#8221;{}&#8221;][et_pb_row admin_label=&#8221;row&#8221; _builder_version=&#8221;4.25.0&#8243; background_size=&#8221;initial&#8221; background_position=&#8221;top_left&#8221; background_repeat=&#8221;repeat&#8221; max_width=&#8221;1400px&#8221; hover_enabled=&#8221;0&#8243; global_colors_info=&#8221;{}&#8221; sticky_enabled=&#8221;0&#8243;][et_pb_column type=&#8221;4_4&#8243; _builder_version=&#8221;4.16&#8243; custom_padding=&#8221;|||&#8221; global_colors_info=&#8221;{}&#8221; custom_padding__hover=&#8221;|||&#8221;][et_pb_text admin_label=&#8221;Itinerario, objetivos y empresas organizadoras&#8221; _builder_version=&#8221;4.24.2&#8243; background_size=&#8221;initial&#8221; background_position=&#8221;top_left&#8221; background_repeat=&#8221;repeat&#8221; locked=&#8221;off&#8221; global_colors_info=&#8221;{}&#8221;]<\/p>\n<h2>Descripci\u00f3 de l&#8217;acte<\/h2>\n<div id=\"attachment_136058\" style=\"width: 200px\" class=\"wp-caption alignleft\"><img loading=\"lazy\" decoding=\"async\" aria-describedby=\"caption-attachment-136058\" class=\"wp-image-136058 \" src=\"https:\/\/raed.academy\/wp-content\/uploads\/2023\/07\/Dr-Jose-Antonio-Lejarcegui-Fort-230x317px.jpg\" alt=\"Dr. Jos\u00e9 Antonio Lej\u00e1rcegui Fort\" width=\"190\" height=\"262\" \/><p id=\"caption-attachment-136058\" class=\"wp-caption-text\">Dr. Jos\u00e9 Antonio Lej\u00e1rcegui<\/p><\/div>\n<p>En commemoraci\u00f3 del vuit de mar\u00e7, <strong>Dia Internacional de la Dona<\/strong>, el <a href=\"https:\/\/raed.academy\/ca\/academics\/dr-jose-antonio-lejarcegui-fort\/\"><strong>Dr. Jos\u00e9 Antonio Lej\u00e1rcegui Fort<\/strong><\/a>, Acad\u00e8mic Numerari de la RAED, i en homenatge a les dones Acad\u00e8miques de la Instituci\u00f3, pronunciar\u00e0 una confer\u00e8ncia sobre <strong>\u201cLa Hist\u00f2ria del Moviment Feminista\u201d<\/strong>.<\/p>\n<p>El contingut del parlament versar\u00e0 sobre els esdeveniments que van provocar que hi hagu\u00e9s necessitat de recordar per sempre un dels fets hist\u00f2rics m\u00e9s rellevants a la viv\u00e8ncia de les dones, que van ser claus per desenvolupar el principi d&#8217;igualtat de drets de la dona i l&#8217;home. Aix\u00ed mateix, es comentaran les facetes m\u00e9s rellevants, que al llarg de la hist\u00f2ria han tingut lloc, de la lluita de les dones, per assolir aquest objectiu des de l&#8217;antiguitat fins a l&#8217;actualitat. La visi\u00f3 panor\u00e0mica transcorre des de l&#8217;anomenat protofeminisme o feminisme premodern anomenat &#8220;la querella de les Dones&#8221; fins a la primera onada feminista en ocasi\u00f3 de la Revoluci\u00f3 Francesa i la Il\u00b7lustraci\u00f3. A partir d&#8217;aquest moment els objectius a assolir passen per l&#8217;obtenci\u00f3 de la igualtat dels drets de la dona respecte a l&#8217;home en aspectes com la igualtat d&#8217;oportunitats a l&#8217;educaci\u00f3, el sufragi, la vida laboral, a la pol\u00edtica, a les arts i la literatura, etc. En darrer terme es fa refer\u00e8ncia a l&#8217;aportaci\u00f3 de personatges de rellev\u00e0ncia en l&#8217;evoluci\u00f3 del feminisme a Catalunya.<\/p>\n<p>&nbsp;<\/p>\n<p>[\/et_pb_text][et_pb_video src=&#8221;https:\/\/youtu.be\/Yg-AcpiXpCc&#8221; _builder_version=&#8221;4.25.0&#8243; _module_preset=&#8221;default&#8221; animation_style=&#8221;flip&#8221; locked=&#8221;off&#8221; global_colors_info=&#8221;{}&#8221;][\/et_pb_video][\/et_pb_column][\/et_pb_row][et_pb_row column_structure=&#8221;1_2,1_2&#8243; use_custom_gutter=&#8221;on&#8221; gutter_width=&#8221;1&#8243; admin_label=&#8221;Fila&#8221; _builder_version=&#8221;4.25.0&#8243; _module_preset=&#8221;default&#8221; max_width=&#8221;1400px&#8221; locked=&#8221;off&#8221; global_colors_info=&#8221;{}&#8221;][et_pb_column type=&#8221;1_2&#8243; _builder_version=&#8221;4.16&#8243; _module_preset=&#8221;default&#8221; global_colors_info=&#8221;{}&#8221;][et_pb_code admin_label=&#8221;C\u00f3di &#8211; Organitzen&#8221; _builder_version=&#8221;4.21.0&#8243; _module_preset=&#8221;default&#8221; global_colors_info=&#8221;{}&#8221;]<pee class=\"ttl-colaboradores\">Organitzen:<\/pee><!-- [et_pb_line_break_holder] --><\/p>\n<div id=\"organizadores\"><!-- [et_pb_line_break_holder] --><\/p>\n<div class=\"logo-colaborador\"><a href=\"https:\/\/fundacionraed.org\/\" target=\"_blank\" rel=\"noopener noreferrer\"><img decoding=\"async\" src=\"https:\/\/raed.academy\/wp-content\/uploads\/2021\/10\/Logo-Fundacion-RAED-160px.jpg\" alt=\"Fundaci\u00f3n RAED\"><\/p>\n<div class=\"txt\"><\/div>\n<p><\/a><\/div>\n<p><!-- [et_pb_line_break_holder] --><!-- [et_pb_line_break_holder] --><\/p>\n<div class=\"logo-colaborador\"><a href=\"https:\/\/raed.academy\/ca\/\" target=\"_blank\" rel=\"noopener noreferrer\"><img decoding=\"async\" src=\"https:\/\/raed.academy\/wp-content\/uploads\/2021\/10\/Logo-RAED-160px.jpg\" alt=\"Real Academia Europea de Doctores RAED\"><\/p>\n<div class=\"txt\"><\/div>\n<p><\/a><\/div>\n<p><!-- [et_pb_line_break_holder] --><\/div>\n<p>[\/et_pb_code][\/et_pb_column][et_pb_column type=&#8221;1_2&#8243; _builder_version=&#8221;4.16&#8243; _module_preset=&#8221;default&#8221; global_colors_info=&#8221;{}&#8221;][et_pb_code admin_label=&#8221;C\u00f3di &#8211; Amb la col\u00b7laboraci\u00f3 de&#8221; _builder_version=&#8221;4.25.0&#8243; _module_preset=&#8221;default&#8221; hover_enabled=&#8221;0&#8243; global_colors_info=&#8221;{}&#8221; sticky_enabled=&#8221;0&#8243;]<pee class=\"ttl-colaboradores\">Amb la col\u00b7laboraci\u00f3 de:<\/pee> <!-- [et_pb_line_break_holder] --><\/p>\n<div id=\"colaboradores\"><!-- [et_pb_line_break_holder] -->  <!-- [et_pb_line_break_holder] --><\/p>\n<div class=\"logo-colaborador\"><!-- [et_pb_line_break_holder] --><\/p>\n<div class=\"txt-circular\"><\/div>\n<p><!-- [et_pb_line_break_holder] -->  <a href=\"https:\/\/fundacioncajasol.com\/\" target=\"_blank\" rel=\"noopener noreferrer\"><img decoding=\"async\" src=\"https:\/\/raed.academy\/wp-content\/uploads\/2022\/06\/Fundacion-Cajasol.png\" alt=\"Fundaci\u00f3n Cajasol\"><\/a><\/div>\n<p><!-- [et_pb_line_break_holder] --><\/p>\n<div class=\"logo-colaborador\"><!-- [et_pb_line_break_holder] --><\/p>\n<div class=\"txt-circular\"><\/div>\n<p><!-- [et_pb_line_break_holder] -->  <a href=\"http:\/\/justicia.gencat.cat\/ca\/inici\" target=\"_blank\" rel=\"noopener noreferrer\"><img decoding=\"async\" src=\"https:\/\/raed.academy\/wp-content\/uploads\/2021\/10\/Generalitat-de-Catalunya-dept-Justicia-215px.jpg\" alt=\"Generalitat de catalunya\"><\/a><\/div>\n<p><!-- [et_pb_line_break_holder] --><\/div>\n<p>[\/et_pb_code][\/et_pb_column][\/et_pb_row][\/et_pb_section]<\/p>\n","protected":false},"excerpt":{"rendered":"<p>Els fets i les facetes m\u00e9s rellevants, que al llarg de la hist\u00f2ria han tingut lloc, de la lluita de les dones per aconseguir l&#8217;objectiu de la igualtat<\/p>\n","protected":false},"featured_media":96474,"template":"","meta":{"_et_pb_use_builder":"on","_et_pb_old_content":"","_et_gb_content_width":""},"class_list":["post-145895","dp_events","type-dp_events","status-publish","has-post-thumbnail","hentry"],"yoast_head":"<!-- This site is optimized with the Yoast SEO plugin v27.5 - https:\/\/yoast.com\/product\/yoast-seo-wordpress\/ -->\n<title>Confer\u00e8ncia: La Hist\u00f2ria del Moviment Feminista - Reial Acad\u00e8mia Europea de Doctors<\/title>\n<meta name=\"description\" content=\"Els fets i les facetes m\u00e9s rellevants, que al llarg de la hist\u00f2ria han tingut lloc, de la lluita de les dones per aconseguir l&#039;objectiu de la igualtat\" \/>\n<meta name=\"robots\" content=\"index, follow, max-snippet:-1, max-image-preview:large, max-video-preview:-1\" \/>\n<link rel=\"canonical\" href=\"https:\/\/raed.academy\/ca\/esdeveniments\/conferencia-la-historia-del-moviment-feminista\/\" \/>\n<meta property=\"og:locale\" content=\"ca_ES\" \/>\n<meta property=\"og:type\" content=\"article\" \/>\n<meta property=\"og:title\" content=\"Confer\u00e8ncia: La Hist\u00f2ria del Moviment Feminista - Reial Acad\u00e8mia Europea de Doctors\" \/>\n<meta property=\"og:description\" content=\"Els fets i les facetes m\u00e9s rellevants, que al llarg de la hist\u00f2ria han tingut lloc, de la lluita de les dones per aconseguir l&#039;objectiu de la igualtat\" \/>\n<meta property=\"og:url\" content=\"https:\/\/raed.academy\/ca\/esdeveniments\/conferencia-la-historia-del-moviment-feminista\/\" \/>\n<meta property=\"og:site_name\" content=\"Reial Acad\u00e8mia Europea de Doctors\" \/>\n<meta property=\"article:publisher\" content=\"http:\/\/fb.me\/raed.academy\" \/>\n<meta property=\"article:modified_time\" content=\"2024-07-08T11:38:54+00:00\" \/>\n<meta property=\"og:image\" content=\"https:\/\/raed.academy\/wp-content\/uploads\/2020\/11\/un-simbolo-de-feminismo-dstNtc.jpg\" \/>\n\t<meta property=\"og:image:width\" content=\"400\" \/>\n\t<meta property=\"og:image:height\" content=\"240\" \/>\n\t<meta property=\"og:image:type\" content=\"image\/jpeg\" \/>\n<meta name=\"twitter:card\" content=\"summary_large_image\" \/>\n<meta name=\"twitter:site\" content=\"@raedacademy\" \/>\n<meta name=\"twitter:label1\" content=\"Est. reading time\" \/>\n\t<meta name=\"twitter:data1\" content=\"3 minutes\" \/>\n<script type=\"application\/ld+json\" class=\"yoast-schema-graph\">{\"@context\":\"https:\\\/\\\/schema.org\",\"@graph\":[{\"@type\":\"WebPage\",\"@id\":\"https:\\\/\\\/raed.academy\\\/ca\\\/esdeveniments\\\/conferencia-la-historia-del-moviment-feminista\\\/\",\"url\":\"https:\\\/\\\/raed.academy\\\/ca\\\/esdeveniments\\\/conferencia-la-historia-del-moviment-feminista\\\/\",\"name\":\"Confer\u00e8ncia: La Hist\u00f2ria del Moviment Feminista - Reial Acad\u00e8mia Europea de Doctors\",\"isPartOf\":{\"@id\":\"https:\\\/\\\/raed.academy\\\/ca\\\/#website\"},\"primaryImageOfPage\":{\"@id\":\"https:\\\/\\\/raed.academy\\\/ca\\\/esdeveniments\\\/conferencia-la-historia-del-moviment-feminista\\\/#primaryimage\"},\"image\":{\"@id\":\"https:\\\/\\\/raed.academy\\\/ca\\\/esdeveniments\\\/conferencia-la-historia-del-moviment-feminista\\\/#primaryimage\"},\"thumbnailUrl\":\"https:\\\/\\\/raed.academy\\\/wp-content\\\/uploads\\\/2020\\\/11\\\/un-simbolo-de-feminismo-dstNtc.jpg\",\"datePublished\":\"2024-02-29T15:02:41+00:00\",\"dateModified\":\"2024-07-08T11:38:54+00:00\",\"description\":\"Els fets i les facetes m\u00e9s rellevants, que al llarg de la hist\u00f2ria han tingut lloc, de la lluita de les dones per aconseguir l'objectiu de la igualtat\",\"breadcrumb\":{\"@id\":\"https:\\\/\\\/raed.academy\\\/ca\\\/esdeveniments\\\/conferencia-la-historia-del-moviment-feminista\\\/#breadcrumb\"},\"inLanguage\":\"ca-ES\",\"potentialAction\":[{\"@type\":\"ReadAction\",\"target\":[\"https:\\\/\\\/raed.academy\\\/ca\\\/esdeveniments\\\/conferencia-la-historia-del-moviment-feminista\\\/\"]}]},{\"@type\":\"ImageObject\",\"inLanguage\":\"ca-ES\",\"@id\":\"https:\\\/\\\/raed.academy\\\/ca\\\/esdeveniments\\\/conferencia-la-historia-del-moviment-feminista\\\/#primaryimage\",\"url\":\"https:\\\/\\\/raed.academy\\\/wp-content\\\/uploads\\\/2020\\\/11\\\/un-simbolo-de-feminismo-dstNtc.jpg\",\"contentUrl\":\"https:\\\/\\\/raed.academy\\\/wp-content\\\/uploads\\\/2020\\\/11\\\/un-simbolo-de-feminismo-dstNtc.jpg\",\"width\":400,\"height\":240},{\"@type\":\"BreadcrumbList\",\"@id\":\"https:\\\/\\\/raed.academy\\\/ca\\\/esdeveniments\\\/conferencia-la-historia-del-moviment-feminista\\\/#breadcrumb\",\"itemListElement\":[{\"@type\":\"ListItem\",\"position\":1,\"name\":\"Inicio\",\"item\":\"https:\\\/\\\/raed.academy\\\/ca\\\/\"},{\"@type\":\"ListItem\",\"position\":2,\"name\":\"Activitats\",\"item\":\"https:\\\/\\\/raed.academy\\\/ca\\\/esdeveniments\\\/\"},{\"@type\":\"ListItem\",\"position\":3,\"name\":\"Confer\u00e8ncia: La Hist\u00f2ria del Moviment Feminista\"}]},{\"@type\":\"WebSite\",\"@id\":\"https:\\\/\\\/raed.academy\\\/ca\\\/#website\",\"url\":\"https:\\\/\\\/raed.academy\\\/ca\\\/\",\"name\":\"Reial Acad\u00e8mia Europea de Doctors\",\"description\":\"Corporaci\u00f3n de derecho p\u00fablico de car\u00e1cter cient\u00edfico, t\u00e9cnico y art\u00edstico, que tiene por objeto la investigaci\u00f3n, el estudio, el fomento y la extensi\u00f3n del conocimiento en su sentido m\u00e1s amplio\",\"publisher\":{\"@id\":\"https:\\\/\\\/raed.academy\\\/ca\\\/#organization\"},\"potentialAction\":[{\"@type\":\"SearchAction\",\"target\":{\"@type\":\"EntryPoint\",\"urlTemplate\":\"https:\\\/\\\/raed.academy\\\/ca\\\/?s={search_term_string}\"},\"query-input\":{\"@type\":\"PropertyValueSpecification\",\"valueRequired\":true,\"valueName\":\"search_term_string\"}}],\"inLanguage\":\"ca-ES\"},{\"@type\":\"Organization\",\"@id\":\"https:\\\/\\\/raed.academy\\\/ca\\\/#organization\",\"name\":\"Real Academia Europea de Doctores\",\"url\":\"https:\\\/\\\/raed.academy\\\/ca\\\/\",\"logo\":{\"@type\":\"ImageObject\",\"inLanguage\":\"ca-ES\",\"@id\":\"https:\\\/\\\/raed.academy\\\/ca\\\/#\\\/schema\\\/logo\\\/image\\\/\",\"url\":\"https:\\\/\\\/raed.academy\\\/wp-content\\\/uploads\\\/2017\\\/01\\\/cropped-logo_raed.png\",\"contentUrl\":\"https:\\\/\\\/raed.academy\\\/wp-content\\\/uploads\\\/2017\\\/01\\\/cropped-logo_raed.png\",\"width\":512,\"height\":512,\"caption\":\"Real Academia Europea de Doctores\"},\"image\":{\"@id\":\"https:\\\/\\\/raed.academy\\\/ca\\\/#\\\/schema\\\/logo\\\/image\\\/\"},\"sameAs\":[\"http:\\\/\\\/fb.me\\\/raed.academy\",\"https:\\\/\\\/x.com\\\/raedacademy\",\"https:\\\/\\\/www.instagram.com\\\/raed.academy\\\/\",\"https:\\\/\\\/www.youtube.com\\\/channel\\\/UCUYQwW2KrdirNWihxMDObwg\"]}]}<\/script>\n<!-- \/ Yoast SEO plugin. -->","yoast_head_json":{"title":"Confer\u00e8ncia: La Hist\u00f2ria del Moviment Feminista - Reial Acad\u00e8mia Europea de Doctors","description":"Els fets i les facetes m\u00e9s rellevants, que al llarg de la hist\u00f2ria han tingut lloc, de la lluita de les dones per aconseguir l'objectiu de la igualtat","robots":{"index":"index","follow":"follow","max-snippet":"max-snippet:-1","max-image-preview":"max-image-preview:large","max-video-preview":"max-video-preview:-1"},"canonical":"https:\/\/raed.academy\/ca\/esdeveniments\/conferencia-la-historia-del-moviment-feminista\/","og_locale":"ca_ES","og_type":"article","og_title":"Confer\u00e8ncia: La Hist\u00f2ria del Moviment Feminista - Reial Acad\u00e8mia Europea de Doctors","og_description":"Els fets i les facetes m\u00e9s rellevants, que al llarg de la hist\u00f2ria han tingut lloc, de la lluita de les dones per aconseguir l'objectiu de la igualtat","og_url":"https:\/\/raed.academy\/ca\/esdeveniments\/conferencia-la-historia-del-moviment-feminista\/","og_site_name":"Reial Acad\u00e8mia Europea de Doctors","article_publisher":"http:\/\/fb.me\/raed.academy","article_modified_time":"2024-07-08T11:38:54+00:00","og_image":[{"width":400,"height":240,"url":"https:\/\/raed.academy\/wp-content\/uploads\/2020\/11\/un-simbolo-de-feminismo-dstNtc.jpg","type":"image\/jpeg"}],"twitter_card":"summary_large_image","twitter_site":"@raedacademy","twitter_misc":{"Est. reading time":"3 minutes"},"schema":{"@context":"https:\/\/schema.org","@graph":[{"@type":"WebPage","@id":"https:\/\/raed.academy\/ca\/esdeveniments\/conferencia-la-historia-del-moviment-feminista\/","url":"https:\/\/raed.academy\/ca\/esdeveniments\/conferencia-la-historia-del-moviment-feminista\/","name":"Confer\u00e8ncia: La Hist\u00f2ria del Moviment Feminista - Reial Acad\u00e8mia Europea de Doctors","isPartOf":{"@id":"https:\/\/raed.academy\/ca\/#website"},"primaryImageOfPage":{"@id":"https:\/\/raed.academy\/ca\/esdeveniments\/conferencia-la-historia-del-moviment-feminista\/#primaryimage"},"image":{"@id":"https:\/\/raed.academy\/ca\/esdeveniments\/conferencia-la-historia-del-moviment-feminista\/#primaryimage"},"thumbnailUrl":"https:\/\/raed.academy\/wp-content\/uploads\/2020\/11\/un-simbolo-de-feminismo-dstNtc.jpg","datePublished":"2024-02-29T15:02:41+00:00","dateModified":"2024-07-08T11:38:54+00:00","description":"Els fets i les facetes m\u00e9s rellevants, que al llarg de la hist\u00f2ria han tingut lloc, de la lluita de les dones per aconseguir l'objectiu de la igualtat","breadcrumb":{"@id":"https:\/\/raed.academy\/ca\/esdeveniments\/conferencia-la-historia-del-moviment-feminista\/#breadcrumb"},"inLanguage":"ca-ES","potentialAction":[{"@type":"ReadAction","target":["https:\/\/raed.academy\/ca\/esdeveniments\/conferencia-la-historia-del-moviment-feminista\/"]}]},{"@type":"ImageObject","inLanguage":"ca-ES","@id":"https:\/\/raed.academy\/ca\/esdeveniments\/conferencia-la-historia-del-moviment-feminista\/#primaryimage","url":"https:\/\/raed.academy\/wp-content\/uploads\/2020\/11\/un-simbolo-de-feminismo-dstNtc.jpg","contentUrl":"https:\/\/raed.academy\/wp-content\/uploads\/2020\/11\/un-simbolo-de-feminismo-dstNtc.jpg","width":400,"height":240},{"@type":"BreadcrumbList","@id":"https:\/\/raed.academy\/ca\/esdeveniments\/conferencia-la-historia-del-moviment-feminista\/#breadcrumb","itemListElement":[{"@type":"ListItem","position":1,"name":"Inicio","item":"https:\/\/raed.academy\/ca\/"},{"@type":"ListItem","position":2,"name":"Activitats","item":"https:\/\/raed.academy\/ca\/esdeveniments\/"},{"@type":"ListItem","position":3,"name":"Confer\u00e8ncia: La Hist\u00f2ria del Moviment Feminista"}]},{"@type":"WebSite","@id":"https:\/\/raed.academy\/ca\/#website","url":"https:\/\/raed.academy\/ca\/","name":"Reial Acad\u00e8mia Europea de Doctors","description":"Corporaci\u00f3n de derecho p\u00fablico de car\u00e1cter cient\u00edfico, t\u00e9cnico y art\u00edstico, que tiene por objeto la investigaci\u00f3n, el estudio, el fomento y la extensi\u00f3n del conocimiento en su sentido m\u00e1s amplio","publisher":{"@id":"https:\/\/raed.academy\/ca\/#organization"},"potentialAction":[{"@type":"SearchAction","target":{"@type":"EntryPoint","urlTemplate":"https:\/\/raed.academy\/ca\/?s={search_term_string}"},"query-input":{"@type":"PropertyValueSpecification","valueRequired":true,"valueName":"search_term_string"}}],"inLanguage":"ca-ES"},{"@type":"Organization","@id":"https:\/\/raed.academy\/ca\/#organization","name":"Real Academia Europea de Doctores","url":"https:\/\/raed.academy\/ca\/","logo":{"@type":"ImageObject","inLanguage":"ca-ES","@id":"https:\/\/raed.academy\/ca\/#\/schema\/logo\/image\/","url":"https:\/\/raed.academy\/wp-content\/uploads\/2017\/01\/cropped-logo_raed.png","contentUrl":"https:\/\/raed.academy\/wp-content\/uploads\/2017\/01\/cropped-logo_raed.png","width":512,"height":512,"caption":"Real Academia Europea de Doctores"},"image":{"@id":"https:\/\/raed.academy\/ca\/#\/schema\/logo\/image\/"},"sameAs":["http:\/\/fb.me\/raed.academy","https:\/\/x.com\/raedacademy","https:\/\/www.instagram.com\/raed.academy\/","https:\/\/www.youtube.com\/channel\/UCUYQwW2KrdirNWihxMDObwg"]}]}},"_links":{"self":[{"href":"https:\/\/raed.academy\/ca\/wp-json\/wp\/v2\/dp_events\/145895","targetHints":{"allow":["GET"]}}],"collection":[{"href":"https:\/\/raed.academy\/ca\/wp-json\/wp\/v2\/dp_events"}],"about":[{"href":"https:\/\/raed.academy\/ca\/wp-json\/wp\/v2\/types\/dp_events"}],"wp:featuredmedia":[{"embeddable":true,"href":"https:\/\/raed.academy\/ca\/wp-json\/wp\/v2\/media\/96474"}],"wp:attachment":[{"href":"https:\/\/raed.academy\/ca\/wp-json\/wp\/v2\/media?parent=145895"}],"curies":[{"name":"wp","href":"https:\/\/api.w.org\/{rel}","templated":true}]}}