{"id":144316,"date":"2024-01-24T12:51:11","date_gmt":"2024-01-24T12:51:11","guid":{"rendered":"https:\/\/raed.academy\/?post_type=dp_events&#038;p=144316"},"modified":"2024-07-08T11:35:50","modified_gmt":"2024-07-08T11:35:50","slug":"presentacio-del-llibre-planificacion-y-control-de-stocks-per-joaquin-bautista-valhondo","status":"publish","type":"dp_events","link":"https:\/\/raed.academy\/ca\/esdeveniments\/presentacio-del-llibre-planificacion-y-control-de-stocks-per-joaquin-bautista-valhondo\/","title":{"rendered":"Presentaci\u00f3 del llibre &#8220;Planificaci\u00f3n y control de stocks&#8221;, per Joaqu\u00edn Bautista-Valhondo"},"content":{"rendered":"<p>[et_pb_section fb_built=&#8221;1&#8243; admin_label=&#8221;Secci\u00f3n&#8221; _builder_version=&#8221;4.23.4&#8243; _module_preset=&#8221;default&#8221; background_image=&#8221;https:\/\/raed.academy\/wp-content\/uploads\/2024\/01\/planificacion-y-control-de-stocks-carrusel.webp&#8221; locked=&#8221;off&#8221; global_colors_info=&#8221;{}&#8221;][et_pb_row _builder_version=&#8221;4.23&#8243; _module_preset=&#8221;default&#8221; background_color=&#8221;rgba(255,255,255,0.8)&#8221; width=&#8221;95%&#8221; max_width=&#8221;650px&#8221; custom_margin=&#8221;|25px|||false|false&#8221; custom_padding=&#8221;30px|30px|30px|30px|false|false&#8221; animation_style=&#8221;flip&#8221; global_colors_info=&#8221;{}&#8221;][et_pb_column type=&#8221;4_4&#8243; _builder_version=&#8221;4.17.0&#8243; _module_preset=&#8221;default&#8221; global_colors_info=&#8221;{}&#8221;][et_pb_post_title meta=&#8221;off&#8221; featured_image=&#8221;off&#8221; admin_label=&#8221;T\u00edtulo de publicaci\u00f3n&#8221; module_class=&#8221;h1-30px&#8221; _builder_version=&#8221;4.23.4&#8243; _module_preset=&#8221;default&#8221; background_enable_color=&#8221;off&#8221; locked=&#8221;off&#8221; global_colors_info=&#8221;{}&#8221;][\/et_pb_post_title][et_pb_text admin_label=&#8221;Detalles evento&#8221; _builder_version=&#8221;4.24.0&#8243; _module_preset=&#8221;default&#8221; background_enable_color=&#8221;off&#8221; locked=&#8221;off&#8221; global_colors_info=&#8221;{}&#8221;]<\/p>\n<p><i class=\"fa-solid fa-location-dot\"><\/i> Sala B de Foment del treball. Via Laietana, 32, principal, Barcelona<\/p>\n<p><i class=\"fa-solid fa-calendar-days\"><\/i> Dimarts, 27 Febrer 2024<\/p>\n<p><i class=\"fa-solid fa-clock\"><\/i> 18:30 h<\/p>\n<p><strong>Presentaci\u00f3:<\/strong> <a href=\"https:\/\/raed.academy\/ca\/academics\/dr-joan-massons-rabassa\/dr-joaquin-bautista-valhondo-8\/\"><strong>Excm. Sr. Dr. Joaqu\u00edn Bautista Valhondo<\/strong><\/a>, Doctor en Enginyeria Industrial i autor del llibre<\/p>\n<p><strong>Format:<\/strong> Presencial<\/p>\n<p><strong>Inscripci\u00f3: <\/strong>Es prega confirmaci\u00f3 d&#8217;assist\u00e8ncia a Secretaria:\u00a0<a href=\"mailto:secretaria@raed.academy\"><strong>secretaria@raed.academy<\/strong><\/a> o al <strong>tel. 93 667 40 54<\/strong><\/p>\n<p>&nbsp;<\/p>\n<p>[\/et_pb_text][\/et_pb_column][\/et_pb_row][\/et_pb_section][et_pb_section fb_built=&#8221;1&#8243; admin_label=&#8221;section&#8221; _builder_version=&#8221;4.17.0&#8243; custom_padding=&#8221;0px||||false|false&#8221; locked=&#8221;off&#8221; global_colors_info=&#8221;{}&#8221;][et_pb_row admin_label=&#8221;row&#8221; _builder_version=&#8221;4.25.0&#8243; background_size=&#8221;initial&#8221; background_position=&#8221;top_left&#8221; background_repeat=&#8221;repeat&#8221; max_width=&#8221;1400px&#8221; global_colors_info=&#8221;{}&#8221;][et_pb_column type=&#8221;4_4&#8243; _builder_version=&#8221;4.16&#8243; custom_padding=&#8221;|||&#8221; global_colors_info=&#8221;{}&#8221; custom_padding__hover=&#8221;|||&#8221;][et_pb_text admin_label=&#8221;cita&#8221; _builder_version=&#8221;4.25.0&#8243; _module_preset=&#8221;default&#8221; global_colors_info=&#8221;{}&#8221;]<\/p>\n<blockquote>\n<p>\u201cPer tant, ara prove\u00efu Fara\u00f3 d&#8217;un home prudent i savi, i poseu-lo sobre la terra d&#8217;Egipte.<br \/>Feu aix\u00f2 Fara\u00f3, i posi governadors sobre el pa\u00eds, i quinte la terra d&#8217;Egipte en els set anys de l&#8217;abund\u00e0ncia.<br \/>I ajuntin tota la provisi\u00f3 d&#8217;aquests bons anys que v\u00e9nen, i recullin el blat sota la m\u00e0 de Fara\u00f3 per a manteniment de les ciutats; i guardin-ho.<br \/>I sigui aquella provisi\u00f3 en dip\u00f2sit per al pa\u00eds, per als set anys de gana que hi haur\u00e0 a la terra d&#8217;Egipte; i el pa\u00eds no morir\u00e0 de gana\u201d.<\/p>\n<p><strong>Gn 41, 33-36.<\/strong><\/p>\n<\/blockquote>\n<p>[\/et_pb_text][et_pb_video src=&#8221;https:\/\/youtu.be\/aDFODljGZmo&#8221; _builder_version=&#8221;4.25.0&#8243; _module_preset=&#8221;default&#8221; animation_style=&#8221;flip&#8221; locked=&#8221;off&#8221; global_colors_info=&#8221;{}&#8221;][\/et_pb_video][et_pb_text admin_label=&#8221;Itinerario, objetivos y empresas organizadoras&#8221; _builder_version=&#8221;4.25.0&#8243; background_size=&#8221;initial&#8221; background_position=&#8221;top_left&#8221; background_repeat=&#8221;repeat&#8221; locked=&#8221;off&#8221; global_colors_info=&#8221;{}&#8221;]<\/p>\n<h2>Descripci\u00f3 de l&#8217;acte<\/h2>\n<p><img loading=\"lazy\" decoding=\"async\" class=\"alignright wp-image-144286\" src=\"https:\/\/raed.academy\/wp-content\/uploads\/2024\/01\/portada-libro-Planificacion-y-Control-de-Stocks-Dr-Joaquin-Bautista-Valhondo.webp\" alt=\"Portada del libro &quot;Planificaci\u00f3n y control de stocks&quot;, por el Dr. Joaqu\u00edn Bautista Valhondo\" width=\"370\" height=\"503\" \/>Per qu\u00e8 guardem b\u00e9ns? En principi, no sembla que sigui per una necessitat biol\u00f2gica, ja que molts \u00e9ssers vius no ho fan i sobreviuen. Entre els humans, les causes d&#8217;aquest fet s\u00f3n diverses i en aquest llibre en tractarem. Tamb\u00e9 donarem resposta a preguntes com: qu\u00e8 guardar, quant guardar i cada quant de temps conv\u00e9 adquirir un b\u00e9 i en quina quantitat.<\/p>\n<p>Com a consumidors comprem b\u00e9ns en m\u00e9s o menys quantitat, i aquesta quantitat dep\u00e8n de les caracter\u00edstiques del b\u00e9, el nostre poder adquisitiu i les nostres necessitats de consum tant immediates com a curt termini. A m\u00e9s, de forma intu\u00eftiva, la quantitat adquirida est\u00e0 subjecta a la percepci\u00f3 que tenim sobre l&#8217;esfor\u00e7 que suposa arribar fins on \u00e9s el b\u00e9 amb independ\u00e8ncia del nombre d&#8217;unitats que adquirim. Davant del dubte de si hem de comprar molt poques vegades o comprar poc moltes vegades, sense rec\u00f3rrer als n\u00fameros, intentem trobar un equilibri entre l&#8217;esfor\u00e7 (cost) d&#8217;anar de compres i de desar les compres.<\/p>\n<p>Aix\u00ed, si l&#8217;adquisici\u00f3 del producte implica despla\u00e7aments d&#8217;uns 100 quil\u00f2metres o haver de pagar el transport corresponent, \u00e9s raonable fer pocs viatges i comprar a cadascun d&#8217;ells moltes unitats; aquesta darrera acci\u00f3 comporta guardar els excedents de forma natural; si no, per qu\u00e8 serveixen els frigor\u00edfics, armaris, vitrines, prestatgeries de llibres, caixes i calaixos i altres espais dom\u00e8stics destinats a guardar coses. En contraposici\u00f3, si el producte est\u00e0 sempre disponible per a comprar a menys de 100 metres, el normal, si no hi ha ofertes especials que ens atreguin, \u00e9s adquirir poques unitats despla\u00e7ant-nos tantes vegades com sigui necessari.<\/p>\n<p>An\u00e0logament, un fabricant produeix articles per lots m\u00e9s grans o m\u00e9s petits en funci\u00f3 de les caracter\u00edstiques de l&#8217;article, la seva demanda i la capacitat productiva del sistema. La mida dels lots tamb\u00e9 dep\u00e8n de l&#8217;esfor\u00e7 que suposa posar a punt i en marxa el sistema productiu amb independ\u00e8ncia del nombre d&#8217;unitats fabricades en un tiratge. Ara el dubte \u00e9s fabricar molts lots de mida petita o pocs lots de grans dimensions, i aquell que produeix intenta assolir un equilibri entre l&#8217;esfor\u00e7 per arrencar el sistema i el de guardar els articles sobrants per satisfer les comandes immediates.<\/p>\n<p>D&#8217;aquesta manera, si un sistema de fabricaci\u00f3 de models mixtos requereix temps de preparaci\u00f3 amb m\u00e0quina parada de 2 hores cada vegada que hi ha canvi de model, i el temps de proc\u00e9s d&#8217;una unitat (pe\u00e7a) \u00e9s de l&#8217;ordre de 2 segons, \u00e9s raonable fer poques preparacions i fabricar amb cada ordre d&#8217;emissi\u00f3 moltes peces, generant aix\u00ed un excedent que passar\u00e0 al magatzem fins a les dates contractuals de lliurament pactades amb els clients. Contr\u00e0riament, si els temps de preparaci\u00f3 s\u00f3n de 2 minuts i els temps de proc\u00e9s s\u00f3n d&#8217;1 minut, l&#8217;habitual \u00e9s fabricar comanda a comanda, client a client, segons l&#8217;ordre que estableixen les dates contractuals, fent tantes preparacions del sistema com calgui.<\/p>\n<p>En ambd\u00f3s casos, consumir i fabricar, s&#8217;obt\u00e9 la millor soluci\u00f3, sota l&#8217;\u00f2ptica econ\u00f2mica i en abs\u00e8ncia de restriccions, quan s&#8217;assoleix l&#8217;equilibri entre els costos d&#8217;emissi\u00f3 anomenats una ordre i de possessi\u00f3.<\/p>\n<p>De vegades conv\u00e9 acumular un b\u00e9 en gran quantitat; per justificar l&#8217;alt c\u00famul d&#8217;aquest no cal que sigui cost\u00f3s, n&#8217;hi ha prou que sigui necessari.<br \/>Pensem: qu\u00e8 passaria si el Ministeri responsable de la gesti\u00f3 dels embassaments d&#8217;un pa\u00eds pretengu\u00e9s reduir-ne el cost de manteniment, eliminant l&#8217;estoc d&#8217;aigua al complet, atenent el lema: si no hi ha contingut sobri continent, per tant, s&#8217;anul\u00b7la el pressupost.<\/p>\n<p>Normalment, guardar o acumular productes respon a una necessitat o a la possibilitat de reduir esfor\u00e7os (costos) a mitj\u00e0 llarg termini, encara que tamb\u00e9, l&#8217;acumul massiu i puntual d&#8217;un b\u00e9 per a la venda posterior pot estar motivat per fins especulatius, com la compra a massa d&#8217;habitatges mitjan\u00e7ant fons d&#8217;inversi\u00f3 davant l&#8217;expectativa d&#8217;una r\u00e0pida revaloraci\u00f3 al sector immobiliari. Aquest tipus de motivaci\u00f3 no ens interessa per ser prop\u00edcia per satisfer l&#8217;ambici\u00f3 d&#8217;uns quants en detriment de les necessitats de moltes persones, aix\u00ed que no ser\u00e0 objecte d&#8217;estudi en aquest text.<\/p>\n<p>La gesti\u00f3 d&#8217;estocs \u00e9s un tema fonamental a l&#8217;Enginyeria d&#8217;Organitzaci\u00f3 Industrial, ja que els estocs s\u00f3n presents a totes les organitzacions ia les empreses (p\u00fabliques i privades) tant si s\u00f3n de b\u00e9ns com si s\u00f3n de serveis, poques vegades es pot prescindir d&#8217;ells. A m\u00e9s, els estocs tenen una rellev\u00e0ncia especial en l&#8217;economia moderna i en alguns sectors productius (v.gr. farmac\u00e8utic i b\u00e9ns de consum) poden suposar m\u00e9s del 20% de l&#8217;actiu total per garantir la qualitat del servei.<\/p>\n<p>Aquest text est\u00e0 enfocat a definir i descriure els aspectes b\u00e0sics relacionats amb la gesti\u00f3 d&#8217;estocs i aspectes concrets relatius a la planificaci\u00f3 i el control d&#8217;estocs utilitzant models d&#8217;optimitzaci\u00f3.<\/p>\n<p>Aix\u00ed, a la primera secci\u00f3 tractarem sobre el concepte i la tipologia dels estocs, la seva utilitat en els sistemes productius i log\u00edstics, i els diversos tipus d&#8217;estoc en relaci\u00f3 amb les causes que els generen, les funcions que exerceixen dins i fora del sistema i la naturalesa dels b\u00e9ns que s&#8217;emmagatzemen.<\/p>\n<p>Les seccions 2 i 3 estan dedicades al control d&#8217;estocs i als factors que intervenen en la gesti\u00f3, entre ells: la demanda dels productes, els costos derivats de la gesti\u00f3 d&#8217;estocs, el sistema d&#8217;informaci\u00f3 associat a la gesti\u00f3, els terminis de lliurament i aprovisionament, els diversos m\u00e8todes d&#8217;aprovisionament, i la manera de classificar l&#8217;estoc segons la import\u00e0ncia que tenen els articles dins del sistema productiu a qu\u00e8 estan subjectes.<\/p>\n<p>A partir d&#8217;aqu\u00ed ens dedicarem als models d&#8217;optimitzaci\u00f3 per planificar i controlar els estocs, establint-ne els fonaments i la nomenclatura b\u00e0sica (secci\u00f3 4), i, posteriorment, model rere model, les hip\u00f2tesis i les formulacions que els regeixen. Per descomptat, perqu\u00e8 el lector pugui adquirir agilitat a l&#8217;hora d&#8217;aplicar els models, utilitzarem diversos exemples prototips amb un grau de dificultat creixent quant a la seva resoluci\u00f3.<\/p>\n<div id=\"attachment_58558\" style=\"width: 212px\" class=\"wp-caption alignleft\"><img loading=\"lazy\" decoding=\"async\" aria-describedby=\"caption-attachment-58558\" class=\"wp-image-58558\" src=\"https:\/\/raed.academy\/wp-content\/uploads\/2018\/10\/Dr.-Joaqu\u00edn-Bautista-Valhondo.jpg\" alt=\"Dr. Joaqu\u00edn Bautista-Valhondo\" width=\"202\" height=\"278\" \/><p id=\"caption-attachment-58558\" class=\"wp-caption-text\">Dr. Joaqu\u00edn Bautista-Valhondo<\/p><\/div>\n<p>El primer model que veurem (secci\u00f3 5) \u00e9s el denominat lot econ\u00f2mic (EOQ: Economic Order Quantity) o de Harris-Wilson, l&#8217;aplicaci\u00f3 b\u00e0sica del qual s&#8217;il\u00b7lustra amb dos exemples, incloent-hi, a m\u00e9s, el tractament d&#8217;inversions en un projecte de millora del sistema productiu i l&#8217;aplicaci\u00f3 de la Teoria de Jocs en un entorn col\u00b7laboratiu entre agents (v.gr. prove\u00efdor versus client, fabricants d&#8217;un mateix sector industrial) amb la fita de reduir els costos rellevants globals de gesti\u00f3; situaci\u00f3 de tots surten guanyant quan arriben al punt d&#8217;equilibri de Nash o b\u00e9 quan reparteixen els guanys globals a trav\u00e9s del valor de Shapley.<\/p>\n<p>Les seccions 6 i 7 estan dedicades als models EOQ amb taxa de producci\u00f3 finita i amb possibilitat de diferir-ne la demanda, respectivament. Per aplicar aquests models resoldrem diversos exemples relacionats amb una l\u00ednia d&#8217;estampaci\u00f3, un sistema de refrigeraci\u00f3 d&#8217;un reactor, una empresa de compravenda i un joc entre prove\u00efdors i diferirem la demanda en dues situacions: competici\u00f3 i alian\u00e7a entre ells.<\/p>\n<p>A la secci\u00f3 8 s&#8217;unifiquen els models presentats a les seccions 5, 6 i 7: EOQ generalitzat. Dos exemples prototip serviran per il\u00b7lustrar l&#8217;aplicaci\u00f3 del model unificat: una planta de fabricaci\u00f3 de bateries el\u00e8ctriques i un prove\u00efdor de components electr\u00f2nics.<\/p>\n<p>Els models seg\u00fcents a tractar (secci\u00f3 9) contemplen la possibilitat d&#8217;adquirir les unitats de l&#8217;article amb un cost unitari dependent de la mida del lot. Es distingeixen tres casos: (i) descomptes homogenis, (ii) descomptes progressius, i (iii) costos de fabricaci\u00f3 en funci\u00f3 de la quantitat produ\u00efda en una tirada. Els exemples utilitzats per mostrar l&#8217;aplicaci\u00f3 d&#8217;aquests models tenen relaci\u00f3 amb un fabricant de motos el\u00e8ctriques i amb un taller mec\u00e0nic dedicat al muntatge d&#8217;un component.<\/p>\n<p>A la secci\u00f3 10 s&#8217;estudien dos models de fabricaci\u00f3 amb temps de preparaci\u00f3 del sistema productiu, sent els primers en qu\u00e8 apareixen de forma expl\u00edcita restriccions sobre els atributs de gesti\u00f3: lot, freq\u00fc\u00e8ncia i per\u00edode de reposici\u00f3. El primer model correspon al tractament d&#8217;un sol article, mentre que el segon fa refer\u00e8ncia a m\u00faltiples articles. Tres exemples il\u00b7lustren l&#8217;aplicaci\u00f3 d&#8217;aquests models, els quals estan relacionats amb una l\u00ednia d&#8217;estampaci\u00f3 i amb el sistema de refrigeraci\u00f3 d&#8217;un reactor.<\/p>\n<p>[\/et_pb_text][\/et_pb_column][\/et_pb_row][et_pb_row column_structure=&#8221;1_2,1_2&#8243; use_custom_gutter=&#8221;on&#8221; gutter_width=&#8221;1&#8243; admin_label=&#8221;Fila&#8221; _builder_version=&#8221;4.25.0&#8243; _module_preset=&#8221;default&#8221; max_width=&#8221;1400px&#8221; locked=&#8221;off&#8221; global_colors_info=&#8221;{}&#8221;][et_pb_column type=&#8221;1_2&#8243; _builder_version=&#8221;4.16&#8243; _module_preset=&#8221;default&#8221; global_colors_info=&#8221;{}&#8221;][et_pb_code admin_label=&#8221;C\u00f3di &#8211; Organitzen&#8221; _builder_version=&#8221;4.21.0&#8243; _module_preset=&#8221;default&#8221; global_colors_info=&#8221;{}&#8221;]<pee class=\"ttl-colaboradores\">Organitzen:<\/pee><!-- [et_pb_line_break_holder] --><\/p>\n<div id=\"organizadores\"><!-- [et_pb_line_break_holder] --><\/p>\n<div class=\"logo-colaborador\"><a href=\"https:\/\/fundacionraed.org\/\" target=\"_blank\" rel=\"noopener noreferrer\"><img decoding=\"async\" src=\"https:\/\/raed.academy\/wp-content\/uploads\/2021\/10\/Logo-Fundacion-RAED-160px.jpg\" alt=\"Fundaci\u00f3n RAED\"><\/p>\n<div class=\"txt\"><\/div>\n<p><\/a><\/div>\n<p><!-- [et_pb_line_break_holder] --><!-- [et_pb_line_break_holder] --><\/p>\n<div class=\"logo-colaborador\"><a href=\"https:\/\/raed.academy\/ca\/\" target=\"_blank\" rel=\"noopener noreferrer\"><img decoding=\"async\" src=\"https:\/\/raed.academy\/wp-content\/uploads\/2021\/10\/Logo-RAED-160px.jpg\" alt=\"Real Academia Europea de Doctores RAED\"><\/p>\n<div class=\"txt\"><\/div>\n<p><\/a><\/div>\n<p><!-- [et_pb_line_break_holder] --><\/div>\n<p>[\/et_pb_code][\/et_pb_column][et_pb_column type=&#8221;1_2&#8243; _builder_version=&#8221;4.16&#8243; _module_preset=&#8221;default&#8221; global_colors_info=&#8221;{}&#8221;][et_pb_code admin_label=&#8221;C\u00f3di &#8211; Amb la col\u00b7laboraci\u00f3 de&#8221; _builder_version=&#8221;4.25.0&#8243; _module_preset=&#8221;default&#8221; global_colors_info=&#8221;{}&#8221;]<pee class=\"ttl-colaboradores\">Amb la col\u00b7laboraci\u00f3 de:<\/pee> <!-- [et_pb_line_break_holder] --><\/p>\n<div id=\"colaboradores\"><!-- [et_pb_line_break_holder] -->  <!-- [et_pb_line_break_holder] --><\/p>\n<div class=\"logo-colaborador\"><!-- [et_pb_line_break_holder] --><\/p>\n<div class=\"txt-circular\"><\/div>\n<p><!-- [et_pb_line_break_holder] -->  <a href=\"https:\/\/fundacioncajasol.com\/\" target=\"_blank\" rel=\"noopener noreferrer\"><img decoding=\"async\" src=\"https:\/\/raed.academy\/wp-content\/uploads\/2022\/06\/Fundacion-Cajasol.png\" alt=\"Fundaci\u00f3n Cajasol\"><\/a><\/div>\n<p><!-- [et_pb_line_break_holder] --><\/p>\n<div class=\"logo-colaborador\"><!-- [et_pb_line_break_holder] --><\/p>\n<div class=\"txt-circular\"><\/div>\n<p><!-- [et_pb_line_break_holder] -->  <a href=\"http:\/\/justicia.gencat.cat\/ca\/inici\" target=\"_blank\" rel=\"noopener noreferrer\"><img decoding=\"async\" src=\"https:\/\/raed.academy\/wp-content\/uploads\/2021\/10\/Generalitat-de-Catalunya-dept-Justicia-215px.jpg\" alt=\"Generalitat de catalunya\"><\/a><\/div>\n<p><!-- [et_pb_line_break_holder] --><\/div>\n<p>[\/et_pb_code][\/et_pb_column][\/et_pb_row][\/et_pb_section]<\/p>\n","protected":false},"excerpt":{"rendered":"<p>Joaqu\u00edn Bautista-Valhondo, Doctor en Enginyeria Industrial, presenta a la seu de la RAED el seu llibre &#8220;Planificaci\u00f3n y control de stocks&#8221;<\/p>\n","protected":false},"featured_media":144283,"template":"","meta":{"_et_pb_use_builder":"on","_et_pb_old_content":"","_et_gb_content_width":""},"class_list":["post-144316","dp_events","type-dp_events","status-publish","has-post-thumbnail","hentry"],"yoast_head":"<!-- This site is optimized with the Yoast SEO plugin v27.5 - https:\/\/yoast.com\/product\/yoast-seo-wordpress\/ -->\n<title>Presentaci\u00f3 del llibre &quot;Planificaci\u00f3n y control de stocks&quot;, per Joaqu\u00edn Bautista-Valhondo - Reial Acad\u00e8mia Europea de Doctors<\/title>\n<meta name=\"description\" content=\"Joaqu\u00edn Bautista-Valhondo, Doctor en Enginyeria Industrial, presenta a la seu de la RAED el seu llibre &quot;Planificaci\u00f3n y control de stocks&quot;\" \/>\n<meta name=\"robots\" content=\"index, follow, max-snippet:-1, max-image-preview:large, max-video-preview:-1\" \/>\n<link rel=\"canonical\" href=\"https:\/\/raed.academy\/ca\/esdeveniments\/presentacio-del-llibre-planificacion-y-control-de-stocks-per-joaquin-bautista-valhondo\/\" \/>\n<meta property=\"og:locale\" content=\"ca_ES\" \/>\n<meta property=\"og:type\" content=\"article\" \/>\n<meta property=\"og:title\" content=\"Presentaci\u00f3 del llibre &quot;Planificaci\u00f3n y control de stocks&quot;, per Joaqu\u00edn Bautista-Valhondo - Reial Acad\u00e8mia Europea de Doctors\" \/>\n<meta property=\"og:description\" content=\"Joaqu\u00edn Bautista-Valhondo, Doctor en Enginyeria Industrial, presenta a la seu de la RAED el seu llibre &quot;Planificaci\u00f3n y control de stocks&quot;\" \/>\n<meta property=\"og:url\" content=\"https:\/\/raed.academy\/ca\/esdeveniments\/presentacio-del-llibre-planificacion-y-control-de-stocks-per-joaquin-bautista-valhondo\/\" \/>\n<meta property=\"og:site_name\" content=\"Reial Acad\u00e8mia Europea de Doctors\" \/>\n<meta property=\"article:publisher\" content=\"http:\/\/fb.me\/raed.academy\" \/>\n<meta property=\"article:modified_time\" content=\"2024-07-08T11:35:50+00:00\" \/>\n<meta property=\"og:image\" content=\"https:\/\/raed.academy\/wp-content\/uploads\/2024\/01\/almacen-logistica-planificacion-y-control-de-stocks-1.17.webp\" \/>\n\t<meta property=\"og:image:width\" content=\"350\" \/>\n\t<meta property=\"og:image:height\" content=\"300\" \/>\n\t<meta property=\"og:image:type\" content=\"image\/webp\" \/>\n<meta name=\"twitter:card\" content=\"summary_large_image\" \/>\n<meta name=\"twitter:site\" content=\"@raedacademy\" \/>\n<meta name=\"twitter:label1\" content=\"Est. reading time\" \/>\n\t<meta name=\"twitter:data1\" content=\"8 minutes\" \/>\n<script type=\"application\/ld+json\" class=\"yoast-schema-graph\">{\"@context\":\"https:\\\/\\\/schema.org\",\"@graph\":[{\"@type\":\"WebPage\",\"@id\":\"https:\\\/\\\/raed.academy\\\/ca\\\/esdeveniments\\\/presentacio-del-llibre-planificacion-y-control-de-stocks-per-joaquin-bautista-valhondo\\\/\",\"url\":\"https:\\\/\\\/raed.academy\\\/ca\\\/esdeveniments\\\/presentacio-del-llibre-planificacion-y-control-de-stocks-per-joaquin-bautista-valhondo\\\/\",\"name\":\"Presentaci\u00f3 del llibre \\\"Planificaci\u00f3n y control de stocks\\\", per Joaqu\u00edn Bautista-Valhondo - Reial Acad\u00e8mia Europea de Doctors\",\"isPartOf\":{\"@id\":\"https:\\\/\\\/raed.academy\\\/ca\\\/#website\"},\"primaryImageOfPage\":{\"@id\":\"https:\\\/\\\/raed.academy\\\/ca\\\/esdeveniments\\\/presentacio-del-llibre-planificacion-y-control-de-stocks-per-joaquin-bautista-valhondo\\\/#primaryimage\"},\"image\":{\"@id\":\"https:\\\/\\\/raed.academy\\\/ca\\\/esdeveniments\\\/presentacio-del-llibre-planificacion-y-control-de-stocks-per-joaquin-bautista-valhondo\\\/#primaryimage\"},\"thumbnailUrl\":\"https:\\\/\\\/raed.academy\\\/wp-content\\\/uploads\\\/2024\\\/01\\\/almacen-logistica-planificacion-y-control-de-stocks-1.17.webp\",\"datePublished\":\"2024-01-24T12:51:11+00:00\",\"dateModified\":\"2024-07-08T11:35:50+00:00\",\"description\":\"Joaqu\u00edn Bautista-Valhondo, Doctor en Enginyeria Industrial, presenta a la seu de la RAED el seu llibre \\\"Planificaci\u00f3n y control de stocks\\\"\",\"breadcrumb\":{\"@id\":\"https:\\\/\\\/raed.academy\\\/ca\\\/esdeveniments\\\/presentacio-del-llibre-planificacion-y-control-de-stocks-per-joaquin-bautista-valhondo\\\/#breadcrumb\"},\"inLanguage\":\"ca-ES\",\"potentialAction\":[{\"@type\":\"ReadAction\",\"target\":[\"https:\\\/\\\/raed.academy\\\/ca\\\/esdeveniments\\\/presentacio-del-llibre-planificacion-y-control-de-stocks-per-joaquin-bautista-valhondo\\\/\"]}]},{\"@type\":\"ImageObject\",\"inLanguage\":\"ca-ES\",\"@id\":\"https:\\\/\\\/raed.academy\\\/ca\\\/esdeveniments\\\/presentacio-del-llibre-planificacion-y-control-de-stocks-per-joaquin-bautista-valhondo\\\/#primaryimage\",\"url\":\"https:\\\/\\\/raed.academy\\\/wp-content\\\/uploads\\\/2024\\\/01\\\/almacen-logistica-planificacion-y-control-de-stocks-1.17.webp\",\"contentUrl\":\"https:\\\/\\\/raed.academy\\\/wp-content\\\/uploads\\\/2024\\\/01\\\/almacen-logistica-planificacion-y-control-de-stocks-1.17.webp\",\"width\":350,\"height\":300},{\"@type\":\"BreadcrumbList\",\"@id\":\"https:\\\/\\\/raed.academy\\\/ca\\\/esdeveniments\\\/presentacio-del-llibre-planificacion-y-control-de-stocks-per-joaquin-bautista-valhondo\\\/#breadcrumb\",\"itemListElement\":[{\"@type\":\"ListItem\",\"position\":1,\"name\":\"Inicio\",\"item\":\"https:\\\/\\\/raed.academy\\\/ca\\\/\"},{\"@type\":\"ListItem\",\"position\":2,\"name\":\"Activitats\",\"item\":\"https:\\\/\\\/raed.academy\\\/ca\\\/esdeveniments\\\/\"},{\"@type\":\"ListItem\",\"position\":3,\"name\":\"Presentaci\u00f3 del llibre \u00abPlanificaci\u00f3n y control de stocks\u00bb, per Joaqu\u00edn Bautista-Valhondo\"}]},{\"@type\":\"WebSite\",\"@id\":\"https:\\\/\\\/raed.academy\\\/ca\\\/#website\",\"url\":\"https:\\\/\\\/raed.academy\\\/ca\\\/\",\"name\":\"Reial Acad\u00e8mia Europea de Doctors\",\"description\":\"Corporaci\u00f3n de derecho p\u00fablico de car\u00e1cter cient\u00edfico, t\u00e9cnico y art\u00edstico, que tiene por objeto la investigaci\u00f3n, el estudio, el fomento y la extensi\u00f3n del conocimiento en su sentido m\u00e1s amplio\",\"publisher\":{\"@id\":\"https:\\\/\\\/raed.academy\\\/ca\\\/#organization\"},\"potentialAction\":[{\"@type\":\"SearchAction\",\"target\":{\"@type\":\"EntryPoint\",\"urlTemplate\":\"https:\\\/\\\/raed.academy\\\/ca\\\/?s={search_term_string}\"},\"query-input\":{\"@type\":\"PropertyValueSpecification\",\"valueRequired\":true,\"valueName\":\"search_term_string\"}}],\"inLanguage\":\"ca-ES\"},{\"@type\":\"Organization\",\"@id\":\"https:\\\/\\\/raed.academy\\\/ca\\\/#organization\",\"name\":\"Real Academia Europea de Doctores\",\"url\":\"https:\\\/\\\/raed.academy\\\/ca\\\/\",\"logo\":{\"@type\":\"ImageObject\",\"inLanguage\":\"ca-ES\",\"@id\":\"https:\\\/\\\/raed.academy\\\/ca\\\/#\\\/schema\\\/logo\\\/image\\\/\",\"url\":\"https:\\\/\\\/raed.academy\\\/wp-content\\\/uploads\\\/2017\\\/01\\\/cropped-logo_raed.png\",\"contentUrl\":\"https:\\\/\\\/raed.academy\\\/wp-content\\\/uploads\\\/2017\\\/01\\\/cropped-logo_raed.png\",\"width\":512,\"height\":512,\"caption\":\"Real Academia Europea de Doctores\"},\"image\":{\"@id\":\"https:\\\/\\\/raed.academy\\\/ca\\\/#\\\/schema\\\/logo\\\/image\\\/\"},\"sameAs\":[\"http:\\\/\\\/fb.me\\\/raed.academy\",\"https:\\\/\\\/x.com\\\/raedacademy\",\"https:\\\/\\\/www.instagram.com\\\/raed.academy\\\/\",\"https:\\\/\\\/www.youtube.com\\\/channel\\\/UCUYQwW2KrdirNWihxMDObwg\"]}]}<\/script>\n<!-- \/ Yoast SEO plugin. -->","yoast_head_json":{"title":"Presentaci\u00f3 del llibre \"Planificaci\u00f3n y control de stocks\", per Joaqu\u00edn Bautista-Valhondo - Reial Acad\u00e8mia Europea de Doctors","description":"Joaqu\u00edn Bautista-Valhondo, Doctor en Enginyeria Industrial, presenta a la seu de la RAED el seu llibre \"Planificaci\u00f3n y control de stocks\"","robots":{"index":"index","follow":"follow","max-snippet":"max-snippet:-1","max-image-preview":"max-image-preview:large","max-video-preview":"max-video-preview:-1"},"canonical":"https:\/\/raed.academy\/ca\/esdeveniments\/presentacio-del-llibre-planificacion-y-control-de-stocks-per-joaquin-bautista-valhondo\/","og_locale":"ca_ES","og_type":"article","og_title":"Presentaci\u00f3 del llibre \"Planificaci\u00f3n y control de stocks\", per Joaqu\u00edn Bautista-Valhondo - Reial Acad\u00e8mia Europea de Doctors","og_description":"Joaqu\u00edn Bautista-Valhondo, Doctor en Enginyeria Industrial, presenta a la seu de la RAED el seu llibre \"Planificaci\u00f3n y control de stocks\"","og_url":"https:\/\/raed.academy\/ca\/esdeveniments\/presentacio-del-llibre-planificacion-y-control-de-stocks-per-joaquin-bautista-valhondo\/","og_site_name":"Reial Acad\u00e8mia Europea de Doctors","article_publisher":"http:\/\/fb.me\/raed.academy","article_modified_time":"2024-07-08T11:35:50+00:00","og_image":[{"width":350,"height":300,"url":"https:\/\/raed.academy\/wp-content\/uploads\/2024\/01\/almacen-logistica-planificacion-y-control-de-stocks-1.17.webp","type":"image\/webp"}],"twitter_card":"summary_large_image","twitter_site":"@raedacademy","twitter_misc":{"Est. reading time":"8 minutes"},"schema":{"@context":"https:\/\/schema.org","@graph":[{"@type":"WebPage","@id":"https:\/\/raed.academy\/ca\/esdeveniments\/presentacio-del-llibre-planificacion-y-control-de-stocks-per-joaquin-bautista-valhondo\/","url":"https:\/\/raed.academy\/ca\/esdeveniments\/presentacio-del-llibre-planificacion-y-control-de-stocks-per-joaquin-bautista-valhondo\/","name":"Presentaci\u00f3 del llibre \"Planificaci\u00f3n y control de stocks\", per Joaqu\u00edn Bautista-Valhondo - Reial Acad\u00e8mia Europea de Doctors","isPartOf":{"@id":"https:\/\/raed.academy\/ca\/#website"},"primaryImageOfPage":{"@id":"https:\/\/raed.academy\/ca\/esdeveniments\/presentacio-del-llibre-planificacion-y-control-de-stocks-per-joaquin-bautista-valhondo\/#primaryimage"},"image":{"@id":"https:\/\/raed.academy\/ca\/esdeveniments\/presentacio-del-llibre-planificacion-y-control-de-stocks-per-joaquin-bautista-valhondo\/#primaryimage"},"thumbnailUrl":"https:\/\/raed.academy\/wp-content\/uploads\/2024\/01\/almacen-logistica-planificacion-y-control-de-stocks-1.17.webp","datePublished":"2024-01-24T12:51:11+00:00","dateModified":"2024-07-08T11:35:50+00:00","description":"Joaqu\u00edn Bautista-Valhondo, Doctor en Enginyeria Industrial, presenta a la seu de la RAED el seu llibre \"Planificaci\u00f3n y control de stocks\"","breadcrumb":{"@id":"https:\/\/raed.academy\/ca\/esdeveniments\/presentacio-del-llibre-planificacion-y-control-de-stocks-per-joaquin-bautista-valhondo\/#breadcrumb"},"inLanguage":"ca-ES","potentialAction":[{"@type":"ReadAction","target":["https:\/\/raed.academy\/ca\/esdeveniments\/presentacio-del-llibre-planificacion-y-control-de-stocks-per-joaquin-bautista-valhondo\/"]}]},{"@type":"ImageObject","inLanguage":"ca-ES","@id":"https:\/\/raed.academy\/ca\/esdeveniments\/presentacio-del-llibre-planificacion-y-control-de-stocks-per-joaquin-bautista-valhondo\/#primaryimage","url":"https:\/\/raed.academy\/wp-content\/uploads\/2024\/01\/almacen-logistica-planificacion-y-control-de-stocks-1.17.webp","contentUrl":"https:\/\/raed.academy\/wp-content\/uploads\/2024\/01\/almacen-logistica-planificacion-y-control-de-stocks-1.17.webp","width":350,"height":300},{"@type":"BreadcrumbList","@id":"https:\/\/raed.academy\/ca\/esdeveniments\/presentacio-del-llibre-planificacion-y-control-de-stocks-per-joaquin-bautista-valhondo\/#breadcrumb","itemListElement":[{"@type":"ListItem","position":1,"name":"Inicio","item":"https:\/\/raed.academy\/ca\/"},{"@type":"ListItem","position":2,"name":"Activitats","item":"https:\/\/raed.academy\/ca\/esdeveniments\/"},{"@type":"ListItem","position":3,"name":"Presentaci\u00f3 del llibre \u00abPlanificaci\u00f3n y control de stocks\u00bb, per Joaqu\u00edn Bautista-Valhondo"}]},{"@type":"WebSite","@id":"https:\/\/raed.academy\/ca\/#website","url":"https:\/\/raed.academy\/ca\/","name":"Reial Acad\u00e8mia Europea de Doctors","description":"Corporaci\u00f3n de derecho p\u00fablico de car\u00e1cter cient\u00edfico, t\u00e9cnico y art\u00edstico, que tiene por objeto la investigaci\u00f3n, el estudio, el fomento y la extensi\u00f3n del conocimiento en su sentido m\u00e1s amplio","publisher":{"@id":"https:\/\/raed.academy\/ca\/#organization"},"potentialAction":[{"@type":"SearchAction","target":{"@type":"EntryPoint","urlTemplate":"https:\/\/raed.academy\/ca\/?s={search_term_string}"},"query-input":{"@type":"PropertyValueSpecification","valueRequired":true,"valueName":"search_term_string"}}],"inLanguage":"ca-ES"},{"@type":"Organization","@id":"https:\/\/raed.academy\/ca\/#organization","name":"Real Academia Europea de Doctores","url":"https:\/\/raed.academy\/ca\/","logo":{"@type":"ImageObject","inLanguage":"ca-ES","@id":"https:\/\/raed.academy\/ca\/#\/schema\/logo\/image\/","url":"https:\/\/raed.academy\/wp-content\/uploads\/2017\/01\/cropped-logo_raed.png","contentUrl":"https:\/\/raed.academy\/wp-content\/uploads\/2017\/01\/cropped-logo_raed.png","width":512,"height":512,"caption":"Real Academia Europea de Doctores"},"image":{"@id":"https:\/\/raed.academy\/ca\/#\/schema\/logo\/image\/"},"sameAs":["http:\/\/fb.me\/raed.academy","https:\/\/x.com\/raedacademy","https:\/\/www.instagram.com\/raed.academy\/","https:\/\/www.youtube.com\/channel\/UCUYQwW2KrdirNWihxMDObwg"]}]}},"_links":{"self":[{"href":"https:\/\/raed.academy\/ca\/wp-json\/wp\/v2\/dp_events\/144316","targetHints":{"allow":["GET"]}}],"collection":[{"href":"https:\/\/raed.academy\/ca\/wp-json\/wp\/v2\/dp_events"}],"about":[{"href":"https:\/\/raed.academy\/ca\/wp-json\/wp\/v2\/types\/dp_events"}],"wp:featuredmedia":[{"embeddable":true,"href":"https:\/\/raed.academy\/ca\/wp-json\/wp\/v2\/media\/144283"}],"wp:attachment":[{"href":"https:\/\/raed.academy\/ca\/wp-json\/wp\/v2\/media?parent=144316"}],"curies":[{"name":"wp","href":"https:\/\/api.w.org\/{rel}","templated":true}]}}