{"id":139669,"date":"2023-10-31T16:04:00","date_gmt":"2023-10-31T16:04:00","guid":{"rendered":"https:\/\/raed.academy\/?post_type=dp_events&#038;p=139669"},"modified":"2024-06-17T09:40:54","modified_gmt":"2024-06-17T09:40:54","slug":"biologia-i-cultura-als-moviments-queer-i-woke","status":"publish","type":"dp_events","link":"https:\/\/raed.academy\/ca\/esdeveniments\/biologia-i-cultura-als-moviments-queer-i-woke\/","title":{"rendered":"Biologia i cultura als moviments queer i woke"},"content":{"rendered":"<p>[et_pb_section fb_built=&#8221;1&#8243; admin_label=&#8221;Secci\u00f3n&#8221; _builder_version=&#8221;4.23&#8243; _module_preset=&#8221;default&#8221; background_image=&#8221;https:\/\/raed.academy\/wp-content\/uploads\/2023\/10\/shutt-cultura-woke.webp&#8221; locked=&#8221;off&#8221; global_colors_info=&#8221;{}&#8221;][et_pb_row _builder_version=&#8221;4.23&#8243; _module_preset=&#8221;default&#8221; background_color=&#8221;rgba(255,255,255,0.8)&#8221; width=&#8221;95%&#8221; max_width=&#8221;650px&#8221; custom_margin=&#8221;|25px|||false|false&#8221; custom_padding=&#8221;30px|30px|30px|30px|false|false&#8221; animation_style=&#8221;flip&#8221; global_colors_info=&#8221;{}&#8221;][et_pb_column type=&#8221;4_4&#8243; _builder_version=&#8221;4.17.0&#8243; _module_preset=&#8221;default&#8221; global_colors_info=&#8221;{}&#8221;][et_pb_text admin_label=&#8221;Texto &#8211; ttl Debat&#8221; _builder_version=&#8221;4.23&#8243; _module_preset=&#8221;default&#8221; global_colors_info=&#8221;{}&#8221;]<\/p>\n<h3 style=\"text-align: center;\">Debat<\/h3>\n<p>[\/et_pb_text][et_pb_post_title meta=&#8221;off&#8221; featured_image=&#8221;off&#8221; admin_label=&#8221;T\u00edtulo de publicaci\u00f3n&#8221; _builder_version=&#8221;4.21.0&#8243; _module_preset=&#8221;default&#8221; background_enable_color=&#8221;off&#8221; locked=&#8221;off&#8221; global_colors_info=&#8221;{}&#8221;][\/et_pb_post_title][et_pb_text admin_label=&#8221;Detalls de l&#8217;esdeveniment&#8221; _builder_version=&#8221;4.23&#8243; _module_preset=&#8221;default&#8221; background_enable_color=&#8221;off&#8221; locked=&#8221;off&#8221; global_colors_info=&#8221;{}&#8221;]<i class=\"fa-solid fa-location-dot\"><\/i> Sala B de Foment del treball. V\u00eda Layetana, 32, principal, Barcelona<\/p>\n<p><i class=\"fa-solid fa-calendar-days\"><\/i> Dimarts, 28 Novembre 2023<\/p>\n<p><i class=\"fa-solid fa-clock\"><\/i> 18:30 h<\/p>\n<p><strong>Format:<\/strong> Presencial<\/p>\n<p><strong>Inscripci\u00f3: <\/strong>Es prega confirmaci\u00f3 d&#8217;assist\u00e8ncia a Secretaria:\u00a0<a href=\"mailto:secretaria@raed.academy\"><strong>secretaria@raed.academy<\/strong><\/a> o al <strong>tel. 93 667 40 54<\/strong>[\/et_pb_text][\/et_pb_column][\/et_pb_row][\/et_pb_section][et_pb_section fb_built=&#8221;1&#8243; admin_label=&#8221;section&#8221; _builder_version=&#8221;4.17.0&#8243; custom_padding=&#8221;0px||||false|false&#8221; locked=&#8221;off&#8221; global_colors_info=&#8221;{}&#8221;][et_pb_row admin_label=&#8221;row&#8221; _builder_version=&#8221;4.21.0&#8243; background_size=&#8221;initial&#8221; background_position=&#8221;top_left&#8221; background_repeat=&#8221;repeat&#8221; max_width=&#8221;1600px&#8221; global_colors_info=&#8221;{}&#8221;][et_pb_column type=&#8221;4_4&#8243; _builder_version=&#8221;4.16&#8243; custom_padding=&#8221;|||&#8221; global_colors_info=&#8221;{}&#8221; custom_padding__hover=&#8221;|||&#8221;][et_pb_text admin_label=&#8221;Itinerario, objetivos y empresas organizadoras&#8221; _builder_version=&#8221;4.23&#8243; background_size=&#8221;initial&#8221; background_position=&#8221;top_left&#8221; background_repeat=&#8221;repeat&#8221; locked=&#8221;off&#8221; global_colors_info=&#8221;{}&#8221;]<\/p>\n<h2>Prop\u00f2sit<\/h2>\n<p>Debat sobre la intersecci\u00f3 de la biologia i la cultura en el context dels moviments Queer i Woke. A l&#8217;era actual de la diversitat i la inclusi\u00f3, la comprensi\u00f3 de les complexitats de la identitat humana s&#8217;ha convertit en un tema crucial per a la societat en conjunt. Tant els moviments Queer com Woke han desafiat les concepcions tradicionals de la biologia i la cultura, q\u00fcestionant les normes establertes i advocant per l&#8217;acceptaci\u00f3 i el respecte de la diversitat en totes les formes.<\/p>\n<p>D&#8217;una banda, la biologia ha estat tradicionalment considerada una base fixa per a la identitat i el comportament hum\u00e0. Tot i aix\u00f2, els moviments Queer i Woke han desafiat aquesta noci\u00f3, argumentant que la biologia no determina de manera absoluta la identitat de g\u00e8nere o l&#8217;orientaci\u00f3 sexual, i que la cultura i l&#8217;entorn tenen un paper crucial en la formaci\u00f3 de la identitat individual. A m\u00e9s, la influ\u00e8ncia de la cultura en la percepci\u00f3 i la construcci\u00f3 de la identitat ha estat objecte d&#8217;un intens debat en l&#8217;\u00e0mbit de la psicologia i les ci\u00e8ncies socials.<\/p>\n<p>[\/et_pb_text][et_pb_text admin_label=&#8221;Participants&#8221; _builder_version=&#8221;4.23&#8243; _module_preset=&#8221;default&#8221; global_colors_info=&#8221;{}&#8221;]<\/p>\n<h2>Moderador<\/h2>\n<ul>\n<li><strong>Joaquim Gironella Coll<\/strong>. Acad\u00e8mic de N\u00famero de la Reial Acad\u00e8mia Europea de Doctors (RAED). Doctor en Medicina i Cirurgia<\/li>\n<\/ul>\n<h2>Ponents<\/h2>\n<ul>\n<li><strong>Silvia Carrasco Pons<\/strong>. Antrop\u00f2loga Social, Universitat Aut\u00f2noma de Barcelona. Escriptora. Doctora en Antropologia Social i Cultural<\/li>\n<li><strong>Neri Daurella de Nadal<\/strong>. Llicenciada en Psicologia Cl\u00ednica i Filosofia. Psicoanalista<\/li>\n<li><strong>Jaume Llopis Casellas<\/strong>. Acad\u00e8mic de N\u00famero i membre de la Junta de Govern de la RAED. Doctor en Ci\u00e8ncies Econ\u00f2miques<\/li>\n<li><strong>Josep Ignasi Saranyana Closa<\/strong>. Acad\u00e8mic Em\u00e8rit de la RAED. Doctor en Teologia i Filosofia<\/li>\n<\/ul>\n<p>[\/et_pb_text][et_pb_video _builder_version=&#8221;4.25.0&#8243; _module_preset=&#8221;default&#8221; src=&#8221;https:\/\/youtu.be\/8gsQTN9jVyo&#8221; animation_style=&#8221;flip&#8221; hover_enabled=&#8221;0&#8243; sticky_enabled=&#8221;0&#8243; locked=&#8221;off&#8221;][\/et_pb_video][\/et_pb_column][\/et_pb_row][et_pb_row column_structure=&#8221;2_3,1_3&#8243; admin_label=&#8221;Fila&#8221; _builder_version=&#8221;4.17.4&#8243; _module_preset=&#8221;default&#8221; max_width=&#8221;1600px&#8221; locked=&#8221;off&#8221; global_colors_info=&#8221;{}&#8221;][et_pb_column type=&#8221;2_3&#8243; _builder_version=&#8221;4.16&#8243; _module_preset=&#8221;default&#8221; global_colors_info=&#8221;{}&#8221;][et_pb_code admin_label=&#8221;C\u00f3di &#8211; Organitzen&#8221; _builder_version=&#8221;4.21.0&#8243; _module_preset=&#8221;default&#8221; global_colors_info=&#8221;{}&#8221;]<pee class=\"ttl-colaboradores\">Organitzen:<\/pee><!-- [et_pb_line_break_holder] --><\/p>\n<div id=\"organizadores\"><!-- [et_pb_line_break_holder] --><\/p>\n<div class=\"logo-colaborador\"><a href=\"https:\/\/fundacionraed.org\/\" target=\"_blank\" rel=\"noopener noreferrer\"><img decoding=\"async\" src=\"https:\/\/raed.academy\/wp-content\/uploads\/2021\/10\/Logo-Fundacion-RAED-160px.jpg\" alt=\"Fundaci\u00f3n RAED\"><\/p>\n<div class=\"txt\"><\/div>\n<p><\/a><\/div>\n<p><!-- [et_pb_line_break_holder] --><!-- [et_pb_line_break_holder] --><\/p>\n<div class=\"logo-colaborador\"><a href=\"https:\/\/raed.academy\/ca\/\" target=\"_blank\" rel=\"noopener noreferrer\"><img decoding=\"async\" src=\"https:\/\/raed.academy\/wp-content\/uploads\/2021\/10\/Logo-RAED-160px.jpg\" alt=\"Real Academia Europea de Doctores RAED\"><\/p>\n<div class=\"txt\"><\/div>\n<p><\/a><\/div>\n<p><!-- [et_pb_line_break_holder] --><\/div>\n<p>[\/et_pb_code][\/et_pb_column][et_pb_column type=&#8221;1_3&#8243; _builder_version=&#8221;4.16&#8243; _module_preset=&#8221;default&#8221; global_colors_info=&#8221;{}&#8221;][et_pb_code admin_label=&#8221;C\u00f3digo &#8211; Amb la col\u00b7laboraci\u00f3 de&#8221; _builder_version=&#8221;4.21.0&#8243; _module_preset=&#8221;default&#8221; global_colors_info=&#8221;{}&#8221;]<pee class=\"ttl-colaboradores\">Amb la col\u00b7laboraci\u00f3 de:<\/pee> <!-- [et_pb_line_break_holder] --><\/p>\n<div id=\"colaboradores\"><!-- [et_pb_line_break_holder] -->  <!-- [et_pb_line_break_holder] --><\/p>\n<div class=\"logo-colaborador\"><!-- [et_pb_line_break_holder] --><\/p>\n<div class=\"txt-circular\"><\/div>\n<p><!-- [et_pb_line_break_holder] -->  <a href=\"http:\/\/justicia.gencat.cat\/ca\/inici\" target=\"_blank\" rel=\"noopener noreferrer\"><img decoding=\"async\" src=\"https:\/\/raed.academy\/wp-content\/uploads\/2021\/10\/Generalitat-de-Catalunya-dept-Justicia-215px.jpg\" alt=\"Generalitat de catalunya\"><\/a><\/div>\n<p><!-- [et_pb_line_break_holder] --><\/div>\n<p>[\/et_pb_code][\/et_pb_column][\/et_pb_row][\/et_pb_section]<\/p>\n","protected":false},"excerpt":{"rendered":"<p>Debat sobre la intersecci\u00f3 de la biologia i la cultura en el context dels moviments Queer i Woke, amb l&#8217;objectiu d&#8217;aclarir les difer\u00e8ncies conceptuals i ideol\u00f2giques d&#8217;ambdues tend\u00e8ncies socials amb connotacions medicobiol\u00f2giques en un marc postmodernista<\/p>\n","protected":false},"featured_media":139665,"template":"","meta":{"_et_pb_use_builder":"on","_et_pb_old_content":"","_et_gb_content_width":""},"class_list":["post-139669","dp_events","type-dp_events","status-publish","has-post-thumbnail","hentry"],"yoast_head":"<!-- This site is optimized with the Yoast SEO plugin v27.5 - https:\/\/yoast.com\/product\/yoast-seo-wordpress\/ -->\n<title>Biologia i cultura als moviments queer i woke - Reial Acad\u00e8mia Europea de Doctors<\/title>\n<meta name=\"description\" content=\"Debat sobre la intersecci\u00f3 de la biologia i la cultura en el context dels moviments Queer i Woke, amb l&#039;objectiu d&#039;aclarir les difer\u00e8ncies\" \/>\n<meta name=\"robots\" content=\"index, follow, max-snippet:-1, max-image-preview:large, max-video-preview:-1\" \/>\n<link rel=\"canonical\" href=\"https:\/\/raed.academy\/ca\/esdeveniments\/biologia-i-cultura-als-moviments-queer-i-woke\/\" \/>\n<meta property=\"og:locale\" content=\"ca_ES\" \/>\n<meta property=\"og:type\" content=\"article\" \/>\n<meta property=\"og:title\" content=\"Biologia i cultura als moviments queer i woke - Reial Acad\u00e8mia Europea de Doctors\" \/>\n<meta property=\"og:description\" content=\"Debat sobre la intersecci\u00f3 de la biologia i la cultura en el context dels moviments Queer i Woke, amb l&#039;objectiu d&#039;aclarir les difer\u00e8ncies\" \/>\n<meta property=\"og:url\" content=\"https:\/\/raed.academy\/ca\/esdeveniments\/biologia-i-cultura-als-moviments-queer-i-woke\/\" \/>\n<meta property=\"og:site_name\" content=\"Reial Acad\u00e8mia Europea de Doctors\" \/>\n<meta property=\"article:publisher\" content=\"http:\/\/fb.me\/raed.academy\" \/>\n<meta property=\"article:modified_time\" content=\"2024-06-17T09:40:54+00:00\" \/>\n<meta property=\"og:image\" content=\"https:\/\/raed.academy\/wp-content\/uploads\/2023\/11\/shutt-cultura-woke-1.17.webp\" \/>\n\t<meta property=\"og:image:width\" content=\"350\" \/>\n\t<meta property=\"og:image:height\" content=\"300\" \/>\n\t<meta property=\"og:image:type\" content=\"image\/webp\" \/>\n<meta name=\"twitter:card\" content=\"summary_large_image\" \/>\n<meta name=\"twitter:site\" content=\"@raedacademy\" \/>\n<meta name=\"twitter:label1\" content=\"Est. reading time\" \/>\n\t<meta name=\"twitter:data1\" content=\"3 minutes\" \/>\n<script type=\"application\/ld+json\" class=\"yoast-schema-graph\">{\"@context\":\"https:\\\/\\\/schema.org\",\"@graph\":[{\"@type\":\"WebPage\",\"@id\":\"https:\\\/\\\/raed.academy\\\/ca\\\/esdeveniments\\\/biologia-i-cultura-als-moviments-queer-i-woke\\\/\",\"url\":\"https:\\\/\\\/raed.academy\\\/ca\\\/esdeveniments\\\/biologia-i-cultura-als-moviments-queer-i-woke\\\/\",\"name\":\"Biologia i cultura als moviments queer i woke - Reial Acad\u00e8mia Europea de Doctors\",\"isPartOf\":{\"@id\":\"https:\\\/\\\/raed.academy\\\/ca\\\/#website\"},\"primaryImageOfPage\":{\"@id\":\"https:\\\/\\\/raed.academy\\\/ca\\\/esdeveniments\\\/biologia-i-cultura-als-moviments-queer-i-woke\\\/#primaryimage\"},\"image\":{\"@id\":\"https:\\\/\\\/raed.academy\\\/ca\\\/esdeveniments\\\/biologia-i-cultura-als-moviments-queer-i-woke\\\/#primaryimage\"},\"thumbnailUrl\":\"https:\\\/\\\/raed.academy\\\/wp-content\\\/uploads\\\/2023\\\/11\\\/shutt-cultura-woke-1.17.webp\",\"datePublished\":\"2023-10-31T16:04:00+00:00\",\"dateModified\":\"2024-06-17T09:40:54+00:00\",\"description\":\"Debat sobre la intersecci\u00f3 de la biologia i la cultura en el context dels moviments Queer i Woke, amb l'objectiu d'aclarir les difer\u00e8ncies\",\"breadcrumb\":{\"@id\":\"https:\\\/\\\/raed.academy\\\/ca\\\/esdeveniments\\\/biologia-i-cultura-als-moviments-queer-i-woke\\\/#breadcrumb\"},\"inLanguage\":\"ca-ES\",\"potentialAction\":[{\"@type\":\"ReadAction\",\"target\":[\"https:\\\/\\\/raed.academy\\\/ca\\\/esdeveniments\\\/biologia-i-cultura-als-moviments-queer-i-woke\\\/\"]}]},{\"@type\":\"ImageObject\",\"inLanguage\":\"ca-ES\",\"@id\":\"https:\\\/\\\/raed.academy\\\/ca\\\/esdeveniments\\\/biologia-i-cultura-als-moviments-queer-i-woke\\\/#primaryimage\",\"url\":\"https:\\\/\\\/raed.academy\\\/wp-content\\\/uploads\\\/2023\\\/11\\\/shutt-cultura-woke-1.17.webp\",\"contentUrl\":\"https:\\\/\\\/raed.academy\\\/wp-content\\\/uploads\\\/2023\\\/11\\\/shutt-cultura-woke-1.17.webp\",\"width\":350,\"height\":300},{\"@type\":\"BreadcrumbList\",\"@id\":\"https:\\\/\\\/raed.academy\\\/ca\\\/esdeveniments\\\/biologia-i-cultura-als-moviments-queer-i-woke\\\/#breadcrumb\",\"itemListElement\":[{\"@type\":\"ListItem\",\"position\":1,\"name\":\"Inicio\",\"item\":\"https:\\\/\\\/raed.academy\\\/ca\\\/\"},{\"@type\":\"ListItem\",\"position\":2,\"name\":\"Activitats\",\"item\":\"https:\\\/\\\/raed.academy\\\/ca\\\/esdeveniments\\\/\"},{\"@type\":\"ListItem\",\"position\":3,\"name\":\"Biologia i cultura als moviments queer i woke\"}]},{\"@type\":\"WebSite\",\"@id\":\"https:\\\/\\\/raed.academy\\\/ca\\\/#website\",\"url\":\"https:\\\/\\\/raed.academy\\\/ca\\\/\",\"name\":\"Reial Acad\u00e8mia Europea de Doctors\",\"description\":\"Corporaci\u00f3n de derecho p\u00fablico de car\u00e1cter cient\u00edfico, t\u00e9cnico y art\u00edstico, que tiene por objeto la investigaci\u00f3n, el estudio, el fomento y la extensi\u00f3n del conocimiento en su sentido m\u00e1s amplio\",\"publisher\":{\"@id\":\"https:\\\/\\\/raed.academy\\\/ca\\\/#organization\"},\"potentialAction\":[{\"@type\":\"SearchAction\",\"target\":{\"@type\":\"EntryPoint\",\"urlTemplate\":\"https:\\\/\\\/raed.academy\\\/ca\\\/?s={search_term_string}\"},\"query-input\":{\"@type\":\"PropertyValueSpecification\",\"valueRequired\":true,\"valueName\":\"search_term_string\"}}],\"inLanguage\":\"ca-ES\"},{\"@type\":\"Organization\",\"@id\":\"https:\\\/\\\/raed.academy\\\/ca\\\/#organization\",\"name\":\"Real Academia Europea de Doctores\",\"url\":\"https:\\\/\\\/raed.academy\\\/ca\\\/\",\"logo\":{\"@type\":\"ImageObject\",\"inLanguage\":\"ca-ES\",\"@id\":\"https:\\\/\\\/raed.academy\\\/ca\\\/#\\\/schema\\\/logo\\\/image\\\/\",\"url\":\"https:\\\/\\\/raed.academy\\\/wp-content\\\/uploads\\\/2017\\\/01\\\/cropped-logo_raed.png\",\"contentUrl\":\"https:\\\/\\\/raed.academy\\\/wp-content\\\/uploads\\\/2017\\\/01\\\/cropped-logo_raed.png\",\"width\":512,\"height\":512,\"caption\":\"Real Academia Europea de Doctores\"},\"image\":{\"@id\":\"https:\\\/\\\/raed.academy\\\/ca\\\/#\\\/schema\\\/logo\\\/image\\\/\"},\"sameAs\":[\"http:\\\/\\\/fb.me\\\/raed.academy\",\"https:\\\/\\\/x.com\\\/raedacademy\",\"https:\\\/\\\/www.instagram.com\\\/raed.academy\\\/\",\"https:\\\/\\\/www.youtube.com\\\/channel\\\/UCUYQwW2KrdirNWihxMDObwg\"]}]}<\/script>\n<!-- \/ Yoast SEO plugin. -->","yoast_head_json":{"title":"Biologia i cultura als moviments queer i woke - Reial Acad\u00e8mia Europea de Doctors","description":"Debat sobre la intersecci\u00f3 de la biologia i la cultura en el context dels moviments Queer i Woke, amb l'objectiu d'aclarir les difer\u00e8ncies","robots":{"index":"index","follow":"follow","max-snippet":"max-snippet:-1","max-image-preview":"max-image-preview:large","max-video-preview":"max-video-preview:-1"},"canonical":"https:\/\/raed.academy\/ca\/esdeveniments\/biologia-i-cultura-als-moviments-queer-i-woke\/","og_locale":"ca_ES","og_type":"article","og_title":"Biologia i cultura als moviments queer i woke - Reial Acad\u00e8mia Europea de Doctors","og_description":"Debat sobre la intersecci\u00f3 de la biologia i la cultura en el context dels moviments Queer i Woke, amb l'objectiu d'aclarir les difer\u00e8ncies","og_url":"https:\/\/raed.academy\/ca\/esdeveniments\/biologia-i-cultura-als-moviments-queer-i-woke\/","og_site_name":"Reial Acad\u00e8mia Europea de Doctors","article_publisher":"http:\/\/fb.me\/raed.academy","article_modified_time":"2024-06-17T09:40:54+00:00","og_image":[{"width":350,"height":300,"url":"https:\/\/raed.academy\/wp-content\/uploads\/2023\/11\/shutt-cultura-woke-1.17.webp","type":"image\/webp"}],"twitter_card":"summary_large_image","twitter_site":"@raedacademy","twitter_misc":{"Est. reading time":"3 minutes"},"schema":{"@context":"https:\/\/schema.org","@graph":[{"@type":"WebPage","@id":"https:\/\/raed.academy\/ca\/esdeveniments\/biologia-i-cultura-als-moviments-queer-i-woke\/","url":"https:\/\/raed.academy\/ca\/esdeveniments\/biologia-i-cultura-als-moviments-queer-i-woke\/","name":"Biologia i cultura als moviments queer i woke - Reial Acad\u00e8mia Europea de Doctors","isPartOf":{"@id":"https:\/\/raed.academy\/ca\/#website"},"primaryImageOfPage":{"@id":"https:\/\/raed.academy\/ca\/esdeveniments\/biologia-i-cultura-als-moviments-queer-i-woke\/#primaryimage"},"image":{"@id":"https:\/\/raed.academy\/ca\/esdeveniments\/biologia-i-cultura-als-moviments-queer-i-woke\/#primaryimage"},"thumbnailUrl":"https:\/\/raed.academy\/wp-content\/uploads\/2023\/11\/shutt-cultura-woke-1.17.webp","datePublished":"2023-10-31T16:04:00+00:00","dateModified":"2024-06-17T09:40:54+00:00","description":"Debat sobre la intersecci\u00f3 de la biologia i la cultura en el context dels moviments Queer i Woke, amb l'objectiu d'aclarir les difer\u00e8ncies","breadcrumb":{"@id":"https:\/\/raed.academy\/ca\/esdeveniments\/biologia-i-cultura-als-moviments-queer-i-woke\/#breadcrumb"},"inLanguage":"ca-ES","potentialAction":[{"@type":"ReadAction","target":["https:\/\/raed.academy\/ca\/esdeveniments\/biologia-i-cultura-als-moviments-queer-i-woke\/"]}]},{"@type":"ImageObject","inLanguage":"ca-ES","@id":"https:\/\/raed.academy\/ca\/esdeveniments\/biologia-i-cultura-als-moviments-queer-i-woke\/#primaryimage","url":"https:\/\/raed.academy\/wp-content\/uploads\/2023\/11\/shutt-cultura-woke-1.17.webp","contentUrl":"https:\/\/raed.academy\/wp-content\/uploads\/2023\/11\/shutt-cultura-woke-1.17.webp","width":350,"height":300},{"@type":"BreadcrumbList","@id":"https:\/\/raed.academy\/ca\/esdeveniments\/biologia-i-cultura-als-moviments-queer-i-woke\/#breadcrumb","itemListElement":[{"@type":"ListItem","position":1,"name":"Inicio","item":"https:\/\/raed.academy\/ca\/"},{"@type":"ListItem","position":2,"name":"Activitats","item":"https:\/\/raed.academy\/ca\/esdeveniments\/"},{"@type":"ListItem","position":3,"name":"Biologia i cultura als moviments queer i woke"}]},{"@type":"WebSite","@id":"https:\/\/raed.academy\/ca\/#website","url":"https:\/\/raed.academy\/ca\/","name":"Reial Acad\u00e8mia Europea de Doctors","description":"Corporaci\u00f3n de derecho p\u00fablico de car\u00e1cter cient\u00edfico, t\u00e9cnico y art\u00edstico, que tiene por objeto la investigaci\u00f3n, el estudio, el fomento y la extensi\u00f3n del conocimiento en su sentido m\u00e1s amplio","publisher":{"@id":"https:\/\/raed.academy\/ca\/#organization"},"potentialAction":[{"@type":"SearchAction","target":{"@type":"EntryPoint","urlTemplate":"https:\/\/raed.academy\/ca\/?s={search_term_string}"},"query-input":{"@type":"PropertyValueSpecification","valueRequired":true,"valueName":"search_term_string"}}],"inLanguage":"ca-ES"},{"@type":"Organization","@id":"https:\/\/raed.academy\/ca\/#organization","name":"Real Academia Europea de Doctores","url":"https:\/\/raed.academy\/ca\/","logo":{"@type":"ImageObject","inLanguage":"ca-ES","@id":"https:\/\/raed.academy\/ca\/#\/schema\/logo\/image\/","url":"https:\/\/raed.academy\/wp-content\/uploads\/2017\/01\/cropped-logo_raed.png","contentUrl":"https:\/\/raed.academy\/wp-content\/uploads\/2017\/01\/cropped-logo_raed.png","width":512,"height":512,"caption":"Real Academia Europea de Doctores"},"image":{"@id":"https:\/\/raed.academy\/ca\/#\/schema\/logo\/image\/"},"sameAs":["http:\/\/fb.me\/raed.academy","https:\/\/x.com\/raedacademy","https:\/\/www.instagram.com\/raed.academy\/","https:\/\/www.youtube.com\/channel\/UCUYQwW2KrdirNWihxMDObwg"]}]}},"_links":{"self":[{"href":"https:\/\/raed.academy\/ca\/wp-json\/wp\/v2\/dp_events\/139669","targetHints":{"allow":["GET"]}}],"collection":[{"href":"https:\/\/raed.academy\/ca\/wp-json\/wp\/v2\/dp_events"}],"about":[{"href":"https:\/\/raed.academy\/ca\/wp-json\/wp\/v2\/types\/dp_events"}],"wp:featuredmedia":[{"embeddable":true,"href":"https:\/\/raed.academy\/ca\/wp-json\/wp\/v2\/media\/139665"}],"wp:attachment":[{"href":"https:\/\/raed.academy\/ca\/wp-json\/wp\/v2\/media?parent=139669"}],"curies":[{"name":"wp","href":"https:\/\/api.w.org\/{rel}","templated":true}]}}