{"id":139543,"date":"2023-10-30T15:32:35","date_gmt":"2023-10-30T15:32:35","guid":{"rendered":"https:\/\/raed.academy\/?post_type=dp_events&#038;p=139543"},"modified":"2023-11-24T11:20:41","modified_gmt":"2023-11-24T11:20:41","slug":"world-peace-forum-barcelona","status":"publish","type":"dp_events","link":"https:\/\/raed.academy\/ca\/esdeveniments\/world-peace-forum-barcelona\/","title":{"rendered":"World Peace Forum Barcelona"},"content":{"rendered":"<p>[et_pb_section fb_built=&#8221;1&#8243; _builder_version=&#8221;4.23&#8243; _module_preset=&#8221;default&#8221; background_image=&#8221;https:\/\/raed.academy\/wp-content\/uploads\/2023\/10\/shutt-Barcelona-2.91.webp&#8221; locked=&#8221;off&#8221; global_colors_info=&#8221;{}&#8221;][et_pb_row _builder_version=&#8221;4.17.0&#8243; _module_preset=&#8221;default&#8221; background_color=&#8221;#FFFFFF&#8221; width=&#8221;95%&#8221; max_width=&#8221;650px&#8221; custom_margin=&#8221;|25px|||false|false&#8221; custom_padding=&#8221;30px|30px|30px|30px|false|false&#8221; animation_style=&#8221;flip&#8221; global_colors_info=&#8221;{}&#8221;][et_pb_column type=&#8221;4_4&#8243; _builder_version=&#8221;4.17.0&#8243; _module_preset=&#8221;default&#8221; global_colors_info=&#8221;{}&#8221;][et_pb_text admin_label=&#8221;Texto &#8211; ttl 15a edici\u00f3 del F\u00f2rum Mundial de la Pau Barcelona&#8221; _builder_version=&#8221;4.23&#8243; _module_preset=&#8221;default&#8221; global_colors_info=&#8221;{}&#8221;]<\/p>\n<h3 style=\"text-align: center;\">15a edici\u00f3 del F\u00f2rum Mundial de la Pau Barcelona<\/h3>\n<p>[\/et_pb_text][et_pb_post_title meta=&#8221;off&#8221; featured_image=&#8221;off&#8221; admin_label=&#8221;T\u00edtulo de publicaci\u00f3n&#8221; _builder_version=&#8221;4.17.0&#8243; _module_preset=&#8221;default&#8221; background_enable_color=&#8221;off&#8221; locked=&#8221;off&#8221; global_colors_info=&#8221;{}&#8221;][\/et_pb_post_title][et_pb_text admin_label=&#8221;Detalls esdeveniment&#8221; _builder_version=&#8221;4.23&#8243; _module_preset=&#8221;default&#8221; background_enable_color=&#8221;off&#8221; locked=&#8221;off&#8221; global_colors_info=&#8221;{}&#8221;]<\/p>\n<p><i class=\"fa-solid fa-location-dot\"><\/i> Barcelona<\/p>\n<p><i class=\"fa-solid fa-calendar-days\"><\/i> Del 23 al 25 de novembre de 2023<\/p>\n<p>Amb la col\u00b7laboraci\u00f3 de la <strong>Reial Acad\u00e8mia Europea de Doctors<\/strong><\/p>\n<p>Ampliar informaci\u00f3:<strong>\u00a0<a href=\"https:\/\/www.barcelonaworldpeaceforum.com\/\" target=\"_blank\" rel=\"noopener\">Lloc del World Peace Forum<\/a><br \/><\/strong><\/p>\n<p>[\/et_pb_text][\/et_pb_column][\/et_pb_row][\/et_pb_section][et_pb_section fb_built=&#8221;1&#8243; admin_label=&#8221;section&#8221; _builder_version=&#8221;4.17.0&#8243; custom_padding=&#8221;0px||||false|false&#8221; locked=&#8221;off&#8221; global_colors_info=&#8221;{}&#8221;][et_pb_row admin_label=&#8221;row&#8221; _builder_version=&#8221;4.17.0&#8243; background_size=&#8221;initial&#8221; background_position=&#8221;top_left&#8221; background_repeat=&#8221;repeat&#8221; max_width=&#8221;1600px&#8221; global_colors_info=&#8221;{}&#8221;][et_pb_column type=&#8221;4_4&#8243; _builder_version=&#8221;4.16&#8243; custom_padding=&#8221;|||&#8221; global_colors_info=&#8221;{}&#8221; custom_padding__hover=&#8221;|||&#8221;][et_pb_button button_url=&#8221;https:\/\/www.barcelonaworldpeaceforum.com\/&#8221; url_new_window=&#8221;on&#8221; button_text=&#8221;Programa i registre al lloc del World Peace Forum&#8221; button_alignment=&#8221;center&#8221; admin_label=&#8221;Boton &#8211; Programa i registre al lloc del World Peace Forum&#8221; _builder_version=&#8221;4.23&#8243; _module_preset=&#8221;default&#8221; custom_css_main_element=&#8221;font-weight: bold;&#8221; global_colors_info=&#8221;{}&#8221;][\/et_pb_button][et_pb_text admin_label=&#8221;Objectius del f\u00f2rum&#8221; _builder_version=&#8221;4.23&#8243; background_size=&#8221;initial&#8221; background_position=&#8221;top_left&#8221; background_repeat=&#8221;repeat&#8221; global_colors_info=&#8221;{}&#8221;]<\/p>\n<h2>Objectius del f\u00f2rum<\/h2>\n<p>El <strong>World Peace Forum<\/strong> \u00e9s un congr\u00e9s de renom internacional dedicat a la promoci\u00f3 de la pau i la cooperaci\u00f3 global. Aquesta alian\u00e7a demostra el comprom\u00eds compartit de diverses institucions en la defensa dels drets humans i la investigaci\u00f3 acad\u00e8mica.<\/p>\n<p>Aquest any, el <strong>World Peace Forum<\/strong> adquireix un significat especial, ja que es commemora el 75\u00e8 aniversari de la Declaraci\u00f3 Universal dels Drets Humans.<\/p>\n<p>Aquesta fita hist\u00f2rica, adoptada per l&#8217;Assemblea General de Nacions Unides el 1948, va establir els principis fonamentals que regeixen la igualtat, la dignitat i els drets inherents de tots els \u00e9ssers humans.<\/p>\n<p>En el context actual, en qu\u00e8 els desafiaments globals requereixen una s\u00f2lida cooperaci\u00f3 internacional, recordar i reafirmar el nostre comprom\u00eds amb els drets humans \u00e9s m\u00e9s important que mai.<\/p>\n<p>Com a part de la nostra col\u00b7laboraci\u00f3, diversos distingits acad\u00e8mics de la Reial Acad\u00e8mia Europea de Doctors participaran activament al <strong>World Peace Forum<\/strong>. La RAED organitza dues taules de debat que abordaran temes crucials relacionats amb la pau, els drets humans i la governan\u00e7a global, totes dues el 24 de novembre a Foment del Treball, seu de la instituci\u00f3.<\/p>\n<p>Aquests debats serviran com a plataformes d&#8217;intercanvi d&#8217;idees, en qu\u00e8 experts, l\u00edders i acad\u00e8mics de tot el m\u00f3n discutiran estrat\u00e8gies i solucions per abordar els desafiaments que enfronta la nostra societat en la recerca de la pau i la just\u00edcia.<\/p>\n<p>La uni\u00f3 de forces al <strong>World Peace Forum<\/strong> de les institucions organitzadores i col\u00b7laboradores, entre les quals hi ha la <strong>Reial Acad\u00e8mia Europea de Doctors<\/strong>, suposa un pas significatiu cap a la promoci\u00f3 d&#8217;un m\u00f3n m\u00e9s pac\u00edfic i just.<\/p>\n<p>Junts, treballarem incansablement per inspirar, educar i empoderar les generacions presents i futures en la import\u00e0ncia de respectar els drets humans i construir un m\u00f3n on la pau sigui una realitat a l&#8217;abast de tothom.<\/p>\n<p>[\/et_pb_text][\/et_pb_column][\/et_pb_row][et_pb_row column_structure=&#8221;1_2,1_2&#8243; _builder_version=&#8221;4.23&#8243; _module_preset=&#8221;default&#8221; locked=&#8221;off&#8221; global_colors_info=&#8221;{}&#8221;][et_pb_column type=&#8221;1_2&#8243; _builder_version=&#8221;4.23&#8243; _module_preset=&#8221;default&#8221; global_colors_info=&#8221;{}&#8221;][et_pb_image src=&#8221;https:\/\/raed.academy\/wp-content\/uploads\/2023\/10\/logo-World-Peace-Forum.jpg&#8221; title_text=&#8221;logo-World-Peace-Forum&#8221; align=&#8221;center&#8221; admin_label=&#8221;logo World Peace Forum&#8221; _builder_version=&#8221;4.23&#8243; _module_preset=&#8221;default&#8221; global_colors_info=&#8221;{}&#8221;][\/et_pb_image][\/et_pb_column][et_pb_column type=&#8221;1_2&#8243; _builder_version=&#8221;4.23&#8243; _module_preset=&#8221;default&#8221; global_colors_info=&#8221;{}&#8221;][et_pb_image src=&#8221;https:\/\/raed.academy\/wp-content\/uploads\/2021\/10\/Logo-RAED-160px.jpg&#8221; title_text=&#8221;Logo-RAED-160px&#8221; align=&#8221;center&#8221; admin_label=&#8221;logo RAED&#8221; _builder_version=&#8221;4.23&#8243; _module_preset=&#8221;default&#8221; global_colors_info=&#8221;{}&#8221;][\/et_pb_image][\/et_pb_column][\/et_pb_row][et_pb_row _builder_version=&#8221;4.23&#8243; _module_preset=&#8221;default&#8221; global_colors_info=&#8221;{}&#8221;][et_pb_column type=&#8221;4_4&#8243; _builder_version=&#8221;4.23&#8243; _module_preset=&#8221;default&#8221; global_colors_info=&#8221;{}&#8221;][et_pb_text admin_label=&#8221;txt &#8211; mesa 1&#8243; _builder_version=&#8221;4.23&#8243; _module_preset=&#8221;default&#8221; hover_enabled=&#8221;0&#8243; locked=&#8221;off&#8221; global_colors_info=&#8221;{}&#8221; sticky_enabled=&#8221;0&#8243;]<\/p>\n<h2 style=\"text-align: center;\">Taula debat 1 \u00b7 Barcelona World Peace Forum<\/h2>\n<p><strong>Col\u00b7labora:<\/strong> REIAL ACAD\u00c8MIA EUROPEA DE DOCTORS (RAED)<br \/><strong>T\u00edtol:<\/strong> Construint ponts, no murs: Un enfocament de pau a la diplom\u00e0cia i l&#8217;economia global<br \/><strong>Objectiu:<\/strong> Enfocament i objectiu de la taula de debat.<br \/><strong>Ubicaci\u00f3:<\/strong> Foment de Treball. 1a planta, Auditori<br \/><strong>Data:<\/strong> 24 de novembre de 2023<br \/><strong>Horari:<\/strong> de 10:00 a 11:00 (60 minuts)<br \/><strong>Idioma:<\/strong> angl\u00e8s<br \/><strong>Moderador:<\/strong> Cecilia Kindelan Amorrich<\/p>\n<p>&nbsp;<\/p>\n<h3>MIREIA BELIL<\/h3>\n<p><img loading=\"lazy\" decoding=\"async\" class=\"alignright wp-image-139944\" src=\"https:\/\/raed.academy\/wp-content\/uploads\/2023\/10\/Mireia-Belil-0.88.webp\" alt=\"Mireia Belil\" width=\"160\" height=\"182\" \/>Ge\u00f2grafa especialitzada en temes de desenvolupament i pol\u00edtica urbana, especialment en definici\u00f3 d&#8217;estrat\u00e8gies territorials i socials.<\/p>\n<p>Treballa regularment com a investigadora i consultora per a organismes internacionals i altres ciutats europees.<\/p>\n<p>Consell Social de la UAB (Universitat Aut\u00f2noma de Barcelona). Va dirigir els di\u00e0legs del F\u00f2rum Universal de les Cultures Barcelona 2004. Directora General de la Fundaci\u00f3 F\u00f2rum.<\/p>\n<p>&nbsp;<\/p>\n<h3>JOS\u00c9 RAM\u00d3N CALVO<\/h3>\n<p><img loading=\"lazy\" decoding=\"async\" class=\"alignright wp-image-139947\" src=\"https:\/\/raed.academy\/wp-content\/uploads\/2023\/10\/Jose-Ramon-Calvo-Fernandez-0.88.webp\" alt=\"Dr. Jos\u00e9 Ram\u00f3n Calvo\" width=\"160\" height=\"182\" \/>Doctor en Medicina, Catedr\u00e0tic d&#8217;Educaci\u00f3 per a la Salut a la Universitat de Lanzarote. Fundador i director del Campus Excel\u00b7l\u00e8ncia. President de l&#8217;Institut de Cooperaci\u00f3 Internacional de la RAED. Director Executiu de l&#8217;oficina Espanyola de l&#8217;International Centre for Migration, Health and Development, assessor del Climate Change Reality Project liderat per Al Gore, assessor estrat\u00e8gic del BSC (Barclona supercomputing Center).<\/p>\n<p>Autor de nombrosos llibres i articles, reconegut conferenciant internacional i acad\u00e8mic de l&#8217;Acad\u00e8mia de Ci\u00e8ncies i Enginyeria de Lanzarote i acad\u00e8mic de N\u00famero de la <strong>Reial Acad\u00e8mia Europea de Doctors<\/strong>.<\/p>\n<p>&nbsp;<\/p>\n<h3>CEC\u00cdLIA KINDELAN AMORRICH<\/h3>\n<p><img loading=\"lazy\" decoding=\"async\" class=\"alignright wp-image-128710\" src=\"https:\/\/raed.academy\/wp-content\/uploads\/2023\/02\/11-Cecilia-Kindelan-sesion-en-sede-del-Parlamento-Europeo-Bruselas.webp\" alt=\"\" width=\"160\" height=\"213\" \/>Doctora en Comunicaci\u00f3 i llicenciada en Dret. M\u00e0ster en Art i Comunicaci\u00f3 i Gesti\u00f3 d&#8217;institucions sense \u00e0nim de lucre, i especialista en comunicaci\u00f3 corporativa. Ha estat subdirectora de l&#8217;Associaci\u00f3 Espanyola de Directius i ha treballat 10 anys al Banco Santander, en diferents posicions dins del projecte educatiu Universia. Ha ocupat diverses posicions de responsabilitat a universitats i escoles de negoci del Canad\u00e0, EUA, Equador i Espanya. Acad\u00e8mica de l&#8217;Acad\u00e8mia de Ci\u00e8ncies, Enginyeria i Humanitats de Lanzarote.<\/p>\n<p>Actualment \u00e9s la Directora Nacional dels Executive MBA d&#8217;ESIC Business &amp; Marketing School i les seves \u00e0rees de treball, doc\u00e8ncia i investigaci\u00f3 se centren en temes relacionats amb \u00e8tica empresarial, aspectes \u00e8tics de la intel\u00b7lig\u00e8ncia artificial a l&#8217;empresa, networking \u00e8tic i la comunicaci\u00f3 empresarial des de la perspectiva de l&#8217;\u00e8tica.<\/p>\n<p>Acad\u00e8mica de n\u00famero de la <strong>Reial Acad\u00e8mia Europea de Doctors<\/strong>.<\/p>\n<p>&nbsp;<\/p>\n<h3>CARLOS UMA\u00d1A<\/h3>\n<p><img loading=\"lazy\" decoding=\"async\" class=\"alignright wp-image-139953\" src=\"https:\/\/raed.academy\/wp-content\/uploads\/2023\/10\/Carlos-Umana-0.88.webp\" alt=\"\" width=\"160\" height=\"182\" \/>Copresident de la IPPNW, l&#8217;Associaci\u00f3 Internacional de Metges per a la Prevenci\u00f3 de la Guerra Nuclear (Premi Nobel de la Pau el 1985) i forma part del Grup Directiu Internacional de la ICAN, la Campanya Internacional per a l&#8217;Abolici\u00f3 de les Armes Nuclears (Premi Nobel de la Pau el 2017).<\/p>\n<p>\u00c9s metge general, exdirector d&#8217;\u00e0rea de salut el Ministeri de Salut de Costa Rica i exfuncionari de la Caixa Costarricense de l&#8217;Asseguran\u00e7a Social (CCSS), on va treballar en atenci\u00f3 prim\u00e0ria i com a resident en ginecologia i obstetr\u00edcia.<\/p>\n<p>[\/et_pb_text][et_pb_text admin_label=&#8221;txt- mesa 2&#8243; _builder_version=&#8221;4.23&#8243; _module_preset=&#8221;default&#8221; global_colors_info=&#8221;{}&#8221;]<\/p>\n<h2 style=\"text-align: center;\">Taula debat 2 \u00b7 Barcelona World Peace Forum<\/h2>\n<p><strong>Col\u00b7labora:<\/strong> REIAL ACAD\u00c8MIA EUROPEA DE DOCTORS (RAED)<br \/><strong>T\u00edtol:<\/strong> La pau a trav\u00e9s de l&#8217;equitat: Abordant la injust\u00edcia social a l&#8217;escenari mundial i el paper del desenvolupament sostenible a l&#8217;estabilitat global.<br \/><strong>Ubicaci\u00f3:<\/strong> Foment de Treball. 1a planta, Auditori<br \/><strong>Data:<\/strong> 24 de novembre de 2023<br \/><strong>Horari:<\/strong> de 15:00 a 15:50 (50 minuts)<br \/><strong>Idioma:<\/strong> espanyol<br \/><strong>Moderador:<\/strong> Jordi Mart\u00ed Pidelaserra<\/p>\n<p>&nbsp;<\/p>\n<h3>JAUME ARMENGOU OR\u00daS<\/h3>\n<p><img loading=\"lazy\" decoding=\"async\" class=\"alignright wp-image-139957\" src=\"https:\/\/raed.academy\/wp-content\/uploads\/2023\/10\/Jaume-Armengou-Orus-0.88.webp\" alt=\"Dr. Jaume Armengou Orus\" width=\"160\" height=\"182\" \/>Doctor en Enginyeria de Camins, Canals i Ports per la Universitat Polit\u00e8cnica de Catalunya. \u00c9s inventor de diverses patents. Ha escrit desenes d&#8217;articles cient\u00edfics i de divulgaci\u00f3 i de dict\u00e0mens. \u00c9s autor de m\u00e9s de dos-cents projectes de construcci\u00f3. Ha realitzat nombrosos projectes de recerca i ha generat dotzenes de programes d&#8217;ordinador.<\/p>\n<p>El 2003 va vendre la start-up a Prefabricacions i Contractes, S.A. (Grup Cementos Molins) i va passar a ser director t\u00e8cnic i membre del comit\u00e8 de direcci\u00f3. L&#8217;any 2007 es va incorporar a la Universitat Internacional de Catalunya (UIC Barcelona) com a vicerector d&#8217;Ordenaci\u00f3 Acad\u00e8mica i Professorat.<\/p>\n<p>Acad\u00e8mic de N\u00famero de la <strong>Reial Acad\u00e8mia Europea de Doctors<\/strong>.<\/p>\n<p>&nbsp;<\/p>\n<h3>DANIEL BERZOSA L\u00d3PEZ<\/h3>\n<p><img loading=\"lazy\" decoding=\"async\" class=\"wp-image-118332 alignright\" src=\"https:\/\/raed.academy\/wp-content\/uploads\/2022\/05\/Ddaniel-Berzosa.jpg\" sizes=\"(max-width: 160px) 100vw, 160px\" srcset=\"https:\/\/raed.academy\/wp-content\/uploads\/2022\/05\/Ddaniel-Berzosa.jpg 270w, https:\/\/raed.academy\/wp-content\/uploads\/2022\/05\/Ddaniel-Berzosa-150x150.jpg 150w\" alt=\"\" width=\"160\" height=\"160\" \/>Advocat, jurista i professor d&#8217;universitat espanyol. Doctor en Dret per la Universitat de Bolonya. Professor Coordinador de Dret Constitucional i drets Fonamentals a CUNEF Universitat, secretari acad\u00e8mic del Departament de Dret P\u00fablic.<\/p>\n<p>Professor de Dret constitucional i Drets fonamentals a IEB (Institut d&#8217;Estudis Borsaris) entre moltes altres activitats.<\/p>\n<p>Acad\u00e8mic de N\u00famero de la <strong>Reial Acad\u00e8mia Europea de Doctors<\/strong>.<\/p>\n<p>&nbsp;<\/p>\n<h3>TERESA FREIXES SANJU\u00c1N<\/h3>\n<p><img loading=\"lazy\" decoding=\"async\" class=\"wp-image-110725 alignright\" src=\"https:\/\/raed.academy\/wp-content\/uploads\/2022\/01\/Teresa-Freixes.webp\" sizes=\"(max-width: 160px) 100vw, 160px\" srcset=\"https:\/\/raed.academy\/wp-content\/uploads\/2022\/01\/Teresa-Freixes.webp 370w, https:\/\/raed.academy\/wp-content\/uploads\/2022\/01\/Teresa-Freixes-150x150.webp 150w, https:\/\/raed.academy\/wp-content\/uploads\/2022\/01\/Teresa-Freixes-300x300.webp 300w\" alt=\"Teresa Freixes\" width=\"160\" height=\"160\" \/>Catedr\u00e0tica de Dret constitucional i Catedr\u00e0tica Jean Monnet ad personam. Experta de la Comissi\u00f3 Europea i del Consell d&#8217;Europa. Presidenta de la Fundaci\u00f3 cultura Lliure i de <em>citizens pro Europe<\/em>.<\/p>\n<p>Ha participat en l&#8217;elaboraci\u00f3 dels Tractats d&#8217;Amsterdam, Ni\u00e7a i Lisboa, la constituci\u00f3 Europa i la Carta dels Drets fonamentals de la UE. Antiga S\u00e8nior Expert de FRANET (Ag\u00e8ncia Europea de Drets fonamentals i Institut Europeu per a la igualtat de g\u00e8nere).<\/p>\n<p>Vicepresidenta de la <strong>Reial Acad\u00e8mia Europea de Doctors<\/strong>.<\/p>\n<p>&nbsp;<\/p>\n<h3>ERNST ITEN<\/h3>\n<p><img loading=\"lazy\" decoding=\"async\" class=\"alignright wp-image-139960\" src=\"https:\/\/raed.academy\/wp-content\/uploads\/2023\/10\/Ernst-Iten-0.88.webp\" alt=\"Ernst Iten\" width=\"160\" height=\"182\" \/>Ingressat al servei diplom\u00e0tic su\u00eds el 1973, Iten va representar Su\u00efssa en llocs i moments de tensi\u00f3: despr\u00e9s de les seves primeres experi\u00e8ncies a Costa d&#8217;Ivori, Col\u00f2mbia, Iran, Argentina i en la delegaci\u00f3 de l&#8217;OCDE a Par\u00eds, va ser nomenat ambaixador a Vene\u00e7uela , a diversos pa\u00efsos. Pa\u00efsos del Carib i posteriorment a Israel, despr\u00e9s com a delegat de Su\u00efssa davant la UNESCO i per la Francofonia.<\/p>\n<p>La seva carrera el va portar diverses vegades a punts calents de la hist\u00f2ria mundial -durant l&#8217;ocupaci\u00f3 de l&#8217;ambaixada a Bogot\u00e0 el 1980, quan va representar els interessos nord-americans a l&#8217;Iran el 1981\/82, durant la Guerra de les Malvines o en el conflicte de l&#8217;Orient Mitj\u00e0 \u2013 i en zones de gran inter\u00e8s cultural.<\/p>\n<p>&nbsp;<\/p>\n<h3>DAVID JOU MIRABENT<\/h3>\n<p><img loading=\"lazy\" decoding=\"async\" class=\"alignright wp-image-139963\" src=\"https:\/\/raed.academy\/wp-content\/uploads\/2023\/10\/David-Jou-Mirabent-0.88.webp\" alt=\"David Jou\" width=\"160\" height=\"182\" \/>F\u00edsic i poeta, autor d&#8217;una \u00e0mplia obra liter\u00e0ria, assag\u00edstica i cient\u00edfica. Llicenciat (1975) i doctorat (1978) en Ci\u00e8ncies F\u00edsiques a la Universitat Aut\u00f2noma de Barcelona, des del 1989 \u00e9s catedr\u00e0tic de F\u00edsica de la Mat\u00e8ria Condensada en aquesta Universitat, i doctor honoris causa per la Universitat de Girona.<\/p>\n<p>La seva obra cient\u00edfica ha estat dedicada a la investigaci\u00f3 en termodin\u00e0mica de processos irreversibles i f\u00edsica de sistemes allunyats de lequilibri. \u00c9s membre de l&#8217;Institut d&#8217;Estudis Catalans (1990), membre corresponent de la Reial Acad\u00e8mia de Ci\u00e8ncies Exactes, F\u00edsiques i Naturals de Madrid (2004), i de l&#8217;Acad\u00e8mia Peloritana de Messina (Sic\u00edlia)(2005).<\/p>\n<p>Acad\u00e8mic de N\u00famero de la <strong>Reial Acad\u00e8mia Europea de Doctors<\/strong>.<\/p>\n<p>&nbsp;<\/p>\n<h3>FRANCISCO L\u00d3PEZ MU\u00d1OZ<\/h3>\n<p><img loading=\"lazy\" decoding=\"async\" class=\"alignright wp-image-40303\" src=\"https:\/\/raed.academy\/wp-content\/uploads\/2018\/01\/Francisco-L\u00f3pez-Mu\u00f1oz.jpg\" alt=\"Dr. Francisco L\u00f3pez Mu\u00f1oz\" width=\"160\" height=\"174\" \/>Vicerector d&#8217;Investigaci\u00f3 i Ci\u00e8ncia i president del Comit\u00e8 d&#8217;\u00c8tica de la Investigaci\u00f3 de la Universitat Camilo Jos\u00e9 Cela; Doctor en Medicina i Doctor en Llengua Espanyola i Literatura; Professor Titular de Farmacologia, Investigador de l&#8217;Institut de Recerca Hospital 12 d&#8217;octubre.<\/p>\n<p>Autor\/editor de 29 llibres, 228 cap\u00edtols de llibres i 435 articles cient\u00edfics; acad\u00e8mic de l&#8217;Acad\u00e8mia Europea de Ci\u00e8ncies i Arts de Salzburg, Reals Acad\u00e8mies de Medicina i Cirurgia de Cadis, Hist\u00f2ria i Art de San Quirce, Farm\u00e0cia de la Comunitat Valenciana, Medicina d&#8217;Andalusia Oriental i Acad\u00e8mies Nacionals de Medicina de Col\u00f2mbia, Vene\u00e7uela, Bol\u00edvia, Paraguai Rep\u00fablica Dominicana. Acad\u00e8mic de N\u00famero de la <strong>Reial Acad\u00e8mia Europea de Doctors<\/strong>.<\/p>\n<p>&nbsp;<\/p>\n<h3>JORDI MART\u00cd PIDELESERRA<\/h3>\n<p><img loading=\"lazy\" decoding=\"async\" class=\"alignright wp-image-139967\" src=\"https:\/\/raed.academy\/wp-content\/uploads\/2023\/10\/Jordi-Marti-Pidelaserra-0.88.webp\" alt=\"\" width=\"166\" height=\"188\" \/>Professor de la Universitat de Barcelona (UB). Coordinador de la secci\u00f3 de comptabilitat de la UB. Certificador ESG-Rating. Director cient\u00edfic del M\u00e0ster One-Health de la UB. Investigador a Harmful Complexity. Escriptor i habitual conferenciant internacional.<\/p>\n<p>Expert en valoraci\u00f3 d&#8217;empreses, mentor de diversos projectes d&#8217;emprenedoria empresarial a partir de feines finals de carrera i promotor de centres d&#8217;iniciatives empresarials.<\/p>\n<p>Acad\u00e8mic de N\u00famero de la <strong>Reial Acad\u00e8mia Europea de Doctors<\/strong>.<\/p>\n<p>[\/et_pb_text][et_pb_video src=&#8221;https:\/\/youtu.be\/GqrYknhUKTo&#8221; _builder_version=&#8221;4.23&#8243; _module_preset=&#8221;default&#8221; global_colors_info=&#8221;{}&#8221;][\/et_pb_video][\/et_pb_column][\/et_pb_row][\/et_pb_section][et_pb_section fb_built=&#8221;1&#8243; _builder_version=&#8221;4.18.0&#8243; _module_preset=&#8221;default&#8221; locked=&#8221;off&#8221; global_colors_info=&#8221;{}&#8221;][et_pb_row use_custom_gutter=&#8221;on&#8221; gutter_width=&#8221;1&#8243; admin_label=&#8221;Fila&#8221; _builder_version=&#8221;4.23&#8243; _module_preset=&#8221;default&#8221; max_width=&#8221;1400px&#8221; locked=&#8221;off&#8221; global_colors_info=&#8221;{}&#8221;][et_pb_column type=&#8221;4_4&#8243; _builder_version=&#8221;4.16&#8243; _module_preset=&#8221;default&#8221; global_colors_info=&#8221;{}&#8221;][et_pb_code admin_label=&#8221;Codi &#8211; Organitzadors&#8221; _builder_version=&#8221;4.23&#8243; _module_preset=&#8221;default&#8221; global_colors_info=&#8221;{}&#8221;]<pee class=\"ttl-colaboradores\">Organitza:<\/pee><!-- [et_pb_line_break_holder] --><!-- [et_pb_line_break_holder] --><\/p>\n<div id=\"organizadores\" style=\"justify-content: space-between;\"><!-- [et_pb_line_break_holder] --><\/p>\n<div class=\"logo-colaborador\"><!-- [et_pb_line_break_holder] --><a href=\"https:\/\/schengenpeacefoundation.org\/\" target=\"_blank\" rel=\"noopener\"><!-- [et_pb_line_break_holder] --> <img decoding=\"async\" class=\"attachment-large size-large wp-image-831\" src=\"https:\/\/www.barcelonaworldpeaceforum.com\/wp-content\/uploads\/2023\/10\/schengen-peace-foundation.jpg\" alt=\"\" width=\"180\" \/><\/a><\/div>\n<p><!-- [et_pb_line_break_holder] --><\/p>\n<div class=\"logo-colaborador\"><!-- [et_pb_line_break_holder] --><a href=\"https:\/\/luxembourgpeaceprize.org\/\" target=\"_blank\" rel=\"noopener\"><!-- [et_pb_line_break_holder] --> <img decoding=\"async\" class=\"attachment-large size-large wp-image-1299\" src=\"https:\/\/www.barcelonaworldpeaceforum.com\/wp-content\/uploads\/2023\/10\/WPF-Luxembourg-Peace-Prize-mourning.png\" alt=\"\" width=\"180\" \/><\/a><\/div>\n<p><!-- [et_pb_line_break_holder] --><\/p>\n<div class=\"logo-colaborador\"><!-- [et_pb_line_break_holder] --><a href=\"http:\/\/worldpeaceforum.org\/\" target=\"_blank\" rel=\"noopener\"><!-- [et_pb_line_break_holder] --> <img decoding=\"async\" class=\"attachment-large size-large wp-image-1305\" src=\"https:\/\/www.barcelonaworldpeaceforum.com\/wp-content\/uploads\/2023\/10\/wpf-1.png\" alt=\"\" width=\"180\" \/><\/a><\/div>\n<p><!-- [et_pb_line_break_holder] --><\/p>\n<div class=\"logo-colaborador\"><!-- [et_pb_line_break_holder] -->  <img decoding=\"async\" class=\"attachment-large size-large wp-image-1303\" src=\"https:\/\/www.barcelonaworldpeaceforum.com\/wp-content\/uploads\/2023\/10\/YWPF.png\" alt=\"\" width=\"180\" \/><\/div>\n<p><!-- [et_pb_line_break_holder] --><\/div>\n<p><!-- [et_pb_line_break_holder] -->[\/et_pb_code][\/et_pb_column][\/et_pb_row][\/et_pb_section]<\/p>\n","protected":false},"excerpt":{"rendered":"<p>15a edici\u00f3 del F\u00f2rum Mundial de la Pau Barcelona. Un congr\u00e9s de renom internacional dedicat a la promoci\u00f3 de la pau i la cooperaci\u00f3 global. Amb la col\u00b7laboraci\u00f3 de la RAED<\/p>\n","protected":false},"featured_media":139534,"template":"","meta":{"_et_pb_use_builder":"on","_et_pb_old_content":"","_et_gb_content_width":""},"class_list":["post-139543","dp_events","type-dp_events","status-publish","has-post-thumbnail","hentry","event_tag-conferencies"],"yoast_head":"<!-- This site is optimized with the Yoast SEO plugin v27.5 - https:\/\/yoast.com\/product\/yoast-seo-wordpress\/ -->\n<title>World Peace Forum Barcelona - Reial Acad\u00e8mia Europea de Doctors<\/title>\n<meta name=\"robots\" content=\"index, follow, max-snippet:-1, max-image-preview:large, max-video-preview:-1\" \/>\n<link rel=\"canonical\" href=\"https:\/\/raed.academy\/ca\/esdeveniments\/world-peace-forum-barcelona\/\" \/>\n<meta property=\"og:locale\" content=\"ca_ES\" \/>\n<meta property=\"og:type\" content=\"article\" \/>\n<meta property=\"og:title\" content=\"World Peace Forum Barcelona - Reial Acad\u00e8mia Europea de Doctors\" \/>\n<meta property=\"og:description\" content=\"15a edici\u00f3 del F\u00f2rum Mundial de la Pau Barcelona. Un congr\u00e9s de renom internacional dedicat a la promoci\u00f3 de la pau i la cooperaci\u00f3 global. Amb la col\u00b7laboraci\u00f3 de la RAED\" \/>\n<meta property=\"og:url\" content=\"https:\/\/raed.academy\/ca\/esdeveniments\/world-peace-forum-barcelona\/\" \/>\n<meta property=\"og:site_name\" content=\"Reial Acad\u00e8mia Europea de Doctors\" \/>\n<meta property=\"article:publisher\" content=\"http:\/\/fb.me\/raed.academy\" \/>\n<meta property=\"article:modified_time\" content=\"2023-11-24T11:20:41+00:00\" \/>\n<meta property=\"og:image\" content=\"https:\/\/raed.academy\/wp-content\/uploads\/2023\/10\/paloma-paz-mundial-1.17.webp\" \/>\n\t<meta property=\"og:image:width\" content=\"350\" \/>\n\t<meta property=\"og:image:height\" content=\"300\" \/>\n\t<meta property=\"og:image:type\" content=\"image\/webp\" \/>\n<meta name=\"twitter:card\" content=\"summary_large_image\" \/>\n<meta name=\"twitter:site\" content=\"@raedacademy\" \/>\n<meta name=\"twitter:label1\" content=\"Est. reading time\" \/>\n\t<meta name=\"twitter:data1\" content=\"13 minutes\" \/>\n<script type=\"application\/ld+json\" class=\"yoast-schema-graph\">{\"@context\":\"https:\\\/\\\/schema.org\",\"@graph\":[{\"@type\":\"WebPage\",\"@id\":\"https:\\\/\\\/raed.academy\\\/ca\\\/esdeveniments\\\/world-peace-forum-barcelona\\\/\",\"url\":\"https:\\\/\\\/raed.academy\\\/ca\\\/esdeveniments\\\/world-peace-forum-barcelona\\\/\",\"name\":\"World Peace Forum Barcelona - Reial Acad\u00e8mia Europea de Doctors\",\"isPartOf\":{\"@id\":\"https:\\\/\\\/raed.academy\\\/ca\\\/#website\"},\"primaryImageOfPage\":{\"@id\":\"https:\\\/\\\/raed.academy\\\/ca\\\/esdeveniments\\\/world-peace-forum-barcelona\\\/#primaryimage\"},\"image\":{\"@id\":\"https:\\\/\\\/raed.academy\\\/ca\\\/esdeveniments\\\/world-peace-forum-barcelona\\\/#primaryimage\"},\"thumbnailUrl\":\"https:\\\/\\\/raed.academy\\\/wp-content\\\/uploads\\\/2023\\\/10\\\/paloma-paz-mundial-1.17.webp\",\"datePublished\":\"2023-10-30T15:32:35+00:00\",\"dateModified\":\"2023-11-24T11:20:41+00:00\",\"breadcrumb\":{\"@id\":\"https:\\\/\\\/raed.academy\\\/ca\\\/esdeveniments\\\/world-peace-forum-barcelona\\\/#breadcrumb\"},\"inLanguage\":\"ca-ES\",\"potentialAction\":[{\"@type\":\"ReadAction\",\"target\":[\"https:\\\/\\\/raed.academy\\\/ca\\\/esdeveniments\\\/world-peace-forum-barcelona\\\/\"]}]},{\"@type\":\"ImageObject\",\"inLanguage\":\"ca-ES\",\"@id\":\"https:\\\/\\\/raed.academy\\\/ca\\\/esdeveniments\\\/world-peace-forum-barcelona\\\/#primaryimage\",\"url\":\"https:\\\/\\\/raed.academy\\\/wp-content\\\/uploads\\\/2023\\\/10\\\/paloma-paz-mundial-1.17.webp\",\"contentUrl\":\"https:\\\/\\\/raed.academy\\\/wp-content\\\/uploads\\\/2023\\\/10\\\/paloma-paz-mundial-1.17.webp\",\"width\":350,\"height\":300},{\"@type\":\"BreadcrumbList\",\"@id\":\"https:\\\/\\\/raed.academy\\\/ca\\\/esdeveniments\\\/world-peace-forum-barcelona\\\/#breadcrumb\",\"itemListElement\":[{\"@type\":\"ListItem\",\"position\":1,\"name\":\"Inicio\",\"item\":\"https:\\\/\\\/raed.academy\\\/ca\\\/\"},{\"@type\":\"ListItem\",\"position\":2,\"name\":\"Activitats\",\"item\":\"https:\\\/\\\/raed.academy\\\/ca\\\/esdeveniments\\\/\"},{\"@type\":\"ListItem\",\"position\":3,\"name\":\"World Peace Forum Barcelona\"}]},{\"@type\":\"WebSite\",\"@id\":\"https:\\\/\\\/raed.academy\\\/ca\\\/#website\",\"url\":\"https:\\\/\\\/raed.academy\\\/ca\\\/\",\"name\":\"Reial Acad\u00e8mia Europea de Doctors\",\"description\":\"Corporaci\u00f3n de derecho p\u00fablico de car\u00e1cter cient\u00edfico, t\u00e9cnico y art\u00edstico, que tiene por objeto la investigaci\u00f3n, el estudio, el fomento y la extensi\u00f3n del conocimiento en su sentido m\u00e1s amplio\",\"publisher\":{\"@id\":\"https:\\\/\\\/raed.academy\\\/ca\\\/#organization\"},\"potentialAction\":[{\"@type\":\"SearchAction\",\"target\":{\"@type\":\"EntryPoint\",\"urlTemplate\":\"https:\\\/\\\/raed.academy\\\/ca\\\/?s={search_term_string}\"},\"query-input\":{\"@type\":\"PropertyValueSpecification\",\"valueRequired\":true,\"valueName\":\"search_term_string\"}}],\"inLanguage\":\"ca-ES\"},{\"@type\":\"Organization\",\"@id\":\"https:\\\/\\\/raed.academy\\\/ca\\\/#organization\",\"name\":\"Real Academia Europea de Doctores\",\"url\":\"https:\\\/\\\/raed.academy\\\/ca\\\/\",\"logo\":{\"@type\":\"ImageObject\",\"inLanguage\":\"ca-ES\",\"@id\":\"https:\\\/\\\/raed.academy\\\/ca\\\/#\\\/schema\\\/logo\\\/image\\\/\",\"url\":\"https:\\\/\\\/raed.academy\\\/wp-content\\\/uploads\\\/2017\\\/01\\\/cropped-logo_raed.png\",\"contentUrl\":\"https:\\\/\\\/raed.academy\\\/wp-content\\\/uploads\\\/2017\\\/01\\\/cropped-logo_raed.png\",\"width\":512,\"height\":512,\"caption\":\"Real Academia Europea de Doctores\"},\"image\":{\"@id\":\"https:\\\/\\\/raed.academy\\\/ca\\\/#\\\/schema\\\/logo\\\/image\\\/\"},\"sameAs\":[\"http:\\\/\\\/fb.me\\\/raed.academy\",\"https:\\\/\\\/x.com\\\/raedacademy\",\"https:\\\/\\\/www.instagram.com\\\/raed.academy\\\/\",\"https:\\\/\\\/www.youtube.com\\\/channel\\\/UCUYQwW2KrdirNWihxMDObwg\"]}]}<\/script>\n<!-- \/ Yoast SEO plugin. -->","yoast_head_json":{"title":"World Peace Forum Barcelona - Reial Acad\u00e8mia Europea de Doctors","robots":{"index":"index","follow":"follow","max-snippet":"max-snippet:-1","max-image-preview":"max-image-preview:large","max-video-preview":"max-video-preview:-1"},"canonical":"https:\/\/raed.academy\/ca\/esdeveniments\/world-peace-forum-barcelona\/","og_locale":"ca_ES","og_type":"article","og_title":"World Peace Forum Barcelona - Reial Acad\u00e8mia Europea de Doctors","og_description":"15a edici\u00f3 del F\u00f2rum Mundial de la Pau Barcelona. Un congr\u00e9s de renom internacional dedicat a la promoci\u00f3 de la pau i la cooperaci\u00f3 global. Amb la col\u00b7laboraci\u00f3 de la RAED","og_url":"https:\/\/raed.academy\/ca\/esdeveniments\/world-peace-forum-barcelona\/","og_site_name":"Reial Acad\u00e8mia Europea de Doctors","article_publisher":"http:\/\/fb.me\/raed.academy","article_modified_time":"2023-11-24T11:20:41+00:00","og_image":[{"width":350,"height":300,"url":"https:\/\/raed.academy\/wp-content\/uploads\/2023\/10\/paloma-paz-mundial-1.17.webp","type":"image\/webp"}],"twitter_card":"summary_large_image","twitter_site":"@raedacademy","twitter_misc":{"Est. reading time":"13 minutes"},"schema":{"@context":"https:\/\/schema.org","@graph":[{"@type":"WebPage","@id":"https:\/\/raed.academy\/ca\/esdeveniments\/world-peace-forum-barcelona\/","url":"https:\/\/raed.academy\/ca\/esdeveniments\/world-peace-forum-barcelona\/","name":"World Peace Forum Barcelona - Reial Acad\u00e8mia Europea de Doctors","isPartOf":{"@id":"https:\/\/raed.academy\/ca\/#website"},"primaryImageOfPage":{"@id":"https:\/\/raed.academy\/ca\/esdeveniments\/world-peace-forum-barcelona\/#primaryimage"},"image":{"@id":"https:\/\/raed.academy\/ca\/esdeveniments\/world-peace-forum-barcelona\/#primaryimage"},"thumbnailUrl":"https:\/\/raed.academy\/wp-content\/uploads\/2023\/10\/paloma-paz-mundial-1.17.webp","datePublished":"2023-10-30T15:32:35+00:00","dateModified":"2023-11-24T11:20:41+00:00","breadcrumb":{"@id":"https:\/\/raed.academy\/ca\/esdeveniments\/world-peace-forum-barcelona\/#breadcrumb"},"inLanguage":"ca-ES","potentialAction":[{"@type":"ReadAction","target":["https:\/\/raed.academy\/ca\/esdeveniments\/world-peace-forum-barcelona\/"]}]},{"@type":"ImageObject","inLanguage":"ca-ES","@id":"https:\/\/raed.academy\/ca\/esdeveniments\/world-peace-forum-barcelona\/#primaryimage","url":"https:\/\/raed.academy\/wp-content\/uploads\/2023\/10\/paloma-paz-mundial-1.17.webp","contentUrl":"https:\/\/raed.academy\/wp-content\/uploads\/2023\/10\/paloma-paz-mundial-1.17.webp","width":350,"height":300},{"@type":"BreadcrumbList","@id":"https:\/\/raed.academy\/ca\/esdeveniments\/world-peace-forum-barcelona\/#breadcrumb","itemListElement":[{"@type":"ListItem","position":1,"name":"Inicio","item":"https:\/\/raed.academy\/ca\/"},{"@type":"ListItem","position":2,"name":"Activitats","item":"https:\/\/raed.academy\/ca\/esdeveniments\/"},{"@type":"ListItem","position":3,"name":"World Peace Forum Barcelona"}]},{"@type":"WebSite","@id":"https:\/\/raed.academy\/ca\/#website","url":"https:\/\/raed.academy\/ca\/","name":"Reial Acad\u00e8mia Europea de Doctors","description":"Corporaci\u00f3n de derecho p\u00fablico de car\u00e1cter cient\u00edfico, t\u00e9cnico y art\u00edstico, que tiene por objeto la investigaci\u00f3n, el estudio, el fomento y la extensi\u00f3n del conocimiento en su sentido m\u00e1s amplio","publisher":{"@id":"https:\/\/raed.academy\/ca\/#organization"},"potentialAction":[{"@type":"SearchAction","target":{"@type":"EntryPoint","urlTemplate":"https:\/\/raed.academy\/ca\/?s={search_term_string}"},"query-input":{"@type":"PropertyValueSpecification","valueRequired":true,"valueName":"search_term_string"}}],"inLanguage":"ca-ES"},{"@type":"Organization","@id":"https:\/\/raed.academy\/ca\/#organization","name":"Real Academia Europea de Doctores","url":"https:\/\/raed.academy\/ca\/","logo":{"@type":"ImageObject","inLanguage":"ca-ES","@id":"https:\/\/raed.academy\/ca\/#\/schema\/logo\/image\/","url":"https:\/\/raed.academy\/wp-content\/uploads\/2017\/01\/cropped-logo_raed.png","contentUrl":"https:\/\/raed.academy\/wp-content\/uploads\/2017\/01\/cropped-logo_raed.png","width":512,"height":512,"caption":"Real Academia Europea de Doctores"},"image":{"@id":"https:\/\/raed.academy\/ca\/#\/schema\/logo\/image\/"},"sameAs":["http:\/\/fb.me\/raed.academy","https:\/\/x.com\/raedacademy","https:\/\/www.instagram.com\/raed.academy\/","https:\/\/www.youtube.com\/channel\/UCUYQwW2KrdirNWihxMDObwg"]}]}},"_links":{"self":[{"href":"https:\/\/raed.academy\/ca\/wp-json\/wp\/v2\/dp_events\/139543","targetHints":{"allow":["GET"]}}],"collection":[{"href":"https:\/\/raed.academy\/ca\/wp-json\/wp\/v2\/dp_events"}],"about":[{"href":"https:\/\/raed.academy\/ca\/wp-json\/wp\/v2\/types\/dp_events"}],"wp:featuredmedia":[{"embeddable":true,"href":"https:\/\/raed.academy\/ca\/wp-json\/wp\/v2\/media\/139534"}],"wp:attachment":[{"href":"https:\/\/raed.academy\/ca\/wp-json\/wp\/v2\/media?parent=139543"}],"curies":[{"name":"wp","href":"https:\/\/api.w.org\/{rel}","templated":true}]}}