{"id":138520,"date":"2023-10-11T11:21:29","date_gmt":"2023-10-11T11:21:29","guid":{"rendered":"https:\/\/raed.academy\/?post_type=dp_events&#038;p=138520"},"modified":"2023-10-11T12:00:06","modified_gmt":"2023-10-11T12:00:06","slug":"el-dr-jaume-llopis-ingresa-como-academico-correspondiente-en-cataluna-de-la-academia-de-ciencias-ingenierias-y-humanidades-de-lanzarote","status":"publish","type":"dp_events","link":"https:\/\/raed.academy\/ca\/esdeveniments\/el-dr-jaume-llopis-ingresa-como-academico-correspondiente-en-cataluna-de-la-academia-de-ciencias-ingenierias-y-humanidades-de-lanzarote\/","title":{"rendered":"El Dr. Jaume Llopis ingressa com a Acad\u00e8mic Corresponent a Catalunya de l&#8217;Acad\u00e8mia de Ci\u00e8ncies, Enginyeries i Humanitats de Lanzarote"},"content":{"rendered":"<p>[et_pb_section fb_built=&#8221;1&#8243; admin_label=&#8221;Secci\u00f3n&#8221; _builder_version=&#8221;4.16&#8243; _module_preset=&#8221;default&#8221; locked=&#8221;off&#8221; global_colors_info=&#8221;{}&#8221;][et_pb_row admin_label=&#8221;Fila&#8221; _builder_version=&#8221;4.22.2&#8243; _module_preset=&#8221;default&#8221; max_width=&#8221;1600px&#8221; global_colors_info=&#8221;{}&#8221;][et_pb_column type=&#8221;4_4&#8243; _builder_version=&#8221;4.16&#8243; _module_preset=&#8221;default&#8221; global_colors_info=&#8221;{}&#8221;][et_pb_post_title meta=&#8221;off&#8221; featured_image=&#8221;off&#8221; admin_label=&#8221;T\u00edtulo de publicaci\u00f3n&#8221; _builder_version=&#8221;4.20.0&#8243; _module_preset=&#8221;default&#8221; global_colors_info=&#8221;{}&#8221;][\/et_pb_post_title][et_pb_text admin_label=&#8221;Detalles evento&#8221; _builder_version=&#8221;4.22.2&#8243; _module_preset=&#8221;default&#8221; hover_enabled=&#8221;0&#8243; global_colors_info=&#8221;{}&#8221; sticky_enabled=&#8221;0&#8243;]<div id=\"attachment_92752\" style=\"width: 196px\" class=\"wp-caption alignright\"><img loading=\"lazy\" decoding=\"async\" aria-describedby=\"caption-attachment-92752\" class=\"wp-image-92752\" src=\"https:\/\/raed.academy\/wp-content\/uploads\/2020\/07\/Jaume-Llopis.jpg\" alt=\"Dr. Jaume Llopis\" width=\"186\" height=\"258\" \/><p id=\"caption-attachment-92752\" class=\"wp-caption-text\">Dr. Jaume Llopis<\/p><\/div><\/p>\n<p>L&#8217;<strong>Excm. Sr. Dr. Jaume Llopis Casellas<\/strong>, Doctor en Economia i Direcci\u00f3 d&#8217;Empreses, ingressa com a Acad\u00e8mic Corresponent a Catalunya de l&#8217;<a href=\"http:\/\/www.academiadelanzarote.es\/\" target=\"_blank\" rel=\"noopener\"><strong>Acad\u00e8mia de Ci\u00e8ncies, Enginyeries i Humanitats de Lanzarote<\/strong><\/a>, amb el discurs titulat <strong>\u201cLiderazgo empresarial en el siglo XXI: creaci\u00f3n de valor compartido y nuevos estilos de direcci\u00f3n\u201d<\/strong>.<\/p>\n<p><strong>Lloc: <\/strong>Seu de l&#039;Academia de Lanzarote<\/p>\n<p><strong>Data<\/strong>: Dijous, 26 Octubre 2023<\/p>\n<p><strong>Hora<\/strong>: 19:00 h<\/p>\n<p><strong>Format:<\/strong> Presencial y streaming<\/p>\n<p>[\/et_pb_text][et_pb_divider show_divider=&#8221;off&#8221; _builder_version=&#8221;4.22.1&#8243; _module_preset=&#8221;default&#8221; global_colors_info=&#8221;{}&#8221;][\/et_pb_divider][et_pb_text admin_label=&#8221;Txt &#8211; Seguiu l&#8217;esdeveniment en directe&#8221; module_class=&#8221;oculto&#8221; _builder_version=&#8221;4.22.2&#8243; _module_preset=&#8221;default&#8221; locked=&#8221;off&#8221; global_colors_info=&#8221;{}&#8221;]<\/p>\n<h2>Seguiu l&#8217;esdeveniment en directe<\/h2>\n<p>Podeu seguir l&#8217;esdeveniment en directe des d&#8217;aquesta p\u00e0gina.<\/p>\n<p>[\/et_pb_text][et_pb_video src=&#8221;https:\/\/youtu.be\/9L43rmY6wYI&#8221; module_class=&#8221;oculto&#8221; _builder_version=&#8221;4.22.2&#8243; _module_preset=&#8221;default&#8221; animation_style=&#8221;flip&#8221; global_colors_info=&#8221;{}&#8221;][\/et_pb_video][et_pb_text admin_label=&#8221;hashtags&#8221; module_class=&#8221;hashtag&#8221; _builder_version=&#8221;4.20.0&#8243; _module_preset=&#8221;default&#8221; global_colors_info=&#8221;{}&#8221;]#AcademicosRAED<br \/>\n#inspirandoElConocimiento<br \/>\n[\/et_pb_text][\/et_pb_column][\/et_pb_row][et_pb_row column_structure=&#8221;2_3,1_3&#8243; admin_label=&#8221;Fila&#8221; _builder_version=&#8221;4.22.2&#8243; _module_preset=&#8221;default&#8221; max_width=&#8221;1600px&#8221; locked=&#8221;off&#8221; global_colors_info=&#8221;{}&#8221;][et_pb_column type=&#8221;2_3&#8243; _builder_version=&#8221;4.16&#8243; _module_preset=&#8221;default&#8221; global_colors_info=&#8221;{}&#8221;][et_pb_code admin_label=&#8221;C\u00f3digo &#8211; organizadores&#8221; _builder_version=&#8221;4.22.2&#8243; _module_preset=&#8221;default&#8221; global_colors_info=&#8221;{}&#8221;]<pee class=\"ttl-colaboradores\">Organitza:<\/pee><!-- [et_pb_line_break_holder] --><\/p>\n<div id=\"organizadores\"><!-- [et_pb_line_break_holder] --><\/p>\n<div class=\"logo-colaborador\"><a href=\"http:\/\/www.academiadelanzarote.es\/\" target=\"_blank\" rel=\"noopener noreferrer\"><img decoding=\"async\" src=\"https:\/\/raed.academy\/wp-content\/uploads\/2019\/07\/academia-de-ciencias-ingenieria-y-humanidades-de-lanzarote-dstNtc.jpeg\" alt=\"Fundaci\u00f3n RAED\" width=\"120\" \/><\/a><!-- [et_pb_line_break_holder] --><\/p>\n<div class=\"txt\">Acad\u00e8mia de Ci\u00e8ncies, Enginyeries i Humanitats de Lanzarote<\/div>\n<p><!-- [et_pb_line_break_holder] --><\/div>\n<\/div>\n<p><!-- [et_pb_line_break_holder] --><!-- [et_pb_line_break_holder] -->[\/et_pb_code][\/et_pb_column][et_pb_column type=&#8221;1_3&#8243; _builder_version=&#8221;4.16&#8243; _module_preset=&#8221;default&#8221; global_colors_info=&#8221;{}&#8221;][\/et_pb_column][\/et_pb_row][\/et_pb_section]<\/p>\n","protected":false},"excerpt":{"rendered":"<p>El Dr. Jaume Llopis ingressa com a Acad\u00e8mic Corresponent a Catalunya de l&#8217;Acad\u00e8mia de Ci\u00e8ncies, Enginyeries i Humanitats de Lanzarote, amb el discurs \u201cLiderazgo empresarial en el siglo XXI: creaci\u00f3n de valor compartido y nuevos estilos de direcci\u00f3n\u201d<\/p>\n","protected":false},"featured_media":138177,"template":"","meta":{"_et_pb_use_builder":"on","_et_pb_old_content":"","_et_gb_content_width":""},"class_list":["post-138520","dp_events","type-dp_events","status-publish","has-post-thumbnail","hentry"],"yoast_head":"<!-- This site is optimized with the Yoast SEO plugin v27.5 - https:\/\/yoast.com\/product\/yoast-seo-wordpress\/ -->\n<title>El Dr. Jaume Llopis ingressa com a Acad\u00e8mic Corresponent a Catalunya de l&#039;Acad\u00e8mia de Ci\u00e8ncies, Enginyeries i Humanitats de Lanzarote - Reial Acad\u00e8mia Europea de Doctors<\/title>\n<meta name=\"description\" content=\"El Dr. Jaume Llopis ingressa com a Acad\u00e8mic Corresponent ACIL (Lanzarote), amb un discurs sobre el lideratge empresarial al segle XXI\" \/>\n<meta name=\"robots\" content=\"index, follow, max-snippet:-1, max-image-preview:large, max-video-preview:-1\" \/>\n<link rel=\"canonical\" href=\"https:\/\/raed.academy\/ca\/esdeveniments\/el-dr-jaume-llopis-ingresa-como-academico-correspondiente-en-cataluna-de-la-academia-de-ciencias-ingenierias-y-humanidades-de-lanzarote\/\" \/>\n<meta property=\"og:locale\" content=\"ca_ES\" \/>\n<meta property=\"og:type\" content=\"article\" \/>\n<meta property=\"og:title\" content=\"El Dr. Jaume Llopis ingressa com a Acad\u00e8mic Corresponent a Catalunya de l&#039;Acad\u00e8mia de Ci\u00e8ncies, Enginyeries i Humanitats de Lanzarote - Reial Acad\u00e8mia Europea de Doctors\" \/>\n<meta property=\"og:description\" content=\"El Dr. Jaume Llopis ingressa com a Acad\u00e8mic Corresponent ACIL (Lanzarote), amb un discurs sobre el lideratge empresarial al segle XXI\" \/>\n<meta property=\"og:url\" content=\"https:\/\/raed.academy\/ca\/esdeveniments\/el-dr-jaume-llopis-ingresa-como-academico-correspondiente-en-cataluna-de-la-academia-de-ciencias-ingenierias-y-humanidades-de-lanzarote\/\" \/>\n<meta property=\"og:site_name\" content=\"Reial Acad\u00e8mia Europea de Doctors\" \/>\n<meta property=\"article:publisher\" content=\"http:\/\/fb.me\/raed.academy\" \/>\n<meta property=\"article:modified_time\" content=\"2023-10-11T12:00:06+00:00\" \/>\n<meta property=\"og:image\" content=\"https:\/\/raed.academy\/wp-content\/uploads\/2023\/10\/shutt_liderazgo-empresarial-ajedrez-estrategia-negocios-1.17.webp\" \/>\n\t<meta property=\"og:image:width\" content=\"350\" \/>\n\t<meta property=\"og:image:height\" content=\"300\" \/>\n\t<meta property=\"og:image:type\" content=\"image\/webp\" \/>\n<meta name=\"twitter:card\" content=\"summary_large_image\" \/>\n<meta name=\"twitter:site\" content=\"@raedacademy\" \/>\n<meta name=\"twitter:label1\" content=\"Est. reading time\" \/>\n\t<meta name=\"twitter:data1\" content=\"2 minutes\" \/>\n<script type=\"application\/ld+json\" class=\"yoast-schema-graph\">{\"@context\":\"https:\\\/\\\/schema.org\",\"@graph\":[{\"@type\":\"WebPage\",\"@id\":\"https:\\\/\\\/raed.academy\\\/ca\\\/esdeveniments\\\/el-dr-jaume-llopis-ingresa-como-academico-correspondiente-en-cataluna-de-la-academia-de-ciencias-ingenierias-y-humanidades-de-lanzarote\\\/\",\"url\":\"https:\\\/\\\/raed.academy\\\/ca\\\/esdeveniments\\\/el-dr-jaume-llopis-ingresa-como-academico-correspondiente-en-cataluna-de-la-academia-de-ciencias-ingenierias-y-humanidades-de-lanzarote\\\/\",\"name\":\"El Dr. Jaume Llopis ingressa com a Acad\u00e8mic Corresponent a Catalunya de l'Acad\u00e8mia de Ci\u00e8ncies, Enginyeries i Humanitats de Lanzarote - Reial Acad\u00e8mia Europea de Doctors\",\"isPartOf\":{\"@id\":\"https:\\\/\\\/raed.academy\\\/ca\\\/#website\"},\"primaryImageOfPage\":{\"@id\":\"https:\\\/\\\/raed.academy\\\/ca\\\/esdeveniments\\\/el-dr-jaume-llopis-ingresa-como-academico-correspondiente-en-cataluna-de-la-academia-de-ciencias-ingenierias-y-humanidades-de-lanzarote\\\/#primaryimage\"},\"image\":{\"@id\":\"https:\\\/\\\/raed.academy\\\/ca\\\/esdeveniments\\\/el-dr-jaume-llopis-ingresa-como-academico-correspondiente-en-cataluna-de-la-academia-de-ciencias-ingenierias-y-humanidades-de-lanzarote\\\/#primaryimage\"},\"thumbnailUrl\":\"https:\\\/\\\/raed.academy\\\/wp-content\\\/uploads\\\/2023\\\/10\\\/shutt_liderazgo-empresarial-ajedrez-estrategia-negocios-1.17.webp\",\"datePublished\":\"2023-10-11T11:21:29+00:00\",\"dateModified\":\"2023-10-11T12:00:06+00:00\",\"description\":\"El Dr. Jaume Llopis ingressa com a Acad\u00e8mic Corresponent ACIL (Lanzarote), amb un discurs sobre el lideratge empresarial al segle XXI\",\"breadcrumb\":{\"@id\":\"https:\\\/\\\/raed.academy\\\/ca\\\/esdeveniments\\\/el-dr-jaume-llopis-ingresa-como-academico-correspondiente-en-cataluna-de-la-academia-de-ciencias-ingenierias-y-humanidades-de-lanzarote\\\/#breadcrumb\"},\"inLanguage\":\"ca-ES\",\"potentialAction\":[{\"@type\":\"ReadAction\",\"target\":[\"https:\\\/\\\/raed.academy\\\/ca\\\/esdeveniments\\\/el-dr-jaume-llopis-ingresa-como-academico-correspondiente-en-cataluna-de-la-academia-de-ciencias-ingenierias-y-humanidades-de-lanzarote\\\/\"]}]},{\"@type\":\"ImageObject\",\"inLanguage\":\"ca-ES\",\"@id\":\"https:\\\/\\\/raed.academy\\\/ca\\\/esdeveniments\\\/el-dr-jaume-llopis-ingresa-como-academico-correspondiente-en-cataluna-de-la-academia-de-ciencias-ingenierias-y-humanidades-de-lanzarote\\\/#primaryimage\",\"url\":\"https:\\\/\\\/raed.academy\\\/wp-content\\\/uploads\\\/2023\\\/10\\\/shutt_liderazgo-empresarial-ajedrez-estrategia-negocios-1.17.webp\",\"contentUrl\":\"https:\\\/\\\/raed.academy\\\/wp-content\\\/uploads\\\/2023\\\/10\\\/shutt_liderazgo-empresarial-ajedrez-estrategia-negocios-1.17.webp\",\"width\":350,\"height\":300},{\"@type\":\"BreadcrumbList\",\"@id\":\"https:\\\/\\\/raed.academy\\\/ca\\\/esdeveniments\\\/el-dr-jaume-llopis-ingresa-como-academico-correspondiente-en-cataluna-de-la-academia-de-ciencias-ingenierias-y-humanidades-de-lanzarote\\\/#breadcrumb\",\"itemListElement\":[{\"@type\":\"ListItem\",\"position\":1,\"name\":\"Inicio\",\"item\":\"https:\\\/\\\/raed.academy\\\/ca\\\/\"},{\"@type\":\"ListItem\",\"position\":2,\"name\":\"Activitats\",\"item\":\"https:\\\/\\\/raed.academy\\\/ca\\\/esdeveniments\\\/\"},{\"@type\":\"ListItem\",\"position\":3,\"name\":\"El Dr. Jaume Llopis ingressa com a Acad\u00e8mic Corresponent a Catalunya de l&#8217;Acad\u00e8mia de Ci\u00e8ncies, Enginyeries i Humanitats de Lanzarote\"}]},{\"@type\":\"WebSite\",\"@id\":\"https:\\\/\\\/raed.academy\\\/ca\\\/#website\",\"url\":\"https:\\\/\\\/raed.academy\\\/ca\\\/\",\"name\":\"Reial Acad\u00e8mia Europea de Doctors\",\"description\":\"Corporaci\u00f3n de derecho p\u00fablico de car\u00e1cter cient\u00edfico, t\u00e9cnico y art\u00edstico, que tiene por objeto la investigaci\u00f3n, el estudio, el fomento y la extensi\u00f3n del conocimiento en su sentido m\u00e1s amplio\",\"publisher\":{\"@id\":\"https:\\\/\\\/raed.academy\\\/ca\\\/#organization\"},\"potentialAction\":[{\"@type\":\"SearchAction\",\"target\":{\"@type\":\"EntryPoint\",\"urlTemplate\":\"https:\\\/\\\/raed.academy\\\/ca\\\/?s={search_term_string}\"},\"query-input\":{\"@type\":\"PropertyValueSpecification\",\"valueRequired\":true,\"valueName\":\"search_term_string\"}}],\"inLanguage\":\"ca-ES\"},{\"@type\":\"Organization\",\"@id\":\"https:\\\/\\\/raed.academy\\\/ca\\\/#organization\",\"name\":\"Real Academia Europea de Doctores\",\"url\":\"https:\\\/\\\/raed.academy\\\/ca\\\/\",\"logo\":{\"@type\":\"ImageObject\",\"inLanguage\":\"ca-ES\",\"@id\":\"https:\\\/\\\/raed.academy\\\/ca\\\/#\\\/schema\\\/logo\\\/image\\\/\",\"url\":\"https:\\\/\\\/raed.academy\\\/wp-content\\\/uploads\\\/2017\\\/01\\\/cropped-logo_raed.png\",\"contentUrl\":\"https:\\\/\\\/raed.academy\\\/wp-content\\\/uploads\\\/2017\\\/01\\\/cropped-logo_raed.png\",\"width\":512,\"height\":512,\"caption\":\"Real Academia Europea de Doctores\"},\"image\":{\"@id\":\"https:\\\/\\\/raed.academy\\\/ca\\\/#\\\/schema\\\/logo\\\/image\\\/\"},\"sameAs\":[\"http:\\\/\\\/fb.me\\\/raed.academy\",\"https:\\\/\\\/x.com\\\/raedacademy\",\"https:\\\/\\\/www.instagram.com\\\/raed.academy\\\/\",\"https:\\\/\\\/www.youtube.com\\\/channel\\\/UCUYQwW2KrdirNWihxMDObwg\"]}]}<\/script>\n<!-- \/ Yoast SEO plugin. -->","yoast_head_json":{"title":"El Dr. Jaume Llopis ingressa com a Acad\u00e8mic Corresponent a Catalunya de l'Acad\u00e8mia de Ci\u00e8ncies, Enginyeries i Humanitats de Lanzarote - Reial Acad\u00e8mia Europea de Doctors","description":"El Dr. Jaume Llopis ingressa com a Acad\u00e8mic Corresponent ACIL (Lanzarote), amb un discurs sobre el lideratge empresarial al segle XXI","robots":{"index":"index","follow":"follow","max-snippet":"max-snippet:-1","max-image-preview":"max-image-preview:large","max-video-preview":"max-video-preview:-1"},"canonical":"https:\/\/raed.academy\/ca\/esdeveniments\/el-dr-jaume-llopis-ingresa-como-academico-correspondiente-en-cataluna-de-la-academia-de-ciencias-ingenierias-y-humanidades-de-lanzarote\/","og_locale":"ca_ES","og_type":"article","og_title":"El Dr. Jaume Llopis ingressa com a Acad\u00e8mic Corresponent a Catalunya de l'Acad\u00e8mia de Ci\u00e8ncies, Enginyeries i Humanitats de Lanzarote - Reial Acad\u00e8mia Europea de Doctors","og_description":"El Dr. Jaume Llopis ingressa com a Acad\u00e8mic Corresponent ACIL (Lanzarote), amb un discurs sobre el lideratge empresarial al segle XXI","og_url":"https:\/\/raed.academy\/ca\/esdeveniments\/el-dr-jaume-llopis-ingresa-como-academico-correspondiente-en-cataluna-de-la-academia-de-ciencias-ingenierias-y-humanidades-de-lanzarote\/","og_site_name":"Reial Acad\u00e8mia Europea de Doctors","article_publisher":"http:\/\/fb.me\/raed.academy","article_modified_time":"2023-10-11T12:00:06+00:00","og_image":[{"width":350,"height":300,"url":"https:\/\/raed.academy\/wp-content\/uploads\/2023\/10\/shutt_liderazgo-empresarial-ajedrez-estrategia-negocios-1.17.webp","type":"image\/webp"}],"twitter_card":"summary_large_image","twitter_site":"@raedacademy","twitter_misc":{"Est. reading time":"2 minutes"},"schema":{"@context":"https:\/\/schema.org","@graph":[{"@type":"WebPage","@id":"https:\/\/raed.academy\/ca\/esdeveniments\/el-dr-jaume-llopis-ingresa-como-academico-correspondiente-en-cataluna-de-la-academia-de-ciencias-ingenierias-y-humanidades-de-lanzarote\/","url":"https:\/\/raed.academy\/ca\/esdeveniments\/el-dr-jaume-llopis-ingresa-como-academico-correspondiente-en-cataluna-de-la-academia-de-ciencias-ingenierias-y-humanidades-de-lanzarote\/","name":"El Dr. Jaume Llopis ingressa com a Acad\u00e8mic Corresponent a Catalunya de l'Acad\u00e8mia de Ci\u00e8ncies, Enginyeries i Humanitats de Lanzarote - Reial Acad\u00e8mia Europea de Doctors","isPartOf":{"@id":"https:\/\/raed.academy\/ca\/#website"},"primaryImageOfPage":{"@id":"https:\/\/raed.academy\/ca\/esdeveniments\/el-dr-jaume-llopis-ingresa-como-academico-correspondiente-en-cataluna-de-la-academia-de-ciencias-ingenierias-y-humanidades-de-lanzarote\/#primaryimage"},"image":{"@id":"https:\/\/raed.academy\/ca\/esdeveniments\/el-dr-jaume-llopis-ingresa-como-academico-correspondiente-en-cataluna-de-la-academia-de-ciencias-ingenierias-y-humanidades-de-lanzarote\/#primaryimage"},"thumbnailUrl":"https:\/\/raed.academy\/wp-content\/uploads\/2023\/10\/shutt_liderazgo-empresarial-ajedrez-estrategia-negocios-1.17.webp","datePublished":"2023-10-11T11:21:29+00:00","dateModified":"2023-10-11T12:00:06+00:00","description":"El Dr. Jaume Llopis ingressa com a Acad\u00e8mic Corresponent ACIL (Lanzarote), amb un discurs sobre el lideratge empresarial al segle XXI","breadcrumb":{"@id":"https:\/\/raed.academy\/ca\/esdeveniments\/el-dr-jaume-llopis-ingresa-como-academico-correspondiente-en-cataluna-de-la-academia-de-ciencias-ingenierias-y-humanidades-de-lanzarote\/#breadcrumb"},"inLanguage":"ca-ES","potentialAction":[{"@type":"ReadAction","target":["https:\/\/raed.academy\/ca\/esdeveniments\/el-dr-jaume-llopis-ingresa-como-academico-correspondiente-en-cataluna-de-la-academia-de-ciencias-ingenierias-y-humanidades-de-lanzarote\/"]}]},{"@type":"ImageObject","inLanguage":"ca-ES","@id":"https:\/\/raed.academy\/ca\/esdeveniments\/el-dr-jaume-llopis-ingresa-como-academico-correspondiente-en-cataluna-de-la-academia-de-ciencias-ingenierias-y-humanidades-de-lanzarote\/#primaryimage","url":"https:\/\/raed.academy\/wp-content\/uploads\/2023\/10\/shutt_liderazgo-empresarial-ajedrez-estrategia-negocios-1.17.webp","contentUrl":"https:\/\/raed.academy\/wp-content\/uploads\/2023\/10\/shutt_liderazgo-empresarial-ajedrez-estrategia-negocios-1.17.webp","width":350,"height":300},{"@type":"BreadcrumbList","@id":"https:\/\/raed.academy\/ca\/esdeveniments\/el-dr-jaume-llopis-ingresa-como-academico-correspondiente-en-cataluna-de-la-academia-de-ciencias-ingenierias-y-humanidades-de-lanzarote\/#breadcrumb","itemListElement":[{"@type":"ListItem","position":1,"name":"Inicio","item":"https:\/\/raed.academy\/ca\/"},{"@type":"ListItem","position":2,"name":"Activitats","item":"https:\/\/raed.academy\/ca\/esdeveniments\/"},{"@type":"ListItem","position":3,"name":"El Dr. Jaume Llopis ingressa com a Acad\u00e8mic Corresponent a Catalunya de l&#8217;Acad\u00e8mia de Ci\u00e8ncies, Enginyeries i Humanitats de Lanzarote"}]},{"@type":"WebSite","@id":"https:\/\/raed.academy\/ca\/#website","url":"https:\/\/raed.academy\/ca\/","name":"Reial Acad\u00e8mia Europea de Doctors","description":"Corporaci\u00f3n de derecho p\u00fablico de car\u00e1cter cient\u00edfico, t\u00e9cnico y art\u00edstico, que tiene por objeto la investigaci\u00f3n, el estudio, el fomento y la extensi\u00f3n del conocimiento en su sentido m\u00e1s amplio","publisher":{"@id":"https:\/\/raed.academy\/ca\/#organization"},"potentialAction":[{"@type":"SearchAction","target":{"@type":"EntryPoint","urlTemplate":"https:\/\/raed.academy\/ca\/?s={search_term_string}"},"query-input":{"@type":"PropertyValueSpecification","valueRequired":true,"valueName":"search_term_string"}}],"inLanguage":"ca-ES"},{"@type":"Organization","@id":"https:\/\/raed.academy\/ca\/#organization","name":"Real Academia Europea de Doctores","url":"https:\/\/raed.academy\/ca\/","logo":{"@type":"ImageObject","inLanguage":"ca-ES","@id":"https:\/\/raed.academy\/ca\/#\/schema\/logo\/image\/","url":"https:\/\/raed.academy\/wp-content\/uploads\/2017\/01\/cropped-logo_raed.png","contentUrl":"https:\/\/raed.academy\/wp-content\/uploads\/2017\/01\/cropped-logo_raed.png","width":512,"height":512,"caption":"Real Academia Europea de Doctores"},"image":{"@id":"https:\/\/raed.academy\/ca\/#\/schema\/logo\/image\/"},"sameAs":["http:\/\/fb.me\/raed.academy","https:\/\/x.com\/raedacademy","https:\/\/www.instagram.com\/raed.academy\/","https:\/\/www.youtube.com\/channel\/UCUYQwW2KrdirNWihxMDObwg"]}]}},"_links":{"self":[{"href":"https:\/\/raed.academy\/ca\/wp-json\/wp\/v2\/dp_events\/138520","targetHints":{"allow":["GET"]}}],"collection":[{"href":"https:\/\/raed.academy\/ca\/wp-json\/wp\/v2\/dp_events"}],"about":[{"href":"https:\/\/raed.academy\/ca\/wp-json\/wp\/v2\/types\/dp_events"}],"wp:featuredmedia":[{"embeddable":true,"href":"https:\/\/raed.academy\/ca\/wp-json\/wp\/v2\/media\/138177"}],"wp:attachment":[{"href":"https:\/\/raed.academy\/ca\/wp-json\/wp\/v2\/media?parent=138520"}],"curies":[{"name":"wp","href":"https:\/\/api.w.org\/{rel}","templated":true}]}}