{"id":138386,"date":"2023-10-10T11:45:45","date_gmt":"2023-10-10T11:45:45","guid":{"rendered":"https:\/\/raed.academy\/?post_type=dp_events&#038;p=138386"},"modified":"2023-10-10T13:20:19","modified_gmt":"2023-10-10T13:20:19","slug":"tecnica-de-la-pintura-pre-impresionista-pintar-rapido-eugene-delacroix","status":"publish","type":"dp_events","link":"https:\/\/raed.academy\/ca\/esdeveniments\/tecnica-de-la-pintura-pre-impresionista-pintar-rapido-eugene-delacroix\/","title":{"rendered":"T\u00e8cnica de la pintura preimpressionista. Pintar r\u00e0pid. Eug\u00e8ne Delacroix"},"content":{"rendered":"<p>[et_pb_section fb_built=&#8221;1&#8243; _builder_version=&#8221;4.22.2&#8243; _module_preset=&#8221;default&#8221; background_image=&#8221;https:\/\/raed.academy\/wp-content\/uploads\/2023\/10\/Eugene-Delacroix-Le_28_Juillet._La_Liberte_guidant_le_peuple-wikipedia.org-dom-publico-carrusel.webp&#8221; locked=&#8221;off&#8221; global_colors_info=&#8221;{}&#8221;][et_pb_row _builder_version=&#8221;4.17.0&#8243; _module_preset=&#8221;default&#8221; background_color=&#8221;#FFFFFF&#8221; width=&#8221;95%&#8221; max_width=&#8221;650px&#8221; custom_margin=&#8221;|25px|||false|false&#8221; custom_padding=&#8221;30px|30px|30px|30px|false|false&#8221; animation_style=&#8221;flip&#8221; global_colors_info=&#8221;{}&#8221;][et_pb_column type=&#8221;4_4&#8243; _builder_version=&#8221;4.17.0&#8243; _module_preset=&#8221;default&#8221; global_colors_info=&#8221;{}&#8221;][et_pb_text admin_label=&#8221;Texto &#8211; ttl Conferencia y demostraci\u00f3n pict\u00f3rica&#8221; _builder_version=&#8221;4.22.2&#8243; _module_preset=&#8221;default&#8221; global_colors_info=&#8221;{}&#8221;]<\/p>\n<h3 style=\"text-align: center;\">Confer\u00e8ncia i demostraci\u00f3 pict\u00f2rica<\/h3>\n<p>[\/et_pb_text][et_pb_post_title meta=&#8221;off&#8221; featured_image=&#8221;off&#8221; admin_label=&#8221;T\u00edtulo de publicaci\u00f3n&#8221; _builder_version=&#8221;4.17.0&#8243; _module_preset=&#8221;default&#8221; background_enable_color=&#8221;off&#8221; locked=&#8221;off&#8221; global_colors_info=&#8221;{}&#8221;][\/et_pb_post_title][et_pb_text admin_label=&#8221;Detalles evento&#8221; _builder_version=&#8221;4.22.2&#8243; _module_preset=&#8221;default&#8221; background_enable_color=&#8221;off&#8221; locked=&#8221;off&#8221; global_colors_info=&#8221;{}&#8221;]<\/p>\n<p><strong>Lloc: <\/strong>Sala B de Foment del treball. V\u00eda Layetana, 32, principal, Barcelona<\/p>\n<p><strong>Data<\/strong>: Dilluns, 23 Octubre 2023<\/p>\n<p><strong>Hora<\/strong>: 18:30 h<\/p>\n<p><strong>Format:<\/strong> Presencial<\/p>\n<p><strong>Cost de l\u2019esdeveniment<\/strong>: Gratu\u00eft<\/p>\n<p><strong>Inscripci\u00f3:<\/strong> Contactar amb la Secretaria de la RAED:<strong> <a href=\"mailto:secretaria@raed.academy\">secretaria@raed.academy<\/a> o tel. 93 667 40 54<\/strong><\/p>\n<p>[\/et_pb_text][\/et_pb_column][\/et_pb_row][\/et_pb_section][et_pb_section fb_built=&#8221;1&#8243; admin_label=&#8221;section&#8221; _builder_version=&#8221;4.17.0&#8243; custom_padding=&#8221;0px||||false|false&#8221; locked=&#8221;off&#8221; global_colors_info=&#8221;{}&#8221;][et_pb_row admin_label=&#8221;row&#8221; _builder_version=&#8221;4.17.0&#8243; background_size=&#8221;initial&#8221; background_position=&#8221;top_left&#8221; background_repeat=&#8221;repeat&#8221; max_width=&#8221;1600px&#8221; global_colors_info=&#8221;{}&#8221;][et_pb_column type=&#8221;4_4&#8243; _builder_version=&#8221;4.16&#8243; custom_padding=&#8221;|||&#8221; global_colors_info=&#8221;{}&#8221; custom_padding__hover=&#8221;|||&#8221;][et_pb_text admin_label=&#8221;Itinerario, objetivos y empresas organizadoras&#8221; _builder_version=&#8221;4.22.2&#8243; background_size=&#8221;initial&#8221; background_position=&#8221;top_left&#8221; background_repeat=&#8221;repeat&#8221; global_colors_info=&#8221;{}&#8221;]<\/p>\n<h2>Participants<\/h2>\n<ul>\n<li>\n<p>Presentaci\u00f3: <strong>Dr. Jaume Armengou<\/strong>, Acad\u00e8mic Numerari de la RAED.<\/p>\n<\/li>\n<li>\n<p>Confer\u00e8ncia a c\u00e0rrec del Sr. <strong>Mart\u00edn Garc\u00eda Cros<\/strong>, Pintor i retratista.<\/p>\n<\/li>\n<\/ul>\n<h2>Contingut i objectius de la sessi\u00f3<\/h2>\n<p><strong>Eug\u00e8ne Delacroix<\/strong>, el gran pintor Rom\u00e0ntic del primer ter\u00e7 del segle XIX, va ser un aut\u00e8ntic vers solt <em>avant le lettre<\/em> que connecta amb la t\u00e8cnica que desenvoluparan els posteriors impressionistes: pintura r\u00e0pida all\u00e0 prima d&#8217;efica\u00e7os gestos velo\u00e7os.<\/p>\n<p><strong>Mart\u00edn Garcia Cros<\/strong>, reconegut pintor retratista, ens proposa un sorprenent viatge al passat en qu\u00e8 ens situarem a l&#8217;<em>Acad\u00e9mie royale de peinture de Par\u00eds<\/em>, aix\u00ed com davant de l&#8217;exigent Premi de Roma. En aquest sensible itinerari podrem avaluar diferents t\u00e8cniques mentre Garcia Cros pinta un retrat a la manera de Delacroix.<\/p>\n<p>[\/et_pb_text][et_pb_image src=&#8221;https:\/\/raed.academy\/wp-content\/uploads\/2022\/02\/2022-02-02.Conferencia-El-Salvator-Mundi-de-Leonardo-original-y-copias-28.webp&#8221; title_text=&#8221;2022-02-02.Conferencia El-Salvator-Mundi-de-Leonardo-original-y-copias-28. Demostraci\u00f3n pictr\u00f3rica&#8221; align=&#8221;center&#8221; admin_label=&#8221;Imagen &#8211; Mart\u00edn Garc\u00eda Cross&#8221; _builder_version=&#8221;4.22.2&#8243; _module_preset=&#8221;default&#8221; global_colors_info=&#8221;{}&#8221;][\/et_pb_image][et_pb_video _builder_version=&#8221;4.22.2&#8243; _module_preset=&#8221;default&#8221; global_colors_info=&#8221;{}&#8221;][\/et_pb_video][et_pb_text admin_label=&#8221;hashtags&#8221; module_class=&#8221;hashtag&#8221; _builder_version=&#8221;4.22.2&#8243; _module_preset=&#8221;default&#8221; global_colors_info=&#8221;{}&#8221;]#inspirandoElConocimiento<br \/>\n[\/et_pb_text][\/et_pb_column][\/et_pb_row][\/et_pb_section][et_pb_section fb_built=&#8221;1&#8243; admin_label=&#8221;Secci\u00f3n&#8221; _builder_version=&#8221;4.16&#8243; _module_preset=&#8221;default&#8221; locked=&#8221;off&#8221; global_colors_info=&#8221;{}&#8221;][et_pb_row column_structure=&#8221;2_3,1_3&#8243; admin_label=&#8221;Fila&#8221; _builder_version=&#8221;4.16&#8243; _module_preset=&#8221;default&#8221; locked=&#8221;off&#8221; global_colors_info=&#8221;{}&#8221;][et_pb_column type=&#8221;2_3&#8243; _builder_version=&#8221;4.16&#8243; _module_preset=&#8221;default&#8221; global_colors_info=&#8221;{}&#8221;][et_pb_code admin_label=&#8221;C\u00f3digo &#8211; Organitza&#8221; _builder_version=&#8221;4.16&#8243; _module_preset=&#8221;default&#8221; global_colors_info=&#8221;{}&#8221;]<pee class=\"ttl-colaboradores\">Organitza:<\/pee><!-- [et_pb_line_break_holder] --><\/p>\n<div id=\"organizadores\"><!-- [et_pb_line_break_holder] --><\/p>\n<div class=\"logo-colaborador\"><a href=\"https:\/\/fundacionraed.org\/\" target=\"_blank\" rel=\"noopener noreferrer\"><img decoding=\"async\" src=\"https:\/\/raed.academy\/wp-content\/uploads\/2021\/10\/Logo-Fundacion-RAED-160px.jpg\" alt=\"Fundaci\u00f3n RAED\"><\/p>\n<div class=\"txt\"><\/div>\n<p><\/a><\/div>\n<p><!-- [et_pb_line_break_holder] --><!-- [et_pb_line_break_holder] --><\/p>\n<div class=\"logo-colaborador\"><a href=\"https:\/\/raed.academy\/\" target=\"_blank\" rel=\"noopener noreferrer\"><img decoding=\"async\" src=\"https:\/\/raed.academy\/wp-content\/uploads\/2021\/10\/Logo-RAED-160px.jpg\" alt=\"Real Academia Europea de Doctores RAED\"><\/p>\n<div class=\"txt\"><\/div>\n<p><\/a><\/div>\n<p><!-- [et_pb_line_break_holder] --><\/div>\n<p>[\/et_pb_code][\/et_pb_column][et_pb_column type=&#8221;1_3&#8243; _builder_version=&#8221;4.16&#8243; _module_preset=&#8221;default&#8221; global_colors_info=&#8221;{}&#8221;][et_pb_code admin_label=&#8221;C\u00f3digo &#8211; Amb la col\u00b7laboraci\u00f3 de:&#8221; _builder_version=&#8221;4.16&#8243; _module_preset=&#8221;default&#8221; global_colors_info=&#8221;{}&#8221;]<pee class=\"ttl-colaboradores\">Amb la col\u00b7laboraci\u00f3 de:<\/pee> <!-- [et_pb_line_break_holder] --><\/p>\n<div id=\"colaboradores\"><!-- [et_pb_line_break_holder] -->  <!-- [et_pb_line_break_holder] --><\/p>\n<div class=\"logo-colaborador\"><!-- [et_pb_line_break_holder] --><\/p>\n<div class=\"txt-circular\"><\/div>\n<p><!-- [et_pb_line_break_holder] -->  <a href=\"http:\/\/justicia.gencat.cat\/ca\/inici\" target=\"_blank\" rel=\"noopener noreferrer\"><img decoding=\"async\" src=\"https:\/\/raed.academy\/wp-content\/uploads\/2021\/10\/Generalitat-de-Catalunya-dept-Justicia-215px.jpg\" alt=\"Generalitat de catalunya\"><\/a><\/div>\n<p><!-- [et_pb_line_break_holder] --><\/div>\n<p>[\/et_pb_code][\/et_pb_column][\/et_pb_row][\/et_pb_section]<\/p>\n","protected":false},"excerpt":{"rendered":"<p>Mart\u00edn Garcia Cros, reconegut pintor retratista, ens proposa un sorprenent viatge al passat en qu\u00e8 pintar\u00e0 un retrat a la manera de Delacroix, i podrem avaluar diferents t\u00e8cniques de pintura<\/p>\n","protected":false},"featured_media":138147,"template":"","meta":{"_et_pb_use_builder":"on","_et_pb_old_content":"","_et_gb_content_width":""},"class_list":["post-138386","dp_events","type-dp_events","status-publish","has-post-thumbnail","hentry"],"yoast_head":"<!-- This site is optimized with the Yoast SEO plugin v27.5 - https:\/\/yoast.com\/product\/yoast-seo-wordpress\/ -->\n<title>T\u00e8cnica de la pintura preimpressionista. Pintar r\u00e0pid. Eug\u00e8ne Delacroix - Reial Acad\u00e8mia Europea de Doctors<\/title>\n<meta name=\"description\" content=\"Sorprenent viatge al passat en aquesta confer\u00e8ncia, en qu\u00e8 Mart\u00edn Garcia Cros realitza una demostraci\u00f3 a la manera de Delacroix\" \/>\n<meta name=\"robots\" content=\"index, follow, max-snippet:-1, max-image-preview:large, max-video-preview:-1\" \/>\n<link rel=\"canonical\" href=\"https:\/\/raed.academy\/ca\/esdeveniments\/tecnica-de-la-pintura-pre-impresionista-pintar-rapido-eugene-delacroix\/\" \/>\n<meta property=\"og:locale\" content=\"ca_ES\" \/>\n<meta property=\"og:type\" content=\"article\" \/>\n<meta property=\"og:title\" content=\"T\u00e8cnica de la pintura preimpressionista. Pintar r\u00e0pid. Eug\u00e8ne Delacroix - Reial Acad\u00e8mia Europea de Doctors\" \/>\n<meta property=\"og:description\" content=\"Sorprenent viatge al passat en aquesta confer\u00e8ncia, en qu\u00e8 Mart\u00edn Garcia Cros realitza una demostraci\u00f3 a la manera de Delacroix\" \/>\n<meta property=\"og:url\" content=\"https:\/\/raed.academy\/ca\/esdeveniments\/tecnica-de-la-pintura-pre-impresionista-pintar-rapido-eugene-delacroix\/\" \/>\n<meta property=\"og:site_name\" content=\"Reial Acad\u00e8mia Europea de Doctors\" \/>\n<meta property=\"article:publisher\" content=\"http:\/\/fb.me\/raed.academy\" \/>\n<meta property=\"article:modified_time\" content=\"2023-10-10T13:20:19+00:00\" \/>\n<meta property=\"og:image\" content=\"https:\/\/raed.academy\/wp-content\/uploads\/2023\/10\/Eugene-Delacroix-Le_28_Juillet._La_Liberte_guidant_le_peuple-dmn-publico-1.17.webp\" \/>\n\t<meta property=\"og:image:width\" content=\"350\" \/>\n\t<meta property=\"og:image:height\" content=\"300\" \/>\n\t<meta property=\"og:image:type\" content=\"image\/webp\" \/>\n<meta name=\"twitter:card\" content=\"summary_large_image\" \/>\n<meta name=\"twitter:site\" content=\"@raedacademy\" \/>\n<meta name=\"twitter:label1\" content=\"Est. reading time\" \/>\n\t<meta name=\"twitter:data1\" content=\"2 minutes\" \/>\n<script type=\"application\/ld+json\" class=\"yoast-schema-graph\">{\"@context\":\"https:\\\/\\\/schema.org\",\"@graph\":[{\"@type\":\"WebPage\",\"@id\":\"https:\\\/\\\/raed.academy\\\/ca\\\/esdeveniments\\\/tecnica-de-la-pintura-pre-impresionista-pintar-rapido-eugene-delacroix\\\/\",\"url\":\"https:\\\/\\\/raed.academy\\\/ca\\\/esdeveniments\\\/tecnica-de-la-pintura-pre-impresionista-pintar-rapido-eugene-delacroix\\\/\",\"name\":\"T\u00e8cnica de la pintura preimpressionista. Pintar r\u00e0pid. Eug\u00e8ne Delacroix - Reial Acad\u00e8mia Europea de Doctors\",\"isPartOf\":{\"@id\":\"https:\\\/\\\/raed.academy\\\/ca\\\/#website\"},\"primaryImageOfPage\":{\"@id\":\"https:\\\/\\\/raed.academy\\\/ca\\\/esdeveniments\\\/tecnica-de-la-pintura-pre-impresionista-pintar-rapido-eugene-delacroix\\\/#primaryimage\"},\"image\":{\"@id\":\"https:\\\/\\\/raed.academy\\\/ca\\\/esdeveniments\\\/tecnica-de-la-pintura-pre-impresionista-pintar-rapido-eugene-delacroix\\\/#primaryimage\"},\"thumbnailUrl\":\"https:\\\/\\\/raed.academy\\\/wp-content\\\/uploads\\\/2023\\\/10\\\/Eugene-Delacroix-Le_28_Juillet._La_Liberte_guidant_le_peuple-dmn-publico-1.17.webp\",\"datePublished\":\"2023-10-10T11:45:45+00:00\",\"dateModified\":\"2023-10-10T13:20:19+00:00\",\"description\":\"Sorprenent viatge al passat en aquesta confer\u00e8ncia, en qu\u00e8 Mart\u00edn Garcia Cros realitza una demostraci\u00f3 a la manera de Delacroix\",\"breadcrumb\":{\"@id\":\"https:\\\/\\\/raed.academy\\\/ca\\\/esdeveniments\\\/tecnica-de-la-pintura-pre-impresionista-pintar-rapido-eugene-delacroix\\\/#breadcrumb\"},\"inLanguage\":\"ca-ES\",\"potentialAction\":[{\"@type\":\"ReadAction\",\"target\":[\"https:\\\/\\\/raed.academy\\\/ca\\\/esdeveniments\\\/tecnica-de-la-pintura-pre-impresionista-pintar-rapido-eugene-delacroix\\\/\"]}]},{\"@type\":\"ImageObject\",\"inLanguage\":\"ca-ES\",\"@id\":\"https:\\\/\\\/raed.academy\\\/ca\\\/esdeveniments\\\/tecnica-de-la-pintura-pre-impresionista-pintar-rapido-eugene-delacroix\\\/#primaryimage\",\"url\":\"https:\\\/\\\/raed.academy\\\/wp-content\\\/uploads\\\/2023\\\/10\\\/Eugene-Delacroix-Le_28_Juillet._La_Liberte_guidant_le_peuple-dmn-publico-1.17.webp\",\"contentUrl\":\"https:\\\/\\\/raed.academy\\\/wp-content\\\/uploads\\\/2023\\\/10\\\/Eugene-Delacroix-Le_28_Juillet._La_Liberte_guidant_le_peuple-dmn-publico-1.17.webp\",\"width\":350,\"height\":300},{\"@type\":\"BreadcrumbList\",\"@id\":\"https:\\\/\\\/raed.academy\\\/ca\\\/esdeveniments\\\/tecnica-de-la-pintura-pre-impresionista-pintar-rapido-eugene-delacroix\\\/#breadcrumb\",\"itemListElement\":[{\"@type\":\"ListItem\",\"position\":1,\"name\":\"Inicio\",\"item\":\"https:\\\/\\\/raed.academy\\\/ca\\\/\"},{\"@type\":\"ListItem\",\"position\":2,\"name\":\"Activitats\",\"item\":\"https:\\\/\\\/raed.academy\\\/ca\\\/esdeveniments\\\/\"},{\"@type\":\"ListItem\",\"position\":3,\"name\":\"T\u00e8cnica de la pintura preimpressionista. Pintar r\u00e0pid. Eug\u00e8ne Delacroix\"}]},{\"@type\":\"WebSite\",\"@id\":\"https:\\\/\\\/raed.academy\\\/ca\\\/#website\",\"url\":\"https:\\\/\\\/raed.academy\\\/ca\\\/\",\"name\":\"Reial Acad\u00e8mia Europea de Doctors\",\"description\":\"Corporaci\u00f3n de derecho p\u00fablico de car\u00e1cter cient\u00edfico, t\u00e9cnico y art\u00edstico, que tiene por objeto la investigaci\u00f3n, el estudio, el fomento y la extensi\u00f3n del conocimiento en su sentido m\u00e1s amplio\",\"publisher\":{\"@id\":\"https:\\\/\\\/raed.academy\\\/ca\\\/#organization\"},\"potentialAction\":[{\"@type\":\"SearchAction\",\"target\":{\"@type\":\"EntryPoint\",\"urlTemplate\":\"https:\\\/\\\/raed.academy\\\/ca\\\/?s={search_term_string}\"},\"query-input\":{\"@type\":\"PropertyValueSpecification\",\"valueRequired\":true,\"valueName\":\"search_term_string\"}}],\"inLanguage\":\"ca-ES\"},{\"@type\":\"Organization\",\"@id\":\"https:\\\/\\\/raed.academy\\\/ca\\\/#organization\",\"name\":\"Real Academia Europea de Doctores\",\"url\":\"https:\\\/\\\/raed.academy\\\/ca\\\/\",\"logo\":{\"@type\":\"ImageObject\",\"inLanguage\":\"ca-ES\",\"@id\":\"https:\\\/\\\/raed.academy\\\/ca\\\/#\\\/schema\\\/logo\\\/image\\\/\",\"url\":\"https:\\\/\\\/raed.academy\\\/wp-content\\\/uploads\\\/2017\\\/01\\\/cropped-logo_raed.png\",\"contentUrl\":\"https:\\\/\\\/raed.academy\\\/wp-content\\\/uploads\\\/2017\\\/01\\\/cropped-logo_raed.png\",\"width\":512,\"height\":512,\"caption\":\"Real Academia Europea de Doctores\"},\"image\":{\"@id\":\"https:\\\/\\\/raed.academy\\\/ca\\\/#\\\/schema\\\/logo\\\/image\\\/\"},\"sameAs\":[\"http:\\\/\\\/fb.me\\\/raed.academy\",\"https:\\\/\\\/x.com\\\/raedacademy\",\"https:\\\/\\\/www.instagram.com\\\/raed.academy\\\/\",\"https:\\\/\\\/www.youtube.com\\\/channel\\\/UCUYQwW2KrdirNWihxMDObwg\"]}]}<\/script>\n<!-- \/ Yoast SEO plugin. -->","yoast_head_json":{"title":"T\u00e8cnica de la pintura preimpressionista. Pintar r\u00e0pid. Eug\u00e8ne Delacroix - Reial Acad\u00e8mia Europea de Doctors","description":"Sorprenent viatge al passat en aquesta confer\u00e8ncia, en qu\u00e8 Mart\u00edn Garcia Cros realitza una demostraci\u00f3 a la manera de Delacroix","robots":{"index":"index","follow":"follow","max-snippet":"max-snippet:-1","max-image-preview":"max-image-preview:large","max-video-preview":"max-video-preview:-1"},"canonical":"https:\/\/raed.academy\/ca\/esdeveniments\/tecnica-de-la-pintura-pre-impresionista-pintar-rapido-eugene-delacroix\/","og_locale":"ca_ES","og_type":"article","og_title":"T\u00e8cnica de la pintura preimpressionista. Pintar r\u00e0pid. Eug\u00e8ne Delacroix - Reial Acad\u00e8mia Europea de Doctors","og_description":"Sorprenent viatge al passat en aquesta confer\u00e8ncia, en qu\u00e8 Mart\u00edn Garcia Cros realitza una demostraci\u00f3 a la manera de Delacroix","og_url":"https:\/\/raed.academy\/ca\/esdeveniments\/tecnica-de-la-pintura-pre-impresionista-pintar-rapido-eugene-delacroix\/","og_site_name":"Reial Acad\u00e8mia Europea de Doctors","article_publisher":"http:\/\/fb.me\/raed.academy","article_modified_time":"2023-10-10T13:20:19+00:00","og_image":[{"width":350,"height":300,"url":"https:\/\/raed.academy\/wp-content\/uploads\/2023\/10\/Eugene-Delacroix-Le_28_Juillet._La_Liberte_guidant_le_peuple-dmn-publico-1.17.webp","type":"image\/webp"}],"twitter_card":"summary_large_image","twitter_site":"@raedacademy","twitter_misc":{"Est. reading time":"2 minutes"},"schema":{"@context":"https:\/\/schema.org","@graph":[{"@type":"WebPage","@id":"https:\/\/raed.academy\/ca\/esdeveniments\/tecnica-de-la-pintura-pre-impresionista-pintar-rapido-eugene-delacroix\/","url":"https:\/\/raed.academy\/ca\/esdeveniments\/tecnica-de-la-pintura-pre-impresionista-pintar-rapido-eugene-delacroix\/","name":"T\u00e8cnica de la pintura preimpressionista. Pintar r\u00e0pid. Eug\u00e8ne Delacroix - Reial Acad\u00e8mia Europea de Doctors","isPartOf":{"@id":"https:\/\/raed.academy\/ca\/#website"},"primaryImageOfPage":{"@id":"https:\/\/raed.academy\/ca\/esdeveniments\/tecnica-de-la-pintura-pre-impresionista-pintar-rapido-eugene-delacroix\/#primaryimage"},"image":{"@id":"https:\/\/raed.academy\/ca\/esdeveniments\/tecnica-de-la-pintura-pre-impresionista-pintar-rapido-eugene-delacroix\/#primaryimage"},"thumbnailUrl":"https:\/\/raed.academy\/wp-content\/uploads\/2023\/10\/Eugene-Delacroix-Le_28_Juillet._La_Liberte_guidant_le_peuple-dmn-publico-1.17.webp","datePublished":"2023-10-10T11:45:45+00:00","dateModified":"2023-10-10T13:20:19+00:00","description":"Sorprenent viatge al passat en aquesta confer\u00e8ncia, en qu\u00e8 Mart\u00edn Garcia Cros realitza una demostraci\u00f3 a la manera de Delacroix","breadcrumb":{"@id":"https:\/\/raed.academy\/ca\/esdeveniments\/tecnica-de-la-pintura-pre-impresionista-pintar-rapido-eugene-delacroix\/#breadcrumb"},"inLanguage":"ca-ES","potentialAction":[{"@type":"ReadAction","target":["https:\/\/raed.academy\/ca\/esdeveniments\/tecnica-de-la-pintura-pre-impresionista-pintar-rapido-eugene-delacroix\/"]}]},{"@type":"ImageObject","inLanguage":"ca-ES","@id":"https:\/\/raed.academy\/ca\/esdeveniments\/tecnica-de-la-pintura-pre-impresionista-pintar-rapido-eugene-delacroix\/#primaryimage","url":"https:\/\/raed.academy\/wp-content\/uploads\/2023\/10\/Eugene-Delacroix-Le_28_Juillet._La_Liberte_guidant_le_peuple-dmn-publico-1.17.webp","contentUrl":"https:\/\/raed.academy\/wp-content\/uploads\/2023\/10\/Eugene-Delacroix-Le_28_Juillet._La_Liberte_guidant_le_peuple-dmn-publico-1.17.webp","width":350,"height":300},{"@type":"BreadcrumbList","@id":"https:\/\/raed.academy\/ca\/esdeveniments\/tecnica-de-la-pintura-pre-impresionista-pintar-rapido-eugene-delacroix\/#breadcrumb","itemListElement":[{"@type":"ListItem","position":1,"name":"Inicio","item":"https:\/\/raed.academy\/ca\/"},{"@type":"ListItem","position":2,"name":"Activitats","item":"https:\/\/raed.academy\/ca\/esdeveniments\/"},{"@type":"ListItem","position":3,"name":"T\u00e8cnica de la pintura preimpressionista. Pintar r\u00e0pid. Eug\u00e8ne Delacroix"}]},{"@type":"WebSite","@id":"https:\/\/raed.academy\/ca\/#website","url":"https:\/\/raed.academy\/ca\/","name":"Reial Acad\u00e8mia Europea de Doctors","description":"Corporaci\u00f3n de derecho p\u00fablico de car\u00e1cter cient\u00edfico, t\u00e9cnico y art\u00edstico, que tiene por objeto la investigaci\u00f3n, el estudio, el fomento y la extensi\u00f3n del conocimiento en su sentido m\u00e1s amplio","publisher":{"@id":"https:\/\/raed.academy\/ca\/#organization"},"potentialAction":[{"@type":"SearchAction","target":{"@type":"EntryPoint","urlTemplate":"https:\/\/raed.academy\/ca\/?s={search_term_string}"},"query-input":{"@type":"PropertyValueSpecification","valueRequired":true,"valueName":"search_term_string"}}],"inLanguage":"ca-ES"},{"@type":"Organization","@id":"https:\/\/raed.academy\/ca\/#organization","name":"Real Academia Europea de Doctores","url":"https:\/\/raed.academy\/ca\/","logo":{"@type":"ImageObject","inLanguage":"ca-ES","@id":"https:\/\/raed.academy\/ca\/#\/schema\/logo\/image\/","url":"https:\/\/raed.academy\/wp-content\/uploads\/2017\/01\/cropped-logo_raed.png","contentUrl":"https:\/\/raed.academy\/wp-content\/uploads\/2017\/01\/cropped-logo_raed.png","width":512,"height":512,"caption":"Real Academia Europea de Doctores"},"image":{"@id":"https:\/\/raed.academy\/ca\/#\/schema\/logo\/image\/"},"sameAs":["http:\/\/fb.me\/raed.academy","https:\/\/x.com\/raedacademy","https:\/\/www.instagram.com\/raed.academy\/","https:\/\/www.youtube.com\/channel\/UCUYQwW2KrdirNWihxMDObwg"]}]}},"_links":{"self":[{"href":"https:\/\/raed.academy\/ca\/wp-json\/wp\/v2\/dp_events\/138386","targetHints":{"allow":["GET"]}}],"collection":[{"href":"https:\/\/raed.academy\/ca\/wp-json\/wp\/v2\/dp_events"}],"about":[{"href":"https:\/\/raed.academy\/ca\/wp-json\/wp\/v2\/types\/dp_events"}],"wp:featuredmedia":[{"embeddable":true,"href":"https:\/\/raed.academy\/ca\/wp-json\/wp\/v2\/media\/138147"}],"wp:attachment":[{"href":"https:\/\/raed.academy\/ca\/wp-json\/wp\/v2\/media?parent=138386"}],"curies":[{"name":"wp","href":"https:\/\/api.w.org\/{rel}","templated":true}]}}