{"id":123895,"date":"2020-05-28T10:01:06","date_gmt":"2020-05-28T10:01:06","guid":{"rendered":"https:\/\/raed.academy\/?post_type=dp_events&#038;p=123895"},"modified":"2022-10-27T08:32:38","modified_gmt":"2022-10-27T08:32:38","slug":"webinar-el-futur-que-ens-espera-despres-de-la-pandemia","status":"publish","type":"dp_events","link":"https:\/\/raed.academy\/ca\/esdeveniments\/webinar-el-futur-que-ens-espera-despres-de-la-pandemia\/","title":{"rendered":"Webinar: El futur que ens espera despr\u00e9s de la pand\u00e8mia"},"content":{"rendered":"<p>[et_pb_section fb_built=&#8221;1&#8243; fullwidth=&#8221;on&#8221; _builder_version=&#8221;4.18.0&#8243; _module_preset=&#8221;default&#8221; global_colors_info=&#8221;{}&#8221;][et_pb_fullwidth_image src=&#8221;https:\/\/raed.academy\/wp-content\/uploads\/2020\/05\/2020-05-28.webinar-debate-el-futuro-que-nos-espera-dstNtc.jpg&#8221; title_text=&#8221;2020-05-28.webinar-debate-el-futuro-que-nos-espera-dstNtc&#8221; _builder_version=&#8221;4.18.0&#8243; _module_preset=&#8221;default&#8221; global_colors_info=&#8221;{}&#8221;][\/et_pb_fullwidth_image][\/et_pb_section][et_pb_section fb_built=&#8221;1&#8243; admin_label=&#8221;section&#8221; _builder_version=&#8221;4.17.0&#8243; custom_padding=&#8221;0px||||false|false&#8221; locked=&#8221;off&#8221; global_colors_info=&#8221;{}&#8221;][et_pb_row admin_label=&#8221;row&#8221; _builder_version=&#8221;4.17.0&#8243; background_size=&#8221;initial&#8221; background_position=&#8221;top_left&#8221; background_repeat=&#8221;repeat&#8221; max_width=&#8221;1600px&#8221; global_colors_info=&#8221;{}&#8221;][et_pb_column type=&#8221;4_4&#8243; _builder_version=&#8221;4.16&#8243; custom_padding=&#8221;|||&#8221; global_colors_info=&#8221;{}&#8221; custom_padding__hover=&#8221;|||&#8221;][et_pb_post_title meta=&#8221;off&#8221; featured_image=&#8221;off&#8221; admin_label=&#8221;T\u00edtulo de publicaci\u00f3n&#8221; _builder_version=&#8221;4.17.0&#8243; _module_preset=&#8221;default&#8221; background_enable_color=&#8221;off&#8221; locked=&#8221;off&#8221; global_colors_info=&#8221;{}&#8221;][\/et_pb_post_title][et_pb_text admin_label=&#8221;Detalles evento&#8221; _builder_version=&#8221;4.18.0&#8243; _module_preset=&#8221;default&#8221; background_enable_color=&#8221;off&#8221; locked=&#8221;off&#8221; global_colors_info=&#8221;{}&#8221;]<i class=\"fa-solid fa-location-dot\"><\/i> Emissi\u00f3 en streaming<\/p>\n<p><i class=\"fa-solid fa-calendar-days\"><\/i>Jueves, 28 Maig 2020<\/p>\n<p><i class=\"fa-solid fa-clock\"><\/i> 18:30 h<\/p>\n<p><strong>Formato:<\/strong> Streaming (directo online)<\/p>\n<p><strong>Coste del evento:<\/strong> Gratuito<br \/>\n[\/et_pb_text][et_pb_text admin_label=&#8221;Descripci\u00f3 de la sessi\u00f3&#8221; _builder_version=&#8221;4.18.0&#8243; background_size=&#8221;initial&#8221; background_position=&#8221;top_left&#8221; background_repeat=&#8221;repeat&#8221; global_colors_info=&#8221;{}&#8221;]<\/p>\n<h2>Descripci\u00f3 de la sessi\u00f3<\/h2>\n<p>La Fundaci\u00f3 Pro Real Acad\u00e8mia de Doctors va celebrar el passat 28 de maig a trav\u00e9s del seu canal de YouTube un altre dels seus debats emmarcats al seu programa Campus del Coneixement, amb l&#8217;objectiu de compartir i difondre coneixements, d&#8217;acord amb la base fundacional sobre la que se sustenta la instituci\u00f3. En aquesta ocasi\u00f3, com marca l&#8217;actualitat, va estar dedicat als reptes sanitaris i socials que obre la pand\u00e8mia actual pel coronavirus SARS-CoV-19 i va portar per t\u00edtol \u00abEl futur que ens espera: la salut, els serveis sanitaris i la societat davant d&#8217;una nova era despr\u00e9s de la pand\u00e8mia\u00bb.<\/p>\n<p>La sessi\u00f3 va comptar amb la participaci\u00f3 de <strong>Maria \u00c0ngels Calvo<\/strong>, farmac\u00e8utica i veterin\u00e0ria, catedr\u00e0tica de Microbiologia i vicepresidenta de la Reial Acad\u00e8mia Europea de Doctors-Barcelona 1914 (RAED); <strong>Manuel Carballo<\/strong>, epidemi\u00f2leg i psic\u00f2leg, director general del Centre Internacional per a les Migracions, la Salut i el Desenvolupament i acad\u00e8mic d&#8217;honor electe de la RAED; <strong>Llu\u00eds Serra<\/strong>, metge, catedr\u00e0tic de Salut P\u00fablica de la Universitat de les Palmes de Gran Can\u00e0ria i acad\u00e8mic numerari de la RAED; <strong>Rosal\u00eda Arteaga<\/strong>, advocada, escriptora, expresidenta d&#8217;Equador i acad\u00e8mica d&#8217;honor de la RAED, i <strong>Kenneth Castro<\/strong>, especialista en malalties infeccions i col\u00b7laborador de la RAED. Va actuar com a moderador <strong>Jos\u00e9 Ram\u00f3n Calvo<\/strong>, metge, assessor estrat\u00e8gic del Barcelona Supercomputing Center-Centre Nacional de Supercomputaci\u00f3, acad\u00e8mic de n\u00famero i president de l&#8217;Institut de Relacions Internacionals de la RAED.<\/p>\n<p><strong>Carballo<\/strong> va iniciar el debat assenyalant que aquesta ocasi\u00f3 no parlem nom\u00e9s d&#8217;un problema m\u00e8dic, sin\u00f3 social, agreujat per la manca de pol\u00edtiques sanit\u00e0ries comunes i la feblesa de l&#8217;Organitzaci\u00f3 Mundial de la Salut (OMS). \u00abL&#8217;OMS necessita m\u00e9s recursos, perqu\u00e8 els pa\u00efsos volen exercir les seves pol\u00edtiques i no tenim un actor com\u00fa per a tothom, com ara caldria\u00bb, va considerar. <strong>Arteaga<\/strong>, per la seva banda, va analitzar la dif\u00edcil situaci\u00f3 de Llatinoam\u00e8rica i de moltes regions pobres, tant per abordar la crisi sanit\u00e0ria actual com per afrontar amb \u00e8xit la recuperaci\u00f3 econ\u00f2mica i social. \u00abAm\u00e8rica Llatina \u00e9s potser en un dels pitjors moments de la seva hist\u00f2ria \u2013va afirmar\u2013. La Unesco ja diu que tindrem una reculada d&#8217;uns deu anys en temes d&#8217;educaci\u00f3\u00bb.<\/p>\n<p><strong>Maria \u00c0ngels Calvo<\/strong> va assenyalar la import\u00e0ncia de centrar els esfor\u00e7os en la prevenci\u00f3 per minimitzar l&#8217;impacte del virus sobre els sistemes sanitaris. \u00abCom diu el refrany, hem de prevenir abans que guarir\u00bb. I va demanar no menystenir els efectes de la pand\u00e8mia, apel\u00b7lant en exclusiva a una r\u00e0pida recuperaci\u00f3 econ\u00f2mica. \u00abEns estem enfrontant a un enemic petit en mida, per\u00f2 el mal que fa \u00e9s enorme\u00bb. <strong>Castro<\/strong> va incidir en la necessitat de refor\u00e7ar el model de sanitat p\u00fablica, insuficient a gaireb\u00e9 tots els pa\u00efsos davant l&#8217;aven\u00e7 del coronavirus. \u00abLa falta d&#8217;atenci\u00f3 a la infraestructura de la salut p\u00fablica l&#8217;estem pagant amb escreix ara \u2013va dir, per assenyalar els sectors m\u00e9s vulnerables\u2013. Per cada cas de Covid-19, hi ha 140 casos de nens amb malalties que es podrien haver previngut amb les vacunes que no s&#8217;estan donant\u00bb.<\/p>\n<p><strong>Serra<\/strong> tamb\u00e9 va apuntar a la debilitat del sistema sanitari, en particular a l&#8217;espanyol. \u00abA les prov\u00edncies on s&#8217;ha superat el 7% d&#8217;infecci\u00f3, el sistema sanitari s&#8217;ha col\u00b7lapsat\u00bb. En aquest sentit, <strong>Carballo<\/strong> va veure la pand\u00e8mia actual com una oportunitat d&#8217;aprenentatge, especialment per anteposar la protecci\u00f3 de la ciutadania sobre els interessos econ\u00f2mics. &#8220;Potser ara podem veure la situaci\u00f3 com una oportunitat de renovar la nostra visi\u00f3 del m\u00f3n&#8221;, va afirmar. \u00abCap economia no ser\u00e0 saludable si la ciutadania no est\u00e0 sana\u00bb, va incidir <strong>Castro<\/strong> en la mateixa idea.<\/p>\n<p>[\/et_pb_text][et_pb_blurb title=&#8221;Participants&#8221; use_icon=&#8221;on&#8221; font_icon=&#8221;&#xf500;||fa||900&#8243; icon_color=&#8221;#6b5d38&#8243; icon_placement=&#8221;left&#8221; content_max_width=&#8221;100%&#8221; admin_label=&#8221;Anuncio &#8211; Participantes&#8221; _builder_version=&#8221;4.18.0&#8243; _module_preset=&#8221;default&#8221; header_font_size=&#8221;30px&#8221; body_text_align=&#8221;left&#8221; module_alignment=&#8221;left&#8221; locked=&#8221;off&#8221; global_colors_info=&#8221;{}&#8221;]<\/p>\n<p><em><a href=\"https:\/\/raed.academy\/academicos\/dr-jose-ramon-calvo-fernandez\/\" target=\"_blank\" rel=\"noopener noreferrer\"><strong>Jos\u00e9 Ram\u00f3n Calvo<\/strong><\/a>, <\/em>acad\u00e8mic de n\u00famero i president de l&#8217;Institut de Relacions Internacionals de la Reial Acad\u00e8mia Europea de Doctors-Barcelona 1914 (RAED). Assessor estrat\u00e8gic del Barcelona Supercomputing Center-Centre Nacional de Supercomputaci\u00f3<\/p>\n<p><strong><em><a href=\"https:\/\/raed.academy\/academicos\/dra-maria-dels-angels-calvo-torras\/\" target=\"_blank\" rel=\"noopener noreferrer\">Maria \u00c0ngels Calvo<\/a><\/em><\/strong><em>, <\/em>catedr\u00e0tica de la Facultat de Veterin\u00e0ria de la Universitat Aut\u00f2noma de Barcelona; Acad\u00e8mica de n\u00famero de la Reial Acad\u00e8mia de Medicina de Catalunya, de la Reial Acad\u00e8mia de Farm\u00e0cia de Catalunya, de l&#8217;Acad\u00e8mia de Ci\u00e8ncies Veterin\u00e0ries de Catalunya, de la Reial Acad\u00e8mia de Doctors d&#8217;Espanya i acad\u00e8mica de n\u00famero i Vicepresidenta de la Reial Acad\u00e8mia Europea de Doctors-Barcelona 1914 (RAED)<\/p>\n<p><em><strong>Manuel Carballo<\/strong>, <\/em>Director Executiu del Centre Internacional per a la Migraci\u00f3, la Salut i el Desenvolupament (Ginebra), excap de Recerca Social i del Comportament del Programa Global de l&#8217;Organitzaci\u00f3 Mundial de la Salut sobre la sida, exprofessor de Salut P\u00fablica Cl\u00ednica a la Universitat de Columbia ( Nova York). Acad\u00e8mic d&#8217;honor electe de la Reial Acad\u00e8mia Europea de Doctors-Barcelona 1914 (RAED)<\/p>\n<p><em><a href=\"https:\/\/raed.academy\/academicos\/dra-rosalia-arteaga-serrano\/\" target=\"_blank\" rel=\"noopener noreferrer\"><strong> Rosal\u00eda Arteaga<\/strong><\/a><strong>, <\/strong><\/em>expresidenta i exministra d\u00b4Educaci\u00f3 d\u00b4Equador, presidenta de la Fundaci\u00f3 per al Desenvolupament d&#8217;Am\u00e8rica Llatina, reconeguda activista per l&#8217;educaci\u00f3 i acad\u00e8mica d&#8217;honor de la Reial Acad\u00e8mia de Doctors d\u00b4Espanya i de la Reial Acad\u00e8mia Europea de Doctors-Barcelona 1914 (RAED)<\/p>\n<p><a href=\"https:\/\/raed.academy\/academicos\/dr-lluis-serra-majem\/\" target=\"_blank\" rel=\"noopener noreferrer\"><em><strong>Llu\u00eds Serra Majem<\/strong><\/em><\/a> epidemi\u00f2leg, catedr\u00e0tic de Medicina Preventiva i Salut P\u00fablica a la Universitat de Las Palmas de Gran Can\u00e0ria i acad\u00e8mic de n\u00famero de la Reial Acad\u00e8mia Europea de Doctors-Barcelona 1914 (RAED). Portaveu del Comit\u00e8 Cient\u00edfic per a l&#8217;Emerg\u00e8ncia Sanit\u00e0ria de la Covid-19 a Can\u00e0ries<\/p>\n<p><strong><em>Kenneth Castro<\/em><\/strong>, professor de la Universitat d&#8217;Emery, especialista en malalties infeccions i col\u00b7laborador de la Reial Acad\u00e8mia Europea de Doctors-Barcelona 1914 (RAED)<\/p>\n<p>[\/et_pb_blurb][\/et_pb_column][\/et_pb_row][\/et_pb_section][et_pb_section fb_built=&#8221;1&#8243; _builder_version=&#8221;4.18.0&#8243; _module_preset=&#8221;default&#8221; locked=&#8221;off&#8221; global_colors_info=&#8221;{}&#8221;][et_pb_row column_structure=&#8221;2_3,1_3&#8243; admin_label=&#8221;Fila&#8221; _builder_version=&#8221;4.16&#8243; _module_preset=&#8221;default&#8221; locked=&#8221;off&#8221; global_colors_info=&#8221;{}&#8221;][et_pb_column type=&#8221;2_3&#8243; _builder_version=&#8221;4.16&#8243; _module_preset=&#8221;default&#8221; global_colors_info=&#8221;{}&#8221;][et_pb_code admin_label=&#8221;C\u00f3digo &#8211; Organitza&#8221; _builder_version=&#8221;4.16&#8243; _module_preset=&#8221;default&#8221; global_colors_info=&#8221;{}&#8221;]<pee class=\"ttl-colaboradores\">Organitza:<\/pee><!-- [et_pb_line_break_holder] --><\/p>\n<div id=\"organizadores\"><!-- [et_pb_line_break_holder] --><\/p>\n<div class=\"logo-colaborador\"><a href=\"https:\/\/fundacionraed.org\/\" target=\"_blank\" rel=\"noopener noreferrer\"><img decoding=\"async\" src=\"https:\/\/raed.academy\/wp-content\/uploads\/2021\/10\/Logo-Fundacion-RAED-160px.jpg\" alt=\"Fundaci\u00f3n RAED\"><\/p>\n<div class=\"txt\"><\/div>\n<p><\/a><\/div>\n<p><!-- [et_pb_line_break_holder] --><!-- [et_pb_line_break_holder] --><\/p>\n<div class=\"logo-colaborador\"><a href=\"https:\/\/raed.academy\/ca\/\" target=\"_blank\" rel=\"noopener noreferrer\"><img decoding=\"async\" src=\"https:\/\/raed.academy\/wp-content\/uploads\/2021\/10\/Logo-RAED-160px.jpg\" alt=\"Real Academia Europea de Doctores RAED\"><\/p>\n<div class=\"txt\"><\/div>\n<p><\/a><\/div>\n<p><!-- [et_pb_line_break_holder] --><\/div>\n<p>[\/et_pb_code][\/et_pb_column][et_pb_column type=&#8221;1_3&#8243; _builder_version=&#8221;4.16&#8243; _module_preset=&#8221;default&#8221; global_colors_info=&#8221;{}&#8221;][et_pb_code admin_label=&#8221;C\u00f3digo &#8211; Amb la col\u00b7laboraci\u00f3 de:&#8221; _builder_version=&#8221;4.16&#8243; _module_preset=&#8221;default&#8221; global_colors_info=&#8221;{}&#8221;]<pee class=\"ttl-colaboradores\">Amb la col\u00b7laboraci\u00f3 de:<\/pee> <!-- [et_pb_line_break_holder] --><\/p>\n<div id=\"colaboradores\"><!-- [et_pb_line_break_holder] -->  <!-- [et_pb_line_break_holder] --><\/p>\n<div class=\"logo-colaborador\"><!-- [et_pb_line_break_holder] --><\/p>\n<div class=\"txt-circular\"><\/div>\n<p><!-- [et_pb_line_break_holder] -->  <a href=\"http:\/\/justicia.gencat.cat\/ca\/inici\" target=\"_blank\" rel=\"noopener noreferrer\"><img decoding=\"async\" src=\"https:\/\/raed.academy\/wp-content\/uploads\/2021\/10\/Generalitat-de-Catalunya-dept-Justicia-215px.jpg\" alt=\"Generalitat de catalunya\"><\/a><\/div>\n<p><!-- [et_pb_line_break_holder] --><\/div>\n<p>[\/et_pb_code][\/et_pb_column][\/et_pb_row][\/et_pb_section]<\/p>\n","protected":false},"excerpt":{"rendered":"<p>Els reptes sanitaris i socials que ha obert la pand\u00e8mia de Coronavirus SARS-CoV-2, en una sessi\u00f3 en v\u00eddeo-webinar, abordada per experts en diferents \u00e0mbits<\/p>\n","protected":false},"featured_media":91329,"template":"","meta":{"_et_pb_use_builder":"on","_et_pb_old_content":"","_et_gb_content_width":""},"class_list":["post-123895","dp_events","type-dp_events","status-publish","has-post-thumbnail","hentry"],"yoast_head":"<!-- This site is optimized with the Yoast SEO plugin v27.5 - https:\/\/yoast.com\/product\/yoast-seo-wordpress\/ -->\n<title>Webinar: El futur que ens espera despr\u00e9s de la pand\u00e8mia - Reial Acad\u00e8mia Europea de Doctors<\/title>\n<meta name=\"description\" content=\"Els reptes sanitaris i socials que ha obert la pand\u00e8mia de Coronavirus SARS-CoV-2, en una sessi\u00f3 en v\u00eddeo-webinar, abordada per experts en diferents \u00e0mbits\" \/>\n<meta name=\"robots\" content=\"index, follow, max-snippet:-1, max-image-preview:large, max-video-preview:-1\" \/>\n<link rel=\"canonical\" href=\"https:\/\/raed.academy\/ca\/esdeveniments\/webinar-el-futur-que-ens-espera-despres-de-la-pandemia\/\" \/>\n<meta property=\"og:locale\" content=\"ca_ES\" \/>\n<meta property=\"og:type\" content=\"article\" \/>\n<meta property=\"og:title\" content=\"Webinar: El futur que ens espera despr\u00e9s de la pand\u00e8mia - Reial Acad\u00e8mia Europea de Doctors\" \/>\n<meta property=\"og:description\" content=\"Els reptes sanitaris i socials que ha obert la pand\u00e8mia de Coronavirus SARS-CoV-2, en una sessi\u00f3 en v\u00eddeo-webinar, abordada per experts en diferents \u00e0mbits\" \/>\n<meta property=\"og:url\" content=\"https:\/\/raed.academy\/ca\/esdeveniments\/webinar-el-futur-que-ens-espera-despres-de-la-pandemia\/\" \/>\n<meta property=\"og:site_name\" content=\"Reial Acad\u00e8mia Europea de Doctors\" \/>\n<meta property=\"article:publisher\" content=\"http:\/\/fb.me\/raed.academy\" \/>\n<meta property=\"article:modified_time\" content=\"2022-10-27T08:32:38+00:00\" \/>\n<meta property=\"og:image\" content=\"https:\/\/raed.academy\/wp-content\/uploads\/2020\/05\/2020-05-28.webinar-debate-el-futuro-que-nos-espera-dstNtc.jpg\" \/>\n\t<meta property=\"og:image:width\" content=\"1000\" \/>\n\t<meta property=\"og:image:height\" content=\"600\" \/>\n\t<meta property=\"og:image:type\" content=\"image\/jpeg\" \/>\n<meta name=\"twitter:card\" content=\"summary_large_image\" \/>\n<meta name=\"twitter:site\" content=\"@raedacademy\" \/>\n<meta name=\"twitter:label1\" content=\"Est. reading time\" \/>\n\t<meta name=\"twitter:data1\" content=\"6 minutes\" \/>\n<script type=\"application\/ld+json\" class=\"yoast-schema-graph\">{\"@context\":\"https:\\\/\\\/schema.org\",\"@graph\":[{\"@type\":\"WebPage\",\"@id\":\"https:\\\/\\\/raed.academy\\\/ca\\\/esdeveniments\\\/webinar-el-futur-que-ens-espera-despres-de-la-pandemia\\\/\",\"url\":\"https:\\\/\\\/raed.academy\\\/ca\\\/esdeveniments\\\/webinar-el-futur-que-ens-espera-despres-de-la-pandemia\\\/\",\"name\":\"Webinar: El futur que ens espera despr\u00e9s de la pand\u00e8mia - Reial Acad\u00e8mia Europea de Doctors\",\"isPartOf\":{\"@id\":\"https:\\\/\\\/raed.academy\\\/ca\\\/#website\"},\"primaryImageOfPage\":{\"@id\":\"https:\\\/\\\/raed.academy\\\/ca\\\/esdeveniments\\\/webinar-el-futur-que-ens-espera-despres-de-la-pandemia\\\/#primaryimage\"},\"image\":{\"@id\":\"https:\\\/\\\/raed.academy\\\/ca\\\/esdeveniments\\\/webinar-el-futur-que-ens-espera-despres-de-la-pandemia\\\/#primaryimage\"},\"thumbnailUrl\":\"https:\\\/\\\/raed.academy\\\/wp-content\\\/uploads\\\/2020\\\/05\\\/2020-05-28.webinar-debate-el-futuro-que-nos-espera-dstNtc.jpg\",\"datePublished\":\"2020-05-28T10:01:06+00:00\",\"dateModified\":\"2022-10-27T08:32:38+00:00\",\"description\":\"Els reptes sanitaris i socials que ha obert la pand\u00e8mia de Coronavirus SARS-CoV-2, en una sessi\u00f3 en v\u00eddeo-webinar, abordada per experts en diferents \u00e0mbits\",\"breadcrumb\":{\"@id\":\"https:\\\/\\\/raed.academy\\\/ca\\\/esdeveniments\\\/webinar-el-futur-que-ens-espera-despres-de-la-pandemia\\\/#breadcrumb\"},\"inLanguage\":\"ca-ES\",\"potentialAction\":[{\"@type\":\"ReadAction\",\"target\":[\"https:\\\/\\\/raed.academy\\\/ca\\\/esdeveniments\\\/webinar-el-futur-que-ens-espera-despres-de-la-pandemia\\\/\"]}]},{\"@type\":\"ImageObject\",\"inLanguage\":\"ca-ES\",\"@id\":\"https:\\\/\\\/raed.academy\\\/ca\\\/esdeveniments\\\/webinar-el-futur-que-ens-espera-despres-de-la-pandemia\\\/#primaryimage\",\"url\":\"https:\\\/\\\/raed.academy\\\/wp-content\\\/uploads\\\/2020\\\/05\\\/2020-05-28.webinar-debate-el-futuro-que-nos-espera-dstNtc.jpg\",\"contentUrl\":\"https:\\\/\\\/raed.academy\\\/wp-content\\\/uploads\\\/2020\\\/05\\\/2020-05-28.webinar-debate-el-futuro-que-nos-espera-dstNtc.jpg\",\"width\":1000,\"height\":600},{\"@type\":\"BreadcrumbList\",\"@id\":\"https:\\\/\\\/raed.academy\\\/ca\\\/esdeveniments\\\/webinar-el-futur-que-ens-espera-despres-de-la-pandemia\\\/#breadcrumb\",\"itemListElement\":[{\"@type\":\"ListItem\",\"position\":1,\"name\":\"Inicio\",\"item\":\"https:\\\/\\\/raed.academy\\\/ca\\\/\"},{\"@type\":\"ListItem\",\"position\":2,\"name\":\"Activitats\",\"item\":\"https:\\\/\\\/raed.academy\\\/ca\\\/esdeveniments\\\/\"},{\"@type\":\"ListItem\",\"position\":3,\"name\":\"Webinar: El futur que ens espera despr\u00e9s de la pand\u00e8mia\"}]},{\"@type\":\"WebSite\",\"@id\":\"https:\\\/\\\/raed.academy\\\/ca\\\/#website\",\"url\":\"https:\\\/\\\/raed.academy\\\/ca\\\/\",\"name\":\"Reial Acad\u00e8mia Europea de Doctors\",\"description\":\"Corporaci\u00f3n de derecho p\u00fablico de car\u00e1cter cient\u00edfico, t\u00e9cnico y art\u00edstico, que tiene por objeto la investigaci\u00f3n, el estudio, el fomento y la extensi\u00f3n del conocimiento en su sentido m\u00e1s amplio\",\"publisher\":{\"@id\":\"https:\\\/\\\/raed.academy\\\/ca\\\/#organization\"},\"potentialAction\":[{\"@type\":\"SearchAction\",\"target\":{\"@type\":\"EntryPoint\",\"urlTemplate\":\"https:\\\/\\\/raed.academy\\\/ca\\\/?s={search_term_string}\"},\"query-input\":{\"@type\":\"PropertyValueSpecification\",\"valueRequired\":true,\"valueName\":\"search_term_string\"}}],\"inLanguage\":\"ca-ES\"},{\"@type\":\"Organization\",\"@id\":\"https:\\\/\\\/raed.academy\\\/ca\\\/#organization\",\"name\":\"Real Academia Europea de Doctores\",\"url\":\"https:\\\/\\\/raed.academy\\\/ca\\\/\",\"logo\":{\"@type\":\"ImageObject\",\"inLanguage\":\"ca-ES\",\"@id\":\"https:\\\/\\\/raed.academy\\\/ca\\\/#\\\/schema\\\/logo\\\/image\\\/\",\"url\":\"https:\\\/\\\/raed.academy\\\/wp-content\\\/uploads\\\/2017\\\/01\\\/cropped-logo_raed.png\",\"contentUrl\":\"https:\\\/\\\/raed.academy\\\/wp-content\\\/uploads\\\/2017\\\/01\\\/cropped-logo_raed.png\",\"width\":512,\"height\":512,\"caption\":\"Real Academia Europea de Doctores\"},\"image\":{\"@id\":\"https:\\\/\\\/raed.academy\\\/ca\\\/#\\\/schema\\\/logo\\\/image\\\/\"},\"sameAs\":[\"http:\\\/\\\/fb.me\\\/raed.academy\",\"https:\\\/\\\/x.com\\\/raedacademy\",\"https:\\\/\\\/www.instagram.com\\\/raed.academy\\\/\",\"https:\\\/\\\/www.youtube.com\\\/channel\\\/UCUYQwW2KrdirNWihxMDObwg\"]}]}<\/script>\n<!-- \/ Yoast SEO plugin. -->","yoast_head_json":{"title":"Webinar: El futur que ens espera despr\u00e9s de la pand\u00e8mia - Reial Acad\u00e8mia Europea de Doctors","description":"Els reptes sanitaris i socials que ha obert la pand\u00e8mia de Coronavirus SARS-CoV-2, en una sessi\u00f3 en v\u00eddeo-webinar, abordada per experts en diferents \u00e0mbits","robots":{"index":"index","follow":"follow","max-snippet":"max-snippet:-1","max-image-preview":"max-image-preview:large","max-video-preview":"max-video-preview:-1"},"canonical":"https:\/\/raed.academy\/ca\/esdeveniments\/webinar-el-futur-que-ens-espera-despres-de-la-pandemia\/","og_locale":"ca_ES","og_type":"article","og_title":"Webinar: El futur que ens espera despr\u00e9s de la pand\u00e8mia - Reial Acad\u00e8mia Europea de Doctors","og_description":"Els reptes sanitaris i socials que ha obert la pand\u00e8mia de Coronavirus SARS-CoV-2, en una sessi\u00f3 en v\u00eddeo-webinar, abordada per experts en diferents \u00e0mbits","og_url":"https:\/\/raed.academy\/ca\/esdeveniments\/webinar-el-futur-que-ens-espera-despres-de-la-pandemia\/","og_site_name":"Reial Acad\u00e8mia Europea de Doctors","article_publisher":"http:\/\/fb.me\/raed.academy","article_modified_time":"2022-10-27T08:32:38+00:00","og_image":[{"width":1000,"height":600,"url":"https:\/\/raed.academy\/wp-content\/uploads\/2020\/05\/2020-05-28.webinar-debate-el-futuro-que-nos-espera-dstNtc.jpg","type":"image\/jpeg"}],"twitter_card":"summary_large_image","twitter_site":"@raedacademy","twitter_misc":{"Est. reading time":"6 minutes"},"schema":{"@context":"https:\/\/schema.org","@graph":[{"@type":"WebPage","@id":"https:\/\/raed.academy\/ca\/esdeveniments\/webinar-el-futur-que-ens-espera-despres-de-la-pandemia\/","url":"https:\/\/raed.academy\/ca\/esdeveniments\/webinar-el-futur-que-ens-espera-despres-de-la-pandemia\/","name":"Webinar: El futur que ens espera despr\u00e9s de la pand\u00e8mia - Reial Acad\u00e8mia Europea de Doctors","isPartOf":{"@id":"https:\/\/raed.academy\/ca\/#website"},"primaryImageOfPage":{"@id":"https:\/\/raed.academy\/ca\/esdeveniments\/webinar-el-futur-que-ens-espera-despres-de-la-pandemia\/#primaryimage"},"image":{"@id":"https:\/\/raed.academy\/ca\/esdeveniments\/webinar-el-futur-que-ens-espera-despres-de-la-pandemia\/#primaryimage"},"thumbnailUrl":"https:\/\/raed.academy\/wp-content\/uploads\/2020\/05\/2020-05-28.webinar-debate-el-futuro-que-nos-espera-dstNtc.jpg","datePublished":"2020-05-28T10:01:06+00:00","dateModified":"2022-10-27T08:32:38+00:00","description":"Els reptes sanitaris i socials que ha obert la pand\u00e8mia de Coronavirus SARS-CoV-2, en una sessi\u00f3 en v\u00eddeo-webinar, abordada per experts en diferents \u00e0mbits","breadcrumb":{"@id":"https:\/\/raed.academy\/ca\/esdeveniments\/webinar-el-futur-que-ens-espera-despres-de-la-pandemia\/#breadcrumb"},"inLanguage":"ca-ES","potentialAction":[{"@type":"ReadAction","target":["https:\/\/raed.academy\/ca\/esdeveniments\/webinar-el-futur-que-ens-espera-despres-de-la-pandemia\/"]}]},{"@type":"ImageObject","inLanguage":"ca-ES","@id":"https:\/\/raed.academy\/ca\/esdeveniments\/webinar-el-futur-que-ens-espera-despres-de-la-pandemia\/#primaryimage","url":"https:\/\/raed.academy\/wp-content\/uploads\/2020\/05\/2020-05-28.webinar-debate-el-futuro-que-nos-espera-dstNtc.jpg","contentUrl":"https:\/\/raed.academy\/wp-content\/uploads\/2020\/05\/2020-05-28.webinar-debate-el-futuro-que-nos-espera-dstNtc.jpg","width":1000,"height":600},{"@type":"BreadcrumbList","@id":"https:\/\/raed.academy\/ca\/esdeveniments\/webinar-el-futur-que-ens-espera-despres-de-la-pandemia\/#breadcrumb","itemListElement":[{"@type":"ListItem","position":1,"name":"Inicio","item":"https:\/\/raed.academy\/ca\/"},{"@type":"ListItem","position":2,"name":"Activitats","item":"https:\/\/raed.academy\/ca\/esdeveniments\/"},{"@type":"ListItem","position":3,"name":"Webinar: El futur que ens espera despr\u00e9s de la pand\u00e8mia"}]},{"@type":"WebSite","@id":"https:\/\/raed.academy\/ca\/#website","url":"https:\/\/raed.academy\/ca\/","name":"Reial Acad\u00e8mia Europea de Doctors","description":"Corporaci\u00f3n de derecho p\u00fablico de car\u00e1cter cient\u00edfico, t\u00e9cnico y art\u00edstico, que tiene por objeto la investigaci\u00f3n, el estudio, el fomento y la extensi\u00f3n del conocimiento en su sentido m\u00e1s amplio","publisher":{"@id":"https:\/\/raed.academy\/ca\/#organization"},"potentialAction":[{"@type":"SearchAction","target":{"@type":"EntryPoint","urlTemplate":"https:\/\/raed.academy\/ca\/?s={search_term_string}"},"query-input":{"@type":"PropertyValueSpecification","valueRequired":true,"valueName":"search_term_string"}}],"inLanguage":"ca-ES"},{"@type":"Organization","@id":"https:\/\/raed.academy\/ca\/#organization","name":"Real Academia Europea de Doctores","url":"https:\/\/raed.academy\/ca\/","logo":{"@type":"ImageObject","inLanguage":"ca-ES","@id":"https:\/\/raed.academy\/ca\/#\/schema\/logo\/image\/","url":"https:\/\/raed.academy\/wp-content\/uploads\/2017\/01\/cropped-logo_raed.png","contentUrl":"https:\/\/raed.academy\/wp-content\/uploads\/2017\/01\/cropped-logo_raed.png","width":512,"height":512,"caption":"Real Academia Europea de Doctores"},"image":{"@id":"https:\/\/raed.academy\/ca\/#\/schema\/logo\/image\/"},"sameAs":["http:\/\/fb.me\/raed.academy","https:\/\/x.com\/raedacademy","https:\/\/www.instagram.com\/raed.academy\/","https:\/\/www.youtube.com\/channel\/UCUYQwW2KrdirNWihxMDObwg"]}]}},"_links":{"self":[{"href":"https:\/\/raed.academy\/ca\/wp-json\/wp\/v2\/dp_events\/123895","targetHints":{"allow":["GET"]}}],"collection":[{"href":"https:\/\/raed.academy\/ca\/wp-json\/wp\/v2\/dp_events"}],"about":[{"href":"https:\/\/raed.academy\/ca\/wp-json\/wp\/v2\/types\/dp_events"}],"wp:featuredmedia":[{"embeddable":true,"href":"https:\/\/raed.academy\/ca\/wp-json\/wp\/v2\/media\/91329"}],"wp:attachment":[{"href":"https:\/\/raed.academy\/ca\/wp-json\/wp\/v2\/media?parent=123895"}],"curies":[{"name":"wp","href":"https:\/\/api.w.org\/{rel}","templated":true}]}}