{"id":122699,"date":"2022-09-29T11:27:03","date_gmt":"2022-09-29T11:27:03","guid":{"rendered":"https:\/\/raed.academy\/?post_type=dp_events&#038;p=122699"},"modified":"2022-09-29T13:09:24","modified_gmt":"2022-09-29T13:09:24","slug":"acte-ingres-academic-numerari-dr-daniel-berzosa-lopez","status":"publish","type":"dp_events","link":"https:\/\/raed.academy\/ca\/esdeveniments\/acte-ingres-academic-numerari-dr-daniel-berzosa-lopez\/","title":{"rendered":"Acte d&#8217;ingr\u00e9s com a Acad\u00e8mic Numerari: Dr. Daniel Berzosa L\u00f3pez"},"content":{"rendered":"<p>[et_pb_section fb_built=&#8221;1&#8243; _builder_version=&#8221;4.16&#8243; _module_preset=&#8221;default&#8221; locked=&#8221;off&#8221; global_colors_info=&#8221;{}&#8221;][et_pb_row admin_label=&#8221;Fila&#8221; _builder_version=&#8221;4.16&#8243; _module_preset=&#8221;default&#8221; global_colors_info=&#8221;{}&#8221;][et_pb_column type=&#8221;4_4&#8243; _builder_version=&#8221;4.16&#8243; _module_preset=&#8221;default&#8221; global_colors_info=&#8221;{}&#8221;][et_pb_post_title meta=&#8221;off&#8221; featured_image=&#8221;off&#8221; admin_label=&#8221;T\u00edtulo de publicaci\u00f3n&#8221; _builder_version=&#8221;4.16&#8243; _module_preset=&#8221;default&#8221; global_colors_info=&#8221;{}&#8221;][\/et_pb_post_title][et_pb_text admin_label=&#8221;Detalles evento&#8221; _builder_version=&#8221;4.18.0&#8243; _module_preset=&#8221;default&#8221; hover_enabled=&#8221;0&#8243; global_colors_info=&#8221;{}&#8221; sticky_enabled=&#8221;0&#8243;]<div id=\"attachment_122693\" style=\"width: 240px\" class=\"wp-caption alignright\"><img loading=\"lazy\" decoding=\"async\" aria-describedby=\"caption-attachment-122693\" class=\"wp-image-122693 size-full\" src=\"https:\/\/raed.academy\/wp-content\/uploads\/2022\/09\/Daniel-Berzosa-Lopez-230x317px.jpg\" alt=\"Dr. Daniel Berzosa\" width=\"230\" height=\"317\" \/><p id=\"caption-attachment-122693\" class=\"wp-caption-text\">Dr. Daniel Berzosa<\/p><\/div><\/p>\n<p>L&#8217;<strong>Excm. Sr. Dr. Daniel Berzosa L\u00f3pez<\/strong>, Doctor en Dret, ingressa com a Acad\u00e8mic Numerari de la <strong>Reial Acad\u00e8mia Europea de Doctors<\/strong>, amb el discurs titulat <strong>\u201cOccidente en la encrucijada (una visi\u00f3n desde el Derecho y las Ciencias Sociales)\u201d<\/strong>.<\/p>\n<p><strong>Respon: <a href=\"https:\/\/raed.academy\/ca\/academics\/dra-teresa-freixes-sanjuan\/\" target=\"_blank\" rel=\"noopener\">Excma. Sra. Dra. Teresa Freixes Sanju\u00e1n<\/a><br \/><\/strong><\/p>\n<p><strong>Lloc: <\/strong>Sala d&#039;actes de l&#039;Edifici Foment del Treball. Via Laietana, 32, principal, Barcelona, 08003<\/p>\n<p><strong>Data<\/strong>: Dimarts, 11 Octubre 2022<\/p>\n<p><strong>Hora<\/strong>: 18:30 h<\/p>\n<p><strong>Format:<\/strong> Presencial i streaming<\/p>\n<p><strong>Inscripci\u00f3: <\/strong>Es prega confirmaci\u00f3 d\u2019assist\u00e8ncia a Secretaria de la RAED:<strong> <a href=\"mailto:secretaria@raed.academy\">secretaria@raed.academy<\/a>\u00a0<\/strong>o al tel.<strong> 93 667 40 54<\/strong><\/p>\n<p>[\/et_pb_text][et_pb_divider show_divider=&#8221;off&#8221; _builder_version=&#8221;4.16&#8243; _module_preset=&#8221;default&#8221; global_colors_info=&#8221;{}&#8221;][\/et_pb_divider][et_pb_text admin_label=&#8221;Txt &#8211; Seguiu l&#8217;esdeveniment en directe&#8221; _builder_version=&#8221;4.18.0&#8243; _module_preset=&#8221;default&#8221; global_colors_info=&#8221;{}&#8221;]<\/p>\n<h2>Seguiu l&#8217;esdeveniment en directe<\/h2>\n<p>[\/et_pb_text][et_pb_video src=&#8221;https:\/\/youtu.be\/e7XOAJzJTJA&#8221; _builder_version=&#8221;4.18.0&#8243; _module_preset=&#8221;default&#8221; animation_style=&#8221;flip&#8221; global_colors_info=&#8221;{}&#8221;][\/et_pb_video][\/et_pb_column][\/et_pb_row][et_pb_row column_structure=&#8221;2_3,1_3&#8243; admin_label=&#8221;Fila&#8221; _builder_version=&#8221;4.16&#8243; _module_preset=&#8221;default&#8221; locked=&#8221;off&#8221; global_colors_info=&#8221;{}&#8221;][et_pb_column type=&#8221;2_3&#8243; _builder_version=&#8221;4.16&#8243; _module_preset=&#8221;default&#8221; global_colors_info=&#8221;{}&#8221;][et_pb_code admin_label=&#8221;C\u00f3digo &#8211; Organitza&#8221; _builder_version=&#8221;4.16&#8243; _module_preset=&#8221;default&#8221; global_colors_info=&#8221;{}&#8221;]<pee class=\"ttl-colaboradores\">Organitza:<\/pee><!-- [et_pb_line_break_holder] --><\/p>\n<div id=\"organizadores\"><!-- [et_pb_line_break_holder] --><\/p>\n<div class=\"logo-colaborador\"><a href=\"https:\/\/fundacionraed.org\/\" target=\"_blank\" rel=\"noopener noreferrer\"><img decoding=\"async\" src=\"https:\/\/raed.academy\/wp-content\/uploads\/2021\/10\/Logo-Fundacion-RAED-160px.jpg\" alt=\"Fundaci\u00f3n RAED\"><\/p>\n<div class=\"txt\"><\/div>\n<p><\/a><\/div>\n<p><!-- [et_pb_line_break_holder] --><!-- [et_pb_line_break_holder] --><\/p>\n<div class=\"logo-colaborador\"><a href=\"https:\/\/raed.academy\/ca\/\" target=\"_blank\" rel=\"noopener noreferrer\"><img decoding=\"async\" src=\"https:\/\/raed.academy\/wp-content\/uploads\/2021\/10\/Logo-RAED-160px.jpg\" alt=\"Real Academia Europea de Doctores RAED\"><\/p>\n<div class=\"txt\"><\/div>\n<p><\/a><\/div>\n<p><!-- [et_pb_line_break_holder] --><\/div>\n<p>[\/et_pb_code][\/et_pb_column][et_pb_column type=&#8221;1_3&#8243; _builder_version=&#8221;4.16&#8243; _module_preset=&#8221;default&#8221; global_colors_info=&#8221;{}&#8221;][et_pb_code admin_label=&#8221;C\u00f3digo &#8211; Amb la col\u00b7laboraci\u00f3 de:&#8221; _builder_version=&#8221;4.16&#8243; _module_preset=&#8221;default&#8221; global_colors_info=&#8221;{}&#8221;]<pee class=\"ttl-colaboradores\">Amb la col\u00b7laboraci\u00f3 de:<\/pee> <!-- [et_pb_line_break_holder] --><\/p>\n<div id=\"colaboradores\"><!-- [et_pb_line_break_holder] -->  <!-- [et_pb_line_break_holder] --><\/p>\n<div class=\"logo-colaborador\"><!-- [et_pb_line_break_holder] --><\/p>\n<div class=\"txt-circular\"><\/div>\n<p><!-- [et_pb_line_break_holder] -->  <a href=\"http:\/\/justicia.gencat.cat\/ca\/inici\" target=\"_blank\" rel=\"noopener noreferrer\"><img decoding=\"async\" src=\"https:\/\/raed.academy\/wp-content\/uploads\/2021\/10\/Generalitat-de-Catalunya-dept-Justicia-215px.jpg\" alt=\"Generalitat de catalunya\"><\/a><\/div>\n<p><!-- [et_pb_line_break_holder] --><\/div>\n<p>[\/et_pb_code][\/et_pb_column][\/et_pb_row][\/et_pb_section]<\/p>\n","protected":false},"excerpt":{"rendered":"<p>El Dr. Daniel Berzosa L\u00f3pez, Doctor en Dret, ingressa a la RAED l&#8217;11 d&#8217;octubre de 2022, amb el discurs titulat \u201cOccidente en la encrucijada (una visi\u00f3n desde el Derecho y las Ciencias Sociales)\u201d<\/p>\n","protected":false},"featured_media":122696,"template":"","meta":{"_et_pb_use_builder":"on","_et_pb_old_content":"<p>[et_pb_section fb_built=\"1\" _builder_version=\"4.16\" _module_preset=\"default\" locked=\"off\" global_colors_info=\"{}\"][et_pb_row admin_label=\"Fila\" _builder_version=\"4.16\" _module_preset=\"default\" global_colors_info=\"{}\"][et_pb_column type=\"4_4\" _builder_version=\"4.16\" _module_preset=\"default\" global_colors_info=\"{}\"][et_pb_post_title meta=\"off\" featured_image=\"off\" admin_label=\"T\u00edtulo de publicaci\u00f3n\" _builder_version=\"4.16\" _module_preset=\"default\" global_colors_info=\"{}\"][\/et_pb_post_title][et_pb_text admin_label=\"Detalles evento\" _builder_version=\"4.18.0\" _module_preset=\"default\" global_colors_info=\"{}\"]<\/p>[caption id=\"attachment_122693\" align=\"alignright\" width=\"230\"]<img class=\"wp-image-122693 size-full\" src=\"https:\/\/raed.academy\/wp-content\/uploads\/2022\/09\/Daniel-Berzosa-Lopez-230x317px.jpg\" alt=\"Dr. Daniel Berzosa\" width=\"230\" height=\"317\" \/> Dr. Daniel Berzosa[\/caption]<p>El <strong>Excmo. Sr. Dr. Daniel Berzosa L\u00f3pez<\/strong>, Doctor en Derecho, ingresa como Acad\u00e9mico Numerario de la <strong>Real Academia Europea de Doctores<\/strong>, con el discurso titulado \u201cOccidente en la encrucijada (una visi\u00f3n desde el Derecho y las Ciencias Sociales)\u201d.<\/p><p><strong>Responde: <a href=\"https:\/\/raed.academy\/academicos\/dra-teresa-freixes-sanjuan\/\" target=\"_blank\" rel=\"noopener\">Excma. Sra. Dra. Teresa Freixes Sanju\u00e1n<\/a><br \/><\/strong><\/p><p><strong>Lugar: <\/strong>[DP_Single_Event_Venue_Address]<\/p><p><strong>Fecha<\/strong>: Mi\u00e9rcoles, [DP_Single_Event_Start_Date dem_start_date_format=\"d F Y\"]<\/p><p><strong>Hora<\/strong>: [DP_Single_Event_Start_Time] h<\/p><p><strong>Formato:<\/strong> Presencial y streaming<\/p><p><strong>Inscripci\u00f3n: <\/strong>Se ruega confirmaci\u00f3n de asistencia en Secretar\u00eda: <a href=\"mailto:secretaria@raed.academy\"><strong>secretaria@raed.academy<\/strong><\/a> o al <strong>tel. 93 667 40 54<\/strong><\/p><p>[\/et_pb_text][et_pb_divider show_divider=\"off\" _builder_version=\"4.16\" _module_preset=\"default\" global_colors_info=\"{}\"][\/et_pb_divider][et_pb_text admin_label=\"Txt - Seguir el evento en directo\" _builder_version=\"4.18.0\" _module_preset=\"default\" global_colors_info=\"{}\"]<\/p><h2>Seguir el evento en directo<\/h2><p>[\/et_pb_text][et_pb_video src=\"https:\/\/youtu.be\/e7XOAJzJTJA\" _builder_version=\"4.18.0\" _module_preset=\"default\" animation_style=\"flip\" global_colors_info=\"{}\"][\/et_pb_video][\/et_pb_column][\/et_pb_row][et_pb_row column_structure=\"2_3,1_3\" admin_label=\"Fila\" _builder_version=\"4.16\" _module_preset=\"default\" locked=\"off\" global_colors_info=\"{}\"][et_pb_column type=\"2_3\" _builder_version=\"4.16\" _module_preset=\"default\" global_colors_info=\"{}\"][et_pb_code admin_label=\"C\u00f3digo - organizadores\" _builder_version=\"4.16\" _module_preset=\"default\" global_colors_info=\"{}\"]<\/p><p class=\"ttl-colaboradores\">Organiza:<\/p><p><!-- [et_pb_line_break_holder] --><\/p><div id=\"organizadores\"><!-- [et_pb_line_break_holder] --><\/div><div class=\"logo-colaborador\"><a href=\"https:\/\/fundacionraed.org\/\" target=\"_blank\" rel=\"noopener noreferrer\"><img src=\"https:\/\/raed.academy\/wp-content\/uploads\/2021\/10\/Logo-Fundacion-RAED-160px.jpg\" alt=\"Fundaci\u00f3n RAED\" \/><\/a><div class=\"txt\">\u00a0<\/div><p>\u00a0<\/p><\/div><p><!-- [et_pb_line_break_holder] --><!-- [et_pb_line_break_holder] --><\/p><div class=\"logo-colaborador\"><a href=\"https:\/\/raed.academy\/\" target=\"_blank\" rel=\"noopener noreferrer\"><img src=\"https:\/\/raed.academy\/wp-content\/uploads\/2021\/10\/Logo-RAED-160px.jpg\" alt=\"Real Academia Europea de Doctores RAED\" \/><\/a><div class=\"txt\">\u00a0<\/div><p>\u00a0<\/p><\/div><p><!-- [et_pb_line_break_holder] --><\/p><p>[\/et_pb_code][\/et_pb_column][et_pb_column type=\"1_3\" _builder_version=\"4.16\" _module_preset=\"default\" global_colors_info=\"{}\"][et_pb_code admin_label=\"C\u00f3digo - colaboradores\" _builder_version=\"4.16\" _module_preset=\"default\" global_colors_info=\"{}\"]<\/p><p class=\"ttl-colaboradores\">Con la colaboraci\u00f3n de:<\/p><p><!-- [et_pb_line_break_holder] --><\/p><div id=\"colaboradores\"><!-- [et_pb_line_break_holder] --> <!-- [et_pb_line_break_holder] --><\/div><div class=\"logo-colaborador\"><!-- [et_pb_line_break_holder] --><div class=\"txt-circular\">\u00a0<\/div><p><!-- [et_pb_line_break_holder] --> <a href=\"http:\/\/justicia.gencat.cat\/ca\/inici\" target=\"_blank\" rel=\"noopener noreferrer\"><img src=\"https:\/\/raed.academy\/wp-content\/uploads\/2021\/10\/Generalitat-de-Catalunya-dept-Justicia-215px.jpg\" alt=\"Generalitat de catalunya\" \/><\/a><\/p><\/div><p><!-- [et_pb_line_break_holder] --><\/p><p>[\/et_pb_code][\/et_pb_column][\/et_pb_row][\/et_pb_section]<\/p><p>\u00a0<\/p>","_et_gb_content_width":""},"class_list":["post-122699","dp_events","type-dp_events","status-publish","has-post-thumbnail","hentry"],"yoast_head":"<!-- This site is optimized with the Yoast SEO plugin v27.4 - https:\/\/yoast.com\/product\/yoast-seo-wordpress\/ -->\n<title>Acte d&#039;ingr\u00e9s com a Acad\u00e8mic Numerari: Dr. Daniel Berzosa L\u00f3pez - Reial Acad\u00e8mia Europea de Doctors<\/title>\n<meta name=\"description\" content=\"Daniel Berzosa L\u00f3pez ingressa a la RAED l&#039;11\/octubre\/2022, amb el discurs \u201cOccidente en la encrucijada (una visi\u00f3n desde el Derecho y las Ciencias Sociales)\u201d\" \/>\n<meta name=\"robots\" content=\"index, follow, max-snippet:-1, max-image-preview:large, max-video-preview:-1\" \/>\n<link rel=\"canonical\" href=\"https:\/\/raed.academy\/ca\/esdeveniments\/acte-ingres-academic-numerari-dr-daniel-berzosa-lopez\/\" \/>\n<meta property=\"og:locale\" content=\"ca_ES\" \/>\n<meta property=\"og:type\" content=\"article\" \/>\n<meta property=\"og:title\" content=\"Acte d&#039;ingr\u00e9s com a Acad\u00e8mic Numerari: Dr. Daniel Berzosa L\u00f3pez - Reial Acad\u00e8mia Europea de Doctors\" \/>\n<meta property=\"og:description\" content=\"Daniel Berzosa L\u00f3pez ingressa a la RAED l&#039;11\/octubre\/2022, amb el discurs \u201cOccidente en la encrucijada (una visi\u00f3n desde el Derecho y las Ciencias Sociales)\u201d\" \/>\n<meta property=\"og:url\" content=\"https:\/\/raed.academy\/ca\/esdeveniments\/acte-ingres-academic-numerari-dr-daniel-berzosa-lopez\/\" \/>\n<meta property=\"og:site_name\" content=\"Reial Acad\u00e8mia Europea de Doctors\" \/>\n<meta property=\"article:publisher\" content=\"http:\/\/fb.me\/raed.academy\" \/>\n<meta property=\"article:modified_time\" content=\"2022-09-29T13:09:24+00:00\" \/>\n<meta property=\"og:image\" content=\"https:\/\/raed.academy\/wp-content\/uploads\/2022\/09\/Daniel-Berzosa-Lopez-dst.jpg\" \/>\n\t<meta property=\"og:image:width\" content=\"592\" \/>\n\t<meta property=\"og:image:height\" content=\"355\" \/>\n\t<meta property=\"og:image:type\" content=\"image\/jpeg\" \/>\n<meta name=\"twitter:card\" content=\"summary_large_image\" \/>\n<meta name=\"twitter:site\" content=\"@raedacademy\" \/>\n<meta name=\"twitter:label1\" content=\"Est. reading time\" \/>\n\t<meta name=\"twitter:data1\" content=\"2 minutes\" \/>\n<script type=\"application\/ld+json\" class=\"yoast-schema-graph\">{\"@context\":\"https:\\\/\\\/schema.org\",\"@graph\":[{\"@type\":\"WebPage\",\"@id\":\"https:\\\/\\\/raed.academy\\\/ca\\\/esdeveniments\\\/acte-ingres-academic-numerari-dr-daniel-berzosa-lopez\\\/\",\"url\":\"https:\\\/\\\/raed.academy\\\/ca\\\/esdeveniments\\\/acte-ingres-academic-numerari-dr-daniel-berzosa-lopez\\\/\",\"name\":\"Acte d'ingr\u00e9s com a Acad\u00e8mic Numerari: Dr. Daniel Berzosa L\u00f3pez - Reial Acad\u00e8mia Europea de Doctors\",\"isPartOf\":{\"@id\":\"https:\\\/\\\/raed.academy\\\/ca\\\/#website\"},\"primaryImageOfPage\":{\"@id\":\"https:\\\/\\\/raed.academy\\\/ca\\\/esdeveniments\\\/acte-ingres-academic-numerari-dr-daniel-berzosa-lopez\\\/#primaryimage\"},\"image\":{\"@id\":\"https:\\\/\\\/raed.academy\\\/ca\\\/esdeveniments\\\/acte-ingres-academic-numerari-dr-daniel-berzosa-lopez\\\/#primaryimage\"},\"thumbnailUrl\":\"https:\\\/\\\/raed.academy\\\/wp-content\\\/uploads\\\/2022\\\/09\\\/Daniel-Berzosa-Lopez-dst.jpg\",\"datePublished\":\"2022-09-29T11:27:03+00:00\",\"dateModified\":\"2022-09-29T13:09:24+00:00\",\"description\":\"Daniel Berzosa L\u00f3pez ingressa a la RAED l'11\\\/octubre\\\/2022, amb el discurs \u201cOccidente en la encrucijada (una visi\u00f3n desde el Derecho y las Ciencias Sociales)\u201d\",\"breadcrumb\":{\"@id\":\"https:\\\/\\\/raed.academy\\\/ca\\\/esdeveniments\\\/acte-ingres-academic-numerari-dr-daniel-berzosa-lopez\\\/#breadcrumb\"},\"inLanguage\":\"ca-ES\",\"potentialAction\":[{\"@type\":\"ReadAction\",\"target\":[\"https:\\\/\\\/raed.academy\\\/ca\\\/esdeveniments\\\/acte-ingres-academic-numerari-dr-daniel-berzosa-lopez\\\/\"]}]},{\"@type\":\"ImageObject\",\"inLanguage\":\"ca-ES\",\"@id\":\"https:\\\/\\\/raed.academy\\\/ca\\\/esdeveniments\\\/acte-ingres-academic-numerari-dr-daniel-berzosa-lopez\\\/#primaryimage\",\"url\":\"https:\\\/\\\/raed.academy\\\/wp-content\\\/uploads\\\/2022\\\/09\\\/Daniel-Berzosa-Lopez-dst.jpg\",\"contentUrl\":\"https:\\\/\\\/raed.academy\\\/wp-content\\\/uploads\\\/2022\\\/09\\\/Daniel-Berzosa-Lopez-dst.jpg\",\"width\":592,\"height\":355,\"caption\":\"Daniel Berzosa L\u00f3pez\"},{\"@type\":\"BreadcrumbList\",\"@id\":\"https:\\\/\\\/raed.academy\\\/ca\\\/esdeveniments\\\/acte-ingres-academic-numerari-dr-daniel-berzosa-lopez\\\/#breadcrumb\",\"itemListElement\":[{\"@type\":\"ListItem\",\"position\":1,\"name\":\"Inicio\",\"item\":\"https:\\\/\\\/raed.academy\\\/ca\\\/\"},{\"@type\":\"ListItem\",\"position\":2,\"name\":\"Activitats\",\"item\":\"https:\\\/\\\/raed.academy\\\/ca\\\/esdeveniments\\\/\"},{\"@type\":\"ListItem\",\"position\":3,\"name\":\"Acte d&#8217;ingr\u00e9s com a Acad\u00e8mic Numerari: Dr. Daniel Berzosa L\u00f3pez\"}]},{\"@type\":\"WebSite\",\"@id\":\"https:\\\/\\\/raed.academy\\\/ca\\\/#website\",\"url\":\"https:\\\/\\\/raed.academy\\\/ca\\\/\",\"name\":\"Reial Acad\u00e8mia Europea de Doctors\",\"description\":\"Corporaci\u00f3n de derecho p\u00fablico de car\u00e1cter cient\u00edfico, t\u00e9cnico y art\u00edstico, que tiene por objeto la investigaci\u00f3n, el estudio, el fomento y la extensi\u00f3n del conocimiento en su sentido m\u00e1s amplio\",\"publisher\":{\"@id\":\"https:\\\/\\\/raed.academy\\\/ca\\\/#organization\"},\"potentialAction\":[{\"@type\":\"SearchAction\",\"target\":{\"@type\":\"EntryPoint\",\"urlTemplate\":\"https:\\\/\\\/raed.academy\\\/ca\\\/?s={search_term_string}\"},\"query-input\":{\"@type\":\"PropertyValueSpecification\",\"valueRequired\":true,\"valueName\":\"search_term_string\"}}],\"inLanguage\":\"ca-ES\"},{\"@type\":\"Organization\",\"@id\":\"https:\\\/\\\/raed.academy\\\/ca\\\/#organization\",\"name\":\"Real Academia Europea de Doctores\",\"url\":\"https:\\\/\\\/raed.academy\\\/ca\\\/\",\"logo\":{\"@type\":\"ImageObject\",\"inLanguage\":\"ca-ES\",\"@id\":\"https:\\\/\\\/raed.academy\\\/ca\\\/#\\\/schema\\\/logo\\\/image\\\/\",\"url\":\"https:\\\/\\\/raed.academy\\\/wp-content\\\/uploads\\\/2017\\\/01\\\/cropped-logo_raed.png\",\"contentUrl\":\"https:\\\/\\\/raed.academy\\\/wp-content\\\/uploads\\\/2017\\\/01\\\/cropped-logo_raed.png\",\"width\":512,\"height\":512,\"caption\":\"Real Academia Europea de Doctores\"},\"image\":{\"@id\":\"https:\\\/\\\/raed.academy\\\/ca\\\/#\\\/schema\\\/logo\\\/image\\\/\"},\"sameAs\":[\"http:\\\/\\\/fb.me\\\/raed.academy\",\"https:\\\/\\\/x.com\\\/raedacademy\",\"https:\\\/\\\/www.instagram.com\\\/raed.academy\\\/\",\"https:\\\/\\\/www.youtube.com\\\/channel\\\/UCUYQwW2KrdirNWihxMDObwg\"]}]}<\/script>\n<!-- \/ Yoast SEO plugin. -->","yoast_head_json":{"title":"Acte d'ingr\u00e9s com a Acad\u00e8mic Numerari: Dr. Daniel Berzosa L\u00f3pez - Reial Acad\u00e8mia Europea de Doctors","description":"Daniel Berzosa L\u00f3pez ingressa a la RAED l'11\/octubre\/2022, amb el discurs \u201cOccidente en la encrucijada (una visi\u00f3n desde el Derecho y las Ciencias Sociales)\u201d","robots":{"index":"index","follow":"follow","max-snippet":"max-snippet:-1","max-image-preview":"max-image-preview:large","max-video-preview":"max-video-preview:-1"},"canonical":"https:\/\/raed.academy\/ca\/esdeveniments\/acte-ingres-academic-numerari-dr-daniel-berzosa-lopez\/","og_locale":"ca_ES","og_type":"article","og_title":"Acte d'ingr\u00e9s com a Acad\u00e8mic Numerari: Dr. Daniel Berzosa L\u00f3pez - Reial Acad\u00e8mia Europea de Doctors","og_description":"Daniel Berzosa L\u00f3pez ingressa a la RAED l'11\/octubre\/2022, amb el discurs \u201cOccidente en la encrucijada (una visi\u00f3n desde el Derecho y las Ciencias Sociales)\u201d","og_url":"https:\/\/raed.academy\/ca\/esdeveniments\/acte-ingres-academic-numerari-dr-daniel-berzosa-lopez\/","og_site_name":"Reial Acad\u00e8mia Europea de Doctors","article_publisher":"http:\/\/fb.me\/raed.academy","article_modified_time":"2022-09-29T13:09:24+00:00","og_image":[{"width":592,"height":355,"url":"https:\/\/raed.academy\/wp-content\/uploads\/2022\/09\/Daniel-Berzosa-Lopez-dst.jpg","type":"image\/jpeg"}],"twitter_card":"summary_large_image","twitter_site":"@raedacademy","twitter_misc":{"Est. reading time":"2 minutes"},"schema":{"@context":"https:\/\/schema.org","@graph":[{"@type":"WebPage","@id":"https:\/\/raed.academy\/ca\/esdeveniments\/acte-ingres-academic-numerari-dr-daniel-berzosa-lopez\/","url":"https:\/\/raed.academy\/ca\/esdeveniments\/acte-ingres-academic-numerari-dr-daniel-berzosa-lopez\/","name":"Acte d'ingr\u00e9s com a Acad\u00e8mic Numerari: Dr. Daniel Berzosa L\u00f3pez - Reial Acad\u00e8mia Europea de Doctors","isPartOf":{"@id":"https:\/\/raed.academy\/ca\/#website"},"primaryImageOfPage":{"@id":"https:\/\/raed.academy\/ca\/esdeveniments\/acte-ingres-academic-numerari-dr-daniel-berzosa-lopez\/#primaryimage"},"image":{"@id":"https:\/\/raed.academy\/ca\/esdeveniments\/acte-ingres-academic-numerari-dr-daniel-berzosa-lopez\/#primaryimage"},"thumbnailUrl":"https:\/\/raed.academy\/wp-content\/uploads\/2022\/09\/Daniel-Berzosa-Lopez-dst.jpg","datePublished":"2022-09-29T11:27:03+00:00","dateModified":"2022-09-29T13:09:24+00:00","description":"Daniel Berzosa L\u00f3pez ingressa a la RAED l'11\/octubre\/2022, amb el discurs \u201cOccidente en la encrucijada (una visi\u00f3n desde el Derecho y las Ciencias Sociales)\u201d","breadcrumb":{"@id":"https:\/\/raed.academy\/ca\/esdeveniments\/acte-ingres-academic-numerari-dr-daniel-berzosa-lopez\/#breadcrumb"},"inLanguage":"ca-ES","potentialAction":[{"@type":"ReadAction","target":["https:\/\/raed.academy\/ca\/esdeveniments\/acte-ingres-academic-numerari-dr-daniel-berzosa-lopez\/"]}]},{"@type":"ImageObject","inLanguage":"ca-ES","@id":"https:\/\/raed.academy\/ca\/esdeveniments\/acte-ingres-academic-numerari-dr-daniel-berzosa-lopez\/#primaryimage","url":"https:\/\/raed.academy\/wp-content\/uploads\/2022\/09\/Daniel-Berzosa-Lopez-dst.jpg","contentUrl":"https:\/\/raed.academy\/wp-content\/uploads\/2022\/09\/Daniel-Berzosa-Lopez-dst.jpg","width":592,"height":355,"caption":"Daniel Berzosa L\u00f3pez"},{"@type":"BreadcrumbList","@id":"https:\/\/raed.academy\/ca\/esdeveniments\/acte-ingres-academic-numerari-dr-daniel-berzosa-lopez\/#breadcrumb","itemListElement":[{"@type":"ListItem","position":1,"name":"Inicio","item":"https:\/\/raed.academy\/ca\/"},{"@type":"ListItem","position":2,"name":"Activitats","item":"https:\/\/raed.academy\/ca\/esdeveniments\/"},{"@type":"ListItem","position":3,"name":"Acte d&#8217;ingr\u00e9s com a Acad\u00e8mic Numerari: Dr. Daniel Berzosa L\u00f3pez"}]},{"@type":"WebSite","@id":"https:\/\/raed.academy\/ca\/#website","url":"https:\/\/raed.academy\/ca\/","name":"Reial Acad\u00e8mia Europea de Doctors","description":"Corporaci\u00f3n de derecho p\u00fablico de car\u00e1cter cient\u00edfico, t\u00e9cnico y art\u00edstico, que tiene por objeto la investigaci\u00f3n, el estudio, el fomento y la extensi\u00f3n del conocimiento en su sentido m\u00e1s amplio","publisher":{"@id":"https:\/\/raed.academy\/ca\/#organization"},"potentialAction":[{"@type":"SearchAction","target":{"@type":"EntryPoint","urlTemplate":"https:\/\/raed.academy\/ca\/?s={search_term_string}"},"query-input":{"@type":"PropertyValueSpecification","valueRequired":true,"valueName":"search_term_string"}}],"inLanguage":"ca-ES"},{"@type":"Organization","@id":"https:\/\/raed.academy\/ca\/#organization","name":"Real Academia Europea de Doctores","url":"https:\/\/raed.academy\/ca\/","logo":{"@type":"ImageObject","inLanguage":"ca-ES","@id":"https:\/\/raed.academy\/ca\/#\/schema\/logo\/image\/","url":"https:\/\/raed.academy\/wp-content\/uploads\/2017\/01\/cropped-logo_raed.png","contentUrl":"https:\/\/raed.academy\/wp-content\/uploads\/2017\/01\/cropped-logo_raed.png","width":512,"height":512,"caption":"Real Academia Europea de Doctores"},"image":{"@id":"https:\/\/raed.academy\/ca\/#\/schema\/logo\/image\/"},"sameAs":["http:\/\/fb.me\/raed.academy","https:\/\/x.com\/raedacademy","https:\/\/www.instagram.com\/raed.academy\/","https:\/\/www.youtube.com\/channel\/UCUYQwW2KrdirNWihxMDObwg"]}]}},"_links":{"self":[{"href":"https:\/\/raed.academy\/ca\/wp-json\/wp\/v2\/dp_events\/122699","targetHints":{"allow":["GET"]}}],"collection":[{"href":"https:\/\/raed.academy\/ca\/wp-json\/wp\/v2\/dp_events"}],"about":[{"href":"https:\/\/raed.academy\/ca\/wp-json\/wp\/v2\/types\/dp_events"}],"wp:featuredmedia":[{"embeddable":true,"href":"https:\/\/raed.academy\/ca\/wp-json\/wp\/v2\/media\/122696"}],"wp:attachment":[{"href":"https:\/\/raed.academy\/ca\/wp-json\/wp\/v2\/media?parent=122699"}],"curies":[{"name":"wp","href":"https:\/\/api.w.org\/{rel}","templated":true}]}}