{"id":120362,"date":"2022-07-01T14:56:01","date_gmt":"2022-07-01T14:56:01","guid":{"rendered":"https:\/\/raed.academy\/?post_type=dp_events&#038;p=120362"},"modified":"2022-07-04T13:17:24","modified_gmt":"2022-07-04T13:17:24","slug":"taula-rodona-el-poder-de-la-diferencia-analizando-la-diversidad-en-la-empresa","status":"publish","type":"dp_events","link":"https:\/\/raed.academy\/ca\/esdeveniments\/taula-rodona-el-poder-de-la-diferencia-analizando-la-diversidad-en-la-empresa\/","title":{"rendered":"Taula rodona &#8220;El poder de la diferencia: analizando la diversidad en la empresa&#8221;"},"content":{"rendered":"<p>[et_pb_section fb_built=&#8221;1&#8243; admin_label=&#8221;section&#8221; _builder_version=&#8221;4.16&#8243; locked=&#8221;off&#8221; global_colors_info=&#8221;{}&#8221;][et_pb_row admin_label=&#8221;row&#8221; _builder_version=&#8221;4.17.4&#8243; background_size=&#8221;initial&#8221; background_position=&#8221;top_left&#8221; background_repeat=&#8221;repeat&#8221; max_width=&#8221;1600px&#8221; global_colors_info=&#8221;{}&#8221;][et_pb_column type=&#8221;4_4&#8243; _builder_version=&#8221;4.16&#8243; custom_padding=&#8221;|||&#8221; global_colors_info=&#8221;{}&#8221; custom_padding__hover=&#8221;|||&#8221;][et_pb_post_title meta=&#8221;off&#8221; featured_image=&#8221;off&#8221; _builder_version=&#8221;4.17.0&#8243; _module_preset=&#8221;default&#8221; locked=&#8221;off&#8221; global_colors_info=&#8221;{}&#8221;][\/et_pb_post_title][et_pb_text admin_label=&#8221;Detalles evento&#8221; _builder_version=&#8221;4.17.4&#8243; _module_preset=&#8221;default&#8221; locked=&#8221;off&#8221; global_colors_info=&#8221;{}&#8221;]<\/p>\n<p><strong><img loading=\"lazy\" decoding=\"async\" class=\"alignright wp-image-120417\" src=\"https:\/\/raed.academy\/wp-content\/uploads\/2022\/07\/diversidad-empresas-dst.webp\" alt=\"\" width=\"500\" height=\"300\" srcset=\"https:\/\/raed.academy\/wp-content\/uploads\/2022\/07\/diversidad-empresas-dst.webp 600w, https:\/\/raed.academy\/wp-content\/uploads\/2022\/07\/diversidad-empresas-dst-440x264.webp 440w\" sizes=\"(max-width: 500px) 100vw, 500px\" \/>Lloc:<\/strong> Sala B de l&#039;Edifici Foment del Treball. Via Laietana, 32, principal, Barcelona<\/p>\n<p><strong>Data<\/strong>: Dimecres, 06 Juliol 2022<\/p>\n<p><strong>Hora<\/strong>: 18:30 h<\/p>\n<p><strong>Format:<\/strong> Presencial<\/p>\n<p><strong>Cost de l&#8217;esdeveniment:<\/strong> Gratu\u00eft<\/p>\n<p><strong>Inscripci\u00f3:<\/strong> Es prega confirmaci\u00f3 d&#8217;assist\u00e8ncia a Secretaria de la RAED. <a href=\"mailto:secretaria@raed.academy\">secretaria@raed.academy<\/a> &#8211; tel. 93 667 40 54<\/p>\n<p>[\/et_pb_text][et_pb_text admin_label=&#8221;Descripci\u00f3 de la sessi\u00f3&#8221; _builder_version=&#8221;4.17.4&#8243; _module_preset=&#8221;default&#8221; hover_enabled=&#8221;0&#8243; global_colors_info=&#8221;{}&#8221; sticky_enabled=&#8221;0&#8243;]<\/p>\n<h2>Descripci\u00f3 de la sessi\u00f3<\/h2>\n<p>La diversitat \u00e9s la pr\u00f2pia naturalesa de la humanitat. La gesti\u00f3 \u00e9s un factor cr\u00edtic per al progr\u00e9s econ\u00f2mic i social de les empreses.<\/p>\n<p>En aquesta sessi\u00f3 analitzarem qu\u00e8 significa realment la diversitat i qu\u00e8 ens referim quan parlem del seu poder per moure el m\u00f3n. A trav\u00e9s d&#8217;experi\u00e8ncies dutes a terme per empreses com Google, Twitter, IBM, Nestl\u00e9 o Sodexo compartirem bones pr\u00e0ctiques respecte a la gesti\u00f3 reeixida de la diversitat a les organitzacions.<\/p>\n<p>[\/et_pb_text][et_pb_blurb title=&#8221;Participants&#8221; use_icon=&#8221;on&#8221; font_icon=&#8221;&#xf500;||fa||900&#8243; icon_color=&#8221;#6b5d38&#8243; icon_placement=&#8221;left&#8221; content_max_width=&#8221;100%&#8221; admin_label=&#8221;Anuncio &#8211; Participantes&#8221; _builder_version=&#8221;4.17.4&#8243; _module_preset=&#8221;default&#8221; header_font_size=&#8221;30px&#8221; body_text_align=&#8221;left&#8221; module_alignment=&#8221;left&#8221; hover_enabled=&#8221;0&#8243; locked=&#8221;off&#8221; global_colors_info=&#8221;{}&#8221; sticky_enabled=&#8221;0&#8243;]<\/p>\n<h3>Modera<\/h3>\n<ul>\n<li><a href=\"https:\/\/raed.academy\/academicos\/dra-cecilia-kindelan-amorrich\/\" target=\"_blank\" rel=\"noopener\"><strong>Dra. Cecilia Kindel\u00e1n<\/strong><\/a>. Acad\u00e8mica Corresponent de la RAED.<\/li>\n<\/ul>\n<h3>Ponents<\/h3>\n<ul>\n<li><a href=\"https:\/\/raed.academy\/academicos\/dr-josep-alet-vilagines\/\" target=\"_blank\" rel=\"noopener\"><strong>Dr. Josep Alet<\/strong><\/a>. Acad\u00e8mic Corresponent de la RAED.<\/li>\n<li><strong>Dra. Myrtha B. Casanovas<\/strong>. Doctora en Filosofia anglesa i Francesa.<\/li>\n<li><a href=\"https:\/\/raed.academy\/ca\/academics\/dra-maria-jose-esteban-ferrer\/\" target=\"_blank\" rel=\"noopener\"><strong>Dra. Mar\u00eda Jos\u00e9 Esteban<\/strong><\/a>. Acad\u00e8mica Numer\u00e0ria de la RAED.<\/li>\n<li><a href=\"https:\/\/raed.academy\/ca\/academics\/dr-jordi-marti-pidelaserra\/\" target=\"_blank\" rel=\"noopener\"><strong>Dr. Jordi Mart\u00ed<\/strong><\/a>. Acad\u00e8mic Numerari de la RAED.<\/li>\n<\/ul>\n<p>[\/et_pb_blurb][\/et_pb_column][\/et_pb_row][et_pb_row column_structure=&#8221;1_2,1_2&#8243; admin_label=&#8221;Fila&#8221; _builder_version=&#8221;4.17.4&#8243; _module_preset=&#8221;default&#8221; max_width=&#8221;1600px&#8221; locked=&#8221;off&#8221; global_colors_info=&#8221;{}&#8221;][et_pb_column type=&#8221;1_2&#8243; _builder_version=&#8221;4.16&#8243; _module_preset=&#8221;default&#8221; global_colors_info=&#8221;{}&#8221;][et_pb_code admin_label=&#8221;C\u00f3digo &#8211; Organitza&#8221; _builder_version=&#8221;4.16&#8243; _module_preset=&#8221;default&#8221; global_colors_info=&#8221;{}&#8221;]<pee class=\"ttl-colaboradores\">Organitza:<\/pee><!-- [et_pb_line_break_holder] --><\/p>\n<div id=\"organizadores\"><!-- [et_pb_line_break_holder] --><\/p>\n<div class=\"logo-colaborador\"><a href=\"https:\/\/fundacionraed.org\/\" target=\"_blank\" rel=\"noopener noreferrer\"><img decoding=\"async\" src=\"https:\/\/raed.academy\/wp-content\/uploads\/2021\/10\/Logo-Fundacion-RAED-160px.jpg\" alt=\"Fundaci\u00f3n RAED\"><\/p>\n<div class=\"txt\"><\/div>\n<p><\/a><\/div>\n<p><!-- [et_pb_line_break_holder] --><!-- [et_pb_line_break_holder] --><\/p>\n<div class=\"logo-colaborador\"><a href=\"https:\/\/raed.academy\/ca\/\" target=\"_blank\" rel=\"noopener noreferrer\"><img decoding=\"async\" src=\"https:\/\/raed.academy\/wp-content\/uploads\/2021\/10\/Logo-RAED-160px.jpg\" alt=\"Real Academia Europea de Doctores RAED\"><\/p>\n<div class=\"txt\"><\/div>\n<p><\/a><\/div>\n<p><!-- [et_pb_line_break_holder] --><\/div>\n<p>[\/et_pb_code][\/et_pb_column][et_pb_column type=&#8221;1_2&#8243; _builder_version=&#8221;4.16&#8243; _module_preset=&#8221;default&#8221; global_colors_info=&#8221;{}&#8221;][et_pb_code admin_label=&#8221;C\u00f3digo &#8211; Amb la col\u00b7laboraci\u00f3 de:&#8221; _builder_version=&#8221;4.17.4&#8243; _module_preset=&#8221;default&#8221; global_colors_info=&#8221;{}&#8221;]<pee class=\"ttl-colaboradores\">Amb la col\u00b7laboraci\u00f3 de:<\/pee> <!-- [et_pb_line_break_holder] --><\/p>\n<div id=\"colaboradores\"><!-- [et_pb_line_break_holder] -->  <!-- [et_pb_line_break_holder] --><\/p>\n<div class=\"logo-colaborador\"><!-- [et_pb_line_break_holder] --><\/p>\n<div class=\"txt-circular\"><\/div>\n<p><!-- [et_pb_line_break_holder] -->  <a href=\"https:\/\/floridapoly.edu\/\" target=\"_blank\" rel=\"noopener noreferrer\"><img decoding=\"async\" src=\"https:\/\/raed.academy\/wp-content\/uploads\/2022\/07\/Florida-Polytechnic-University.jpg\" alt=\"Florida Polytechnic University\"><\/a><\/div>\n<p><!-- [et_pb_line_break_holder] -->  <!-- [et_pb_line_break_holder] --><\/p>\n<div class=\"logo-colaborador\"><!-- [et_pb_line_break_holder] --><\/p>\n<div class=\"txt-circular\"><\/div>\n<p><!-- [et_pb_line_break_holder] -->  <a href=\"http:\/\/justicia.gencat.cat\/ca\/inici\" target=\"_blank\" rel=\"noopener noreferrer\"><img decoding=\"async\" src=\"https:\/\/raed.academy\/wp-content\/uploads\/2021\/10\/Generalitat-de-Catalunya-dept-Justicia-215px.jpg\" alt=\"Generalitat de catalunya\"><\/a><\/div>\n<p><!-- [et_pb_line_break_holder] --><\/div>\n<p>[\/et_pb_code][\/et_pb_column][\/et_pb_row][\/et_pb_section]<\/p>\n","protected":false},"excerpt":{"rendered":"<p>La diversitat en la naturalesa humana, i la seva gesti\u00f3 reeixida a les organitzacions, \u00e9s un factor cr\u00edtic per al progr\u00e9s econ\u00f2mic i social de les empreses<\/p>\n","protected":false},"featured_media":120417,"template":"","meta":{"_et_pb_use_builder":"on","_et_pb_old_content":"<p>[et_pb_section fb_built=\"1\" admin_label=\"section\" _builder_version=\"4.16\" locked=\"off\" global_colors_info=\"{}\"][et_pb_row admin_label=\"row\" _builder_version=\"4.17.4\" background_size=\"initial\" background_position=\"top_left\" background_repeat=\"repeat\" max_width=\"1600px\" global_colors_info=\"{}\"][et_pb_column type=\"4_4\" _builder_version=\"4.16\" custom_padding=\"|||\" global_colors_info=\"{}\" custom_padding__hover=\"|||\"][et_pb_post_title meta=\"off\" featured_image=\"off\" _builder_version=\"4.17.0\" _module_preset=\"default\" locked=\"off\" global_colors_info=\"{}\"][\/et_pb_post_title][et_pb_text admin_label=\"Detalles evento\" _builder_version=\"4.17.4\" _module_preset=\"default\" locked=\"off\" global_colors_info=\"{}\"]<\/p><p><img class=\"alignright wp-image-96547 size-full\" src=\"https:\/\/raed.academy\/wp-content\/uploads\/2020\/11\/shutt_osos-polares-cambio-climatico-dstNtc.jpg\" alt=\"Osos polares frente al deshielo en los polos. El cambio clim\u00e1tico\" width=\"500\" height=\"300\" \/><\/p><p><strong>Lugar:<\/strong> [DP_Single_Event_Venue_Address]<\/p><p><strong>Fecha<\/strong>: Mi\u00e9rcoles, [DP_Single_Event_Start_Date dem_start_date_format=\"d F Y\"]<\/p><p><strong>Hora<\/strong>: [DP_Single_Event_Start_Time] h<\/p><p><strong>Formato:<\/strong> Presencial<\/p><p><strong>Coste del evento<\/strong>: Gratuito<\/p><p><strong>Inscripci\u00f3n:<\/strong> Contactar con Secretar\u00eda de la RAED: <a href=\"mailto:secretaria@raed.academy\"><strong>secretaria@raed.academy<\/strong><\/a> o al <strong>tel. 93 667 40 54<\/strong><\/p><p>\u00a0<\/p><p>\u00a0<\/p><p>[\/et_pb_text][et_pb_blurb title=\"Participantes\" use_icon=\"on\" font_icon=\"\uf500||fa||900\" icon_color=\"#6b5d38\" icon_placement=\"left\" content_max_width=\"100%\" admin_label=\"Anuncio - Participantes\" _builder_version=\"4.17.4\" _module_preset=\"default\" header_font_size=\"30px\" body_text_align=\"left\" module_alignment=\"left\" locked=\"off\" global_colors_info=\"{}\"]<\/p><ul><li><strong>Dra. Myrtha B. Casanovas Mederos<\/strong>. Doctora en Filosofia Inglesa y Francesa.<\/li><li><a href=\"https:\/\/raed.academy\/academicos\/dra-cecilia-kindelan-amorrich\/\" target=\"_blank\" rel=\"noopener\"><strong>Dra. Cecilia Kindel\u00e1n<\/strong><\/a>. Acad\u00e9mica Correspondiente de la RAED.<\/li><li><a href=\"https:\/\/raed.academy\/academicos\/dr-josep-alet-vilagines\/\" target=\"_blank\" rel=\"noopener\"><strong>Dr. Josep Alet<\/strong><\/a>. Acad\u00e9mico Correspondiente de la RAED.<\/li><li><a href=\"https:\/\/raed.academy\/academicos\/dr-jordi-marti-pidelaserra\/\" target=\"_blank\" rel=\"noopener\"><strong>Dr. Jordi Mart\u00ed<\/strong><\/a>. Acad\u00e9mico Numerario de la RAED.<\/li><li><a href=\"https:\/\/raed.academy\/academicos\/dra-maria-jose-esteban-ferrer\/\" target=\"_blank\" rel=\"noopener\"><strong>Dra. Mar\u00eda Jos\u00e9 Esteban<\/strong><\/a>. Acad\u00e9mica Numeraria de la RAED.<\/li><li><strong>Dra. Mar\u00eda Jes\u00fas Prieto<\/strong>. Ingeniera Superior de Telecomunicaci\u00f3n<\/li><\/ul><p>[\/et_pb_blurb][\/et_pb_column][\/et_pb_row][et_pb_row column_structure=\"1_2,1_2\" admin_label=\"Fila\" _builder_version=\"4.17.4\" _module_preset=\"default\" max_width=\"1600px\" locked=\"off\" global_colors_info=\"{}\"][et_pb_column type=\"1_2\" _builder_version=\"4.16\" _module_preset=\"default\" global_colors_info=\"{}\"][et_pb_code admin_label=\"C\u00f3digo - organizadores\" _builder_version=\"4.16\" _module_preset=\"default\" global_colors_info=\"{}\"]<\/p><p class=\"ttl-colaboradores\">Organiza:<\/p><p><!-- [et_pb_line_break_holder] --><\/p><div id=\"organizadores\"><!-- [et_pb_line_break_holder] --><div class=\"logo-colaborador\"><a href=\"https:\/\/fundacionraed.org\/\" target=\"_blank\" rel=\"noopener noreferrer\"><img src=\"https:\/\/raed.academy\/wp-content\/uploads\/2021\/10\/Logo-Fundacion-RAED-160px.jpg\" alt=\"Fundaci\u00f3n RAED\" \/><\/a><div class=\"txt\">\u00a0<\/div><p>\u00a0<\/p><\/div><p><!-- [et_pb_line_break_holder] --><!-- [et_pb_line_break_holder] --><\/p><div class=\"logo-colaborador\"><a href=\"https:\/\/raed.academy\/\" target=\"_blank\" rel=\"noopener noreferrer\"><img src=\"https:\/\/raed.academy\/wp-content\/uploads\/2021\/10\/Logo-RAED-160px.jpg\" alt=\"Real Academia Europea de Doctores RAED\" \/><\/a><div class=\"txt\">\u00a0<\/div><p>\u00a0<\/p><\/div><p><!-- [et_pb_line_break_holder] --><\/p><\/div><p>[\/et_pb_code][\/et_pb_column][et_pb_column type=\"1_2\" _builder_version=\"4.16\" _module_preset=\"default\" global_colors_info=\"{}\"][et_pb_code admin_label=\"C\u00f3digo - colaboradores\" _builder_version=\"4.17.4\" _module_preset=\"default\" global_colors_info=\"{}\"]<\/p><p class=\"ttl-colaboradores\">Con la colaboraci\u00f3n de:<\/p><p><!-- [et_pb_line_break_holder] --><\/p><div id=\"colaboradores\"><!-- [et_pb_line_break_holder] --> <!-- [et_pb_line_break_holder] --><div class=\"logo-colaborador\"><!-- [et_pb_line_break_holder] --><div class=\"txt-circular\">\u00a0<\/div><p><!-- [et_pb_line_break_holder] --> <a href=\"https:\/\/floridapoly.edu\/\" target=\"_blank\" rel=\"noopener noreferrer\"><img src=\"https:\/\/raed.academy\/wp-content\/uploads\/2022\/07\/Florida-Polytechnic-University.jpg\" alt=\"Florida Polytechnic University\" \/><\/a><\/p><\/div><p><!-- [et_pb_line_break_holder] --> <!-- [et_pb_line_break_holder] --><\/p><div class=\"logo-colaborador\"><!-- [et_pb_line_break_holder] --><div class=\"txt-circular\">\u00a0<\/div><p><!-- [et_pb_line_break_holder] --> <a href=\"http:\/\/justicia.gencat.cat\/ca\/inici\" target=\"_blank\" rel=\"noopener noreferrer\"><img src=\"https:\/\/raed.academy\/wp-content\/uploads\/2021\/10\/Generalitat-de-Catalunya-dept-Justicia-215px.jpg\" alt=\"Generalitat de catalunya\" \/><\/a><\/p><\/div><p><!-- [et_pb_line_break_holder] --><\/p><\/div><p>[\/et_pb_code][\/et_pb_column][\/et_pb_row][\/et_pb_section]<\/p>","_et_gb_content_width":""},"class_list":["post-120362","dp_events","type-dp_events","status-publish","has-post-thumbnail","hentry","event_tag-conferencies"],"yoast_head":"<!-- This site is optimized with the Yoast SEO plugin v27.5 - https:\/\/yoast.com\/product\/yoast-seo-wordpress\/ -->\n<title>Taula rodona &quot;El poder de la diferencia: analizando la diversidad en la empresa&quot; - Reial Acad\u00e8mia Europea de Doctors<\/title>\n<meta name=\"description\" content=\"La diversitat en la naturalesa humana, i la seva gesti\u00f3 reeixida a les organitzacions, \u00e9s un factor cr\u00edtic per al progr\u00e9s econ\u00f2mic i social de les empreses\" \/>\n<meta name=\"robots\" content=\"index, follow, max-snippet:-1, max-image-preview:large, max-video-preview:-1\" \/>\n<link rel=\"canonical\" href=\"https:\/\/raed.academy\/ca\/esdeveniments\/taula-rodona-el-poder-de-la-diferencia-analizando-la-diversidad-en-la-empresa\/\" \/>\n<meta property=\"og:locale\" content=\"ca_ES\" \/>\n<meta property=\"og:type\" content=\"article\" \/>\n<meta property=\"og:title\" content=\"Taula rodona &quot;El poder de la diferencia: analizando la diversidad en la empresa&quot; - Reial Acad\u00e8mia Europea de Doctors\" \/>\n<meta property=\"og:description\" content=\"La diversitat en la naturalesa humana, i la seva gesti\u00f3 reeixida a les organitzacions, \u00e9s un factor cr\u00edtic per al progr\u00e9s econ\u00f2mic i social de les empreses\" \/>\n<meta property=\"og:url\" content=\"https:\/\/raed.academy\/ca\/esdeveniments\/taula-rodona-el-poder-de-la-diferencia-analizando-la-diversidad-en-la-empresa\/\" \/>\n<meta property=\"og:site_name\" content=\"Reial Acad\u00e8mia Europea de Doctors\" \/>\n<meta property=\"article:publisher\" content=\"http:\/\/fb.me\/raed.academy\" \/>\n<meta property=\"article:modified_time\" content=\"2022-07-04T13:17:24+00:00\" \/>\n<meta property=\"og:image\" content=\"https:\/\/raed.academy\/wp-content\/uploads\/2022\/07\/diversidad-empresas-dst.webp\" \/>\n\t<meta property=\"og:image:width\" content=\"600\" \/>\n\t<meta property=\"og:image:height\" content=\"360\" \/>\n\t<meta property=\"og:image:type\" content=\"image\/webp\" \/>\n<meta name=\"twitter:card\" content=\"summary_large_image\" \/>\n<meta name=\"twitter:site\" content=\"@raedacademy\" \/>\n<script type=\"application\/ld+json\" class=\"yoast-schema-graph\">{\"@context\":\"https:\\\/\\\/schema.org\",\"@graph\":[{\"@type\":\"WebPage\",\"@id\":\"https:\\\/\\\/raed.academy\\\/ca\\\/esdeveniments\\\/taula-rodona-el-poder-de-la-diferencia-analizando-la-diversidad-en-la-empresa\\\/\",\"url\":\"https:\\\/\\\/raed.academy\\\/ca\\\/esdeveniments\\\/taula-rodona-el-poder-de-la-diferencia-analizando-la-diversidad-en-la-empresa\\\/\",\"name\":\"Taula rodona \\\"El poder de la diferencia: analizando la diversidad en la empresa\\\" - Reial Acad\u00e8mia Europea de Doctors\",\"isPartOf\":{\"@id\":\"https:\\\/\\\/raed.academy\\\/ca\\\/#website\"},\"primaryImageOfPage\":{\"@id\":\"https:\\\/\\\/raed.academy\\\/ca\\\/esdeveniments\\\/taula-rodona-el-poder-de-la-diferencia-analizando-la-diversidad-en-la-empresa\\\/#primaryimage\"},\"image\":{\"@id\":\"https:\\\/\\\/raed.academy\\\/ca\\\/esdeveniments\\\/taula-rodona-el-poder-de-la-diferencia-analizando-la-diversidad-en-la-empresa\\\/#primaryimage\"},\"thumbnailUrl\":\"https:\\\/\\\/raed.academy\\\/wp-content\\\/uploads\\\/2022\\\/07\\\/diversidad-empresas-dst.webp\",\"datePublished\":\"2022-07-01T14:56:01+00:00\",\"dateModified\":\"2022-07-04T13:17:24+00:00\",\"description\":\"La diversitat en la naturalesa humana, i la seva gesti\u00f3 reeixida a les organitzacions, \u00e9s un factor cr\u00edtic per al progr\u00e9s econ\u00f2mic i social de les empreses\",\"breadcrumb\":{\"@id\":\"https:\\\/\\\/raed.academy\\\/ca\\\/esdeveniments\\\/taula-rodona-el-poder-de-la-diferencia-analizando-la-diversidad-en-la-empresa\\\/#breadcrumb\"},\"inLanguage\":\"ca-ES\",\"potentialAction\":[{\"@type\":\"ReadAction\",\"target\":[\"https:\\\/\\\/raed.academy\\\/ca\\\/esdeveniments\\\/taula-rodona-el-poder-de-la-diferencia-analizando-la-diversidad-en-la-empresa\\\/\"]}]},{\"@type\":\"ImageObject\",\"inLanguage\":\"ca-ES\",\"@id\":\"https:\\\/\\\/raed.academy\\\/ca\\\/esdeveniments\\\/taula-rodona-el-poder-de-la-diferencia-analizando-la-diversidad-en-la-empresa\\\/#primaryimage\",\"url\":\"https:\\\/\\\/raed.academy\\\/wp-content\\\/uploads\\\/2022\\\/07\\\/diversidad-empresas-dst.webp\",\"contentUrl\":\"https:\\\/\\\/raed.academy\\\/wp-content\\\/uploads\\\/2022\\\/07\\\/diversidad-empresas-dst.webp\",\"width\":600,\"height\":360},{\"@type\":\"BreadcrumbList\",\"@id\":\"https:\\\/\\\/raed.academy\\\/ca\\\/esdeveniments\\\/taula-rodona-el-poder-de-la-diferencia-analizando-la-diversidad-en-la-empresa\\\/#breadcrumb\",\"itemListElement\":[{\"@type\":\"ListItem\",\"position\":1,\"name\":\"Inicio\",\"item\":\"https:\\\/\\\/raed.academy\\\/ca\\\/\"},{\"@type\":\"ListItem\",\"position\":2,\"name\":\"Activitats\",\"item\":\"https:\\\/\\\/raed.academy\\\/ca\\\/esdeveniments\\\/\"},{\"@type\":\"ListItem\",\"position\":3,\"name\":\"Taula rodona \u00abEl poder de la diferencia: analizando la diversidad en la empresa\u00bb\"}]},{\"@type\":\"WebSite\",\"@id\":\"https:\\\/\\\/raed.academy\\\/ca\\\/#website\",\"url\":\"https:\\\/\\\/raed.academy\\\/ca\\\/\",\"name\":\"Reial Acad\u00e8mia Europea de Doctors\",\"description\":\"Corporaci\u00f3n de derecho p\u00fablico de car\u00e1cter cient\u00edfico, t\u00e9cnico y art\u00edstico, que tiene por objeto la investigaci\u00f3n, el estudio, el fomento y la extensi\u00f3n del conocimiento en su sentido m\u00e1s amplio\",\"publisher\":{\"@id\":\"https:\\\/\\\/raed.academy\\\/ca\\\/#organization\"},\"potentialAction\":[{\"@type\":\"SearchAction\",\"target\":{\"@type\":\"EntryPoint\",\"urlTemplate\":\"https:\\\/\\\/raed.academy\\\/ca\\\/?s={search_term_string}\"},\"query-input\":{\"@type\":\"PropertyValueSpecification\",\"valueRequired\":true,\"valueName\":\"search_term_string\"}}],\"inLanguage\":\"ca-ES\"},{\"@type\":\"Organization\",\"@id\":\"https:\\\/\\\/raed.academy\\\/ca\\\/#organization\",\"name\":\"Real Academia Europea de Doctores\",\"url\":\"https:\\\/\\\/raed.academy\\\/ca\\\/\",\"logo\":{\"@type\":\"ImageObject\",\"inLanguage\":\"ca-ES\",\"@id\":\"https:\\\/\\\/raed.academy\\\/ca\\\/#\\\/schema\\\/logo\\\/image\\\/\",\"url\":\"https:\\\/\\\/raed.academy\\\/wp-content\\\/uploads\\\/2017\\\/01\\\/cropped-logo_raed.png\",\"contentUrl\":\"https:\\\/\\\/raed.academy\\\/wp-content\\\/uploads\\\/2017\\\/01\\\/cropped-logo_raed.png\",\"width\":512,\"height\":512,\"caption\":\"Real Academia Europea de Doctores\"},\"image\":{\"@id\":\"https:\\\/\\\/raed.academy\\\/ca\\\/#\\\/schema\\\/logo\\\/image\\\/\"},\"sameAs\":[\"http:\\\/\\\/fb.me\\\/raed.academy\",\"https:\\\/\\\/x.com\\\/raedacademy\",\"https:\\\/\\\/www.instagram.com\\\/raed.academy\\\/\",\"https:\\\/\\\/www.youtube.com\\\/channel\\\/UCUYQwW2KrdirNWihxMDObwg\"]}]}<\/script>\n<!-- \/ Yoast SEO plugin. -->","yoast_head_json":{"title":"Taula rodona \"El poder de la diferencia: analizando la diversidad en la empresa\" - Reial Acad\u00e8mia Europea de Doctors","description":"La diversitat en la naturalesa humana, i la seva gesti\u00f3 reeixida a les organitzacions, \u00e9s un factor cr\u00edtic per al progr\u00e9s econ\u00f2mic i social de les empreses","robots":{"index":"index","follow":"follow","max-snippet":"max-snippet:-1","max-image-preview":"max-image-preview:large","max-video-preview":"max-video-preview:-1"},"canonical":"https:\/\/raed.academy\/ca\/esdeveniments\/taula-rodona-el-poder-de-la-diferencia-analizando-la-diversidad-en-la-empresa\/","og_locale":"ca_ES","og_type":"article","og_title":"Taula rodona \"El poder de la diferencia: analizando la diversidad en la empresa\" - Reial Acad\u00e8mia Europea de Doctors","og_description":"La diversitat en la naturalesa humana, i la seva gesti\u00f3 reeixida a les organitzacions, \u00e9s un factor cr\u00edtic per al progr\u00e9s econ\u00f2mic i social de les empreses","og_url":"https:\/\/raed.academy\/ca\/esdeveniments\/taula-rodona-el-poder-de-la-diferencia-analizando-la-diversidad-en-la-empresa\/","og_site_name":"Reial Acad\u00e8mia Europea de Doctors","article_publisher":"http:\/\/fb.me\/raed.academy","article_modified_time":"2022-07-04T13:17:24+00:00","og_image":[{"width":600,"height":360,"url":"https:\/\/raed.academy\/wp-content\/uploads\/2022\/07\/diversidad-empresas-dst.webp","type":"image\/webp"}],"twitter_card":"summary_large_image","twitter_site":"@raedacademy","schema":{"@context":"https:\/\/schema.org","@graph":[{"@type":"WebPage","@id":"https:\/\/raed.academy\/ca\/esdeveniments\/taula-rodona-el-poder-de-la-diferencia-analizando-la-diversidad-en-la-empresa\/","url":"https:\/\/raed.academy\/ca\/esdeveniments\/taula-rodona-el-poder-de-la-diferencia-analizando-la-diversidad-en-la-empresa\/","name":"Taula rodona \"El poder de la diferencia: analizando la diversidad en la empresa\" - Reial Acad\u00e8mia Europea de Doctors","isPartOf":{"@id":"https:\/\/raed.academy\/ca\/#website"},"primaryImageOfPage":{"@id":"https:\/\/raed.academy\/ca\/esdeveniments\/taula-rodona-el-poder-de-la-diferencia-analizando-la-diversidad-en-la-empresa\/#primaryimage"},"image":{"@id":"https:\/\/raed.academy\/ca\/esdeveniments\/taula-rodona-el-poder-de-la-diferencia-analizando-la-diversidad-en-la-empresa\/#primaryimage"},"thumbnailUrl":"https:\/\/raed.academy\/wp-content\/uploads\/2022\/07\/diversidad-empresas-dst.webp","datePublished":"2022-07-01T14:56:01+00:00","dateModified":"2022-07-04T13:17:24+00:00","description":"La diversitat en la naturalesa humana, i la seva gesti\u00f3 reeixida a les organitzacions, \u00e9s un factor cr\u00edtic per al progr\u00e9s econ\u00f2mic i social de les empreses","breadcrumb":{"@id":"https:\/\/raed.academy\/ca\/esdeveniments\/taula-rodona-el-poder-de-la-diferencia-analizando-la-diversidad-en-la-empresa\/#breadcrumb"},"inLanguage":"ca-ES","potentialAction":[{"@type":"ReadAction","target":["https:\/\/raed.academy\/ca\/esdeveniments\/taula-rodona-el-poder-de-la-diferencia-analizando-la-diversidad-en-la-empresa\/"]}]},{"@type":"ImageObject","inLanguage":"ca-ES","@id":"https:\/\/raed.academy\/ca\/esdeveniments\/taula-rodona-el-poder-de-la-diferencia-analizando-la-diversidad-en-la-empresa\/#primaryimage","url":"https:\/\/raed.academy\/wp-content\/uploads\/2022\/07\/diversidad-empresas-dst.webp","contentUrl":"https:\/\/raed.academy\/wp-content\/uploads\/2022\/07\/diversidad-empresas-dst.webp","width":600,"height":360},{"@type":"BreadcrumbList","@id":"https:\/\/raed.academy\/ca\/esdeveniments\/taula-rodona-el-poder-de-la-diferencia-analizando-la-diversidad-en-la-empresa\/#breadcrumb","itemListElement":[{"@type":"ListItem","position":1,"name":"Inicio","item":"https:\/\/raed.academy\/ca\/"},{"@type":"ListItem","position":2,"name":"Activitats","item":"https:\/\/raed.academy\/ca\/esdeveniments\/"},{"@type":"ListItem","position":3,"name":"Taula rodona \u00abEl poder de la diferencia: analizando la diversidad en la empresa\u00bb"}]},{"@type":"WebSite","@id":"https:\/\/raed.academy\/ca\/#website","url":"https:\/\/raed.academy\/ca\/","name":"Reial Acad\u00e8mia Europea de Doctors","description":"Corporaci\u00f3n de derecho p\u00fablico de car\u00e1cter cient\u00edfico, t\u00e9cnico y art\u00edstico, que tiene por objeto la investigaci\u00f3n, el estudio, el fomento y la extensi\u00f3n del conocimiento en su sentido m\u00e1s amplio","publisher":{"@id":"https:\/\/raed.academy\/ca\/#organization"},"potentialAction":[{"@type":"SearchAction","target":{"@type":"EntryPoint","urlTemplate":"https:\/\/raed.academy\/ca\/?s={search_term_string}"},"query-input":{"@type":"PropertyValueSpecification","valueRequired":true,"valueName":"search_term_string"}}],"inLanguage":"ca-ES"},{"@type":"Organization","@id":"https:\/\/raed.academy\/ca\/#organization","name":"Real Academia Europea de Doctores","url":"https:\/\/raed.academy\/ca\/","logo":{"@type":"ImageObject","inLanguage":"ca-ES","@id":"https:\/\/raed.academy\/ca\/#\/schema\/logo\/image\/","url":"https:\/\/raed.academy\/wp-content\/uploads\/2017\/01\/cropped-logo_raed.png","contentUrl":"https:\/\/raed.academy\/wp-content\/uploads\/2017\/01\/cropped-logo_raed.png","width":512,"height":512,"caption":"Real Academia Europea de Doctores"},"image":{"@id":"https:\/\/raed.academy\/ca\/#\/schema\/logo\/image\/"},"sameAs":["http:\/\/fb.me\/raed.academy","https:\/\/x.com\/raedacademy","https:\/\/www.instagram.com\/raed.academy\/","https:\/\/www.youtube.com\/channel\/UCUYQwW2KrdirNWihxMDObwg"]}]}},"_links":{"self":[{"href":"https:\/\/raed.academy\/ca\/wp-json\/wp\/v2\/dp_events\/120362","targetHints":{"allow":["GET"]}}],"collection":[{"href":"https:\/\/raed.academy\/ca\/wp-json\/wp\/v2\/dp_events"}],"about":[{"href":"https:\/\/raed.academy\/ca\/wp-json\/wp\/v2\/types\/dp_events"}],"wp:featuredmedia":[{"embeddable":true,"href":"https:\/\/raed.academy\/ca\/wp-json\/wp\/v2\/media\/120417"}],"wp:attachment":[{"href":"https:\/\/raed.academy\/ca\/wp-json\/wp\/v2\/media?parent=120362"}],"curies":[{"name":"wp","href":"https:\/\/api.w.org\/{rel}","templated":true}]}}