{"id":119117,"date":"2020-06-03T07:57:36","date_gmt":"2020-06-03T07:57:36","guid":{"rendered":"https:\/\/raed.academy\/?post_type=dp_events&#038;p=119117"},"modified":"2022-06-15T08:18:12","modified_gmt":"2022-06-15T08:18:12","slug":"debat-reptes-i-solucions-per-al-transport-aeri-i-el-turisme-a-la-postpandemia","status":"publish","type":"dp_events","link":"https:\/\/raed.academy\/ca\/esdeveniments\/debat-reptes-i-solucions-per-al-transport-aeri-i-el-turisme-a-la-postpandemia\/","title":{"rendered":"Debat: Reptes i solucions per al transport aeri i el turisme a la postpand\u00e8mia"},"content":{"rendered":"<p>[et_pb_section fb_built=&#8221;1&#8243; _builder_version=&#8221;4.16&#8243; _module_preset=&#8221;default&#8221; locked=&#8221;off&#8221; global_colors_info=&#8221;{}&#8221;][et_pb_row admin_label=&#8221;Fila&#8221; _builder_version=&#8221;4.16&#8243; _module_preset=&#8221;default&#8221; global_colors_info=&#8221;{}&#8221;][et_pb_column type=&#8221;4_4&#8243; _builder_version=&#8221;4.16&#8243; _module_preset=&#8221;default&#8221; global_colors_info=&#8221;{}&#8221;][et_pb_post_title meta=&#8221;off&#8221; featured_image=&#8221;off&#8221; admin_label=&#8221;T\u00edtulo de publicaci\u00f3n&#8221; _builder_version=&#8221;4.16&#8243; _module_preset=&#8221;default&#8221; global_colors_info=&#8221;{}&#8221;][\/et_pb_post_title][et_pb_video src=&#8221;https:\/\/youtu.be\/gYvCY4Taurw&#8221; play_icon_color=&#8221;#FFFFFF&#8221; thumbnail_overlay_color=&#8221;rgba(0,0,0,0.6)&#8221; src_tablet=&#8221;&#8221; src_phone=&#8221;&#8221; src_last_edited=&#8221;on|desktop&#8221; admin_label=&#8221;V\u00eddeo&#8221; _builder_version=&#8221;4.17.4&#8243; _module_preset=&#8221;default&#8221; animation_style=&#8221;flip&#8221; animation_direction=&#8221;top&#8221; locked=&#8221;off&#8221; global_colors_info=&#8221;{}&#8221;][\/et_pb_video][et_pb_text admin_label=&#8221;Detalles evento&#8221; _builder_version=&#8221;4.17.4&#8243; _module_preset=&#8221;default&#8221; global_colors_info=&#8221;{}&#8221;]<strong>Lugar: <\/strong>Online<\/p>\n<p><strong>Fecha<\/strong>: Jueves, 03 Juny 2020<\/p>\n<p><strong>Hora<\/strong>: 19:00 h<\/p>\n<p><strong>Formato:<\/strong> Streaming<br \/>\n[\/et_pb_text][et_pb_text admin_label=&#8221;texto resumen noticia&#8221; _builder_version=&#8221;4.17.4&#8243; hover_enabled=&#8221;0&#8243; locked=&#8221;off&#8221; global_colors_info=&#8221;{}&#8221; sticky_enabled=&#8221;0&#8243;]<\/p>\n<div class=\"post-wrap\">\n<div class=\"post-content entry-content\">\n<div class=\"et-l et-l--post\">\n<div class=\"et_builder_inner_content et_pb_gutters3\">\n<div class=\"et_pb_section et_pb_section_0 et_section_regular\">\n<div class=\"et_pb_row et_pb_row_0\">\n<h2 class=\"et_pb_column et_pb_column_4_4 et_pb_column_0  et_pb_css_mix_blend_mode_passthrough et-last-child\">Volar segurs<\/h2>\n<div class=\"et_pb_column et_pb_column_4_4 et_pb_column_0  et_pb_css_mix_blend_mode_passthrough et-last-child\"><em><a href=\"https:\/\/raed.academy\/ca\/academics\/dr-jose-ramon-calvo-fernandez\/\" target=\"_blank\" rel=\"noopener noreferrer\"><strong>Jos\u00e9 Ram\u00f3n Calvo<\/strong><\/a>, acad\u00e8mic de n\u00famero i president de l\u2019Institut de Relacions Internacionals de la Reial Acad\u00e8mia Europea de Doctors-Barcelona 1914 (RAED). Assessor estrat\u00e8gic del Barcelona Supercomputing Center-Centre Nacional de Supercomputaci\u00f3<br \/><\/em><\/p>\n<div class=\"et_pb_module et_pb_text et_pb_text_0  et_pb_text_align_left et_pb_bg_layout_light\">\n<div class=\"et_pb_text_inner\">\n<p><em><strong><a href=\"https:\/\/raed.academy\/ca\/academics\/dra-maria-dels-angels-calvo-torras\/\" target=\"_blank\" rel=\"noopener noreferrer\">Maria \u00c0ngels Calvo<\/a><br \/><\/strong>Catedr\u00e0tica de la Facultat de Veterin\u00e0ria de la Universitat Aut\u00f2noma de Barcelona; Acad\u00e8mica de n\u00famero de la Reial Acad\u00e8mia de Medicina de Catalunya, de la Reial Acad\u00e8mia de Farm\u00e0cia de Catalunya, de l\u2019Acad\u00e8mia de Ci\u00e8ncies Veterin\u00e0ries de Catalunya, de la Reial Acad\u00e8mia de Doctors d\u2019Espanya, acad\u00e8mica de n\u00famero i vicepresidenta de la Reial Acad\u00e8mia Europea de Doctors-Barcelona 1914 (RAED)<\/em><\/p>\n<p><a href=\"https:\/\/raed.academy\/ca\/academics\/dr-jose-maria-gay-de-liebana-saludas\/\" target=\"_blank\" rel=\"noopener noreferrer\"><em><strong>Jos\u00e9 Mar\u00eda Gay de Li\u00e9bana<\/strong><\/em><\/a><br \/><em>P<\/em><em>rofessor de la Facultat d\u2019Economia i Empresa de la Universitat de Barcelona<br \/>Acad\u00e8mic de n\u00famero de la Reial Acad\u00e8mia Europea de Doctors-Barcelona 1914 (RAED)<\/em><\/p>\n<p><strong><em>Alejandro Hern\u00e1ndez-Pu\u00e9rtolas<\/em><\/strong><br \/><em>CEO de Hotel Investment Partners (HIP) i d\u2019Hispania Activos Inmobiliarios<\/em><\/p>\n<p><strong><em> Javier G\u00e1ndara<\/em><\/strong><br \/><em>President de l\u2019Associaci\u00f3 de L\u00ednies A\u00e8ries (ALA) i director general d\u2019Easyjet a Espanya<\/em><\/p>\n<p><strong><em>Ricardo Guti\u00e9rrez<\/em><\/strong><br \/><em>CEO d\u2019Eurojet Aviation Services<\/em><\/p>\n<p>La <strong>Fundaci\u00f3 Pro Reial Acad\u00e8mia de Doctors<\/strong> va celebrar el passat 3 de juny a trav\u00e9s del seu canal de YouTube un altre dels seus debats emmarcats en el seu programa<strong> \u201cCampus del Coneixement\u201d<\/strong>, amb l\u2019objectiu de compartir i difondre coneixements d\u2019acord amb la base fundacional sobre la que es sustenta la instituci\u00f3 amb el suport de l\u2019entitat <strong>My Planet First<\/strong>. Atenent novament a l\u2019actualitat, en aquesta ocasi\u00f3 va analitzar un dels aspectes de major inter\u00e8s per a un dels sectors de major pes a l\u2019economia espanyola: el turisme. Sota el t\u00edtol <strong>\u201cReptes i solucions per al transport aeri i el turisme a la pospandemia\u201d<\/strong>, destacats especialista van analitzar el retorn a la normalitat de l\u2019aviaci\u00f3 civil a Espanya.<\/p>\n<p>La sessi\u00f3 va comptar amb la participaci\u00f3 de figures clau en el sector com <strong>Alejandro Hern\u00e1ndez-Pu\u00e9rtolas<\/strong>, CEO de <strong>Hotel Investment Partners<\/strong> (HIP) i d\u2019<strong>Hispania Activos Inmobiliarios<\/strong>; <strong>Javier G\u00e1ndara<\/strong>, president de l\u2019<strong>Associaci\u00f3 de L\u00ednies A\u00e8ries<\/strong> (ALA) i director general d\u2019<strong>Easyjet<\/strong> a Espanya, i <strong>Ricardo Guti\u00e9rrez<\/strong>, CEO d\u2019<strong>Eurojet Aviation Services<\/strong>. Se\u2019ls van sumar els acad\u00e8mics de n\u00famero de la <strong>Reial Acad\u00e8mia Europea de Doctors-Barcelona 1914<\/strong> (RAED) <a href=\"https:\/\/raed.academy\/ca\/academics\/dra-maria-dels-angels-calvo-torras\/\" target=\"_blank\" rel=\"noopener noreferrer\"><strong>Maria \u00c0ngels Calvo<\/strong><\/a>, vicepresidenta de la instituci\u00f3, catedr\u00e0tica de la Facultat de Veterin\u00e0ria de la <strong>Universitat Aut\u00f2noma de Barcelona<\/strong> i membre de nombroses acad\u00e8mies cient\u00edfiques espanyoles i estrangeres , i <a href=\"https:\/\/raed.academy\/ca\/academics\/dr-jose-maria-gay-de-liebana-saludas\/\" target=\"_blank\" rel=\"noopener noreferrer\"><strong>Jos\u00e9 Maria Gay de Li\u00e9bana<\/strong><\/a>, professor de la Facultat d\u2019Economia i Empresa de la <strong>Universitat de Barcelona<\/strong> i reconegut divulgador econ\u00f2mic. <a href=\"https:\/\/raed.academy\/ca\/academics\/dr-jose-ramon-calvo-fernandez\/\" target=\"_blank\" rel=\"noopener noreferrer\"><strong>Jos\u00e9 Ram\u00f3n Calvo<\/strong><\/a>, tamb\u00e9 acad\u00e8mic de n\u00famero, president de l\u2019<strong>Institut de Relacions Internacionals<\/strong> de la RAED i assessor estrat\u00e8gic del <strong>Barcelona Supercomputing Center-Centre Nacional de Supercomputaci\u00f3<\/strong> va conduir i moderar el debat.<\/p>\n<p><strong>Hern\u00e1ndez Pu\u00e9rtolas<\/strong> va iniciar el debat destacant els rigorosos protocols de seguretat que han posat en pr\u00e0ctica les empreses del sector tur\u00edstic, assenyalant que en la recuperaci\u00f3 de la confian\u00e7a el client est\u00e0 el futur del turisme en un moment tan delicat com aquest. \u201cLa temporada no pinta b\u00e9 i cada setmana de retard de l\u2019obertura de l\u2019activitat s\u00f3n 5.000 milions d\u2019euros de p\u00e8rdua. Cal veure qu\u00e8 passa a l\u2019hivern canari i a l\u2019hivern del Carib, per\u00f2 est\u00e0 clar que moltes companyies hauran de vendre actius per refinan\u00e7ar-se\u201d, va assenyalar.<\/p>\n<p>En aquest mateix sentit, <strong>Hern\u00e1ndez Pu\u00e9rtolas<\/strong> va denunciar l\u2019esc\u00e0s predicament que t\u00e9 el sector. \u201cSembla que ens faci vergonya dir que ens guanyem la vida dedicant-nos al turisme, i no s\u00e9 per qu\u00e8 ha de ser aix\u00ed. Som el pa\u00eds de vacances m\u00e9s important del m\u00f3n. Ara veiem com hi ha negocis que no obriran mai m\u00e9s. No s\u2019ha negociat amb els afectats ni promogut la inversi\u00f3\u201d, va afirmar.<\/p>\n<p>Per a <strong>Maria \u00c0ngels Calvo<\/strong>, el retorn exit\u00f3s del transport aeri dependr\u00e0 tant de les mesures de les companyies i els aeroports com de la mateixa responsabilitat i conscienciaci\u00f3 dels viatgers. \u201cPrevenci\u00f3, control de temperatura, m\u00e0scares, rentat de mans, evitar aglomeracions\u2026 tot aix\u00f2 marcar\u00e0 el retorn i, pel que he vist, podem confiar que s\u2019estan donant unes mesures de seguretat adequades -va considerar-. La clau , de totes maneres, vindr\u00e0 de la responsabilitat que tinguem abans de viatjar, pensant en la salut dels altres, no nom\u00e9s en la nostra. D\u2019aquesta manera aconseguirem no veure el nostre company de fila en un avi\u00f3 com una amena\u00e7a\u201d.<\/p>\n<p>Per a <strong>Guti\u00e9rrez<\/strong> tamb\u00e9 es menyst\u00e9 la import\u00e0ncia del turisme a Espanya i s\u2019arriba a menysprear el que \u00e9s i est\u00e0 cridat a ser un sector clau per a l\u2019economia espanyola. \u201cNo ens adonem de la dificultat que \u00e9s estar en la nostra posici\u00f3 en un sector com el del turisme. A molts altres, que saben el dif\u00edcil que \u00e9s competir en aquest sector, els agradaria estar en el nostre lloc -va assegurar-. El que passar\u00e0 \u00e9s que moltes pimes vinculades al turisme cauran en aquesta primera onada, per\u00f2 a m\u00e9s moltes d\u2019altres cauran a la segona, quan calgui tornar els cr\u00e8dits actuals. Guti\u00e9rrez va denunciar, aix\u00ed mateix, els missatges inequ\u00edvocs que han arribat des de l\u2019Administraci\u00f3 i la falta d\u2019ajudes.<\/p>\n<p><strong>G\u00e1ndara<\/strong>, per la seva banda, va recordar que m\u00e9s del 80% del turisme arriba a Espanya amb avi\u00f3 i \u00e9s important que la gent recuperi la confian\u00e7a en aquest mitj\u00e0 de transport, que si ja \u00e9s el m\u00e9s segur operacionalment tamb\u00e9 ho ha de ser en bioseguretat. \u201cNo s\u2019ha confirmat ni un sol cas de contagi en un avi\u00f3. El primer cas al Canad\u00e0 va ser el d\u2019un home que va viatjar 15 hores des de Wuhan i en aquell avi\u00f3 no es va donar cap altre cas, llevat el de la seva dona, amb qui conviu\u201d, va recordar. Va coincidir tamb\u00e9 en el fet que falten certeses des de l\u2019Administraci\u00f3 i que les ajudes s\u00f3n clarament insuficients.<\/p>\n<p><strong>Gay de Li\u00e9bana<\/strong> va incidir tamb\u00e9 en aix\u00f2: \u201cS\u00f3n necess\u00e0ries les ajudes al sector, perqu\u00e8 el 25% del PIB espanyol t\u00e9 a veure directament o indirectament amb el turisme. De fet, l\u2019activitat dels aeroports \u00e9s un gran term\u00f2metre de l\u2019activitat econ\u00f2mica en Espanya\u201d. Per a l\u2019acad\u00e8mic, Espanya no t\u00e9 marge d\u2019endeutament i aix\u00f2 far\u00e0 que la \u201ccaiguda sigui brutal\u201d. L\u2019acad\u00e8mic va vaticinar que sectors com aquest no es recuperaran fins al 2023, cosa que obligar\u00e0 moltes empreses a haver de reinventar-se i farpa que es perdin llocs de treball.<\/p>\n<\/div>\n<\/div>\n<\/div>\n<\/div>\n<\/div>\n<\/div>\n<\/div>\n<\/div>\n<\/div>\n<p>[\/et_pb_text][et_pb_divider show_divider=&#8221;off&#8221; _builder_version=&#8221;4.16&#8243; _module_preset=&#8221;default&#8221; global_colors_info=&#8221;{}&#8221;][\/et_pb_divider][\/et_pb_column][\/et_pb_row][et_pb_row column_structure=&#8221;2_3,1_3&#8243; admin_label=&#8221;Fila&#8221; _builder_version=&#8221;4.16&#8243; _module_preset=&#8221;default&#8221; locked=&#8221;off&#8221; global_colors_info=&#8221;{}&#8221;][et_pb_column type=&#8221;2_3&#8243; _builder_version=&#8221;4.16&#8243; _module_preset=&#8221;default&#8221; global_colors_info=&#8221;{}&#8221;][et_pb_code admin_label=&#8221;C\u00f3digo &#8211; Organitza&#8221; _builder_version=&#8221;4.16&#8243; _module_preset=&#8221;default&#8221; global_colors_info=&#8221;{}&#8221;]<pee class=\"ttl-colaboradores\">Organitza:<\/pee><!-- [et_pb_line_break_holder] --><\/p>\n<div id=\"organizadores\"><!-- [et_pb_line_break_holder] --><\/p>\n<div class=\"logo-colaborador\"><a href=\"https:\/\/fundacionraed.org\/\" target=\"_blank\" rel=\"noopener noreferrer\"><img decoding=\"async\" src=\"https:\/\/raed.academy\/wp-content\/uploads\/2021\/10\/Logo-Fundacion-RAED-160px.jpg\" alt=\"Fundaci\u00f3n RAED\"><\/p>\n<div class=\"txt\"><\/div>\n<p><\/a><\/div>\n<p><!-- [et_pb_line_break_holder] --><!-- [et_pb_line_break_holder] --><\/p>\n<div class=\"logo-colaborador\"><a href=\"https:\/\/raed.academy\/ca\/\" target=\"_blank\" rel=\"noopener noreferrer\"><img decoding=\"async\" src=\"https:\/\/raed.academy\/wp-content\/uploads\/2021\/10\/Logo-RAED-160px.jpg\" alt=\"Real Academia Europea de Doctores RAED\"><\/p>\n<div class=\"txt\"><\/div>\n<p><\/a><\/div>\n<p><!-- [et_pb_line_break_holder] --><\/div>\n<p>[\/et_pb_code][\/et_pb_column][et_pb_column type=&#8221;1_3&#8243; _builder_version=&#8221;4.16&#8243; _module_preset=&#8221;default&#8221; global_colors_info=&#8221;{}&#8221;][et_pb_code admin_label=&#8221;C\u00f3digo &#8211; Amb la col\u00b7laboraci\u00f3 de:&#8221; _builder_version=&#8221;4.16&#8243; _module_preset=&#8221;default&#8221; global_colors_info=&#8221;{}&#8221;]<pee class=\"ttl-colaboradores\">Amb la col\u00b7laboraci\u00f3 de:<\/pee> <!-- [et_pb_line_break_holder] --><\/p>\n<div id=\"colaboradores\"><!-- [et_pb_line_break_holder] -->  <!-- [et_pb_line_break_holder] --><\/p>\n<div class=\"logo-colaborador\"><!-- [et_pb_line_break_holder] --><\/p>\n<div class=\"txt-circular\"><\/div>\n<p><!-- [et_pb_line_break_holder] -->  <a href=\"http:\/\/justicia.gencat.cat\/ca\/inici\" target=\"_blank\" rel=\"noopener noreferrer\"><img decoding=\"async\" src=\"https:\/\/raed.academy\/wp-content\/uploads\/2021\/10\/Generalitat-de-Catalunya-dept-Justicia-215px.jpg\" alt=\"Generalitat de catalunya\"><\/a><\/div>\n<p><!-- [et_pb_line_break_holder] --><\/div>\n<p>[\/et_pb_code][\/et_pb_column][\/et_pb_row][\/et_pb_section]<\/p>\n","protected":false},"excerpt":{"rendered":"<p>Debat en format webinar, on reconeguts experts parlen sobre &#8220;El turisme i el transport aeri despr\u00e9s de la pand\u00e8mia&#8221;<\/p>\n","protected":false},"featured_media":91142,"template":"","meta":{"_et_pb_use_builder":"on","_et_pb_old_content":"","_et_gb_content_width":""},"class_list":["post-119117","dp_events","type-dp_events","status-publish","has-post-thumbnail","hentry"],"yoast_head":"<!-- This site is optimized with the Yoast SEO plugin v27.5 - https:\/\/yoast.com\/product\/yoast-seo-wordpress\/ -->\n<title>Debat: Reptes i solucions per al transport aeri i el turisme a la postpand\u00e8mia - Reial Acad\u00e8mia Europea de Doctors<\/title>\n<meta name=\"description\" content=\"Debat en format webinar, on reconeguts experts parlen sobre &quot;El turisme i el transport aeri despr\u00e9s de la pand\u00e8mia&quot;\" \/>\n<meta name=\"robots\" content=\"index, follow, max-snippet:-1, max-image-preview:large, max-video-preview:-1\" \/>\n<link rel=\"canonical\" href=\"https:\/\/raed.academy\/ca\/esdeveniments\/debat-reptes-i-solucions-per-al-transport-aeri-i-el-turisme-a-la-postpandemia\/\" \/>\n<meta property=\"og:locale\" content=\"ca_ES\" \/>\n<meta property=\"og:type\" content=\"article\" \/>\n<meta property=\"og:title\" content=\"Debat: Reptes i solucions per al transport aeri i el turisme a la postpand\u00e8mia - Reial Acad\u00e8mia Europea de Doctors\" \/>\n<meta property=\"og:description\" content=\"Debat en format webinar, on reconeguts experts parlen sobre &quot;El turisme i el transport aeri despr\u00e9s de la pand\u00e8mia&quot;\" \/>\n<meta property=\"og:url\" content=\"https:\/\/raed.academy\/ca\/esdeveniments\/debat-reptes-i-solucions-per-al-transport-aeri-i-el-turisme-a-la-postpandemia\/\" \/>\n<meta property=\"og:site_name\" content=\"Reial Acad\u00e8mia Europea de Doctors\" \/>\n<meta property=\"article:publisher\" content=\"http:\/\/fb.me\/raed.academy\" \/>\n<meta property=\"article:modified_time\" content=\"2022-06-15T08:18:12+00:00\" \/>\n<meta property=\"og:image\" content=\"https:\/\/raed.academy\/wp-content\/uploads\/2020\/06\/2020-06-03.Retos-y-soluciones-para-el-transporte-aereo-y-el-turismo-en-la-postpandemia-dst.jpg\" \/>\n\t<meta property=\"og:image:width\" content=\"1000\" \/>\n\t<meta property=\"og:image:height\" content=\"600\" \/>\n\t<meta property=\"og:image:type\" content=\"image\/jpeg\" \/>\n<meta name=\"twitter:card\" content=\"summary_large_image\" \/>\n<meta name=\"twitter:site\" content=\"@raedacademy\" \/>\n<meta name=\"twitter:label1\" content=\"Est. reading time\" \/>\n\t<meta name=\"twitter:data1\" content=\"6 minutes\" \/>\n<script type=\"application\/ld+json\" class=\"yoast-schema-graph\">{\"@context\":\"https:\\\/\\\/schema.org\",\"@graph\":[{\"@type\":\"WebPage\",\"@id\":\"https:\\\/\\\/raed.academy\\\/ca\\\/esdeveniments\\\/debat-reptes-i-solucions-per-al-transport-aeri-i-el-turisme-a-la-postpandemia\\\/\",\"url\":\"https:\\\/\\\/raed.academy\\\/ca\\\/esdeveniments\\\/debat-reptes-i-solucions-per-al-transport-aeri-i-el-turisme-a-la-postpandemia\\\/\",\"name\":\"Debat: Reptes i solucions per al transport aeri i el turisme a la postpand\u00e8mia - Reial Acad\u00e8mia Europea de Doctors\",\"isPartOf\":{\"@id\":\"https:\\\/\\\/raed.academy\\\/ca\\\/#website\"},\"primaryImageOfPage\":{\"@id\":\"https:\\\/\\\/raed.academy\\\/ca\\\/esdeveniments\\\/debat-reptes-i-solucions-per-al-transport-aeri-i-el-turisme-a-la-postpandemia\\\/#primaryimage\"},\"image\":{\"@id\":\"https:\\\/\\\/raed.academy\\\/ca\\\/esdeveniments\\\/debat-reptes-i-solucions-per-al-transport-aeri-i-el-turisme-a-la-postpandemia\\\/#primaryimage\"},\"thumbnailUrl\":\"https:\\\/\\\/raed.academy\\\/wp-content\\\/uploads\\\/2020\\\/06\\\/2020-06-03.Retos-y-soluciones-para-el-transporte-aereo-y-el-turismo-en-la-postpandemia-dst.jpg\",\"datePublished\":\"2020-06-03T07:57:36+00:00\",\"dateModified\":\"2022-06-15T08:18:12+00:00\",\"description\":\"Debat en format webinar, on reconeguts experts parlen sobre \\\"El turisme i el transport aeri despr\u00e9s de la pand\u00e8mia\\\"\",\"breadcrumb\":{\"@id\":\"https:\\\/\\\/raed.academy\\\/ca\\\/esdeveniments\\\/debat-reptes-i-solucions-per-al-transport-aeri-i-el-turisme-a-la-postpandemia\\\/#breadcrumb\"},\"inLanguage\":\"ca-ES\",\"potentialAction\":[{\"@type\":\"ReadAction\",\"target\":[\"https:\\\/\\\/raed.academy\\\/ca\\\/esdeveniments\\\/debat-reptes-i-solucions-per-al-transport-aeri-i-el-turisme-a-la-postpandemia\\\/\"]}]},{\"@type\":\"ImageObject\",\"inLanguage\":\"ca-ES\",\"@id\":\"https:\\\/\\\/raed.academy\\\/ca\\\/esdeveniments\\\/debat-reptes-i-solucions-per-al-transport-aeri-i-el-turisme-a-la-postpandemia\\\/#primaryimage\",\"url\":\"https:\\\/\\\/raed.academy\\\/wp-content\\\/uploads\\\/2020\\\/06\\\/2020-06-03.Retos-y-soluciones-para-el-transporte-aereo-y-el-turismo-en-la-postpandemia-dst.jpg\",\"contentUrl\":\"https:\\\/\\\/raed.academy\\\/wp-content\\\/uploads\\\/2020\\\/06\\\/2020-06-03.Retos-y-soluciones-para-el-transporte-aereo-y-el-turismo-en-la-postpandemia-dst.jpg\",\"width\":1000,\"height\":600},{\"@type\":\"BreadcrumbList\",\"@id\":\"https:\\\/\\\/raed.academy\\\/ca\\\/esdeveniments\\\/debat-reptes-i-solucions-per-al-transport-aeri-i-el-turisme-a-la-postpandemia\\\/#breadcrumb\",\"itemListElement\":[{\"@type\":\"ListItem\",\"position\":1,\"name\":\"Inicio\",\"item\":\"https:\\\/\\\/raed.academy\\\/ca\\\/\"},{\"@type\":\"ListItem\",\"position\":2,\"name\":\"Activitats\",\"item\":\"https:\\\/\\\/raed.academy\\\/ca\\\/esdeveniments\\\/\"},{\"@type\":\"ListItem\",\"position\":3,\"name\":\"Debat: Reptes i solucions per al transport aeri i el turisme a la postpand\u00e8mia\"}]},{\"@type\":\"WebSite\",\"@id\":\"https:\\\/\\\/raed.academy\\\/ca\\\/#website\",\"url\":\"https:\\\/\\\/raed.academy\\\/ca\\\/\",\"name\":\"Reial Acad\u00e8mia Europea de Doctors\",\"description\":\"Corporaci\u00f3n de derecho p\u00fablico de car\u00e1cter cient\u00edfico, t\u00e9cnico y art\u00edstico, que tiene por objeto la investigaci\u00f3n, el estudio, el fomento y la extensi\u00f3n del conocimiento en su sentido m\u00e1s amplio\",\"publisher\":{\"@id\":\"https:\\\/\\\/raed.academy\\\/ca\\\/#organization\"},\"potentialAction\":[{\"@type\":\"SearchAction\",\"target\":{\"@type\":\"EntryPoint\",\"urlTemplate\":\"https:\\\/\\\/raed.academy\\\/ca\\\/?s={search_term_string}\"},\"query-input\":{\"@type\":\"PropertyValueSpecification\",\"valueRequired\":true,\"valueName\":\"search_term_string\"}}],\"inLanguage\":\"ca-ES\"},{\"@type\":\"Organization\",\"@id\":\"https:\\\/\\\/raed.academy\\\/ca\\\/#organization\",\"name\":\"Real Academia Europea de Doctores\",\"url\":\"https:\\\/\\\/raed.academy\\\/ca\\\/\",\"logo\":{\"@type\":\"ImageObject\",\"inLanguage\":\"ca-ES\",\"@id\":\"https:\\\/\\\/raed.academy\\\/ca\\\/#\\\/schema\\\/logo\\\/image\\\/\",\"url\":\"https:\\\/\\\/raed.academy\\\/wp-content\\\/uploads\\\/2017\\\/01\\\/cropped-logo_raed.png\",\"contentUrl\":\"https:\\\/\\\/raed.academy\\\/wp-content\\\/uploads\\\/2017\\\/01\\\/cropped-logo_raed.png\",\"width\":512,\"height\":512,\"caption\":\"Real Academia Europea de Doctores\"},\"image\":{\"@id\":\"https:\\\/\\\/raed.academy\\\/ca\\\/#\\\/schema\\\/logo\\\/image\\\/\"},\"sameAs\":[\"http:\\\/\\\/fb.me\\\/raed.academy\",\"https:\\\/\\\/x.com\\\/raedacademy\",\"https:\\\/\\\/www.instagram.com\\\/raed.academy\\\/\",\"https:\\\/\\\/www.youtube.com\\\/channel\\\/UCUYQwW2KrdirNWihxMDObwg\"]}]}<\/script>\n<!-- \/ Yoast SEO plugin. -->","yoast_head_json":{"title":"Debat: Reptes i solucions per al transport aeri i el turisme a la postpand\u00e8mia - Reial Acad\u00e8mia Europea de Doctors","description":"Debat en format webinar, on reconeguts experts parlen sobre \"El turisme i el transport aeri despr\u00e9s de la pand\u00e8mia\"","robots":{"index":"index","follow":"follow","max-snippet":"max-snippet:-1","max-image-preview":"max-image-preview:large","max-video-preview":"max-video-preview:-1"},"canonical":"https:\/\/raed.academy\/ca\/esdeveniments\/debat-reptes-i-solucions-per-al-transport-aeri-i-el-turisme-a-la-postpandemia\/","og_locale":"ca_ES","og_type":"article","og_title":"Debat: Reptes i solucions per al transport aeri i el turisme a la postpand\u00e8mia - Reial Acad\u00e8mia Europea de Doctors","og_description":"Debat en format webinar, on reconeguts experts parlen sobre \"El turisme i el transport aeri despr\u00e9s de la pand\u00e8mia\"","og_url":"https:\/\/raed.academy\/ca\/esdeveniments\/debat-reptes-i-solucions-per-al-transport-aeri-i-el-turisme-a-la-postpandemia\/","og_site_name":"Reial Acad\u00e8mia Europea de Doctors","article_publisher":"http:\/\/fb.me\/raed.academy","article_modified_time":"2022-06-15T08:18:12+00:00","og_image":[{"width":1000,"height":600,"url":"https:\/\/raed.academy\/wp-content\/uploads\/2020\/06\/2020-06-03.Retos-y-soluciones-para-el-transporte-aereo-y-el-turismo-en-la-postpandemia-dst.jpg","type":"image\/jpeg"}],"twitter_card":"summary_large_image","twitter_site":"@raedacademy","twitter_misc":{"Est. reading time":"6 minutes"},"schema":{"@context":"https:\/\/schema.org","@graph":[{"@type":"WebPage","@id":"https:\/\/raed.academy\/ca\/esdeveniments\/debat-reptes-i-solucions-per-al-transport-aeri-i-el-turisme-a-la-postpandemia\/","url":"https:\/\/raed.academy\/ca\/esdeveniments\/debat-reptes-i-solucions-per-al-transport-aeri-i-el-turisme-a-la-postpandemia\/","name":"Debat: Reptes i solucions per al transport aeri i el turisme a la postpand\u00e8mia - Reial Acad\u00e8mia Europea de Doctors","isPartOf":{"@id":"https:\/\/raed.academy\/ca\/#website"},"primaryImageOfPage":{"@id":"https:\/\/raed.academy\/ca\/esdeveniments\/debat-reptes-i-solucions-per-al-transport-aeri-i-el-turisme-a-la-postpandemia\/#primaryimage"},"image":{"@id":"https:\/\/raed.academy\/ca\/esdeveniments\/debat-reptes-i-solucions-per-al-transport-aeri-i-el-turisme-a-la-postpandemia\/#primaryimage"},"thumbnailUrl":"https:\/\/raed.academy\/wp-content\/uploads\/2020\/06\/2020-06-03.Retos-y-soluciones-para-el-transporte-aereo-y-el-turismo-en-la-postpandemia-dst.jpg","datePublished":"2020-06-03T07:57:36+00:00","dateModified":"2022-06-15T08:18:12+00:00","description":"Debat en format webinar, on reconeguts experts parlen sobre \"El turisme i el transport aeri despr\u00e9s de la pand\u00e8mia\"","breadcrumb":{"@id":"https:\/\/raed.academy\/ca\/esdeveniments\/debat-reptes-i-solucions-per-al-transport-aeri-i-el-turisme-a-la-postpandemia\/#breadcrumb"},"inLanguage":"ca-ES","potentialAction":[{"@type":"ReadAction","target":["https:\/\/raed.academy\/ca\/esdeveniments\/debat-reptes-i-solucions-per-al-transport-aeri-i-el-turisme-a-la-postpandemia\/"]}]},{"@type":"ImageObject","inLanguage":"ca-ES","@id":"https:\/\/raed.academy\/ca\/esdeveniments\/debat-reptes-i-solucions-per-al-transport-aeri-i-el-turisme-a-la-postpandemia\/#primaryimage","url":"https:\/\/raed.academy\/wp-content\/uploads\/2020\/06\/2020-06-03.Retos-y-soluciones-para-el-transporte-aereo-y-el-turismo-en-la-postpandemia-dst.jpg","contentUrl":"https:\/\/raed.academy\/wp-content\/uploads\/2020\/06\/2020-06-03.Retos-y-soluciones-para-el-transporte-aereo-y-el-turismo-en-la-postpandemia-dst.jpg","width":1000,"height":600},{"@type":"BreadcrumbList","@id":"https:\/\/raed.academy\/ca\/esdeveniments\/debat-reptes-i-solucions-per-al-transport-aeri-i-el-turisme-a-la-postpandemia\/#breadcrumb","itemListElement":[{"@type":"ListItem","position":1,"name":"Inicio","item":"https:\/\/raed.academy\/ca\/"},{"@type":"ListItem","position":2,"name":"Activitats","item":"https:\/\/raed.academy\/ca\/esdeveniments\/"},{"@type":"ListItem","position":3,"name":"Debat: Reptes i solucions per al transport aeri i el turisme a la postpand\u00e8mia"}]},{"@type":"WebSite","@id":"https:\/\/raed.academy\/ca\/#website","url":"https:\/\/raed.academy\/ca\/","name":"Reial Acad\u00e8mia Europea de Doctors","description":"Corporaci\u00f3n de derecho p\u00fablico de car\u00e1cter cient\u00edfico, t\u00e9cnico y art\u00edstico, que tiene por objeto la investigaci\u00f3n, el estudio, el fomento y la extensi\u00f3n del conocimiento en su sentido m\u00e1s amplio","publisher":{"@id":"https:\/\/raed.academy\/ca\/#organization"},"potentialAction":[{"@type":"SearchAction","target":{"@type":"EntryPoint","urlTemplate":"https:\/\/raed.academy\/ca\/?s={search_term_string}"},"query-input":{"@type":"PropertyValueSpecification","valueRequired":true,"valueName":"search_term_string"}}],"inLanguage":"ca-ES"},{"@type":"Organization","@id":"https:\/\/raed.academy\/ca\/#organization","name":"Real Academia Europea de Doctores","url":"https:\/\/raed.academy\/ca\/","logo":{"@type":"ImageObject","inLanguage":"ca-ES","@id":"https:\/\/raed.academy\/ca\/#\/schema\/logo\/image\/","url":"https:\/\/raed.academy\/wp-content\/uploads\/2017\/01\/cropped-logo_raed.png","contentUrl":"https:\/\/raed.academy\/wp-content\/uploads\/2017\/01\/cropped-logo_raed.png","width":512,"height":512,"caption":"Real Academia Europea de Doctores"},"image":{"@id":"https:\/\/raed.academy\/ca\/#\/schema\/logo\/image\/"},"sameAs":["http:\/\/fb.me\/raed.academy","https:\/\/x.com\/raedacademy","https:\/\/www.instagram.com\/raed.academy\/","https:\/\/www.youtube.com\/channel\/UCUYQwW2KrdirNWihxMDObwg"]}]}},"_links":{"self":[{"href":"https:\/\/raed.academy\/ca\/wp-json\/wp\/v2\/dp_events\/119117","targetHints":{"allow":["GET"]}}],"collection":[{"href":"https:\/\/raed.academy\/ca\/wp-json\/wp\/v2\/dp_events"}],"about":[{"href":"https:\/\/raed.academy\/ca\/wp-json\/wp\/v2\/types\/dp_events"}],"wp:featuredmedia":[{"embeddable":true,"href":"https:\/\/raed.academy\/ca\/wp-json\/wp\/v2\/media\/91142"}],"wp:attachment":[{"href":"https:\/\/raed.academy\/ca\/wp-json\/wp\/v2\/media?parent=119117"}],"curies":[{"name":"wp","href":"https:\/\/api.w.org\/{rel}","templated":true}]}}