{"id":116139,"date":"2022-04-19T11:22:22","date_gmt":"2022-04-19T11:22:22","guid":{"rendered":"https:\/\/raed.academy\/?post_type=dp_events&#038;p=116139"},"modified":"2022-05-25T11:28:02","modified_gmt":"2022-05-25T11:28:02","slug":"reedicio-del-llibre-el-patrimonio-mundial-cultural-natural-e-inmaterial-de-espana","status":"publish","type":"dp_events","link":"https:\/\/raed.academy\/ca\/esdeveniments\/reedicio-del-llibre-el-patrimonio-mundial-cultural-natural-e-inmaterial-de-espana\/","title":{"rendered":"Reedici\u00f3 del llibre &#8220;El patrimonio mundial cultural, natural e inmaterial de Espa\u00f1a&#8221;"},"content":{"rendered":"<p>[et_pb_section fb_built=&#8221;1&#8243; admin_label=&#8221;section&#8221; _builder_version=&#8221;4.16&#8243; global_colors_info=&#8221;{}&#8221;][et_pb_row admin_label=&#8221;row&#8221; _builder_version=&#8221;4.16&#8243; background_size=&#8221;initial&#8221; background_position=&#8221;top_left&#8221; background_repeat=&#8221;repeat&#8221; global_colors_info=&#8221;{}&#8221;][et_pb_column type=&#8221;4_4&#8243; _builder_version=&#8221;4.16&#8243; custom_padding=&#8221;|||&#8221; global_colors_info=&#8221;{}&#8221; custom_padding__hover=&#8221;|||&#8221;][et_pb_post_title meta=&#8221;off&#8221; featured_image=&#8221;off&#8221; _builder_version=&#8221;4.17.0&#8243; _module_preset=&#8221;default&#8221; global_colors_info=&#8221;{}&#8221;][\/et_pb_post_title][et_pb_text admin_label=&#8221;Detalles evento&#8221; _builder_version=&#8221;4.17.4&#8243; _module_preset=&#8221;default&#8221; hover_enabled=&#8221;0&#8243; locked=&#8221;off&#8221; global_colors_info=&#8221;{}&#8221; sticky_enabled=&#8221;0&#8243;]<\/p>\n<p><strong>Lloc<img loading=\"lazy\" decoding=\"async\" class=\"alignright wp-image-116130 size-full\" src=\"https:\/\/raed.academy\/wp-content\/uploads\/2022\/04\/libro-El-patrimonio-mundial-cultural-natural-e-inmaterial-de-Espana-reedicion-2022.webp\" alt=\"Portada libro &quot;El patrimonio mundial cultural, natural e inmaterial de Espa\u00f1a&quot;\" width=\"370\" height=\"482\" \/>: <\/strong>Sala C de l&#039;Edifici Foment del Treball. Via Laietana, 32, principal, Barcelona, 08003<\/p>\n<p><strong>Data<\/strong>: Dijous, 12 Maig 2022<\/p>\n<p><strong>Hora<\/strong>: 18:30 h<\/p>\n<p><strong>Format:<\/strong> Presencial<\/p>\n<p><strong>Cost de l\u2019esdeveniment<\/strong>: Gratu\u00eft<\/p>\n<p><strong>Inscripci\u00f3:<\/strong> Contactar amb la Secretaria de la RAED: <a href=\"mailto:secretaria@raed.academy\"><strong>secretaria@raed.academy<\/strong><\/a> o al <strong>tel. 93 667 40 54<\/strong><\/p>\n<h2>Descripci\u00f3 de l&#8217;esdeveniment<\/h2>\n<p>El <a href=\"https:\/\/raed.academy\/ca\/academics\/dr-ignacio-buqueras-bach\/\" target=\"_blank\" rel=\"noopener\"><strong>Dr. Ignacio Buqueras<\/strong><\/a>, president de l&#8217;Associaci\u00f3 per a la Difusi\u00f3 i Promoci\u00f3 del Patrimoni Espanyol i acad\u00e8mic de n\u00famero de la Reial Acad\u00e8mia de Doctors d&#8217;Espanya i de la Reial Acad\u00e8mia Europea de Doctors-Barcelona 1914 (RAED), presenta la reedici\u00f3 el 2022 del llibre titulat &#8220;El patrimoni mundial cultural, natural i immaterial d&#8217;Espanya&#8221;, que editen McGraw Hill i l&#8217;<a href=\"https:\/\/adiprope.org\/\" target=\"_blank\" rel=\"noopener\"><strong>Associaci\u00f3 per a la Difusi\u00f3 i la Promoci\u00f3 del Patrimoni Mundial d&#8217;Espanya (ADIPROPE)<\/strong><\/a>.<\/p>\n<p>Aquest llibre editat el 2019, reeditat el 2022, recull els b\u00e9ns d&#8217;Espanya inscrits a la llista oficial de la UNESCO del PATRIMONI MUNDIAL i el PATRIMONI IMMATERIAL. M\u00e9s informaci\u00f3 sobre el llibre al <a href=\"https:\/\/adiprope.org\/areas\/publicaciones\/\" target=\"_blank\" rel=\"noopener\"><strong>lloc web de ADIPROPE<\/strong><\/a>.<\/p>\n<p>&nbsp;<\/p>\n<p><div id=\"attachment_118273\" style=\"width: 710px\" class=\"wp-caption aligncenter\"><img loading=\"lazy\" decoding=\"async\" aria-describedby=\"caption-attachment-118273\" class=\"wp-image-118273 size-full\" src=\"https:\/\/raed.academy\/wp-content\/uploads\/2022\/05\/2022-05-12.Reedicion-libro-El-patrimonio-mundial-Ignacio-Buqueras-02.webp\" sizes=\"(max-width: 700px) 100vw, 700px\" srcset=\"https:\/\/raed.academy\/wp-content\/uploads\/2022\/05\/2022-05-12.Reedicion-libro-El-patrimonio-mundial-Ignacio-Buqueras-02.webp 700w, https:\/\/raed.academy\/wp-content\/uploads\/2022\/05\/2022-05-12.Reedicion-libro-El-patrimonio-mundial-Ignacio-Buqueras-02-627x376.webp 627w, https:\/\/raed.academy\/wp-content\/uploads\/2022\/05\/2022-05-12.Reedicion-libro-El-patrimonio-mundial-Ignacio-Buqueras-02-440x264.webp 440w\" alt=\"Reedicion del libro El patrimonio mundial de Ignacio Buqueras\" width=\"700\" height=\"420\" \/><p id=\"caption-attachment-118273\" class=\"wp-caption-text\">D&#8217;esquerra a dreta: Dr. Xabier A\u00f1overos, Dr. Ignacio Buqueras, Dr. Alfredo Rocafort i Dra. Judith Urbano<\/p><\/div>[\/et_pb_text][et_pb_blurb title=&#8221;Participants&#8221; use_icon=&#8221;on&#8221; font_icon=&#8221;&#xf500;||fa||900&#8243; icon_color=&#8221;#6b5d38&#8243; icon_placement=&#8221;left&#8221; content_max_width=&#8221;100%&#8221; admin_label=&#8221;Anuncio &#8211; Participants&#8221; _builder_version=&#8221;4.17.3&#8243; _module_preset=&#8221;default&#8221; header_font_size=&#8221;30px&#8221; body_text_align=&#8221;left&#8221; module_alignment=&#8221;left&#8221; locked=&#8221;off&#8221; global_colors_info=&#8221;{}&#8221;]<\/p>\n<p><strong>Presideix l&#8217;acte:<\/strong><\/p>\n<ul>\n<li><a href=\"https:\/\/raed.academy\/ca\/academics\/dr-alfredo-rocafort-nicolau\/\" target=\"_blank\" rel=\"noopener\"><strong>Dr. Alfredo Rocafort Nicolau<\/strong><\/a>. Acad\u00e8mic Numerari i President de la Reial Acad\u00e8mia Europea de Doctors.<\/li>\n<\/ul>\n<p><strong>Hi intervenen:<\/strong><\/p>\n<ul>\n<li><a href=\"https:\/\/raed.academy\/ca\/academics\/dr-ignacio-buqueras-bach\/\" target=\"_blank\" rel=\"noopener\"><strong>Dr. Ignacio Buqueras i Bach<\/strong><\/a>. Empresari. President de la &#8220;Asociaci\u00f3n para la Difusi\u00f3n y Promoci\u00f3n del Patrimonio Mundial de Espa\u00f1a&#8221;, ADIPROPE i Acad\u00e8mic Numerari de la Reial Acad\u00e8mia Europea de Doctors.<\/li>\n<li><a href=\"https:\/\/raed.academy\/ca\/academics\/dr-xabier-anoveros-trias-de-bes\/\" target=\"_blank\" rel=\"noopener\"><strong>Dr. Xabier A\u00f1overos Trias de Bes<\/strong><\/a>. Advocat. Doctor en Dret i Doctor en Hist\u00f2ria. Acad\u00e8mic Numerari i Vicepresident de la Reial Acad\u00e8mia Europea de Doctors.<\/li>\n<li><strong>Dra. Judith Urb\u00e0 Lorente<\/strong>. Degana de la Facultat d&#8217;Humanitats de la Universitat Internacional de Catalunya.<\/li>\n<\/ul>\n<p>[\/et_pb_blurb][et_pb_image src=&#8221;https:\/\/raed.academy\/wp-content\/uploads\/2022\/04\/invitacion-evento-presentacion-libro-v2.webp&#8221; title_text=&#8221;invitacion-evento-presentacion-libro-v2&#8243; align=&#8221;center&#8221; force_fullwidth=&#8221;on&#8221; _builder_version=&#8221;4.17.0&#8243; _module_preset=&#8221;default&#8221; animation_style=&#8221;flip&#8221; locked=&#8221;off&#8221; global_colors_info=&#8221;{}&#8221;][\/et_pb_image][\/et_pb_column][\/et_pb_row][et_pb_row column_structure=&#8221;2_3,1_3&#8243; admin_label=&#8221;Fila&#8221; _builder_version=&#8221;4.16&#8243; _module_preset=&#8221;default&#8221; locked=&#8221;off&#8221; global_colors_info=&#8221;{}&#8221;][et_pb_column type=&#8221;2_3&#8243; _builder_version=&#8221;4.16&#8243; _module_preset=&#8221;default&#8221; global_colors_info=&#8221;{}&#8221;][et_pb_code admin_label=&#8221;C\u00f3digo &#8211; Organitza&#8221; _builder_version=&#8221;4.16&#8243; _module_preset=&#8221;default&#8221; global_colors_info=&#8221;{}&#8221;]<pee class=\"ttl-colaboradores\">Organitza:<\/pee><!-- [et_pb_line_break_holder] --><\/p>\n<div id=\"organizadores\"><!-- [et_pb_line_break_holder] --><\/p>\n<div class=\"logo-colaborador\"><a href=\"https:\/\/fundacionraed.org\/\" target=\"_blank\" rel=\"noopener noreferrer\"><img decoding=\"async\" src=\"https:\/\/raed.academy\/wp-content\/uploads\/2021\/10\/Logo-Fundacion-RAED-160px.jpg\" alt=\"Fundaci\u00f3n RAED\"><\/p>\n<div class=\"txt\"><\/div>\n<p><\/a><\/div>\n<p><!-- [et_pb_line_break_holder] --><!-- [et_pb_line_break_holder] --><\/p>\n<div class=\"logo-colaborador\"><a href=\"https:\/\/raed.academy\/ca\/\" target=\"_blank\" rel=\"noopener noreferrer\"><img decoding=\"async\" src=\"https:\/\/raed.academy\/wp-content\/uploads\/2021\/10\/Logo-RAED-160px.jpg\" alt=\"Real Academia Europea de Doctores RAED\"><\/p>\n<div class=\"txt\"><\/div>\n<p><\/a><\/div>\n<p><!-- [et_pb_line_break_holder] --><\/div>\n<p>[\/et_pb_code][\/et_pb_column][et_pb_column type=&#8221;1_3&#8243; _builder_version=&#8221;4.16&#8243; _module_preset=&#8221;default&#8221; global_colors_info=&#8221;{}&#8221;][et_pb_code admin_label=&#8221;C\u00f3digo &#8211; Amb la col\u00b7laboraci\u00f3 de:&#8221; _builder_version=&#8221;4.16&#8243; _module_preset=&#8221;default&#8221; global_colors_info=&#8221;{}&#8221;]<pee class=\"ttl-colaboradores\">Amb la col\u00b7laboraci\u00f3 de:<\/pee> <!-- [et_pb_line_break_holder] --><\/p>\n<div id=\"colaboradores\"><!-- [et_pb_line_break_holder] -->  <!-- [et_pb_line_break_holder] --><\/p>\n<div class=\"logo-colaborador\"><!-- [et_pb_line_break_holder] --><\/p>\n<div class=\"txt-circular\"><\/div>\n<p><!-- [et_pb_line_break_holder] -->  <a href=\"http:\/\/justicia.gencat.cat\/ca\/inici\" target=\"_blank\" rel=\"noopener noreferrer\"><img decoding=\"async\" src=\"https:\/\/raed.academy\/wp-content\/uploads\/2021\/10\/Generalitat-de-Catalunya-dept-Justicia-215px.jpg\" alt=\"Generalitat de catalunya\"><\/a><\/div>\n<p><!-- [et_pb_line_break_holder] --><\/div>\n<p>[\/et_pb_code][\/et_pb_column][\/et_pb_row][\/et_pb_section]<\/p>\n","protected":false},"excerpt":{"rendered":"<p>El Dr. Ignacio Buqueras presenta la reedici\u00f3 el 2022 del llibre &#8220;El patrimonio mundial cultural, natural e inmaterial de Espa\u00f1a&#8221;<\/p>\n","protected":false},"featured_media":116134,"template":"","meta":{"_et_pb_use_builder":"on","_et_pb_old_content":"","_et_gb_content_width":""},"class_list":["post-116139","dp_events","type-dp_events","status-publish","has-post-thumbnail","hentry"],"yoast_head":"<!-- This site is optimized with the Yoast SEO plugin v27.5 - https:\/\/yoast.com\/product\/yoast-seo-wordpress\/ -->\n<title>Reedici\u00f3 del llibre &quot;El patrimonio mundial cultural, natural e inmaterial de Espa\u00f1a&quot; - Reial Acad\u00e8mia Europea de Doctors<\/title>\n<meta name=\"description\" content=\"El Dr. Ignacio Buqueras presenta la reedici\u00f3 el 2022 del llibre &quot;El patrimonio mundial cultural, natural e inmaterial de Espa\u00f1a&quot;\" \/>\n<meta name=\"robots\" content=\"index, follow, max-snippet:-1, max-image-preview:large, max-video-preview:-1\" \/>\n<link rel=\"canonical\" href=\"https:\/\/raed.academy\/ca\/esdeveniments\/reedicio-del-llibre-el-patrimonio-mundial-cultural-natural-e-inmaterial-de-espana\/\" \/>\n<meta property=\"og:locale\" content=\"ca_ES\" \/>\n<meta property=\"og:type\" content=\"article\" \/>\n<meta property=\"og:title\" content=\"Reedici\u00f3 del llibre &quot;El patrimonio mundial cultural, natural e inmaterial de Espa\u00f1a&quot; - Reial Acad\u00e8mia Europea de Doctors\" \/>\n<meta property=\"og:description\" content=\"46\" \/>\n<meta property=\"og:url\" content=\"https:\/\/raed.academy\/ca\/esdeveniments\/reedicio-del-llibre-el-patrimonio-mundial-cultural-natural-e-inmaterial-de-espana\/\" \/>\n<meta property=\"og:site_name\" content=\"Reial Acad\u00e8mia Europea de Doctors\" \/>\n<meta property=\"article:publisher\" content=\"http:\/\/fb.me\/raed.academy\" \/>\n<meta property=\"article:modified_time\" content=\"2022-05-25T11:28:02+00:00\" \/>\n<meta name=\"twitter:card\" content=\"summary_large_image\" \/>\n<meta name=\"twitter:image\" content=\"https:\/\/raed.academy\/wp-content\/uploads\/2022\/04\/patrimonio-mundial-de-Espana-dst.webp\" \/>\n<meta name=\"twitter:site\" content=\"@raedacademy\" \/>\n<script type=\"application\/ld+json\" class=\"yoast-schema-graph\">{\"@context\":\"https:\\\/\\\/schema.org\",\"@graph\":[{\"@type\":\"WebPage\",\"@id\":\"https:\\\/\\\/raed.academy\\\/ca\\\/esdeveniments\\\/reedicio-del-llibre-el-patrimonio-mundial-cultural-natural-e-inmaterial-de-espana\\\/\",\"url\":\"https:\\\/\\\/raed.academy\\\/ca\\\/esdeveniments\\\/reedicio-del-llibre-el-patrimonio-mundial-cultural-natural-e-inmaterial-de-espana\\\/\",\"name\":\"Reedici\u00f3 del llibre \\\"El patrimonio mundial cultural, natural e inmaterial de Espa\u00f1a\\\" - Reial Acad\u00e8mia Europea de Doctors\",\"isPartOf\":{\"@id\":\"https:\\\/\\\/raed.academy\\\/ca\\\/#website\"},\"primaryImageOfPage\":{\"@id\":\"https:\\\/\\\/raed.academy\\\/ca\\\/esdeveniments\\\/reedicio-del-llibre-el-patrimonio-mundial-cultural-natural-e-inmaterial-de-espana\\\/#primaryimage\"},\"image\":{\"@id\":\"https:\\\/\\\/raed.academy\\\/ca\\\/esdeveniments\\\/reedicio-del-llibre-el-patrimonio-mundial-cultural-natural-e-inmaterial-de-espana\\\/#primaryimage\"},\"thumbnailUrl\":\"https:\\\/\\\/raed.academy\\\/wp-content\\\/uploads\\\/2022\\\/04\\\/patrimonio-mundial-de-Espana-dst.webp\",\"datePublished\":\"2022-04-19T11:22:22+00:00\",\"dateModified\":\"2022-05-25T11:28:02+00:00\",\"description\":\"El Dr. Ignacio Buqueras presenta la reedici\u00f3 el 2022 del llibre \\\"El patrimonio mundial cultural, natural e inmaterial de Espa\u00f1a\\\"\",\"breadcrumb\":{\"@id\":\"https:\\\/\\\/raed.academy\\\/ca\\\/esdeveniments\\\/reedicio-del-llibre-el-patrimonio-mundial-cultural-natural-e-inmaterial-de-espana\\\/#breadcrumb\"},\"inLanguage\":\"ca-ES\",\"potentialAction\":[{\"@type\":\"ReadAction\",\"target\":[\"https:\\\/\\\/raed.academy\\\/ca\\\/esdeveniments\\\/reedicio-del-llibre-el-patrimonio-mundial-cultural-natural-e-inmaterial-de-espana\\\/\"]}]},{\"@type\":\"ImageObject\",\"inLanguage\":\"ca-ES\",\"@id\":\"https:\\\/\\\/raed.academy\\\/ca\\\/esdeveniments\\\/reedicio-del-llibre-el-patrimonio-mundial-cultural-natural-e-inmaterial-de-espana\\\/#primaryimage\",\"url\":\"https:\\\/\\\/raed.academy\\\/wp-content\\\/uploads\\\/2022\\\/04\\\/patrimonio-mundial-de-Espana-dst.webp\",\"contentUrl\":\"https:\\\/\\\/raed.academy\\\/wp-content\\\/uploads\\\/2022\\\/04\\\/patrimonio-mundial-de-Espana-dst.webp\",\"width\":500,\"height\":300},{\"@type\":\"BreadcrumbList\",\"@id\":\"https:\\\/\\\/raed.academy\\\/ca\\\/esdeveniments\\\/reedicio-del-llibre-el-patrimonio-mundial-cultural-natural-e-inmaterial-de-espana\\\/#breadcrumb\",\"itemListElement\":[{\"@type\":\"ListItem\",\"position\":1,\"name\":\"Inicio\",\"item\":\"https:\\\/\\\/raed.academy\\\/ca\\\/\"},{\"@type\":\"ListItem\",\"position\":2,\"name\":\"Activitats\",\"item\":\"https:\\\/\\\/raed.academy\\\/ca\\\/esdeveniments\\\/\"},{\"@type\":\"ListItem\",\"position\":3,\"name\":\"Reedici\u00f3 del llibre \u00abEl patrimonio mundial cultural, natural e inmaterial de Espa\u00f1a\u00bb\"}]},{\"@type\":\"WebSite\",\"@id\":\"https:\\\/\\\/raed.academy\\\/ca\\\/#website\",\"url\":\"https:\\\/\\\/raed.academy\\\/ca\\\/\",\"name\":\"Reial Acad\u00e8mia Europea de Doctors\",\"description\":\"Corporaci\u00f3n de derecho p\u00fablico de car\u00e1cter cient\u00edfico, t\u00e9cnico y art\u00edstico, que tiene por objeto la investigaci\u00f3n, el estudio, el fomento y la extensi\u00f3n del conocimiento en su sentido m\u00e1s amplio\",\"publisher\":{\"@id\":\"https:\\\/\\\/raed.academy\\\/ca\\\/#organization\"},\"potentialAction\":[{\"@type\":\"SearchAction\",\"target\":{\"@type\":\"EntryPoint\",\"urlTemplate\":\"https:\\\/\\\/raed.academy\\\/ca\\\/?s={search_term_string}\"},\"query-input\":{\"@type\":\"PropertyValueSpecification\",\"valueRequired\":true,\"valueName\":\"search_term_string\"}}],\"inLanguage\":\"ca-ES\"},{\"@type\":\"Organization\",\"@id\":\"https:\\\/\\\/raed.academy\\\/ca\\\/#organization\",\"name\":\"Real Academia Europea de Doctores\",\"url\":\"https:\\\/\\\/raed.academy\\\/ca\\\/\",\"logo\":{\"@type\":\"ImageObject\",\"inLanguage\":\"ca-ES\",\"@id\":\"https:\\\/\\\/raed.academy\\\/ca\\\/#\\\/schema\\\/logo\\\/image\\\/\",\"url\":\"https:\\\/\\\/raed.academy\\\/wp-content\\\/uploads\\\/2017\\\/01\\\/cropped-logo_raed.png\",\"contentUrl\":\"https:\\\/\\\/raed.academy\\\/wp-content\\\/uploads\\\/2017\\\/01\\\/cropped-logo_raed.png\",\"width\":512,\"height\":512,\"caption\":\"Real Academia Europea de Doctores\"},\"image\":{\"@id\":\"https:\\\/\\\/raed.academy\\\/ca\\\/#\\\/schema\\\/logo\\\/image\\\/\"},\"sameAs\":[\"http:\\\/\\\/fb.me\\\/raed.academy\",\"https:\\\/\\\/x.com\\\/raedacademy\",\"https:\\\/\\\/www.instagram.com\\\/raed.academy\\\/\",\"https:\\\/\\\/www.youtube.com\\\/channel\\\/UCUYQwW2KrdirNWihxMDObwg\"]}]}<\/script>\n<!-- \/ Yoast SEO plugin. -->","yoast_head_json":{"title":"Reedici\u00f3 del llibre \"El patrimonio mundial cultural, natural e inmaterial de Espa\u00f1a\" - Reial Acad\u00e8mia Europea de Doctors","description":"El Dr. Ignacio Buqueras presenta la reedici\u00f3 el 2022 del llibre \"El patrimonio mundial cultural, natural e inmaterial de Espa\u00f1a\"","robots":{"index":"index","follow":"follow","max-snippet":"max-snippet:-1","max-image-preview":"max-image-preview:large","max-video-preview":"max-video-preview:-1"},"canonical":"https:\/\/raed.academy\/ca\/esdeveniments\/reedicio-del-llibre-el-patrimonio-mundial-cultural-natural-e-inmaterial-de-espana\/","og_locale":"ca_ES","og_type":"article","og_title":"Reedici\u00f3 del llibre \"El patrimonio mundial cultural, natural e inmaterial de Espa\u00f1a\" - Reial Acad\u00e8mia Europea de Doctors","og_description":"46","og_url":"https:\/\/raed.academy\/ca\/esdeveniments\/reedicio-del-llibre-el-patrimonio-mundial-cultural-natural-e-inmaterial-de-espana\/","og_site_name":"Reial Acad\u00e8mia Europea de Doctors","article_publisher":"http:\/\/fb.me\/raed.academy","article_modified_time":"2022-05-25T11:28:02+00:00","twitter_card":"summary_large_image","twitter_image":"https:\/\/raed.academy\/wp-content\/uploads\/2022\/04\/patrimonio-mundial-de-Espana-dst.webp","twitter_site":"@raedacademy","schema":{"@context":"https:\/\/schema.org","@graph":[{"@type":"WebPage","@id":"https:\/\/raed.academy\/ca\/esdeveniments\/reedicio-del-llibre-el-patrimonio-mundial-cultural-natural-e-inmaterial-de-espana\/","url":"https:\/\/raed.academy\/ca\/esdeveniments\/reedicio-del-llibre-el-patrimonio-mundial-cultural-natural-e-inmaterial-de-espana\/","name":"Reedici\u00f3 del llibre \"El patrimonio mundial cultural, natural e inmaterial de Espa\u00f1a\" - Reial Acad\u00e8mia Europea de Doctors","isPartOf":{"@id":"https:\/\/raed.academy\/ca\/#website"},"primaryImageOfPage":{"@id":"https:\/\/raed.academy\/ca\/esdeveniments\/reedicio-del-llibre-el-patrimonio-mundial-cultural-natural-e-inmaterial-de-espana\/#primaryimage"},"image":{"@id":"https:\/\/raed.academy\/ca\/esdeveniments\/reedicio-del-llibre-el-patrimonio-mundial-cultural-natural-e-inmaterial-de-espana\/#primaryimage"},"thumbnailUrl":"https:\/\/raed.academy\/wp-content\/uploads\/2022\/04\/patrimonio-mundial-de-Espana-dst.webp","datePublished":"2022-04-19T11:22:22+00:00","dateModified":"2022-05-25T11:28:02+00:00","description":"El Dr. Ignacio Buqueras presenta la reedici\u00f3 el 2022 del llibre \"El patrimonio mundial cultural, natural e inmaterial de Espa\u00f1a\"","breadcrumb":{"@id":"https:\/\/raed.academy\/ca\/esdeveniments\/reedicio-del-llibre-el-patrimonio-mundial-cultural-natural-e-inmaterial-de-espana\/#breadcrumb"},"inLanguage":"ca-ES","potentialAction":[{"@type":"ReadAction","target":["https:\/\/raed.academy\/ca\/esdeveniments\/reedicio-del-llibre-el-patrimonio-mundial-cultural-natural-e-inmaterial-de-espana\/"]}]},{"@type":"ImageObject","inLanguage":"ca-ES","@id":"https:\/\/raed.academy\/ca\/esdeveniments\/reedicio-del-llibre-el-patrimonio-mundial-cultural-natural-e-inmaterial-de-espana\/#primaryimage","url":"https:\/\/raed.academy\/wp-content\/uploads\/2022\/04\/patrimonio-mundial-de-Espana-dst.webp","contentUrl":"https:\/\/raed.academy\/wp-content\/uploads\/2022\/04\/patrimonio-mundial-de-Espana-dst.webp","width":500,"height":300},{"@type":"BreadcrumbList","@id":"https:\/\/raed.academy\/ca\/esdeveniments\/reedicio-del-llibre-el-patrimonio-mundial-cultural-natural-e-inmaterial-de-espana\/#breadcrumb","itemListElement":[{"@type":"ListItem","position":1,"name":"Inicio","item":"https:\/\/raed.academy\/ca\/"},{"@type":"ListItem","position":2,"name":"Activitats","item":"https:\/\/raed.academy\/ca\/esdeveniments\/"},{"@type":"ListItem","position":3,"name":"Reedici\u00f3 del llibre \u00abEl patrimonio mundial cultural, natural e inmaterial de Espa\u00f1a\u00bb"}]},{"@type":"WebSite","@id":"https:\/\/raed.academy\/ca\/#website","url":"https:\/\/raed.academy\/ca\/","name":"Reial Acad\u00e8mia Europea de Doctors","description":"Corporaci\u00f3n de derecho p\u00fablico de car\u00e1cter cient\u00edfico, t\u00e9cnico y art\u00edstico, que tiene por objeto la investigaci\u00f3n, el estudio, el fomento y la extensi\u00f3n del conocimiento en su sentido m\u00e1s amplio","publisher":{"@id":"https:\/\/raed.academy\/ca\/#organization"},"potentialAction":[{"@type":"SearchAction","target":{"@type":"EntryPoint","urlTemplate":"https:\/\/raed.academy\/ca\/?s={search_term_string}"},"query-input":{"@type":"PropertyValueSpecification","valueRequired":true,"valueName":"search_term_string"}}],"inLanguage":"ca-ES"},{"@type":"Organization","@id":"https:\/\/raed.academy\/ca\/#organization","name":"Real Academia Europea de Doctores","url":"https:\/\/raed.academy\/ca\/","logo":{"@type":"ImageObject","inLanguage":"ca-ES","@id":"https:\/\/raed.academy\/ca\/#\/schema\/logo\/image\/","url":"https:\/\/raed.academy\/wp-content\/uploads\/2017\/01\/cropped-logo_raed.png","contentUrl":"https:\/\/raed.academy\/wp-content\/uploads\/2017\/01\/cropped-logo_raed.png","width":512,"height":512,"caption":"Real Academia Europea de Doctores"},"image":{"@id":"https:\/\/raed.academy\/ca\/#\/schema\/logo\/image\/"},"sameAs":["http:\/\/fb.me\/raed.academy","https:\/\/x.com\/raedacademy","https:\/\/www.instagram.com\/raed.academy\/","https:\/\/www.youtube.com\/channel\/UCUYQwW2KrdirNWihxMDObwg"]}]}},"_links":{"self":[{"href":"https:\/\/raed.academy\/ca\/wp-json\/wp\/v2\/dp_events\/116139","targetHints":{"allow":["GET"]}}],"collection":[{"href":"https:\/\/raed.academy\/ca\/wp-json\/wp\/v2\/dp_events"}],"about":[{"href":"https:\/\/raed.academy\/ca\/wp-json\/wp\/v2\/types\/dp_events"}],"wp:featuredmedia":[{"embeddable":true,"href":"https:\/\/raed.academy\/ca\/wp-json\/wp\/v2\/media\/116134"}],"wp:attachment":[{"href":"https:\/\/raed.academy\/ca\/wp-json\/wp\/v2\/media?parent=116139"}],"curies":[{"name":"wp","href":"https:\/\/api.w.org\/{rel}","templated":true}]}}