{"id":113624,"date":"2022-02-22T19:24:33","date_gmt":"2022-02-22T19:24:33","guid":{"rendered":"https:\/\/raed.academy\/?post_type=dp_events&#038;p=113624"},"modified":"2022-10-24T09:31:15","modified_gmt":"2022-10-24T09:31:15","slug":"viii-jordada-estudi-de-la-fcmb-covid-19-botellot","status":"publish","type":"dp_events","link":"https:\/\/raed.academy\/ca\/esdeveniments\/viii-jordada-estudi-de-la-fcmb-covid-19-botellot\/","title":{"rendered":"VIII Jornada d&#8217;estudi de la FCMB: Covid-19+Botellot"},"content":{"rendered":"<p>[et_pb_section fb_built=&#8221;1&#8243; _builder_version=&#8221;4.16&#8243; global_colors_info=&#8221;{}&#8221;][et_pb_row use_custom_gutter=&#8221;on&#8221; gutter_width=&#8221;1&#8243; _builder_version=&#8221;4.16&#8243; background_image=&#8221;https:\/\/raed.academy\/wp-content\/uploads\/2022\/02\/Covid-19botellot.webp&#8221; parallax=&#8221;on&#8221; parallax_method=&#8221;off&#8221; max_width=&#8221;1600px&#8221; locked=&#8221;off&#8221; global_colors_info=&#8221;{}&#8221;][et_pb_column type=&#8221;4_4&#8243; _builder_version=&#8221;4.16&#8243; custom_padding=&#8221;|||&#8221; global_colors_info=&#8221;{}&#8221; custom_padding__hover=&#8221;|||&#8221;][et_pb_post_title meta=&#8221;off&#8221; featured_image=&#8221;off&#8221; _builder_version=&#8221;4.16&#8243; _module_preset=&#8221;default&#8221; title_font_size=&#8221;40px&#8221; title_font_size_tablet=&#8221;40px&#8221; title_font_size_phone=&#8221;30px&#8221; title_font_size_last_edited=&#8221;on|phone&#8221; custom_css_post_title=&#8221;background-color: white;||display: table;||margin: 200px auto;||padding: 0 20px;||width: 85%;&#8221; locked=&#8221;off&#8221; global_colors_info=&#8221;{}&#8221;][\/et_pb_post_title][\/et_pb_column][\/et_pb_row][et_pb_row _builder_version=&#8221;4.16&#8243; background_size=&#8221;initial&#8221; background_position=&#8221;top_left&#8221; background_repeat=&#8221;repeat&#8221; global_colors_info=&#8221;{}&#8221;][et_pb_column type=&#8221;4_4&#8243; _builder_version=&#8221;4.16&#8243; custom_padding=&#8221;|||&#8221; global_colors_info=&#8221;{}&#8221; custom_padding__hover=&#8221;|||&#8221;][et_pb_text admin_label=&#8221;Detalle&#8221; _builder_version=&#8221;4.16&#8243; background_size=&#8221;initial&#8221; background_position=&#8221;top_left&#8221; background_repeat=&#8221;repeat&#8221; global_colors_info=&#8221;{}&#8221;]<\/p>\n<h3 style=\"text-align: center;\">Reflexions per promoure models alternatius d&#8217;oci<\/h3>\n<h2>Detalls de l&#8217;esdeveniment<\/h2>\n<p><strong>Lloc<\/strong>: Sala d&#039;actes de l&#039;Edifici Foment del Treball. Via Laietana, 32, Barcelona<\/p>\n<p><strong>Data<\/strong>: Dimecres, 16 Mar\u00e7 2022<\/p>\n<p><strong>Hora<\/strong>: 09:00 h a 13:00 h<\/p>\n<p><strong>Format:<\/strong> Presencial i streaming, des del <a href=\"https:\/\/www.youtube.com\/channel\/UCT0PdN6YfWhEWWNhHjJvEkw\" target=\"_blank\" rel=\"noopener\"><strong>canal de YouTube de la FCMB<\/strong><\/a>.<\/p>\n<p><strong>Cost de l&#8217;esdeveniment:<\/strong> Gratu\u00eft<\/p>\n<p><strong>Organitza: <a href=\"https:\/\/fcmb.org\/\" target=\"_blank\" rel=\"noopener\"><em>Fundaci\u00f3 Casa de Miseric\u00f2rdia de Barcelona<\/em><\/a><\/strong>, amb la col\u00b7laboraci\u00f3 de la <strong>Reial Acad\u00e8mia Europea de Doctors<\/strong>.<\/p>\n<p><strong>Inscripci\u00f3:<\/strong> Es requereix una confirmaci\u00f3 d&#8217;assist\u00e8ncia a <a href=\"mailto:fcmb@fcmb.org\"><strong>fcmb@fcmb.org<\/strong><\/a> o <strong>tel. 93 302 16 92<\/strong><\/p>\n<p>[\/et_pb_text][et_pb_text admin_label=&#8221;Programa&#8221; _builder_version=&#8221;4.16&#8243; background_size=&#8221;initial&#8221; background_position=&#8221;top_left&#8221; background_repeat=&#8221;repeat&#8221; global_colors_info=&#8221;{}&#8221;]<\/p>\n<h2>Programa<\/h2>\n<h3>9:00 &#8211; 9:30 h. Oraci\u00f3. Presentaci\u00f3. Pon\u00e8ncia.<\/h3>\n<ul>\n<li><strong>Sr. Antonio Masriera<\/strong>, president de la <a href=\"https:\/\/fcmb.org\/\" target=\"_blank\" rel=\"noopener\"><strong>Fundaci\u00f3 Casa de Miseric\u00f2rdia de Barcelona<\/strong><\/a>.<\/li>\n<li><strong>Dr. Josep Maria Sim\u00f3n<\/strong>, Vicepresident de la <a href=\"https:\/\/fcmb.org\/\" target=\"_blank\" rel=\"noopener\"><strong>Fundaci\u00f3 Casa de Miseric\u00f2rdia de Barcelona<\/strong><\/a>.<\/li>\n<li><strong>Sra. Araceli Peressutti<\/strong>, Auditora General-Defensora del Poble de la ciutat de <em>Vila Mar\u00eda<\/em>. President de l&#8217;ONG <strong>V\u00ednculos en Red<\/strong>. Escriptora. &#8220;La Pand\u00e8mia, els joves i l&#8217;augment del tr\u00e0fic de persones i de les addiccions&#8221;.<\/li>\n<\/ul>\n<h3>9:30 &#8211; 10:45 h. Taula sanit\u00e0ria. Qui t\u00e9 cura de la salut dels nostres adolescents?<\/h3>\n<p>Moderador: <strong>Sr. Daniel Arasa<\/strong>, Periodista.<\/p>\n<ul>\n<li><strong>Dr. Francesc Xavier Buqueras<\/strong>, Doctor en Medicina, Acad\u00e8mic de la <a href=\"http:\/\/ramc.cat\/\" target=\"_blank\" rel=\"noopener\"><strong><em>Reial Acad\u00e8mia de Medicina de Catalunya<\/em><\/strong><\/a>, psiquiatra especialista en Alcohologia.<\/li>\n<li><a href=\"https:\/\/raed.academy\/academicos\/dr-joaquin-callabed-carracedo\/\" target=\"_blank\" rel=\"noopener\"><strong>Dr. Joaquin Callabed<\/strong><\/a>, Doctor en Medicina, Pediatre i M\u00e0ster en Bio\u00e8tica, Acad\u00e8mic de la <a href=\"http:\/\/ramc.cat\/\" target=\"_blank\" rel=\"noopener\"><strong><em>Reial Acad\u00e8mia de Medicina de Catalunya<\/em><\/strong><\/a> i de la <strong>Reial Acad\u00e8mia Europea de Doctors<\/strong>.<\/li>\n<li><strong>Sra. Beatriz Badenas<\/strong>, Psic\u00f2loga.<\/li>\n<li><strong>Sr. Daniel Cruz Mart\u00ednez<\/strong>, Psic\u00f2leg especialista en Psicologia Cl\u00ednica i professor, <a href=\"https:\/\/www.ub.edu\" target=\"_blank\" rel=\"noopener\"><strong>Universitat de Barcelona<\/strong><\/a>.<\/li>\n<\/ul>\n<h3>10:45 &#8211; 11:15 h: Pausa caf\u00e9<\/h3>\n<h3>11:15 &#8211; 12:30 h: Mesa Educativa. Com promoure models alternatius d&#8217;oci.<\/h3>\n<p>Moderador: <strong>Sr. Salvador Aragon\u00e9s<\/strong>, periodista.<\/p>\n<ul>\n<li><strong>Sra. Anna Plans<\/strong>, presidenta de l&#8217;<a href=\"https:\/\/consumidorsaudiovisuals.cat\/\" target=\"_blank\" rel=\"noopener\"><strong>Associaci\u00f3 de Consumidors de Mitjans Audiovisuals de Catalunya<\/strong><\/a>. Escriptora i activista pels drets del menor.<\/li>\n<li><strong>Sra. Gisela Pruna<\/strong>, graduada en Administraci\u00f3 i Gesti\u00f3 d&#8217;Empreses y coach, <a href=\"https:\/\/www.asescoaching.org\/\" target=\"_blank\" rel=\"noopener\"><strong>Asociaci\u00f3n Espa\u00f1ola de Coaching (ASESCO)<\/strong><\/a>. Associaci\u00f3 Xaragall.<\/li>\n<li><strong>Sr. Jes\u00fas Maria Ruiz<\/strong>, Vicepresident de la <strong>Fundaci\u00f3 Abat Oliba<\/strong>, Gerent de l&#8217;<a href=\"https:\/\/aijec.cat\/\" target=\"_blank\" rel=\"noopener\"><strong>Associaci\u00f3 de joves emprenedors de Catalunya (AIJEC)<\/strong><\/a>.<\/li>\n<li><strong>Sra. Anna Hern\u00e1ndez<\/strong>, \u00c0rea t\u00e8cnica de proximitat i atenci\u00f3 al ciutad\u00e0, Mossos d&#8217;Esquadra.<\/li>\n<li><strong>Sr. Xavier Ibars<\/strong>, \u00c0rea t\u00e8cnica de proximitat i atenci\u00f3 al ciutad\u00e0, Mossos d&#8217;Esquadra.<\/li>\n<\/ul>\n<h3>12:30 &#8211; 13:00 h: Pon\u00e8ncia. Conclusions. Clausura<\/h3>\n<ul>\n<li><strong>Dr. Josep Moya Oll\u00e9<\/strong>, Dr. en Psiquiatria i Acad\u00e8mic Corresponent Electe de la <strong>Reial Acad\u00e8mia Europea de Doctors<\/strong>.<\/li>\n<\/ul>\n<p>Els col\u00b7loquis seran retransmesos en l\u00ednia i quedaran disponibles en el canal de YouTube de la <a href=\"https:\/\/fcmb.org\/\" target=\"_blank\" rel=\"noopener\"><strong>Casa de la Miseric\u00f2rdia de Barcelona<\/strong><\/a>.<\/p>\n<p>&nbsp;<\/p>\n<p>[\/et_pb_text][\/et_pb_column][\/et_pb_row][et_pb_row column_structure=&#8221;1_3,1_3,1_3&#8243; make_equal=&#8221;on&#8221; _builder_version=&#8221;4.16&#8243; _module_preset=&#8221;default&#8221; locked=&#8221;off&#8221; global_colors_info=&#8221;{}&#8221;][et_pb_column type=&#8221;1_3&#8243; _builder_version=&#8221;4.16&#8243; _module_preset=&#8221;default&#8221; global_colors_info=&#8221;{}&#8221;][et_pb_code admin_label=&#8221;C\u00f3digo &#8211; txt Organitza&#8221; _builder_version=&#8221;4.16&#8243; _module_preset=&#8221;default&#8221; global_colors_info=&#8221;{}&#8221;]<pee class=\"ttl-colaboradores\" style=\"text-align: center;\">Organitza:<\/pee>[\/et_pb_code][et_pb_blurb title=&#8221;Fundaci\u00f3 Casa de Miseric\u00f2rdia de Barcelona&#8221; image=&#8221;https:\/\/raed.academy\/wp-content\/uploads\/2022\/03\/logotipo-Fundacio-Casa-de-Misericordia-de-Barcelona.jpeg&#8221; image_icon_width=&#8221;85%&#8221; admin_label=&#8221;Anuncio &#8211; Fundaci\u00f3 Casa de Miseric\u00f2rdia de Barcelona&#8221; _builder_version=&#8221;4.16&#8243; _module_preset=&#8221;default&#8221; header_text_align=&#8221;center&#8221; link_option_url=&#8221;https:\/\/fcmb.org\/&#8221; link_option_url_new_window=&#8221;on&#8221; global_colors_info=&#8221;{}&#8221;][\/et_pb_blurb][\/et_pb_column][et_pb_column type=&#8221;1_3&#8243; _builder_version=&#8221;4.16&#8243; _module_preset=&#8221;default&#8221; global_colors_info=&#8221;{}&#8221;][et_pb_code admin_label=&#8221;txt Amb la col\u00b7laboraci\u00f3 de:&#8221; _builder_version=&#8221;4.16&#8243; _module_preset=&#8221;default&#8221; global_colors_info=&#8221;{}&#8221;]<pee class=\"ttl-colaboradores\" style=\"text-align: center;\">Amb la col\u00b7laboraci\u00f3 de:<\/pee>[\/et_pb_code][et_pb_blurb title=&#8221;Reial Acad\u00e8mia Europea de Doctors&#8221; image=&#8221;https:\/\/raed.academy\/wp-content\/uploads\/2020\/10\/logo-raed-con-leyenda-dstNtc.jpg&#8221; image_icon_width=&#8221;75%&#8221; admin_label=&#8221;Anuncio &#8211; RAED&#8221; _builder_version=&#8221;4.16&#8243; _module_preset=&#8221;default&#8221; header_text_align=&#8221;center&#8221; global_colors_info=&#8221;{}&#8221;][\/et_pb_blurb][\/et_pb_column][et_pb_column type=&#8221;1_3&#8243; _builder_version=&#8221;4.16&#8243; _module_preset=&#8221;default&#8221; global_colors_info=&#8221;{}&#8221;][et_pb_divider show_divider=&#8221;off&#8221; _builder_version=&#8221;4.18.0&#8243; _module_preset=&#8221;default&#8221; height=&#8221;100px&#8221; height_tablet=&#8221;0px&#8221; height_phone=&#8221;0px&#8221; height_last_edited=&#8221;on|phone&#8221; custom_margin_tablet=&#8221;||||false|false&#8221; custom_margin_phone=&#8221;0px||0px||false|false&#8221; custom_margin_last_edited=&#8221;on|tablet&#8221; custom_padding=&#8221;||||false|false&#8221; custom_padding_tablet=&#8221;||||false|false&#8221; custom_padding_phone=&#8221;0px||0px||false|false&#8221; custom_padding_last_edited=&#8221;on|desktop&#8221; global_colors_info=&#8221;{}&#8221; locked=&#8221;off&#8221;][\/et_pb_divider][et_pb_blurb title=&#8221;Generalitat de Catalunya&#8221; image=&#8221;https:\/\/raed.academy\/wp-content\/uploads\/2020\/10\/logo-Generalitat-de-Catalunya-dept-Justicia.jpg&#8221; image_icon_width=&#8221;80%&#8221; admin_label=&#8221;Anuncio &#8211; Generalitat de Catalunya&#8221; _builder_version=&#8221;4.18.0&#8243; _module_preset=&#8221;default&#8221; header_text_align=&#8221;center&#8221; image_icon_custom_padding=&#8221;20px||20px||false|false&#8221; image_icon_custom_padding_tablet=&#8221;||0px||false|false&#8221; image_icon_custom_padding_phone=&#8221;||0px||false|false&#8221; image_icon_custom_padding_last_edited=&#8221;on|tablet&#8221; custom_padding=&#8221;||||false|false&#8221; hover_enabled=&#8221;0&#8243; border_style_all_image=&#8221;none&#8221; global_colors_info=&#8221;{}&#8221; sticky_enabled=&#8221;0&#8243; locked=&#8221;off&#8221;][\/et_pb_blurb][\/et_pb_column][\/et_pb_row][\/et_pb_section]<\/p>\n","protected":false},"excerpt":{"rendered":"<p>VIII Jordada de estudio de la FCMB: Covid-19+Botellot. Reflexiones para promover modelos alternativos de ocio. 16\/mar\/22 en Barcelona<\/p>\n","protected":false},"featured_media":113612,"template":"","meta":{"_et_pb_use_builder":"on","_et_pb_old_content":"","_et_gb_content_width":""},"class_list":["post-113624","dp_events","type-dp_events","status-publish","has-post-thumbnail","hentry"],"yoast_head":"<!-- This site is optimized with the Yoast SEO plugin v27.5 - https:\/\/yoast.com\/product\/yoast-seo-wordpress\/ -->\n<title>VIII Jornada d&#039;estudi de la FCMB: Covid-19+Botellot - Reial Acad\u00e8mia Europea de Doctors<\/title>\n<meta name=\"description\" content=\"VIII Jornada d&#039;estudi de la FCMB: Covid-19+Botellot. Reflexions per promoure models alternatius d&#039;oci. 16\/mar\u00e7\/22 a Foment del Treball, BCN\" \/>\n<meta name=\"robots\" content=\"index, follow, max-snippet:-1, max-image-preview:large, max-video-preview:-1\" \/>\n<link rel=\"canonical\" href=\"https:\/\/raed.academy\/ca\/esdeveniments\/viii-jordada-estudi-de-la-fcmb-covid-19-botellot\/\" \/>\n<meta property=\"og:locale\" content=\"ca_ES\" \/>\n<meta property=\"og:type\" content=\"article\" \/>\n<meta property=\"og:title\" content=\"VIII Jornada d&#039;estudi de la FCMB: Covid-19+Botellot - Reial Acad\u00e8mia Europea de Doctors\" \/>\n<meta property=\"og:description\" content=\"VIII Jornada d&#039;estudi de la FCMB: Covid-19+Botellot. Reflexions per promoure models alternatius d&#039;oci. 16\/mar\u00e7\/22 a Foment del Treball, BCN\" \/>\n<meta property=\"og:url\" content=\"https:\/\/raed.academy\/ca\/esdeveniments\/viii-jordada-estudi-de-la-fcmb-covid-19-botellot\/\" \/>\n<meta property=\"og:site_name\" content=\"Reial Acad\u00e8mia Europea de Doctors\" \/>\n<meta property=\"article:publisher\" content=\"http:\/\/fb.me\/raed.academy\" \/>\n<meta property=\"article:modified_time\" content=\"2022-10-24T09:31:15+00:00\" \/>\n<meta property=\"og:image\" content=\"https:\/\/raed.academy\/wp-content\/uploads\/2022\/02\/Covid-19botellot.webp\" \/>\n\t<meta property=\"og:image:width\" content=\"1200\" \/>\n\t<meta property=\"og:image:height\" content=\"800\" \/>\n\t<meta property=\"og:image:type\" content=\"image\/webp\" \/>\n<meta name=\"twitter:card\" content=\"summary_large_image\" \/>\n<meta name=\"twitter:site\" content=\"@raedacademy\" \/>\n<meta name=\"twitter:label1\" content=\"Est. reading time\" \/>\n\t<meta name=\"twitter:data1\" content=\"4 minutes\" \/>\n<script type=\"application\/ld+json\" class=\"yoast-schema-graph\">{\"@context\":\"https:\\\/\\\/schema.org\",\"@graph\":[{\"@type\":\"WebPage\",\"@id\":\"https:\\\/\\\/raed.academy\\\/ca\\\/esdeveniments\\\/viii-jordada-estudi-de-la-fcmb-covid-19-botellot\\\/\",\"url\":\"https:\\\/\\\/raed.academy\\\/ca\\\/esdeveniments\\\/viii-jordada-estudi-de-la-fcmb-covid-19-botellot\\\/\",\"name\":\"VIII Jornada d'estudi de la FCMB: Covid-19+Botellot - Reial Acad\u00e8mia Europea de Doctors\",\"isPartOf\":{\"@id\":\"https:\\\/\\\/raed.academy\\\/ca\\\/#website\"},\"primaryImageOfPage\":{\"@id\":\"https:\\\/\\\/raed.academy\\\/ca\\\/esdeveniments\\\/viii-jordada-estudi-de-la-fcmb-covid-19-botellot\\\/#primaryimage\"},\"image\":{\"@id\":\"https:\\\/\\\/raed.academy\\\/ca\\\/esdeveniments\\\/viii-jordada-estudi-de-la-fcmb-covid-19-botellot\\\/#primaryimage\"},\"thumbnailUrl\":\"https:\\\/\\\/raed.academy\\\/wp-content\\\/uploads\\\/2022\\\/02\\\/Covid-19botellot.webp\",\"datePublished\":\"2022-02-22T19:24:33+00:00\",\"dateModified\":\"2022-10-24T09:31:15+00:00\",\"description\":\"VIII Jornada d'estudi de la FCMB: Covid-19+Botellot. Reflexions per promoure models alternatius d'oci. 16\\\/mar\u00e7\\\/22 a Foment del Treball, BCN\",\"breadcrumb\":{\"@id\":\"https:\\\/\\\/raed.academy\\\/ca\\\/esdeveniments\\\/viii-jordada-estudi-de-la-fcmb-covid-19-botellot\\\/#breadcrumb\"},\"inLanguage\":\"ca-ES\",\"potentialAction\":[{\"@type\":\"ReadAction\",\"target\":[\"https:\\\/\\\/raed.academy\\\/ca\\\/esdeveniments\\\/viii-jordada-estudi-de-la-fcmb-covid-19-botellot\\\/\"]}]},{\"@type\":\"ImageObject\",\"inLanguage\":\"ca-ES\",\"@id\":\"https:\\\/\\\/raed.academy\\\/ca\\\/esdeveniments\\\/viii-jordada-estudi-de-la-fcmb-covid-19-botellot\\\/#primaryimage\",\"url\":\"https:\\\/\\\/raed.academy\\\/wp-content\\\/uploads\\\/2022\\\/02\\\/Covid-19botellot.webp\",\"contentUrl\":\"https:\\\/\\\/raed.academy\\\/wp-content\\\/uploads\\\/2022\\\/02\\\/Covid-19botellot.webp\",\"width\":1200,\"height\":800},{\"@type\":\"BreadcrumbList\",\"@id\":\"https:\\\/\\\/raed.academy\\\/ca\\\/esdeveniments\\\/viii-jordada-estudi-de-la-fcmb-covid-19-botellot\\\/#breadcrumb\",\"itemListElement\":[{\"@type\":\"ListItem\",\"position\":1,\"name\":\"Inicio\",\"item\":\"https:\\\/\\\/raed.academy\\\/ca\\\/\"},{\"@type\":\"ListItem\",\"position\":2,\"name\":\"Activitats\",\"item\":\"https:\\\/\\\/raed.academy\\\/ca\\\/esdeveniments\\\/\"},{\"@type\":\"ListItem\",\"position\":3,\"name\":\"VIII Jornada d&#8217;estudi de la FCMB: Covid-19+Botellot\"}]},{\"@type\":\"WebSite\",\"@id\":\"https:\\\/\\\/raed.academy\\\/ca\\\/#website\",\"url\":\"https:\\\/\\\/raed.academy\\\/ca\\\/\",\"name\":\"Reial Acad\u00e8mia Europea de Doctors\",\"description\":\"Corporaci\u00f3n de derecho p\u00fablico de car\u00e1cter cient\u00edfico, t\u00e9cnico y art\u00edstico, que tiene por objeto la investigaci\u00f3n, el estudio, el fomento y la extensi\u00f3n del conocimiento en su sentido m\u00e1s amplio\",\"publisher\":{\"@id\":\"https:\\\/\\\/raed.academy\\\/ca\\\/#organization\"},\"potentialAction\":[{\"@type\":\"SearchAction\",\"target\":{\"@type\":\"EntryPoint\",\"urlTemplate\":\"https:\\\/\\\/raed.academy\\\/ca\\\/?s={search_term_string}\"},\"query-input\":{\"@type\":\"PropertyValueSpecification\",\"valueRequired\":true,\"valueName\":\"search_term_string\"}}],\"inLanguage\":\"ca-ES\"},{\"@type\":\"Organization\",\"@id\":\"https:\\\/\\\/raed.academy\\\/ca\\\/#organization\",\"name\":\"Real Academia Europea de Doctores\",\"url\":\"https:\\\/\\\/raed.academy\\\/ca\\\/\",\"logo\":{\"@type\":\"ImageObject\",\"inLanguage\":\"ca-ES\",\"@id\":\"https:\\\/\\\/raed.academy\\\/ca\\\/#\\\/schema\\\/logo\\\/image\\\/\",\"url\":\"https:\\\/\\\/raed.academy\\\/wp-content\\\/uploads\\\/2017\\\/01\\\/cropped-logo_raed.png\",\"contentUrl\":\"https:\\\/\\\/raed.academy\\\/wp-content\\\/uploads\\\/2017\\\/01\\\/cropped-logo_raed.png\",\"width\":512,\"height\":512,\"caption\":\"Real Academia Europea de Doctores\"},\"image\":{\"@id\":\"https:\\\/\\\/raed.academy\\\/ca\\\/#\\\/schema\\\/logo\\\/image\\\/\"},\"sameAs\":[\"http:\\\/\\\/fb.me\\\/raed.academy\",\"https:\\\/\\\/x.com\\\/raedacademy\",\"https:\\\/\\\/www.instagram.com\\\/raed.academy\\\/\",\"https:\\\/\\\/www.youtube.com\\\/channel\\\/UCUYQwW2KrdirNWihxMDObwg\"]}]}<\/script>\n<!-- \/ Yoast SEO plugin. -->","yoast_head_json":{"title":"VIII Jornada d'estudi de la FCMB: Covid-19+Botellot - Reial Acad\u00e8mia Europea de Doctors","description":"VIII Jornada d'estudi de la FCMB: Covid-19+Botellot. Reflexions per promoure models alternatius d'oci. 16\/mar\u00e7\/22 a Foment del Treball, BCN","robots":{"index":"index","follow":"follow","max-snippet":"max-snippet:-1","max-image-preview":"max-image-preview:large","max-video-preview":"max-video-preview:-1"},"canonical":"https:\/\/raed.academy\/ca\/esdeveniments\/viii-jordada-estudi-de-la-fcmb-covid-19-botellot\/","og_locale":"ca_ES","og_type":"article","og_title":"VIII Jornada d'estudi de la FCMB: Covid-19+Botellot - Reial Acad\u00e8mia Europea de Doctors","og_description":"VIII Jornada d'estudi de la FCMB: Covid-19+Botellot. Reflexions per promoure models alternatius d'oci. 16\/mar\u00e7\/22 a Foment del Treball, BCN","og_url":"https:\/\/raed.academy\/ca\/esdeveniments\/viii-jordada-estudi-de-la-fcmb-covid-19-botellot\/","og_site_name":"Reial Acad\u00e8mia Europea de Doctors","article_publisher":"http:\/\/fb.me\/raed.academy","article_modified_time":"2022-10-24T09:31:15+00:00","og_image":[{"width":1200,"height":800,"url":"https:\/\/raed.academy\/wp-content\/uploads\/2022\/02\/Covid-19botellot.webp","type":"image\/webp"}],"twitter_card":"summary_large_image","twitter_site":"@raedacademy","twitter_misc":{"Est. reading time":"4 minutes"},"schema":{"@context":"https:\/\/schema.org","@graph":[{"@type":"WebPage","@id":"https:\/\/raed.academy\/ca\/esdeveniments\/viii-jordada-estudi-de-la-fcmb-covid-19-botellot\/","url":"https:\/\/raed.academy\/ca\/esdeveniments\/viii-jordada-estudi-de-la-fcmb-covid-19-botellot\/","name":"VIII Jornada d'estudi de la FCMB: Covid-19+Botellot - Reial Acad\u00e8mia Europea de Doctors","isPartOf":{"@id":"https:\/\/raed.academy\/ca\/#website"},"primaryImageOfPage":{"@id":"https:\/\/raed.academy\/ca\/esdeveniments\/viii-jordada-estudi-de-la-fcmb-covid-19-botellot\/#primaryimage"},"image":{"@id":"https:\/\/raed.academy\/ca\/esdeveniments\/viii-jordada-estudi-de-la-fcmb-covid-19-botellot\/#primaryimage"},"thumbnailUrl":"https:\/\/raed.academy\/wp-content\/uploads\/2022\/02\/Covid-19botellot.webp","datePublished":"2022-02-22T19:24:33+00:00","dateModified":"2022-10-24T09:31:15+00:00","description":"VIII Jornada d'estudi de la FCMB: Covid-19+Botellot. Reflexions per promoure models alternatius d'oci. 16\/mar\u00e7\/22 a Foment del Treball, BCN","breadcrumb":{"@id":"https:\/\/raed.academy\/ca\/esdeveniments\/viii-jordada-estudi-de-la-fcmb-covid-19-botellot\/#breadcrumb"},"inLanguage":"ca-ES","potentialAction":[{"@type":"ReadAction","target":["https:\/\/raed.academy\/ca\/esdeveniments\/viii-jordada-estudi-de-la-fcmb-covid-19-botellot\/"]}]},{"@type":"ImageObject","inLanguage":"ca-ES","@id":"https:\/\/raed.academy\/ca\/esdeveniments\/viii-jordada-estudi-de-la-fcmb-covid-19-botellot\/#primaryimage","url":"https:\/\/raed.academy\/wp-content\/uploads\/2022\/02\/Covid-19botellot.webp","contentUrl":"https:\/\/raed.academy\/wp-content\/uploads\/2022\/02\/Covid-19botellot.webp","width":1200,"height":800},{"@type":"BreadcrumbList","@id":"https:\/\/raed.academy\/ca\/esdeveniments\/viii-jordada-estudi-de-la-fcmb-covid-19-botellot\/#breadcrumb","itemListElement":[{"@type":"ListItem","position":1,"name":"Inicio","item":"https:\/\/raed.academy\/ca\/"},{"@type":"ListItem","position":2,"name":"Activitats","item":"https:\/\/raed.academy\/ca\/esdeveniments\/"},{"@type":"ListItem","position":3,"name":"VIII Jornada d&#8217;estudi de la FCMB: Covid-19+Botellot"}]},{"@type":"WebSite","@id":"https:\/\/raed.academy\/ca\/#website","url":"https:\/\/raed.academy\/ca\/","name":"Reial Acad\u00e8mia Europea de Doctors","description":"Corporaci\u00f3n de derecho p\u00fablico de car\u00e1cter cient\u00edfico, t\u00e9cnico y art\u00edstico, que tiene por objeto la investigaci\u00f3n, el estudio, el fomento y la extensi\u00f3n del conocimiento en su sentido m\u00e1s amplio","publisher":{"@id":"https:\/\/raed.academy\/ca\/#organization"},"potentialAction":[{"@type":"SearchAction","target":{"@type":"EntryPoint","urlTemplate":"https:\/\/raed.academy\/ca\/?s={search_term_string}"},"query-input":{"@type":"PropertyValueSpecification","valueRequired":true,"valueName":"search_term_string"}}],"inLanguage":"ca-ES"},{"@type":"Organization","@id":"https:\/\/raed.academy\/ca\/#organization","name":"Real Academia Europea de Doctores","url":"https:\/\/raed.academy\/ca\/","logo":{"@type":"ImageObject","inLanguage":"ca-ES","@id":"https:\/\/raed.academy\/ca\/#\/schema\/logo\/image\/","url":"https:\/\/raed.academy\/wp-content\/uploads\/2017\/01\/cropped-logo_raed.png","contentUrl":"https:\/\/raed.academy\/wp-content\/uploads\/2017\/01\/cropped-logo_raed.png","width":512,"height":512,"caption":"Real Academia Europea de Doctores"},"image":{"@id":"https:\/\/raed.academy\/ca\/#\/schema\/logo\/image\/"},"sameAs":["http:\/\/fb.me\/raed.academy","https:\/\/x.com\/raedacademy","https:\/\/www.instagram.com\/raed.academy\/","https:\/\/www.youtube.com\/channel\/UCUYQwW2KrdirNWihxMDObwg"]}]}},"_links":{"self":[{"href":"https:\/\/raed.academy\/ca\/wp-json\/wp\/v2\/dp_events\/113624","targetHints":{"allow":["GET"]}}],"collection":[{"href":"https:\/\/raed.academy\/ca\/wp-json\/wp\/v2\/dp_events"}],"about":[{"href":"https:\/\/raed.academy\/ca\/wp-json\/wp\/v2\/types\/dp_events"}],"wp:featuredmedia":[{"embeddable":true,"href":"https:\/\/raed.academy\/ca\/wp-json\/wp\/v2\/media\/113612"}],"wp:attachment":[{"href":"https:\/\/raed.academy\/ca\/wp-json\/wp\/v2\/media?parent=113624"}],"curies":[{"name":"wp","href":"https:\/\/api.w.org\/{rel}","templated":true}]}}