{"id":108268,"date":"2021-12-02T09:00:44","date_gmt":"2021-12-02T09:00:44","guid":{"rendered":"https:\/\/raed.academy\/?post_type=dp_events&#038;p=108268"},"modified":"2022-07-11T10:06:01","modified_gmt":"2022-07-11T10:06:01","slug":"ingres-academic-corresponent-dr-carlos-cortina-riu","status":"publish","type":"dp_events","link":"https:\/\/raed.academy\/ca\/esdeveniments\/ingres-academic-corresponent-dr-carlos-cortina-riu\/","title":{"rendered":"Ingr\u00e9s com a Acad\u00e8mic Corresponent del Dr. Carlos Cortina Riu"},"content":{"rendered":"<p>[et_pb_section fb_built=&#8221;1&#8243; _builder_version=&#8221;4.16&#8243; _module_preset=&#8221;default&#8221; global_colors_info=&#8221;{}&#8221;][et_pb_row admin_label=&#8221;Fila&#8221; _builder_version=&#8221;4.16&#8243; _module_preset=&#8221;default&#8221; global_colors_info=&#8221;{}&#8221;][et_pb_column type=&#8221;4_4&#8243; _builder_version=&#8221;4.16&#8243; _module_preset=&#8221;default&#8221; global_colors_info=&#8221;{}&#8221;][et_pb_post_title meta=&#8221;off&#8221; featured_image=&#8221;off&#8221; admin_label=&#8221;T\u00edtulo de publicaci\u00f3n&#8221; _builder_version=&#8221;4.16&#8243; _module_preset=&#8221;default&#8221; hover_enabled=&#8221;0&#8243; global_colors_info=&#8221;{}&#8221; sticky_enabled=&#8221;0&#8243;][\/et_pb_post_title][et_pb_text _builder_version=&#8221;4.17.4&#8243; _module_preset=&#8221;default&#8221; hover_enabled=&#8221;0&#8243; global_colors_info=&#8221;{}&#8221; sticky_enabled=&#8221;0&#8243;]<\/p>\n<p><img loading=\"lazy\" decoding=\"async\" class=\"wp-image-108265 alignright size-full\" src=\"https:\/\/raed.academy\/wp-content\/uploads\/2021\/11\/Carlos-Cortina-Riu-230px.jpg\" alt=\"Dr. Carlos Cortina Riu\" width=\"230\" height=\"317\" \/>L&#8217;<a href=\"https:\/\/raed.academy\/ca\/academics\/dr-carlos-cortina-riu\/\" target=\"_blank\" rel=\"noopener\"><strong>Excm. Sr. Dr. Carlos Cortina Riu<\/strong><\/a>, Doctor en Publicitat i Relacions P\u00fabliques, ingressa com a Acad\u00e8mic Corresponent de la Reial Acad\u00e8mia Europea de Doctors, amb el discurs\u00a0<strong>&#8220;La Patum, auto sacramental de liturgia, ritmo, m\u00fasica y fuego&#8221;<\/strong>.<\/p>\n<p><strong>Respon:<\/strong> <a href=\"https:\/\/raed.academy\/ca\/academics\/dr-jose-angel-brandin-lorenzo\/\" target=\"_blank\" rel=\"noopener\"><strong>Excm. Sr. Dr. Jos\u00e9 \u00c1ngel Brand\u00edn Lorenzo<\/strong><\/a>, Doctor en Govern i Cultura de les Organitzacions<\/p>\n<p><strong>Lloc: <\/strong>Sala d&#039;actes de l&#039;Edifici Foment del Treball. Reial Acad\u00e8mia Europea de Doctors, Via Laietana, 32, principal, Barcelona<\/p>\n<p><strong>Data<\/strong>: Dijous, 02 Desembre 2021<\/p>\n<p><strong>Hora<\/strong>: 19:00 h<\/p>\n<p><strong>Format:<\/strong> Presencial<\/p>\n<p>[\/et_pb_text][et_pb_divider show_divider=&#8221;off&#8221; _builder_version=&#8221;4.16&#8243; _module_preset=&#8221;default&#8221; global_colors_info=&#8221;{}&#8221;][\/et_pb_divider][et_pb_video src=&#8221;https:\/\/youtu.be\/cjOoCn10_v4&#8243; play_icon_color=&#8221;#FFFFFF&#8221; thumbnail_overlay_color=&#8221;rgba(0,0,0,0.6)&#8221; src_tablet=&#8221;&#8221; src_phone=&#8221;&#8221; src_last_edited=&#8221;on|desktop&#8221; _builder_version=&#8221;4.16&#8243; _module_preset=&#8221;default&#8221; animation_style=&#8221;flip&#8221; animation_direction=&#8221;top&#8221; locked=&#8221;off&#8221; global_colors_info=&#8221;{}&#8221;][\/et_pb_video][\/et_pb_column][\/et_pb_row][et_pb_row column_structure=&#8221;2_3,1_3&#8243; _builder_version=&#8221;4.16&#8243; _module_preset=&#8221;default&#8221; locked=&#8221;off&#8221; global_colors_info=&#8221;{}&#8221;][et_pb_column type=&#8221;2_3&#8243; _builder_version=&#8221;4.16&#8243; _module_preset=&#8221;default&#8221; global_colors_info=&#8221;{}&#8221;][et_pb_code admin_label=&#8221;C\u00f3digo &#8211; Organitza&#8221; _builder_version=&#8221;4.16&#8243; _module_preset=&#8221;default&#8221; global_colors_info=&#8221;{}&#8221;]<pee class=\"ttl-colaboradores\">Organitza:<\/pee><!-- [et_pb_line_break_holder] --><\/p>\n<div id=\"organizadores\"><!-- [et_pb_line_break_holder] --><\/p>\n<div class=\"logo-colaborador\"><a href=\"https:\/\/fundacionraed.org\/\" target=\"_blank\" rel=\"noopener noreferrer\"><img decoding=\"async\" src=\"https:\/\/raed.academy\/wp-content\/uploads\/2021\/10\/Logo-Fundacion-RAED-160px.jpg\" alt=\"Fundaci\u00f3n RAED\"><\/p>\n<div class=\"txt\"><\/div>\n<p><\/a><\/div>\n<p><!-- [et_pb_line_break_holder] --><!-- [et_pb_line_break_holder] --><\/p>\n<div class=\"logo-colaborador\"><a href=\"https:\/\/raed.academy\/ca\/\" target=\"_blank\" rel=\"noopener noreferrer\"><img decoding=\"async\" src=\"https:\/\/raed.academy\/wp-content\/uploads\/2021\/10\/Logo-RAED-160px.jpg\" alt=\"Real Academia Europea de Doctores RAED\"><\/p>\n<div class=\"txt\"><\/div>\n<p><\/a><\/div>\n<p><!-- [et_pb_line_break_holder] --><\/div>\n<p>[\/et_pb_code][\/et_pb_column][et_pb_column type=&#8221;1_3&#8243; _builder_version=&#8221;4.16&#8243; _module_preset=&#8221;default&#8221; global_colors_info=&#8221;{}&#8221;][et_pb_code admin_label=&#8221;C\u00f3digo &#8211; Amb la col\u00b7laboraci\u00f3 de&#8221; _builder_version=&#8221;4.16&#8243; _module_preset=&#8221;default&#8221; global_colors_info=&#8221;{}&#8221;]<pee class=\"ttl-colaboradores\">Amb la col\u00b7laboraci\u00f3 de:<\/pee><!-- [et_pb_line_break_holder] --><\/p>\n<div id=\"colaboradores\"><!-- [et_pb_line_break_holder] --><\/p>\n<div class=\"logo-colaborador\"><!-- [et_pb_line_break_holder] --><\/p>\n<div class=\"txt-circular\"><\/div>\n<p><!-- [et_pb_line_break_holder] -->  <a href=\"http:\/\/justicia.gencat.cat\/ca\/inici\" target=\"_blank\" rel=\"noopener noreferrer\"><img decoding=\"async\" src=\"https:\/\/raed.academy\/wp-content\/uploads\/2021\/10\/Generalitat-de-Catalunya-dept-Justicia-215px.jpg\" alt=\"Generalitat de catalunya\"><\/a><\/div>\n<p><!-- [et_pb_line_break_holder] --><\/div>\n<p>[\/et_pb_code][\/et_pb_column][\/et_pb_row][\/et_pb_section]<\/p>\n","protected":false},"excerpt":{"rendered":"<p>El 02\/12\/2021, el Dr. Carlos Cortina ingressa com a Acad\u00e8mic Corresponent de la RAED, amb el discurs &#8220;La Patum, acte sacramental de lit\u00fargia, ritme, m\u00fasica i foc&#8221;<\/p>\n","protected":false},"featured_media":108146,"template":"","meta":{"_et_pb_use_builder":"on","_et_pb_old_content":"<p>[et_pb_section fb_built=\"1\" _builder_version=\"4.12.0\" _module_preset=\"default\" global_colors_info=\"{}\"][et_pb_row admin_label=\"Fila\" _builder_version=\"4.12.0\" _module_preset=\"default\" global_colors_info=\"{}\"][et_pb_column type=\"4_4\" _builder_version=\"4.12.0\" _module_preset=\"default\" global_colors_info=\"{}\"][et_pb_post_title meta=\"off\" featured_image=\"off\" admin_label=\"T\u00edtulo de publicaci\u00f3n\" _builder_version=\"4.9.2\" _module_preset=\"default\" hover_enabled=\"0\" global_colors_info=\"{}\" sticky_enabled=\"0\"][\/et_pb_post_title][et_pb_text _builder_version=\"4.12.0\" _module_preset=\"default\" hover_enabled=\"0\" global_colors_info=\"{}\" sticky_enabled=\"0\"]<\/p><p><img class=\"wp-image-108265 alignright size-full\" src=\"https:\/\/raed.academy\/wp-content\/uploads\/2021\/11\/Carlos-Cortina-Riu-230px.jpg\" alt=\"Dr. Carlos Cortina Riu\" width=\"230\" height=\"317\" \/>El Excmo. Sr. Dr. Carlos Cortina Riu, Doctor en Publicidad y Relaciones P\u00fablicas, ingresa como Acad\u00e9mico Correspondiente de la Real Academia Europea de Doctores, con el discurso <strong>\"La Patum, auto sacramental de liturgia, ritmo, m\u00fasica y fuego\"<\/strong>.<\/p><p><strong>Responde:<\/strong> <a href=\"https:\/\/raed.academy\/academicos\/dr-jose-angel-brandin-lorenzo\/\" target=\"_blank\" rel=\"noopener\"><strong>Excmo. Sr. Dr. Jos\u00e9 \u00c1ngel Brand\u00edn Lorenzo<\/strong><\/a>, Doctor en Gobierno y Cultura de las Organizaciones<\/p><p><strong>Lugar: <\/strong>[DP_Single_Event_Venue_Address]<\/p><p><strong>Fecha<\/strong>: Martes, [DP_Single_Event_Start_Date dem_start_date_format=\"d F Y\"]<\/p><p><strong>Hora<\/strong>: [DP_Single_Event_Start_Time] h<\/p><p><strong>Formato:<\/strong> Presencial<\/p><p>[\/et_pb_text][et_pb_divider show_divider=\"off\" _builder_version=\"4.9.7\" _module_preset=\"default\" global_colors_info=\"{}\"][\/et_pb_divider][\/et_pb_column][\/et_pb_row][\/et_pb_section]<\/p>","_et_gb_content_width":""},"class_list":["post-108268","dp_events","type-dp_events","status-publish","has-post-thumbnail","hentry","event_category-ingressos-dacademics"],"yoast_head":"<!-- This site is optimized with the Yoast SEO plugin v27.5 - https:\/\/yoast.com\/product\/yoast-seo-wordpress\/ -->\n<title>Ingr\u00e9s com a Acad\u00e8mic Corresponent del Dr. Carlos Cortina Riu - Reial Acad\u00e8mia Europea de Doctors<\/title>\n<meta name=\"description\" content=\"2 desembre 2021, el Dr. Carlos Cortina ingressa com a Acad\u00e8mic Corresponent de la Reial Acad\u00e8mia Europea de Doctors\" \/>\n<meta name=\"robots\" content=\"index, follow, max-snippet:-1, max-image-preview:large, max-video-preview:-1\" \/>\n<link rel=\"canonical\" href=\"https:\/\/raed.academy\/ca\/esdeveniments\/ingres-academic-corresponent-dr-carlos-cortina-riu\/\" \/>\n<meta property=\"og:locale\" content=\"ca_ES\" \/>\n<meta property=\"og:type\" content=\"article\" \/>\n<meta property=\"og:title\" content=\"Ingr\u00e9s com a Acad\u00e8mic Corresponent del Dr. Carlos Cortina Riu - Reial Acad\u00e8mia Europea de Doctors\" \/>\n<meta property=\"og:description\" content=\"2 desembre 2021, el Dr. Carlos Cortina ingressa com a Acad\u00e8mic Corresponent de la Reial Acad\u00e8mia Europea de Doctors\" \/>\n<meta property=\"og:url\" content=\"https:\/\/raed.academy\/ca\/esdeveniments\/ingres-academic-corresponent-dr-carlos-cortina-riu\/\" \/>\n<meta property=\"og:site_name\" content=\"Reial Acad\u00e8mia Europea de Doctors\" \/>\n<meta property=\"article:publisher\" content=\"http:\/\/fb.me\/raed.academy\" \/>\n<meta property=\"article:modified_time\" content=\"2022-07-11T10:06:01+00:00\" \/>\n<meta property=\"og:image\" content=\"https:\/\/raed.academy\/wp-content\/uploads\/2021\/11\/Carlos-Cortina-Riu-dst.webp\" \/>\n\t<meta property=\"og:image:width\" content=\"500\" \/>\n\t<meta property=\"og:image:height\" content=\"300\" \/>\n\t<meta property=\"og:image:type\" content=\"image\/webp\" \/>\n<meta name=\"twitter:card\" content=\"summary_large_image\" \/>\n<meta name=\"twitter:site\" content=\"@raedacademy\" \/>\n<meta name=\"twitter:label1\" content=\"Est. reading time\" \/>\n\t<meta name=\"twitter:data1\" content=\"2 minutes\" \/>\n<script type=\"application\/ld+json\" class=\"yoast-schema-graph\">{\"@context\":\"https:\\\/\\\/schema.org\",\"@graph\":[{\"@type\":\"WebPage\",\"@id\":\"https:\\\/\\\/raed.academy\\\/ca\\\/esdeveniments\\\/ingres-academic-corresponent-dr-carlos-cortina-riu\\\/\",\"url\":\"https:\\\/\\\/raed.academy\\\/ca\\\/esdeveniments\\\/ingres-academic-corresponent-dr-carlos-cortina-riu\\\/\",\"name\":\"Ingr\u00e9s com a Acad\u00e8mic Corresponent del Dr. Carlos Cortina Riu - Reial Acad\u00e8mia Europea de Doctors\",\"isPartOf\":{\"@id\":\"https:\\\/\\\/raed.academy\\\/ca\\\/#website\"},\"primaryImageOfPage\":{\"@id\":\"https:\\\/\\\/raed.academy\\\/ca\\\/esdeveniments\\\/ingres-academic-corresponent-dr-carlos-cortina-riu\\\/#primaryimage\"},\"image\":{\"@id\":\"https:\\\/\\\/raed.academy\\\/ca\\\/esdeveniments\\\/ingres-academic-corresponent-dr-carlos-cortina-riu\\\/#primaryimage\"},\"thumbnailUrl\":\"https:\\\/\\\/raed.academy\\\/wp-content\\\/uploads\\\/2021\\\/11\\\/Carlos-Cortina-Riu-dst.webp\",\"datePublished\":\"2021-12-02T09:00:44+00:00\",\"dateModified\":\"2022-07-11T10:06:01+00:00\",\"description\":\"2 desembre 2021, el Dr. Carlos Cortina ingressa com a Acad\u00e8mic Corresponent de la Reial Acad\u00e8mia Europea de Doctors\",\"breadcrumb\":{\"@id\":\"https:\\\/\\\/raed.academy\\\/ca\\\/esdeveniments\\\/ingres-academic-corresponent-dr-carlos-cortina-riu\\\/#breadcrumb\"},\"inLanguage\":\"ca-ES\",\"potentialAction\":[{\"@type\":\"ReadAction\",\"target\":[\"https:\\\/\\\/raed.academy\\\/ca\\\/esdeveniments\\\/ingres-academic-corresponent-dr-carlos-cortina-riu\\\/\"]}]},{\"@type\":\"ImageObject\",\"inLanguage\":\"ca-ES\",\"@id\":\"https:\\\/\\\/raed.academy\\\/ca\\\/esdeveniments\\\/ingres-academic-corresponent-dr-carlos-cortina-riu\\\/#primaryimage\",\"url\":\"https:\\\/\\\/raed.academy\\\/wp-content\\\/uploads\\\/2021\\\/11\\\/Carlos-Cortina-Riu-dst.webp\",\"contentUrl\":\"https:\\\/\\\/raed.academy\\\/wp-content\\\/uploads\\\/2021\\\/11\\\/Carlos-Cortina-Riu-dst.webp\",\"width\":500,\"height\":300,\"caption\":\"Dr. Carlos Cortina Riu\"},{\"@type\":\"BreadcrumbList\",\"@id\":\"https:\\\/\\\/raed.academy\\\/ca\\\/esdeveniments\\\/ingres-academic-corresponent-dr-carlos-cortina-riu\\\/#breadcrumb\",\"itemListElement\":[{\"@type\":\"ListItem\",\"position\":1,\"name\":\"Inicio\",\"item\":\"https:\\\/\\\/raed.academy\\\/ca\\\/\"},{\"@type\":\"ListItem\",\"position\":2,\"name\":\"Activitats\",\"item\":\"https:\\\/\\\/raed.academy\\\/ca\\\/esdeveniments\\\/\"},{\"@type\":\"ListItem\",\"position\":3,\"name\":\"Ingr\u00e9s com a Acad\u00e8mic Corresponent del Dr. Carlos Cortina Riu\"}]},{\"@type\":\"WebSite\",\"@id\":\"https:\\\/\\\/raed.academy\\\/ca\\\/#website\",\"url\":\"https:\\\/\\\/raed.academy\\\/ca\\\/\",\"name\":\"Reial Acad\u00e8mia Europea de Doctors\",\"description\":\"Corporaci\u00f3n de derecho p\u00fablico de car\u00e1cter cient\u00edfico, t\u00e9cnico y art\u00edstico, que tiene por objeto la investigaci\u00f3n, el estudio, el fomento y la extensi\u00f3n del conocimiento en su sentido m\u00e1s amplio\",\"publisher\":{\"@id\":\"https:\\\/\\\/raed.academy\\\/ca\\\/#organization\"},\"potentialAction\":[{\"@type\":\"SearchAction\",\"target\":{\"@type\":\"EntryPoint\",\"urlTemplate\":\"https:\\\/\\\/raed.academy\\\/ca\\\/?s={search_term_string}\"},\"query-input\":{\"@type\":\"PropertyValueSpecification\",\"valueRequired\":true,\"valueName\":\"search_term_string\"}}],\"inLanguage\":\"ca-ES\"},{\"@type\":\"Organization\",\"@id\":\"https:\\\/\\\/raed.academy\\\/ca\\\/#organization\",\"name\":\"Real Academia Europea de Doctores\",\"url\":\"https:\\\/\\\/raed.academy\\\/ca\\\/\",\"logo\":{\"@type\":\"ImageObject\",\"inLanguage\":\"ca-ES\",\"@id\":\"https:\\\/\\\/raed.academy\\\/ca\\\/#\\\/schema\\\/logo\\\/image\\\/\",\"url\":\"https:\\\/\\\/raed.academy\\\/wp-content\\\/uploads\\\/2017\\\/01\\\/cropped-logo_raed.png\",\"contentUrl\":\"https:\\\/\\\/raed.academy\\\/wp-content\\\/uploads\\\/2017\\\/01\\\/cropped-logo_raed.png\",\"width\":512,\"height\":512,\"caption\":\"Real Academia Europea de Doctores\"},\"image\":{\"@id\":\"https:\\\/\\\/raed.academy\\\/ca\\\/#\\\/schema\\\/logo\\\/image\\\/\"},\"sameAs\":[\"http:\\\/\\\/fb.me\\\/raed.academy\",\"https:\\\/\\\/x.com\\\/raedacademy\",\"https:\\\/\\\/www.instagram.com\\\/raed.academy\\\/\",\"https:\\\/\\\/www.youtube.com\\\/channel\\\/UCUYQwW2KrdirNWihxMDObwg\"]}]}<\/script>\n<!-- \/ Yoast SEO plugin. -->","yoast_head_json":{"title":"Ingr\u00e9s com a Acad\u00e8mic Corresponent del Dr. Carlos Cortina Riu - Reial Acad\u00e8mia Europea de Doctors","description":"2 desembre 2021, el Dr. Carlos Cortina ingressa com a Acad\u00e8mic Corresponent de la Reial Acad\u00e8mia Europea de Doctors","robots":{"index":"index","follow":"follow","max-snippet":"max-snippet:-1","max-image-preview":"max-image-preview:large","max-video-preview":"max-video-preview:-1"},"canonical":"https:\/\/raed.academy\/ca\/esdeveniments\/ingres-academic-corresponent-dr-carlos-cortina-riu\/","og_locale":"ca_ES","og_type":"article","og_title":"Ingr\u00e9s com a Acad\u00e8mic Corresponent del Dr. Carlos Cortina Riu - Reial Acad\u00e8mia Europea de Doctors","og_description":"2 desembre 2021, el Dr. Carlos Cortina ingressa com a Acad\u00e8mic Corresponent de la Reial Acad\u00e8mia Europea de Doctors","og_url":"https:\/\/raed.academy\/ca\/esdeveniments\/ingres-academic-corresponent-dr-carlos-cortina-riu\/","og_site_name":"Reial Acad\u00e8mia Europea de Doctors","article_publisher":"http:\/\/fb.me\/raed.academy","article_modified_time":"2022-07-11T10:06:01+00:00","og_image":[{"width":500,"height":300,"url":"https:\/\/raed.academy\/wp-content\/uploads\/2021\/11\/Carlos-Cortina-Riu-dst.webp","type":"image\/webp"}],"twitter_card":"summary_large_image","twitter_site":"@raedacademy","twitter_misc":{"Est. reading time":"2 minutes"},"schema":{"@context":"https:\/\/schema.org","@graph":[{"@type":"WebPage","@id":"https:\/\/raed.academy\/ca\/esdeveniments\/ingres-academic-corresponent-dr-carlos-cortina-riu\/","url":"https:\/\/raed.academy\/ca\/esdeveniments\/ingres-academic-corresponent-dr-carlos-cortina-riu\/","name":"Ingr\u00e9s com a Acad\u00e8mic Corresponent del Dr. Carlos Cortina Riu - Reial Acad\u00e8mia Europea de Doctors","isPartOf":{"@id":"https:\/\/raed.academy\/ca\/#website"},"primaryImageOfPage":{"@id":"https:\/\/raed.academy\/ca\/esdeveniments\/ingres-academic-corresponent-dr-carlos-cortina-riu\/#primaryimage"},"image":{"@id":"https:\/\/raed.academy\/ca\/esdeveniments\/ingres-academic-corresponent-dr-carlos-cortina-riu\/#primaryimage"},"thumbnailUrl":"https:\/\/raed.academy\/wp-content\/uploads\/2021\/11\/Carlos-Cortina-Riu-dst.webp","datePublished":"2021-12-02T09:00:44+00:00","dateModified":"2022-07-11T10:06:01+00:00","description":"2 desembre 2021, el Dr. Carlos Cortina ingressa com a Acad\u00e8mic Corresponent de la Reial Acad\u00e8mia Europea de Doctors","breadcrumb":{"@id":"https:\/\/raed.academy\/ca\/esdeveniments\/ingres-academic-corresponent-dr-carlos-cortina-riu\/#breadcrumb"},"inLanguage":"ca-ES","potentialAction":[{"@type":"ReadAction","target":["https:\/\/raed.academy\/ca\/esdeveniments\/ingres-academic-corresponent-dr-carlos-cortina-riu\/"]}]},{"@type":"ImageObject","inLanguage":"ca-ES","@id":"https:\/\/raed.academy\/ca\/esdeveniments\/ingres-academic-corresponent-dr-carlos-cortina-riu\/#primaryimage","url":"https:\/\/raed.academy\/wp-content\/uploads\/2021\/11\/Carlos-Cortina-Riu-dst.webp","contentUrl":"https:\/\/raed.academy\/wp-content\/uploads\/2021\/11\/Carlos-Cortina-Riu-dst.webp","width":500,"height":300,"caption":"Dr. Carlos Cortina Riu"},{"@type":"BreadcrumbList","@id":"https:\/\/raed.academy\/ca\/esdeveniments\/ingres-academic-corresponent-dr-carlos-cortina-riu\/#breadcrumb","itemListElement":[{"@type":"ListItem","position":1,"name":"Inicio","item":"https:\/\/raed.academy\/ca\/"},{"@type":"ListItem","position":2,"name":"Activitats","item":"https:\/\/raed.academy\/ca\/esdeveniments\/"},{"@type":"ListItem","position":3,"name":"Ingr\u00e9s com a Acad\u00e8mic Corresponent del Dr. Carlos Cortina Riu"}]},{"@type":"WebSite","@id":"https:\/\/raed.academy\/ca\/#website","url":"https:\/\/raed.academy\/ca\/","name":"Reial Acad\u00e8mia Europea de Doctors","description":"Corporaci\u00f3n de derecho p\u00fablico de car\u00e1cter cient\u00edfico, t\u00e9cnico y art\u00edstico, que tiene por objeto la investigaci\u00f3n, el estudio, el fomento y la extensi\u00f3n del conocimiento en su sentido m\u00e1s amplio","publisher":{"@id":"https:\/\/raed.academy\/ca\/#organization"},"potentialAction":[{"@type":"SearchAction","target":{"@type":"EntryPoint","urlTemplate":"https:\/\/raed.academy\/ca\/?s={search_term_string}"},"query-input":{"@type":"PropertyValueSpecification","valueRequired":true,"valueName":"search_term_string"}}],"inLanguage":"ca-ES"},{"@type":"Organization","@id":"https:\/\/raed.academy\/ca\/#organization","name":"Real Academia Europea de Doctores","url":"https:\/\/raed.academy\/ca\/","logo":{"@type":"ImageObject","inLanguage":"ca-ES","@id":"https:\/\/raed.academy\/ca\/#\/schema\/logo\/image\/","url":"https:\/\/raed.academy\/wp-content\/uploads\/2017\/01\/cropped-logo_raed.png","contentUrl":"https:\/\/raed.academy\/wp-content\/uploads\/2017\/01\/cropped-logo_raed.png","width":512,"height":512,"caption":"Real Academia Europea de Doctores"},"image":{"@id":"https:\/\/raed.academy\/ca\/#\/schema\/logo\/image\/"},"sameAs":["http:\/\/fb.me\/raed.academy","https:\/\/x.com\/raedacademy","https:\/\/www.instagram.com\/raed.academy\/","https:\/\/www.youtube.com\/channel\/UCUYQwW2KrdirNWihxMDObwg"]}]}},"_links":{"self":[{"href":"https:\/\/raed.academy\/ca\/wp-json\/wp\/v2\/dp_events\/108268","targetHints":{"allow":["GET"]}}],"collection":[{"href":"https:\/\/raed.academy\/ca\/wp-json\/wp\/v2\/dp_events"}],"about":[{"href":"https:\/\/raed.academy\/ca\/wp-json\/wp\/v2\/types\/dp_events"}],"wp:featuredmedia":[{"embeddable":true,"href":"https:\/\/raed.academy\/ca\/wp-json\/wp\/v2\/media\/108146"}],"wp:attachment":[{"href":"https:\/\/raed.academy\/ca\/wp-json\/wp\/v2\/media?parent=108268"}],"curies":[{"name":"wp","href":"https:\/\/api.w.org\/{rel}","templated":true}]}}