{"id":108238,"date":"2021-11-12T13:11:32","date_gmt":"2021-11-12T13:11:32","guid":{"rendered":"https:\/\/raed.academy\/?post_type=dp_events&#038;p=108238"},"modified":"2021-11-12T17:11:13","modified_gmt":"2021-11-12T17:11:13","slug":"taula-rodona-impulsores-de-cambio-en-el-ecosistema-legal","status":"publish","type":"dp_events","link":"https:\/\/raed.academy\/ca\/esdeveniments\/taula-rodona-impulsores-de-cambio-en-el-ecosistema-legal\/","title":{"rendered":"Taula rodona: &#8220;Impulsores de cambio en el ecosistema legal&#8221;"},"content":{"rendered":"<p>[et_pb_section fb_built=&#8221;1&#8243; admin_label=&#8221;section&#8221; _builder_version=&#8221;3.22&#8243; global_colors_info=&#8221;{}&#8221;][et_pb_row _builder_version=&#8221;4.12.0&#8243; background_size=&#8221;initial&#8221; background_position=&#8221;top_left&#8221; background_repeat=&#8221;repeat&#8221; max_width=&#8221;1400px&#8221; locked=&#8221;off&#8221; global_colors_info=&#8221;{}&#8221;][et_pb_column type=&#8221;4_4&#8243; _builder_version=&#8221;3.25&#8243; custom_padding=&#8221;|||&#8221; global_colors_info=&#8221;{}&#8221; custom_padding__hover=&#8221;|||&#8221;][et_pb_post_title meta=&#8221;off&#8221; featured_image=&#8221;off&#8221; _builder_version=&#8221;4.12.0&#8243; _module_preset=&#8221;default&#8221; global_colors_info=&#8221;{}&#8221;][\/et_pb_post_title][et_pb_text _builder_version=&#8221;4.12.0&#8243; background_size=&#8221;initial&#8221; background_position=&#8221;top_left&#8221; background_repeat=&#8221;repeat&#8221; global_colors_info=&#8221;{}&#8221;]<\/p>\n<p><strong><img loading=\"lazy\" decoding=\"async\" class=\"alignright wp-image-81185\" src=\"https:\/\/raed.academy\/wp-content\/uploads\/2019\/10\/shutterstock_garantias-procesales-justicia-dst.jpg\" sizes=\"(max-width: 550px) 100vw, 550px\" srcset=\"https:\/\/raed.academy\/wp-content\/uploads\/2019\/10\/shutterstock_garantias-procesales-justicia-dst.jpg 1000w, https:\/\/raed.academy\/wp-content\/uploads\/2019\/10\/shutterstock_garantias-procesales-justicia-dst-768x323.jpg 768w\" alt=\"\" width=\"519\" height=\"218\" \/>Lloc<\/strong>: Edifici Foment del Treball, Sala C. Via Laietana, 32, principal, Barcelona<\/p>\n<p><strong>Data<\/strong>: Dimarts, 23 Novembre 2021<\/p>\n<p><strong>Hora<\/strong>: 18:30 h a 20:00 h<\/p>\n<p><strong>Organitza<\/strong>: Secci\u00f3 de Ci\u00e8ncies Socials RAED<\/p>\n<h2>Descripci\u00f3 y participants<\/h2>\n<p>Amb l&#8217;objectiu de brindar assist\u00e8ncia a la comunitat legal global en aquests temps incerts i complexos ia causa de l&#8217;aclaparador volum i la dispersi\u00f3 de la informaci\u00f3 disponible pel que fa als problemes que configuren l&#8217;ecosistema legal global, la <strong>International Bar Association<\/strong> va sol\u00b7licitar un informe sobre els impulsors de canvi en els serveis legals a l&#8217;Acad\u00e8mica <a href=\"https:\/\/raed.academy\/ca\/academics\/dra-maria-jose-esteban-ferrer\/\"><strong>Mar\u00eda Jos\u00e9 Esteban Ferrer<\/strong><\/a>, els resultats dels quals es debatran en aquesta sessi\u00f3.<\/p>\n<p><strong>Coordinen:<\/strong><\/p>\n<ul>\n<li><strong><a href=\"https:\/\/raed.academy\/academicos\/dr-pedro-nueno-iniesta\/\" target=\"_blank\" rel=\"noopener\">Pedro Nueno<\/a>.<\/strong> Acad\u00e8mic Numerari i President de la Secci\u00f3 de Ci\u00e8ncies Socials de la RAED.<\/li>\n<li><a href=\"https:\/\/raed.academy\/ca\/academics\/dra-maria-jose-esteban-ferrer\/\"><strong>Mar\u00eda Jos\u00e9 Esteban<\/strong><\/a>, Acad\u00e8mica Numer\u00e0ria i Vicepresidenta de la Secci\u00f3 de Ci\u00e8ncies Socials de la RAED.<\/li>\n<\/ul>\n<p><strong>Ponents:<\/strong><\/p>\n<ul>\n<li><strong>Soledad Atienza.<\/strong> Degana de la Facultat de Dret de l&#8217;Institut d&#8217;Empresa.<\/li>\n<li><strong><a href=\"https:\/\/raed.academy\/academicos\/dr-santiago-jose-castella-surribas\/\" target=\"_blank\" rel=\"noopener\">Santiago Castell\u00e0<\/a>.<\/strong> Acad\u00e8mic Numerari.<\/li>\n<li><strong><a href=\"https:\/\/raed.academy\/ca\/academics\/dra-maria-jose-esteban-ferrer\/\">Mar\u00eda Jos\u00e9 Esteban<\/a>.<\/strong> Acad\u00e8mica Numer\u00e0ria.<\/li>\n<\/ul>\n<h2><a href=\"https:\/\/www.ibanet.org\/Future-of-Legal-Services-Commission\" target=\"_blank\" rel=\"noopener\">Issues shaping the global legal ecosystem: Drivers for change in legal services &#8211; part two<\/a><\/h2>\n<p>[\/et_pb_text][\/et_pb_column][\/et_pb_row][et_pb_row column_structure=&#8221;2_3,1_3&#8243; _builder_version=&#8221;4.11.3&#8243; _module_preset=&#8221;default&#8221; locked=&#8221;off&#8221; global_colors_info=&#8221;{}&#8221;][et_pb_column type=&#8221;2_3&#8243; _builder_version=&#8221;4.11.3&#8243; _module_preset=&#8221;default&#8221; global_colors_info=&#8221;{}&#8221;][et_pb_code admin_label=&#8221;C\u00f3digo &#8211; organizadores&#8221; _builder_version=&#8221;4.12.0&#8243; _module_preset=&#8221;default&#8221; global_colors_info=&#8221;{}&#8221;]<pee class=\"ttl-colaboradores\">Organitza:<\/pee><!-- [et_pb_line_break_holder] --><\/p>\n<div id=\"organizadores\"><!-- [et_pb_line_break_holder] --><\/p>\n<div class=\"logo-colaborador\"><a href=\"https:\/\/fundacionraed.org\/\" target=\"_blank\" rel=\"noopener noreferrer\"><img decoding=\"async\" src=\"https:\/\/raed.academy\/wp-content\/uploads\/2021\/10\/Logo-Fundacion-RAED-160px.jpg\" alt=\"Fundaci\u00f3n RAED\"><\/p>\n<div class=\"txt\"><\/div>\n<p><\/a><\/div>\n<p><!-- [et_pb_line_break_holder] --><!-- [et_pb_line_break_holder] --><\/p>\n<div class=\"logo-colaborador\"><a href=\"https:\/\/raed.academy\/ca\/\" target=\"_blank\" rel=\"noopener noreferrer\"><img decoding=\"async\" src=\"https:\/\/raed.academy\/wp-content\/uploads\/2021\/10\/Logo-RAED-160px.jpg\" alt=\"Real Academia Europea de Doctores RAED\"><\/p>\n<div class=\"txt\"><\/div>\n<p><\/a><\/div>\n<p><!-- [et_pb_line_break_holder] --><\/div>\n<p>[\/et_pb_code][\/et_pb_column][et_pb_column type=&#8221;1_3&#8243; _builder_version=&#8221;4.11.3&#8243; _module_preset=&#8221;default&#8221; global_colors_info=&#8221;{}&#8221;][et_pb_code admin_label=&#8221;C\u00f3digo &#8211; colaboradores&#8221; _builder_version=&#8221;4.12.0&#8243; _module_preset=&#8221;default&#8221; global_colors_info=&#8221;{}&#8221;]<pee class=\"ttl-colaboradores\">Amb la col\u00b7laboraci\u00f3 de:<\/pee><!-- [et_pb_line_break_holder] --><\/p>\n<div id=\"colaboradores\"><!-- [et_pb_line_break_holder] --><\/p>\n<div class=\"logo-colaborador\"><!-- [et_pb_line_break_holder] --><\/p>\n<div class=\"txt-circular\"><\/div>\n<p><!-- [et_pb_line_break_holder] -->  <a href=\"http:\/\/justicia.gencat.cat\/ca\/inici\" target=\"_blank\" rel=\"noopener noreferrer\"><img decoding=\"async\" src=\"https:\/\/raed.academy\/wp-content\/uploads\/2021\/10\/Generalitat-de-Catalunya-dept-Justicia-215px.jpg\" alt=\"Generalitat de catalunya\"><\/a><\/div>\n<p><!-- [et_pb_line_break_holder] --><\/div>\n<p>[\/et_pb_code][\/et_pb_column][\/et_pb_row][\/et_pb_section]<\/p>\n","protected":false},"excerpt":{"rendered":"<p>Els impulsors de canvi i problemes que configuren l&#8217;ecosistema legal global en temps incerts i complexos. Coordinen: Dra. Maria Jos\u00e9 Esteban Ferrer i Dr. Pedro Nueno. Ponents: Soledad Atienza i Santiago Castell\u00e0<\/p>\n","protected":false},"featured_media":81186,"template":"","meta":{"_et_pb_use_builder":"on","_et_pb_old_content":"<p>[et_pb_section fb_built=\"1\" admin_label=\"section\" _builder_version=\"3.22\" global_colors_info=\"{}\"][et_pb_row _builder_version=\"4.12.0\" background_size=\"initial\" background_position=\"top_left\" background_repeat=\"repeat\" max_width=\"1400px\" locked=\"off\" global_colors_info=\"{}\"][et_pb_column type=\"4_4\" _builder_version=\"3.25\" custom_padding=\"|||\" global_colors_info=\"{}\" custom_padding__hover=\"|||\"][et_pb_post_title meta=\"off\" featured_image=\"off\" _builder_version=\"4.12.0\" _module_preset=\"default\" global_colors_info=\"{}\"][\/et_pb_post_title][et_pb_text _builder_version=\"4.12.0\" background_size=\"initial\" background_position=\"top_left\" background_repeat=\"repeat\" hover_enabled=\"0\" global_colors_info=\"{}\" sticky_enabled=\"0\"]<\/p><p><strong>Lugar<\/strong>: [DP_Single_Event_Venue_Address]<\/p><p><strong>Fecha<\/strong>: Martes, [DP_Single_Event_Start_Date dem_start_date_format=\"d F Y\"]<\/p><p><strong>Hora<\/strong>: [DP_Single_Event_Start_Time] h a [DP_Single_Event_End_Time] h<\/p><p><strong>Organiza<\/strong>: [DP_Single_Event_Organizer_Name]<\/p><h2>Descripci\u00f3n y participantes<\/h2><p>Con el objetivo de brindar asistencia a la comunidad legal global en estos tiempos inciertos y complejos y debido al abrumador volumen y la dispersi\u00f3n de la informaci\u00f3n disponible con respecto a los problemas que configuran el ecosistema legal global, la <strong>International Bar Association<\/strong> solicit\u00f3 un informe sobre los impulsores de cambio en los servicios legales a la Acad\u00e9mica <a href=\"https:\/\/raed.academy\/academicos\/dra-maria-jose-esteban-ferrer\/\" target=\"_blank\" rel=\"noopener\"><strong>Mar\u00eda Jos\u00e9 Esteban Ferrer<\/strong><\/a>, cuyos resultados se debatir\u00e1n en esta sesi\u00f3n.<\/p><p><strong>Coordinan:<\/strong><\/p><ul><li><strong><a href=\"https:\/\/raed.academy\/academicos\/dr-pedro-nueno-iniesta\/\" target=\"_blank\" rel=\"noopener\">Pedro Nueno<\/a>.<\/strong> Acad\u00e9mico Numerario y Presidente de la Secci\u00f3n de Ciencias Sociales de la RAED.<\/li><li><strong><a href=\"https:\/\/raed.academy\/academicos\/dra-maria-jose-esteban-ferrer\/\" target=\"_blank\" rel=\"noopener\">Mar\u00eda Jos\u00e9 Esteban<\/a><\/strong>, Acad\u00e9mica Numeraria y Vicepresidenta de la Secci\u00f3n de Ciencias Sociales de la RAED.<\/li><\/ul><p><strong>Ponentes:<\/strong><\/p><ul><li><strong>Soledad Atienza.<\/strong> Decana de la Facultad de Derecho del Instituto de Empresa.<\/li><li><strong><a href=\"https:\/\/raed.academy\/academicos\/dr-santiago-jose-castella-surribas\/\" target=\"_blank\" rel=\"noopener\">Santiago Castell\u00e0<\/a>.<\/strong> Acad\u00e9mico Numerario.<\/li><li><strong><a href=\"https:\/\/raed.academy\/academicos\/dra-maria-jose-esteban-ferrer\/\" target=\"_blank\" rel=\"noopener\">Mar\u00eda Jos\u00e9 Esteban<\/a>.<\/strong> Acad\u00e9mica Numeraria.<\/li><\/ul><h2><a href=\"https:\/\/www.ibanet.org\/Future-of-Legal-Services-Commission\" target=\"_blank\" rel=\"noopener\">Issues shaping the global legal ecosystem: Drivers for change in legal services - part two<\/a><\/h2><p>[\/et_pb_text][\/et_pb_column][\/et_pb_row][et_pb_row column_structure=\"2_3,1_3\" admin_label=\"Fila\" _builder_version=\"4.11.3\" _module_preset=\"default\" locked=\"off\" global_colors_info=\"{}\"][et_pb_column type=\"2_3\" _builder_version=\"4.11.3\" _module_preset=\"default\" global_colors_info=\"{}\"][et_pb_code admin_label=\"C\u00f3digo - organizadores\" _builder_version=\"4.12.0\" _module_preset=\"default\" global_colors_info=\"{}\"]<\/p><p class=\"ttl-colaboradores\">Organiza:<\/p><p><!-- [et_pb_line_break_holder] --><\/p><div id=\"organizadores\"><!-- [et_pb_line_break_holder] --><div class=\"logo-colaborador\"><a href=\"https:\/\/fundacionraed.org\/\" target=\"_blank\" rel=\"noopener noreferrer\"><img src=\"https:\/\/raed.academy\/wp-content\/uploads\/2021\/10\/Logo-Fundacion-RAED-160px.jpg\" alt=\"Fundaci\u00f3n RAED\" \/><\/a><div class=\"txt\">\u00a0<\/div><p>\u00a0<\/p><\/div><p><!-- [et_pb_line_break_holder] --><!-- [et_pb_line_break_holder] --><\/p><div class=\"logo-colaborador\"><a href=\"https:\/\/raed.academy\/\" target=\"_blank\" rel=\"noopener noreferrer\"><img src=\"https:\/\/raed.academy\/wp-content\/uploads\/2021\/10\/Logo-RAED-160px.jpg\" alt=\"Real Academia Europea de Doctores RAED\" \/><\/a><div class=\"txt\">\u00a0<\/div><p>\u00a0<\/p><\/div><p><!-- [et_pb_line_break_holder] --><\/p><\/div><p>[\/et_pb_code][\/et_pb_column][et_pb_column type=\"1_3\" _builder_version=\"4.11.3\" _module_preset=\"default\" global_colors_info=\"{}\"][et_pb_code admin_label=\"C\u00f3digo - colaboradores\" _builder_version=\"4.12.0\" _module_preset=\"default\" global_colors_info=\"{}\"]<\/p><p class=\"ttl-colaboradores\">Con la colaboraci\u00f3n de:<\/p><p><!-- [et_pb_line_break_holder] --><\/p><div id=\"colaboradores\"><!-- [et_pb_line_break_holder] --> <!-- [et_pb_line_break_holder] --><div class=\"logo-colaborador\"><!-- [et_pb_line_break_holder] --><div class=\"txt-circular\">\u00a0<\/div><p><!-- [et_pb_line_break_holder] --> <a href=\"http:\/\/justicia.gencat.cat\/ca\/inici\" target=\"_blank\" rel=\"noopener noreferrer\"><img src=\"https:\/\/raed.academy\/wp-content\/uploads\/2021\/10\/Generalitat-de-Catalunya-dept-Justicia-215px.jpg\" alt=\"Generalitat de catalunya\" \/><\/a><\/p><\/div><p><!-- [et_pb_line_break_holder] --><\/p><\/div><p>[\/et_pb_code][\/et_pb_column][\/et_pb_row][\/et_pb_section]<\/p>","_et_gb_content_width":""},"class_list":["post-108238","dp_events","type-dp_events","status-publish","has-post-thumbnail","hentry"],"yoast_head":"<!-- This site is optimized with the Yoast SEO plugin v27.5 - https:\/\/yoast.com\/product\/yoast-seo-wordpress\/ -->\n<title>Taula rodona: &quot;Impulsores de cambio en el ecosistema legal&quot; - Reial Acad\u00e8mia Europea de Doctors<\/title>\n<meta name=\"description\" content=\"Debat el 23\/nov\/2021: Taula rodona sobre els problemes que configuren l&#039;ecosistema legal global, els impulsors de canvi, ...\" \/>\n<meta name=\"robots\" content=\"index, follow, max-snippet:-1, max-image-preview:large, max-video-preview:-1\" \/>\n<link rel=\"canonical\" href=\"https:\/\/raed.academy\/ca\/esdeveniments\/taula-rodona-impulsores-de-cambio-en-el-ecosistema-legal\/\" \/>\n<meta property=\"og:locale\" content=\"ca_ES\" \/>\n<meta property=\"og:type\" content=\"article\" \/>\n<meta property=\"og:title\" content=\"Taula rodona: &quot;Impulsores de cambio en el ecosistema legal&quot; - Reial Acad\u00e8mia Europea de Doctors\" \/>\n<meta property=\"og:description\" content=\"Debat el 23\/nov\/2021: Taula rodona sobre els problemes que configuren l&#039;ecosistema legal global, els impulsors de canvi, ...\" \/>\n<meta property=\"og:url\" content=\"https:\/\/raed.academy\/ca\/esdeveniments\/taula-rodona-impulsores-de-cambio-en-el-ecosistema-legal\/\" \/>\n<meta property=\"og:site_name\" content=\"Reial Acad\u00e8mia Europea de Doctors\" \/>\n<meta property=\"article:publisher\" content=\"http:\/\/fb.me\/raed.academy\" \/>\n<meta property=\"article:modified_time\" content=\"2021-11-12T17:11:13+00:00\" \/>\n<meta property=\"og:image\" content=\"https:\/\/raed.academy\/wp-content\/uploads\/2019\/10\/shutterstock_garantias-procesales-justicia-dst.jpg\" \/>\n\t<meta property=\"og:image:width\" content=\"1000\" \/>\n\t<meta property=\"og:image:height\" content=\"420\" \/>\n\t<meta property=\"og:image:type\" content=\"image\/jpeg\" \/>\n<meta name=\"twitter:card\" content=\"summary_large_image\" \/>\n<meta name=\"twitter:site\" content=\"@raedacademy\" \/>\n<meta name=\"twitter:label1\" content=\"Est. reading time\" \/>\n\t<meta name=\"twitter:data1\" content=\"2 minutes\" \/>\n<script type=\"application\/ld+json\" class=\"yoast-schema-graph\">{\"@context\":\"https:\\\/\\\/schema.org\",\"@graph\":[{\"@type\":\"WebPage\",\"@id\":\"https:\\\/\\\/raed.academy\\\/ca\\\/esdeveniments\\\/taula-rodona-impulsores-de-cambio-en-el-ecosistema-legal\\\/\",\"url\":\"https:\\\/\\\/raed.academy\\\/ca\\\/esdeveniments\\\/taula-rodona-impulsores-de-cambio-en-el-ecosistema-legal\\\/\",\"name\":\"Taula rodona: \\\"Impulsores de cambio en el ecosistema legal\\\" - Reial Acad\u00e8mia Europea de Doctors\",\"isPartOf\":{\"@id\":\"https:\\\/\\\/raed.academy\\\/ca\\\/#website\"},\"primaryImageOfPage\":{\"@id\":\"https:\\\/\\\/raed.academy\\\/ca\\\/esdeveniments\\\/taula-rodona-impulsores-de-cambio-en-el-ecosistema-legal\\\/#primaryimage\"},\"image\":{\"@id\":\"https:\\\/\\\/raed.academy\\\/ca\\\/esdeveniments\\\/taula-rodona-impulsores-de-cambio-en-el-ecosistema-legal\\\/#primaryimage\"},\"thumbnailUrl\":\"https:\\\/\\\/raed.academy\\\/wp-content\\\/uploads\\\/2019\\\/10\\\/shutterstock_garantias-procesales-justicia-dst.jpg\",\"datePublished\":\"2021-11-12T13:11:32+00:00\",\"dateModified\":\"2021-11-12T17:11:13+00:00\",\"description\":\"Debat el 23\\\/nov\\\/2021: Taula rodona sobre els problemes que configuren l'ecosistema legal global, els impulsors de canvi, ...\",\"breadcrumb\":{\"@id\":\"https:\\\/\\\/raed.academy\\\/ca\\\/esdeveniments\\\/taula-rodona-impulsores-de-cambio-en-el-ecosistema-legal\\\/#breadcrumb\"},\"inLanguage\":\"ca-ES\",\"potentialAction\":[{\"@type\":\"ReadAction\",\"target\":[\"https:\\\/\\\/raed.academy\\\/ca\\\/esdeveniments\\\/taula-rodona-impulsores-de-cambio-en-el-ecosistema-legal\\\/\"]}]},{\"@type\":\"ImageObject\",\"inLanguage\":\"ca-ES\",\"@id\":\"https:\\\/\\\/raed.academy\\\/ca\\\/esdeveniments\\\/taula-rodona-impulsores-de-cambio-en-el-ecosistema-legal\\\/#primaryimage\",\"url\":\"https:\\\/\\\/raed.academy\\\/wp-content\\\/uploads\\\/2019\\\/10\\\/shutterstock_garantias-procesales-justicia-dst.jpg\",\"contentUrl\":\"https:\\\/\\\/raed.academy\\\/wp-content\\\/uploads\\\/2019\\\/10\\\/shutterstock_garantias-procesales-justicia-dst.jpg\",\"width\":1000,\"height\":420},{\"@type\":\"BreadcrumbList\",\"@id\":\"https:\\\/\\\/raed.academy\\\/ca\\\/esdeveniments\\\/taula-rodona-impulsores-de-cambio-en-el-ecosistema-legal\\\/#breadcrumb\",\"itemListElement\":[{\"@type\":\"ListItem\",\"position\":1,\"name\":\"Inicio\",\"item\":\"https:\\\/\\\/raed.academy\\\/ca\\\/\"},{\"@type\":\"ListItem\",\"position\":2,\"name\":\"Activitats\",\"item\":\"https:\\\/\\\/raed.academy\\\/ca\\\/esdeveniments\\\/\"},{\"@type\":\"ListItem\",\"position\":3,\"name\":\"Taula rodona: \u00abImpulsores de cambio en el ecosistema legal\u00bb\"}]},{\"@type\":\"WebSite\",\"@id\":\"https:\\\/\\\/raed.academy\\\/ca\\\/#website\",\"url\":\"https:\\\/\\\/raed.academy\\\/ca\\\/\",\"name\":\"Reial Acad\u00e8mia Europea de Doctors\",\"description\":\"Corporaci\u00f3n de derecho p\u00fablico de car\u00e1cter cient\u00edfico, t\u00e9cnico y art\u00edstico, que tiene por objeto la investigaci\u00f3n, el estudio, el fomento y la extensi\u00f3n del conocimiento en su sentido m\u00e1s amplio\",\"publisher\":{\"@id\":\"https:\\\/\\\/raed.academy\\\/ca\\\/#organization\"},\"potentialAction\":[{\"@type\":\"SearchAction\",\"target\":{\"@type\":\"EntryPoint\",\"urlTemplate\":\"https:\\\/\\\/raed.academy\\\/ca\\\/?s={search_term_string}\"},\"query-input\":{\"@type\":\"PropertyValueSpecification\",\"valueRequired\":true,\"valueName\":\"search_term_string\"}}],\"inLanguage\":\"ca-ES\"},{\"@type\":\"Organization\",\"@id\":\"https:\\\/\\\/raed.academy\\\/ca\\\/#organization\",\"name\":\"Real Academia Europea de Doctores\",\"url\":\"https:\\\/\\\/raed.academy\\\/ca\\\/\",\"logo\":{\"@type\":\"ImageObject\",\"inLanguage\":\"ca-ES\",\"@id\":\"https:\\\/\\\/raed.academy\\\/ca\\\/#\\\/schema\\\/logo\\\/image\\\/\",\"url\":\"https:\\\/\\\/raed.academy\\\/wp-content\\\/uploads\\\/2017\\\/01\\\/cropped-logo_raed.png\",\"contentUrl\":\"https:\\\/\\\/raed.academy\\\/wp-content\\\/uploads\\\/2017\\\/01\\\/cropped-logo_raed.png\",\"width\":512,\"height\":512,\"caption\":\"Real Academia Europea de Doctores\"},\"image\":{\"@id\":\"https:\\\/\\\/raed.academy\\\/ca\\\/#\\\/schema\\\/logo\\\/image\\\/\"},\"sameAs\":[\"http:\\\/\\\/fb.me\\\/raed.academy\",\"https:\\\/\\\/x.com\\\/raedacademy\",\"https:\\\/\\\/www.instagram.com\\\/raed.academy\\\/\",\"https:\\\/\\\/www.youtube.com\\\/channel\\\/UCUYQwW2KrdirNWihxMDObwg\"]}]}<\/script>\n<!-- \/ Yoast SEO plugin. -->","yoast_head_json":{"title":"Taula rodona: \"Impulsores de cambio en el ecosistema legal\" - Reial Acad\u00e8mia Europea de Doctors","description":"Debat el 23\/nov\/2021: Taula rodona sobre els problemes que configuren l'ecosistema legal global, els impulsors de canvi, ...","robots":{"index":"index","follow":"follow","max-snippet":"max-snippet:-1","max-image-preview":"max-image-preview:large","max-video-preview":"max-video-preview:-1"},"canonical":"https:\/\/raed.academy\/ca\/esdeveniments\/taula-rodona-impulsores-de-cambio-en-el-ecosistema-legal\/","og_locale":"ca_ES","og_type":"article","og_title":"Taula rodona: \"Impulsores de cambio en el ecosistema legal\" - Reial Acad\u00e8mia Europea de Doctors","og_description":"Debat el 23\/nov\/2021: Taula rodona sobre els problemes que configuren l'ecosistema legal global, els impulsors de canvi, ...","og_url":"https:\/\/raed.academy\/ca\/esdeveniments\/taula-rodona-impulsores-de-cambio-en-el-ecosistema-legal\/","og_site_name":"Reial Acad\u00e8mia Europea de Doctors","article_publisher":"http:\/\/fb.me\/raed.academy","article_modified_time":"2021-11-12T17:11:13+00:00","og_image":[{"width":1000,"height":420,"url":"https:\/\/raed.academy\/wp-content\/uploads\/2019\/10\/shutterstock_garantias-procesales-justicia-dst.jpg","type":"image\/jpeg"}],"twitter_card":"summary_large_image","twitter_site":"@raedacademy","twitter_misc":{"Est. reading time":"2 minutes"},"schema":{"@context":"https:\/\/schema.org","@graph":[{"@type":"WebPage","@id":"https:\/\/raed.academy\/ca\/esdeveniments\/taula-rodona-impulsores-de-cambio-en-el-ecosistema-legal\/","url":"https:\/\/raed.academy\/ca\/esdeveniments\/taula-rodona-impulsores-de-cambio-en-el-ecosistema-legal\/","name":"Taula rodona: \"Impulsores de cambio en el ecosistema legal\" - Reial Acad\u00e8mia Europea de Doctors","isPartOf":{"@id":"https:\/\/raed.academy\/ca\/#website"},"primaryImageOfPage":{"@id":"https:\/\/raed.academy\/ca\/esdeveniments\/taula-rodona-impulsores-de-cambio-en-el-ecosistema-legal\/#primaryimage"},"image":{"@id":"https:\/\/raed.academy\/ca\/esdeveniments\/taula-rodona-impulsores-de-cambio-en-el-ecosistema-legal\/#primaryimage"},"thumbnailUrl":"https:\/\/raed.academy\/wp-content\/uploads\/2019\/10\/shutterstock_garantias-procesales-justicia-dst.jpg","datePublished":"2021-11-12T13:11:32+00:00","dateModified":"2021-11-12T17:11:13+00:00","description":"Debat el 23\/nov\/2021: Taula rodona sobre els problemes que configuren l'ecosistema legal global, els impulsors de canvi, ...","breadcrumb":{"@id":"https:\/\/raed.academy\/ca\/esdeveniments\/taula-rodona-impulsores-de-cambio-en-el-ecosistema-legal\/#breadcrumb"},"inLanguage":"ca-ES","potentialAction":[{"@type":"ReadAction","target":["https:\/\/raed.academy\/ca\/esdeveniments\/taula-rodona-impulsores-de-cambio-en-el-ecosistema-legal\/"]}]},{"@type":"ImageObject","inLanguage":"ca-ES","@id":"https:\/\/raed.academy\/ca\/esdeveniments\/taula-rodona-impulsores-de-cambio-en-el-ecosistema-legal\/#primaryimage","url":"https:\/\/raed.academy\/wp-content\/uploads\/2019\/10\/shutterstock_garantias-procesales-justicia-dst.jpg","contentUrl":"https:\/\/raed.academy\/wp-content\/uploads\/2019\/10\/shutterstock_garantias-procesales-justicia-dst.jpg","width":1000,"height":420},{"@type":"BreadcrumbList","@id":"https:\/\/raed.academy\/ca\/esdeveniments\/taula-rodona-impulsores-de-cambio-en-el-ecosistema-legal\/#breadcrumb","itemListElement":[{"@type":"ListItem","position":1,"name":"Inicio","item":"https:\/\/raed.academy\/ca\/"},{"@type":"ListItem","position":2,"name":"Activitats","item":"https:\/\/raed.academy\/ca\/esdeveniments\/"},{"@type":"ListItem","position":3,"name":"Taula rodona: \u00abImpulsores de cambio en el ecosistema legal\u00bb"}]},{"@type":"WebSite","@id":"https:\/\/raed.academy\/ca\/#website","url":"https:\/\/raed.academy\/ca\/","name":"Reial Acad\u00e8mia Europea de Doctors","description":"Corporaci\u00f3n de derecho p\u00fablico de car\u00e1cter cient\u00edfico, t\u00e9cnico y art\u00edstico, que tiene por objeto la investigaci\u00f3n, el estudio, el fomento y la extensi\u00f3n del conocimiento en su sentido m\u00e1s amplio","publisher":{"@id":"https:\/\/raed.academy\/ca\/#organization"},"potentialAction":[{"@type":"SearchAction","target":{"@type":"EntryPoint","urlTemplate":"https:\/\/raed.academy\/ca\/?s={search_term_string}"},"query-input":{"@type":"PropertyValueSpecification","valueRequired":true,"valueName":"search_term_string"}}],"inLanguage":"ca-ES"},{"@type":"Organization","@id":"https:\/\/raed.academy\/ca\/#organization","name":"Real Academia Europea de Doctores","url":"https:\/\/raed.academy\/ca\/","logo":{"@type":"ImageObject","inLanguage":"ca-ES","@id":"https:\/\/raed.academy\/ca\/#\/schema\/logo\/image\/","url":"https:\/\/raed.academy\/wp-content\/uploads\/2017\/01\/cropped-logo_raed.png","contentUrl":"https:\/\/raed.academy\/wp-content\/uploads\/2017\/01\/cropped-logo_raed.png","width":512,"height":512,"caption":"Real Academia Europea de Doctores"},"image":{"@id":"https:\/\/raed.academy\/ca\/#\/schema\/logo\/image\/"},"sameAs":["http:\/\/fb.me\/raed.academy","https:\/\/x.com\/raedacademy","https:\/\/www.instagram.com\/raed.academy\/","https:\/\/www.youtube.com\/channel\/UCUYQwW2KrdirNWihxMDObwg"]}]}},"_links":{"self":[{"href":"https:\/\/raed.academy\/ca\/wp-json\/wp\/v2\/dp_events\/108238","targetHints":{"allow":["GET"]}}],"collection":[{"href":"https:\/\/raed.academy\/ca\/wp-json\/wp\/v2\/dp_events"}],"about":[{"href":"https:\/\/raed.academy\/ca\/wp-json\/wp\/v2\/types\/dp_events"}],"wp:featuredmedia":[{"embeddable":true,"href":"https:\/\/raed.academy\/ca\/wp-json\/wp\/v2\/media\/81186"}],"wp:attachment":[{"href":"https:\/\/raed.academy\/ca\/wp-json\/wp\/v2\/media?parent=108238"}],"curies":[{"name":"wp","href":"https:\/\/api.w.org\/{rel}","templated":true}]}}