{"id":107567,"date":"2021-11-13T13:36:58","date_gmt":"2021-11-13T13:36:58","guid":{"rendered":"https:\/\/raed.academy\/?post_type=dp_events&#038;p=107567"},"modified":"2021-11-17T19:38:59","modified_gmt":"2021-11-17T19:38:59","slug":"la-bioetica-aplicada-a-la-infancia-i-adolescencia","status":"publish","type":"dp_events","link":"https:\/\/raed.academy\/ca\/esdeveniments\/la-bioetica-aplicada-a-la-infancia-i-adolescencia\/","title":{"rendered":"La bio\u00e8tica aplicada a la inf\u00e0ncia i adolesc\u00e8ncia"},"content":{"rendered":"<p>[et_pb_section fb_built=&#8221;1&#8243; _builder_version=&#8221;3.22&#8243; global_colors_info=&#8221;{}&#8221;][et_pb_row _builder_version=&#8221;4.12.0&#8243; background_size=&#8221;initial&#8221; background_position=&#8221;top_left&#8221; background_repeat=&#8221;repeat&#8221; max_width=&#8221;1400px&#8221; global_colors_info=&#8221;{}&#8221;][et_pb_column type=&#8221;4_4&#8243; _builder_version=&#8221;3.25&#8243; custom_padding=&#8221;|||&#8221; global_colors_info=&#8221;{}&#8221; custom_padding__hover=&#8221;|||&#8221;][et_pb_post_title meta=&#8221;off&#8221; featured_image=&#8221;off&#8221; _builder_version=&#8221;4.12.0&#8243; _module_preset=&#8221;default&#8221; global_colors_info=&#8221;{}&#8221;][\/et_pb_post_title][et_pb_text _builder_version=&#8221;4.12.0&#8243; background_size=&#8221;initial&#8221; background_position=&#8221;top_left&#8221; background_repeat=&#8221;repeat&#8221; hover_enabled=&#8221;0&#8243; global_colors_info=&#8221;{}&#8221; sticky_enabled=&#8221;0&#8243;]<\/p>\n<p><strong>Lloc<\/strong>: C\u00edrculo del Liceo, Sala Montserrat Caball\u00e9. La Rambla, 67, Barcelona, 08002, Barcelona. Tel 933174170<\/p>\n<p><strong>Data<\/strong>: Dimarts, 23 Novembre 2021<\/p>\n<p><strong>Hora<\/strong>: 19:00 h<\/p>\n<p><strong>Organitza<\/strong>: Club de Pediatria Social<\/p>\n<p><strong>Col\u00b7labora:<\/strong> Reial Acad\u00e8mia Europea de Doctors, Secci\u00f3 de Ci\u00e8ncies de la Salut<\/p>\n<p><strong>Cost de l\u2019esdeveniment:\u00a0<\/strong>Entrada lliure fins a completar aforament. Es recomana la reserva a <strong>pediatriasocial@yahoo.com<\/strong><\/p>\n<p><strong>Altres requisits:<\/strong> Cavallers amb americana i corbata. Normes Covid vigents.<\/p>\n<h2>Descripci\u00f3 i participants<\/h2>\n<p><img loading=\"lazy\" decoding=\"async\" class=\"wp-image-108318 alignright size-full\" src=\"https:\/\/raed.academy\/wp-content\/uploads\/2021\/11\/sala-montserrat-caballe-Circulo-del-Liceo-Barcelona-dst.webp\" alt=\"sala Montserrat Caballe, C\u00edrculo del Liceo-Barcelona-dst\" width=\"700\" height=\"420\" srcset=\"https:\/\/raed.academy\/wp-content\/uploads\/2021\/11\/sala-montserrat-caballe-Circulo-del-Liceo-Barcelona-dst.webp 700w, https:\/\/raed.academy\/wp-content\/uploads\/2021\/11\/sala-montserrat-caballe-Circulo-del-Liceo-Barcelona-dst-627x376.webp 627w, https:\/\/raed.academy\/wp-content\/uploads\/2021\/11\/sala-montserrat-caballe-Circulo-del-Liceo-Barcelona-dst-440x264.webp 440w\" sizes=\"(max-width: 700px) 100vw, 700px\" \/>La Bio\u00e8tica (bios: vida, ethos: valors) \u00e9s una nova disciplina fundada per Potter el 1970 que neix arran de greus esc\u00e0ndols d&#8217;experi\u00e8ncies cient\u00edfiques amb malpraxi. Hi ha antecedents a Nuremberg (1947) i H\u00e8lsinki (1964). \u00c9s una disciplina laica. La Bio\u00e8tica \u00e9s un pont entre la ci\u00e8ncia i els valors i opina i delibera sobre les decisions t\u00e8cniques de les ci\u00e8ncies en investigaci\u00f3 cient\u00edfica, principi i fi de la vida, avortament, trasplantaments d\u00f2rgans, clonaci\u00f3, cures pal\u00b7liatives, limitaci\u00f3 desfor\u00e7 terap\u00e8utic, estatut de c\u00e8l\u00b7lules embrion\u00e0ries etc., buscant la soluci\u00f3 m\u00e9s prudent en clima pluri i interdisciplinari.<\/p>\n<p>S&#8217;exposaran a la Taula Rodona, per ponents qualificats, casos reals que afecten nens i adolescents. Al final de l\u2019acte s\u2019obrir\u00e0 un ampli debat.<\/p>\n<h2>Sopar posterior al col\u00b7loqui<\/h2>\n<p>Despr\u00e9s de la sessi\u00f3 el Cercle del Liceu servir\u00e0 un sopar opcional, el preu del qual per a socis \u00e9s 45 euros, i per a no soci 50 euros. Reserves abans de 20 de novembre a ES73 2100 3291 96 2200191977, indicant nom, cognoms i BIO\u00c8TICA. Informaci\u00f3 i inscripci\u00f3 al sopar: <strong>pediatriasocial@yahoo.com<\/strong>.<\/p>\n<h3>COORDINACI\u00d3<\/h3>\n<p><a href=\"https:\/\/raed.academy\/ca\/academics\/dr-joaquin-callabed-carracedo\/\" target=\"_blank\" rel=\"noopener\"><strong>Joaqu\u00edn Callabed<\/strong><\/a>, Mag\u00edster a Bio\u00e8tica. Doctor en Medicina Acad\u00e8mic Numerari de la Reial Acad\u00e8mia Europea de Doctors. President del Club de Pediatria Social.<\/p>\n<p><em>\u00abIntroducci\u00f3n al concepto de Bioetica\u00bb<\/em><\/p>\n<h3>PONENTS<\/h3>\n<ul>\n<li><strong>Jeanette Ojeda<\/strong>. Doctora en Marc Estrat\u00e8gic d\u00b4Empresa a la Universitat de Barcelona. Fundadora i Directora de la xarxa Sanfilippo a M\u00e8xic. Representant del pacient a Malalties Rares. Ha pronunciat confer\u00e8ncies a Su\u00efssa, Ciutat del vatic\u00e0, EUA, M\u00e8xic i Vene\u00e7uela.<br \/><em>&#8220;Una madre en acci\u00f3n ante el s\u00edndrome de Sanfilippo&#8221;<\/em><\/li>\n<li><strong>Dra. Carme Tello<\/strong>. Doctora en Psicologia. Professora a la Universitat de Lleida. Presidenta d\u00b4ACIM (Associaci\u00f3 Catalana de la Inf\u00e0ncia Maltractada). Presidenta de FAPMI (Federaci\u00f3 d&#8217;Associacions per a la prevenci\u00f3 del Maltractament infantil. Patronat Fundaci\u00f3 Ferr\u00e1n Angulo.<br \/>&#8220;Vinculaci\u00f3n Materno-Infantil en el embarazo de una adolescente&#8221;<\/li>\n<li><strong>Dr. Francisco Jos\u00e9 Cambra<\/strong>. Doctor en Medicina. Pediatre. Cap de Servei de l\u2019UCI pedi\u00e0trica a l&#8217;Hospital Sant Joan de D\u00e9u de Barcelona. Professor de l&#8217;Institut Borja de Bio\u00e8tica.<br \/><em>&#8220;Decisions bio\u00e8tiques a UCI&#8217;s pedi\u00e0triques&#8221;<\/em><\/li>\n<\/ul>\n<p>[\/et_pb_text][\/et_pb_column][\/et_pb_row][et_pb_row column_structure=&#8221;1_3,2_3&#8243; _builder_version=&#8221;4.12.0&#8243; _module_preset=&#8221;default&#8221; max_width=&#8221;1400px&#8221; locked=&#8221;off&#8221; global_colors_info=&#8221;{}&#8221;][et_pb_column type=&#8221;1_3&#8243; _builder_version=&#8221;4.11.3&#8243; _module_preset=&#8221;default&#8221; global_colors_info=&#8221;{}&#8221;][et_pb_code admin_label=&#8221;C\u00f3digo &#8211; organizadores&#8221; _builder_version=&#8221;4.12.0&#8243; _module_preset=&#8221;default&#8221; global_colors_info=&#8221;{}&#8221;]<pee class=\"ttl-colaboradores\">Organitza:<\/pee><!-- [et_pb_line_break_holder] --><\/p>\n<div id=\"organizadores\"><!-- [et_pb_line_break_holder] --><\/p>\n<div class=\"logo-colaborador\"><a href=\"\" target=\"_blank\" rel=\"noopener noreferrer\"><img decoding=\"async\" src=\"https:\/\/raed.academy\/wp-content\/uploads\/2021\/11\/logo-Club-de-Pediatria-Social-160px.png\" alt=\"Club de Pediatria Social\"><\/p>\n<div class=\"txt\"><\/div>\n<p><\/a><\/div>\n<p><!-- [et_pb_line_break_holder] --><\/div>\n<p>[\/et_pb_code][\/et_pb_column][et_pb_column type=&#8221;2_3&#8243; _builder_version=&#8221;4.11.3&#8243; _module_preset=&#8221;default&#8221; global_colors_info=&#8221;{}&#8221;][et_pb_code admin_label=&#8221;C\u00f3digo &#8211; colaboradores&#8221; _builder_version=&#8221;4.12.0&#8243; _module_preset=&#8221;default&#8221; global_colors_info=&#8221;{}&#8221;]<pee class=\"ttl-colaboradores\">Amb la col\u00b7laboraci\u00f3 de:<\/pee> <!-- [et_pb_line_break_holder] --><\/p>\n<div id=\"colaboradores\"><!-- [et_pb_line_break_holder] -->  <!-- [et_pb_line_break_holder] -->  <\/p>\n<div class=\"logo-colaborador\"><a href=\"https:\/\/fundacionraed.org\/\" target=\"_blank\" rel=\"noopener noreferrer\"><img decoding=\"async\" src=\"https:\/\/raed.academy\/wp-content\/uploads\/2021\/10\/Logo-Fundacion-RAED-160px.jpg\" alt=\"Fundaci\u00f3n RAED\"><\/p>\n<div class=\"txt\"><\/div>\n<p><\/a><\/div>\n<p><!-- [et_pb_line_break_holder] --><!-- [et_pb_line_break_holder] --><\/p>\n<div class=\"logo-colaborador\"><a href=\"https:\/\/raed.academy\/ca\/\" target=\"_blank\" rel=\"noopener noreferrer\"><img decoding=\"async\" src=\"https:\/\/raed.academy\/wp-content\/uploads\/2021\/10\/Logo-RAED-160px.jpg\" alt=\"Real Academia Europea de Doctores RAED\"><\/p>\n<div class=\"txt\"><\/div>\n<p><\/a><\/div>\n<p><!-- [et_pb_line_break_holder] -->  <!-- [et_pb_line_break_holder] --><\/p>\n<div class=\"logo-colaborador\"><!-- [et_pb_line_break_holder] -->  <a href=\"http:\/\/justicia.gencat.cat\/ca\/inici\" target=\"_blank\" rel=\"noopener noreferrer\"><img decoding=\"async\" src=\"https:\/\/raed.academy\/wp-content\/uploads\/2021\/10\/Generalitat-de-Catalunya-dept-Justicia-215px.jpg\" alt=\"Generalitat de catalunya\"><\/a><\/div>\n<p><!-- [et_pb_line_break_holder] -->  <!-- [et_pb_line_break_holder] --><\/div>\n<p>[\/et_pb_code][\/et_pb_column][\/et_pb_row][\/et_pb_section]<\/p>\n","protected":false},"excerpt":{"rendered":"<p>Debat sobre la bio\u00e8tica, una nova disciplina laica que neix arran d&#8217;esc\u00e0ndols en experi\u00e8ncies cient\u00edfiques, i constitueix un pont entre la ci\u00e8ncia i els valors<\/p>\n","protected":false},"featured_media":108318,"template":"","meta":{"_et_pb_use_builder":"on","_et_pb_old_content":"[et_pb_section fb_built=\"1\" _builder_version=\"3.22\" global_colors_info=\"{}\"][et_pb_row _builder_version=\"3.25\" background_size=\"initial\" background_position=\"top_left\" background_repeat=\"repeat\" global_colors_info=\"{}\"][et_pb_column type=\"4_4\" _builder_version=\"3.25\" custom_padding=\"|||\" global_colors_info=\"{}\" custom_padding__hover=\"|||\"][et_pb_post_title meta=\"off\" featured_image=\"off\" _builder_version=\"4.12.0\" _module_preset=\"default\" hover_enabled=\"0\" global_colors_info=\"{}\" sticky_enabled=\"0\"][\/et_pb_post_title][et_pb_text _builder_version=\"4.12.0\" background_size=\"initial\" background_position=\"top_left\" background_repeat=\"repeat\" hover_enabled=\"0\" global_colors_info=\"{}\" sticky_enabled=\"0\"]<h3 style=\"text-align: center;\">Secci\u00f3n de Ciencias de la Salud<\/h3>\r\n<p><strong><img class=\"wp-image-107559 alignright size-full\" src=\"https:\/\/raed.academy\/wp-content\/uploads\/2021\/11\/shutt_pintura-La-escuela-de-Atenas-por-Rafael-Sanzio-con-Platon-y-Aristoteles-en-el-centro.webp\" alt=\"\" width=\"500\" height=\"300\" \/><\/strong><\/p>\r\n<p><strong>Lugar<\/strong>: [DP_Single_Event_Venue_Address]<\/p>\r\n<p><strong>Fecha<\/strong>: Jueves, [DP_Single_Event_Start_Date dem_start_date_format=\"d F Y\"]<\/p>\r\n<p><strong>Hora<\/strong>: [DP_Single_Event_Start_Time] h<\/p>\r\n<p><strong>Organiza<\/strong>: [DP_Single_Event_Organizer_Name]<\/p>\r\n<p><strong>Coste del evento:<\/strong> Gratuito<\/p>\r\n<p>Se ruega confirmar asistencia: <strong>secretaria@raed.academy<\/strong> - <strong>tlf: 93 667 40 54<\/strong><\/p>\r\n<h2>Descripci\u00f3n y participantes<\/h2>\r\n<p>La bio\u00e9tica es una nueva disciplina del siglo XX que nace a ra\u00edz de esc\u00e1ndalos en experiencias cient\u00edficas. Es una disciplina laica y constituye un puente entre la ciencia y los valores.<\/p>\r\n<p>Coordina: <a href=\"https:\/\/raed.academy\/academicos\/dr-joaquin-callabed-carracedo\/\" target=\"_blank\" rel=\"noopener\"><strong>Joaqu\u00edn Callabed<\/strong><\/a>, Acad\u00e9mico Numerario y Vicepresidente de la Secci\u00f3n de Ciencias de la Salud de la RAED.<\/p>\r\n<p><strong>Ponentes:<\/strong><\/p>\r\n<ul>\r\n<li><strong>Jeanette Ojeda<\/strong> (Doctor PhD) - <em>Una madre en acci\u00f3n. S\u00edndrome de Sanfilippo<\/em><\/li>\r\n<li><strong>Carme Tello<\/strong>. Doctora en Psicolog\u00eda. Profesora en la Universitat de Lleida i Presidenta d'ACIM) - <em>Vinculaci\u00f3n materno-fetal en el embarazo de una adolescente<\/em><\/li>\r\n<li><strong>Francisco Jos\u00e9 Cambra<\/strong>. Pediatra jefe del Servicio de la UCI pedi\u00e1trica del Hospital Sant Joan de D\u00e9u de Barcelona) - <em>Decisiones bio\u00e9ticas en UCI\u2019s<\/em> pedi\u00e1tricas.<\/li>\r\n<\/ul>[\/et_pb_text][\/et_pb_column][\/et_pb_row][et_pb_row column_structure=\"2_3,1_3\" _builder_version=\"4.11.3\" _module_preset=\"default\" locked=\"off\" global_colors_info=\"{}\"][et_pb_column type=\"2_3\" _builder_version=\"4.11.3\" _module_preset=\"default\" global_colors_info=\"{}\"][et_pb_code admin_label=\"C\u00f3digo - organizadores\" _builder_version=\"4.11.3\" _module_preset=\"default\" global_colors_info=\"{}\"]<div id=\"organizadores\"><!-- [et_pb_line_break_holder] --><div class=\"logo-colaborador\"><a href=\"https:\/\/fundacionraed.org\/\" target=\"_blank\" rel=\"noopener noreferrer\"><img src=\"https:\/\/raed.academy\/wp-content\/uploads\/2021\/10\/Logo-Fundacion-RAED-160px.jpg\" alt=\"Fundaci\u00f3n RAED\"><div class=\"txt\"><\/div><\/a><\/div><!-- [et_pb_line_break_holder] --><!-- [et_pb_line_break_holder] --><div class=\"logo-colaborador\"><a href=\"https:\/\/raed.academy\/\" target=\"_blank\" rel=\"noopener noreferrer\"><img src=\"https:\/\/raed.academy\/wp-content\/uploads\/2021\/10\/Logo-RAED-160px.jpg\" alt=\"Real Academia Europea de Doctores RAED\"><div class=\"txt\"><\/div><\/a><\/div><!-- [et_pb_line_break_holder] --><\/div>[\/et_pb_code][\/et_pb_column][et_pb_column type=\"1_3\" _builder_version=\"4.11.3\" _module_preset=\"default\" global_colors_info=\"{}\"][et_pb_code admin_label=\"C\u00f3digo - colaboradores\" _builder_version=\"4.11.3\" _module_preset=\"default\" global_colors_info=\"{}\"]<p style=\"font-size: 25px; text-align: center;\">Con la colaboraci\u00f3n de:<\/p> <!-- [et_pb_line_break_holder] --><div id=\"colaboradores\"><!-- [et_pb_line_break_holder] -->  <!-- [et_pb_line_break_holder] --><div class=\"logo-colaborador\"><!-- [et_pb_line_break_holder] --><div class=\"txt-circular\"><\/div><!-- [et_pb_line_break_holder] -->  <a href=\"http:\/\/justicia.gencat.cat\/ca\/inici\" target=\"_blank\" rel=\"noopener noreferrer\"><img src=\"https:\/\/raed.academy\/wp-content\/uploads\/2021\/10\/Generalitat-de-Catalunya-dept-Justicia-215px.jpg\" alt=\"Generalitat de catalunya\"><\/a><\/div><!-- [et_pb_line_break_holder] --><\/div>[\/et_pb_code][\/et_pb_column][\/et_pb_row][\/et_pb_section]","_et_gb_content_width":""},"class_list":["post-107567","dp_events","type-dp_events","status-publish","has-post-thumbnail","hentry"],"yoast_head":"<!-- This site is optimized with the Yoast SEO plugin v27.5 - https:\/\/yoast.com\/product\/yoast-seo-wordpress\/ -->\n<title>La bio\u00e8tica aplicada a la inf\u00e0ncia i adolesc\u00e8ncia - Reial Acad\u00e8mia Europea de Doctors<\/title>\n<meta name=\"description\" content=\"23\/nov\/2021, debat sobre bio\u00e8tica, disciplina laica que neix arran d&#039;esc\u00e0ndols cient\u00edfics, i constitueix un pont entre ci\u00e8ncia i valors\" \/>\n<meta name=\"robots\" content=\"index, follow, max-snippet:-1, max-image-preview:large, max-video-preview:-1\" \/>\n<link rel=\"canonical\" href=\"https:\/\/raed.academy\/ca\/esdeveniments\/la-bioetica-aplicada-a-la-infancia-i-adolescencia\/\" \/>\n<meta property=\"og:locale\" content=\"ca_ES\" \/>\n<meta property=\"og:type\" content=\"article\" \/>\n<meta property=\"og:title\" content=\"La bio\u00e8tica aplicada a la inf\u00e0ncia i adolesc\u00e8ncia - Reial Acad\u00e8mia Europea de Doctors\" \/>\n<meta property=\"og:description\" content=\"23\/nov\/2021, debat sobre bio\u00e8tica, disciplina laica que neix arran d&#039;esc\u00e0ndols cient\u00edfics, i constitueix un pont entre ci\u00e8ncia i valors\" \/>\n<meta property=\"og:url\" content=\"https:\/\/raed.academy\/ca\/esdeveniments\/la-bioetica-aplicada-a-la-infancia-i-adolescencia\/\" \/>\n<meta property=\"og:site_name\" content=\"Reial Acad\u00e8mia Europea de Doctors\" \/>\n<meta property=\"article:publisher\" content=\"http:\/\/fb.me\/raed.academy\" \/>\n<meta property=\"article:modified_time\" content=\"2021-11-17T19:38:59+00:00\" \/>\n<meta property=\"og:image\" content=\"https:\/\/raed.academy\/wp-content\/uploads\/2021\/11\/sala-montserrat-caballe-Circulo-del-Liceo-Barcelona-dst.webp\" \/>\n\t<meta property=\"og:image:width\" content=\"700\" \/>\n\t<meta property=\"og:image:height\" content=\"420\" \/>\n\t<meta property=\"og:image:type\" content=\"image\/webp\" \/>\n<meta name=\"twitter:card\" content=\"summary_large_image\" \/>\n<meta name=\"twitter:site\" content=\"@raedacademy\" \/>\n<meta name=\"twitter:label1\" content=\"Est. reading time\" \/>\n\t<meta name=\"twitter:data1\" content=\"3 minutes\" \/>\n<script type=\"application\/ld+json\" class=\"yoast-schema-graph\">{\"@context\":\"https:\\\/\\\/schema.org\",\"@graph\":[{\"@type\":\"WebPage\",\"@id\":\"https:\\\/\\\/raed.academy\\\/ca\\\/esdeveniments\\\/la-bioetica-aplicada-a-la-infancia-i-adolescencia\\\/\",\"url\":\"https:\\\/\\\/raed.academy\\\/ca\\\/esdeveniments\\\/la-bioetica-aplicada-a-la-infancia-i-adolescencia\\\/\",\"name\":\"La bio\u00e8tica aplicada a la inf\u00e0ncia i adolesc\u00e8ncia - Reial Acad\u00e8mia Europea de Doctors\",\"isPartOf\":{\"@id\":\"https:\\\/\\\/raed.academy\\\/ca\\\/#website\"},\"primaryImageOfPage\":{\"@id\":\"https:\\\/\\\/raed.academy\\\/ca\\\/esdeveniments\\\/la-bioetica-aplicada-a-la-infancia-i-adolescencia\\\/#primaryimage\"},\"image\":{\"@id\":\"https:\\\/\\\/raed.academy\\\/ca\\\/esdeveniments\\\/la-bioetica-aplicada-a-la-infancia-i-adolescencia\\\/#primaryimage\"},\"thumbnailUrl\":\"https:\\\/\\\/raed.academy\\\/wp-content\\\/uploads\\\/2021\\\/11\\\/sala-montserrat-caballe-Circulo-del-Liceo-Barcelona-dst.webp\",\"datePublished\":\"2021-11-13T13:36:58+00:00\",\"dateModified\":\"2021-11-17T19:38:59+00:00\",\"description\":\"23\\\/nov\\\/2021, debat sobre bio\u00e8tica, disciplina laica que neix arran d'esc\u00e0ndols cient\u00edfics, i constitueix un pont entre ci\u00e8ncia i valors\",\"breadcrumb\":{\"@id\":\"https:\\\/\\\/raed.academy\\\/ca\\\/esdeveniments\\\/la-bioetica-aplicada-a-la-infancia-i-adolescencia\\\/#breadcrumb\"},\"inLanguage\":\"ca-ES\",\"potentialAction\":[{\"@type\":\"ReadAction\",\"target\":[\"https:\\\/\\\/raed.academy\\\/ca\\\/esdeveniments\\\/la-bioetica-aplicada-a-la-infancia-i-adolescencia\\\/\"]}]},{\"@type\":\"ImageObject\",\"inLanguage\":\"ca-ES\",\"@id\":\"https:\\\/\\\/raed.academy\\\/ca\\\/esdeveniments\\\/la-bioetica-aplicada-a-la-infancia-i-adolescencia\\\/#primaryimage\",\"url\":\"https:\\\/\\\/raed.academy\\\/wp-content\\\/uploads\\\/2021\\\/11\\\/sala-montserrat-caballe-Circulo-del-Liceo-Barcelona-dst.webp\",\"contentUrl\":\"https:\\\/\\\/raed.academy\\\/wp-content\\\/uploads\\\/2021\\\/11\\\/sala-montserrat-caballe-Circulo-del-Liceo-Barcelona-dst.webp\",\"width\":700,\"height\":420,\"caption\":\"sala Montserrat Caballe, C\u00edrculo del Liceo-Barcelona-dst\"},{\"@type\":\"BreadcrumbList\",\"@id\":\"https:\\\/\\\/raed.academy\\\/ca\\\/esdeveniments\\\/la-bioetica-aplicada-a-la-infancia-i-adolescencia\\\/#breadcrumb\",\"itemListElement\":[{\"@type\":\"ListItem\",\"position\":1,\"name\":\"Inicio\",\"item\":\"https:\\\/\\\/raed.academy\\\/ca\\\/\"},{\"@type\":\"ListItem\",\"position\":2,\"name\":\"Activitats\",\"item\":\"https:\\\/\\\/raed.academy\\\/ca\\\/esdeveniments\\\/\"},{\"@type\":\"ListItem\",\"position\":3,\"name\":\"La bio\u00e8tica aplicada a la inf\u00e0ncia i adolesc\u00e8ncia\"}]},{\"@type\":\"WebSite\",\"@id\":\"https:\\\/\\\/raed.academy\\\/ca\\\/#website\",\"url\":\"https:\\\/\\\/raed.academy\\\/ca\\\/\",\"name\":\"Reial Acad\u00e8mia Europea de Doctors\",\"description\":\"Corporaci\u00f3n de derecho p\u00fablico de car\u00e1cter cient\u00edfico, t\u00e9cnico y art\u00edstico, que tiene por objeto la investigaci\u00f3n, el estudio, el fomento y la extensi\u00f3n del conocimiento en su sentido m\u00e1s amplio\",\"publisher\":{\"@id\":\"https:\\\/\\\/raed.academy\\\/ca\\\/#organization\"},\"potentialAction\":[{\"@type\":\"SearchAction\",\"target\":{\"@type\":\"EntryPoint\",\"urlTemplate\":\"https:\\\/\\\/raed.academy\\\/ca\\\/?s={search_term_string}\"},\"query-input\":{\"@type\":\"PropertyValueSpecification\",\"valueRequired\":true,\"valueName\":\"search_term_string\"}}],\"inLanguage\":\"ca-ES\"},{\"@type\":\"Organization\",\"@id\":\"https:\\\/\\\/raed.academy\\\/ca\\\/#organization\",\"name\":\"Real Academia Europea de Doctores\",\"url\":\"https:\\\/\\\/raed.academy\\\/ca\\\/\",\"logo\":{\"@type\":\"ImageObject\",\"inLanguage\":\"ca-ES\",\"@id\":\"https:\\\/\\\/raed.academy\\\/ca\\\/#\\\/schema\\\/logo\\\/image\\\/\",\"url\":\"https:\\\/\\\/raed.academy\\\/wp-content\\\/uploads\\\/2017\\\/01\\\/cropped-logo_raed.png\",\"contentUrl\":\"https:\\\/\\\/raed.academy\\\/wp-content\\\/uploads\\\/2017\\\/01\\\/cropped-logo_raed.png\",\"width\":512,\"height\":512,\"caption\":\"Real Academia Europea de Doctores\"},\"image\":{\"@id\":\"https:\\\/\\\/raed.academy\\\/ca\\\/#\\\/schema\\\/logo\\\/image\\\/\"},\"sameAs\":[\"http:\\\/\\\/fb.me\\\/raed.academy\",\"https:\\\/\\\/x.com\\\/raedacademy\",\"https:\\\/\\\/www.instagram.com\\\/raed.academy\\\/\",\"https:\\\/\\\/www.youtube.com\\\/channel\\\/UCUYQwW2KrdirNWihxMDObwg\"]}]}<\/script>\n<!-- \/ Yoast SEO plugin. -->","yoast_head_json":{"title":"La bio\u00e8tica aplicada a la inf\u00e0ncia i adolesc\u00e8ncia - Reial Acad\u00e8mia Europea de Doctors","description":"23\/nov\/2021, debat sobre bio\u00e8tica, disciplina laica que neix arran d'esc\u00e0ndols cient\u00edfics, i constitueix un pont entre ci\u00e8ncia i valors","robots":{"index":"index","follow":"follow","max-snippet":"max-snippet:-1","max-image-preview":"max-image-preview:large","max-video-preview":"max-video-preview:-1"},"canonical":"https:\/\/raed.academy\/ca\/esdeveniments\/la-bioetica-aplicada-a-la-infancia-i-adolescencia\/","og_locale":"ca_ES","og_type":"article","og_title":"La bio\u00e8tica aplicada a la inf\u00e0ncia i adolesc\u00e8ncia - Reial Acad\u00e8mia Europea de Doctors","og_description":"23\/nov\/2021, debat sobre bio\u00e8tica, disciplina laica que neix arran d'esc\u00e0ndols cient\u00edfics, i constitueix un pont entre ci\u00e8ncia i valors","og_url":"https:\/\/raed.academy\/ca\/esdeveniments\/la-bioetica-aplicada-a-la-infancia-i-adolescencia\/","og_site_name":"Reial Acad\u00e8mia Europea de Doctors","article_publisher":"http:\/\/fb.me\/raed.academy","article_modified_time":"2021-11-17T19:38:59+00:00","og_image":[{"width":700,"height":420,"url":"https:\/\/raed.academy\/wp-content\/uploads\/2021\/11\/sala-montserrat-caballe-Circulo-del-Liceo-Barcelona-dst.webp","type":"image\/webp"}],"twitter_card":"summary_large_image","twitter_site":"@raedacademy","twitter_misc":{"Est. reading time":"3 minutes"},"schema":{"@context":"https:\/\/schema.org","@graph":[{"@type":"WebPage","@id":"https:\/\/raed.academy\/ca\/esdeveniments\/la-bioetica-aplicada-a-la-infancia-i-adolescencia\/","url":"https:\/\/raed.academy\/ca\/esdeveniments\/la-bioetica-aplicada-a-la-infancia-i-adolescencia\/","name":"La bio\u00e8tica aplicada a la inf\u00e0ncia i adolesc\u00e8ncia - Reial Acad\u00e8mia Europea de Doctors","isPartOf":{"@id":"https:\/\/raed.academy\/ca\/#website"},"primaryImageOfPage":{"@id":"https:\/\/raed.academy\/ca\/esdeveniments\/la-bioetica-aplicada-a-la-infancia-i-adolescencia\/#primaryimage"},"image":{"@id":"https:\/\/raed.academy\/ca\/esdeveniments\/la-bioetica-aplicada-a-la-infancia-i-adolescencia\/#primaryimage"},"thumbnailUrl":"https:\/\/raed.academy\/wp-content\/uploads\/2021\/11\/sala-montserrat-caballe-Circulo-del-Liceo-Barcelona-dst.webp","datePublished":"2021-11-13T13:36:58+00:00","dateModified":"2021-11-17T19:38:59+00:00","description":"23\/nov\/2021, debat sobre bio\u00e8tica, disciplina laica que neix arran d'esc\u00e0ndols cient\u00edfics, i constitueix un pont entre ci\u00e8ncia i valors","breadcrumb":{"@id":"https:\/\/raed.academy\/ca\/esdeveniments\/la-bioetica-aplicada-a-la-infancia-i-adolescencia\/#breadcrumb"},"inLanguage":"ca-ES","potentialAction":[{"@type":"ReadAction","target":["https:\/\/raed.academy\/ca\/esdeveniments\/la-bioetica-aplicada-a-la-infancia-i-adolescencia\/"]}]},{"@type":"ImageObject","inLanguage":"ca-ES","@id":"https:\/\/raed.academy\/ca\/esdeveniments\/la-bioetica-aplicada-a-la-infancia-i-adolescencia\/#primaryimage","url":"https:\/\/raed.academy\/wp-content\/uploads\/2021\/11\/sala-montserrat-caballe-Circulo-del-Liceo-Barcelona-dst.webp","contentUrl":"https:\/\/raed.academy\/wp-content\/uploads\/2021\/11\/sala-montserrat-caballe-Circulo-del-Liceo-Barcelona-dst.webp","width":700,"height":420,"caption":"sala Montserrat Caballe, C\u00edrculo del Liceo-Barcelona-dst"},{"@type":"BreadcrumbList","@id":"https:\/\/raed.academy\/ca\/esdeveniments\/la-bioetica-aplicada-a-la-infancia-i-adolescencia\/#breadcrumb","itemListElement":[{"@type":"ListItem","position":1,"name":"Inicio","item":"https:\/\/raed.academy\/ca\/"},{"@type":"ListItem","position":2,"name":"Activitats","item":"https:\/\/raed.academy\/ca\/esdeveniments\/"},{"@type":"ListItem","position":3,"name":"La bio\u00e8tica aplicada a la inf\u00e0ncia i adolesc\u00e8ncia"}]},{"@type":"WebSite","@id":"https:\/\/raed.academy\/ca\/#website","url":"https:\/\/raed.academy\/ca\/","name":"Reial Acad\u00e8mia Europea de Doctors","description":"Corporaci\u00f3n de derecho p\u00fablico de car\u00e1cter cient\u00edfico, t\u00e9cnico y art\u00edstico, que tiene por objeto la investigaci\u00f3n, el estudio, el fomento y la extensi\u00f3n del conocimiento en su sentido m\u00e1s amplio","publisher":{"@id":"https:\/\/raed.academy\/ca\/#organization"},"potentialAction":[{"@type":"SearchAction","target":{"@type":"EntryPoint","urlTemplate":"https:\/\/raed.academy\/ca\/?s={search_term_string}"},"query-input":{"@type":"PropertyValueSpecification","valueRequired":true,"valueName":"search_term_string"}}],"inLanguage":"ca-ES"},{"@type":"Organization","@id":"https:\/\/raed.academy\/ca\/#organization","name":"Real Academia Europea de Doctores","url":"https:\/\/raed.academy\/ca\/","logo":{"@type":"ImageObject","inLanguage":"ca-ES","@id":"https:\/\/raed.academy\/ca\/#\/schema\/logo\/image\/","url":"https:\/\/raed.academy\/wp-content\/uploads\/2017\/01\/cropped-logo_raed.png","contentUrl":"https:\/\/raed.academy\/wp-content\/uploads\/2017\/01\/cropped-logo_raed.png","width":512,"height":512,"caption":"Real Academia Europea de Doctores"},"image":{"@id":"https:\/\/raed.academy\/ca\/#\/schema\/logo\/image\/"},"sameAs":["http:\/\/fb.me\/raed.academy","https:\/\/x.com\/raedacademy","https:\/\/www.instagram.com\/raed.academy\/","https:\/\/www.youtube.com\/channel\/UCUYQwW2KrdirNWihxMDObwg"]}]}},"_links":{"self":[{"href":"https:\/\/raed.academy\/ca\/wp-json\/wp\/v2\/dp_events\/107567","targetHints":{"allow":["GET"]}}],"collection":[{"href":"https:\/\/raed.academy\/ca\/wp-json\/wp\/v2\/dp_events"}],"about":[{"href":"https:\/\/raed.academy\/ca\/wp-json\/wp\/v2\/types\/dp_events"}],"wp:featuredmedia":[{"embeddable":true,"href":"https:\/\/raed.academy\/ca\/wp-json\/wp\/v2\/media\/108318"}],"wp:attachment":[{"href":"https:\/\/raed.academy\/ca\/wp-json\/wp\/v2\/media?parent=107567"}],"curies":[{"name":"wp","href":"https:\/\/api.w.org\/{rel}","templated":true}]}}