{"id":106308,"date":"2021-09-30T14:26:52","date_gmt":"2021-09-30T14:26:52","guid":{"rendered":"https:\/\/raed.academy\/?post_type=dp_events&#038;p=106308"},"modified":"2021-09-30T15:05:36","modified_gmt":"2021-09-30T15:05:36","slug":"comunicat-de-lacord-de-declaracio-de-12-vacants-dacademics-de-numero-i-2-dacademics-dhonor-i-normes-juridiques-aplicables","status":"publish","type":"dp_events","link":"https:\/\/raed.academy\/ca\/esdeveniments\/comunicat-de-lacord-de-declaracio-de-12-vacants-dacademics-de-numero-i-2-dacademics-dhonor-i-normes-juridiques-aplicables\/","title":{"rendered":"Comunicat de l&#8217;acord de declaraci\u00f3 de 12 vacants d&#8217;Acad\u00e8mics de N\u00famero i 2 d&#8217;Acad\u00e8mics d&#8217;Honor i normes jur\u00eddiques aplicables"},"content":{"rendered":"<p>[et_pb_section fb_built=&#8221;1&#8243; _builder_version=&#8221;3.22&#8243; locked=&#8221;off&#8221; global_colors_info=&#8221;{}&#8221;][et_pb_row _builder_version=&#8221;3.25&#8243; background_size=&#8221;initial&#8221; background_position=&#8221;top_left&#8221; background_repeat=&#8221;repeat&#8221; global_colors_info=&#8221;{}&#8221;][et_pb_column type=&#8221;4_4&#8243; _builder_version=&#8221;3.25&#8243; custom_padding=&#8221;|||&#8221; global_colors_info=&#8221;{}&#8221; custom_padding__hover=&#8221;|||&#8221;][et_pb_post_title meta=&#8221;off&#8221; featured_image=&#8221;off&#8221; _builder_version=&#8221;4.10.8&#8243; _module_preset=&#8221;default&#8221; global_colors_info=&#8221;{}&#8221;][\/et_pb_post_title][et_pb_accordion _builder_version=&#8221;4.10.8&#8243; _module_preset=&#8221;default&#8221; hover_enabled=&#8221;0&#8243; global_colors_info=&#8221;{}&#8221; sticky_enabled=&#8221;0&#8243;][et_pb_accordion_item title=&#8221;vac\u00edo&#8221; open=&#8221;on&#8221; _builder_version=&#8221;4.10.8&#8243; _module_preset=&#8221;default&#8221; custom_css_main_element=&#8221;display:none;&#8221; global_colors_info=&#8221;{}&#8221;][\/et_pb_accordion_item][et_pb_accordion_item title=&#8221;Comunicat declaraci\u00f3 vacants&#8221; _builder_version=&#8221;4.10.8&#8243; _module_preset=&#8221;default&#8221; global_colors_info=&#8221;{}&#8221; open=&#8221;off&#8221;]<\/p>\n<p>Srs. Acad\u00e8mics de la Junta General,<\/p>\n<p>De conformitat amb els <strong>Estatuts de la RAED<\/strong> (articles 5 i 8), la Junta de Govern reunida en data <strong>6 de setembre de 2021<\/strong> va acordar la declaraci\u00f3 de 12 vacants d&#8217;Acad\u00e8mics de N\u00famero i 2 vacants d&#8217;Acad\u00e8mics d&#8217;Honor.<\/p>\n<p>En data <strong>8 de setembre de 2021<\/strong> la Junta de Govern va comunicar a departament responsable de la <em>Generalitat de Catalunya<\/em> l&#8217;acord perqu\u00e8 es tramit\u00e9s la publicaci\u00f3 de les 12 vacants d&#8217;Acad\u00e8mics de N\u00famero en el Diari Oficial.<\/p>\n<p>L&#8217;article 40 del <strong>Reglament de R\u00e8gim Interior de la RAED<\/strong>, assenyala que en el termini dels <strong>seg\u00fcents 10 dies naturals des de la publicaci\u00f3 de la vacant en el <em>Diari Oficial de la Generalitat de Catalunya<\/em><\/strong>, es podran presentar propostes subscrites per <strong>3 acad\u00e8mics Numeraris o Em\u00e8rits<\/strong>, un d&#8217;ells el proponent, acompanyades de la identitat i CV detallat de la persona proposada (que haur\u00e0 de presentar-se en castell\u00e0; addicionalment pot presentar-se tamb\u00e9 en catal\u00e0 i\/o angl\u00e8s). Cap persona pot postular-se ella mateixa com a candidat. Al lloc web de la RAED s&#8217;ha publicat tamb\u00e9 la declaraci\u00f3 de totes aquestes vacants, juntament amb el <strong>model que pot utilitzar-se per a la presentaci\u00f3 de les propostes signades<\/strong>.<\/p>\n<p>En data <strong>30 de setembre de 2021<\/strong> ha estat publicat l&#8217;esmentat anunci en qu\u00e8 es regulen tots els tr\u00e0mits que s&#8217;han d&#8217;emplenar. S&#8217;adjunta <strong>text de l&#8217;anunci<\/strong>. El termini per a la presentaci\u00f3 de candidats finalitza el <strong>10 d&#8217;octubre de 2021<\/strong>.<\/p>\n<p>Posteriorment a aquests tr\u00e0mits, la <strong>Comissi\u00f3 d&#8217;Admissions<\/strong> elevar\u00e0 un informe raonat a la <strong>Junta de Govern<\/strong> que procedir\u00e0, dins dels terminis corresponents, a la convocat\u00f2ria d&#8217;una <strong>Junta General Extraordin\u00e0ria<\/strong>.<\/p>\n<p>&nbsp;<\/p>\n<p>&nbsp;<\/p>\n<p><strong>La Junta de Govern<\/strong><\/p>\n<p>[\/et_pb_accordion_item][et_pb_accordion_item title=&#8221;Model presentaci\u00f3 propostes&#8221; _builder_version=&#8221;4.10.8&#8243; _module_preset=&#8221;default&#8221; link_option_url_new_window=&#8221;on&#8221; global_colors_info=&#8221;{}&#8221; open=&#8221;off&#8221;]<\/p>\n<p><a href=\"https:\/\/raed.academy\/wp-content\/uploads\/2021\/09\/Model-presentacio-propostes-candidatures-cat_compressed.pdf\" target=\"_blank\" rel=\"noopener\"><strong>Descarregar el model de presentaci\u00f3<\/strong><\/a><\/p>\n<p>[\/et_pb_accordion_item][et_pb_accordion_item title=&#8221;Text de l&#8217;anunci de convocat\u00f2ria&#8221; _builder_version=&#8221;4.10.8&#8243; _module_preset=&#8221;default&#8221; global_colors_info=&#8221;{}&#8221; open=&#8221;off&#8221;]<\/p>\n<p><a href=\"https:\/\/raed.academy\/wp-content\/uploads\/2021\/09\/anunci_DOGC-convocatoria-12-places-Academic-Numerari-cat.pdf\" target=\"_blank\" rel=\"noopener\"><strong>Descarregar text de l&#8217;anunci de convocat\u00f2ria<\/strong><\/a><\/p>\n<p>[\/et_pb_accordion_item][et_pb_accordion_item title=&#8221;Estatuts socials&#8221; _builder_version=&#8221;4.10.8&#8243; _module_preset=&#8221;default&#8221; global_colors_info=&#8221;{}&#8221; open=&#8221;off&#8221;]<\/p>\n<h3>Article 5\u00e8: ACAD\u00c8MICS DE N\u00daMERO<\/h3>\n<p>1. Els acad\u00e8mics de n\u00famero seran escollits d\u2019entre els ciutadans de qualsevol pa\u00eds europeu que estiguin en possessi\u00f3 del t\u00edtol de doctor expedit per una universitat de reconegut prestigi, a criteri de la RAED i que estiguin disposats a contribuir desinteressadament al progr\u00e9s de la humanitat, a l\u2019aven\u00e7 del pensament i de la ra\u00f3 i a la qualitat de la ci\u00e8ncia, la filosofia, la t\u00e8cnica o l\u2019art.<\/p>\n<p>2. L\u2019ingr\u00e9s com acad\u00e8mic numerari seguir\u00e0 el procediment seg\u00fcent:<\/p>\n<p>a) La Junta de Govern declarar\u00e0 la vacant o vacants produ\u00efdes, ho comunicar\u00e0 al departament responsable de les acad\u00e8mies a la Generalitat de Catalunya i tramitar\u00e0 la publicaci\u00f3 de l\u2019acord en el Diari Oficial i en la p\u00e0gina web, en aquest cas, de la pr\u00f2pia RAED.<\/p>\n<p>b) En el termini de deu dies naturals des de la publicaci\u00f3 d\u2019una vacant en el Diari Oficial, es podran presentar propostes signades per tres acad\u00e8mics numeraris, un d\u2019ells el proposant, acompanyades del curr\u00edculum detallat. Cap persona pot postular-se ella mateixa com a candidat.<\/p>\n<p>c) La Comissi\u00f3 d\u2019Admissions, des de la data de finalitzaci\u00f3 del termini anterior, disposar\u00e0 de 30 dies naturals per elevar un informe raonat a la Junta de Govern en el qual proposar\u00e0 el candidat per cobrir cada una de les vacants o proposar\u00e0 deixar-ne una o m\u00e9s desertes.<\/p>\n<p>d) La Junta de Govern proclamar\u00e0 el nom del candidat o candidats, si hi hagu\u00e9s m\u00e9s d\u2019una vacant, i traslladar\u00e0 l\u2019assumpte a la Junta General.<\/p>\n<p>e) Un candidat, per ser electe, haur\u00e0 d\u2019obtenir la majoria simple dels vots emesos en la Junta General.<\/p>\n<p>f) L\u2019elecci\u00f3 de nous acad\u00e8mics de n\u00famero ser\u00e0 objecte de publicaci\u00f3 a la p\u00e0gina web de la RAED.<\/p>\n<p>g) L\u2019acad\u00e8mic electe entregar\u00e0 a la Junta de Govern el seu discurs d\u2019ingr\u00e9s. La data de lectura ser\u00e0 acordada per la Junta de Govern, que tamb\u00e9 designar\u00e0 l\u2019acad\u00e8mic que s\u2019encarregar\u00e0 d\u2019elaborar i llegir el discurs de contestaci\u00f3.<\/p>\n<h3>Article 8\u00e8: ACAD\u00c8MICS D\u2019HONOR<\/h3>\n<p>Podran ser nomenats acad\u00e8mics d\u2019honor les personalitats de qualsevol nacionalitat que hagin prestat serveis rellevants a la RAED o hagin aconseguit un destacat prestigi p\u00fablic.<\/p>\n<p>&nbsp;<\/p>\n<p>&nbsp;<\/p>\n<h3><a href=\"https:\/\/raed.academy\/wp-content\/uploads\/documentos\/Estatuts-RAED-29.07.21-cat.pdf\" target=\"_blank\" rel=\"noopener\">Veure el document d&#8217;Estatuts complet<\/a><\/h3>\n<p>[\/et_pb_accordion_item][et_pb_accordion_item title=&#8221;Reglament de r\u00e8gim interior &#8221; _builder_version=&#8221;4.10.8&#8243; _module_preset=&#8221;default&#8221; hover_enabled=&#8221;0&#8243; global_colors_info=&#8221;{}&#8221; open=&#8221;off&#8221; sticky_enabled=&#8221;0&#8243;]<\/p>\n<h3>Article 17. Adopci\u00f3 d\u2019acords en les Juntes Generals<\/h3>\n<p><strong>2.<\/strong> La votaci\u00f3 dels acad\u00e8mics en totes les Juntes Generals es dur\u00e0 a terme de forma personal i mitjan\u00e7ant votaci\u00f3 expressada nominalment i p\u00fablicament per cada acad\u00e8mic amb dret a vot. El Secretari General procedir\u00e0 a la crida dels acad\u00e8mics seguint l\u2019ordre de la llista d\u2019assistents amb la finalitat que, individualment, emetin de viva veu el seu vot en la reuni\u00f3 o manifestin que s\u2019abstenen. El vot, que haur\u00e0 de ser afirmatiu o contrari a la proposta de l\u2019ordre del dia, haur\u00e0 de ser pur i simple i no podr\u00e0 estar condicionat ni motivat. En cas que es contragu\u00e9s aquesta darrera disposici\u00f3 el vot es considerar\u00e0 nul.<\/p>\n<p><span style=\"color: #ff0000;\">El sistema d&#8217;elecci\u00f3 d&#8217;acad\u00e8mics numeraris i d&#8217;honor per la Junta General de la RAED es dur\u00e0 a terme mitjan\u00e7ant votaci\u00f3 secreta dels acad\u00e8mics numeraris i em\u00e8rits presents.<\/span><\/p>\n<p><span style=\"color: #ff0000;\">La votaci\u00f3 es realitzar\u00e0 durant la sessi\u00f3 mitjan\u00e7ant una papereta que pot ser \u00fanica o m\u00faltiple en la qual s&#8217;indicar\u00e0 el vot a favor, en contra o en blanc. Per resultar elegit s&#8217;ha d&#8217;obtenir la majoria simple dels vots emesos pels assistents a la Junta General, \u00e9s a dir, m\u00e9s vots en favor que en contra.<\/span><\/p>\n<p><strong>Nota: La Junta de Govern, en sessi\u00f3 de 6 de setembre de 2021, va acordar modificar l&#8217;article 17.2 del Reglament de R\u00e8gim Interior de la RAED (text en color vermell afegit).<\/strong><\/p>\n<h3>Article 40. Elecci\u00f3 d\u2019acad\u00e8mics<\/h3>\n<p><strong>1.<\/strong> Els acad\u00e8mics de n\u00famero seran escollits d\u2019entre els ciutadans de qualsevol pa\u00eds europeu que estiguin en possessi\u00f3 del t\u00edtol de doctor expedit per una universitat de reconegut prestigi, a criteri de la RAED, i que estiguin disposats a contribuir desinteressadament al progr\u00e9s de la humanitat, l\u2019avan\u00e7 del pensament i de la ra\u00f3 i a la millora de la ci\u00e8ncia, la filosofia, la t\u00e8cnica i l\u2019art. Tractant-se de l\u2019elecci\u00f3 d\u2019acad\u00e8mics corresponents o d\u2019honor s\u2019aplicaran les regles particulars seg\u00fcents:<\/p>\n<p style=\"padding-left: 40px;\"><strong>[1]<\/strong> Per ser elegit acad\u00e8mic corresponent cal estar en possessi\u00f3 del t\u00edtol de doctor expedit per una universitat de reconegut prestigi, a criteri de la RAED.<\/p>\n<p style=\"padding-left: 40px;\"><strong>[2]<\/strong> Els acad\u00e8mics corresponents i d\u2019honor no precisaran ser ciutadans d\u2019un pa\u00eds europeu.<\/p>\n<p><strong>2.<\/strong> L\u2019ingr\u00e9s com acad\u00e8mic numerari seguir\u00e0 el tr\u00e0mit seg\u00fcent, acord amb el previst estatut\u00e0riament:<\/p>\n<p style=\"padding-left: 40px;\"><strong>1er.<\/strong> La Junta de Govern, a judici seu i atenent les necessitats de la RAED, acordar\u00e0 cobrir una o m\u00e9s vacants d\u2019acad\u00e8mic numerari comunicant-ho al Departament responsable de la Generalitat de Catalunya i tramitant la publicaci\u00f3 de l\u2019acord esmentat al Diari Oficial de la Generalitat de Catalunya i, com a m\u00ednim, a la p\u00e0gina web de la RAED.<\/p>\n<p style=\"padding-left: 40px;\"><strong>2n.<\/strong> En el termini dels seg\u00fcents 10 dies naturals des de la publicaci\u00f3 de la vacant al Diari Oficial de la Generalitat de Catalunya, es podran presentar propostes subscrites per 3 acad\u00e8mics numeraris o em\u00e8rits, un d\u2019ells el proposant, acompanyades de la identitat i curr\u00edculum detallat de la persona proposada. Cap persona pot postular-se ella mateixa com a candidat.<\/p>\n<p style=\"padding-left: 40px;\"><strong>3er.<\/strong> Des de la data de finalitzaci\u00f3 del termini anterior, la Comissi\u00f3 d\u2019Admissions de la RAED, disposar\u00e0 de 30 dies naturals per elevar un informe raonat a la Junta de Govern en el qual proposar\u00e0 el candidat, o candidats, que a judici seu ha de cobrir cadascuna de les vacants o, si escau, proposar\u00e0 deixar una o m\u00e9s places desertes.<\/p>\n<p style=\"padding-left: 40px;\">En formular el seu parer, la Comissi\u00f3 es guiar\u00e0 pel principi d\u2019excel\u00b7l\u00e8ncia i m\u00e8rit i, en cas d\u2019existir diversos candidats per a una mateixa vacant, tamb\u00e9 pels principis d\u2019igualtat, no discriminaci\u00f3 i capacitat.<\/p>\n<p style=\"padding-left: 40px;\"><strong>4rt.<\/strong> La Junta de Govern proclamar\u00e0 el nom del candidat, o candidats si fos el cas, mitjan\u00e7ant l\u2019adopci\u00f3 del corresponent acord i procedir\u00e0 a convocar Junta General incloent en l\u2019ordre del dia la seva proposta de nomenament com acad\u00e8mic o acad\u00e8mics numeraris.<\/p>\n<p style=\"padding-left: 40px;\"><strong>5\u00e8.<\/strong> Per ostentar la condici\u00f3 d\u2019acad\u00e8mic numerari electe cada candidat haur\u00e0 d\u2019obtenir la majoria simple dels vots emesos pels assistents a la Junta General, aix\u00f2 \u00e9s, m\u00e9s vots en favor que en contra.<\/p>\n<p style=\"padding-left: 40px;\"><strong>6\u00e8.<\/strong> L\u2019elecci\u00f3 de nous acad\u00e8mics numeraris per la Junta General ser\u00e0 objecte de publicaci\u00f3 a la p\u00e0gina web.<\/p>\n<p style=\"padding-left: 40px;\"><strong>7\u00e8.<\/strong> L\u2019acad\u00e8mic numerari electe entregar\u00e0 a la Junta de Govern una c\u00f2pia del seu discurs d\u2019ingr\u00e9s en format electr\u00f2nic i una altra en paper. La data de la seva lectura l\u2019acordar\u00e0 amb la Junta de Govern, que, despr\u00e9s de consultar-ho amb la Comissi\u00f3 de Control de Publicacions, designar\u00e0 l\u2019acad\u00e8mic que s\u2019encarregar\u00e0 d\u2019elaborar i llegir el discurs de contestaci\u00f3.<\/p>\n<p style=\"padding-left: 40px;\">El discurs d\u2019ingr\u00e9s:<\/p>\n<p style=\"padding-left: 80px;\"><strong>[1]<\/strong> Haur\u00e0 de ser llegit (i) assegut i descobert, o (ii) de peu i cobert en el lloc que es disposi, a voluntat del recipiendari.<\/p>\n<p style=\"padding-left: 80px;\"><strong>[2]<\/strong> Solament es podr\u00e0 fer \u00fas de mitjans visuals en pantalla per exposar f\u00f3rmules, fotografies, l\u00e0mines, estad\u00edstiques o informacions similars.<\/p>\n<p style=\"padding-left: 80px;\"><strong>[3]<\/strong> La durada completa del discurs i els seus antecedents (agra\u00efments, dedicat\u00f2ries, etc.) no ser\u00e0 inferior a 40 minuts. El discurs caldr\u00e0 que sigui acord a la naturalesa cient\u00edfico-t\u00e8cnico-art\u00edstica de la RAED i haur\u00e0 de ser lliurat a la Junta de Govern amb una antelaci\u00f3 de 60 dies abans de la data prevista per a la celebraci\u00f3 de l\u2019acte d\u2019ingr\u00e9s. La Junta de Govern podr\u00e0, atenent a circumst\u00e0ncies extraordin\u00e0ries, acceptar dip\u00f2sits amb una antelaci\u00f3 inferior.<\/p>\n<p style=\"padding-left: 80px;\"><strong>[4]<\/strong> Suposat que la Junta de Govern estimi que el discurs no reuneix els requisits expressats en els apartats anteriors, l\u2019acad\u00e8mic electe haur\u00e0 d\u2019acomodar-lo a les observacions que se li indiquin i tornar-lo a presentar, amb el conseg\u00fcent ajornament de la data d\u2019ingr\u00e9s.<\/p>\n<p style=\"padding-left: 40px;\">El discurs de contestaci\u00f3:<\/p>\n<p style=\"padding-left: 80px;\"><strong>[1]<\/strong> Haur\u00e0 de ser llegit (i) assegut i descobert, o (ii) de peu i cobert en el lloc que es disposi, a voluntat de l\u2019acad\u00e8mic encarregat de la contestaci\u00f3.<\/p>\n<p style=\"padding-left: 80px;\"><strong>[2]<\/strong> La durada completa del discurs i els seus antecedents (agra\u00efments, dedicat\u00f2ries, etc.) no ser\u00e0 inferior a 15 minuts i no excedir\u00e0 de 20 minuts.<\/p>\n<p style=\"padding-left: 80px;\"><strong>[3]<\/strong> El discurs constar\u00e0 de tres parts: (i) El curr\u00edculum i traject\u00f2ria del recipiendari; (ii) comentari i, si escau, an\u00e0lisi del discurs d\u2019entrada; i (iii) agra\u00efments i comiat.<\/p>\n<p style=\"padding-left: 40px;\">La lectura del discurs d\u2019ingr\u00e9s per l\u2019acad\u00e8mic numerari electe podr\u00e0 dur-se a terme:<\/p>\n<p style=\"padding-left: 80px;\"><strong>[1]<\/strong> Presencialment: a la seu de la RAED, o on aquesta indiqui, en la data i hora fixada i mitjan\u00e7ant un acte que ser\u00e0 obert al p\u00fablic i del que la Junta de Govern en far\u00e0 la deguda publicitat.<\/p>\n<p style=\"padding-left: 80px;\"><strong>[2]<\/strong> A dist\u00e0ncia: es dur\u00e0 a terme exclusivament mitjan\u00e7ant connexi\u00f3 per mitjans telem\u00e0tics que permetin enregistrar so i imatge, intervenint simult\u00e0niament en temps real, les persones seg\u00fcents: (i) la mesa de l\u2019acte, que ser\u00e0 presidida pel President o algun dels Vicepresidents de la RAED i 2 integrants m\u00e9s de la Junta de Govern, (ii) l\u2019acad\u00e8mic numerari electe, i (iii) l\u2019acad\u00e8mic encarregat del discurs de contestaci\u00f3. L\u2019acte no estar\u00e0 f\u00edsicament obert al p\u00fablic per\u00f2 es transmetr\u00e0 telem\u00e0ticament en format obert al p\u00fablic interessat. La Junta de Govern far\u00e0 la deguda publicitat de l\u2019acte.<\/p>\n<p style=\"padding-left: 80px;\"><strong>[3]<\/strong> Mitjan\u00e7ant un sistema mixt: on es reuniran f\u00edsicament a la seu de la RAED, o on aquesta indiqui, i en la data escollida: (i) la mesa de l\u2019acte, presidida pel President o algun dels Vicepresidents i 2 membres m\u00e9s de la Junta de Govern, (ii) l\u2019acad\u00e8mic numerari electe, i (iii) l\u2019acad\u00e8mic encarregat del discurs de contestaci\u00f3. L\u2019acad\u00e8mic electe podr\u00e0 comptar amb la pres\u00e8ncia d\u2019uns altres dos acad\u00e8mics que el presentaran a la mesa i l\u2019acompanyaran f\u00edsicament en l\u2019acte. El p\u00fablic en general nom\u00e9s podr\u00e0 accedir a l\u2019acte mitjan\u00e7ant acc\u00e9s telem\u00e0tic en format obert. La Junta de Govern far\u00e0 la deguda publicitat de l\u2019acte.<\/p>\n<p style=\"padding-left: 40px;\">L\u2019elecci\u00f3 del sistema a seguir en l\u2019acte de lectura ser\u00e0 decidida per la Junta de Govern amb l\u2019assentiment de l\u2019acad\u00e8mic numerari electe, atenent les limitacions que poguessin arribar a existir i a la conveni\u00e8ncia de protegir la salut dels assistents.<\/p>\n<p style=\"padding-left: 40px;\"><strong>8\u00e8.<\/strong> En el moment en que finalitzi l\u2019acte d\u2019ingr\u00e9s, l\u2019acad\u00e8mic numerari electe ostentar\u00e0 la condici\u00f3 plena d\u2019acad\u00e8mic de la RAED amb els seus corresponents drets i obligacions.<\/p>\n<p style=\"padding-left: 40px;\"><strong>9\u00e8.<\/strong> El text del discurs podr\u00e0 ser ampliat per l\u2019acad\u00e8mic als efectes de la seva publicaci\u00f3, ja sia en paper o format digital. Aquesta publicaci\u00f3 es facilitar\u00e0 a la resta d\u2019acad\u00e8mics i s\u2019inserir\u00e0 a la p\u00e0gina web de la Corporaci\u00f3.<\/p>\n<p><strong>3.<\/strong> L\u2019ingr\u00e9s com acad\u00e8mic d\u2019honor seguir\u00e0 el mateix tr\u00e0mit exposat per als acad\u00e8mics numeraris llevat del seg\u00fcent:<\/p>\n<p style=\"padding-left: 40px;\"><strong>[1]<\/strong> La Junta de Govern ser\u00e0 la que acordar\u00e0 remetre a la Comissi\u00f3 d\u2019Admissions la proposta de selecci\u00f3 dels acad\u00e8mics d\u2019honor, sense necessitat de les publicacions exigides en altres casos, i<\/p>\n<p style=\"padding-left: 40px;\"><strong>[2]<\/strong> Una vegada que la Junta de Govern compti amb l\u2019informe positiu d\u2019aquesta Comissi\u00f3 l\u2019elevar\u00e0 a la Junta General.<\/p>\n<p><strong>4.<\/strong> L\u2019ingr\u00e9s com acad\u00e8mic corresponent s\u2019acordar\u00e0 per la Junta de Govern per majoria simple dels seus assistents, aplicant el que disposa el n\u00famero 2 anterior, ordinals 6\u00e8, 7\u00e8 i 8\u00e8.<\/p>\n<p>&nbsp;<\/p>\n<p>&nbsp;<\/p>\n<h3><a href=\"https:\/\/raed.academy\/wp-content\/uploads\/2020\/09\/reglament-de-regim-interior-cat.pdf\" target=\"_blank\" rel=\"noopener\">Veure el Reglament de R\u00e8gim Interior complet<\/a><\/h3>\n<p>[\/et_pb_accordion_item][\/et_pb_accordion][\/et_pb_column][\/et_pb_row][\/et_pb_section]<\/p>\n","protected":false},"excerpt":{"rendered":"<p>Acord de declaraci\u00f3 de 12 vacants d&#8217;Acad\u00e8mics de N\u00famero i 2 d&#8217;Acad\u00e8mics d&#8217;Honor i normes jur\u00eddiques aplicables. 30 setembre 2021<\/p>\n","protected":false},"featured_media":106238,"template":"","meta":{"_et_pb_use_builder":"on","_et_pb_old_content":"<p>[et_pb_section fb_built=\"1\" _builder_version=\"3.22\" global_colors_info=\"{}\"][et_pb_row _builder_version=\"3.25\" background_size=\"initial\" background_position=\"top_left\" background_repeat=\"repeat\" global_colors_info=\"{}\"][et_pb_column type=\"4_4\" _builder_version=\"3.25\" custom_padding=\"|||\" global_colors_info=\"{}\" custom_padding__hover=\"|||\"][et_pb_post_title meta=\"off\" featured_image=\"off\" _builder_version=\"4.10.8\" _module_preset=\"default\" global_colors_info=\"{}\"][\/et_pb_post_title][et_pb_accordion _builder_version=\"4.10.8\" _module_preset=\"default\" global_colors_info=\"{}\"][et_pb_accordion_item title=\"vac\u00edo\" open=\"on\" _builder_version=\"4.10.8\" _module_preset=\"default\" custom_css_main_element=\"display:none;\" global_colors_info=\"{}\"][\/et_pb_accordion_item][et_pb_accordion_item title=\"Comunicado declaraci\u00f3n vacantes\" _builder_version=\"4.10.8\" _module_preset=\"default\" global_colors_info=\"{}\" open=\"off\"]<\/p><p>Sres. Acad\u00e9micos de la Junta General,<\/p><p>De conformidad con los <strong>Estatutos de la RAED<\/strong> (art\u00edculos 5 y 8), la Junta de Gobierno reunida en fecha <strong>6 de septiembre de 2021<\/strong> acord\u00f3 la declaraci\u00f3n de 12 vacantes de Acad\u00e9micos de N\u00famero y 2 vacantes de Acad\u00e9micos de Honor.<\/p><p>En fecha <strong>8 de septiembre de 2021<\/strong> la Junta de Gobierno comunic\u00f3 al Departamento responsable de la Generalitat de Catalunya dicho acuerdo para que se tramitara la publicaci\u00f3n de las 12 vacantes de Acad\u00e9micos de N\u00famero en el Diario Oficial.<\/p><p>El art\u00edculo 40 del <strong>Reglamento de R\u00e9gimen Interior de la RAED<\/strong>, se\u00f1ala que en el plazo de los <strong>siguientes 10 d\u00edas naturales<\/strong> <strong>desde la publicaci\u00f3n de la vacante en el <\/strong><em><strong>Diari Oficial de la Generalitat de Catalunya<\/strong><\/em>, se podr\u00e1n presentar propuestas suscritas por <strong>3 Acad\u00e9micos Numerarios o Em\u00e9ritos<\/strong>, uno de ellos el proponente, acompa\u00f1adas de la identidad y CV detallado de la persona propuesta (que deber\u00e1 presentarse en castellano; adicionalmente puede presentarse tambi\u00e9n en catal\u00e1n o ingl\u00e9s). Ninguna persona puede postularse ella misma como candidato. En el sitio web de la RAED se ha publicado tambi\u00e9n la declaraci\u00f3n de todas estas vacantes, adjunt\u00e1ndose el <strong>modelo que puede utilizarse<\/strong> <strong>para la presentaci\u00f3n de las propuestas firmadas<\/strong>.<\/p><p>En fecha<strong> 30 de septiembre de 2021<\/strong> ha sido publicado el mencionado anuncio en el que se regulan todos los tr\u00e1mites que deben cumplimentarse. Se adjunta <strong>texto del anuncio<\/strong>. El plazo para la presentaci\u00f3n de candidatos finaliza el<strong> 10 de octubre de 2021<\/strong>.<\/p><p>Posteriormente a estos tr\u00e1mites, la <strong>Comisi\u00f3n de Admisiones<\/strong> elevar\u00e1 un informe razonado a la <strong>Junta de Gobierno<\/strong> que proceder\u00e1, dentro de los plazos correspondientes, a la convocatoria de una <strong>Junta General Extraordinaria.<\/strong><\/p><p>\u00a0<\/p><p>La Junta de Gobierno<\/p><p>[\/et_pb_accordion_item][et_pb_accordion_item title=\"Modelo presentaci\u00f3n propuestas\" _builder_version=\"4.10.8\" _module_preset=\"default\" link_option_url_new_window=\"on\" global_colors_info=\"{}\" open=\"off\"]<\/p><p><a href=\"https:\/\/raed.academy\/wp-content\/uploads\/2021\/09\/Modelo-presentacion-propuestas-candidaturas-esp_cmpr.pdf\" target=\"_blank\" rel=\"noopener\"><strong>Descargar el modelo de presentaci\u00f3n<\/strong><\/a><\/p><p>[\/et_pb_accordion_item][et_pb_accordion_item title=\"Texto del anuncio de convocatoria\" _builder_version=\"4.10.8\" _module_preset=\"default\" global_colors_info=\"{}\" open=\"off\"]<\/p><p><a href=\"https:\/\/raed.academy\/wp-content\/uploads\/2021\/09\/anuncio-DOGC-convocatoria-12-plazas-Academico-Numerario-esp.pdf\" target=\"_blank\" rel=\"noopener\"><strong>Descargar texto del anuncio de convocatoria<\/strong><\/a><\/p><p>[\/et_pb_accordion_item][et_pb_accordion_item title=\"Estatutos sociales\" _builder_version=\"4.10.8\" _module_preset=\"default\" global_colors_info=\"{}\" open=\"off\"]<\/p><div class=\"et_pb_column et_pb_column_4_4 et_pb_column_0  et_pb_css_mix_blend_mode_passthrough et-last-child\"><div class=\"et_pb_module et_pb_text et_pb_text_0  et_pb_text_align_left et_pb_bg_layout_light\"><div class=\"et_pb_text_inner\"><h3>Art\u00edculo 5\u00ba: ACAD\u00c9MICOS DE N\u00daMERO<\/h3><p>1. Los acad\u00e9micos de n\u00famero ser\u00e1n escogidos de entre los ciudadanos de cualquier pa\u00eds europeo que est\u00e9n en posesi\u00f3n del t\u00edtulo de doctor expedido por una universidad de reconocido prestigio, a criterio de la RAED y que est\u00e9n dispuestos a contribuir desinteresadamente al progreso de la humanidad, al avance del pensamiento y de la raz\u00f3n y a la calidad de la ciencia, la filosof\u00eda, la t\u00e9cnica o el arte.<\/p><p>2. El ingreso como acad\u00e9mico numerario seguir\u00e1 el procedimiento siguiente:<\/p><p>a) La Junta de Gobierno declarar\u00e1 la vacante o vacantes producidas, lo comunicar\u00e1 al departamento responsable de las academias a la Generalitat de Catalunya y tramitar\u00e1 la publicaci\u00f3n del acuerdo en el Diario Oficial y en la p\u00e1gina web, en este caso, de la propia RAED.<\/p><p>b) En el plazo de diez d\u00edas naturales desde la publicaci\u00f3n de una vacante en el Diario Oficial, se podr\u00e1n presentar propuestas firmadas por tres acad\u00e9micos numerarios, uno de ellos el que propone, acompa\u00f1adas del curr\u00edculum detallado. Ninguna persona puede postularse ella misma como candidato.<\/p><p>c) La Comisi\u00f3n de Admisiones, desde la fecha de finalizaci\u00f3n del plazo anterior, dispondr\u00e1 de 30 d\u00edas naturales para elevar un informe razonado a la Junta de Gobierno en el que propondr\u00e1 el candidato para cubrir cada una de las vacantes o propondr\u00e1 dejar una o m\u00e1s desiertas.<\/p><p>d) La Junta de Gobierno proclamar\u00e1 el nombre del candidato o candidatos, si hubiera m\u00e1s de una vacante, y trasladar\u00e1 el asunto a la Junta General.<\/p><p>e) Un candidato, para ser electo, tendr\u00e1 que obtener la mayor\u00eda simple de los votos emitidos en la Junta General.<\/p><p>f) La elecci\u00f3n de nuevos acad\u00e9micos de n\u00famero ser\u00e1 objeto de publicaci\u00f3n en la p\u00e1gina web de la RAED.<\/p><p>g) El acad\u00e9mico electo entregar\u00e1 a la Junta de Gobierno su discurso de ingreso. La fecha de su lectura ser\u00e1 acordada por la Junta de Gobierno, que tambi\u00e9n designar\u00e1 al acad\u00e9mico que se encargar\u00e1 de elaborar y leer el discurso de contestaci\u00f3n.<\/p><h3>Art\u00edculo 8\u00ba: ACAD\u00c9MICOS DE HONOR<\/h3><p>Podr\u00e1n ser nombrados acad\u00e9micos de honor las personalidades de cualquier nacionalidad que hayan prestado servicios relevantes a la RAED o hayan conseguido un destacado prestigio p\u00fablico.<\/p><p>\u00a0<\/p><h3><a href=\"https:\/\/raed.academy\/wp-content\/uploads\/documentos\/Estatutos-RAED-29.07.21-esp.pdf\" target=\"_blank\" rel=\"noopener\">Ver el documento de Estatutos completo<\/a><\/h3><\/div><\/div><\/div><p>[\/et_pb_accordion_item][et_pb_accordion_item title=\"Reglamento de r\u00e9gimen interior\" _builder_version=\"4.10.8\" _module_preset=\"default\" global_colors_info=\"{}\" open=\"off\"]<\/p><div class=\"et_pb_column et_pb_column_4_4 et_pb_column_0  et_pb_css_mix_blend_mode_passthrough et-last-child\"><div class=\"et_pb_module et_pb_text et_pb_text_0  et_pb_text_align_left et_pb_bg_layout_light\"><div class=\"et_pb_text_inner\"><h3>Art\u00edculo 17. Adopci\u00f3n de acuerdos en las Juntas Generales<\/h3><p><strong>2.<\/strong> La votaci\u00f3n de los acad\u00e9micos en todas las Juntas Generales se llevar\u00e1 cabo de forma personal y mediante votaci\u00f3n expresada nominal y p\u00fablicamente por cada acad\u00e9mico con derecho a voto. El Secretario General proceder\u00e1 al llamamiento de los acad\u00e9micos siguiendo el orden de la lista de asistentes con la finalidad de que, individualmente, emitan de viva voz su voto en la reuni\u00f3n o manifiesten que se abstienen. El voto, que deber\u00e1 ser afirmativo o contrario a la propuesta del orden del d\u00eda, deber\u00e1 ser puro y simple y no podr\u00e1 estar condicionado ni motivado. En caso de que se contrariase esta \u00faltima disposici\u00f3n el voto se considerar\u00e1 como nulo.<\/p><p><span style=\"color: #ff0000;\">El sistema de elecci\u00f3n de acad\u00e9micos numerarios y de honor por la Junta General de la RAED se llevar\u00e1 a cabo mediante votaci\u00f3n secreta de los acad\u00e9micos numerarios y em\u00e9ritos presentes.<\/span><\/p><p><span style=\"color: #ff0000;\">La votaci\u00f3n se realizar\u00e1 durante la sesi\u00f3n mediante una papeleta que puede ser \u00fanica o m\u00faltiple en la que se indicar\u00e1 el voto a favor, en contra o en blanco. Para resultar elegido se ha de obtener la mayor\u00eda simple de los votos emitidos por los asistentes a la Junta General, esto es, m\u00e1s votos en favor que en contra.<\/span><\/p><p><strong>Nota: La Junta de Gobierno, en sesi\u00f3n de 6 septiembre de 2021, acord\u00f3 modificar el art\u00edculo 17.2 del Reglamento de R\u00e9gimen Interior de la RAED (texto en color rojo a\u00f1adido)<\/strong><\/p><h3>Art\u00edculo 40. Elecci\u00f3n de acad\u00e9micos<\/h3><p>1. Los acad\u00e9micos de n\u00famero ser\u00e1n escogidos de entre los ciudadanos de cualquier pa\u00eds europeo que est\u00e9n en posesi\u00f3n del t\u00edtulo de doctor expedido por una universidad de reconocido prestigio, a criterio de la RAED, y que est\u00e9n dispuestos a\u00a0 contribuir desinteresadamente al progreso de la humanidad, al avance del pensamiento y de la raz\u00f3n y a la mejora de la ciencia, la filosof\u00eda, la t\u00e9cnica y el arte.<\/p><p>Trat\u00e1ndose de la elecci\u00f3n de acad\u00e9micos correspondientes o de honor se aplicar\u00e1n las siguientes reglas particulares:<\/p><p>[1] Para ser elegido acad\u00e9mico correspondiente es preciso estar en posesi\u00f3n del t\u00edtulo de doctor expedido por una universidad de reconocido prestigio, a criterio de la RAED.<\/p><p>[2] Los acad\u00e9micos correspondientes y de honor no precisar\u00e1n ser ciudadanos de un pa\u00eds europeo.<\/p><p>2. El ingreso como acad\u00e9mico numerario seguir\u00e1 el siguiente tr\u00e1mite acorde con lo previsto estatutariamente:<\/p><p>1\u00ba. La Junta de Gobierno, a su juicio y atendiendo a las necesidades de la RAED, acordar\u00e1 cubrir una o m\u00e1s vacantes de acad\u00e9mico numerario comunic\u00e1ndolo al Departamento responsable de la Generalidad de Catalu\u00f1a y tramitando la publicaci\u00f3n del citado acuerdo en el Diari Oficial de la Generalitat de Catalunya y, como m\u00ednimo, en la p\u00e1gina web de la RAED.<\/p><p>2\u00ba. En el plazo de los siguientes 10 d\u00edas naturales desde la publicaci\u00f3n de la vacante en el Diari Oficial de la Generalitat de Catalunya, se podr\u00e1n presentar propuestas suscritas por 3 acad\u00e9micos numerarios o em\u00e9ritos, uno de ellos el proponente, acompa\u00f1adas de la identidad y curr\u00edculum detallado de la persona propuesta. Ninguna persona puede postularse ella misma como candidato.<\/p><p>3\u00ba. Desde la fecha de finalizaci\u00f3n del plazo anterior, la Comisi\u00f3n de Admisiones de la RAED, dispondr\u00e1 de 30 d\u00edas naturales para elevar un informe razonado a la Junta de Gobierno en el que propondr\u00e1 el candidato, o candidatos, que a su juicio ha de cubrir cada una de las vacantes o, en su caso, propondr\u00e1 dejar una o m\u00e1s plazas desiertas.<\/p><p>Al formular su parecer la Comisi\u00f3n se guiar\u00e1 por el principio de excelencia y m\u00e9rito y, caso de que existieran varios candidatos para una misma vacante, tambi\u00e9n por los principios de igualdad, no discriminaci\u00f3n y capacidad.<\/p><p>4\u00ba. La Junta de Gobierno proclamar\u00e1 el nombre del candidato, o candidatos si fuera el caso, mediante la adopci\u00f3n del correspondiente acuerdo y proceder\u00e1 a convocar Junta General incluyendo en el orden del d\u00eda su propuesta de nombramiento como acad\u00e9mico o acad\u00e9micos numerarios.<\/p><p>5\u00ba. Para ostentar la condici\u00f3n de acad\u00e9mico numerario electo cada candidato deber\u00e1 obtener la mayor\u00eda simple de los votos emitidos por los asistentes a la Junta General, esto es, m\u00e1s votos en favor que en contra.<\/p><p>6\u00ba. La elecci\u00f3n de nuevos acad\u00e9micos numerarios por la Junta General ser\u00e1 objeto de publicaci\u00f3n en la p\u00e1gina web.<\/p><p>7\u00ba. El acad\u00e9mico numerario electo entregar\u00e1 a la Junta de Gobierno una copia de su discurso de ingreso en formato electr\u00f3nico y otra en papel. La fecha de su lectura la acordar\u00e1 con la Junta de Gobierno, quien, tras consultarlo con la Comisi\u00f3n de Control de Publicaciones, designar\u00e1 al acad\u00e9mico que se encargar\u00e1 de elaborar y leer el discurso de contestaci\u00f3n.<\/p><p>El discurso de ingreso:<\/p><p>[1] Deber\u00e1 ser le\u00eddo (i) sentado y descubierto, o (ii) de pie y cubierto en el lugar dispuesto para ello, a voluntad del recipiendario.<\/p><p>[2] Solamente se podr\u00e1 hacer uso de medios visuales en pantalla para exponer f\u00f3rmulas, fotograf\u00edas, l\u00e1minas, estad\u00edsticas o informaciones similares.<\/p><p>[3] La duraci\u00f3n completa del discurso y sus antecedentes (agradecimientos, dedicatorias, etc.) no ser\u00e1 inferior a 40 minutos. El discurso deber\u00e1 ser acorde a la naturaleza cient\u00edfico-t\u00e9cnico-art\u00edstica de la RAED y habr\u00e1 de ser entregado a la Junta de Gobierno con una antelaci\u00f3n de 60 d\u00edas antes de la fecha prevista para la celebraci\u00f3n del acto de ingreso. La Junta de Gobierno podr\u00e1, atendiendo a circunstancias extraordinarias, aceptar dep\u00f3sitos con una antelaci\u00f3n inferior.<\/p><p>[4] En el supuesto de que la Junta de Gobierno estimase que el discurso no re\u00fane los requisitos expresados en los apartados anteriores, el acad\u00e9mico electo deber\u00e1 acomodarlo a las observaciones que se le indiquen y volverlo a presentar, con el consiguiente aplazamiento de la fecha de ingreso.<\/p><p>El discurso de contestaci\u00f3n:<\/p><p>[1] Deber\u00e1 ser le\u00eddo (i) sentado y descubierto, o (ii) de pie y cubierto en el lugar dispuesto para ello, a voluntad del acad\u00e9mico encargado de la contestaci\u00f3n.<\/p><p>[2] La duraci\u00f3n completa del discurso y sus antecedentes (agradecimientos, dedicatorias, etc.) no ser\u00e1 inferior a 15 minutos y no exceder\u00e1 de 20 minutos<\/p><p>[3] El discurso constar\u00e1 de tres partes: (i) El curr\u00edculum y trayectoria del recipiendario; (ii) comentario y en su caso an\u00e1lisis del discurso de entrada; y (iii) agradecimientos y despedida.<\/p><p>La lectura del discurso de ingreso por el acad\u00e9mico numerario electo podr\u00e1 llevarse a cabo:<\/p><p>[1] Presencialmente: en la sede de la RAED, o donde \u00e9sta indique, en la fecha y hora fijada y mediante un acto que ser\u00e1 abierto al p\u00fablico y al que la Junta de Gobierno dar\u00e1 la debida publicidad al acto.<\/p><p>[2] A distancia: se llevar\u00e1 a cabo exclusivamente mediante conexi\u00f3n por medios telem\u00e1ticos que permitan registrar sonido e imagen, interviniendo simult\u00e1neamente en tiempo real, las siguientes personas, (i) la mesa del acto, que ser\u00e1 presidida por el Presidente o alguno de los Vicepresidentes de la RAED y 2 integrantes m\u00e1s de la Junta de Gobierno, (ii) el acad\u00e9mico numerario electo, y (iii) el acad\u00e9mico encargado del discurso de contestaci\u00f3n. El acto no estar\u00e1 f\u00edsicamente abierto al p\u00fablico pero se transmitir\u00e1 telem\u00e1ticamente en formato abierto al p\u00fablico interesado. La Junta de Gobierno dar\u00e1 la debida publicidad al acto.<\/p><p>[3] Mediante un sistema mixto: donde se reunir\u00e1n f\u00edsicamente en la sede de la RAED, o donde \u00e9sta indique, y en la fecha escogida: (i) la mesa del acto, presidida por el Presidente o alguno de los Vicepresidentes y 2 miembros m\u00e1s de la Junta de Gobierno, (ii) el acad\u00e9mico numerario electo, y (iii) el acad\u00e9mico encargado del discurso de contestaci\u00f3n. El acad\u00e9mico electo podr\u00e1 contar con la presencia de otros dos acad\u00e9micos que lo presentar\u00e1n a la mesa y acompa\u00f1ar\u00e1n f\u00edsicamente en el acto. El p\u00fablico en general s\u00f3lo podr\u00e1 acceder al acto mediante acceso telem\u00e1tico en formato abierto. La Junta de Gobierno dar\u00e1 la debida publicidad al acto.<\/p><p>La elecci\u00f3n del sistema a emplear en el acto de lectura ser\u00e1 decidida por la Junta de Gobierno con el asentimiento del acad\u00e9mico numerario electo, atendiendo a las limitaciones que pudieran llegar a existir y a la conveniencia de proteger la salud de los asistentes.<\/p><p>8\u00ba. En el momento en que finalice el acto de ingreso, el acad\u00e9mico numerario electo ostentar\u00e1 la condici\u00f3n plena de acad\u00e9mico de la RAED con sus correspondientes derechos y obligaciones.<\/p><p>9\u00ba. El texto del discurso podr\u00e1 ser ampliado por el acad\u00e9mico a los efectos de su publicaci\u00f3n, ya sea en papel o formato digital. Esta publicaci\u00f3n se facilitar\u00e1 a los restantes acad\u00e9micos y se insertar\u00e1 en la p\u00e1gina web de la Corporaci\u00f3n.<\/p><p>3. El ingreso como acad\u00e9mico de honor seguir\u00e1 el mismo tr\u00e1mite expuesto para los acad\u00e9micos numerarios salvo en lo siguiente:<\/p><p>[1] La Junta de Gobierno ser\u00e1 quien acordar\u00e1 remitir a la Comisi\u00f3n de Admisiones la propuesta de selecci\u00f3n de los acad\u00e9micos de honor, sin necesidad de las publicaciones exigidas en otro caso, y<\/p><p>[2] Una vez que la Junta de Gobierno cuente con el informe positivo de esta Comisi\u00f3n lo elevar\u00e1 a la Junta General.<\/p><p>4. El ingreso como acad\u00e9mico correspondiente se acordar\u00e1 por la Junta de Gobierno por mayor\u00eda simple de sus asistentes, aplic\u00e1ndosele lo dispuesto en el n\u00famero 2 anterior, ordinales 6\u00ba, 7\u00ba y 8\u00ba.<\/p><p>\u00a0<\/p><\/div><h3><a href=\"https:\/\/raed.academy\/wp-content\/uploads\/2020\/09\/Reglamento-de-regimen-interior.pdf\" target=\"_blank\" rel=\"noopener\">Ver el documento de Reglamento de R\u00e9gimen Interior completo<\/a><\/h3><\/div><\/div><p>[\/et_pb_accordion_item][\/et_pb_accordion][\/et_pb_column][\/et_pb_row][\/et_pb_section]<\/p>","_et_gb_content_width":""},"class_list":["post-106308","dp_events","type-dp_events","status-publish","has-post-thumbnail","hentry"],"yoast_head":"<!-- This site is optimized with the Yoast SEO plugin v27.5 - https:\/\/yoast.com\/product\/yoast-seo-wordpress\/ -->\n<title>Comunicat de l&#039;acord de declaraci\u00f3 de 12 vacants d&#039;Acad\u00e8mics de N\u00famero i 2 d&#039;Acad\u00e8mics d&#039;Honor i normes jur\u00eddiques aplicables - Reial Acad\u00e8mia Europea de Doctors<\/title>\n<meta name=\"robots\" content=\"index, follow, max-snippet:-1, max-image-preview:large, max-video-preview:-1\" \/>\n<link rel=\"canonical\" href=\"https:\/\/raed.academy\/ca\/esdeveniments\/comunicat-de-lacord-de-declaracio-de-12-vacants-dacademics-de-numero-i-2-dacademics-dhonor-i-normes-juridiques-aplicables\/\" \/>\n<meta property=\"og:locale\" content=\"ca_ES\" \/>\n<meta property=\"og:type\" content=\"article\" \/>\n<meta property=\"og:title\" content=\"Comunicat de l&#039;acord de declaraci\u00f3 de 12 vacants d&#039;Acad\u00e8mics de N\u00famero i 2 d&#039;Acad\u00e8mics d&#039;Honor i normes jur\u00eddiques aplicables - Reial Acad\u00e8mia Europea de Doctors\" \/>\n<meta property=\"og:description\" content=\"Acord de declaraci\u00f3 de 12 vacants d&#039;Acad\u00e8mics de N\u00famero i 2 d&#039;Acad\u00e8mics d&#039;Honor i normes jur\u00eddiques aplicables. 30 setembre 2021\" \/>\n<meta property=\"og:url\" content=\"https:\/\/raed.academy\/ca\/esdeveniments\/comunicat-de-lacord-de-declaracio-de-12-vacants-dacademics-de-numero-i-2-dacademics-dhonor-i-normes-juridiques-aplicables\/\" \/>\n<meta property=\"og:site_name\" content=\"Reial Acad\u00e8mia Europea de Doctors\" \/>\n<meta property=\"article:publisher\" content=\"http:\/\/fb.me\/raed.academy\" \/>\n<meta property=\"article:modified_time\" content=\"2021-09-30T15:05:36+00:00\" \/>\n<meta property=\"og:image\" content=\"https:\/\/raed.academy\/wp-content\/uploads\/2021\/09\/medalla-RAED-inauguracion-Centenario.webp\" \/>\n\t<meta property=\"og:image:width\" content=\"500\" \/>\n\t<meta property=\"og:image:height\" content=\"300\" \/>\n\t<meta property=\"og:image:type\" content=\"image\/webp\" \/>\n<meta name=\"twitter:card\" content=\"summary_large_image\" \/>\n<meta name=\"twitter:site\" content=\"@raedacademy\" \/>\n<meta name=\"twitter:label1\" content=\"Est. reading time\" \/>\n\t<meta name=\"twitter:data1\" content=\"13 minutes\" \/>\n<script type=\"application\/ld+json\" class=\"yoast-schema-graph\">{\"@context\":\"https:\\\/\\\/schema.org\",\"@graph\":[{\"@type\":\"WebPage\",\"@id\":\"https:\\\/\\\/raed.academy\\\/ca\\\/esdeveniments\\\/comunicat-de-lacord-de-declaracio-de-12-vacants-dacademics-de-numero-i-2-dacademics-dhonor-i-normes-juridiques-aplicables\\\/\",\"url\":\"https:\\\/\\\/raed.academy\\\/ca\\\/esdeveniments\\\/comunicat-de-lacord-de-declaracio-de-12-vacants-dacademics-de-numero-i-2-dacademics-dhonor-i-normes-juridiques-aplicables\\\/\",\"name\":\"Comunicat de l'acord de declaraci\u00f3 de 12 vacants d'Acad\u00e8mics de N\u00famero i 2 d'Acad\u00e8mics d'Honor i normes jur\u00eddiques aplicables - Reial Acad\u00e8mia Europea de Doctors\",\"isPartOf\":{\"@id\":\"https:\\\/\\\/raed.academy\\\/ca\\\/#website\"},\"primaryImageOfPage\":{\"@id\":\"https:\\\/\\\/raed.academy\\\/ca\\\/esdeveniments\\\/comunicat-de-lacord-de-declaracio-de-12-vacants-dacademics-de-numero-i-2-dacademics-dhonor-i-normes-juridiques-aplicables\\\/#primaryimage\"},\"image\":{\"@id\":\"https:\\\/\\\/raed.academy\\\/ca\\\/esdeveniments\\\/comunicat-de-lacord-de-declaracio-de-12-vacants-dacademics-de-numero-i-2-dacademics-dhonor-i-normes-juridiques-aplicables\\\/#primaryimage\"},\"thumbnailUrl\":\"https:\\\/\\\/raed.academy\\\/wp-content\\\/uploads\\\/2021\\\/09\\\/medalla-RAED-inauguracion-Centenario.webp\",\"datePublished\":\"2021-09-30T14:26:52+00:00\",\"dateModified\":\"2021-09-30T15:05:36+00:00\",\"breadcrumb\":{\"@id\":\"https:\\\/\\\/raed.academy\\\/ca\\\/esdeveniments\\\/comunicat-de-lacord-de-declaracio-de-12-vacants-dacademics-de-numero-i-2-dacademics-dhonor-i-normes-juridiques-aplicables\\\/#breadcrumb\"},\"inLanguage\":\"ca-ES\",\"potentialAction\":[{\"@type\":\"ReadAction\",\"target\":[\"https:\\\/\\\/raed.academy\\\/ca\\\/esdeveniments\\\/comunicat-de-lacord-de-declaracio-de-12-vacants-dacademics-de-numero-i-2-dacademics-dhonor-i-normes-juridiques-aplicables\\\/\"]}]},{\"@type\":\"ImageObject\",\"inLanguage\":\"ca-ES\",\"@id\":\"https:\\\/\\\/raed.academy\\\/ca\\\/esdeveniments\\\/comunicat-de-lacord-de-declaracio-de-12-vacants-dacademics-de-numero-i-2-dacademics-dhonor-i-normes-juridiques-aplicables\\\/#primaryimage\",\"url\":\"https:\\\/\\\/raed.academy\\\/wp-content\\\/uploads\\\/2021\\\/09\\\/medalla-RAED-inauguracion-Centenario.webp\",\"contentUrl\":\"https:\\\/\\\/raed.academy\\\/wp-content\\\/uploads\\\/2021\\\/09\\\/medalla-RAED-inauguracion-Centenario.webp\",\"width\":500,\"height\":300},{\"@type\":\"BreadcrumbList\",\"@id\":\"https:\\\/\\\/raed.academy\\\/ca\\\/esdeveniments\\\/comunicat-de-lacord-de-declaracio-de-12-vacants-dacademics-de-numero-i-2-dacademics-dhonor-i-normes-juridiques-aplicables\\\/#breadcrumb\",\"itemListElement\":[{\"@type\":\"ListItem\",\"position\":1,\"name\":\"Inicio\",\"item\":\"https:\\\/\\\/raed.academy\\\/ca\\\/\"},{\"@type\":\"ListItem\",\"position\":2,\"name\":\"Activitats\",\"item\":\"https:\\\/\\\/raed.academy\\\/ca\\\/esdeveniments\\\/\"},{\"@type\":\"ListItem\",\"position\":3,\"name\":\"Comunicat de l&#8217;acord de declaraci\u00f3 de 12 vacants d&#8217;Acad\u00e8mics de N\u00famero i 2 d&#8217;Acad\u00e8mics d&#8217;Honor i normes jur\u00eddiques aplicables\"}]},{\"@type\":\"WebSite\",\"@id\":\"https:\\\/\\\/raed.academy\\\/ca\\\/#website\",\"url\":\"https:\\\/\\\/raed.academy\\\/ca\\\/\",\"name\":\"Reial Acad\u00e8mia Europea de Doctors\",\"description\":\"Corporaci\u00f3n de derecho p\u00fablico de car\u00e1cter cient\u00edfico, t\u00e9cnico y art\u00edstico, que tiene por objeto la investigaci\u00f3n, el estudio, el fomento y la extensi\u00f3n del conocimiento en su sentido m\u00e1s amplio\",\"publisher\":{\"@id\":\"https:\\\/\\\/raed.academy\\\/ca\\\/#organization\"},\"potentialAction\":[{\"@type\":\"SearchAction\",\"target\":{\"@type\":\"EntryPoint\",\"urlTemplate\":\"https:\\\/\\\/raed.academy\\\/ca\\\/?s={search_term_string}\"},\"query-input\":{\"@type\":\"PropertyValueSpecification\",\"valueRequired\":true,\"valueName\":\"search_term_string\"}}],\"inLanguage\":\"ca-ES\"},{\"@type\":\"Organization\",\"@id\":\"https:\\\/\\\/raed.academy\\\/ca\\\/#organization\",\"name\":\"Real Academia Europea de Doctores\",\"url\":\"https:\\\/\\\/raed.academy\\\/ca\\\/\",\"logo\":{\"@type\":\"ImageObject\",\"inLanguage\":\"ca-ES\",\"@id\":\"https:\\\/\\\/raed.academy\\\/ca\\\/#\\\/schema\\\/logo\\\/image\\\/\",\"url\":\"https:\\\/\\\/raed.academy\\\/wp-content\\\/uploads\\\/2017\\\/01\\\/cropped-logo_raed.png\",\"contentUrl\":\"https:\\\/\\\/raed.academy\\\/wp-content\\\/uploads\\\/2017\\\/01\\\/cropped-logo_raed.png\",\"width\":512,\"height\":512,\"caption\":\"Real Academia Europea de Doctores\"},\"image\":{\"@id\":\"https:\\\/\\\/raed.academy\\\/ca\\\/#\\\/schema\\\/logo\\\/image\\\/\"},\"sameAs\":[\"http:\\\/\\\/fb.me\\\/raed.academy\",\"https:\\\/\\\/x.com\\\/raedacademy\",\"https:\\\/\\\/www.instagram.com\\\/raed.academy\\\/\",\"https:\\\/\\\/www.youtube.com\\\/channel\\\/UCUYQwW2KrdirNWihxMDObwg\"]}]}<\/script>\n<!-- \/ Yoast SEO plugin. -->","yoast_head_json":{"title":"Comunicat de l'acord de declaraci\u00f3 de 12 vacants d'Acad\u00e8mics de N\u00famero i 2 d'Acad\u00e8mics d'Honor i normes jur\u00eddiques aplicables - Reial Acad\u00e8mia Europea de Doctors","robots":{"index":"index","follow":"follow","max-snippet":"max-snippet:-1","max-image-preview":"max-image-preview:large","max-video-preview":"max-video-preview:-1"},"canonical":"https:\/\/raed.academy\/ca\/esdeveniments\/comunicat-de-lacord-de-declaracio-de-12-vacants-dacademics-de-numero-i-2-dacademics-dhonor-i-normes-juridiques-aplicables\/","og_locale":"ca_ES","og_type":"article","og_title":"Comunicat de l'acord de declaraci\u00f3 de 12 vacants d'Acad\u00e8mics de N\u00famero i 2 d'Acad\u00e8mics d'Honor i normes jur\u00eddiques aplicables - Reial Acad\u00e8mia Europea de Doctors","og_description":"Acord de declaraci\u00f3 de 12 vacants d'Acad\u00e8mics de N\u00famero i 2 d'Acad\u00e8mics d'Honor i normes jur\u00eddiques aplicables. 30 setembre 2021","og_url":"https:\/\/raed.academy\/ca\/esdeveniments\/comunicat-de-lacord-de-declaracio-de-12-vacants-dacademics-de-numero-i-2-dacademics-dhonor-i-normes-juridiques-aplicables\/","og_site_name":"Reial Acad\u00e8mia Europea de Doctors","article_publisher":"http:\/\/fb.me\/raed.academy","article_modified_time":"2021-09-30T15:05:36+00:00","og_image":[{"width":500,"height":300,"url":"https:\/\/raed.academy\/wp-content\/uploads\/2021\/09\/medalla-RAED-inauguracion-Centenario.webp","type":"image\/webp"}],"twitter_card":"summary_large_image","twitter_site":"@raedacademy","twitter_misc":{"Est. reading time":"13 minutes"},"schema":{"@context":"https:\/\/schema.org","@graph":[{"@type":"WebPage","@id":"https:\/\/raed.academy\/ca\/esdeveniments\/comunicat-de-lacord-de-declaracio-de-12-vacants-dacademics-de-numero-i-2-dacademics-dhonor-i-normes-juridiques-aplicables\/","url":"https:\/\/raed.academy\/ca\/esdeveniments\/comunicat-de-lacord-de-declaracio-de-12-vacants-dacademics-de-numero-i-2-dacademics-dhonor-i-normes-juridiques-aplicables\/","name":"Comunicat de l'acord de declaraci\u00f3 de 12 vacants d'Acad\u00e8mics de N\u00famero i 2 d'Acad\u00e8mics d'Honor i normes jur\u00eddiques aplicables - Reial Acad\u00e8mia Europea de Doctors","isPartOf":{"@id":"https:\/\/raed.academy\/ca\/#website"},"primaryImageOfPage":{"@id":"https:\/\/raed.academy\/ca\/esdeveniments\/comunicat-de-lacord-de-declaracio-de-12-vacants-dacademics-de-numero-i-2-dacademics-dhonor-i-normes-juridiques-aplicables\/#primaryimage"},"image":{"@id":"https:\/\/raed.academy\/ca\/esdeveniments\/comunicat-de-lacord-de-declaracio-de-12-vacants-dacademics-de-numero-i-2-dacademics-dhonor-i-normes-juridiques-aplicables\/#primaryimage"},"thumbnailUrl":"https:\/\/raed.academy\/wp-content\/uploads\/2021\/09\/medalla-RAED-inauguracion-Centenario.webp","datePublished":"2021-09-30T14:26:52+00:00","dateModified":"2021-09-30T15:05:36+00:00","breadcrumb":{"@id":"https:\/\/raed.academy\/ca\/esdeveniments\/comunicat-de-lacord-de-declaracio-de-12-vacants-dacademics-de-numero-i-2-dacademics-dhonor-i-normes-juridiques-aplicables\/#breadcrumb"},"inLanguage":"ca-ES","potentialAction":[{"@type":"ReadAction","target":["https:\/\/raed.academy\/ca\/esdeveniments\/comunicat-de-lacord-de-declaracio-de-12-vacants-dacademics-de-numero-i-2-dacademics-dhonor-i-normes-juridiques-aplicables\/"]}]},{"@type":"ImageObject","inLanguage":"ca-ES","@id":"https:\/\/raed.academy\/ca\/esdeveniments\/comunicat-de-lacord-de-declaracio-de-12-vacants-dacademics-de-numero-i-2-dacademics-dhonor-i-normes-juridiques-aplicables\/#primaryimage","url":"https:\/\/raed.academy\/wp-content\/uploads\/2021\/09\/medalla-RAED-inauguracion-Centenario.webp","contentUrl":"https:\/\/raed.academy\/wp-content\/uploads\/2021\/09\/medalla-RAED-inauguracion-Centenario.webp","width":500,"height":300},{"@type":"BreadcrumbList","@id":"https:\/\/raed.academy\/ca\/esdeveniments\/comunicat-de-lacord-de-declaracio-de-12-vacants-dacademics-de-numero-i-2-dacademics-dhonor-i-normes-juridiques-aplicables\/#breadcrumb","itemListElement":[{"@type":"ListItem","position":1,"name":"Inicio","item":"https:\/\/raed.academy\/ca\/"},{"@type":"ListItem","position":2,"name":"Activitats","item":"https:\/\/raed.academy\/ca\/esdeveniments\/"},{"@type":"ListItem","position":3,"name":"Comunicat de l&#8217;acord de declaraci\u00f3 de 12 vacants d&#8217;Acad\u00e8mics de N\u00famero i 2 d&#8217;Acad\u00e8mics d&#8217;Honor i normes jur\u00eddiques aplicables"}]},{"@type":"WebSite","@id":"https:\/\/raed.academy\/ca\/#website","url":"https:\/\/raed.academy\/ca\/","name":"Reial Acad\u00e8mia Europea de Doctors","description":"Corporaci\u00f3n de derecho p\u00fablico de car\u00e1cter cient\u00edfico, t\u00e9cnico y art\u00edstico, que tiene por objeto la investigaci\u00f3n, el estudio, el fomento y la extensi\u00f3n del conocimiento en su sentido m\u00e1s amplio","publisher":{"@id":"https:\/\/raed.academy\/ca\/#organization"},"potentialAction":[{"@type":"SearchAction","target":{"@type":"EntryPoint","urlTemplate":"https:\/\/raed.academy\/ca\/?s={search_term_string}"},"query-input":{"@type":"PropertyValueSpecification","valueRequired":true,"valueName":"search_term_string"}}],"inLanguage":"ca-ES"},{"@type":"Organization","@id":"https:\/\/raed.academy\/ca\/#organization","name":"Real Academia Europea de Doctores","url":"https:\/\/raed.academy\/ca\/","logo":{"@type":"ImageObject","inLanguage":"ca-ES","@id":"https:\/\/raed.academy\/ca\/#\/schema\/logo\/image\/","url":"https:\/\/raed.academy\/wp-content\/uploads\/2017\/01\/cropped-logo_raed.png","contentUrl":"https:\/\/raed.academy\/wp-content\/uploads\/2017\/01\/cropped-logo_raed.png","width":512,"height":512,"caption":"Real Academia Europea de Doctores"},"image":{"@id":"https:\/\/raed.academy\/ca\/#\/schema\/logo\/image\/"},"sameAs":["http:\/\/fb.me\/raed.academy","https:\/\/x.com\/raedacademy","https:\/\/www.instagram.com\/raed.academy\/","https:\/\/www.youtube.com\/channel\/UCUYQwW2KrdirNWihxMDObwg"]}]}},"_links":{"self":[{"href":"https:\/\/raed.academy\/ca\/wp-json\/wp\/v2\/dp_events\/106308","targetHints":{"allow":["GET"]}}],"collection":[{"href":"https:\/\/raed.academy\/ca\/wp-json\/wp\/v2\/dp_events"}],"about":[{"href":"https:\/\/raed.academy\/ca\/wp-json\/wp\/v2\/types\/dp_events"}],"wp:featuredmedia":[{"embeddable":true,"href":"https:\/\/raed.academy\/ca\/wp-json\/wp\/v2\/media\/106238"}],"wp:attachment":[{"href":"https:\/\/raed.academy\/ca\/wp-json\/wp\/v2\/media?parent=106308"}],"curies":[{"name":"wp","href":"https:\/\/api.w.org\/{rel}","templated":true}]}}