{"id":104282,"date":"2021-07-05T14:49:42","date_gmt":"2021-07-05T14:49:42","guid":{"rendered":"https:\/\/raed.academy\/?post_type=dp_events&#038;p=104282"},"modified":"2021-11-10T18:09:50","modified_gmt":"2021-11-10T18:09:50","slug":"acte-dingres-com-academica-numeraria-de-la-raed-laura-rojas-marcos-sanchez-bedoya","status":"publish","type":"dp_events","link":"https:\/\/raed.academy\/ca\/esdeveniments\/acte-dingres-com-academica-numeraria-de-la-raed-laura-rojas-marcos-sanchez-bedoya\/","title":{"rendered":"Acte d&#8217;ingr\u00e9s com Acad\u00e8mica Numer\u00e0ria de la RAED: Laura Rojas-Marcos S\u00e1nchez-Bedoya"},"content":{"rendered":"<p>[et_pb_section fb_built=&#8221;1&#8243; module_class=&#8221;infoAcademico&#8221; _builder_version=&#8221;4.9.7&#8243; custom_padding=&#8221;59px|0px|51.2px|0px|false|false&#8221; locked=&#8221;off&#8221; global_colors_info=&#8221;{}&#8221;][et_pb_row use_custom_gutter=&#8221;on&#8221; gutter_width=&#8221;2&#8243; _builder_version=&#8221;4.8.2&#8243; background_size=&#8221;initial&#8221; background_position=&#8221;top_left&#8221; background_repeat=&#8221;repeat&#8221; custom_padding=&#8221;0|0px|0|0px|false|false&#8221; global_colors_info=&#8221;{}&#8221;][et_pb_column type=&#8221;4_4&#8243; _builder_version=&#8221;3.25&#8243; custom_padding=&#8221;|||&#8221; global_colors_info=&#8221;{}&#8221; custom_padding__hover=&#8221;|||&#8221;][et_pb_post_title meta=&#8221;off&#8221; featured_image=&#8221;off&#8221; _builder_version=&#8221;4.9.2&#8243; _module_preset=&#8221;default&#8221; global_colors_info=&#8221;{}&#8221;][\/et_pb_post_title][et_pb_text _builder_version=&#8221;4.9.7&#8243; global_colors_info=&#8221;{}&#8221;]<\/p>\n<p><img loading=\"lazy\" decoding=\"async\" class=\"wp-image-104288 alignright size-full\" src=\"https:\/\/raed.academy\/wp-content\/uploads\/2021\/07\/Laura-Rojas-Marcos-Sanchez-Bedoya-230x317px.jpg\" alt=\"Laura Rojas-Marcos S\u00e1nchez-Bedoya\" width=\"230\" height=\"317\" \/>L&#8217;<a href=\"https:\/\/raed.academy\/ca\/academics\/dra-laura-rojas-marcos-sanchez-bedoya\/\" target=\"_blank\" rel=\"noopener\"><strong>Excma. Sra. Dra. Laura Rojas-Marcos S\u00e1nchez-Bedoya<\/strong><\/a>, Doctora en Psicologia Cl\u00ednica, Forense i de la Salut, ingressa com Acad\u00e8mica Numer\u00e0ria de la Reial Acad\u00e8mia Europea de Doctors, amb el discurs: <a href=\"https:\/\/raed.academy\/wp-content\/uploads\/2021\/07\/discurso-ingreso-RAED-Laura-Rojas-Marcos-Sanchez-Bedoya-Envejecimiento-activo_cmpr.pdf\" target=\"_blank\" rel=\"noopener\"><strong>\u201cEnvejecimiento activo: salud y bienestar en las personas mayores\u201d<\/strong><\/a>.<\/p>\n<p><b>Respon: <a href=\"https:\/\/raed.academy\/ca\/academics\/dr-jose-ramon-calvo-fernandez\/\" target=\"_blank\" rel=\"noopener\">Excmo. Sr. Dr. Jos\u00e9 Ram\u00f3n Calvo Fern\u00e1ndez<\/a><\/b>, Doctor en Medicina i Cirurgia<\/p>\n<p><strong>Lloc: <\/strong>Emissi\u00f3 en streaming<\/p>\n<p><strong>Organitzador:<\/strong> Reial Acad\u00e8mia Europea de Doctors<\/p>\n<p><strong>Data:<\/strong> 08 Juliol 2021<\/p>\n<p><strong>Hora:<\/strong> 19:00h<\/p>\n<p>[\/et_pb_text][et_pb_divider show_divider=&#8221;off&#8221; _builder_version=&#8221;4.9.7&#8243; _module_preset=&#8221;default&#8221; global_colors_info=&#8221;{}&#8221;][\/et_pb_divider][et_pb_code admin_label=&#8221;Aviso emisi\u00f3n en streaming&#8221; _builder_version=&#8221;4.9.7&#8243; _module_preset=&#8221;default&#8221; global_colors_info=&#8221;{}&#8221;]<pee class=\"txt-resaltado\"><strong>La sala d&#8217;actes de Foment de l&#8217;Treball romandr\u00e0 tancada a el p\u00fablic, de manera que aquest acte es retransmetr\u00e0 en streaming<\/strong>. Podr\u00e0 seguir la retransmissi\u00f3 des d&#8217;aquesta mateixa p\u00e0gina, o des del canal de YouTube de l&#8217;Acad\u00e8mia prement <a href=\"https:\/\/youtu.be\/Gf9DUqeOiPg\" target=\"_blank\" rel=\"noopener\"><strong>aquest enlla\u00e7<\/strong><\/a>.<\/pee>[\/et_pb_code][et_pb_video src=&#8221;https:\/\/youtu.be\/Gf9DUqeOiPg&#8221; play_icon_color=&#8221;#FFFFFF&#8221; thumbnail_overlay_color=&#8221;rgba(0,0,0,0.6)&#8221; src_tablet=&#8221;&#8221; src_phone=&#8221;&#8221; src_last_edited=&#8221;on|desktop&#8221; _builder_version=&#8221;4.9.7&#8243; _module_preset=&#8221;default&#8221; animation_style=&#8221;flip&#8221; animation_direction=&#8221;top&#8221; locked=&#8221;off&#8221; global_colors_info=&#8221;{}&#8221;][\/et_pb_video][et_pb_code admin_label=&#8221;C\u00f3digo &#8211; visualizaci\u00f3n y descarga de la invitaci\u00f3n&#8221; _builder_version=&#8221;4.9.7&#8243; z_index_tablet=&#8221;500&#8243; locked=&#8221;off&#8221; global_colors_info=&#8221;{}&#8221;]<a href=\"https:\/\/raed.academy\/wp-content\/uploads\/2021\/07\/invitacio-ingres-Laura-Rojas-Marcos-Sanchez-Bedoya-cat.pdf\" target=\"_blank\" class=\"et_pb_button btn-evento\" rel=\"noopener noreferrer\">INVITACI\u00d3<\/a><!-- [et_pb_line_break_holder] --><\/p>\n<div class=\"separadorH\" style=\"height: 20px;\"> <\/div>\n<p><!-- [et_pb_line_break_holder] --><ul class=\"et_pb_module et_pb_social_media_follow event_et_pb_social_media_follow\"> <li> <a target=\"blank\" href=\"http:\/\/www.facebook.com\/share.php?u=https:\/\/raed.academy\/ca\/esdeveniments\/acte-dingres-com-academica-numeraria-de-la-raed-laura-rojas-marcos-sanchez-bedoya\/&title=Acte d&#8217;ingr\u00e9s com Acad\u00e8mica Numer\u00e0ria de la RAED: Laura Rojas-Marcos S\u00e1nchez-Bedoya\"><i class=\"et-pb-icon social-icon facebook-icon event_social_icon\" >&#xe0aa;<\/i><\/a><\/li><li> <a target=\"blank\" href=\"https:\/\/twitter.com\/share?text=Acte%20d%26%238217%3Bingr%C3%A9s%20com%20Acad%C3%A8mica%20Numer%C3%A0ria%20de%20la%20RAED%3A%20Laura%20Rojas-Marcos%20S%C3%A1nchez-Bedoya&url=https:\/\/raed.academy\/ca\/esdeveniments\/acte-dingres-com-academica-numeraria-de-la-raed-laura-rojas-marcos-sanchez-bedoya\/\"><i class=\"et-pb-icon social-icon twitter-icon event_social_icon\" >&#xe0ab;<\/i><\/a><\/li><li> <a target=\"blank\" href=\"https:\/\/www.linkedin.com\/shareArticle?mini=true&url=https:\/\/raed.academy\/ca\/esdeveniments\/acte-dingres-com-academica-numeraria-de-la-raed-laura-rojas-marcos-sanchez-bedoya\/&title=Acte%20d%26%238217%3Bingr%C3%A9s%20com%20Acad%C3%A8mica%20Numer%C3%A0ria%20de%20la%20RAED%3A%20Laura%20Rojas-Marcos%20S%C3%A1nchez-Bedoya&source=https:\/\/raed.academy\/ca\/\"><i class=\"et-pb-icon social-icon linkedin-icon event_social_icon\" >&#xe0b4;<\/i><\/a><\/li><\/ul>[\/et_pb_code][et_pb_text _builder_version=&#8221;4.9.7&#8243; _module_preset=&#8221;default&#8221; locked=&#8221;off&#8221; global_colors_info=&#8221;{}&#8221;]<\/p>\n<h3>DRA. LAURA ROJAS-MARCOS S\u00c1NCHEZ-BEDOYA<\/h3>\n<p>Va n\u00e9ixer a Nova York el 1970, per\u00f2 el 1978 es va traslladar a Sevilla. Doctora en Psicologia Cl\u00ednica i de la Salut \u00e9s psicoterapeuta, investigadora, conferenciant i escriptora de nombrosos articles i llibres publicats. Llicenciada en Psicologia per la Universitat de Nova York i m\u00e0ster per la Universitat Ieixiv\u00e0 Albert Einstein de Nova York. Durant els anys que va viure als Estats Units va exercir la psicologia en diverses institucions sanit\u00e0ries.<\/p>\n<p>El 2001, despr\u00e9s dels atacs a les Torres Bessones, es va oferir volunt\u00e0ria per a la Creu Roja i va col\u00b7laborar en Proyecto Libertad, un programa creat pel govern federal dels Estats Units per proporcionar assist\u00e8ncia psicol\u00f2gica a les v\u00edctimes.<\/p>\n<p>Actualment viu a Madrid on exerceix com a advocat en psicologia privada i col\u00b7labora amb institucions i universitats espanyoles i internacionals dedicades a temes socials i salut mental.<\/p>\n<p>Col\u00b7laboradora habitual del programa La Aventura del Saber de televisi\u00f3 espanyola, \u00e9s membre de la Reial Acad\u00e8mia Europea de Doctors, de la Federaci\u00f3 Europea de Psicologia i del Comit\u00e8 de Cultura de l&#8217;Institut Espanyol Reina Sofia de Nova York. El 2015, 2017 i 2018 va ser elegida una de les top100 dones l\u00edders i influencers a Espanya.<\/p>\n<p>Autora dels llibres <strong>Hablar y Aprender<\/strong>, <strong>El sentimiento de culpa<\/strong>, <strong>Somos Cambio<\/strong> i\u00a0<strong>La Familia: de relaciones t\u00f3xicas a relaciones sanas<\/strong>.<\/p>\n<p>[\/et_pb_text][\/et_pb_column][\/et_pb_row][et_pb_row column_structure=&#8221;2_3,1_3&#8243; _builder_version=&#8221;4.11.3&#8243; _module_preset=&#8221;default&#8221; locked=&#8221;off&#8221; global_colors_info=&#8221;{}&#8221;][et_pb_column type=&#8221;2_3&#8243; _builder_version=&#8221;4.11.3&#8243; _module_preset=&#8221;default&#8221; global_colors_info=&#8221;{}&#8221;][et_pb_code admin_label=&#8221;C\u00f3digo &#8211; organizadores&#8221; _builder_version=&#8221;4.12.0&#8243; _module_preset=&#8221;default&#8221; hover_enabled=&#8221;0&#8243; global_colors_info=&#8221;{}&#8221; sticky_enabled=&#8221;0&#8243;]<pee class=\"ttl-colaboradores\">Organitza:<\/pee><!-- [et_pb_line_break_holder] --><\/p>\n<div id=\"organizadores\"><!-- [et_pb_line_break_holder] --><\/p>\n<div class=\"logo-colaborador\"><a href=\"https:\/\/fundacionraed.org\/\" target=\"_blank\" rel=\"noopener noreferrer\"><img decoding=\"async\" src=\"https:\/\/raed.academy\/wp-content\/uploads\/2021\/10\/Logo-Fundacion-RAED-160px.jpg\" alt=\"Fundaci\u00f3n RAED\"><\/p>\n<div class=\"txt\"><\/div>\n<p><\/a><\/div>\n<p><!-- [et_pb_line_break_holder] --><!-- [et_pb_line_break_holder] --><\/p>\n<div class=\"logo-colaborador\"><a href=\"https:\/\/raed.academy\/\" target=\"_blank\" rel=\"noopener noreferrer\"><img decoding=\"async\" src=\"https:\/\/raed.academy\/wp-content\/uploads\/2021\/10\/Logo-RAED-160px.jpg\" alt=\"Real Academia Europea de Doctores RAED\"><\/p>\n<div class=\"txt\"><\/div>\n<p><\/a><\/div>\n<p><!-- [et_pb_line_break_holder] --><\/div>\n<p>[\/et_pb_code][\/et_pb_column][et_pb_column type=&#8221;1_3&#8243; _builder_version=&#8221;4.11.3&#8243; _module_preset=&#8221;default&#8221; global_colors_info=&#8221;{}&#8221;][et_pb_code admin_label=&#8221;C\u00f3digo &#8211; colaboradores&#8221; _builder_version=&#8221;4.12.0&#8243; _module_preset=&#8221;default&#8221; hover_enabled=&#8221;0&#8243; global_colors_info=&#8221;{}&#8221; sticky_enabled=&#8221;0&#8243;]<pee class=\"ttl-colaboradores\">Amb la col\u00b7laboraci\u00f3 de:<\/pee><!-- [et_pb_line_break_holder] --><\/p>\n<div id=\"colaboradores\"><!-- [et_pb_line_break_holder] --><\/p>\n<div class=\"logo-colaborador\"><!-- [et_pb_line_break_holder] --><\/p>\n<div class=\"txt-circular\"><\/div>\n<p><!-- [et_pb_line_break_holder] -->  <a href=\"http:\/\/justicia.gencat.cat\/ca\/inici\" target=\"_blank\" rel=\"noopener noreferrer\"><img decoding=\"async\" src=\"https:\/\/raed.academy\/wp-content\/uploads\/2021\/10\/Generalitat-de-Catalunya-dept-Justicia-215px.jpg\" alt=\"Generalitat de catalunya\"><\/a><\/div>\n<p><!-- [et_pb_line_break_holder] --><\/div>\n<p>[\/et_pb_code][\/et_pb_column][\/et_pb_row][\/et_pb_section]<\/p>\n","protected":false},"excerpt":{"rendered":"<p>Doctora en Psicologia Cl\u00ednica, Forense i de la Salut, ingressa com Acad\u00e8mica Numer\u00e0ria amb el discurs \u201cEnvejecimiento activo: salud y bienestar en las personas mayores\u201d.<\/p>\n","protected":false},"featured_media":104285,"template":"","meta":{"_et_pb_use_builder":"on","_et_pb_old_content":"","_et_gb_content_width":""},"class_list":["post-104282","dp_events","type-dp_events","status-publish","has-post-thumbnail","hentry","event_category-ingressos-dacademics"],"yoast_head":"<!-- This site is optimized with the Yoast SEO plugin v27.5 - https:\/\/yoast.com\/product\/yoast-seo-wordpress\/ -->\n<title>Laura Rojas-Marcos ingressa a la RAED - Reial Acad\u00e8mia Europea de Doctors<\/title>\n<meta name=\"description\" content=\"Doctora en Psicologia Cl\u00ednica, Forense i de la Salut, ingressa com Acad\u00e8mica Numer\u00e0ria amb el discurs \u201cEnvejecimiento activo: salud y bienestar en las personas mayores\u201d.\" \/>\n<meta name=\"robots\" content=\"index, follow, max-snippet:-1, max-image-preview:large, max-video-preview:-1\" \/>\n<link rel=\"canonical\" href=\"https:\/\/raed.academy\/ca\/esdeveniments\/acte-dingres-com-academica-numeraria-de-la-raed-laura-rojas-marcos-sanchez-bedoya\/\" \/>\n<meta property=\"og:locale\" content=\"ca_ES\" \/>\n<meta property=\"og:type\" content=\"article\" \/>\n<meta property=\"og:title\" content=\"Laura Rojas-Marcos ingressa a la RAED - Reial Acad\u00e8mia Europea de Doctors\" \/>\n<meta property=\"og:description\" content=\"Doctora en Psicologia Cl\u00ednica, Forense i de la Salut, ingressa com Acad\u00e8mica Numer\u00e0ria amb el discurs \u201cEnvejecimiento activo: salud y bienestar en las personas mayores\u201d.\" \/>\n<meta property=\"og:url\" content=\"https:\/\/raed.academy\/ca\/esdeveniments\/acte-dingres-com-academica-numeraria-de-la-raed-laura-rojas-marcos-sanchez-bedoya\/\" \/>\n<meta property=\"og:site_name\" content=\"Reial Acad\u00e8mia Europea de Doctors\" \/>\n<meta property=\"article:publisher\" content=\"http:\/\/fb.me\/raed.academy\" \/>\n<meta property=\"article:modified_time\" content=\"2021-11-10T18:09:50+00:00\" \/>\n<meta property=\"og:image\" content=\"https:\/\/raed.academy\/wp-content\/uploads\/2021\/07\/Laura-Rojas-Marcos-Sanchez-Bedoya-dst.jpg\" \/>\n\t<meta property=\"og:image:width\" content=\"500\" \/>\n\t<meta property=\"og:image:height\" content=\"300\" \/>\n\t<meta property=\"og:image:type\" content=\"image\/jpeg\" \/>\n<meta name=\"twitter:card\" content=\"summary_large_image\" \/>\n<meta name=\"twitter:site\" content=\"@raedacademy\" \/>\n<script type=\"application\/ld+json\" class=\"yoast-schema-graph\">{\"@context\":\"https:\\\/\\\/schema.org\",\"@graph\":[{\"@type\":\"WebPage\",\"@id\":\"https:\\\/\\\/raed.academy\\\/ca\\\/esdeveniments\\\/acte-dingres-com-academica-numeraria-de-la-raed-laura-rojas-marcos-sanchez-bedoya\\\/\",\"url\":\"https:\\\/\\\/raed.academy\\\/ca\\\/esdeveniments\\\/acte-dingres-com-academica-numeraria-de-la-raed-laura-rojas-marcos-sanchez-bedoya\\\/\",\"name\":\"Laura Rojas-Marcos ingressa a la RAED - Reial Acad\u00e8mia Europea de Doctors\",\"isPartOf\":{\"@id\":\"https:\\\/\\\/raed.academy\\\/ca\\\/#website\"},\"primaryImageOfPage\":{\"@id\":\"https:\\\/\\\/raed.academy\\\/ca\\\/esdeveniments\\\/acte-dingres-com-academica-numeraria-de-la-raed-laura-rojas-marcos-sanchez-bedoya\\\/#primaryimage\"},\"image\":{\"@id\":\"https:\\\/\\\/raed.academy\\\/ca\\\/esdeveniments\\\/acte-dingres-com-academica-numeraria-de-la-raed-laura-rojas-marcos-sanchez-bedoya\\\/#primaryimage\"},\"thumbnailUrl\":\"https:\\\/\\\/raed.academy\\\/wp-content\\\/uploads\\\/2021\\\/07\\\/Laura-Rojas-Marcos-Sanchez-Bedoya-dst.jpg\",\"datePublished\":\"2021-07-05T14:49:42+00:00\",\"dateModified\":\"2021-11-10T18:09:50+00:00\",\"description\":\"Doctora en Psicologia Cl\u00ednica, Forense i de la Salut, ingressa com Acad\u00e8mica Numer\u00e0ria amb el discurs \u201cEnvejecimiento activo: salud y bienestar en las personas mayores\u201d.\",\"breadcrumb\":{\"@id\":\"https:\\\/\\\/raed.academy\\\/ca\\\/esdeveniments\\\/acte-dingres-com-academica-numeraria-de-la-raed-laura-rojas-marcos-sanchez-bedoya\\\/#breadcrumb\"},\"inLanguage\":\"ca-ES\",\"potentialAction\":[{\"@type\":\"ReadAction\",\"target\":[\"https:\\\/\\\/raed.academy\\\/ca\\\/esdeveniments\\\/acte-dingres-com-academica-numeraria-de-la-raed-laura-rojas-marcos-sanchez-bedoya\\\/\"]}]},{\"@type\":\"ImageObject\",\"inLanguage\":\"ca-ES\",\"@id\":\"https:\\\/\\\/raed.academy\\\/ca\\\/esdeveniments\\\/acte-dingres-com-academica-numeraria-de-la-raed-laura-rojas-marcos-sanchez-bedoya\\\/#primaryimage\",\"url\":\"https:\\\/\\\/raed.academy\\\/wp-content\\\/uploads\\\/2021\\\/07\\\/Laura-Rojas-Marcos-Sanchez-Bedoya-dst.jpg\",\"contentUrl\":\"https:\\\/\\\/raed.academy\\\/wp-content\\\/uploads\\\/2021\\\/07\\\/Laura-Rojas-Marcos-Sanchez-Bedoya-dst.jpg\",\"width\":500,\"height\":300,\"caption\":\"Laura Rojas-Marcos S\u00e1nchez-Bedoya\"},{\"@type\":\"BreadcrumbList\",\"@id\":\"https:\\\/\\\/raed.academy\\\/ca\\\/esdeveniments\\\/acte-dingres-com-academica-numeraria-de-la-raed-laura-rojas-marcos-sanchez-bedoya\\\/#breadcrumb\",\"itemListElement\":[{\"@type\":\"ListItem\",\"position\":1,\"name\":\"Inicio\",\"item\":\"https:\\\/\\\/raed.academy\\\/ca\\\/\"},{\"@type\":\"ListItem\",\"position\":2,\"name\":\"Activitats\",\"item\":\"https:\\\/\\\/raed.academy\\\/ca\\\/esdeveniments\\\/\"},{\"@type\":\"ListItem\",\"position\":3,\"name\":\"Acte d&#8217;ingr\u00e9s com Acad\u00e8mica Numer\u00e0ria de la RAED: Laura Rojas-Marcos S\u00e1nchez-Bedoya\"}]},{\"@type\":\"WebSite\",\"@id\":\"https:\\\/\\\/raed.academy\\\/ca\\\/#website\",\"url\":\"https:\\\/\\\/raed.academy\\\/ca\\\/\",\"name\":\"Reial Acad\u00e8mia Europea de Doctors\",\"description\":\"Corporaci\u00f3n de derecho p\u00fablico de car\u00e1cter cient\u00edfico, t\u00e9cnico y art\u00edstico, que tiene por objeto la investigaci\u00f3n, el estudio, el fomento y la extensi\u00f3n del conocimiento en su sentido m\u00e1s amplio\",\"publisher\":{\"@id\":\"https:\\\/\\\/raed.academy\\\/ca\\\/#organization\"},\"potentialAction\":[{\"@type\":\"SearchAction\",\"target\":{\"@type\":\"EntryPoint\",\"urlTemplate\":\"https:\\\/\\\/raed.academy\\\/ca\\\/?s={search_term_string}\"},\"query-input\":{\"@type\":\"PropertyValueSpecification\",\"valueRequired\":true,\"valueName\":\"search_term_string\"}}],\"inLanguage\":\"ca-ES\"},{\"@type\":\"Organization\",\"@id\":\"https:\\\/\\\/raed.academy\\\/ca\\\/#organization\",\"name\":\"Real Academia Europea de Doctores\",\"url\":\"https:\\\/\\\/raed.academy\\\/ca\\\/\",\"logo\":{\"@type\":\"ImageObject\",\"inLanguage\":\"ca-ES\",\"@id\":\"https:\\\/\\\/raed.academy\\\/ca\\\/#\\\/schema\\\/logo\\\/image\\\/\",\"url\":\"https:\\\/\\\/raed.academy\\\/wp-content\\\/uploads\\\/2017\\\/01\\\/cropped-logo_raed.png\",\"contentUrl\":\"https:\\\/\\\/raed.academy\\\/wp-content\\\/uploads\\\/2017\\\/01\\\/cropped-logo_raed.png\",\"width\":512,\"height\":512,\"caption\":\"Real Academia Europea de Doctores\"},\"image\":{\"@id\":\"https:\\\/\\\/raed.academy\\\/ca\\\/#\\\/schema\\\/logo\\\/image\\\/\"},\"sameAs\":[\"http:\\\/\\\/fb.me\\\/raed.academy\",\"https:\\\/\\\/x.com\\\/raedacademy\",\"https:\\\/\\\/www.instagram.com\\\/raed.academy\\\/\",\"https:\\\/\\\/www.youtube.com\\\/channel\\\/UCUYQwW2KrdirNWihxMDObwg\"]}]}<\/script>\n<!-- \/ Yoast SEO plugin. -->","yoast_head_json":{"title":"Laura Rojas-Marcos ingressa a la RAED - Reial Acad\u00e8mia Europea de Doctors","description":"Doctora en Psicologia Cl\u00ednica, Forense i de la Salut, ingressa com Acad\u00e8mica Numer\u00e0ria amb el discurs \u201cEnvejecimiento activo: salud y bienestar en las personas mayores\u201d.","robots":{"index":"index","follow":"follow","max-snippet":"max-snippet:-1","max-image-preview":"max-image-preview:large","max-video-preview":"max-video-preview:-1"},"canonical":"https:\/\/raed.academy\/ca\/esdeveniments\/acte-dingres-com-academica-numeraria-de-la-raed-laura-rojas-marcos-sanchez-bedoya\/","og_locale":"ca_ES","og_type":"article","og_title":"Laura Rojas-Marcos ingressa a la RAED - Reial Acad\u00e8mia Europea de Doctors","og_description":"Doctora en Psicologia Cl\u00ednica, Forense i de la Salut, ingressa com Acad\u00e8mica Numer\u00e0ria amb el discurs \u201cEnvejecimiento activo: salud y bienestar en las personas mayores\u201d.","og_url":"https:\/\/raed.academy\/ca\/esdeveniments\/acte-dingres-com-academica-numeraria-de-la-raed-laura-rojas-marcos-sanchez-bedoya\/","og_site_name":"Reial Acad\u00e8mia Europea de Doctors","article_publisher":"http:\/\/fb.me\/raed.academy","article_modified_time":"2021-11-10T18:09:50+00:00","og_image":[{"width":500,"height":300,"url":"https:\/\/raed.academy\/wp-content\/uploads\/2021\/07\/Laura-Rojas-Marcos-Sanchez-Bedoya-dst.jpg","type":"image\/jpeg"}],"twitter_card":"summary_large_image","twitter_site":"@raedacademy","schema":{"@context":"https:\/\/schema.org","@graph":[{"@type":"WebPage","@id":"https:\/\/raed.academy\/ca\/esdeveniments\/acte-dingres-com-academica-numeraria-de-la-raed-laura-rojas-marcos-sanchez-bedoya\/","url":"https:\/\/raed.academy\/ca\/esdeveniments\/acte-dingres-com-academica-numeraria-de-la-raed-laura-rojas-marcos-sanchez-bedoya\/","name":"Laura Rojas-Marcos ingressa a la RAED - Reial Acad\u00e8mia Europea de Doctors","isPartOf":{"@id":"https:\/\/raed.academy\/ca\/#website"},"primaryImageOfPage":{"@id":"https:\/\/raed.academy\/ca\/esdeveniments\/acte-dingres-com-academica-numeraria-de-la-raed-laura-rojas-marcos-sanchez-bedoya\/#primaryimage"},"image":{"@id":"https:\/\/raed.academy\/ca\/esdeveniments\/acte-dingres-com-academica-numeraria-de-la-raed-laura-rojas-marcos-sanchez-bedoya\/#primaryimage"},"thumbnailUrl":"https:\/\/raed.academy\/wp-content\/uploads\/2021\/07\/Laura-Rojas-Marcos-Sanchez-Bedoya-dst.jpg","datePublished":"2021-07-05T14:49:42+00:00","dateModified":"2021-11-10T18:09:50+00:00","description":"Doctora en Psicologia Cl\u00ednica, Forense i de la Salut, ingressa com Acad\u00e8mica Numer\u00e0ria amb el discurs \u201cEnvejecimiento activo: salud y bienestar en las personas mayores\u201d.","breadcrumb":{"@id":"https:\/\/raed.academy\/ca\/esdeveniments\/acte-dingres-com-academica-numeraria-de-la-raed-laura-rojas-marcos-sanchez-bedoya\/#breadcrumb"},"inLanguage":"ca-ES","potentialAction":[{"@type":"ReadAction","target":["https:\/\/raed.academy\/ca\/esdeveniments\/acte-dingres-com-academica-numeraria-de-la-raed-laura-rojas-marcos-sanchez-bedoya\/"]}]},{"@type":"ImageObject","inLanguage":"ca-ES","@id":"https:\/\/raed.academy\/ca\/esdeveniments\/acte-dingres-com-academica-numeraria-de-la-raed-laura-rojas-marcos-sanchez-bedoya\/#primaryimage","url":"https:\/\/raed.academy\/wp-content\/uploads\/2021\/07\/Laura-Rojas-Marcos-Sanchez-Bedoya-dst.jpg","contentUrl":"https:\/\/raed.academy\/wp-content\/uploads\/2021\/07\/Laura-Rojas-Marcos-Sanchez-Bedoya-dst.jpg","width":500,"height":300,"caption":"Laura Rojas-Marcos S\u00e1nchez-Bedoya"},{"@type":"BreadcrumbList","@id":"https:\/\/raed.academy\/ca\/esdeveniments\/acte-dingres-com-academica-numeraria-de-la-raed-laura-rojas-marcos-sanchez-bedoya\/#breadcrumb","itemListElement":[{"@type":"ListItem","position":1,"name":"Inicio","item":"https:\/\/raed.academy\/ca\/"},{"@type":"ListItem","position":2,"name":"Activitats","item":"https:\/\/raed.academy\/ca\/esdeveniments\/"},{"@type":"ListItem","position":3,"name":"Acte d&#8217;ingr\u00e9s com Acad\u00e8mica Numer\u00e0ria de la RAED: Laura Rojas-Marcos S\u00e1nchez-Bedoya"}]},{"@type":"WebSite","@id":"https:\/\/raed.academy\/ca\/#website","url":"https:\/\/raed.academy\/ca\/","name":"Reial Acad\u00e8mia Europea de Doctors","description":"Corporaci\u00f3n de derecho p\u00fablico de car\u00e1cter cient\u00edfico, t\u00e9cnico y art\u00edstico, que tiene por objeto la investigaci\u00f3n, el estudio, el fomento y la extensi\u00f3n del conocimiento en su sentido m\u00e1s amplio","publisher":{"@id":"https:\/\/raed.academy\/ca\/#organization"},"potentialAction":[{"@type":"SearchAction","target":{"@type":"EntryPoint","urlTemplate":"https:\/\/raed.academy\/ca\/?s={search_term_string}"},"query-input":{"@type":"PropertyValueSpecification","valueRequired":true,"valueName":"search_term_string"}}],"inLanguage":"ca-ES"},{"@type":"Organization","@id":"https:\/\/raed.academy\/ca\/#organization","name":"Real Academia Europea de Doctores","url":"https:\/\/raed.academy\/ca\/","logo":{"@type":"ImageObject","inLanguage":"ca-ES","@id":"https:\/\/raed.academy\/ca\/#\/schema\/logo\/image\/","url":"https:\/\/raed.academy\/wp-content\/uploads\/2017\/01\/cropped-logo_raed.png","contentUrl":"https:\/\/raed.academy\/wp-content\/uploads\/2017\/01\/cropped-logo_raed.png","width":512,"height":512,"caption":"Real Academia Europea de Doctores"},"image":{"@id":"https:\/\/raed.academy\/ca\/#\/schema\/logo\/image\/"},"sameAs":["http:\/\/fb.me\/raed.academy","https:\/\/x.com\/raedacademy","https:\/\/www.instagram.com\/raed.academy\/","https:\/\/www.youtube.com\/channel\/UCUYQwW2KrdirNWihxMDObwg"]}]}},"_links":{"self":[{"href":"https:\/\/raed.academy\/ca\/wp-json\/wp\/v2\/dp_events\/104282","targetHints":{"allow":["GET"]}}],"collection":[{"href":"https:\/\/raed.academy\/ca\/wp-json\/wp\/v2\/dp_events"}],"about":[{"href":"https:\/\/raed.academy\/ca\/wp-json\/wp\/v2\/types\/dp_events"}],"wp:featuredmedia":[{"embeddable":true,"href":"https:\/\/raed.academy\/ca\/wp-json\/wp\/v2\/media\/104285"}],"wp:attachment":[{"href":"https:\/\/raed.academy\/ca\/wp-json\/wp\/v2\/media?parent=104282"}],"curies":[{"name":"wp","href":"https:\/\/api.w.org\/{rel}","templated":true}]}}