{"id":102427,"date":"2021-05-09T18:39:49","date_gmt":"2021-05-09T18:39:49","guid":{"rendered":"https:\/\/raed.academy\/?post_type=dp_events&#038;p=102427"},"modified":"2021-07-06T09:25:28","modified_gmt":"2021-07-06T09:25:28","slug":"convocatoria-deleccions-membres-de-la-junta-de-govern-raed","status":"publish","type":"dp_events","link":"https:\/\/raed.academy\/ca\/esdeveniments\/convocatoria-deleccions-membres-de-la-junta-de-govern-raed\/","title":{"rendered":"Convocat\u00f2ria d\u2019eleccions dels membres de la Junta de Govern i altres c\u00e0rrecs de la RAED"},"content":{"rendered":"<p>[et_pb_section fb_built=&#8221;1&#8243; module_class=&#8221;infoAcademico&#8221; _builder_version=&#8221;4.9.4&#8243;][et_pb_row module_class=&#8221;infoAcademico&#8221; _builder_version=&#8221;4.9.4&#8243; background_size=&#8221;initial&#8221; background_position=&#8221;top_left&#8221; background_repeat=&#8221;repeat&#8221;][et_pb_column type=&#8221;4_4&#8243; _builder_version=&#8221;3.25&#8243; custom_padding=&#8221;|||&#8221; custom_padding__hover=&#8221;|||&#8221;][et_pb_post_title author=&#8221;off&#8221; comments=&#8221;off&#8221; featured_image=&#8221;off&#8221; module_class=&#8221;portada&#8221; _builder_version=&#8221;4.9.4&#8243; _module_preset=&#8221;default&#8221;][\/et_pb_post_title][et_pb_text admin_label=&#8221;text &#8211; Comunicat&#8221; _builder_version=&#8221;4.9.4&#8243; background_size=&#8221;initial&#8221; background_position=&#8221;top_left&#8221; background_repeat=&#8221;repeat&#8221;]<\/p>\n<h2>Comunicat<\/h2>\n<p>En data 8 de maig de 2021, la Junta de Govern va acordar iniciar el proc\u00e9s electoral dels integrants de la Junta de Govern i altres c\u00e0rrecs de la Reial Acad\u00e8mia Europea de Doctors, segons el que preveu l&#8217;article 39 del Reglament de R\u00e8gim Interior.<\/p>\n<p>De la mateixa manera, i en aquesta mateixa Junta de Govern es va acordar la seg\u00fcent proposta de Mesa Electoral:<\/p>\n<p style=\"padding-left: 40px;\">(a) President: <strong>Dr. Josep Ignasi Saranyana i Closa<\/strong>;<\/p>\n<p style=\"padding-left: 40px;\">(b) Vocal 1er: <strong>Dr. Luis Carri\u00e8re Lluch<\/strong>; i<\/p>\n<p style=\"padding-left: 40px;\">(c) Vocal 2n: <strong>Dra. Carol Moreno Atanasio<\/strong>.<\/p>\n<p>En el cas que algun d\u2019aquests acad\u00e8mics no accept\u00e9s el c\u00e0rrec, s\u2019autoritza al President de la RAED perqu\u00e8, d\u2019acord amb el que disposa la normativa aplicable, procedeixi a nomenar el suplent o suplents necessaris. De la mateixa manera s\u2019encomana al President o al Secretari de la RAED que obtingui dels designats l\u2019acceptaci\u00f3 d\u2019aquests c\u00e0rrecs a tot tardar l\u201911 de maig.<\/p>\n<p>S&#8217;adjunta per a consulta el <a href=\"https:\/\/raed.academy\/wp-content\/uploads\/2021\/05\/Normas-electorales.pdf\" target=\"_blank\" rel=\"noopener\"><strong>document amb les Normes Electorals<\/strong><\/a>.<\/p>\n<p>&nbsp;<\/p>\n<p>Atentament<\/p>\n<p>&nbsp;<\/p>\n<hr \/>\n<p><strong>Dr. Alfredo Rocafort Nicolau<\/strong><\/p>\n<p>President en funcions de la RAED<\/p>\n<p>[\/et_pb_text][et_pb_divider _builder_version=&#8221;4.9.4&#8243; _module_preset=&#8221;default&#8221; background_color=&#8221;#B3B3B3&#8243; height=&#8221;8px&#8221; locked=&#8221;off&#8221;][\/et_pb_divider][et_pb_text admin_label=&#8221;texto &#8211; candidatura Dr. Alfredo Rocafort&#8221; _builder_version=&#8221;4.9.4&#8243; _module_preset=&#8221;default&#8221; locked=&#8221;off&#8221;]<\/p>\n<h2>Candidatura a l&#8217;elecci\u00f3 de la Junta de Govern i altres c\u00e0rrecs de la RAED<\/h2>\n<p style=\"text-align: right;\">Barcelona 27 de maig de 2021<\/p>\n<p>Els seg\u00fcents integrants de la mesa electoral nomenada per regular les eleccions dels membres integrants de la Junta de Govern i altres c\u00e0rrecs de la Reial Acad\u00e8mia Europea de Doctors 2021:<\/p>\n<ul>\n<li><strong>Dr. Josep-Ignasi Saranyana i Closa<\/strong>, president.<\/li>\n<li><strong>Dr. Luis Carri\u00e8re Lluch<\/strong>, Vocal 1er.<\/li>\n<li><strong>Dra. Carol Moreno Atanasio<\/strong>, vocal 2n.<\/li>\n<\/ul>\n<p>FEM CONSTAR<\/p>\n<p>Que, en el dia d&#8217;avui, i d&#8217;acord amb el que preveuen les normes electorals i el cronograma del proc\u00e9s electoral aplicable al proc\u00e9s d&#8217;elecci\u00f3 dels membres integrants de la Junta de Govern i altres c\u00e0rrecs de la Reial Acad\u00e8mia Europea de Doctors 2021, s&#8217;ha dipositat a la secretaria de la RAED l&#8217;escrit de presentaci\u00f3 de la candidatura encap\u00e7alada pel <strong>Dr. Alfredo Rocafort Nicolau<\/strong>.<\/p>\n<p>Aquest escrit s&#8217;ha lliurat, tamb\u00e9 en el dia d&#8217;avui, al President de la mesa electoral.<\/p>\n<p>&nbsp;<\/p>\n<h3><a href=\"https:\/\/raed.academy\/wp-content\/uploads\/2021\/06\/CANDIDATURA-A-LA-ELECCION-DE-LA-JUNTA-DE-GOBIERNO-Y-OTROS-CARGOS-v2-cmpr.pdf\" target=\"_blank\" rel=\"noopener\">Veure la candidatura del Dr. Alfredo Rocafort<\/a><\/h3>\n<h3><a href=\"https:\/\/raed.academy\/wp-content\/uploads\/2021\/05\/COMPROBACION-DE-CANDIDATURA-30.05.21-cmpr.pdf\" target=\"_blank\" rel=\"noopener\">Veure la comprovaci\u00f3 de la candidatura del Dr. Alfredo Rocafort<\/a><\/h3>\n<p>[\/et_pb_text][et_pb_divider _builder_version=&#8221;4.9.4&#8243; _module_preset=&#8221;default&#8221; background_color=&#8221;#B3B3B3&#8243; height=&#8221;8px&#8221; locked=&#8221;off&#8221;][\/et_pb_divider][et_pb_text admin_label=&#8221;text &#8211; Convocat\u00f2ria de Junta General Extraordin\u00e0ria i Ordin\u00e0ria de la Raed&#8221; _builder_version=&#8221;4.9.7&#8243; _module_preset=&#8221;default&#8221; hover_enabled=&#8221;0&#8243; sticky_enabled=&#8221;0&#8243;]<\/p>\n<h2>Convocat\u00f2ria de Junta General Extraordin\u00e0ria i Ordin\u00e0ria de la Raed<\/h2>\n<p style=\"text-align: right;\">30 de maig de 2021<\/p>\n<p>Excel\u00b7lent\u00edssims Srs. Acad\u00e8mics,<\/p>\n<p>Seguint les instruccions de la Mesa Electoral procedeixo a convocar Junta General Extraordin\u00e0ria i Ordin\u00e0ria que se celebrar\u00e0 el proper dia <strong>21 de juny de 2021, dilluns, a les 15:30 hores en primera convocat\u00f2ria<\/strong> i a les <strong>16:30 hores en segona convocat\u00f2ria<\/strong>, a l\u2019<strong>Auditori del Campus de la Ciutadella de la Universitat Pompeu Fabra, C\/ Ramon Trias Fargas 25-27 (08005 Barcelona)<\/strong>, <strong><sup>1<\/sup><\/strong> amb l\u2019ordre del dia seg\u00fcent:<\/p>\n<h3 style=\"text-align: center;\">ORDRE DEL DIA<\/h3>\n<p><strong>Primer.<\/strong> &#8211; Elecci\u00f3 de la nova Junta de Govern: (a) Presentaci\u00f3 del programa per part de la candidatura del Dr. Alfredo Rocafort Nicolau; (b) Votaci\u00f3 dels membres de la Junta de Govern <strong><sup>2<\/sup><\/strong>; i (c) Proclamaci\u00f3 del resultat <strong><sup>3<\/sup><\/strong>.<\/p>\n<p><strong>Segon.<\/strong> &#8211; Lectura i aprovaci\u00f3, si escau, de l\u2019Acta n\u00famero 2\/20 de 9 de mar\u00e7 de 2020 de la Junta General Extraordin\u00e0ria (s\u2019adjunta a aquesta convocat\u00f2ria).<\/p>\n<p><strong>Tercer.<\/strong> &#8211; Presentaci\u00f3 i aprovaci\u00f3, si escau, de l\u2018activitat desenvolupada per la Junta de Govern: <strong>(a)<\/strong> Dels comptes anuals tancats a 31 de desembre de 2020 (s\u2019adjunta Balan\u00e7 de Situaci\u00f3, Compte de P\u00e8rdues i Guanys tancats a 31 de desembre de 2020 i informe d\u2019auditoria dels mateixos), <strong>(b)<\/strong> De la gesti\u00f3 duta a terme per la Junta de Govern durant l\u2019any 2020; <strong>(c)<\/strong> Del pressupost econ\u00f2mic ordinari RAED 2021 (s\u2019adjunta el pressupost esmentat) i proposta de finan\u00e7ament a trav\u00e9s d\u2019aportacions dels Acad\u00e8mics.<\/p>\n<p><strong>Quart.<\/strong> &#8211; Proposta de nomenament, mitjan\u00e7ant votaci\u00f3, dels c\u00e0rrecs seg\u00fcents:<\/p>\n<ol style=\"list-style-type: lower-alpha;\">\n<li>President del Senat, a proposta de la Junta de Govern elegida en aquesta Junta General: <strong>Dr. Francisco Javier Llovera S\u00e1ez<\/strong>.<\/li>\n<li>Senadors, a proposta conjunta de la Junta de Govern i del President del Senat:<\/li>\n<\/ol>\n<p>1.\u00a0\u00a0 Dr. \u00c1ngel Aguirre Bazt\u00e1n<br \/>2.\u00a0\u00a0 Dr. Jaume Antich Femenias<br \/>3.\u00a0\u00a0 Dra. Rosal\u00eda Arteaga Serrano<br \/>4.\u00a0\u00a0 Dr. Jos\u00e9 M\u00aa Baldasano Recio<br \/>5.\u00a0\u00a0 Dr. Jos\u00e9 M\u00aa Bov\u00e9 Montero<br \/>6.\u00a0\u00a0 Dr. Ignacio Buqueras y Bach<br \/>7.\u00a0\u00a0 Dr. Jaime de Castro Fern\u00e1ndez<br \/>8.\u00a0\u00a0 Dr. Jos\u00e9 M\u00aa Sim\u00f3n Tor<br \/>9.\u00a0\u00a0 Dr. August Corominas Vilardell<br \/>10. Dr. Pere Costa Batllori<br \/>11. Dr. Jos\u00e9 M. Costa Torres<br \/>12. Dra. Sonia Fern\u00e1ndez Vidal<br \/>13. Dr. Antoni Gens Sol\u00e9<br \/>14. Dr. Joaquim Gironella Col<br \/>15. Dr. Carlos Dante Heredia Garc\u00eda<br \/>16. Dr. Joan Massons Rabassa<br \/>17. Dr. Carlos Mallo Rodr\u00edguez<br \/>18. Dr. M\u00e0rius Petit Guinovart<br \/>19. Dr. Antonio Pulido Gutierrez<br \/>20. Dr. Santiago Ripol Girona<br \/>21. Dr. Santiago Tintor\u00e9 Ferrer<br \/>22. Dr. Daniel Turb\u00f3n Borrega<\/p>\n<p><strong>Cinqu\u00e8<\/strong>. &#8211; Aprovaci\u00f3, si escau, de l&#8217;acta notarial com a actes de la Junta General de 3 de febrer de 2020.<\/p>\n<h3 style=\"text-align: center;\">NOTES COMPLEMENT\u00c0RIES<\/h3>\n<p><strong>Nota 1<\/strong>: At\u00e8s que l\u2019ordre del dia \u00e9s extens, es prega puntualitat als Excms. Srs. Acad\u00e8mics a l\u2019objecte de finalitzar a una hora prudent.<\/p>\n<p><strong>Nota 2<\/strong>: Els requisits i restriccions vigents en la data de la reuni\u00f3 s&#8217;aplicaran en mat\u00e8ria de mesures de protecci\u00f3 individual i salut p\u00fablica. \u00c9s obligatori l&#8217;\u00fas de la mascareta. La reuni\u00f3 s&#8217;ha de celebrar d&#8217;acord amb les dist\u00e0ncies de seguretat ordenades per l&#8217;autoritat competent. Els assistents rebran tovalloletes i gel hidroalcoh\u00f2lic.<\/p>\n<p><strong>Nota 3<\/strong>: D&#8217;acord amb el que estableix l&#8217;article 29 (article 7.1) del Reglament de R\u00e8gim Intern, la Mesa d&#8217;aquesta Junta General Extraordin\u00e0ria estar\u00e0 presidida pel President en funcions de la RAED que estar\u00e0 acompanyat pel vicepresident primer en funcions i els dos acad\u00e8mics seg\u00fcents, el <strong>Dr. Joan Francesc Pont Clemente<\/strong> i el <strong>Sr. Santiago Castell\u00e1 Surribas<\/strong>. A l\u2019objecte de fiscalitzar la regularitat de l\u2019elecci\u00f3 i donar-ne suport, en cas necessari, a la Mesa s\u2019incorporar\u00e0 en funcions d\u2019interventor l\u2019acad\u00e8mic numerari Excm. <strong>Sr. D. Jos\u00e9 Mar\u00eda Bov\u00e9 Montero.<\/strong><\/p>\n<p><strong>Nota 4<\/strong>: Es preveu l\u2019assist\u00e8ncia d\u2019un Notari que aixecar\u00e0 acta de la reuni\u00f3.<\/p>\n<p>Atentament,<\/p>\n<p>_______________________<br \/>Dr. Alfredo Rocafort Nicolau<br \/>President en funcions de la RAED<\/p>\n<p>&nbsp;<\/p>\n<p><strong>1<\/strong> A la porta d&#8217;acc\u00e9s trobaran personal de la RAED que els indicar\u00e0 el lloc exacte de la reuni\u00f3. La sala on es dur\u00e0 a terme la reuni\u00f3 \u00e9s accessible mitjan\u00e7ant rampes, ascensors i escales.<\/p>\n<p><strong>2<\/strong> Es reprodueix el que disposa l\u2019article 30 (ep\u00edgraf 7.2) del Reglament de R\u00e8gim Interior de la RAED: \u00ab7.2. Podran exercir el dret de vot en aquesta Junta General [\u2026], els acad\u00e8mics numeraris i em\u00e8rits que aix\u00ed ho desitgin. La votaci\u00f3 es dur\u00e0 a terme de forma personal i mitjan\u00e7ant voto expressat nominalment i p\u00fablicament per cada acad\u00e8mic amb dret a voto. El President d\u2019aquesta Junta, o el membre de la mesa en qui aquest delegui, procedir\u00e0 a la crida dels acad\u00e8mics seguint l\u2019ordre de la llista d\u2019assistents amb la finalitat que, individualment, emetin de viva veu el seu vot o manifestin que s\u2019abstenen. El vot haur\u00e0 de cenyir-se a donar suport a una \u00fanica candidatura i no pot estar condicionat. En cas de contrariar aquesta \u00faltima regla, el vot es considerar\u00e0 nul\u00bb.<\/p>\n<p><strong>3<\/strong>. Es reprodueix el que disposa l\u2019article 39 (ep\u00edgrafs 7.3 i 7.4) del Reglament de R\u00e8gim Interior de la RAED: \u00ab7.3. Immediatament a continuaci\u00f3 de finalitzar la votaci\u00f3, el President d\u2019aquesta Junta confrontar\u00e0 el recompte realitzat amb l\u2019efectuat pels interventors de les candidatures, si n\u2019hi hagu\u00e9s. Si s\u00f3n coincidents, proclamar\u00e0 el resultat d\u2019immediat. En cas d\u2019existir discrep\u00e0ncies es revisar\u00e0 la llista de votacions amb la pres\u00e8ncia dels presidents de les llistes i s\u2019adoptar\u00e0 la decisi\u00f3 necess\u00e0ria per poder oferir un resultat. 7.4. Essent present un notari, ser\u00e0 l\u2019encarregat de recollir en l\u2019acta de la Junta General Extraordin\u00e0ria el resultat de les votacions i, si escau, les observacions que els interventors i els presidents de llistes creguin convenients fer i siguin procedents. En cas d\u2019abs\u00e8ncia de notari, signaran l\u2019acta de la Junta General Extraordin\u00e0ria tots els membres de la Mesa i, d\u2019haver participat en la revisi\u00f3 de l\u2019escrutini, els presidents de les llistes que hi hagin participat\u00bb.<\/p>\n<p>&nbsp;<\/p>\n<p><a class=\"more-link\" href=\"https:\/\/raed.academy\/wp-content\/uploads\/2021\/05\/2021-05-30-Acta-2-20-Junta-General-extraordinaria-9.03.20.pdf\" target=\"_blank\" rel=\"noopener\"><strong>Acta 2\/20 de 9 de mar\u00e7 de 2020 de la Junta General extrordinaria<\/strong><\/a><\/p>\n<p><a class=\"more-link\" href=\"https:\/\/raed.academy\/wp-content\/uploads\/2021\/05\/2021-05-30.CUENTAS-ANUALES-E-INFORME-AUDITORIA-RAED-2020.pdf\" target=\"_blank\" rel=\"noopener\"><strong>Comptes anuals i informe d&#8217;auditoria RAED 2020<\/strong><\/a><\/p>\n<p><a class=\"more-link\" href=\"https:\/\/raed.academy\/wp-content\/uploads\/2021\/05\/2021-05-30.PRESUPUESTO-ECONOMICO-ORDINARIO-Y-PROPUESTA-APORTACIONES-RAED-2021.pdf\" target=\"_blank\" rel=\"noopener\"><strong>Pressupost econ\u00f2mic ordinari i proposta aportacions RAED 2021<\/strong><\/a><\/p>\n<p><a class=\"more-link\" href=\"https:\/\/raed.academy\/wp-content\/uploads\/2021\/05\/2021-05-30.ACTA-NOTARIAL-3.02.2020-cmpr.pdf\" target=\"_blank\" rel=\"noopener\"><strong>Acta Notarial de 3 de febrer de 2020<\/strong><\/a><\/p>\n<p>[\/et_pb_text][et_pb_divider _builder_version=&#8221;4.9.4&#8243; _module_preset=&#8221;default&#8221; background_color=&#8221;#B3B3B3&#8243; height=&#8221;8px&#8221; locked=&#8221;off&#8221;][\/et_pb_divider][et_pb_text admin_label=&#8221;text &#8211; Programa de Govern Candidatura del Dr. Alfredo Rocafort RAED 2021-2026&#8243; _builder_version=&#8221;4.9.4&#8243; _module_preset=&#8221;default&#8221;]<\/p>\n<h2>Programa de Govern Candidatura del Dr. Alfredo Rocafort RAED 2021-2026<\/h2>\n<p>Excms. Srs. Acad\u00e8mics,<\/p>\n<p>\u00c9s per a nosaltres un honor poder presentar-los una proposta de Programa de Govern per al per\u00edode 2021-2026. La seva redacci\u00f3 i contingut \u00e9s el fruit de la feina realitzada per tota la Junta de Govern i per un grup nombr\u00f3s d&#8217;acad\u00e8mics. Sense la inestimable ajuda d\u00b4aquests no hagu\u00e9s estat possible plasmar aquestes idees i objectius que pretenem dur a terme en els propers anys.<\/p>\n<p>Desitgem que aquests objectius tinguin el m\u00e9s ampli consens possible entre tota la comunitat acad\u00e8mica. Per aix\u00f2 es remet el Programa de Govern als acad\u00e8mics numeraris, em\u00e8rits, d&#8217;honor, corresponents, electes i supernumeraris perqu\u00e8 tothom pugui opinar, participar i, en definitiva fer seu el pla estrat\u00e8gic que ser\u00e0 desenvolupat pr\u00f2ximament.<\/p>\n<p>Pretenem portar l&#8217;Acad\u00e8mia a les m\u00e9s altes cotes d&#8217;excel\u00b7l\u00e8ncia tenint sempre present el text de l&#8217;article 1r dels estatuts en el qual s&#8217;indica que &#8220;La Reial Acad\u00e8mia Europea de Doctors \u00e9s una corporaci\u00f3 de dret p\u00fablic de car\u00e0cter cient\u00edfic, t\u00e8cnic i art\u00edstic que t\u00e9 per objecte la investigaci\u00f3, l&#8217;estudi, el foment i l&#8217;extensi\u00f3 de el coneixement en el seu sentit m\u00e9s ampli &#8220;. Aix\u00ed mateix, volem tamb\u00e9 aprofundir en l&#8217;\u00e0mbit d&#8217;actuaci\u00f3 de l&#8217;Acad\u00e8mia, incrementant la seva pres\u00e8ncia en tot el territori nacional i internacional.<\/p>\n<p>Queda molt per fer. Produiria un efecte sin\u00e8rgic i positiu per a la Instituci\u00f3 que tota la comunitat unida dirigeixi els seus esfor\u00e7os a aconseguir una Acad\u00e8mia millor. L\u00b4any 2020 la Corporaci\u00f3 va ser millor que la de l\u00b4any 2012. Es tracta ara d&#8217;aconseguir entre tots que a l&#8217;Acad\u00e8mia de l&#8217;any 2026 ens sentim orgullosos de pert\u00e0nyer-hi. Una assignatura pendent que hem de superar \u00e9s la de dotar la Instituci\u00f3 d&#8217;una estructura financera suficient i que no tingui tanta depend\u00e8ncia de les aportacions dels acad\u00e8mics.<\/p>\n<p>Per qualsevol comentari que vulguin realitzar a la Junta de Govern, els hi adjuntem el correu electr\u00f2nic personal del president <strong>Dr. Alfredo Rocafort<\/strong> perqu\u00e8 puguin escriure les indicacions que vost\u00e8s considerin oportunes.<\/p>\n<p><a href=\"mailto:arocafort@rocafortnicolau.com\"><strong>arocafort@rocafortnicolau.com<\/strong><\/a><\/p>\n<p>Aprofitem l&#8217;ocasi\u00f3 per saludar-los molt atentament.<\/p>\n<p><strong>Dr. Alfredo Rocafort<\/strong><br \/>\nPresident candidat<\/p>\n<p>&nbsp;<\/p>\n<h3><a class=\"more-link\" href=\"https:\/\/raed.academy\/wp-content\/uploads\/2021\/05\/PROGRMA-DE-GOVERN-Candidatura-Dr-Alfredo-Rocafort-2021-2026-cat-cmpr.pdf\" target=\"_blank\" rel=\"noopener\">Veure el Programa de Govern Candidatura del Dr. Alfredo Rocafort RAED 2021-2026<\/a><\/h3>\n<p>[\/et_pb_text][et_pb_divider admin_label=&#8221;Divider&#8221; _builder_version=&#8221;4.9.4&#8243; _module_preset=&#8221;default&#8221; background_color=&#8221;#B3B3B3&#8243; height=&#8221;8px&#8221; locked=&#8221;off&#8221;][\/et_pb_divider][et_pb_text admin_label=&#8221;texto &#8211; Modificaci\u00f3n parcial de la convocatoria de la Junta General de 21 de junio de 2021&#8243; _builder_version=&#8221;4.9.4&#8243; _module_preset=&#8221;default&#8221; locked=&#8221;off&#8221;]<\/p>\n<h2>Modificaci\u00f3 parcial de la convocat\u00f2ria de la Junta General de 21 de juny de 2021<\/h2>\n<p>El notari que va estar present a la <strong>Junta General Ordin\u00e0ria de 3 de febrer de 2020<\/strong> va cometre diversos errors en la redacci\u00f3 de l&#8217;acta que ens va enviar. Un cop el notari va esmenar aquests errors i ens va facilitar una c\u00f2pia corregida de l&#8217;acta, vam procedir a remetre-la a tots els acad\u00e8mics juntament amb la convocat\u00f2ria de Junta General Extraordin\u00e0ria i Ordin\u00e0ria.<\/p>\n<p>El 3 de juny de 2021 el notari ens ha enviat una nova c\u00f2pia corregida amb l&#8217;oportuna dilig\u00e8ncia d&#8217;esmena, entenent ara que l&#8217;acta que va expedir no podia tenir la condici\u00f3 legal d&#8217;acta de la Junta General. Per aix\u00f2, introdu\u00efm un nou punt de l&#8217;ordre del dia amb la finalitat de sotmetre el seu text a l&#8217;aprovaci\u00f3 de la Junta General.<\/p>\n<p>Aix\u00ed doncs, es complementa la convocat\u00f2ria de la <strong>Junta General Ordin\u00e0ria i Extraordin\u00e0ria de 21 de juny de 2021<\/strong> i, per tant, <strong>(i)<\/strong> s&#8217;anul\u00b7la el text de la &#8220;Nota Complement\u00e0ria 2&#8221; de la convocat\u00f2ria, i <strong>(ii)<\/strong> s&#8217;afegeix el seg\u00fcent punt de l&#8217;ordre del dia que es transcriu a continuaci\u00f3, i que s&#8217;acompanya de l&#8217;acta notarial corregida abans esmentada.<\/p>\n<p>\u00ab<strong>Cinqu\u00e8<\/strong>. &#8211; Aprovaci\u00f3, si escau, de l&#8217;acta notarial com a acta de la Junta General de 3 de febrer de 2020. \u00bb<\/p>\n<p>&nbsp;<\/p>\n<p><span style=\"margin-left: 15px;\">Barcelona, 4 de juny de 2021.<\/span><\/p>\n<p><img loading=\"lazy\" decoding=\"async\" class=\"wp-image-103591 size-full alignnone\" src=\"https:\/\/raed.academy\/wp-content\/uploads\/2021\/05\/firma2.png\" alt=\"\" width=\"337\" height=\"99\" \/><\/p>\n<p><span style=\"margin-left: 15px;\"><strong>Dr. Alfredo Rocafort Nicolau<\/strong><\/span><br \/><span style=\"margin-left: 15px;\">President en funcions<\/span><\/p>\n<p>&nbsp;<\/p>\n<p><a class=\"more-link\" href=\"https:\/\/raed.academy\/wp-content\/uploads\/2021\/06\/Acta-notarial-corregida_cmpr.pdf\" target=\"_blank\" rel=\"noopener\"><strong>Veure Acta notarial corregida<\/strong><\/a><\/p>\n<p>[\/et_pb_text][\/et_pb_column][\/et_pb_row][\/et_pb_section]<\/p>\n","protected":false},"excerpt":{"rendered":"<p>Comunicat En data 8 de maig de 2021, la Junta de Govern va acordar iniciar el proc\u00e9s electoral dels integrants de la Junta de Govern i altres c\u00e0rrecs de la Reial Acad\u00e8mia Europea de Doctors, segons el que preveu l&#8217;article 39 del Reglament de R\u00e8gim Interior. De la mateixa manera, i en aquesta mateixa Junta [&hellip;]<\/p>\n","protected":false},"featured_media":102587,"template":"","meta":{"_et_pb_use_builder":"on","_et_pb_old_content":"<p>[et_pb_section fb_built=\"1\" module_class=\"infoAcademico\" _builder_version=\"4.9.4\"][et_pb_row _builder_version=\"3.25\" background_size=\"initial\" background_position=\"top_left\" background_repeat=\"repeat\"][et_pb_column type=\"4_4\" _builder_version=\"3.25\" custom_padding=\"|||\" custom_padding__hover=\"|||\"][et_pb_post_title meta=\"off\" featured_image=\"off\" _builder_version=\"4.9.4\" _module_preset=\"default\"][\/et_pb_post_title][et_pb_text _builder_version=\"4.9.4\" background_size=\"initial\" background_position=\"top_left\" background_repeat=\"repeat\"]<\/p><p>En fecha 8 de mayo de 2021, la Junta de Gobierno acord\u00f3 que el 10 de mayo de 2021 se iniciar\u00e1 el proceso electoral de los integrantes de la Junta de Gobierno de la Real Academia Europea de Doctores. De esta forma, y conforme al cronograma que se adjunta, a partir de esta \u00faltima fecha se inicia el proceso electoral citado.<\/p><p>Se reproduce extracto del acta de dicha Junta de Gobierno donde constan los acuerdos relativos al inicio de dicho proceso electoral:<\/p><p>\u00ab<strong>1\u00ba.- PRIMER PUNTO DEL ORDEN DEL D\u00cdA<\/strong>: Por unanimidad de todos los asistentes se aprueba iniciar la convocatoria de elecciones de los miembros de la Junta de Gobierno de esta Academia, seg\u00fan lo previsto en el art\u00edculo 39 del Reglamento de R\u00e9gimen Interior, que surtir\u00e1 efecto el 10 de mayo de 2021.<\/p><p><strong>2\u00ba.- SEGUNDO PUNTO DEL ORDEN DEL D\u00cdA<\/strong>: Por unanimidad de todos los asistentes se aprueba la composici\u00f3n de la propuesta de Mesa Electoral que ser\u00e1 la siguiente:<\/p><p>(a) Presidente: <strong>Dr. Josep Ignasi Saranyana i Closa<\/strong>;<\/p><p>(b) Vocal 1\u00ba: <strong>Dr. Luis Carriere Lluch<\/strong>; y<\/p><p>(c) Vocal 2\u00ba: <strong>Dra. Carol Moreno Atanasio<\/strong>.<\/p><p>En el caso que alguno de estos acad\u00e9micos no aceptase el cargo, se autoriza al Presidente de la RAED para que, conforme a lo dispuesto en la normativa aplicable, proceda a nombrar el suplente o suplentes necesarios. De la misma forma se encomienda al Secretario de la RAED que obtenga de los designados la aceptaci\u00f3n de esos cargos a m\u00e1s tardar el 11 de mayo.<\/p><p><strong>3\u00ba.- TERCER PUNTO DEL ORDEN DEL D\u00cdA:<\/strong> Por unanimidad de todos los asistentes se aprueba la comunicaci\u00f3n que, en relaci\u00f3n con lo previsto en el anterior punto del orden del d\u00eda n\u00fam. 1, ha de realizarse a los acad\u00e9micos as\u00ed como el resumen de las normas electorales que se adjunta como ANEXO 1.\u00bb<\/p><p>\u00a0<\/p><p>\u00a0<\/p><p><strong>Dr. Alfredo Rocafort Nicolau<\/strong><\/p><p>Presidente en funciones de la RAED<\/p><p>[\/et_pb_text][\/et_pb_column][\/et_pb_row][\/et_pb_section]<\/p>","_et_gb_content_width":""},"class_list":["post-102427","dp_events","type-dp_events","status-publish","has-post-thumbnail","hentry"],"yoast_head":"<!-- This site is optimized with the Yoast SEO plugin v27.5 - https:\/\/yoast.com\/product\/yoast-seo-wordpress\/ -->\n<title>Convocat\u00f2ria d\u2019eleccions dels membres de la Junta de Govern i altres c\u00e0rrecs de la RAED - Reial Acad\u00e8mia Europea de Doctors<\/title>\n<meta name=\"robots\" content=\"index, follow, max-snippet:-1, max-image-preview:large, max-video-preview:-1\" \/>\n<link rel=\"canonical\" href=\"https:\/\/raed.academy\/ca\/esdeveniments\/convocatoria-deleccions-membres-de-la-junta-de-govern-raed\/\" \/>\n<meta property=\"og:locale\" content=\"ca_ES\" \/>\n<meta property=\"og:type\" content=\"article\" \/>\n<meta property=\"og:title\" content=\"Convocat\u00f2ria d\u2019eleccions dels membres de la Junta de Govern i altres c\u00e0rrecs de la RAED - Reial Acad\u00e8mia Europea de Doctors\" \/>\n<meta property=\"og:description\" content=\"La RAED organitza i duu a terme una s\u00e8rie d&#039;activitats concentrades en un mes i mig que van comptar amb la implicaci\u00f3 activa de nombrosos acad\u00e8mics. Recepci\u00f3 de quatre acad\u00e8mics corresponents (Stavroula-Ina Piperaki per a Gr\u00e8cia, Stephen Zeff i David B. Wilkins per als Estats Units i Llu\u00eds Vicent Safont per a Andorra) Taula rodona [&hellip;]\" \/>\n<meta property=\"og:url\" content=\"https:\/\/raed.academy\/ca\/esdeveniments\/convocatoria-deleccions-membres-de-la-junta-de-govern-raed\/\" \/>\n<meta property=\"og:site_name\" content=\"Reial Acad\u00e8mia Europea de Doctors\" \/>\n<meta property=\"article:publisher\" content=\"http:\/\/fb.me\/raed.academy\" \/>\n<meta property=\"article:modified_time\" content=\"2021-07-06T09:25:28+00:00\" \/>\n<meta property=\"og:image\" content=\"https:\/\/raed.academy\/wp-content\/uploads\/2021\/05\/Logo-RAED-fondo-azul-400px.jpg\" \/>\n\t<meta property=\"og:image:width\" content=\"400\" \/>\n\t<meta property=\"og:image:height\" content=\"240\" \/>\n\t<meta property=\"og:image:type\" content=\"image\/jpeg\" \/>\n<meta name=\"twitter:card\" content=\"summary_large_image\" \/>\n<meta name=\"twitter:site\" content=\"@raedacademy\" \/>\n<meta name=\"twitter:label1\" content=\"Est. reading time\" \/>\n\t<meta name=\"twitter:data1\" content=\"2 minutes\" \/>\n<script type=\"application\/ld+json\" class=\"yoast-schema-graph\">{\"@context\":\"https:\\\/\\\/schema.org\",\"@graph\":[{\"@type\":\"WebPage\",\"@id\":\"https:\\\/\\\/raed.academy\\\/ca\\\/esdeveniments\\\/convocatoria-deleccions-membres-de-la-junta-de-govern-raed\\\/\",\"url\":\"https:\\\/\\\/raed.academy\\\/ca\\\/esdeveniments\\\/convocatoria-deleccions-membres-de-la-junta-de-govern-raed\\\/\",\"name\":\"Convocat\u00f2ria d\u2019eleccions dels membres de la Junta de Govern i altres c\u00e0rrecs de la RAED - Reial Acad\u00e8mia Europea de Doctors\",\"isPartOf\":{\"@id\":\"https:\\\/\\\/raed.academy\\\/ca\\\/#website\"},\"primaryImageOfPage\":{\"@id\":\"https:\\\/\\\/raed.academy\\\/ca\\\/esdeveniments\\\/convocatoria-deleccions-membres-de-la-junta-de-govern-raed\\\/#primaryimage\"},\"image\":{\"@id\":\"https:\\\/\\\/raed.academy\\\/ca\\\/esdeveniments\\\/convocatoria-deleccions-membres-de-la-junta-de-govern-raed\\\/#primaryimage\"},\"thumbnailUrl\":\"https:\\\/\\\/raed.academy\\\/wp-content\\\/uploads\\\/2021\\\/05\\\/Logo-RAED-fondo-azul-400px.jpg\",\"datePublished\":\"2021-05-09T18:39:49+00:00\",\"dateModified\":\"2021-07-06T09:25:28+00:00\",\"breadcrumb\":{\"@id\":\"https:\\\/\\\/raed.academy\\\/ca\\\/esdeveniments\\\/convocatoria-deleccions-membres-de-la-junta-de-govern-raed\\\/#breadcrumb\"},\"inLanguage\":\"ca-ES\",\"potentialAction\":[{\"@type\":\"ReadAction\",\"target\":[\"https:\\\/\\\/raed.academy\\\/ca\\\/esdeveniments\\\/convocatoria-deleccions-membres-de-la-junta-de-govern-raed\\\/\"]}]},{\"@type\":\"ImageObject\",\"inLanguage\":\"ca-ES\",\"@id\":\"https:\\\/\\\/raed.academy\\\/ca\\\/esdeveniments\\\/convocatoria-deleccions-membres-de-la-junta-de-govern-raed\\\/#primaryimage\",\"url\":\"https:\\\/\\\/raed.academy\\\/wp-content\\\/uploads\\\/2021\\\/05\\\/Logo-RAED-fondo-azul-400px.jpg\",\"contentUrl\":\"https:\\\/\\\/raed.academy\\\/wp-content\\\/uploads\\\/2021\\\/05\\\/Logo-RAED-fondo-azul-400px.jpg\",\"width\":400,\"height\":240},{\"@type\":\"BreadcrumbList\",\"@id\":\"https:\\\/\\\/raed.academy\\\/ca\\\/esdeveniments\\\/convocatoria-deleccions-membres-de-la-junta-de-govern-raed\\\/#breadcrumb\",\"itemListElement\":[{\"@type\":\"ListItem\",\"position\":1,\"name\":\"Inicio\",\"item\":\"https:\\\/\\\/raed.academy\\\/ca\\\/\"},{\"@type\":\"ListItem\",\"position\":2,\"name\":\"Activitats\",\"item\":\"https:\\\/\\\/raed.academy\\\/ca\\\/esdeveniments\\\/\"},{\"@type\":\"ListItem\",\"position\":3,\"name\":\"Convocat\u00f2ria d\u2019eleccions dels membres de la Junta de Govern i altres c\u00e0rrecs de la RAED\"}]},{\"@type\":\"WebSite\",\"@id\":\"https:\\\/\\\/raed.academy\\\/ca\\\/#website\",\"url\":\"https:\\\/\\\/raed.academy\\\/ca\\\/\",\"name\":\"Reial Acad\u00e8mia Europea de Doctors\",\"description\":\"Corporaci\u00f3n de derecho p\u00fablico de car\u00e1cter cient\u00edfico, t\u00e9cnico y art\u00edstico, que tiene por objeto la investigaci\u00f3n, el estudio, el fomento y la extensi\u00f3n del conocimiento en su sentido m\u00e1s amplio\",\"publisher\":{\"@id\":\"https:\\\/\\\/raed.academy\\\/ca\\\/#organization\"},\"potentialAction\":[{\"@type\":\"SearchAction\",\"target\":{\"@type\":\"EntryPoint\",\"urlTemplate\":\"https:\\\/\\\/raed.academy\\\/ca\\\/?s={search_term_string}\"},\"query-input\":{\"@type\":\"PropertyValueSpecification\",\"valueRequired\":true,\"valueName\":\"search_term_string\"}}],\"inLanguage\":\"ca-ES\"},{\"@type\":\"Organization\",\"@id\":\"https:\\\/\\\/raed.academy\\\/ca\\\/#organization\",\"name\":\"Real Academia Europea de Doctores\",\"url\":\"https:\\\/\\\/raed.academy\\\/ca\\\/\",\"logo\":{\"@type\":\"ImageObject\",\"inLanguage\":\"ca-ES\",\"@id\":\"https:\\\/\\\/raed.academy\\\/ca\\\/#\\\/schema\\\/logo\\\/image\\\/\",\"url\":\"https:\\\/\\\/raed.academy\\\/wp-content\\\/uploads\\\/2017\\\/01\\\/cropped-logo_raed.png\",\"contentUrl\":\"https:\\\/\\\/raed.academy\\\/wp-content\\\/uploads\\\/2017\\\/01\\\/cropped-logo_raed.png\",\"width\":512,\"height\":512,\"caption\":\"Real Academia Europea de Doctores\"},\"image\":{\"@id\":\"https:\\\/\\\/raed.academy\\\/ca\\\/#\\\/schema\\\/logo\\\/image\\\/\"},\"sameAs\":[\"http:\\\/\\\/fb.me\\\/raed.academy\",\"https:\\\/\\\/x.com\\\/raedacademy\",\"https:\\\/\\\/www.instagram.com\\\/raed.academy\\\/\",\"https:\\\/\\\/www.youtube.com\\\/channel\\\/UCUYQwW2KrdirNWihxMDObwg\"]}]}<\/script>\n<!-- \/ Yoast SEO plugin. -->","yoast_head_json":{"title":"Convocat\u00f2ria d\u2019eleccions dels membres de la Junta de Govern i altres c\u00e0rrecs de la RAED - Reial Acad\u00e8mia Europea de Doctors","robots":{"index":"index","follow":"follow","max-snippet":"max-snippet:-1","max-image-preview":"max-image-preview:large","max-video-preview":"max-video-preview:-1"},"canonical":"https:\/\/raed.academy\/ca\/esdeveniments\/convocatoria-deleccions-membres-de-la-junta-de-govern-raed\/","og_locale":"ca_ES","og_type":"article","og_title":"Convocat\u00f2ria d\u2019eleccions dels membres de la Junta de Govern i altres c\u00e0rrecs de la RAED - Reial Acad\u00e8mia Europea de Doctors","og_description":"La RAED organitza i duu a terme una s\u00e8rie d'activitats concentrades en un mes i mig que van comptar amb la implicaci\u00f3 activa de nombrosos acad\u00e8mics. Recepci\u00f3 de quatre acad\u00e8mics corresponents (Stavroula-Ina Piperaki per a Gr\u00e8cia, Stephen Zeff i David B. Wilkins per als Estats Units i Llu\u00eds Vicent Safont per a Andorra) Taula rodona [&hellip;]","og_url":"https:\/\/raed.academy\/ca\/esdeveniments\/convocatoria-deleccions-membres-de-la-junta-de-govern-raed\/","og_site_name":"Reial Acad\u00e8mia Europea de Doctors","article_publisher":"http:\/\/fb.me\/raed.academy","article_modified_time":"2021-07-06T09:25:28+00:00","og_image":[{"width":400,"height":240,"url":"https:\/\/raed.academy\/wp-content\/uploads\/2021\/05\/Logo-RAED-fondo-azul-400px.jpg","type":"image\/jpeg"}],"twitter_card":"summary_large_image","twitter_site":"@raedacademy","twitter_misc":{"Est. reading time":"2 minutes"},"schema":{"@context":"https:\/\/schema.org","@graph":[{"@type":"WebPage","@id":"https:\/\/raed.academy\/ca\/esdeveniments\/convocatoria-deleccions-membres-de-la-junta-de-govern-raed\/","url":"https:\/\/raed.academy\/ca\/esdeveniments\/convocatoria-deleccions-membres-de-la-junta-de-govern-raed\/","name":"Convocat\u00f2ria d\u2019eleccions dels membres de la Junta de Govern i altres c\u00e0rrecs de la RAED - Reial Acad\u00e8mia Europea de Doctors","isPartOf":{"@id":"https:\/\/raed.academy\/ca\/#website"},"primaryImageOfPage":{"@id":"https:\/\/raed.academy\/ca\/esdeveniments\/convocatoria-deleccions-membres-de-la-junta-de-govern-raed\/#primaryimage"},"image":{"@id":"https:\/\/raed.academy\/ca\/esdeveniments\/convocatoria-deleccions-membres-de-la-junta-de-govern-raed\/#primaryimage"},"thumbnailUrl":"https:\/\/raed.academy\/wp-content\/uploads\/2021\/05\/Logo-RAED-fondo-azul-400px.jpg","datePublished":"2021-05-09T18:39:49+00:00","dateModified":"2021-07-06T09:25:28+00:00","breadcrumb":{"@id":"https:\/\/raed.academy\/ca\/esdeveniments\/convocatoria-deleccions-membres-de-la-junta-de-govern-raed\/#breadcrumb"},"inLanguage":"ca-ES","potentialAction":[{"@type":"ReadAction","target":["https:\/\/raed.academy\/ca\/esdeveniments\/convocatoria-deleccions-membres-de-la-junta-de-govern-raed\/"]}]},{"@type":"ImageObject","inLanguage":"ca-ES","@id":"https:\/\/raed.academy\/ca\/esdeveniments\/convocatoria-deleccions-membres-de-la-junta-de-govern-raed\/#primaryimage","url":"https:\/\/raed.academy\/wp-content\/uploads\/2021\/05\/Logo-RAED-fondo-azul-400px.jpg","contentUrl":"https:\/\/raed.academy\/wp-content\/uploads\/2021\/05\/Logo-RAED-fondo-azul-400px.jpg","width":400,"height":240},{"@type":"BreadcrumbList","@id":"https:\/\/raed.academy\/ca\/esdeveniments\/convocatoria-deleccions-membres-de-la-junta-de-govern-raed\/#breadcrumb","itemListElement":[{"@type":"ListItem","position":1,"name":"Inicio","item":"https:\/\/raed.academy\/ca\/"},{"@type":"ListItem","position":2,"name":"Activitats","item":"https:\/\/raed.academy\/ca\/esdeveniments\/"},{"@type":"ListItem","position":3,"name":"Convocat\u00f2ria d\u2019eleccions dels membres de la Junta de Govern i altres c\u00e0rrecs de la RAED"}]},{"@type":"WebSite","@id":"https:\/\/raed.academy\/ca\/#website","url":"https:\/\/raed.academy\/ca\/","name":"Reial Acad\u00e8mia Europea de Doctors","description":"Corporaci\u00f3n de derecho p\u00fablico de car\u00e1cter cient\u00edfico, t\u00e9cnico y art\u00edstico, que tiene por objeto la investigaci\u00f3n, el estudio, el fomento y la extensi\u00f3n del conocimiento en su sentido m\u00e1s amplio","publisher":{"@id":"https:\/\/raed.academy\/ca\/#organization"},"potentialAction":[{"@type":"SearchAction","target":{"@type":"EntryPoint","urlTemplate":"https:\/\/raed.academy\/ca\/?s={search_term_string}"},"query-input":{"@type":"PropertyValueSpecification","valueRequired":true,"valueName":"search_term_string"}}],"inLanguage":"ca-ES"},{"@type":"Organization","@id":"https:\/\/raed.academy\/ca\/#organization","name":"Real Academia Europea de Doctores","url":"https:\/\/raed.academy\/ca\/","logo":{"@type":"ImageObject","inLanguage":"ca-ES","@id":"https:\/\/raed.academy\/ca\/#\/schema\/logo\/image\/","url":"https:\/\/raed.academy\/wp-content\/uploads\/2017\/01\/cropped-logo_raed.png","contentUrl":"https:\/\/raed.academy\/wp-content\/uploads\/2017\/01\/cropped-logo_raed.png","width":512,"height":512,"caption":"Real Academia Europea de Doctores"},"image":{"@id":"https:\/\/raed.academy\/ca\/#\/schema\/logo\/image\/"},"sameAs":["http:\/\/fb.me\/raed.academy","https:\/\/x.com\/raedacademy","https:\/\/www.instagram.com\/raed.academy\/","https:\/\/www.youtube.com\/channel\/UCUYQwW2KrdirNWihxMDObwg"]}]}},"_links":{"self":[{"href":"https:\/\/raed.academy\/ca\/wp-json\/wp\/v2\/dp_events\/102427","targetHints":{"allow":["GET"]}}],"collection":[{"href":"https:\/\/raed.academy\/ca\/wp-json\/wp\/v2\/dp_events"}],"about":[{"href":"https:\/\/raed.academy\/ca\/wp-json\/wp\/v2\/types\/dp_events"}],"wp:featuredmedia":[{"embeddable":true,"href":"https:\/\/raed.academy\/ca\/wp-json\/wp\/v2\/media\/102587"}],"wp:attachment":[{"href":"https:\/\/raed.academy\/ca\/wp-json\/wp\/v2\/media?parent=102427"}],"curies":[{"name":"wp","href":"https:\/\/api.w.org\/{rel}","templated":true}]}}