{"id":7208,"date":"2016-06-28T14:36:58","date_gmt":"2016-06-28T14:36:58","guid":{"rendered":"http:\/\/radd.eu\/?page_id=7208"},"modified":"2025-11-03T17:49:14","modified_gmt":"2025-11-03T17:49:14","slug":"dr-josep-malvehy-guilera","status":"publish","type":"academico","link":"https:\/\/raed.academy\/ca\/academics\/dr-josep-malvehy-guilera\/","title":{"rendered":"Excm. Sr. Dr. Josep Malvehy Guilera"},"content":{"rendered":"<p>[et_pb_section fb_built=&#8221;1&#8243; _builder_version=&#8221;4.16&#8243; global_colors_info=&#8221;{}&#8221;][et_pb_row column_structure=&#8221;1_4,3_4&#8243; _builder_version=&#8221;4.16&#8243; custom_margin=&#8221;-57px|auto||auto||&#8221; custom_padding=&#8221;0|0px|40px|0px|false|false&#8221; global_colors_info=&#8221;{}&#8221; use_custom_gutter=&#8221;on&#8221; gutter_width=&#8221;2&#8243; background_size=&#8221;initial&#8221; background_position=&#8221;top_left&#8221; background_repeat=&#8221;repeat&#8221; max_width=&#8221;1400px&#8221;][et_pb_column type=&#8221;1_4&#8243; _builder_version=&#8221;4.16&#8243; custom_padding=&#8221;|||&#8221; global_colors_info=&#8221;{}&#8221; custom_padding__hover=&#8221;|||&#8221;][et_pb_image src=&#8221;https:\/\/raed.academy\/wp-content\/uploads\/2018\/10\/Dr.-Josep-Malvehy-Guilera.jpg&#8221; show_bottom_space=&#8221;off&#8221; align_tablet=&#8221;center&#8221; align_phone=&#8221;&#8221; align_last_edited=&#8221;on|desktop&#8221; admin_label=&#8221;Imagen &#8211; foto acad\u00e9mico&#8221; _builder_version=&#8221;4.16&#8243; max_width=&#8221;230%&#8221; custom_margin=&#8221;0px||0px|&#8221; custom_padding=&#8221;0px||0px|&#8221; animation_style=&#8221;fold&#8221; border_radii=&#8221;on|6px|6px|6px|6px&#8221; border_width_all=&#8221;2px&#8221; box_shadow_style=&#8221;preset2&#8243; global_colors_info=&#8221;{}&#8221; width=&#8221;90%&#8221;][\/et_pb_image][\/et_pb_column][et_pb_column type=&#8221;3_4&#8243; _builder_version=&#8221;4.16&#8243; custom_padding=&#8221;|||&#8221; global_colors_info=&#8221;{}&#8221; custom_padding__hover=&#8221;|||&#8221;][et_pb_text module_class=&#8221;infoAcademico&#8221; _builder_version=&#8221;4.27.4&#8243; global_colors_info=&#8221;{}&#8221; custom_margin=&#8221;|||-46px||&#8221;]<\/p>\n<div style=\"border: 2px solid #000; padding: 20px; background: #fff; margin-bottom: 25px; border-radius: 10px; box-shadow: 2px 2px 8px rgba(0,0,0,0.1);\">\n<p><strong>Acad\u00e8mic de N\u00famero<\/strong><\/p>\n<p><strong>Ci\u00e8ncies de la Salut:<\/strong> Doctor en Medicina<\/p>\n<p><strong>Data d\u2019ingr\u00e9s:<\/strong> 20 de desembre de 2011<\/p>\n<p><strong>Discurs d\u2019ingr\u00e9s: <\/strong><a href=\"http:\/\/raed.academy\/wp-content\/uploads\/2015\/06\/certeses-i-incerteses-enel-diagnostic-del-cancer-cutani..-MALVEY.pdf\" target=\"_blank\" rel=\"noopener noreferrer\"><strong><em>\u00abCerteses i incerteses en el diagn\u00f2stic del c\u00e0ncer cutani: de la biologia molecular al diagn\u00f2stic no invasiu\u00bb<\/em><\/strong><br \/><\/a><\/p>\n<p><strong>Discurs de resposta:<\/strong> Dr. Josep Llort Brull<\/p>\n<p data-start=\"439\" data-end=\"822\"><strong data-start=\"439\" data-end=\"465\">Traject\u00f2ria destacada: <\/strong>Pioner en el desenvolupament de tecnologies de diagn\u00f2stic preco\u00e7 del c\u00e0ncer de pell i en l\u2019aplicaci\u00f3 de la dermatosc\u00f2pia digital i la intel\u00b7lig\u00e8ncia artificial al diagn\u00f2stic m\u00e8dic. Referent internacional en melanoma i c\u00e0ncer cutani, ha rebut nombrosos reconeixements cient\u00edfics per la seva contribuci\u00f3 a la dermatologia moderna i la medicina de precisi\u00f3.<\/p>\n<\/div>\n<p>[\/et_pb_text][\/et_pb_column][\/et_pb_row][et_pb_row _builder_version=&#8221;4.16&#8243; background_size=&#8221;initial&#8221; background_position=&#8221;top_left&#8221; background_repeat=&#8221;repeat&#8221; global_colors_info=&#8221;{}&#8221; custom_margin=&#8221;-66px|auto||auto||&#8221;][et_pb_column type=&#8221;4_4&#8243; _builder_version=&#8221;4.16&#8243; custom_padding=&#8221;|||&#8221; global_colors_info=&#8221;{}&#8221; custom_padding__hover=&#8221;|||&#8221;][et_pb_divider color=&#8221;#828282&#8243; divider_weight=&#8221;2&#8243; _builder_version=&#8221;4.16&#8243; height=&#8221;2px&#8221; box_shadow_style=&#8221;preset2&#8243; global_colors_info=&#8221;{}&#8221;][\/et_pb_divider][et_pb_tabs _builder_version=&#8221;4.27.4&#8243; global_colors_info=&#8221;{}&#8221; custom_margin=&#8221;-33px|||||&#8221;][et_pb_tab title=&#8221;CURR\u00cdCULUM VITAE&#8221; _builder_version=&#8221;4.27.4&#8243; global_colors_info=&#8221;{}&#8221;]<\/p>\n<h2><strong>Dr. JOSEP MALVEHY GUILERA<\/strong><\/h2>\n<h3><strong>TITULACI\u00d3 UNIVERSIT\u00c0RIA<\/strong><\/h3>\n<ul>\n<li>Es va graduar el 1992 a la <a href=\"https:\/\/www.ub.edu\/portal\/web\/medicina-ciencias-salud\/\" target=\"_blank\" rel=\"noopener\"><strong>Universitat de Medicina de Barcelona<\/strong><\/a>, Espanya, i va obtenir el diploma d\u2019especialitzaci\u00f3 en Dermatologia i Venereologia el 1996.<\/li>\n<li>Va finalitzar el seu doctorat en Medicina a la <a href=\"https:\/\/www.ub.edu\/portal\/web\/medicina-ciencias-salud\/\" target=\"_blank\" rel=\"noopener\"><strong>Universitat de Barcelona<\/strong><\/a> l\u2019any 2006, en diagn\u00f2stic i gen\u00e8tica del melanoma.<\/li>\n<li>Els seus principals camps d\u2019especialitzaci\u00f3 s\u00f3n els tumors de la pell, amb especial inter\u00e8s en el diagn\u00f2stic no invasiu, la susceptibilitat gen\u00e8tica i el tractament dels tumors malignes cutanis (melanoma i c\u00e0ncer de pell no melanoma).<\/li>\n<li>Les \u00e0rees d\u2019investigaci\u00f3 i innovaci\u00f3 biom\u00e8dica inclouen:\n<ol>\n<li>Diagn\u00f2stic i pron\u00f2stic del c\u00e0ncer de pell amb t\u00e8cniques no invasives (dermatosc\u00f2pia digital de seguiment, microsc\u00f2pia confocal, OCT, HD-OCT, impedanciometria i espectrosc\u00f2pia), aix\u00ed com la seva aplicaci\u00f3 en Intel\u00b7lig\u00e8ncia Artificial (Neural Networking).<\/li>\n<li>Tractament del c\u00e0ncer cutani i del camp de canceritzaci\u00f3.<\/li>\n<li>Gen\u00e8tica del c\u00e0ncer i susceptibilitat al c\u00e0ncer cutani.<\/li>\n<li>Carcinog\u00e8nesi cut\u00e0nia, telemedicina i xarxes socials en medicina.<\/li>\n<\/ol>\n<\/li>\n<\/ul>\n<h3><strong>ACTIVITAT DOCENT I PROFESSIONAL<\/strong><\/h3>\n<ul>\n<li>Consultor al <a href=\"https:\/\/www.clinicbarcelona.org\/profesionales\/josep-malvehy\" target=\"_blank\" rel=\"noopener\"><strong>Departament de Dermatologia i Director de la Unitat de Melanoma de l\u2019Hospital Cl\u00ednic<\/strong><\/a> de Barcelona des de 2003.<\/li>\n<li>Consultor del <a href=\"https:\/\/www.mskcc.org\/locations\/directory\/memorial-hospital\" target=\"_blank\" rel=\"noopener\"><strong>Memorial Sloan Kettering Cancer Center<\/strong><\/a>, Nova York (EUA).<\/li>\n<li>Professor de m\u00e0ster a la <a href=\"https:\/\/www.ub.edu\/portal\/web\/medicina-ciencias-salud\/\" target=\"_blank\" rel=\"noopener\"><strong>Universitat de Barcelona<\/strong><\/a>, Departament de Medicina.<\/li>\n<li>Des de 2013, Director del Grup de Tecnologia de l\u2019<a href=\"https:\/\/www.isic-archive.com\/\" target=\"_blank\" rel=\"noopener\"><strong>ISIC (Imaging of the Skin Collaborative Group)<\/strong><\/a> i consultor del Comit\u00e8 T\u00e8cnic de l\u2019<a href=\"https:\/\/www.contraelcancer.es\/es\" target=\"_blank\" rel=\"noopener\"><strong>Associaci\u00f3 Espanyola contra el C\u00e0ncer (AECC)<\/strong><\/a>.<\/li>\n<li>Investigador de l\u2019<a href=\"https:\/\/www.clinicbarcelona.org\/idibaps\/sobre-nosotros\" target=\"_blank\" rel=\"noopener\"><strong>IDIBAPS (Institut d\u2019Investigaci\u00f3 Biom\u00e8dica August Pi i Sunyer)<\/strong><\/a>.<\/li>\n<li>Investigador i Director del projecte <a href=\"https:\/\/www.diagnoptics.com\/\" target=\"_blank\" rel=\"noopener\"><strong>DIAGNOPTICS<\/strong><\/a>, consorci europeu de fot\u00f2nica per al diagn\u00f2stic cutani.<\/li>\n<li>Director de m\u00e9s de 10 cursos i confer\u00e8ncies internacionals, incloent 7 Congressos Mundials de Melanoma, i professor en cursos sobre c\u00e0ncer de pell (m\u00e9s de 250 confer\u00e8ncies des de 1998).<\/li>\n<li>Professor de l\u2019<a href=\"https:\/\/eadv.org\/\" target=\"_blank\" rel=\"noopener\"><strong>Acad\u00e8mia Europea de Dermatologia i Venereologia<\/strong><\/a> des de 2003 i de l\u2019<a href=\"https:\/\/www.aad.org\/\" target=\"_blank\" rel=\"noopener\"><strong>Acad\u00e8mia Americana de Dermatologia<\/strong><\/a> des de 2004.<\/li>\n<li>Ha participat com a professor en m\u00e9s de 140 congressos internacionals i m\u00e9s de 110 congressos nacionals.<\/li>\n<\/ul>\n<h3><strong>PUBLICACIONS<\/strong><\/h3>\n<ul>\n<li>Autor de m\u00e9s de 200 articles cient\u00edfics.<\/li>\n<li>Editor i autor principal de tractats sobre c\u00e0ncer cutani: <em>Principles of Dermoscopy<\/em>, <em>Handbook of Dermoscopy<\/em>, <em>Atlas of Dermatoscopy<\/em>, <em>Atlas of Confocal Microscopy<\/em>.<\/li>\n<li>Autor de m\u00e9s de 30 cap\u00edtols en llibres cient\u00edfics.<\/li>\n<\/ul>\n<a href='http:\/\/raed.academy\/wp-content\/uploads\/2018\/10\/cv-extens-Dr.-Josep-Malvehy.pdf' class='small-button smallsilver' target=\"_blank\"><strong>\u2192 CURR\u00cdCULUM VITAE EXTENS<\/strong><\/a>\n<p>[\/et_pb_tab][\/et_pb_tabs][\/et_pb_column][\/et_pb_row][\/et_pb_section]<\/p>\n","protected":false},"featured_media":0,"template":"","meta":{"_et_pb_use_builder":"on","_et_pb_old_content":"<div class=\"infoAcademico\"><p><strong>Acad\u00e8mic Numerari<\/strong><img class=\" wp-image-4369 alignleft\" src=\"http:\/\/raed.academy\/wp-content\/uploads\/2015\/06\/Foto-web-1-217x300.jpg\" alt=\"Foto web\" width=\"148\" height=\"205\" \/><\/p><p><strong>Ci\u00e8ncies de la Salut:<\/strong> Dr. en Medicina<\/p><p><strong>Data d'ingr\u00e9s:\u00a0<\/strong>\u00a020\/12\/2011<\/p><p><b>Medalla:<\/b><\/p><p><strong>Discurs d'ingr\u00e9s:<\/strong>\u00a0Certeses i incerteses en el diagn\u00f2stic del c\u00e0ncer cutani: de la biologia molecular al diagn\u00f2stic no invasiu<br \/> <strong>Discurs de resposta:\u00a0<\/strong>Dr. Josep Llort Brull<\/p><hr \/><div class=\"CVacadcemico\"><h2>CURRICULUM VITAE<\/h2><p>El Dr. Josep Malvehy es va graduar el 1992 a la Universitat de Medicina de Barcelona i va obtenir el seu diploma d'especialitzacio\u0301 en Dermatologia i Venereologia en 1996 i el doctorat per la Universitat de Barcelona en gene\u0300tica i diagno\u0300stic de melanoma en 2006.<br \/> Actualment e\u0301s dermato\u0300leg consultor al Departament de Dermatologia de l Hospital Cli\u0301nic de Barcelona i consultor de dermatologia del Sloan Kettering Cancer Center Memorial a Nova York (EUA).<br \/> El Dr. Josep Malvehy e\u0301s professor de ma\u0300ster de la Universitat de Barcelona i de la Universitat de Graz. Dirigeix la Unitat de Melanoma de l'Hospital Cli\u0301nic de Barcelona des de l'any 2003. E\u0301s el director de la \"Technology Group \" del ISIC (Imaging of the Skin Collaborative Group) i consultor del Comite\u0300 Te\u0300cnic de l'Associacio\u0301 Espanyola Contra el Ca\u0300ncer. Ell e\u0301s investigador principal i membre del DIAGNOPTICS, consorci Europeu de tecnologia foto\u0300nica per al diagno\u0300stic de la pell.<br \/> Els principals camps d'especialitzacio\u0301 so\u0301n els tumors de la pell amb l'intere\u0300s principal en el diagno\u0300stic i tractament dels tumors malignes (melanoma i ca\u0300ncer de pell no melanoma). Les a\u0300rees especials de recerca i innovacio\u0301 so\u0301n el prono\u0300stic i diagno\u0300stic del ca\u0300ncer cutani amb te\u0300cniques no invasives (dermatosco\u0300pia digital de seguiment, microsco\u0300pia confocal, octubre, HD-OCT, impedanciometria, espectrosco\u0300pia), el tractament dels tumors, la susceptibilitat gene\u0300tica i la carcinoge\u0300nesi de la pell, la teledermatologia i les xarxes socials en medicina. E\u0301s autor de me\u0301s de 200 articles cienti\u0301fics en revistes amb factor d impacte i editor principal i autor dels tractats de medicina Principles of Dermoscopy, Handbook of Dermoscopy, Atlas of Dermatoscopy, Atlas of Confocal Microscopy i autor de me\u0301s de 30 capi\u0301tols de llibres.<br \/> E\u0301s o ha estat l'investigador principal de projectes de recerca amb recursos gestionats de me\u0301s de 7.000.000,00 euros. Ell e\u0301s l'investigador principal i co- investigador de diversos assajos me\u0300dics i projectes de diagno\u0300stic en ca\u0300ncer de pell.<br \/> Ha estat el president de me\u0301s de 10 confere\u0300ncies i cursos internacionals, entre elles 7 Congressos Mundials de melanoma i professor en cursos nacionals i internacionals de ca\u0300ncer de pell (me\u0301s de 250 confere\u0300ncies des de 1998). Ell e\u0301s professor de l'Acade\u0300mia Europea de Dermatologia i Venereologia 2003 i professor de l'Acade\u0300mia Americana de Dermatologia des de 2004 i ha comunicat treballs en mu\u0301ltiples confere\u0300ncies internacionals (me\u0301s de 140 confere\u0300ncies) i confere\u0300ncies nacionals (me\u0301s de 110 confere\u0300ncies).<br \/> E\u0301s membre elegit de la Reial Acade\u0300mia de Doctors i membre del consell de direccio\u0301 de la World Melanoma Society , European Association of Dermato Oncology (EADO), Expert del grup de melanoma de l Europena Society of medical Oncology (ESMO), membre del grup directiu de la International Dermoscopy Society (IDS), membre fundador del International Group of Confocal Microscopy (IGCM) i de la International Teledermatology Society (ITS); Membre de diverses societats internacionals i nacionals que inclouen la European Dermatology Forum (EDF), Acade\u0300mia Catalana de Medicina,<br \/> 3<br \/> Academia Espan\u0303ola de Dermatologi\u0301a y venereologi\u0301a (AEDV), European Organisation of Research and Treatment of cancer (EORTC), La European Academy of Dermatology and Venereology (EADV), la American Academy of Dermatology (AAD), GenoMel, Colegio Ibero-Latino Americano de Dermatologi\u0301a (CILAD) i del Grupo Espan\u0303ol de Melanoma (GEM)).<br \/> Factor d Impacte Total amb originals > 900 Nombre de citacions > 3700<br \/> h-i\u0301ndex 30, i10-i\u0301ndex 97<\/p><h2>CURRICULUM VITAE EXTENS<\/h2><p><a href=\"http:\/\/raed.academy\/wp-content\/uploads\/2016\/09\/pdf-icon-e1474394924415.png\"><img class=\"alignnone size-full wp-image-10697\" src=\"http:\/\/raed.academy\/wp-content\/uploads\/2016\/09\/pdf-icon-e1474394924415.png\" alt=\"pdf-icon\" width=\"30\" height=\"30\" \/><\/a><strong>\u00a0 \u00a0\u00a0<\/strong><span style=\"color: #000000;\"><a style=\"color: #000000;\" href=\"http:\/\/raed.academy\/wp-content\/uploads\/2017\/04\/cv-extens-Dr.-Josep-Malvehy.pdf\" target=\"_blank\" rel=\"noopener\">CV extens Dr. Josep Malvehy Guilera<\/a><\/span><\/p><h2>DISCURS D'INGR\u00c9S<\/h2><p><a href=\"http:\/\/raed.academy\/wp-content\/uploads\/2016\/07\/pdf-icon-e1468674732529.png\"><img class=\"alignnone size-full wp-image-7742\" src=\"http:\/\/raed.academy\/wp-content\/uploads\/2016\/07\/pdf-icon-e1468674732529.png\" alt=\"pdf-icon\" width=\"30\" height=\"30\" \/><\/a>\u00a0 \u00a0\u00a0<a href=\"http:\/\/raed.academy\/wp-content\/uploads\/2015\/06\/certeses-i-incerteses-enel-diagnostic-del-cancer-cutani..-MALVEY.pdf\" target=\"_blank\" rel=\"noopener\">Certeses i incerteses en el diagnostic del c\u00e0ncer cutani: de la biologia molecular al diagnostic no invasiu<\/a><\/p><h2>ALTRES PUBLICACIONS<\/h2><h2>V\u00cdDEO<\/h2><h2>GALERIA DE FOTOGRAFIES<\/h2><\/div><\/div>","_et_gb_content_width":""},"secciones":[],"tipo_academico":[],"cargo":[],"class_list":["post-7208","academico","type-academico","status-publish","hentry"],"yoast_head":"<!-- This site is optimized with the Yoast SEO plugin v27.4 - https:\/\/yoast.com\/product\/yoast-seo-wordpress\/ -->\n<title>EXCM. Sr. Dr. Josep Malvehy Guilera | Reial Acad\u00e8mia Europea de Doctors<\/title>\n<meta name=\"robots\" content=\"index, follow, max-snippet:-1, max-image-preview:large, max-video-preview:-1\" \/>\n<link rel=\"canonical\" href=\"https:\/\/raed.academy\/ca\/academics\/dr-josep-malvehy-guilera\/\" \/>\n<meta property=\"og:locale\" content=\"ca_ES\" \/>\n<meta property=\"og:type\" content=\"article\" \/>\n<meta property=\"og:title\" content=\"EXCM. Sr. Dr. Josep Malvehy Guilera | Reial Acad\u00e8mia Europea de Doctors\" \/>\n<meta property=\"og:description\" content=\"Acad\u00e8mic de N\u00famero Ci\u00e8ncies de la Salut: Doctor en Medicina Data d\u2019ingr\u00e9s: 20 de desembre de 2011 Discurs d\u2019ingr\u00e9s: \u00abCerteses i incerteses en el diagn\u00f2stic del c\u00e0ncer cutani: de la biologia molecular al diagn\u00f2stic no invasiu\u00bb Discurs de resposta: Dr. Josep Llort Brull Traject\u00f2ria destacada: Pioner en el desenvolupament de tecnologies de diagn\u00f2stic preco\u00e7 del [&hellip;]\" \/>\n<meta property=\"og:url\" content=\"https:\/\/raed.academy\/ca\/academics\/dr-josep-malvehy-guilera\/\" \/>\n<meta property=\"og:site_name\" content=\"Reial Acad\u00e8mia Europea de Doctors\" \/>\n<meta property=\"article:publisher\" content=\"http:\/\/fb.me\/raed.academy\" \/>\n<meta property=\"article:modified_time\" content=\"2025-11-03T17:49:14+00:00\" \/>\n<meta name=\"twitter:card\" content=\"summary_large_image\" \/>\n<meta name=\"twitter:site\" content=\"@raedacademy\" \/>\n<meta name=\"twitter:label1\" content=\"Est. reading time\" \/>\n\t<meta name=\"twitter:data1\" content=\"3 minutes\" \/>\n<script type=\"application\/ld+json\" class=\"yoast-schema-graph\">{\"@context\":\"https:\\\/\\\/schema.org\",\"@graph\":[{\"@type\":\"WebPage\",\"@id\":\"https:\\\/\\\/raed.academy\\\/ca\\\/academics\\\/dr-josep-malvehy-guilera\\\/\",\"url\":\"https:\\\/\\\/raed.academy\\\/ca\\\/academics\\\/dr-josep-malvehy-guilera\\\/\",\"name\":\"EXCM. Sr. Dr. Josep Malvehy Guilera | Reial Acad\u00e8mia Europea de Doctors\",\"isPartOf\":{\"@id\":\"https:\\\/\\\/raed.academy\\\/ca\\\/#website\"},\"datePublished\":\"2016-06-28T14:36:58+00:00\",\"dateModified\":\"2025-11-03T17:49:14+00:00\",\"breadcrumb\":{\"@id\":\"https:\\\/\\\/raed.academy\\\/ca\\\/academics\\\/dr-josep-malvehy-guilera\\\/#breadcrumb\"},\"inLanguage\":\"ca-ES\",\"potentialAction\":[{\"@type\":\"ReadAction\",\"target\":[\"https:\\\/\\\/raed.academy\\\/ca\\\/academics\\\/dr-josep-malvehy-guilera\\\/\"]}]},{\"@type\":\"BreadcrumbList\",\"@id\":\"https:\\\/\\\/raed.academy\\\/ca\\\/academics\\\/dr-josep-malvehy-guilera\\\/#breadcrumb\",\"itemListElement\":[{\"@type\":\"ListItem\",\"position\":1,\"name\":\"Inicio\",\"item\":\"https:\\\/\\\/raed.academy\\\/ca\\\/\"},{\"@type\":\"ListItem\",\"position\":2,\"name\":\"Acad\u00e9micos\",\"item\":\"https:\\\/\\\/raed.academy\\\/ca\\\/academics\\\/\"},{\"@type\":\"ListItem\",\"position\":3,\"name\":\"Excm. Sr. Dr. Josep Malvehy Guilera\"}]},{\"@type\":\"WebSite\",\"@id\":\"https:\\\/\\\/raed.academy\\\/ca\\\/#website\",\"url\":\"https:\\\/\\\/raed.academy\\\/ca\\\/\",\"name\":\"Reial Acad\u00e8mia Europea de Doctors\",\"description\":\"Corporaci\u00f3n de derecho p\u00fablico de car\u00e1cter cient\u00edfico, t\u00e9cnico y art\u00edstico, que tiene por objeto la investigaci\u00f3n, el estudio, el fomento y la extensi\u00f3n del conocimiento en su sentido m\u00e1s amplio\",\"publisher\":{\"@id\":\"https:\\\/\\\/raed.academy\\\/ca\\\/#organization\"},\"potentialAction\":[{\"@type\":\"SearchAction\",\"target\":{\"@type\":\"EntryPoint\",\"urlTemplate\":\"https:\\\/\\\/raed.academy\\\/ca\\\/?s={search_term_string}\"},\"query-input\":{\"@type\":\"PropertyValueSpecification\",\"valueRequired\":true,\"valueName\":\"search_term_string\"}}],\"inLanguage\":\"ca-ES\"},{\"@type\":\"Organization\",\"@id\":\"https:\\\/\\\/raed.academy\\\/ca\\\/#organization\",\"name\":\"Real Academia Europea de Doctores\",\"url\":\"https:\\\/\\\/raed.academy\\\/ca\\\/\",\"logo\":{\"@type\":\"ImageObject\",\"inLanguage\":\"ca-ES\",\"@id\":\"https:\\\/\\\/raed.academy\\\/ca\\\/#\\\/schema\\\/logo\\\/image\\\/\",\"url\":\"https:\\\/\\\/raed.academy\\\/wp-content\\\/uploads\\\/2017\\\/01\\\/cropped-logo_raed.png\",\"contentUrl\":\"https:\\\/\\\/raed.academy\\\/wp-content\\\/uploads\\\/2017\\\/01\\\/cropped-logo_raed.png\",\"width\":512,\"height\":512,\"caption\":\"Real Academia Europea de Doctores\"},\"image\":{\"@id\":\"https:\\\/\\\/raed.academy\\\/ca\\\/#\\\/schema\\\/logo\\\/image\\\/\"},\"sameAs\":[\"http:\\\/\\\/fb.me\\\/raed.academy\",\"https:\\\/\\\/x.com\\\/raedacademy\",\"https:\\\/\\\/www.instagram.com\\\/raed.academy\\\/\",\"https:\\\/\\\/www.youtube.com\\\/channel\\\/UCUYQwW2KrdirNWihxMDObwg\"]}]}<\/script>\n<!-- \/ Yoast SEO plugin. -->","yoast_head_json":{"title":"EXCM. Sr. Dr. Josep Malvehy Guilera | Reial Acad\u00e8mia Europea de Doctors","robots":{"index":"index","follow":"follow","max-snippet":"max-snippet:-1","max-image-preview":"max-image-preview:large","max-video-preview":"max-video-preview:-1"},"canonical":"https:\/\/raed.academy\/ca\/academics\/dr-josep-malvehy-guilera\/","og_locale":"ca_ES","og_type":"article","og_title":"EXCM. Sr. Dr. Josep Malvehy Guilera | Reial Acad\u00e8mia Europea de Doctors","og_description":"La RAED organitza i duu a terme una s\u00e8rie d'activitats concentrades en un mes i mig que van comptar amb la implicaci\u00f3 activa de nombrosos acad\u00e8mics. Recepci\u00f3 de quatre acad\u00e8mics corresponents (Stavroula-Ina Piperaki per a Gr\u00e8cia, Stephen Zeff i David B. Wilkins per als Estats Units i Llu\u00eds Vicent Safont per a Andorra) Taula rodona [&hellip;]","og_url":"https:\/\/raed.academy\/ca\/academics\/dr-josep-malvehy-guilera\/","og_site_name":"Reial Acad\u00e8mia Europea de Doctors","article_publisher":"http:\/\/fb.me\/raed.academy","article_modified_time":"2025-11-03T17:49:14+00:00","twitter_card":"summary_large_image","twitter_site":"@raedacademy","twitter_misc":{"Est. reading time":"3 minutes"},"schema":{"@context":"https:\/\/schema.org","@graph":[{"@type":"WebPage","@id":"https:\/\/raed.academy\/ca\/academics\/dr-josep-malvehy-guilera\/","url":"https:\/\/raed.academy\/ca\/academics\/dr-josep-malvehy-guilera\/","name":"EXCM. Sr. Dr. Josep Malvehy Guilera | Reial Acad\u00e8mia Europea de Doctors","isPartOf":{"@id":"https:\/\/raed.academy\/ca\/#website"},"datePublished":"2016-06-28T14:36:58+00:00","dateModified":"2025-11-03T17:49:14+00:00","breadcrumb":{"@id":"https:\/\/raed.academy\/ca\/academics\/dr-josep-malvehy-guilera\/#breadcrumb"},"inLanguage":"ca-ES","potentialAction":[{"@type":"ReadAction","target":["https:\/\/raed.academy\/ca\/academics\/dr-josep-malvehy-guilera\/"]}]},{"@type":"BreadcrumbList","@id":"https:\/\/raed.academy\/ca\/academics\/dr-josep-malvehy-guilera\/#breadcrumb","itemListElement":[{"@type":"ListItem","position":1,"name":"Inicio","item":"https:\/\/raed.academy\/ca\/"},{"@type":"ListItem","position":2,"name":"Acad\u00e9micos","item":"https:\/\/raed.academy\/ca\/academics\/"},{"@type":"ListItem","position":3,"name":"Excm. Sr. Dr. Josep Malvehy Guilera"}]},{"@type":"WebSite","@id":"https:\/\/raed.academy\/ca\/#website","url":"https:\/\/raed.academy\/ca\/","name":"Reial Acad\u00e8mia Europea de Doctors","description":"Corporaci\u00f3n de derecho p\u00fablico de car\u00e1cter cient\u00edfico, t\u00e9cnico y art\u00edstico, que tiene por objeto la investigaci\u00f3n, el estudio, el fomento y la extensi\u00f3n del conocimiento en su sentido m\u00e1s amplio","publisher":{"@id":"https:\/\/raed.academy\/ca\/#organization"},"potentialAction":[{"@type":"SearchAction","target":{"@type":"EntryPoint","urlTemplate":"https:\/\/raed.academy\/ca\/?s={search_term_string}"},"query-input":{"@type":"PropertyValueSpecification","valueRequired":true,"valueName":"search_term_string"}}],"inLanguage":"ca-ES"},{"@type":"Organization","@id":"https:\/\/raed.academy\/ca\/#organization","name":"Real Academia Europea de Doctores","url":"https:\/\/raed.academy\/ca\/","logo":{"@type":"ImageObject","inLanguage":"ca-ES","@id":"https:\/\/raed.academy\/ca\/#\/schema\/logo\/image\/","url":"https:\/\/raed.academy\/wp-content\/uploads\/2017\/01\/cropped-logo_raed.png","contentUrl":"https:\/\/raed.academy\/wp-content\/uploads\/2017\/01\/cropped-logo_raed.png","width":512,"height":512,"caption":"Real Academia Europea de Doctores"},"image":{"@id":"https:\/\/raed.academy\/ca\/#\/schema\/logo\/image\/"},"sameAs":["http:\/\/fb.me\/raed.academy","https:\/\/x.com\/raedacademy","https:\/\/www.instagram.com\/raed.academy\/","https:\/\/www.youtube.com\/channel\/UCUYQwW2KrdirNWihxMDObwg"]}]}},"_links":{"self":[{"href":"https:\/\/raed.academy\/ca\/wp-json\/wp\/v2\/academico\/7208","targetHints":{"allow":["GET"]}}],"collection":[{"href":"https:\/\/raed.academy\/ca\/wp-json\/wp\/v2\/academico"}],"about":[{"href":"https:\/\/raed.academy\/ca\/wp-json\/wp\/v2\/types\/academico"}],"wp:attachment":[{"href":"https:\/\/raed.academy\/ca\/wp-json\/wp\/v2\/media?parent=7208"}],"wp:term":[{"taxonomy":"secciones","embeddable":true,"href":"https:\/\/raed.academy\/ca\/wp-json\/wp\/v2\/secciones?post=7208"},{"taxonomy":"tipo_academico","embeddable":true,"href":"https:\/\/raed.academy\/ca\/wp-json\/wp\/v2\/tipo_academico?post=7208"},{"taxonomy":"cargo","embeddable":true,"href":"https:\/\/raed.academy\/ca\/wp-json\/wp\/v2\/cargo?post=7208"}],"curies":[{"name":"wp","href":"https:\/\/api.w.org\/{rel}","templated":true}]}}