{"id":5072,"date":"2016-03-07T16:11:15","date_gmt":"2016-03-07T16:11:15","guid":{"rendered":"http:\/\/radd.eu\/?page_id=5072"},"modified":"2025-10-27T15:20:36","modified_gmt":"2025-10-27T15:20:36","slug":"dr-antoni-duran-sindreu-buxade","status":"publish","type":"academico","link":"https:\/\/raed.academy\/ca\/academics\/dr-antoni-duran-sindreu-buxade\/","title":{"rendered":"Excm. Sr. Dr. Antoni Dur\u00e1n-Sindreu Buxad\u00e9"},"content":{"rendered":"<p>[et_pb_section fb_built=&#8221;1&#8243; _builder_version=&#8221;4.16&#8243; global_colors_info=&#8221;{}&#8221;][et_pb_row column_structure=&#8221;1_4,3_4&#8243; _builder_version=&#8221;4.27.4&#8243; background_size=&#8221;initial&#8221; background_position=&#8221;top_left&#8221; background_repeat=&#8221;repeat&#8221; max_width=&#8221;1400px&#8221; custom_margin=&#8221;-64px|auto|0px|auto||&#8221; custom_padding=&#8221;0px|0px|0|0px|false|false&#8221; hover_enabled=&#8221;0&#8243; global_colors_info=&#8221;{}&#8221; sticky_enabled=&#8221;0&#8243;][et_pb_column type=&#8221;1_4&#8243; _builder_version=&#8221;4.16&#8243; custom_padding=&#8221;|||&#8221; global_colors_info=&#8221;{}&#8221; custom_padding__hover=&#8221;|||&#8221;][et_pb_image src=&#8221;https:\/\/raed.academy\/wp-content\/uploads\/2018\/10\/Dr.-Antoni-Dur\u00e1n-Sindreu-Buxad\u00e9.jpg&#8221; show_bottom_space=&#8221;off&#8221; align_tablet=&#8221;center&#8221; align_phone=&#8221;&#8221; align_last_edited=&#8221;on|desktop&#8221; admin_label=&#8221;Imagen &#8211; foto acad\u00e9mico&#8221; _builder_version=&#8221;4.27.3&#8243; max_width=&#8221;200%&#8221; custom_margin=&#8221;0px||0px|&#8221; custom_padding=&#8221;0px||0px|&#8221; animation_style=&#8221;fold&#8221; border_radii=&#8221;on|6px|6px|6px|6px&#8221; border_width_all=&#8221;2px&#8221; box_shadow_style=&#8221;preset2&#8243; global_colors_info=&#8221;{}&#8221;][\/et_pb_image][\/et_pb_column][et_pb_column type=&#8221;3_4&#8243; _builder_version=&#8221;4.16&#8243; custom_padding=&#8221;|||&#8221; global_colors_info=&#8221;{}&#8221; custom_padding__hover=&#8221;|||&#8221;][et_pb_text module_class=&#8221;infoAcademico&#8221; _builder_version=&#8221;4.27.4&#8243; global_colors_info=&#8221;{}&#8221; custom_margin=&#8221;|||-45px||&#8221;]<\/p>\n<div style=\"border: 2px solid #2c3e50; padding: 20px; background: #fff; margin-bottom: 25px; border-radius: 10px; box-shadow: 2px 2px 8px rgba(0,0,0,0.1);\">\n<p><strong>Acad\u00e8mic de N\u00famero<\/strong><\/p>\n<p><strong>Ci\u00e8ncies Socials:<\/strong> Dr. en Dret<\/p>\n<p><strong>Data d\u2019ingr\u00e9s:<\/strong> 23 de febrer de 2016<\/p>\n<p><strong>Discurs d\u2019ingr\u00e9s:<\/strong> <a href=\"http:\/\/raed.academy\/wp-content\/uploads\/2016\/03\/RAEDDuranSindreu34_Web.pdf\" target=\"_blank\" rel=\"noopener noreferrer\"><strong><em>\u00abReflexions i alternatives entorn d\u2019un model fiscal esgotat\u00bb<\/em><\/strong><\/a><\/p>\n<p><strong>Discurs de resposta:<\/strong> <a href=\"https:\/\/raed.academy\/academicos\/dr-joan-francesc-pont-clemente\/\" target=\"_blank\" rel=\"noopener\"><strong>Dr. Joan-Francesc Pont Clemente<\/strong><\/a>, Dr. en Dret<\/p>\n<p><strong data-start=\"464\" data-end=\"490\">Traject\u00f2ria destacada: <\/strong>Expresident de l\u2019Associaci\u00f3 Espanyola d\u2019Assessors Fiscals (AEDAF). Referent en fiscalitat empresarial i reforma tribut\u00e0ria, combina la doc\u00e8ncia, la recerca i l\u2019assessorament amb una destacada tasca divulgativa en mitjans econ\u00f2mics i jur\u00eddics.<\/p>\n<\/div>\n<p>[\/et_pb_text][\/et_pb_column][\/et_pb_row][et_pb_row use_custom_gutter=&#8221;on&#8221; gutter_width=&#8221;1&#8243; module_class=&#8221;parent-column&#8221; _builder_version=&#8221;4.27.3&#8243; background_size=&#8221;initial&#8221; background_position=&#8221;top_left&#8221; background_repeat=&#8221;repeat&#8221; max_width=&#8221;1400px&#8221; global_colors_info=&#8221;{}&#8221;][et_pb_column type=&#8221;4_4&#8243; _builder_version=&#8221;4.16&#8243; custom_padding=&#8221;|||&#8221; global_colors_info=&#8221;{}&#8221; custom_padding__hover=&#8221;|||&#8221;][et_pb_divider color=&#8221;#828282&#8243; divider_weight=&#8221;2&#8243; _builder_version=&#8221;4.16&#8243; height=&#8221;2px&#8221; box_shadow_style=&#8221;preset2&#8243; global_colors_info=&#8221;{}&#8221; custom_margin=&#8221;-8px|||||&#8221;]&nbsp;<br \/>\n[\/et_pb_divider][et_pb_tabs _builder_version=&#8221;4.27.4&#8243; global_colors_info=&#8221;{}&#8221;][et_pb_tab title=&#8221;CURR\u00cdCULUM VITAE&#8221; _builder_version=&#8221;4.27.4&#8243; global_colors_info=&#8221;{}&#8221;]<\/p>\n<h2><strong>Dr. ANTONI DUR\u00c1N-SINDREU BUXAD\u00c9<\/strong><\/h2>\n<h3><strong>TITULACI\u00d3 UNIVERSIT\u00c0RIA<\/strong><\/h3>\n<ul>\n<li>Doctor en Dret per la <a href=\"https:\/\/www.unav.edu\/inicio\" target=\"_blank\" rel=\"noopener\"><strong>Universitat de Navarra<\/strong><\/a>.<\/li>\n<li>Llicenciat en Direcci\u00f3 i Administraci\u00f3 d\u2019Empreses per la <a href=\"https:\/\/www.uic.es\/es\" target=\"_blank\" rel=\"noopener\"><strong>Universitat Internacional de Catalunya<\/strong><\/a>.<\/li>\n<li>Diplomat en Ci\u00e8ncies Empresarials per la <a href=\"https:\/\/web.ub.edu\/es\/web\/ub\/inicio\" target=\"_blank\" rel=\"noopener\"><strong>Universitat Central de Barcelona<\/strong><\/a>.<\/li>\n<\/ul>\n<h3><strong>ACTIVITAT DOCENT<\/strong><\/h3>\n<p><strong><a href=\"https:\/\/www.upf.edu\/es\/web\/universitat\/-\/facultat-de-ciencies-economiques-i-empresarials\" target=\"_blank\" rel=\"noopener\">Universitat Pompeu Fabra \u2013 Facultat d\u2019Economia i Empresa<\/a><\/strong><\/p>\n<ul>\n<li>Professor associat de Sistema Fiscal Espanyol des del curs acad\u00e8mic 1993\/1994 fins a l\u2019actualitat.<\/li>\n<li>Professor associat de R\u00e8gim Fiscal de l\u2019Empresa des del curs acad\u00e8mic 1996\/1997 fins a l\u2019actualitat.<\/li>\n<\/ul>\n<p><a href=\"https:\/\/www.bsm.upf.edu\/es\" target=\"_blank\" rel=\"noopener\"><strong>Universitat Pompeu Fabra \u2013 Barcelona School of Management<\/strong><\/a><\/p>\n<ul>\n<li>Director Acad\u00e8mic i professor del M\u00e0ster en Assessoria Fiscal des del curs acad\u00e8mic 1999\/2000 fins a l\u2019actualitat.<\/li>\n<li>Director Acad\u00e8mic del Postgrau en Fiscalitat de la BSM\/UPF &#8211; Universitat d\u2019Andorra en set edicions (2012\/2013 \u2013 2023\/2024).<\/li>\n<\/ul>\n<h3><strong>ACTIVITAT PROFESSIONAL<\/strong><\/h3>\n<ul>\n<li>Soci-director a <a href=\"https:\/\/www.duransindreu.com\/\" target=\"_blank\" rel=\"noopener\"><strong>Dur\u00e1n-Sindreu Assessors Legals i Tributaris<\/strong><\/a>, especialitzat en fiscalitat.<\/li>\n<li>Investigador en l\u2019\u00e0mbit de la fiscalitat.<\/li>\n<li>Conferenciant en congressos, cursos i seminaris en l\u2019\u00e0mbit p\u00fablic i privat.<\/li>\n<li>Membre de l\u2019<a href=\"https:\/\/www.aedaf.es\/es\" target=\"_blank\" rel=\"noopener\"><strong>Associaci\u00f3 Espanyola d\u2019Assessors Fiscals (AEDAF)<\/strong><\/a> i del seu Consell Assessor Institucional.<\/li>\n<li>President de l\u2019Associaci\u00f3 Espanyola d\u2019Assessors Fiscals (2000-2003 i 2012-2013).<\/li>\n<li>Delegat de Catalunya i Balears de l\u2019Associaci\u00f3 Espanyola d\u2019Assessors Fiscals (1998-1999).<\/li>\n<li>Auditor Censor Jurat de Comptes en exced\u00e8ncia.<\/li>\n<li>Membre del Consell Assessor en <a href=\"https:\/\/direcciopublica.transparencia.gencat.cat\/departamentos\/departament-d-economia-i-hisenda\" target=\"_blank\" rel=\"noopener\"><strong>Pol\u00edtica Econ\u00f2mica i Hisenda P\u00fablica de la Generalitat de Catalunya<\/strong><\/a> (2023-2024).<\/li>\n<\/ul>\n<h3><strong>PUBLICACIONS<\/strong><\/h3>\n<ul>\n<li>Autor de diversos llibres i articles en revistes especialitzades.<\/li>\n<li>Col\u00b7laborador habitual en mitjans com <a href=\"https:\/\/www.lavanguardia.com\/\" target=\"_blank\" rel=\"noopener\"><strong>La Vanguardia<\/strong><\/a>, <a href=\"https:\/\/cincodias.elpais.com\/\" target=\"_blank\" rel=\"noopener\"><strong>Cinco D\u00edas<\/strong><\/a>, <a href=\"https:\/\/www.expansion.com\/\" target=\"_blank\" rel=\"noopener\"><strong>Expansi\u00f3n<\/strong><\/a>, <a href=\"https:\/\/www.eleconomista.es\/\" target=\"_blank\" rel=\"noopener\"><strong>El Economista<\/strong><\/a> i en blogs com <a href=\"https:\/\/www.politicafiscal.es\/\" target=\"_blank\" rel=\"noopener\"><strong>Taxlandia<\/strong><\/a>.<\/li>\n<\/ul>\n<h3><strong>PREMIS I ACC\u00c8SSITS<\/strong><\/h3>\n<ol>\n<li>Primer Premi Nacional de Gaceta Fiscal (1988).<\/li>\n<li>Acc\u00e8ssit Premi Nacional Gaceta Fiscal (1989).<\/li>\n<li>Premi del Consell Social a la Qualitat en la Doc\u00e8ncia (curs 2012-2013) de la Universitat Pompeu Fabra.<\/li>\n<li>Beca d\u2019Honor de la III Promoci\u00f3 del M\u00e0ster Universitari d\u2019Assessoria Fiscal de la Universitat de Navarra.<\/li>\n<li>Premi Eurobizkaia d\u2019Investigaci\u00f3 Cient\u00edfica (aspectes fiscals de la introducci\u00f3 de l\u2019euro).<\/li>\n<\/ol>\n<a href='https:\/\/raed.academy\/wp-content\/uploads\/2024\/11\/CV-Antonio-Duran-Sindreu-Buxade-22-11-24.pdf' class='small-button smallsilver' target=\"_blank\"><strong>\u2192 CURR\u00cdCULUM VITAE EXTENS<\/strong><\/a>\n<p>[\/et_pb_tab][et_pb_tab title=&#8221;V\u00cdDEO&#8221; _builder_version=&#8221;4.16&#8243; global_colors_info=&#8221;{}&#8221;]<iframe loading=\"lazy\" src=\"https:\/\/www.youtube.com\/embed\/CYT9zdjofZc\" width=\"1080\" height=\"638\" frameborder=\"0\" allowfullscreen=\"allowfullscreen\"><\/iframe><br \/>\n[\/et_pb_tab][et_pb_tab title=&#8221;GALERIA DE FOTOGRAFIES&#8221; _builder_version=&#8221;4.16&#8243; global_colors_info=&#8221;{}&#8221;]<\/p>\n<div class=\"divi-module-destination\"><\/div>\n<p>[\/et_pb_tab][\/et_pb_tabs][et_pb_gallery gallery_ids=&#8221;41346,41347,41348,41350,41351,41352,41353,41355,41354,41356,41359,41357&#8243; posts_number=&#8221;16&#8243; show_title_and_caption=&#8221;off&#8221; show_pagination=&#8221;off&#8221; admin_label=&#8221;Galer\u00eda&#8221; module_class=&#8221;divi-portable-module galeria-pad-1&#8243; _builder_version=&#8221;4.16&#8243; _module_preset=&#8221;default&#8221; locked=&#8221;off&#8221; global_colors_info=&#8221;{}&#8221;][\/et_pb_gallery][et_pb_code admin_label=&#8221;C\u00f3digo&#8221; _builder_version=&#8221;4.16&#8243; _module_preset=&#8221;default&#8221; locked=&#8221;off&#8221; global_colors_info=&#8221;{}&#8221;]<script><!-- [et_pb_line_break_holder] -->(function ($) {<!-- [et_pb_line_break_holder] -->  $(document).ready(function () {<!-- [et_pb_line_break_holder] --> <!-- [et_pb_line_break_holder] -->    \/\/ Option #1: Move Divi Module(s) into a Module<!-- [et_pb_line_break_holder] -->    \/\/ Limit: One Instance per Column<!-- [et_pb_line_break_holder] -->    \/\/ Use following code if you want to move <!-- [et_pb_line_break_holder] -->    \/\/ a module inside another module. Each column with the<!-- [et_pb_line_break_holder] -->    \/\/ class 'parent-column' will append any module(s)<!-- [et_pb_line_break_holder] -->    \/\/ with the class 'divi-portable-module' to the div<!-- [et_pb_line_break_holder] -->    \/\/ with the class 'divi-module-destination'.<!-- [et_pb_line_break_holder] -->    \/\/ Only one instance of 'divi-module-destination' should<!-- [et_pb_line_break_holder] -->    \/\/ be added per column.<!-- [et_pb_line_break_holder] -->    $('.divi-portable-module').each(function () {<!-- [et_pb_line_break_holder] -->      $(this).closest('.parent-column').find('.divi-module-destination').append($(this));<!-- [et_pb_line_break_holder] -->    });<!-- [et_pb_line_break_holder] -->     <!-- [et_pb_line_break_holder] -->    \/\/ Buttons: Insert Button Module(s) into a Module<!-- [et_pb_line_break_holder] -->    \/\/ Adding a custom CSS class to a button module<!-- [et_pb_line_break_holder] -->    \/\/ is applied to the 'a' tag which is a child element<!-- [et_pb_line_break_holder] -->    \/\/ of the module wrapper. This code makes sure to append<!-- [et_pb_line_break_holder] -->    \/\/ the entire button module wrapper (the parent element)<!-- [et_pb_line_break_holder] -->    \/\/ as well. This functionality is the same as option #3 above.<!-- [et_pb_line_break_holder] -->    \/\/ Siimply use the class 'divi-portable-button' on a button module<!-- [et_pb_line_break_holder] -->    \/\/ instead of 'divi-portable-module'.<!-- [et_pb_line_break_holder] -->    $('.divi-portable-button').parent().each(function () {<!-- [et_pb_line_break_holder] -->      $(this).closest('.parent-column').find('.divi-module-destination').append($(this));<!-- [et_pb_line_break_holder] -->    });<!-- [et_pb_line_break_holder] --> <!-- [et_pb_line_break_holder] -->    \/\/ Option #2: Move Divi Row(s) into a Module<!-- [et_pb_line_break_holder] -->    \/\/ Limit: One Instance per Section<!-- [et_pb_line_break_holder] -->    \/\/ Use the following code if you want to move <!-- [et_pb_line_break_holder] -->    \/\/ a row inside a module on more than one section<!-- [et_pb_line_break_holder] -->    \/\/ of a page. Each section with the<!-- [et_pb_line_break_holder] -->    \/\/ class 'parent-section' will append any row(s)<!-- [et_pb_line_break_holder] -->    \/\/ with the class 'divi-portable-row' to the div<!-- [et_pb_line_break_holder] -->    \/\/ with the class 'divi-row-destination'.<!-- [et_pb_line_break_holder] -->    \/\/ Only one instance of 'divi-row-destination' should<!-- [et_pb_line_break_holder] -->    \/\/ be added per section.<!-- [et_pb_line_break_holder] -->    $('.divi-portable-row').each(function () {<!-- [et_pb_line_break_holder] -->      $(this).closest('.parent-section').find('.divi-row-destination').append($(this));<!-- [et_pb_line_break_holder] -->    });<!-- [et_pb_line_break_holder] --> <!-- [et_pb_line_break_holder] -->  });<!-- [et_pb_line_break_holder] -->})(jQuery);<!-- [et_pb_line_break_holder] --><\/script>[\/et_pb_code][\/et_pb_column][\/et_pb_row][\/et_pb_section]<\/p>\n","protected":false},"featured_media":0,"template":"","meta":{"_et_pb_use_builder":"on","_et_pb_old_content":"<div class=\"academico\"><div class=\"menuIconos\"><div class=\"rSociales\"><a href=\"https:\/\/www.youtube.com\/channel\/UCUYQwW2KrdirNWihxMDObwg\" target=\"_blank\" rel=\"noopener\"><img src=\"https:\/\/raed.academy\/wp-content\/uploads\/2016\/12\/Youtube_icon.png\" alt=\"Youtube\" \/><\/a><a href=\"http:\/\/fb.me\/raed.academy\" target=\"_blank\" rel=\"noopener\"><img src=\"\/wp-content\/uploads\/2017\/02\/fb.png\" \/><\/a><a href=\"https:\/\/twitter.com\/raedacademy\" target=\"_blank\" rel=\"noopener\"><img src=\"https:\/\/raed.academy\/wp-content\/uploads\/2017\/02\/twitter3d.png\" \/><\/a><\/div><\/div><div class=\"fondoBlanco\"><div class=\"infoAcademico\"><h1>Excm<strong>. Sr. Dr. Antoni Dur\u00e1n-Sindreu Buxad\u00e9<\/strong><\/h1><h3 class=\"post-content\">\u00a0<\/h3><h3><a href=\"http:\/\/raed.academy\/wp-content\/uploads\/2016\/03\/Duran-Sindreu.jpg\" rel=\"attachment wp-att-5051\"><img class=\"alignleft wp-image-5051\" src=\"http:\/\/raed.academy\/wp-content\/uploads\/2016\/03\/Duran-Sindreu-200x300.jpg\" alt=\"Duran Sindreu\" width=\"151\" height=\"227\" \/><\/a>Vocal de la Secci\u00f3 1\u00aa. Ci\u00e8ncies Socials - Dret<\/h3><p><b>Data d'ingr\u00e9s:<\/b>\u00a023\/02\/2016<\/p><p><b>Medalla:<\/b><\/p><h3><strong>Discurs:\u00a0<\/strong>Reflexiones y alternativas en torno a un modelo fiscal agotado<\/h3><h3><strong>Discurs de resposta: <a href=\"http:\/\/raed.academy\/4056-2\/\" target=\"_blank\" rel=\"noopener\">Dr. Joan-Francesc Pont Clemente<\/a><\/strong><\/h3><hr \/><div class=\"CVacadcemico\"><h2>CURRICULUM VITAE<\/h2><h2>CURRICULUM VITAE EXTENS<\/h2><h3><strong>\u00a0<\/strong><\/h3><h2>DISCURS D\u2019INGR\u00c9S<\/h2><h3><strong><a href=\"http:\/\/raed.academy\/wp-content\/uploads\/2016\/07\/pdf-icon-e1468674732529.png\"><img class=\"alignnone size-full wp-image-7742\" src=\"http:\/\/raed.academy\/wp-content\/uploads\/2016\/07\/pdf-icon-e1468674732529.png\" alt=\"pdf-icon\" width=\"30\" height=\"30\" \/><\/a><strong>\u00a0\u00a0\u00a0 <a href=\"http:\/\/raed.academy\/wp-content\/uploads\/2016\/03\/RAEDDuranSindreu34_Web.pdf\" target=\"_blank\" rel=\"noopener\">Reflexiones y alternativas entorno a un modelo fiscal agotado Dr\u00a0Antoni Dur\u00e1n-Sindreu Buxad\u00e9\u00a0<\/a><\/strong><\/strong><\/h3><h2>ALTRES PUBLICACIONS<\/h2><h2>V\u00cdDEO<\/h2><p>[embed]https:\/\/www.youtube.com\/watch?v=CYT9zdjofZc[\/embed]<\/p><h2>GALERIA DE FOTOGRAFIES<\/h2><p>[images picture_size=\"fixed\" lightbox=\"yes\" class=\"\" id=\"\"][image link=\"\" linktarget=\"_self\" image=\"http:\/\/raed.academy\/wp-content\/uploads\/2016\/03\/9733-003-150x150-1.jpg\" alt=\"\"][image link=\"\" linktarget=\"_self\" image=\"http:\/\/raed.academy\/wp-content\/uploads\/2016\/03\/9733-039-150x150-1.jpg\" alt=\"\"][image link=\"\" linktarget=\"_self\" image=\"http:\/\/raed.academy\/wp-content\/uploads\/2016\/03\/9733-043-150x150-1.jpg\" alt=\"\"][image link=\"\" linktarget=\"_self\" image=\"http:\/\/raed.academy\/wp-content\/uploads\/2016\/03\/9733-045-150x150-1.jpg\" alt=\"\"][\/images][images picture_size=\"fixed\" lightbox=\"yes\" class=\"\" id=\"\"][image link=\"\" linktarget=\"_self\" image=\"http:\/\/raed.academy\/wp-content\/uploads\/2016\/03\/9733-050-150x150-1.jpg\" alt=\"\"][image link=\"\" linktarget=\"_self\" image=\"http:\/\/raed.academy\/wp-content\/uploads\/2016\/03\/9733-054-150x150-1.jpg\" alt=\"\"][image link=\"\" linktarget=\"_self\" image=\"http:\/\/raed.academy\/wp-content\/uploads\/2016\/03\/9733-055-150x150-1.jpg\" alt=\"\"][image link=\"\" linktarget=\"_self\" image=\"http:\/\/raed.academy\/wp-content\/uploads\/2016\/03\/9733-060-150x150-1.jpg\" alt=\"\"][\/images][images picture_size=\"fixed\" lightbox=\"yes\" class=\"\" id=\"\"][image link=\"\" linktarget=\"_self\" image=\"http:\/\/raed.academy\/wp-content\/uploads\/2016\/03\/9733-070-150x150-1.jpg\" alt=\"\"][image link=\"\" linktarget=\"_self\" image=\"http:\/\/raed.academy\/wp-content\/uploads\/2016\/03\/9733-073-150x150-1.jpg\" alt=\"\"][image link=\"\" linktarget=\"_self\" image=\"http:\/\/raed.academy\/wp-content\/uploads\/2016\/03\/9733-080-150x150-1.jpg\" alt=\"\"][image link=\"\" linktarget=\"_self\" image=\"http:\/\/raed.academy\/wp-content\/uploads\/2016\/03\/9733-097-150x150-1.jpg\" alt=\"\"][\/images][images picture_size=\"fixed\" lightbox=\"yes\" class=\"\" id=\"\"][image link=\"\" linktarget=\"_self\" image=\"http:\/\/raed.academy\/wp-content\/uploads\/2016\/03\/9733-101-150x150-1.jpg\" alt=\"\"][image link=\"\" linktarget=\"_self\" image=\"http:\/\/raed.academy\/wp-content\/uploads\/2016\/03\/9733-103-150x150-1.jpg\" alt=\"\"][image link=\"\" linktarget=\"_self\" image=\"http:\/\/raed.academy\/wp-content\/uploads\/2016\/03\/9733-105-150x150-1.jpg\" alt=\"\"][image link=\"\" linktarget=\"_self\" image=\"http:\/\/raed.academy\/wp-content\/uploads\/2016\/03\/9733-112-150x150-1.jpg\" alt=\"\"][\/images]<\/p><\/div><\/div><\/div><\/div>","_et_gb_content_width":""},"secciones":[],"tipo_academico":[],"cargo":[],"class_list":["post-5072","academico","type-academico","status-publish","hentry"],"yoast_head":"<!-- This site is optimized with the Yoast SEO plugin v27.4 - https:\/\/yoast.com\/product\/yoast-seo-wordpress\/ -->\n<title>Excm. Sr. Dr. Antoni Dur\u00e1n-Sindreu Buxad\u00e9 - Reial Acad\u00e8mia Europea de Doctors<\/title>\n<meta name=\"robots\" content=\"index, follow, max-snippet:-1, max-image-preview:large, max-video-preview:-1\" \/>\n<link rel=\"canonical\" href=\"https:\/\/raed.academy\/ca\/academics\/dr-antoni-duran-sindreu-buxade\/\" \/>\n<meta property=\"og:locale\" content=\"ca_ES\" \/>\n<meta property=\"og:type\" content=\"article\" \/>\n<meta property=\"og:title\" content=\"Excm. Sr. Dr. Antoni Dur\u00e1n-Sindreu Buxad\u00e9 - Reial Acad\u00e8mia Europea de Doctors\" \/>\n<meta property=\"og:description\" content=\"Acad\u00e8mic de N\u00famero Ci\u00e8ncies Socials: Dr. en Dret Data d\u2019ingr\u00e9s: 23 de febrer de 2016 Discurs d\u2019ingr\u00e9s: \u00abReflexions i alternatives entorn d\u2019un model fiscal esgotat\u00bb Discurs de resposta: Dr. Joan-Francesc Pont Clemente, Dr. en Dret Traject\u00f2ria destacada: Expresident de l\u2019Associaci\u00f3 Espanyola d\u2019Assessors Fiscals (AEDAF). Referent en fiscalitat empresarial i reforma tribut\u00e0ria, combina la doc\u00e8ncia, la [&hellip;]\" \/>\n<meta property=\"og:url\" content=\"https:\/\/raed.academy\/ca\/academics\/dr-antoni-duran-sindreu-buxade\/\" \/>\n<meta property=\"og:site_name\" content=\"Reial Acad\u00e8mia Europea de Doctors\" \/>\n<meta property=\"article:publisher\" content=\"http:\/\/fb.me\/raed.academy\" \/>\n<meta property=\"article:modified_time\" content=\"2025-10-27T15:20:36+00:00\" \/>\n<meta name=\"twitter:card\" content=\"summary_large_image\" \/>\n<meta name=\"twitter:site\" content=\"@raedacademy\" \/>\n<meta name=\"twitter:label1\" content=\"Est. reading time\" \/>\n\t<meta name=\"twitter:data1\" content=\"5 minutes\" \/>\n<script type=\"application\/ld+json\" class=\"yoast-schema-graph\">{\"@context\":\"https:\\\/\\\/schema.org\",\"@graph\":[{\"@type\":\"WebPage\",\"@id\":\"https:\\\/\\\/raed.academy\\\/ca\\\/academics\\\/dr-antoni-duran-sindreu-buxade\\\/\",\"url\":\"https:\\\/\\\/raed.academy\\\/ca\\\/academics\\\/dr-antoni-duran-sindreu-buxade\\\/\",\"name\":\"Excm. Sr. Dr. Antoni Dur\u00e1n-Sindreu Buxad\u00e9 - Reial Acad\u00e8mia Europea de Doctors\",\"isPartOf\":{\"@id\":\"https:\\\/\\\/raed.academy\\\/ca\\\/#website\"},\"datePublished\":\"2016-03-07T16:11:15+00:00\",\"dateModified\":\"2025-10-27T15:20:36+00:00\",\"breadcrumb\":{\"@id\":\"https:\\\/\\\/raed.academy\\\/ca\\\/academics\\\/dr-antoni-duran-sindreu-buxade\\\/#breadcrumb\"},\"inLanguage\":\"ca-ES\",\"potentialAction\":[{\"@type\":\"ReadAction\",\"target\":[\"https:\\\/\\\/raed.academy\\\/ca\\\/academics\\\/dr-antoni-duran-sindreu-buxade\\\/\"]}]},{\"@type\":\"BreadcrumbList\",\"@id\":\"https:\\\/\\\/raed.academy\\\/ca\\\/academics\\\/dr-antoni-duran-sindreu-buxade\\\/#breadcrumb\",\"itemListElement\":[{\"@type\":\"ListItem\",\"position\":1,\"name\":\"Inicio\",\"item\":\"https:\\\/\\\/raed.academy\\\/ca\\\/\"},{\"@type\":\"ListItem\",\"position\":2,\"name\":\"Acad\u00e9micos\",\"item\":\"https:\\\/\\\/raed.academy\\\/ca\\\/academics\\\/\"},{\"@type\":\"ListItem\",\"position\":3,\"name\":\"Excm. Sr. Dr. Antoni Dur\u00e1n-Sindreu Buxad\u00e9\"}]},{\"@type\":\"WebSite\",\"@id\":\"https:\\\/\\\/raed.academy\\\/ca\\\/#website\",\"url\":\"https:\\\/\\\/raed.academy\\\/ca\\\/\",\"name\":\"Reial Acad\u00e8mia Europea de Doctors\",\"description\":\"Corporaci\u00f3n de derecho p\u00fablico de car\u00e1cter cient\u00edfico, t\u00e9cnico y art\u00edstico, que tiene por objeto la investigaci\u00f3n, el estudio, el fomento y la extensi\u00f3n del conocimiento en su sentido m\u00e1s amplio\",\"publisher\":{\"@id\":\"https:\\\/\\\/raed.academy\\\/ca\\\/#organization\"},\"potentialAction\":[{\"@type\":\"SearchAction\",\"target\":{\"@type\":\"EntryPoint\",\"urlTemplate\":\"https:\\\/\\\/raed.academy\\\/ca\\\/?s={search_term_string}\"},\"query-input\":{\"@type\":\"PropertyValueSpecification\",\"valueRequired\":true,\"valueName\":\"search_term_string\"}}],\"inLanguage\":\"ca-ES\"},{\"@type\":\"Organization\",\"@id\":\"https:\\\/\\\/raed.academy\\\/ca\\\/#organization\",\"name\":\"Real Academia Europea de Doctores\",\"url\":\"https:\\\/\\\/raed.academy\\\/ca\\\/\",\"logo\":{\"@type\":\"ImageObject\",\"inLanguage\":\"ca-ES\",\"@id\":\"https:\\\/\\\/raed.academy\\\/ca\\\/#\\\/schema\\\/logo\\\/image\\\/\",\"url\":\"https:\\\/\\\/raed.academy\\\/wp-content\\\/uploads\\\/2017\\\/01\\\/cropped-logo_raed.png\",\"contentUrl\":\"https:\\\/\\\/raed.academy\\\/wp-content\\\/uploads\\\/2017\\\/01\\\/cropped-logo_raed.png\",\"width\":512,\"height\":512,\"caption\":\"Real Academia Europea de Doctores\"},\"image\":{\"@id\":\"https:\\\/\\\/raed.academy\\\/ca\\\/#\\\/schema\\\/logo\\\/image\\\/\"},\"sameAs\":[\"http:\\\/\\\/fb.me\\\/raed.academy\",\"https:\\\/\\\/x.com\\\/raedacademy\",\"https:\\\/\\\/www.instagram.com\\\/raed.academy\\\/\",\"https:\\\/\\\/www.youtube.com\\\/channel\\\/UCUYQwW2KrdirNWihxMDObwg\"]}]}<\/script>\n<!-- \/ Yoast SEO plugin. -->","yoast_head_json":{"title":"Excm. Sr. Dr. Antoni Dur\u00e1n-Sindreu Buxad\u00e9 - Reial Acad\u00e8mia Europea de Doctors","robots":{"index":"index","follow":"follow","max-snippet":"max-snippet:-1","max-image-preview":"max-image-preview:large","max-video-preview":"max-video-preview:-1"},"canonical":"https:\/\/raed.academy\/ca\/academics\/dr-antoni-duran-sindreu-buxade\/","og_locale":"ca_ES","og_type":"article","og_title":"Excm. Sr. Dr. Antoni Dur\u00e1n-Sindreu Buxad\u00e9 - Reial Acad\u00e8mia Europea de Doctors","og_description":"La RAED organitza i duu a terme una s\u00e8rie d'activitats concentrades en un mes i mig que van comptar amb la implicaci\u00f3 activa de nombrosos acad\u00e8mics. Recepci\u00f3 de quatre acad\u00e8mics corresponents (Stavroula-Ina Piperaki per a Gr\u00e8cia, Stephen Zeff i David B. Wilkins per als Estats Units i Llu\u00eds Vicent Safont per a Andorra) Taula rodona [&hellip;]","og_url":"https:\/\/raed.academy\/ca\/academics\/dr-antoni-duran-sindreu-buxade\/","og_site_name":"Reial Acad\u00e8mia Europea de Doctors","article_publisher":"http:\/\/fb.me\/raed.academy","article_modified_time":"2025-10-27T15:20:36+00:00","twitter_card":"summary_large_image","twitter_site":"@raedacademy","twitter_misc":{"Est. reading time":"5 minutes"},"schema":{"@context":"https:\/\/schema.org","@graph":[{"@type":"WebPage","@id":"https:\/\/raed.academy\/ca\/academics\/dr-antoni-duran-sindreu-buxade\/","url":"https:\/\/raed.academy\/ca\/academics\/dr-antoni-duran-sindreu-buxade\/","name":"Excm. Sr. Dr. Antoni Dur\u00e1n-Sindreu Buxad\u00e9 - Reial Acad\u00e8mia Europea de Doctors","isPartOf":{"@id":"https:\/\/raed.academy\/ca\/#website"},"datePublished":"2016-03-07T16:11:15+00:00","dateModified":"2025-10-27T15:20:36+00:00","breadcrumb":{"@id":"https:\/\/raed.academy\/ca\/academics\/dr-antoni-duran-sindreu-buxade\/#breadcrumb"},"inLanguage":"ca-ES","potentialAction":[{"@type":"ReadAction","target":["https:\/\/raed.academy\/ca\/academics\/dr-antoni-duran-sindreu-buxade\/"]}]},{"@type":"BreadcrumbList","@id":"https:\/\/raed.academy\/ca\/academics\/dr-antoni-duran-sindreu-buxade\/#breadcrumb","itemListElement":[{"@type":"ListItem","position":1,"name":"Inicio","item":"https:\/\/raed.academy\/ca\/"},{"@type":"ListItem","position":2,"name":"Acad\u00e9micos","item":"https:\/\/raed.academy\/ca\/academics\/"},{"@type":"ListItem","position":3,"name":"Excm. Sr. Dr. Antoni Dur\u00e1n-Sindreu Buxad\u00e9"}]},{"@type":"WebSite","@id":"https:\/\/raed.academy\/ca\/#website","url":"https:\/\/raed.academy\/ca\/","name":"Reial Acad\u00e8mia Europea de Doctors","description":"Corporaci\u00f3n de derecho p\u00fablico de car\u00e1cter cient\u00edfico, t\u00e9cnico y art\u00edstico, que tiene por objeto la investigaci\u00f3n, el estudio, el fomento y la extensi\u00f3n del conocimiento en su sentido m\u00e1s amplio","publisher":{"@id":"https:\/\/raed.academy\/ca\/#organization"},"potentialAction":[{"@type":"SearchAction","target":{"@type":"EntryPoint","urlTemplate":"https:\/\/raed.academy\/ca\/?s={search_term_string}"},"query-input":{"@type":"PropertyValueSpecification","valueRequired":true,"valueName":"search_term_string"}}],"inLanguage":"ca-ES"},{"@type":"Organization","@id":"https:\/\/raed.academy\/ca\/#organization","name":"Real Academia Europea de Doctores","url":"https:\/\/raed.academy\/ca\/","logo":{"@type":"ImageObject","inLanguage":"ca-ES","@id":"https:\/\/raed.academy\/ca\/#\/schema\/logo\/image\/","url":"https:\/\/raed.academy\/wp-content\/uploads\/2017\/01\/cropped-logo_raed.png","contentUrl":"https:\/\/raed.academy\/wp-content\/uploads\/2017\/01\/cropped-logo_raed.png","width":512,"height":512,"caption":"Real Academia Europea de Doctores"},"image":{"@id":"https:\/\/raed.academy\/ca\/#\/schema\/logo\/image\/"},"sameAs":["http:\/\/fb.me\/raed.academy","https:\/\/x.com\/raedacademy","https:\/\/www.instagram.com\/raed.academy\/","https:\/\/www.youtube.com\/channel\/UCUYQwW2KrdirNWihxMDObwg"]}]}},"_links":{"self":[{"href":"https:\/\/raed.academy\/ca\/wp-json\/wp\/v2\/academico\/5072","targetHints":{"allow":["GET"]}}],"collection":[{"href":"https:\/\/raed.academy\/ca\/wp-json\/wp\/v2\/academico"}],"about":[{"href":"https:\/\/raed.academy\/ca\/wp-json\/wp\/v2\/types\/academico"}],"wp:attachment":[{"href":"https:\/\/raed.academy\/ca\/wp-json\/wp\/v2\/media?parent=5072"}],"wp:term":[{"taxonomy":"secciones","embeddable":true,"href":"https:\/\/raed.academy\/ca\/wp-json\/wp\/v2\/secciones?post=5072"},{"taxonomy":"tipo_academico","embeddable":true,"href":"https:\/\/raed.academy\/ca\/wp-json\/wp\/v2\/tipo_academico?post=5072"},{"taxonomy":"cargo","embeddable":true,"href":"https:\/\/raed.academy\/ca\/wp-json\/wp\/v2\/cargo?post=5072"}],"curies":[{"name":"wp","href":"https:\/\/api.w.org\/{rel}","templated":true}]}}