{"id":43338,"date":"2018-03-20T17:07:44","date_gmt":"2018-03-20T17:07:44","guid":{"rendered":"http:\/\/raed.academy\/?page_id=43338"},"modified":"2025-11-03T15:37:14","modified_gmt":"2025-11-03T15:37:14","slug":"dr-rodolfo-fernandez-cuellas-fernandez","status":"publish","type":"academico","link":"https:\/\/raed.academy\/ca\/academics\/dr-rodolfo-fernandez-cuellas-fernandez\/","title":{"rendered":"Excm. Sr. Dr. Rodolfo Fern\u00e1ndez-Cuellas Fern\u00e1ndez"},"content":{"rendered":"<p>[et_pb_section fb_built=&#8221;1&#8243; _builder_version=&#8221;4.16&#8243; global_colors_info=&#8221;{}&#8221;][et_pb_row column_structure=&#8221;1_4,3_4&#8243; _builder_version=&#8221;4.27.4&#8243; max_width=&#8221;1400px&#8221; custom_margin=&#8221;-55px|auto||auto||&#8221; custom_padding=&#8221;0|0px|40px|0px|false|false&#8221; global_colors_info=&#8221;{}&#8221; use_custom_gutter=&#8221;on&#8221; gutter_width=&#8221;2&#8243; background_size=&#8221;initial&#8221; background_position=&#8221;top_left&#8221; background_repeat=&#8221;repeat&#8221;][et_pb_column type=&#8221;1_4&#8243; _builder_version=&#8221;4.16&#8243; custom_padding=&#8221;|||&#8221; global_colors_info=&#8221;{}&#8221; custom_padding__hover=&#8221;|||&#8221;][et_pb_image src=&#8221;https:\/\/raed.academy\/wp-content\/uploads\/2018\/03\/Dr-Rodolfo-Fernandez-Cuellas-Fernandez-230x317px.webp&#8221; title_text=&#8221;Dr-Rodolfo-Fernandez-Cuellas-Fernandez-230x317px&#8221; show_bottom_space=&#8221;off&#8221; align_tablet=&#8221;center&#8221; align_phone=&#8221;&#8221; align_last_edited=&#8221;on|desktop&#8221; admin_label=&#8221;Imagen &#8211; foto acad\u00e9mico&#8221; _builder_version=&#8221;4.27.4&#8243; width=&#8221;90%&#8221; max_width=&#8221;230%&#8221; custom_margin=&#8221;0px||0px|&#8221; custom_padding=&#8221;0px||0px|&#8221; animation_style=&#8221;fold&#8221; border_radii=&#8221;on|6px|6px|6px|6px&#8221; border_width_all=&#8221;2px&#8221; box_shadow_style=&#8221;preset2&#8243; global_colors_info=&#8221;{}&#8221;][\/et_pb_image][\/et_pb_column][et_pb_column type=&#8221;3_4&#8243; _builder_version=&#8221;4.16&#8243; custom_padding=&#8221;|||&#8221; global_colors_info=&#8221;{}&#8221; custom_padding__hover=&#8221;|||&#8221;][et_pb_text module_class=&#8221;infoAcademico&#8221; _builder_version=&#8221;4.27.4&#8243; custom_margin=&#8221;|||-64px||&#8221; custom_padding=&#8221;|||18px||&#8221; global_colors_info=&#8221;{}&#8221;]<\/p>\n<div style=\"border: 2px solid #000; padding: 20px; background: #fff; margin-bottom: 25px; border-radius: 10px; box-shadow: 2px 2px 8px rgba(0,0,0,0.1);\">\n<p><strong>Acad\u00e8mic de N\u00famero<\/strong><\/p>\n<p><strong>Ci\u00e8ncies Socials:<\/strong> Doctor en Dret<\/p>\n<p><strong>Data d\u2019ingr\u00e9s:<\/strong> 25 de setembre de 2025<\/p>\n<p><strong>Discurs d\u2019ingr\u00e9s: <\/strong><a href=\"https:\/\/raed.academy\/wp-content\/uploads\/2025\/09\/Evitacion-de-los-conflictos-en-la-empresa-familiar-Rodolfo-Fernandez-Cuellas.pdf\" target=\"_blank\" rel=\"noopener\"><strong><em>\u00abEvitaci\u00f3 dels conflictes a l\u2019empresa familiar\u00bb<\/em><\/strong><\/a><\/p>\n<p><strong>Discurs de resposta: <\/strong><a href=\"https:\/\/raed.academy\/academicos\/dr-jaume-llopis-casellas\/\" target=\"_blank\" rel=\"noopener\"><strong>Excm. Sr. Dr. Jaume Llopis Casellas <\/strong><\/a>, Doctor en Economia i Direcci\u00f3 d\u2019Empreses<\/p>\n<p><strong>Traject\u00f2ria destacada: <\/strong>Especialista en direcci\u00f3 estrat\u00e8gica, lideratge i gesti\u00f3 del canvi organitzacional. Amb una \u00e0mplia experi\u00e8ncia en l\u2019\u00e0mbit acad\u00e8mic i empresarial, ha combinat la doc\u00e8ncia universit\u00e0ria amb la consultoria d\u2019alta direcci\u00f3, promovent models de gesti\u00f3 basats en la innovaci\u00f3, la sostenibilitat i l\u2019excel\u00b7l\u00e8ncia corporativa.<\/p>\n<\/div>\n<p>[\/et_pb_text][\/et_pb_column][\/et_pb_row][et_pb_row use_custom_gutter=&#8221;on&#8221; gutter_width=&#8221;1&#8243; module_class=&#8221;parent-column&#8221; _builder_version=&#8221;4.27.4&#8243; background_size=&#8221;initial&#8221; background_position=&#8221;top_left&#8221; background_repeat=&#8221;repeat&#8221; max_width=&#8221;1400px&#8221; global_colors_info=&#8221;{}&#8221; custom_margin=&#8221;-41px|auto||auto||&#8221;][et_pb_column type=&#8221;4_4&#8243; _builder_version=&#8221;4.16&#8243; custom_padding=&#8221;|||&#8221; global_colors_info=&#8221;{}&#8221; custom_padding__hover=&#8221;|||&#8221;][et_pb_divider color=&#8221;#828282&#8243; divider_weight=&#8221;2&#8243; _builder_version=&#8221;4.16&#8243; height=&#8221;2px&#8221; custom_margin=&#8221;-27px|||||&#8221; box_shadow_style=&#8221;preset2&#8243; global_colors_info=&#8221;{}&#8221;][\/et_pb_divider][et_pb_tabs _builder_version=&#8221;4.27.4&#8243; global_colors_info=&#8221;{}&#8221;][et_pb_tab title=&#8221;CURR\u00cdCULUM VITAE&#8221; _builder_version=&#8221;4.27.4&#8243; global_colors_info=&#8221;{}&#8221;]<\/p>\n<h2><strong>DR. RODOLFO FERN\u00c1NDEZ-CUELLAS<\/strong><\/h2>\n<h3><strong>TITULACI\u00d3 UNIVERSIT\u00c0RIA<\/strong><\/h3>\n<ul>\n<li>Doctor en Dret per la <a href=\"https:\/\/web.ub.edu\/\" target=\"_blank\" rel=\"noopener\"><strong>Universitat de Barcelona<\/strong><\/a>, amb qualificaci\u00f3 d&#8217;excel\u00b7lent cum laude.<br \/><em>Tesi: \u201cPerfecci\u00f3 i compliment del contracte a Internet\u201d<\/em>, dirigida pel Prof. Dr. Alfonso Hern\u00e1ndez Moreno. Tribunal presidit pel Prof. Dr. Luis D\u00edez-Picazo (2006). Publicada com a monografia el 2013.<\/li>\n<li>Diploma d&#8217;Estudis Avan\u00e7ats en Dret (2001).<\/li>\n<li>Llicenciatura en Dret Civil amb el treball \u201cContractaci\u00f3 electr\u00f2nica: la prestaci\u00f3 del consentiment a Internet\u201d (UB, 2001). Publicat com a monografia per JM Bosch Editor (2001).<\/li>\n<li>Postgraus en Dret Civil i Mercantil: Dret de Societats (ESADE, 1997); Dret Immobiliari i Urban\u00edstic (ESADE, 1996).<\/li>\n<li>Llicenciat en Dret per la Universitat de Barcelona (1983\u20131988).<\/li>\n<li>Altres cursos d&#8217;especialitzaci\u00f3 en Dret Privat: Dret Civil de Catalunya (UB, 1988); Dret Immobiliari (Centre d&#8217;Estudis Hipotecaris, 1988); Contractaci\u00f3 Mercantil (Abat Oliba, 1985\u20131986).<\/li>\n<\/ul>\n<h3><strong>ACTIVITAT DOCENT I PROFESSIONAL<\/strong><\/h3>\n<ul>\n<li>Professor de Dret Mercantil a la <a href=\"https:\/\/www.esade.edu\/es\" target=\"_blank\" rel=\"noopener\"><strong>ESADE Law School \u2013 Universitat Ramon Llull<\/strong><\/a> (2009\u2013actualitat).<\/li>\n<li>Director del Seminari de Dret d&#8217;Empresa d&#8217;ESADE.<\/li>\n<li>Col\u00b7laborador en la doc\u00e8ncia de Dret Civil a la UB (1995\u20132008).<\/li>\n<li>Professor de Dret de Societats a l&#8217;Escola de Pr\u00e0ctica Jur\u00eddica de l&#8217;<a href=\"https:\/\/www.icab.cat\/\" target=\"_blank\" rel=\"noopener\"><strong>Il\u00b7lustre Col\u00b7legi de l&#8217;Advocacia de Barcelona (ICAB)<\/strong><\/a> (1998\u20132006).<\/li>\n<li>Professor i ponent en cursos i m\u00e0sters de Dret Societari a l&#8217;ICAB.<\/li>\n<li>Ha impartit doc\u00e8ncia i confer\u00e8ncies en castell\u00e0, catal\u00e0 i angl\u00e8s en institucions com ESADE, UB, International Technology Law Association, International Practice Group, Borsa de Barcelona, Cambra de Comer\u00e7, ISDE, entre altres.<\/li>\n<li>President de la Secci\u00f3 de Dret Mercantil de l&#8217;ICAB (2006\u20132012).<\/li>\n<li>Vicepresident de l&#8217;Associaci\u00f3 per al Foment de l&#8217;Arbitratge (AFA).<\/li>\n<li>President del Comit\u00e8 d&#8217;Arbitratge de la International Technology Law Association (2008\u20132012).<\/li>\n<li>Chair del Comit\u00e8 d&#8217;\u00c8tica del International Practice Group.<\/li>\n<li>Membre del Comit\u00e8 Cient\u00edfic de Dret Mercantil del Campus ICAB.<\/li>\n<li>Advocat col\u00b7legiat a l&#8217;ICAB, especialitzat en Dret Mercantil, Dret Tecnol\u00f2gic i Arbitratge.<\/li>\n<li>Soci fundador de Miliners Lawyers and Tax Advisers (2004\u2013actualitat). Soci director i responsable de l&#8217;\u00e0rea mercantil.<\/li>\n<li>\u00c0rbitre i advocat en procediments d&#8217;arbitratge nacional i internacional en mat\u00e8ria societ\u00e0ria i contractual.<\/li>\n<li>Neutral del Centre d&#8217;Arbitratge i Mediaci\u00f3 de l&#8217;<a href=\"https:\/\/www.wipo.int\/\" target=\"_blank\" rel=\"noopener\"><strong>OMPI<\/strong><\/a>.<\/li>\n<li>Expert designat per ADIGITAL per a la resoluci\u00f3 de conflictes sobre dominis \u201c.es\u201d (2006\u2013actualitat).<\/li>\n<li>Membre del Comit\u00e8 Legislatiu d\u2019ADIGITAL. Participaci\u00f3 en esborranys de la Llei de Serveis de la Societat de la Informaci\u00f3 (LSSI-CE) i la Llei de Signatura Electr\u00f2nica.<\/li>\n<li>Membre i directiu d&#8217;associacions com el <a href=\"https:\/\/www.clubarbitraje.com\/\" target=\"_blank\" rel=\"noopener\"><strong>Club Espa\u00f1ol del Arbitraje<\/strong><\/a> i el <em>Cercle per al Coneixement<\/em> (2004\u20132008).<\/li>\n<li>Castell\u00e0, catal\u00e0 i angl\u00e8s (nivell professional).<\/li>\n<\/ul>\n<h3><strong>PUBLICACIONS<\/strong><\/h3>\n<ul>\n<li><em>El contracte electr\u00f2nic. Formaci\u00f3 i compliment<\/em>, JM Bosch (2013).<\/li>\n<li><em>Contractaci\u00f3 electr\u00f2nica: la prestaci\u00f3 del consentiment a Internet<\/em>, JM Bosch (2001).<\/li>\n<li>Articles a <em>Legal Journal of Catalonia<\/em> (2013), <em>The Notary<\/em> (2015), <em>E-Commerce Law Reports<\/em> (2007), <em>Alternative Justice Yearbook<\/em>, entre altres.<\/li>\n<li>Autor de nombrosos articles en revistes especialitzades i premsa econ\u00f2mica (<em>Economist &amp; Iuris, Expansi\u00f3n, Cinco D\u00edas, Mon Empresarial<\/em>).<\/li>\n<\/ul>\n<p>[\/et_pb_tab][et_pb_tab title=&#8221;V\u00cdDEO &#8221; _builder_version=&#8221;4.27.4&#8243; global_colors_info=&#8221;{}&#8221;]<\/p>\n<h3>V\u00eddeo resum de l&#8217;ingr\u00e9s a la RAED com Acad\u00e8mic Corresponent, en 15 de mar\u00e7 de 2018<\/h3>\n<p><iframe loading=\"lazy\" title=\"Dr. RODOLFO FERN\u00c1NDEZ-CUELLAS\" src=\"https:\/\/www.youtube.com\/embed\/3dEb3mrlmAk\" width=\"1042\" height=\"586\" frameborder=\"0\" allowfullscreen=\"allowfullscreen\"><\/iframe><\/p>\n<h3>V\u00eddeo complet de l&#8217;ingr\u00e9s a la RAED com Acad\u00e8mic Corresponent, en 15 de mar\u00e7 de 2018<\/h3>\n<p><iframe loading=\"lazy\" title=\"Dr.RODOLFO FERN\u00c1NDEZ-CUELLAS\" src=\"https:\/\/www.youtube.com\/embed\/bS8jTn0haBM\" width=\"1042\" height=\"586\" frameborder=\"0\" allowfullscreen=\"allowfullscreen\"><\/iframe><\/p>\n<p>[\/et_pb_tab][et_pb_tab title=&#8221;GALERIA DE FOTOGRAFIES&#8221; _builder_version=&#8221;4.27.4&#8243; global_colors_info=&#8221;{}&#8221;]<\/p>\n<div class=\"divi-module-destination\">\u00a0<\/div>\n<p>[\/et_pb_tab][et_pb_tab title=&#8221;PUBLICACIONS&#8221; _builder_version=&#8221;4.27.4&#8243; _module_preset=&#8221;default&#8221; global_colors_info=&#8221;{}&#8221;]<\/p>\n<ul>\n<li><a href=\"https:\/\/raed.academy\/wp-content\/uploads\/2025\/09\/Evitacion-de-los-conflictos-en-la-empresa-familiar-Rodolfo-Fernandez-Cuellas.pdf\" target=\"_blank\" rel=\"noopener\"><em><strong>&#8220;Evitaci\u00f3n de los conflictos en la empresa familiar&#8221;<\/strong><\/em><\/a>. Discurs d&#8217;ingr\u00e9s a la Reial Acad\u00e8mia Europea de Doctors, com a Acad\u00e8mic de N\u00famero, a l&#8217;acte de recepci\u00f3 el 25 de setembre de 2025.<\/li>\n<li><a href=\"http:\/\/raed.academy\/wp-content\/uploads\/2018\/03\/discurso-ingreso-dr-Rodolfo-Fernandez-Cuellas-dinamica-mayoria-minoria.pdf\" target=\"_blank\" rel=\"noopener\"><strong>La din\u00e1mica mayor\u00eda \u2013 minor\u00eda en las sociedades de capital<\/strong><\/a>. Discurs d&#8217;ingr\u00e9s a la Reial Acad\u00e8mia Europea de Doctors, com a Acad\u00e8mic Corresponent, a l&#8217;acte de recepci\u00f3 el 15 de mar\u00e7 de 2018.<\/li>\n<\/ul>\n<p>[\/et_pb_tab][\/et_pb_tabs][et_pb_gallery gallery_ids=&#8221;54203,54201,54199,54197,54195,54193,54231&#8243; posts_number=&#8221;16&#8243; show_title_and_caption=&#8221;off&#8221; show_pagination=&#8221;off&#8221; admin_label=&#8221;Galer\u00eda&#8221; module_class=&#8221;divi-portable-module galeria-pad-1&#8243; _builder_version=&#8221;4.16&#8243; _module_preset=&#8221;default&#8221; locked=&#8221;off&#8221; global_colors_info=&#8221;{}&#8221;][\/et_pb_gallery][et_pb_code admin_label=&#8221;C\u00f3digo&#8221; _builder_version=&#8221;4.27.4&#8243; _module_preset=&#8221;default&#8221; locked=&#8221;off&#8221; global_colors_info=&#8221;{}&#8221;]<script><!-- [et_pb_line_break_holder] -->(function ($) {<!-- [et_pb_line_break_holder] -->  $(document).ready(function () {<!-- [et_pb_line_break_holder] --> <!-- [et_pb_line_break_holder] -->    \/\/ Option #1: Move Divi Module(s) into a Module<!-- [et_pb_line_break_holder] -->    \/\/ Limit: One Instance per Column<!-- [et_pb_line_break_holder] -->    \/\/ Use following code if you want to move <!-- [et_pb_line_break_holder] -->    \/\/ a module inside another module. Each column with the<!-- [et_pb_line_break_holder] -->    \/\/ class 'parent-column' will append any module(s)<!-- [et_pb_line_break_holder] -->    \/\/ with the class 'divi-portable-module' to the div<!-- [et_pb_line_break_holder] -->    \/\/ with the class 'divi-module-destination'.<!-- [et_pb_line_break_holder] -->    \/\/ Only one instance of 'divi-module-destination' should<!-- [et_pb_line_break_holder] -->    \/\/ be added per column.<!-- [et_pb_line_break_holder] -->    $('.divi-portable-module').each(function () {<!-- [et_pb_line_break_holder] -->      $(this).closest('.parent-column').find('.divi-module-destination').append($(this));<!-- [et_pb_line_break_holder] -->    });<!-- [et_pb_line_break_holder] -->     <!-- [et_pb_line_break_holder] -->    \/\/ Buttons: Insert Button Module(s) into a Module<!-- [et_pb_line_break_holder] -->    \/\/ Adding a custom CSS class to a button module<!-- [et_pb_line_break_holder] -->    \/\/ is applied to the 'a' tag which is a child element<!-- [et_pb_line_break_holder] -->    \/\/ of the module wrapper. This code makes sure to append<!-- [et_pb_line_break_holder] -->    \/\/ the entire button module wrapper (the parent element)<!-- [et_pb_line_break_holder] -->    \/\/ as well. This functionality is the same as option #3 above.<!-- [et_pb_line_break_holder] -->    \/\/ Siimply use the class 'divi-portable-button' on a button module<!-- [et_pb_line_break_holder] -->    \/\/ instead of 'divi-portable-module'.<!-- [et_pb_line_break_holder] -->    $('.divi-portable-button').parent().each(function () {<!-- [et_pb_line_break_holder] -->      $(this).closest('.parent-column').find('.divi-module-destination').append($(this));<!-- [et_pb_line_break_holder] -->    });<!-- [et_pb_line_break_holder] --> <!-- [et_pb_line_break_holder] -->    \/\/ Option #2: Move Divi Row(s) into a Module<!-- [et_pb_line_break_holder] -->    \/\/ Limit: One Instance per Section<!-- [et_pb_line_break_holder] -->    \/\/ Use the following code if you want to move <!-- [et_pb_line_break_holder] -->    \/\/ a row inside a module on more than one section<!-- [et_pb_line_break_holder] -->    \/\/ of a page. Each section with the<!-- [et_pb_line_break_holder] -->    \/\/ class 'parent-section' will append any row(s)<!-- [et_pb_line_break_holder] -->    \/\/ with the class 'divi-portable-row' to the div<!-- [et_pb_line_break_holder] -->    \/\/ with the class 'divi-row-destination'.<!-- [et_pb_line_break_holder] -->    \/\/ Only one instance of 'divi-row-destination' should<!-- [et_pb_line_break_holder] -->    \/\/ be added per section.<!-- [et_pb_line_break_holder] -->    $('.divi-portable-row').each(function () {<!-- [et_pb_line_break_holder] -->      $(this).closest('.parent-section').find('.divi-row-destination').append($(this));<!-- [et_pb_line_break_holder] -->    });<!-- [et_pb_line_break_holder] --> <!-- [et_pb_line_break_holder] -->  });<!-- [et_pb_line_break_holder] -->})(jQuery);<!-- [et_pb_line_break_holder] --><\/script>[\/et_pb_code][\/et_pb_column][\/et_pb_row][\/et_pb_section]<\/p>\n","protected":false},"featured_media":54193,"template":"","meta":{"_et_pb_use_builder":"on","_et_pb_old_content":"","_et_gb_content_width":""},"secciones":[547,669],"tipo_academico":[746],"cargo":[780],"class_list":["post-43338","academico","type-academico","status-publish","has-post-thumbnail","hentry","secciones-ciencies-socials","secciones-dret","tipo_academico-de-numero-ca","cargo-junta-de-govern"],"yoast_head":"<!-- This site is optimized with the Yoast SEO plugin v27.4 - https:\/\/yoast.com\/product\/yoast-seo-wordpress\/ -->\n<title>Dr. Rodolfo Fern\u00e1ndez Cuellas | Reial Acad\u00e8mia Europea de Doctors<\/title>\n<meta name=\"robots\" content=\"index, follow, max-snippet:-1, max-image-preview:large, max-video-preview:-1\" \/>\n<link rel=\"canonical\" href=\"https:\/\/raed.academy\/ca\/academics\/dr-rodolfo-fernandez-cuellas-fernandez\/\" \/>\n<meta property=\"og:locale\" content=\"ca_ES\" \/>\n<meta property=\"og:type\" content=\"article\" \/>\n<meta property=\"og:title\" content=\"Dr. Rodolfo Fern\u00e1ndez Cuellas | Reial Acad\u00e8mia Europea de Doctors\" \/>\n<meta property=\"og:description\" content=\"Acad\u00e8mic de N\u00famero Ci\u00e8ncies Socials: Doctor en Dret Data d\u2019ingr\u00e9s: 25 de setembre de 2025 Discurs d\u2019ingr\u00e9s: \u00abEvitaci\u00f3 dels conflictes a l\u2019empresa familiar\u00bb Discurs de resposta: Excm. Sr. Dr. Jaume Llopis Casellas , Doctor en Economia i Direcci\u00f3 d\u2019Empreses Traject\u00f2ria destacada: Especialista en direcci\u00f3 estrat\u00e8gica, lideratge i gesti\u00f3 del canvi organitzacional. Amb una \u00e0mplia experi\u00e8ncia [&hellip;]\" \/>\n<meta property=\"og:url\" content=\"https:\/\/raed.academy\/ca\/academics\/dr-rodolfo-fernandez-cuellas-fernandez\/\" \/>\n<meta property=\"og:site_name\" content=\"Reial Acad\u00e8mia Europea de Doctors\" \/>\n<meta property=\"article:publisher\" content=\"http:\/\/fb.me\/raed.academy\" \/>\n<meta property=\"article:modified_time\" content=\"2025-11-03T15:37:14+00:00\" \/>\n<meta property=\"og:image\" content=\"https:\/\/raed.academy\/wp-content\/uploads\/2018\/03\/acto-ingreso-Rodolfo-Fernandez-Cuellas-1.jpg\" \/>\n\t<meta property=\"og:image:width\" content=\"800\" \/>\n\t<meta property=\"og:image:height\" content=\"533\" \/>\n\t<meta property=\"og:image:type\" content=\"image\/jpeg\" \/>\n<meta name=\"twitter:card\" content=\"summary_large_image\" \/>\n<meta name=\"twitter:site\" content=\"@raedacademy\" \/>\n<meta name=\"twitter:label1\" content=\"Est. reading time\" \/>\n\t<meta name=\"twitter:data1\" content=\"5 minutes\" \/>\n<script type=\"application\/ld+json\" class=\"yoast-schema-graph\">{\"@context\":\"https:\\\/\\\/schema.org\",\"@graph\":[{\"@type\":\"WebPage\",\"@id\":\"https:\\\/\\\/raed.academy\\\/ca\\\/academics\\\/dr-rodolfo-fernandez-cuellas-fernandez\\\/\",\"url\":\"https:\\\/\\\/raed.academy\\\/ca\\\/academics\\\/dr-rodolfo-fernandez-cuellas-fernandez\\\/\",\"name\":\"Dr. Rodolfo Fern\u00e1ndez Cuellas | Reial Acad\u00e8mia Europea de Doctors\",\"isPartOf\":{\"@id\":\"https:\\\/\\\/raed.academy\\\/ca\\\/#website\"},\"primaryImageOfPage\":{\"@id\":\"https:\\\/\\\/raed.academy\\\/ca\\\/academics\\\/dr-rodolfo-fernandez-cuellas-fernandez\\\/#primaryimage\"},\"image\":{\"@id\":\"https:\\\/\\\/raed.academy\\\/ca\\\/academics\\\/dr-rodolfo-fernandez-cuellas-fernandez\\\/#primaryimage\"},\"thumbnailUrl\":\"https:\\\/\\\/raed.academy\\\/wp-content\\\/uploads\\\/2018\\\/03\\\/acto-ingreso-Rodolfo-Fernandez-Cuellas-1.jpg\",\"datePublished\":\"2018-03-20T17:07:44+00:00\",\"dateModified\":\"2025-11-03T15:37:14+00:00\",\"breadcrumb\":{\"@id\":\"https:\\\/\\\/raed.academy\\\/ca\\\/academics\\\/dr-rodolfo-fernandez-cuellas-fernandez\\\/#breadcrumb\"},\"inLanguage\":\"ca-ES\",\"potentialAction\":[{\"@type\":\"ReadAction\",\"target\":[\"https:\\\/\\\/raed.academy\\\/ca\\\/academics\\\/dr-rodolfo-fernandez-cuellas-fernandez\\\/\"]}]},{\"@type\":\"ImageObject\",\"inLanguage\":\"ca-ES\",\"@id\":\"https:\\\/\\\/raed.academy\\\/ca\\\/academics\\\/dr-rodolfo-fernandez-cuellas-fernandez\\\/#primaryimage\",\"url\":\"https:\\\/\\\/raed.academy\\\/wp-content\\\/uploads\\\/2018\\\/03\\\/acto-ingreso-Rodolfo-Fernandez-Cuellas-1.jpg\",\"contentUrl\":\"https:\\\/\\\/raed.academy\\\/wp-content\\\/uploads\\\/2018\\\/03\\\/acto-ingreso-Rodolfo-Fernandez-Cuellas-1.jpg\",\"width\":800,\"height\":533,\"caption\":\"Acto de ingreso de Rodolfo Fern\u00e1ndez Cuellas\"},{\"@type\":\"BreadcrumbList\",\"@id\":\"https:\\\/\\\/raed.academy\\\/ca\\\/academics\\\/dr-rodolfo-fernandez-cuellas-fernandez\\\/#breadcrumb\",\"itemListElement\":[{\"@type\":\"ListItem\",\"position\":1,\"name\":\"Inicio\",\"item\":\"https:\\\/\\\/raed.academy\\\/ca\\\/\"},{\"@type\":\"ListItem\",\"position\":2,\"name\":\"Acad\u00e9micos\",\"item\":\"https:\\\/\\\/raed.academy\\\/ca\\\/academics\\\/\"},{\"@type\":\"ListItem\",\"position\":3,\"name\":\"Excm. Sr. Dr. Rodolfo Fern\u00e1ndez-Cuellas Fern\u00e1ndez\"}]},{\"@type\":\"WebSite\",\"@id\":\"https:\\\/\\\/raed.academy\\\/ca\\\/#website\",\"url\":\"https:\\\/\\\/raed.academy\\\/ca\\\/\",\"name\":\"Reial Acad\u00e8mia Europea de Doctors\",\"description\":\"Corporaci\u00f3n de derecho p\u00fablico de car\u00e1cter cient\u00edfico, t\u00e9cnico y art\u00edstico, que tiene por objeto la investigaci\u00f3n, el estudio, el fomento y la extensi\u00f3n del conocimiento en su sentido m\u00e1s amplio\",\"publisher\":{\"@id\":\"https:\\\/\\\/raed.academy\\\/ca\\\/#organization\"},\"potentialAction\":[{\"@type\":\"SearchAction\",\"target\":{\"@type\":\"EntryPoint\",\"urlTemplate\":\"https:\\\/\\\/raed.academy\\\/ca\\\/?s={search_term_string}\"},\"query-input\":{\"@type\":\"PropertyValueSpecification\",\"valueRequired\":true,\"valueName\":\"search_term_string\"}}],\"inLanguage\":\"ca-ES\"},{\"@type\":\"Organization\",\"@id\":\"https:\\\/\\\/raed.academy\\\/ca\\\/#organization\",\"name\":\"Real Academia Europea de Doctores\",\"url\":\"https:\\\/\\\/raed.academy\\\/ca\\\/\",\"logo\":{\"@type\":\"ImageObject\",\"inLanguage\":\"ca-ES\",\"@id\":\"https:\\\/\\\/raed.academy\\\/ca\\\/#\\\/schema\\\/logo\\\/image\\\/\",\"url\":\"https:\\\/\\\/raed.academy\\\/wp-content\\\/uploads\\\/2017\\\/01\\\/cropped-logo_raed.png\",\"contentUrl\":\"https:\\\/\\\/raed.academy\\\/wp-content\\\/uploads\\\/2017\\\/01\\\/cropped-logo_raed.png\",\"width\":512,\"height\":512,\"caption\":\"Real Academia Europea de Doctores\"},\"image\":{\"@id\":\"https:\\\/\\\/raed.academy\\\/ca\\\/#\\\/schema\\\/logo\\\/image\\\/\"},\"sameAs\":[\"http:\\\/\\\/fb.me\\\/raed.academy\",\"https:\\\/\\\/x.com\\\/raedacademy\",\"https:\\\/\\\/www.instagram.com\\\/raed.academy\\\/\",\"https:\\\/\\\/www.youtube.com\\\/channel\\\/UCUYQwW2KrdirNWihxMDObwg\"]}]}<\/script>\n<!-- \/ Yoast SEO plugin. -->","yoast_head_json":{"title":"Dr. Rodolfo Fern\u00e1ndez Cuellas | Reial Acad\u00e8mia Europea de Doctors","robots":{"index":"index","follow":"follow","max-snippet":"max-snippet:-1","max-image-preview":"max-image-preview:large","max-video-preview":"max-video-preview:-1"},"canonical":"https:\/\/raed.academy\/ca\/academics\/dr-rodolfo-fernandez-cuellas-fernandez\/","og_locale":"ca_ES","og_type":"article","og_title":"Dr. Rodolfo Fern\u00e1ndez Cuellas | Reial Acad\u00e8mia Europea de Doctors","og_description":"La RAED organitza i duu a terme una s\u00e8rie d'activitats concentrades en un mes i mig que van comptar amb la implicaci\u00f3 activa de nombrosos acad\u00e8mics. Recepci\u00f3 de quatre acad\u00e8mics corresponents (Stavroula-Ina Piperaki per a Gr\u00e8cia, Stephen Zeff i David B. Wilkins per als Estats Units i Llu\u00eds Vicent Safont per a Andorra) Taula rodona [&hellip;]","og_url":"https:\/\/raed.academy\/ca\/academics\/dr-rodolfo-fernandez-cuellas-fernandez\/","og_site_name":"Reial Acad\u00e8mia Europea de Doctors","article_publisher":"http:\/\/fb.me\/raed.academy","article_modified_time":"2025-11-03T15:37:14+00:00","og_image":[{"width":800,"height":533,"url":"https:\/\/raed.academy\/wp-content\/uploads\/2018\/03\/acto-ingreso-Rodolfo-Fernandez-Cuellas-1.jpg","type":"image\/jpeg"}],"twitter_card":"summary_large_image","twitter_site":"@raedacademy","twitter_misc":{"Est. reading time":"5 minutes"},"schema":{"@context":"https:\/\/schema.org","@graph":[{"@type":"WebPage","@id":"https:\/\/raed.academy\/ca\/academics\/dr-rodolfo-fernandez-cuellas-fernandez\/","url":"https:\/\/raed.academy\/ca\/academics\/dr-rodolfo-fernandez-cuellas-fernandez\/","name":"Dr. Rodolfo Fern\u00e1ndez Cuellas | Reial Acad\u00e8mia Europea de Doctors","isPartOf":{"@id":"https:\/\/raed.academy\/ca\/#website"},"primaryImageOfPage":{"@id":"https:\/\/raed.academy\/ca\/academics\/dr-rodolfo-fernandez-cuellas-fernandez\/#primaryimage"},"image":{"@id":"https:\/\/raed.academy\/ca\/academics\/dr-rodolfo-fernandez-cuellas-fernandez\/#primaryimage"},"thumbnailUrl":"https:\/\/raed.academy\/wp-content\/uploads\/2018\/03\/acto-ingreso-Rodolfo-Fernandez-Cuellas-1.jpg","datePublished":"2018-03-20T17:07:44+00:00","dateModified":"2025-11-03T15:37:14+00:00","breadcrumb":{"@id":"https:\/\/raed.academy\/ca\/academics\/dr-rodolfo-fernandez-cuellas-fernandez\/#breadcrumb"},"inLanguage":"ca-ES","potentialAction":[{"@type":"ReadAction","target":["https:\/\/raed.academy\/ca\/academics\/dr-rodolfo-fernandez-cuellas-fernandez\/"]}]},{"@type":"ImageObject","inLanguage":"ca-ES","@id":"https:\/\/raed.academy\/ca\/academics\/dr-rodolfo-fernandez-cuellas-fernandez\/#primaryimage","url":"https:\/\/raed.academy\/wp-content\/uploads\/2018\/03\/acto-ingreso-Rodolfo-Fernandez-Cuellas-1.jpg","contentUrl":"https:\/\/raed.academy\/wp-content\/uploads\/2018\/03\/acto-ingreso-Rodolfo-Fernandez-Cuellas-1.jpg","width":800,"height":533,"caption":"Acto de ingreso de Rodolfo Fern\u00e1ndez Cuellas"},{"@type":"BreadcrumbList","@id":"https:\/\/raed.academy\/ca\/academics\/dr-rodolfo-fernandez-cuellas-fernandez\/#breadcrumb","itemListElement":[{"@type":"ListItem","position":1,"name":"Inicio","item":"https:\/\/raed.academy\/ca\/"},{"@type":"ListItem","position":2,"name":"Acad\u00e9micos","item":"https:\/\/raed.academy\/ca\/academics\/"},{"@type":"ListItem","position":3,"name":"Excm. Sr. Dr. Rodolfo Fern\u00e1ndez-Cuellas Fern\u00e1ndez"}]},{"@type":"WebSite","@id":"https:\/\/raed.academy\/ca\/#website","url":"https:\/\/raed.academy\/ca\/","name":"Reial Acad\u00e8mia Europea de Doctors","description":"Corporaci\u00f3n de derecho p\u00fablico de car\u00e1cter cient\u00edfico, t\u00e9cnico y art\u00edstico, que tiene por objeto la investigaci\u00f3n, el estudio, el fomento y la extensi\u00f3n del conocimiento en su sentido m\u00e1s amplio","publisher":{"@id":"https:\/\/raed.academy\/ca\/#organization"},"potentialAction":[{"@type":"SearchAction","target":{"@type":"EntryPoint","urlTemplate":"https:\/\/raed.academy\/ca\/?s={search_term_string}"},"query-input":{"@type":"PropertyValueSpecification","valueRequired":true,"valueName":"search_term_string"}}],"inLanguage":"ca-ES"},{"@type":"Organization","@id":"https:\/\/raed.academy\/ca\/#organization","name":"Real Academia Europea de Doctores","url":"https:\/\/raed.academy\/ca\/","logo":{"@type":"ImageObject","inLanguage":"ca-ES","@id":"https:\/\/raed.academy\/ca\/#\/schema\/logo\/image\/","url":"https:\/\/raed.academy\/wp-content\/uploads\/2017\/01\/cropped-logo_raed.png","contentUrl":"https:\/\/raed.academy\/wp-content\/uploads\/2017\/01\/cropped-logo_raed.png","width":512,"height":512,"caption":"Real Academia Europea de Doctores"},"image":{"@id":"https:\/\/raed.academy\/ca\/#\/schema\/logo\/image\/"},"sameAs":["http:\/\/fb.me\/raed.academy","https:\/\/x.com\/raedacademy","https:\/\/www.instagram.com\/raed.academy\/","https:\/\/www.youtube.com\/channel\/UCUYQwW2KrdirNWihxMDObwg"]}]}},"_links":{"self":[{"href":"https:\/\/raed.academy\/ca\/wp-json\/wp\/v2\/academico\/43338","targetHints":{"allow":["GET"]}}],"collection":[{"href":"https:\/\/raed.academy\/ca\/wp-json\/wp\/v2\/academico"}],"about":[{"href":"https:\/\/raed.academy\/ca\/wp-json\/wp\/v2\/types\/academico"}],"wp:featuredmedia":[{"embeddable":true,"href":"https:\/\/raed.academy\/ca\/wp-json\/wp\/v2\/media\/54193"}],"wp:attachment":[{"href":"https:\/\/raed.academy\/ca\/wp-json\/wp\/v2\/media?parent=43338"}],"wp:term":[{"taxonomy":"secciones","embeddable":true,"href":"https:\/\/raed.academy\/ca\/wp-json\/wp\/v2\/secciones?post=43338"},{"taxonomy":"tipo_academico","embeddable":true,"href":"https:\/\/raed.academy\/ca\/wp-json\/wp\/v2\/tipo_academico?post=43338"},{"taxonomy":"cargo","embeddable":true,"href":"https:\/\/raed.academy\/ca\/wp-json\/wp\/v2\/cargo?post=43338"}],"curies":[{"name":"wp","href":"https:\/\/api.w.org\/{rel}","templated":true}]}}