{"id":3863,"date":"2016-01-18T15:32:58","date_gmt":"2016-01-18T15:32:58","guid":{"rendered":"http:\/\/radd.eu\/?page_id=3863"},"modified":"2025-10-13T13:23:23","modified_gmt":"2025-10-13T13:23:23","slug":"dr-vicente-liern-carrion","status":"publish","type":"academico","link":"https:\/\/raed.academy\/ca\/academics\/dr-vicente-liern-carrion\/","title":{"rendered":"Excm. Sr. Dr. Vicente Liern Carri\u00f3n"},"content":{"rendered":"<p>[et_pb_section fb_built=&#8221;1&#8243; _builder_version=&#8221;4.16&#8243; global_colors_info=&#8221;{}&#8221;][et_pb_row column_structure=&#8221;1_4,3_4&#8243; _builder_version=&#8221;4.16&#8243; background_size=&#8221;initial&#8221; background_position=&#8221;top_left&#8221; background_repeat=&#8221;repeat&#8221; custom_margin=&#8221;0px||0px|&#8221; custom_padding=&#8221;0|0px|0|0px|false|false&#8221; global_colors_info=&#8221;{}&#8221;][et_pb_column type=&#8221;1_4&#8243; _builder_version=&#8221;4.16&#8243; custom_padding=&#8221;|||&#8221; global_colors_info=&#8221;{}&#8221; custom_padding__hover=&#8221;|||&#8221;][et_pb_image src=&#8221;https:\/\/raed.academy\/wp-content\/uploads\/2018\/02\/Vicente-Liern-Carrion-pf.jpg&#8221; show_bottom_space=&#8221;off&#8221; align_tablet=&#8221;center&#8221; align_phone=&#8221;&#8221; align_last_edited=&#8221;on|desktop&#8221; admin_label=&#8221;Imagen &#8211; foto acad\u00e9mico&#8221; _builder_version=&#8221;4.16&#8243; max_width=&#8221;85%&#8221; custom_margin=&#8221;0px||0px|&#8221; custom_padding=&#8221;0px||0px|&#8221; animation_style=&#8221;fold&#8221; border_radii=&#8221;on|6px|6px|6px|6px&#8221; border_width_all=&#8221;2px&#8221; box_shadow_style=&#8221;preset2&#8243; global_colors_info=&#8221;{}&#8221;][\/et_pb_image][\/et_pb_column][et_pb_column type=&#8221;3_4&#8243; _builder_version=&#8221;4.16&#8243; custom_padding=&#8221;|||&#8221; global_colors_info=&#8221;{}&#8221; custom_padding__hover=&#8221;|||&#8221;][et_pb_text module_class=&#8221;infoAcademico&#8221; _builder_version=&#8221;4.27.4&#8243; hover_enabled=&#8221;0&#8243; global_colors_info=&#8221;{}&#8221; sticky_enabled=&#8221;0&#8243;]<\/p>\n<div style=\"border: 2px solid #000; padding: 20px; background: #fff; margin-bottom: 25px; border-radius: 10px; box-shadow: 2px 2px 8px rgba(0,0,0,0.1);\">\n<p><strong>Acad\u00e8mic Supernumerari<\/strong><\/p>\n<p><strong>Ci\u00e8ncies Experimentals:<\/strong> Doctor en Matem\u00e0tiques<\/p>\n<p><strong>Data d\u2019ingr\u00e9s:<\/strong> 15 de maig de 2014<\/p>\n<p><strong>Discurs d\u2019ingr\u00e9s: <\/strong><a href=\"https:\/\/raed.academy\/wp-content\/uploads\/2015\/02\/Discurso-Dr.-Liern.pdf\" target=\"_blank\" rel=\"noopener\"><strong><em>\u00abL\u2019eco de la m\u00fasica de les esferes. Les matem\u00e0tiques de les conson\u00e0ncies\u00bb<\/em><\/strong><\/a><\/p>\n<p><strong>Discurs de resposta: <\/strong><a href=\"https:\/\/raed.academy\/academicos\/dra-pilar-bayer-isant\/\" target=\"_blank\" rel=\"noopener\"><strong>Dra. Pilar Bayer i Isant, <\/strong><\/a>Doctora en Matem\u00e0tiques<\/p>\n<\/div>\n<p>[\/et_pb_text][\/et_pb_column][\/et_pb_row][et_pb_row use_custom_gutter=&#8221;on&#8221; gutter_width=&#8221;1&#8243; module_class=&#8221;parent-column&#8221; _builder_version=&#8221;4.16&#8243; max_width=&#8221;1200px&#8221; global_colors_info=&#8221;{}&#8221;][et_pb_column type=&#8221;4_4&#8243; _builder_version=&#8221;4.16&#8243; custom_padding=&#8221;|||&#8221; global_colors_info=&#8221;{}&#8221; custom_padding__hover=&#8221;|||&#8221;][et_pb_divider color=&#8221;#828282&#8243; divider_weight=&#8221;2&#8243; _builder_version=&#8221;4.16&#8243; height=&#8221;2px&#8221; box_shadow_style=&#8221;preset2&#8243; global_colors_info=&#8221;{}&#8221;][\/et_pb_divider][et_pb_tabs _builder_version=&#8221;4.27.4&#8243; global_colors_info=&#8221;{}&#8221;][et_pb_tab title=&#8221;CURR\u00cdCULUM VITAE&#8221; _builder_version=&#8221;4.27.4&#8243; global_colors_info=&#8221;{}&#8221;]<\/p>\n<h2><strong>Dr. VICENTE LIERN CARRI\u00d3N<\/strong><\/h2>\n<ul>\n<li>Nascut a <a href=\"https:\/\/es.wikipedia.org\/wiki\/Paterna\" target=\"_blank\" rel=\"noopener\"><strong>Paterna (Val\u00e8ncia)<\/strong><\/a>, 1964.<\/li>\n<\/ul>\n<h3><strong>TITULACI\u00d3 UNIVERSIT\u00c0RIA<\/strong><\/h3>\n<ul>\n<li>Llicenciat en Matem\u00e0tiques (1987), especialitat de Mec\u00e0nica i Astronomia, per la <a href=\"https:\/\/www.uv.es\/\" target=\"_blank\" rel=\"noopener\"><strong>Universitat de Val\u00e8ncia<\/strong><\/a>.<\/li>\n<li>Llicenciat en Matem\u00e0tiques (1991), especialitat de Matem\u00e0tica General, per la <a href=\"https:\/\/www.uv.es\/\" target=\"_blank\" rel=\"noopener\"><strong>Universitat de Val\u00e8ncia<\/strong><\/a>.<\/li>\n<li>Grau de Llicenciatura amb la m\u00e0xima qualificaci\u00f3 de <em>Excel\u00b7lent<\/em>.<\/li>\n<li>Doctor en F\u00edsica Te\u00f2rica (1995) per la <a href=\"https:\/\/www.uv.es\/\" target=\"_blank\" rel=\"noopener\"><strong>Universitat de Val\u00e8ncia<\/strong><\/a>, amb la qualificaci\u00f3 de <em>Cum Laude<\/em> per unanimitat.<\/li>\n<\/ul>\n<h3><strong>ACTIVITAT DOCENT<\/strong><\/h3>\n<ul>\n<li>Professor Agregat de Batxillerat (1988).<\/li>\n<li>Professor Titular d&#8217;Escola Universit\u00e0ria (1995).<\/li>\n<li>Professor Titular d&#8217;Universitat (1999).<\/li>\n<li>Catedr\u00e0tic d&#8217;Universitat (2010), en l&#8217;\u00e0rea d\u2019<em>Economia Financera i Comptabilitat<\/em>.<\/li>\n<li>Doc\u00e8ncia universit\u00e0ria a la Universitat de Val\u00e8ncia, a les Facultats de Matem\u00e0tiques, F\u00edsica, Qu\u00edmica i Economia.<\/li>\n<\/ul>\n<h3><strong>ACTIVITAT ACAD\u00c8MICA I PROFESSIONAL<\/strong><\/h3>\n<ul>\n<li>Membre de la Societat d\u2019Educaci\u00f3 Matem\u00e0tica de la Comunitat Valenciana.<\/li>\n<li>Membre de la <a href=\"https:\/\/scm.iec.cat\/\" target=\"_blank\" rel=\"noopener\"><strong>Societat Catalana de Matem\u00e0tiques<\/strong><\/a>.<\/li>\n<li>Membre de la <a href=\"https:\/\/www.rsme.es\/\" target=\"_blank\" rel=\"noopener\"><strong>Reial Societat Matem\u00e0tica Espanyola<\/strong><\/a>.<\/li>\n<li>Membre de la <em>International Association for Fuzzy Management and Economy<\/em>.<\/li>\n<li>Membre de la Junta Directiva de l\u2019Associaci\u00f3 Espanyola de Professors Universitaris de Matem\u00e0tiques per a l\u2019Economia i l\u2019Empresa.<\/li>\n<li>Director del Departament de Matem\u00e0tiques per a l\u2019Economia i l\u2019Empresa de la Universitat de Val\u00e8ncia (m\u00e9s de 6 anys).<\/li>\n<li>Membre electe de la Comissi\u00f3 Permanent d\u2019Investigaci\u00f3 de la Universitat de Val\u00e8ncia (m\u00e9s de 10 anys).<\/li>\n<li>Membre de la Junta de la Facultat d\u2019Economia (des de 2004).<\/li>\n<li>Membre de la Junta de Govern de la Universitat de Val\u00e8ncia.<\/li>\n<li>M\u00e9s de 120 pon\u00e8ncies en congressos internacionals (<em>Conference Proceedings Citation Index<\/em>).<\/li>\n<li>President en l\u2019organitzaci\u00f3 de congressos internacionals en 5 ocasions.<\/li>\n<li>Membre de 21 comit\u00e8s cient\u00edfics.<\/li>\n<li><em>Referee board<\/em> en 16 congressos internacionals.<\/li>\n<li><em>Chairman<\/em> en 15 sessions de congressos.<\/li>\n<li>Director de 4 tesis doctorals, 5 tesis de m\u00e0ster i 4 de llicenciatura.<\/li>\n<li>Codirector de 2 tesis internacionals.<\/li>\n<li>Estades a les universitats de Marsella, Li\u00f3, Polit\u00e8cnic Nacional de M\u00e8xic i Industrial de Santander (Col\u00f2mbia).<\/li>\n<li>Investigador Principal de 4 projectes competitius amb participaci\u00f3 de centres espanyols, canadencs i finlandesos.<\/li>\n<li>Director del grup <em>Optimization and Mathematical Models for Economics and Business<\/em> (22 investigadors).<\/li>\n<\/ul>\n<h3><strong>PUBLICACIONS<\/strong><\/h3>\n<ul>\n<li>Autor o coautor de 52 articles indexats en revistes de la <em>ISI Web of Knowledge<\/em>, <em>Journal Citation Reports<\/em> i <em>Scimago Journal Rank<\/em>.<\/li>\n<li>25 articles indexats en <em>Latindex<\/em> i <em>Zentralblatt MATH<\/em>.<\/li>\n<li>7 treballs publicats en altres revistes cient\u00edfiques.<\/li>\n<li>Autor de l\u2019aplicaci\u00f3 inform\u00e0tica <em>StaffManager\u00ae<\/em> per a la selecci\u00f3 flexible de personal.<\/li>\n<li>17 cap\u00edtols de llibre en editorials internacionals com <em>Springer<\/em> i <em>World Scientific<\/em>.<\/li>\n<li>5 llibres complets.<\/li>\n<li>Revisor en 14 revistes indexades.<\/li>\n<li>Membre del consell editorial de 3 revistes internacionals.<\/li>\n<li>Codirector de la revista <em>Matem\u00e1ticas en Breve<\/em> de la <a href=\"https:\/\/www.rsme.es\/\" target=\"_blank\" rel=\"noopener\"><strong>Reial Societat Matem\u00e0tica Espanyola<\/strong><\/a>.<\/li>\n<li>Editor de la revista <em>Rect@<\/em> (indexada a <em>Scimago Journal Rank<\/em>).<\/li>\n<li>Responsable de les publicacions d\u2019<em>Anales de ASEPUMA<\/em>.<\/li>\n<li>Coordinador de la secci\u00f3 <em>Musym\u00e1ticas<\/em> de la revista <em>SUMA<\/em>.<\/li>\n<\/ul>\n<div style=\"margin-top: 20px; text-align: left;\">\n<h3><a href=\"https:\/\/raed.academy\/wp-content\/uploads\/2018\/10\/CV-extenso-Dr.-Vicente-Liern-Carri%C3%B3n.pdf\" target=\"_blank\" rel=\"noopener\"><strong>CV EXTENS \u27a4<\/strong><\/a><\/h3>\n<\/div>\n<p>[\/et_pb_tab][et_pb_tab title=&#8221;V\u00cdDEO&#8221; _builder_version=&#8221;4.16&#8243; global_colors_info=&#8221;{}&#8221;] <iframe loading=\"lazy\" src=\"https:\/\/www.youtube.com\/embed\/O5GT0Yo6-IM\" width=\"1080\" height=\"638\" frameborder=\"0\" allowfullscreen=\"allowfullscreen\"><\/iframe><\/p>\n<p>&nbsp;<\/p>\n<p>&nbsp;<br \/>\n[\/et_pb_tab][et_pb_tab title=&#8221;GALERIA DE FOTOGRAFIES&#8221; _builder_version=&#8221;4.16&#8243; global_colors_info=&#8221;{}&#8221;]<\/p>\n<div class=\"divi-module-destination\">\u00a0<\/div>\n<p>[\/et_pb_tab][\/et_pb_tabs][et_pb_gallery gallery_ids=&#8221;41867,41868,41869,41870,41873,41875,41871,41872,41874,41876&#8243; posts_number=&#8221;16&#8243; show_title_and_caption=&#8221;off&#8221; show_pagination=&#8221;off&#8221; admin_label=&#8221;Galer\u00eda&#8221; module_class=&#8221;divi-portable-module galeria-pad-1&#8243; _builder_version=&#8221;4.16&#8243; _module_preset=&#8221;default&#8221; locked=&#8221;off&#8221; global_colors_info=&#8221;{}&#8221;][\/et_pb_gallery][et_pb_code admin_label=&#8221;C\u00f3digo&#8221; _builder_version=&#8221;4.16&#8243; _module_preset=&#8221;default&#8221; locked=&#8221;off&#8221; global_colors_info=&#8221;{}&#8221;]<script><!-- [et_pb_line_break_holder] -->(function ($) {<!-- [et_pb_line_break_holder] -->  $(document).ready(function () {<!-- [et_pb_line_break_holder] --> <!-- [et_pb_line_break_holder] -->    \/\/ Option #1: Move Divi Module(s) into a Module<!-- [et_pb_line_break_holder] -->    \/\/ Limit: One Instance per Column<!-- [et_pb_line_break_holder] -->    \/\/ Use following code if you want to move <!-- [et_pb_line_break_holder] -->    \/\/ a module inside another module. Each column with the<!-- [et_pb_line_break_holder] -->    \/\/ class 'parent-column' will append any module(s)<!-- [et_pb_line_break_holder] -->    \/\/ with the class 'divi-portable-module' to the div<!-- [et_pb_line_break_holder] -->    \/\/ with the class 'divi-module-destination'.<!-- [et_pb_line_break_holder] -->    \/\/ Only one instance of 'divi-module-destination' should<!-- [et_pb_line_break_holder] -->    \/\/ be added per column.<!-- [et_pb_line_break_holder] -->    $('.divi-portable-module').each(function () {<!-- [et_pb_line_break_holder] -->      $(this).closest('.parent-column').find('.divi-module-destination').append($(this));<!-- [et_pb_line_break_holder] -->    });<!-- [et_pb_line_break_holder] -->     <!-- [et_pb_line_break_holder] -->    \/\/ Buttons: Insert Button Module(s) into a Module<!-- [et_pb_line_break_holder] -->    \/\/ Adding a custom CSS class to a button module<!-- [et_pb_line_break_holder] -->    \/\/ is applied to the 'a' tag which is a child element<!-- [et_pb_line_break_holder] -->    \/\/ of the module wrapper. This code makes sure to append<!-- [et_pb_line_break_holder] -->    \/\/ the entire button module wrapper (the parent element)<!-- [et_pb_line_break_holder] -->    \/\/ as well. This functionality is the same as option #3 above.<!-- [et_pb_line_break_holder] -->    \/\/ Siimply use the class 'divi-portable-button' on a button module<!-- [et_pb_line_break_holder] -->    \/\/ instead of 'divi-portable-module'.<!-- [et_pb_line_break_holder] -->    $('.divi-portable-button').parent().each(function () {<!-- [et_pb_line_break_holder] -->      $(this).closest('.parent-column').find('.divi-module-destination').append($(this));<!-- [et_pb_line_break_holder] -->    });<!-- [et_pb_line_break_holder] --> <!-- [et_pb_line_break_holder] -->    \/\/ Option #2: Move Divi Row(s) into a Module<!-- [et_pb_line_break_holder] -->    \/\/ Limit: One Instance per Section<!-- [et_pb_line_break_holder] -->    \/\/ Use the following code if you want to move <!-- [et_pb_line_break_holder] -->    \/\/ a row inside a module on more than one section<!-- [et_pb_line_break_holder] -->    \/\/ of a page. Each section with the<!-- [et_pb_line_break_holder] -->    \/\/ class 'parent-section' will append any row(s)<!-- [et_pb_line_break_holder] -->    \/\/ with the class 'divi-portable-row' to the div<!-- [et_pb_line_break_holder] -->    \/\/ with the class 'divi-row-destination'.<!-- [et_pb_line_break_holder] -->    \/\/ Only one instance of 'divi-row-destination' should<!-- [et_pb_line_break_holder] -->    \/\/ be added per section.<!-- [et_pb_line_break_holder] -->    $('.divi-portable-row').each(function () {<!-- [et_pb_line_break_holder] -->      $(this).closest('.parent-section').find('.divi-row-destination').append($(this));<!-- [et_pb_line_break_holder] -->    });<!-- [et_pb_line_break_holder] --> <!-- [et_pb_line_break_holder] -->  });<!-- [et_pb_line_break_holder] -->})(jQuery);<!-- [et_pb_line_break_holder] --><\/script>[\/et_pb_code][\/et_pb_column][\/et_pb_row][\/et_pb_section]<\/p>\n","protected":false},"featured_media":0,"template":"","meta":{"_et_pb_use_builder":"on","_et_pb_old_content":"<div class=\"infoAcademico\"><br \/> <img class=\"alignleft\" src=\"http:\/\/raed.academy\/wp-content\/uploads\/2015\/02\/Foto-Dr.-Vicente-Liern-Carri\u00c3\u00b3n-213x300.jpg\" alt=\"Foto Dr. Vicente Liern Carri\u00c3\u00b3n\" width=\"142\" height=\"200\" \/><p><strong>Acad\u00e8mic Numerari<\/strong><\/p><p><strong>Ci\u00e8ncies Experimentals:<\/strong> Dr. en Matem\u00e0tiques<\/p><p><strong>Data d'ingr\u00e9s:<\/strong>\u00a015\/05\/2014<\/p><p><strong>Discurs d'ingr\u00e9s: <\/strong><a href=\"http:\/\/raed.academy\/wp-content\/uploads\/2015\/02\/Discurso-Dr.-Liern.pdf\" target=\"_blank\" rel=\"noopener\">El eco de la m\u00fasica de las esferes. Las matem\u00e1ticas de las consonancias.<\/a><\/p><p><strong>Discurs de resposta:<\/strong> <a href=\"http:\/\/raed.academy\/excma-sra-dra-pilar-bayer-isant-cat\/\" target=\"_blank\" rel=\"noopener\">Dra. Pilar Bayer i Isanta<\/a><\/p><hr \/><div class=\"CVacadcemico\"><h2>CURRICULUM VITAE<\/h2><h3>(Paterna-Val\u00e8ncia, 1964). Llicenciat en Matem\u00e0tiques per la Universitat de Val\u00e8ncia en 1987 en l'especialitat de Mec\u00e0nica i Astronomia i el 1991 en l'especialitat de Matem\u00e0tica General. Obt\u00e9 el Grau de Llicenciatura per Tesina amb la m\u00e0xima qualificaci\u00f3 d'Excel\u00b7lent. El 1995 es doctora dins el programa de F\u00edsica Te\u00f2rica a la Universitat de Val\u00e8ncia, obtenint la m\u00e0xima qualificaci\u00f3 de Cum Laude per unanimitat del tribunal. Ha guanyat per oposici\u00f3 quatre places de funcionari: el 1988 de Professor Agregat de Batxillerat, el 1995 de Titular d'Escola Universit\u00e0ria, en 1999 de Titular d'Universitat i en 2010 de Catedr\u00e0tic d'Universitat, les tres \u00faltimes en l'\u00e0rea d'Economia Financera i Comptabilitat. La seva doc\u00e8ncia universit\u00e0ria sempre en la Universitat de Val\u00e8ncia en les facultats de Matem\u00e0tiques, F\u00edsiques, Qu\u00edmiques i Economia.<\/h3><h3>Pertany a diverses organitzacions cient\u00edfiques entre les quals destaquen la Societat d'Educaci\u00f3 Matem\u00e0tica de la Comunitat Valenciana, la Societat Catalana de Matem\u00e0tiques, la Reial Societat Matem\u00e0tica Espanyola i la International Association for Fuzzy-setembre Management and Economy. A m\u00e9s, \u00e9s membre de la Junta Directiva de l'Associaci\u00f3 Espanyola de Professors Universitaris de Matem\u00e0tiques per a l'Economia i l'Empresa.<\/h3><h3>En l'\u00e0mbit de la producci\u00f3 cient\u00edfica, fins a la data \u00e9s autor o coautor de 52 articles indexats en revistes pertanyents a la ISI Web of Knowledge, Journal Citation Reports o Scimago Journal Rank, a m\u00e9s de 25 articles indexats en el Cat\u00e0leg Latindex i Zentralblatt MATH, de 7 treballs publicats en altres revistes cient\u00edfiques i de l'aplicaci\u00f3 inform\u00e0tica StaffManager\u00ae per a la selecci\u00f3 flexible de personal. Un d'aquests treballs implementa un m\u00e8tode de selecci\u00f3 de carteres que actualment es coneix com Le\u00f3n-Liern-Vercher\u2019s Method i dos m\u00e9s han estat destacats per la revista entre els cinc m\u00e9s consultats. Pel que fa a altres suports de publicaci\u00f3, destaquem 17 cap\u00edtols de llibre, la majoria publicats en editorials de prestigi internacional com Springer o World Scientific i 5 llibres complets.<\/h3><h3>Ha presentat m\u00e9s de 120 pon\u00e8ncies en congressos, la majoria internacionals ressenyats en els Conference Proceedings Citation Index. Ha estat president de l'organitzaci\u00f3 de congressos internacionals en 5 ocasions i membre de 21 comit\u00e8s cient\u00edfics. Ha exercit de referee board de 16 congressos internacionals, revisor de 14 revistes indexades i de chairman en 15 sessions de congressos. \u00c9s membre del consell editorial de 3 revistes internacionals. Ha impartit m\u00e9s de 40 confer\u00e8ncies cient\u00edfiques i de divulgaci\u00f3 en diversos pa\u00efsos, destacant que ha estat seleccionat en dues ocasions per la Federaci\u00f3 Espanyola de Societats de Professors de Matem\u00e0tiques per elaborar el material i pronunciar la videoconfer\u00e8ncia del Dia Escolar de les Matem\u00e0tiques a 2008 i en 2012.<\/h3><h3>Durant m\u00e9s de sis anys, ha estat director del departament de Matem\u00e0tiques per a l'Economia i l'Empresa de la Universitat de Val\u00e8ncia i membre electe de la Comissi\u00f3 Permanent d'Investigaci\u00f3 de la seva universitat, c\u00e0rrec que va exercir m\u00e9s de 10 anys. A m\u00e9s, \u00e9s membre de la Junta de Facultat d'Economia des de 2004 i de la Junta de Govern de la Universitat de Val\u00e8ncia.<br \/> Ha dirigit quatre tesis doctorals, cinc tesis de m\u00e0ster i quatre tesis de llicenciatura. A m\u00e9s, ha col\u00b7laborat amb la direcci\u00f3 de dues tesis internacionals i realitzat estades a les universitats de Marsella, Li\u00f3, Polit\u00e8cnic Nacional de M\u00e8xic i Industrial de Santnader a Col\u00f2mbia. \u00c9s Investigador Principal de quatre projectes de recerca competitius en els quals participen investigadors de centres espanyols, canadencs i finlandesos. A m\u00e9s, des de l'any 2000, ha dirigit un grup de recerca de la Universitat de Val\u00e8ncia i ha format part de les comissions d'avaluaci\u00f3 de Axencia per a Calidade do Sistema Universitari de Gal\u00edcia i col\u00b7laborador de l'Ag\u00e8ncia Andalusa del Coneixement i de l'ANECA. Actualment dirigeix el grup Optimization and Mathematical Models for Economics and Business en on s'integren 22 investigadors.<br \/> Ha estat codirector de la revista Matem\u00e1ticas en Breve, publicaci\u00f3 de la Real Sociedad Matem\u00e1tica Espa\u00f1ola i des de 2012 \u00e9s editor de les revistes Rect@, que apareix en diverses bases cient\u00edfiques entre les que destaca Scimago Journal Rank, \u00e9s responsable de les publicacions de Anales de ASEPUMA y coordinador de la secci\u00f3 Musym\u00e1ticas de la revista SUMA.<\/h3><h2>CURRICULUM VITAE EXTENS<\/h2><h2>DISCURS D'INGR\u00c9S<\/h2><h3><strong><a href=\"http:\/\/raed.academy\/wp-content\/uploads\/2016\/07\/pdf-icon-e1468674732529.png\"><img class=\"alignnone size-full wp-image-7742\" src=\"http:\/\/raed.academy\/wp-content\/uploads\/2016\/07\/pdf-icon-e1468674732529.png\" alt=\"pdf-icon\" width=\"30\" height=\"30\" \/><\/a>\u00a0\u00a0\u00a0 <a href=\"http:\/\/raed.academy\/wp-content\/uploads\/2015\/02\/Discurso-Dr.-Liern.pdf\" target=\"_blank\" rel=\"noopener\">El eco de la m\u00fasica de las esferas. Las Matem\u00e1ticas de las consonancias\u00a0<\/a><\/strong><\/h3><h2>ALTRES PUBLICACIONS<\/h2><h2>V\u00cdDEO<\/h2><p>https:\/\/youtu.be\/O5GT0Yo6-IM<\/p><h2>GALERIA DE FOTOGRAFIES<\/h2><p>[images picture_size=\"fixed\" lightbox=\"yes\" class=\"\" id=\"\"][image link=\"\" linktarget=\"_self\" image=\"http:\/\/raed.academy\/wp-content\/uploads\/2015\/02\/1032-1-150x150-1.jpg\" alt=\"\"][image link=\"\" linktarget=\"_self\" image=\"http:\/\/raed.academy\/wp-content\/uploads\/2015\/02\/1034-1-150x150-1.jpg\" alt=\"\"][image link=\"\" linktarget=\"_self\" image=\"http:\/\/raed.academy\/wp-content\/uploads\/2015\/02\/1046-150x150-1.jpg\" alt=\"\"][\/images][images picture_size=\"fixed\" lightbox=\"yes\" class=\"\" id=\"\"][image link=\"\" linktarget=\"_self\" image=\"http:\/\/raed.academy\/wp-content\/uploads\/2015\/02\/1057-1-150x150-1.jpg\" alt=\"\"][image link=\"\" linktarget=\"_self\" image=\"http:\/\/raed.academy\/wp-content\/uploads\/2015\/02\/1074-150x150-1.jpg\" alt=\"\"][image link=\"\" linktarget=\"_self\" image=\"http:\/\/raed.academy\/wp-content\/uploads\/2015\/02\/1144-150x150-1.jpg\" alt=\"\"][\/images][images picture_size=\"fixed\" lightbox=\"yes\" class=\"\" id=\"\"][image link=\"\" linktarget=\"_self\" image=\"http:\/\/raed.academy\/wp-content\/uploads\/2015\/02\/1188-150x150-1.jpg\" alt=\"\"][image link=\"\" linktarget=\"_self\" image=\"http:\/\/raed.academy\/wp-content\/uploads\/2015\/02\/1191-1-150x150-1.jpg\" alt=\"\"][image link=\"\" linktarget=\"_self\" image=\"http:\/\/raed.academy\/wp-content\/uploads\/2015\/02\/1194-150x150-1.jpg\" alt=\"\"][\/images]<\/p><\/div><\/div>","_et_gb_content_width":""},"secciones":[],"tipo_academico":[],"cargo":[],"class_list":["post-3863","academico","type-academico","status-publish","hentry"],"yoast_head":"<!-- This site is optimized with the Yoast SEO plugin v27.4 - https:\/\/yoast.com\/product\/yoast-seo-wordpress\/ -->\n<title>Excm. Sr. Dr. Vicente Liern Carri\u00f3n | Reial Acad\u00e8mia Europea de Doctors<\/title>\n<meta name=\"robots\" content=\"index, follow, max-snippet:-1, max-image-preview:large, max-video-preview:-1\" \/>\n<link rel=\"canonical\" href=\"https:\/\/raed.academy\/ca\/academics\/dr-vicente-liern-carrion\/\" \/>\n<meta property=\"og:locale\" content=\"ca_ES\" \/>\n<meta property=\"og:type\" content=\"article\" \/>\n<meta property=\"og:title\" content=\"Excm. Sr. Dr. Vicente Liern Carri\u00f3n | Reial Acad\u00e8mia Europea de Doctors\" \/>\n<meta property=\"og:description\" content=\"Acad\u00e8mic Supernumerari Ci\u00e8ncies Experimentals: Doctor en Matem\u00e0tiques Data d\u2019ingr\u00e9s: 15 de maig de 2014 Discurs d\u2019ingr\u00e9s: \u00abL\u2019eco de la m\u00fasica de les esferes. Les matem\u00e0tiques de les conson\u00e0ncies\u00bb Discurs de resposta: Dra. Pilar Bayer i Isant, Doctora en Matem\u00e0tiques Dr. VICENTE LIERN CARRI\u00d3N Nascut a Paterna (Val\u00e8ncia), 1964. TITULACI\u00d3 UNIVERSIT\u00c0RIA Llicenciat en Matem\u00e0tiques (1987), especialitat [&hellip;]\" \/>\n<meta property=\"og:url\" content=\"https:\/\/raed.academy\/ca\/academics\/dr-vicente-liern-carrion\/\" \/>\n<meta property=\"og:site_name\" content=\"Reial Acad\u00e8mia Europea de Doctors\" \/>\n<meta property=\"article:publisher\" content=\"http:\/\/fb.me\/raed.academy\" \/>\n<meta property=\"article:modified_time\" content=\"2025-10-13T13:23:23+00:00\" \/>\n<meta name=\"twitter:card\" content=\"summary_large_image\" \/>\n<meta name=\"twitter:site\" content=\"@raedacademy\" \/>\n<meta name=\"twitter:label1\" content=\"Est. reading time\" \/>\n\t<meta name=\"twitter:data1\" content=\"5 minutes\" \/>\n<script type=\"application\/ld+json\" class=\"yoast-schema-graph\">{\"@context\":\"https:\\\/\\\/schema.org\",\"@graph\":[{\"@type\":\"WebPage\",\"@id\":\"https:\\\/\\\/raed.academy\\\/ca\\\/academics\\\/dr-vicente-liern-carrion\\\/\",\"url\":\"https:\\\/\\\/raed.academy\\\/ca\\\/academics\\\/dr-vicente-liern-carrion\\\/\",\"name\":\"Excm. Sr. Dr. Vicente Liern Carri\u00f3n | Reial Acad\u00e8mia Europea de Doctors\",\"isPartOf\":{\"@id\":\"https:\\\/\\\/raed.academy\\\/ca\\\/#website\"},\"datePublished\":\"2016-01-18T15:32:58+00:00\",\"dateModified\":\"2025-10-13T13:23:23+00:00\",\"breadcrumb\":{\"@id\":\"https:\\\/\\\/raed.academy\\\/ca\\\/academics\\\/dr-vicente-liern-carrion\\\/#breadcrumb\"},\"inLanguage\":\"ca-ES\",\"potentialAction\":[{\"@type\":\"ReadAction\",\"target\":[\"https:\\\/\\\/raed.academy\\\/ca\\\/academics\\\/dr-vicente-liern-carrion\\\/\"]}]},{\"@type\":\"BreadcrumbList\",\"@id\":\"https:\\\/\\\/raed.academy\\\/ca\\\/academics\\\/dr-vicente-liern-carrion\\\/#breadcrumb\",\"itemListElement\":[{\"@type\":\"ListItem\",\"position\":1,\"name\":\"Inicio\",\"item\":\"https:\\\/\\\/raed.academy\\\/ca\\\/\"},{\"@type\":\"ListItem\",\"position\":2,\"name\":\"Acad\u00e9micos\",\"item\":\"https:\\\/\\\/raed.academy\\\/ca\\\/academics\\\/\"},{\"@type\":\"ListItem\",\"position\":3,\"name\":\"Excm. Sr. Dr. Vicente Liern Carri\u00f3n\"}]},{\"@type\":\"WebSite\",\"@id\":\"https:\\\/\\\/raed.academy\\\/ca\\\/#website\",\"url\":\"https:\\\/\\\/raed.academy\\\/ca\\\/\",\"name\":\"Reial Acad\u00e8mia Europea de Doctors\",\"description\":\"Corporaci\u00f3n de derecho p\u00fablico de car\u00e1cter cient\u00edfico, t\u00e9cnico y art\u00edstico, que tiene por objeto la investigaci\u00f3n, el estudio, el fomento y la extensi\u00f3n del conocimiento en su sentido m\u00e1s amplio\",\"publisher\":{\"@id\":\"https:\\\/\\\/raed.academy\\\/ca\\\/#organization\"},\"potentialAction\":[{\"@type\":\"SearchAction\",\"target\":{\"@type\":\"EntryPoint\",\"urlTemplate\":\"https:\\\/\\\/raed.academy\\\/ca\\\/?s={search_term_string}\"},\"query-input\":{\"@type\":\"PropertyValueSpecification\",\"valueRequired\":true,\"valueName\":\"search_term_string\"}}],\"inLanguage\":\"ca-ES\"},{\"@type\":\"Organization\",\"@id\":\"https:\\\/\\\/raed.academy\\\/ca\\\/#organization\",\"name\":\"Real Academia Europea de Doctores\",\"url\":\"https:\\\/\\\/raed.academy\\\/ca\\\/\",\"logo\":{\"@type\":\"ImageObject\",\"inLanguage\":\"ca-ES\",\"@id\":\"https:\\\/\\\/raed.academy\\\/ca\\\/#\\\/schema\\\/logo\\\/image\\\/\",\"url\":\"https:\\\/\\\/raed.academy\\\/wp-content\\\/uploads\\\/2017\\\/01\\\/cropped-logo_raed.png\",\"contentUrl\":\"https:\\\/\\\/raed.academy\\\/wp-content\\\/uploads\\\/2017\\\/01\\\/cropped-logo_raed.png\",\"width\":512,\"height\":512,\"caption\":\"Real Academia Europea de Doctores\"},\"image\":{\"@id\":\"https:\\\/\\\/raed.academy\\\/ca\\\/#\\\/schema\\\/logo\\\/image\\\/\"},\"sameAs\":[\"http:\\\/\\\/fb.me\\\/raed.academy\",\"https:\\\/\\\/x.com\\\/raedacademy\",\"https:\\\/\\\/www.instagram.com\\\/raed.academy\\\/\",\"https:\\\/\\\/www.youtube.com\\\/channel\\\/UCUYQwW2KrdirNWihxMDObwg\"]}]}<\/script>\n<!-- \/ Yoast SEO plugin. -->","yoast_head_json":{"title":"Excm. Sr. Dr. Vicente Liern Carri\u00f3n | Reial Acad\u00e8mia Europea de Doctors","robots":{"index":"index","follow":"follow","max-snippet":"max-snippet:-1","max-image-preview":"max-image-preview:large","max-video-preview":"max-video-preview:-1"},"canonical":"https:\/\/raed.academy\/ca\/academics\/dr-vicente-liern-carrion\/","og_locale":"ca_ES","og_type":"article","og_title":"Excm. Sr. Dr. Vicente Liern Carri\u00f3n | Reial Acad\u00e8mia Europea de Doctors","og_description":"La RAED organitza i duu a terme una s\u00e8rie d'activitats concentrades en un mes i mig que van comptar amb la implicaci\u00f3 activa de nombrosos acad\u00e8mics. Recepci\u00f3 de quatre acad\u00e8mics corresponents (Stavroula-Ina Piperaki per a Gr\u00e8cia, Stephen Zeff i David B. Wilkins per als Estats Units i Llu\u00eds Vicent Safont per a Andorra) Taula rodona [&hellip;]","og_url":"https:\/\/raed.academy\/ca\/academics\/dr-vicente-liern-carrion\/","og_site_name":"Reial Acad\u00e8mia Europea de Doctors","article_publisher":"http:\/\/fb.me\/raed.academy","article_modified_time":"2025-10-13T13:23:23+00:00","twitter_card":"summary_large_image","twitter_site":"@raedacademy","twitter_misc":{"Est. reading time":"5 minutes"},"schema":{"@context":"https:\/\/schema.org","@graph":[{"@type":"WebPage","@id":"https:\/\/raed.academy\/ca\/academics\/dr-vicente-liern-carrion\/","url":"https:\/\/raed.academy\/ca\/academics\/dr-vicente-liern-carrion\/","name":"Excm. Sr. Dr. Vicente Liern Carri\u00f3n | Reial Acad\u00e8mia Europea de Doctors","isPartOf":{"@id":"https:\/\/raed.academy\/ca\/#website"},"datePublished":"2016-01-18T15:32:58+00:00","dateModified":"2025-10-13T13:23:23+00:00","breadcrumb":{"@id":"https:\/\/raed.academy\/ca\/academics\/dr-vicente-liern-carrion\/#breadcrumb"},"inLanguage":"ca-ES","potentialAction":[{"@type":"ReadAction","target":["https:\/\/raed.academy\/ca\/academics\/dr-vicente-liern-carrion\/"]}]},{"@type":"BreadcrumbList","@id":"https:\/\/raed.academy\/ca\/academics\/dr-vicente-liern-carrion\/#breadcrumb","itemListElement":[{"@type":"ListItem","position":1,"name":"Inicio","item":"https:\/\/raed.academy\/ca\/"},{"@type":"ListItem","position":2,"name":"Acad\u00e9micos","item":"https:\/\/raed.academy\/ca\/academics\/"},{"@type":"ListItem","position":3,"name":"Excm. Sr. Dr. Vicente Liern Carri\u00f3n"}]},{"@type":"WebSite","@id":"https:\/\/raed.academy\/ca\/#website","url":"https:\/\/raed.academy\/ca\/","name":"Reial Acad\u00e8mia Europea de Doctors","description":"Corporaci\u00f3n de derecho p\u00fablico de car\u00e1cter cient\u00edfico, t\u00e9cnico y art\u00edstico, que tiene por objeto la investigaci\u00f3n, el estudio, el fomento y la extensi\u00f3n del conocimiento en su sentido m\u00e1s amplio","publisher":{"@id":"https:\/\/raed.academy\/ca\/#organization"},"potentialAction":[{"@type":"SearchAction","target":{"@type":"EntryPoint","urlTemplate":"https:\/\/raed.academy\/ca\/?s={search_term_string}"},"query-input":{"@type":"PropertyValueSpecification","valueRequired":true,"valueName":"search_term_string"}}],"inLanguage":"ca-ES"},{"@type":"Organization","@id":"https:\/\/raed.academy\/ca\/#organization","name":"Real Academia Europea de Doctores","url":"https:\/\/raed.academy\/ca\/","logo":{"@type":"ImageObject","inLanguage":"ca-ES","@id":"https:\/\/raed.academy\/ca\/#\/schema\/logo\/image\/","url":"https:\/\/raed.academy\/wp-content\/uploads\/2017\/01\/cropped-logo_raed.png","contentUrl":"https:\/\/raed.academy\/wp-content\/uploads\/2017\/01\/cropped-logo_raed.png","width":512,"height":512,"caption":"Real Academia Europea de Doctores"},"image":{"@id":"https:\/\/raed.academy\/ca\/#\/schema\/logo\/image\/"},"sameAs":["http:\/\/fb.me\/raed.academy","https:\/\/x.com\/raedacademy","https:\/\/www.instagram.com\/raed.academy\/","https:\/\/www.youtube.com\/channel\/UCUYQwW2KrdirNWihxMDObwg"]}]}},"_links":{"self":[{"href":"https:\/\/raed.academy\/ca\/wp-json\/wp\/v2\/academico\/3863","targetHints":{"allow":["GET"]}}],"collection":[{"href":"https:\/\/raed.academy\/ca\/wp-json\/wp\/v2\/academico"}],"about":[{"href":"https:\/\/raed.academy\/ca\/wp-json\/wp\/v2\/types\/academico"}],"wp:attachment":[{"href":"https:\/\/raed.academy\/ca\/wp-json\/wp\/v2\/media?parent=3863"}],"wp:term":[{"taxonomy":"secciones","embeddable":true,"href":"https:\/\/raed.academy\/ca\/wp-json\/wp\/v2\/secciones?post=3863"},{"taxonomy":"tipo_academico","embeddable":true,"href":"https:\/\/raed.academy\/ca\/wp-json\/wp\/v2\/tipo_academico?post=3863"},{"taxonomy":"cargo","embeddable":true,"href":"https:\/\/raed.academy\/ca\/wp-json\/wp\/v2\/cargo?post=3863"}],"curies":[{"name":"wp","href":"https:\/\/api.w.org\/{rel}","templated":true}]}}