{"id":3518,"date":"2016-01-07T15:31:57","date_gmt":"2016-01-07T15:31:57","guid":{"rendered":"http:\/\/radd.eu\/?page_id=3518"},"modified":"2025-10-13T10:29:31","modified_gmt":"2025-10-13T10:29:31","slug":"dr-rafael-blesa-gonzalez","status":"publish","type":"academico","link":"https:\/\/raed.academy\/ca\/academics\/dr-rafael-blesa-gonzalez\/","title":{"rendered":"Excm. Sr. Dr. Rafael Blesa Gonz\u00e1lez"},"content":{"rendered":"<p>[et_pb_section fb_built=&#8221;1&#8243; _builder_version=&#8221;4.16&#8243; global_colors_info=&#8221;{}&#8221;][et_pb_row column_structure=&#8221;1_4,3_4&#8243; _builder_version=&#8221;4.16&#8243; background_size=&#8221;initial&#8221; background_position=&#8221;top_left&#8221; background_repeat=&#8221;repeat&#8221; custom_margin=&#8221;0px||0px|&#8221; custom_padding=&#8221;0|0px|0|0px|false|false&#8221; global_colors_info=&#8221;{}&#8221;][et_pb_column type=&#8221;1_4&#8243; _builder_version=&#8221;4.16&#8243; custom_padding=&#8221;|||&#8221; global_colors_info=&#8221;{}&#8221; custom_padding__hover=&#8221;|||&#8221;][et_pb_image src=&#8221;https:\/\/raed.academy\/wp-content\/uploads\/2018\/10\/Dr.-Rafael-Blesa-Gonz\u00e1lez.jpg&#8221; show_bottom_space=&#8221;off&#8221; align_tablet=&#8221;center&#8221; align_phone=&#8221;&#8221; align_last_edited=&#8221;on|desktop&#8221; admin_label=&#8221;Imagen &#8211; foto acad\u00e9mico&#8221; _builder_version=&#8221;4.16&#8243; max_width=&#8221;85%&#8221; custom_margin=&#8221;0px||0px|&#8221; custom_padding=&#8221;0px||0px|&#8221; animation_style=&#8221;fold&#8221; border_radii=&#8221;on|6px|6px|6px|6px&#8221; border_width_all=&#8221;2px&#8221; box_shadow_style=&#8221;preset2&#8243; global_colors_info=&#8221;{}&#8221;][\/et_pb_image][\/et_pb_column][et_pb_column type=&#8221;3_4&#8243; _builder_version=&#8221;4.16&#8243; custom_padding=&#8221;|||&#8221; global_colors_info=&#8221;{}&#8221; custom_padding__hover=&#8221;|||&#8221;][et_pb_text module_class=&#8221;infoAcademico&#8221; _builder_version=&#8221;4.27.4&#8243; hover_enabled=&#8221;0&#8243; global_colors_info=&#8221;{}&#8221; sticky_enabled=&#8221;0&#8243;]<\/p>\n<div style=\"border: 2px solid #000; padding: 20px; background: #fff; margin-bottom: 25px; border-radius: 10px; box-shadow: 2px 2px 8px rgba(0,0,0,0.1);\">\n<p><strong>Acad\u00e8mic Supernumerari<\/strong><\/p>\n<p><strong>Ci\u00e8ncies de la Salut:<\/strong> Doctor en Medicina<\/p>\n<p><strong>Data d\u2019ingr\u00e9s:<\/strong> 26 d\u2019octubre de 2010<\/p>\n<p><strong>Discurs d\u2019ingr\u00e9s: <\/strong><a href=\"https:\/\/raed.academy\/wp-content\/uploads\/2015\/02\/Topicos-tipicos-rafael-blesa.pdf\" target=\"_blank\" rel=\"noopener\"><strong><em>\u00abT\u00f2pics t\u00edpics i expectatives mundanes de la malaltia d\u2019Alzheimer\u00bb<\/em><\/strong><\/a><\/p>\n<p><strong>Discurs de resposta: <\/strong><strong>Dr. Josep Llort Brull<\/strong><\/p>\n<\/div>\n<p>[\/et_pb_text][\/et_pb_column][\/et_pb_row][et_pb_row _builder_version=&#8221;4.16&#8243; background_size=&#8221;initial&#8221; background_position=&#8221;top_left&#8221; background_repeat=&#8221;repeat&#8221; global_colors_info=&#8221;{}&#8221;][et_pb_column type=&#8221;4_4&#8243; _builder_version=&#8221;4.16&#8243; custom_padding=&#8221;|||&#8221; global_colors_info=&#8221;{}&#8221; custom_padding__hover=&#8221;|||&#8221;][et_pb_divider color=&#8221;#828282&#8243; divider_weight=&#8221;2&#8243; _builder_version=&#8221;4.27.4&#8243; height=&#8221;2px&#8221; box_shadow_style=&#8221;preset2&#8243; global_colors_info=&#8221;{}&#8221;][\/et_pb_divider][et_pb_tabs _builder_version=&#8221;4.27.4&#8243; global_colors_info=&#8221;{}&#8221;][et_pb_tab title=&#8221;CURR\u00cdCULUM VITAE&#8221; _builder_version=&#8221;4.27.4&#8243; global_colors_info=&#8221;{}&#8221;]<\/p>\n<h2><strong>Dr. RAFAEL BLESA GONZ\u00c1LEZ<\/strong><\/h2>\n<h3><strong>TITULACI\u00d3 UNIVERSIT\u00c0RIA<\/strong><\/h3>\n<ul>\n<li>Llicenciat en Medicina i Cirurgia per la <a href=\"https:\/\/www.uab.cat\/\" target=\"_blank\" rel=\"noopener\"><strong>Universitat Aut\u00f2noma de Barcelona (UAB)<\/strong><\/a>, 1975.<\/li>\n<li>Especialista en Medicina Interna (1978).<\/li>\n<li>Especialista en Neurologia (1981).<\/li>\n<\/ul>\n<h3><strong>ACTIVITAT ACAD\u00c8MICA I DOCENT<\/strong><\/h3>\n<ul>\n<li>Adjunt del Servei de Neurologia de l\u2019<a href=\"https:\/\/clinicbarcelona.org\/\" target=\"_blank\" rel=\"noopener\"><strong>Hospital Cl\u00ednic<\/strong><\/a> de Barcelona (1982\u20132003).<\/li>\n<li>Adjunt d\u2019investigaci\u00f3, Experimental Therapeutic Branch, <a href=\"https:\/\/www.ninds.nih.gov\/\" target=\"_blank\" rel=\"noopener\"><strong>NINDS-NIH<\/strong><\/a>, Bethesda, Maryland, EUA (1989\u20131991).<\/li>\n<li>Professor associat, Facultat de Medicina, <a href=\"https:\/\/web.ub.edu\/\" target=\"_blank\" rel=\"noopener\"><strong>Universitat de Barcelona (UB)<\/strong><\/a> (1989\u20132003).<\/li>\n<li>Fundador de la Unitat de Mem\u00f2ria de l\u2019Hospital Cl\u00ednic (1993).<\/li>\n<li>Creador del programa PICOGEN (2000).<\/li>\n<li>Director del Servei de Neurologia de l\u2019<a href=\"https:\/\/www.santpau.cat\/\" target=\"_blank\" rel=\"noopener\"><strong>Hospital de la Santa Creu i Sant Pau<\/strong><\/a>, Barcelona (2003).<\/li>\n<li>Professor agregat inter\u00ed, Facultat de Medicina, UAB (2017).<\/li>\n<li>Acreditat per al cos de Professors Titulars d\u2019Universitat per l\u2019ANECA (2014).<\/li>\n<li>Acreditat com a Catedr\u00e0tic per l\u2019<a href=\"https:\/\/www.aqu.cat\/\" target=\"_blank\" rel=\"noopener\"><strong>Ag\u00e8ncia per a la Qualitat del Sistema Universitari de Catalunya<\/strong><\/a> (2015).<\/li>\n<li>Acad\u00e8mic de N\u00famero de la <a href=\"https:\/\/raed.academy\/ca\/\" target=\"_blank\" rel=\"noopener\"><strong>Reial Acad\u00e8mia Europea de Doctors (RAED)<\/strong><\/a> (2010).<\/li>\n<li>Membre corresponent de l\u2019American Neurological Association.<\/li>\n<li>Membre corresponent de l\u2019American Academy of Neurology.<\/li>\n<li>Les seves l\u00ednies de recerca inclouen la normalitzaci\u00f3 i validaci\u00f3 d\u2019escales i tests per a la dem\u00e8ncia, el desenvolupament de noves estrat\u00e8gies terap\u00e8utiques per a pacients amb Alzheimer, l\u2019estudi de factors de risc gen\u00e8tics i mutacions implicades en dem\u00e8ncies neurodegeneratives, la identificaci\u00f3 de marcadors d\u2019amiloide-tau cerebral mitjan\u00e7ant Tomografia per Emissi\u00f3 de Positrons (PET) i la investigaci\u00f3 sobre la malaltia d\u2019Alzheimer en el s\u00edndrome de Down.<\/li>\n<\/ul>\n<h3><strong>ACTIVITAT PROFESSIONAL<\/strong><\/h3>\n<ul>\n<li>Delegat espanyol de la World Federation of Neurology i del European Board of Neurology (1996\u20132001).<\/li>\n<li>President de la Societat Catalana de Neurologia (2003\u20132004).<\/li>\n<li>President del Comit\u00e8 Assessor del tractament farmacol\u00f2gic de la malaltia d\u2019Alzheimer de la Generalitat de Catalunya (2002\u20132006).<\/li>\n<li>President de la XVIII Confer\u00e8ncia Alzheimer Disease International (ADI), Barcelona (2002).<\/li>\n<li>Membre del Comit\u00e8 M\u00e8dic Cient\u00edfic d\u2019Alzheimer Disease International (des de 1994).<\/li>\n<li>President de la Confer\u00e8ncia Nacional Alzheimer (2001).<\/li>\n<\/ul>\n<h3><strong>PUBLICACIONS<\/strong><\/h3>\n<ul>\n<li>Autor de 2 llibres.<\/li>\n<li>37 cap\u00edtols de llibre.<\/li>\n<li>M\u00e9s de 230 articles en revistes amb factor d\u2019impacte.<\/li>\n<\/ul>\n<div style=\"margin-top: 20px;\"><a href='https:\/\/raed.academy\/wp-content\/uploads\/2019\/02\/CV-Extenso-Castellano-Dr.-Rafael-Blesa-Gonz\u00e1lez.pdf' class='big-button bigsilver' target=\"_blank\"><strong>\u2192 CV EXTENS<\/strong><\/a><\/div>\n<p>[\/et_pb_tab][\/et_pb_tabs][\/et_pb_column][\/et_pb_row][\/et_pb_section]<\/p>\n","protected":false},"featured_media":0,"template":"","meta":{"_et_pb_use_builder":"on","_et_pb_old_content":"<div class=\"infoAcademico\"><p><img src=\"https:\/\/raed.academy\/wp-content\/uploads\/2015\/02\/Foto-Dr.-Rafael-Blesa-Gonz\u00c3\u00a1lez-213x300.jpg\" alt=\"Foto -Dr. Rafael Blesa Gonz\u00c3\u00a1lez\" width=\"154\" height=\"217\" \/><strong>Acad\u00e8mic Numerari<\/strong><\/p><p><strong>Ci\u00e8ncies de la Salut:<\/strong> Dr. en Medicina<\/p><p><b>Data d'ingr\u00e9s:<\/b>\u00a026\/10\/2010<\/p><p><b>Medalla:<\/b><\/p><p><strong>Discurs d'ingr\u00e9s:\u00a0<\/strong>T\u00f3picos t\u00edpicos y expectativas mundanas de la enfermedad de Alzheimer<\/p><p><strong>Discurs de resposta:\u00a0<\/strong>Dr. Josep Llort Brull<\/p><p>\u00a0<\/p><hr \/><\/div><div class=\"CVacadcemico\"><h2>CURRICULUM VITAE<\/h2><h3>Llicenciat en Medicina i Cirurgia per la Universitat Aut\u00f2noma de Barcelona (1975). \u00a0Resid\u00e8ncia de Neurologia a l'Hospital de la Santa Creu i Sant Pau (1976 a 1980).<\/h3><h3>Metge adjunt del Servei de Neurologia de l'Hospital Cl\u00ednic (1982). \u00a0Del 1989 a 1991 adjunt de recerca a Experimental Therapeutic Branch, NINDS, NIH, Bethesda, Maryland, (USA). De 1992 a 2003 professor associat m\u00e8dic de la Facultat de Medicina de la Universitat de Barcelona i Director de la Unitat de Mem\u00f2ria-Alzheimer del HCP.<\/h3><h3>Des de 2003 Director del Servei de Neurologia de l'Hospital de la Santa Creu i Sant Pau de Barcelona i \u00e9s professor associat m\u00e8dic de la Facultat de Medicina de la UAB (2007). Altres c\u00e0rrecs: Delegat espanyol de la World Federation of Neurology, de la Section of Neurology UMES i de l'European Board of Neurology del 1996 al 2001. \u00a0Tamb\u00e9 ha estat President de la Societat Catalana de Neurologia del 2003 - 2004, del Comit\u00e8 Assessor del tractament farmacol\u00f2gic de la malaltia d'Alzheimer de la Generalitat de Catalunya (2002-2006). Assessor m\u00e8dic de l'Associaci\u00f3 de Familiars de Malalts d'Alzheimer de Barcelona des de 1987, Membre del Comit\u00e8 M\u00e8dic Cient\u00edfic de l'Alzheimer Disease International des de 1992 i President de la Confer\u00e8ncia Nacional Alzheimer des de 2001. Acad\u00e8mic numerari de la Reial Acad\u00e8mia de Doctors (2010).<\/h3><h3>Les principals l\u00ednies de recerca s\u00f3n la normalitzaci\u00f3 i validaci\u00f3 d\u2019escales i test per a la dem\u00e8ncia, el desenvolupament de noves estrat\u00e8gies terap\u00e8utiques per als malalts d'Alzheimer, l\u2019estudi dels factors de risc gen\u00e8tics i les mutacions implicades en les dem\u00e8ncies neurodegeneratives i els marcadors d\u2019amilode cerebral mitjan\u00e7ant Tomografia per Emissi\u00f3 de Positrons (PET). Ha publicat 1 llibre, 30 cap\u00edtols de llibre i m\u00e9s de 150 articles en revistes amb factor d\u2019impacte.<\/h3><h2>CURRICULUM VITAE EXTENS<\/h2><h2>DISCURS D'INGR\u00c9S<\/h2><h3><a href=\"http:\/\/raed.academy\/wp-content\/uploads\/2016\/07\/pdf-icon-e1468674732529.png\"><img class=\"alignnone size-full wp-image-7742\" src=\"http:\/\/raed.academy\/wp-content\/uploads\/2016\/07\/pdf-icon-e1468674732529.png\" alt=\"pdf-icon\" width=\"30\" height=\"30\" \/><\/a>\u00a0 \u00a0\u00a0<strong><a href=\"http:\/\/raed.academy\/wp-content\/uploads\/2015\/02\/Topicos-tipicos-rafael-blesa.pdf\" target=\"_blank\" rel=\"noopener\">T\u00f3picos t\u00edpicos\u00a0<\/a><\/strong><\/h3><h2>ALTRES PUBLICACIONS<\/h2><h2>V\u00cdDEO<\/h2><h2>GALERIA DE FOTOGRAFIES<\/h2><\/div>","_et_gb_content_width":""},"secciones":[],"tipo_academico":[],"cargo":[],"class_list":["post-3518","academico","type-academico","status-publish","hentry"],"yoast_head":"<!-- This site is optimized with the Yoast SEO plugin v27.4 - https:\/\/yoast.com\/product\/yoast-seo-wordpress\/ -->\n<title>DR. RAFAEL BLESA GONZ\u00c1LEZ | Reial Acad\u00e8mia Europea de Doctors<\/title>\n<meta name=\"description\" content=\"Dr. Rafael Blesa Gonz\u00e1lez. Va ingressar a la RAED amb el discurs: &quot;T\u00f3picos t\u00edpicos y expectativas mundanas de la enfermedad de Alzheimer&quot;\" \/>\n<meta name=\"robots\" content=\"index, follow, max-snippet:-1, max-image-preview:large, max-video-preview:-1\" \/>\n<link rel=\"canonical\" href=\"https:\/\/raed.academy\/ca\/academics\/dr-rafael-blesa-gonzalez\/\" \/>\n<meta property=\"og:locale\" content=\"ca_ES\" \/>\n<meta property=\"og:type\" content=\"article\" \/>\n<meta property=\"og:title\" content=\"DR. RAFAEL BLESA GONZ\u00c1LEZ | Reial Acad\u00e8mia Europea de Doctors\" \/>\n<meta property=\"og:description\" content=\"Dr. Rafael Blesa Gonz\u00e1lez. Va ingressar a la RAED amb el discurs: &quot;T\u00f3picos t\u00edpicos y expectativas mundanas de la enfermedad de Alzheimer&quot;\" \/>\n<meta property=\"og:url\" content=\"https:\/\/raed.academy\/ca\/academics\/dr-rafael-blesa-gonzalez\/\" \/>\n<meta property=\"og:site_name\" content=\"Reial Acad\u00e8mia Europea de Doctors\" \/>\n<meta property=\"article:publisher\" content=\"http:\/\/fb.me\/raed.academy\" \/>\n<meta property=\"article:modified_time\" content=\"2025-10-13T10:29:31+00:00\" \/>\n<meta name=\"twitter:card\" content=\"summary_large_image\" \/>\n<meta name=\"twitter:site\" content=\"@raedacademy\" \/>\n<meta name=\"twitter:label1\" content=\"Est. reading time\" \/>\n\t<meta name=\"twitter:data1\" content=\"2 minutes\" \/>\n<script type=\"application\/ld+json\" class=\"yoast-schema-graph\">{\"@context\":\"https:\\\/\\\/schema.org\",\"@graph\":[{\"@type\":\"WebPage\",\"@id\":\"https:\\\/\\\/raed.academy\\\/ca\\\/academics\\\/dr-rafael-blesa-gonzalez\\\/\",\"url\":\"https:\\\/\\\/raed.academy\\\/ca\\\/academics\\\/dr-rafael-blesa-gonzalez\\\/\",\"name\":\"DR. RAFAEL BLESA GONZ\u00c1LEZ | Reial Acad\u00e8mia Europea de Doctors\",\"isPartOf\":{\"@id\":\"https:\\\/\\\/raed.academy\\\/ca\\\/#website\"},\"datePublished\":\"2016-01-07T15:31:57+00:00\",\"dateModified\":\"2025-10-13T10:29:31+00:00\",\"description\":\"Dr. Rafael Blesa Gonz\u00e1lez. Va ingressar a la RAED amb el discurs: \\\"T\u00f3picos t\u00edpicos y expectativas mundanas de la enfermedad de Alzheimer\\\"\",\"breadcrumb\":{\"@id\":\"https:\\\/\\\/raed.academy\\\/ca\\\/academics\\\/dr-rafael-blesa-gonzalez\\\/#breadcrumb\"},\"inLanguage\":\"ca-ES\",\"potentialAction\":[{\"@type\":\"ReadAction\",\"target\":[\"https:\\\/\\\/raed.academy\\\/ca\\\/academics\\\/dr-rafael-blesa-gonzalez\\\/\"]}]},{\"@type\":\"BreadcrumbList\",\"@id\":\"https:\\\/\\\/raed.academy\\\/ca\\\/academics\\\/dr-rafael-blesa-gonzalez\\\/#breadcrumb\",\"itemListElement\":[{\"@type\":\"ListItem\",\"position\":1,\"name\":\"Inicio\",\"item\":\"https:\\\/\\\/raed.academy\\\/ca\\\/\"},{\"@type\":\"ListItem\",\"position\":2,\"name\":\"Acad\u00e9micos\",\"item\":\"https:\\\/\\\/raed.academy\\\/ca\\\/academics\\\/\"},{\"@type\":\"ListItem\",\"position\":3,\"name\":\"Excm. Sr. Dr. Rafael Blesa Gonz\u00e1lez\"}]},{\"@type\":\"WebSite\",\"@id\":\"https:\\\/\\\/raed.academy\\\/ca\\\/#website\",\"url\":\"https:\\\/\\\/raed.academy\\\/ca\\\/\",\"name\":\"Reial Acad\u00e8mia Europea de Doctors\",\"description\":\"Corporaci\u00f3n de derecho p\u00fablico de car\u00e1cter cient\u00edfico, t\u00e9cnico y art\u00edstico, que tiene por objeto la investigaci\u00f3n, el estudio, el fomento y la extensi\u00f3n del conocimiento en su sentido m\u00e1s amplio\",\"publisher\":{\"@id\":\"https:\\\/\\\/raed.academy\\\/ca\\\/#organization\"},\"potentialAction\":[{\"@type\":\"SearchAction\",\"target\":{\"@type\":\"EntryPoint\",\"urlTemplate\":\"https:\\\/\\\/raed.academy\\\/ca\\\/?s={search_term_string}\"},\"query-input\":{\"@type\":\"PropertyValueSpecification\",\"valueRequired\":true,\"valueName\":\"search_term_string\"}}],\"inLanguage\":\"ca-ES\"},{\"@type\":\"Organization\",\"@id\":\"https:\\\/\\\/raed.academy\\\/ca\\\/#organization\",\"name\":\"Real Academia Europea de Doctores\",\"url\":\"https:\\\/\\\/raed.academy\\\/ca\\\/\",\"logo\":{\"@type\":\"ImageObject\",\"inLanguage\":\"ca-ES\",\"@id\":\"https:\\\/\\\/raed.academy\\\/ca\\\/#\\\/schema\\\/logo\\\/image\\\/\",\"url\":\"https:\\\/\\\/raed.academy\\\/wp-content\\\/uploads\\\/2017\\\/01\\\/cropped-logo_raed.png\",\"contentUrl\":\"https:\\\/\\\/raed.academy\\\/wp-content\\\/uploads\\\/2017\\\/01\\\/cropped-logo_raed.png\",\"width\":512,\"height\":512,\"caption\":\"Real Academia Europea de Doctores\"},\"image\":{\"@id\":\"https:\\\/\\\/raed.academy\\\/ca\\\/#\\\/schema\\\/logo\\\/image\\\/\"},\"sameAs\":[\"http:\\\/\\\/fb.me\\\/raed.academy\",\"https:\\\/\\\/x.com\\\/raedacademy\",\"https:\\\/\\\/www.instagram.com\\\/raed.academy\\\/\",\"https:\\\/\\\/www.youtube.com\\\/channel\\\/UCUYQwW2KrdirNWihxMDObwg\"]}]}<\/script>\n<!-- \/ Yoast SEO plugin. -->","yoast_head_json":{"title":"DR. RAFAEL BLESA GONZ\u00c1LEZ | Reial Acad\u00e8mia Europea de Doctors","description":"Dr. Rafael Blesa Gonz\u00e1lez. Va ingressar a la RAED amb el discurs: \"T\u00f3picos t\u00edpicos y expectativas mundanas de la enfermedad de Alzheimer\"","robots":{"index":"index","follow":"follow","max-snippet":"max-snippet:-1","max-image-preview":"max-image-preview:large","max-video-preview":"max-video-preview:-1"},"canonical":"https:\/\/raed.academy\/ca\/academics\/dr-rafael-blesa-gonzalez\/","og_locale":"ca_ES","og_type":"article","og_title":"DR. RAFAEL BLESA GONZ\u00c1LEZ | Reial Acad\u00e8mia Europea de Doctors","og_description":"Dr. Rafael Blesa Gonz\u00e1lez. Va ingressar a la RAED amb el discurs: \"T\u00f3picos t\u00edpicos y expectativas mundanas de la enfermedad de Alzheimer\"","og_url":"https:\/\/raed.academy\/ca\/academics\/dr-rafael-blesa-gonzalez\/","og_site_name":"Reial Acad\u00e8mia Europea de Doctors","article_publisher":"http:\/\/fb.me\/raed.academy","article_modified_time":"2025-10-13T10:29:31+00:00","twitter_card":"summary_large_image","twitter_site":"@raedacademy","twitter_misc":{"Est. reading time":"2 minutes"},"schema":{"@context":"https:\/\/schema.org","@graph":[{"@type":"WebPage","@id":"https:\/\/raed.academy\/ca\/academics\/dr-rafael-blesa-gonzalez\/","url":"https:\/\/raed.academy\/ca\/academics\/dr-rafael-blesa-gonzalez\/","name":"DR. RAFAEL BLESA GONZ\u00c1LEZ | Reial Acad\u00e8mia Europea de Doctors","isPartOf":{"@id":"https:\/\/raed.academy\/ca\/#website"},"datePublished":"2016-01-07T15:31:57+00:00","dateModified":"2025-10-13T10:29:31+00:00","description":"Dr. Rafael Blesa Gonz\u00e1lez. Va ingressar a la RAED amb el discurs: \"T\u00f3picos t\u00edpicos y expectativas mundanas de la enfermedad de Alzheimer\"","breadcrumb":{"@id":"https:\/\/raed.academy\/ca\/academics\/dr-rafael-blesa-gonzalez\/#breadcrumb"},"inLanguage":"ca-ES","potentialAction":[{"@type":"ReadAction","target":["https:\/\/raed.academy\/ca\/academics\/dr-rafael-blesa-gonzalez\/"]}]},{"@type":"BreadcrumbList","@id":"https:\/\/raed.academy\/ca\/academics\/dr-rafael-blesa-gonzalez\/#breadcrumb","itemListElement":[{"@type":"ListItem","position":1,"name":"Inicio","item":"https:\/\/raed.academy\/ca\/"},{"@type":"ListItem","position":2,"name":"Acad\u00e9micos","item":"https:\/\/raed.academy\/ca\/academics\/"},{"@type":"ListItem","position":3,"name":"Excm. Sr. Dr. Rafael Blesa Gonz\u00e1lez"}]},{"@type":"WebSite","@id":"https:\/\/raed.academy\/ca\/#website","url":"https:\/\/raed.academy\/ca\/","name":"Reial Acad\u00e8mia Europea de Doctors","description":"Corporaci\u00f3n de derecho p\u00fablico de car\u00e1cter cient\u00edfico, t\u00e9cnico y art\u00edstico, que tiene por objeto la investigaci\u00f3n, el estudio, el fomento y la extensi\u00f3n del conocimiento en su sentido m\u00e1s amplio","publisher":{"@id":"https:\/\/raed.academy\/ca\/#organization"},"potentialAction":[{"@type":"SearchAction","target":{"@type":"EntryPoint","urlTemplate":"https:\/\/raed.academy\/ca\/?s={search_term_string}"},"query-input":{"@type":"PropertyValueSpecification","valueRequired":true,"valueName":"search_term_string"}}],"inLanguage":"ca-ES"},{"@type":"Organization","@id":"https:\/\/raed.academy\/ca\/#organization","name":"Real Academia Europea de Doctores","url":"https:\/\/raed.academy\/ca\/","logo":{"@type":"ImageObject","inLanguage":"ca-ES","@id":"https:\/\/raed.academy\/ca\/#\/schema\/logo\/image\/","url":"https:\/\/raed.academy\/wp-content\/uploads\/2017\/01\/cropped-logo_raed.png","contentUrl":"https:\/\/raed.academy\/wp-content\/uploads\/2017\/01\/cropped-logo_raed.png","width":512,"height":512,"caption":"Real Academia Europea de Doctores"},"image":{"@id":"https:\/\/raed.academy\/ca\/#\/schema\/logo\/image\/"},"sameAs":["http:\/\/fb.me\/raed.academy","https:\/\/x.com\/raedacademy","https:\/\/www.instagram.com\/raed.academy\/","https:\/\/www.youtube.com\/channel\/UCUYQwW2KrdirNWihxMDObwg"]}]}},"_links":{"self":[{"href":"https:\/\/raed.academy\/ca\/wp-json\/wp\/v2\/academico\/3518","targetHints":{"allow":["GET"]}}],"collection":[{"href":"https:\/\/raed.academy\/ca\/wp-json\/wp\/v2\/academico"}],"about":[{"href":"https:\/\/raed.academy\/ca\/wp-json\/wp\/v2\/types\/academico"}],"wp:attachment":[{"href":"https:\/\/raed.academy\/ca\/wp-json\/wp\/v2\/media?parent=3518"}],"wp:term":[{"taxonomy":"secciones","embeddable":true,"href":"https:\/\/raed.academy\/ca\/wp-json\/wp\/v2\/secciones?post=3518"},{"taxonomy":"tipo_academico","embeddable":true,"href":"https:\/\/raed.academy\/ca\/wp-json\/wp\/v2\/tipo_academico?post=3518"},{"taxonomy":"cargo","embeddable":true,"href":"https:\/\/raed.academy\/ca\/wp-json\/wp\/v2\/cargo?post=3518"}],"curies":[{"name":"wp","href":"https:\/\/api.w.org\/{rel}","templated":true}]}}