{"id":3410,"date":"2016-01-05T15:48:05","date_gmt":"2016-01-05T15:48:05","guid":{"rendered":"http:\/\/radd.eu\/?page_id=3410"},"modified":"2025-11-03T08:58:35","modified_gmt":"2025-11-03T08:58:35","slug":"dr-joaquin-bautista-valhondo","status":"publish","type":"academico","link":"https:\/\/raed.academy\/ca\/academics\/dr-joaquin-bautista-valhondo\/","title":{"rendered":"Excm. Sr. Dr. Joaqu\u00edn Bautista Valhondo"},"content":{"rendered":"<p>[et_pb_section fb_built=&#8221;1&#8243; _builder_version=&#8221;4.16&#8243; global_colors_info=&#8221;{}&#8221;][et_pb_row column_structure=&#8221;1_4,3_4&#8243; _builder_version=&#8221;4.27.4&#8243; background_size=&#8221;initial&#8221; background_position=&#8221;top_left&#8221; background_repeat=&#8221;repeat&#8221; max_width=&#8221;1400px&#8221; min_height=&#8221;369.8px&#8221; custom_margin=&#8221;-64px|auto|0px|auto||&#8221; custom_padding=&#8221;0px|0px|0|0px|false|false&#8221; global_colors_info=&#8221;{}&#8221;][et_pb_column type=&#8221;1_4&#8243; _builder_version=&#8221;4.16&#8243; custom_padding=&#8221;|||&#8221; global_colors_info=&#8221;{}&#8221; custom_padding__hover=&#8221;|||&#8221;][et_pb_image src=&#8221;https:\/\/raed.academy\/wp-content\/uploads\/2018\/10\/Dr.-Joaqu\u00edn-Bautista-Valhondo.jpg&#8221; show_bottom_space=&#8221;off&#8221; align_tablet=&#8221;center&#8221; align_phone=&#8221;center&#8221; align_last_edited=&#8221;on|desktop&#8221; admin_label=&#8221;Imagen &#8211; foto acad\u00e9mico&#8221; _builder_version=&#8221;4.25.0&#8243; width=&#8221;90%&#8221; max_width=&#8221;230%&#8221; custom_margin=&#8221;0px||0px|&#8221; custom_padding=&#8221;0px||0px|&#8221; animation_style=&#8221;fold&#8221; border_radii=&#8221;on|6px|6px|6px|6px&#8221; border_width_all=&#8221;2px&#8221; box_shadow_style=&#8221;preset2&#8243; global_colors_info=&#8221;{}&#8221;][\/et_pb_image][\/et_pb_column][et_pb_column type=&#8221;3_4&#8243; _builder_version=&#8221;4.16&#8243; custom_padding=&#8221;|||&#8221; global_colors_info=&#8221;{}&#8221; custom_padding__hover=&#8221;|||&#8221;][et_pb_text module_class=&#8221;infoAcademico&#8221; _builder_version=&#8221;4.27.4&#8243; global_colors_info=&#8221;{}&#8221; custom_margin=&#8221;|||-71px||&#8221;]<\/p>\n<div style=\"border: 2px solid #2c3e50; padding: 20px; background: #fff; margin-bottom: 25px; border-radius: 10px; box-shadow: 2px 2px 8px rgba(0,0,0,0.1);\">\n<p><strong>Acad\u00e8mic de N\u00famero<\/strong><\/p>\n<p><strong>Ci\u00e8ncies Tecnol\u00f2giques:<\/strong> Doctor en Enginyeria Industrial<\/p>\n<p><strong>Data d\u2019ingr\u00e9s:<\/strong> 17 de juny de 2014<\/p>\n<p><strong>Discurs d\u2019ingr\u00e9s: <\/strong><a href=\"https:\/\/raed.academy\/wp-content\/uploads\/2015\/01\/Discurs-dingr%C3%83%C2%A9s.pdf\" target=\"_blank\" rel=\"noopener noreferrer\"><strong><em>\u00abOrganitzaci\u00f3 de la Producci\u00f3: una perspectiva hist\u00f2rica\u00bb<\/em><\/strong><\/a><\/p>\n<p><strong>Discurs de resposta: <\/strong><a href=\"https:\/\/raed.academy\/academicos\/dr-jose-luis-salido-banus\/\" target=\"_blank\" rel=\"noopener noreferrer\"><strong>Excm. Sr. Dr. Jos\u00e9 Luis Salido Ban\u00fas<\/strong><\/a>, Dr. en Dret<\/p>\n<p><strong data-start=\"166\" data-end=\"192\">Traject\u00f2ria destacada:<\/strong> Especialista en optimitzaci\u00f3 industrial, gesti\u00f3 de la producci\u00f3 i millora de processos. Autor de nombroses publicacions cient\u00edfiques i referent en l\u2019aplicaci\u00f3 de models matem\u00e0tics per a l\u2019efici\u00e8ncia empresarial i la sostenibilitat productiva<\/p>\n<\/div>\n<p>[\/et_pb_text][\/et_pb_column][\/et_pb_row][et_pb_row use_custom_gutter=&#8221;on&#8221; gutter_width=&#8221;1&#8243; module_class=&#8221;parent-column&#8221; _builder_version=&#8221;4.25.0&#8243; background_size=&#8221;initial&#8221; background_position=&#8221;top_left&#8221; background_repeat=&#8221;repeat&#8221; max_width=&#8221;1400px&#8221; global_colors_info=&#8221;{}&#8221; custom_margin=&#8221;-20px|auto||auto||&#8221;][et_pb_column type=&#8221;4_4&#8243; _builder_version=&#8221;4.16&#8243; custom_padding=&#8221;|||&#8221; global_colors_info=&#8221;{}&#8221; custom_padding__hover=&#8221;|||&#8221;][et_pb_divider color=&#8221;#828282&#8243; divider_weight=&#8221;2&#8243; _builder_version=&#8221;4.16&#8243; height=&#8221;2px&#8221; custom_margin=&#8221;-27px|||||&#8221; box_shadow_style=&#8221;preset2&#8243; global_colors_info=&#8221;{}&#8221;][\/et_pb_divider][et_pb_tabs _builder_version=&#8221;4.27.4&#8243; global_colors_info=&#8221;{}&#8221;][et_pb_tab title=&#8221;CURR\u00cdCULUM VITAE&#8221; _builder_version=&#8221;4.27.4&#8243; global_colors_info=&#8221;{}&#8221;]<\/p>\n<h2><strong>Dr. JOAQU\u00cdN BAUTISTA VALHONDO<\/strong><\/h2>\n<h3><strong>TITULACI\u00d3 UNIVERSIT\u00c0RIA<\/strong><\/h3>\n<ul>\n<li>Catedr\u00e0tic d\u2019Universitat (Organitzaci\u00f3 d\u2019Empreses &#8211; \u00e0rea 650, 2002) a la <a href=\"https:\/\/www.upc.edu\/es\/\" target=\"_blank\" rel=\"noopener\"><strong>Universitat Polit\u00e8cnica de Catalunya (UPC)<\/strong><\/a>.<\/li>\n<li>Doctor Enginyer Industrial per la UPC (1993), amb premi extraordinari de doctorat en Enginyeria Industrial.<\/li>\n<li>Enginyer Industrial, especialitat T\u00e8cniques Energ\u00e8tiques, per l\u2019<a href=\"https:\/\/etseib.upc.edu\/ca\" target=\"_blank\" rel=\"noopener\"><strong>ETSEIB &#8211; UPC<\/strong><\/a> (1983).<\/li>\n<\/ul>\n<h3><strong>ACTIVITAT DOCENT I PROFESSIONAL<\/strong><\/h3>\n<ul>\n<li>Investigador principal en projectes BEC, DPI i TIN del <a href=\"https:\/\/administracion.gob.es\/\" target=\"_blank\" rel=\"noopener\"><strong>Govern d\u2019Espanya<\/strong><\/a>.<\/li>\n<li>Participant en projectes TAP i MTM.<\/li>\n<li>Investigador del <a href=\"https:\/\/www.diplomatie.gouv.fr\/es\/\" target=\"_blank\" rel=\"noopener\"><strong>Govern de Fran\u00e7a<\/strong><\/a> a la <em>Division d\u2019Eploitation des R\u00e9acteurs Prototypes et Exp\u00e9rimentaux<\/em>, al <a href=\"https:\/\/www.cea.fr\/Pages\/le-cea\/les-centres-cea\/grenoble.aspx\" target=\"_blank\" rel=\"noopener\"><strong>CEA-CENG: Centre d\u2019\u00c9tudes Nucl\u00e9aires de Grenoble<\/strong><\/a> (1984).<\/li>\n<li>Ha signat convenis de col\u00b7laboraci\u00f3 de la UPC amb entitats com <a href=\"https:\/\/www.danone.es\/\" target=\"_blank\" rel=\"noopener\"><strong>Danone<\/strong><\/a>, <a href=\"https:\/\/www.thegbfoods.com\/es\/sobre-gbfoods\/quienes-somos\/\" target=\"_blank\" rel=\"noopener\"><strong>Gallina Blanca Purina<\/strong><\/a>, <a href=\"https:\/\/www.damm.com\/es\" target=\"_blank\" rel=\"noopener\"><strong>Damm<\/strong><\/a>, <a href=\"https:\/\/www.pirelli.com\/tyres\/es-es\/coche\/home\" target=\"_blank\" rel=\"noopener\"><strong>Pirelli Neum\u00e1ticos<\/strong><\/a>, <a href=\"https:\/\/ames-sintering.com\/es\/\" target=\"_blank\" rel=\"noopener\"><strong>AMES<\/strong><\/a>, <a href=\"https:\/\/www.seat.es\/\" target=\"_blank\" rel=\"noopener\"><strong>Seat<\/strong><\/a>, <a href=\"https:\/\/www.nissan.es\/\" target=\"_blank\" rel=\"noopener\"><strong>Nissan Motor Ib\u00e9rica<\/strong><\/a>, l\u2019Oficina Ol\u00edmpica de Barcelona (COOB 92), la Corporaci\u00f3 Metropolitana de Barcelona, l\u2019<a href=\"https:\/\/web.sabadell.cat\/\" target=\"_blank\" rel=\"noopener\"><strong>Ajuntament de Sabadell<\/strong><\/a>, l\u2019<a href=\"https:\/\/www.santboi.cat\/\" target=\"_blank\" rel=\"noopener\"><strong>Ajuntament de Sant Boi de Llobregat<\/strong><\/a> i el <a href=\"https:\/\/www.govern.ad\/ca\/inici\" target=\"_blank\" rel=\"noopener\"><strong>Govern d\u2019Andorra<\/strong><\/a>.<\/li>\n<li>Membre de comit\u00e8s assessors en ag\u00e8ncies de qualitat universit\u00e0ria: CNEAI, ACPUA, ACSUG, AQU, URJC, CONAID, ANEP i ANECA.<\/li>\n<li>Director acad\u00e8mic de la C\u00e0tedra NISSAN-UPC (2002\u20132013).<\/li>\n<li>Investigador afiliat al <a href=\"https:\/\/www.aurea.es\/european-centre-for-soft-computing\/\" target=\"_blank\" rel=\"noopener\"><strong>European Centre for Soft Computing<\/strong><\/a> (2007\u20132016).<\/li>\n<li>Acad\u00e8mic de N\u00famero de la <a href=\"https:\/\/raed.academy\/ca\/\" target=\"_blank\" rel=\"noopener\"><strong>Reial Acad\u00e8mia Europea de Doctors (RAED)<\/strong><\/a>, dins de la <a href=\"https:\/\/raed.academy\/ca\/seccions\/\" target=\"_blank\" rel=\"noopener\"><strong>Secci\u00f3 5a de Ci\u00e8ncies Tecnol\u00f2giques<\/strong><\/a> (des de 2014).<\/li>\n<li>Coordinador del M\u00e0ster en Enginyeria de l\u2019Automoci\u00f3 de la UPC (des de 2016).<\/li>\n<li>Editor General de la revista <a href=\"https:\/\/www.revistadyo.es\/DyO\/index.php\/dyo\" target=\"_blank\" rel=\"noopener\"><strong>Direcci\u00f3n y Organizaci\u00f3n<\/strong><\/a> (des de 2017).<\/li>\n<li>President de la Secci\u00f3 5a de Ci\u00e8ncies Tecnol\u00f2giques de la RAED (des de 2020).<\/li>\n<li>Sexennis d\u2019investigaci\u00f3<strong>:<\/strong> 6 (1985\u20132020).<\/li>\n<li>Sexenni de transfer\u00e8ncia<strong>:<\/strong> 1 (2021).<\/li>\n<\/ul>\n<h3><strong>PUBLICACIONS<\/strong><\/h3>\n<ul>\n<li>Producci\u00f3 cient\u00edfica a la UPC<strong>: <a href=\"https:\/\/futur.upc.edu\/JoaquinBautistaValhondo\" target=\"_blank\" rel=\"noopener\">https:\/\/futur.upc.edu\/JoaquinBautistaValhondo<\/a><\/strong><\/li>\n<li>Activitat docent a la UPC<strong>: <a href=\"https:\/\/apren.upc.edu\/ca\/professorat\/1000474\" target=\"_blank\" rel=\"noopener\">https:\/\/apren.upc.edu\/ca\/professorat\/1000474<\/a><\/strong><\/li>\n<\/ul>\n<a href='https:\/\/raed.academy\/wp-content\/uploads\/2024\/12\/CV-Joaquin-Bautista-Valhondo-3-12-24.pdf' class='small-button smallsilver' target=\"_blank\"><strong>\u2192 CURR\u00cdCULUM VITAE EXTENS<\/strong><\/a>\n<p>[\/et_pb_tab][et_pb_tab title=&#8221;V\u00cdDEO&#8221; _builder_version=&#8221;4.25.0&#8243; global_colors_info=&#8221;{}&#8221;]<\/p>\n<h3>Recepci\u00f3 com a acad\u00e8mics dels Doctors Francisco Javier Llovera S\u00e1ez i Joaqu\u00edn Bautista Valhondo<\/h3>\n<p><iframe loading=\"lazy\" src=\"https:\/\/www.youtube.com\/embed\/qNlcr7NkWwM\" width=\"560\" height=\"316\" frameborder=\"0\" allowfullscreen=\"allowfullscreen\"><\/iframe><\/p>\n<p>&nbsp;<\/p>\n<h3>Confer\u00e8ncia &#8220;Reparto de poder entre territorios. Caso Parlament de Catalunya&#8221;<\/h3>\n<p><iframe loading=\"lazy\" title=\"Conferencia: Reparto de poder entre territorios. Caso Parlament de Catalunya\" src=\"https:\/\/www.youtube.com\/embed\/gXb5NtG9ZpI\" width=\"1374\" height=\"753\" frameborder=\"0\" allowfullscreen=\"allowfullscreen\"><\/iframe>\u00a0<\/p>\n<h3>Presentaci\u00f3 del llibre &#8220;Planificaci\u00f3n y Control de Stocks&#8221;<\/h3>\n<p><iframe loading=\"lazy\" title=\"Presentaci\u00f3n del libro &quot;Planificaci\u00f3n y Control de Stocks&quot; por Joaqu\u00edn Bautista-Valhondo\" src=\"https:\/\/www.youtube.com\/embed\/aDFODljGZmo\" width=\"1015\" height=\"571\" frameborder=\"0\" allowfullscreen=\"allowfullscreen\"><\/iframe><\/p>\n<p>[\/et_pb_tab][et_pb_tab title=&#8221;GALERIA DE FOTOGRAFIES&#8221; _builder_version=&#8221;4.16&#8243; global_colors_info=&#8221;{}&#8221;]<\/p>\n<div class=\"divi-module-destination\"> <\/div>\n<p>[\/et_pb_tab][\/et_pb_tabs][et_pb_gallery gallery_ids=&#8221;53864,52859,53868,53870,53866,52871,52865,52867,53872,52863&#8243; posts_number=&#8221;16&#8243; show_title_and_caption=&#8221;off&#8221; show_pagination=&#8221;off&#8221; admin_label=&#8221;Galer\u00eda&#8221; module_class=&#8221;divi-portable-module galeria-pad-1&#8243; _builder_version=&#8221;4.16&#8243; _module_preset=&#8221;default&#8221; locked=&#8221;off&#8221; global_colors_info=&#8221;{}&#8221;][\/et_pb_gallery][et_pb_code admin_label=&#8221;C\u00f3digo&#8221; _builder_version=&#8221;4.16&#8243; _module_preset=&#8221;default&#8221; locked=&#8221;off&#8221; global_colors_info=&#8221;{}&#8221;]<script><!-- [et_pb_line_break_holder] -->(function ($) {<!-- [et_pb_line_break_holder] -->  $(document).ready(function () {<!-- [et_pb_line_break_holder] --> <!-- [et_pb_line_break_holder] -->    \/\/ Option #1: Move Divi Module(s) into a Module<!-- [et_pb_line_break_holder] -->    \/\/ Limit: One Instance per Column<!-- [et_pb_line_break_holder] -->    \/\/ Use following code if you want to move <!-- [et_pb_line_break_holder] -->    \/\/ a module inside another module. Each column with the<!-- [et_pb_line_break_holder] -->    \/\/ class 'parent-column' will append any module(s)<!-- [et_pb_line_break_holder] -->    \/\/ with the class 'divi-portable-module' to the div<!-- [et_pb_line_break_holder] -->    \/\/ with the class 'divi-module-destination'.<!-- [et_pb_line_break_holder] -->    \/\/ Only one instance of 'divi-module-destination' should<!-- [et_pb_line_break_holder] -->    \/\/ be added per column.<!-- [et_pb_line_break_holder] -->    $('.divi-portable-module').each(function () {<!-- [et_pb_line_break_holder] -->      $(this).closest('.parent-column').find('.divi-module-destination').append($(this));<!-- [et_pb_line_break_holder] -->    });<!-- [et_pb_line_break_holder] -->     <!-- [et_pb_line_break_holder] -->    \/\/ Buttons: Insert Button Module(s) into a Module<!-- [et_pb_line_break_holder] -->    \/\/ Adding a custom CSS class to a button module<!-- [et_pb_line_break_holder] -->    \/\/ is applied to the 'a' tag which is a child element<!-- [et_pb_line_break_holder] -->    \/\/ of the module wrapper. This code makes sure to append<!-- [et_pb_line_break_holder] -->    \/\/ the entire button module wrapper (the parent element)<!-- [et_pb_line_break_holder] -->    \/\/ as well. This functionality is the same as option #3 above.<!-- [et_pb_line_break_holder] -->    \/\/ Siimply use the class 'divi-portable-button' on a button module<!-- [et_pb_line_break_holder] -->    \/\/ instead of 'divi-portable-module'.<!-- [et_pb_line_break_holder] -->    $('.divi-portable-button').parent().each(function () {<!-- [et_pb_line_break_holder] -->      $(this).closest('.parent-column').find('.divi-module-destination').append($(this));<!-- [et_pb_line_break_holder] -->    });<!-- [et_pb_line_break_holder] --> <!-- [et_pb_line_break_holder] -->    \/\/ Option #2: Move Divi Row(s) into a Module<!-- [et_pb_line_break_holder] -->    \/\/ Limit: One Instance per Section<!-- [et_pb_line_break_holder] -->    \/\/ Use the following code if you want to move <!-- [et_pb_line_break_holder] -->    \/\/ a row inside a module on more than one section<!-- [et_pb_line_break_holder] -->    \/\/ of a page. Each section with the<!-- [et_pb_line_break_holder] -->    \/\/ class 'parent-section' will append any row(s)<!-- [et_pb_line_break_holder] -->    \/\/ with the class 'divi-portable-row' to the div<!-- [et_pb_line_break_holder] -->    \/\/ with the class 'divi-row-destination'.<!-- [et_pb_line_break_holder] -->    \/\/ Only one instance of 'divi-row-destination' should<!-- [et_pb_line_break_holder] -->    \/\/ be added per section.<!-- [et_pb_line_break_holder] -->    $('.divi-portable-row').each(function () {<!-- [et_pb_line_break_holder] -->      $(this).closest('.parent-section').find('.divi-row-destination').append($(this));<!-- [et_pb_line_break_holder] -->    });<!-- [et_pb_line_break_holder] --> <!-- [et_pb_line_break_holder] -->  });<!-- [et_pb_line_break_holder] -->})(jQuery);<!-- [et_pb_line_break_holder] --><\/script>[\/et_pb_code][\/et_pb_column][\/et_pb_row][\/et_pb_section]<\/p>\n","protected":false},"featured_media":52867,"template":"","meta":{"_et_pb_use_builder":"on","_et_pb_old_content":"<div class=\"infoAcademico\"><p><img class=\"alignnone\" src=\"http:\/\/raed.academy\/wp-content\/uploads\/2015\/01\/Foto-Bona-Dr.-Joaquin-Bautista-200x300.jpg\" alt=\"Foto Bona - Dr. Joaquin Bautista\" width=\"136\" height=\"204\" \/><strong>Acad\u00e8mic Numerari<\/strong><\/p><p><strong>Ci\u00e8ncies Tecnol\u00f2giques:<\/strong> Dr. en Enginyeria Industrial<\/p><p><b>Data d'ingr\u00e9s:<\/b>\u00a017\/06\/2014<\/p><p><b>Medalla:<\/b><\/p><p><strong>Discurs d'ingr\u00e9s:\u00a0<\/strong>Organizaci\u00f3n de la Producci\u00f3n: una perspectiva hist\u00f3rica<\/p><p><strong>Discurs de resposta:\u00a0<\/strong><a href=\"http:\/\/raed.academy\/ca\/academics\/dr-jose-luis-salido-banus\/\" target=\"_blank\" rel=\"noopener\">Dr. Jos\u00e9 Luis Salido Ban\u00fas<\/a><\/p><hr \/><div class=\"CVacadcemico\"><h2>CURRICULUM VITAE<\/h2><h3>Enginyer Industrial (1983) per la Universitat Polit\u00e8cnica de Catalunya (UPC) - especialitat T\u00e8cniques Energ\u00e8tiques. Investigador predoctoral (1984) del Govern de Fran\u00e7a, a la <em>Division d'Eploitation des Reacteurs Prototypes et Experimentaux du Centre d'\u00c9tudes Nucl\u00e9aires de Grenoble<\/em> (CENG-CEA). Doctor Enginyer Industrial (1993) per la UPC, amb Premi Extraordinari de Doctorat en Enginyeria Industrial (1995).<\/h3><h3>Funcionari de Carrera dels Cossos docents universitaris a l'\u00c0rea 650 (Organitzaci\u00f3 d'Empreses): Professor Titular d'Escola Universit\u00e0ria (1990), Professor Titular d'Universitat (1994) i Catedr\u00e0tic d'Universitat (2002) - destinat a l'Escola T\u00e8cnica Superior d'Enginyeria industrial de Barcelona (ETSEIB) i a l'Escola Polit\u00e8cnica Superior d'Edificaci\u00f3 de Barcelona (EPSEB) de la UPC. Investigador Afiliat a l'European Centre for Soft Computing (2007).<\/h3><h3>Coordinaci\u00f3 i doc\u00e8ncia d'assignatures en titulacions superiors, de segon cicle i en m\u00e0sters universitaris: Enginyeria Industrial, Enginyeria d'Organitzaci\u00f3 Industrial, Enginyeria Qu\u00edmica, M\u00e0ster Universitari en Enginyeria d'Automoci\u00f3, M\u00e0ster Universitari en Autom\u00e0tica i Rob\u00f2tica, M\u00e0ster Universitari en Enginyeria Qu\u00edmica, M\u00e0ster Universitari en Enginyeria d'Organitzaci\u00f3.<\/h3><h3>Publicaci\u00f3 d'articles en revistes cient\u00edfiques: Annals of Operations Research, Computers & Operations Research, Engineering Applications of Artificial Intelligence, European Journal of Operational Research, Expert Systems with Applications, Information Sciences, International Journal of Production Economics, Journal of Heuristics, Journal of Scheduling, Journal of the Operational Research Society, Lecture Notes in Computer Science, Omega-International Journal of Management Science, Soft Computing, TOP-The official journal of the Spanish Society of Statistics and Operations Research.<\/h3><h3>Publicaci\u00f3 de 230 treballs presentats en congressos nacionals i internacionals, 90 documents cientificot\u00e8cnics, 19 llibres i 22 cap\u00edtols de llibre. Direcci\u00f3 de 7 tesis doctorals i 80 projectes final de carrera en la titulaci\u00f3 superior Enginyeria Industrial i la de segon cicle Enginyeria d'Organitzaci\u00f3 Industrial.<\/h3><h3>Participaci\u00f3 en 11 projectes en convocat\u00f2ries competitives de la Direcci\u00f3 General d'Investigaci\u00f3 Cient\u00edfica i T\u00e8cnica (DGICT) del MINECO del Govern d'Espanya, sent l\u2019investigador principal en 5 d'ells. Participaci\u00f3 en 29 projectes cient\u00edfics universitat-empresa, sent l'investigador principal en 18 d'ells.<\/h3><h3>Director Acad\u00e8mic (2005) de la C\u00e0tedra Nissan Motor Ib\u00e9rica d'Innovaci\u00f3 en Automoci\u00f3 de la UPC.<\/h3><h3>Membre de comit\u00e8s assessors en comissions i ag\u00e8ncies de qualitat universit\u00e0ria:<\/h3><ul><li style=\"text-align: justify;\"><h3>Ag\u00e8ncia per a la Qualitat del Sistema Universitari de Catalunya (AQU Catalunya)<\/h3><\/li><li style=\"text-align: justify;\"><h3>Agencia de Calidad y Prospectiva Universitaria de Arag\u00f3n (ACPUA)<\/h3><\/li><li style=\"text-align: justify;\"><h3>Agencia para la Calidad del Sistema Universitario de Castilla y Le\u00f3n (ACSUCyL)<\/h3><\/li><li style=\"text-align: justify;\"><h3>Axencia para a Calidade do Sistema Universitario de Galicia (ACSUG)<\/h3><\/li><li style=\"text-align: justify;\"><h3>Agencia Nacional de Evaluaci\u00f3n y Prospectiva (ANEP)<\/h3><\/li><li style=\"text-align: justify;\"><h3>Consejo Asesor de Investigaci\u00f3n y Desarrollo (CONAI+D)<\/h3><\/li><li style=\"text-align: justify;\"><h3>Comisi\u00f3n Nacional Evaluadora de la Actividad Investigadora (CNEAI)<\/h3><\/li><li style=\"text-align: justify;\"><h3>Agencia Nacional de Evaluaci\u00f3n de la Calidad y Acreditaci\u00f3n (ANECA)<\/h3><\/li><\/ul><h2>CURRICULUM VITAE EXTENS<\/h2><h2>DISCURS D'INGR\u00c9S<\/h2><h3><strong><a href=\"http:\/\/raed.academy\/wp-content\/uploads\/2016\/07\/pdf-icon-e1468674732529.png\"><img class=\"alignnone size-full wp-image-7742\" src=\"http:\/\/raed.academy\/wp-content\/uploads\/2016\/07\/pdf-icon-e1468674732529.png\" alt=\"pdf-icon\" width=\"30\" height=\"30\" \/><\/a>\u00a0 \u00a0\u00a0<a href=\"http:\/\/raed.academy\/wp-content\/uploads\/2015\/01\/Discurs-dingr\u00c3\u00a9s.pdf\" target=\"_blank\" rel=\"noopener\">Organizaci\u00f3n de la Producci\u00f3n: una perspectiva hist\u00f3rica<\/a><\/strong><\/h3><h2>ALTRES PUBLICACIONS<\/h2><h2>V\u00cdDEO<\/h2><p><iframe src=\"https:\/\/www.youtube.com\/embed\/qNlcr7NkWwM\" width=\"560\" height=\"315\" frameborder=\"0\" allowfullscreen=\"allowfullscreen\"><\/iframe><\/p><h2>GALERIA DE FOTOGRAFIES<\/h2><p>[images picture_size=\"fixed\" lightbox=\"yes\" class=\"\" id=\"\"][image link=\"\" linktarget=\"_self\" image=\"http:\/\/raed.academy\/wp-content\/uploads\/2016\/01\/1048-1-150x150-foto1.jpg\" alt=\"\"][image link=\"\" linktarget=\"_self\" image=\"http:\/\/raed.academy\/wp-content\/uploads\/2016\/01\/1134-150x150-foto-2.jpg\" alt=\"\"][image link=\"\" linktarget=\"_self\" image=\"http:\/\/raed.academy\/wp-content\/uploads\/2016\/01\/1114-150x150-foto-3.jpg\" alt=\"\"][image link=\"\" linktarget=\"_self\" image=\"http:\/\/raed.academy\/wp-content\/uploads\/2016\/01\/1076-150x150-foto-4.jpg\" alt=\"\"][\/images][images picture_size=\"fixed\" lightbox=\"yes\" class=\"\" id=\"\"][image link=\"\" linktarget=\"_self\" image=\"http:\/\/raed.academy\/wp-content\/uploads\/2016\/01\/1043-150x150-foto-5.jpg\" alt=\"\"][image link=\"\" linktarget=\"_self\" image=\"http:\/\/raed.academy\/wp-content\/uploads\/2016\/01\/1027-150x150-foto-6.jpg\" alt=\"\"][image link=\"\" linktarget=\"_self\" image=\"http:\/\/raed.academy\/wp-content\/uploads\/2016\/01\/1019-150x150-foto-7.jpg\" alt=\"\"][image link=\"\" linktarget=\"_self\" image=\"http:\/\/raed.academy\/wp-content\/uploads\/2016\/01\/1003-150x150-foto-8.jpg\" alt=\"\"][\/images]<\/p><\/div><\/div>","_et_gb_content_width":""},"secciones":[767],"tipo_academico":[746],"cargo":[],"class_list":["post-3410","academico","type-academico","status-publish","has-post-thumbnail","hentry","secciones-ciencies-tecnologiques","tipo_academico-de-numero-ca"],"yoast_head":"<!-- This site is optimized with the Yoast SEO plugin v27.5 - https:\/\/yoast.com\/product\/yoast-seo-wordpress\/ -->\n<title>Dr. Joaqu\u00edn Bautista Valhondo | Reial Acad\u00e8mia Europea de Doctors<\/title>\n<meta name=\"robots\" content=\"index, follow, max-snippet:-1, max-image-preview:large, max-video-preview:-1\" \/>\n<link rel=\"canonical\" href=\"https:\/\/raed.academy\/ca\/academics\/dr-joaquin-bautista-valhondo\/\" \/>\n<meta property=\"og:locale\" content=\"ca_ES\" \/>\n<meta property=\"og:type\" content=\"article\" \/>\n<meta property=\"og:title\" content=\"Dr. Joaqu\u00edn Bautista Valhondo | Reial Acad\u00e8mia Europea de Doctors\" \/>\n<meta property=\"og:description\" content=\"Acad\u00e8mic de N\u00famero Ci\u00e8ncies Tecnol\u00f2giques: Doctor en Enginyeria Industrial Data d\u2019ingr\u00e9s: 17 de juny de 2014 Discurs d\u2019ingr\u00e9s: \u00abOrganitzaci\u00f3 de la Producci\u00f3: una perspectiva hist\u00f2rica\u00bb Discurs de resposta: Excm. Sr. Dr. Jos\u00e9 Luis Salido Ban\u00fas, Dr. en Dret Traject\u00f2ria destacada: Especialista en optimitzaci\u00f3 industrial, gesti\u00f3 de la producci\u00f3 i millora de processos. Autor de nombroses [&hellip;]\" \/>\n<meta property=\"og:url\" content=\"https:\/\/raed.academy\/ca\/academics\/dr-joaquin-bautista-valhondo\/\" \/>\n<meta property=\"og:site_name\" content=\"Reial Acad\u00e8mia Europea de Doctors\" \/>\n<meta property=\"article:publisher\" content=\"http:\/\/fb.me\/raed.academy\" \/>\n<meta property=\"article:modified_time\" content=\"2025-11-03T08:58:35+00:00\" \/>\n<meta property=\"og:image\" content=\"https:\/\/raed.academy\/wp-content\/uploads\/2017\/11\/Dr-Joaquin-Bautista-Valhondo-6.jpg\" \/>\n\t<meta property=\"og:image:width\" content=\"800\" \/>\n\t<meta property=\"og:image:height\" content=\"532\" \/>\n\t<meta property=\"og:image:type\" content=\"image\/jpeg\" \/>\n<meta name=\"twitter:card\" content=\"summary_large_image\" \/>\n<meta name=\"twitter:site\" content=\"@raedacademy\" \/>\n<meta name=\"twitter:label1\" content=\"Est. reading time\" \/>\n\t<meta name=\"twitter:data1\" content=\"4 minutes\" \/>\n<script type=\"application\/ld+json\" class=\"yoast-schema-graph\">{\"@context\":\"https:\\\/\\\/schema.org\",\"@graph\":[{\"@type\":\"WebPage\",\"@id\":\"https:\\\/\\\/raed.academy\\\/ca\\\/academics\\\/dr-joaquin-bautista-valhondo\\\/\",\"url\":\"https:\\\/\\\/raed.academy\\\/ca\\\/academics\\\/dr-joaquin-bautista-valhondo\\\/\",\"name\":\"Dr. Joaqu\u00edn Bautista Valhondo | Reial Acad\u00e8mia Europea de Doctors\",\"isPartOf\":{\"@id\":\"https:\\\/\\\/raed.academy\\\/ca\\\/#website\"},\"primaryImageOfPage\":{\"@id\":\"https:\\\/\\\/raed.academy\\\/ca\\\/academics\\\/dr-joaquin-bautista-valhondo\\\/#primaryimage\"},\"image\":{\"@id\":\"https:\\\/\\\/raed.academy\\\/ca\\\/academics\\\/dr-joaquin-bautista-valhondo\\\/#primaryimage\"},\"thumbnailUrl\":\"https:\\\/\\\/raed.academy\\\/wp-content\\\/uploads\\\/2017\\\/11\\\/Dr-Joaquin-Bautista-Valhondo-6.jpg\",\"datePublished\":\"2016-01-05T15:48:05+00:00\",\"dateModified\":\"2025-11-03T08:58:35+00:00\",\"breadcrumb\":{\"@id\":\"https:\\\/\\\/raed.academy\\\/ca\\\/academics\\\/dr-joaquin-bautista-valhondo\\\/#breadcrumb\"},\"inLanguage\":\"ca-ES\",\"potentialAction\":[{\"@type\":\"ReadAction\",\"target\":[\"https:\\\/\\\/raed.academy\\\/ca\\\/academics\\\/dr-joaquin-bautista-valhondo\\\/\"]}]},{\"@type\":\"ImageObject\",\"inLanguage\":\"ca-ES\",\"@id\":\"https:\\\/\\\/raed.academy\\\/ca\\\/academics\\\/dr-joaquin-bautista-valhondo\\\/#primaryimage\",\"url\":\"https:\\\/\\\/raed.academy\\\/wp-content\\\/uploads\\\/2017\\\/11\\\/Dr-Joaquin-Bautista-Valhondo-6.jpg\",\"contentUrl\":\"https:\\\/\\\/raed.academy\\\/wp-content\\\/uploads\\\/2017\\\/11\\\/Dr-Joaquin-Bautista-Valhondo-6.jpg\",\"width\":800,\"height\":532},{\"@type\":\"BreadcrumbList\",\"@id\":\"https:\\\/\\\/raed.academy\\\/ca\\\/academics\\\/dr-joaquin-bautista-valhondo\\\/#breadcrumb\",\"itemListElement\":[{\"@type\":\"ListItem\",\"position\":1,\"name\":\"Inicio\",\"item\":\"https:\\\/\\\/raed.academy\\\/ca\\\/\"},{\"@type\":\"ListItem\",\"position\":2,\"name\":\"Acad\u00e9micos\",\"item\":\"https:\\\/\\\/raed.academy\\\/ca\\\/academics\\\/\"},{\"@type\":\"ListItem\",\"position\":3,\"name\":\"Excm. Sr. Dr. Joaqu\u00edn Bautista Valhondo\"}]},{\"@type\":\"WebSite\",\"@id\":\"https:\\\/\\\/raed.academy\\\/ca\\\/#website\",\"url\":\"https:\\\/\\\/raed.academy\\\/ca\\\/\",\"name\":\"Reial Acad\u00e8mia Europea de Doctors\",\"description\":\"Corporaci\u00f3n de derecho p\u00fablico de car\u00e1cter cient\u00edfico, t\u00e9cnico y art\u00edstico, que tiene por objeto la investigaci\u00f3n, el estudio, el fomento y la extensi\u00f3n del conocimiento en su sentido m\u00e1s amplio\",\"publisher\":{\"@id\":\"https:\\\/\\\/raed.academy\\\/ca\\\/#organization\"},\"potentialAction\":[{\"@type\":\"SearchAction\",\"target\":{\"@type\":\"EntryPoint\",\"urlTemplate\":\"https:\\\/\\\/raed.academy\\\/ca\\\/?s={search_term_string}\"},\"query-input\":{\"@type\":\"PropertyValueSpecification\",\"valueRequired\":true,\"valueName\":\"search_term_string\"}}],\"inLanguage\":\"ca-ES\"},{\"@type\":\"Organization\",\"@id\":\"https:\\\/\\\/raed.academy\\\/ca\\\/#organization\",\"name\":\"Real Academia Europea de Doctores\",\"url\":\"https:\\\/\\\/raed.academy\\\/ca\\\/\",\"logo\":{\"@type\":\"ImageObject\",\"inLanguage\":\"ca-ES\",\"@id\":\"https:\\\/\\\/raed.academy\\\/ca\\\/#\\\/schema\\\/logo\\\/image\\\/\",\"url\":\"https:\\\/\\\/raed.academy\\\/wp-content\\\/uploads\\\/2017\\\/01\\\/cropped-logo_raed.png\",\"contentUrl\":\"https:\\\/\\\/raed.academy\\\/wp-content\\\/uploads\\\/2017\\\/01\\\/cropped-logo_raed.png\",\"width\":512,\"height\":512,\"caption\":\"Real Academia Europea de Doctores\"},\"image\":{\"@id\":\"https:\\\/\\\/raed.academy\\\/ca\\\/#\\\/schema\\\/logo\\\/image\\\/\"},\"sameAs\":[\"http:\\\/\\\/fb.me\\\/raed.academy\",\"https:\\\/\\\/x.com\\\/raedacademy\",\"https:\\\/\\\/www.instagram.com\\\/raed.academy\\\/\",\"https:\\\/\\\/www.youtube.com\\\/channel\\\/UCUYQwW2KrdirNWihxMDObwg\"]}]}<\/script>\n<!-- \/ Yoast SEO plugin. -->","yoast_head_json":{"title":"Dr. Joaqu\u00edn Bautista Valhondo | Reial Acad\u00e8mia Europea de Doctors","robots":{"index":"index","follow":"follow","max-snippet":"max-snippet:-1","max-image-preview":"max-image-preview:large","max-video-preview":"max-video-preview:-1"},"canonical":"https:\/\/raed.academy\/ca\/academics\/dr-joaquin-bautista-valhondo\/","og_locale":"ca_ES","og_type":"article","og_title":"Dr. Joaqu\u00edn Bautista Valhondo | Reial Acad\u00e8mia Europea de Doctors","og_description":"La RAED organitza i duu a terme una s\u00e8rie d'activitats concentrades en un mes i mig que van comptar amb la implicaci\u00f3 activa de nombrosos acad\u00e8mics. Recepci\u00f3 de quatre acad\u00e8mics corresponents (Stavroula-Ina Piperaki per a Gr\u00e8cia, Stephen Zeff i David B. Wilkins per als Estats Units i Llu\u00eds Vicent Safont per a Andorra) Taula rodona [&hellip;]","og_url":"https:\/\/raed.academy\/ca\/academics\/dr-joaquin-bautista-valhondo\/","og_site_name":"Reial Acad\u00e8mia Europea de Doctors","article_publisher":"http:\/\/fb.me\/raed.academy","article_modified_time":"2025-11-03T08:58:35+00:00","og_image":[{"width":800,"height":532,"url":"https:\/\/raed.academy\/wp-content\/uploads\/2017\/11\/Dr-Joaquin-Bautista-Valhondo-6.jpg","type":"image\/jpeg"}],"twitter_card":"summary_large_image","twitter_site":"@raedacademy","twitter_misc":{"Est. reading time":"4 minutes"},"schema":{"@context":"https:\/\/schema.org","@graph":[{"@type":"WebPage","@id":"https:\/\/raed.academy\/ca\/academics\/dr-joaquin-bautista-valhondo\/","url":"https:\/\/raed.academy\/ca\/academics\/dr-joaquin-bautista-valhondo\/","name":"Dr. Joaqu\u00edn Bautista Valhondo | Reial Acad\u00e8mia Europea de Doctors","isPartOf":{"@id":"https:\/\/raed.academy\/ca\/#website"},"primaryImageOfPage":{"@id":"https:\/\/raed.academy\/ca\/academics\/dr-joaquin-bautista-valhondo\/#primaryimage"},"image":{"@id":"https:\/\/raed.academy\/ca\/academics\/dr-joaquin-bautista-valhondo\/#primaryimage"},"thumbnailUrl":"https:\/\/raed.academy\/wp-content\/uploads\/2017\/11\/Dr-Joaquin-Bautista-Valhondo-6.jpg","datePublished":"2016-01-05T15:48:05+00:00","dateModified":"2025-11-03T08:58:35+00:00","breadcrumb":{"@id":"https:\/\/raed.academy\/ca\/academics\/dr-joaquin-bautista-valhondo\/#breadcrumb"},"inLanguage":"ca-ES","potentialAction":[{"@type":"ReadAction","target":["https:\/\/raed.academy\/ca\/academics\/dr-joaquin-bautista-valhondo\/"]}]},{"@type":"ImageObject","inLanguage":"ca-ES","@id":"https:\/\/raed.academy\/ca\/academics\/dr-joaquin-bautista-valhondo\/#primaryimage","url":"https:\/\/raed.academy\/wp-content\/uploads\/2017\/11\/Dr-Joaquin-Bautista-Valhondo-6.jpg","contentUrl":"https:\/\/raed.academy\/wp-content\/uploads\/2017\/11\/Dr-Joaquin-Bautista-Valhondo-6.jpg","width":800,"height":532},{"@type":"BreadcrumbList","@id":"https:\/\/raed.academy\/ca\/academics\/dr-joaquin-bautista-valhondo\/#breadcrumb","itemListElement":[{"@type":"ListItem","position":1,"name":"Inicio","item":"https:\/\/raed.academy\/ca\/"},{"@type":"ListItem","position":2,"name":"Acad\u00e9micos","item":"https:\/\/raed.academy\/ca\/academics\/"},{"@type":"ListItem","position":3,"name":"Excm. Sr. Dr. Joaqu\u00edn Bautista Valhondo"}]},{"@type":"WebSite","@id":"https:\/\/raed.academy\/ca\/#website","url":"https:\/\/raed.academy\/ca\/","name":"Reial Acad\u00e8mia Europea de Doctors","description":"Corporaci\u00f3n de derecho p\u00fablico de car\u00e1cter cient\u00edfico, t\u00e9cnico y art\u00edstico, que tiene por objeto la investigaci\u00f3n, el estudio, el fomento y la extensi\u00f3n del conocimiento en su sentido m\u00e1s amplio","publisher":{"@id":"https:\/\/raed.academy\/ca\/#organization"},"potentialAction":[{"@type":"SearchAction","target":{"@type":"EntryPoint","urlTemplate":"https:\/\/raed.academy\/ca\/?s={search_term_string}"},"query-input":{"@type":"PropertyValueSpecification","valueRequired":true,"valueName":"search_term_string"}}],"inLanguage":"ca-ES"},{"@type":"Organization","@id":"https:\/\/raed.academy\/ca\/#organization","name":"Real Academia Europea de Doctores","url":"https:\/\/raed.academy\/ca\/","logo":{"@type":"ImageObject","inLanguage":"ca-ES","@id":"https:\/\/raed.academy\/ca\/#\/schema\/logo\/image\/","url":"https:\/\/raed.academy\/wp-content\/uploads\/2017\/01\/cropped-logo_raed.png","contentUrl":"https:\/\/raed.academy\/wp-content\/uploads\/2017\/01\/cropped-logo_raed.png","width":512,"height":512,"caption":"Real Academia Europea de Doctores"},"image":{"@id":"https:\/\/raed.academy\/ca\/#\/schema\/logo\/image\/"},"sameAs":["http:\/\/fb.me\/raed.academy","https:\/\/x.com\/raedacademy","https:\/\/www.instagram.com\/raed.academy\/","https:\/\/www.youtube.com\/channel\/UCUYQwW2KrdirNWihxMDObwg"]}]}},"_links":{"self":[{"href":"https:\/\/raed.academy\/ca\/wp-json\/wp\/v2\/academico\/3410","targetHints":{"allow":["GET"]}}],"collection":[{"href":"https:\/\/raed.academy\/ca\/wp-json\/wp\/v2\/academico"}],"about":[{"href":"https:\/\/raed.academy\/ca\/wp-json\/wp\/v2\/types\/academico"}],"wp:featuredmedia":[{"embeddable":true,"href":"https:\/\/raed.academy\/ca\/wp-json\/wp\/v2\/media\/52867"}],"wp:attachment":[{"href":"https:\/\/raed.academy\/ca\/wp-json\/wp\/v2\/media?parent=3410"}],"wp:term":[{"taxonomy":"secciones","embeddable":true,"href":"https:\/\/raed.academy\/ca\/wp-json\/wp\/v2\/secciones?post=3410"},{"taxonomy":"tipo_academico","embeddable":true,"href":"https:\/\/raed.academy\/ca\/wp-json\/wp\/v2\/tipo_academico?post=3410"},{"taxonomy":"cargo","embeddable":true,"href":"https:\/\/raed.academy\/ca\/wp-json\/wp\/v2\/cargo?post=3410"}],"curies":[{"name":"wp","href":"https:\/\/api.w.org\/{rel}","templated":true}]}}