{"id":3113,"date":"2015-12-30T15:05:07","date_gmt":"2015-12-30T15:05:07","guid":{"rendered":"http:\/\/radd.eu\/?page_id=3113"},"modified":"2025-10-13T10:18:20","modified_gmt":"2025-10-13T10:18:20","slug":"dr-juan-pedro-aznar-alarcon","status":"publish","type":"academico","link":"https:\/\/raed.academy\/ca\/academics\/dr-juan-pedro-aznar-alarcon\/","title":{"rendered":"Excm. Sr. Dr. Juan Pedro Aznar Alarc\u00f3n"},"content":{"rendered":"<p>[et_pb_section fb_built=&#8221;1&#8243; _builder_version=&#8221;4.16&#8243; global_colors_info=&#8221;{}&#8221;][et_pb_row column_structure=&#8221;1_4,3_4&#8243; _builder_version=&#8221;4.16&#8243; background_size=&#8221;initial&#8221; background_position=&#8221;top_left&#8221; background_repeat=&#8221;repeat&#8221; custom_margin=&#8221;0px||0px|&#8221; custom_padding=&#8221;0|0px|0|0px|false|false&#8221; global_colors_info=&#8221;{}&#8221;][et_pb_column type=&#8221;1_4&#8243; _builder_version=&#8221;4.16&#8243; custom_padding=&#8221;|||&#8221; global_colors_info=&#8221;{}&#8221; custom_padding__hover=&#8221;|||&#8221;][et_pb_image src=&#8221;https:\/\/raed.academy\/wp-content\/uploads\/2018\/10\/Dr.-Juan-Pedro-Aznar-Alarc\u00f3n.jpg&#8221; show_bottom_space=&#8221;off&#8221; align_tablet=&#8221;center&#8221; align_phone=&#8221;&#8221; align_last_edited=&#8221;on|desktop&#8221; admin_label=&#8221;Imagen &#8211; foto acad\u00e9mico&#8221; _builder_version=&#8221;4.16&#8243; max_width=&#8221;85%&#8221; custom_margin=&#8221;0px||0px|&#8221; custom_padding=&#8221;0px||0px|&#8221; animation_style=&#8221;fold&#8221; border_radii=&#8221;on|6px|6px|6px|6px&#8221; border_width_all=&#8221;2px&#8221; box_shadow_style=&#8221;preset2&#8243; global_colors_info=&#8221;{}&#8221;][\/et_pb_image][\/et_pb_column][et_pb_column type=&#8221;3_4&#8243; _builder_version=&#8221;4.16&#8243; custom_padding=&#8221;|||&#8221; global_colors_info=&#8221;{}&#8221; custom_padding__hover=&#8221;|||&#8221;][et_pb_text module_class=&#8221;infoAcademico&#8221; _builder_version=&#8221;4.27.4&#8243; hover_enabled=&#8221;0&#8243; global_colors_info=&#8221;{}&#8221; sticky_enabled=&#8221;0&#8243;]<\/p>\n<div style=\"border: 2px solid #000; padding: 20px; background: #fff; margin-bottom: 25px; border-radius: 10px; box-shadow: 2px 2px 8px rgba(0,0,0,0.1);\">\n<p><strong>Acad\u00e8mic Supernumerari<\/strong><\/p>\n<p><strong>Ci\u00e8ncies Socials:<\/strong> Doctor en Ci\u00e8ncies Econ\u00f2miques<\/p>\n<p><strong>Data d\u2019ingr\u00e9s:<\/strong> 22 d\u2019octubre de 2015<\/p>\n<p><strong>Discurs d\u2019ingr\u00e9s: <\/strong><a href=\"http:\/\/raed.academy\/wp-content\/uploads\/2015\/12\/Discurso-Dr.-Aznar.pdf\" target=\"_blank\" rel=\"noopener noreferrer\"><strong><em>\u00abLes pol\u00edtiques monet\u00e0ries no convencionals: el Quantitative Easing\u00bb<\/em><\/strong><\/a><\/p>\n<p><strong>Discurs de resposta: <\/strong><a href=\"https:\/\/raed.academy\/academicos\/dr-jose-luis-salido-banus\/\" target=\"_blank\" rel=\"noopener noreferrer\"><strong>Dr. Jos\u00e9 Luis Salido Ban\u00fas, <\/strong><\/a>Dr. en Dret<\/p>\n<\/div>\n<p>[\/et_pb_text][\/et_pb_column][\/et_pb_row][et_pb_row use_custom_gutter=&#8221;on&#8221; gutter_width=&#8221;1&#8243; module_class=&#8221;parent-column&#8221; _builder_version=&#8221;4.16&#8243; background_size=&#8221;initial&#8221; background_position=&#8221;top_left&#8221; background_repeat=&#8221;repeat&#8221; max_width=&#8221;1200px&#8221; global_colors_info=&#8221;{}&#8221;][et_pb_column type=&#8221;4_4&#8243; _builder_version=&#8221;4.16&#8243; custom_padding=&#8221;|||&#8221; global_colors_info=&#8221;{}&#8221; custom_padding__hover=&#8221;|||&#8221;][et_pb_divider color=&#8221;#828282&#8243; divider_weight=&#8221;2&#8243; _builder_version=&#8221;4.16&#8243; height=&#8221;2px&#8221; box_shadow_style=&#8221;preset2&#8243; global_colors_info=&#8221;{}&#8221;][\/et_pb_divider][et_pb_tabs _builder_version=&#8221;4.27.4&#8243; hover_enabled=&#8221;0&#8243; global_colors_info=&#8221;{}&#8221; sticky_enabled=&#8221;0&#8243;][et_pb_tab title=&#8221;CURR\u00cdCULUM VITAE&#8221; _builder_version=&#8221;4.27.4&#8243; hover_enabled=&#8221;0&#8243; global_colors_info=&#8221;{}&#8221; sticky_enabled=&#8221;0&#8243;]<\/p>\n<h2><strong>Dr. JUAN PEDRO AZNAR<\/strong><\/h2>\n<ul>\n<li>Nascut a <strong><a href=\"https:\/\/ca.wikipedia.org\/wiki\/Barcelona\" target=\"_blank\" rel=\"noopener\">Barcelona<\/a><\/strong>.<\/li>\n<\/ul>\n<h3><strong>TITULACI\u00d3 UNIVERSIT\u00c0RIA<\/strong><\/h3>\n<ul>\n<li>Doctor en Recerca en Teoria Econ\u00f2mica per la <a href=\"https:\/\/web.ub.edu\/\" target=\"_blank\" rel=\"noopener\"><strong>Universitat de Barcelona<\/strong><\/a>.<\/li>\n<li>Doctor en Economia per la <a href=\"https:\/\/www.uma.es\/\" target=\"_blank\" rel=\"noopener\"><strong>Universitat de M\u00e0laga<\/strong><\/a> (2014), amb una tesi premiada per l\u2019<a href=\"https:\/\/accid.org\/\" target=\"_blank\" rel=\"noopener\"><strong>ACCID<\/strong><\/a> (2015).<\/li>\n<\/ul>\n<h3><strong>ACTIVITAT DOCENT I PROFESSIONAL<\/strong><\/h3>\n<ul>\n<li>Professor a <a href=\"https:\/\/www.esade.edu\/\" target=\"_blank\" rel=\"noopener\"><strong>ESADE Business and Law School<\/strong><\/a> des de 1995, en la Llicenciatura d\u2019Administraci\u00f3 i Direcci\u00f3 d\u2019Empreses (An\u00e0lisi de l\u2019Entorn Econ\u00f2mic).<\/li>\n<li>Professor responsable d\u2019Economia a la Facultat de Dret d\u2019ESADE des de 2011.<\/li>\n<li>Ha impartit doc\u00e8ncia al M\u00e0ster en Finances, l\u2019MBA Part Time i programes d\u2019Executive Education en Conjuntura Econ\u00f2mica.<\/li>\n<li>Professor al <em>Bachelor in Business Administration<\/em>, incloent-hi la secci\u00f3 internacional, coordinant les assignatures d\u2019Economia I i II (2014\u20132015).<\/li>\n<li>Ha estat professor a la <a href=\"https:\/\/web.ub.edu\/\" target=\"_blank\" rel=\"noopener\"><strong>Universitat de Barcelona<\/strong><\/a>, a l\u2019<a href=\"https:\/\/www.euncet.es\/\" target=\"_blank\" rel=\"noopener\"><strong>EUNCET Business School<\/strong><\/a>, a Caixa Catalunya i a les Cambres de Comer\u00e7 d\u2019Alacant i Sabadell.<\/li>\n<li>Impacte econ\u00f2mic del turisme, especialment en el sector hoteler.<\/li>\n<li>Gesti\u00f3 de conflictes com a membre del grup de recerca <em>Conflict Management<\/em>, en projectes sobre mediaci\u00f3 en educaci\u00f3 secund\u00e0ria i gesti\u00f3 de conflictes en empreses.<\/li>\n<li>Ha participat en projectes amb la <a href=\"https:\/\/www.bsm.upf.edu\/ca\" target=\"_blank\" rel=\"noopener\"><strong>Barcelona School of Management (UPF)<\/strong><\/a>, l\u2019Escola de Turisme Sant Ignasi i l\u2019<a href=\"https:\/\/www.unwto.org\/es\" target=\"_blank\" rel=\"noopener\"><strong>Organitzaci\u00f3 Mundial del Turisme (OMT)<\/strong><\/a>.<\/li>\n<li>Referee de la revista <em>Total Quality Management &amp; Business Excellence<\/em>.<\/li>\n<li>Acad\u00e8mic de N\u00famero Electe de la <a href=\"https:\/\/raed.academy\/ca\/\" target=\"_blank\" rel=\"noopener\"><strong>Reial Acad\u00e8mia Europea de Doctors (RAED)<\/strong><\/a> des de 2014.<\/li>\n<\/ul>\n<h3><strong>PUBLICACIONS<\/strong><\/h3>\n<ul>\n<li><em>Lli\u00e7ons de la crisi financera per a la pol\u00edtica econ\u00f2mica: Austeritat, creixement i reptes de futur<\/em> (amb J.M. Gay de Li\u00e9bana i A. Rocafort). RAD Tribuna Plural, 2015.<\/li>\n<li><em>The financial and economic performance of Hotels in Spanish Beach tourist destinations<\/em>, <a href=\"https:\/\/www.athensjournals.gr\/tourism\" target=\"_blank\" rel=\"noopener\"><strong>Athens Journal of Tourism<\/strong><\/a>, 2015.<\/li>\n<li><em>Impacte de la qualitat del servei en la competitivitat i rendibilitat: El sector hoteler a la costa catalana<\/em>, <a href=\"https:\/\/www.intangiblecapital.org\/index.php\/ic\" target=\"_blank\" rel=\"noopener\"><strong>Intangible Capital<\/strong><\/a> (en revisi\u00f3).<\/li>\n<li><em>Compet\u00e8ncies emprenedores i la seva relaci\u00f3 amb el perfil acad\u00e8mic<\/em>, DYNA Revista de Ingenier\u00eda (en revisi\u00f3 final).<\/li>\n<li><em>Comptabilitat de Direcci\u00f3 per a la presa de decisions<\/em> (amb C. Mallo, A. Rocafort i altres). Editorial Profit, ISBN 978-84-15735-99-1.<\/li>\n<li><em>El sector exterior de l\u2019economia espanyola (1986\u20131995)<\/em>, Revista CIDOB, n\u00fam. 34\u201335 (amb G. Bernardos).<\/li>\n<li><em>Diccionari Gran Vox de Comptabilitat, Economia i Finances<\/em>, Editorial Biblograf, 1997.<\/li>\n<li>11th Annual International Conference on Tourism, Atenes (2015): <em>Hotels\u2019 financial and economic performance in Spanish Beach Tourist Destinations<\/em>.<\/li>\n<li>VI Congr\u00e9s Catal\u00e0 de Comptabilitat i Direcci\u00f3, Barcelona (2015): <em>Impacte de la qualitat del servei en la competitivitat i rendibilitat: El sector hoteler a la costa catalana<\/em>.<\/li>\n<\/ul>\n<h3><strong>PREMIS I ACC\u00c8SSITS<\/strong><\/h3>\n<ul>\n<li>Premi ACCID (2015) a la millor tesi doctoral: <em>La creaci\u00f3 de valor en la ind\u00fastria hotelera vacacional<\/em>.<\/li>\n<\/ul>\n<div style=\"margin-top: 20px;\">\n<h3><a href=\"https:\/\/raed.academy\/wp-content\/uploads\/2025\/04\/CV-JUAN-PEDRO-AZNAR-10-4-25.pdf\" target=\"_blank\" rel=\"noopener\"><strong>CV EXTENS \u27a4<\/strong><\/a><\/h3>\n<\/div>\n<p>[\/et_pb_tab][et_pb_tab title=&#8221;V\u00cdDEO&#8221; _builder_version=&#8221;4.16&#8243; global_colors_info=&#8221;{}&#8221;]<\/p>\n<p><iframe loading=\"lazy\" title=\"YouTube video player\" src=\"https:\/\/www.youtube.com\/embed\/GBm5lGjLulk\" width=\"950\" height=\"534\" frameborder=\"0\" allowfullscreen=\"allowfullscreen\"><\/iframe><\/p>\n<p>[\/et_pb_tab][et_pb_tab title=&#8221;GALERIA DE FOTOGRAFIES&#8221; _builder_version=&#8221;4.16&#8243; global_colors_info=&#8221;{}&#8221;]<\/p>\n<div class=\"divi-module-destination\"><\/div>\n<p>[\/et_pb_tab][\/et_pb_tabs][et_pb_gallery gallery_ids=&#8221;9259,2885,2886,9260,2890,9262,9269,9268,9266,2897,9270,9272,1836&#8243; posts_number=&#8221;16&#8243; show_title_and_caption=&#8221;off&#8221; show_pagination=&#8221;off&#8221; admin_label=&#8221;Galer\u00eda&#8221; module_class=&#8221;divi-portable-module galeria-pad-1&#8243; _builder_version=&#8221;4.16&#8243; _module_preset=&#8221;default&#8221; locked=&#8221;off&#8221; global_colors_info=&#8221;{}&#8221;][\/et_pb_gallery][et_pb_code admin_label=&#8221;C\u00f3digo&#8221; _builder_version=&#8221;4.16&#8243; _module_preset=&#8221;default&#8221; locked=&#8221;off&#8221; global_colors_info=&#8221;{}&#8221;]<script><!-- [et_pb_line_break_holder] -->(function ($) {<!-- [et_pb_line_break_holder] -->  $(document).ready(function () {<!-- [et_pb_line_break_holder] --> <!-- [et_pb_line_break_holder] -->    \/\/ Option #1: Move Divi Module(s) into a Module<!-- [et_pb_line_break_holder] -->    \/\/ Limit: One Instance per Column<!-- [et_pb_line_break_holder] -->    \/\/ Use following code if you want to move <!-- [et_pb_line_break_holder] -->    \/\/ a module inside another module. Each column with the<!-- [et_pb_line_break_holder] -->    \/\/ class 'parent-column' will append any module(s)<!-- [et_pb_line_break_holder] -->    \/\/ with the class 'divi-portable-module' to the div<!-- [et_pb_line_break_holder] -->    \/\/ with the class 'divi-module-destination'.<!-- [et_pb_line_break_holder] -->    \/\/ Only one instance of 'divi-module-destination' should<!-- [et_pb_line_break_holder] -->    \/\/ be added per column.<!-- [et_pb_line_break_holder] -->    $('.divi-portable-module').each(function () {<!-- [et_pb_line_break_holder] -->      $(this).closest('.parent-column').find('.divi-module-destination').append($(this));<!-- [et_pb_line_break_holder] -->    });<!-- [et_pb_line_break_holder] -->     <!-- [et_pb_line_break_holder] -->    \/\/ Buttons: Insert Button Module(s) into a Module<!-- [et_pb_line_break_holder] -->    \/\/ Adding a custom CSS class to a button module<!-- [et_pb_line_break_holder] -->    \/\/ is applied to the 'a' tag which is a child element<!-- [et_pb_line_break_holder] -->    \/\/ of the module wrapper. This code makes sure to append<!-- [et_pb_line_break_holder] -->    \/\/ the entire button module wrapper (the parent element)<!-- [et_pb_line_break_holder] -->    \/\/ as well. This functionality is the same as option #3 above.<!-- [et_pb_line_break_holder] -->    \/\/ Siimply use the class 'divi-portable-button' on a button module<!-- [et_pb_line_break_holder] -->    \/\/ instead of 'divi-portable-module'.<!-- [et_pb_line_break_holder] -->    $('.divi-portable-button').parent().each(function () {<!-- [et_pb_line_break_holder] -->      $(this).closest('.parent-column').find('.divi-module-destination').append($(this));<!-- [et_pb_line_break_holder] -->    });<!-- [et_pb_line_break_holder] --> <!-- [et_pb_line_break_holder] -->    \/\/ Option #2: Move Divi Row(s) into a Module<!-- [et_pb_line_break_holder] -->    \/\/ Limit: One Instance per Section<!-- [et_pb_line_break_holder] -->    \/\/ Use the following code if you want to move <!-- [et_pb_line_break_holder] -->    \/\/ a row inside a module on more than one section<!-- [et_pb_line_break_holder] -->    \/\/ of a page. Each section with the<!-- [et_pb_line_break_holder] -->    \/\/ class 'parent-section' will append any row(s)<!-- [et_pb_line_break_holder] -->    \/\/ with the class 'divi-portable-row' to the div<!-- [et_pb_line_break_holder] -->    \/\/ with the class 'divi-row-destination'.<!-- [et_pb_line_break_holder] -->    \/\/ Only one instance of 'divi-row-destination' should<!-- [et_pb_line_break_holder] -->    \/\/ be added per section.<!-- [et_pb_line_break_holder] -->    $('.divi-portable-row').each(function () {<!-- [et_pb_line_break_holder] -->      $(this).closest('.parent-section').find('.divi-row-destination').append($(this));<!-- [et_pb_line_break_holder] -->    });<!-- [et_pb_line_break_holder] --> <!-- [et_pb_line_break_holder] -->  });<!-- [et_pb_line_break_holder] -->})(jQuery);<!-- [et_pb_line_break_holder] --><\/script>[\/et_pb_code][\/et_pb_column][\/et_pb_row][\/et_pb_section]<\/p>\n","protected":false},"featured_media":0,"template":"","meta":{"_et_pb_use_builder":"on","_et_pb_old_content":"<div class=\"infoAcademico\"><p><img class=\"alignnone wp-image-2003\" src=\"http:\/\/raed.academy\/wp-content\/uploads\/2015\/10\/IMG_9468-200x300.jpg\" alt=\"IMG_9468\" width=\"168\" height=\"252\" \/><strong>Acad\u00e8mic Numerari i\u00a0Vicesecretari de la Junta de Govern<\/strong><\/p><p><strong>Ci\u00e8ncies Socials:<\/strong> Dr. en Econ\u00f2miques<\/p><p><b>Data d'ingr\u00e9s: <\/b>\u00a022\/10\/2015<\/p><p><b>Medalla:<\/b><\/p><p class=\"post-content\"><strong>Discurs d'ingr\u00e9s: <\/strong>Las pol\u00edticas monetarias no convencionales: El <em>Quantitative Easing<\/em><\/p><p class=\"post-content\"><strong>Discurs de resposta: <a href=\"http:\/\/raed.academy\/ca\/academics\/dr-jose-luis-salido-banus\/\" target=\"_blank\" rel=\"noopener\">Dr. Jos\u00e9 Luis Salido Ban\u00fas<\/a><\/strong><\/p><p>\u00a0<\/p><hr \/><\/div><div class=\"CVacadcemico\"><h2>CURRICULUM VITAE<\/h2><h2>CURRICULUM VITAE EXTENS<\/h2><h2>DISCURS D'INGR\u00c9S<\/h2><h3><img class=\"alignnone size-full wp-image-7742\" src=\"http:\/\/raed.academy\/wp-content\/uploads\/2016\/07\/pdf-icon-e1468674732529.png\" alt=\"pdf-icon\" width=\"30\" height=\"30\" \/>\u00a0 \u00a0\u00a0<strong><a href=\"http:\/\/raed.academy\/wp-content\/uploads\/2015\/12\/Discurso-Dr.-Aznar.pdf\" target=\"_blank\" rel=\"noopener\">Las pol\u00edticas monetarias no convencionales: <em>El Quantitative easing<\/em><\/a><\/strong><\/h3><h2>ALTRES PUBLICACIONS<\/h2><h2>V\u00cdDEO<\/h2><p><iframe src=\"https:\/\/www.youtube.com\/embed\/GBm5lGjLulk\" width=\"560\" height=\"315\" frameborder=\"0\" allowfullscreen=\"allowfullscreen\"><\/iframe><\/p><h2>GALERIA DE FOTOGRAFIES<\/h2><p>[gallery link=\"file\" columns=\"4\" ids=\"9272,9270,9269,9266,2897,9259,9260,9262,2890,2886,2885,9268\"]<\/p><\/div>","_et_gb_content_width":""},"secciones":[],"tipo_academico":[],"cargo":[],"class_list":["post-3113","academico","type-academico","status-publish","hentry"],"yoast_head":"<!-- This site is optimized with the Yoast SEO plugin v27.5 - https:\/\/yoast.com\/product\/yoast-seo-wordpress\/ -->\n<title>DR. Juan Pedro Aznar Alarc\u00f3n | Reial Acad\u00e8mia Europea de Doctors<\/title>\n<meta name=\"robots\" content=\"index, follow, max-snippet:-1, max-image-preview:large, max-video-preview:-1\" \/>\n<link rel=\"canonical\" href=\"https:\/\/raed.academy\/ca\/academics\/dr-juan-pedro-aznar-alarcon\/\" \/>\n<meta property=\"og:locale\" content=\"ca_ES\" \/>\n<meta property=\"og:type\" content=\"article\" \/>\n<meta property=\"og:title\" content=\"DR. Juan Pedro Aznar Alarc\u00f3n | Reial Acad\u00e8mia Europea de Doctors\" \/>\n<meta property=\"og:description\" content=\"Acad\u00e8mic Supernumerari Ci\u00e8ncies Socials: Doctor en Ci\u00e8ncies Econ\u00f2miques Data d\u2019ingr\u00e9s: 22 d\u2019octubre de 2015 Discurs d\u2019ingr\u00e9s: \u00abLes pol\u00edtiques monet\u00e0ries no convencionals: el Quantitative Easing\u00bb Discurs de resposta: Dr. Jos\u00e9 Luis Salido Ban\u00fas, Dr. en Dret Dr. JUAN PEDRO AZNAR Nascut a Barcelona. TITULACI\u00d3 UNIVERSIT\u00c0RIA Doctor en Recerca en Teoria Econ\u00f2mica per la Universitat de Barcelona. [&hellip;]\" \/>\n<meta property=\"og:url\" content=\"https:\/\/raed.academy\/ca\/academics\/dr-juan-pedro-aznar-alarcon\/\" \/>\n<meta property=\"og:site_name\" content=\"Reial Acad\u00e8mia Europea de Doctors\" \/>\n<meta property=\"article:publisher\" content=\"http:\/\/fb.me\/raed.academy\" \/>\n<meta property=\"article:modified_time\" content=\"2025-10-13T10:18:20+00:00\" \/>\n<meta name=\"twitter:card\" content=\"summary_large_image\" \/>\n<meta name=\"twitter:site\" content=\"@raedacademy\" \/>\n<meta name=\"twitter:label1\" content=\"Est. reading time\" \/>\n\t<meta name=\"twitter:data1\" content=\"5 minutes\" \/>\n<script type=\"application\/ld+json\" class=\"yoast-schema-graph\">{\"@context\":\"https:\\\/\\\/schema.org\",\"@graph\":[{\"@type\":\"WebPage\",\"@id\":\"https:\\\/\\\/raed.academy\\\/ca\\\/academics\\\/dr-juan-pedro-aznar-alarcon\\\/\",\"url\":\"https:\\\/\\\/raed.academy\\\/ca\\\/academics\\\/dr-juan-pedro-aznar-alarcon\\\/\",\"name\":\"DR. Juan Pedro Aznar Alarc\u00f3n | Reial Acad\u00e8mia Europea de Doctors\",\"isPartOf\":{\"@id\":\"https:\\\/\\\/raed.academy\\\/ca\\\/#website\"},\"datePublished\":\"2015-12-30T15:05:07+00:00\",\"dateModified\":\"2025-10-13T10:18:20+00:00\",\"breadcrumb\":{\"@id\":\"https:\\\/\\\/raed.academy\\\/ca\\\/academics\\\/dr-juan-pedro-aznar-alarcon\\\/#breadcrumb\"},\"inLanguage\":\"ca-ES\",\"potentialAction\":[{\"@type\":\"ReadAction\",\"target\":[\"https:\\\/\\\/raed.academy\\\/ca\\\/academics\\\/dr-juan-pedro-aznar-alarcon\\\/\"]}]},{\"@type\":\"BreadcrumbList\",\"@id\":\"https:\\\/\\\/raed.academy\\\/ca\\\/academics\\\/dr-juan-pedro-aznar-alarcon\\\/#breadcrumb\",\"itemListElement\":[{\"@type\":\"ListItem\",\"position\":1,\"name\":\"Inicio\",\"item\":\"https:\\\/\\\/raed.academy\\\/ca\\\/\"},{\"@type\":\"ListItem\",\"position\":2,\"name\":\"Acad\u00e9micos\",\"item\":\"https:\\\/\\\/raed.academy\\\/ca\\\/academics\\\/\"},{\"@type\":\"ListItem\",\"position\":3,\"name\":\"Excm. Sr. Dr. Juan Pedro Aznar Alarc\u00f3n\"}]},{\"@type\":\"WebSite\",\"@id\":\"https:\\\/\\\/raed.academy\\\/ca\\\/#website\",\"url\":\"https:\\\/\\\/raed.academy\\\/ca\\\/\",\"name\":\"Reial Acad\u00e8mia Europea de Doctors\",\"description\":\"Corporaci\u00f3n de derecho p\u00fablico de car\u00e1cter cient\u00edfico, t\u00e9cnico y art\u00edstico, que tiene por objeto la investigaci\u00f3n, el estudio, el fomento y la extensi\u00f3n del conocimiento en su sentido m\u00e1s amplio\",\"publisher\":{\"@id\":\"https:\\\/\\\/raed.academy\\\/ca\\\/#organization\"},\"potentialAction\":[{\"@type\":\"SearchAction\",\"target\":{\"@type\":\"EntryPoint\",\"urlTemplate\":\"https:\\\/\\\/raed.academy\\\/ca\\\/?s={search_term_string}\"},\"query-input\":{\"@type\":\"PropertyValueSpecification\",\"valueRequired\":true,\"valueName\":\"search_term_string\"}}],\"inLanguage\":\"ca-ES\"},{\"@type\":\"Organization\",\"@id\":\"https:\\\/\\\/raed.academy\\\/ca\\\/#organization\",\"name\":\"Real Academia Europea de Doctores\",\"url\":\"https:\\\/\\\/raed.academy\\\/ca\\\/\",\"logo\":{\"@type\":\"ImageObject\",\"inLanguage\":\"ca-ES\",\"@id\":\"https:\\\/\\\/raed.academy\\\/ca\\\/#\\\/schema\\\/logo\\\/image\\\/\",\"url\":\"https:\\\/\\\/raed.academy\\\/wp-content\\\/uploads\\\/2017\\\/01\\\/cropped-logo_raed.png\",\"contentUrl\":\"https:\\\/\\\/raed.academy\\\/wp-content\\\/uploads\\\/2017\\\/01\\\/cropped-logo_raed.png\",\"width\":512,\"height\":512,\"caption\":\"Real Academia Europea de Doctores\"},\"image\":{\"@id\":\"https:\\\/\\\/raed.academy\\\/ca\\\/#\\\/schema\\\/logo\\\/image\\\/\"},\"sameAs\":[\"http:\\\/\\\/fb.me\\\/raed.academy\",\"https:\\\/\\\/x.com\\\/raedacademy\",\"https:\\\/\\\/www.instagram.com\\\/raed.academy\\\/\",\"https:\\\/\\\/www.youtube.com\\\/channel\\\/UCUYQwW2KrdirNWihxMDObwg\"]}]}<\/script>\n<!-- \/ Yoast SEO plugin. -->","yoast_head_json":{"title":"DR. Juan Pedro Aznar Alarc\u00f3n | Reial Acad\u00e8mia Europea de Doctors","robots":{"index":"index","follow":"follow","max-snippet":"max-snippet:-1","max-image-preview":"max-image-preview:large","max-video-preview":"max-video-preview:-1"},"canonical":"https:\/\/raed.academy\/ca\/academics\/dr-juan-pedro-aznar-alarcon\/","og_locale":"ca_ES","og_type":"article","og_title":"DR. Juan Pedro Aznar Alarc\u00f3n | Reial Acad\u00e8mia Europea de Doctors","og_description":"La RAED organitza i duu a terme una s\u00e8rie d'activitats concentrades en un mes i mig que van comptar amb la implicaci\u00f3 activa de nombrosos acad\u00e8mics. Recepci\u00f3 de quatre acad\u00e8mics corresponents (Stavroula-Ina Piperaki per a Gr\u00e8cia, Stephen Zeff i David B. Wilkins per als Estats Units i Llu\u00eds Vicent Safont per a Andorra) Taula rodona [&hellip;]","og_url":"https:\/\/raed.academy\/ca\/academics\/dr-juan-pedro-aznar-alarcon\/","og_site_name":"Reial Acad\u00e8mia Europea de Doctors","article_publisher":"http:\/\/fb.me\/raed.academy","article_modified_time":"2025-10-13T10:18:20+00:00","twitter_card":"summary_large_image","twitter_site":"@raedacademy","twitter_misc":{"Est. reading time":"5 minutes"},"schema":{"@context":"https:\/\/schema.org","@graph":[{"@type":"WebPage","@id":"https:\/\/raed.academy\/ca\/academics\/dr-juan-pedro-aznar-alarcon\/","url":"https:\/\/raed.academy\/ca\/academics\/dr-juan-pedro-aznar-alarcon\/","name":"DR. Juan Pedro Aznar Alarc\u00f3n | Reial Acad\u00e8mia Europea de Doctors","isPartOf":{"@id":"https:\/\/raed.academy\/ca\/#website"},"datePublished":"2015-12-30T15:05:07+00:00","dateModified":"2025-10-13T10:18:20+00:00","breadcrumb":{"@id":"https:\/\/raed.academy\/ca\/academics\/dr-juan-pedro-aznar-alarcon\/#breadcrumb"},"inLanguage":"ca-ES","potentialAction":[{"@type":"ReadAction","target":["https:\/\/raed.academy\/ca\/academics\/dr-juan-pedro-aznar-alarcon\/"]}]},{"@type":"BreadcrumbList","@id":"https:\/\/raed.academy\/ca\/academics\/dr-juan-pedro-aznar-alarcon\/#breadcrumb","itemListElement":[{"@type":"ListItem","position":1,"name":"Inicio","item":"https:\/\/raed.academy\/ca\/"},{"@type":"ListItem","position":2,"name":"Acad\u00e9micos","item":"https:\/\/raed.academy\/ca\/academics\/"},{"@type":"ListItem","position":3,"name":"Excm. Sr. Dr. Juan Pedro Aznar Alarc\u00f3n"}]},{"@type":"WebSite","@id":"https:\/\/raed.academy\/ca\/#website","url":"https:\/\/raed.academy\/ca\/","name":"Reial Acad\u00e8mia Europea de Doctors","description":"Corporaci\u00f3n de derecho p\u00fablico de car\u00e1cter cient\u00edfico, t\u00e9cnico y art\u00edstico, que tiene por objeto la investigaci\u00f3n, el estudio, el fomento y la extensi\u00f3n del conocimiento en su sentido m\u00e1s amplio","publisher":{"@id":"https:\/\/raed.academy\/ca\/#organization"},"potentialAction":[{"@type":"SearchAction","target":{"@type":"EntryPoint","urlTemplate":"https:\/\/raed.academy\/ca\/?s={search_term_string}"},"query-input":{"@type":"PropertyValueSpecification","valueRequired":true,"valueName":"search_term_string"}}],"inLanguage":"ca-ES"},{"@type":"Organization","@id":"https:\/\/raed.academy\/ca\/#organization","name":"Real Academia Europea de Doctores","url":"https:\/\/raed.academy\/ca\/","logo":{"@type":"ImageObject","inLanguage":"ca-ES","@id":"https:\/\/raed.academy\/ca\/#\/schema\/logo\/image\/","url":"https:\/\/raed.academy\/wp-content\/uploads\/2017\/01\/cropped-logo_raed.png","contentUrl":"https:\/\/raed.academy\/wp-content\/uploads\/2017\/01\/cropped-logo_raed.png","width":512,"height":512,"caption":"Real Academia Europea de Doctores"},"image":{"@id":"https:\/\/raed.academy\/ca\/#\/schema\/logo\/image\/"},"sameAs":["http:\/\/fb.me\/raed.academy","https:\/\/x.com\/raedacademy","https:\/\/www.instagram.com\/raed.academy\/","https:\/\/www.youtube.com\/channel\/UCUYQwW2KrdirNWihxMDObwg"]}]}},"_links":{"self":[{"href":"https:\/\/raed.academy\/ca\/wp-json\/wp\/v2\/academico\/3113","targetHints":{"allow":["GET"]}}],"collection":[{"href":"https:\/\/raed.academy\/ca\/wp-json\/wp\/v2\/academico"}],"about":[{"href":"https:\/\/raed.academy\/ca\/wp-json\/wp\/v2\/types\/academico"}],"wp:attachment":[{"href":"https:\/\/raed.academy\/ca\/wp-json\/wp\/v2\/media?parent=3113"}],"wp:term":[{"taxonomy":"secciones","embeddable":true,"href":"https:\/\/raed.academy\/ca\/wp-json\/wp\/v2\/secciones?post=3113"},{"taxonomy":"tipo_academico","embeddable":true,"href":"https:\/\/raed.academy\/ca\/wp-json\/wp\/v2\/tipo_academico?post=3113"},{"taxonomy":"cargo","embeddable":true,"href":"https:\/\/raed.academy\/ca\/wp-json\/wp\/v2\/cargo?post=3113"}],"curies":[{"name":"wp","href":"https:\/\/api.w.org\/{rel}","templated":true}]}}