{"id":184108,"date":"2026-04-27T17:20:07","date_gmt":"2026-04-27T17:20:07","guid":{"rendered":"https:\/\/raed.academy\/?post_type=academico&#038;p=184108"},"modified":"2026-04-28T10:15:24","modified_gmt":"2026-04-28T10:15:24","slug":"dra-manuela-bosch-princep","status":"publish","type":"academico","link":"https:\/\/raed.academy\/ca\/academics\/dra-manuela-bosch-princep\/","title":{"rendered":"Excma. Sra. Dra. Manuela Bosch Pr\u00edncep"},"content":{"rendered":"<p>[et_pb_section fb_built=&#8221;1&#8243; admin_label=&#8221;Secci\u00f3n&#8221; _builder_version=&#8221;4.16&#8243; custom_padding=&#8221;0|0px|51.2px|0px|false|false&#8221; locked=&#8221;off&#8221; global_colors_info=&#8221;{}&#8221;][et_pb_row column_structure=&#8221;1_4,3_4&#8243; _builder_version=&#8221;4.27.4&#8243; background_size=&#8221;initial&#8221; background_position=&#8221;top_left&#8221; background_repeat=&#8221;repeat&#8221; max_width=&#8221;1400px&#8221; custom_padding=&#8221;0|0px|40px|0px|false|false&#8221; global_colors_info=&#8221;{}&#8221;][et_pb_column type=&#8221;1_4&#8243; _builder_version=&#8221;4.16&#8243; custom_padding=&#8221;|||&#8221; global_colors_info=&#8221;{}&#8221; custom_padding__hover=&#8221;|||&#8221;][et_pb_image src=&#8221;https:\/\/raed.academy\/wp-content\/uploads\/2026\/03\/Manuela-Bosch-Princep-imgcp-0.73.webp&#8221; alt=&#8221;Manuela Bosch Pr\u00edncep&#8221; title_text=&#8221;Dra. Manuela Bosch Pr\u00edncep&#8221; show_bottom_space=&#8221;off&#8221; align_tablet=&#8221;center&#8221; align_phone=&#8221;&#8221; align_last_edited=&#8221;on|desktop&#8221; admin_label=&#8221;Imagen &#8211; foto acad\u00e9mico&#8221; _builder_version=&#8221;4.27.5&#8243; max_width=&#8221;200px&#8221; custom_margin=&#8221;0px||0px|&#8221; custom_padding=&#8221;0px||0px|&#8221; animation_style=&#8221;fold&#8221; border_radii=&#8221;on|6px|6px|6px|6px&#8221; border_width_all=&#8221;2px&#8221; box_shadow_style=&#8221;preset2&#8243; global_colors_info=&#8221;{}&#8221;][\/et_pb_image][\/et_pb_column][et_pb_column type=&#8221;3_4&#8243; _builder_version=&#8221;4.16&#8243; custom_padding=&#8221;|||&#8221; global_colors_info=&#8221;{}&#8221; custom_padding__hover=&#8221;|||&#8221;][et_pb_text module_class=&#8221;infoAcademico&#8221; _builder_version=&#8221;4.27.5&#8243; global_colors_info=&#8221;{}&#8221;]<\/p>\n<div style=\"border: 2px solid #000; padding: 20px; background: #fff; margin-bottom: 25px; border-radius: 10px; box-shadow: 2px 2px 8px rgba(0,0,0,0.1);\">\n<p><strong>Acad\u00e8mica de N\u00famero<\/strong><\/p>\n<p><strong>Ci\u00e8ncies Tecnol\u00f2giques:<\/strong> Doctora en Ci\u00e8ncies Econ\u00f2miques i Empresarials<\/p>\n<p><strong>Data d\u2019ingr\u00e9s:<\/strong> 30 d\u2019abril de 2026<\/p>\n<p><strong>Discurs d\u2019ingr\u00e9s:<\/strong> <strong>\u201cEl necesario equilibrio entre el Estado, las empresas y los ciudadanos respecto de la prestaci\u00f3n de jubilaci\u00f3n&#8221;<\/strong><\/p>\n<p><strong>Respon:<\/strong> <a href=\"https:\/\/raed.academy\/academicos\/dra-maria-dels-angels-calvo-torras\/\"><strong>Exma. Sra. Dra. M. \u00c0ngels Calvo Torras<\/strong><\/a>, Doctora en Veterin\u00e0ria i en Farm\u00e0cia<\/p>\n<p><strong>Traject\u00f2ria destacada:<\/strong> Professora titular de la Universitat de Barcelona i actu\u00e0ria d\u2019assegurances, reconeguda per la seva aportaci\u00f3 a l\u2019\u00e0mbit actuarial i financer, amb una dedicaci\u00f3 especial a l\u2019estudi de les pensions p\u00fabliques i privades i a l\u2019educaci\u00f3 financera.<\/p>\n<\/div>\n<p>[\/et_pb_text][\/et_pb_column][\/et_pb_row][et_pb_row use_custom_gutter=&#8221;on&#8221; gutter_width=&#8221;1&#8243; module_class=&#8221;parent-column&#8221; _builder_version=&#8221;4.27.4&#8243; background_size=&#8221;initial&#8221; background_position=&#8221;top_left&#8221; background_repeat=&#8221;repeat&#8221; max_width=&#8221;1400px&#8221; custom_padding=&#8221;0|0px|25.6px|0px|false|false&#8221; global_colors_info=&#8221;{}&#8221;][et_pb_column type=&#8221;4_4&#8243; _builder_version=&#8221;4.16&#8243; custom_padding=&#8221;|||&#8221; global_colors_info=&#8221;{}&#8221; custom_padding__hover=&#8221;|||&#8221;][et_pb_divider color=&#8221;#828282&#8243; divider_weight=&#8221;2&#8243; admin_label=&#8221;Separador&#8221; _builder_version=&#8221;4.27.4&#8243; height=&#8221;2px&#8221; box_shadow_style=&#8221;preset2&#8243; global_colors_info=&#8221;{}&#8221;][\/et_pb_divider][et_pb_tabs _builder_version=&#8221;4.27.5&#8243; border_style=&#8221;solid&#8221; global_colors_info=&#8221;{}&#8221;][et_pb_tab title=&#8221;CURR\u00cdCULUM VITAE&#8221; _builder_version=&#8221;4.27.5&#8243; body_font=&#8221;||||&#8221; tab_font=&#8221;||||&#8221; global_colors_info=&#8221;{}&#8221;]<\/p>\n<h3>Manuela Bosch Pr\u00edncep<\/h3>\n<h4>Formaci\u00f3:<\/h4>\n<p>Doctora en Ci\u00e8ncies Econ\u00f2miques i Empresarials per la Universitat de Barcelona (1997).<\/p>\n<p>Tesi doctoral: \u201cModels de programaci\u00f3 estoc\u00e0stica aplicats a la cartera d\u2019un fons de pensions\u201d. Direcci\u00f3: Dra. Hortensia Fontanals Albiol.<\/p>\n<p>Llicenciada en Ci\u00e8ncies Econ\u00f2miques i Empresarials per la Universitat de Barcelona (1987).<\/p>\n<p>Actu\u00e0ria d\u2019Assegurances per la Universitat de Barcelona (1987).<\/p>\n<h4>Activitat professional:<\/h4>\n<p>Professora titular de la Universitat de Barcelona des de 2001. Adscrita al Departament de Matem\u00e0tica Econ\u00f2mica, Financera i Actuarial. Facultat d\u2019Economia i Empresa.<\/p>\n<p>Professora titular d\u2019Escola Universit\u00e0ria (1997-2001), professora titular interina (1995-1997), investigadora del Programa Doctorants Docents (1992-1995), consultora a GDS Consultores de Pensiones (1987-1992).<\/p>\n<h4>Traject\u00f2ria docent i investigadora:<\/h4>\n<p>Docent al m\u00e0ster de Ci\u00e8ncies Actuarials i Financeres, graus de Relacions Laborals, Administraci\u00f3 i Gesti\u00f3 d\u2019Empreses i Gesti\u00f3 i Administraci\u00f3 P\u00fablica.<\/p>\n<p>Autora d\u2019articles i llibres relacionats amb les pensions p\u00fabliques i privades i amb l\u2019educaci\u00f3 financera en edats primerenques.<\/p>\n<p>Transfer\u00e8ncia de coneixement en empreses i institucions a trav\u00e9s de la Fundaci\u00f3 Bosch i Gimpera.<\/p>\n<h4>Gesti\u00f3:<\/h4>\n<p>Coordinadora del m\u00e0ster de Ci\u00e8ncies Actuarials i Financeres (2018-2022).<\/p>\n<p>Degana de la Facultat d\u2019Empresa i Comunicaci\u00f3 de la Universitat de Vic (2002-2006). Perm\u00eds especial del rectorat de la Universitat de Barcelona.<\/p>\n<h4>Col\u00b7legiaci\u00f3 professional:<\/h4>\n<p>Membre del Col\u00b7legi d\u2019Actuaris de Catalunya n. 128 i de l\u2019Instituto de Actuarios Espa\u00f1oles n. 4312.<\/p>\n<p>[\/et_pb_tab][et_pb_tab title=&#8221;GALERIA&#8221; _builder_version=&#8221;4.27.5&#8243; body_font=&#8221;||||&#8221; tab_font=&#8221;||||&#8221; global_colors_info=&#8221;{}&#8221;]<\/p>\n<div class=\"divi-module-destination\"> <\/div>\n<p>[\/et_pb_tab][et_pb_tab title=&#8221;V\u00cdDEO&#8221; _builder_version=&#8221;4.27.5&#8243; _module_preset=&#8221;default&#8221; hover_enabled=&#8221;0&#8243; global_colors_info=&#8221;{}&#8221; sticky_enabled=&#8221;0&#8243;]<iframe loading=\"lazy\" width=\"1350\" height=\"759\" src=\"https:\/\/www.youtube.com\/embed\/yR6iu7nPGxM\" title=\"Sesi\u00f3n de recepci\u00f3n como Acad\u00e9mica de N\u00famero de la Dra. Manuela Bosch Pr\u00edncep\" frameborder=\"0\" allow=\"accelerometer; autoplay; clipboard-write; encrypted-media; gyroscope; picture-in-picture; web-share\" referrerpolicy=\"strict-origin-when-cross-origin\" allowfullscreen><\/iframe>[\/et_pb_tab][\/et_pb_tabs][et_pb_gallery gallery_ids=&#8221;183941&#8243; posts_number=&#8221;16&#8243; show_title_and_caption=&#8221;off&#8221; show_pagination=&#8221;off&#8221; admin_label=&#8221;Galer\u00eda&#8221; module_class=&#8221;divi-portable-module galeria-pad-1&#8243; _builder_version=&#8221;4.27.5&#8243; _module_preset=&#8221;default&#8221; locked=&#8221;off&#8221; global_colors_info=&#8221;{}&#8221;][\/et_pb_gallery][et_pb_code admin_label=&#8221;C\u00f3digo&#8221; _builder_version=&#8221;4.27.4&#8243; _module_preset=&#8221;default&#8221; locked=&#8221;off&#8221; global_colors_info=&#8221;{}&#8221;]<script><!-- [et_pb_line_break_holder] -->(function ($) {<!-- [et_pb_line_break_holder] -->  $(document).ready(function () {<!-- [et_pb_line_break_holder] --> <!-- [et_pb_line_break_holder] -->    \/\/ Option #1: Move Divi Module(s) into a Module<!-- [et_pb_line_break_holder] -->    \/\/ Limit: One Instance per Column<!-- [et_pb_line_break_holder] -->    \/\/ Use following code if you want to move <!-- [et_pb_line_break_holder] -->    \/\/ a module inside another module. Each column with the<!-- [et_pb_line_break_holder] -->    \/\/ class 'parent-column' will append any module(s)<!-- [et_pb_line_break_holder] -->    \/\/ with the class 'divi-portable-module' to the div<!-- [et_pb_line_break_holder] -->    \/\/ with the class 'divi-module-destination'.<!-- [et_pb_line_break_holder] -->    \/\/ Only one instance of 'divi-module-destination' should<!-- [et_pb_line_break_holder] -->    \/\/ be added per column.<!-- [et_pb_line_break_holder] -->    $('.divi-portable-module').each(function () {<!-- [et_pb_line_break_holder] -->      $(this).closest('.parent-column').find('.divi-module-destination').append($(this));<!-- [et_pb_line_break_holder] -->    });<!-- [et_pb_line_break_holder] -->     <!-- [et_pb_line_break_holder] -->    \/\/ Buttons: Insert Button Module(s) into a Module<!-- [et_pb_line_break_holder] -->    \/\/ Adding a custom CSS class to a button module<!-- [et_pb_line_break_holder] -->    \/\/ is applied to the 'a' tag which is a child element<!-- [et_pb_line_break_holder] -->    \/\/ of the module wrapper. This code makes sure to append<!-- [et_pb_line_break_holder] -->    \/\/ the entire button module wrapper (the parent element)<!-- [et_pb_line_break_holder] -->    \/\/ as well. This functionality is the same as option #3 above.<!-- [et_pb_line_break_holder] -->    \/\/ Siimply use the class 'divi-portable-button' on a button module<!-- [et_pb_line_break_holder] -->    \/\/ instead of 'divi-portable-module'.<!-- [et_pb_line_break_holder] -->    $('.divi-portable-button').parent().each(function () {<!-- [et_pb_line_break_holder] -->      $(this).closest('.parent-column').find('.divi-module-destination').append($(this));<!-- [et_pb_line_break_holder] -->    });<!-- [et_pb_line_break_holder] --> <!-- [et_pb_line_break_holder] -->    \/\/ Option #2: Move Divi Row(s) into a Module<!-- [et_pb_line_break_holder] -->    \/\/ Limit: One Instance per Section<!-- [et_pb_line_break_holder] -->    \/\/ Use the following code if you want to move <!-- [et_pb_line_break_holder] -->    \/\/ a row inside a module on more than one section<!-- [et_pb_line_break_holder] -->    \/\/ of a page. Each section with the<!-- [et_pb_line_break_holder] -->    \/\/ class 'parent-section' will append any row(s)<!-- [et_pb_line_break_holder] -->    \/\/ with the class 'divi-portable-row' to the div<!-- [et_pb_line_break_holder] -->    \/\/ with the class 'divi-row-destination'.<!-- [et_pb_line_break_holder] -->    \/\/ Only one instance of 'divi-row-destination' should<!-- [et_pb_line_break_holder] -->    \/\/ be added per section.<!-- [et_pb_line_break_holder] -->    $('.divi-portable-row').each(function () {<!-- [et_pb_line_break_holder] -->      $(this).closest('.parent-section').find('.divi-row-destination').append($(this));<!-- [et_pb_line_break_holder] -->    });<!-- [et_pb_line_break_holder] --> <!-- [et_pb_line_break_holder] -->  });<!-- [et_pb_line_break_holder] -->})(jQuery);<!-- [et_pb_line_break_holder] --><\/script>[\/et_pb_code][\/et_pb_column][\/et_pb_row][\/et_pb_section]<\/p>\n","protected":false},"featured_media":0,"template":"","meta":{"_et_pb_use_builder":"on","_et_pb_old_content":"","_et_gb_content_width":""},"secciones":[699,908,547],"tipo_academico":[746],"cargo":[],"class_list":["post-184108","academico","type-academico","status-publish","hentry","secciones-administracio-i-direccio-dempreses","secciones-ciencies-economiques","secciones-ciencies-socials","tipo_academico-de-numero-ca"],"yoast_head":"<!-- This site is optimized with the Yoast SEO plugin v27.4 - https:\/\/yoast.com\/product\/yoast-seo-wordpress\/ -->\n<title>Excma. Sra. Dra. Manuela Bosch Pr\u00edncep - Reial Acad\u00e8mia Europea de Doctors<\/title>\n<meta name=\"robots\" content=\"index, follow, max-snippet:-1, max-image-preview:large, max-video-preview:-1\" \/>\n<link rel=\"canonical\" href=\"https:\/\/raed.academy\/ca\/academics\/dra-manuela-bosch-princep\/\" \/>\n<meta property=\"og:locale\" content=\"ca_ES\" \/>\n<meta property=\"og:type\" content=\"article\" \/>\n<meta property=\"og:title\" content=\"Excma. Sra. Dra. Manuela Bosch Pr\u00edncep - Reial Acad\u00e8mia Europea de Doctors\" \/>\n<meta property=\"og:description\" content=\"Acad\u00e8mica de N\u00famero Ci\u00e8ncies Tecnol\u00f2giques: Doctora en Ci\u00e8ncies Econ\u00f2miques i Empresarials Data d\u2019ingr\u00e9s: 30 d\u2019abril de 2026 Discurs d\u2019ingr\u00e9s: \u201cEl necesario equilibrio entre el Estado, las empresas y los ciudadanos respecto de la prestaci\u00f3n de jubilaci\u00f3n&quot; Respon: Exma. Sra. Dra. M. \u00c0ngels Calvo Torras, Doctora en Veterin\u00e0ria i en Farm\u00e0cia Traject\u00f2ria destacada: Professora titular de [&hellip;]\" \/>\n<meta property=\"og:url\" content=\"https:\/\/raed.academy\/ca\/academics\/dra-manuela-bosch-princep\/\" \/>\n<meta property=\"og:site_name\" content=\"Reial Acad\u00e8mia Europea de Doctors\" \/>\n<meta property=\"article:publisher\" content=\"http:\/\/fb.me\/raed.academy\" \/>\n<meta property=\"article:modified_time\" content=\"2026-04-28T10:15:24+00:00\" \/>\n<meta name=\"twitter:card\" content=\"summary_large_image\" \/>\n<meta name=\"twitter:site\" content=\"@raedacademy\" \/>\n<meta name=\"twitter:label1\" content=\"Est. reading time\" \/>\n\t<meta name=\"twitter:data1\" content=\"2 minutes\" \/>\n<script type=\"application\/ld+json\" class=\"yoast-schema-graph\">{\"@context\":\"https:\\\/\\\/schema.org\",\"@graph\":[{\"@type\":\"WebPage\",\"@id\":\"https:\\\/\\\/raed.academy\\\/ca\\\/academics\\\/dra-manuela-bosch-princep\\\/\",\"url\":\"https:\\\/\\\/raed.academy\\\/ca\\\/academics\\\/dra-manuela-bosch-princep\\\/\",\"name\":\"Excma. Sra. Dra. Manuela Bosch Pr\u00edncep - Reial Acad\u00e8mia Europea de Doctors\",\"isPartOf\":{\"@id\":\"https:\\\/\\\/raed.academy\\\/ca\\\/#website\"},\"datePublished\":\"2026-04-27T17:20:07+00:00\",\"dateModified\":\"2026-04-28T10:15:24+00:00\",\"breadcrumb\":{\"@id\":\"https:\\\/\\\/raed.academy\\\/ca\\\/academics\\\/dra-manuela-bosch-princep\\\/#breadcrumb\"},\"inLanguage\":\"ca-ES\",\"potentialAction\":[{\"@type\":\"ReadAction\",\"target\":[\"https:\\\/\\\/raed.academy\\\/ca\\\/academics\\\/dra-manuela-bosch-princep\\\/\"]}]},{\"@type\":\"BreadcrumbList\",\"@id\":\"https:\\\/\\\/raed.academy\\\/ca\\\/academics\\\/dra-manuela-bosch-princep\\\/#breadcrumb\",\"itemListElement\":[{\"@type\":\"ListItem\",\"position\":1,\"name\":\"Inicio\",\"item\":\"https:\\\/\\\/raed.academy\\\/ca\\\/\"},{\"@type\":\"ListItem\",\"position\":2,\"name\":\"Acad\u00e9micos\",\"item\":\"https:\\\/\\\/raed.academy\\\/ca\\\/academics\\\/\"},{\"@type\":\"ListItem\",\"position\":3,\"name\":\"Excma. Sra. Dra. Manuela Bosch Pr\u00edncep\"}]},{\"@type\":\"WebSite\",\"@id\":\"https:\\\/\\\/raed.academy\\\/ca\\\/#website\",\"url\":\"https:\\\/\\\/raed.academy\\\/ca\\\/\",\"name\":\"Reial Acad\u00e8mia Europea de Doctors\",\"description\":\"Corporaci\u00f3n de derecho p\u00fablico de car\u00e1cter cient\u00edfico, t\u00e9cnico y art\u00edstico, que tiene por objeto la investigaci\u00f3n, el estudio, el fomento y la extensi\u00f3n del conocimiento en su sentido m\u00e1s amplio\",\"publisher\":{\"@id\":\"https:\\\/\\\/raed.academy\\\/ca\\\/#organization\"},\"potentialAction\":[{\"@type\":\"SearchAction\",\"target\":{\"@type\":\"EntryPoint\",\"urlTemplate\":\"https:\\\/\\\/raed.academy\\\/ca\\\/?s={search_term_string}\"},\"query-input\":{\"@type\":\"PropertyValueSpecification\",\"valueRequired\":true,\"valueName\":\"search_term_string\"}}],\"inLanguage\":\"ca-ES\"},{\"@type\":\"Organization\",\"@id\":\"https:\\\/\\\/raed.academy\\\/ca\\\/#organization\",\"name\":\"Real Academia Europea de Doctores\",\"url\":\"https:\\\/\\\/raed.academy\\\/ca\\\/\",\"logo\":{\"@type\":\"ImageObject\",\"inLanguage\":\"ca-ES\",\"@id\":\"https:\\\/\\\/raed.academy\\\/ca\\\/#\\\/schema\\\/logo\\\/image\\\/\",\"url\":\"https:\\\/\\\/raed.academy\\\/wp-content\\\/uploads\\\/2017\\\/01\\\/cropped-logo_raed.png\",\"contentUrl\":\"https:\\\/\\\/raed.academy\\\/wp-content\\\/uploads\\\/2017\\\/01\\\/cropped-logo_raed.png\",\"width\":512,\"height\":512,\"caption\":\"Real Academia Europea de Doctores\"},\"image\":{\"@id\":\"https:\\\/\\\/raed.academy\\\/ca\\\/#\\\/schema\\\/logo\\\/image\\\/\"},\"sameAs\":[\"http:\\\/\\\/fb.me\\\/raed.academy\",\"https:\\\/\\\/x.com\\\/raedacademy\",\"https:\\\/\\\/www.instagram.com\\\/raed.academy\\\/\",\"https:\\\/\\\/www.youtube.com\\\/channel\\\/UCUYQwW2KrdirNWihxMDObwg\"]}]}<\/script>\n<!-- \/ Yoast SEO plugin. -->","yoast_head_json":{"title":"Excma. Sra. Dra. Manuela Bosch Pr\u00edncep - Reial Acad\u00e8mia Europea de Doctors","robots":{"index":"index","follow":"follow","max-snippet":"max-snippet:-1","max-image-preview":"max-image-preview:large","max-video-preview":"max-video-preview:-1"},"canonical":"https:\/\/raed.academy\/ca\/academics\/dra-manuela-bosch-princep\/","og_locale":"ca_ES","og_type":"article","og_title":"Excma. Sra. Dra. Manuela Bosch Pr\u00edncep - Reial Acad\u00e8mia Europea de Doctors","og_description":"La RAED organitza i duu a terme una s\u00e8rie d'activitats concentrades en un mes i mig que van comptar amb la implicaci\u00f3 activa de nombrosos acad\u00e8mics. Recepci\u00f3 de quatre acad\u00e8mics corresponents (Stavroula-Ina Piperaki per a Gr\u00e8cia, Stephen Zeff i David B. Wilkins per als Estats Units i Llu\u00eds Vicent Safont per a Andorra) Taula rodona [&hellip;]","og_url":"https:\/\/raed.academy\/ca\/academics\/dra-manuela-bosch-princep\/","og_site_name":"Reial Acad\u00e8mia Europea de Doctors","article_publisher":"http:\/\/fb.me\/raed.academy","article_modified_time":"2026-04-28T10:15:24+00:00","twitter_card":"summary_large_image","twitter_site":"@raedacademy","twitter_misc":{"Est. reading time":"2 minutes"},"schema":{"@context":"https:\/\/schema.org","@graph":[{"@type":"WebPage","@id":"https:\/\/raed.academy\/ca\/academics\/dra-manuela-bosch-princep\/","url":"https:\/\/raed.academy\/ca\/academics\/dra-manuela-bosch-princep\/","name":"Excma. Sra. Dra. Manuela Bosch Pr\u00edncep - Reial Acad\u00e8mia Europea de Doctors","isPartOf":{"@id":"https:\/\/raed.academy\/ca\/#website"},"datePublished":"2026-04-27T17:20:07+00:00","dateModified":"2026-04-28T10:15:24+00:00","breadcrumb":{"@id":"https:\/\/raed.academy\/ca\/academics\/dra-manuela-bosch-princep\/#breadcrumb"},"inLanguage":"ca-ES","potentialAction":[{"@type":"ReadAction","target":["https:\/\/raed.academy\/ca\/academics\/dra-manuela-bosch-princep\/"]}]},{"@type":"BreadcrumbList","@id":"https:\/\/raed.academy\/ca\/academics\/dra-manuela-bosch-princep\/#breadcrumb","itemListElement":[{"@type":"ListItem","position":1,"name":"Inicio","item":"https:\/\/raed.academy\/ca\/"},{"@type":"ListItem","position":2,"name":"Acad\u00e9micos","item":"https:\/\/raed.academy\/ca\/academics\/"},{"@type":"ListItem","position":3,"name":"Excma. Sra. Dra. Manuela Bosch Pr\u00edncep"}]},{"@type":"WebSite","@id":"https:\/\/raed.academy\/ca\/#website","url":"https:\/\/raed.academy\/ca\/","name":"Reial Acad\u00e8mia Europea de Doctors","description":"Corporaci\u00f3n de derecho p\u00fablico de car\u00e1cter cient\u00edfico, t\u00e9cnico y art\u00edstico, que tiene por objeto la investigaci\u00f3n, el estudio, el fomento y la extensi\u00f3n del conocimiento en su sentido m\u00e1s amplio","publisher":{"@id":"https:\/\/raed.academy\/ca\/#organization"},"potentialAction":[{"@type":"SearchAction","target":{"@type":"EntryPoint","urlTemplate":"https:\/\/raed.academy\/ca\/?s={search_term_string}"},"query-input":{"@type":"PropertyValueSpecification","valueRequired":true,"valueName":"search_term_string"}}],"inLanguage":"ca-ES"},{"@type":"Organization","@id":"https:\/\/raed.academy\/ca\/#organization","name":"Real Academia Europea de Doctores","url":"https:\/\/raed.academy\/ca\/","logo":{"@type":"ImageObject","inLanguage":"ca-ES","@id":"https:\/\/raed.academy\/ca\/#\/schema\/logo\/image\/","url":"https:\/\/raed.academy\/wp-content\/uploads\/2017\/01\/cropped-logo_raed.png","contentUrl":"https:\/\/raed.academy\/wp-content\/uploads\/2017\/01\/cropped-logo_raed.png","width":512,"height":512,"caption":"Real Academia Europea de Doctores"},"image":{"@id":"https:\/\/raed.academy\/ca\/#\/schema\/logo\/image\/"},"sameAs":["http:\/\/fb.me\/raed.academy","https:\/\/x.com\/raedacademy","https:\/\/www.instagram.com\/raed.academy\/","https:\/\/www.youtube.com\/channel\/UCUYQwW2KrdirNWihxMDObwg"]}]}},"_links":{"self":[{"href":"https:\/\/raed.academy\/ca\/wp-json\/wp\/v2\/academico\/184108","targetHints":{"allow":["GET"]}}],"collection":[{"href":"https:\/\/raed.academy\/ca\/wp-json\/wp\/v2\/academico"}],"about":[{"href":"https:\/\/raed.academy\/ca\/wp-json\/wp\/v2\/types\/academico"}],"wp:attachment":[{"href":"https:\/\/raed.academy\/ca\/wp-json\/wp\/v2\/media?parent=184108"}],"wp:term":[{"taxonomy":"secciones","embeddable":true,"href":"https:\/\/raed.academy\/ca\/wp-json\/wp\/v2\/secciones?post=184108"},{"taxonomy":"tipo_academico","embeddable":true,"href":"https:\/\/raed.academy\/ca\/wp-json\/wp\/v2\/tipo_academico?post=184108"},{"taxonomy":"cargo","embeddable":true,"href":"https:\/\/raed.academy\/ca\/wp-json\/wp\/v2\/cargo?post=184108"}],"curies":[{"name":"wp","href":"https:\/\/api.w.org\/{rel}","templated":true}]}}