{"id":15750,"date":"2016-11-14T15:59:46","date_gmt":"2016-11-14T15:59:46","guid":{"rendered":"http:\/\/raed.academy\/?page_id=15750"},"modified":"2025-04-11T09:43:53","modified_gmt":"2025-04-11T09:43:53","slug":"dr-jose-antonio-segarra-torres","status":"publish","type":"academico","link":"https:\/\/raed.academy\/ca\/academics\/dr-jose-antonio-segarra-torres\/","title":{"rendered":"Excm. Sr. Dr. Jos\u00e9 Antonio Segarra"},"content":{"rendered":"<p>[et_pb_section fb_built=&#8221;1&#8243; _builder_version=&#8221;3.22&#8243;][et_pb_row _builder_version=&#8221;3.25&#8243; background_size=&#8221;initial&#8221; background_position=&#8221;top_left&#8221; background_repeat=&#8221;repeat&#8221; custom_margin=&#8221;0px||0px|&#8221; custom_padding=&#8221;0|0px|0|0px|false|false&#8221; column_structure=&#8221;1_4,3_4&#8243;][et_pb_column type=&#8221;1_4&#8243; _builder_version=&#8221;3.25&#8243; custom_padding=&#8221;|||&#8221; custom_padding__hover=&#8221;|||&#8221;][et_pb_image src=&#8221;https:\/\/raed.academy\/wp-content\/uploads\/2019\/10\/Jose-Antonio-Segarra-Torres-450x620px.jpg&#8221; show_bottom_space=&#8221;off&#8221; align_tablet=&#8221;center&#8221; align_last_edited=&#8221;on|desktop&#8221; admin_label=&#8221;Imagen &#8211; foto acad\u00e9mico&#8221; _builder_version=&#8221;4.0.2&#8243; max_width=&#8221;85%&#8221; custom_margin=&#8221;0px||0px|&#8221; custom_padding=&#8221;0px||0px|&#8221; animation_style=&#8221;fold&#8221; hover_enabled=&#8221;0&#8243; border_radii=&#8221;on|6px|6px|6px|6px&#8221; border_width_all=&#8221;2px&#8221; box_shadow_style=&#8221;preset2&#8243;][\/et_pb_image][\/et_pb_column][et_pb_column type=&#8221;3_4&#8243; _builder_version=&#8221;3.25&#8243; custom_padding=&#8221;|||&#8221; custom_padding__hover=&#8221;|||&#8221;][et_pb_text module_class=&#8221;infoAcademico&#8221; _builder_version=&#8221;3.27.4&#8243;]<\/p>\n<p><strong>Acad\u00e8mic Numerari<\/strong><\/p>\n<p><strong>Ci\u00e8ncies socials:<\/strong> Dr. en Direcci\u00f3 d&#8217;Empreses<\/p>\n<p><strong>Data d&#8217;ingr\u00e9s:\u00a0<\/strong>03\/11\/2016<\/p>\n<p><strong>Discurs d\u00edngr\u00e9s:\u00a0<\/strong><a href=\"http:\/\/raed.academy\/wp-content\/uploads\/2016\/11\/La-empresa-social-compitiendo.pdf\" target=\"_blank\" rel=\"noopener noreferrer\">La empresa social compitiendo en el mercado: principios de buen gobierno<\/a><\/p>\n<p><strong>Discurs de resposta:\u00a0<\/strong><a href=\"http:\/\/raed.academy\/ca\/academics\/dr-miguel-angel-gallo-laguna-de-rins\/\" target=\"_blank\" rel=\"noopener noreferrer\">Dr. Miguel \u00c1ngel Gallo Laguna de Rins<\/a><\/p>\n<p>[\/et_pb_text][\/et_pb_column][\/et_pb_row][et_pb_row _builder_version=&#8221;3.25&#8243; background_size=&#8221;initial&#8221; background_position=&#8221;top_left&#8221; background_repeat=&#8221;repeat&#8221;][et_pb_column type=&#8221;4_4&#8243; _builder_version=&#8221;3.25&#8243; custom_padding=&#8221;|||&#8221; custom_padding__hover=&#8221;|||&#8221;][et_pb_divider color=&#8221;#828282&#8243; divider_weight=&#8221;2&#8243; _builder_version=&#8221;3.12.2&#8243; height=&#8221;2px&#8221; box_shadow_style=&#8221;preset2&#8243;][\/et_pb_divider][et_pb_tabs _builder_version=&#8221;3.12.2&#8243;][et_pb_tab title=&#8221;CURR\u00cdCULUM VITAE&#8221; _builder_version=&#8221;3.12.2&#8243;]Jos\u00e9 Antonio Segarra \u00e9s Professor Ordinari del departament de M\u00e0rqueting de l&#8217;IESE, on imparteix sessions de direcci\u00f3 comercial i de govern de petites i mitjanes empreses. Les seves \u00e0rees d&#8217;investigaci\u00f3 i treball professional inclouen: la transformaci\u00f3 cap a l&#8217;orientaci\u00f3 comercial de les organitzacions, la direcci\u00f3 d&#8217;equips de vendes, els processos de reestructuraci\u00f3 i reflotament, el govern corporatiu en empreses familiars i el govern d&#8217;empreses socials.<\/p>\n<p>A m\u00e9s de la seva activitat docent a l&#8217;IESE, \u00e9s professor visitant en diverses universitats europees i llatinoamericanes. \u00c9s autor de diversos llibres i de 170 casos i notes t\u00e8cniques en els \u00e0mbits de M\u00e0rqueting, Vendes, i petites i mitjanes empreses.<\/p>\n<p>La seva experi\u00e8ncia professional abasta projectes d&#8217;estrat\u00e8gia i transformaci\u00f3 comercial realitzats durant els \u00faltims 30 anys per a empreses de l&#8217;IBEX 35 a Espanya, Europa i Llatinoam\u00e8rica -Argentina, Brasil, Xile, Col\u00f2mbia, Equador, M\u00e8xic, Per\u00fa, i Vene\u00e7uela-.<\/p>\n<p>Conseller de diversos grups familiars, realitza ordin\u00e0riament col\u00b7laboracions en els \u00e0mbits de negoci, desenvolupament corporatiu i reestructuracions i reflotament. La seva activitat professional s&#8217;est\u00e9n tamb\u00e9 com a empresari amb iniciatives en sectors industrials i de serveis i en els patronats de diverses fundacions educatives i assistencials.<\/p>\n<p><strong>Educaci\u00f3<\/strong><\/p>\n<p>Universitat de Navarra. IESE Business School. Barcelona. Espanya<br \/>\nDoctor en Administraci\u00f3 d&#8217;empreses 1992-1996.<\/p>\n<p>Universitat de Navarra. IESE Business School. Barcelona. Espanya<br \/>\nM\u00e0ster en Economia i Direcci\u00f3 d&#8217;Empreses (1978-1980)<\/p>\n<p>Universitat Polit\u00e8cnica de Catalunya, Escola T\u00e8cnica Superior d&#8217;Enginyers Industrials de Barcelona. Espanya.<br \/>\n1973-1978. Enginyer Industrial (especialitat Organitzaci\u00f3 Industrial).<\/p>\n<p>\u00c0mbit professional<\/p>\n<p><strong>Doc\u00e8ncia<\/strong>:<\/p>\n<p>IESE Business School. Barcelona. Espanya.<br \/>\n1980-2016. Departament de Direcci\u00f3 Comercial. Professor en els programes MBA, EMBA i Perfeccionament Directiu dels diferents m\u00f2duls de M\u00e0rqueting Management. Professor responsable del curs de Direcci\u00f3 de petites i mitjanes empreses.<br \/>\nProfessor visitant: Universitat dels Andes (Santiago. Xile), Universitat de Piura (Piura. Per\u00fa), Universitat de Montevideo (Montevideo. Uruguai), Institut Getulio Vargas (Sao Paulo. Brasil) AESE (Lisboa. Portugal) i Institut Internacional Sant Telmo (Sevilla. Espanya).<\/p>\n<p><strong>Empresa<\/strong>:<\/p>\n<p>1992-2012 Conseller General de La Caixa.<br \/>\n1987-2016 Accionista i conseller dominical en diverses empreses del sector serveis i ind\u00fastria, cotitzades i de private equity.<br \/>\n1985-1995 Facultat associate The Mac Group i Gemini Consulting.<br \/>\n1980-2016 Consultoria i assessorament executiu en empreses familiars. 180 projectes realitzats en els \u00e0mbits de negoci, organitzaci\u00f3, govern corporatiu, adquisicions i vendes, expansi\u00f3 internacional, reestructuracions i reflotament.<br \/>\n1995-2014 Facultat Parthner Europraxis Consulting (grup Indra).<br \/>\nConsultoria en estrat\u00e8gia, organitzaci\u00f3 i implementaci\u00f3 comercial. Responsable del desenvolupament del client Telef\u00f3nica, dirigint tots els projectes de desenvolupament comercial a Europa (Espanya, Anglaterra, Irlanda, It\u00e0lia, Alemanya i Tx\u00e8quia) i Llatinoam\u00e8rica (M\u00e8xic, Brasil, Argentina, Xile, Per\u00fa, Col\u00f2mbia, Vene\u00e7uela, Puerto Rico i Guatemala ).<br \/>\n2003-2013 Patr\u00f3 Fundaci\u00f3 Codespa.<br \/>\n2005-2010 President M\u00fatua d&#8217;assegurances MAPRES.<br \/>\n2009-2016 Patr\u00f3 Fundaci\u00f3 Escola Teresiana.<br \/>\n2009-2016 Patr\u00f3 Fundaci\u00f3 La Fageda.<\/p>\n<p><strong>Publicacions<\/strong><\/p>\n<p>&#8220;Escoltant la veu del Mercat: decisions de segmentaci\u00f3 i posicionament&#8221; amb Pedro Agell. Eunsa (Edicions Universitat de Navarra) 2001.<br \/>\n&#8220;Investigaci\u00f3 de mercats&#8221; amb Pedro Agell. foli 1997<br \/>\n&#8220;Comercialitzaci\u00f3 agropecu\u00e0ria&#8221; amb Joan Farran. Eunsa 1997.<br \/>\n&#8220;Les Euro-PMI&#8221; amb Miguel Angel Gall. Gesti\u00f3 Econ\u00f2mica. 1997.<br \/>\n&#8220;El comportament financer de les fam\u00edlies: implicacions per als enfocaments de segmentaci\u00f3 d&#8217;entitats financeres&#8221;. Tesi doctoral. IESE 1996<br \/>\n&#8220;Customer service en l\u00ednia: The HP DesignJet&#8221;. In: Michael R. Czinkota, Ilkka A. Ronkainen. International Marketing. Fort Worth, TX: Harcourt College Publishers, 2001. pp 792-798 (The Harcourt series in m\u00e0rqueting).<br \/>\n&#8220;Customer service en l\u00ednia: The HP DesignJet&#8221;. In: Subhash C. Jain. International Marketing. Cincinnati, Ohio: Thomson South-Western, 2001. pp 131-145<br \/>\nEscriptura de 170 casos de negoci, notes t\u00e8cniques, documents d&#8217;investigaci\u00f3 i articles en les \u00e0rees de M\u00e0rqueting, Vendes i Petita i Mitjana Empresa.<\/p>\n<div class='et-box et-shadow'>\n\t\t\t\t\t<div class='et-box-content'><h3><a href=\"http:\/\/raed.academy\/wp-content\/uploads\/2016\/11\/CV-extenso-Prof.-J.-A.-Segarra.pdf\" target=\"_blank\" rel=\"noopener noreferrer\">CURR\u00cdCULUM VITAE EXTENS<\/a><\/h3><\/div><\/div>[\/et_pb_tab][et_pb_tab title=&#8221;V\u00cdDEO&#8221; _builder_version=&#8221;3.12.2&#8243;]<br \/>\n[\/et_pb_tab][et_pb_tab title=&#8221;GALERIA DE FOTOGRAFIES&#8221; _builder_version=&#8221;3.12.2&#8243;]\n\t\t<style type=\"text\/css\">\n\t\t\t#gallery-1 {\n\t\t\t\tmargin: auto;\n\t\t\t}\n\t\t\t#gallery-1 .gallery-item {\n\t\t\t\tfloat: left;\n\t\t\t\tmargin-top: 10px;\n\t\t\t\ttext-align: center;\n\t\t\t\twidth: 25%;\n\t\t\t}\n\t\t\t#gallery-1 img {\n\t\t\t\tborder: 2px solid #cfcfcf;\n\t\t\t}\n\t\t\t#gallery-1 .gallery-caption {\n\t\t\t\tmargin-left: 0;\n\t\t\t}\n\t\t\t\/* see gallery_shortcode() in wp-includes\/media.php *\/\n\t\t<\/style>\n\t\t<div id='gallery-1' class='gallery galleryid-15750 gallery-columns-4 gallery-size-thumbnail'><dl class='gallery-item'>\n\t\t\t<dt class='gallery-icon landscape'>\n\t\t\t\t<a href='https:\/\/raed.academy\/wp-content\/uploads\/2016\/11\/9791-095.jpg'><img loading=\"lazy\" decoding=\"async\" width=\"150\" height=\"150\" src=\"https:\/\/raed.academy\/wp-content\/uploads\/2016\/11\/9791-095-150x150.jpg\" class=\"attachment-thumbnail size-thumbnail\" alt=\"Acto de ingreso en la RAED del Dr. Jos\u00e9 Antonio Segarra Torres\" srcset=\"https:\/\/raed.academy\/wp-content\/uploads\/2016\/11\/9791-095-150x150.jpg 150w, https:\/\/raed.academy\/wp-content\/uploads\/2016\/11\/9791-095-66x66.jpg 66w\" sizes=\"(max-width: 150px) 100vw, 150px\" \/><\/a>\n\t\t\t<\/dt><\/dl><dl class='gallery-item'>\n\t\t\t<dt class='gallery-icon landscape'>\n\t\t\t\t<a href='https:\/\/raed.academy\/wp-content\/uploads\/2016\/11\/9791-045.jpg'><img loading=\"lazy\" decoding=\"async\" width=\"150\" height=\"150\" src=\"https:\/\/raed.academy\/wp-content\/uploads\/2016\/11\/9791-045-150x150.jpg\" class=\"attachment-thumbnail size-thumbnail\" alt=\"Acto de ingreso en la RAED del Dr. Jos\u00e9 Antonio Segarra Torres\" srcset=\"https:\/\/raed.academy\/wp-content\/uploads\/2016\/11\/9791-045-150x150.jpg 150w, https:\/\/raed.academy\/wp-content\/uploads\/2016\/11\/9791-045-66x66.jpg 66w\" sizes=\"(max-width: 150px) 100vw, 150px\" \/><\/a>\n\t\t\t<\/dt><\/dl><dl class='gallery-item'>\n\t\t\t<dt class='gallery-icon landscape'>\n\t\t\t\t<a href='https:\/\/raed.academy\/wp-content\/uploads\/2016\/11\/9791-037.jpg'><img loading=\"lazy\" decoding=\"async\" width=\"150\" height=\"150\" src=\"https:\/\/raed.academy\/wp-content\/uploads\/2016\/11\/9791-037-150x150.jpg\" class=\"attachment-thumbnail size-thumbnail\" alt=\"Acto de ingreso en la RAED del Dr. Jos\u00e9 Antonio Segarra Torres\" srcset=\"https:\/\/raed.academy\/wp-content\/uploads\/2016\/11\/9791-037-150x150.jpg 150w, https:\/\/raed.academy\/wp-content\/uploads\/2016\/11\/9791-037-66x66.jpg 66w\" sizes=\"(max-width: 150px) 100vw, 150px\" \/><\/a>\n\t\t\t<\/dt><\/dl><dl class='gallery-item'>\n\t\t\t<dt class='gallery-icon landscape'>\n\t\t\t\t<a href='https:\/\/raed.academy\/wp-content\/uploads\/2016\/11\/9791-036.jpg'><img loading=\"lazy\" decoding=\"async\" width=\"150\" height=\"150\" src=\"https:\/\/raed.academy\/wp-content\/uploads\/2016\/11\/9791-036-150x150.jpg\" class=\"attachment-thumbnail size-thumbnail\" alt=\"Acto de ingreso en la RAED del Dr. Jos\u00e9 Antonio Segarra Torres\" srcset=\"https:\/\/raed.academy\/wp-content\/uploads\/2016\/11\/9791-036-150x150.jpg 150w, https:\/\/raed.academy\/wp-content\/uploads\/2016\/11\/9791-036-66x66.jpg 66w\" sizes=\"(max-width: 150px) 100vw, 150px\" \/><\/a>\n\t\t\t<\/dt><\/dl><br style=\"clear: both\" \/><dl class='gallery-item'>\n\t\t\t<dt class='gallery-icon landscape'>\n\t\t\t\t<a href='https:\/\/raed.academy\/wp-content\/uploads\/2016\/11\/9791-032.jpg'><img loading=\"lazy\" decoding=\"async\" width=\"150\" height=\"150\" src=\"https:\/\/raed.academy\/wp-content\/uploads\/2016\/11\/9791-032-150x150.jpg\" class=\"attachment-thumbnail size-thumbnail\" alt=\"Acto de ingreso en la RAED del Dr. Jos\u00e9 Antonio Segarra Torres\" srcset=\"https:\/\/raed.academy\/wp-content\/uploads\/2016\/11\/9791-032-150x150.jpg 150w, https:\/\/raed.academy\/wp-content\/uploads\/2016\/11\/9791-032-66x66.jpg 66w\" sizes=\"(max-width: 150px) 100vw, 150px\" \/><\/a>\n\t\t\t<\/dt><\/dl><dl class='gallery-item'>\n\t\t\t<dt class='gallery-icon landscape'>\n\t\t\t\t<a href='https:\/\/raed.academy\/wp-content\/uploads\/2016\/11\/9791-030.jpg'><img loading=\"lazy\" decoding=\"async\" width=\"150\" height=\"150\" src=\"https:\/\/raed.academy\/wp-content\/uploads\/2016\/11\/9791-030-150x150.jpg\" class=\"attachment-thumbnail size-thumbnail\" alt=\"Acto de ingreso en la RAED del Dr. Jos\u00e9 Antonio Segarra Torres\" srcset=\"https:\/\/raed.academy\/wp-content\/uploads\/2016\/11\/9791-030-150x150.jpg 150w, https:\/\/raed.academy\/wp-content\/uploads\/2016\/11\/9791-030-66x66.jpg 66w\" sizes=\"(max-width: 150px) 100vw, 150px\" \/><\/a>\n\t\t\t<\/dt><\/dl><dl class='gallery-item'>\n\t\t\t<dt class='gallery-icon landscape'>\n\t\t\t\t<a href='https:\/\/raed.academy\/wp-content\/uploads\/2016\/11\/9791-024.jpg'><img loading=\"lazy\" decoding=\"async\" width=\"150\" height=\"150\" src=\"https:\/\/raed.academy\/wp-content\/uploads\/2016\/11\/9791-024-150x150.jpg\" class=\"attachment-thumbnail size-thumbnail\" alt=\"Acto de ingreso en la RAED del Dr. Jos\u00e9 Antonio Segarra Torres\" srcset=\"https:\/\/raed.academy\/wp-content\/uploads\/2016\/11\/9791-024-150x150.jpg 150w, https:\/\/raed.academy\/wp-content\/uploads\/2016\/11\/9791-024-66x66.jpg 66w\" sizes=\"(max-width: 150px) 100vw, 150px\" \/><\/a>\n\t\t\t<\/dt><\/dl><dl class='gallery-item'>\n\t\t\t<dt class='gallery-icon landscape'>\n\t\t\t\t<a href='https:\/\/raed.academy\/wp-content\/uploads\/2016\/11\/9791-019.jpg'><img loading=\"lazy\" decoding=\"async\" width=\"150\" height=\"150\" src=\"https:\/\/raed.academy\/wp-content\/uploads\/2016\/11\/9791-019-150x150.jpg\" class=\"attachment-thumbnail size-thumbnail\" alt=\"Acto de ingreso en la RAED del Dr. Jos\u00e9 Antonio Segarra Torres\" srcset=\"https:\/\/raed.academy\/wp-content\/uploads\/2016\/11\/9791-019-150x150.jpg 150w, https:\/\/raed.academy\/wp-content\/uploads\/2016\/11\/9791-019-66x66.jpg 66w\" sizes=\"(max-width: 150px) 100vw, 150px\" \/><\/a>\n\t\t\t<\/dt><\/dl><br style=\"clear: both\" \/><dl class='gallery-item'>\n\t\t\t<dt class='gallery-icon landscape'>\n\t\t\t\t<a href='https:\/\/raed.academy\/wp-content\/uploads\/2016\/11\/9791-017.jpg'><img loading=\"lazy\" decoding=\"async\" width=\"150\" height=\"150\" src=\"https:\/\/raed.academy\/wp-content\/uploads\/2016\/11\/9791-017-150x150.jpg\" class=\"attachment-thumbnail size-thumbnail\" alt=\"\" srcset=\"https:\/\/raed.academy\/wp-content\/uploads\/2016\/11\/9791-017-150x150.jpg 150w, https:\/\/raed.academy\/wp-content\/uploads\/2016\/11\/9791-017-66x66.jpg 66w\" sizes=\"(max-width: 150px) 100vw, 150px\" \/><\/a>\n\t\t\t<\/dt><\/dl><dl class='gallery-item'>\n\t\t\t<dt class='gallery-icon landscape'>\n\t\t\t\t<a href='https:\/\/raed.academy\/wp-content\/uploads\/2016\/11\/9791-016.jpg'><img loading=\"lazy\" decoding=\"async\" width=\"150\" height=\"150\" src=\"https:\/\/raed.academy\/wp-content\/uploads\/2016\/11\/9791-016-150x150.jpg\" class=\"attachment-thumbnail size-thumbnail\" alt=\"\" srcset=\"https:\/\/raed.academy\/wp-content\/uploads\/2016\/11\/9791-016-150x150.jpg 150w, https:\/\/raed.academy\/wp-content\/uploads\/2016\/11\/9791-016-66x66.jpg 66w\" sizes=\"(max-width: 150px) 100vw, 150px\" \/><\/a>\n\t\t\t<\/dt><\/dl><dl class='gallery-item'>\n\t\t\t<dt class='gallery-icon landscape'>\n\t\t\t\t<a href='https:\/\/raed.academy\/wp-content\/uploads\/2016\/11\/9791-006.jpg'><img loading=\"lazy\" decoding=\"async\" width=\"150\" height=\"150\" src=\"https:\/\/raed.academy\/wp-content\/uploads\/2016\/11\/9791-006-150x150.jpg\" class=\"attachment-thumbnail size-thumbnail\" alt=\"Dr. Jos\u00e9 Antonio Segarra Torres\" srcset=\"https:\/\/raed.academy\/wp-content\/uploads\/2016\/11\/9791-006-150x150.jpg 150w, https:\/\/raed.academy\/wp-content\/uploads\/2016\/11\/9791-006-66x66.jpg 66w\" sizes=\"(max-width: 150px) 100vw, 150px\" \/><\/a>\n\t\t\t<\/dt><\/dl>\n\t\t\t<br style='clear: both' \/>\n\t\t<\/div>\n<br \/>\n[\/et_pb_tab][\/et_pb_tabs][\/et_pb_column][\/et_pb_row][\/et_pb_section]<\/p>\n","protected":false},"featured_media":0,"template":"","meta":{"_et_pb_use_builder":"on","_et_pb_old_content":"<div class=\"infoAcademico\"><h3><a href=\"http:\/\/raed.academy\/wp-content\/uploads\/2016\/11\/Foto-perfil-segarra.jpg\"><img class=\"alignleft wp-image-15537\" src=\"http:\/\/raed.academy\/wp-content\/uploads\/2016\/11\/Foto-perfil-segarra.jpg\" alt=\"foto-perfil-segarra\" width=\"170\" height=\"255\" \/><\/a><\/h3><h3>Acad\u00e8mic Numerari<\/h3><h3>Ci\u00e8ncies socials: Dr. en Direcci\u00f3 d'Empreses<\/h3><h3>\u00a0<strong>Data d'ingr\u00e9s:\u00a0<\/strong>03\/11\/2016<\/h3><h3><strong>Discurs d\u00edngr\u00e9s:\u00a0<\/strong><a href=\"http:\/\/raed.academy\/wp-content\/uploads\/2016\/11\/La-empresa-social-compitiendo.pdf\" target=\"_blank\" rel=\"noopener\"><strong>La empresa social compitiendo en el mercado: principios de buen gobierno<\/strong><\/a><\/h3><h3><strong>Discurs de resposta:\u00a0<a href=\"http:\/\/raed.academy\/miguel-angel-gallo-laguna-de-rins\/\" target=\"_blank\" rel=\"noopener\"><strong>Dr. Miguel Gallo Laguna de Rins<\/strong><\/a><\/strong><\/h3><hr \/><\/div><div class=\"CVacadcemico\"><h2>CURRICULUM VITAE<\/h2><h2>CURRICULUM VITAE EXTENS<\/h2><h2>DISCURS D'INGR\u00c9S<\/h2><h3 class=\"fusion-fullwidth fullwidth-box\"><a href=\"http:\/\/raed.academy\/wp-content\/uploads\/2016\/09\/pdf-icon-e1474394924415.png\"><img class=\"alignnone size-full wp-image-10697\" src=\"http:\/\/raed.academy\/wp-content\/uploads\/2016\/09\/pdf-icon-e1474394924415.png\" alt=\"pdf-icon\" width=\"30\" height=\"30\" \/><\/a>\u00a0 \u00a0 <a href=\"http:\/\/raed.academy\/wp-content\/uploads\/2016\/11\/La-empresa-social-compitiendo.pdf\" target=\"_blank\" rel=\"noopener\">La empresa social compitiendo en el mercado: principios de buen gobierno<\/a><\/h3><h2>ALTRES PUBLICACIONS<\/h2><h2>V\u00cdDEO<\/h2><p>[embed]https:\/\/www.youtube.com\/watch?v=GTbyWCWyRiU[\/embed]<\/p><h2>GALERIA DE FOTOGRAFIES<\/h2><p>[gallery columns=\"4\" link=\"file\" ids=\"15743,15742,15740,15738,15735,15734,15733,15732,15731,15730,15728,21205\"]<\/p><\/div>","_et_gb_content_width":""},"secciones":[],"tipo_academico":[],"cargo":[],"class_list":["post-15750","academico","type-academico","status-publish","hentry"],"yoast_head":"<!-- This site is optimized with the Yoast SEO plugin v27.4 - https:\/\/yoast.com\/product\/yoast-seo-wordpress\/ -->\n<title>Dr. Jos\u00e9 Antonio Segarra | Reial Acad\u00e8mia Europea de Doctors<\/title>\n<meta name=\"robots\" content=\"index, follow, max-snippet:-1, max-image-preview:large, max-video-preview:-1\" \/>\n<link rel=\"canonical\" href=\"https:\/\/raed.academy\/ca\/academics\/dr-jose-antonio-segarra-torres\/\" \/>\n<meta property=\"og:locale\" content=\"ca_ES\" \/>\n<meta property=\"og:type\" content=\"article\" \/>\n<meta property=\"og:title\" content=\"Dr. Jos\u00e9 Antonio Segarra | Reial Acad\u00e8mia Europea de Doctors\" \/>\n<meta property=\"og:description\" content=\"Acad\u00e8mic NumerariCi\u00e8ncies socials: Dr. en Direcci\u00f3 d&#039;EmpresesData d&#039;ingr\u00e9s:\u00a003\/11\/2016Discurs d\u00edngr\u00e9s:\u00a0La empresa social compitiendo en el mercado: principios de buen gobiernoDiscurs de resposta:\u00a0Dr. Miguel \u00c1ngel Gallo Laguna de Rins Jos\u00e9 Antonio Segarra \u00e9s Professor Ordinari del departament de M\u00e0rqueting de l&#039;IESE, on imparteix sessions de direcci\u00f3 comercial i de govern de petites i mitjanes empreses. Les seves [&hellip;]\" \/>\n<meta property=\"og:url\" content=\"https:\/\/raed.academy\/ca\/academics\/dr-jose-antonio-segarra-torres\/\" \/>\n<meta property=\"og:site_name\" content=\"Reial Acad\u00e8mia Europea de Doctors\" \/>\n<meta property=\"article:publisher\" content=\"http:\/\/fb.me\/raed.academy\" \/>\n<meta property=\"article:modified_time\" content=\"2025-04-11T09:43:53+00:00\" \/>\n<meta name=\"twitter:card\" content=\"summary_large_image\" \/>\n<meta name=\"twitter:site\" content=\"@raedacademy\" \/>\n<meta name=\"twitter:label1\" content=\"Est. reading time\" \/>\n\t<meta name=\"twitter:data1\" content=\"4 minutes\" \/>\n<script type=\"application\/ld+json\" class=\"yoast-schema-graph\">{\"@context\":\"https:\\\/\\\/schema.org\",\"@graph\":[{\"@type\":\"WebPage\",\"@id\":\"https:\\\/\\\/raed.academy\\\/ca\\\/academics\\\/dr-jose-antonio-segarra-torres\\\/\",\"url\":\"https:\\\/\\\/raed.academy\\\/ca\\\/academics\\\/dr-jose-antonio-segarra-torres\\\/\",\"name\":\"Dr. Jos\u00e9 Antonio Segarra | Reial Acad\u00e8mia Europea de Doctors\",\"isPartOf\":{\"@id\":\"https:\\\/\\\/raed.academy\\\/ca\\\/#website\"},\"datePublished\":\"2016-11-14T15:59:46+00:00\",\"dateModified\":\"2025-04-11T09:43:53+00:00\",\"breadcrumb\":{\"@id\":\"https:\\\/\\\/raed.academy\\\/ca\\\/academics\\\/dr-jose-antonio-segarra-torres\\\/#breadcrumb\"},\"inLanguage\":\"ca-ES\",\"potentialAction\":[{\"@type\":\"ReadAction\",\"target\":[\"https:\\\/\\\/raed.academy\\\/ca\\\/academics\\\/dr-jose-antonio-segarra-torres\\\/\"]}]},{\"@type\":\"BreadcrumbList\",\"@id\":\"https:\\\/\\\/raed.academy\\\/ca\\\/academics\\\/dr-jose-antonio-segarra-torres\\\/#breadcrumb\",\"itemListElement\":[{\"@type\":\"ListItem\",\"position\":1,\"name\":\"Inicio\",\"item\":\"https:\\\/\\\/raed.academy\\\/ca\\\/\"},{\"@type\":\"ListItem\",\"position\":2,\"name\":\"Excm. Sr. Dr. Jos\u00e9 Antonio Segarra\"}]},{\"@type\":\"WebSite\",\"@id\":\"https:\\\/\\\/raed.academy\\\/ca\\\/#website\",\"url\":\"https:\\\/\\\/raed.academy\\\/ca\\\/\",\"name\":\"Reial Acad\u00e8mia Europea de Doctors\",\"description\":\"Corporaci\u00f3n de derecho p\u00fablico de car\u00e1cter cient\u00edfico, t\u00e9cnico y art\u00edstico, que tiene por objeto la investigaci\u00f3n, el estudio, el fomento y la extensi\u00f3n del conocimiento en su sentido m\u00e1s amplio\",\"publisher\":{\"@id\":\"https:\\\/\\\/raed.academy\\\/ca\\\/#organization\"},\"potentialAction\":[{\"@type\":\"SearchAction\",\"target\":{\"@type\":\"EntryPoint\",\"urlTemplate\":\"https:\\\/\\\/raed.academy\\\/ca\\\/?s={search_term_string}\"},\"query-input\":{\"@type\":\"PropertyValueSpecification\",\"valueRequired\":true,\"valueName\":\"search_term_string\"}}],\"inLanguage\":\"ca-ES\"},{\"@type\":\"Organization\",\"@id\":\"https:\\\/\\\/raed.academy\\\/ca\\\/#organization\",\"name\":\"Real Academia Europea de Doctores\",\"url\":\"https:\\\/\\\/raed.academy\\\/ca\\\/\",\"logo\":{\"@type\":\"ImageObject\",\"inLanguage\":\"ca-ES\",\"@id\":\"https:\\\/\\\/raed.academy\\\/ca\\\/#\\\/schema\\\/logo\\\/image\\\/\",\"url\":\"https:\\\/\\\/raed.academy\\\/wp-content\\\/uploads\\\/2017\\\/01\\\/cropped-logo_raed.png\",\"contentUrl\":\"https:\\\/\\\/raed.academy\\\/wp-content\\\/uploads\\\/2017\\\/01\\\/cropped-logo_raed.png\",\"width\":512,\"height\":512,\"caption\":\"Real Academia Europea de Doctores\"},\"image\":{\"@id\":\"https:\\\/\\\/raed.academy\\\/ca\\\/#\\\/schema\\\/logo\\\/image\\\/\"},\"sameAs\":[\"http:\\\/\\\/fb.me\\\/raed.academy\",\"https:\\\/\\\/x.com\\\/raedacademy\",\"https:\\\/\\\/www.instagram.com\\\/raed.academy\\\/\",\"https:\\\/\\\/www.youtube.com\\\/channel\\\/UCUYQwW2KrdirNWihxMDObwg\"]}]}<\/script>\n<!-- \/ Yoast SEO plugin. -->","yoast_head_json":{"title":"Dr. Jos\u00e9 Antonio Segarra | Reial Acad\u00e8mia Europea de Doctors","robots":{"index":"index","follow":"follow","max-snippet":"max-snippet:-1","max-image-preview":"max-image-preview:large","max-video-preview":"max-video-preview:-1"},"canonical":"https:\/\/raed.academy\/ca\/academics\/dr-jose-antonio-segarra-torres\/","og_locale":"ca_ES","og_type":"article","og_title":"Dr. Jos\u00e9 Antonio Segarra | Reial Acad\u00e8mia Europea de Doctors","og_description":"La RAED organitza i duu a terme una s\u00e8rie d'activitats concentrades en un mes i mig que van comptar amb la implicaci\u00f3 activa de nombrosos acad\u00e8mics. Recepci\u00f3 de quatre acad\u00e8mics corresponents (Stavroula-Ina Piperaki per a Gr\u00e8cia, Stephen Zeff i David B. Wilkins per als Estats Units i Llu\u00eds Vicent Safont per a Andorra) Taula rodona [&hellip;]","og_url":"https:\/\/raed.academy\/ca\/academics\/dr-jose-antonio-segarra-torres\/","og_site_name":"Reial Acad\u00e8mia Europea de Doctors","article_publisher":"http:\/\/fb.me\/raed.academy","article_modified_time":"2025-04-11T09:43:53+00:00","twitter_card":"summary_large_image","twitter_site":"@raedacademy","twitter_misc":{"Est. reading time":"4 minutes"},"schema":{"@context":"https:\/\/schema.org","@graph":[{"@type":"WebPage","@id":"https:\/\/raed.academy\/ca\/academics\/dr-jose-antonio-segarra-torres\/","url":"https:\/\/raed.academy\/ca\/academics\/dr-jose-antonio-segarra-torres\/","name":"Dr. Jos\u00e9 Antonio Segarra | Reial Acad\u00e8mia Europea de Doctors","isPartOf":{"@id":"https:\/\/raed.academy\/ca\/#website"},"datePublished":"2016-11-14T15:59:46+00:00","dateModified":"2025-04-11T09:43:53+00:00","breadcrumb":{"@id":"https:\/\/raed.academy\/ca\/academics\/dr-jose-antonio-segarra-torres\/#breadcrumb"},"inLanguage":"ca-ES","potentialAction":[{"@type":"ReadAction","target":["https:\/\/raed.academy\/ca\/academics\/dr-jose-antonio-segarra-torres\/"]}]},{"@type":"BreadcrumbList","@id":"https:\/\/raed.academy\/ca\/academics\/dr-jose-antonio-segarra-torres\/#breadcrumb","itemListElement":[{"@type":"ListItem","position":1,"name":"Inicio","item":"https:\/\/raed.academy\/ca\/"},{"@type":"ListItem","position":2,"name":"Excm. Sr. Dr. Jos\u00e9 Antonio Segarra"}]},{"@type":"WebSite","@id":"https:\/\/raed.academy\/ca\/#website","url":"https:\/\/raed.academy\/ca\/","name":"Reial Acad\u00e8mia Europea de Doctors","description":"Corporaci\u00f3n de derecho p\u00fablico de car\u00e1cter cient\u00edfico, t\u00e9cnico y art\u00edstico, que tiene por objeto la investigaci\u00f3n, el estudio, el fomento y la extensi\u00f3n del conocimiento en su sentido m\u00e1s amplio","publisher":{"@id":"https:\/\/raed.academy\/ca\/#organization"},"potentialAction":[{"@type":"SearchAction","target":{"@type":"EntryPoint","urlTemplate":"https:\/\/raed.academy\/ca\/?s={search_term_string}"},"query-input":{"@type":"PropertyValueSpecification","valueRequired":true,"valueName":"search_term_string"}}],"inLanguage":"ca-ES"},{"@type":"Organization","@id":"https:\/\/raed.academy\/ca\/#organization","name":"Real Academia Europea de Doctores","url":"https:\/\/raed.academy\/ca\/","logo":{"@type":"ImageObject","inLanguage":"ca-ES","@id":"https:\/\/raed.academy\/ca\/#\/schema\/logo\/image\/","url":"https:\/\/raed.academy\/wp-content\/uploads\/2017\/01\/cropped-logo_raed.png","contentUrl":"https:\/\/raed.academy\/wp-content\/uploads\/2017\/01\/cropped-logo_raed.png","width":512,"height":512,"caption":"Real Academia Europea de Doctores"},"image":{"@id":"https:\/\/raed.academy\/ca\/#\/schema\/logo\/image\/"},"sameAs":["http:\/\/fb.me\/raed.academy","https:\/\/x.com\/raedacademy","https:\/\/www.instagram.com\/raed.academy\/","https:\/\/www.youtube.com\/channel\/UCUYQwW2KrdirNWihxMDObwg"]}]}},"_links":{"self":[{"href":"https:\/\/raed.academy\/ca\/wp-json\/wp\/v2\/academico\/15750","targetHints":{"allow":["GET"]}}],"collection":[{"href":"https:\/\/raed.academy\/ca\/wp-json\/wp\/v2\/academico"}],"about":[{"href":"https:\/\/raed.academy\/ca\/wp-json\/wp\/v2\/types\/academico"}],"wp:attachment":[{"href":"https:\/\/raed.academy\/ca\/wp-json\/wp\/v2\/media?parent=15750"}],"wp:term":[{"taxonomy":"secciones","embeddable":true,"href":"https:\/\/raed.academy\/ca\/wp-json\/wp\/v2\/secciones?post=15750"},{"taxonomy":"tipo_academico","embeddable":true,"href":"https:\/\/raed.academy\/ca\/wp-json\/wp\/v2\/tipo_academico?post=15750"},{"taxonomy":"cargo","embeddable":true,"href":"https:\/\/raed.academy\/ca\/wp-json\/wp\/v2\/cargo?post=15750"}],"curies":[{"name":"wp","href":"https:\/\/api.w.org\/{rel}","templated":true}]}}