{"id":119421,"date":"2022-06-16T15:37:10","date_gmt":"2022-06-16T15:37:10","guid":{"rendered":"https:\/\/raed.academy\/?page_id=119421"},"modified":"2025-10-09T08:52:41","modified_gmt":"2025-10-09T08:52:41","slug":"dr-randy-k-avent","status":"publish","type":"academico","link":"https:\/\/raed.academy\/ca\/academics\/dr-randy-k-avent\/","title":{"rendered":"Excm. Sr. Dr. Randy K. Avent"},"content":{"rendered":"<p>[et_pb_section fb_built=&#8221;1&#8243; admin_label=&#8221;Secci\u00f3n&#8221; _builder_version=&#8221;4.16&#8243; custom_padding=&#8221;0|0px|51.2px|0px|false|false&#8221; locked=&#8221;off&#8221; global_colors_info=&#8221;{}&#8221;][et_pb_row column_structure=&#8221;1_4,3_4&#8243; use_custom_gutter=&#8221;on&#8221; gutter_width=&#8221;2&#8243; _builder_version=&#8221;4.16&#8243; background_size=&#8221;initial&#8221; background_position=&#8221;top_left&#8221; background_repeat=&#8221;repeat&#8221; custom_padding=&#8221;0|0px|0|0px|false|false&#8221; global_colors_info=&#8221;{}&#8221;][et_pb_column type=&#8221;1_4&#8243; _builder_version=&#8221;4.16&#8243; custom_padding=&#8221;|||&#8221; global_colors_info=&#8221;{}&#8221; custom_padding__hover=&#8221;|||&#8221;][et_pb_image src=&#8221;https:\/\/raed.academy\/wp-content\/uploads\/2022\/06\/Randy-K-Avent-academico-correspondiente-EUA.jpg&#8221; alt=&#8221;Dr. Randy Avent&#8221; title_text=&#8221;Randy-K-Avent-academico-correspondiente-EUA&#8221; show_bottom_space=&#8221;off&#8221; align_tablet=&#8221;center&#8221; align_phone=&#8221;&#8221; align_last_edited=&#8221;on|desktop&#8221; admin_label=&#8221;Imagen &#8211; foto acad\u00e9mico&#8221; _builder_version=&#8221;4.17.4&#8243; max_width=&#8221;200px&#8221; custom_margin=&#8221;0px||0px|&#8221; custom_padding=&#8221;0px||0px|&#8221; animation_style=&#8221;fold&#8221; border_radii=&#8221;on|6px|6px|6px|6px&#8221; border_width_all=&#8221;2px&#8221; box_shadow_style=&#8221;preset2&#8243; global_colors_info=&#8221;{}&#8221;][\/et_pb_image][\/et_pb_column][et_pb_column type=&#8221;3_4&#8243; _builder_version=&#8221;4.16&#8243; custom_padding=&#8221;|||&#8221; global_colors_info=&#8221;{}&#8221; custom_padding__hover=&#8221;|||&#8221;][et_pb_text module_class=&#8221;infoAcademico&#8221; _builder_version=&#8221;4.27.4&#8243; global_colors_info=&#8221;{}&#8221;]<\/p>\n<div style=\"border: 2px solid #000; padding: 20px; background: #fff; margin-bottom: 25px; border-radius: 10px; box-shadow: 2px 2px 8px rgba(0,0,0,0.1);\">\n<p><strong>Acad\u00e8mic Correspondent als Estats Units<\/strong><\/p>\n<p><strong>Ci\u00e8ncies Socials:<\/strong> Doctor en Matem\u00e0tiques Biom\u00e8diques i Enginyeria<\/p>\n<p><strong>Data d&#8217;ingr\u00e9s:<\/strong> 15 de juny de 2022<\/p>\n<p><strong>Discurs d&#8217;ingr\u00e9s: <\/strong><a href=\"https:\/\/raed.academy\/wp-content\/uploads\/2022\/06\/libro-ingreso-RAED-M-Valero-R-Avent-Hisham-el-Sherif_cmpr.pdf\" target=\"_blank\" rel=\"noopener\"><strong><em>\u00abRole of University Research in creating new economic markets\u00bb<\/em><\/strong><\/a><\/p>\n<p><strong>Discurs de resposta: <\/strong><a href=\"https:\/\/raed.academy\/academicos\/dr-jose-ramon-calvo-fernandez\/\" target=\"_blank\" rel=\"noopener\"><strong>Dr. Jos\u00e9 Ram\u00f3n Calvo Fern\u00e1ndez<\/strong><\/a>, Doctor en Medicina i Cirurgia<\/p>\n<\/div>\n<p>[\/et_pb_text][\/et_pb_column][\/et_pb_row][et_pb_row use_custom_gutter=&#8221;on&#8221; gutter_width=&#8221;1&#8243; module_class=&#8221;parent-column&#8221; _builder_version=&#8221;4.16&#8243; background_size=&#8221;initial&#8221; background_position=&#8221;top_left&#8221; background_repeat=&#8221;repeat&#8221; max_width=&#8221;1400px&#8221; custom_padding=&#8221;0|0px|25.6px|0px|false|false&#8221; global_colors_info=&#8221;{}&#8221;][et_pb_column type=&#8221;4_4&#8243; _builder_version=&#8221;4.16&#8243; custom_padding=&#8221;|||&#8221; global_colors_info=&#8221;{}&#8221; custom_padding__hover=&#8221;|||&#8221;][et_pb_divider color=&#8221;#828282&#8243; divider_weight=&#8221;2&#8243; _builder_version=&#8221;4.17.4&#8243; height=&#8221;2px&#8221; box_shadow_style=&#8221;preset2&#8243; global_colors_info=&#8221;{}&#8221;][\/et_pb_divider][et_pb_tabs _builder_version=&#8221;4.27.4&#8243; hover_enabled=&#8221;0&#8243; border_style=&#8221;solid&#8221; global_colors_info=&#8221;{}&#8221; sticky_enabled=&#8221;0&#8243;][et_pb_tab title=&#8221;CURR\u00cdCULUM VITAE&#8221; _builder_version=&#8221;4.27.4&#8243; body_font=&#8221;||||&#8221; tab_font=&#8221;||||&#8221; hover_enabled=&#8221;0&#8243; global_colors_info=&#8221;{}&#8221; sticky_enabled=&#8221;0&#8243;]<\/p>\n<h2><strong>DR. RANDY K. AVENT<\/strong><\/h2>\n<h3><strong>TITULACI\u00d3 UNIVERSIT\u00c0RIA<\/strong><\/h3>\n<ul>\n<li>2005 Greater Boston Executive Program, <a href=\"https:\/\/mitsloan.mit.edu\/\" target=\"_blank\" rel=\"noopener\"><strong>MIT Sloan School of Management<\/strong><\/a>.<\/li>\n<li>1986 Doctorat en Matem\u00e0tiques Biom\u00e8diques i Enginyeria, <a href=\"https:\/\/www.unc.edu\/\" target=\"_blank\" rel=\"noopener\"><strong>University of North Carolina at Chapel Hill<\/strong><\/a>.<\/li>\n<li>1986 M\u00e0ster en Enginyeria El\u00e8ctrica, <a href=\"https:\/\/www.ncsu.edu\/\" target=\"_blank\" rel=\"noopener\"><strong>North Carolina State University<\/strong><\/a>.<\/li>\n<li>1984 M\u00e0ster en Matem\u00e0tiques Biom\u00e8diques i Enginyeria, <a href=\"https:\/\/www.unc.edu\/\" target=\"_blank\" rel=\"noopener\"><strong>University of North Carolina at Chapel Hill<\/strong><\/a>.<\/li>\n<li>1980 Grau en Zoologia, <a href=\"https:\/\/www.unc.edu\/\" target=\"_blank\" rel=\"noopener\"><strong>University of North Carolina at Chapel Hill<\/strong><\/a>.<\/li>\n<\/ul>\n<h3><strong>ACTIVITAT DOCENT I PROFESSIONAL<\/strong><\/h3>\n<ul>\n<li><a href=\"https:\/\/floridapoly.edu\/\" target=\"_blank\" rel=\"noopener\"><strong>Florida Polytechnic University<\/strong><\/a> \u2014 President (2014\u2013actualitat).<\/li>\n<li><a href=\"https:\/\/www.ncsu.edu\/\" target=\"_blank\" rel=\"noopener\"><strong>North Carolina State University<\/strong><\/a> \u2014 Vicerrector Adjunt de Desenvolupament de la Recerca (2012\u20132014); Professor al Departament de Ci\u00e8ncies de la Computaci\u00f3 (2011\u20132014).<\/li>\n<li>Synstreams, LLC \u2014 Cofundador i CEO (2012\u20132014).<\/li>\n<li><a href=\"https:\/\/basicresearch.defense.gov\/\" target=\"_blank\" rel=\"noopener\"><strong>Office of the Secretary of Defense \u2013 Office of Basic Research<\/strong><\/a> \u2014 Cient\u00edfic en Cap (IPA) (2009\u20132011).<\/li>\n<li><a href=\"https:\/\/www.ll.mit.edu\/\" target=\"_blank\" rel=\"noopener\"><strong>MIT Lincoln Laboratory<\/strong><\/a> \u2014 Cap Associat de Tecnologia (2006\u20132009); Fundador i l\u00edder de l\u2019Airborne Communications Laboratory (2002\u20132005); Fundador i l\u00edder de l\u2019Advanced Decision Theory Laboratory (1999\u20132002); Cap Adjunt, Adaptive Beamforming Laboratory (1996\u20131999); Investigador principal, Real-time Discrimination Laboratory (1990\u20131996); Investigador, Bistatic Scattering Phenomenology (1986\u20131990).<\/li>\n<li><a href=\"https:\/\/www.rtx.com\/raytheon\/technologies\/bbn\" target=\"_blank\" rel=\"noopener\"><strong>BBN Technologies<\/strong><\/a> \u2014 Vicepresident (2005\u20132006).<\/li>\n<li>Aventure, Inc. \u2014 Cofundador, Consultor Farmac\u00e8utic (1980\u20131982).<\/li>\n<li>2018 Compareixen\u00e7a davant el Senat dels Estats Units (Committee on Commerce, Science &amp; Transportation) sobre seguretat dels vehicles aut\u00f2noms.<\/li>\n<li>2013 <em>National Academy of Engineering<\/em>: \u201cKey Challenges in the Implementation of Convergence\u201d.<\/li>\n<li>2013 Membre del Consell Assessor, UNC Applied Physical Sciences Program.<\/li>\n<li>2012 Membre del Consell, Institute for Rare, Orphaned &amp; Neglected Diseases (IRON), The Hamner Institute (RTP, NC).<\/li>\n<li>2012 Membre del Consell, Tigerswan, Inc.<\/li>\n<li>2012 Consell Assessor, UNC Kenan Planning Advisory Board.<\/li>\n<li>2011 <em>National Academy of Engineering<\/em>: \u201cThe New Engineering Frontier: Manufacturing for the Grand Challenges\u201d.<\/li>\n<li>2011 Consell Assessor, Center for Homeland Defense &amp; Security (CHDS), Fayetteville State University.<\/li>\n<li>2011 Membre, UNC-GA Defense Applications Group (DAG).<\/li>\n<li>2010 Membre, IEEE-USA Research and Development Policy Committee.<\/li>\n<li>2009 President, National Computer Science Research Initiative.<\/li>\n<li>2009 Membre, Strategic Planning Committee for DoD STEM Education.<\/li>\n<li>2009 Membre, Air Force Office of Scientific Research Review Panel.<\/li>\n<li>2008 President T\u00e8cnic, DDR&amp;E Global Technology Study; membre del MIT Interaction Committee.<\/li>\n<li>2007 Membre, Committee to establish a C4RJ program in Acton, MA.<\/li>\n<li>2006 MIT Defense Core Advisory Committee.<\/li>\n<li>2003 OSD Joint Decision Support Study Panel; Defense Science Board on Space Based Radar.<\/li>\n<li>2001 MIT Management Effectiveness Committee.<\/li>\n<li>2009 <em>Introduction to Defense Acquisition<\/em>, <a href=\"https:\/\/www.dau.edu\/\" target=\"_blank\" rel=\"noopener\"><strong>Defense Acquisition University<\/strong><\/a>.<\/li>\n<li>2004 <em>Negotiation for Senior Executives; Dealing with Difficult People and Difficult Situations<\/em>, <a href=\"https:\/\/www.harvard.edu\/\" target=\"_blank\" rel=\"noopener\"><strong>Harvard University<\/strong><\/a>.<\/li>\n<li>2003 <em>Developing a Successful Product and Technology Strategy<\/em>, <a href=\"https:\/\/web.mit.edu\/\" target=\"_blank\" rel=\"noopener\"><strong>MIT<\/strong><\/a>.<\/li>\n<li>2002 <em>Fundamentals of Finance for Technical Executives<\/em>, <a href=\"https:\/\/web.mit.edu\/\" target=\"_blank\" rel=\"noopener\"><strong>MIT<\/strong><\/a>.<\/li>\n<li>2000 <em>Project Management<\/em>, <a href=\"https:\/\/web.mit.edu\/\" target=\"_blank\" rel=\"noopener\"><strong>MIT<\/strong><\/a>.<\/li>\n<li>Investigador principal o co-IP en 47 projectes amb finan\u00e7ament superior als 200 M$.<\/li>\n<\/ul>\n<h3><strong>PUBLICACIONS<\/strong><\/h3>\n<ul>\n<li>M\u00e9s de 150 confer\u00e8ncies convidades, articles, informes t\u00e8cnics i presentacions (disponible a petici\u00f3).<\/li>\n<\/ul>\n<h3><strong>PREMIS I DISTINCIONS<\/strong><\/h3>\n<ul>\n<li>Incl\u00f2s a <em>Florida Trend<\/em> \u201cFlorida 500 \u2013 Most Influential Business Leaders\u201d (Educaci\u00f3) els anys 2019 i 2020.<\/li>\n<li><em>Tampa Bay Business Journal<\/em> \u2014 People to Watch.<\/li>\n<li><a href=\"https:\/\/www.ieee.org\/\" target=\"_blank\" rel=\"noopener\"><strong>IEEE<\/strong><\/a> \u2014 Fellow.<\/li>\n<\/ul>\n<p>[\/et_pb_tab][et_pb_tab title=&#8221;VIDEO&#8221; _builder_version=&#8221;4.17.4&#8243; body_font=&#8221;||||&#8221; tab_font=&#8221;||||&#8221; link_option_url=&#8221;https:\/\/www.youtube.com\/watch?v=BV6PzcoqsmM&#8221; global_colors_info=&#8221;{}&#8221;]<iframe loading=\"lazy\" title=\"SESI\u00d3N OFICIAL DE RECEPCI\u00d3N DE DOCTORES\" width=\"1080\" height=\"608\" src=\"https:\/\/www.youtube.com\/embed\/BV6PzcoqsmM?start=235&#038;feature=oembed\" frameborder=\"0\" allow=\"accelerometer; autoplay; clipboard-write; encrypted-media; gyroscope; picture-in-picture\" allowfullscreen><\/iframe><br \/>\n[\/et_pb_tab][et_pb_tab title=&#8221;GALER\u00cdA DE FOTOGRAF\u00cdAS&#8221; _builder_version=&#8221;4.16&#8243; body_font=&#8221;||||&#8221; tab_font=&#8221;||||&#8221; global_colors_info=&#8221;{}&#8221;]<\/p>\n<div class=\"divi-module-destination\"><\/div>\n<p>[\/et_pb_tab][\/et_pb_tabs][et_pb_gallery gallery_ids=&#8221;119439,119436,119419,119416,119413,119395,119392,119386,119380,119374,119365,119371&#8243; posts_number=&#8221;16&#8243; show_title_and_caption=&#8221;off&#8221; show_pagination=&#8221;off&#8221; admin_label=&#8221;Galer\u00eda&#8221; module_class=&#8221;divi-portable-module galeria-pad-1&#8243; _builder_version=&#8221;4.17.4&#8243; _module_preset=&#8221;default&#8221; locked=&#8221;off&#8221; global_colors_info=&#8221;{}&#8221;][\/et_pb_gallery][et_pb_code admin_label=&#8221;C\u00f3digo&#8221; _builder_version=&#8221;4.27.4&#8243; _module_preset=&#8221;default&#8221; locked=&#8221;off&#8221; global_colors_info=&#8221;{}&#8221;]<script><!-- [et_pb_line_break_holder] -->(function ($) {<!-- [et_pb_line_break_holder] -->  $(document).ready(function () {<!-- [et_pb_line_break_holder] --> <!-- [et_pb_line_break_holder] -->    \/\/ Option #1: Move Divi Module(s) into a Module<!-- [et_pb_line_break_holder] -->    \/\/ Limit: One Instance per Column<!-- [et_pb_line_break_holder] -->    \/\/ Use following code if you want to move <!-- [et_pb_line_break_holder] -->    \/\/ a module inside another module. Each column with the<!-- [et_pb_line_break_holder] -->    \/\/ class 'parent-column' will append any module(s)<!-- [et_pb_line_break_holder] -->    \/\/ with the class 'divi-portable-module' to the div<!-- [et_pb_line_break_holder] -->    \/\/ with the class 'divi-module-destination'.<!-- [et_pb_line_break_holder] -->    \/\/ Only one instance of 'divi-module-destination' should<!-- [et_pb_line_break_holder] -->    \/\/ be added per column.<!-- [et_pb_line_break_holder] -->    $('.divi-portable-module').each(function () {<!-- [et_pb_line_break_holder] -->      $(this).closest('.parent-column').find('.divi-module-destination').append($(this));<!-- [et_pb_line_break_holder] -->    });<!-- [et_pb_line_break_holder] -->     <!-- [et_pb_line_break_holder] -->    \/\/ Buttons: Insert Button Module(s) into a Module<!-- [et_pb_line_break_holder] -->    \/\/ Adding a custom CSS class to a button module<!-- [et_pb_line_break_holder] -->    \/\/ is applied to the 'a' tag which is a child element<!-- [et_pb_line_break_holder] -->    \/\/ of the module wrapper. This code makes sure to append<!-- [et_pb_line_break_holder] -->    \/\/ the entire button module wrapper (the parent element)<!-- [et_pb_line_break_holder] -->    \/\/ as well. This functionality is the same as option #3 above.<!-- [et_pb_line_break_holder] -->    \/\/ Siimply use the class 'divi-portable-button' on a button module<!-- [et_pb_line_break_holder] -->    \/\/ instead of 'divi-portable-module'.<!-- [et_pb_line_break_holder] -->    $('.divi-portable-button').parent().each(function () {<!-- [et_pb_line_break_holder] -->      $(this).closest('.parent-column').find('.divi-module-destination').append($(this));<!-- [et_pb_line_break_holder] -->    });<!-- [et_pb_line_break_holder] --> <!-- [et_pb_line_break_holder] -->    \/\/ Option #2: Move Divi Row(s) into a Module<!-- [et_pb_line_break_holder] -->    \/\/ Limit: One Instance per Section<!-- [et_pb_line_break_holder] -->    \/\/ Use the following code if you want to move <!-- [et_pb_line_break_holder] -->    \/\/ a row inside a module on more than one section<!-- [et_pb_line_break_holder] -->    \/\/ of a page. Each section with the<!-- [et_pb_line_break_holder] -->    \/\/ class 'parent-section' will append any row(s)<!-- [et_pb_line_break_holder] -->    \/\/ with the class 'divi-portable-row' to the div<!-- [et_pb_line_break_holder] -->    \/\/ with the class 'divi-row-destination'.<!-- [et_pb_line_break_holder] -->    \/\/ Only one instance of 'divi-row-destination' should<!-- [et_pb_line_break_holder] -->    \/\/ be added per section.<!-- [et_pb_line_break_holder] -->    $('.divi-portable-row').each(function () {<!-- [et_pb_line_break_holder] -->      $(this).closest('.parent-section').find('.divi-row-destination').append($(this));<!-- [et_pb_line_break_holder] -->    });<!-- [et_pb_line_break_holder] --> <!-- [et_pb_line_break_holder] -->  });<!-- [et_pb_line_break_holder] -->})(jQuery);<!-- [et_pb_line_break_holder] --><\/script>[\/et_pb_code][\/et_pb_column][\/et_pb_row][\/et_pb_section]<\/p>\n","protected":false},"featured_media":119439,"template":"","meta":{"_et_pb_use_builder":"on","_et_pb_old_content":"","_et_gb_content_width":""},"secciones":[],"tipo_academico":[],"cargo":[],"class_list":["post-119421","academico","type-academico","status-publish","has-post-thumbnail","hentry"],"yoast_head":"<!-- This site is optimized with the Yoast SEO plugin v27.4 - https:\/\/yoast.com\/product\/yoast-seo-wordpress\/ -->\n<title>Excm. Sr. Dr. Randy K. Avent - Reial Acad\u00e8mia Europea de Doctors<\/title>\n<meta name=\"robots\" content=\"index, follow, max-snippet:-1, max-image-preview:large, max-video-preview:-1\" \/>\n<link rel=\"canonical\" href=\"https:\/\/raed.academy\/ca\/academics\/dr-randy-k-avent\/\" \/>\n<meta property=\"og:locale\" content=\"ca_ES\" \/>\n<meta property=\"og:type\" content=\"article\" \/>\n<meta property=\"og:title\" content=\"Excm. Sr. Dr. Randy K. Avent - Reial Acad\u00e8mia Europea de Doctors\" \/>\n<meta property=\"og:description\" content=\"Acad\u00e8mic Correspondent als Estats Units Ci\u00e8ncies Socials: Doctor en Matem\u00e0tiques Biom\u00e8diques i Enginyeria Data d&#039;ingr\u00e9s: 15 de juny de 2022 Discurs d&#039;ingr\u00e9s: \u00abRole of University Research in creating new economic markets\u00bb Discurs de resposta: Dr. Jos\u00e9 Ram\u00f3n Calvo Fern\u00e1ndez, Doctor en Medicina i Cirurgia DR. RANDY K. AVENT TITULACI\u00d3 UNIVERSIT\u00c0RIA 2005 Greater Boston Executive Program, [&hellip;]\" \/>\n<meta property=\"og:url\" content=\"https:\/\/raed.academy\/ca\/academics\/dr-randy-k-avent\/\" \/>\n<meta property=\"og:site_name\" content=\"Reial Acad\u00e8mia Europea de Doctors\" \/>\n<meta property=\"article:publisher\" content=\"http:\/\/fb.me\/raed.academy\" \/>\n<meta property=\"article:modified_time\" content=\"2025-10-09T08:52:41+00:00\" \/>\n<meta property=\"og:image\" content=\"https:\/\/raed.academy\/wp-content\/uploads\/2022\/06\/2022-06-15.ingreso-Mateo-Valero-Randy-K-Avent-y-Hisham-el-Sherif-71.webp\" \/>\n\t<meta property=\"og:image:width\" content=\"850\" \/>\n\t<meta property=\"og:image:height\" content=\"567\" \/>\n\t<meta property=\"og:image:type\" content=\"image\/webp\" \/>\n<meta name=\"twitter:card\" content=\"summary_large_image\" \/>\n<meta name=\"twitter:site\" content=\"@raedacademy\" \/>\n<meta name=\"twitter:label1\" content=\"Est. reading time\" \/>\n\t<meta name=\"twitter:data1\" content=\"6 minutes\" \/>\n<script type=\"application\/ld+json\" class=\"yoast-schema-graph\">{\"@context\":\"https:\\\/\\\/schema.org\",\"@graph\":[{\"@type\":\"WebPage\",\"@id\":\"https:\\\/\\\/raed.academy\\\/ca\\\/academics\\\/dr-randy-k-avent\\\/\",\"url\":\"https:\\\/\\\/raed.academy\\\/ca\\\/academics\\\/dr-randy-k-avent\\\/\",\"name\":\"Excm. Sr. Dr. Randy K. Avent - Reial Acad\u00e8mia Europea de Doctors\",\"isPartOf\":{\"@id\":\"https:\\\/\\\/raed.academy\\\/ca\\\/#website\"},\"primaryImageOfPage\":{\"@id\":\"https:\\\/\\\/raed.academy\\\/ca\\\/academics\\\/dr-randy-k-avent\\\/#primaryimage\"},\"image\":{\"@id\":\"https:\\\/\\\/raed.academy\\\/ca\\\/academics\\\/dr-randy-k-avent\\\/#primaryimage\"},\"thumbnailUrl\":\"https:\\\/\\\/raed.academy\\\/wp-content\\\/uploads\\\/2022\\\/06\\\/2022-06-15.ingreso-Mateo-Valero-Randy-K-Avent-y-Hisham-el-Sherif-71.webp\",\"datePublished\":\"2022-06-16T15:37:10+00:00\",\"dateModified\":\"2025-10-09T08:52:41+00:00\",\"breadcrumb\":{\"@id\":\"https:\\\/\\\/raed.academy\\\/ca\\\/academics\\\/dr-randy-k-avent\\\/#breadcrumb\"},\"inLanguage\":\"ca-ES\",\"potentialAction\":[{\"@type\":\"ReadAction\",\"target\":[\"https:\\\/\\\/raed.academy\\\/ca\\\/academics\\\/dr-randy-k-avent\\\/\"]}]},{\"@type\":\"ImageObject\",\"inLanguage\":\"ca-ES\",\"@id\":\"https:\\\/\\\/raed.academy\\\/ca\\\/academics\\\/dr-randy-k-avent\\\/#primaryimage\",\"url\":\"https:\\\/\\\/raed.academy\\\/wp-content\\\/uploads\\\/2022\\\/06\\\/2022-06-15.ingreso-Mateo-Valero-Randy-K-Avent-y-Hisham-el-Sherif-71.webp\",\"contentUrl\":\"https:\\\/\\\/raed.academy\\\/wp-content\\\/uploads\\\/2022\\\/06\\\/2022-06-15.ingreso-Mateo-Valero-Randy-K-Avent-y-Hisham-el-Sherif-71.webp\",\"width\":850,\"height\":567},{\"@type\":\"BreadcrumbList\",\"@id\":\"https:\\\/\\\/raed.academy\\\/ca\\\/academics\\\/dr-randy-k-avent\\\/#breadcrumb\",\"itemListElement\":[{\"@type\":\"ListItem\",\"position\":1,\"name\":\"Inicio\",\"item\":\"https:\\\/\\\/raed.academy\\\/ca\\\/\"},{\"@type\":\"ListItem\",\"position\":2,\"name\":\"Acad\u00e9micos\",\"item\":\"https:\\\/\\\/raed.academy\\\/ca\\\/academics\\\/\"},{\"@type\":\"ListItem\",\"position\":3,\"name\":\"Excm. Sr. Dr. Randy K. Avent\"}]},{\"@type\":\"WebSite\",\"@id\":\"https:\\\/\\\/raed.academy\\\/ca\\\/#website\",\"url\":\"https:\\\/\\\/raed.academy\\\/ca\\\/\",\"name\":\"Reial Acad\u00e8mia Europea de Doctors\",\"description\":\"Corporaci\u00f3n de derecho p\u00fablico de car\u00e1cter cient\u00edfico, t\u00e9cnico y art\u00edstico, que tiene por objeto la investigaci\u00f3n, el estudio, el fomento y la extensi\u00f3n del conocimiento en su sentido m\u00e1s amplio\",\"publisher\":{\"@id\":\"https:\\\/\\\/raed.academy\\\/ca\\\/#organization\"},\"potentialAction\":[{\"@type\":\"SearchAction\",\"target\":{\"@type\":\"EntryPoint\",\"urlTemplate\":\"https:\\\/\\\/raed.academy\\\/ca\\\/?s={search_term_string}\"},\"query-input\":{\"@type\":\"PropertyValueSpecification\",\"valueRequired\":true,\"valueName\":\"search_term_string\"}}],\"inLanguage\":\"ca-ES\"},{\"@type\":\"Organization\",\"@id\":\"https:\\\/\\\/raed.academy\\\/ca\\\/#organization\",\"name\":\"Real Academia Europea de Doctores\",\"url\":\"https:\\\/\\\/raed.academy\\\/ca\\\/\",\"logo\":{\"@type\":\"ImageObject\",\"inLanguage\":\"ca-ES\",\"@id\":\"https:\\\/\\\/raed.academy\\\/ca\\\/#\\\/schema\\\/logo\\\/image\\\/\",\"url\":\"https:\\\/\\\/raed.academy\\\/wp-content\\\/uploads\\\/2017\\\/01\\\/cropped-logo_raed.png\",\"contentUrl\":\"https:\\\/\\\/raed.academy\\\/wp-content\\\/uploads\\\/2017\\\/01\\\/cropped-logo_raed.png\",\"width\":512,\"height\":512,\"caption\":\"Real Academia Europea de Doctores\"},\"image\":{\"@id\":\"https:\\\/\\\/raed.academy\\\/ca\\\/#\\\/schema\\\/logo\\\/image\\\/\"},\"sameAs\":[\"http:\\\/\\\/fb.me\\\/raed.academy\",\"https:\\\/\\\/x.com\\\/raedacademy\",\"https:\\\/\\\/www.instagram.com\\\/raed.academy\\\/\",\"https:\\\/\\\/www.youtube.com\\\/channel\\\/UCUYQwW2KrdirNWihxMDObwg\"]}]}<\/script>\n<!-- \/ Yoast SEO plugin. -->","yoast_head_json":{"title":"Excm. Sr. Dr. Randy K. Avent - Reial Acad\u00e8mia Europea de Doctors","robots":{"index":"index","follow":"follow","max-snippet":"max-snippet:-1","max-image-preview":"max-image-preview:large","max-video-preview":"max-video-preview:-1"},"canonical":"https:\/\/raed.academy\/ca\/academics\/dr-randy-k-avent\/","og_locale":"ca_ES","og_type":"article","og_title":"Excm. Sr. Dr. Randy K. Avent - Reial Acad\u00e8mia Europea de Doctors","og_description":"La RAED organitza i duu a terme una s\u00e8rie d'activitats concentrades en un mes i mig que van comptar amb la implicaci\u00f3 activa de nombrosos acad\u00e8mics. Recepci\u00f3 de quatre acad\u00e8mics corresponents (Stavroula-Ina Piperaki per a Gr\u00e8cia, Stephen Zeff i David B. Wilkins per als Estats Units i Llu\u00eds Vicent Safont per a Andorra) Taula rodona [&hellip;]","og_url":"https:\/\/raed.academy\/ca\/academics\/dr-randy-k-avent\/","og_site_name":"Reial Acad\u00e8mia Europea de Doctors","article_publisher":"http:\/\/fb.me\/raed.academy","article_modified_time":"2025-10-09T08:52:41+00:00","og_image":[{"width":850,"height":567,"url":"https:\/\/raed.academy\/wp-content\/uploads\/2022\/06\/2022-06-15.ingreso-Mateo-Valero-Randy-K-Avent-y-Hisham-el-Sherif-71.webp","type":"image\/webp"}],"twitter_card":"summary_large_image","twitter_site":"@raedacademy","twitter_misc":{"Est. reading time":"6 minutes"},"schema":{"@context":"https:\/\/schema.org","@graph":[{"@type":"WebPage","@id":"https:\/\/raed.academy\/ca\/academics\/dr-randy-k-avent\/","url":"https:\/\/raed.academy\/ca\/academics\/dr-randy-k-avent\/","name":"Excm. Sr. Dr. Randy K. Avent - Reial Acad\u00e8mia Europea de Doctors","isPartOf":{"@id":"https:\/\/raed.academy\/ca\/#website"},"primaryImageOfPage":{"@id":"https:\/\/raed.academy\/ca\/academics\/dr-randy-k-avent\/#primaryimage"},"image":{"@id":"https:\/\/raed.academy\/ca\/academics\/dr-randy-k-avent\/#primaryimage"},"thumbnailUrl":"https:\/\/raed.academy\/wp-content\/uploads\/2022\/06\/2022-06-15.ingreso-Mateo-Valero-Randy-K-Avent-y-Hisham-el-Sherif-71.webp","datePublished":"2022-06-16T15:37:10+00:00","dateModified":"2025-10-09T08:52:41+00:00","breadcrumb":{"@id":"https:\/\/raed.academy\/ca\/academics\/dr-randy-k-avent\/#breadcrumb"},"inLanguage":"ca-ES","potentialAction":[{"@type":"ReadAction","target":["https:\/\/raed.academy\/ca\/academics\/dr-randy-k-avent\/"]}]},{"@type":"ImageObject","inLanguage":"ca-ES","@id":"https:\/\/raed.academy\/ca\/academics\/dr-randy-k-avent\/#primaryimage","url":"https:\/\/raed.academy\/wp-content\/uploads\/2022\/06\/2022-06-15.ingreso-Mateo-Valero-Randy-K-Avent-y-Hisham-el-Sherif-71.webp","contentUrl":"https:\/\/raed.academy\/wp-content\/uploads\/2022\/06\/2022-06-15.ingreso-Mateo-Valero-Randy-K-Avent-y-Hisham-el-Sherif-71.webp","width":850,"height":567},{"@type":"BreadcrumbList","@id":"https:\/\/raed.academy\/ca\/academics\/dr-randy-k-avent\/#breadcrumb","itemListElement":[{"@type":"ListItem","position":1,"name":"Inicio","item":"https:\/\/raed.academy\/ca\/"},{"@type":"ListItem","position":2,"name":"Acad\u00e9micos","item":"https:\/\/raed.academy\/ca\/academics\/"},{"@type":"ListItem","position":3,"name":"Excm. Sr. Dr. Randy K. Avent"}]},{"@type":"WebSite","@id":"https:\/\/raed.academy\/ca\/#website","url":"https:\/\/raed.academy\/ca\/","name":"Reial Acad\u00e8mia Europea de Doctors","description":"Corporaci\u00f3n de derecho p\u00fablico de car\u00e1cter cient\u00edfico, t\u00e9cnico y art\u00edstico, que tiene por objeto la investigaci\u00f3n, el estudio, el fomento y la extensi\u00f3n del conocimiento en su sentido m\u00e1s amplio","publisher":{"@id":"https:\/\/raed.academy\/ca\/#organization"},"potentialAction":[{"@type":"SearchAction","target":{"@type":"EntryPoint","urlTemplate":"https:\/\/raed.academy\/ca\/?s={search_term_string}"},"query-input":{"@type":"PropertyValueSpecification","valueRequired":true,"valueName":"search_term_string"}}],"inLanguage":"ca-ES"},{"@type":"Organization","@id":"https:\/\/raed.academy\/ca\/#organization","name":"Real Academia Europea de Doctores","url":"https:\/\/raed.academy\/ca\/","logo":{"@type":"ImageObject","inLanguage":"ca-ES","@id":"https:\/\/raed.academy\/ca\/#\/schema\/logo\/image\/","url":"https:\/\/raed.academy\/wp-content\/uploads\/2017\/01\/cropped-logo_raed.png","contentUrl":"https:\/\/raed.academy\/wp-content\/uploads\/2017\/01\/cropped-logo_raed.png","width":512,"height":512,"caption":"Real Academia Europea de Doctores"},"image":{"@id":"https:\/\/raed.academy\/ca\/#\/schema\/logo\/image\/"},"sameAs":["http:\/\/fb.me\/raed.academy","https:\/\/x.com\/raedacademy","https:\/\/www.instagram.com\/raed.academy\/","https:\/\/www.youtube.com\/channel\/UCUYQwW2KrdirNWihxMDObwg"]}]}},"_links":{"self":[{"href":"https:\/\/raed.academy\/ca\/wp-json\/wp\/v2\/academico\/119421","targetHints":{"allow":["GET"]}}],"collection":[{"href":"https:\/\/raed.academy\/ca\/wp-json\/wp\/v2\/academico"}],"about":[{"href":"https:\/\/raed.academy\/ca\/wp-json\/wp\/v2\/types\/academico"}],"wp:featuredmedia":[{"embeddable":true,"href":"https:\/\/raed.academy\/ca\/wp-json\/wp\/v2\/media\/119439"}],"wp:attachment":[{"href":"https:\/\/raed.academy\/ca\/wp-json\/wp\/v2\/media?parent=119421"}],"wp:term":[{"taxonomy":"secciones","embeddable":true,"href":"https:\/\/raed.academy\/ca\/wp-json\/wp\/v2\/secciones?post=119421"},{"taxonomy":"tipo_academico","embeddable":true,"href":"https:\/\/raed.academy\/ca\/wp-json\/wp\/v2\/tipo_academico?post=119421"},{"taxonomy":"cargo","embeddable":true,"href":"https:\/\/raed.academy\/ca\/wp-json\/wp\/v2\/cargo?post=119421"}],"curies":[{"name":"wp","href":"https:\/\/api.w.org\/{rel}","templated":true}]}}