{"id":115589,"date":"2022-04-07T15:34:43","date_gmt":"2022-04-07T15:34:43","guid":{"rendered":"https:\/\/raed.academy\/?page_id=115589"},"modified":"2025-11-03T11:26:46","modified_gmt":"2025-11-03T11:26:46","slug":"dr-jaime-casas-pla","status":"publish","type":"academico","link":"https:\/\/raed.academy\/ca\/academics\/dr-jaime-casas-pla\/","title":{"rendered":"Excm. Sr. Dr. Jaime Casas Pla"},"content":{"rendered":"<p>[et_pb_section fb_built=&#8221;1&#8243; admin_label=&#8221;Secci\u00f3n&#8221; _builder_version=&#8221;4.16&#8243; custom_padding=&#8221;0|0px|51.2px|0px|false|false&#8221; locked=&#8221;off&#8221; global_colors_info=&#8221;{}&#8221;][et_pb_row column_structure=&#8221;1_4,3_4&#8243; _builder_version=&#8221;4.16&#8243; max_width=&#8221;1400px&#8221; custom_padding=&#8221;0|0px|0px|0px|false|false&#8221; global_colors_info=&#8221;{}&#8221; use_custom_gutter=&#8221;on&#8221; gutter_width=&#8221;2&#8243; background_size=&#8221;initial&#8221; background_position=&#8221;top_left&#8221; background_repeat=&#8221;repeat&#8221;][et_pb_column type=&#8221;1_4&#8243; _builder_version=&#8221;4.16&#8243; custom_padding=&#8221;|||&#8221; global_colors_info=&#8221;{}&#8221; custom_padding__hover=&#8221;|||&#8221;][et_pb_image src=&#8221;https:\/\/raed.academy\/wp-content\/uploads\/2022\/03\/Jaime-Casas-Pla-230&#215;317-1.jpeg&#8221; alt=&#8221;Dr. Jaime Casas Pla&#8221; title_text=&#8221;Dr. Jaime Casas Pla&#8221; show_bottom_space=&#8221;off&#8221; align_tablet=&#8221;center&#8221; align_phone=&#8221;&#8221; align_last_edited=&#8221;on|desktop&#8221; admin_label=&#8221;Imagen &#8211; foto acad\u00e9mico&#8221; _builder_version=&#8221;4.16.0&#8243; width=&#8221;90%&#8221; max_width=&#8221;230%&#8221; custom_margin=&#8221;0px||0px|&#8221; custom_padding=&#8221;0px||0px|&#8221; animation_style=&#8221;fold&#8221; border_radii=&#8221;on|6px|6px|6px|6px&#8221; border_width_all=&#8221;2px&#8221; box_shadow_style=&#8221;preset2&#8243; global_colors_info=&#8221;{}&#8221;][\/et_pb_image][\/et_pb_column][et_pb_column type=&#8221;3_4&#8243; _builder_version=&#8221;4.16&#8243; custom_padding=&#8221;|||&#8221; global_colors_info=&#8221;{}&#8221; custom_padding__hover=&#8221;|||&#8221;][et_pb_text module_class=&#8221;infoAcademico&#8221; _builder_version=&#8221;4.27.4&#8243; custom_margin=&#8221;|||-52px||&#8221; custom_padding=&#8221;|0px||0px||&#8221; global_colors_info=&#8221;{}&#8221;]<\/p>\n<div style=\"border: 2px solid #2c3e50; padding: 20px; background: #fff; margin-bottom: 25px; border-radius: 10px; box-shadow: 2px 2px 8px rgba(0,0,0,0.1);\">\n<p><strong>Acad\u00e8mic de N\u00famero<\/strong><\/p>\n<p><strong>Ci\u00e8ncies de la Salut:<\/strong> Doctor en Farm\u00e0cia<\/p>\n<p><strong>Data d\u2019ingr\u00e9s:<\/strong> 7 d\u2019abril de 2022<\/p>\n<p><strong>Discurs d\u2019ingr\u00e9s: <\/strong><a href=\"https:\/\/raed.academy\/wp-content\/uploads\/2022\/03\/libro-ingreso-RAED-Dr-Jaime-Casas-Pla_cmpr.pdf\" target=\"_blank\" rel=\"noopener\"><strong><em>\u00abXXVII segles d\u2019Hist\u00f2ria de la Salut a trav\u00e9s de la Numism\u00e0tica: De la moneda l\u00eddia a la targeta de cr\u00e8dit\u00bb<\/em><\/strong><\/a><\/p>\n<p><strong>Discurs de resposta: <\/strong><a href=\"https:\/\/raed.academy\/academicos\/dr-joaquin-callabed-carracedo\/\" target=\"_blank\" rel=\"noopener\"><strong>Dr. Joaqu\u00edn Callabed Carracedo<\/strong><\/a>, Doctor en Medicina i Cirurgia<\/p>\n<p><strong>Traject\u00f2ria destacada:<\/strong> Pioner en la implantaci\u00f3 d\u2019unitats de cardiologia integral i en l\u2019aplicaci\u00f3 de noves tecnologies diagn\u00f2stiques en l\u2019\u00e0mbit cardiovascular. Referent en la prevenci\u00f3 i el tractament de les malalties coron\u00e0ries.<\/p>\n<\/div>\n<p>[\/et_pb_text][\/et_pb_column][\/et_pb_row][et_pb_row use_custom_gutter=&#8221;on&#8221; gutter_width=&#8221;1&#8243; module_class=&#8221;parent-column&#8221; _builder_version=&#8221;4.16&#8243; background_size=&#8221;initial&#8221; background_position=&#8221;top_left&#8221; background_repeat=&#8221;repeat&#8221; max_width=&#8221;1200px&#8221; custom_margin=&#8221;4px|auto||auto||&#8221; custom_padding=&#8221;0px|0px|25.6px|0px|false|false&#8221; global_colors_info=&#8221;{}&#8221;][et_pb_column type=&#8221;4_4&#8243; _builder_version=&#8221;4.16&#8243; custom_padding=&#8221;|||&#8221; global_colors_info=&#8221;{}&#8221; custom_padding__hover=&#8221;|||&#8221;][et_pb_divider color=&#8221;#828282&#8243; divider_weight=&#8221;2&#8243; _builder_version=&#8221;4.16.0&#8243; height=&#8221;2px&#8221; box_shadow_style=&#8221;preset2&#8243; global_colors_info=&#8221;{}&#8221;][\/et_pb_divider][et_pb_tabs _builder_version=&#8221;4.27.4&#8243; global_colors_info=&#8221;{}&#8221;][et_pb_tab title=&#8221;CURR\u00cdCULUM VITAE&#8221; _builder_version=&#8221;4.27.4&#8243; global_colors_info=&#8221;{}&#8221;]<\/p>\n<h2><strong>Dr. JAIME CASES PLA<\/strong><\/h2>\n<h3><strong>TITULACI\u00d3 UNIVERSIT\u00c0RIA<\/strong><\/h3>\n<ul>\n<li>Llicenciat i Doctor en Farm\u00e0cia <em>Cum Laude<\/em>.<\/li>\n<li>Diplomat en \u00d2ptica Oft\u00e0lmica i Ac\u00fastica Audiom\u00e8trica.<\/li>\n<li>Especialista en Farm\u00e0cia Gal\u00e8nica i Industrial. Diplomat en Direcci\u00f3 de Producci\u00f3.<\/li>\n<li>Activitat professional en la ind\u00fastria farmac\u00e8utica i en Oficina de Farm\u00e0cia.<\/li>\n<\/ul>\n<h3><strong>ACTIVITAT DOCENT I PROFESSIONAL<\/strong><\/h3>\n<ul>\n<li>Acad\u00e8mic de N\u00famero de la <a href=\"https:\/\/rafc.cat\/es\/\" target=\"_blank\" rel=\"noopener\"><strong>Reial Acad\u00e8mia de Farm\u00e0cia de Catalunya<\/strong><\/a>, de la qual \u00e9s actualment President.<\/li>\n<li>Acad\u00e8mic Correspondent de l\u2019<a href=\"https:\/\/academiadefarmaciaregiondemurcia.com\/\" target=\"_blank\" rel=\"noopener\"><strong>Acad\u00e8mia de Farm\u00e0cia de la Regi\u00f3 de M\u00farcia<\/strong><\/a> i de la <a href=\"http:\/\/ramc.cat\/\" target=\"_blank\" rel=\"noopener\"><strong>Reial Acad\u00e8mia de Medicina de Catalunya<\/strong><\/a>.<\/li>\n<li>Acad\u00e8mic Correspondent Electe de la <a href=\"https:\/\/ranf.com\/\" target=\"_blank\" rel=\"noopener\"><strong>Reial Acad\u00e8mia Nacional de Farm\u00e0cia<\/strong><\/a>.<\/li>\n<li>Fundador i President d\u2019ANFISAN.<\/li>\n<li>Ha participat en nombroses reunions cient\u00edfiques farmac\u00e8utiques, essent director d\u2019<a href=\"https:\/\/www.infarma.es\/\" target=\"_blank\" rel=\"noopener\"><strong>INFARMA<\/strong><\/a>.<\/li>\n<li>Professor associat i col\u00b7laborador a la Unitat d\u2019Hist\u00f2ria de la Farm\u00e0cia.<\/li>\n<li>Professor de postgrau a la <a href=\"https:\/\/www.ub.edu\/portal\/web\/farmacia\/\" target=\"_blank\" rel=\"noopener\"><strong>Facultat de Farm\u00e0cia de la Universitat de Barcelona (UB)<\/strong><\/a>.<\/li>\n<li>Membre del consell i de la junta del <a href=\"https:\/\/www.cofb.org\/es\/\" target=\"_blank\" rel=\"noopener\"><strong>Col\u00b7legi de Farmac\u00e8utics de Barcelona<\/strong><\/a> i de la Comissi\u00f3 de Comer\u00e7 Interior de la <a href=\"https:\/\/www.cambrabcn.org\/es\/inicio\" target=\"_blank\" rel=\"noopener\"><strong>Cambra de Comer\u00e7 de Barcelona<\/strong><\/a>.<\/li>\n<li>Pertany a nombroses institucions cient\u00edfiques i culturals.<\/li>\n<\/ul>\n<h3><strong>PUBLICACIONS<\/strong><\/h3>\n<ul>\n<li>Autor prol\u00edfic en divulgaci\u00f3 sanit\u00e0ria, hist\u00f2ria de la Farm\u00e0cia, numism\u00e0tica i Ci\u00e8ncies de la Salut, maquetant els seus propis llibres.<\/li>\n<li>Col\u00b7laborador habitual en diversos mitjans de comunicaci\u00f3.<\/li>\n<\/ul>\n<h3><strong>PREMIS I ACC\u00c8SSITS<\/strong><\/h3>\n<ol>\n<li>Medalla d\u2019Or del <a href=\"https:\/\/www.cofb.org\/es\/\" target=\"_blank\" rel=\"noopener\"><strong>Col\u00b7legi de Farmac\u00e8utics de Barcelona<\/strong><\/a>.<\/li>\n<li>Medalla d\u2019Or de l\u2019<a href=\"https:\/\/fefac.cat\/empresarial\/\" target=\"_blank\" rel=\"noopener\"><strong>Associaci\u00f3 de Farm\u00e0cies de Barcelona<\/strong><\/a>.<\/li>\n<li>Medalla Presidencial de l\u2019<a href=\"https:\/\/numisane.org\/\" target=\"_blank\" rel=\"noopener\"><strong>Associaci\u00f3 Numism\u00e0tica Espanyola<\/strong><\/a>.<\/li>\n<\/ol>\n<p>[\/et_pb_tab][et_pb_tab title=&#8221;VIDEO&#8221; _builder_version=&#8221;4.16.0&#8243; global_colors_info=&#8221;{}&#8221;][\/et_pb_tab][et_pb_tab title=&#8221;GALER\u00cdA DE FOTOGRAFIAS&#8221; _builder_version=&#8221;4.16&#8243; global_colors_info=&#8221;{}&#8221;]<\/p>\n<div class=\"divi-module-destination\"><\/div>\n<p>[\/et_pb_tab][\/et_pb_tabs][et_pb_code admin_label=&#8221;C\u00f3digo&#8221; _builder_version=&#8221;4.27.4&#8243; _module_preset=&#8221;default&#8221; locked=&#8221;off&#8221; global_colors_info=&#8221;{}&#8221;]<script><!-- [et_pb_line_break_holder] -->(function ($) {<!-- [et_pb_line_break_holder] -->  $(document).ready(function () {<!-- [et_pb_line_break_holder] --> <!-- [et_pb_line_break_holder] -->    \/\/ Option #1: Move Divi Module(s) into a Module<!-- [et_pb_line_break_holder] -->    \/\/ Limit: One Instance per Column<!-- [et_pb_line_break_holder] -->    \/\/ Use following code if you want to move <!-- [et_pb_line_break_holder] -->    \/\/ a module inside another module. Each column with the<!-- [et_pb_line_break_holder] -->    \/\/ class 'parent-column' will append any module(s)<!-- [et_pb_line_break_holder] -->    \/\/ with the class 'divi-portable-module' to the div<!-- [et_pb_line_break_holder] -->    \/\/ with the class 'divi-module-destination'.<!-- [et_pb_line_break_holder] -->    \/\/ Only one instance of 'divi-module-destination' should<!-- [et_pb_line_break_holder] -->    \/\/ be added per column.<!-- [et_pb_line_break_holder] -->    $('.divi-portable-module').each(function () {<!-- [et_pb_line_break_holder] -->      $(this).closest('.parent-column').find('.divi-module-destination').append($(this));<!-- [et_pb_line_break_holder] -->    });<!-- [et_pb_line_break_holder] -->     <!-- [et_pb_line_break_holder] -->    \/\/ Buttons: Insert Button Module(s) into a Module<!-- [et_pb_line_break_holder] -->    \/\/ Adding a custom CSS class to a button module<!-- [et_pb_line_break_holder] -->    \/\/ is applied to the 'a' tag which is a child element<!-- [et_pb_line_break_holder] -->    \/\/ of the module wrapper. This code makes sure to append<!-- [et_pb_line_break_holder] -->    \/\/ the entire button module wrapper (the parent element)<!-- [et_pb_line_break_holder] -->    \/\/ as well. This functionality is the same as option #3 above.<!-- [et_pb_line_break_holder] -->    \/\/ Siimply use the class 'divi-portable-button' on a button module<!-- [et_pb_line_break_holder] -->    \/\/ instead of 'divi-portable-module'.<!-- [et_pb_line_break_holder] -->    $('.divi-portable-button').parent().each(function () {<!-- [et_pb_line_break_holder] -->      $(this).closest('.parent-column').find('.divi-module-destination').append($(this));<!-- [et_pb_line_break_holder] -->    });<!-- [et_pb_line_break_holder] --> <!-- [et_pb_line_break_holder] -->    \/\/ Option #2: Move Divi Row(s) into a Module<!-- [et_pb_line_break_holder] -->    \/\/ Limit: One Instance per Section<!-- [et_pb_line_break_holder] -->    \/\/ Use the following code if you want to move <!-- [et_pb_line_break_holder] -->    \/\/ a row inside a module on more than one section<!-- [et_pb_line_break_holder] -->    \/\/ of a page. Each section with the<!-- [et_pb_line_break_holder] -->    \/\/ class 'parent-section' will append any row(s)<!-- [et_pb_line_break_holder] -->    \/\/ with the class 'divi-portable-row' to the div<!-- [et_pb_line_break_holder] -->    \/\/ with the class 'divi-row-destination'.<!-- [et_pb_line_break_holder] -->    \/\/ Only one instance of 'divi-row-destination' should<!-- [et_pb_line_break_holder] -->    \/\/ be added per section.<!-- [et_pb_line_break_holder] -->    $('.divi-portable-row').each(function () {<!-- [et_pb_line_break_holder] -->      $(this).closest('.parent-section').find('.divi-row-destination').append($(this));<!-- [et_pb_line_break_holder] -->    });<!-- [et_pb_line_break_holder] --> <!-- [et_pb_line_break_holder] -->  });<!-- [et_pb_line_break_holder] -->})(jQuery);<!-- [et_pb_line_break_holder] --><\/script>[\/et_pb_code][et_pb_gallery gallery_ids=&#8221;115755,115758,115761,115764,115767,115770,115773,115776,115779,115782,115785,115788,115791,115794,115797,115800&#8243; posts_number=&#8221;16&#8243; show_title_and_caption=&#8221;off&#8221; show_pagination=&#8221;off&#8221; admin_label=&#8221;Galer\u00eda&#8221; module_class=&#8221;divi-portable-module galeria-pad-1&#8243; _builder_version=&#8221;4.17.4&#8243; _module_preset=&#8221;default&#8221; locked=&#8221;off&#8221; global_colors_info=&#8221;{}&#8221;][\/et_pb_gallery][\/et_pb_column][\/et_pb_row][\/et_pb_section]<\/p>\n","protected":false},"featured_media":0,"template":"","meta":{"_et_pb_use_builder":"on","_et_pb_old_content":"<p>[et_pb_section fb_built=\"1\" admin_label=\"Secci\u00f3n\" _builder_version=\"4.16\" custom_padding=\"0|0px|51.2px|0px|false|false\" global_colors_info=\"{}\" locked=\"off\" theme_builder_area=\"post_content\"][et_pb_row column_structure=\"1_4,3_4\" _builder_version=\"4.16\" background_size=\"initial\" background_position=\"top_left\" background_repeat=\"repeat\" max_width=\"1200px\" custom_padding=\"0|0px|0|0px|false|false\" global_colors_info=\"{}\" theme_builder_area=\"post_content\"][et_pb_column type=\"1_4\" _builder_version=\"4.16\" custom_padding=\"|||\" global_colors_info=\"{}\" custom_padding__hover=\"|||\" theme_builder_area=\"post_content\"][et_pb_image src=\"https:\/\/raed.academy\/wp-content\/uploads\/2022\/03\/Jaime-Casas-Pla-230x317-1.jpeg\" show_bottom_space=\"off\" align_tablet=\"center\" align_phone=\"\" align_last_edited=\"on|desktop\" admin_label=\"Imagen - foto acad\u00e9mico\" _builder_version=\"4.16.0\" max_width=\"85%\" custom_margin=\"0px||0px|\" custom_padding=\"0px||0px|\" animation_style=\"fold\" hover_enabled=\"0\" border_radii=\"on|6px|6px|6px|6px\" border_width_all=\"2px\" box_shadow_style=\"preset2\" global_colors_info=\"{}\" theme_builder_area=\"post_content\" alt=\"Dr. Jaime Casas Pla\" title_text=\"Dr. Jaime Casas Pla\" sticky_enabled=\"0\"][\/et_pb_image][\/et_pb_column][et_pb_column type=\"3_4\" _builder_version=\"4.16\" custom_padding=\"|||\" global_colors_info=\"{}\" custom_padding__hover=\"|||\" theme_builder_area=\"post_content\"][et_pb_text module_class=\"infoAcademico\" _builder_version=\"4.16.0\" hover_enabled=\"0\" global_colors_info=\"{}\" theme_builder_area=\"post_content\" sticky_enabled=\"0\"]<\/p><p><strong>Acad\u00e9mico Numerario<\/strong><\/p><p><strong>Ciencias de la Salud:<\/strong> Dr. en Farmacia<\/p><p><strong>Fecha de ingreso:<\/strong> 7\/04\/2022<\/p><p><b>Discurso de ingreso: <a href=\"https:\/\/raed.academy\/wp-content\/uploads\/2022\/03\/libro-ingreso-RAED-Dr-Jaime-Casas-Pla_cmpr.pdf\" target=\"_blank\" rel=\"noopener\">XXVII siglos de Historia de La Salud a trav\u00e9s de la Numism\u00e1tica: De la moneda lidia a la tarjeta de cr\u00e9dito<\/a><\/b><\/p><p><b>Discurso de respuesta:<\/b> <a href=\"https:\/\/raed.academy\/academicos\/dr-joaquin-callabed-carracedo\/\" target=\"_blank\" rel=\"noopener\">Dr. Joaqu\u00edn Callabed Carracedo<\/a><\/p><p>[\/et_pb_text][\/et_pb_column][\/et_pb_row][et_pb_row use_custom_gutter=\"on\" gutter_width=\"1\" module_class=\"parent-column\" _builder_version=\"4.16\" background_size=\"initial\" background_position=\"top_left\" background_repeat=\"repeat\" max_width=\"1200px\" custom_padding=\"0|0px|25.6px|0px|false|false\" global_colors_info=\"{}\" theme_builder_area=\"post_content\"][et_pb_column type=\"4_4\" _builder_version=\"4.16\" custom_padding=\"|||\" global_colors_info=\"{}\" custom_padding__hover=\"|||\" theme_builder_area=\"post_content\"][et_pb_divider color=\"#828282\" divider_weight=\"2\" _builder_version=\"4.16\" height=\"2px\" box_shadow_style=\"preset2\" global_colors_info=\"{}\" theme_builder_area=\"post_content\"][\/et_pb_divider][et_pb_tabs _builder_version=\"4.16.0\" hover_enabled=\"0\" global_colors_info=\"{}\" theme_builder_area=\"post_content\" sticky_enabled=\"0\"][et_pb_tab title=\"CURR\u00cdCULUM VITAE\" _builder_version=\"4.16.0\" hover_enabled=\"0\" global_colors_info=\"{}\" theme_builder_area=\"post_content\" sticky_enabled=\"0\"]<\/p><p>El Dr.<strong> Jaime Casas Pla<\/strong>\u00a0naci\u00f3 en 1945 en Barcelona.<\/p><p><strong>Licenciado y doctor en Farmacia \u201cCum laude\u201d<\/strong>. Diplomado en \u00d3ptica Oft\u00e1lmica y Ac\u00fastica Audiom\u00e8trica. Especialista en Farmacia Gal\u00e9nica e Industrial. Diplomado en Direcci\u00f3n de Producci\u00f3n.<\/p><p>Actividad profesional en la industria farmac\u00e9utica y en Oficina de Farmacia. Acad\u00e9mico N. de la Real Academia de Farmacia de Catalu\u00f1a, siendo actualmente Presidente, Acad\u00e9mico C. de la Academia de Farmacia de la Regi\u00f3n de Murcia y <a href=\"http:\/\/ramc.cat\/\" target=\"_blank\" rel=\"noopener\"><strong>Real Academia de Medicina de Catalu\u00f1a<\/strong><\/a>. Acad\u00e9mico C. Electo de la <a href=\"https:\/\/ranf.com\/\" target=\"_blank\" rel=\"noopener\"><strong>Real Academia Nacional de Farmacia<\/strong><\/a>. Profesor asociado, colaborador en la Unidad de Historia de la Farmacia. Profesor de postgrado, en la Facultad de Farmacia de la UB. Miembro del consejo de y de la junta del <a href=\"https:\/\/www.cofb.org\/es\/\" target=\"_blank\" rel=\"noopener\"><strong>Colegio de Farmac\u00e9uticos de Barcelona<\/strong><\/a>\u00a0y de la Comisi\u00f3n de Comercio Interior de la <a href=\"https:\/\/www.cambrabcn.org\/es\/inicio\" target=\"_blank\" rel=\"noopener\"><strong>C\u00e1mara de Comercio de Barcelona. <\/strong><\/a><\/p><p>Ha participado numerosas reuniones cient\u00edficas farmac\u00e9uticas, siendo director de <strong>INFARMA<\/strong>. Autor prol\u00edfico sobre divulgaci\u00f3n sanitaria, historia de la Farmacia y sobre numism\u00e1tica y Ciencias de la Salud, maquetando sus propios libros. Colaborador habitual en diversos medios de comunicaci\u00f3n. Pertenece a numerosas instituciones cient\u00edficas y culturales. Fundador y presidente de<strong> ANFISAN.<\/strong><\/p><p>Distinciones: Medalla de oro del Colegio \u00a0de Farmac\u00e9uticos de barcelona. Medalla de oro de la Asociaci\u00f3n de Farmacias de Barcelona. Medalla presidencial de Asociaci\u00f3n Numism\u00e1tica Espa\u00f1ola.<\/p><p>[\/et_pb_tab][et_pb_tab title=\"VIDEO\" _builder_version=\"4.16.0\" hover_enabled=\"0\" global_colors_info=\"{}\" theme_builder_area=\"post_content\" sticky_enabled=\"0\"][\/et_pb_tab][et_pb_tab title=\"GALER\u00cdA DE FOTOGRAFIAS\" _builder_version=\"4.16\" global_colors_info=\"{}\" theme_builder_area=\"post_content\"]<\/p><div class=\"divi-module-destination\">\u00a0<\/div><p>[\/et_pb_tab][\/et_pb_tabs][et_pb_code admin_label=\"C\u00f3digo\" _builder_version=\"4.16\" _module_preset=\"default\" locked=\"off\" global_colors_info=\"{}\" theme_builder_area=\"post_content\"]<script><!-- [et_pb_line_break_holder] -->(function ($) {<!-- [et_pb_line_break_holder] -->  $(document).ready(function () {<!-- [et_pb_line_break_holder] --> <!-- [et_pb_line_break_holder] -->    \/\/ Option #1: Move Divi Module(s) into a Module<!-- [et_pb_line_break_holder] -->    \/\/ Limit: One Instance per Column<!-- [et_pb_line_break_holder] -->    \/\/ Use following code if you want to move <!-- [et_pb_line_break_holder] -->    \/\/ a module inside another module. Each column with the<!-- [et_pb_line_break_holder] -->    \/\/ class 'parent-column' will append any module(s)<!-- [et_pb_line_break_holder] -->    \/\/ with the class 'divi-portable-module' to the div<!-- [et_pb_line_break_holder] -->    \/\/ with the class 'divi-module-destination'.<!-- [et_pb_line_break_holder] -->    \/\/ Only one instance of 'divi-module-destination' should<!-- [et_pb_line_break_holder] -->    \/\/ be added per column.<!-- [et_pb_line_break_holder] -->    $('.divi-portable-module').each(function () {<!-- [et_pb_line_break_holder] -->      $(this).closest('.parent-column').find('.divi-module-destination').append($(this));<!-- [et_pb_line_break_holder] -->    });<!-- [et_pb_line_break_holder] -->     <!-- [et_pb_line_break_holder] -->    \/\/ Buttons: Insert Button Module(s) into a Module<!-- [et_pb_line_break_holder] -->    \/\/ Adding a custom CSS class to a button module<!-- [et_pb_line_break_holder] -->    \/\/ is applied to the 'a' tag which is a child element<!-- [et_pb_line_break_holder] -->    \/\/ of the module wrapper. This code makes sure to append<!-- [et_pb_line_break_holder] -->    \/\/ the entire button module wrapper (the parent element)<!-- [et_pb_line_break_holder] -->    \/\/ as well. This functionality is the same as option #3 above.<!-- [et_pb_line_break_holder] -->    \/\/ Siimply use the class 'divi-portable-button' on a button module<!-- [et_pb_line_break_holder] -->    \/\/ instead of 'divi-portable-module'.<!-- [et_pb_line_break_holder] -->    $('.divi-portable-button').parent().each(function () {<!-- [et_pb_line_break_holder] -->      $(this).closest('.parent-column').find('.divi-module-destination').append($(this));<!-- [et_pb_line_break_holder] -->    });<!-- [et_pb_line_break_holder] --> <!-- [et_pb_line_break_holder] -->    \/\/ Option #2: Move Divi Row(s) into a Module<!-- [et_pb_line_break_holder] -->    \/\/ Limit: One Instance per Section<!-- [et_pb_line_break_holder] -->    \/\/ Use the following code if you want to move <!-- [et_pb_line_break_holder] -->    \/\/ a row inside a module on more than one section<!-- [et_pb_line_break_holder] -->    \/\/ of a page. Each section with the<!-- [et_pb_line_break_holder] -->    \/\/ class 'parent-section' will append any row(s)<!-- [et_pb_line_break_holder] -->    \/\/ with the class 'divi-portable-row' to the div<!-- [et_pb_line_break_holder] -->    \/\/ with the class 'divi-row-destination'.<!-- [et_pb_line_break_holder] -->    \/\/ Only one instance of 'divi-row-destination' should<!-- [et_pb_line_break_holder] -->    \/\/ be added per section.<!-- [et_pb_line_break_holder] -->    $('.divi-portable-row').each(function () {<!-- [et_pb_line_break_holder] -->      $(this).closest('.parent-section').find('.divi-row-destination').append($(this));<!-- [et_pb_line_break_holder] -->    });<!-- [et_pb_line_break_holder] --> <!-- [et_pb_line_break_holder] -->  });<!-- [et_pb_line_break_holder] -->})(jQuery);<!-- [et_pb_line_break_holder] --><\/script>[\/et_pb_code][\/et_pb_column][\/et_pb_row][\/et_pb_section]<\/p>","_et_gb_content_width":""},"secciones":[],"tipo_academico":[],"cargo":[],"class_list":["post-115589","academico","type-academico","status-publish","hentry"],"yoast_head":"<!-- This site is optimized with the Yoast SEO plugin v27.4 - https:\/\/yoast.com\/product\/yoast-seo-wordpress\/ -->\n<title>Excm. Sr. Dr. Jaime Casas Pla - Reial Acad\u00e8mia Europea de Doctors<\/title>\n<meta name=\"robots\" content=\"index, follow, max-snippet:-1, max-image-preview:large, max-video-preview:-1\" \/>\n<link rel=\"canonical\" href=\"https:\/\/raed.academy\/ca\/academics\/dr-jaime-casas-pla\/\" \/>\n<meta property=\"og:locale\" content=\"ca_ES\" \/>\n<meta property=\"og:type\" content=\"article\" \/>\n<meta property=\"og:title\" content=\"Excm. Sr. Dr. Jaime Casas Pla - Reial Acad\u00e8mia Europea de Doctors\" \/>\n<meta property=\"og:description\" content=\"Acad\u00e8mic de N\u00famero Ci\u00e8ncies de la Salut: Doctor en Farm\u00e0cia Data d\u2019ingr\u00e9s: 7 d\u2019abril de 2022 Discurs d\u2019ingr\u00e9s: \u00abXXVII segles d\u2019Hist\u00f2ria de la Salut a trav\u00e9s de la Numism\u00e0tica: De la moneda l\u00eddia a la targeta de cr\u00e8dit\u00bb Discurs de resposta: Dr. Joaqu\u00edn Callabed Carracedo, Doctor en Medicina i Cirurgia Traject\u00f2ria destacada: Pioner en la [&hellip;]\" \/>\n<meta property=\"og:url\" content=\"https:\/\/raed.academy\/ca\/academics\/dr-jaime-casas-pla\/\" \/>\n<meta property=\"og:site_name\" content=\"Reial Acad\u00e8mia Europea de Doctors\" \/>\n<meta property=\"article:publisher\" content=\"http:\/\/fb.me\/raed.academy\" \/>\n<meta property=\"article:modified_time\" content=\"2025-11-03T11:26:46+00:00\" \/>\n<meta name=\"twitter:card\" content=\"summary_large_image\" \/>\n<meta name=\"twitter:site\" content=\"@raedacademy\" \/>\n<meta name=\"twitter:label1\" content=\"Est. reading time\" \/>\n\t<meta name=\"twitter:data1\" content=\"5 minutes\" \/>\n<script type=\"application\/ld+json\" class=\"yoast-schema-graph\">{\"@context\":\"https:\\\/\\\/schema.org\",\"@graph\":[{\"@type\":\"WebPage\",\"@id\":\"https:\\\/\\\/raed.academy\\\/ca\\\/academics\\\/dr-jaime-casas-pla\\\/\",\"url\":\"https:\\\/\\\/raed.academy\\\/ca\\\/academics\\\/dr-jaime-casas-pla\\\/\",\"name\":\"Excm. Sr. Dr. Jaime Casas Pla - Reial Acad\u00e8mia Europea de Doctors\",\"isPartOf\":{\"@id\":\"https:\\\/\\\/raed.academy\\\/ca\\\/#website\"},\"datePublished\":\"2022-04-07T15:34:43+00:00\",\"dateModified\":\"2025-11-03T11:26:46+00:00\",\"breadcrumb\":{\"@id\":\"https:\\\/\\\/raed.academy\\\/ca\\\/academics\\\/dr-jaime-casas-pla\\\/#breadcrumb\"},\"inLanguage\":\"ca-ES\",\"potentialAction\":[{\"@type\":\"ReadAction\",\"target\":[\"https:\\\/\\\/raed.academy\\\/ca\\\/academics\\\/dr-jaime-casas-pla\\\/\"]}]},{\"@type\":\"BreadcrumbList\",\"@id\":\"https:\\\/\\\/raed.academy\\\/ca\\\/academics\\\/dr-jaime-casas-pla\\\/#breadcrumb\",\"itemListElement\":[{\"@type\":\"ListItem\",\"position\":1,\"name\":\"Inicio\",\"item\":\"https:\\\/\\\/raed.academy\\\/ca\\\/\"},{\"@type\":\"ListItem\",\"position\":2,\"name\":\"Acad\u00e9micos\",\"item\":\"https:\\\/\\\/raed.academy\\\/ca\\\/academics\\\/\"},{\"@type\":\"ListItem\",\"position\":3,\"name\":\"Excm. Sr. Dr. Jaime Casas Pla\"}]},{\"@type\":\"WebSite\",\"@id\":\"https:\\\/\\\/raed.academy\\\/ca\\\/#website\",\"url\":\"https:\\\/\\\/raed.academy\\\/ca\\\/\",\"name\":\"Reial Acad\u00e8mia Europea de Doctors\",\"description\":\"Corporaci\u00f3n de derecho p\u00fablico de car\u00e1cter cient\u00edfico, t\u00e9cnico y art\u00edstico, que tiene por objeto la investigaci\u00f3n, el estudio, el fomento y la extensi\u00f3n del conocimiento en su sentido m\u00e1s amplio\",\"publisher\":{\"@id\":\"https:\\\/\\\/raed.academy\\\/ca\\\/#organization\"},\"potentialAction\":[{\"@type\":\"SearchAction\",\"target\":{\"@type\":\"EntryPoint\",\"urlTemplate\":\"https:\\\/\\\/raed.academy\\\/ca\\\/?s={search_term_string}\"},\"query-input\":{\"@type\":\"PropertyValueSpecification\",\"valueRequired\":true,\"valueName\":\"search_term_string\"}}],\"inLanguage\":\"ca-ES\"},{\"@type\":\"Organization\",\"@id\":\"https:\\\/\\\/raed.academy\\\/ca\\\/#organization\",\"name\":\"Real Academia Europea de Doctores\",\"url\":\"https:\\\/\\\/raed.academy\\\/ca\\\/\",\"logo\":{\"@type\":\"ImageObject\",\"inLanguage\":\"ca-ES\",\"@id\":\"https:\\\/\\\/raed.academy\\\/ca\\\/#\\\/schema\\\/logo\\\/image\\\/\",\"url\":\"https:\\\/\\\/raed.academy\\\/wp-content\\\/uploads\\\/2017\\\/01\\\/cropped-logo_raed.png\",\"contentUrl\":\"https:\\\/\\\/raed.academy\\\/wp-content\\\/uploads\\\/2017\\\/01\\\/cropped-logo_raed.png\",\"width\":512,\"height\":512,\"caption\":\"Real Academia Europea de Doctores\"},\"image\":{\"@id\":\"https:\\\/\\\/raed.academy\\\/ca\\\/#\\\/schema\\\/logo\\\/image\\\/\"},\"sameAs\":[\"http:\\\/\\\/fb.me\\\/raed.academy\",\"https:\\\/\\\/x.com\\\/raedacademy\",\"https:\\\/\\\/www.instagram.com\\\/raed.academy\\\/\",\"https:\\\/\\\/www.youtube.com\\\/channel\\\/UCUYQwW2KrdirNWihxMDObwg\"]}]}<\/script>\n<!-- \/ Yoast SEO plugin. -->","yoast_head_json":{"title":"Excm. Sr. Dr. Jaime Casas Pla - Reial Acad\u00e8mia Europea de Doctors","robots":{"index":"index","follow":"follow","max-snippet":"max-snippet:-1","max-image-preview":"max-image-preview:large","max-video-preview":"max-video-preview:-1"},"canonical":"https:\/\/raed.academy\/ca\/academics\/dr-jaime-casas-pla\/","og_locale":"ca_ES","og_type":"article","og_title":"Excm. Sr. Dr. Jaime Casas Pla - Reial Acad\u00e8mia Europea de Doctors","og_description":"La RAED organitza i duu a terme una s\u00e8rie d'activitats concentrades en un mes i mig que van comptar amb la implicaci\u00f3 activa de nombrosos acad\u00e8mics. Recepci\u00f3 de quatre acad\u00e8mics corresponents (Stavroula-Ina Piperaki per a Gr\u00e8cia, Stephen Zeff i David B. Wilkins per als Estats Units i Llu\u00eds Vicent Safont per a Andorra) Taula rodona [&hellip;]","og_url":"https:\/\/raed.academy\/ca\/academics\/dr-jaime-casas-pla\/","og_site_name":"Reial Acad\u00e8mia Europea de Doctors","article_publisher":"http:\/\/fb.me\/raed.academy","article_modified_time":"2025-11-03T11:26:46+00:00","twitter_card":"summary_large_image","twitter_site":"@raedacademy","twitter_misc":{"Est. reading time":"5 minutes"},"schema":{"@context":"https:\/\/schema.org","@graph":[{"@type":"WebPage","@id":"https:\/\/raed.academy\/ca\/academics\/dr-jaime-casas-pla\/","url":"https:\/\/raed.academy\/ca\/academics\/dr-jaime-casas-pla\/","name":"Excm. Sr. Dr. Jaime Casas Pla - Reial Acad\u00e8mia Europea de Doctors","isPartOf":{"@id":"https:\/\/raed.academy\/ca\/#website"},"datePublished":"2022-04-07T15:34:43+00:00","dateModified":"2025-11-03T11:26:46+00:00","breadcrumb":{"@id":"https:\/\/raed.academy\/ca\/academics\/dr-jaime-casas-pla\/#breadcrumb"},"inLanguage":"ca-ES","potentialAction":[{"@type":"ReadAction","target":["https:\/\/raed.academy\/ca\/academics\/dr-jaime-casas-pla\/"]}]},{"@type":"BreadcrumbList","@id":"https:\/\/raed.academy\/ca\/academics\/dr-jaime-casas-pla\/#breadcrumb","itemListElement":[{"@type":"ListItem","position":1,"name":"Inicio","item":"https:\/\/raed.academy\/ca\/"},{"@type":"ListItem","position":2,"name":"Acad\u00e9micos","item":"https:\/\/raed.academy\/ca\/academics\/"},{"@type":"ListItem","position":3,"name":"Excm. Sr. Dr. Jaime Casas Pla"}]},{"@type":"WebSite","@id":"https:\/\/raed.academy\/ca\/#website","url":"https:\/\/raed.academy\/ca\/","name":"Reial Acad\u00e8mia Europea de Doctors","description":"Corporaci\u00f3n de derecho p\u00fablico de car\u00e1cter cient\u00edfico, t\u00e9cnico y art\u00edstico, que tiene por objeto la investigaci\u00f3n, el estudio, el fomento y la extensi\u00f3n del conocimiento en su sentido m\u00e1s amplio","publisher":{"@id":"https:\/\/raed.academy\/ca\/#organization"},"potentialAction":[{"@type":"SearchAction","target":{"@type":"EntryPoint","urlTemplate":"https:\/\/raed.academy\/ca\/?s={search_term_string}"},"query-input":{"@type":"PropertyValueSpecification","valueRequired":true,"valueName":"search_term_string"}}],"inLanguage":"ca-ES"},{"@type":"Organization","@id":"https:\/\/raed.academy\/ca\/#organization","name":"Real Academia Europea de Doctores","url":"https:\/\/raed.academy\/ca\/","logo":{"@type":"ImageObject","inLanguage":"ca-ES","@id":"https:\/\/raed.academy\/ca\/#\/schema\/logo\/image\/","url":"https:\/\/raed.academy\/wp-content\/uploads\/2017\/01\/cropped-logo_raed.png","contentUrl":"https:\/\/raed.academy\/wp-content\/uploads\/2017\/01\/cropped-logo_raed.png","width":512,"height":512,"caption":"Real Academia Europea de Doctores"},"image":{"@id":"https:\/\/raed.academy\/ca\/#\/schema\/logo\/image\/"},"sameAs":["http:\/\/fb.me\/raed.academy","https:\/\/x.com\/raedacademy","https:\/\/www.instagram.com\/raed.academy\/","https:\/\/www.youtube.com\/channel\/UCUYQwW2KrdirNWihxMDObwg"]}]}},"_links":{"self":[{"href":"https:\/\/raed.academy\/ca\/wp-json\/wp\/v2\/academico\/115589","targetHints":{"allow":["GET"]}}],"collection":[{"href":"https:\/\/raed.academy\/ca\/wp-json\/wp\/v2\/academico"}],"about":[{"href":"https:\/\/raed.academy\/ca\/wp-json\/wp\/v2\/types\/academico"}],"wp:attachment":[{"href":"https:\/\/raed.academy\/ca\/wp-json\/wp\/v2\/media?parent=115589"}],"wp:term":[{"taxonomy":"secciones","embeddable":true,"href":"https:\/\/raed.academy\/ca\/wp-json\/wp\/v2\/secciones?post=115589"},{"taxonomy":"tipo_academico","embeddable":true,"href":"https:\/\/raed.academy\/ca\/wp-json\/wp\/v2\/tipo_academico?post=115589"},{"taxonomy":"cargo","embeddable":true,"href":"https:\/\/raed.academy\/ca\/wp-json\/wp\/v2\/cargo?post=115589"}],"curies":[{"name":"wp","href":"https:\/\/api.w.org\/{rel}","templated":true}]}}